{"id":20033,"date":"2013-01-14T10:36:27","date_gmt":"2013-01-14T09:36:27","guid":{"rendered":"https:\/\/www.freiburg-schwarzwald.de\/blog\/?page_id=20033"},"modified":"2025-10-17T19:32:28","modified_gmt":"2025-10-17T17:32:28","slug":"maerchen","status":"publish","type":"page","link":"https:\/\/www.freiburg-schwarzwald.de\/blog\/kultur\/dichter\/literatur\/maerchen\/","title":{"rendered":"Maerchen"},"content":{"rendered":"<p>Home &gt;<a title=\"Kultur\" href=\"https:\/\/www.freiburg-schwarzwald.de\/blog\/kultur\/\">Kultur<\/a> &gt;<a title=\"Dichter\" href=\"https:\/\/www.freiburg-schwarzwald.de\/blog\/kultur\/dichter\/\">Dichter<\/a>\u00a0&gt;<a title=\"Literatur\" href=\"https:\/\/www.freiburg-schwarzwald.de\/blog\/kultur\/dichter\/literatur\/\">Literatur<\/a> &gt;<a title=\"Buch\" href=\"https:\/\/www.freiburg-schwarzwald.de\/blog\/kultur\/dichter\/literatur\/buch\/\">Buch<\/a> &gt;Maerchen<\/p>\n<div id=\"attachment_19802\" style=\"width: 663px\" class=\"wp-caption alignnone\"><a href=\"https:\/\/www.freiburg-schwarzwald.de\/blog\/selbsthilfe\/behinderung\/lernschwierigkeiten\/feldberg-nebel-alpen1-pan130108\/\" rel=\"attachment wp-att-19802\"><img loading=\"lazy\" decoding=\"async\" aria-describedby=\"caption-attachment-19802\" class=\"size-full wp-image-19802\" title=\"feldberg-nebel-alpen1-pan130108\" src=\"https:\/\/www.freiburg-schwarzwald.de\/blog\/wp-content\/uploads\/2013\/01\/feldberg-nebel-alpen1-pan130108.jpg\" alt=\"\" width=\"653\" height=\"222\" srcset=\"https:\/\/www.freiburg-schwarzwald.de\/blog\/wp-content\/uploads\/2013\/01\/feldberg-nebel-alpen1-pan130108.jpg 653w, https:\/\/www.freiburg-schwarzwald.de\/blog\/wp-content\/uploads\/2013\/01\/feldberg-nebel-alpen1-pan130108-180x61.jpg 180w, https:\/\/www.freiburg-schwarzwald.de\/blog\/wp-content\/uploads\/2013\/01\/feldberg-nebel-alpen1-pan130108-640x217.jpg 640w\" sizes=\"auto, (max-width: 653px) 100vw, 653px\" \/><\/a><p id=\"caption-attachment-19802\" class=\"wp-caption-text\">Eisiger Blick nach S\u00fcden am Feldberg 8.1.2013 zur Mittagszeit \u00fcber Schnee und Nebel bis zu den Alpen<\/p><\/div>\n<p>&nbsp;<\/p>\n<p align=\"left\"><strong>M\u00e4rchen, M\u00e4rchenerz\u00e4hler, Sagen, Anekdoten, Geschichten, Vorlesen, \u2026<\/strong><\/p>\n<ul>\n<li><em>Listenauswahl eines Beitrags: Bitte anklicken oder runterscrollen<\/em><\/li>\n<li><a href=\"https:\/\/www.freiburg-schwarzwald.de\/blog\/lesen\/\">Warum wir noch B\u00fccher lesen sollten: Print ist Display \u00fcberlegen<\/a>\u00a0(17.10.2025)<\/li>\n<li><a href=\"https:\/\/www.freiburg-schwarzwald.de\/blog\/bildung\/infantil\/\">Der Siegestor: eine kurze Erfolgsgeschichte des Robert Habeck \u2013 Puerilismus<\/a>\u00a0(25.1.2025)<\/li>\n<li><a href=\"https:\/\/www.freiburg-schwarzwald.de\/blog\/sylt-party-dominiert-die-medien\/\">D\u00f6p d\u00f6p d\u00f6p d\u00f6d\u00f6d\u00f6p d\u00f6p d\u00f6p! &#8211; M\u00e4rchen &#8222;Ali Baba&#8220;<\/a> (2.6.2024)<\/li>\n<li><a href=\"https:\/\/www.freiburg-schwarzwald.de\/blog\/engagement\/zukunft\/demokratie\/bundespraesident\/\">Der Begriff \u201eRattenf\u00e4nger\u201d mag auf die AfDler durchaus zutreffen<\/a>\u00a0(4.2.2024)<\/li>\n<li>Jutta Scherzinger &#8211; M\u00e4rchenerz\u00e4hlerin aus Freiburg-Kappel (8.5.2023)<\/li>\n<li>TV-Urgestein Puppenkiste f\u00fchlt sich im Fernsehen nicht mehr wohl (19.1.2023)<\/li>\n<li><a href=\"https:\/\/www.freiburg-schwarzwald.de\/blog\/je-suis-winnetou\/\">Je suis Winnetou<\/a>\u00a0(25.8.2022)<\/li>\n<li>M\u00e4rchen Herbstgefl\u00fcster von Rogge+Scherzinger (10.11.2021)<\/li>\n<li>M\u00e4rchen und Pflanzenwissen &#8211; Ursula Bertsch (22.10.2021)<\/li>\n<li>M\u00e4rchen mit diskriminierenden Inhalten: Kampf gegen Rechts (16.12.2020)<\/li>\n<li><a title=\"Indoktrinierung\" href=\"https:\/\/www.freiburg-schwarzwald.de\/blog\/bildung\/schulen\/indoktrinierung\/\">Lachtag statt Weihnachtstag<\/a>\u00a0(14.12.2019)<\/li>\n<li><a title=\"Ultra-Bike\" href=\"https:\/\/www.freiburg-schwarzwald.de\/blog\/sport\/sportlern\/biken\/ultra-bike\/\">ULTRA-BIKE-MARATHON Absage f\u00fcr 2020 \u2013 Mit dem Wolf w\u00e4re das nicht passiert!<\/a> (7.11.2019)<\/li>\n<li><a href=\"https:\/\/www.freiburg-schwarzwald.de\/blog\/heilpflanzenmaerchen-bertsch\/\">https:\/\/www.freiburg-schwarzwald.de\/blog\/heilpflanzenmaerchen-bertsch\/<\/a>\u00a0(14.11.2013)<\/li>\n<li><a href=\"https:\/\/www.freiburg-schwarzwald.de\/maerchen#Annette Bockting-Widmann aus Freiburg\">Annette Bockting-Widmann aus Freiburg<\/a><\/li>\n<li><a href=\"https:\/\/www.freiburg-schwarzwald.de\/littenweiler\/buch.htm#Marita Fochler, Erz\u00e4hlerin aus Titisee-Neustadt\">Marita Fochler, Erz\u00e4hlerin aus Titisee-Neustadt<\/a> &gt;Buch<\/li>\n<li><a href=\"https:\/\/www.freiburg-schwarzwald.de\/maerchen#Urla Hagedorn, M\u00e4rchenerz\u00e4hlerin aus Kollnau\">Urla Hagedorn, M\u00e4rchenerz\u00e4hlerin aus Kollnau<\/a><\/li>\n<li>Ulrich Gundermann aus Kirchzarten<\/li>\n<li><a href=\"https:\/\/www.freiburg-schwarzwald.de\/maerchen#Gidon Howowitz, Erz\u00e4hler aus Stegen\">Gidon Horowitz, Erz\u00e4hler aus Stegen<\/a><\/li>\n<li><a href=\"https:\/\/www.freiburg-schwarzwald.de\/maerchen#Leppertinger aus Emmendingen\">Ganga Leppertinger aus Emmendingen<\/a><\/li>\n<li><a href=\"https:\/\/www.freiburg-schwarzwald.de\/maerchen#Angela Reichenbach aus Burkheim\">Angela Reichenbach aus Burkheim<\/a><\/li>\n<li>Ulrike Rietmann aus Freiburg<\/li>\n<li><a href=\"https:\/\/www.freiburg-schwarzwald.de\/maerchen#Scherzinger, M\u00e4rchenerz\u00e4hlerin aus FR-Kappel\">Jutta Scherzinger, M\u00e4rchenerz\u00e4hlerin aus FR-Kappel<\/a><\/li>\n<li><a href=\"https:\/\/www.freiburg-schwarzwald.de\/maerchen#Sigrid Voigt aus Ohlsbach\">Sigrid Voigt aus Ohlsbach<\/a><\/li>\n<li><a href=\"https:\/\/www.freiburg-schwarzwald.de\/maerchen#Die M\u00e4rchenfee - Alex Zane aus Denzlingen\">Die M\u00e4rchenfee &#8211; Alex Zane aus Denzlingen<\/a><\/li>\n<li><a title=\"Sachbuch\" href=\"https:\/\/www.freiburg-schwarzwald.de\/blog\/kultur\/dichter\/literatur\/sachbuch\/\">Sachbuch<\/a><\/li>\n<li>Hans im Gl\u00fcck &#8211; im finanzkapitalistischen System heute? (13.1.2013)<\/li>\n<li><a href=\"https:\/\/www.freiburg-schwarzwald.de\/wandern4.htm#Zwei Frauen auf Erz\u00e4hlwanderung - Uhren-Spuren\">Zwei Frauen auf Erz\u00e4hlwanderung &#8211; Uhren-Spuren<\/a> &gt;Wandern4 (3.7.2010)<\/li>\n<li><a href=\"https:\/\/www.freiburg-schwarzwald.de\/maerchen#Winterspuren - ein Winterabend voll M\u00e4rchen und Musik (f\u00fcr Erwachsene)\">Winterspuren &#8211; ein Winterabend voll M\u00e4rchen und Musik (f\u00fcr Erwachsene)<\/a> &gt;Maerchen (3.1.10)<\/li>\n<li><a href=\"https:\/\/www.freiburg-schwarzwald.de\/hochrhein.htm#M\u00e4rchentage in Bad S\u00e4ckingen\">M\u00e4rchentage in Bad S\u00e4ckingen<\/a> &gt;Hochrhein (6.11.2009)<\/li>\n<li><a href=\"https:\/\/www.freiburg-schwarzwald.de\/littenweiler\/musik3.htm#Musikalisches M\u00e4rchen: Mit Oskar und Emilie durchs Jahr\">Musikalisches M\u00e4rchen: Mit Oskar und Emilie durchs Jahr<\/a> &gt;Musik2 (29.3.2009)<\/li>\n<li><a href=\"https:\/\/www.freiburg-schwarzwald.de\/schulen4.htm#Lesemarathon der Globalen Bildungskampagne: Das gro\u00dfe Lesen\">Lesemarathon der Globalen Bildungskampagne: Das gro\u00dfe Lesen<\/a> &gt;Schulen4 (27.3.2009)<\/li>\n<li><a href=\"https:\/\/www.freiburg-schwarzwald.de\/freiamt1.htm#8. Frei\u00e4mter Kinder- und Jugendbuchwoche: Lesenacht\">8. Frei\u00e4mter Kinder- und Jugendbuchwoche: Lesenacht<\/a> &gt;Freiamt1 (3.3.2009)<\/li>\n<li><a href=\"https:\/\/www.freiburg-schwarzwald.de\/littenweiler\/kappel\/kappel2.htm#M\u00e4rchen der V\u00f6lker f\u00fcr Erwachsene am 14.11.2008\">M\u00e4rchen der V\u00f6lker f\u00fcr Erwachsene am 14.11.2008<\/a> &gt;Kappel\/Kappel2 (28.10.2008)<\/li>\n<li><a href=\"https:\/\/www.freiburg-schwarzwald.de\/schollach.htm#Dorfschreiberin Marie T. Martin - Sch\u00fcler schreiben M\u00e4rchen\">Dorfschreiberin Marie T. Martin &#8211; Sch\u00fcler schreiben M\u00e4rchen<\/a> &gt;Schollach (23.6.2008)<\/li>\n<li><a href=\"https:\/\/www.freiburg-schwarzwald.de\/maerchen.htm#Geistig Behinderte von Haus Wonnhalde f\u00fchren M\u00e4rchen Dornr\u00f6schen auf\">Geistig Behinderte von Haus Wonnhalde f\u00fchren M\u00e4rchen Dornr\u00f6schen auf<\/a> &gt;Maerchen (27.5.)<\/li>\n<li><a href=\"https:\/\/www.freiburg-schwarzwald.de\/hotzenwald1.htm#Fast 200 Sagen ab Hebst im Buch der Fricktalisch-Badischen Vereinigung\">Fast 200 Sagen ab Hebst im Buch der Fricktalisch-Badischen Vereinigung<\/a> &gt;Hotzenwald1 (25.5.)<\/li>\n<li><a href=\"https:\/\/www.freiburg-schwarzwald.de\/maerchen#Erz\u00e4hlnacht am 1.3.2008 in Stadtb\u00fccherei - Zehn M\u00e4rchenr\u00e4tsel\">Erz\u00e4hlnacht am 1.3.2008 in Stadtb\u00fccherei &#8211; Zehn M\u00e4rchenr\u00e4tsel<\/a> &gt;Maerchen (29.2.2008)<\/li>\n<li><a href=\"https:\/\/www.freiburg-schwarzwald.de\/maerchen#M\u00e4rchenwind weht im B\u00fcrgersaal Littenweiler - Jutta Scherzinger\">M\u00e4rchenwind weht im B\u00fcrgersaal Littenweiler &#8211; Jutta Scherzinger<\/a> &gt;Maerchen (1.2.2008)<\/li>\n<li><a href=\"https:\/\/www.freiburg-schwarzwald.de\/littenweiler\/theater1.htm#Freiburger Puppenb\u00fchne - 20 Jahre mit Karin und Johannes Minuth\">Freiburger Puppenb\u00fchne &#8211; 20 Jahre mit Karin und Johannes Minuth<\/a> &gt;Theater1 (2.10.2007)<\/li>\n<li><a href=\"https:\/\/www.freiburg-schwarzwald.de\/maerchen#M\u00e4rchen und Geschichten im B\u00fcrgersaal FR-Littenweiler\">M\u00e4rchen und Geschichten im B\u00fcrgersaal FR-Littenweiler<\/a> (4.4.2007)<\/li>\n<li><a href=\"https:\/\/www.freiburg-schwarzwald.de\/kinder3.htm#Vorlesewettbewerb: Annika Berg ist die Beste im Kreisentscheid\">Vorlesewettbewerb: Annika Berg ist die Beste im Kreisentscheid<\/a> &gt;Kinder3 (29.3.2007)<\/li>\n<li><a href=\"https:\/\/www.freiburg-schwarzwald.de\/maerchen.htm#M\u00e4rchenhafter Treff - Geschichten vom Waldm\u00e4nnlein\">M\u00e4rchenhafter Treff &#8211; Geschichten vom Waldm\u00e4nnlein<\/a> (8.2.2007)<\/li>\n<li><a href=\"https:\/\/www.freiburg-schwarzwald.de\/maerchen#Und sie waren reich bis an ihr selig Ende \u2013 M\u00e4rchen\">Und sie waren reich bis an ihr selig Ende \u2013 M\u00e4rchen<\/a> (1.7.2006)<\/li>\n<li><a href=\"https:\/\/www.freiburg-schwarzwald.de\/maerchen#M\u00e4rchen, nicht nur f\u00fcr Kinder\u00a0- Kulturwoche Lesungen\">M\u00e4rchen, nicht nur f\u00fcr Kinder &#8211; Kulturwoche Lesungen<\/a> (29.10.2005)<\/li>\n<li><a href=\"https:\/\/www.freiburg-schwarzwald.de\/kinder1.htm#Erz\u00e4hlfestival mit Wassergeschichten am Titisee\">Erz\u00e4hlfestival mit Wassergeschichten am Titisee<\/a> &gt;Kinder1 (1.4.2003)<\/li>\n<li><\/li>\n<li><strong><a href=\"https:\/\/www.freiburg-schwarzwald.de\/maerchen.htm\">https:\/\/www.freiburg-schwarzwald.de\/maerchen.htm<\/a> &gt;Archivseite<\/strong><\/li>\n<li><a href=\"https:\/\/www.freiburg-schwarzwald.de\/alemannisch\/index.htm\">Alemannische Mundart<\/a> &gt;Alemannisch<\/li>\n<li><a href=\"https:\/\/www.freiburg-schwarzwald.de\/liedermacher.htm\">Liedermacher aus Baden und Elsass<\/a> &gt;Liedermacher<\/li>\n<li><a href=\"https:\/\/www.freiburg-schwarzwald.de\/littenweiler\/gesang.htm\">Gesang und Gesangsvereine<\/a> &gt;Freiburg-Dreisamtal.de\/Gesang<\/li>\n<li><a href=\"https:\/\/www.freiburg-schwarzwald.de\/blog\/bildung\/infantil\/\">infantil<\/a><\/li>\n<li><a href=\"https:\/\/www.freiburg-schwarzwald.de\/littenweiler\/kindergarten.htm\">Kinderg\u00e4rten (\u00dcbersicht)<\/a> &gt;Kindergarten<\/li>\n<li><a href=\"https:\/\/www.freiburg-schwarzwald.de\/kunst.htm\">K\u00fcnstler von hier<\/a> &gt;Kunst<\/li>\n<li><a href=\"https:\/\/www.freiburg-schwarzwald.de\/littenweiler\/buch.htm\">Literatur und Buch auf Freiburg-Dreisamtal.de<\/a> &gt;Buch<\/li>\n<li><a href=\"https:\/\/www.freiburg-schwarzwald.de\/philosophie.htm\">Philosophieren<\/a> &gt;Philosophie<\/li>\n<li><a href=\"https:\/\/www.freiburg-schwarzwald.de\/maerchen#Links\">Links<\/a><\/li>\n<\/ul>\n<p>&nbsp;<\/p>\n<p><strong>Jutta Scherzinger &#8211; M\u00e4rchenerz\u00e4hlerin aus Freiburg-Kappel<\/strong><br \/>\nDas Erz\u00e4hlen der M\u00e4rchen hat eine lange Tradition. In einer Zeit, in der ein Gro\u00dfteil der Menschen weder lesen noch schreiben konnte, wurden sie m\u00fcndlich weitergetragen, in Spinnstuben und Bauernh\u00fctten, am Feuer, \u00fcber die Meere und durch W\u00fcsten.<br \/>\nM\u00e4rchen, das sind Geschichten, deren Sprache Sehnsucht und Tr\u00e4ume weckt. Sie sind voller Zauber und bergen Weisheit und Lebenserfahrungen der V\u00f6lker seit Jahrtausenden.<br \/>\nDie Erz\u00e4hlerin Jutta Scherzinger nimmt Sie mit auf die Reise in l\u00e4ngst vergangene Zeiten.<br \/>\nFr\u00fchere Eintr\u00e4ge auf der Archiv-Seite\u00a0 <a href=\"https:\/\/www.freiburg-schwarzwald.de\/maerchen.htm\">hier<\/a>.<br \/>\nZahlreiche Veranstaltungen finden auch gemeinsam mit dem Freiburger Musiker <a href=\"https:\/\/www.freiburg-schwarzwald.de\/blog\/maerchen-und-musik-benefiz\/\">Wolfgang Rogge<\/a> (Stifte-Band) statt.<\/p>\n<p><a href=\"https:\/\/www.juttascherzinger.de\">https:\/\/www.juttascherzinger.de<\/a>,<br \/>\nkontakt: juttascherzinger@gmx.de, mobil: 0176 61775433<br \/>\n.<\/p>\n<p><strong>TV-Urgestein Puppenkiste f\u00fchlt sich im Fernsehen nicht mehr wohl<\/strong><br \/>\n&#8230;Gebannt sa\u00dfen einst die Kinder vor dem Bildschirm, wenn die oftmals mehrteiligen Geschichten wie &#8222;Der L\u00f6we ist los&#8220; (1965) oder &#8222;Kleiner K\u00f6nig Kalle Wirsch&#8220; (1970) \u00fcber mehrere Wochen gestreckt ausgestrahlt wurden. Das Intro mit der sich langsam \u00f6ffnenden Kiste samt Schrift &#8222;Augsburger Puppenkiste \u2013 Oehmichens Marionetten Theater&#8220; wurde legend\u00e4r.<br \/>\n&#8230;<br \/>\nVor mehr als einem Jahrzehnt hat der Kinderkanal von ARD und ZDF, KiKA, die Marionetten als nicht mehr zeitgem\u00e4\u00df verbannt. Der Schritt hatte damals einige Diskussionen ausgel\u00f6st, die aber mittlerweile verstummt sind. &#8222;Ich sehe uns in dem heutigen Fernsehprogramm auch nicht mehr&#8220;, sagt Puppenkisten-Chef Marschall. Ihm gehe es darum, Geschichten in ruhigen Bildern erz\u00e4hlen. &#8222;Das unterscheidet sich von dem aktuellen Fernsehen so massiv, das ist schwierig.&#8220;<br \/>\n&#8230; Alles vom 19.1.2023 bitte lesen auf<br \/>\n<a href=\"https:\/\/www.badische-zeitung.de\/tv-urgestein-puppenkiste-fuehlt-sich-im-fernsehen-nicht-mehr-wohl--238118312.html\">https:\/\/www.badische-zeitung.de\/tv-urgestein-puppenkiste-fuehlt-sich-im-fernsehen-nicht-mehr-wohl&#8211;238118312.html<\/a><\/p>\n<p>&nbsp;<\/p>\n<p><strong>M\u00e4rchen Herbstgefl\u00fcster von Rogge+Scherzinger<\/strong><br \/>\nDas Erz\u00e4hlen von M\u00e4rchen hat eine lange Tradition. In einer Zeit, in der ein Gro\u00dfteil der Menschen weder lesen noch schreiben konnte, wurden sie m\u00fcndlich weitergetragen, in Spinnstuben und Bauernh\u00fctten, am Feuer, \u00fcber die Meere und durch W\u00fcsten. M\u00e4rchen, das sind Geschichten, deren Sprache Sehnsucht und Tr\u00e4ume weckt. Sie sind voller Magie und bergen Weisheit und Lebenserfahrungen der V\u00f6lker seit Jahrtausenden. \u201eHerbstgefl\u00fcster\u2026\u201cso lautet der Titel der beiden Vorstellungen f\u00fcr Erwachsene, zu dem das Bildungswerk Freiburg-Kappel in das Gemeindeheim St. Peter und Paul, Peterhof 6 einl\u00e4dt.<br \/>\n.<br \/>\n<img loading=\"lazy\" decoding=\"async\" class=\"alignnone size-thumbnail wp-image-96054\" src=\"https:\/\/www.freiburg-schwarzwald.de\/blog\/wp-content\/uploads\/2021\/11\/maerchen-rogge-scherzinger2021-180x127.jpg\" alt=\"\" width=\"180\" height=\"127\" srcset=\"https:\/\/www.freiburg-schwarzwald.de\/blog\/wp-content\/uploads\/2021\/11\/maerchen-rogge-scherzinger2021-180x127.jpg 180w, https:\/\/www.freiburg-schwarzwald.de\/blog\/wp-content\/uploads\/2021\/11\/maerchen-rogge-scherzinger2021-640x452.jpg 640w, https:\/\/www.freiburg-schwarzwald.de\/blog\/wp-content\/uploads\/2021\/11\/maerchen-rogge-scherzinger2021.jpg 686w\" sizes=\"auto, (max-width: 180px) 100vw, 180px\" \/><br \/>\nJutta Scherzinger und Wolfang Rogge laden ein zu M\u00e4rchen und Musik \u201eHerbstgefl\u00fcster\u201c<\/p>\n<p>Die Erz\u00e4hlerin Jutta Scherzinger und der Musiker Wolfgang Rogge nehmen die G\u00e4ste dabei mit auf die Reise in l\u00e4ngst vergangene Zeiten. Musikalisch umrahmt werden die M\u00e4rchen durch Geige, Gitarre, Mandoline, Mundharmonika und Gesang. Termine sind am Samstag, 20. November 2021, 19.30 Uhr und Sonntag, 21. November 2021, um 18 Uhr.<br \/>\nDer Eintritt kostet 9.- Euro. Es gelten die aktuellen 3 G-Regeln.<br \/>\nAnmeldung erforderlich unter Tel.: 0761 \/ 6 67 16, mobil: 0176 \u2013 61 77 54 33 oder per E-Mail an juttascherzinger@gmx.de<br \/>\n10.11.2021<\/p>\n<p>&nbsp;<\/p>\n<div class=\"entry-content\">\n<p><strong>M\u00e4rchen und Pflanzenwissen &#8211; Ursula Bertsch<\/strong><br \/>\nM\u00e4rchen freuen sich, wenn sie in die Welt hinaus d\u00fcrfen und ich freue mich, wenn das Pflanzenwissen mit Hilfe von Wilma Walnuss und Gro\u00dfmutter Feuerbohne sich immer weiter verbreiten kann!<br \/>\nDie M\u00e4rchen haben wieder Zuwachs bekommen: es gibt einen Kalender f\u00fcr 2022, darin sind zwei neue Pflanzenm\u00e4rchen, eines \u00fcber den Klatschmohn, eines \u00fcber die Orange, und dazu noch ein M\u00e4rchen, in dem ausnahmsweise nicht Pflanzen, sondern Tiere die Hauptrolle spielen.<br \/>\nDie Geschichte vom kleinen Wolf und seiner gro\u00dfen Sehnsucht nach den hohen Bergen erstreckt sich \u00fcber zwei Monate und ist, wie alle anderen M\u00e4rchen auch, wieder ganz zauberhaft von Nicole Nedoh illustriert.<br \/>\nDie anderen Kalenderm\u00e4rchen sind aus den beiden M\u00e4rchenb\u00fcchern, und ich habe Geschichten ausgesucht, in denen immer auch in irgend einer Form Tiere &#8222;mitspielen&#8220;.<br \/>\nViele Heilpflanzen werden in ihren Namen und auch von ihrer mythologischen Bedeutung her mit Tieren assoziiert, was sicherlich damit zusammenh\u00e4ngt, dass die Menschen in fr\u00fcheren Zeiten noch sehr viel st\u00e4rker mit den Tieren (wie auch mit den Pflanzen) verbunden waren.<br \/>\nSo sind z.B. in unserem Kulturkreis Pflanzen, die einen B\u00e4ren im Namen tragen, wichtige Heil-und\/oder Nahrungspflanzen. B\u00e4rlauch, B\u00e4renklau, B\u00e4rwurz, B\u00e4rentraube &#8230;<br \/>\nDer B\u00e4r gilt als &#8222;Meister der Pflanzenheilkunde&#8220;, das ist von nordamerikanischen Ureinwohnern bekannt und war bei uns sehr wahrscheinlich ebenso.<br \/>\nWolfspflanzen dahingegen sind in der Regel Pflanzen, die, auch wenn es Heilpflanzen unter ihnen gibt, f\u00fcr den Menschen mit gro\u00dfer Vorsicht zu behandeln sind \u2013 Wolfsmilchgew\u00e4chse z.B. tragen einen je nach Sorte stark \u00e4tzenden Milchsaft in sich, und der Wolfseisenhut ist die giftigste Pflanze Europas.<br \/>\nUnd da gibt es auch noch das G\u00e4nsebl\u00fcmchen und die Schafgarbe, den L\u00f6wenzahn, die gro\u00dfe Familie der Schmetterlingsbl\u00fctler, Natternkopf, Schlangengurke, Storchenschnabel, Hundspetersilie, Katzengpf\u00f6tchen \u2013 Euch und Ihnen wird sicherlich noch mehr dazu einfallen!<br \/>\nVon daher hei\u00dft der Kalender im kommenden Jahr auch &#8222;Pflanzen-und Tierm\u00e4rchen&#8220;.<\/p>\n<p>Noch etwas Neues: auf der Homepage gibt es jetzt auch einige der M\u00e4rchen als Audios, als heilsame Gute-Nacht-Geschichten sozusagen, und ich werde nach und nach auch noch mehr meiner M\u00e4rchen dort &#8222;erz\u00e4hlen&#8220;.<br \/>\nJetzt m\u00f6chte ich Euch und Ihnen allen noch viele gl\u00fccklich-goldene Sp\u00e4tsommer- und Herbsttage w\u00fcnschen und m\u00e4rchenhaft sch\u00f6ne Begegnungen mit Pflanzen, Tieren, Menschen und allem was uns sonst noch umgibt!<br \/>\nGanz herzliche Gr\u00fc\u00dfe,<br \/>\nUrsula Bertsch<br \/>\n<a href=\"https:\/\/www.ursula-bertsch.de\">https:\/\/www.ursula-bertsch.de<\/a><br \/>\n.<br \/>\nDie M\u00e4rchenprodukte:<br \/>\nWilma Walnuss und andere Heilpflanzen M\u00e4rchen<br \/>\n28 M\u00e4rchen \u00fcber Heilpflanzen, von denen die meisten direkt um die Ecke in Wiese, Wald und Garten zu finden sind.<br \/>\nMit Informationen \u00fcber die Heilwirkungen und Rezepten.Farbig illustriert von Nicole Nedoh.<br \/>\nSoftcover mit Klebebindung, Format 21 x 27,5 cm, 216 Seiten, 29 \u20ac<\/p>\n<p>Gro\u00dfmutter Feuerbohne und andere Obst- und Gem\u00fcsem\u00e4rchen<br \/>\n18 M\u00e4rchen \u00fcber wilde und weniger wilde Obst- und Gem\u00fcsearten, aus dem heimischen Garten oder aus Wald und Wiese.<br \/>\nMit Informationen und Kochrezepten.Farbig illustriert von Nicole Nedoh.<br \/>\nSoftcover mit Klebebindung, Format 21 x 27,5 cm, 212 Seiten, 29 \u20ac<\/p>\n<p>Kalender 2022<br \/>\nHeilpflanzenm\u00e4rchen aus den M\u00e4rchenb\u00fcchern, dazu noch neue M\u00e4rchen; jeweils als farbige Illustration auf den Kalenderbl\u00e4ttern; dazu M\u00e4rchentext und Informationen\/Rezepte auf einem jeweils gesonderten Blatt.DIN A 4 Format, 12,50 Euro<\/p>\n<p>H\u00f6rbuch<br \/>\n6 der Heilpflanzenm\u00e4rchen aus dem Buch Wilma Walnuss, erz\u00e4hlt von Ursula Bertsch, musikalisch begleitet von Nicole Weber.<br \/>\nErh\u00e4ltlich als CD, 14 \u20ac<\/p>\n<p>Die Sprache der Pflanzen<br \/>\nEine sehr m\u00e4rchenhafte Geschichte von Pflanzen und Menschen, von Zwergen und Elfen, von einem b\u00f6sen Zauberer und einen kleinen goldenen Herzen.<br \/>\nBrosch\u00fcre geklammert, Format DIN A5, 36 Seiten, 5 \u20ac<\/p>\n<p>&nbsp;<\/p>\n<p><strong>M\u00e4rchen mit diskriminierenden Inhalten: Kampf gegen Rechts<\/strong><br \/>\nIch wei\u00df nicht, ob die Verzapfer dieses epochalen Dreieinhalbseiters<br \/>\n<a href=\"https:\/\/kids.kinderwelten.net\/de\/Publikationen\/\">https:\/\/kids.kinderwelten.net\/de\/Publikationen\/<\/a><br \/>\nebenfalls Kohle aus dem Gegen-rechts-Reptilienfonds bekommen, verdient h\u00e4tten sie es. Denn der besagte Kampf muss, wenn er totaler werden soll, als wir es uns heute \u00fcberhaupt erst vorstellen k\u00f6nnen, auch in der bzw. gegen die Vergangenheit gef\u00fchrt werden.<br \/>\n.<br \/>\n<em>ES WAR EINMAL! <\/em><br \/>\n<em>Anregungen f\u00fcr diskriminierungskritische Perspektiven auf M\u00e4rchen <\/em><br \/>\n<em>In M\u00e4rchen steckt eine Faszination, die von Generation f\u00fcr Generation in Form von Erz\u00e4hlungen zu den Urthemen der Menschheit weitergetragen wird. Und in ihnen steckt noch mehr: Antisemitismus, Rassismus, Sexismus, Behin\u00addertenfeindlichkeit. Kein Wunder: sie wurden Anfang des 19. Jahrhunderts gesammelt und aufgeschrieben und <\/em><br \/>\n<em>&#8230;..<\/em><br \/>\nH\u00e4tten Sie&#8217;s gewusst? Klar h\u00e4tten Sie.<br \/>\n&#8222;Aschenputtel, Rapunzel, Dornr\u00f6schen, Rumpelstilzchen, Frau Holle, der Froschk\u00f6nig&#8220;, hebt das von<br \/>\n&#8222;KiDs \u2013 Kinder vor Diskriminierung sch\u00fctzen! an der Fachstelle Kinderwelten f\u00fcr Vorurteilsbewusste Bildung und Erziehung\u00a9, Institut f\u00fcr den Situationsansatz (ISTA), Internationale Akademie INA Berlin gGmbH, Naunynstr. 64, 10997 Berlin, Tel. 030-80206900, <a href=\"mailto:kids@kinderwelten.net\">kids@kinderwelten.net<\/a>, <a href=\"http:\/\/www.kids.kinderwelten.de\">http:\/\/www.kids.kinderwelten.de<\/a>&#8220;<br \/>\nherausgegebene virtuelle Papier an: &#8222;Welche Botschaften vermitteln sie Kindern \u00fcber sich und die Welt? Welche Werte werden in ihnen betont? Welche Kinder finden sich auf st\u00e4rkende Weise in ihnen wieder, welche auf abwertende oder stereotype Weise und welche \u00fcberhaupt nicht?&#8220;<br \/>\nWelches Kind findet sich auf abwertende Weise in M\u00e4rchen wieder? Wahrscheinlich diejenigen, die sich mit dem dummen Hans identifizieren, der die Prinzessin nehmen muss, obwohl er schwul und im falschen K\u00f6rper geboren ist und sie eine wei\u00dfe Suprematistin.<br \/>\n.<br \/>\n&#8222;Die Antworten auf diese Fragen sind nicht eindeutig. Es soll daher nicht darum gehen, M\u00e4rchen zu &#8218;verbieten&#8216;.&#8220;<br \/>\nSie bemerken, geneigte Leserin, bei der Autorin dieses Textes \u2013 es kann nur eine Frau sein \u2013 handelt es sich wahrscheinlich um eine Staatsrechtlerin, Einser-Juristin und Verfassungsrichterin in statu nascendi.<br \/>\n&#8222;Wir m\u00f6chten dazu anregen, den eigenen kritischen Blick zu sch\u00e4rfen und sich bewusst daf\u00fcr entscheiden, ob und welche M\u00e4rchen weitergegeben werden. Welche Inhalte sollen ins T\u00f6pfchen und welche verschwinden im Kr\u00f6pfchen?&#8220;<br \/>\nUff. Nicht verbieten, nur ins Kr\u00f6pfchen. Aber warum? Darum:<br \/>\n&#8222;Frauen kommen als aktive Akteurinnen in Form von b\u00f6sen Hexen, b\u00f6sen Feen oder b\u00f6sen Stiefm\u00fcttern vor. Die Alternative besteht darin, sich als Prinzessin vor allem durch Sch\u00f6nheit auszuzeichnen und passiv errettet zu werden. M\u00e4nner m\u00fcssen stark und\/oder mutig sein. Manche haben eine Behinderung, werden als &#8218;dumm&#8216;, klein, bucklig oder halb Mensch\/halb Tier beschrieben und k\u00f6nnen im Laufe der Geschichte entweder erl\u00f6st oder f\u00fcr immer verflucht werden. Die Ehe gilt als oberstes Ziel, die Monarchie als beste Staatsform und allgegenw\u00e4rtige Gewalt an Kindern als normal. Alles Dunkle wird automatisch mit &#8218;dem B\u00f6sen&#8216; in Verbindung gebracht und &#8218;Haut wei\u00df wie Schnee&#8216; und &#8218;goldenes Haar&#8216; zu haben ist als rassistisches Sch\u00f6nheitsideal erstrebenswert. Homosexualit\u00e4t, People of Colour, muslimischer Glaube, Trans*personen und vieles Weitere kommen gar nicht erst vor.&#8220;<br \/>\n.<br \/>\nAuch Elefant, Nilpferd, Pinguin und Gnu suchen sich in Grimms M\u00e4rchen vergeblich, w\u00e4hrend es in afrikanischen M\u00e4rchen von Wei\u00dfen, Buddhisten, Sch\u00e4ferh\u00fcndinnen und emanzipierten Frauen weidlich wimmelt. Immerhin: Die Pechmarie darf bleiben, Rosenrot auch. Schneewei\u00dfchen und Rapunzel m\u00fcssen sich die Haare f\u00e4rben, auch wenn sie nicht in Malm\u00f6 oder Molenbeek leben. Aber dass der muslimische Glaube in Grimms M\u00e4rchen nicht vorkommt, obwohl der Islam seit 2000 Jahren zu Europa geh\u00f6rt, das kann nicht hingenommen werden. &#8222;Sultan Drosselbart&#8220; w\u00e4re ein Anfang. &#8222;Imam Allwissend&#8220; und &#8222;Die beiden Emirskinder&#8220; k\u00f6nnten folgen.<br \/>\n.<br \/>\n&#8222;Vieles Weitere kommt gar nicht vor&#8220;: Wahrscheinlich ist die Autorin doch keine Juristin, sondern Literaturkritikerin. &#8222;Es stimmt, dass sich die damaligen gesellschaftlichen Machtverh\u00e4ltnisse und die Position der Gebr\u00fcder Grimm in jener Gesellschaft in den M\u00e4rchen widerspiegeln. Zum Gl\u00fcck hat sich in Fragen sozialer Gerechtigkeit seit Anfang des 19. Jahrhunderts doch einiges ver\u00e4ndert! Warum sollen junge Kinder veraltete diskriminierende Darstellungen erst kennenlernen, um sie dann wieder verlernen zu m\u00fcssen? In den ersten Lebensjahren ist es wichtig, dass Kinder ihr Selbstbild mit m\u00f6glichst wenig abwertenden Botschaften entwickeln k\u00f6nnen.&#8220;<br \/>\n.<br \/>\nGerade, wenn sie immer noch wei\u00df und blond sind und das wieder verlernen m\u00fcssen.<br \/>\n&#8222;Deutschland ist eine von Diskriminierung gepr\u00e4gte Gesellschaft. Und jede (!) hier aufwachsende Person hat bestimmte diskriminierende Bilder verinnerlicht. Daran sind nat\u00fcrlich nicht allein die M\u00e4rchen schuld. Sie sind in ihrer jetzigen Form &#8217;nur&#8216; Teil der Selbstverst\u00e4ndlichkeit, mit der Dominanzverh\u00e4ltnisse sich fortsetzen und Generation f\u00fcr Generation weiter gelernt werden und somit allen schaden. Wenn ein Inhalt als sch\u00e4digend erkannt ist, sollten Kinder davor gesch\u00fctzt werden.&#8220;<br \/>\nAber nur ins Kr\u00f6pfchen! Nichts verbieten! Ihr Bev\u00f6lkerungsschutzkommissar f\u00fcr das Erkennen sch\u00e4digender Inhalte.<br \/>\n&#8222;Es ist m\u00f6glich, lediglich einzelne Textstellen auszulassen oder abzu\u00e4ndern. Abwertende Beschreibungen von K\u00f6rperformen k\u00f6nnen weggelassen werden, die Hell\/Dunkel-Symbolik umgekehrt oder behindertenfeindliche Darstellungen als individuelle Charaktermerkmale umformuliert werden.&#8220;<br \/>\nAls Beispiel, wie &#8222;Sch\u00f6nheitsnormen abgemildert&#8220; werden k\u00f6nnen, schreibt die Kindersch\u00fctzerin, die \u00fcbrigens Berit Wolter hei\u00dft und am Hexenh\u00e4uschen der harten Wissenschaft geknuspert hat:<br \/>\n&#8222;Das M\u00e4dchen freilich gefiel dem Froschk\u00f6nig \u00fcberhaupt nicht, denn sie war nicht besonders sch\u00f6n. Sie hatte zu kurze Beine, war auch etwas zu dick und ihre Haare waren wie Stroh. [&#8230;] Ich lese lieber vor: &#8218;Das M\u00e4dchen gefiel dem Froschk\u00f6nig nicht, denn sie war irgendwie nicht sein Typ.'&#8220;<br \/>\nWeil: strohhaarig, kurzbeinig und dick. In den Worten eines Klassikers Suprematisten:<br \/>\n&#8222;Gern lief er fort, der arme Schnick,<br \/>\ndoch er ist viel zu dumm und dick.&#8220;<br \/>\nEr, nicht sie! Das f\u00fchrt uns stracks in die Vielfalt. Unsere Traditions-Umdesignerin pl\u00e4diert daf\u00fcr, beim Vorlesen \u2013 fr\u00fch kr\u00fcmmt sich, was ein Buntes werden soll \u2013 die Geschlechter zu vertauschen: &#8222;Bei \u201aRotk\u00e4ppchen\u2018 [&#8230;] lassen sich zun\u00e4chst die Eigenschaften der Hauptakteur_innen des M\u00e4rchens z.B. die strenge Mutter, das vertr\u00e4umte Rotk\u00e4ppchen, der starke J\u00e4ger und die schwache Gro\u00dfmutter, ver\u00e4ndern. So kann etwa die Mutter zum Vater, das Rotk\u00e4ppchen zur Rotm\u00fctze, der J\u00e4ger zur J\u00e4gerin und die Gro\u00dfmutter zum Gro\u00dfvater werden. Spannend zu beobachten ist, welche Wirkungen das M\u00e4rchen nun entfaltet und wie sich die Handlungsspielr\u00e4ume der Figuren durch den Geschlechterrollentausch erweitern.&#8220;<br \/>\n.<br \/>\nSie hat die W\u00f6lfin vergessen, die nun den Gro\u00dfvater herunterw\u00fcrgen muss. Dann fragt Rotm\u00fctze: &#8222;Gro\u00dfvater, warum hast du rasierte Beine?&#8220; Die J\u00e4gerin ist zu bl\u00f6d zum Schie\u00dfen, die W\u00f6lfin frisst auch sie, und der Vater kann endlich seinen behinderten Freund heiraten.<br \/>\n&#8222;Und es ist m\u00f6glich, sich nach Alternativen umzuschauen. Es gibt sie! In den folgenden B\u00fcchern kommen starke M\u00e4dchen- und Frauenfiguren vor, schwarze Protagonist*innen und Protagonist*innen of Co-lor und nicht jede Lovestory ist hetero. Weiterhin zu wenig vertreten: Protagonist*innen mit Behinderung.&#8220;<br \/>\nAuch daf\u00fcr hat unsere Die-Bunten-ins-T\u00f6pfchen-Sortierer*in originelle Exempel recherchiert: &#8222;Was w\u00e4re, wenn Prinzessinnen nicht auf ihren Prinzen warten, sondern ihr Gl\u00fcck selbst in die Hand nehmen? [&#8230;] Rapunzel wird eine weltber\u00fchmte Architektin f\u00fcr magische Geb\u00e4ude, Rotk\u00e4ppchen findet ihr Gl\u00fcck als Tierschutzaktivistin und Dornr\u00f6schen macht sich einen Namen als Spezialistin f\u00fcr Schlafst\u00f6rungen.&#8220;<br \/>\n.<br \/>\nOder: &#8222;Keine Angst vorm b\u00f6sen Drachen: Sieben Prinzessinnen bringen frischen Wind ins M\u00e4rchenland! Was passiert, wenn die Prinzessin den Drachen raubt und nicht umgekehrt? Wenn sie den Prinzen befreit und die Drachenkinder babysittet?&#8220;<br \/>\nZuletzt empfiehlt unsere Bratenriecher*in eine &#8222;Projektseite&#8220; namens &#8222;Die Schwestern Grimm&#8220; \u2013 frei sind noch &#8222;Die Geschwister Grimm&#8220; und &#8222;Die warmen Br\u00fcder Grimm&#8220; \u2013, &#8222;die das Ziel hat, f\u00fcr die Leserin oder den Leser selbst erforschbar zu machen, welche Wirkung die f\u00fcr viele Generationen pr\u00e4genden M\u00e4rchen der Gebr\u00fcder Grimm haben, wenn man die Geschlechter der handelnden Charaktere variiert. Texte der Gebr\u00fcder Grimm werden \u00fcberarbeitet hinsichtlich der Geschlechter und Namen der handelnden und genannten Charaktere; oft werden so genannte &#8218;Genderswaps&#8216; durchgef\u00fchrt.&#8220;<br \/>\nWer h\u00e4tte gedacht, dass Grimms M\u00e4rchen einmal zur Konterbande geh\u00f6ren w\u00fcrde? Wobei strenggenommen demn\u00e4chst jedes Buch, das 50 oder mehr Jahre alt ist, dazu z\u00e4hlen wird.<br \/>\n&#8230; Alles vom 16.12.2020 bitte lesen auf<br \/>\n<a href=\"https:\/\/michael-klonovsky.de\/acta-diurna\">https:\/\/michael-klonovsky.de\/acta-diurna<\/a><br \/>\n.<\/p>\n<p><strong>Anregungen f\u00fcr diskriminierungskritische Perspektiven auf M\u00e4rchen<\/strong><br \/>\n<strong>KiDs aktuell 02\/2020<\/strong><br \/>\nIn M\u00e4rchen steckt eine Faszination, die von Generation zu Generation in Form von Erz\u00e4hlungen weitergetragen wird &#8211; leider auch mit diskriminierenden Inhalten. Daher stellen wir f\u00fcr die Praxis in Kita und Grundschule folgende Fragen ins Zentrum: Welche Botschaften vermitteln sie Kindern \u00fcber sich und die Welt? Welche Werte werden in ihnen betont? Welche Kinder finden sich auf st\u00e4rkende Weise in ihnen wieder, welche auf abwertende oder stereotype Weise und welche \u00fcberhaupt nicht? Dieses \u201eKiDs aktuell\u201c fasst kritische Perspektiven auf M\u00e4rchen zusammen, begegnet Gegenargumenten und setzt den Fokus darauf, wie es anders gehen kann. Viel Spa\u00df beim Lesen!<\/p>\n<p>KiDs aktuell 02\/2020 Es war einmal!<br \/>\nES WAR EINMAL!<br \/>\nAnregungen f\u00fcr diskriminierungskritische Perspektiven auf M\u00e4rchen<br \/>\nIn M\u00e4rchen1 steckt eine Faszination, die von Generation f\u00fcr Generation in Form von Erz\u00e4hlungen zu den Urthemen der Menschheit weitergetragen wird. Und in ihnen steckt noch mehr: Antisemitismus, Rassismus, Sexismus, Behin\u00addertenfeindlichkeit. Kein Wunder: sie wurden Anfang des 19. Jahrhunderts gesammelt und aufgeschrieben und ent\u00adhalten somit die damalige Perspektive auf marginalisierte Personengruppen. Auch dies wird mit jedem \u201eEs war ein\u00admal\u201c weitergegeben. Dieses \u201eKiDs aktuell\u201c fasst kritische Perspektiven zusammen, begegnet Gegenargumenten und setzt den Fokus darauf, wie es anders gehen kann.<br \/>\nAschenputtel, Rapunzel, Dornr\u00f6schen, Rumpelstilzchen, Frau Holle, der Froschk\u00f6nig \u2013 all das sind Geschichten mit langer Geschichte. Analysieren lie\u00dfen sich etwa ihr historischer Kontext, psychoanalytische Deutungen, li\u00adteraturwissenschaftliche Einordnungen. Dazu ist bereits viel geschrieben und gedacht worden. Im Rahmen dieses Texts m\u00f6chten wir f\u00fcr die Praxis in Kita und Grundschule folgende Fragen ins Zentrum zu stellen: Welche Botschaf\u00adten vermitteln sie Kindern \u00fcber sich und die Welt? Welche Werte werden in ihnen betont? Welche Kinder finden sich auf st\u00e4rkende Weise in ihnen wieder, welche auf abwerten\u00adde oder stereotype Weise und welche \u00fcberhaupt nicht?<br \/>\n<a href=\"https:\/\/kids.kinderwelten.net\/de\/Publikationen\/\">https:\/\/kids.kinderwelten.net\/de\/Publikationen\/<\/a><\/p>\n<p>.<\/p>\n<p>&nbsp;<\/p>\n<p><strong>Hans im Gl\u00fcck &#8211; im finanzkapitalistischen System heute?<\/strong><br \/>\nJa, bist du denn wahnsinnig, w\u00fcrde jeder Banker diesem jungen Mann zurufen: Einen ordentlichen Batzen Gold nicht nicht in den <a title=\"EU-Banken\" href=\"https:\/\/www.freiburg-schwarzwald.de\/blog\/global\/eu\/eu-banken\/\">Finanzkreislauf<\/a>\u00a0einzubringen \u2013 bei den Goldpreisen \u2013, in ein sch\u00f6nes Leben im Wohlstand zu investieren und das Geld zu vermehren mit Hilfe der Bank. Mit anderen Worten das zu tun, was jeder vern\u00fcnftige Mensch nach den ehernen Gesetzen des Kapitalismus mit seinem Verm\u00f6gen unternimmt: es zu steigern. Doch dieser einf\u00e4ltige Hans macht keinen Mehr-, sondern einen gewaltigen Minderwert. Immer mehr schmilzt dahin, was er besitzt, durch \u00f6konomisch vollkommen sinnlose Tauschgesch\u00e4fte: vom Pferd zur Kuh, von der Kuh zum Schwein, vom Schwein zur Gans, von der Gans zum Schleifstein. Doch als der schwere Brocken, den er sich zuletzt erhandelt hat, in den Brunnen f\u00e4llt, ist dieser Hans ein gl\u00fccklicher Mann: endlich befreit vom Ballast und von der Sorge um das Eigentum. Hans ist jemand, der \u2013 spirituell oder esoterisch gesprochen \u2013 loslassen kann. Auf jeden Fall einer, der sich der Akkumulationslogik des wirtschaftlichen Systems entzieht. Das macht ihn frei. Bewundernswert.<br \/>\n20.12.2012, Bettina Schulte,<br \/>\nMehr zur Serie &#8222;Mein liebstes M\u00e4rchen&#8220;<br \/>\n<a href=\"https:\/\/www.badische-zeitung.de\/literatur-1\/200-jahre-grimm-xuiwkddqx--67260429.html\">https:\/\/www.badische-zeitung.de\/literatur-1\/200-jahre-grimm-xuiwkddqx&#8211;67260429.html<\/a><\/p>\n<p><strong>Hans im Gl\u00fcck &#8211; wir m\u00fcssen uns selbst unsere Gedanken machen<\/strong><br \/>\nWunderbar, mal eine Ausgabe mit M\u00e4rchen zu gestalten, danke! Allerdings waren die Redakteur-Schreiber doch sehr erwachsen, sodass von dem Zauber, den M\u00e4rchen auf Kinder aus\u00fcben, nicht so viel r\u00fcberkam. \u00dcber das M\u00e4rchen &#8222;Hans im Gl\u00fcck&#8220; r\u00e4tsele ich schon lange. Vielleicht gef\u00e4llt Lesern dieses M\u00e4rchen deshalb so, weil Hans so fr\u00f6hlich und lustig erscheint. Leider hat auch dieses M\u00e4rchen seine zwei Seiten. Die Freude daran, dass Hans sich auf einfache Weise aller Belastungen entledigt, stellt wohl die fr\u00f6hlich-kindliche Seite dar. Die erwachsene dagegen l\u00e4sst fragen, was er eigentlich gelernt hat in seiner siebenj\u00e4hrigen Ausbildung. Ausdauer und Geduld wohl nicht, auch nicht den Sinn f\u00fcr die Notwendigkeit, sich selbst darum k\u00fcmmern zu k\u00f6nnen, was er zum Leben braucht. Ist er erwachsen? Wie sieht das mit seiner Mutter aus, deretwegen er ja seinen Meister verlassen will? Nat\u00fcrlich wird sie sich zun\u00e4chst freuen, dass der Hans wieder da ist. Aber nach ein paar Wochen sp\u00fcrt sie bestimmt die Entt\u00e4uschung, dass er ihr so gar nichts mitgebracht hat. Wovon sollen sie jetzt zu zweit leben, wenn f\u00fcr sie kaum gereicht hat, was der Acker hergab? Wird er Frau und Kinder ern\u00e4hren k\u00f6nnen? Dar\u00fcber erz\u00e4hlen die Br\u00fcder Grimm nichts, wir m\u00fcssen uns selbst unsere Gedanken machen. War das auch ein Zweck des M\u00e4rchens?<br \/>\n13.1.2013, Monica Marcello-M\u00fcller, Kirchzarten<\/p>\n<\/div>\n","protected":false},"excerpt":{"rendered":"<p>Home &gt;Kultur &gt;Dichter\u00a0&gt;Literatur &gt;Buch &gt;Maerchen &nbsp; M\u00e4rchen, M\u00e4rchenerz\u00e4hler, Sagen, Anekdoten, Geschichten, Vorlesen, \u2026 Listenauswahl eines Beitrags: Bitte anklicken oder runterscrollen Warum wir noch B\u00fccher lesen sollten: Print ist Display \u00fcberlegen\u00a0(17.10.2025) Der Siegestor: eine kurze Erfolgsgeschichte des Robert Habeck \u2013 Puerilismus\u00a0(25.1.2025) &hellip; <a href=\"https:\/\/www.freiburg-schwarzwald.de\/blog\/kultur\/dichter\/literatur\/maerchen\/\">Weiterlesen <span class=\"meta-nav\">&rarr;<\/span><\/a><\/p>\n","protected":false},"author":4,"featured_media":0,"parent":1053,"menu_order":0,"comment_status":"open","ping_status":"closed","template":"","meta":{"footnotes":""},"class_list":["post-20033","page","type-page","status-publish","hentry"],"_links":{"self":[{"href":"https:\/\/www.freiburg-schwarzwald.de\/blog\/wp-json\/wp\/v2\/pages\/20033","targetHints":{"allow":["GET"]}}],"collection":[{"href":"https:\/\/www.freiburg-schwarzwald.de\/blog\/wp-json\/wp\/v2\/pages"}],"about":[{"href":"https:\/\/www.freiburg-schwarzwald.de\/blog\/wp-json\/wp\/v2\/types\/page"}],"author":[{"embeddable":true,"href":"https:\/\/www.freiburg-schwarzwald.de\/blog\/wp-json\/wp\/v2\/users\/4"}],"replies":[{"embeddable":true,"href":"https:\/\/www.freiburg-schwarzwald.de\/blog\/wp-json\/wp\/v2\/comments?post=20033"}],"version-history":[{"count":6,"href":"https:\/\/www.freiburg-schwarzwald.de\/blog\/wp-json\/wp\/v2\/pages\/20033\/revisions"}],"predecessor-version":[{"id":140254,"href":"https:\/\/www.freiburg-schwarzwald.de\/blog\/wp-json\/wp\/v2\/pages\/20033\/revisions\/140254"}],"up":[{"embeddable":true,"href":"https:\/\/www.freiburg-schwarzwald.de\/blog\/wp-json\/wp\/v2\/pages\/1053"}],"wp:attachment":[{"href":"https:\/\/www.freiburg-schwarzwald.de\/blog\/wp-json\/wp\/v2\/media?parent=20033"}],"curies":[{"name":"wp","href":"https:\/\/api.w.org\/{rel}","templated":true}]}}