{"id":19970,"date":"2013-01-12T18:32:56","date_gmt":"2013-01-12T17:32:56","guid":{"rendered":"https:\/\/www.freiburg-schwarzwald.de\/blog\/?page_id=19970"},"modified":"2026-07-13T16:10:47","modified_gmt":"2026-07-13T14:10:47","slug":"fussball","status":"publish","type":"page","link":"https:\/\/www.freiburg-schwarzwald.de\/blog\/sport\/sportlern\/fussball\/","title":{"rendered":"Fussball"},"content":{"rendered":"<p>Home &gt;<a title=\"Sport\" href=\"https:\/\/www.freiburg-schwarzwald.de\/blog\/sport\/\">Sport<\/a> &gt;<a title=\"Sportlern\" href=\"https:\/\/www.freiburg-schwarzwald.de\/blog\/sport\/sportlern\/\">Sportlern<\/a> &gt;Fussball<\/p>\n<div id=\"attachment_19974\" style=\"width: 610px\" class=\"wp-caption alignnone\"><a href=\"https:\/\/www.freiburg-schwarzwald.de\/blog\/sport\/sportlern\/fussball\/fussball3pan-100726\/\" rel=\"attachment wp-att-19974\"><img loading=\"lazy\" decoding=\"async\" aria-describedby=\"caption-attachment-19974\" class=\"size-full wp-image-19974\" title=\"fussball3pan-100726\" src=\"https:\/\/www.freiburg-schwarzwald.de\/blog\/wp-content\/uploads\/2013\/01\/fussball3pan-100726.jpg\" alt=\"\" width=\"600\" height=\"201\" srcset=\"https:\/\/www.freiburg-schwarzwald.de\/blog\/wp-content\/uploads\/2013\/01\/fussball3pan-100726.jpg 600w, https:\/\/www.freiburg-schwarzwald.de\/blog\/wp-content\/uploads\/2013\/01\/fussball3pan-100726-180x60.jpg 180w\" sizes=\"auto, (max-width: 600px) 100vw, 600px\" \/><\/a><p id=\"caption-attachment-19974\" class=\"wp-caption-text\">Fussball pur: Kicken am 26.7.2010 an der Grundschule FR-Littenweiler<\/p><\/div>\n<ul>\n<li><em>Listenauswahl eines Beitrags (Artikel\/Datum, Seite\/Inhalt): <span style=\"text-decoration: underline;\">Klicken<\/span> oder scrollen<\/em><\/li>\n<li><a href=\"https:\/\/www.freiburg-schwarzwald.de\/blog\/wir-uebernehmen-langsam\/\">Jan Karon: Die Deutsche Nationalmannschaft wirkt f\u00fcr viele migrantisch-fremd<\/a> (12.7.2026)<\/li>\n<li><a href=\"https:\/\/www.freiburg-schwarzwald.de\/blog\/wir-uebernehmen-langsam\/\">Wir \u00fcbernehmen langsam!<\/a>\u00a0(12.7.2026)<\/li>\n<li><a href=\"https:\/\/www.freiburg-schwarzwald.de\/blog\/kritik-fifa-ja-d-nato-eu-nein\/\">Kritik: FIFA ja \u2013 D NATO EU nein<\/a>\u00a0(8.7.2026)<\/li>\n<li><a href=\"https:\/\/www.freiburg-schwarzwald.de\/blog\/d-mittelmass-in-sport-wirtschaft\/\">D Mittelma\u00df in Sport Wirtschaft<\/a> (3.7.2026)<\/li>\n<li><a href=\"https:\/\/www.freiburg-schwarzwald.de\/blog\/fussball-wm-politik-kommerz\/\">Fussball-WM: Politik Kommerz<\/a> (27.6.2026)<\/li>\n<li>WM in USA-Mexiko-Canada: Gigantischer Wanderzirkus der Schamlosigkeit (26.6.2026)<\/li>\n<li><a href=\"https:\/\/www.freiburg-schwarzwald.de\/blog\/nmecha-das-christentum-leben\/\">Anabel Schunke: Warum es das Christentum gerade jetzt wieder braucht<\/a>\u00a0(22.6.2026)<\/li>\n<li><a href=\"https:\/\/www.freiburg-schwarzwald.de\/blog\/nmecha-das-christentum-leben\/\">Nmecha: Das Christentum leben<\/a>\u00a0(22.6.2026)<\/li>\n<li><a href=\"https:\/\/www.freiburg-schwarzwald.de\/blog\/fussball-und-religion-trennung\/\">Fu\u00dfball und Religion: Trennung<\/a> (16.6.2026)<\/li>\n<li><a href=\"https:\/\/www.freiburg-schwarzwald.de\/blog\/paris-psg-buergerkrieg-eu\/\">Paris PSG \u2013 B\u00fcrgerkrieg \u2013 EU<\/a>\u00a0(1.6.2026)<\/li>\n<li><a href=\"https:\/\/www.freiburg-schwarzwald.de\/blog\/christen-jesus-choreo-bibel-ehe\/\">Christen Jesus-Choreo Bibel Ehe<\/a>\u00a0(28.3.2026)<\/li>\n<li><a href=\"https:\/\/www.freiburg-schwarzwald.de\/blog\/global\/deutschland\/deutschland-juden\/\">SC Freiburg gegen Tel Aviv: So ordnet der Vizepr\u00e4sident von Makkabi Deutschland das Spiel ein<\/a>\u00a0(17.1.2026)<\/li>\n<li><a href=\"https:\/\/www.freiburg-schwarzwald.de\/blog\/antisemitisches-pogrom-in-nl\/\">Antisemitisches Pogrom in NL<\/a>\u00a0(8.11.2024)<\/li>\n<li><a href=\"https:\/\/www.freiburg-schwarzwald.de\/blog\/fussball-em-zeigt-niedergang\/\">Fussball-EM zeigt Niedergang<\/a>\u00a0(14.7.2024)<\/li>\n<li>Kicken ohne Kick (22.6.2024)<\/li>\n<li>Netzwerk im DFB: Wie linke Ideologinnen die sch\u00f6nste Nebensache der Welt politisieren (21.6.2024)<\/li>\n<li><a href=\"https:\/\/www.freiburg-schwarzwald.de\/blog\/engagement\/zukunft\/demokratie\/freiheit\/abweichende-meinung\/\">Werner Patzelt: FC Bundestag ohne AfD<\/a> (9.4.2024)<\/li>\n<li><a href=\"https:\/\/www.freiburg-schwarzwald.de\/blog\/kultur\/kunst\/satire\/\">Trapattoni: Wutrede \u00fcber RKI-Protokolle (Satire)<\/a> (28.3.2024)<\/li>\n<li><a href=\"https:\/\/www.freiburg-schwarzwald.de\/blog\/religion\/islam\/islamismus\/\">Julian Reichelt zur Anzeige von Antonio R\u00fcdiger wegen Islamisten-Gru\u00df<\/a> (25.3.2024)<\/li>\n<li><a href=\"https:\/\/www.freiburg-schwarzwald.de\/blog\/sport\/sport-politik\/\">Schuster, bleib bei deinen Leisten: Christian Streich contra AfD<\/a> (3.2.2024)<\/li>\n<li><a href=\"https:\/\/www.freiburg-schwarzwald.de\/blog\/sport\/sport-politik\/\">Warum mich der Haltungssport aus dem Stadion vertrieben hat: eine Abrechnung<\/a>\u00a0(23.1.2024)<\/li>\n<li><a href=\"https:\/\/www.freiburg-schwarzwald.de\/blog\/fussball-deutschland-tuerkei-23\/\">Fussball: Deutschland \u2013 T\u00fcrkei 2:3<\/a>\u00a0(19.11.2023)<\/li>\n<li><a href=\"https:\/\/www.freiburg-schwarzwald.de\/blog\/fussball-deutschland-tuerkei-23\/\">Deutschland in Berlin ausgepfiffen, Israel spielt in Ungarn<\/a>\u00a0(19.11.2023)<\/li>\n<li>Makkabi Berlin stellt Spielbetrieb ein &#8211; wegen Hamas-Terror (12.10.2023)<\/li>\n<li>Fussball und Politik: beide haben mit dem Zu-Ende-Gehen zu tun (5.12.2022)<\/li>\n<li><a href=\"https:\/\/www.freiburg-schwarzwald.de\/blog\/wm-aus-one-love-mund-zu\/\">WM aus: \u201eOne love\u201c \u2013 \u201eMund zu\u201c<\/a>\u00a0(2.12.2022)<\/li>\n<li><a href=\"https:\/\/www.freiburg-schwarzwald.de\/blog\/engagement\/zukunft\/demokratie\/diplomatie\/\">D in Katar: Weltmeister der Diplomatie?<\/a> (29.11.2022)<\/li>\n<li><a href=\"https:\/\/www.freiburg-schwarzwald.de\/blog\/migrantenkrawallle-in-b-und-nl\/\">Migrantenkrawalle in B und NL<\/a>\u00a0(28.11.2022)<\/li>\n<li><a href=\"https:\/\/www.freiburg-schwarzwald.de\/blog\/katar-mund-zu-oder-fussball\/\">Katar: Mund zu oder Fussball<\/a> (25.11.2022)<\/li>\n<li><a href=\"https:\/\/www.freiburg-schwarzwald.de\/blog\/engagement\/zukunft\/demokratie\/nationalstolz\/\">Fan-Eklat bei deutscher Hymne \u2013 Bundesligastar<\/a>t (6.8.2022)<\/li>\n<li><a href=\"https:\/\/www.freiburg-schwarzwald.de\/blog\/sc-freiburg-ist-vize-pokalmeister\/\">SC Freiburg ist Vize-Pokalmeister<\/a>\u00a0(22.5.2022)<\/li>\n<li><a href=\"https:\/\/www.freiburg-schwarzwald.de\/blog\/maske-demo-fr-ja-vfb-s-nein\/\">Maske: Demo FR ja \u2013 VfB S nein<\/a>\u00a0(19.3.2022)<\/li>\n<li><a href=\"https:\/\/www.freiburg-schwarzwald.de\/blog\/engagement\/zukunft\/demokratie\/nation\/flaggen\/\">Grundgesetz ja, Nationalflagge nein \u2013 Die Flagge ist unn\u00f6tig?<\/a>\u00a0(16.7.2021)<\/li>\n<li><a href=\"https:\/\/www.freiburg-schwarzwald.de\/blog\/engagement\/zukunft\/frieden\/regenbogen\/\">Kniefall und Regenbogenfarbe beim EM-Spiel England-Deutschland<\/a> (29.6.2021)<\/li>\n<li><a href=\"https:\/\/www.freiburg-schwarzwald.de\/blog\/kultur\/kunst\/loretta\/\">Studierte Kunstkritiker arrogant gegen\u00fcber dem nicht-studierten K\u00fcnstler<\/a>\u00a0 (25.6.2021)<\/li>\n<li><a href=\"https:\/\/www.freiburg-schwarzwald.de\/blog\/ungarn-zuerst-info-dann-urteil\/\">Ungarn: Zuerst Info, dann Urteil<\/a> (25.6.2021)<\/li>\n<li>Regenbogen-Demagogie beherrscht den Fu\u00dfball (23.6.2021)<\/li>\n<li><a href=\"https:\/\/www.freiburg-schwarzwald.de\/blog\/nationalfeiertag-17-juni-1953\/\">Nationalfeiertag 17.6.1953 ade<\/a>\u00a0(17.6.2021)<\/li>\n<li><a href=\"https:\/\/www.freiburg-schwarzwald.de\/blog\/herzdruckmassage-im-notfall\/\">Herzdruckmassage im Notfall<\/a>\u00a0(16.6.2021)<\/li>\n<li>\u201cDie Mannschaft\u201d genau so \u00fcberfl\u00fcssig wie \u201cDie Bundesregierung\u201d (1.4.2021)<\/li>\n<li><a href=\"https:\/\/www.freiburg-schwarzwald.de\/blog\/business\/gesund\/corona-virus\/corona-ngo\/\">Vize-Weltmeister Carsten Ramelow kritisiert Corona-Politik<\/a> (8.2.2021)<\/li>\n<li>Trainer Ralf Rangnick zu Corona: &#8222;Wir riskieren die Entwicklung einer Generation&#8220; (1.2.2021)<\/li>\n<li><a href=\"https:\/\/www.freiburg-schwarzwald.de\/blog\/kultur\/kulturverlust\/woke\/\">Hurensohn oder Schei\u00df-Afghane oder Schei\u00df-Deutscher?<\/a>\u00a0(19.1.2021)<\/li>\n<li><a href=\"https:\/\/www.freiburg-schwarzwald.de\/blog\/engagement\/rassismus\/\">Spuckattacke des Gladbacher Bundesligaspielers Marcus Thuram \u2013 Rassismus?<\/a> (20.12.2020)<\/li>\n<li><a title=\"Fussball ist unser Leben\" href=\"https:\/\/www.freiburg-schwarzwald.de\/blog\/fussball-ist-unser-leben\/\">Fussball ist unser Leben<\/a>\u00a0(3.3.2020)<\/li>\n<li>Fussball EM in Frankreich 2016 (27.6.2016)<\/li>\n<li>Fussballweltmeister 13.7.2014 Deutschland (14.7.2014)<\/li>\n<li>WM-Er\u00f6ffnungsspiel Brasilien-Kroatien 3:1 &#8211; Schiedsrichter bestochen? (13.6.2014)<\/li>\n<li>Fussball-WM geht an den Armen in Brasilien vorbei (28.9.2013)<\/li>\n<li><a href=\"https:\/\/www.freiburg-schwarzwald.de\/blog\/fussball-neu-sv-kirchzarten\/\">https:\/\/www.freiburg-schwarzwald.de\/blog\/fussball-neu-sv-kirchzarten\/<\/a>\u00a0(15.6.2013)<\/li>\n<li><a href=\"https:\/\/www.freiburg-schwarzwald.de\/blog\/fussball-turnier-behinderung\/\">https:\/\/www.freiburg-schwarzwald.de\/blog\/fussball-turnier-behinderung\/<\/a>\u00a0(27.5.2013)<\/li>\n<li><a href=\"https:\/\/www.freiburg-schwarzwald.de\/blog\/alkohol-fussballprofi-uli-borowka\/\">https:\/\/www.freiburg-schwarzwald.de\/blog\/alkohol-fussballprofi-uli-borowka\/<\/a>\u00a0(11.4.2013)<\/li>\n<li>Fussball-WM in Brasilien: Favelas (12.1.2013)<\/li>\n<li><a href=\"https:\/\/www.freiburg-schwarzwald.de\/littenweiler\/scfreiburg1.htm#Freiburger Fu\u00dfballschule im M\u00f6sle-Stadion feiert 10-j\u00e4hriges Jubil\u00e4um\">Freiburger Fu\u00dfballschule im M\u00f6sle-Stadion feiert 10-j\u00e4hriges Jubil\u00e4um<\/a> &gt;scFreiburg1 (31.8.11)<\/li>\n<li><a href=\"https:\/\/www.freiburg-schwarzwald.de\/frauen3.htm#Frauefu\u00dfball: Reschpekt un Freud?\">Frauefu\u00dfball: Reschpekt un Freud\u2019<\/a> &gt;Frauen3 (6.7.2011)<\/li>\n<li><a href=\"https:\/\/www.freiburg-schwarzwald.de\/littenweiler\/scfreiburg1.htm#Scouting beim SC: Talentsuche in der ganzen Welt\">Scouting beim SC: Talentsuche in der ganzen Welt<\/a>&gt;scFreiburg1 (3.2.2011)<\/li>\n<li><a href=\"https:\/\/www.freiburg-schwarzwald.de\/littenweiler\/scfreiburg1.htm#Die Gr\u00fcnen: SC nicht 1.Liga-tauglich - Stadionneubau unn\u00f6tig\">Die Gr\u00fcnen: SC nicht 1.Liga-tauglich &#8211; Stadionneubau unn\u00f6tig <\/a>&gt;scFreiburg1 (1.2.2.11)<\/li>\n<li><a href=\"https:\/\/www.freiburg-schwarzwald.de\/fussball#S isch vorbei\">S isch vorbei<\/a> (14.7.2010)<\/li>\n<li><a href=\"https:\/\/www.freiburg-schwarzwald.de\/fussball.htm#Alphornorchester HRS Friesenheim spielt Nationalhymne mit Vuvuzela\">Alphornorchester HRS Friesenheim spielt Nationalhymne mit Vuvuzela<\/a> &gt;Fussball (1.7.2010)<\/li>\n<li><a href=\"https:\/\/www.freiburg-schwarzwald.de\/fussball.htm#Oh, heilge(r) Ma(ra)donna, sei uns gn\u00e4dig!\">Oh, heilge(r) Ma(ra)donna, sei uns gn\u00e4dig!<\/a> &gt;Fussball (30.6.2010)<\/li>\n<li><a href=\"https:\/\/www.freiburg-schwarzwald.de\/laerm.htm#Vuvuzela - Fussball-WM S\u00fcdafrika\">Vuvuzela &#8211; Fussball-WM S\u00fcdafrika<\/a> &gt;Laerm (15.6.2010)<\/li>\n<li><a href=\"https:\/\/www.freiburg-schwarzwald.de\/fussball#Dreisamt\u00e4ler Fu\u00dfballjugend profitiert von der WM in S\u00fcdafrika\">Dreisamt\u00e4ler Fu\u00dfballjugend profitiert von der WM in S\u00fcdafrika<\/a>&gt;Fussball (3.6.2010)<\/li>\n<li><a href=\"https:\/\/www.freiburg-schwarzwald.de\/littenweiler\/zarten1.htm#Grillen und Feiern bis 22 Uhr - Kinderfu\u00dfball nur bis 20 Uhr\">Grillen und Feiern bis 22 Uhr &#8211; Kinderfu\u00dfball nur bis 20 Uhr<\/a> &gt;Zarten1 (23.5.2010)<\/li>\n<li><a href=\"https:\/\/www.freiburg-schwarzwald.de\/fussball#Uli Hoene\u00df als Talk-Gast der Sparkasse im Kirchzartener Kurhaus\">Uli Hoene\u00df als Talk-Gast der Sparkasse im Kirchzartener Kurhaus<\/a> &gt;Fussball (5.3.2010)<\/li>\n<li><a href=\"https:\/\/www.freiburg-schwarzwald.de\/fussball.htm#ANZAG Girls Cup: Gr\u00f6\u00dftes M\u00e4dchenfu\u00dfballturnier am 6.\/ 7.2. in Umkirch\">ANZAG Girls Cup: Gr\u00f6\u00dftes M\u00e4dchenfu\u00dfballturnier am 6.\/ 7.2. in Umkirch<\/a> &gt;Fussball (29.1.2010)<\/li>\n<li><a href=\"https:\/\/www.freiburg-schwarzwald.de\/littenweiler\/scfreiburg1.htm#Trauer um Achim Stocker: Soziales Engagement und gro\u00dfes Herz\">Trauer um Achim Stocker: Soziales Engagement und gro\u00dfes Herz<\/a> &gt;scFreiburg1 (6.11.2009)<\/li>\n<li><a href=\"https:\/\/www.freiburg-schwarzwald.de\/littenweiler\/kinder3.htm#Steine machen Fussballspielen am Haierweg unm\u00f6glich\">Steine machen Fussballspielen am Haierweg unm\u00f6glich<\/a> &gt;Kinder3 (10.8.2009)<\/li>\n<li><a href=\"https:\/\/www.freiburg-schwarzwald.de\/littenweiler\/zarten1.htm#Kleinspielfeld in Zarten: Einweihung mit gro\u00dfem Turnier\">Kleinspielfeld in Zarten: Einweihung mit gro\u00dfem Turnier<\/a> &gt;Zarten1 (30.4.2009)<\/li>\n<li><a href=\"https:\/\/www.freiburg-schwarzwald.de\/fussball.htm#Schauinsland-Apotheke Freiburg-Kappel f\u00f6rdert M\u00e4dchenfu\u00dfball\">Schauinsland-Apotheke Freiburg-Kappel f\u00f6rdert M\u00e4dchenfu\u00dfball<\/a> &gt;Fussball (29.1.2009)<\/li>\n<li><a href=\"https:\/\/www.freiburg-schwarzwald.de\/fussball.htm#Fillip Kiefer vom Geh\u00f6rlosen-Sport-Verein Freiburg Fu\u00dfballweltmeister\">Fillip Kiefer vom Geh\u00f6rlosen-Sport-Verein Freiburg Fu\u00dfballweltmeister<\/a> &gt;Fussball (19.7.2008)<\/li>\n<li><a href=\"https:\/\/www.freiburg-schwarzwald.de\/fussball.htm#Das Paradox des Nationalen bei der EM\">Das Paradox des Nationalen bei der EM<\/a> &gt;Fussball (17.7.2008)<\/li>\n<li><a href=\"https:\/\/www.freiburg-schwarzwald.de\/stiftungen2.htm#Finke zwischen Georgien und Schloss Ebnet\">Finke zwischen Georgien und Schloss Ebnet<\/a> &gt;Stiftungen2 (14.7.2008)<\/li>\n<li><a href=\"https:\/\/www.freiburg-schwarzwald.de\/fussball.htm#Schlusspfiff - Un Spiel sotts bliibe\">Schlusspfiff &#8211; Un Spiel sotts bliibe<\/a> &gt;Fussball (3.7.2008)<\/li>\n<li><a href=\"https:\/\/www.freiburg-schwarzwald.de\/fussball#DRusse - drusse\">D&#8217;Russe &#8211; drusse<\/a>\u00a0 (28.6.2008)<\/li>\n<li><a href=\"https:\/\/www.freiburg-schwarzwald.de\/fussball.htm#Umwelt, Flugreisen und der DFB bei der EM - unverantwortlich\">Umwelt, Flugreisen und der DFB bei der EM &#8211; unverantwortlich<\/a> &gt;Fussball (24.6.2008)<\/li>\n<li><a href=\"https:\/\/www.freiburg-schwarzwald.de\/fussball.htm#Helvetias BND-Syndrom bei der EM\">Helvetias BND-Syndrom bei der EM<\/a> &gt;Fussball (24.6.2008)<\/li>\n<li><a href=\"https:\/\/www.freiburg-schwarzwald.de\/fussball.htm#Im Fokus der Medien: Sch\u00f6nau und sein Jogi\">Im Fokus der Medien: Sch\u00f6nau und &#8222;sein Jogi&#8220;<\/a> &gt;Fussball (18.6.2008)<\/li>\n<li><a href=\"https:\/\/www.freiburg-schwarzwald.de\/schweiz.htm#Schweizer Fans - EM zu Ende - schade\">Schweizer Fans &#8211; EM zu Ende &#8211; schade<\/a> &gt;Schweiz (14.6.2008)<\/li>\n<li><a href=\"https:\/\/www.freiburg-schwarzwald.de\/fussball.htm#W\u00fcrfeltr\u00e4gerinnen bei EM-Er\u00f6ffnung in Basel: Erlebnis und Entt\u00e4uschungen\">W\u00fcrfeltr\u00e4gerinnen bei EM-Er\u00f6ffnung in Basel: Erlebnis und Entt\u00e4uschungen<\/a> &gt;Fussball (11.6.08)<\/li>\n<li><a href=\"https:\/\/www.freiburg-schwarzwald.de\/fussball#Euro 08 gegen Frauenhandel\">Euro 08 gegen Frauenhandel<\/a> (1.5.2008)<\/li>\n<li><a href=\"https:\/\/www.freiburg-schwarzwald.de\/frauen2.htm#Projekt FreiJa gegen Menschenhandel und Zwangsprostitution\">Projekt FreiJa gegen Menschenhandel und Zwangsprostitution<\/a> &gt;Frauen2 (20.11.2007)<\/li>\n<li><a href=\"https:\/\/www.freiburg-schwarzwald.de\/fussball-wm2006.htm#Fu\u00dfball-WM - Holl\u00e4nder im R\u00f6ssle in Kirchzarten-Dietenbach\">Fu\u00dfball-WM &#8211; Holl\u00e4nder im R\u00f6ssle in Kirchzarten-Dietenbach<\/a> &gt;FussballWM2006 (10.11.2005)<\/li>\n<li><a href=\"https:\/\/www.freiburg-schwarzwald.de\/hinterzarten-holland2006.htm#Aufenthalt der holl\u00e4ndischen Nationalkicker in Hinterzarten - Details\">Holl\u00e4ndische Nationalkicker in Hinterzarten<\/a> &gt;Hinterzarten-Holland2006 (25.11.2005)<\/li>\n<li><\/li>\n<li><a href=\"https:\/\/www.freiburg-schwarzwald.de\/blog\/engagement\/zukunft\/demokratie\/nation\/flaggen\/\">Flaggen<\/a><\/li>\n<li><a href=\"https:\/\/www.freiburg-schwarzwald.de\/blog\/sport\/sportlern\/fussball\/fussball-em2024\/\">Fussball-EM2024<\/a><\/li>\n<li><a title=\"SCfreiburg\" href=\"https:\/\/www.freiburg-schwarzwald.de\/blog\/sport\/sportvereine\/scfreiburg\/\">SC Freiburg<\/a> &gt;SCFreiburg<\/li>\n<li><a href=\"https:\/\/www.freiburg-schwarzwald.de\/blog\/sport\/sport-politik\/\">Sport-Politik<\/a><\/li>\n<\/ul>\n<p>&nbsp;<\/p>\n<p><strong>WM in USA-Mexiko-Canada: Gigantischer Wanderzirkus der Schamlosigkeit<\/strong><br \/>\nDie Fu\u00dfball-Weltmeisterschaft 2026 treibt den modernen Event-Irrsinn endg\u00fcltig auf die Spitze. Was uns als &#8222;klimaneutrales&#8220; Sportspektakel verkauft wird, ist eine \u00f6kologische Farce: Drei L\u00e4nder, ein ganzer Kontinent und Abertausende Flugmeilen f\u00fcr Mannschaften, die im 72-Stunden-Takt durch die Zeitzonen gejagt werden. Spieler verkommen hier vollends zum optimierten Humankapital, verheizt im Dienste der maximalen Prime-Time-Verwertung. Gleichzeitig mutiert das Ganze angesichts der globalen Krisen zu einem absurden Ablenkungstheater.<\/p>\n<p>W\u00e4hrend die Ticket- und Kioskpreise den finanziellen Darwinismus zelebrieren, sitzt die Funktion\u00e4rselite ungeniert in ihren VIP-Logen. Diese Gier nach Macht und Geld wurde l\u00e4ngst unter dem Deckmantel der &#8222;v\u00f6lkerverbindenden Mission&#8220; institutionalisiert. Am Ende ist es v\u00f6llig bedeutungslos, wer diesen Pokal gewinnt. Das sportliche Ergebnis ist nur noch statistisches Rauschen im Datensatz der Gro\u00dfsponsoren. Man reibt sich verdutzt die Augen und fl\u00fcchtet sich fast schon in dadaistischen Galgenhumor, wenn man sich vorstellt, dass dieses geopolitische Pulverfass in einem Finale gipfelt, das nur der totale Irrsinn regiert.<\/p>\n<p>Es bleibt die tiefe Sehnsucht, dass dieser gigantische Wanderzirkus der Schamlosigkeit schnell vorbeigeht. Gott sei Dank herrscht nach dem Abpfiff erst einmal wieder f\u00fcr vier Jahre relative Stille. Eine Atempause, um den Verstand zu regenerieren, bevor uns die n\u00e4chste Dosis dieses kommerziellen Wahnsinns injiziert wird. Ich werde aus Protest keine Spiele ansehen.<br \/>\n26.6.2026, Norbert Becker, Freiburg, BZ<\/p>\n<p>&nbsp;<\/p>\n<p><strong>Kicken ohne Kick<\/strong><br \/>\nAuf dem Rasen wird nichts mehr dem Zufall \u00fcberlassen. Und genau das raubt dem Fu\u00dfballspiel den Reiz, den es noch im letzten Jahrhundert hatte. Die Spontanit\u00e4t des Kickens erstickt in der bis zur letzten Spielminute durchdachten Strategie. Die Spieler haben mittlerweile die athletische Statur eines Olympioniken. Die Kaderschmieden der Nachwuchsspieler sind nur noch Hochleistungskatalysatoren, in denen alle unzul\u00e4nglichen Jungspieler gnadenlos aussortiert und alle \u201etauglichen\u201c zu Torschuss-Maschinen hochgez\u00fcchtet werden. Und die Hightech-Ger\u00e4tschaft an den Spielfeldr\u00e4ndern l\u00e4sst keinen Spielraum mehr f\u00fcr lebhafte Diskussionen \u00fcber Abseits und andere Verfehlungen. Alles rund um das Leder ist sonnenklar und steht nicht zur Diskussion. Das darf es auch nicht, sonst w\u00e4re der Fu\u00dfball nicht das, wozu er mittlerweile verkommen ist: Einer reinen Kapitalanlage, die Investoren saftige Profite bescheren soll. Die Leidtragenden sind jene beherzten Fu\u00dfball-Fans, die in den gro\u00dfen Stadien, vor den Leinw\u00e4nden und Fernsehger\u00e4ten mehr und mehr eine tiefe Entfremdung empfinden.<br \/>\n&#8230; Alles vom 22.6.2024 von Roberto J. De Lapuente bitte lesen auf<br \/>\n<a href=\"https:\/\/www.manova.news\/artikel\/kicken-ohne-kick\">https:\/\/www.manova.news\/artikel\/kicken-ohne-kick<\/a><\/p>\n<p>&nbsp;<\/p>\n<p><strong>Makkabi Berlin stellt Spielbetrieb ein &#8211; wegen Hamas-Terror<\/strong><br \/>\n\u201eEine absolute Niederlage Deutschlands\u201c, sagt der Makkabi-Chef<br \/>\nDer Trainings- und Spielbetrieb bei Makkabi Berlin wurde eingestellt. Das berichtet der Deutschland-Chef des j\u00fcdischen Turn- und Sportverbandes. Er fordert die Politik zum Handeln auf. Mitglieder des Vereins werden w\u00e4hrenddessen von Israel zum Milit\u00e4reinsatz eingezogen.<br \/>\nPr\u00e4sident Alon Meyer von Makkabi Deutschland bedauert die Einstellung des Spiel- und Trainingsbetriebs von Makkabi Berlin infolge des Terror\u00fcberfalls der Hamas in Israel zutiefst. \u201eDass wir aufgrund einer Eskalation im Nahen Osten einen sicheren Spiel- und Trainingsbetrieb eines j\u00fcdischen Vereins nicht mehr aufrechterhalten k\u00f6nnen, ist eine absolute Niederlage f\u00fcr uns alle, wenn wir ehrlich sind, eine absolute Niederlage Deutschlands, eine absolute Niederlage unserer demokratischen Werteordnung\u201c<br \/>\n&#8230;<br \/>\nWas aus seiner Sicht vonn\u00f6ten sei, um dem entgegenzuwirken, wurde Mayer in dem Interview mit der FAZ weiter gefragt. Er sagte: \u201eDass wir die Verantwortlichen klar benennen, dass wir die entsprechenden Konsequenzen auch endlich vollziehen und nicht nur mit Worten verurteilen. Wir m\u00fcssen Taten folgen lassen! Dass wir diese Organisationen, Institutionen und Vereine, die nichts Besseres zu tun haben, als diese Unmenschlichkeiten noch zu feiern, dass wir die nicht noch weiter mit Steuergeldern unterst\u00fctzen. Dass wir nicht zulassen, hier Demonstrationen und Kundgebungen, die die Vernichtung des Staates Israel und Judenhass im Allgemeinen propagieren, zu veranstalten, sondern sie mit aller H\u00e4rte unseres Rechtsstaates bestrafen, um Freiheit und die demokratische Werteordnung vehement zu verteidigen.\u201c<br \/>\n&#8230; Alles vom 12.10.2023 bitte lesen auf<br \/>\n<a href=\"https:\/\/www.welt.de\/sport\/article247942588\/Makkabi-Berlin-stellt-Spielbetrieb-ein-Absolute-Niederlage-Deutschlands.html\">https:\/\/www.welt.de\/sport\/article247942588\/Makkabi-Berlin-stellt-Spielbetrieb-ein-Absolute-Niederlage-Deutschlands.html<\/a><\/p>\n<p>&nbsp;<\/p>\n<p><strong>Fussball und Politik: beide haben mit dem Zu-Ende-Gehen zu tun<\/strong><br \/>\nFu\u00dfball ist ein Spiel, aber ein Spiel, das unsere Seele spiegelt. In der Art zu spielen findet eine Gesellschaft ihren Ausdruck. Wir sehen Hansi Flick und erkennen schemenhaft den kleinen Bruder von <a href=\"https:\/\/www.freiburg-schwarzwald.de\/blog\/engagement\/zukunft\/demokratie\/ampel\/\">Olaf Scholz<\/a>. Wir schauen auf die Nationalmannschaft und betrachten uns selbst.<br \/>\nAuf dem Platz zeigt sich unser Verh\u00e4ltnis von Risiko zu Sicherheit, unsere Einstellung gegen\u00fcber Fairness und Gewalt, aber auch unser Arbeitsethos, der Mutvorrat und die F\u00e4higkeit zur Kreativit\u00e4t werden sichtbar. Es findet gewisserma\u00dfen eine Visualisierung unseres Betriebssystems statt. Der Soziologe und Fu\u00dfballexperte Norbert Seitz sagt: &#8222;Es gibt eine symbolische Entsprechung und atmosph\u00e4rische \u00c4hnlichkeiten zwischen Politik und Fu\u00dfball. \u201c<br \/>\nWomit wir bei der dem\u00fctigenden Niederlage der Fu\u00dfballweltmeisterschaft w\u00e4ren. Die britische Zeitung The Guardian schrieb: &#8222;trotz Flicks dringlichem Reden von Neubeginn f\u00fchlt sich dies wie das Ende von etwas an. \u201c<br \/>\nDie Analogien zwischen Politik und Fu\u00dfball \u2013 beide haben mit dem Zu-Ende-Gehen zu tun \u2013 analysiere ich heute in der Business Class. Es geht nicht um Parallelit\u00e4ten, wohl aber um Gemeinsamkeiten.<br \/>\nAlles vom 5.12.2022 von Gabor Steinhart bitte lesen auf <a href=\"https:\/\/www.thepioneer.de\">https:\/\/www.thepioneer.de<\/a><\/p>\n<p>&nbsp;<\/p>\n<p><strong>Regenbogen-Demagogie beherrscht den Fu\u00dfball<\/strong><br \/>\n&#8211; Schnappatmung in den Medien und der einschl\u00e4gigen Szene<br \/>\n&#8211; Ungarn zeigten sich nicht bunt, boten aber guten Fu\u00dfball<br \/>\n&#8211; Zur Deeskalation ein L\u00f6sungsvorschlag von mir (<a href=\"https:\/\/www.freiburg-schwarzwald.de\/blog\/kultur\/kunst\/satire\/\">Glosse<\/a>)<\/p>\n<p>Kennen Sie den? Im Fernsehen l\u00e4uft ein wichtiges Fu\u00dfballspiel. Und es dauerte fast bis zum Schluss, bis einer das entscheidende Tor schoss (was eigentlich Sinn und Zweck dieses Sports sein soll). Das Stadion tobt, und die Mannschaft st\u00fcrzt sich so auf ihren Spieler, dass man ihn in dem Gekn\u00e4uel nicht mehr sieht. Nur einer steht noch daneben und macht sich bemerkbar mit \u201eICH habe doch das Tor geschossen!\u201c Rufen die anderen zur\u00fcck, \u201eaber der k\u00fcsst besser!\u201c<\/p>\n<p>Dieser Schwank fiel mir ein, als jetzt die Wogen hochgingen wegen den Regenbogenfarben in Fu\u00dfballstadien. Also, bisher mochte ich Regenbogen \u2013 sie halten sich meist einige Minuten, und l\u00f6sen sich dann auf wie sie gekommen waren. Doch der politische Regenbogen h\u00e4lt sich hartn\u00e4ckig, keine Nachrichtenstunde ohne \u201eRegenbogen\u201c. Jetzt war es f\u00fcr mich Zeit, mich nach dieser Fahne zu erkundigen, die ich das letzte Mal auf einer evangelischen Kirche sah. Deshalb dachte ich, solche Fahnen seien etwas Frommes.<\/p>\n<p>Das habe etwas mit LBTQ zu tun, sagte man mir. Also steckt ein Geheimdienst hinter diesem Code? Nein, werde ich aufgekl\u00e4rt. Bin ich denn der Einzige, der damit nichts anzufangen wei\u00df? Das sei ein Schl\u00fcsselwort f\u00fcr (Geschlechter)Neutralit\u00e4t oder so. Aber der Neutrale auf dem Fu\u00dfballplatz tr\u00e4gt doch schwarz und nicht bunt \u2013 noch nicht. Alles eine Frage der Zeit; \u201eKommt Zeit, kommt bunt\u201c. Auch mir BLM habe es etwas zu tun \u2013 schon wieder so etwas Abstruses f\u00fcr mich.<\/p>\n<p>Hier ein Vorschlag f\u00fcr den Fu\u00dfball, wie Geschlechter, Aussehen, Herkunft vielleicht auch Begabung unter einen Hut zu bringen und in neue Spielregel gegossen werden k\u00f6nnte. Zuerst einmal wird der Frauenfu\u00dfball aufgel\u00f6st, weil er m\u00e4nnerdiskriminierend ist \u2013 auch umgekehrt.<br \/>\nJede Mannschaft setzt sich zusammen aus.<br \/>\nJe einem Vertreter jedes Erdteils, um die Hautfarbe abzudecken, = 5,<br \/>\naber je Erdteil selbstverst\u00e4ndlich mit m\u00e4nnlich\/weiblich besetzt = 10,<br \/>\ndazu jeweils f\u00fcnf Zwischengeschlechter*innen aus jedem Erdteil = 15.<br \/>\nWeil es mehr Zwischengeschlechter gibt als 5 ist Losentscheid zul\u00e4ssig.<br \/>\nDer\/die Tormann*in wird unter der Mannschaft ausgelost.<\/p>\n<p>Sollte einer Mannschaft die Hautfarbe ausgehen, z.B. das europ\u00e4ische Wei\u00df, muss auch die gegnerische Mannschaft das farbige Pendant auf die Reservebank schicken \u2013 Regenbogen ist Regenbogen, da m\u00fcssen alle Farben stimmen.<\/p>\n<p>Regenbogenfarbig sind k\u00fcnftig auch die Fahnen der Linienrichter und die Torpfosten. Warum nicht auch den Rasen in Regenbogenfarben, es w\u00fcrde die Arbeit der Linienrichter erleichtern. Doch das werden die GR\u00dcNEN kaum mitmachen, denn \u201eirgendwo ist Schluss mit (Regenbogen)-lustig\u201c.<br \/>\n23.6.2021, Albrecht K\u00fcnstle<\/p>\n<p>&nbsp;<\/p>\n<p>&nbsp;<\/p>\n<p><strong>\u201cDie Mannschaft\u201d genau so \u00fcberfl\u00fcssig wie \u201cDie Bundesregierung\u201d<\/strong><br \/>\n<strong>1:2 gegen Nordmazedonien<\/strong><br \/>\nDie deutsche Fu\u00dfballnationalelf \u2013 im Neusprech \u201cDie Mannschaft\u201d \u2013 hat gestern Abend verloren. Wieder einmal. Aber die Art und Weise dieser Niederlage, ein 1:2 gegen Nordmazedonien, derzeit Platz 65 der Weltrangliste, ist ein Sinnbild unseres Landes. Diese Mannschaft hat fertig, dieser Trainer hat fertig und Deutschland auch.<br \/>\n..<br \/>\nEs ist ein Elend, aber diese Nationalmannschaft \u2013 wahrscheinlich werde ich ab sofort f\u00fcr die Verwendung dieses Begriffes vom Verfassungsschutz beobachtet \u2013 ist ein Sinnbild des Niedergangs, der den Verlust der vielgepriesenen deutschen Tugenden eindrucksvoll dokumentiert. &#8230; Lustlose Jungkicker-Million\u00e4re st\u00fcmpern da \u00fcber den Rasen, Multi-Kulti zwar, aber ohne Struktur, ohne Konzept, ohne F\u00fchrungsspieler. Unbedingter Siegeswille? Einer f\u00fcr alle, alle f\u00fcr einen? Spieler, die einfach das Kommando auf dem Rasen \u00fcbernehmen, ohne dass ihnen das vorher jemand an eine Tafel gemalt hat? 1:2 gegen Nordmazedonien \u2013 na und? Kopfh\u00f6rer auf und ab ins Entm\u00fcdungsbecken. Diese uninspirierte Fu\u00dfball-Truppe, dieser Trainer, der immer wirkt, als habe man vor Jahren vergessen, das t\u00e4gliche Valium abzusetzen, sind nicht mehr zu ertragen. So wie Merkel, Laschet, Seibert.<br \/>\n.<br \/>\nIn Europa fordern zunehmend Proficlubs \u2013 besonders aus Norwegen \u2013 und Fan-<em><strong>Initiativen, die WM kommendes Jahr in Katar zu boykottieren<\/strong><\/em> wegen der schlechten Arbeitsbedingungen f\u00fcr die Leiharbeiter aus aller Welt, die dort Stadien-Pal\u00e4ste errichten bei 50 Grad Celsius aber nur wenig Trinkwasser. Niemals h\u00e4tte der Weltfussballverband FIFA den Zuschlag bekommen d\u00fcrfen.<br \/>\n&#8230; Alles vom 1.4.2021 bitte lesen auf<br \/>\n<a href=\"https:\/\/denken-erwuenscht.com\/12-gegen-nordmazedonien-die-mannschaft-ist-genau-so-ueberfluessig-wie-die-bundesregierung\/\">https:\/\/denken-erwuenscht.com\/12-gegen-nordmazedonien-die-mannschaft-ist-genau-so-ueberfluessig-wie-die-bundesregierung\/<\/a><br \/>\n.<br \/>\nKommentare:<br \/>\n<strong>Hypermoral statt Siegeswille<\/strong><br \/>\nHerr Kelle, Sie schreiben mir aus der Seele. Die nationale Kicker-Truppe spiegelt den Zustand des heutigen Deutschland wider. Statt Siegeswillen dominiert bei ihnen die Hypermoral. Mit ihrer Hypermoral und nicht durch erk\u00e4mpfte Tore f\u00fchlen sie sich dem Gegner \u00fcberlegen. Ganz so, wie wir Deutsche uns mit unserer Hypermoral der Welt \u00fcberlegen f\u00fchlen. Deutschland befindet sich meiner festen Meinung nach in einem fortgeschrittenen Zustand einer Dekadenz, mit Anzeichen einer Selbstzerst\u00f6rung.<br \/>\n1.4.2021, Gio<br \/>\n<strong>\u201cDie Mannschaft\u201d hat schon den richtigen Namen,<\/strong><br \/>\neine Nationalmannschaft ist sie nicht. Welche Verdienste soll die Merkel eigentlich haben? Ich wei\u00df nichts, was diese Gestalt zugunsten Deutschlands getan hat.<br \/>\n1.4.2021, S.F.<br \/>\n.<br \/>\n<strong>Frauenquote?<\/strong><br \/>\nWarum hat eigentlich noch niemand f\u00fcr \u201cDie Mannschaft\u201d eine Frauenquote gefordert ? Genau das fehlt uns noch<br \/>\n1.4.2021, S.K.<br \/>\nEnde Kommentare<\/p>\n<p>&nbsp;<\/p>\n<p><strong>Trainer Ralf Rangnick zu Corona: &#8222;Wir riskieren die Entwicklung einer Generation&#8220;<\/strong><br \/>\nAls Fu\u00dfball-Trainer und -Funktion\u00e4r wartete Ralf Rangnick immer wieder mit vision\u00e4ren Gedanken auf. Aktuell besch\u00e4ftigen den 62-J\u00e4hrigen die Corona-Krise und deren Folgen. Rangnick ist besorgt wegen des Bewegungsmangels von Kindern und Jugendlichen, Deutschland sieht er als Entwicklungsland bei der Digitalisierung.<br \/>\n&#8230;<br \/>\nWenn wir die Kitas, Schulen und Vereine noch l\u00e4nger geschlossen halten, riskieren wir die Entwicklung einer Generation in allen relevanten Bereichen: k\u00f6rperlich, geistig und kognitiv.<br \/>\n&#8230; Alles vom 2.2.2021 bitte lesen auf<br \/>\n<a href=\"https:\/\/www.badische-zeitung.de\/trainer-ralf-rangnick-zu-den-corona-folgen-wir-riskieren-die-entwicklung-einer-generation--199847518.html\">https:\/\/www.badische-zeitung.de\/trainer-ralf-rangnick-zu-den-corona-folgen-wir-riskieren-die-entwicklung-einer-generation&#8211;199847518.html<\/a><\/p>\n<p><a href=\"https:\/\/www.ralfrangnickstiftung.de\/de\/index.html\">https:\/\/www.ralfrangnickstiftung.de\/de\/index.html<\/a><\/p>\n<p>&nbsp;<\/p>\n<p><strong>Fussball EM in Frankreich 2016<\/strong><br \/>\nTweets zum Fusssballspiel England-Island 1:2 am 27.6.2016<br \/>\n&#8211; Gibt es schon eine Petition, in der eine Wiederholung des Spiels gefordert wird?<br \/>\n&#8211; Die Engl\u00e4nder haben keine Eile mit dem Ausscheiden und wollen weiter im Turnier bleiben,<br \/>\nbis sie einen neuen Trainer gefunden haben.<br \/>\n&#8211; Die Engl\u00e4nder fangen gerade an zu googeln, was K.O.-Runde bedeutet<br \/>\n&#8211; Sieht so aus, als w\u00fcrde zumindest die englische Mannschaft das Referendum schnell umsetzen<br \/>\n&#8211; Seems we&#8217;re desperate to get out of Europe in all ways<br \/>\n&#8211; <a title=\"Brexit\" href=\"https:\/\/www.freiburg-schwarzwald.de\/blog\/global\/eu\/brexit\/\">Brexit<\/a> first, EMexit second and what third?<br \/>\n&#8211; EU-Sonderregelung: Englische Mannschaft bleibt im Turnier bis zu Erkl\u00e4rung \u00a750<br \/>\n27.6.2016<\/p>\n<p>&nbsp;<\/p>\n<p><strong>Fussballweltmeister 13.7.2014 Deutschland<\/strong><\/p>\n<p>&#8222;Washington Post&#8220;:\u00a0&#8222;Als immer mehr Deutschland zu den Favoriten z\u00e4hlten, erfasste ein gewisser Optimismus eine notorisch skeptische Nation. Und das explodierte heute Nacht in etwas, was man sehr selten sieht seit dem Zweiten Weltkrieg: eine Welle deutschen Stolzes.&#8220;<\/p>\n<p>&#8222;Le Parisien&#8220;:\u00a0&#8222;Die beste Mannschaft des Turniers hat ihren vierten WM-Titel errungen. Das ist sicherlich ein Erfolg, der unter Schwierigkeiten und erst am Ende der Verl\u00e4ngerung geholt wurde, aber es ist ein v\u00f6llig verdienter Erfolg. Dieses Team war das beste WM-Team und eine Mannschaft, die sich in den vergangenen Jahren kontinuierlich weiterentwickelt hat. (&#8230;) Deutschland ist nicht nur in wirtschaftlicher Hinsicht, sondern auch in Sachen Fu\u00dfball eine Supermacht. Das Land hat es geschafft, ein tadelloses System aufzubauen &#8211; mit finanziell gesunden Klubs und der entsprechenden Ausbildung.&#8220;<\/p>\n<p>Den\u00a01:0-Sieg der deutschen Fu\u00dfballnationalmannschaft\u00a0gegen Argentinien am 13.7.2014 verfolgten am Sonntagabend 34,65 Millionen Menschen vor dem Fernseher. Die ARD-\u00dcbertragung knackte damit\u00a0den bisherigen Allzeit-Zuschauerrekord von 32,57 Millionen\u00a0deutlich &#8211; der war erst beim Halbfinalspiel der DFB-Elf gegen Brasilien am Dienstag aufgestellt worden.<br \/>\nDavor \u00a0war die h\u00f6chste TV-Quote ebenfalls bei einem WM-Spiel mit deutscher Beteiligung aufgestellt worden. Das WM-Halbfinale zwischen Deutschland und Spanien sahen im Sommer 2010 ca 31,1 Millionen Zuschauer<\/p>\n<p><strong>300.000 \u20ac je Spieler &#8211; W\u00e4re da nicht eine Spende m\u00f6glich gewesen?<\/strong><br \/>\nEs ist wirklich phantastisch, dass die deutsche Mannschaft Weltmeister geworden ist, und die Pr\u00e4mie in H\u00f6he von 300.000 Euro pro Spieler ist berechtigt. Dennoch frage ich mich, ob von dieser Summe nicht eine Spende f\u00fcr die \u00e4rmsten der Armen in Brasilien m\u00f6glich ist? Nur zehn Prozent der Pr\u00e4mie w\u00e4ren schon 690 000 Euro, die vielleicht noch durch den DFB oder die Fifa auf eine Million aufgestockt werden k\u00f6nnten. Es gibt viele soziale Projekte, denen mit diesem Betrag geholfen w\u00e4re.<br \/>\n25.7.2014, Hans Christian Keil, Freiburg<\/p>\n<p>&nbsp;<\/p>\n<p><strong>Brasilien-Kroatien 3:1 &#8211; Schiedsrichter bestochen?<\/strong><br \/>\nNiko Kovac zum ungerechtfertigten Foulefmeter:\u00a0\u00a0&#8222;Es war l\u00e4cherlich heute. Wenn es so weitergeht, werden wir hier bei der WM einen Zirkus erleben.&#8220;\u00a0Der Fehler liege beim Schiedsrichter, der die Entscheidung zu verantworten habe: &#8222;Er stand gut, er hatte freie Sicht. Er konnte sehen, dass es kein Foul war. Und er entschied trotzdem anders. &#8230;Ich war auf dem Workshop, auf dem die Schiedsrichter extra f\u00fcr einen solchen Fall geschult wurden. Sie wurden genau daf\u00fcr sensibilisiert&#8220;, sagte Kovac. Er machte deutlich, dass die Entscheidung Nishimuras seiner Meinung nach nicht nur auf Inkompetenz, sondern wom\u00f6glich auf Willk\u00fcr beruht habe. &#8222;Es hat etwas damit zu tun, dass wir in Brasilien spielen, beim Favoriten&#8220;, mutma\u00dfte Kovac, und Verteidiger Lovren erg\u00e4nzte: &#8222;Wenn so etwas passiert, k\u00f6nnen wir den Pokal eigentlich gleich Brasilien \u00fcberreichen.&#8220;<br \/>\n&#8222;Wenn wir das ignorieren oder sogar tolerieren, werden wir bei dieser WM noch hundert Elfmeter sehen&#8220;, sagte Kovac, &#8222;und dann k\u00f6nnen wir gleich aufh\u00f6ren, Fu\u00dfball zu spielen. Auf dem Fifa-Logo steht &#8218;Respekt&#8216;, und der Respekt gilt f\u00fcr beide Teams. Wir haben heute keinen erfahren.&#8220;<br \/>\n13.6.2014<br \/>\n.<br \/>\n<strong>Fussball, du hat mit der WM2014 deine Seele verkauft<\/strong><br \/>\nWer h\u00e4tte das gedacht, die WM in Brasilien ist bei weitem nicht das Fussballfest wie uns die geldgeile FIFA verkaufen will. Es ist ein Riesengesch\u00e4ft auf den R\u00fccken der kleinen und einfachen Leute, 15 Milliarden \u20ac f\u00fcr den Fussball, leere Sitzpl\u00e4tze im Er\u00f6ffnunsgsspiel, Proteste grosser Bev\u00f6lkerungschichten, Polizeihubschrauberl\u00e4rm \u00fcber den Moderatoren, \u00fcberzogene H\u00e4rte der Polizei gegen berechtigte Demonstranten, schon im ersten Spiel eine mehr als fragw\u00fcrdige Schiedsrichter-Entscheidung, die jeden Spass an fairen Spielen nimmt, und nein, diesmal ist es nicht die kroatische Wettmafia, sondern eher die FIFA-Mafia die bestellte Ergebnisse forciert. Das war mehr als nur ein Gastgeber-Bonus, sind ja auch Ger\u00fcchte im Umlauf dass bereits in S\u00fcdafrika es Manipulaionsversuche gab. Fussball, du hat mit der WM2014 deine Seele verkauft, ich werde mich aus dem Trubel m\u00f6glichst raushalten und bei meinen Kaufentscheidungen die Sponsoren entsprechend negativ w\u00fcrdigen. Leider ist mit Katar eine noch d\u00fcsterere WM zu erwarten.<br \/>\n13.6.2014, P.Urban<\/p>\n<p>&nbsp;<\/p>\n<p><strong>Fussball-WM geht an den Armen in Brasilien vorbei<\/strong><br \/>\nFussball ist bei uns ein Sport der Stra\u00dfe f\u00fcr alle Bev\u00f6lkerungsgruppen, klar geh\u00f6rt die Weltmeisterschaft nach Brasilien.&#8220; Er ist selbst Fu\u00dfballfan. Aber dass die FIFA (Weltfu\u00dfballverband) Regeln vorgibt, die nicht nur 9 Milliarden Euro Staatsgelder verschlingen, sondern auch die Partizipation der \u00e4rmeren Bev\u00f6lkerung verhindern, das ist ihm sichtlich ein Dorn im Auge. So ist zum Beispiel der Verkauf von Waren durch Stra\u00dfenh\u00e4ndler unm\u00f6glich und die Tickets sind f\u00fcr die meisten ohnehin unbezahlbar. F\u00fcr den Padre ist das nur ein Ph\u00e4nomen von vielen, das die Machtverh\u00e4ltnisse weltweit beschreibt. \u00a0&#8230;.<br \/>\nAlles vom 28.9.2013 bitte lesen auf<br \/>\n<a href=\"https:\/\/www.badische-zeitung.de\/freiburg\/streitbarer-ex-priester--75656503.html\">https:\/\/www.badische-zeitung.de\/freiburg\/streitbarer-ex-priester&#8211;75656503.html<\/a><\/p>\n<p>Der brasilianische Theologe und Philosoph Edilberto Sena, mit einem Radiosender im Kampf um die Erhaltung Amazoniens, war drei Tagebei der Brasilieninitiative Freiburg zu Besuch.<br \/>\n<a title=\"\" href=\"https:\/\/www.brasilieninitiative.de\/\" target=\"_blank\" rel=\"noopener\">www.brasilieninitiative.de<\/a><\/p>\n<p>&nbsp;<\/p>\n<p>&nbsp;<\/p>\n<p><strong>Fussball-WM in Brasilien: Favelas<\/strong><\/p>\n<p>&#8222;Befriedete&#8220; Favelas gibt es in Rio de Janeiro inzwischen einige, der Drogenhandel wie auch die mafi\u00f6sen Strukturen verlagern sich indes in andere Stadtteile, die nicht so nahe an den Stadien beziehungsweise Zentren der St\u00e4dte liegen. Doch auch noch anderes ver\u00e4ndert sich derzeit massiv: In der N\u00e4he des Maracana-Stadions (welches neu gebaut wird) ist das Indianermuseum, das in einem historischen Geb\u00e4ude untergebracht war und einzig in seiner Art ist, vom Abriss bedroht. Noch gravierender ist, dass die Fifa-Eingriffe in die St\u00e4dte beziehungsweise die Umgebung der Stadien nimmt. Wie weit diese Umgebung definiert ist, entscheidet allein die Fifa, nicht die Stadt oder der Bundesstaat, die die Gelder aufbringen. Die brasilianische Stra\u00dfenh\u00e4ndlerkultur, von der ein Gro\u00dfteil der Favelados (Favela-Bewohner) lebt, darf um die Stadien herum w\u00e4hrend der M\u00e4nnerfu\u00dfball-WM nicht ausge\u00fcbt werden. Die Fifa besteht auf Sonderzonen, in denen keine Stra\u00dfenh\u00e4ndler verkaufen d\u00fcrfen. So lebt ein Teil der Favela-Bewohner in &#8222;befriedeten Gebieten&#8220;, darf aber w\u00e4hrend der Weltmeisterschaft den Beruf nicht aus\u00fcben. Regelm\u00e4\u00dfig berichten \u00fcber diese Dinge im \u00dcbrigen die Brasilien-Nachrichten <a title=\"\" href=\"https:\/\/www.brasiliennachrichten.de\/\" target=\"_blank\" rel=\"noopener\">https:\/\/www.brasiliennachrichten.de<\/a>, die in Freiburg herausgegeben werden.<br \/>\n12.1.2013, Anne Reyers, <a title=\"Brasilien\" href=\"https:\/\/www.freiburg-schwarzwald.de\/blog\/global\/brasilien\/\">Brasilieninitiative Freiburg<\/a><\/p>\n<p><strong>Wie Rio de Janeiro um sein Image k\u00e4mpft<br \/>\n<\/strong>Von 900 Favelas sind erst 30 befriedet \u2013 und auch sonst bleibt viel zu tun: Rio de Janeiro k\u00e4mpft vor der Fu\u00dfball-WM und den Olympischen Spielen um sein Image. &#8230;. Alles vom 3.1.2013 bitte lesen auf<br \/>\n<a href=\"https:\/\/www.badische-zeitung.de\/panorama\/vor-dem-anpfiff-xkny4ieax--67758859.html\">https:\/\/www.badische-zeitung.de\/panorama\/vor-dem-anpfiff-xkny4ieax&#8211;67758859.html<\/a><!-- RSPEAK_STOP --><\/p>\n<p>&nbsp;<\/p>\n","protected":false},"excerpt":{"rendered":"<p>Home &gt;Sport &gt;Sportlern &gt;Fussball Listenauswahl eines Beitrags (Artikel\/Datum, Seite\/Inhalt): Klicken oder scrollen Jan Karon: Die Deutsche Nationalmannschaft wirkt f\u00fcr viele migrantisch-fremd (12.7.2026) Wir \u00fcbernehmen langsam!\u00a0(12.7.2026) Kritik: FIFA ja \u2013 D NATO EU nein\u00a0(8.7.2026) D Mittelma\u00df in Sport Wirtschaft (3.7.2026) Fussball-WM: &hellip; <a href=\"https:\/\/www.freiburg-schwarzwald.de\/blog\/sport\/sportlern\/fussball\/\">Weiterlesen <span class=\"meta-nav\">&rarr;<\/span><\/a><\/p>\n","protected":false},"author":4,"featured_media":0,"parent":293,"menu_order":0,"comment_status":"open","ping_status":"closed","template":"","meta":{"footnotes":""},"class_list":["post-19970","page","type-page","status-publish","hentry"],"_links":{"self":[{"href":"https:\/\/www.freiburg-schwarzwald.de\/blog\/wp-json\/wp\/v2\/pages\/19970","targetHints":{"allow":["GET"]}}],"collection":[{"href":"https:\/\/www.freiburg-schwarzwald.de\/blog\/wp-json\/wp\/v2\/pages"}],"about":[{"href":"https:\/\/www.freiburg-schwarzwald.de\/blog\/wp-json\/wp\/v2\/types\/page"}],"author":[{"embeddable":true,"href":"https:\/\/www.freiburg-schwarzwald.de\/blog\/wp-json\/wp\/v2\/users\/4"}],"replies":[{"embeddable":true,"href":"https:\/\/www.freiburg-schwarzwald.de\/blog\/wp-json\/wp\/v2\/comments?post=19970"}],"version-history":[{"count":6,"href":"https:\/\/www.freiburg-schwarzwald.de\/blog\/wp-json\/wp\/v2\/pages\/19970\/revisions"}],"predecessor-version":[{"id":151435,"href":"https:\/\/www.freiburg-schwarzwald.de\/blog\/wp-json\/wp\/v2\/pages\/19970\/revisions\/151435"}],"up":[{"embeddable":true,"href":"https:\/\/www.freiburg-schwarzwald.de\/blog\/wp-json\/wp\/v2\/pages\/293"}],"wp:attachment":[{"href":"https:\/\/www.freiburg-schwarzwald.de\/blog\/wp-json\/wp\/v2\/media?parent=19970"}],"curies":[{"name":"wp","href":"https:\/\/api.w.org\/{rel}","templated":true}]}}