{"id":19519,"date":"2013-01-05T11:12:20","date_gmt":"2013-01-05T10:12:20","guid":{"rendered":"https:\/\/www.freiburg-schwarzwald.de\/blog\/?page_id=19519"},"modified":"2019-05-28T09:22:51","modified_gmt":"2019-05-28T07:22:51","slug":"sehbehindert","status":"publish","type":"page","link":"https:\/\/www.freiburg-schwarzwald.de\/blog\/selbsthilfe\/behinderung\/sehbehindert\/","title":{"rendered":"Sehbehindert"},"content":{"rendered":"<p>Home &gt;<a title=\"Selbsthilfe\" href=\"https:\/\/www.freiburg-schwarzwald.de\/blog\/selbsthilfe\/\">Selbsthilfe<\/a> &gt;<a title=\"Behinderung\" href=\"https:\/\/www.freiburg-schwarzwald.de\/blog\/selbsthilfe\/behinderung\/\">Behinderung<\/a> &gt;Sehbehindert<\/p>\n<div id=\"attachment_19202\" style=\"width: 649px\" class=\"wp-caption alignnone\"><a href=\"https:\/\/www.freiburg-schwarzwald.de\/blog\/regio\/kaiserstuhl\/altvogtsburg\/kaiserstuhl8badloch-pan121029\/\" rel=\"attachment wp-att-19202\"><img loading=\"lazy\" decoding=\"async\" aria-describedby=\"caption-attachment-19202\" class=\"size-full wp-image-19202\" title=\"kaiserstuhl8badloch-pan121029\" src=\"https:\/\/www.freiburg-schwarzwald.de\/blog\/wp-content\/uploads\/2012\/12\/kaiserstuhl8badloch-pan121029.jpg\" alt=\"\" width=\"639\" height=\"224\" srcset=\"https:\/\/www.freiburg-schwarzwald.de\/blog\/wp-content\/uploads\/2012\/12\/kaiserstuhl8badloch-pan121029.jpg 639w, https:\/\/www.freiburg-schwarzwald.de\/blog\/wp-content\/uploads\/2012\/12\/kaiserstuhl8badloch-pan121029-180x63.jpg 180w\" sizes=\"auto, (max-width: 639px) 100vw, 639px\" \/><\/a><p id=\"caption-attachment-19202\" class=\"wp-caption-text\">Blick vom Badloch am Badberg bei Altvogtsburg nach Osten zum Totenkopf am 29.10.2012<\/p><\/div>\n<ul>\n<li>Fahrr\u00e4der st\u00f6ren das Blindenleitsystem in der Freiburger Innenstadt (9.5.2019)<\/li>\n<li><a href=\"https:\/\/www.freiburg-schwarzwald.de\/sehbehindert1.htm\">Aktuelle Infos zur Sehbehindert-Seite<\/a> &gt;Sehbehindert1<\/li>\n<li><\/li>\n<li><strong><a href=\"https:\/\/www.freiburg-schwarzwald.de\/sehbehindert.htm\">www.freiburg-schwarzwald.de\/sehbehindert.htm<\/a> &gt;Archivseite Sehbehindert<\/strong><\/li>\n<li><a href=\"https:\/\/www.freiburg-schwarzwald.de\/littenweiler\/kinder.htm#Blicklabor Freiburg: St\u00f6rungen beim H\u00f6ren und Sehen\">Blicklabor Freiburg: St\u00f6rungen beim H\u00f6ren und Sehen<\/a> &gt;Kinder<\/li>\n<li>BSVSB: Blinden- und Sehbehindertenverein S\u00fcdbaden in Freiburg<\/li>\n<li>Badischer Blinden- und Sehbehindertenverein V.m.K. &#8211; Bezirksgruppe Heidelberg<\/li>\n<li><a href=\"https:\/\/www.freiburg-schwarzwald.de\/sehbehindert1.htm#Blindenfu\u00dfball - Deutsche Meisterschaft\">Blindenfu\u00dfball &#8211; Deutsche Meisterschaft<\/a>\u00a0 &gt;Sehbehindert1 (24.3.2009)<\/li>\n<li>Christoffel Blindenmission cbm<\/li>\n<li>Dunkeloase &#8211; Kunst- und Kulturzentrum f\u00fcr Blinde und Sehende e.V. &gt;Sehbehindert<\/li>\n<li>Geldautomat der Sparkasse Freiburg &#8211; behindertengerecht<\/li>\n<li>Nikolauspflege<\/li>\n<li><a href=\"https:\/\/www.freiburg-schwarzwald.de\/elzach.htm#Paracycling-Europacup (EC) in Elzach\">Paracycling-Europacup (EC) in Elzach<\/a> &gt;Elzach<\/li>\n<li>Pro Retina Freiburg\/S\u00fcdschwarzwald<\/li>\n<li>eLearning-Plattform auch f\u00fcr Sehbehinderte und Blinde &#8211; ohne Zusatzsoftware (9.7.2004)<\/li>\n<li><a href=\"https:\/\/www.freiburg-schwarzwald.de\/behinderung.htm#Sehbehindertensimulator Berlin\">Sehbehindertensimulator Berlin<\/a> &gt;Behinderung<\/li>\n<li><a href=\"https:\/\/www.freiburg-schwarzwald.de\/schulen.htm#St.Michael - Sehbehindertenschule Waldkirch\">Waldkirch: Staatliche Schule f\u00fcr Sehbehinderte St.Michael<\/a> &gt;Schulen<\/li>\n<\/ul>\n<p>&nbsp;<\/p>\n<p><a href=\"https:\/\/www.freiburg-schwarzwald.de\/blog\/selbsthilfe\/behinderung\/sehbehindert\/sehbehindert100703\/\" rel=\"attachment wp-att-19530\"><img loading=\"lazy\" decoding=\"async\" class=\"alignnone size-thumbnail wp-image-19530\" title=\"sehbehindert100703\" src=\"https:\/\/www.freiburg-schwarzwald.de\/blog\/wp-content\/uploads\/2013\/01\/sehbehindert100703-180x135.jpg\" alt=\"\" width=\"180\" height=\"135\" srcset=\"https:\/\/www.freiburg-schwarzwald.de\/blog\/wp-content\/uploads\/2013\/01\/sehbehindert100703-180x135.jpg 180w, https:\/\/www.freiburg-schwarzwald.de\/blog\/wp-content\/uploads\/2013\/01\/sehbehindert100703.jpg 640w\" sizes=\"auto, (max-width: 180px) 100vw, 180px\" \/><\/a><br \/>\n(1) Blindenhund im Anh\u00e4nger<\/p>\n<p>(1) Tandem mit Blindenhund hinten im Anh\u00e4nger am 2.7.2010 in Zarten<\/p>\n<p>&nbsp;<\/p>\n<p><strong>Fahrr\u00e4der st\u00f6ren das Blindenleitsystem in der Freiburger Innenstadt<\/strong><br \/>\nDie wei\u00dfen Streifen an den Stra\u00dfenbahnhaltestellen in Freiburg dienen blinden Menschen als Orientierung. Oft sind sie jedoch mit Fahrr\u00e4dern zugestellt. Das soll sich jetzt \u00e4ndern.<br \/>\nNein, die wei\u00dfen Streifen an den Stra\u00dfenbahnhaltestellen sind keine Abstandshalter. Das sind Blindenleitsysteme. Sie dienen blinden und sehbehinderten Menschen als Orientierung \u2013 und sind h\u00e4ufig mit Fahrr\u00e4dern zugestellt. Das soll sich \u00e4ndern.<br \/>\nVor einem Jahr hat die Freiburger Verkehrs-AG (VAG) so genannte taktile Streifen an der Haltestelle Stadttheater eingebaut. Die wei\u00dfe Farbe heben sie sich vom Stra\u00dfenbelag ab. &#8222;Durch die Kontraste k\u00f6nnen sich Personen mit Sehbehinderung besser zurechtfinden&#8220;, erkl\u00e4rt Mischa Knebel, Vorsitzender des Freiburger Blinden- und Sehbehindertenvereins, gestern Nachmittag bei einer Pressekonferenz an der Haltestelle am Stadttheater. Mit dabei sind auch Vertreter der Stadt und der Freiburger Verkehrsbetriebe.<br \/>\nDie wei\u00dfen Streifen dienen blinden Menschen als Orientierung: Die Rillen und die Noppen in den wei\u00dfen Streifen sind f\u00fcr blinde Menschen mit einem Langstock gedacht. Die Rillen leiten sie zu einer Stra\u00dfen\u00fcberquerung oder zu einem Einstiegsfeld f\u00fcr \u00f6ffentliche Verkehrsmittel. Die meist viereckigen Noppenfelder weisen auf eine Abzweigung oder einen Richtungswechsel hin. &#8222;Die Leitsysteme dienen dazu, Sicherheit zu geben&#8220;, so Knebel, an einer Haltestelle etwa oder bei der Stra\u00dfen\u00fcberquerung. &#8222;Vielen Menschen ist der Sinn dieser Streifen gar nicht bewusst&#8220;, sagt VAG-Vorstand Oliver Benz. Oft seien sie in Eile oder mit dem Kopf schon im B\u00fcro. Dann stellten sie ihr Rad auf einen nur scheinbar freien Fahrradstellplatz.<br \/>\nAuch die Stra\u00dfenbahnfahrer h\u00e4tten ein &#8222;mulmiges Gef\u00fchl&#8220;, wenn sie auf eine Haltestelle zusteuern, an der viele R\u00e4der abgestellt sind. &#8222;An der Haltestelle den Fahrr\u00e4dern auszuweichen ist schwierig&#8220;, sagt Mischa Knebel. Sicherheit k\u00f6nnen die wei\u00dfen Streifen eben nur geben, wenn sie auch frei sind. Immer wieder folgen Menschen mit Sehbehinderung den Leitlinien und laufen in ein Reklameschild, einen M\u00fclleimer oder eben ein Fahrrad. &#8222;Unsere Mitarbeiter vor Ort sprechen die Radfahrer immer wieder darauf an&#8220;, sagt Rene Funk vom Amt f\u00fcr \u00f6ffentliche Ordnung. Kaum einer mache das absichtlich. &#8222;Nur in Ausnahmef\u00e4llen setzen wir die Fahrr\u00e4der relativ nah um.&#8220; Statt die Leute zu verwarnen oder ihnen Strafen aufzuerlegen, setzen Stadt und VAG aber nun auf eine andere L\u00f6sung.<br \/>\n&#8222;Wir binden eine Manschette an die Fahrr\u00e4der&#8220;, erkl\u00e4rt VAG-Vorstand Stephan Bartosch. Die ist rot und wei\u00df und weist den Verkehrsteilnehmer darauf hin, worum es sich bei den wei\u00dfen Pflastersteinen handelt. Steht ein Fahrrad vier Wochen sp\u00e4ter immer noch dort, entferne es der Gemeindevollzugsdienst. &#8222;Die Stadt und die VAG arbeiten da sehr gut zusammen&#8220;, so Rene Funk. Und Sarah Baumgart, die st\u00e4dtische Behindertenbeauftragte, sagt: &#8222;Wir wollen daf\u00fcr sensibilisieren, dass es sich bei den wei\u00dfen Streifen um ein Informationssystem handelt&#8220;. Die Aktion soll ein Appell sein an alle Fahrradfahrenden, an ein &#8222;Gemeinschafts- und Solidarit\u00e4tsgef\u00fchl&#8220;, so Mischa Knebel. Und er bittet: &#8222;Helft uns dabei, dass wir uns sicher im Stra\u00dfenverkehr bewegen k\u00f6nnen.&#8220;<br \/>\n&#8230; Alles vom 9.5.2019 von Dominik Hei\u00dfler bitte lesen auf<br \/>\n<a href=\"https:\/\/www.badische-zeitung.de\/freiburg\/fahrraeder-stoeren-das-blindenleitsystem-in-der-freiburger-innenstadt--172871702.html\">https:\/\/www.badische-zeitung.de\/freiburg\/fahrraeder-stoeren-das-blindenleitsystem-in-der-freiburger-innenstadt&#8211;172871702.html<\/a><\/p>\n<p>Danke f\u00fcr diesen informativen Artikel. Ich hatte mir nie Gedanken gemacht, was der Zweck der geriffelten wei\u00dfen Streifen sein k\u00f6nnte. Nun bin ich kl\u00fcger. Der Artikel wird allerdings viele Menschen nicht erreichen. Wie w\u00e4re es, wenn man, nicht zu weit von einander entfernt, gelbe Felder mit drei schwarzen Punkten darauf malt? Wenn es technisch und finanziell machbar ist, finde ich es eine \u00dcberlegung wert.<br \/>\n27.5.2019, Michael Rave, Freiburg<br \/>\n.<br \/>\n<strong>Angestellte Fahrr\u00e4der behindern<\/strong><br \/>\nViele Fahrr\u00e4der und vor allem die gro\u00dfen Werbetafeln behindern Menschen im Rollstuhl und mit Rollator erheblich. Dies muss sich im neuen Gemeinderat unbedingt \u00e4ndern! Schon seit langem mahnt der Behindertenbeirat an, dass die Werbetafeln st\u00f6rend sind.<br \/>\n29.5.2019, Esther Grunemann, BZ<br \/>\n.<br \/>\n<strong>\u00dcbergangszeiten verk\u00fcrzen<\/strong><br \/>\nIch hoffe, dass das nur der erste Schritt ist und Fahrr\u00e4der, welche auch ganz normale Gehwege versperren \/ verengen verwarnt werden. Au\u00dferdem m\u00fcssen sich die Fristen nach einer \u00dcbergangszeit auch verk\u00fcrzen. Drei bis vier Wochen sind eine Unversch\u00e4mtheit, vor allem wenn man bedenkt, welche Personengruppe hier massiv in ihrer Mobilit\u00e4t eingeschr\u00e4nkt und gef\u00e4hrdet wird. Blockierende Fahrzeuge, egal ob motorisiert oder \u00d6ko sind zeitnah, ggf. unverz\u00fcglich zu entfernen.<br \/>\n9.5.2019, M.V., BZ<\/p>\n<p>&nbsp;<\/p>\n<p>&nbsp;<\/p>\n<p>&nbsp;<\/p>\n<p><strong>Blinden- und Sehbehindertenverein S\u00fcdbaden\u00a0in Freiburg<\/strong><\/p>\n<p>Das Vereinsgebiet des Blinden- und Sehbehindertenverein S\u00fcdbaden e.V. erstreckt sich \u00fcber die Stadt Freiburg, sowie den Landkreis Breisgau-Hochschwarzwald. Des weiteren reicht das Vereinsgebiet \u00fcber den Schwarzwald-Baar-Kreis und die Landkreise Konstanz, L\u00f6rrach, Hochrhein, den Ortenaukreis, den Landkreis Emmendingen sowie die Stadt Baden-Baden und den Landkreis Rastatt. Der Verein unterh\u00e4lt in Freiburg eine Beratungsstelle mit Hilfsmittelverkauf. Sollte es Ihnen nicht m\u00f6glich sein, die Beratungsstelle in Freiburg aufzusuchen, besuchen wir Sie gerne an Ihrem Wohnort.<\/p>\n<p>BSVSB, Blinden- und SehbehindertenVerein S\u00fcdbaden e.V.<br \/>\nBeratungsstelle f\u00fcr Blinde, Sehbehinderte und deren Verwandte und Freunde<br \/>\nW\u00f6lflinstra\u00dfe 13, 79104 Freiburg, Telefon: 0761\/36122 Fax: 0761\/36123<br \/>\nMischa Knebel (Leiter)<br \/>\n<a href=\"https:\/\/www.bsvsb.org\/\">www.bsvsb.org<\/a><\/p>\n<p><a href=\"https:\/\/www.freiburg-schwarzwald.de\/sehbehindert1.htm#BSVSB - Tag der Offenen T\u00fcre W\u00f6lflinstrasse 13 in Freiburg\">BSVSB &#8211; Tag der Offenen T\u00fcre W\u00f6lflinstrasse 13 in Freiburg<\/a> &gt;Sehbehindert1 (10.6.2010)<br \/>\n<a href=\"https:\/\/www.freiburg-schwarzwald.de\/littenweiler\/behinderung1.htm#Blinde suchen Aufleser\">Blinde suchen Aufleser<\/a> &gt;Behinderung1 (18.7.2003)<\/p>\n<p>&nbsp;<\/p>\n<p><strong>Badischer Blinden- und Sehbehindertenverein V.m.K. &#8211; Bezirksgruppe Heidelberg<\/strong><\/p>\n<p>Leitung: Luitgard Mayer, Tel: 06227 \/ 50406, E-Mail: <a href=\"mailto:l.mayer@bbsvvmk.de\">l.mayer@bbsvvmk.de<\/a><br \/>\nDie Bezirksgruppe Heidelberg umfasst das Gebiet der Stadt Heidelberg sowie den s\u00fcdlichen Teil des Rhein-Neckar-Kreises<br \/>\nDie Gesch\u00e4ftsstelle des Badischen Blinden- und Sehbehindertenvereins erreichen Sie wie folgt:<br \/>\nBadischer Blinden- und Sehbehindertenverein V.m.K.<br \/>\nDr. Klaus G. Wolff, Gesch\u00e4ftsf\u00fchrer<br \/>\nAugartenstr. 55, 68165 Mannheim,, Telefon: 0621\/402031, Fax 0621\/402304,<br \/>\nE-Mail: <a href=\"mailto:info@bbsvvmk.de\">info@bbsvvmk.de<\/a> , Internet: <a href=\"https:\/\/www.bbsvvmk.de\">www.bbsvvmk.de<\/a><\/p>\n<p>&nbsp;<\/p>\n<p>&nbsp;<\/p>\n<p><strong>Behinderungsgerechter Geldautomat in Sparkasse Freiburg<\/strong><\/p>\n<p>Blinde und Sehbehinderte im Raum Freiburg k\u00f6nnen sich freuen, sie brauchen nicht mehr sehns\u00fcchtig nach jenen zu schielen, die sich ohne fremde Hilfe am Geldautomaten bedienen k\u00f6nnen. In Zusammenarbeit mit der Sparkasse Freiburg-N\u00f6rdl. Breisgau und verschiedenen Behindertenorganisationen hatte man vereinbart im Zuge der Umbauarbeiten in der Sparkassenhauptstelle in der Kaiser-Josef-Stra\u00dfe einen behindertengerechten Geldautomaten aufzustellen.<br \/>\nAm 04.12.2006 ist es endlich so weit dann wird der Automat der \u00d6ffentlichkeit vorgestellt, doch ich hatte schon im Vorfeld die Gelegenheit mit dem Geldautomaten Freundschaft zu schlie\u00dfen. Da er auch f\u00fcr <a href=\"https:\/\/www.freiburg-schwarzwald.de\/rollstuhl1.htm\">Rollstuhlfahrer<\/a> bedienbar sein soll m\u00fcssen sich gro\u00dfe Menschen etwas kleiner machen um die Tastatur welche sich in Schreibtischh\u00f6he befindet bequem bedienen zu k\u00f6nnen. Die Tastatur besteht aus einem gro\u00dfen Zehnerblock wie man ihn vom Telefon kennt und links daneben 4 untereinander angeordnete Drucktasten. Mit den Tastenblock kann ich den Geldbetrag oder die Kontonummer eingeben, die Drucktasten daneben dienen zur Best\u00e4tigung der eingaben, dem L\u00f6schen falscher eingaben\u00a0 zum wiederholen oder zum Hilfe anfordern. \u00a0In Augenh\u00f6he finden wir auf der linken Seite einen Monitor der rechts und links von je 4 Drucktasten eingerahmt wird. Daneben auf der linken Seite befindet sich der Kartenschlitz und links darunter der Kopfh\u00f6reranschluss. Stecken wir nun den Kopfh\u00f6rer in die Buchse, werden wir mit einer freundlichen\u00a0 und gut verst\u00e4ndlichen Stimme von dem Geldautomaten begr\u00fc\u00dft und werden aufgefordert die Karte in den Kartenschlitz zu stecken der sich auf der linken Seite auf etwa 2 Uhr befindet. Wenn wir nun den Angaben des Geldautomaten folgen, erfahren wir welche Taste wir dr\u00fccken m\u00fcssen und wo sie sich befindet. Wir k\u00f6nnen uns entscheiden, ob wir Geld abheben, einzahlen oder den Kontostand abfragen m\u00f6chten.\u00a0 Die Kommunikation\u00a0 zwischen dem Geldautomaten und\u00a0 mir ist f\u00fcr andere nicht h\u00f6rbar, auch die Eingabe meiner Geheimzahl wird durch Sternchen auf dem Monitor unkenntlich gemacht. Ich finde dieser sprechende Geldautomat ist mit einer kurzen Anleitung f\u00fcr jeden gut und leicht bedienbar. Bei aller Freude \u00fcber den Fortschritt und den hohen Stand der Technik bin ich froh, dass es ohne einen hilfsbereiten Menschen doch nicht geht.<br \/>\nFischer Hans-Georg , 20.12.2006, <a href=\"https:\/\/www.bsv-suedbaden.org\/vn_2_2006.doc\">www.bsv-suedbaden.org\/vn_2_2006.doc<\/a><\/p>\n<p>&nbsp;<\/p>\n<p><strong>Christoffel Blindenmission CBM<\/strong><\/p>\n<p>Die CBM als internationale christiliche Entwicklugsorganisation f\u00f6rdert 749 Projekte in 81 Entwicklungsl\u00e4ndern und hilft damit \u00fcber 36 Millionen sehbehinderten Menschen.<\/p>\n<p>Christoffel Blindenmission cbm Deutschland e.V., Nibelungenstrasse 124, 64625 Bensheim<br \/>\n<a href=\"https:\/\/www.cbm.de\">www.cbm.de<\/a><\/p>\n<p><span style=\"color: #008000;\"><strong>Spendenkonto: 2020, BLZ 37020500, Bank f\u00fcr Sozialwirtschaft<\/strong><\/span><\/p>\n<p>&nbsp;<\/p>\n<p><strong>Dunkeloase &#8211; Kunst- und Kulturzentrum f\u00fcr Blinde und Sehende e.V.<\/strong><\/p>\n<p>Dunkel-Oase KuK, Kunst und Kultur gemeinn\u00fctzig eingetragener Verein<br \/>\nHartkirchweg 31 79111 Freiburg<br \/>\n<a href=\"https:\/\/www.dunkeloase.de\/\">www.dunkeloase.de<\/a><br \/>\n<a href=\"https:\/\/www.freiburg-schwarzwald.de\/littenweiler\/theater.htm#Mordsdamen - Theatergruppe aus Freiburg\">Mordsdamen &#8211; Theatergruppe aus Freiburg<\/a> &gt;Theater<\/p>\n<p>&nbsp;<\/p>\n<p>&nbsp;<\/p>\n<p>&nbsp;<\/p>\n<p><strong>Pro Retina Freiburg\/S\u00fcdschwarzwald<\/strong><\/p>\n<p>Pro Retina Freiburg\/S\u00fcdschwarzwald<br \/>\nSelbsthilfevereinigung von Menschen mit Netzhautdegeneration, Tel 07635\/821544, m.c.gehrig at t-online.de <a href=\"https:\/\/www.freiburg-schwarzwald.de\/sehbehindert1.htm#Pro Retina Deutschland - Vorsitz Dr. Claus Gehrig aus Bad Bellingen\">Pro Retina Deutschland &#8211; Vorsitz Dr. Claus Gehrig aus Bad Bellingen<\/a> &gt;Sehbehindert1 (2.2.2007)<br \/>\n<strong>Blinden Skilangl\u00e4ufer auf sicherem Weg zum Erfolg f\u00fchren<\/strong><\/p>\n<p>Michael Huhn ist seit zwei Jahren Begleitl\u00e4ufer f\u00fcr Wilhelm Brehm &#8211; Beim Weltcup in Finnland wird\u2019s im Januar erstmals ernst<\/p>\n<p><a href=\"https:\/\/www.freiburg-schwarzwald.de\/blog\/selbsthilfe\/behinderung\/sehbehindert\/skiroller-huhn0612\/\" rel=\"attachment wp-att-19531\"><img loading=\"lazy\" decoding=\"async\" class=\"alignnone size-thumbnail wp-image-19531\" title=\"skiroller-huhn0612\" src=\"https:\/\/www.freiburg-schwarzwald.de\/blog\/wp-content\/uploads\/2013\/01\/skiroller-huhn0612-180x130.jpg\" alt=\"\" width=\"180\" height=\"130\" srcset=\"https:\/\/www.freiburg-schwarzwald.de\/blog\/wp-content\/uploads\/2013\/01\/skiroller-huhn0612-180x130.jpg 180w, https:\/\/www.freiburg-schwarzwald.de\/blog\/wp-content\/uploads\/2013\/01\/skiroller-huhn0612.jpg 640w\" sizes=\"auto, (max-width: 180px) 100vw, 180px\" \/><\/a><\/p>\n<p>Auf den Skilanglaufwinter haben sich Willi Brehm und Michael Huhn (v.l.) auch mit intensivem Skirollertraining vorbereitet. Die 17 Prozent Steigung auf den Stollenbach (unser Foto zeigt sie kurz vor dem Ziel mit dem Hinterwaldkopf im Hintergrund!) waren dabei eine besondere Herausforderung.<br \/>\nFoto: Gerhard L\u00fcck<\/p>\n<p>Skilanglauf geh\u00f6rt seit eh und je zu Kirchzartens Sportszene. Die Zipfelbuben schrieben Geschichte und sind noch immer dem Wintersport verpflichtet. Georg Zipfel erfindet heute im Team der Skilanglaufbundestrainer immer wieder neue Wettk\u00e4mpfe, um diesen Sport noch spannender und zuschauerfreundlicher zu machen. Peter Zipfel \u00fcbernahm f\u00fcr einige Jahre den ehrenamtlichen Job eines Bundestrainers der behinderten Skilangl\u00e4ufer. Und der j\u00fcngste, Uli Zipfel, betreute viele Jahre Skilangl\u00e4ufer mit Behinderung, darunter zw\u00f6lf Jahre lang Frank H\u00f6fle und seit drei Jahren Willi Brehm, und f\u00fchrte sie zu gro\u00dfen Erfolgen. Jetzt ist aus dem erfolgreichen Nachwuchskader des SV Kirchzarten ein weiterer erfolgreicher Skilangl\u00e4ufer in die Begleitung von Sportlern mit Handicap eingestiegen. Seit 2004 betreut der erst 18j\u00e4hrige Michael Huhn, Sohn des f\u00fcr Kirchzartens Nachwuchs verantwortlichen Trainers G\u00fcnter Huhn, den blinden Skilangl\u00e4ufer Wilhelm \u201eWilli\u201c Brehm. Ulrich Zipfel hatte Michael 2004 gefragt, ob er nicht Lust h\u00e4tte, mit zum Trainingslager nach Norwegen zu fahren. Der Begleitl\u00e4ufer von Michael Bentele aus M\u00fcnchen sei ausgefallen. Uli Zipfel hatte Huhn bei seinem Deutschen Staffelmeistertitel erlebt und traute ihm die Begleitl\u00e4uferaufgabe durchaus zu. Da sich Uli aus seiner Begleitl\u00e4uferaufgabe aus famili\u00e4ren und beruflichen Gr\u00fcnden zur\u00fcck ziehen musste, stieg Michael dann zus\u00e4tzlich in die Trainingsbegleitung des blinden L\u00e4ufers Willi Brehm ein.<\/p>\n<p>Der 29j\u00e4hrige Physiotherapeut Brehm aus Ketterschwang im Allg\u00e4u lebt und arbeitet seit einigen Jahren in Freiburg. Die angeborene Sehbehinderung verschlechterte sich im Alter von acht Jahren so rapide, dass Willi nach weiteren sechs Jahren v\u00f6llig blind war. Lediglich Tag und Nacht kann er noch unterscheiden. Die Liebe zum Sport und die damit verbundenen vielf\u00e4ltigen Kontakte und Reisen lie\u00dfen ihn optimistisch bleiben. Neben Michael Huhn, der zweimal w\u00f6chentlich mit Willi Brehm trainiert, betreuen ihn Melanie Kirchner, eine aus dem Bundestrainerstab, und Sebastian Schlott bei den weiteren sieben Trainingseinheiten einer Woche, wie z.B. beim Schie\u00dfen f\u00fcr das Biathlon. F\u00fcr Michael Huhn wird es Mitte Januar beim Weltcup der behinderten nordischen Sportler erstmals ernst. Dann will er seinen \u201eWilli\u201c in Vuokati in Finnland zum Erfolg f\u00fchren. Schlie\u00dflich hat der schon viele Superplatzierungen bei Weltmeisterschaften, Weltcups und Paralympics geschafft. Wichtig ist, dass Michael Huhn f\u00fcr Willi Brehm immer genau akustisch einzuordnen ist und er klare Orientierung gibt. So haben die beiden einfache Codew\u00f6rter vereinbart. \u201eHopp, hopp\u201c hei\u00dft, es geht weiter gerade aus. \u201eRechts auf eins\u201c bedeutet leichte Rechtskurve, \u201eRechts auf drei\u201c ist dann eine 90-Grad-Kurve. Die Uhrzeiger sind dabei Richtungspaten. Das Gleiche gilt bei Linkskurven, wo es dann z.B. \u201eLinks auf zehn\u201c hei\u00dft. Erinnerungen an den Film \u201eErbsen auf halb sechs\u201c werden dabei wach. Im Abstand von ein bis zwei Metern f\u00e4hrt Michael vor Willi und gibt auch immer klare Hinweise auf die Bodenbeschaffenheit wie \u201eAchtung Bodenwelle\u201c. Wichtig ist nat\u00fcrlich, dass Michael, der 2008 am Kolleg in Stegen sein Abitur machen will, leistungsm\u00e4\u00dfig gut mithalten kann. \u201eBeim klassischen Laufstil bin ich noch etwas besser\u201c, sch\u00e4tzt er sich nach \u00fcber zw\u00f6lf Jahren Wettkampferfahrung ein, \u201edoch beim Skaten muss ich mich ganz sch\u00f6n anstrengen.\u201c Bei Wettk\u00e4mpfen starten \u00fcbrigens alle Sehbehinderten miteinander, bekommen aber je nach Behinderungsgrad Bonuspunkte.<br \/>\nGerhard L\u00fcck, 21.12.2006, <a href=\"https:\/\/www.dreisamtaeler.de\/\">www.dreisamtaeler.de<\/a><\/p>\n<p>&nbsp;<\/p>\n<p>&nbsp;<\/p>\n<p><strong>eLearning-Plattform auch f\u00fcr Sehbehinderte und Blinde<\/strong><\/p>\n<p>Diese virtuelle Lernplattform BFW-online bietet die auf allen Lernplattformen \u00fcblichen Instrumente wie interne Emailfunktion, Chat, Diskussionsforen, eine Bibliothek mit online verf\u00fcgbarem Informations- und Lernmaterial und tutorieller Begleitung. Dar\u00fcber hinaus ist sie so konstruiert, dass sie von <span style=\"color: #008000;\"><strong>Sehenden, Sehbehinderten und Blinden gleicherma\u00dfen<\/strong><\/span> benutzt werden kann. Das Bildungszentrum f\u00fcr Blinde und Sehbehinderte des Berufsf\u00f6rderungswerks W\u00fcrzburg hat diese Plattform entwickelt. F\u00fcr das Lernen auf BFW online muss keine zus\u00e4tzliche Software angeschafft und installiert werden. Die Plattform ist HTML-basiert und daher ganz einfach mit den Standardbrowsern zu nutzen. Ein Gast-Zugang, um sich einen ersten Eindruck zu verschaffen, wird auf der Homepage zur Verf\u00fcgung gestellt.<\/p>\n<p><a href=\"https:\/\/www.bfwxchange.de\/eLearn\/\">https:\/\/www.bfwxchange.de\/eLearn\/<\/a><br \/>\n<a href=\"https:\/\/www.bfw-vheim.de\/homepag0.html\">https:\/\/www.bfw-vheim.de\/homepag0.html<\/a><br \/>\nQuelle: DBS Newsletter vom 9.7.2004, <a href=\"https:\/\/www.bildungsserver.de\/\">www.bildungsserver.de<\/a><\/p>\n<p><strong>Nikolauspflege<\/strong><\/p>\n<p>Die Nikolauspflege bietet blinden und sehbehinderten Menschen Hilfeleistungen an, f\u00f6rdert schulische und berufliche Bildung und bietet ambulante und station\u00e4re Leistungen an, die auf jeden speziellen Fall zugeschnitten sind. Ziel ist es, Sehbehinderten eine selbstbestimmte Lebensf\u00fchrung zu erm\u00f6glichen.<br \/>\nNikolauspflege &#8211; Stiftung f\u00fcr blinde und sehbehinderte Menschen<br \/>\nFritz-Elsas-Stra\u00dfe 38, 70174 Stuttgart, Tel 0711 6564-80<br \/>\nE-Mail: info at nikolauspflege.de, <a href=\"https:\/\/www.nikolauspfflege.de\/\">www.nikolauspflege.de<\/a><\/p>\n<p>Nikolauspflege, Region S\u00fcdbaden,<br \/>\nc\/o Michael Dietz, Mobilit\u00e4tstrainer,<br \/>\nTel 0761\/6129371, michael.dietz at nikolauspflege.de<\/p>\n<p><a href=\"https:\/\/www.freiburg-schwarzwald.de\/sehbehindert1.htm#Mobilit\u00e4tstrainer in Freiburg - Michael Dietz f\u00fchrt durch die Dunkelheit\">Mobilit\u00e4tstrainer in Freiburg &#8211; Michael Dietz f\u00fchrt durch die Dunkelheit<\/a> &gt;Sehbehindert1 (18.2.2007)<\/p>\n","protected":false},"excerpt":{"rendered":"<p>Home &gt;Selbsthilfe &gt;Behinderung &gt;Sehbehindert Fahrr\u00e4der st\u00f6ren das Blindenleitsystem in der Freiburger Innenstadt (9.5.2019) Aktuelle Infos zur Sehbehindert-Seite &gt;Sehbehindert1 www.freiburg-schwarzwald.de\/sehbehindert.htm &gt;Archivseite Sehbehindert Blicklabor Freiburg: St\u00f6rungen beim H\u00f6ren und Sehen &gt;Kinder BSVSB: Blinden- und Sehbehindertenverein S\u00fcdbaden in Freiburg Badischer Blinden- und Sehbehindertenverein &hellip; <a href=\"https:\/\/www.freiburg-schwarzwald.de\/blog\/selbsthilfe\/behinderung\/sehbehindert\/\">Weiterlesen <span class=\"meta-nav\">&rarr;<\/span><\/a><\/p>\n","protected":false},"author":4,"featured_media":0,"parent":114,"menu_order":0,"comment_status":"open","ping_status":"closed","template":"","meta":{"footnotes":""},"class_list":["post-19519","page","type-page","status-publish","hentry"],"_links":{"self":[{"href":"https:\/\/www.freiburg-schwarzwald.de\/blog\/wp-json\/wp\/v2\/pages\/19519","targetHints":{"allow":["GET"]}}],"collection":[{"href":"https:\/\/www.freiburg-schwarzwald.de\/blog\/wp-json\/wp\/v2\/pages"}],"about":[{"href":"https:\/\/www.freiburg-schwarzwald.de\/blog\/wp-json\/wp\/v2\/types\/page"}],"author":[{"embeddable":true,"href":"https:\/\/www.freiburg-schwarzwald.de\/blog\/wp-json\/wp\/v2\/users\/4"}],"replies":[{"embeddable":true,"href":"https:\/\/www.freiburg-schwarzwald.de\/blog\/wp-json\/wp\/v2\/comments?post=19519"}],"version-history":[{"count":0,"href":"https:\/\/www.freiburg-schwarzwald.de\/blog\/wp-json\/wp\/v2\/pages\/19519\/revisions"}],"up":[{"embeddable":true,"href":"https:\/\/www.freiburg-schwarzwald.de\/blog\/wp-json\/wp\/v2\/pages\/114"}],"wp:attachment":[{"href":"https:\/\/www.freiburg-schwarzwald.de\/blog\/wp-json\/wp\/v2\/media?parent=19519"}],"curies":[{"name":"wp","href":"https:\/\/api.w.org\/{rel}","templated":true}]}}