{"id":19432,"date":"2013-01-03T17:55:50","date_gmt":"2013-01-03T16:55:50","guid":{"rendered":"https:\/\/www.freiburg-schwarzwald.de\/blog\/?page_id=19432"},"modified":"2025-10-09T13:59:08","modified_gmt":"2025-10-09T11:59:08","slug":"buergervereine","status":"publish","type":"page","link":"https:\/\/www.freiburg-schwarzwald.de\/blog\/engagement\/buergervereine\/","title":{"rendered":"Buergervereine"},"content":{"rendered":"<p>Home &gt;<a title=\"Engagement\" href=\"https:\/\/www.freiburg-schwarzwald.de\/blog\/engagement\/\">Engagement<\/a> &gt;<a title=\"Freiburg\" href=\"https:\/\/www.freiburg-schwarzwald.de\/blog\/regio\/freiburg\/\">Freiburg<\/a> &gt;Buergervereine<\/p>\n<div id=\"attachment_18066\" style=\"width: 649px\" class=\"wp-caption alignnone\"><a href=\"https:\/\/www.freiburg-schwarzwald.de\/blog\/sport\/baeder\/strandbad\/strandbad1schnee-pan121212\/\" rel=\"attachment wp-att-18066\"><img loading=\"lazy\" decoding=\"async\" aria-describedby=\"caption-attachment-18066\" class=\" wp-image-18066 \" title=\"strandbad1schnee-pan121212\" src=\"https:\/\/www.freiburg-schwarzwald.de\/blog\/wp-content\/uploads\/2012\/04\/strandbad1schnee-pan121212.jpg\" alt=\"\" width=\"639\" height=\"275\" srcset=\"https:\/\/www.freiburg-schwarzwald.de\/blog\/wp-content\/uploads\/2012\/04\/strandbad1schnee-pan121212.jpg 639w, https:\/\/www.freiburg-schwarzwald.de\/blog\/wp-content\/uploads\/2012\/04\/strandbad1schnee-pan121212-180x77.jpg 180w\" sizes=\"auto, (max-width: 639px) 100vw, 639px\" \/><\/a><p id=\"caption-attachment-18066\" class=\"wp-caption-text\">Blick nach Norden im Freiburger Strandbad am 12.12.2012 &#8211; Schnee, Frost , -10 Grad<\/p><\/div>\n<p><strong><span style=\"font-family: Arial; color: #008000; font-size: x-small;\">Ohne b\u00fcrgerschaftliches Engagement geht nichts &#8211; wie wahr. Andererseits d\u00fcrfen aus Gr\u00fcnden der Kostenersparnis nicht immer mehr Aufgaben auf kostenlos-ehrenamtlich t\u00e4tige B\u00fcrger &#8222;abgew\u00e4lzt&#8220; werden.<\/span><\/strong><\/p>\n<ul>\n<li><em>Listenauswahl eines Beitrags (Artikel\/Datum, Seite\/Inhalt): <span style=\"text-decoration: underline;\">Klicken<\/span> oder scrollen<\/em><\/li>\n<li><a href=\"https:\/\/www.freiburg-schwarzwald.de\/blog\/regio\/freiburg\/herdern\/\">B\u00fcrgerverein Herdern ehrt Hans Sigmund f\u00fcr sein Lebenswerk<\/a> (7.10.2025)<\/li>\n<li>Freiburger B\u00fcrgervereine sind \u00fcberaltert &#8211;\u00a0Rentnerclubs (27.6.2015)<\/li>\n<li><a href=\"https:\/\/www.freiburg-schwarzwald.de\/blog\/gartenstadt-haslach-100-jahre\/\">https:\/\/www.freiburg-schwarzwald.de\/blog\/gartenstadt-haslach-100-jahre\/<\/a> (10.1.2014)<\/li>\n<li>B\u00fcrgervereine &#8211; Wir sehen uns nicht als Konkurrenz (20.9.2013)<\/li>\n<li><a href=\"https:\/\/www.freiburg-schwarzwald.de\/blog\/neubau-gesichtslose-architektur\/\">https:\/\/www.freiburg-schwarzwald.de\/blog\/neubau-gesichtslose-architektur\/<\/a>\u00a0(14.3.2013)<\/li>\n<li><a href=\"https:\/\/www.freiburg-schwarzwald.de\/blog\/larm-muell-schmierereien\/\">https:\/\/www.freiburg-schwarzwald.de\/blog\/larm-muell-schmierereien\/<\/a>\u00a0(7.2.2013)<\/li>\n<li>18 B\u00fcrgervereine der AFB seit 60 Jahren engagiert (3.1.2013)<\/li>\n<li><strong><a href=\"https:\/\/www.freiburg-schwarzwald.de\/littenweiler\/buergervereine.htm\">https:\/\/www.freiburg-schwarzwald.de\/littenweiler\/buergervereine.htm<\/a> &gt;B\u00fcrgervereine Archivseite<\/strong><\/li>\n<li><a href=\"https:\/\/www.freiburg-schwarzwald.de\/littenweiler\/oberwiehre1.htm#Eugen Reinwald und Karl-Ernst Friederich im Interview\">Eugen Reinwald und Karl-Ernst Friederich im Interview<\/a> &gt;Oberwiehre1 (29.1.2012)<\/li>\n<li><a href=\"https:\/\/www.freiburg-schwarzwald.de\/littenweiler\/haid.htm#Interessengemeinschaft Haid - Gr\u00fcndung am 24.11.2011\">Interessengemeinschaft Haid &#8211; Gr\u00fcndung am 24.11.2011<\/a> &gt;Haid (22.11.2011)<\/li>\n<li><a href=\"https:\/\/www.freiburg-schwarzwald.de\/littenweiler\/buergervereine.htm#B\u00fcrgervereine fordern fr\u00fchzeitige Einbeziehung in Planungen\">B\u00fcrgervereine fordern fr\u00fchzeitige Einbeziehung in Planungen<\/a> &gt;Buergervereine (19.7.2011)<\/li>\n<li><a href=\"https:\/\/www.freiburg-schwarzwald.de\/mooswald.htm#Siedlergemeinschaft Freiburg-Mooswald: Kameradschaft, Internet\">Siedlergemeinschaft Freiburg-Mooswald:\u00a0Kameradschaft, Internet<\/a> &gt;Mooswald (14.5.2011)<\/li>\n<li><a href=\"https:\/\/www.freiburg-schwarzwald.de\/littenweiler\/bvlittenweiler.htm#Franz J\u00fcrgen Zeiser: Mehr Kommunikation + Transparenz im B\u00fcrgerverein\">Franz J\u00fcrgen Zeiser: Mehr Kommunikation + Transparenz im B\u00fcrgerverein<\/a> &gt;bvLittenweiler (8.6.)<\/li>\n<li><a href=\"https:\/\/www.freiburg-schwarzwald.de\/littenweiler\/weingarten1.htm#Stadtteilspaziergang mit Gerd Sanders\">Stadtteilspaziergang mit Gerd Sanders<\/a> &gt;Weingarten1 (27.8.2009)<\/li>\n<li><a href=\"https:\/\/www.freiburg-schwarzwald.de\/littenweiler\/vauban1.htm#Green-City-Haus - Arkadenhof - Vauberge\">Green-City-Haus &#8211; Arkadenhof &#8211; Vauberge<\/a> &gt;Vauban1 (6.3.2009)<\/li>\n<li><a href=\"https:\/\/www.freiburg-schwarzwald.de\/littenweiler\/buergervereine.htm#2. Veranstaltungskalender der AFB-B\u00fcrgervereine erschienen\">2. Veranstaltungskalender der AFB-B\u00fcrgervereine erschienen<\/a> &gt;Buergervereine (25.6.2008)<\/li>\n<li><a href=\"https:\/\/www.freiburg-schwarzwald.de\/littenweiler\/littenweiler9.htm#Hauptversammlung 2008: So funktioniert eine Gemeinschaft auf Dauer nicht\">Hauptvers. 2008: So funktioniert eine Gemeinschaft auf Dauer nicht<\/a> &gt;Littenweiler9 (9.6.2008)<\/li>\n<li><a href=\"https:\/\/www.freiburg-schwarzwald.de\/littenweiler\/bezirksbeiraete.htm#Alte Idee, n\u00e4chster Anlauf - Parlamente f\u00fcr alle Stadtteile\">Alte Idee, n\u00e4chster Anlauf &#8211; Parlamente f\u00fcr alle Stadtteile?<\/a> &gt;Bezirksbeiraete (4.3.2008)<\/li>\n<li><a href=\"https:\/\/www.freiburg-schwarzwald.de\/littenweiler\/lehen.htm#Bernhard Sch\u00e4tzle folgt als Ortsvorsteher auf Sigrun L\u00f6wisch\">Bernhard Sch\u00e4tzle folgt als Ortsvorsteher auf Sigrun L\u00f6wisch<\/a> &gt;Lehen (4.3.2008)<\/li>\n<li><a href=\"https:\/\/www.freiburg-schwarzwald.de\/littenweiler\/stuehlinger.htm#B\u00fcrgerverein: Jugendpreise f\u00fcr Letz Fetz, Kiga und Schuldetektive\">B\u00fcrgerverein: Jugendpreise f\u00fcr Letz Fetz, Kiga und Schuldetektive<\/a> &gt;Stuehlinger (1.3.2008)<\/li>\n<li><a href=\"https:\/\/www.freiburg-schwarzwald.de\/littenweiler\/bvlittenweiler.htm#36. Hauptversammlung: Aussprachen, Debatten, Gegens\u00e4tze und viel Frust\">36. HV: Aussprachen, Debatten, Gegens\u00e4tze und viel Frust<\/a> &gt;BVlittenweiler (2.6.07)<\/li>\n<li><a href=\"https:\/\/www.freiburg-schwarzwald.de\/littenweiler\/buergervereine#Neugr\u00fcndungen: Konkurrenz aus den eigenen Reihen\">Neugr\u00fcndungen: Konkurrenz aus den eigenen Reihen<\/a> (16.3.2007)<\/li>\n<li><a href=\"https:\/\/www.freiburg-schwarzwald.de\/littenweiler\/buergervereine.htm#Mangelnder Respekt vor der Demokratie - Kleinkr\u00e4merisches Denken\">Mangelnder Respekt vor der Demokratie &#8211; Kleinkr\u00e4merisches Denken<\/a> (9.2.07)<\/li>\n<li><a href=\"https:\/\/www.freiburg-schwarzwald.de\/littenweiler\/herdern.htm#Neujahrsempfang in Herdern\">Neujahrsempfang in Herdern<\/a> &gt;Herdern (19.1.2007)<\/li>\n<li><a href=\"https:\/\/www.freiburg-schwarzwald.de\/littenweiler\/littenweiler6.htm#Spendenaktion der B\u00fcrgervereine f\u00fcrs Wegekreuz\u00a0an der Waldseestrasse\">Spendenaktion der B\u00fcrgervereine f\u00fcrs Wegekreuz\u00a0an der Waldseestrasse<\/a> &gt;Littenweiler6 (23.11)<\/li>\n<li><a href=\"https:\/\/www.freiburg-schwarzwald.de\/littenweiler\/buergervereine#Gemeinsam Stadt einsam: Kommunikation unter Nachbarn\">Gemeinsam Stadt einsam:\u00a0 Kommunikation unter Nachbarn<\/a> (22.9.2006)<\/li>\n<li><a href=\"https:\/\/www.freiburg-schwarzwald.de\/littenweiler\/wiehre1.htm#B\u00fcrgerforum ist jetzt offiziell ein B\u00fcrgerverein\">B\u00fcrgerforum ist jetzt offiziell ein B\u00fcrgerverein<\/a> &gt;Wiehre1 (20.9.2006)<\/li>\n<li><a href=\"https:\/\/www.freiburg-schwarzwald.de\/littenweiler\/stgeorgen.htm#Herbert Bucher vom B\u00fcrgervereins zeigt sein St. Georgen\">Herbert Bucher vom B\u00fcrgervereins zeigt &#8222;sein&#8220; St. Georgen<\/a> &gt;StGeorgen (2.9.2006)<\/li>\n<li><a href=\"https:\/\/www.freiburg-schwarzwald.de\/littenweiler\/oberwiehre1.htm#B\u00fcrgerverein Oberwiehre-Waldsee - Ein Portrait\">B\u00fcrgerverein Oberwiehre-Waldsee &#8211; Ein Portrait<\/a> &gt;Oberwiehre1 (16.8.2006)<\/li>\n<li><a href=\"https:\/\/www.freiburg-schwarzwald.de\/littenweiler\/bvlittenweiler.htm#Wie geht es weiter mit dem B\u00fcrgerverein\">Wie geht es weiter mit dem B\u00fcrgerverein?<\/a> &gt;BVlittenweiler (16.8.2006)<\/li>\n<li><a href=\"https:\/\/www.freiburg-schwarzwald.de\/littenweiler\/buergervereine#Freiburger B\u00fcrgervereine - Mitgliederzahlen\">Freiburger B\u00fcrgervereine &#8211; Mitgliederzahlen<\/a> (28.7.2006)<\/li>\n<li><a href=\"https:\/\/www.freiburg-schwarzwald.de\/littenweiler\/bvlittenweiler.htm#Beisitzer in Vorstandsarbeit integriert - Ausnahme Littenweiler\">Beisitzer in Vorstandsarbeit integriert &#8211; Ausnahme Littenweiler<\/a> &gt;BVlittenweiler (28.7.2006)<\/li>\n<li><a href=\"https:\/\/www.freiburg-schwarzwald.de\/littenweiler\/bvlittenweiler.htm#Krach im B\u00fcrgerverein\u00a0- R\u00fccktritte und R\u00fccktrittsforderung\">Krach im B\u00fcrgerverein\u00a0&#8211; R\u00fccktritte und R\u00fccktrittsforderung<\/a>\u00a0&gt;bvLittenweiler (29.6.2006)<\/li>\n<li><a href=\"https:\/\/www.freiburg-schwarzwald.de\/b31freiburg\/stadttunnel.htm#B\u00fcrgervereine r\u00fcsten zum Kampf f\u00fcr den Stadttunnel\">B\u00fcrgervereine r\u00fcsten zum Kampf f\u00fcr den Stadttunnel<\/a> &gt;FreiburgB31.de\/stadttunnel (25.4.2006)<\/li>\n<li><a href=\"https:\/\/www.freiburg-schwarzwald.de\/littenweiler\/wiehre.htm#B\u00fcrgerverein Mittel- und Unterwiehre feiert Jahrestag der Trennung\">B\u00fcrgerverein Mittel- und Unterwiehre feiert Jahrestag der Trennung<\/a> &gt;Wiehre (23.2.2006)<\/li>\n<li><a href=\"https:\/\/www.freiburg-schwarzwald.de\/littenweiler\/oberwiehre.htm#Neujahrsempfang 2005 des BV Oberwiehre\/Waldsee\">Neujahrsempfang 2005 des BV Oberwiehre\/Waldsee<\/a> &gt;Oberwiehre (8.1.2005)<\/li>\n<li><a href=\"https:\/\/www.freiburg-schwarzwald.de\/littenweiler\/buergervereine#Entwicklungsm\u00f6glichkeiten an der Dreisam im Freiburger Stadtgebiet\">Entwicklungsm\u00f6glichkeiten an der Dreisam im Freiburger Stadtgebiet<\/a> (29.4.2004)<\/li>\n<li><a href=\"https:\/\/www.freiburg-schwarzwald.de\/littenweiler\/buergervereine#Mitgliederversammlung BV Oberwiehre-Waldsee am 3.12.2003\">Mitgliederversammlung BV Oberwiehre-Waldsee am 3.12.2003<\/a> (25.11.2003)<\/li>\n<li><a href=\"https:\/\/www.freiburg-schwarzwald.de\/littenweiler\/oberwiehre.htm#Jahresversammlung des BV Oberwiehre: Stadttunnel wichtigstes Ziel\">Jahresversammlung des BV Oberwiehre: Stadttunnel wichtigstes Ziel<\/a> &gt;Oberwiehre (16.6.)<\/li>\n<li><a href=\"https:\/\/www.freiburg-schwarzwald.de\/littenweiler\/buergervereine#Thomas Oertel als Vorsitzender der AFB best\u00e4tigt\">Thomas Oertel als Vorsitzender der AFB best\u00e4tigt<\/a> (18.5.2003)<\/li>\n<li><a href=\"https:\/\/www.freiburg-schwarzwald.de\/littenweiler\/buergervereine#B\u00fcrgervereine m\u00fcssen mehr f\u00fcr die Jugend tun\">B\u00fcrgervereine m\u00fcssen mehr f\u00fcr die Jugend tun<\/a> (7.11.2002)<\/li>\n<li>AFB &#8211; Arbeitsgemeinschaft der Freiburger B\u00fcrgervereine<\/li>\n<li><a href=\"https:\/\/www.freiburg-schwarzwald.de\/littenweiler\/buergervereine.htm#Bewohnerinitiative westlich der Merzhauser Stra\u00dfe\">Bewohnerinitiative westlich der Merzhauser Stra\u00dfe<\/a><\/li>\n<li><a href=\"www.freiburg-haslach.de \">www.freiburg-haslach.de\u00a0<\/a><\/li>\n<li><a href=\"https:\/\/www.freiburg-schwarzwald.de\/littenweiler\/buergervereine#B\u00fcrgerverein Herdern\">B\u00fcrgerverein Herdern<\/a><\/li>\n<li>Lokalverein Innenstadt (Ober- und Unterstadt)<\/li>\n<li><a href=\"https:\/\/www.freiburg-schwarzwald.de\/littenweiler\/buergervereine#B\u00fcrgerverein Landwasser\">B\u00fcrgerverein Landwasser<\/a><\/li>\n<li><a title=\"Buergerverein-Littenweiler\" href=\"https:\/\/www.freiburg-schwarzwald.de\/blog\/engagement\/buergervereine\/buergerverein-littenweiler\/\">B\u00fcrgerverein Littenweiler<\/a> &gt;Buergerverein-Littenweiler<\/li>\n<li><a href=\"https:\/\/www.freiburg-schwarzwald.de\/littenweiler\/buergervereine#B\u00fcrgerverein Mittel- und Unterwiehre e.V.\">B\u00fcrgerverein Mittel- und Unterwiehre e.V.<\/a><\/li>\n<li><a href=\"https:\/\/www.freiburg-schwarzwald.de\/littenweiler\/buergervereine#B\u00fcrgerforum lebenswerte Wiehre\">B\u00fcrgerforum lebenswerte Wiehre<\/a><\/li>\n<li><a href=\"https:\/\/www.freiburg-schwarzwald.de\/littenweiler\/buergervereine#B\u00fcrgerverein Mooswald\">B\u00fcrgerverein Mooswald<\/a><\/li>\n<li><a href=\"https:\/\/www.freiburg-schwarzwald.de\/littenweiler\/buergervereine#Lokalverein Oberstadt\">Lokalverein Oberstadt<\/a><\/li>\n<li><a href=\"https:\/\/www.freiburg-schwarzwald.de\/littenweiler\/oberwiehre.htm#B\u00fcrgerverein Oberwiehre-Waldsee e.V.\">B\u00fcrgerverein Oberwiehre-Waldsee<\/a> &gt;Oberwiehre<\/li>\n<li>B\u00fcrgerforum Oberwiehre-Waldsee<\/li>\n<li><a href=\"https:\/\/www.freiburg-schwarzwald.de\/littenweiler\/buergervereine#B\u00fcrgerverein Opfingen\">B\u00fcrgerverein Opfingen<\/a><\/li>\n<li><a href=\"https:\/\/www.freiburg-schwarzwald.de\/littenweiler\/buergervereine#B\u00fcrgerverein St. Georgen\">B\u00fcrgerverein St. Georgen<\/a><\/li>\n<li>Unabh\u00e4ngige B\u00fcrgerverein St. Georgen<\/li>\n<li><a href=\"https:\/\/www.freiburg-schwarzwald.de\/littenweiler\/stuehlinger.htm#B\u00fcrgerverein St\u00fchlinger\">B\u00fcrgerverein St\u00fchlinger<\/a> &gt;Stuehlinger<\/li>\n<li><a href=\"https:\/\/www.freiburg-schwarzwald.de\/littenweiler\/burg-birkenhof.htm#B\u00fcrgerverein Kirchzarten-Birkenhof\">B\u00fcrgerverein Kirchzarten-Birkenhof<\/a> &gt;Burg-Birkenhof<\/li>\n<li><a href=\"https:\/\/www.freiburg-schwarzwald.de\/littenweiler\/kultur.htm#Arbeitsgemeinschaft Freiburger Stadtbild\">Freiburger Stadtbild &#8211; Arge<\/a> &gt;Kultur<\/li>\n<li><a href=\"https:\/\/www.freiburg-schwarzwald.de\/littenweiler\/vauban.htm#B\u00fcrgervereine - Vauban\">B\u00fcrgervereine &#8211; Vauban<\/a> &gt;Vauban<\/li>\n<li><a href=\"https:\/\/www.freiburg-schwarzwald.de\/littenweiler\/buergervereine#B\u00fcrgerverein Z\u00e4hringen\">B\u00fcrgerverein Z\u00e4hringen<\/a><\/li>\n<li>B\u00fcrgerverein Weingarten<\/li>\n<li><a href=\"https:\/\/www.freiburg-schwarzwald.de\/littenweiler\/weingarten.htm#Forum Weingarten 2000 - B\u00fcrgerverein\">Forum Weingarten 2000<\/a> &gt;Weingarten<\/li>\n<li><a href=\"https:\/\/www.freiburg-schwarzwald.de\/littenweiler\/bezirksbeiraete.htm\">Bezirksbeir\u00e4te gem. Bezirksverfassung in Freiburg<\/a> &gt;Bezirksbeiraete<\/li>\n<li><a href=\"https:\/\/www.freiburg-schwarzwald.de\/egemeinde.htm\">Communities im Internet<\/a> &gt;eGemeinde<\/li>\n<li><a href=\"https:\/\/www.freiburg-schwarzwald.de\/littenweiler\/stadtfreiburg.htm\">Dienstleistungen der Stadt Freiburg<\/a> &gt;StadtFreiburg<\/li>\n<li><a href=\"https:\/\/www.freiburg-schwarzwald.de\/littenweiler\/stadtfreiburg.htm#Sicheres Freiburg e.V.\">Sicheres Freiburg e.V<\/a>. &gt;StadtFreiburg<\/li>\n<li><a href=\"https:\/\/www.freiburg-schwarzwald.de\/littenweiler\/buergervereine#Links\">Links<\/a><\/li>\n<\/ul>\n<p>&nbsp;<\/p>\n<p><strong>AFB &#8211; Arbeitsgemeinschaft der Freiburger B\u00fcrgervereine<\/strong><\/p>\n<p>Ortschaftsr\u00e4te gibt es in den acht Ortschaften, die in den 1970er Jahren nach Freiburg eingemeindet wurden (Opfingen, Munzingen, Tiengen, Waltershofen, Lehen, Hochdorf, Kappel, Ebnet).<br \/>\nB\u00fcrgervereine gibt es in Freiburg nur in den Stadtteilen der Kernstadt, die nicht \u00fcber einen gew\u00e4hlten Ortschaftsrat verf\u00fcgen. Die 17 B\u00fcrgervereine sind in der Arbeitsgemeinschaft Freiburger B\u00fcrgervereine (AFB) zusammengeschlossen, in einigen Stadtteilen (Mittel- und Unterwiehre, Oberwiehre-Waldsee, St. Georgen) gibt es zudem konkurrierende B\u00fcrgervereine, die nicht dem AFB angeh\u00f6ren.<\/p>\n<p>Wahlen Juli 2011: Vorsitzender:<br \/>\nErnst Lavori (B\u00fcrgerverein Mooswald); Stellvertreter: Ingrid Winkler (B\u00fcrgerverein Herdern) und Eugen Reinwald (B\u00fcrgerverein Mittel- und Unterwiehre;<br \/>\nPresse: Uto R. Bonde (B\u00fcrgerverein St. Georgen);<br \/>\nSchriftf\u00fchrer: Bernd Be\u00dfler (B\u00fcrgerverein Z\u00e4hringen);<br \/>\nKassierer: Ludwig Pl. Marbe (Lokalverein Innenstadt);<br \/>\nBeisitzer: Bobby Glatz (Stadtteilverein Vauban, neu), Hubert Nixdorf, (Lokalverein Haslach) und Daniela Ullrich (B\u00fcrgerverein St\u00fchlinger).<!-- RSPEAK_STOP --><\/p>\n<p>Arbeitsgemeinschaft der Freiburger B\u00fcrgervereine AFB<br \/>\n<a href=\"https:\/\/www.afb-freiburg.de\/\" target=\"_blank\" rel=\"noopener\">www.afb-freiburg.de<\/a> <span style=\"font-family: Arial; font-size: x-small;\"><br \/>\n<\/span>AFB- Pressesprecher Uto R. Bonde, Tel. 0761 &#8211; 48 41 54<br \/>\n<a href=\"mailto:utorbonde@gmx.de\">utorbonde@gmx.de<\/a><\/p>\n<p align=\"left\">Ernst Lavori, Vorsitzender Am Rotschachen 29, 79110 Freiburg , <a href=\"mailto:e.lavori@gmx.deIngrid\">e.lavori@gmx.de<\/a><br \/>\nIngrid Winkler, stellv. Vorsitzende, Stadtstr. 56, 79104 Freiburg, <a href=\"mailto:ingridwinkler@t-online.dEugen\">ingridwinkler@t-online.de<br \/>\n<\/a>Eugen Reinwald, stellv. Vorsitzender, Goethestra\u00dfe 46, 79100 Freiburg, <a href=\"mailto:info@buergerverein-wiehre.de\">info@buergerverein-wiehre.de<\/a><br \/>\n<a href=\"https:\/\/www.afb-freiburg.de\/\">www.afb-freiburg.de<\/a><\/p>\n<p>&nbsp;<\/p>\n<p>&nbsp;<\/p>\n<p><strong>Lokalverein Innenstadt Freiburg i.Br. e.V.<\/strong><\/p>\n<p>Bis 1998 gab es zwei B\u00fcrgervereine in den Freiburger Innenstadt: Der Lokalverein Oberstadt und der B\u00fcrgerverein Unterstadt. \u201eDie beiden Lokalvereine sind daher \u00fcbereingekommen, sich zusammenzuschlie\u00dfen, um dadurch eine gr\u00f6\u00dfere Wirksamkeit f\u00fcr die Vertretung der B\u00fcrgerinteressen zu erreichen.\u201c \u2013 So der Text der Pr\u00e4ambel zur Satzung des Lokalvereins Innenstadt, die am 5. M\u00e4rz 1998, dem Tag der Fusion, in Kraft trat.<\/p>\n<p>Lokalverein Innenstadt Freiburg i.Br. e.V.<br \/>\nc\/o\u00a0Dr. \u00a0jur. Michael Fleiner, Eisenbahnstrasse 43, 79098 Freiburg,\u00a0Tel 07 61 \/ 3 25 67<br \/>\n<a href=\"https:\/\/www.lokalverein.de\">www.lokalverein.de<\/a><\/p>\n<p><a href=\"https:\/\/www.obere-altstadt-freiburg.de\">www.obere-altstadt-freiburg.de<\/a><br \/>\n<a title=\"zFriburginderStadt\" href=\"https:\/\/www.freiburg-schwarzwald.de\/blog\/business\/handel\/zfriburginderstadt\/\">zFriburg in der Stadt &#8211; Gewerbeverein<\/a><\/p>\n<p>&#8212;&#8212;&#8212;&#8212;&#8212;&#8212;&#8212;&#8212;&#8212;&#8212;&#8212;&#8212;&#8212;&#8212;&#8212;&#8212;&#8212;&#8212;&#8212;&#8212;&#8212;&#8212;&#8212;&#8212;&#8212;-<\/p>\n<p><strong>Freiburger B\u00fcrgervereine sind \u00fcberaltert &#8211;\u00a0Rentnerclubs<\/strong><br \/>\nWenn es um politische Fragen geht, mischen in Freiburg traditionell die B\u00fcrgervereine ordentlich mit &#8211; auch wenn sie nicht demokratisch legitimiert sind und nur ein Bruchteil aller Einwohner bei ihnen Mitglied ist. Doch in der j\u00fcngsten Zeit klagen viele Vereine dar\u00fcber, dass sie zu regelrechten &#8222;Rentnerclubs&#8220; werden. &#8230;.<br \/>\nAlles vom 27.6.2015 bitte lesen auf<br \/>\n<a href=\"https:\/\/www.badische-zeitung.de\/freiburg\/viele-freiburger-buergervereine-sind-ueberaltert-haben-sie-trotzdem-eine-zukunft\">https:\/\/www.badische-zeitung.de\/freiburg\/viele-freiburger-buergervereine-sind-ueberaltert-haben-sie-trotzdem-eine-zukunft<\/a><\/p>\n<p>Freiburgs B\u00fcrgervereine<br \/>\nDie Freiburger B\u00fcrger-, Lokal-, Orts- und Stadtteilvereine verstehen sich als parteipolitisch neutrale und unabh\u00e4ngige B\u00fcrgervertretungen f\u00fcr die verschiedenen Freiburger Quartiere. Dabei sind die Vereinsgrenzen jedoch nicht immer identisch mit den offiziellen Stadtteilgrenzen. 18 Vereine sind unter dem Dach der Arbeitsgemeinschaft Freiburger B\u00fcrgervereine (AFB) zusammen geschlossen, davon 17 Vereine aus der Kernstadt. Sie bekommen f\u00fcr ihre Arbeit von der Stadtverwaltung als Sockelbetrag jeweils einen Zuschuss von 1200 Euro pro Jahr. Eine Sonderrolle hat der B\u00fcrgerverein Opfingen: Weil es in den acht w\u00e4hrend der 1970er Jahre eingemeindeten Ortschaften eigentlich keine B\u00fcrgervereine gibt, sondern die Belange der Bev\u00f6lkerung durch die gew\u00e4hlten Ortschaftsr\u00e4te vertreten werden, bekommt der B\u00fcrgerverein Opfingen keinen Zuschuss von der Stadt Freiburg; er ist aber Mitglied in der AFB. Eine weitere Ausnahme ist der erst 2014 gegr\u00fcndete 19. Freiburger B\u00fcrgerverein Haslach-Haid: Er kann einen Antrag auf offizielle Anerkennung bei der Stadtverwaltung erst nach zwei Jahren getaner Arbeit stellen. Eine Mitgliedschaft bei der AFB strebt der Verein derzeit nach Aussagen des Vorstands nicht an. Anders als die Ortschaftsr\u00e4te sind die B\u00fcrgervereine nicht demokratisch legitimiert, die Vorst\u00e4nde k\u00f6nnen nicht von allen Quartiersbewohnern, sondern nur von den Mitgliedern gew\u00e4hlt werden. Ihre Einflussm\u00f6glichkeit beschr\u00e4nkt sich deshalb auf eine beratende Funktion.<br \/>\n27.6.2015<\/p>\n<p>&nbsp;<\/p>\n<p><a title=\"zFriburginderStadt\" href=\"https:\/\/www.freiburg-schwarzwald.de\/blog\/business\/handel\/zfriburginderstadt\/\"><br \/>\n<\/a><br \/>\n<strong>18 B\u00fcrgervereine der AFB seit 60 Jahren engagiert<\/strong><\/p>\n<p>Seit 60 Jahren pflegen die B\u00fcrgervereine das Freiburger Gemeinwohl \u2013 auch f\u00fcr 2013 stehen \u201ehei\u00dfe Eisen\u201c an. In fr\u00fcheren Jahren gab es einmal gro\u00dfe Plakate, die f\u00fcr die \u201eAktion Gemeinsinn\u201c warben \u2013 sie sind l\u00e4ngst\u00a0 verschwunden. Ganz anders verh\u00e4lt es sich bei den Akteuren f\u00fcr das Freiburger Gemeinwohl. Seit Jahrzehnten gibt es <a title=\"Engagement\" href=\"https:\/\/www.freiburg-schwarzwald.de\/blog\/engagement\/\">engagierte<\/a> B\u00fcrgerinnen und B\u00fcrger, die sich couragiert einbringen und ihre Stimme erheben, wenn \u00f6ffentliche\u00a0 Belange in ihrer n\u00e4chsten Nachbarschaft zur Diskussion stehen. Davon gab es schon immer zahlreiche Beispiele, wo sich Unmut dar\u00fcber regte, wenn Entscheidungen als ungerecht oder unverh\u00e4ltnism\u00e4ssig empfunden wurden. Seit 60 Jahren engagiert sich ein zentraler Vorstand aus den Stadtteil-B\u00fcrgervereinen, der als Arbeitsgemeinschaft die lokalen Themen b\u00fcndelt und koordiniert an die Verwaltungsspitzen oder an den Oberb\u00fcrgermeister herantr\u00e4gt und dort versucht, einvernehmliche L\u00f6sungen herbeizuf\u00fchren. Nicht immer ohne ernste Miene umschreiben manche ehrenamtlich t\u00e4tige B\u00fcrgervertreter dies auch mit dem \u201eBohren dicker Bretter\u201c.<\/p>\n<p><a href=\"https:\/\/www.freiburg-schwarzwald.de\/blog\/engagement\/buergervereine\/buergervereine-fr2013\/\" rel=\"attachment wp-att-19444\"><img loading=\"lazy\" decoding=\"async\" class=\"alignnone size-thumbnail wp-image-19444\" title=\"buergervereine-fr2013\" src=\"https:\/\/www.freiburg-schwarzwald.de\/blog\/wp-content\/uploads\/2013\/01\/buergervereine-fr2013-180x118.jpg\" alt=\"\" width=\"180\" height=\"118\" srcset=\"https:\/\/www.freiburg-schwarzwald.de\/blog\/wp-content\/uploads\/2013\/01\/buergervereine-fr2013-180x118.jpg 180w, https:\/\/www.freiburg-schwarzwald.de\/blog\/wp-content\/uploads\/2013\/01\/buergervereine-fr2013-640x421.jpg 640w, https:\/\/www.freiburg-schwarzwald.de\/blog\/wp-content\/uploads\/2013\/01\/buergervereine-fr2013.jpg 641w\" sizes=\"auto, (max-width: 180px) 100vw, 180px\" \/><\/a><\/p>\n<p align=\"left\"><em>Der Vorstand der AFB 2012: Hintere Reihe v.l. Uto R. Bonde (St. Georgen), Bernd Be\u00dfler (Z\u00e4hringen), Daniela Ullrich (St\u00fchlinger), Ludwig Pl. Marbe (Innenstadt), Bobby Glatz (Vauban), Hubert Nixdorf (Haslach). Vordere Reihe v.l. Ingrid Winkler (Herdern), Ernst Lavori (Mooswald), Eugen Reinwald (Mittel- und Unterwiehre). Bild: AFB<\/em><\/p>\n<p>Zum Jahresende kann die AFB und ihre 18 angeschlossenen B\u00fcrgervereine eine stolze Bilanz von Aktivit\u00e4ten pr\u00e4sentieren. Die \u00fcber 7.000\u00a0 B\u00fcrgervereinsmitglieder haben sich vielf\u00e4ltig in ihren Quartieren engagiert \u2013 die Liste davon reicht von A wie Adventsmarkt bis Z wie Zugl\u00e4rm. Mit einem Festabend mit der Ministerin im Baden-W\u00fcrttembergischen Staatsministerium Silke Krebs im Historischen Kaufhaus und einer umfangreichen Pr\u00e4sentation auf dem\u00a0 Rathausplatz feierten wir das bemerkenswerte Jubil\u00e4um \u201e60 Jahre AFB \u2013 aktiv f\u00fcr die B\u00fcrgerschaft\u201c. Die Erstellung von Stadtteilleitlinien (STELL) in mehreren Stadtteilen zeigt, dass sich viele B\u00fcrger um die k\u00fcnftige Entwicklung Freiburgs verantwortungsvoll k\u00fcmmern. Genannt seien nur die aktuellsten Diskussionen um das \u201eWohnen in einer wachsenden Stadt\u201c, \u201e<a title=\"Laerm\" href=\"https:\/\/www.freiburg-schwarzwald.de\/blog\/natur\/umwelt\/laerm\/\">L\u00e4rm<\/a>\u201c, \u201eSicherheits- und Alkoholpr\u00e4vention\u201c sowie die \u201eFestkultur\u201c, die auf gro\u00dfe Betroffenheit und Beteiligung sto\u00dfen und wobei hart um L\u00f6sungen gerungen wird. Gerade das Thema Nachverdichtung und Innenstadtentwicklung eregt nach wie vor die Gem\u00fcter. Dabei ist wichtig, mit der Stadt, mit den B\u00fcrgervereinen, aber\u00a0 auch mit den verschiedenen B\u00fcrgerinitiativen eine soziale, \u00f6kologische und kulturelle ausgewogene\u00a0Stadtentwicklung einzufordern. Der von Stadtplaner Roland Jerusalem vorgeschlagene Gestaltungsrat f\u00fcr Freiburg bietet dazu ein gro\u00dfe Chance, Freiburg als lebenswerte Stadt zu erhalten. Auch f\u00fcr das Jahr 2013 stehen zahlreiche \u201ehei\u00dfe Eisen\u201c auf der Agenda der AFB, die sie mit der B\u00fcrgerschaft behandeln wird \u2013 dazu geben auch die zahlreichen Neujahrsempf\u00e4nge der B\u00fcrgervereine viel Gelegenheit zum gemeinsamen Gespr\u00e4ch \u2013 hierzu laden wir Sie alle gerne im neuen Jahr ein!<br \/>\n3.1.2013, Uto R. Bonde<\/p>\n<p>&nbsp;<\/p>\n<p><strong>B\u00fcrgervereine &#8211; Wir sehen uns nicht als Konkurrenz<\/strong><\/p>\n<p>In Freiburg gibt es 18 B\u00fcrgervereine mit etwa 7000 Mitgliedern. Alle im Freiburger Gemeinderat vertretenen Parteien haben etwa 3200 Mitglieder, nicht einmal halb so viel wie die B\u00fcrgervereine. Die Geschicke der Bundesrepublik Deutschland werden von 0,7 Prozent der 82 Millionen B\u00fcrger bestimmt, nahezu ausschlie\u00dflich Mitglieder von Parteien, zudem noch \u00fcberwiegend im Interesse dieser Parteien und deren unterst\u00fctzenden Lobbys. \u00c4hnliches gilt f\u00fcr die Gemeinder\u00e4te der St\u00e4dte, auch hier werden h\u00e4ufig nicht die Anliegen der B\u00fcrger vertreten: Beispielsweise wollte der Freiburger Gemeinderat stadteigene Wohnungen verkaufen, was durch B\u00fcrgerinitiativen erfolgreich verhindert wurde.<br \/>\nIn ganz Deutschland wird \u00fcber mehr B\u00fcrgerbeteiligung diskutiert, sogar \u00fcber entsprechende \u00c4nderungen des Grundgesetzes nachgedacht. In den B\u00fcrgervereinen setzen sich Mitglieder f\u00fcr das Allgemeinwohl ein, in ihrer Freizeit, freiwillig, v\u00f6llig unentgeltlich, an Sachthemen orientiert und auf \u00fcberparteilicher Basis. Warum sollen B\u00fcrger nicht ihre Interessen selber vertreten oder zumindest mitvertreten? Der B\u00fcrger ist systemrelevant! Nicht die Institutionen! Nun h\u00f6rt man aus dem Stadtteil Munzingen, Herr Ortsvorsteher Hasenfratz wolle seinen Ortschaftsrat um zwei Mitglieder vergr\u00f6\u00dfern, weil &#8222;sich damit die Bildung eines konkurrierenden B\u00fcrgervereines wie in Opfingen verhindern lie\u00dfe&#8220;. Und: &#8222;Wir sollten die M\u00f6glichkeit bieten, mehr B\u00fcrger im Ortschaftsrat mitarbeiten zu lassen&#8220;. Man muss sich das einmal auf der Zunge zergehen lassen: Da will ein Ortsvorsteher durch zwei zus\u00e4tzliche Ortschaftsr\u00e4te (Kosten f\u00fcr den Steuerzahler etwa 3000 Euro pro Jahr) verhindern, dass sich B\u00fcrger des Stadtteiles Munzingen mit um ihre Belange k\u00fcmmern. Auch wer nur einen Zipfel an Macht in der Hand h\u00e4lt, tr\u00e4gt mit solchen \u00c4u\u00dferungen zur Politik- und Parteienverdrossenheit bei. Und zum Schluss noch eine Anmerkung zum Selbstverst\u00e4ndnis des B\u00fcrgervereins Freiburg-Opfingen: Wir sehen uns nicht als Konkurrenz zur \u00f6ffentlichen, gew\u00e4hlten Institution Ortschaftsrat, sondern als b\u00fcrgerliche Erg\u00e4nzung bei zufriedener Zusammenarbeit.<br \/>\n20.9.2013. Dr. Dieter Kroll, Anita Schreck (B\u00fcrgerverein Freiburg-Opfingen)<\/p>\n<p>Zum Bericht &#8222;Munzinger Rat soll wachsen&#8220; (BZ vom 13. September), in dem es darum ging, dass der Ortschaftsrat Munzingen selbst daf\u00fcr pl\u00e4diert, nach der Kommunalwahl 2014 \u00fcber zwei Sitze mehr zu verf\u00fcgen. <a href=\"https:\/\/www.badische-zeitung.de\/freiburg-tuniberg\/munzinger-rat-soll-wachsen--75176176.html\">https:\/\/www.badische-zeitung.de\/freiburg-tuniberg\/munzinger-rat-soll-wachsen&#8211;75176176.html<\/a><br \/>\n<!-- RSPEAK_STOP --><\/p>\n","protected":false},"excerpt":{"rendered":"<p>Home &gt;Engagement &gt;Freiburg &gt;Buergervereine Ohne b\u00fcrgerschaftliches Engagement geht nichts &#8211; wie wahr. Andererseits d\u00fcrfen aus Gr\u00fcnden der Kostenersparnis nicht immer mehr Aufgaben auf kostenlos-ehrenamtlich t\u00e4tige B\u00fcrger &#8222;abgew\u00e4lzt&#8220; werden. Listenauswahl eines Beitrags (Artikel\/Datum, Seite\/Inhalt): Klicken oder scrollen B\u00fcrgerverein Herdern ehrt Hans &hellip; <a href=\"https:\/\/www.freiburg-schwarzwald.de\/blog\/engagement\/buergervereine\/\">Weiterlesen <span class=\"meta-nav\">&rarr;<\/span><\/a><\/p>\n","protected":false},"author":4,"featured_media":0,"parent":148,"menu_order":0,"comment_status":"open","ping_status":"closed","template":"","meta":{"footnotes":""},"class_list":["post-19432","page","type-page","status-publish","hentry"],"_links":{"self":[{"href":"https:\/\/www.freiburg-schwarzwald.de\/blog\/wp-json\/wp\/v2\/pages\/19432","targetHints":{"allow":["GET"]}}],"collection":[{"href":"https:\/\/www.freiburg-schwarzwald.de\/blog\/wp-json\/wp\/v2\/pages"}],"about":[{"href":"https:\/\/www.freiburg-schwarzwald.de\/blog\/wp-json\/wp\/v2\/types\/page"}],"author":[{"embeddable":true,"href":"https:\/\/www.freiburg-schwarzwald.de\/blog\/wp-json\/wp\/v2\/users\/4"}],"replies":[{"embeddable":true,"href":"https:\/\/www.freiburg-schwarzwald.de\/blog\/wp-json\/wp\/v2\/comments?post=19432"}],"version-history":[{"count":2,"href":"https:\/\/www.freiburg-schwarzwald.de\/blog\/wp-json\/wp\/v2\/pages\/19432\/revisions"}],"predecessor-version":[{"id":140013,"href":"https:\/\/www.freiburg-schwarzwald.de\/blog\/wp-json\/wp\/v2\/pages\/19432\/revisions\/140013"}],"up":[{"embeddable":true,"href":"https:\/\/www.freiburg-schwarzwald.de\/blog\/wp-json\/wp\/v2\/pages\/148"}],"wp:attachment":[{"href":"https:\/\/www.freiburg-schwarzwald.de\/blog\/wp-json\/wp\/v2\/media?parent=19432"}],"curies":[{"name":"wp","href":"https:\/\/api.w.org\/{rel}","templated":true}]}}