{"id":19189,"date":"2012-12-31T22:22:33","date_gmt":"2012-12-31T21:22:33","guid":{"rendered":"https:\/\/www.freiburg-schwarzwald.de\/blog\/?page_id=19189"},"modified":"2012-12-31T22:59:01","modified_gmt":"2012-12-31T21:59:01","slug":"altvogtsburg","status":"publish","type":"page","link":"https:\/\/www.freiburg-schwarzwald.de\/blog\/regio\/kaiserstuhl\/altvogtsburg\/","title":{"rendered":"Altvogtsburg"},"content":{"rendered":"<p>\u00a0Home &gt;<a title=\"Orte\" href=\"https:\/\/www.freiburg-schwarzwald.de\/blog\/regio\/orte\/\">Orte<\/a> &gt;<a title=\"Kaiserstuhl\" href=\"https:\/\/www.freiburg-schwarzwald.de\/blog\/regio\/kaiserstuhl\/\">Kaiserstuhl<\/a> &gt;Altvogtsburg<\/p>\n<div>\n<dl id=\"attachment_19202\">\n<dt><a href=\"https:\/\/www.freiburg-schwarzwald.de\/blog\/regio\/kaiserstuhl\/altvogtsburg\/kaiserstuhl8badloch-pan121029\/\" rel=\"attachment wp-att-19202\"><img loading=\"lazy\" decoding=\"async\" title=\"kaiserstuhl8badloch-pan121029\" src=\"https:\/\/www.freiburg-schwarzwald.de\/blog\/wp-content\/uploads\/2012\/12\/kaiserstuhl8badloch-pan121029.jpg\" alt=\"\" width=\"639\" height=\"224\" \/><\/a><\/dt>\n<dd>Blick vom Badloch am Badberg bei Altvogtsburg nach Osten zum Totenkopf am 29.10.2012<\/dd>\n<\/dl>\n<\/div>\n<p>&nbsp;<\/p>\n<ul>\n<ul>\n<li>Altvogtsburg und Vogtsburg<\/li>\n<li><a href=\"https:\/\/www.freiburg-schwarzwald.de\/vogtsburg#Alt-Vogtsburg\">https:\/\/www.freiburg-schwarzwald.de\/vogtsburg#Alt-Vogtsburg<\/a>\u00a0&gt;Altvogtsburg Archivseite<\/li>\n<li><a title=\"Vogelsang\" href=\"https:\/\/www.freiburg-schwarzwald.de\/blog\/regio\/kaiserstuhl\/vogelsang\/\">Vogelsangpass<\/a><\/li>\n<\/ul>\n<\/ul>\n<p>&nbsp;<\/p>\n<p align=\"left\"><strong>Altvogtsburg und Vogtsburg<\/strong><\/p>\n<p>Vogtsburg\u00a0entstand aus der Retorte als Zusammenschluss der Ortschaften Burkheim, Bischoffingen, Oberrrotweil, Niederrotweil, Achkarren, Bickensohl, Oberbergen, Altvogtsburg und Schelingen &#8211; namengebend war der Weiler Vogtsburg als kleinstes Kaiserstuhldorf.<br \/>\nDas B\u00fcrgermeisteramt von Vogtsburg befindet sich in Oberrotweil. <a href=\"https:\/\/www.vogtsburg.de\/\">www.vogtsburg.de<\/a><br \/>\nDer Weiler Vogtsburg liegt zwischen dem Vogelsang-Pass und Oberbergen am S\u00fcdhang des Badbergs und tr\u00e4gt heute den Namen Altvogtsburg.\u00a0<\/p>\n<p>&nbsp;<\/p>\n<p><a href=\"https:\/\/www.freiburg-schwarzwald.de\/blog\/regio\/kaiserstuhl\/altvogtsburg\/kaiserstuhl1trauben121029\/\" rel=\"attachment wp-att-19191\"><img loading=\"lazy\" decoding=\"async\" class=\"alignnone size-thumbnail wp-image-19191\" title=\"kaiserstuhl1trauben121029\" src=\"https:\/\/www.freiburg-schwarzwald.de\/blog\/wp-content\/uploads\/2012\/12\/kaiserstuhl1trauben121029-135x180.jpg\" alt=\"\" width=\"135\" height=\"180\" srcset=\"https:\/\/www.freiburg-schwarzwald.de\/blog\/wp-content\/uploads\/2012\/12\/kaiserstuhl1trauben121029-135x180.jpg 135w, https:\/\/www.freiburg-schwarzwald.de\/blog\/wp-content\/uploads\/2012\/12\/kaiserstuhl1trauben121029.jpg 480w\" sizes=\"auto, (max-width: 135px) 100vw, 135px\" \/><\/a>\u00a0\u00a0\u00a0\u00a0\u00a0\u00a0\u00a0\u00a0\u00a0 <a href=\"https:\/\/www.freiburg-schwarzwald.de\/blog\/regio\/kaiserstuhl\/altvogtsburg\/kaiserstuhl2trauben121029\/\" rel=\"attachment wp-att-19192\"><img loading=\"lazy\" decoding=\"async\" class=\"alignnone size-thumbnail wp-image-19192\" title=\"kaiserstuhl2trauben121029\" src=\"https:\/\/www.freiburg-schwarzwald.de\/blog\/wp-content\/uploads\/2012\/12\/kaiserstuhl2trauben121029-180x135.jpg\" alt=\"\" width=\"180\" height=\"135\" srcset=\"https:\/\/www.freiburg-schwarzwald.de\/blog\/wp-content\/uploads\/2012\/12\/kaiserstuhl2trauben121029-180x135.jpg 180w, https:\/\/www.freiburg-schwarzwald.de\/blog\/wp-content\/uploads\/2012\/12\/kaiserstuhl2trauben121029.jpg 640w\" sizes=\"auto, (max-width: 180px) 100vw, 180px\" \/><\/a>\u00a0\u00a0\u00a0\u00a0\u00a0\u00a0\u00a0\u00a0\u00a0 <a href=\"https:\/\/www.freiburg-schwarzwald.de\/blog\/regio\/kaiserstuhl\/altvogtsburg\/kaiserstuhl3trauben121029\/\" rel=\"attachment wp-att-19193\"><img loading=\"lazy\" decoding=\"async\" class=\"alignnone size-thumbnail wp-image-19193\" title=\"kaiserstuhl3trauben121029\" src=\"https:\/\/www.freiburg-schwarzwald.de\/blog\/wp-content\/uploads\/2012\/12\/kaiserstuhl3trauben121029-180x135.jpg\" alt=\"\" width=\"180\" height=\"135\" srcset=\"https:\/\/www.freiburg-schwarzwald.de\/blog\/wp-content\/uploads\/2012\/12\/kaiserstuhl3trauben121029-180x135.jpg 180w, https:\/\/www.freiburg-schwarzwald.de\/blog\/wp-content\/uploads\/2012\/12\/kaiserstuhl3trauben121029.jpg 640w\" sizes=\"auto, (max-width: 180px) 100vw, 180px\" \/><\/a><br \/>\n(1) Traunen und Schnee\u00a0\u00a0\u00a0\u00a0\u00a0\u00a0\u00a0\u00a0\u00a0\u00a0\u00a0\u00a0 (2) 29.10.2012\u00a0\u00a0\u00a0\u00a0\u00a0\u00a0\u00a0\u00a0\u00a0\u00a0\u00a0\u00a0\u00a0\u00a0\u00a0\u00a0\u00a0\u00a0\u00a0\u00a0\u00a0\u00a0\u00a0\u00a0\u00a0\u00a0\u00a0\u00a0\u00a0\u00a0\u00a0\u00a0\u00a0\u00a0\u00a0\u00a0\u00a0\u00a0\u00a0\u00a0\u00a0\u00a0 (3) Ernte am 29.10.2012<\/p>\n<p><a href=\"https:\/\/www.freiburg-schwarzwald.de\/blog\/regio\/kaiserstuhl\/altvogtsburg\/kaiserstuhl4altvogtsburg121029\/\" rel=\"attachment wp-att-19195\"><img loading=\"lazy\" decoding=\"async\" class=\"alignnone size-thumbnail wp-image-19195\" title=\"kaiserstuhl4altvogtsburg121029\" src=\"https:\/\/www.freiburg-schwarzwald.de\/blog\/wp-content\/uploads\/2012\/12\/kaiserstuhl4altvogtsburg121029-180x135.jpg\" alt=\"\" width=\"180\" height=\"135\" srcset=\"https:\/\/www.freiburg-schwarzwald.de\/blog\/wp-content\/uploads\/2012\/12\/kaiserstuhl4altvogtsburg121029-180x135.jpg 180w, https:\/\/www.freiburg-schwarzwald.de\/blog\/wp-content\/uploads\/2012\/12\/kaiserstuhl4altvogtsburg121029.jpg 640w\" sizes=\"auto, (max-width: 180px) 100vw, 180px\" \/><\/a>\u00a0\u00a0\u00a0\u00a0\u00a0\u00a0\u00a0\u00a0\u00a0 <a href=\"https:\/\/www.freiburg-schwarzwald.de\/blog\/regio\/kaiserstuhl\/altvogtsburg\/kaiserstuhl5badbergpfad121029\/\" rel=\"attachment wp-att-19196\"><img loading=\"lazy\" decoding=\"async\" class=\"alignnone size-thumbnail wp-image-19196\" title=\"kaiserstuhl5badbergpfad121029\" src=\"https:\/\/www.freiburg-schwarzwald.de\/blog\/wp-content\/uploads\/2012\/12\/kaiserstuhl5badbergpfad121029-143x180.jpg\" alt=\"\" width=\"143\" height=\"180\" srcset=\"https:\/\/www.freiburg-schwarzwald.de\/blog\/wp-content\/uploads\/2012\/12\/kaiserstuhl5badbergpfad121029-143x180.jpg 143w, https:\/\/www.freiburg-schwarzwald.de\/blog\/wp-content\/uploads\/2012\/12\/kaiserstuhl5badbergpfad121029.jpg 506w\" sizes=\"auto, (max-width: 143px) 100vw, 143px\" \/><\/a>\u00a0\u00a0\u00a0\u00a0\u00a0\u00a0\u00a0\u00a0\u00a0 <a href=\"https:\/\/www.freiburg-schwarzwald.de\/blog\/regio\/kaiserstuhl\/altvogtsburg\/kaiserstuhl6badloch121029\/\" rel=\"attachment wp-att-19197\"><img loading=\"lazy\" decoding=\"async\" class=\"alignnone size-thumbnail wp-image-19197\" title=\"kaiserstuhl6badloch121029\" src=\"https:\/\/www.freiburg-schwarzwald.de\/blog\/wp-content\/uploads\/2012\/12\/kaiserstuhl6badloch121029-180x135.jpg\" alt=\"\" width=\"180\" height=\"135\" srcset=\"https:\/\/www.freiburg-schwarzwald.de\/blog\/wp-content\/uploads\/2012\/12\/kaiserstuhl6badloch121029-180x135.jpg 180w, https:\/\/www.freiburg-schwarzwald.de\/blog\/wp-content\/uploads\/2012\/12\/kaiserstuhl6badloch121029.jpg 640w\" sizes=\"auto, (max-width: 180px) 100vw, 180px\" \/><\/a><br \/>\n(4) Altvogtsburg\u00a0\u00a0\u00a0\u00a0\u00a0\u00a0\u00a0\u00a0\u00a0\u00a0\u00a0\u00a0\u00a0\u00a0\u00a0\u00a0\u00a0\u00a0\u00a0\u00a0\u00a0\u00a0\u00a0\u00a0\u00a0\u00a0\u00a0\u00a0\u00a0\u00a0\u00a0\u00a0\u00a0\u00a0\u00a0\u00a0\u00a0\u00a0\u00a0\u00a0\u00a0 (5) Badbergpfad\u00a0\u00a0\u00a0\u00a0\u00a0\u00a0\u00a0\u00a0\u00a0\u00a0\u00a0\u00a0\u00a0\u00a0\u00a0\u00a0\u00a0\u00a0\u00a0\u00a0\u00a0\u00a0\u00a0\u00a0\u00a0\u00a0\u00a0 (6) Badloch<\/p>\n<p><a href=\"https:\/\/www.freiburg-schwarzwald.de\/blog\/regio\/kaiserstuhl\/altvogtsburg\/kaiserstuhl7badloch121029\/\" rel=\"attachment wp-att-19198\"><img loading=\"lazy\" decoding=\"async\" class=\"alignnone size-thumbnail wp-image-19198\" title=\"kaiserstuhl7badloch121029\" src=\"https:\/\/www.freiburg-schwarzwald.de\/blog\/wp-content\/uploads\/2012\/12\/kaiserstuhl7badloch121029-135x180.jpg\" alt=\"\" width=\"135\" height=\"180\" srcset=\"https:\/\/www.freiburg-schwarzwald.de\/blog\/wp-content\/uploads\/2012\/12\/kaiserstuhl7badloch121029-135x180.jpg 135w, https:\/\/www.freiburg-schwarzwald.de\/blog\/wp-content\/uploads\/2012\/12\/kaiserstuhl7badloch121029.jpg 480w\" sizes=\"auto, (max-width: 135px) 100vw, 135px\" \/><\/a>\u00a0\u00a0\u00a0\u00a0\u00a0\u00a0\u00a0\u00a0\u00a0 <a href=\"https:\/\/www.freiburg-schwarzwald.de\/blog\/regio\/kaiserstuhl\/altvogtsburg\/kaiserstuhl8badloch121029\/\" rel=\"attachment wp-att-19199\"><img loading=\"lazy\" decoding=\"async\" class=\"alignnone size-thumbnail wp-image-19199\" title=\"kaiserstuhl8badloch121029\" src=\"https:\/\/www.freiburg-schwarzwald.de\/blog\/wp-content\/uploads\/2012\/12\/kaiserstuhl8badloch121029-180x135.jpg\" alt=\"\" width=\"180\" height=\"135\" srcset=\"https:\/\/www.freiburg-schwarzwald.de\/blog\/wp-content\/uploads\/2012\/12\/kaiserstuhl8badloch121029-180x135.jpg 180w, https:\/\/www.freiburg-schwarzwald.de\/blog\/wp-content\/uploads\/2012\/12\/kaiserstuhl8badloch121029.jpg 640w\" sizes=\"auto, (max-width: 180px) 100vw, 180px\" \/><\/a>\u00a0\u00a0\u00a0\u00a0\u00a0\u00a0\u00a0\u00a0\u00a0 <a href=\"https:\/\/www.freiburg-schwarzwald.de\/blog\/regio\/kaiserstuhl\/altvogtsburg\/kaiserstuhl9badloch121029\/\" rel=\"attachment wp-att-19200\"><img loading=\"lazy\" decoding=\"async\" class=\"alignnone size-thumbnail wp-image-19200\" title=\"kaiserstuhl9badloch121029\" src=\"https:\/\/www.freiburg-schwarzwald.de\/blog\/wp-content\/uploads\/2012\/12\/kaiserstuhl9badloch121029-135x180.jpg\" alt=\"\" width=\"135\" height=\"180\" srcset=\"https:\/\/www.freiburg-schwarzwald.de\/blog\/wp-content\/uploads\/2012\/12\/kaiserstuhl9badloch121029-135x180.jpg 135w, https:\/\/www.freiburg-schwarzwald.de\/blog\/wp-content\/uploads\/2012\/12\/kaiserstuhl9badloch121029.jpg 480w\" sizes=\"auto, (max-width: 135px) 100vw, 135px\" \/><\/a><br \/>\n(7)\u00a0Badloch Felsspalte\u00a0\u00a0\u00a0\u00a0\u00a0\u00a0\u00a0\u00a0\u00a0\u00a0\u00a0\u00a0 (8) Blick aus dem Badloch\u00a0\u00a0\u00a0\u00a0\u00a0\u00a0\u00a0\u00a0\u00a0\u00a0\u00a0\u00a0\u00a0\u00a0\u00a0\u00a0\u00a0\u00a0\u00a0\u00a0\u00a0 (9) Badloch<\/p>\n<p><a href=\"https:\/\/www.freiburg-schwarzwald.de\/blog\/regio\/kaiserstuhl\/altvogtsburg\/kaiserstuhl10badloch121029\/\" rel=\"attachment wp-att-19201\"><img loading=\"lazy\" decoding=\"async\" class=\"alignnone size-thumbnail wp-image-19201\" title=\"kaiserstuhl10badloch121029\" src=\"https:\/\/www.freiburg-schwarzwald.de\/blog\/wp-content\/uploads\/2012\/12\/kaiserstuhl10badloch121029-180x135.jpg\" alt=\"\" width=\"180\" height=\"135\" srcset=\"https:\/\/www.freiburg-schwarzwald.de\/blog\/wp-content\/uploads\/2012\/12\/kaiserstuhl10badloch121029-180x135.jpg 180w, https:\/\/www.freiburg-schwarzwald.de\/blog\/wp-content\/uploads\/2012\/12\/kaiserstuhl10badloch121029.jpg 640w\" sizes=\"auto, (max-width: 180px) 100vw, 180px\" \/><\/a>\u00a0\u00a0\u00a0\u00a0\u00a0\u00a0\u00a0\u00a0\u00a0<br \/>\n(10)<\/p>\n<p>\u00a0<br \/>\n(1-2) Keine Fotomontage, sondern Kaiserst\u00fchler Wirklichkeit: Am 27.10.2012 hat es kr\u00e4ftig geschneit und in h\u00f6heren Laden des Kaiserstuhls blieb der Schnee &#8211; was sehr selten vorkommt &#8211; sogar liegen. Und zwischen Vogelsangpass und Altvogtsburg konnte man Trauben im Schnee essen.<br \/>\n(3) Am 29.10.2012 werden in Altvogtsburg Reben geerntet. Keine Sp\u00e4tlese, kein Eiswein, sondern: Nachdem es im fr\u00fchjahr gro\u00dfe Hagelsch\u00e4den gegeben hatte, trieben einige Rebsorten nochmals &#8222;versp\u00e4tet&#8220; aus.<br \/>\n(5) Der Badbergpfad f\u00fchrt von Oberrotweil \u00fcber Eichstellen nach Nimburg, er kommt am Badloch vorbei.<br \/>\n(6-10) Der Steinbruch Badloch liegt ca 400 m westlich von Altvogtsburg, am Fu\u00df des Badbergs.<\/p>\n","protected":false},"excerpt":{"rendered":"<p>\u00a0Home &gt;Orte &gt;Kaiserstuhl &gt;Altvogtsburg Blick vom Badloch am Badberg bei Altvogtsburg nach Osten zum Totenkopf am 29.10.2012 &nbsp; Altvogtsburg und Vogtsburg https:\/\/www.freiburg-schwarzwald.de\/vogtsburg#Alt-Vogtsburg\u00a0&gt;Altvogtsburg Archivseite Vogelsangpass &nbsp; Altvogtsburg und Vogtsburg Vogtsburg\u00a0entstand aus der Retorte als Zusammenschluss der Ortschaften Burkheim, Bischoffingen, Oberrrotweil, Niederrotweil, &hellip; <a href=\"https:\/\/www.freiburg-schwarzwald.de\/blog\/regio\/kaiserstuhl\/altvogtsburg\/\">Weiterlesen <span class=\"meta-nav\">&rarr;<\/span><\/a><\/p>\n","protected":false},"author":4,"featured_media":0,"parent":1941,"menu_order":0,"comment_status":"open","ping_status":"closed","template":"","meta":{"footnotes":""},"class_list":["post-19189","page","type-page","status-publish","hentry"],"_links":{"self":[{"href":"https:\/\/www.freiburg-schwarzwald.de\/blog\/wp-json\/wp\/v2\/pages\/19189","targetHints":{"allow":["GET"]}}],"collection":[{"href":"https:\/\/www.freiburg-schwarzwald.de\/blog\/wp-json\/wp\/v2\/pages"}],"about":[{"href":"https:\/\/www.freiburg-schwarzwald.de\/blog\/wp-json\/wp\/v2\/types\/page"}],"author":[{"embeddable":true,"href":"https:\/\/www.freiburg-schwarzwald.de\/blog\/wp-json\/wp\/v2\/users\/4"}],"replies":[{"embeddable":true,"href":"https:\/\/www.freiburg-schwarzwald.de\/blog\/wp-json\/wp\/v2\/comments?post=19189"}],"version-history":[{"count":0,"href":"https:\/\/www.freiburg-schwarzwald.de\/blog\/wp-json\/wp\/v2\/pages\/19189\/revisions"}],"up":[{"embeddable":true,"href":"https:\/\/www.freiburg-schwarzwald.de\/blog\/wp-json\/wp\/v2\/pages\/1941"}],"wp:attachment":[{"href":"https:\/\/www.freiburg-schwarzwald.de\/blog\/wp-json\/wp\/v2\/media?parent=19189"}],"curies":[{"name":"wp","href":"https:\/\/api.w.org\/{rel}","templated":true}]}}