{"id":18366,"date":"2012-12-21T07:56:28","date_gmt":"2012-12-21T06:56:28","guid":{"rendered":"https:\/\/www.freiburg-schwarzwald.de\/blog\/?page_id=18366"},"modified":"2025-10-22T20:40:36","modified_gmt":"2025-10-22T18:40:36","slug":"radio","status":"publish","type":"page","link":"https:\/\/www.freiburg-schwarzwald.de\/blog\/kultur\/medien\/radio\/","title":{"rendered":"Radio"},"content":{"rendered":"<p>Home &gt;<a title=\"Kultur\" href=\"https:\/\/www.freiburg-schwarzwald.de\/blog\/kultur\/\">Kultur<\/a> &gt;<a title=\"Medien\" href=\"https:\/\/www.freiburg-schwarzwald.de\/blog\/kultur\/medien\/\">Medien<\/a> &gt;Radio<\/p>\n<div id=\"attachment_18098\" style=\"width: 649px\" class=\"wp-caption alignnone\"><a href=\"https:\/\/www.freiburg-schwarzwald.de\/blog\/engagement\/zukunft\/krieg\/steig8stpeter-pan121121\/\" rel=\"attachment wp-att-18098\"><img loading=\"lazy\" decoding=\"async\" aria-describedby=\"caption-attachment-18098\" class=\"size-full wp-image-18098\" title=\"steig8stpeter-pan121121\" src=\"https:\/\/www.freiburg-schwarzwald.de\/blog\/wp-content\/uploads\/2012\/12\/steig8stpeter-pan121121.jpg\" alt=\"\" width=\"639\" height=\"249\" srcset=\"https:\/\/www.freiburg-schwarzwald.de\/blog\/wp-content\/uploads\/2012\/12\/steig8stpeter-pan121121.jpg 639w, https:\/\/www.freiburg-schwarzwald.de\/blog\/wp-content\/uploads\/2012\/12\/steig8stpeter-pan121121-180x70.jpg 180w\" sizes=\"auto, (max-width: 639px) 100vw, 639px\" \/><\/a><p id=\"caption-attachment-18098\" class=\"wp-caption-text\">Blick vom Steig nach Norden am 21.11.2012 zu St.Peter und Kandel &#8211; Nebel quillt hoch aus dem Wagensteig-, Iben-, Eschbach-, Glotter- und Rheintal<\/p><\/div>\n<p>&nbsp;<\/p>\n<ul>\n<li><em>Listenauswahl eines Beitrags: Bitte anklicken oder runterscrollen<\/em><\/li>\n<li><a href=\"https:\/\/www.freiburg-schwarzwald.de\/blog\/meine-soehne-geb-ich-nicht-swr\/\">Meine S\u00f6hne geb ich nicht: SWR\u00a0<\/a>(21.10.2025)<\/li>\n<li><a href=\"https:\/\/www.freiburg-schwarzwald.de\/blog\/kultur\/medien\/radio\/kontrafunk\/\">Nach linksextremen Drohungen sagt Kontrafunk Bodensee-Schifffahrt ab<\/a>\u00a0(4.7.2025)<\/li>\n<li><a href=\"https:\/\/www.freiburg-schwarzwald.de\/blog\/kontrafunk-kontosperrung-pirna\/\">Kontrafunk Kontosperrung Pirna<\/a>\u00a0(5.2.2025)<\/li>\n<li><a href=\"https:\/\/www.freiburg-schwarzwald.de\/blog\/kultur\/medien\/radio\/kontrafunk\/\">Zweiter Geburtstag von Kontrafunk in Dresden am 21.6.2024<\/a> (28.6.2024)<\/li>\n<li><a href=\"https:\/\/www.freiburg-schwarzwald.de\/blog\/kontrafunk-die-sonnntagsrunde\/\">Kontrafunk: Die Sonntagsrunde<\/a> (5.5.2024)<\/li>\n<li><a href=\"https:\/\/www.freiburg-schwarzwald.de\/blog\/100-jahre-radio-wirsindmedien\/\">00 Jahre Radio: WirSindMedien<\/a> (31.10.2023)<\/li>\n<li><a href=\"https:\/\/www.freiburg-schwarzwald.de\/blog\/falschmeldung-im-dlf-wozu\/\">Falschmeldung im DLF \u2013 wozu?<\/a>\u00a0(19.10.2023)<\/li>\n<li><a href=\"https:\/\/www.freiburg-schwarzwald.de\/blog\/kultur\/medien\/gez-medien\/\">18,35 Euro\/Monat f\u00fcr den Kontrafunk statt f\u00fcr den \u00d6RR<\/a>\u00a0(12.5.2023)<\/li>\n<li><a href=\"https:\/\/www.freiburg-schwarzwald.de\/blog\/kontrafunk-radio-seit-21-6-2022\/\">Kontrafunk.radio seit 21.6.2022<\/a> (23.6.2022)<\/li>\n<li><a href=\"https:\/\/www.freiburg-schwarzwald.de\/blog\/te-deckt-wahlfaelschungen-auf\/\">Tichys Einblick (TE) deckt Wahlf\u00e4lschungen auf<\/a>\u00a0(30.5.2022)<\/li>\n<li><a href=\"https:\/\/www.freiburg-schwarzwald.de\/blog\/kontrafunk-24-std-radio\/\">Kontrafunk: 24-Std-Radio<\/a> (30.5.2022)<\/li>\n<li>Kontrafunk.radio als 24-Studen-Radio (29.4.2022)<\/li>\n<li><a href=\"https:\/\/www.freiburg-schwarzwald.de\/blog\/kultur\/medien\/journalismus\/ruthenberg-medien\/\">Videobotschaft \u201eFramen wir uns positiv\u201c von Martin Ruthenberg vom 16.1.2022 <\/a><\/li>\n<li><a href=\"https:\/\/www.freiburg-schwarzwald.de\/blog\/kultur\/medien\/radio\/podcast\/\">Indubio \u2013 Internet-Politik-Talk mit Burkhard M\u00fcller-Ullrich<\/a> (22.1.2021)<\/li>\n<li><a title=\"GEZ-Medien\" href=\"https:\/\/www.freiburg-schwarzwald.de\/blog\/kultur\/medien\/gez-medien\/\">Deutschlandfunk: Konstruktiver Journalismus in Gr\u00fcn<\/a>\u00a0(23.1.2020)<\/li>\n<li><a href=\"https:\/\/www.freiburg-schwarzwald.de\/blog\/engagement\/zukunft\/demokratie\/populismus\/populismus-keule\/\">SWR: Vorwurf des Populismus gegen das Portal Freiburg-Schwarzwald.de<\/a>\u00a0(1.10.2018)<\/li>\n<li><a href=\"https:\/\/www.freiburg-schwarzwald.de\/blog\/swr-orchester-von-fr-nach-s\/\">https:\/\/www.freiburg-schwarzwald.de\/blog\/swr-orchester-von-fr-nach-s\/<\/a>\u00a0(21.12.2012)<\/li>\n<li>Baden verliert: &#8211; SWR-Orchester FR und S fusionieren nach S (4.12.2012)<\/li>\n<li>Littenweiler Pfadfinder machen Radio &gt;Radio (1.4.2010)<\/li>\n<li><a href=\"https:\/\/www.freiburg-schwarzwald.de\/westweg1.htm#SWR1-Moderatorin Barbara Scherrer wandert 2.-13.9.2009 von PF nach L\u00d6\">SWR1-Moderatorin Barbara Scherrer wandert 2.-13.9.2009 von PF nach L\u00d6<\/a> &gt;Westweg1 (28.8.09)<\/li>\n<li>Kids f\u00fcr neue Radio-Redaktionsgruppe gesucht &gt;Radio (29.2.2008)<\/li>\n<li>Plopp Award (14.4.2008)<\/li>\n<li><a href=\"https:\/\/www.freiburg-schwarzwald.de\/littenweiler\/medien1.htm#Radio Dreyeckland in der Krise\">Radio Dreyeckland in der Krise<\/a> &gt;Medien1 (5.12.2007)<\/li>\n<li><a href=\"https:\/\/www.freiburg-schwarzwald.de\/littenweiler\/medien1.htm#Radio Dreyeckland gewinnt Preis f\u00fcr H\u00f6rspiel Gutensohn 07\">Radio Dreyeckland gewinnt Preis f\u00fcr H\u00f6rspiel Gutensohn 07<\/a> &gt; Medien1 (26.10.2007)<\/li>\n<li><\/li>\n<li><a href=\"https:\/\/www.freiburg-schwarzwald.de\/kirchen.htm#Bibletunes.de - Bibelpodcast aus Eimeldingen - die Bibel im Ohr\">Bibletunes.de &#8211; Bibelpodcast aus Eimeldingen &#8211; die Bibel im Ohr<\/a> &gt;Kirchen<\/li>\n<li><a title=\"GEZ-Medien\" href=\"https:\/\/www.freiburg-schwarzwald.de\/blog\/kultur\/medien\/gez-medien\/\">GEZ-Medien<\/a><\/li>\n<li><a href=\"https:\/\/www.freiburg-schwarzwald.de\/blog\/kultur\/medien\/radio\/kontrafunk\/\">Kontrafunk<\/a><\/li>\n<li><a href=\"https:\/\/www.freiburg-schwarzwald.de\/blog\/kultur\/medien\/radio\/podcast\/\">Podcast<\/a><\/li>\n<li>Radiosender in Freiburg<\/li>\n<li><a href=\"https:\/\/www.freiburg-schwarzwald.de\/blog\/kultur\/medien\/journalismus\/ruthenberg-medien\/\">Ruthenberg-Medien<\/a><\/li>\n<li><a href=\"https:\/\/www.freiburg-schwarzwald.de\/blog\/engagement\/zukunft\/demokratie\/freiheit\/abweichende-meinung\/verbot\/\">Verbot<\/a><\/li>\n<\/ul>\n<p><strong>Kontrafunk ist das einzige Oppositionsradio in Deutschland<\/strong><\/p>\n<table border=\"1\" width=\"100%\" cellspacing=\"0\" cellpadding=\"0\" bgcolor=\"#e8e8e8\">\n<tbody>\n<tr>\n<td width=\"100%\">\n<p align=\"center\">Jugendliche in Deutschland schauen im Durchschnitt 4 Stunden Fernsehen &#8211; Tag f\u00fcr Tag.<br \/>\nDie Sendungen betreffen zu \u00fcber 95% Unterhaltung, Soap, Krimi, Gewalt und Sex.<\/p>\n<\/td>\n<\/tr>\n<\/tbody>\n<\/table>\n<p><a name=\"Radio\"><\/a>\u00a0<strong>Radios in Freiburg\u00a0<\/strong><\/p>\n<p>Radio Dreyeckland<br \/>\n<a href=\"https:\/\/www.rdl.de\/\">www.rdl.de<\/a><br \/>\n<a href=\"https:\/\/www.freiburg-schwarzwald.de\/radio#Plopp-Award: H\u00f6rkunstpreis der AKD geht nach Freiburg\">Plopp-Award: H\u00f6rkunstpreis der AKD geht nach Freiburg<\/a> &gt;Radio (14.4.2008)<br \/>\n<a href=\"https:\/\/www.freiburg-schwarzwald.de\/littenweiler\/medien1.htm#Radio Dreyeckland in der Krise\">Radio Dreyeckland in der Krise<\/a> &gt;Medien1 (5.12.2007)<br \/>\n<a href=\"https:\/\/www.freiburg-schwarzwald.de\/littenweiler\/medien1.htm#Radio Dreyeckland aus Freiburg 30 Jahre - Mitglieder gesucht\">Radio Dreyeckland aus Freiburg 30 Jahre &#8211; Mitglieder gesucht<\/a> &gt;Medien1 (10.6.2007)<br \/>\n<a href=\"https:\/\/www.freiburg-schwarzwald.de\/littenweiler\/medien1.htm#Radio Dreyeckland 25 Jahre Jubil\u00e4um und Dagegen-Sein\">Radio Dreyeckland feiert im Juni 2002 sein 25j\u00e4hriges Jubil\u00e4um<\/a> &gt;Medien1<\/p>\n<p>echo-FM &#8211; Hochschulradio Uni Freiburg<br \/>\n<a href=\"https:\/\/www.freiburg-schwarzwald.de\/littenweiler\/universitaet1.htm#Hochschulradio echo-FM seit 1.12.2006 auf Sendung\">Hochschulradio echo-FM seit 1.12.2006 auf Sendung<\/a> &gt;Universitaet1 (22.12.2006)<\/p>\n<p>Radio Regenbogen<br \/>\n<a href=\"https:\/\/www.regenbogenweb.de\/\">www.regenbogenweb.de<\/a><\/p>\n<p>Radio FR1<br \/>\n<a href=\"https:\/\/www.fr1.de\/\">www.fr1.de<\/a><\/p>\n<p>Radio SWR Freiburg<br \/>\n<a href=\"https:\/\/www.swr-freiburg.de\/\">www.swr-freiburg.de<\/a><\/p>\n<p>Freie-Radios.net<br \/>\nVon hier aus l\u00e4\u00dft sich hervorragend die Welt der community radios, der radios communitarias oder eben der Freien Radios erkunden: Radios, die &#8211; weltweit &#8211; weder staatstragend noch profitabel sein wollen, eher au\u00dferhalb des Mainstream stehen und bei denen es ganz andere Kultur und Politik gibt. Zugangsoffen und basisdemokratisch.<br \/>\n<a href=\"https:\/\/www.freie-radios.net\/\">www.freie-radios.net<\/a><\/p>\n<p>======================================================<\/p>\n<p><strong>Kontrafunk.radio als 24-Studen-Radio<\/strong><br \/>\n<strong>Kontrafunk hei\u00dft das neue 24-Stunden-Radio von \u201eindubio\u201c-Gr\u00fcnder Burkhard M\u00fcller-Ullrich<br \/>\n&#8211; &#8222;<\/strong><strong>Wir sind ein solides schweizerisches Unternehmen\u201c<\/strong><\/p>\n<p>Ein launiger Spruch besagt: Es gibt nur zwei Meinungen; meine und die falsche. L\u00e4ngst hat sich der Eindruck erh\u00e4rtet, da\u00df sich die \u00f6ffentlich-rechtlichen Medien dies als Motto auserkoren haben. Wenngleich ausgestattet mit erklecklichen Geldern aus dem \u201eRundfunkbeitrag\u201c, von vielen als Zwangsgeb\u00fchr empfunden, suchen viele in Deutschland Pluralit\u00e4t und Meinungsvielfalt vergebens. Ihrem Auftrag der neutralen Information und Kontrolle staatlichen Handelns kommen die Rundfunkanstalten nur begrenzt nach.<br \/>\nDem stellt sich eine wachsende Zahl von \u201eAlternativmedien\u201c entgegen. Zu den Protagonisten dieser neuen Medienwelt geh\u00f6rt auch der versierte Journalist und Radiomoderator Burkhard M\u00fcller-Ullrich. Als direkte Reaktion auf die Corona-Ma\u00dfnahmen etablierte er 2020 den alternativen Polit-Talk \u201eindubio\u201c im Internetportal \u201eAchse des Guten\u201c (JF 4\/21). Das Ziel: kontroverse Diskussionen f\u00fcr Menschen im Lockdown. Der gro\u00dfe Erfolg des Podcasts \u2013 man verzeichnete 70.000 bis 100.000 H\u00f6rer pro Folge \u2013 zeigt den hohen Bedarf der H\u00f6rer an unabh\u00e4ngiger Information und widerstreitenden Meinungen.<br \/>\nFolgerichtig und mit unternehmerischer Risikobereitschaft baut M\u00fcller-Ullrich nun gemeinsam mit weiteren Medienprofis einen privaten Radiosender auf, der ab Sommer t\u00e4glich ein 24st\u00fcndiges Programm via Internet aus der Schweiz heraus senden will: \u201eKontrafunk. Die Stimme der Vernunft\u201c tritt f\u00fcr \u201eeine freiheitliche, rechtsstaatliche, demokratische, b\u00fcrgerliche Gesellschaft\u201c ein und versteht sich dezidiert als liberal-konservativ und mittelstandsorientiert.<br \/>\n\u201eKontrafunk ist das Radio des b\u00fcrgerlichen Widerstands. F\u00fcr H\u00f6rer, die noch alle Tassen im Schrank haben\u201c, erkl\u00e4rt der Ex-BR- und S\u00fcddeutsche-Mitarbeiter wie stets humorvoll-provokant. F\u00fcr H\u00f6rer, die \u201enicht glauben, da\u00df die Energieversorgung durch Abschalten von Kraftwerken gesichert wird. Die vermuten, da\u00df die kommende Finanzkrise nicht durch Gelddrucken verhindert wird.\u201c Auch die Themen rund um die Folgen von Corona-Ma\u00dfnahmen und mRNA-Impfungen sowie Identit\u00e4tspolitik, Klimawandel und die Verfa\u00dftheit der etablierten Medien werden durch Positionen aus Medizin, Natur- und Kulturwissenschaft durchleuchtet. Zu den meinungsstarken Stimmen des Senders werden neben dem Medienwissenschaftler Norbert Bolz, der Publizistin Birgit Kelle und dem Twitterer Argo Nerd auch Boris Reitschuster sowie die \u00f6sterreichische Moderatorin Milena Preradovic geh\u00f6ren.<\/p>\n<p>Die ersten Talkrunden und Interviews, die bereits seit April bei \u201eKontrafunk\u201c abrufbar sind, erlangen schon jetzt \u00e4hnlich hohe H\u00f6rerquoten wie die von M\u00fcller-Ullrich moderierten \u201eindubio\u201c-Sendungen. Dabei versteht sich \u201eKontrafunk\u201c selbstredend nicht als Konkurrenz zu Formaten wie \u201eAchse des Guten\u201c oder \u201eTichys Einblick\u201c. Ganz im Gegenteil, so M\u00fcller-Ullrich: \u201eWir kooperieren, was das Zeug h\u00e4lt. Wir sind das erste deutschsprachige Radio, das deren Werte vertritt.\u201c<\/p>\n<p>Werte, denen der Journalist w\u00e4hrend seiner gesamten Karriere verpflichtet war. 1956 in Frankfurt am Main geboren, schrieb M\u00fcller-Ullrich f\u00fcr die gro\u00dfen Zeitungen im deutschsprachigen Raum, darunter S\u00fcddeutsche Zeitung, Die Zeit, Basler Zeitung und Der Standard (Wien). Sein besonderes Interesse aber galt stets dem H\u00f6rfunk. Er war als Redakteur beim Schweizer Radio DRS2 und als Redaktionsleiter beim Deutschlandfunk t\u00e4tig. Vor kurzem erst beendete er seine 30j\u00e4hrige Zusammenarbeit mit dem S\u00fcdwestrundfunk, wo er das SWR2 Forum moderierte. Grund: M\u00fcller-Ullrichs Bewertung des \u00f6ffentlich-rechtlichen Rundfunks und des aktuellen Journalismus (JF 4\/21) wurden als entt\u00e4uschende \u201eSuggestion\u201c empfunden. Dabei ist seine Kritik am eigenen Berufsstand bei weitem nicht neu: Bereits 1996 ver\u00f6ffentlichte er das Buch \u201eMedienm\u00e4rchen. Gesinnungst\u00e4ter im Journalismus\u201c, in dem er Medienhypes und Berichterstattungen analysiert. Schon damals bezeichnete M\u00fcller-Ullrich die Medien polemisch als \u201eZeitgeistverst\u00e4rker mit Entr\u00fcstungston\u201c. J\u00fcngst initiierte er zudem das Internet-Dokumentationszentrum \u201eIch habe mitgemacht\u201c, in dem verbale Ausf\u00e4lle aus Politik, Medien und Organisationen gegen sogenannte \u201eUngeimpfte\u201c archiviert werden.<\/p>\n<p>\u201eKontrafunk\u201c will zu einer breiteren Informationsbasis beitragen: Eine eigene Nachrichtenredaktion produziert st\u00e4ndig aktualisierte Kurznachrichten sowie eine Morningshow inklusive Kommentar, Kurzinterview sowie einer Medienschau, die gleicherma\u00dfen etablierte wie alternative Medien abbilden wird. Eine abendliche Talkrunde greift Themen von Politik \u00fcber Kultur bis Lebensfragen auf, w\u00e4hrend \u2013 im Sinne der Kooperation \u2013 \u00fcber den Tag hinweg Podcasts anderer Autoren gesendet werden. Musik spielt im Programm eine geringere Rolle.<br \/>\nGesendet wird als Livestream \u00fcber die hauseigene Webseite sowie \u00fcber eine App. Jederzeit abrufbar sind die wesentlichen Programmteile \u00fcber eine Mediathek sowie \u00fcber die g\u00e4ngigen Audio-Streamingdienste, darunter auch theplattform.net, dem noch jungen Angebot der freien Medien. Zahlreiche M\u00f6glichkeiten also, die Produktionen des Senders zu verfolgen \u2013 selbst wenn der eine oder andere Podcast auf den politisch korrekten Diensten gel\u00f6scht werden sollte, wie bereits mit \u201eindubio\u201c-Folgen geschehen.<br \/>\nUnn\u00f6tig zu sagen, da\u00df der neue Radiosender keine staatlichen F\u00f6rdermittel nutzt. \u201eKontrafunk\u201c finanziert sich allein aus der Kraft seiner Unterst\u00fctzer und H\u00f6rer: Das Startkapital stammt von mittelst\u00e4ndischen Investoren, weitere Einnahmen sollen aus Abonnements, Werbung und Merchandising erzielt werden. Auch Spenden sind gern gesehen.<br \/>\nVon diesen Geldern finanziert sich ein ganzes neues Unternehmen. Auf acht Vollzeitstellen verteilen sich 14 bis 16 Teilzeit-Mitarbeiter; hinzu kommen die Moderatoren der abendlichen Gespr\u00e4chsrunde. Sie alle werden selbstverst\u00e4ndlich entlohnt, denn, so Burkhard M\u00fcller-Ullrich: \u201eWir sind ein solides schweizerisches Unternehmen.\u201c<br \/>\nUnd als solches, sei hinzugef\u00fcgt, steht es au\u00dferhalb des neuen, seit 2020 geltenden deutschen Medienstaatsvertrags zur \u201eEinhaltung journalistischer Standards\u201c, aufgrund dessen bereits gegen verschiedene regierungskritische Internetmedien vorgegangen wurde.<br \/>\n<a href=\"https:\/\/www.kontrafunk.radio\">https:\/\/www.kontrafunk.radio\u00a0<\/a><br \/>\n&#8230; Alles vom 29.4.2022 von Regina B\u00e4rthel bitte lesen in der JF 18\/22, Seite 17<br \/>\n<a href=\"https:\/\/www.junge-freiheit.de\">https:\/\/www.junge-freiheit.de<\/a><\/p>\n<p>.<\/p>\n<p><strong>Baden verliert &#8211; SWR-Orchester FR und S fusionieren nach S<\/strong><\/p>\n<p><strong>Eine zweite infrastrukturelle und k\u00fcnstlerische Niederlage<\/strong><br \/>\nF\u00fcr Freiburg \u2013 und Baden-Baden \u2013 bedeutet die einstimmige Empfehlung der f\u00fcnfk\u00f6pfigen &#8222;Standort-Kommission&#8220;, Stuttgart zum &#8222;Hauptprobenstandort&#8220; eines k\u00fcnftigen SWR-Sinfonieorchesters zu machen, die zweite infrastrukturelle und k\u00fcnstlerische Niederlage. Nachdem Ende September die Weichen f\u00fcr eine Fusion der beiden SWR-Klangk\u00f6rper in Stuttgart und Freiburg gestellt wurden, geht man nun auch in der Standortfrage leer aus. Alle Hoffnungen, den Zuschlag zu bekommen aufgrund der besseren Probenbedingungen im Konzerthaus und vielleicht auch, weil damit ein Signal gesetzt w\u00fcrde, dass die Zweil\u00e4nderanstalt der voranschreitenden Zentralisierung ihres Apparates entgegenwirke, sind gescheitert&#8230;<br \/>\nAlles vom 6.12.2012 von Alexander Dick bitte lesen auf<br \/>\n<a href=\"https:\/\/www.badische-zeitung.de\/klassik-2\/baden-verliert-swr-orchester-soll-sitz-in-stuttgart-haben--66602115.html\">https:\/\/www.badische-zeitung.de\/klassik-2\/baden-verliert-swr-orchester-soll-sitz-in-stuttgart-haben&#8211;66602115.html<\/a><\/p>\n<div><\/div>\n<div><strong>Es ist eine Katastrophe<\/strong><br \/>\nBZ: Was sagen Sie zur Fusion der beiden SWR-Orchester Freiburg und Stuttgart?<br \/>\nGielen: Es ist eine Katastrophe! Es gibt aber, wie ich h\u00f6re, im Freiburger Orchester auch Leute, zwischen zehn und 15, die f\u00fcr die Fusion sind. Ich f\u00fcrchte, aus nicht so ehrenhaften Gr\u00fcnden: Sie erhoffen sich in einem sehr gro\u00dfen Orchester weniger Dienste. Wenn die Begr\u00fcndung der Fusion die ist, Geld zu sparen, dann wird an der falschen Stelle gespart. Dass der Orchestersitz nicht Stuttgart sein soll, kann ich mir nicht vorstellen. Es ist die Landeshauptstadt. Es hat einen Saal, der genauso viele Macken hat wie der in Freiburg. Ob Stuttgart aber ein so hochkultiviertes Publikum wie Freiburg hat, wei\u00df ich nicht.<br \/>\nKomplettes Intervies mit Dirigent Michal Gielen vom 4.12.2012 auf<br \/>\n<a href=\"https:\/\/www.badische-zeitung.de\/klassik-2\/gielen-fusion-der-orchester-des-swr-ist-eine-katastrophe--66471373.html\">https:\/\/www.badische-zeitung.de\/klassik-2\/gielen-fusion-der-orchester-des-swr-ist-eine-katastrophe&#8211;66471373.html<\/a><\/div>\n<p><strong>In Badens Haushalten geht\u2019s auch ohne SWR<\/strong><br \/>\nEs konnte niemand wirklich verwundern, dass das fusionierte Orchester seinen Standort in Stuttgart haben wird. Seit der Fusion der Sender SWF und SDR gibt es nur diese Richtung. Wer Sport im Dritten schaut, wei\u00df, dass dem VfB stets dreimal mehr Sendezeit gewidmet wird als dem SC Freiburg. Wer die lokalen Programmfenster des SWR auf Satellit sucht, wird Radio Freiburg oder Radio S\u00fcdbaden nicht finden. Gleichfalls gibt es im Internet nur einen Stream: Radio Stuttgart. Der NDR, als Gegenbeispiel, sch\u00e4tzt all seine Kunden. Hier ist jedes Regionalprogramm vertreten. Es gibt ein probates Mittel gegen die Stuttgarter Selbstherrlichkeit: sinkende Einschaltquoten. Badische Haushalte schalten den SWR einfach nicht mehr ein.<br \/>\n14.12.2012, Dirk Albrecht, Emmendingen<\/p>\n<p><strong>Nicht alle Rundfunkr\u00e4te stimmten f\u00fcr Stuttgart<\/strong><br \/>\nIhre mit Recht kritischen Artikel zu den Entscheidungen des SWR-Rundfunkrates k\u00f6nnen den Eindruck entstehen lassen, alle Rundfunkr\u00e4te des SWR h\u00e4tten die Entscheidungen des Intendanten und des von ihm eingesetzten Standort-Auswahlgremiums &#8222;abgenickt&#8220;. Ich bin seit 15 Jahren SWR-Rundfunkrat und habe sowohl am 28. September in Mainz gegen die Orchesterfusion gestimmt als auch am 7. Dezember in Stuttgart. Ich habe aus Protest gegen die Entscheidungen des Intendanten auch dem Haushalt 2013 meine Zustimmung verweigert. Bei der Abstimmung \u00fcber die &#8222;Wahl&#8220; des Standortes haben f\u00fcnf Rundfunkr\u00e4te gegen Stuttgart gestimmt, drei haben sich enthalten. Ein mickriges Ergebnis zwar, aber immerhin wird dadurch klar, dass nicht alle Rundfunkr\u00e4te die Ansichten des Intendanten teilen.<br \/>\n14.12.2012, Reiner Ehret, Kirchzarten<\/p>\n<p><strong>Wo bleibt der Protest der Kulturschaffenden?<\/strong><br \/>\nGeschichtsvergessen, wie es nur Kulturbarbarenb\u00fcrokraten wie Herr Boudgoust sein k\u00f6nnen, wird das SWR-Sinfonieorchester auf dem Altar \u00f6konomischer Interessen geopfert. Wo bleibt der Protest der Freiburger Kulturschaffenden? Herr von der Goltz? Frau M\u00fcllejans? Herr Toll? Herr Bollon? Herr Hengelbrock? Protestkonzerte? Solidarit\u00e4t? Morgen k\u00f6nnten Sie betroffen sein!<br \/>\n14.12.2012, J\u00fcrgen Hahn, Freiburg<!-- RSPEAK_STOP --><\/p>\n<p>&nbsp;<\/p>\n<p><strong>\u00a0Littenweiler Pfadfinder machen Radio<\/strong><\/p>\n<p><strong>\u00a0<\/strong><\/p>\n<p>Max Warmbrunn (stehend) und Luca Fuchs von den Littenweiler Pfadfindern beim Aufnehmen von Moderationstexten. Foto:\u00a0Pfadfinder<br \/>\nSpielen Pfadfinder eigentlich nur Verstecken im Wald, und geht\u2019s da wirklich streng zu? Mit diesen und anderen Vorurteilen r\u00e4umt eine einst\u00fcndige Radiosendung auf &#8222;Echo FM&#8220; auf, die die <a href=\"https:\/\/www.freiburg-schwarzwald.de\/littenweiler\/stbarbara.htm#Pfadfinder Littenweiler - Kontakt\">Pfadfindergruppe Littenweiler<\/a> im Rahmen eines Projekts des Jugendhilfswerks selbst gestaltet hat. Sendetermine sind im April. Die Idee kam durch einen Bericht in der Zeitung. Darin suchte das Jugendhilfswerk Freiburg, Fachbereich Medienp\u00e4dagogik, Jugendgruppen f\u00fcr ein Radioprojekt. &#8222;Diese Chance d\u00fcrfen wir uns nicht entgehen lassen&#8220;, dachte der 20-j\u00e4hrige Patrick Zwigart, der eine Pfadfindergruppe in Littenweiler leitet. Er meldete sich, und so sind die Pfadfinder seit Anfang des Jahres einmal w\u00f6chentlich zur Gruppenstundenzeit in die Wiehre gefahren. Dort haben sie nach und nach die Sendung produziert \u2013 richtig im Studio, unter Anleitung des Tontechnikers Markus Heinzel. Die Pfadfinder recherchierten im Internet, machten sich Gedanken und zogen dann mit Mikrofon und Aufnahmeger\u00e4t los. Sie machten eine Umfrage auf dem Littenweiler Bauernmarkt und auf dem Gel\u00e4nde der P\u00e4dagogischen Hochschule (PH). Sie trafen sich mit dem Gr\u00fcnder der Littenweiler Pfadfinder, Kurt Lehr, der ihnen zum Beispiel erz\u00e4hlte, dass die Ausr\u00fcstung fr\u00fcher um einiges bescheidener war: Isomatten gab es genauso wenig wie B\u00f6den in den Zelten. Zwei aktive Pfadfinder berichten, welche Aktionen heute gemacht werden. Das Rohmaterial wurde im Studio geschnitten und mit Moderationstexten versehen. &#8222;Da kam richtige Radiostimmung auf&#8220;, so Zwigart, &#8222;und man konnte die Begeisterung der Teilnehmer vom Gesicht ablesen&#8220;. Zeigen wollen die Pfadfinder, dass sie eine tolle Gemeinschaft f\u00fcr junge Leute sind, bei deren Aktionen Lernen durch Selbermachen, Verantwortung und Erziehung zur Selbstst\u00e4ndigkeit im Vordergrund stehen.<\/p>\n<p>Die Sendetermine auf &#8222;Echo FM&#8220;, Frequenz 88,4 (oder Livestream auf <a title=\"\" href=\"https:\/\/www.echo-fm.uni-freiburg.de\/\" target=\"_blank\" rel=\"noopener\">https:\/\/www.echo-fm.uni-freiburg.de<\/a> sind Donnerstag, 8. April, 15 Uhr, Freitag, 9.April, 9 Uhr und 15 Uhr, sowie am Donnerstag und Freitag der Folgewoche zu denselben Uhrzeiten.<br \/>\n1.4.2010, <a href=\"https:\/\/www.dreisamtaeler.de\/\">www.dreisamtaeler.de<\/a><\/p>\n<p>&amp;<\/p>\n<p>&nbsp;<\/p>\n<p><a name=\"Plopp-Award: H\u00f6rkunstpreis der AKD geht nach Freiburg\"><\/a><strong>Plopp-Award: H\u00f6rkunstpreis der AKD geht nach Freiburg<\/strong><\/p>\n<p>Der Plopp-Award, der H\u00f6rkunstpreis der Akademie der K\u00fcnste, geht in diesem Jahr auch an ein H\u00f6rspielteam aus Freiburg. Das entschieden die \u00fcber 200 Zuh\u00f6rerinnen und Zuh\u00f6rer, die am vergangenen Samstag in Berlin \u00fcber die Vergabe des bedeutendsten H\u00f6rspielpreises der freien H\u00f6rspiel- und<br \/>\nFeatureszene zu entscheiden hatten. Maike Mumm (Berlin), Felix Engel (Freiburg) und Benedikt Strunz (Freiburg) (AstroMedya) gelang es, sich mit ihrem Mockumentary-H\u00f6rspiel-Feature \u201eMythos Mobbing \u2013 Vom Negativtrend zur Betriebsphilosophie&#8220; gegen \u00fcber 70 konkurrierende Einreichungen aus der<br \/>\nganzen BRD durchzusetzen.<br \/>\nNeben dem AstroMedya-Team konnten Andrea Rothenburg und Sarah Weckert, die mit ihrem Feature \u00fcber das Personal Berliner Bed\u00fcrfnisanstallten punktgleich in der Publikumsgunst lagen, ebenfalls einen 1.Platz erreichen. Den zweiten Platz belegten Stella Luncke und Josef Maria Sch\u00e4fers mit einer Arbeit \u00fcber eine Filmauff\u00fchrung in einem leerstehenden Geb\u00e4ude in Berlin. Bronze holte schlie\u00dflich die Berliner Wir-AG mit einem Feature \u00fcber eine Anlage zur Vertreibung Jugendlicher mittels hochfrequenter Schallwellen.<br \/>\nGelegenheiten das in den Radio Dreyeckland Studios produzierte Feature zu h\u00f6ren bieten sich gleich mehrfach:<br \/>\nRadio Dreyeckland (UKW 102,3 MHz): 30. April 20.00h<br \/>\nDeutschland Radio Kultur (UKW 90.6 MHz): 05.Mai 00.05h<br \/>\n14.4.2008, benedikt.strunz at googlemail.com<\/p>\n<p>&nbsp;<\/p>\n<p>&nbsp;<\/p>\n<p>&nbsp;<\/p>\n<p>&nbsp;<\/p>\n<p><a name=\"Kids f\u00fcr neue Radio-Redaktionsgruppe gesucht\"><\/a><strong>Kids f\u00fcr neue Radio-Redaktionsgruppe gesucht<\/strong><\/p>\n<p>Die &#8222;Kidsredaktionsgruppe&#8220; wird &#8211; ganz neu &#8211; f\u00fcr Kinder im Alter zwischen 8 und 12 Jahren angeboten die sich f\u00fcrs Radiomachen interessieren und das erste Treffen ist f\u00fcr Mitte\/Ende M\u00e4rz 2008 geplant.<\/p>\n<p>Unter Anleitung p\u00e4dagogischer Fachkr\u00e4fte auch des <a href=\"https:\/\/www.freiburg-schwarzwald.de\/littenweiler\/jugend.htm#Jugendhilfswerk Freiburg\">Jugendhilfswerks Freibur<\/a>g werden die Kinder selbst Radio machen und regelm\u00e4\u00dfig auf Sendung gehen. Die Themen suchen sie sich selbst\u00a0 aus und entscheiden, wie die Radiosendung aussehen und sich anh\u00f6ren soll.<br \/>\nDie Redaktion wird sich w\u00e4hrend der Schulzeit w\u00f6chentlich, immer Mittwochs zwischen 15.00 &#8211; 17.30 Uhr, treffen und ist kostenlos. Gesendet werden die Beitr\u00e4ge auf UKW 88,4, dem Lernradio der Universit\u00e4t Freiburg und der <a href=\"https:\/\/www.freiburg-schwarzwald.de\/littenweiler\/ph.htm\">P\u00e4dagogischen Hochschule<\/a>. Au\u00dferdem stehen die Beitr\u00e4ge unter soundnezz.de zum Download bereit.<\/p>\n<p>Infos: Carmen Kunz,\u00a0 Wissenschaftliches Institut des Jugendhilfswerks Freiburg e.V.<br \/>\nFachbereich Medienp\u00e4dagogik, Konradstra\u00dfe 14, 79100 Freiburg, Tel 0761\/70361-11(21)<br \/>\n<a href=\"mailto:medienpaedagogik@jugendhilfswerk.de\">medienpaedagogik@jugendhilfswerk.de<\/a>.<\/p>\n<p><a href=\"https:\/\/www.soundnezz.de\/\">www.soundnezz.de<\/a><\/p>\n","protected":false},"excerpt":{"rendered":"<p>Home &gt;Kultur &gt;Medien &gt;Radio &nbsp; Listenauswahl eines Beitrags: Bitte anklicken oder runterscrollen Meine S\u00f6hne geb ich nicht: SWR\u00a0(21.10.2025) Nach linksextremen Drohungen sagt Kontrafunk Bodensee-Schifffahrt ab\u00a0(4.7.2025) Kontrafunk Kontosperrung Pirna\u00a0(5.2.2025) Zweiter Geburtstag von Kontrafunk in Dresden am 21.6.2024 (28.6.2024) Kontrafunk: Die Sonntagsrunde &hellip; <a href=\"https:\/\/www.freiburg-schwarzwald.de\/blog\/kultur\/medien\/radio\/\">Weiterlesen <span class=\"meta-nav\">&rarr;<\/span><\/a><\/p>\n","protected":false},"author":4,"featured_media":0,"parent":678,"menu_order":0,"comment_status":"open","ping_status":"closed","template":"","meta":{"footnotes":""},"class_list":["post-18366","page","type-page","status-publish","hentry"],"_links":{"self":[{"href":"https:\/\/www.freiburg-schwarzwald.de\/blog\/wp-json\/wp\/v2\/pages\/18366","targetHints":{"allow":["GET"]}}],"collection":[{"href":"https:\/\/www.freiburg-schwarzwald.de\/blog\/wp-json\/wp\/v2\/pages"}],"about":[{"href":"https:\/\/www.freiburg-schwarzwald.de\/blog\/wp-json\/wp\/v2\/types\/page"}],"author":[{"embeddable":true,"href":"https:\/\/www.freiburg-schwarzwald.de\/blog\/wp-json\/wp\/v2\/users\/4"}],"replies":[{"embeddable":true,"href":"https:\/\/www.freiburg-schwarzwald.de\/blog\/wp-json\/wp\/v2\/comments?post=18366"}],"version-history":[{"count":6,"href":"https:\/\/www.freiburg-schwarzwald.de\/blog\/wp-json\/wp\/v2\/pages\/18366\/revisions"}],"predecessor-version":[{"id":140552,"href":"https:\/\/www.freiburg-schwarzwald.de\/blog\/wp-json\/wp\/v2\/pages\/18366\/revisions\/140552"}],"up":[{"embeddable":true,"href":"https:\/\/www.freiburg-schwarzwald.de\/blog\/wp-json\/wp\/v2\/pages\/678"}],"wp:attachment":[{"href":"https:\/\/www.freiburg-schwarzwald.de\/blog\/wp-json\/wp\/v2\/media?parent=18366"}],"curies":[{"name":"wp","href":"https:\/\/api.w.org\/{rel}","templated":true}]}}