{"id":18214,"date":"2012-12-20T12:41:04","date_gmt":"2012-12-20T11:41:04","guid":{"rendered":"https:\/\/www.freiburg-schwarzwald.de\/blog\/?page_id=18214"},"modified":"2026-01-22T20:49:44","modified_gmt":"2026-01-22T19:49:44","slug":"sternsinger","status":"publish","type":"page","link":"https:\/\/www.freiburg-schwarzwald.de\/blog\/selbsthilfe\/jugend\/sternsinger\/","title":{"rendered":"Sternsinger"},"content":{"rendered":"<p>Home &gt;<a title=\"Kirchen\" href=\"https:\/\/www.freiburg-schwarzwald.de\/blog\/religion\/kirchen\/\">Kirchen<\/a> &gt;<a title=\"Selbsthilfe\" href=\"https:\/\/www.freiburg-schwarzwald.de\/blog\/selbsthilfe\/\">Selbsthilfe<\/a> &gt;<a title=\"Kinder\" href=\"https:\/\/www.freiburg-schwarzwald.de\/blog\/selbsthilfe\/kinder\/\">Kinder<\/a> &gt;<a title=\"Jugend\" href=\"https:\/\/www.freiburg-schwarzwald.de\/blog\/selbsthilfe\/jugend\/\">Jugend<\/a> &gt;Sternsinger<\/p>\n<div id=\"attachment_18216\" style=\"width: 647px\" class=\"wp-caption alignnone\"><a href=\"https:\/\/www.freiburg-schwarzwald.de\/blog\/selbsthilfe\/jugend\/sternsinger\/sternsinger12dez\/\" rel=\"attachment wp-att-18216\"><img loading=\"lazy\" decoding=\"async\" aria-describedby=\"caption-attachment-18216\" class=\"size-full wp-image-18216\" title=\"sternsinger12dez\" src=\"https:\/\/www.freiburg-schwarzwald.de\/blog\/wp-content\/uploads\/2012\/12\/sternsinger12dez.jpg\" alt=\"\" width=\"637\" height=\"244\" srcset=\"https:\/\/www.freiburg-schwarzwald.de\/blog\/wp-content\/uploads\/2012\/12\/sternsinger12dez.jpg 637w, https:\/\/www.freiburg-schwarzwald.de\/blog\/wp-content\/uploads\/2012\/12\/sternsinger12dez-180x68.jpg 180w\" sizes=\"auto, (max-width: 637px) 100vw, 637px\" \/><\/a><p id=\"caption-attachment-18216\" class=\"wp-caption-text\">Sternsinger St.Barbara in Freiburg-Littenweiler im Dezember 2012<\/p><\/div>\n<ul>\n<li><em>Listenauswahl eines Beitrags (Artikel\/Datum, Seite\/Inhalt): <span style=\"text-decoration: underline;\">Klicken<\/span> oder scrollen<\/em><\/li>\n<li>Sternsingeraktion 2026 f\u00fcr Bangladesch mit nur noch 0,05 % Christen (22.1.2026)<\/li>\n<li><a href=\"https:\/\/www.freiburg-schwarzwald.de\/blog\/krippen-geschichts-gesichtslos\/\">Krippen geschichts- gesichtslos?<\/a>\u00a0(6.12.2025)<\/li>\n<li>Sternsinger sind rassistisch! Wie Idioten Traditionen zerst\u00f6ren wollen (4.1.2024)<\/li>\n<li><a title=\"Krippen\" href=\"https:\/\/www.freiburg-schwarzwald.de\/blog\/religion\/kirchen\/weihnachten\/krippen\/\">Schwarzer Melchior in Krippe und bei Sternsinger verboten<\/a> (10.10.2020)<\/li>\n<li><a href=\"https:\/\/www.freiburg-schwarzwald.de\/blog\/hilfsbereite-jugend-72-stunden\/\">https:\/\/www.freiburg-schwarzwald.de\/blog\/hilfsbereite-jugend-72-stunden\/<\/a>\u00a0(13.6.2013)<\/li>\n<li>Caspar, Melchior und Balthasar &#8211; Littenweiler Kinder als Sternsinger unterwegs (20.12.2012)<\/li>\n<li><a href=\"https:\/\/www.freiburg-schwarzwald.de\/sternsinger.htm#Kinder zeigen St\u00e4rke: Dreik\u00f6nigssingen 2011 in St. Barbara\">Kinder zeigen St\u00e4rke: Dreik\u00f6nigssingen 2011 in St. Barbara<\/a> &gt;Sternsinger (1.2.2011)<\/li>\n<li><a href=\"https:\/\/www.freiburg-schwarzwald.de\/sternsinger.htm#Sternsingeraktion St. Gallus Kirchzarten erbringt 12000 Euro\">Sternsingeraktion St. Gallus Kirchzarten erbringt 12000 Euro<\/a> &gt;Sternsinger (17.1.2011)<\/li>\n<li><a href=\"https:\/\/www.freiburg-schwarzwald.de\/nonnenbach5.htm#Nonnenbachtal - Seitental der Wilden Gutach\">Sternsinger im Nonnenbachtal<\/a> &gt;Nonenbach5 (4.1.2011)<\/li>\n<li><a href=\"https:\/\/www.freiburg-schwarzwald.de\/sternsinger.htm#Sternsinger Kirchzarten suchen dringend neue K\u00f6nige\">Sternsinger Kirchzarten suchen dringend neue K\u00f6nige<\/a> &gt;Sternsinger (24.11.2010)<\/li>\n<li><a href=\"https:\/\/www.freiburg-schwarzwald.de\/sternsinger#Sternsinger im Stadtdekanat Freiburg haben 150 000 Euro gesammelt\">Im Stadtdekanat Freiburg wurden 109.000 Euro gesammelt<\/a> &gt;Sternsinger (11.1.2010)<\/li>\n<li><a href=\"https:\/\/www.freiburg-schwarzwald.de\/sternsinger#Kinder finden neue Wege: Dreik\u00f6nigsingen 2010\">Kinder finden neue Wege: Dreik\u00f6nigsingen 2010<\/a>(19.12.2009)<\/li>\n<li><a href=\"https:\/\/www.freiburg-schwarzwald.de\/sternsinger#Littenweiler Sternsinger sammeln bei gro\u00dfer K\u00e4lte 11524 Euro\">Littenweiler Sternsinger sammeln bei gro\u00dfer K\u00e4lte 11524 Euro<\/a>&gt;Sternsinger (2.2.2009)<\/li>\n<li><a href=\"https:\/\/www.freiburg-schwarzwald.de\/sternsinger.htm#Seelsorgeeinheit \u00d6stlicher Hochschwarzwald: 18360 Euro ersungen\">Seelsorgeeinheit \u00d6stlicher Hochschwarzwald: 18360 Euro ersungen<\/a>&gt;Sternsinger (24.1.2009)<\/li>\n<li><a href=\"https:\/\/www.freiburg-schwarzwald.de\/sternsinger.htm#Sternsinger sammeln \u00fcber 100.000 Euro f\u00fcr Kinder in Kolumbien\">Sternsinger sammeln \u00fcber 100.000 Euro f\u00fcr Kinder in Kolumbien<\/a>&gt;Sternsinger (13.1.2009)<\/li>\n<li><a href=\"https:\/\/www.freiburg-schwarzwald.de\/sternsinger#Reife, vorbildliche Leistung - handfester Beitrag zum Weltfrieden\">Reife, vorbildliche Leistung &#8211; handfester Beitrag zum Weltfrieden<\/a> &gt;Sternsinger (12.1.2009)<\/li>\n<li><a href=\"https:\/\/www.freiburg-schwarzwald.de\/sternsinger.htm#35 Sternsinger im Freiburger Rathaus empfangen\">35 Sternsinger im Freiburger Rathaus empfangen<\/a>&gt;Sternsinger (8.1.2009)<\/li>\n<li><a href=\"https:\/\/www.freiburg-schwarzwald.de\/sternsinger.htm#Auch am Kaiserstuhl: Die Sternsinger sind wieder unterwegs\">Die Sternsinger sind wieder unterwegs &#8211; auch am Kaiserstuhl<\/a>&gt;Sternsinger (3.1.2009)<\/li>\n<li><a href=\"https:\/\/www.freiburg-schwarzwald.de\/sternsinger#Dreik\u00f6nigsingen 2009 f\u00fcr Kinder in Kolumbien\">Dreik\u00f6nigsingen 2009 f\u00fcr Kinder in Kolumbien<\/a>(27.12.2008)<\/li>\n<li><a href=\"https:\/\/www.freiburg-schwarzwald.de\/sternsinger#Sternsinger im Stadtdekanat Freiburg haben 150 000 Euro gesammelt\">Sternsinger im Stadtdekanat Freiburg haben 150 000 Euro gesammelt<\/a> &gt;Sternsinger (10.1.2008)<\/li>\n<li><a href=\"https:\/\/www.freiburg-schwarzwald.de\/endingen1.htm#Rund 27 600 Euro ersungen - Sternsinger am Kaiserstuhl\">Rund 27 600 Euro ersungen &#8211; Sternsinger am Kaiserstuhl<\/a>&gt;Endingen1 (10.1.2008)<\/li>\n<li><a href=\"https:\/\/www.freiburg-schwarzwald.de\/elztal2.htm#Sternsinger sammeln \u00fcber 70 000 Euro\">Sternsinger sammeln \u00fcber 70 000 Euro<\/a>&gt;Elztal2 (10.1.2008)<\/li>\n<li><a href=\"https:\/\/www.freiburg-schwarzwald.de\/sternsinger#Gl\u00fcckliche K\u00f6nige aus Hinterzarten sammeln mehr als 1300 Euro\">Gl\u00fcckliche K\u00f6nige aus Hinterzarten sammeln mehr als 1300 Euro<\/a> &gt;Sternsinger (9.1.2008)<\/li>\n<li><a href=\"https:\/\/www.freiburg-schwarzwald.de\/littenweiler\/stbarbara.htm#Edwin Yunga aus Ecuador begleitet die Sternsinger\">Edwin Yunga aus Ecuador begleitet die Sternsinger<\/a>&gt;StBarbara (5.1.2008)<\/li>\n<li><a href=\"https:\/\/www.freiburg-schwarzwald.de\/sternsinger#Botschafter eines Kindes: Nicht drei, nicht K\u00f6nige, aber ...\">Botschafter eines Kindes: Nicht drei, nicht K\u00f6nige, aber ..<\/a>. (5.1.2008)<\/li>\n<li><a href=\"https:\/\/www.freiburg-schwarzwald.de\/sternsinger#Der Empfang ist nicht immer herzlich\">Der Empfang ist nicht immer herzlich<\/a> (5.1.2006)<\/li>\n<li><a href=\"https:\/\/www.freiburg-schwarzwald.de\/sternsinger#Drei K\u00f6nige ziehen durch die Stra\u00dfen\">Drei K\u00f6nige ziehen durch die Stra\u00dfen<\/a> (5.1.2006)<\/li>\n<li><a href=\"https:\/\/www.freiburg-schwarzwald.de\/littenweiler\/stbarbara.htm#Sternsinger Januar 2003 in Freiburg-Littenweiler\">Sternsinger Januar 2003 in Freiburg-Littenweiler<\/a> &gt;Freiburg-Dreisamtal.de\/StBarbara (8.1.2003)<\/li>\n<li><a href=\"https:\/\/www.freiburg-schwarzwald.de\/blog\/religion\/christen\/christenverfolgung\/\">Christenverfolgung<\/a><\/li>\n<li><a href=\"https:\/\/www.freiburg-schwarzwald.de\/blog\/religion\/kirchen\/weihnachten\/krippen\/\">Krippen<\/a><\/li>\n<li><a href=\"https:\/\/www.freiburg-schwarzwald.de\/blog\/religion\/kirchen\/weihnachten\/\">Weihnachten<\/a><\/li>\n<li><a href=\"https:\/\/www.freiburg-schwarzwald.de\/blog\/religion\/kirchen\/weihnachten\/weihnachtsgeschichte\/\">Weihnachtsgeschichte<\/a><\/li>\n<\/ul>\n<p>Die Drei K\u00f6nige brachten Gaben: Zumeist Caspar als Myrrhe schenkender Afrikaner, Melchior als Goldsch\u00e4tze \u00fcberreichender Europ\u00e4er und Balthasar als asiatischer K\u00f6nig, der Weihrauch zur Krippe bringt.<br \/>\nSeit dem 8. Jahrhundert gibt es Darstellungen der Heiligen Drei K\u00f6nige, die einen von ihnen mit schwarzer Hautfarbe zeigen. Zuerst war es der Caspar, sp\u00e4ter Melchior. Sie vertraten die drei damals bekannten Teile der Erde: Europa, Asien und Afrika. Mit einem K\u00f6nig als Europ\u00e4er, einem mit asiatischen Z\u00fcgen und einem mit dunkler Haut symbolisierte man, dass die Weihnachtsbotschaft f\u00fcr alle Menschen gilt &#8211; unabh\u00e4ngig von ihrer Herkunft.<\/p>\n<h5><a href=\"https:\/\/www.freiburg-schwarzwald.de\/blog\/selbsthilfe\/jugend\/sternsinger\/sternsinger140104\/\" rel=\"attachment wp-att-43489\"><img loading=\"lazy\" decoding=\"async\" class=\"alignnone size-thumbnail wp-image-43489\" src=\"https:\/\/www.freiburg-schwarzwald.de\/blog\/wp-content\/uploads\/2012\/12\/sternsinger140104-135x180.jpg\" alt=\"sternsinger140104\" width=\"135\" height=\"180\" srcset=\"https:\/\/www.freiburg-schwarzwald.de\/blog\/wp-content\/uploads\/2012\/12\/sternsinger140104-135x180.jpg 135w, https:\/\/www.freiburg-schwarzwald.de\/blog\/wp-content\/uploads\/2012\/12\/sternsinger140104.jpg 480w\" sizes=\"auto, (max-width: 135px) 100vw, 135px\" \/><\/a>\u00a0 \u00a0 \u00a0 \u00a0 (1) Sternsinger am 4.1.2013: Domenik, Jonathan, Anna und Marie<\/h5>\n<p>=============================================================<\/p>\n<p>&nbsp;<\/p>\n<p><strong>Sternsingeraktion 2026 f\u00fcr Bangladesch mit nur noch 0,05 % Christen<\/strong><br \/>\nAm heutigen 22. Januar 2026 beten Christen weltweit f\u00fcr ihre Glaubensbr\u00fcder und -schwestern in Bangladesch. Konkret f\u00fcr Sontosh, dessen Name zur Sicherheit Name ge\u00e4ndert wurde, doch er steht stellvertretend f\u00fcr viele andere \u00e4hnliche F\u00e4lle: Ein Christ hinduistischer Herkunft dient als Evangelist unter Hindus; doch verfolgt wird er nat\u00fcrlich nicht von den Hindus, sondern von den Anh\u00e4ngern der \u201cReligion des Friedens\u201d: Ortsans\u00e4ssige Muslime bedrohten Sontosh mehrfach. Sie \u201cverpr\u00fcgelten ihn schlie\u00dflich so heftig, dass er eine Woche lang nicht richtig gehen konnte. Beten wir um k\u00f6rperliche und seelische Heilung\u201c, hei\u00dft es im Gebetskalender von Open Doors f\u00fcr den heutigen 22. Januar. Mehr zur Situation von Christen in Bangladesch; mehr zur Situation der Christen in Bangladesch siehe hier <a href=\"https:\/\/www.opendoors.de\/christenverfolgung\/weltverfolgungsindex\/laenderprofile\/bangladesch\">https:\/\/www.opendoors.de\/christenverfolgung\/weltverfolgungsindex\/laenderprofile\/bangladesch<\/a> .<\/p>\n<p>\u201eAuch die Christen unter den mehrheitlich muslimischen Rohingya, die aus Myanmar nach Bangladesch geflohen sind, sind Schikanen und starkem Druck seitens ihrer Gemeinschaft aus-gesetzt,\u201c erf\u00e4hrt man dort. Rohingya? Sind das nicht jene muslimische Fl\u00fcchtlinge unterschiedlicher Provenienz, die sich ebenso wie das erfundene Volk der sogenannten \u201cPal\u00e4stinenser\u201d als Ethnie inszenieren, um \u2013 auch bei uns im Westen \u2013 als Opfer von \u201cantimuslimischem Rassismus\u201d oder gar \u201cV\u00f6lkermord\u201d glorifiziert und in China als potenzielle Terroristen \u201eumerzogen\u201c werden?<br \/>\nDoch zur\u00fcck zu Sontosh und der christlichen Gebetsaktion: Das soll in Bangladesch sein, wirklich? Liegt da auch keine Verwechslung vor? Das kann doch unm\u00f6glich sein \u2013 denn f\u00fcr die millionenschwere katholische Sternsingeraktion dieses Jahres 2026 wurde doch explizit dieses Land auserw\u00e4hlt, in dem es zwar 89 Prozent Muslime gibt, aber nur 0,5 Prozent Christen (und nur die H\u00e4lfte von ihnen Katholiken)\u2026 Geht die N\u00e4chstenliebe der Sternsinger-Organisation inzwischen so weit, dass sie nicht nur ihre \u201eN\u00e4chsten\u201c lieben, sondern auch ihre \u00dcber-\u00dcber-\u00dcbern\u00e4chsten, und dazu noch welche, die Christen verfolgen? Wissen die Eminenzen und Herrschaften in Schwarz das vielleicht gar nicht? Oder soll ein weiterer Versuch, die dortigen Islamisten gegen\u00fcber den unter ihnen lebenden Christen milde zu stimmen, um die eigenen Gl\u00e4ubigen zu sch\u00fctzen? Auch das gab es ja schon mehrfach.<br \/>\nEs war mir jedenfalls ein Bed\u00fcrfnis, einmal die Motivation f\u00fcr die diesj\u00e4hrige L\u00e4nderwahl der Sternsingeraktion in Erfahrung zu bringen, denn letztes Jahr wurden immerhin respektable 48 Millionen Euro gesammelt. Im Vorjahr waren die gr\u00f6\u00dften Spendensummen \u2013 f\u00fcr Kinderprojekte in der Ukraine, \u00fcber Gaza bis in den Sudan oder nach Myanmar \u2013 aus den Di\u00f6zesen Baden-W\u00fcrttembergs gekommen. Aber warum in Dreik\u00f6nigsnamen diesmal nun Bangladesch, in dem gar kein solcher Krieg herrscht? Ich schrieb die Zentrale der Sternsingeraktion an und erhielt folgende lapidare Antwort: \u201eMit den Erl\u00f6sen aus der Aktion Dreik\u00f6nigssingen werden Projekte rund um den Globus gef\u00f6rdert.<\/p>\n<p>Bangladesch ist lediglich das Beispielland der Aktion. Kindern in Deutschland wird exemplarisch die Lebenssituation von Kindern im jeweiligen Beispielland vorgestellt, um sie f\u00fcr die Probleme in der Einen Welt zu sensibilisieren\u2026 Die Beispiell\u00e4nder werden von der Jahreskonferenz zur Aktion Dreik\u00f6nigssingen festgelegt, in der Vertreterinnen und Vertreter des Kindermissionswerks, des BDKJ und der Di\u00f6zesen sitzen. Die Auswahl der L\u00e4nder erfolgt passend zu den Schwerpunktthemen, die Kontinente wechseln. In Bangladesch ist das Problem ausbeuterischer Kinderarbeit immer noch weit verbreitet, engagierte Projektpartner der Sternsinger leisten dort gute Arbeit. Die Frage nach der Religionszugeh\u00f6rigkeit spielt bei unserer Projektf\u00f6rderung keine Rolle, die Hilfe kommt Kindern unabh\u00e4ngig von Herkunft, Hautfarbe oder Religionszugeh\u00f6rigkeit zugute.\u201c<\/p>\n<p>Mir selbst stellt sich allerdings folgende Frage: Wenn ausgerechnet ein islamisches Land beispielhaft in Kinderarbeit ist, woran kann das wohl liegen? Am Koran jedenfalls nicht; das w\u00fcsste ich. Die Antwort kann im diesj\u00e4hrigen Motto zu finden sein, \u201eSchule statt Fabrik\u201c. Und weil M\u00e4dchen im Islam hinsichtlich der Bildung k\u00fcrzer gehalten werden, sind sie von Kinderarbeit st\u00e4rker betroffen als ihre gleichaltrigen Sch\u00fcler. Wenn dies aber gerade in einem muslimischen Land kulturell verwurzeln und quasi systemimmanent ist \u2013 warum thematisiert man diesen Zusammenhang nicht? Und warum l\u00e4sst man die vielen Millionen Euro nicht in Kinderprojekte im christlichen S\u00fcdamerika oder ins nichtmuslimische Afrika s\u00fcdlich des \u00c4quators flie\u00dfen?<\/p>\n<p>Die islamischen Araber sitzen auf so viel \u00d6l und Gas und wissen kaum wohin mit ihren Petrodollars. Und in ihren Moscheen kommt ebenfalls viel zusammen. Zur Veranschaulichung: Im nachfolgenden Video ist ab Minute 1:15 Kinderarbeit \u201cauf muslimisch\u201d zu sehen:<br \/>\nAber nein, wir Deutschen wollen schlie\u00dflich die ganze Welt begl\u00fccken! Man darf auf die Zahlen gespannt sein, wieviele Millionen an Sternsinger-Spenden in diesem Jahr zusammenkamen und wohin diese flie\u00dfen. Und sich dann anschlie\u00dfend erneut wundern, dass das Spendenergebnis vom Verein Kindermissionswerk \u201eDie Sternsinger\u201c erneut erst am 31. Juli ver\u00f6ffentlicht wird. Wie dem auch sei \u2013 man w\u00fcnscht sich, die Begeisterung der spendensammelnden Sternsinger f\u00fcr ihre eigene Mission hielte etwas l\u00e4nger an wie nur ein Jahr, denn in den Gottesdiensten sucht man dieselben Kinder, die hier singend von Haus zu Haus ziehen, leider zumiest vergebens. Andererseits ist immerhin etwas Besonderes, an der weltweit gr\u00f6\u00dften Spendenaktion von Kindern f\u00fcr Kinder dabei gewesen zu sein. Vergelt\u2018s Gott\u2026 Allah wird es jedenfalls nicht tun<br \/>\n&#8230; Alles vom 22.1.2026 von Albrecht K\u00fcnstle au<br \/>\n<a href=\"https:\/\/ansage.org\/die-katholische-sternsingeraktion-2026-gilt-ausgerechnet-bangladesch-wo-nur-noch-05-prozent-christen-leben\/\">https:\/\/ansage.org\/die-katholische-sternsingeraktion-2026-gilt-ausgerechnet-bangladesch-wo-nur-noch-05-prozent-christen-leben\/<\/a><br \/>\n.<br \/>\n<a href=\"mailto:kuenstle.a@gmx.de\">kuenstle.a@gmx.de<\/a><\/p>\n<p>&nbsp;<\/p>\n<p><strong>Sternsinger sind rassistisch! Wie Idioten Traditionen zerst\u00f6ren wollen<\/strong><br \/>\nWenn Idiotie auf Ideologie trifft, dann sind Hopfen und Malz verloren. Und dabei liegt in \u201ekleinen\u201c Dingen mehr Aussagekraft als in gro\u00dfen Aktionen. Beispiel gef\u00e4llig? Am kommenden Feiertag \u201eHeilige Drei K\u00f6nige\u201c, am 6. Januar, ziehen nach alter Tradition die \u201eSternsinger\u201c wieder durch die Stra\u00dfen, klingeln an den H\u00e4usern, singen ein Lied, bitten um eine Spende \u2013 diesmal f\u00fcr Amazonien. Und sie hinterlassen mit Kreide oben am T\u00fcrrahmen die Jahreszahl plus die Buchstaben C+M+B: \u201eChristus mansionem benedicat \u2013 Christus m\u00f6ge dieses Haus segnen\u201c.<br \/>\nVolksbrauch seit Jahrhunderten. Selbst ungl\u00e4ubige Erwachsene freuen sich auf dieses allj\u00e4hrliche Ritual. Und die Kinder k\u00f6nnen es kaum erwarten, sich zu verkleiden. Um den \u201eMohren\u201c rei\u00dfen sich alle. Er wird schwarz angemalt, denn der Tradition nach steht er symbolisch f\u00fcr den Kontinent Afrika.<br \/>\nDie weltweite Bedeutung von <a href=\"https:\/\/www.freiburg-schwarzwald.de\/blog\/religion\/kirchen\/weihnachten\/\">Weihnachten<\/a> nicht einfach zu negieren (und damit \u201eschwarz\u201c aus der abendl\u00e4ndischen Glaubens-Historie zu entfernen), das hat doch etwas Positives, oder?! \u201eBlack is beautiful\u201c hie\u00df mal ein CDU-Spruch, als die CDU noch CDU war. Wie der schwarze General im Dienste Venedigs in Shakespeares \u201eOthello\u201c, wo die Maske (also die Visagisten, wie sie sich Merkel, Baerbock und Co. auf Steuerzahlerkosten leisten) einen evtl. blonden Bariton zum schwarzen Au\u00dfenseiter umschminkt. Denn genau das ist dessen Rolle: Er steht au\u00dferhalb dessen, was man damals \u201enormal\u201c nannte.<br \/>\n.<br \/>\nWer das Rassismus nennt, ist ein Idiot. Ihn \u201ewei\u00df\u201c singen zu lassen, das w\u00e4re Rassismus.<br \/>\nBei den Sternsingern soll das \u201eBlackfacing\u201c nun auch vorbei sein. Die Gesinnungspolizei hat zugeschlagen. Diesmal in Form einer Pastorin, die ein Paradebeispiel f\u00fcr die gef\u00e4hrliche Kombination von Ideologie und Idiotie darstellt: Das sogenannte <em><strong>\u201eBlackfacing\u201c, also jene Kunst, aus Wei\u00df Schwarz zu machen, sei rassistisch<\/strong><\/em>. Die Dame nennt sich Bildungs(!)referentin bei der VEM, der Vereinigten Evangelischen Mission, und erkl\u00e4rt: \u201eIn einer Migrationsgesellschaft geht die Darstellung von \u201aHautfarbe gleich Herkunft\u2018 nicht auf, wenn wir 43 Prozent Kinder und 26 Prozent Erwachsene mit Migrationshintergrund hier haben.\u201c Mit der Sternsinger-Aktion w\u00fcrde Kindern vermittelt, dass wei\u00dfe Menschen reich und schwarze Menschen arm seien. Ach!<br \/>\n&#8230;<br \/>\nLeute, lasst den Mohren nicht sterben, nur weil eine wirre Kirchenfunktion\u00e4rin Irrsinn verbreitet. \u00c4hnlich wie das CSU-regierte Augsburg das Hotel \u201eDrei Mohren\u201c und den Zigeunerbach umbenennen lie\u00df. In Kiel hat ein stolzer Schwarzer, aus Nigeria stammend, sein Lokal ganz bewusst \u201eZum Mohrenkopf\u201c genannt. Auch als Antwort auf den Wirbel, den mein Bestseller \u201eRettet das Zigeunerschnitzel\u201c verursacht hatte.<br \/>\nEr belehrt die bildungsschwachen deutschen Ideologie-Idioten: \u201eIch bin als Mohr auf die Welt gekommen und stolz darauf.\u201c F\u00fcr ihn sei der Begriff Mohr nicht rassistisch \u2013 im Gegenteil: \u201eDer Mohrenkopf war im Mittelalter eine Auszeichnung f\u00fcr gutes Essen. Dort gingen F\u00fcrsten essen, an den Eingangst\u00fcren gab es Mohrenkopfsymbole als Qualit\u00e4tszeichen, dass dort ein Mohr kocht.\u201c<br \/>\nDoch unsere ideologischen Idioten plappern und handeln nach dem Motto: Zu viel Bildung schadet nur. Also wird die Axt an alles gelegt, was einmal sinnvolle Tradition war. Da kann man nur noch mit dem christlichen (Sternsinger-)Ritual flehen: Kyrie eleison \u2013 Herr erbarme dich!<br \/>\n&#8230; Alles vom 4.1.2023 von Peter Hahne bitte lesen auf<br \/>\n<a href=\"https:\/\/reitschuster.de\/post\/sternsinger-sind-rassistisch\/\">https:\/\/reitschuster.de\/post\/sternsinger-sind-rassistisch\/<\/a><br \/>\n.<br \/>\n<em>Peter Hahne:<\/em><br \/>\n<em>Ist das euer Ernst?! Aufstand gegen Idiotie und Ideologie<\/em><br \/>\n<em>Quadriga Verlag, 12 Euro<\/em><br \/>\n.<br \/>\n<strong>Ausgesto\u00dfene der Woche: Sternsinger und Eheleute<\/strong><br \/>\nEs ist wieder Sternsinger-Zeit. Doch das Kindermissionswerk r\u00e4t von einschl\u00e4gigem Schminken entschieden ab. Die britische Methodistenkirche empfiehlt derweil ihren Geistlichen, nicht mehr von \u201eEhemann\u201c und \u201eEhefrau\u201c zu sprechen.<br \/>\nKaum ist das neue Jahr angebrochen, in das Sie hoffentlich gut hineingeglitten sind, stehen bereits die Sternsinger vor der T\u00fcr. Jedenfalls dort, wo der auf Achgut diagnostizierte \u201eZusammenbruch dieser Tradition\u201c noch nicht vollends durchgeschlagen hat. Teils galten die Heiligen Drei K\u00f6nige beziehungsweise die drei Weisen aus dem Morgenland als Araber, und was sie zum Jesukinde brachten, war wertvoll wie Gold. Nach schon lange verbreiteter Vorstellung soll das Triumvirat jedoch die Kontinente Europa, Asien und Afrika repr\u00e4sentieren. Und so kommt es vor, dass das Kind, das den Schwarzen Kontinent vertritt, einschl\u00e4gig geschminkt wird. Dieses Blackfacing erf\u00e4hrt in den letzten Jahren vermehrt eine Umdeutung. \u201eProblematisch\u201c und \u201erassistisch\u201c soll es sein.<br \/>\n<a href=\"https:\/\/www.news4teachers.de\/2020\/10\/stereotype-werden-bedient-die-problematisch-sind-wie-rassistisch-sind-die-heiligen-drei-koenige\/\">https:\/\/www.news4teachers.de\/2020\/10\/stereotype-werden-bedient-die-problematisch-sind-wie-rassistisch-sind-die-heiligen-drei-koenige\/<\/a><br \/>\nAktuell beschwert sich die evangelische Theologin Sarah Vecera von der Vereinten Evangelischen Mission in Wuppertal<br \/>\n<a href=\"https:\/\/katholisch.de\/artikel\/50010-theologin-ueber-sternsinger-blackfacing-ist-kein-harmloses-brauchtum\">https:\/\/katholisch.de\/artikel\/50010-theologin-ueber-sternsinger-blackfacing-ist-kein-harmloses-brauchtum<\/a><br \/>\ndar\u00fcber, dass dieser Brauch vor Ort noch Usus sei, obwohl die Sternsinger-Zentrale davon abr\u00e4t.<br \/>\n<a href=\"https:\/\/www.sternsinger.de\/sternsingen\/schminken\/#collapse9883\">https:\/\/www.sternsinger.de\/sternsingen\/schminken\/#collapse9883<\/a><br \/>\nVecera (Jesus \u201ewar Person of Color\u201c) <a href=\"https:\/\/www.news4teachers.de\/2020\/10\/stereotype-werden-bedient-die-problematisch-sind-wie-rassistisch-sind-die-heiligen-drei-koenige\/\">https:\/\/www.katholisch.de\/artikel\/32487-theologin-bilder-vom-weissen-jesuskind-infrage-stellen<\/a> hat \u00fcbrigens eine \u201ediversit\u00e4tssensible Kinderbibel\u201c initiiert. <a href=\"https:\/\/www.ekd.de\/vem-verurteilt-uebergriff-auf-autorin-sarah-vecera-78175.htm\">https:\/\/www.ekd.de\/vem-verurteilt-uebergriff-auf-autorin-sarah-vecera-78175.htm<\/a> Beim katholischen Sternsinger-Kindermissionswerk wisse man, \u201edass die Gleichung von Hautfarbe und Herkunft nicht aufgeht\u201c.<br \/>\n&#8230; Alles vom 5.1.2024 bitte lesen auf<br \/>\n<a href=\"https:\/\/www.achgut.com\/artikel\/Ausgestossene_der_Woche_Sternsinger_Eheleute\">https:\/\/www.achgut.com\/artikel\/Ausgestossene_der_Woche_Sternsinger_Eheleute<\/a><\/p>\n<p>&nbsp;<\/p>\n<p><strong>Caspar, Melchior und Balthasar &#8211; <\/strong><strong>Littenweiler Kinder als Sternsinger unterwegs<br \/>\n<\/strong>Man trifft sie einmal j\u00e4hrlich auf den Stra\u00dfen Littenweilers, die Sternsinger der Gemeinde St. Barbara. Vom 3. bis 5. Januar ziehen sie durch den Stadtteil und sammeln Geld f\u00fcr Kinder in Not. Wohl jeder kennt die Drei K\u00f6nige Caspar, Melchior und Balthasar, wie sie mit einem Holz\u00adstern, dem qualmenden Weihrauchgef\u00e4\u00df und der Samm\u00adel\u00adb\u00fcchse vor der Haust\u00fcr stehen, Lieder singen, ihren Spruch aufsagen und sich \u00fcber eine Spende freuen. Doch kaum jemand macht sich Gedanken, welch orga\u00adni\u00adsa\u00adto\u00adri\u00adscher Aufwand hinter der allj\u00e4hrlichen Aktion steckt. Diana Funk kann Interessantes dar\u00fcber berichten, denn sie ist seit ihrem achten Lebensjahr dabei. Fr\u00fcher selbst als \u201eeiner der Drei K\u00f6nige\u201c von St. Barbara, sp\u00e4ter als Grupp\u00aden\u00adbegleiterin und heute organisiert sie mit ihrem Schwie\u00adger\u00advaterRichard Funk, Mesner der Gemeinde, die all\u00adj\u00e4hr\u00adliche Aktion.<br \/>\nSchon im Sommer erh\u00e4lt jede Pfarrgemeinde Infomappen, Plakate und die CD mit dem jeweiligen Motto-Lied vom Kin\u00addermissionswerk Aachen. Kurz nach Weihnachten gibt es dann ein erstes Vorbereitungstreffen, bei dem die Teil\u00adneh\u00admer alles zum jeweiligen Projekt erfahren und die Lied\u00adbl\u00e4t\u00adter und Gedichte werden ausgeteilt, damit sich die k\u00fcnftigen Sternsinger vorbereiten k\u00f6nnen. Hierbei wird auch festgestellt, wie viele Kinder sich bereit erkl\u00e4ren mit\u00adzu\u00admachen. Acht Gruppen mit jeweils f\u00fcnf Kindern m\u00fcssen es schon sein, damit jedes Haus einen Besuch der Sternsinger erhalten kann. Jede Gruppe besteht aus den Drei K\u00f6nigen, einem Sterntr\u00e4ger und einem Grupp\u00aden\u00adbe\u00adgleiter. Meist sind es Kommunionkinder und Ministranten, aber es gibt auch einige, die allj\u00e4hrlich einige Tage ihrer Weih\u00adnachtsferien opfern, aufs Skifahren und Ausschlafen ver\u00adzichten, um f\u00fcr die gute Sache unterwegs zu sein. Auch evangelische Kinder und Freunde aus benachbarten Stadt\u00adteilen beteiligen sich. Bei einem zweiten Treffen werden dann die Gebiete ein\u00adge\u00adteilt. Besonders beliebt sind nat\u00fcrlich zum Beispiel die H\u00f6llental- oder Alemannenstra\u00dfe, denn am Berg ist es m\u00fch\u00ad\u00adsamer und weniger dicht bebaut. Aber damit alles ge\u00adrecht zugeht, werden die Stra\u00dfen ausgelost. Danach wer\u00adden die Gew\u00e4nder ausgeteilt, anprobiert und letzte \u00c4n\u00adder\u00adun\u00adgen vor\u00adgenommen.<\/p>\n<p>Am 3. Januar um 14.00 Uhr treffen sich dann alle Kinder im Gemeindeheim. Die Gruppenbegleiter erhalten ihren Aus\u00adweis, der sie zum Spendensammeln berechtigt, die Drei K\u00f6nige ziehen ihre Gew\u00e4nder an, und Caspar, dessen Rolle t\u00e4glich wechselnd vergeben wird, muss schwarz ge\u00adschminkt werden. \u201eHeute ist das zum Gl\u00fcck professionelle Thea\u00adterschminke. Zu meiner Zeit war das noch eine Art \u201eschwarze Schuhcreme\u201c, die sich nur sehr schwer wieder ent\u00adfernen lie\u00df\u201c lacht Diana Funk. Danach erh\u00e4lt jede Gruppe ihre Utensilien wie Kreide zum Aufmalen des Segens C+M+B+Jahreszahl (\u201eChristus man\u00adsionem benedictat\u201c Christus segne dieses Haus) sowie Aufkleber, f\u00fcr den Fall dass die Kreidemarkierung nicht gew\u00fcnscht oder die Haust\u00fcre wei\u00df ist, Weihrauchf\u00e4sser und Kohle zum Anz\u00fcnden des Weihrauchs, Holzstern und nat\u00fcrlich die Spendenb\u00fcchse.<br \/>\nUm 14.30 Uhr l\u00e4dt Pfarrer Johannes Kienzler zum Aus\u00adsende\u00adgottesdienst mit kleiner Andacht in die Pfarrkirche ein. Alle Utensilien werden gesegnet und dann geht es end\u00adlich los in die einzelnen Gebiete. Drei Tage sind die Gruppen unterwegs und erleben immer wieder Neues. \u201eIch habe eigentlich nur gute Erfahrungen gemacht\u201c be\u00adrich\u00adtet Diana Funk, \u201edie meisten Menschen freuen sich, wenn wir kommen. Viele bitten uns herein, bieten den Kindern Getr\u00e4nke oder Weihnachtsgeb\u00e4ck an und manch\u00admal werden wir vor dem Weihnachtsbaum\u00a0 platziert und es wird ein Foto gemacht. Besonders \u00e4ltere Menschen freuen sich, wenn wir sie besuchen und es ist schon vor\u00adge\u00adkomm\u00aden, dass jemand ungeduldig angerufen hat und nachgefragt hat, wann wir denn endlich vorbei kommen. Sie warten schon den ganzen Tag auf uns!\u201c<br \/>\n\u201eIch finde es immer wieder erstaunlich, wie motiviert die Kinder sind. Dass sie ihre Ferien \u201aopfern\u2019, um anderen Kinder, denen es nicht so gut geht, zu helfen. Das im\u00adpo\u00adniert mir sehr\u201c, so die Organisatorin. Auch Diana Funk selbst hat in diesen Tagen viel zu tun. Sie f\u00e4hrt das ganze Ge\u00adbiet immer wieder ab, fr\u00e4gt nach, ob alles in Ordnung ist und versorgt die Gruppen mit warmem Kinderpunsch. Am Abend treffen sich dann alle wieder im Ge\u00admein\u00adde\u00adheim und jede Gruppe leert ihre Spendeb\u00fcchse. \u201eNat\u00fcrlich gibt es einen internen Wettbewerb, wer am meisten gesammelt hat. Aber am Ende z\u00e4hlt dann doch f\u00fcr alle nur die Gesamtsumme und die Kinder sind schon ein bisschen stolz, wenn der Gesamtbetrag verk\u00fcndet wird\u201c so Diana Funk. Danach gehen alle zufrieden nach Hause, in der Ge\u00adwiss\u00adheit, in der Gemeinschaft mit Freunden etwas Gutes f\u00fcr Kin\u00adder in Not getan zu haben. Und eine kleine Belohnung hat jedes Kind zus\u00e4tzlich in der Tasche, denn die zahl\u00adreich\u00aden S\u00fc\u00dfigkeiten, die ihnen au\u00dfer der Geldspende oft zu\u00adgesteckt wurden, werden gerecht aufgeteilt und die d\u00fcr\u00adfen die Kinder nat\u00fcrlich behalten<br \/>\n20.12.2012, Gisela Heizler-Ries, Littenweiler Dorfblatt<\/p>\n","protected":false},"excerpt":{"rendered":"<p>Home &gt;Kirchen &gt;Selbsthilfe &gt;Kinder &gt;Jugend &gt;Sternsinger Listenauswahl eines Beitrags (Artikel\/Datum, Seite\/Inhalt): Klicken oder scrollen Sternsingeraktion 2026 f\u00fcr Bangladesch mit nur noch 0,05 % Christen (22.1.2026) Krippen geschichts- gesichtslos?\u00a0(6.12.2025) Sternsinger sind rassistisch! Wie Idioten Traditionen zerst\u00f6ren wollen (4.1.2024) Schwarzer Melchior in &hellip; <a href=\"https:\/\/www.freiburg-schwarzwald.de\/blog\/selbsthilfe\/jugend\/sternsinger\/\">Weiterlesen <span class=\"meta-nav\">&rarr;<\/span><\/a><\/p>\n","protected":false},"author":4,"featured_media":0,"parent":1121,"menu_order":0,"comment_status":"open","ping_status":"closed","template":"","meta":{"footnotes":""},"class_list":["post-18214","page","type-page","status-publish","hentry"],"_links":{"self":[{"href":"https:\/\/www.freiburg-schwarzwald.de\/blog\/wp-json\/wp\/v2\/pages\/18214","targetHints":{"allow":["GET"]}}],"collection":[{"href":"https:\/\/www.freiburg-schwarzwald.de\/blog\/wp-json\/wp\/v2\/pages"}],"about":[{"href":"https:\/\/www.freiburg-schwarzwald.de\/blog\/wp-json\/wp\/v2\/types\/page"}],"author":[{"embeddable":true,"href":"https:\/\/www.freiburg-schwarzwald.de\/blog\/wp-json\/wp\/v2\/users\/4"}],"replies":[{"embeddable":true,"href":"https:\/\/www.freiburg-schwarzwald.de\/blog\/wp-json\/wp\/v2\/comments?post=18214"}],"version-history":[{"count":5,"href":"https:\/\/www.freiburg-schwarzwald.de\/blog\/wp-json\/wp\/v2\/pages\/18214\/revisions"}],"predecessor-version":[{"id":144639,"href":"https:\/\/www.freiburg-schwarzwald.de\/blog\/wp-json\/wp\/v2\/pages\/18214\/revisions\/144639"}],"up":[{"embeddable":true,"href":"https:\/\/www.freiburg-schwarzwald.de\/blog\/wp-json\/wp\/v2\/pages\/1121"}],"wp:attachment":[{"href":"https:\/\/www.freiburg-schwarzwald.de\/blog\/wp-json\/wp\/v2\/media?parent=18214"}],"curies":[{"name":"wp","href":"https:\/\/api.w.org\/{rel}","templated":true}]}}