{"id":17814,"date":"2012-12-14T17:16:29","date_gmt":"2012-12-14T16:16:29","guid":{"rendered":"https:\/\/www.freiburg-schwarzwald.de\/blog\/?page_id=17814"},"modified":"2013-12-11T20:28:02","modified_gmt":"2013-12-11T19:28:02","slug":"schuelerhaus","status":"publish","type":"page","link":"https:\/\/www.freiburg-schwarzwald.de\/blog\/regio\/orte\/kirchzarten\/schuelerhaus\/","title":{"rendered":"Schuelerhaus"},"content":{"rendered":"<p>Home &gt;<a title=\"Regio\" href=\"https:\/\/www.freiburg-schwarzwald.de\/blog\/regio\/\">Regio<\/a> &gt;<a title=\"Orte\" href=\"https:\/\/www.freiburg-schwarzwald.de\/blog\/regio\/orte\/\">Orte<\/a> &gt;<a title=\"Kirchzarten\" href=\"https:\/\/www.freiburg-schwarzwald.de\/blog\/regio\/orte\/kirchzarten\/\">Kirchzarten<\/a> &gt;Schuelerhaus<\/p>\n<div id=\"attachment_17816\" style=\"width: 651px\" class=\"wp-caption alignnone\"><a href=\"https:\/\/www.freiburg-schwarzwald.de\/blog\/regio\/orte\/kirchzarten\/schuelerhaus\/schuelerhaus-pan121121\/\" rel=\"attachment wp-att-17816\"><img loading=\"lazy\" decoding=\"async\" aria-describedby=\"caption-attachment-17816\" class=\" wp-image-17816 \" title=\"schuelerhaus-pan121121\" src=\"https:\/\/www.freiburg-schwarzwald.de\/blog\/wp-content\/uploads\/2012\/12\/schuelerhaus-pan121121.jpg\" alt=\"\" width=\"641\" height=\"254\" srcset=\"https:\/\/www.freiburg-schwarzwald.de\/blog\/wp-content\/uploads\/2012\/12\/schuelerhaus-pan121121.jpg 641w, https:\/\/www.freiburg-schwarzwald.de\/blog\/wp-content\/uploads\/2012\/12\/schuelerhaus-pan121121-180x71.jpg 180w, https:\/\/www.freiburg-schwarzwald.de\/blog\/wp-content\/uploads\/2012\/12\/schuelerhaus-pan121121-640x253.jpg 640w\" sizes=\"auto, (max-width: 641px) 100vw, 641px\" \/><\/a><p id=\"caption-attachment-17816\" class=\"wp-caption-text\">Blick vom Giersberg nach Westen zu Kirchzarten und Sch\u00fclerhaus (rot) im Nebel am 21.11.2012<\/p><\/div>\n<div class=\"mceTemp\">\u00a0<\/div>\n<ul>\n<li>\n<div class=\"mceTemp\">R\u00fcckgang bei Mitgliederzahlen und Eltern-Engagement (11.12.2013)<\/div>\n<\/li>\n<li>\n<div class=\"mceTemp\"><a href=\"https:\/\/www.freiburg-schwarzwald.de\/blog\/lions-2500-euro-an-schuelerhaus\/\">https:\/\/www.freiburg-schwarzwald.de\/blog\/lions-2500-euro-an-schuelerhaus\/<\/a>\u00a0(17.5.2013)<\/div>\n<\/li>\n<li>\n<div class=\"mceTemp\"><a href=\"https:\/\/www.freiburg-schwarzwald.de\/dreisamtaelerbauernmarkt.htm#Bauernmarkt Kirchzarten am 31.7.2010\">Der neue Giersburger auf dem Markt Kirchzarten<\/a> &gt;DreisamtaelerBauernmarkt (31.7.2010)<\/div>\n<\/li>\n<li>\n<div class=\"mceTemp\"><a href=\"https:\/\/www.freiburg-schwarzwald.de\/littenweiler\/dreisamtal2.htm#Sch\u00fclerhaus Dreisamtal e.V. in Kirchzarten wird f\u00fcnf Jahre alt\">Sch\u00fclerhaus Dreisamtal e.V. in Kirchzarten wird f\u00fcnf Jahre alt<\/a> &gt;Dreisamtal2 (7.7.2010)<\/div>\n<\/li>\n<li>\n<div class=\"mceTemp\"><a href=\"https:\/\/www.freiburg-schwarzwald.de\/schuelerhaus-dreisamtal\/hausaufgaben.htm#Betreuung 2010\/2011 - Information und Anmeldung zur Betreuung\">Betreuung 2010\/2011 &#8211; Information und Anmeldung zur Betreuung<\/a> &gt;Hausaufgaben (1.3.2010)<\/div>\n<\/li>\n<li>\n<div class=\"mceTemp\"><a href=\"https:\/\/www.freiburg-schwarzwald.de\/littenweiler\/kirchzarten9.htm#EWK-Spende f\u00fcr Trinkwassersprudler im Sch\u00fclerhaus\">EWK-Spende f\u00fcr Trinkwassersprudler im Sch\u00fclerhaus<\/a> &gt;Kirchzarten9 (17.12.2009)<\/div>\n<\/li>\n<li>\n<div class=\"mceTemp\"><a href=\"https:\/\/www.freiburg-schwarzwald.de\/schuelerhaus-dreisamtal\/info5.htm#Wechsel im Vorstand\">Wechsel im Vorstand<\/a> &gt;Schuelerhaus-Dreisamtal\/Info5 (29.10.2009)<\/div>\n<\/li>\n<li>\n<div class=\"mceTemp\"><a href=\"https:\/\/www.freiburg-schwarzwald.de\/schuelerhaus-dreisamtal\/info5.htm#Nachmittagsbetreuung im neuen Schuljahr 2009\/20010 - Downloads\">Nachmittagsbetreuung im neuen Schuljahr 2009\/20010 &#8211; Downloads<\/a> &gt;Info5 (9.9.2009)<\/div>\n<\/li>\n<li>\n<div class=\"mceTemp\"><a href=\"https:\/\/www.freiburg-schwarzwald.de\/schuelerhaus-dreisamtal\/info5.htm#Sommerferien-Ferienfreizeiten im Sch\u00fclerhaus Dreisamtal\">Sommerferien-Ferienfreizeiten im Sch\u00fclerhaus Dreisamtal<\/a> &gt;Info5 (5.7.2009)<\/div>\n<\/li>\n<li>\n<div class=\"mceTemp\"><a href=\"https:\/\/www.freiburg-schwarzwald.de\/fairerhandel2.htm#Zwei Modelle zur ?Entwicklungshilfe?: Fairer Handel - Mikrokredite\">Zwei Modelle zur \u201eEntwicklungshilfe\u201c: Fairer Handel &#8211; Mikrokredite<\/a> &gt;FairerHandel2 (25.6.2009)<\/div>\n<\/li>\n<li>\n<div class=\"mceTemp\"><a href=\"https:\/\/www.freiburg-schwarzwald.de\/jung3.htm#Kommunalwahlkampf im Sch\u00fclerhaus: Unter 25 - partei\u00fcbergreifend\">Kommunalwahlkampf im Sch\u00fclerhaus: Unter 25 &#8211; partei\u00fcbergreifend<\/a> &gt;Jung3 (29.5.2009)<\/div>\n<\/li>\n<li>\n<div class=\"mceTemp\"><a href=\"https:\/\/www.freiburg-schwarzwald.de\/littenweiler\/dreisamtal2.htm#Workshop-Tag am Sch\u00fclerhaus Kirchzarten: Kreativer und lehrreich\">Workshop-Tag am Sch\u00fclerhaus Kirchzarten: Kreativ und lehrreich<\/a> &gt;Dreisamtal2 (19.2.09)<\/div>\n<\/li>\n<li>\n<div class=\"mceTemp\"><a href=\"https:\/\/www.freiburg-schwarzwald.de\/schuelerhaus-dreisamtal\/info5.htm#Sch\u00fclerhaus-Workshop-Tag am Sa 14.2\">Sch\u00fclerhaus-Workshop-Tag am Sa 14.2<\/a>\u00a0 &gt;Schuelerhaus-Dreisamtal\/info5 (31.1.2009)<\/div>\n<\/li>\n<li><a href=\"https:\/\/www.freiburg-schwarzwald.de\/schuelerhaus-dreisamtal\/info5.htm#Er\u00f6ffnung des Sch\u00fclerhauses am Samstag 22.9.2007\">Er\u00f6ffnung des Sch\u00fclerhauses am Samstag 22.9.2007<\/a> (22.9.2007)<\/li>\n<li>Die Idee &#8211; ein Haus f\u00fcr Sch\u00fcler (Juni 2005)<br \/>\n\u00a0\u00a0\u00a0<\/li>\n<li>\n<div><a href=\"https:\/\/www.freiburg-schwarzwald.de\/schuelerhaus-dreisamtal\">www.freiburg-schwarzwald.de\/schuelerhaus-dreisamtal<\/a>\u00a0&gt;Archivseite Sch\u00fclerhaus\u00a0(vor 31.1.2012)<\/div>\n<\/li>\n<li>\n<div>Sch\u00fclerhaus Kirchzarten<\/div>\n<\/li>\n<\/ul>\n<div class=\"mceTemp\">\u00a0<\/div>\n<div class=\"mceTemp\">\u00a0<\/div>\n<div class=\"mceTemp\">\u00a0<\/div>\n<div class=\"mceTemp\"><a href=\"https:\/\/www.freiburg-schwarzwald.de\/blog\/regio\/orte\/kirchzarten\/schuelerhaus\/schuelerhaus121121\/\" rel=\"attachment wp-att-17817\"><img loading=\"lazy\" decoding=\"async\" class=\"alignnone size-thumbnail wp-image-17817\" title=\"schuelerhaus121121\" src=\"https:\/\/www.freiburg-schwarzwald.de\/blog\/wp-content\/uploads\/2012\/12\/schuelerhaus121121-180x135.jpg\" alt=\"\" width=\"180\" height=\"135\" srcset=\"https:\/\/www.freiburg-schwarzwald.de\/blog\/wp-content\/uploads\/2012\/12\/schuelerhaus121121-180x135.jpg 180w, https:\/\/www.freiburg-schwarzwald.de\/blog\/wp-content\/uploads\/2012\/12\/schuelerhaus121121.jpg 640w\" sizes=\"auto, (max-width: 180px) 100vw, 180px\" \/><\/a>\u00a0\u00a0\u00a0\u00a0\u00a0\u00a0\u00a0\u00a0\u00a0 <a href=\"https:\/\/www.freiburg-schwarzwald.de\/blog\/regio\/orte\/kirchzarten\/schuelerhaus\/schuelerhaus131210\/\" rel=\"attachment wp-att-42244\"><img loading=\"lazy\" decoding=\"async\" class=\"alignnone size-thumbnail wp-image-42244\" title=\"schuelerhaus131210\" src=\"https:\/\/www.freiburg-schwarzwald.de\/blog\/wp-content\/uploads\/2012\/12\/schuelerhaus131210-180x120.jpg\" alt=\"\" width=\"180\" height=\"120\" srcset=\"https:\/\/www.freiburg-schwarzwald.de\/blog\/wp-content\/uploads\/2012\/12\/schuelerhaus131210-180x120.jpg 180w, https:\/\/www.freiburg-schwarzwald.de\/blog\/wp-content\/uploads\/2012\/12\/schuelerhaus131210.jpg 639w\" sizes=\"auto, (max-width: 180px) 100vw, 180px\" \/><\/a><\/div>\n<div class=\"mceTemp\">(1) Sch\u00fclerhaus und Schulzentrum\u00a0\u00a0\u00a0\u00a0\u00a0\u00a0 (2) Sch\u00fclerhaus-Vorstand 11\/2013<\/div>\n<div class=\"mceTemp\">(2) Sch\u00fclerhaus-Vorstand 11\/2013 (vl): Stefan Saumer (1. Vorsitzender), Christiane Kramer (2. Vorsitzende) und Roland H\u00e4\u00dfler (Kassenwart) &#8211; Bild: Gerd L\u00fcck<\/div>\n<div class=\"mceTemp\">\u00a0<\/div>\n<div class=\"mceTemp\">\u00a0<\/div>\n<div class=\"mceTemp\"><strong>Sch\u00fclerhaus Kirchzarten<\/strong><\/div>\n<div class=\"mceTemp\">Gemeinn\u00fctziger Verein &#8222;Sch\u00fclerhaus Dreisamtal&#8220;<\/div>\n<div class=\"mceTemp\"><span style=\"color: #000000;\">Postfach 1135, 79195 Kirchzarten, Tel 0761-61290865<\/span><\/div>\n<div class=\"mceTemp\"><a href=\"https:\/\/www.schuelerhaus.org\/\">www.schuelerhaus.org<\/a>Archivseite bis 2012:<br \/>\n<a href=\"https:\/\/www.schuelerhaus-dreisamtal.de\/\">www.schuelerhaus-dreisamtal.de<\/a>\u00a0bzw. <a href=\"https:\/\/www.freiburg-schwarzwald.de\/schuelerhaus-dreisamtal\">www.freiburg-schwarzwald.de\/schuelerhaus-dreisamtal<\/a><\/div>\n<div class=\"mceTemp\">\n<p>Vorsitz: Stefan Saumer, Tel 07661\/6280259, 0761\/28288-44, saumer at qu-int.com<br \/>\nStellvertretung: Christiane Kramer<br \/>\nSch\u00fclerhaus-Cafeteria: 07661\/909335<br \/>\nBetreuer-Team w\u00e4hrend der Betreuungszeiten: 07661\/909334<br \/>\nVerein (AB) 07661\/6280259, Stefan Saumer (B\u00fcro) 0761\/2828844<br \/>\nKasse: Roland H\u00e4\u00dfler<\/p>\n<\/div>\n<p>&nbsp;<\/p>\n<p class=\"mceTemp\"><span style=\"color: #008000;\"><strong>Spendenkonto 423 42 33 bei der Sparkasse Hochschwarzwald, BLZ 680 510 04<\/strong><\/span><br \/>\nZahlungseing\u00e4nge auf diesen Konten f\u00fchren automatisch dazu, dass dem Absender eine Spendenbescheinigung zukommt. Bitte deshalb im Verwendungszweck die Adresse angeben.<\/p>\n<div class=\"mceTemp\">\u00a0<\/div>\n<div class=\"mceTemp\">\u00a0<\/div>\n<div class=\"mceTemp\">\n<p><strong>DIE IDEE &#8211; EIN HAUS F\u00dcR SCH\u00dcLER<\/strong><\/p>\n<ul>\n<li>zum Essen und Trinken in der Cafeteria \u00a0<\/li>\n<li>zur Hausaufgabenbetreuung und f\u00fcr Nachhilfe \u00a0<\/li>\n<li>zur Erholung und zum gem\u00fctlichen Zusammensein \u00a0<\/li>\n<li>getragen von Eltern, Lehrern und Sch\u00fclern, die einen gemeinn\u00fctzigen Verein bilden<\/li>\n<li>finanziert mit Unterst\u00fctzung der Schultr\u00e4ger, durch F\u00f6rdermittel, Spenden und mit Hilfe von Sponsoren<\/li>\n<li>errichtet auf dem Gel\u00e4nde des Schulzentrums in \u00f6konomischer, \u00f6kologischer und \u00e4sthetischer Bauweise und durch Eigenleistung der Schulgemeinschaft.\u00a0\u00a0\u00a0<\/li>\n<li>fertiggestellt voraussichtlich Ende 2006<\/li>\n<\/ul>\n<p align=\"left\">Engagierte Eltern wollten es nicht mehr l\u00e4nger hinnehmen, dass die Sch\u00fcler des Schulzentrums Dreisamtal trotz zunehmendem Nachmittagsunterrichts dort immer noch keine M\u00f6glichkeit der Mittagessensversorgung haben. Nachdem Kirchzarten nicht in den Genuss der IZBB-Gelder kam, r\u00fcckte der vom Landratsamt geplante Anbau f\u00fcr eine Cafeteria in weitere Ferne denn je, da Kommunen und Kreis das Geld ausgeht.<br \/>\nMit der Gr\u00fcndung des gemeinn\u00fctzigen Vereins \u201eSch\u00fclerhaus Dreisamtal e.V.\u201c wollen Eltern deshalb den Bau eines eigenst\u00e4ndigen Sch\u00fclerhauses mit Cafeteria, Lern- und Erholungsr\u00e4umen auf dem Schulgel\u00e4nde selbst in Angriff nehmen.\u00a0 Der \u00a0Verein will dieses Projekt planen, finanzieren, bauen und betreiben.<br \/>\nJuni 2005<\/p>\n<p align=\"left\">\u00a0<\/p>\n<p><strong>R\u00fcckgang bei Mitgliederzahlen und Eltern-Engagement<\/strong><br \/>\nBei der jetzt im \u201eSch\u00fclerhaus Dreisamtal\u201c stattgefundenen allj\u00e4hrlichen Mitgliederversammlung wurde der amtierende Vorstand des Tr\u00e4gervereins in seinen \u00c4mtern best\u00e4tigt: Stefan Saumer (1. Vorsitzender), Christiane Kramer (2. Vorsitzende) und Roland H\u00e4\u00dfler (Kassenwart) (v.l.). Als neuer P\u00e4chter der Sch\u00fclerhaus-Cafeteria stellte sich Stephan Gro\u00dfmann vor.<br \/>\nDa die Mitgliederzahlen seit 2008 kontinuierlich von 596 auf aktuell 451 zur\u00fcckgegangen sind, will der Vorstand Anfang des kommenden Jahres eine Zukunfts- und Ideenwerkstatt durchf\u00fchren. Nachdem die Sch\u00fcler der \u201eGr\u00fcndergeneration\u201c inzwischen ihren Schulabschluss haben, verlassen immer mehr von deren Eltern den Tr\u00e4gerverein.<br \/>\nLeider sind die Eltern der aktuellen Sch\u00fcler nur schwer f\u00fcr eine Mitgliedschaft \u2013 und damit auch zur finanziellen Unterst\u00fctzung \u2013 zu gewinnen. Deshalb wird sich die Werkstatt mit der Frage \u201eWie soll es mit dem Verein weitergehen, wenn die aktiven Eltern ausscheiden?\u201c befassen.<br \/>\n11.12.2013, Gerhard L\u00fcck, <a href=\"https:\/\/www.dreisamtaeler.de\">www.dreisamtaeler.de<\/a><\/p>\n<\/div>\n","protected":false},"excerpt":{"rendered":"<p>Home &gt;Regio &gt;Orte &gt;Kirchzarten &gt;Schuelerhaus \u00a0 R\u00fcckgang bei Mitgliederzahlen und Eltern-Engagement (11.12.2013) https:\/\/www.freiburg-schwarzwald.de\/blog\/lions-2500-euro-an-schuelerhaus\/\u00a0(17.5.2013) Der neue Giersburger auf dem Markt Kirchzarten &gt;DreisamtaelerBauernmarkt (31.7.2010) Sch\u00fclerhaus Dreisamtal e.V. in Kirchzarten wird f\u00fcnf Jahre alt &gt;Dreisamtal2 (7.7.2010) Betreuung 2010\/2011 &#8211; Information und Anmeldung zur &hellip; <a href=\"https:\/\/www.freiburg-schwarzwald.de\/blog\/regio\/orte\/kirchzarten\/schuelerhaus\/\">Weiterlesen <span class=\"meta-nav\">&rarr;<\/span><\/a><\/p>\n","protected":false},"author":4,"featured_media":0,"parent":347,"menu_order":0,"comment_status":"open","ping_status":"closed","template":"","meta":{"footnotes":""},"class_list":["post-17814","page","type-page","status-publish","hentry"],"_links":{"self":[{"href":"https:\/\/www.freiburg-schwarzwald.de\/blog\/wp-json\/wp\/v2\/pages\/17814","targetHints":{"allow":["GET"]}}],"collection":[{"href":"https:\/\/www.freiburg-schwarzwald.de\/blog\/wp-json\/wp\/v2\/pages"}],"about":[{"href":"https:\/\/www.freiburg-schwarzwald.de\/blog\/wp-json\/wp\/v2\/types\/page"}],"author":[{"embeddable":true,"href":"https:\/\/www.freiburg-schwarzwald.de\/blog\/wp-json\/wp\/v2\/users\/4"}],"replies":[{"embeddable":true,"href":"https:\/\/www.freiburg-schwarzwald.de\/blog\/wp-json\/wp\/v2\/comments?post=17814"}],"version-history":[{"count":0,"href":"https:\/\/www.freiburg-schwarzwald.de\/blog\/wp-json\/wp\/v2\/pages\/17814\/revisions"}],"up":[{"embeddable":true,"href":"https:\/\/www.freiburg-schwarzwald.de\/blog\/wp-json\/wp\/v2\/pages\/347"}],"wp:attachment":[{"href":"https:\/\/www.freiburg-schwarzwald.de\/blog\/wp-json\/wp\/v2\/media?parent=17814"}],"curies":[{"name":"wp","href":"https:\/\/api.w.org\/{rel}","templated":true}]}}