{"id":17548,"date":"2012-12-11T16:50:03","date_gmt":"2012-12-11T15:50:03","guid":{"rendered":"https:\/\/www.freiburg-schwarzwald.de\/blog\/?page_id=17548"},"modified":"2012-12-17T21:18:52","modified_gmt":"2012-12-17T20:18:52","slug":"weihnachtsmarkt-munzingen","status":"publish","type":"page","link":"https:\/\/www.freiburg-schwarzwald.de\/blog\/business\/markt\/weihnachtsmarkt\/weihnachtsmarkt-munzingen\/","title":{"rendered":"Weihnachtsmarkt-Munzingen"},"content":{"rendered":"<p>Home &gt;<a title=\"Business\" href=\"https:\/\/www.freiburg-schwarzwald.de\/blog\/business\/\">Business<\/a> &gt;<a title=\"Markt\" href=\"https:\/\/www.freiburg-schwarzwald.de\/blog\/business\/markt\/\">Markt<\/a> &gt;<a title=\"Buergerbeteiligung\" href=\"https:\/\/www.freiburg-schwarzwald.de\/blog\/engagement\/buergerbeteiligung\/\">Engagement<\/a> &gt;<a title=\"Weihnachtsmarkt\" href=\"https:\/\/www.freiburg-schwarzwald.de\/blog\/business\/markt\/weihnachtsmarkt\/\">Weihnachtsmarkt<\/a> &gt;Weihnachtsmarkt-Munzingen<\/p>\n<div id=\"attachment_17562\" style=\"width: 646px\" class=\"wp-caption alignnone\"><a href=\"https:\/\/www.freiburg-schwarzwald.de\/blog\/business\/markt\/weihnachtsmarkt\/weihnachtsmarkt-munzingen\/wagensteig4metzgerhaeusle-pan121121\/\" rel=\"attachment wp-att-17562\"><img loading=\"lazy\" decoding=\"async\" aria-describedby=\"caption-attachment-17562\" class=\"size-full wp-image-17562\" title=\"wagensteig4metzgerhaeusle-pan121121\" src=\"https:\/\/www.freiburg-schwarzwald.de\/blog\/wp-content\/uploads\/2012\/12\/wagensteig4metzgerhaeusle-pan121121.jpg\" alt=\"\" width=\"636\" height=\"207\" srcset=\"https:\/\/www.freiburg-schwarzwald.de\/blog\/wp-content\/uploads\/2012\/12\/wagensteig4metzgerhaeusle-pan121121.jpg 636w, https:\/\/www.freiburg-schwarzwald.de\/blog\/wp-content\/uploads\/2012\/12\/wagensteig4metzgerhaeusle-pan121121-180x58.jpg 180w\" sizes=\"auto, (max-width: 636px) 100vw, 636px\" \/><\/a><p id=\"caption-attachment-17562\" class=\"wp-caption-text\">Blick am Metzgerhaeusle nach S\u00fcden \u00fcber den Nebel von Wagensteig- und Dreisamtal zum Schauinsland am 21.11.2012<\/p><\/div>\n<p>&nbsp;<\/p>\n<ul>\n<li>Schlo\u00df Reinach in Munzingen<\/li>\n<li>Erentrudiskapelle oberhalb Munzingen an der S\u00fcdspitze des Tunibergs<\/li>\n<li>Munzinger Weihnachtsmarkt in Schloss Reinach<\/li>\n<li><a href=\"https:\/\/www.freiburg-schwarzwald.de\/munzingen\">www.freiburg-schwarzwald.de\/munzingen<\/a><\/li>\n<\/ul>\n<p>&nbsp;<\/p>\n<p><strong>Schlo\u00df Reinach in Munzingen<\/strong><\/p>\n<p><a href=\"https:\/\/www.freiburg-schwarzwald.de\/blog\/business\/markt\/weihnachtsmarkt\/weihnachtsmarkt-munzingen\/munzingen1schloss201121\/\" rel=\"attachment wp-att-17550\"><img loading=\"lazy\" decoding=\"async\" class=\"alignnone size-thumbnail wp-image-17550\" title=\"munzingen1schloss201121\" src=\"https:\/\/www.freiburg-schwarzwald.de\/blog\/wp-content\/uploads\/2012\/12\/munzingen1schloss201121-180x135.jpg\" alt=\"\" width=\"180\" height=\"135\" srcset=\"https:\/\/www.freiburg-schwarzwald.de\/blog\/wp-content\/uploads\/2012\/12\/munzingen1schloss201121-180x135.jpg 180w, https:\/\/www.freiburg-schwarzwald.de\/blog\/wp-content\/uploads\/2012\/12\/munzingen1schloss201121.jpg 640w\" sizes=\"auto, (max-width: 180px) 100vw, 180px\" \/><\/a><\/p>\n<p>Das Schlo\u00df Reinach liegt innerorts in Munzingen am Abzweig der Strasse in Richtung Mengen. Im sch\u00f6nen Innenhof finden allj\u00e4hrlich der K\u00e4semarkt (im Herbst) und der Weihnachtsmarkt statt-<br \/>\n<a href=\"https:\/\/www.schlossReinach.de\">www.schlossReinach.de<\/a><\/p>\n<p><a href=\"https:\/\/www.freiburg-schwarzwald.de\/kaeserei.htm#Tuniberg K\u00e4semarkt im Schloss Reinach in Munzingen\">Tuniberg K\u00e4semarkt am 18.9.2011 im Schloss Reinach in Munzingen<\/a> &gt;Kaeserei (13.9.2011)<br \/>\n<a href=\"https:\/\/www.freiburg-schwarzwald.de\/kaese1.htm#Erster K\u00e4semarkt in Munzingen\">Erster K\u00e4semarkt in Munzingen<\/a> &gt;Kaese1 (20.9.2010)<\/p>\n<p>&nbsp;<\/p>\n<p>&nbsp;<\/p>\n<p><strong>Erentrudiskapelle oberhalb Munzingen an der S\u00fcdspitze des Tunibergs<\/strong><\/p>\n<p><a href=\"https:\/\/www.freiburg-schwarzwald.de\/blog\/business\/markt\/weihnachtsmarkt\/weihnachtsmarkt-munzingen\/munzingen2erentrudiskapelle121121\/\" rel=\"attachment wp-att-17552\"><img loading=\"lazy\" decoding=\"async\" class=\"alignnone size-thumbnail wp-image-17552\" title=\"munzingen2erentrudiskapelle121121\" src=\"https:\/\/www.freiburg-schwarzwald.de\/blog\/wp-content\/uploads\/2012\/12\/munzingen2erentrudiskapelle121121-180x135.jpg\" alt=\"\" width=\"180\" height=\"135\" srcset=\"https:\/\/www.freiburg-schwarzwald.de\/blog\/wp-content\/uploads\/2012\/12\/munzingen2erentrudiskapelle121121-180x135.jpg 180w, https:\/\/www.freiburg-schwarzwald.de\/blog\/wp-content\/uploads\/2012\/12\/munzingen2erentrudiskapelle121121.jpg 640w\" sizes=\"auto, (max-width: 180px) 100vw, 180px\" \/><\/a>\u00a0\u00a0\u00a0\u00a0\u00a0\u00a0\u00a0\u00a0\u00a0 <a href=\"https:\/\/www.freiburg-schwarzwald.de\/blog\/business\/markt\/weihnachtsmarkt\/weihnachtsmarkt-munzingen\/munzingen3erentrudiskapelle121121\/\" rel=\"attachment wp-att-17553\"><img loading=\"lazy\" decoding=\"async\" class=\"alignnone size-thumbnail wp-image-17553\" title=\"munzingen3erentrudiskapelle121121\" src=\"https:\/\/www.freiburg-schwarzwald.de\/blog\/wp-content\/uploads\/2012\/12\/munzingen3erentrudiskapelle121121-180x136.jpg\" alt=\"\" width=\"180\" height=\"136\" srcset=\"https:\/\/www.freiburg-schwarzwald.de\/blog\/wp-content\/uploads\/2012\/12\/munzingen3erentrudiskapelle121121-180x136.jpg 180w, https:\/\/www.freiburg-schwarzwald.de\/blog\/wp-content\/uploads\/2012\/12\/munzingen3erentrudiskapelle121121-640x485.jpg 640w, https:\/\/www.freiburg-schwarzwald.de\/blog\/wp-content\/uploads\/2012\/12\/munzingen3erentrudiskapelle121121.jpg 641w\" sizes=\"auto, (max-width: 180px) 100vw, 180px\" \/><\/a>\u00a0\u00a0\u00a0\u00a0\u00a0\u00a0\u00a0\u00a0\u00a0 <a href=\"https:\/\/www.freiburg-schwarzwald.de\/blog\/business\/markt\/weihnachtsmarkt\/weihnachtsmarkt-munzingen\/munzingen4erentrudiskapelle121121\/\" rel=\"attachment wp-att-17554\"><img loading=\"lazy\" decoding=\"async\" title=\"munzingen4erentrudiskapelle121121\" src=\"https:\/\/www.freiburg-schwarzwald.de\/blog\/wp-content\/uploads\/2012\/12\/munzingen4erentrudiskapelle121121-180x139.jpg\" alt=\"\" width=\"180\" height=\"139\" \/><\/a><br \/>\n(1)\u00a0\u00a0\u00a0\u00a0\u00a0\u00a0\u00a0\u00a0\u00a0\u00a0\u00a0\u00a0\u00a0\u00a0\u00a0\u00a0\u00a0\u00a0\u00a0\u00a0\u00a0\u00a0\u00a0\u00a0\u00a0\u00a0\u00a0\u00a0\u00a0\u00a0\u00a0\u00a0\u00a0\u00a0\u00a0\u00a0\u00a0\u00a0\u00a0\u00a0\u00a0\u00a0\u00a0\u00a0\u00a0\u00a0\u00a0\u00a0\u00a0\u00a0\u00a0\u00a0\u00a0\u00a0\u00a0\u00a0\u00a0\u00a0\u00a0\u00a0\u00a0\u00a0\u00a0\u00a0 (2)\u00a0Golfplatz\u00a0\u00a0\u00a0\u00a0\u00a0\u00a0\u00a0\u00a0\u00a0\u00a0\u00a0\u00a0\u00a0\u00a0\u00a0\u00a0\u00a0\u00a0\u00a0\u00a0\u00a0\u00a0\u00a0\u00a0\u00a0\u00a0\u00a0\u00a0\u00a0\u00a0\u00a0\u00a0\u00a0\u00a0\u00a0\u00a0\u00a0\u00a0\u00a0\u00a0\u00a0\u00a0\u00a0\u00a0\u00a0\u00a0\u00a0\u00a0\u00a0 (3) Erentrudiskapelle<\/p>\n<p><a href=\"https:\/\/www.freiburg-schwarzwald.de\/blog\/business\/markt\/weihnachtsmarkt\/weihnachtsmarkt-munzingen\/munzingen5erentrudiskapelle121121\/\" rel=\"attachment wp-att-17555\"><img loading=\"lazy\" decoding=\"async\" class=\"alignnone size-thumbnail wp-image-17555\" title=\"munzingen5erentrudiskapelle121121\" src=\"https:\/\/www.freiburg-schwarzwald.de\/blog\/wp-content\/uploads\/2012\/12\/munzingen5erentrudiskapelle121121-180x135.jpg\" alt=\"\" width=\"180\" height=\"135\" srcset=\"https:\/\/www.freiburg-schwarzwald.de\/blog\/wp-content\/uploads\/2012\/12\/munzingen5erentrudiskapelle121121-180x135.jpg 180w, https:\/\/www.freiburg-schwarzwald.de\/blog\/wp-content\/uploads\/2012\/12\/munzingen5erentrudiskapelle121121.jpg 640w\" sizes=\"auto, (max-width: 180px) 100vw, 180px\" \/><\/a><br \/>\n(4)<\/p>\n<p>(1) Blick nach Norden hoch zur Erentrudiskapelle am 21.11.2012 bei 15 Grad plus<br \/>\n(2) Blick von der Erentrudiskapelle nach S\u00fcdwesten \u00fcber den Golfplatz am 21.11.2012<br \/>\n(4) Blick von der Erentrudiskapelle nachNordosten \u00fcber Munzingen<\/p>\n<p>\u00a0<a href=\"https:\/\/www.freiburg-schwarzwald.de\/erentrudiskapelle\">www.freiburg-schwarzwald.de\/erentrudiskapelle<\/a><\/p>\n<p>&nbsp;<\/p>\n<p><strong>Munzinger Weihnachtsmarkt <\/strong><strong>in Schloss Reinach<\/strong><\/p>\n<p>Am 15. und 16. Dezember 2012 von 12 bis 20 Uhr verwandeln sich die\u00a0R\u00e4umlichkeiten von Schloss Reinach<br \/>\nund der Innenhof in einen weihnachtlichen Marktplatz.<\/p>\n<p><a href=\"https:\/\/www.freiburg-schwarzwald.de\/blog\/business\/markt\/weihnachtsmarkt\/weihnachtsmarkt-munzingen\/munzingen0weihnachtsmarkt121215\/\" rel=\"attachment wp-att-18081\"><img loading=\"lazy\" decoding=\"async\" class=\"alignnone size-thumbnail wp-image-18081\" title=\"munzingen0weihnachtsmarkt121215\" src=\"https:\/\/www.freiburg-schwarzwald.de\/blog\/wp-content\/uploads\/2012\/12\/munzingen0weihnachtsmarkt121215-180x135.jpg\" alt=\"\" width=\"180\" height=\"135\" srcset=\"https:\/\/www.freiburg-schwarzwald.de\/blog\/wp-content\/uploads\/2012\/12\/munzingen0weihnachtsmarkt121215-180x135.jpg 180w, https:\/\/www.freiburg-schwarzwald.de\/blog\/wp-content\/uploads\/2012\/12\/munzingen0weihnachtsmarkt121215.jpg 640w\" sizes=\"auto, (max-width: 180px) 100vw, 180px\" \/><\/a>\u00a0\u00a0\u00a0\u00a0\u00a0\u00a0\u00a0\u00a0\u00a0 <a href=\"https:\/\/www.freiburg-schwarzwald.de\/blog\/business\/markt\/weihnachtsmarkt\/weihnachtsmarkt-munzingen\/munzingen1weihnachtsmarkt121215\/\" rel=\"attachment wp-att-18082\"><img loading=\"lazy\" decoding=\"async\" class=\"alignnone size-thumbnail wp-image-18082\" title=\"munzingen1weihnachtsmarkt121215\" src=\"https:\/\/www.freiburg-schwarzwald.de\/blog\/wp-content\/uploads\/2012\/12\/munzingen1weihnachtsmarkt121215-180x135.jpg\" alt=\"\" width=\"180\" height=\"135\" srcset=\"https:\/\/www.freiburg-schwarzwald.de\/blog\/wp-content\/uploads\/2012\/12\/munzingen1weihnachtsmarkt121215-180x135.jpg 180w, https:\/\/www.freiburg-schwarzwald.de\/blog\/wp-content\/uploads\/2012\/12\/munzingen1weihnachtsmarkt121215.jpg 640w\" sizes=\"auto, (max-width: 180px) 100vw, 180px\" \/><\/a>\u00a0\u00a0\u00a0\u00a0\u00a0\u00a0\u00a0\u00a0\u00a0 <a href=\"https:\/\/www.freiburg-schwarzwald.de\/blog\/business\/markt\/weihnachtsmarkt\/weihnachtsmarkt-munzingen\/munzingen3weihnachtsmarkt121215\/\" rel=\"attachment wp-att-18083\"><img loading=\"lazy\" decoding=\"async\" class=\"alignnone size-thumbnail wp-image-18083\" title=\"munzingen3weihnachtsmarkt121215\" src=\"https:\/\/www.freiburg-schwarzwald.de\/blog\/wp-content\/uploads\/2012\/12\/munzingen3weihnachtsmarkt121215-180x135.jpg\" alt=\"\" width=\"180\" height=\"135\" srcset=\"https:\/\/www.freiburg-schwarzwald.de\/blog\/wp-content\/uploads\/2012\/12\/munzingen3weihnachtsmarkt121215-180x135.jpg 180w, https:\/\/www.freiburg-schwarzwald.de\/blog\/wp-content\/uploads\/2012\/12\/munzingen3weihnachtsmarkt121215.jpg 640w\" sizes=\"auto, (max-width: 180px) 100vw, 180px\" \/><\/a><br \/>\n(1) Begr\u00fc\u00dfung von OB Salomon<\/p>\n<p><a href=\"https:\/\/www.freiburg-schwarzwald.de\/blog\/business\/markt\/weihnachtsmarkt\/weihnachtsmarkt-munzingen\/munzingen4weihnachtsmarkt121215\/\" rel=\"attachment wp-att-18084\"><img loading=\"lazy\" decoding=\"async\" class=\"alignnone size-thumbnail wp-image-18084\" title=\"munzingen4weihnachtsmarkt121215\" src=\"https:\/\/www.freiburg-schwarzwald.de\/blog\/wp-content\/uploads\/2012\/12\/munzingen4weihnachtsmarkt121215-180x135.jpg\" alt=\"\" width=\"180\" height=\"135\" srcset=\"https:\/\/www.freiburg-schwarzwald.de\/blog\/wp-content\/uploads\/2012\/12\/munzingen4weihnachtsmarkt121215-180x135.jpg 180w, https:\/\/www.freiburg-schwarzwald.de\/blog\/wp-content\/uploads\/2012\/12\/munzingen4weihnachtsmarkt121215.jpg 640w\" sizes=\"auto, (max-width: 180px) 100vw, 180px\" \/><\/a>\u00a0\u00a0\u00a0\u00a0\u00a0\u00a0\u00a0\u00a0\u00a0 <a href=\"https:\/\/www.freiburg-schwarzwald.de\/blog\/business\/markt\/weihnachtsmarkt\/weihnachtsmarkt-munzingen\/munzingen5weihnachtsmarkt121215\/\" rel=\"attachment wp-att-18085\"><img loading=\"lazy\" decoding=\"async\" class=\"alignnone size-thumbnail wp-image-18085\" title=\"munzingen5weihnachtsmarkt121215\" src=\"https:\/\/www.freiburg-schwarzwald.de\/blog\/wp-content\/uploads\/2012\/12\/munzingen5weihnachtsmarkt121215-180x135.jpg\" alt=\"\" width=\"180\" height=\"135\" srcset=\"https:\/\/www.freiburg-schwarzwald.de\/blog\/wp-content\/uploads\/2012\/12\/munzingen5weihnachtsmarkt121215-180x135.jpg 180w, https:\/\/www.freiburg-schwarzwald.de\/blog\/wp-content\/uploads\/2012\/12\/munzingen5weihnachtsmarkt121215.jpg 640w\" sizes=\"auto, (max-width: 180px) 100vw, 180px\" \/><\/a>\u00a0\u00a0\u00a0\u00a0\u00a0\u00a0\u00a0\u00a0\u00a0 <a href=\"https:\/\/www.freiburg-schwarzwald.de\/blog\/business\/markt\/weihnachtsmarkt\/weihnachtsmarkt-munzingen\/munzingen6weihnachtsmarkt121215\/\" rel=\"attachment wp-att-18086\"><img loading=\"lazy\" decoding=\"async\" class=\"alignnone size-thumbnail wp-image-18086\" title=\"munzingen6weihnachtsmarkt121215\" src=\"https:\/\/www.freiburg-schwarzwald.de\/blog\/wp-content\/uploads\/2012\/12\/munzingen6weihnachtsmarkt121215-180x135.jpg\" alt=\"\" width=\"180\" height=\"135\" srcset=\"https:\/\/www.freiburg-schwarzwald.de\/blog\/wp-content\/uploads\/2012\/12\/munzingen6weihnachtsmarkt121215-180x135.jpg 180w, https:\/\/www.freiburg-schwarzwald.de\/blog\/wp-content\/uploads\/2012\/12\/munzingen6weihnachtsmarkt121215.jpg 640w\" sizes=\"auto, (max-width: 180px) 100vw, 180px\" \/><\/a><br \/>\n(4) Weihnachtsb\u00e4ume<\/p>\n<p><a href=\"https:\/\/www.freiburg-schwarzwald.de\/blog\/business\/markt\/weihnachtsmarkt\/weihnachtsmarkt-munzingen\/munzingen7weihnachtsmarkt121215\/\" rel=\"attachment wp-att-18087\"><img loading=\"lazy\" decoding=\"async\" class=\"alignnone size-thumbnail wp-image-18087\" title=\"munzingen7weihnachtsmarkt121215\" src=\"https:\/\/www.freiburg-schwarzwald.de\/blog\/wp-content\/uploads\/2012\/12\/munzingen7weihnachtsmarkt121215-180x135.jpg\" alt=\"\" width=\"180\" height=\"135\" srcset=\"https:\/\/www.freiburg-schwarzwald.de\/blog\/wp-content\/uploads\/2012\/12\/munzingen7weihnachtsmarkt121215-180x135.jpg 180w, https:\/\/www.freiburg-schwarzwald.de\/blog\/wp-content\/uploads\/2012\/12\/munzingen7weihnachtsmarkt121215.jpg 640w\" sizes=\"auto, (max-width: 180px) 100vw, 180px\" \/><\/a>\u00a0\u00a0\u00a0\u00a0\u00a0\u00a0\u00a0\u00a0\u00a0 <a href=\"https:\/\/www.freiburg-schwarzwald.de\/blog\/business\/markt\/weihnachtsmarkt\/weihnachtsmarkt-munzingen\/munzingen8weihnachtsmarkt121215\/\" rel=\"attachment wp-att-18088\"><img loading=\"lazy\" decoding=\"async\" class=\"alignnone size-thumbnail wp-image-18088\" title=\"munzingen8weihnachtsmarkt121215\" src=\"https:\/\/www.freiburg-schwarzwald.de\/blog\/wp-content\/uploads\/2012\/12\/munzingen8weihnachtsmarkt121215-180x135.jpg\" alt=\"\" width=\"180\" height=\"135\" srcset=\"https:\/\/www.freiburg-schwarzwald.de\/blog\/wp-content\/uploads\/2012\/12\/munzingen8weihnachtsmarkt121215-180x135.jpg 180w, https:\/\/www.freiburg-schwarzwald.de\/blog\/wp-content\/uploads\/2012\/12\/munzingen8weihnachtsmarkt121215.jpg 640w\" sizes=\"auto, (max-width: 180px) 100vw, 180px\" \/><\/a>\u00a0\u00a0\u00a0\u00a0\u00a0\u00a0\u00a0\u00a0\u00a0\u00a0 <a href=\"https:\/\/www.freiburg-schwarzwald.de\/blog\/business\/markt\/weihnachtsmarkt\/weihnachtsmarkt-munzingen\/munzingen9weihnachtsmarkt121215\/\" rel=\"attachment wp-att-18089\"><img loading=\"lazy\" decoding=\"async\" class=\"alignnone size-thumbnail wp-image-18089\" title=\"munzingen9weihnachtsmarkt121215\" src=\"https:\/\/www.freiburg-schwarzwald.de\/blog\/wp-content\/uploads\/2012\/12\/munzingen9weihnachtsmarkt121215-180x135.jpg\" alt=\"\" width=\"180\" height=\"135\" srcset=\"https:\/\/www.freiburg-schwarzwald.de\/blog\/wp-content\/uploads\/2012\/12\/munzingen9weihnachtsmarkt121215-180x135.jpg 180w, https:\/\/www.freiburg-schwarzwald.de\/blog\/wp-content\/uploads\/2012\/12\/munzingen9weihnachtsmarkt121215.jpg 640w\" sizes=\"auto, (max-width: 180px) 100vw, 180px\" \/><\/a><br \/>\n(7)<\/p>\n<p><a href=\"https:\/\/www.freiburg-schwarzwald.de\/blog\/business\/markt\/weihnachtsmarkt\/weihnachtsmarkt-munzingen\/munzingen10weihnachtsmarkt121215\/\" rel=\"attachment wp-att-18090\"><img loading=\"lazy\" decoding=\"async\" class=\"alignnone size-thumbnail wp-image-18090\" title=\"munzingen10weihnachtsmarkt121215\" src=\"https:\/\/www.freiburg-schwarzwald.de\/blog\/wp-content\/uploads\/2012\/12\/munzingen10weihnachtsmarkt121215-180x135.jpg\" alt=\"\" width=\"180\" height=\"135\" srcset=\"https:\/\/www.freiburg-schwarzwald.de\/blog\/wp-content\/uploads\/2012\/12\/munzingen10weihnachtsmarkt121215-180x135.jpg 180w, https:\/\/www.freiburg-schwarzwald.de\/blog\/wp-content\/uploads\/2012\/12\/munzingen10weihnachtsmarkt121215.jpg 640w\" sizes=\"auto, (max-width: 180px) 100vw, 180px\" \/><\/a>\u00a0\u00a0\u00a0\u00a0\u00a0\u00a0\u00a0\u00a0\u00a0 <a href=\"https:\/\/www.freiburg-schwarzwald.de\/blog\/business\/markt\/weihnachtsmarkt\/weihnachtsmarkt-munzingen\/munzingen11weihnachtsmarkt121215\/\" rel=\"attachment wp-att-18091\"><img loading=\"lazy\" decoding=\"async\" class=\"alignnone size-thumbnail wp-image-18091\" title=\"munzingen11weihnachtsmarkt121215\" src=\"https:\/\/www.freiburg-schwarzwald.de\/blog\/wp-content\/uploads\/2012\/12\/munzingen11weihnachtsmarkt121215-180x135.jpg\" alt=\"\" width=\"180\" height=\"135\" srcset=\"https:\/\/www.freiburg-schwarzwald.de\/blog\/wp-content\/uploads\/2012\/12\/munzingen11weihnachtsmarkt121215-180x135.jpg 180w, https:\/\/www.freiburg-schwarzwald.de\/blog\/wp-content\/uploads\/2012\/12\/munzingen11weihnachtsmarkt121215.jpg 640w\" sizes=\"auto, (max-width: 180px) 100vw, 180px\" \/><\/a><br \/>\n(10) Blick zum Schloss abends\u00a0\u00a0\u00a0\u00a0\u00a0\u00a0\u00a0\u00a0\u00a0\u00a0\u00a0\u00a0 (11) Der alte Baum<\/p>\n","protected":false},"excerpt":{"rendered":"<p>Home &gt;Business &gt;Markt &gt;Engagement &gt;Weihnachtsmarkt &gt;Weihnachtsmarkt-Munzingen &nbsp; Schlo\u00df Reinach in Munzingen Erentrudiskapelle oberhalb Munzingen an der S\u00fcdspitze des Tunibergs Munzinger Weihnachtsmarkt in Schloss Reinach www.freiburg-schwarzwald.de\/munzingen &nbsp; Schlo\u00df Reinach in Munzingen Das Schlo\u00df Reinach liegt innerorts in Munzingen am Abzweig der &hellip; <a href=\"https:\/\/www.freiburg-schwarzwald.de\/blog\/business\/markt\/weihnachtsmarkt\/weihnachtsmarkt-munzingen\/\">Weiterlesen <span class=\"meta-nav\">&rarr;<\/span><\/a><\/p>\n","protected":false},"author":4,"featured_media":0,"parent":10440,"menu_order":0,"comment_status":"open","ping_status":"closed","template":"","meta":{"footnotes":""},"class_list":["post-17548","page","type-page","status-publish","hentry"],"_links":{"self":[{"href":"https:\/\/www.freiburg-schwarzwald.de\/blog\/wp-json\/wp\/v2\/pages\/17548","targetHints":{"allow":["GET"]}}],"collection":[{"href":"https:\/\/www.freiburg-schwarzwald.de\/blog\/wp-json\/wp\/v2\/pages"}],"about":[{"href":"https:\/\/www.freiburg-schwarzwald.de\/blog\/wp-json\/wp\/v2\/types\/page"}],"author":[{"embeddable":true,"href":"https:\/\/www.freiburg-schwarzwald.de\/blog\/wp-json\/wp\/v2\/users\/4"}],"replies":[{"embeddable":true,"href":"https:\/\/www.freiburg-schwarzwald.de\/blog\/wp-json\/wp\/v2\/comments?post=17548"}],"version-history":[{"count":0,"href":"https:\/\/www.freiburg-schwarzwald.de\/blog\/wp-json\/wp\/v2\/pages\/17548\/revisions"}],"up":[{"embeddable":true,"href":"https:\/\/www.freiburg-schwarzwald.de\/blog\/wp-json\/wp\/v2\/pages\/10440"}],"wp:attachment":[{"href":"https:\/\/www.freiburg-schwarzwald.de\/blog\/wp-json\/wp\/v2\/media?parent=17548"}],"curies":[{"name":"wp","href":"https:\/\/api.w.org\/{rel}","templated":true}]}}