{"id":17369,"date":"2012-12-10T11:38:25","date_gmt":"2012-12-10T10:38:25","guid":{"rendered":"https:\/\/www.freiburg-schwarzwald.de\/blog\/?page_id=17369"},"modified":"2022-02-18T16:56:44","modified_gmt":"2022-02-18T15:56:44","slug":"psychiatrie","status":"publish","type":"page","link":"https:\/\/www.freiburg-schwarzwald.de\/blog\/selbsthilfe\/psyche\/psychiatrie\/","title":{"rendered":"Psychiatrie"},"content":{"rendered":"<p>Home &gt;<a title=\"Business\" href=\"https:\/\/www.freiburg-schwarzwald.de\/blog\/business\">Business<\/a> &gt;<a title=\"Selbsthilfe\" href=\"https:\/\/www.freiburg-schwarzwald.de\/blog\/selbsthilfe\/\">Selbsthilfe<\/a> &gt;<a title=\"Gesund\" href=\"https:\/\/www.freiburg-schwarzwald.de\/blog\/business\/gesund\/\">Gesund<\/a> &gt;<a title=\"Psyche\" href=\"https:\/\/www.freiburg-schwarzwald.de\/blog\/selbsthilfe\/psyche\/\">Psyche<\/a> &gt;Psychiatrie<\/p>\n<div id=\"attachment_17372\" style=\"width: 648px\" class=\"wp-caption alignnone\"><a href=\"https:\/\/www.freiburg-schwarzwald.de\/blog\/selbsthilfe\/psyche\/psychiatrie\/wagensteig12nebel-pan121121\/\" rel=\"attachment wp-att-17372\"><img loading=\"lazy\" decoding=\"async\" aria-describedby=\"caption-attachment-17372\" class=\"size-full wp-image-17372\" title=\"wagensteig12nebel-pan121121\" src=\"https:\/\/www.freiburg-schwarzwald.de\/blog\/wp-content\/uploads\/2012\/12\/wagensteig12nebel-pan121121.jpg\" alt=\"\" width=\"638\" height=\"277\" srcset=\"https:\/\/www.freiburg-schwarzwald.de\/blog\/wp-content\/uploads\/2012\/12\/wagensteig12nebel-pan121121.jpg 638w, https:\/\/www.freiburg-schwarzwald.de\/blog\/wp-content\/uploads\/2012\/12\/wagensteig12nebel-pan121121-180x78.jpg 180w\" sizes=\"auto, (max-width: 638px) 100vw, 638px\" \/><\/a><p id=\"caption-attachment-17372\" class=\"wp-caption-text\">Blick nach S\u00fcden \u00fcbers neblige Wagensteig- und Dreisamtal zum Schauinsland am 21.11.2012<\/p><\/div>\n<p>&nbsp;<\/p>\n<ul>\n<li>Kinder- und Jugendpsychiatrien in S\u00fcdbaden kommen in der Pandemie an ihre Grenzen (18.2.2022)<\/li>\n<li>Die Krankheiten der Attent\u00e4ter von W\u00fcrzburg und Hanau (7.8.2021)<\/li>\n<li><a href=\"https:\/\/www.freiburg-schwarzwald.de\/blog\/kinder-leiden-am-meisten\/\">Kinder leiden am meisten<\/a>\u00a0(6.2.2021)<\/li>\n<li>Triage in der Kinderpsychiatrie l\u00e4ngst eingetroffen (2.2.2021)<\/li>\n<li>Antipsychiatrieverlag<\/li>\n<li>Verhaltenstherapie &amp; psychosoziale Praxis (VPP)<\/li>\n<li><\/li>\n<li><a href=\"https:\/\/www.freiburg-schwarzwald.de\/blog\/business\/gesund\/corona-virus\/corona-angst\/\">Corona-Angst<\/a><\/li>\n<li><a href=\"https:\/\/www.freiburg-schwarzwald.de\/blog\/business\/gesund\/corona-virus\/lockdown\/\">Lockdown<\/a><\/li>\n<\/ul>\n<p>&nbsp;<\/p>\n<p>&nbsp;<\/p>\n<p><strong>Kinder- und Jugendpsychiatrien in S\u00fcdbaden kommen in der Pandemie an ihre Grenzen<\/strong><br \/>\nIm Lockdown sind die psychischen Belastungen von Kindern und Jugendlichen massiv gestiegen \u2013 doch die s\u00fcdbadischen Psychiatrien sind \u00fcberlastet. Wartezeiten verschlimmern oft die Erkrankungen.<br \/>\n&#8230; Alles vom 18.2.2022 bitte lesen auf<br \/>\n<a href=\"https:\/\/www.badische-zeitung.de\/kinder-und-jugendpsychiatrien-in-suedbaden-kommen-in-der-pandemie-an-ihre-grenzen--209551387.html?ts=1645178485#comment_209563513\">https:\/\/www.badische-zeitung.de\/kinder-und-jugendpsychiatrien-in-suedbaden-kommen-in-der-pandemie-an-ihre-grenzen&#8211;209551387.html?ts=1645178485#comment_209563513<\/a><\/p>\n<p>Kommentare:<br \/>\nEndet das gro\u00dfe Schweigen der \u00c4rzte und Psychologen nun langsam?<br \/>\nDer Autor hat recht: &#8222;Kinder zu isolieren, sagt Fischer, sei &#8222;eines der gef\u00e4hrlichsten Dinge&#8220;, die man tun k\u00f6nne.&#8220; Doch auch nach M\u00e4rz 2022 soll die Maskenpflicht, die Kinder isoliert, an Schulen weiter bestehen bleiben.<br \/>\nMichael H\u00fcter spricht vom &#8222;<a href=\"https:\/\/www.freiburg-schwarzwald.de\/blog\/masken-runter-kinder-befreien\/\">Krieg gegen Kinder<\/a>&#8222;, und von der &#8222;Totalit\u00e4t und mit Verlaub Brutalit\u00e4t, mit der die \u00bbErwachsenen\u00ab alle ihre \u00c4ngste, Mutma\u00dfungen, Projektionen, Neurosen, Spekulationen und Irrt\u00fcmer auf Kinder und Jugendliche \u00fcbertragen haben. Wir haben erstmals in der Geschichte des Sapiens den Kinderschutz pervertiert in einen Schutz vor Kindern.&#8220;<br \/>\nBirgit Kelle fordert &#8222;Es ist genug: Befreit endlich Kinder und Schulen&#8220;. Aber nichts geschieht, die Maskenpflicht bleibt: Wirkungslos gegen Viren, aber erfolgreich, um die soziale Interaktion von Kindern einzuschr\u00e4nken.<br \/>\n18.2.2022, E.K.<\/p>\n<p><strong>Wieso tr\u00e4gt nicht der Staat die Kosten f\u00fcr die Kinder- und Jugendpsychiatrie?<\/strong><br \/>\nIch beziehe mich auf den Artikel der BZ \u00fcber die Gr\u00fcndung einer Tagesklinik f\u00fcr Jugendliche mit psychischen Problemen und bin ersch\u00fcttert, dass die Regierung sich \u00fcber die Schw\u00e4chsten der Bev\u00f6lkerung, Kinder und Jugendliche, aber auch alte und pflegebed\u00fcrftige Menschen in den Heimen mit ihrer zweifelhaften Corona-Politik einfach hinwegsetzt.<br \/>\nEs gibt nicht einmal Geld, um die Kinder und Jugendlichen zu betreuen, weil diese Abteilungen in den Kliniken komplett ausgelastet sind. Ein Spendenkonto wurde jetzt eingerichtet.<br \/>\nWieso tr\u00e4gt nicht der Staat die Kosten f\u00fcr neue Einrichtungen, deren Bedarf er ja wohl selbst verursacht hat ? Es wird nur immer \u00fcber Inzidenzen und Auslastung der Intensivstationen geredet.<br \/>\nKontaktbeschr\u00e4nkungen, Schulschlie\u00dfungen, Isolation haben psychisch labile Menschen noch kr\u00e4nker gemacht. Was haben die Corona-Ma\u00dfnahmen bisher gebracht? Die Impfung sch\u00fctzt nur eingeschr\u00e4nkt, wie man an den vielen infizierten Dreifach-Geimpften sieht, Impfnebenwirkungen werden heruntergespielt. Wie viele Menschen ihre Existenz verloren haben, wie viele Familien und Freundschaften entzweit wurden, davon redet niemand. Was bezweckt unsere Regierung damit? Merkt sie denn nicht die Unzufriedenheit im Land, oder ist diese Situation gewollt? Ich verstehe das alles nicht mehr!<br \/>\n18.2.2022, Angela Maier, Freiburg<br \/>\nEnde Kommentare<\/p>\n<p>&nbsp;<\/p>\n<p><strong>Die Krankheiten der Attent\u00e4ter von W\u00fcrzburg und Hanau<\/strong><br \/>\n<em>Die T\u00e4ter der t\u00f6dlichen Anschl\u00e4ge von <a href=\"https:\/\/www.freiburg-schwarzwald.de\/blog\/engagement\/zukunft\/demokratie\/hanau19feb2020\/\">Hanau<\/a> und <a href=\"https:\/\/www.freiburg-schwarzwald.de\/blog\/selbsthilfe\/krise\/gewalt\/wuerzburg2021messermorde\/\">W\u00fcrzburg<\/a> haben eine Gemeinsamkeit: Beide waren schon vor der Tat psychiatrisch auff\u00e4llig, weshalb bei beiden eine m\u00f6gliche Schuldunf\u00e4higkeit zu pr\u00fcfen war.<\/em><br \/>\n\u201eM\u00f6glicherweise schuldunf\u00e4hig\u201c \u2013 mit dieser d\u00fcrren Begr\u00fcndung veranlasste die Generalstaatsanwaltschaft M\u00fcnchen vier Wochen nach der Tat die \u00dcberstellung des somalischen Attent\u00e4ters von W\u00fcrzburg aus der U-Haft in eine spezielle geschlossene psychiatrische Einrichtung. Der relativ lange Verbleib in der U-Haft weist deutlich darauf hin, dass es nicht leicht fiel, bei dem blo\u00df geduldeten somalischen \u201eFl\u00fcchtling\u201c eine schwerwiegende <a href=\"https:\/\/www.freiburg-schwarzwald.de\/blog\/selbsthilfe\/psyche\/\">psychische St\u00f6rung<\/a> zu erkennen. Und nur darum kann es hier ja gehen. F\u00fcr diese diagnostischen Probleme kommen mehrere Gr\u00fcnde in Betracht: zun\u00e4chst nat\u00fcrlich sprachliche Verst\u00e4ndigungsschwierigkeiten, aber auch mangelnde Kooperation, kulturelle Besonderheiten und eine unter anhaltender Drogen- und Alkoholabstinenz mittlerweile abgeschw\u00e4chte psychiatrische Symptomatik, so denn zur Tatzeit \u00fcberhaupt eine relevante psychische St\u00f6rung vorlag. Ansonsten, so lassen die Ermittlungsbeh\u00f6rden verlautbaren, h\u00e4tten sich \u201eweder Hinweise auf Propagandamaterial oder sonstige extremistische Inhalte noch auf etwaige Mitt\u00e4ter oder Mitwisser\u201c ergeben. Das spricht zwar eher gegen eine dschihadistische Tat, schlie\u00dft sie selbstverst\u00e4ndlich aber keinesfalls aus.<br \/>\n&#8230;&#8230;&#8230;<br \/>\nW\u00e4re es denkbar, dass beim Somalier beides eine Rolle spielte, eine Gesinnung und eine Psychose? Eine schwierige Frage. Bei einer akuten Schizophrenie \u2013 wie sie beim Hanau-Attent\u00e4ter vorlag \u2013 mit den daf\u00fcr typischen Symptomen wie (u.a.) Verfolgungswahn, Halluzinationen in Form von Stimmenh\u00f6ren und verschiedenen Denkst\u00f6rungen ist bereits w\u00e4hrend der \u00fcber Monate oder auch Jahre gehenden Entwicklung dieser Symptome die krankheitsunabh\u00e4ngige Gesinnung mehr und mehr verdr\u00e4ngt oder in ihrer Entwicklung von vornherein ausgebremst worden. In Abh\u00e4ngigkeit von der Wahndynamik oder auch Halluzinationen in Gestalt von befehlenden Stimmen hat die Gesinnung am Ende nichts mehr zu melden, ganz gleich wie sie urspr\u00fcnglich gewesen sein mag.<br \/>\nAnders verh\u00e4lt es sich meist, wenn es \u201enur\u201c zu einer isolierten und eng umschriebenen Wahnentwicklung kommt. Bei einem Wahnkranken, der beispielsweise unverr\u00fcckbar davon \u00fcberzeugt ist, eine bedeutsame Entdeckung gemacht zu haben, kann die vorbestehende Gesinnung durchaus \u00fcberwiegend intakt bleiben, zumindest solange sie nicht in zu enge Ber\u00fchrung mit dem Wahnthema ger\u00e4t. Eine durch Drogengenuss ausgel\u00f6ste Psychose, wie sie mehrfach beim Somalier vorlag, steht bei der Koexistenz von Gesinnung und psychischer St\u00f6rung zwischen den beiden eben geschilderten Szenarien \u2013 je nach Krankheitsschwere und Ausma\u00df des Drogenkonsums dabei eher zu dem einen oder dem anderen Pol neigend. Will sagen: Sollten beim Somalier zur Tatzeit noch Restsymptome seiner aktenkundigen Psychose vorhanden gewesen sein, schl\u00f6sse das eine Gesinnungstat keinesfalls aus.<br \/>\nWahrscheinlich wird es in dem voraussichtlich im kommenden Jahr stattfindenden Prozess wesentlich um die Frage der Schuldf\u00e4higkeit gehen. Dementsprechend bedeutsam wird die Rolle der beiden von der Staatsanwaltschaft beauftragten psychiatrischen Sachverst\u00e4ndigen sein. Leider hat die Zunft der forensisch-psychiatrischen Gutachter durch ihr kollektives Beschweigen der geradezu infamen politischen Instrumentalisierung des Hanau-Attent\u00e4ters zumindest bei mir viel an Vertrauen in ihre Unabh\u00e4ngigkeit eingeb\u00fc\u00dft.<br \/>\n.. Alles vom 7.8.2021 von Holger Meins bitte lesen auf<br \/>\n<a href=\"https:\/\/www.achgut.com\/artikel\/die_attentate_von_wuerzburg_und_hanau_ein_vergleich\/P10#comment_entries\">https:\/\/www.achgut.com\/artikel\/die_attentate_von_wuerzburg_und_hanau_ein_vergleich\/P10#comment_entries<\/a><\/p>\n<p><em>Prof. Dr. med. Dipl.-Psych. Wolfgang Meins ist Neuropsychologe, Arzt f\u00fcr Psychiatrie und Neurologie, Geriater und apl. Professor f\u00fcr Psychiatrie. In den letzten Jahren \u00fcberwiegend t\u00e4tig als gerichtlicher Sachverst\u00e4ndiger im sozial- und zivilrechtlichen Bereich.<br \/>\n<\/em><br \/>\nEinige Kommentare:<br \/>\nDas \u201cSpannungsverh\u00e4ltnis zwischen Wahrheit und propagandistischer Ausschlachtung f\u00fcr den Kampf gegen Rechts\u201d ist zum alles \u00fcberragenden Ma\u00dfnahmencredo geworden, um Terror, Mord und sexuelle Gewalt durch Migranten zu verharmlosen. Besonders widerlich weil gef\u00e4hrlich ist die Zeichensetzerei f\u00fcr \u201cBlack Lives Matter\u201d und die Pflege von Staatsvertr\u00e4gen mit Islamisten und Moscheen, die Hass gegen Deutsche predigen, die sich ihres toxischen Wei\u00dfseins nur noch durch den Suizid im Knieen entledigen k\u00f6nnen. Weshalb die Psychiatrie da (wieder) mitmacht, sollte man die Leibpsychiater des Bundeskanzleramtes und die Obergurus des Wissenschaftszirkus der Kanzlerin fragen.<br \/>\n7.8.2021, A.R., AO<\/p>\n<p><strong>Das System oder die Kollision funktioniert inzwischen reibungslos.<\/strong><br \/>\nJede beteiligte Stelle \u201d weiss\u201d inzwischen auch ohne Anordnung des Regimes, was sie zu liefern hat. In Hanau war es natuerlich etwas Anderes, als in Wuerzburg. Wie wir wissen geht es nicht um Fakten oder Wissenschaft, sondern um das Narrativ oder das Interesse des Regimes, das bedient werden muss, koste es, was es wolle, nicht nur im aktuellen Falle Wirklichkeit und Wahrheit. Wahr ist, was vom Regime erwuenscht ist und in die Ideologie und Zielsetzung passt. Was nicht passt, wird passend gemacht. Alles nicht neu oder ueberraschend. Diese Entwicklung ist nicht nur geradezu klassisch fuer einen Totalitarismus, sondern sollte als Prozess, der es ja ist, zu Ende gedacht werden, soweit man kognitiv dazu in der Lage ist. Natuerlich bleibt es nicht bei diesen beiden \u201cEinzelf\u00e4llen\u201d, die symptomatisch sind und auch so verstanden werden sollten. Dass die Institutionen von Merkel und Co nicht nur besetzt, sondern bereits transformiert sind, gilt auch ausnahmslos fuer die in diesen Faellen T\u00e4tigen und es gilt auch fuer die bereits \u201ctransformierten\u201d Individuen, unabh\u00e4ngig davon, ob sie als Beamte oder Private im staatlichen Auftrag handeln. Das verwundert nicht, denn der Totalitarismus zeichnet sich unter anderem durch die voellige Vereinnahmung des Menschen aus, zunaechst Desjenigen, der fuer das Regime relevant ist. Das gilt fuer Aerzte und \u201cWissenschaftler\u201d bei Corona und natuerlich auch fuer das Personal in diesen Vorh\u00e4ngen, in denen es nicht nur das \u201crechte\u201d Narrativ, sondern die Geschichte vom guten Migranten geht. Immerhin soll die Gesellschaft ja auch das Resettlement ganz \u201ctoll\u201d finden. Aber bitte deswegen nicht AfD waehlen. Der \u201cBlock\u201d passt schon. Es laeuft.<br \/>\n7.8.2021, R.N.<\/p>\n<p><strong>Ich bedanke mich ausdr\u00fccklich f\u00fcr diesen fachlich fundierten,<\/strong><br \/>\nhochinteressanten und sehr aufschlu\u00dfreichen Beitrag! Rechtlich teile ich auch den Ansatz, da\u00df der Rechtsstaat (politisch von der Mehrheit der Legislative zumindest billigend in Kauf genommen) sich immer mehr selbst demontiert:<br \/>\nDa\u00df es aufgrund mehrerer Gesetzes\u00e4nderungen in den letzten Jahren mittlerweile extrem hohe H\u00fcrden gibt, einen Patienten gegen seinen Willen in der Psychiatrie zu behandeln, ist inakzeptabel, solange nicht auch der Schutz der Allgemeinheit mit abgewogen wird. Und die Folgen k\u00f6nnen auch f\u00fcr den T\u00e4ter schrecklich sein: Statt einer regelm\u00e4\u00dfigen f\u00fcrsorglichen medizinischen Behandlung mit entsprechendem gesundheitlichen Wohlergehen eskaliert seine Krankheit in einer schrecklichen Straftat &#8230; und Unterbringung in der Psychiatrie bzw. Sicherungsverwahrung. Schauen wir zur\u00fcck in die bundesdeutsche Vergangenheit:<br \/>\nKurze Freiheitsstrafen d\u00fcrfen &#8211; anders als fr\u00fcher &#8211; faktisch nicht mehr vollstreckt, sondern m\u00fcssen zur Bew\u00e4hrung ausgesetzt werden. Das wird von den T\u00e4tern oftmals als \u201cFreispruch\u201d mi\u00dfverstanden oder nicht ernst genommen und sie werden wiederholt r\u00fcckf\u00e4llig, Bew\u00e4hrungsbrecher. Irgendwann werden dann alle ausgesprochenen Bew\u00e4hrungen widerrufen und pl\u00f6tzlich wird eine (aufaddiert l\u00e4ngere) Strafhaft vollstreckt. Der T\u00e4ter wird aus seinem sozialen Umfeld gerissen, entwurzelt, verliert seinen Arbeitsplatz und ist stigmatisiert. Als Beispiel mag der alkoholisierte Kraftfahrzeugf\u00fchrer, Familienvater und Arbeitnehmer dienen. H\u00e4tte er bereits bei der ersten (folgenlosen) Trunkenheitsfahrt (\u00a7 316 StGB) vier Wochen Freiheitsstrafe ohne Bew\u00e4hrung erhalten und k\u00f6nnte diese zu je zwei Wochen \u201cim (f\u00fcr sein Umfeld) Urlaub\u201d absitzen. w\u00e4re ihm dies sicherlich eine nachdr\u00fccklichere Lehre, ohne ihn aus seinem Familien- Arbeits- und Sozialumfeld zu rei\u00dfen.<br \/>\n7.8.2021, K.D.<br \/>\n.<br \/>\n<strong>Lieber Herr Meins, Sie bringen es auf den Punkt,<\/strong><br \/>\n\u201czweimalige Messerattacke wird als \u201cFl\u00fcchtlingsfolklore\u201d eingestuft\u201d. Was relevant ist und was nicht, das bestimmen immer noch die \u201cGutmeinenden\u201d in diesem Land , also die Klebers und die Slomkas , die uns im Namen der Kanzlerette die Welt erkl\u00e4ren. Irgendein unbekannter Rad-Trainer benutzt den Begriff \u201cKameltreiber\u201d , ganz Deutschland steht Kopf, w\u00e4hrend der abscheuliche und aktuelle Fall eines Ehrenmordes in der Afghanischen Community Berlin gleich untern Teppich gekehrt wird.<br \/>\n7.8.2021, F.ST.<br \/>\nEnde Kommentare<\/p>\n<p>&nbsp;<\/p>\n<p>&nbsp;<\/p>\n<p><strong>Triage in der Kinderpsychiatrie l\u00e4ngst eingetroffen<\/strong><br \/>\n<em>&#8222;Haltet Euch an die AHA-Regeln, sonst bricht unser Gesundheitsystem zusammen, dann kommt es zu Triage-Situationen, und ihr seid schuld&#8220;.<\/em><br \/>\nObwohl die Lage zur Auslastung der Intensivbetten seit M\u00e4rz 2020 nie ernst war, wurden die \u00c4ngste der Bev\u00f6lkerung von Politik und Medien weiter unabl\u00e4ssig gesch\u00fcrt &#8211; immerzu mit dem Horrorszenario der Triage:<br \/>\nWenn kein Platz mehr frei ist, mu\u00df der Arzt unter Zeitdruck entscheiden, wer eine lebensrettende Behandlung erh\u00e4lt und wer nicht, d.h. wer sterben mu\u00df und wer nicht.<br \/>\nDoch im Gegensatz zur &#8222;Triage in Krankenhaus&#8220; ist die &#8222;Triage in der Kinderpsychiatrie&#8220; l\u00e4ngst eingetroffen:<br \/>\nNun &#8222;ist die Triage in \u00d6sterreich schon l\u00e4ngst an der Tagesordnung \u2013 allerdings werden keine Beatmungsger\u00e4te knapp, sondern Behandlungskapazit\u00e4ten f\u00fcr psychisch kranke Kinder- und Jugendliche.&#8220; &#8211; mehr dazu siehe Artikel unten.<br \/>\n2.2.2021<br \/>\n.<br \/>\n<strong>Psychisch kranke Kinder leiden besonders unter dem Lockdown<\/strong><br \/>\nW\u00e4hrend die Lage auf den Intensivstationen nie die Dramatik erreicht hat, die immer prognostiziert wurde, k\u00f6nnen in \u00d6sterreich Kinder und Jugendliche mit psychischen Problemen nicht mehr angemessen behandelt werden. In Deutschland ist es vermutlich nicht anders.<br \/>\n&#8230;<br \/>\nPaul Plener, der Abteilungsleiter der psychiatrischen Station, berichtete der kleinezeitung.at<br \/>\n<a href=\"https:\/\/www.kleinezeitung.at\/international\/corona\/5928381\/Kein-Platz-mehr_KinderPsychiatrie-in-Wien-schlaegt-Alarm\">https:\/\/www.kleinezeitung.at\/international\/corona\/5928381\/Kein-Platz-mehr_KinderPsychiatrie-in-Wien-schlaegt-Alarm<\/a><br \/>\nau\u00dferdem, dass sich <em><strong>der drastische Anstieg solcher Symptomatiken eindeutig auf die Schulschlie\u00dfungen und die soziale Isolation zur\u00fcckf\u00fchren<\/strong><\/em> lasse. Seiner Ansicht nach rutschen die Kinder durch diesen Verlust in eine Abw\u00e4rtsspirale. Die ersten Folgen sind Depressionen, Antriebslosigkeit, Ersch\u00f6pfung und ein gest\u00f6rtes Essverhalten. Schon im ersten Lockdown sollen viele der betroffenen Kinder zum Beispiel aktiv versucht haben abzunehmen, um daheim nicht dick zu werden. Selbst ganz junge Kinder, im Alter von 8-12 seien betroffen. Ihnen und allen anderen fehlen strukturierte Abl\u00e4ufe, Bewegung und zum Teil auch Sonnenlicht. Der Mediziner fordert deshalb, die Schulen m\u00f6glichst schnell wieder zu \u00f6ffnen.<br \/>\n&#8230;<br \/>\nDas alles ist jetzt ein halbes Jahr her. Seitdem sitzen wir alle \u2013 gro\u00df und klein \u2013 im zweiten Lockdown, sehen der n\u00e4chsten Verl\u00e4ngerung entgegen und m\u00fcssen darum zittern, ob wir im Sommer vielleicht mal wieder einigerma\u00dfen normal vor die T\u00fcr gehen d\u00fcrfen. Diese Ungewissheit macht schon vielen Erwachsenen genauso zu schaffen, wie die Kontaktverbote und die Stilllegung jedes noch so kleinen F\u00fcnkchens normalen Lebens. Das gilt f\u00fcr Kinder und Jugendliche erst recht.<br \/>\n.<br \/>\nNachrichten \u00fcber die medizinische Situation jenseits von Covid-Infektionen dringen derzeit jedoch nur schwer an die \u00d6ffentlichkeit und machen daher auch regierenden Politikern nur geringe Sorgen. So ging zum Beispiel die Nachricht fast v\u00f6llig unter, dass im ersten Lockdown s\u00e4mtliche Patienten der geschlossenen psychiatrischen Stationen in Berlin rein provisorisch und quasi \u00fcber Nacht entlassen wurden.<br \/>\n&#8230; Alles vom 1.2.2021 von Pauline Schwarz bitte lesen auf<br \/>\n<a href=\"https:\/\/www.tichyseinblick.de\/meinungen\/ueberlastung-der-kinder-und-jugendpsychiatrie\/\">https:\/\/www.tichyseinblick.de\/meinungen\/ueberlastung-der-kinder-und-jugendpsychiatrie\/<\/a><br \/>\n.<br \/>\nKommentare:<br \/>\n<strong>Es macht mich wirklich traurig zu sehen,<\/strong><br \/>\nwie wenig Mitgef\u00fchl f\u00fcr Kinder gezeigt wird. Aber \u00fcberraschen tut es mich nicht. Mitleid haben die Deutschen nur noch mit Gruppen, die sich selbst (und wir) zu Opfern stilisieren. Da geh\u00f6rt das Normalokind vom Spielplatz einfach nicht dazu. Die deutsche Politik ist so damit besch\u00e4ftig, sich um alles und jeden zu k\u00fcmmern, au\u00dfer um sich selbst, die deutsche Wirtschaft, die Bev\u00f6lkerung. Ich frage mich, wie wir von den Kinder erwarten sollen, etwas aushalten sollen, was wir Erwachsene kaum noch ertragen?<br \/>\n1.2.2021,Ims<br \/>\n.<br \/>\n<strong>Die Kinder- und Jugendpsychatrien waren auch vor Covid schon voll<\/strong>,<br \/>\nda wird es jetzt vermehrt zur \u00dcberlastung kommen (https:\/\/www.badische-zeitung.de\/kinder-und-jugendpsychiatrie-in-offenburg-wegen-corona-ueberlastet). Und wie die Langzeitfolgen bei Jung aber auch Alt der pausenlosen Panikmache und des normales Leben-Verbots aussehen, wird man bald sehen k\u00f6nnen. Deutschland ein Irrenhaus.<br \/>\n1.2.2021, Hol<br \/>\n.<br \/>\n<strong>Das ist wohl das gr\u00f6\u00dfte Verbrechen:<\/strong><br \/>\nKindern und Jugendlichen ihr Leben zu rauben, in einem Alter, da die Pers\u00f6nlichkeit geformt wird, die sp\u00e4ter einmal das Leben meistern soll. Schon die Aussperrung aus der Schule erzeugt schnell \u2013 nach der kleinen Freude \u00fcber unverhoffte Ferien \u2013 ein Gef\u00fchl der Leere und Sinnlosigkeit. Denn die Schule ist nun einmal neben der Familie das soziale Biotop der Kinder.<br \/>\n1.2.2021, Hol<br \/>\nEnde Kommentare<\/p>\n<p>&nbsp;<\/p>\n<p>&nbsp;<\/p>\n<p><strong>Antipsychiatrieverlag<\/strong><\/p>\n<p>Antipsychiatrie wird vom Antipsychiatrieverlag als undogmatische und humanistische Bewegung verstanden. Das griechische &#8222;Anti&#8220; bedeutet mehr als einfach nur &#8222;gegen&#8220;. Es hei\u00dft auch &#8222;alternativ&#8220;, &#8222;gegen\u00fcber&#8220; oder &#8222;unabh\u00e4ngig&#8220;. <a href=\"https:\/\/www.antipsychiatrieverlag.de\/info\/heinemanningo.htm\" target=\"_self\" rel=\"noopener\">Freunde der Zwangspsychiatrie und Pharmaindustrie<\/a> stehen deshalb der <a href=\"https:\/\/www.antipsychiatrieverlag.de\/artikel\/recht\/antipsychiatrie.htm\" target=\"_self\" rel=\"noopener\">modernen, nutzergetragenen humanistischen Antipsychiatrie<\/a> besonders erbittert gegen\u00fcber. Im Antipsychiatrieverlag wird Literatur publiziert, die von Widerspruchsgeist und der grundlegenden Erkenntnis erf\u00fcllt ist, dass (1) die Psychiatrie als medizinische (und naturwissenschaftliche) Disziplin dem Anspruch, psychische Probleme \u00fcberwiegend sozialer Natur zu l\u00f6sen, nicht gerecht werden kann, (2) ihre Gewaltbereitschaft und -anwendung eine Bedrohung darstellen und (3) ihre Diagnostik den Blick auf die wirklichen Probleme des einzelnen Menschen in der Gesellschaft verstellt.<br \/>\n<a href=\"https:\/\/www.antipsychiatrieverlag.de\/\">https:\/\/www.antipsychiatrieverlag.de\/<\/a><\/p>\n<p>&nbsp;<\/p>\n<p><strong>Verhaltenstherapie &amp; psychosoziale Praxis (VPP)<\/strong><br \/>\n<img loading=\"lazy\" decoding=\"async\" src=\"https:\/\/www.pressekatalog.de\/images\/blank.gif\" alt=\"pressekatalog\" width=\"1\" height=\"8\" \/><\/p>\n<div id=\"abstraktkurz\">Die VPP ist Verbandszeitschrift der DGVT und Fachzeitschrift mit aktuellen Beitr\u00e4gen aus Forschung und Lehre.<\/div>\n","protected":false},"excerpt":{"rendered":"<p>Home &gt;Business &gt;Selbsthilfe &gt;Gesund &gt;Psyche &gt;Psychiatrie &nbsp; Kinder- und Jugendpsychiatrien in S\u00fcdbaden kommen in der Pandemie an ihre Grenzen (18.2.2022) Die Krankheiten der Attent\u00e4ter von W\u00fcrzburg und Hanau (7.8.2021) Kinder leiden am meisten\u00a0(6.2.2021) Triage in der Kinderpsychiatrie l\u00e4ngst eingetroffen (2.2.2021) &hellip; <a href=\"https:\/\/www.freiburg-schwarzwald.de\/blog\/selbsthilfe\/psyche\/psychiatrie\/\">Weiterlesen <span class=\"meta-nav\">&rarr;<\/span><\/a><\/p>\n","protected":false},"author":4,"featured_media":0,"parent":1146,"menu_order":0,"comment_status":"open","ping_status":"closed","template":"","meta":{"footnotes":""},"class_list":["post-17369","page","type-page","status-publish","hentry"],"_links":{"self":[{"href":"https:\/\/www.freiburg-schwarzwald.de\/blog\/wp-json\/wp\/v2\/pages\/17369","targetHints":{"allow":["GET"]}}],"collection":[{"href":"https:\/\/www.freiburg-schwarzwald.de\/blog\/wp-json\/wp\/v2\/pages"}],"about":[{"href":"https:\/\/www.freiburg-schwarzwald.de\/blog\/wp-json\/wp\/v2\/types\/page"}],"author":[{"embeddable":true,"href":"https:\/\/www.freiburg-schwarzwald.de\/blog\/wp-json\/wp\/v2\/users\/4"}],"replies":[{"embeddable":true,"href":"https:\/\/www.freiburg-schwarzwald.de\/blog\/wp-json\/wp\/v2\/comments?post=17369"}],"version-history":[{"count":5,"href":"https:\/\/www.freiburg-schwarzwald.de\/blog\/wp-json\/wp\/v2\/pages\/17369\/revisions"}],"predecessor-version":[{"id":98788,"href":"https:\/\/www.freiburg-schwarzwald.de\/blog\/wp-json\/wp\/v2\/pages\/17369\/revisions\/98788"}],"up":[{"embeddable":true,"href":"https:\/\/www.freiburg-schwarzwald.de\/blog\/wp-json\/wp\/v2\/pages\/1146"}],"wp:attachment":[{"href":"https:\/\/www.freiburg-schwarzwald.de\/blog\/wp-json\/wp\/v2\/media?parent=17369"}],"curies":[{"name":"wp","href":"https:\/\/api.w.org\/{rel}","templated":true}]}}