{"id":16798,"date":"2012-12-03T12:04:32","date_gmt":"2012-12-03T11:04:32","guid":{"rendered":"https:\/\/www.freiburg-schwarzwald.de\/blog\/?page_id=16798"},"modified":"2024-06-26T10:36:02","modified_gmt":"2024-06-26T08:36:02","slug":"giersberg","status":"publish","type":"page","link":"https:\/\/www.freiburg-schwarzwald.de\/blog\/regio\/berge\/giersberg\/","title":{"rendered":"Giersberg"},"content":{"rendered":"<p>Home &gt;<a title=\"Regio\" href=\"https:\/\/www.freiburg-schwarzwald.de\/blog\/regio\/\">Regio<\/a> &gt;<a title=\"Berge\" href=\"https:\/\/www.freiburg-schwarzwald.de\/blog\/regio\/berge\/\">Berge<\/a>\u00a0&gt;<a title=\"Oberried\" href=\"https:\/\/www.freiburg-schwarzwald.de\/blog\/regio\/orte\/oberried\/\">Oberried<\/a> &gt;<a title=\"Kirchzarten\" href=\"https:\/\/www.freiburg-schwarzwald.de\/blog\/regio\/orte\/kirchzarten\/\">Kirchzarten<\/a> &gt;Giersberg<\/p>\n<div id=\"attachment_16807\" style=\"width: 648px\" class=\"wp-caption alignnone\"><a href=\"https:\/\/www.freiburg-schwarzwald.de\/blog\/regio\/berge\/giersberg\/giersberg1nebel-pan121115-2\/\" rel=\"attachment wp-att-16807\"><img loading=\"lazy\" decoding=\"async\" aria-describedby=\"caption-attachment-16807\" class=\"size-full wp-image-16807\" title=\"giersberg1nebel-pan121115\" src=\"https:\/\/www.freiburg-schwarzwald.de\/blog\/wp-content\/uploads\/2012\/12\/giersberg1nebel-pan121115.jpg\" alt=\"\" width=\"638\" height=\"221\" srcset=\"https:\/\/www.freiburg-schwarzwald.de\/blog\/wp-content\/uploads\/2012\/12\/giersberg1nebel-pan121115.jpg 638w, https:\/\/www.freiburg-schwarzwald.de\/blog\/wp-content\/uploads\/2012\/12\/giersberg1nebel-pan121115-180x62.jpg 180w\" sizes=\"auto, (max-width: 638px) 100vw, 638px\" \/><\/a><p id=\"caption-attachment-16807\" class=\"wp-caption-text\">Blick vom Giersberg nach Westen am 15.11.2012 \u00fcber Kirchzarten ins neblige Dreisamtal mit Freiburg<\/p><\/div>\n<p>&nbsp;<\/p>\n<ul>\n<li>Giersberg: Marienkapelle Pilger Gastst\u00e4tte St.Laurenzius (26.6.2024)<\/li>\n<li><a href=\"https:\/\/www.freiburg-schwarzwald.de\/blog\/regio\/orte\/hinterzarten\/\">Wanderung: Hinterzarten \u2013 Alpersbach \u2013 Hinterwaldkopf \u2013 Kirchzarten<\/a>\u00a0(5.5.2021)<\/li>\n<li><a href=\"https:\/\/www.freiburg-schwarzwald.de\/blog\/wandern-hinterzarten-kirchzarten\/\">https:\/\/www.freiburg-schwarzwald.de\/blog\/wandern-hinterzarten-kirchzarten\/<\/a>\u00a0(26.9.2013)<\/li>\n<li><a href=\"https:\/\/www.freiburg-schwarzwald.de\/blog\/kirchzarten-gegen-mtb-parcours\/\">https:\/\/www.freiburg-schwarzwald.de\/blog\/kirchzarten-gegen-mtb-parcours\/<\/a>\u00a0(3.3.2013)<\/li>\n<li><a href=\"https:\/\/www.freiburg-schwarzwald.de\/blog\/buergerentscheid-kirchzarten\/\">https:\/\/www.freiburg-schwarzwald.de\/blog\/buergerentscheid-kirchzarten\/<\/a>\u00a0(6.2.2013)<\/li>\n<li><a href=\"https:\/\/www.freiburg-schwarzwald.de\/littenweiler\/bike-arena.htm#Unsere Jugend - DAS Argument f\u00fcr den Bau der Bike-Arena\">Unsere Jugend &#8211; DAS Argument f\u00fcr den Bau der Bike-Arena<\/a> &gt;Bike-Arena (1.2.2012)<\/li>\n<li><a href=\"https:\/\/www.freiburg-schwarzwald.de\/littenweiler\/bike-arena.htm#B\u00fcrgerversammlung zur Bike-Arena am 12.10.2011 im Kurhaus\">B\u00fcrgerversammlung zur Bike-Arena am 12.10.2011 im Kurhaus<\/a> &gt;Bike-Arena (19.10.2011)<\/li>\n<li><a href=\"https:\/\/www.freiburg-schwarzwald.de\/littenweiler\/bike-arena.htm#MTB-Arena bei der Giersbergkapelle in Kirchzarten einrichten\">MTB-Arena bei der Giersbergkapelle in Kirchzarten einrichten?<\/a> &gt;Bike-Arena (31.8.2011)<\/li>\n<li><a href=\"https:\/\/www.freiburg-schwarzwald.de\/littenweiler\/giersberg#Der \u201eM\u00fcde Wanderer\u201c findet Ruhe am Fu\u00dfe des Giersbergs\">Der \u201eM\u00fcde Wanderer\u201c findet Ruhe am Fu\u00dfe des Giersbergs<\/a> &gt;Giersberg (7.7.2010)<\/li>\n<li><a href=\"https:\/\/www.freiburg-schwarzwald.de\/littenweiler\/giersberg.htm#Bildnis eines m\u00fcden Wanderers - Geschenk an die Gemeinde\">Bildnis eines m\u00fcden Wanderers &#8211; Geschenk an die Gemeinde<\/a> &gt;Giersberg (21.6.2010)<\/li>\n<li><a href=\"https:\/\/www.freiburg-schwarzwald.de\/littenweiler\/giersberg#Giersberg am 1. Mai - gelber L\u00f6wenzahn\">Giersberg am 1. Mai &#8211; gelber L\u00f6wenzahn<\/a> &gt;Giersberg (1.5.2009)<\/li>\n<li><a href=\"https:\/\/www.freiburg-schwarzwald.de\/laufen1.htm#Nachwuchs dominierte beim Jubil\u00e4ums-Giersberg-Cross\">Nachwuchs dominierte beim Jubil\u00e4ums-Giersberg-Cross<\/a> &gt;Laufen1 (26.10.2007)<\/li>\n<li><a href=\"https:\/\/www.freiburg-schwarzwald.de\/littenweiler\/giersberg#Z\u2019Licht go - Gem\u00fctliche Winterabende auf dem Giersberg\">Z\u2019Licht go &#8211; Gem\u00fctliche Winterabende auf dem Giersberg<\/a> (6.2.2007)<\/li>\n<li><a href=\"https:\/\/www.freiburg-schwarzwald.de\/littenweiler\/giersberg#Stationenweg von Kirchzarten hoch zur Giersbergkapelle\">Stationenweg von Kirchzarten hoch zur Giersbergkapelle<\/a> (18.8.2006)<\/li>\n<li><a href=\"https:\/\/www.freiburg-schwarzwald.de\/littenweiler\/giersberg#10 Jahre Caf\u00e9 und Pilgerstube St. Laurentius auf dem Giersberg\">10 Jahre Caf\u00e9 und Pilgerstube St.Laurentius auf dem Giersberg<\/a> (30.3.2006)<\/li>\n<li><a href=\"https:\/\/www.freiburg-schwarzwald.de\/littenweiler\/giersberg#Giersberg und Dreisamtal im Schnee\">Giersberg und Dreisamtal im Schnee<\/a> (26.2.2006)<\/li>\n<li><a href=\"https:\/\/www.freiburg-schwarzwald.de\/littenweiler\/giersberg#Dreisamtal im Oktobernebel - vom Giersberg aus\">Dreisamtal im Oktobernebel &#8211; vom Giersberg aus<\/a> (12.10.2003)<\/li>\n<li><a href=\"https:\/\/www.freiburg-schwarzwald.de\/littenweiler\/giersberg#Dreisamtal im Dezembernebel - vom Giersberg aus\">Dreisamtal im Dezembernebel &#8211; vom Giersberg aus<\/a> (24.12.2007)<\/li>\n<li><a href=\"https:\/\/www.freiburg-schwarzwald.de\/littenweiler\/giersberg#Giersberg-Kapelle - umk\u00e4mpftes Heiligtum in Kirchzarten\">Giersberg-Kapelle &#8211; umk\u00e4mpftes Heiligtum in Kirchzarten<\/a> (6.9.2002)<\/li>\n<li><a href=\"https:\/\/www.freiburg-schwarzwald.de\/littenweiler\/giersberg#Giersberg\">Giersberg &#8211; Gasthaus oberhalb\u00a0Kirchzarten<\/a><\/li>\n<li><a href=\"https:\/\/www.freiburg-schwarzwald.de\/kreuze.htm#Giersberg-Kreuzweg \u00fcber 100 Jahre alt\">Giersberg-Kreuzweg bzw. Stationenweg \u00fcber 100 Jahre alt<\/a> &gt;Kreuze (28.3.2002)<\/li>\n<li><\/li>\n<li><strong><a href=\"https:\/\/www.freiburg-dreisamtal.de\/giersberg.htm\">www.freiburg-dreisamtal.de\/giersberg.htm<\/a> \u00a0&gt;Archivseite Giersberg<\/strong><\/li>\n<li><a title=\"Bike-Arena\" href=\"https:\/\/www.freiburg-schwarzwald.de\/blog\/sport\/sportlern\/biken\/bike-arena\/\">Bike-Arena s\u00fcdlich vom Giersberg bei Kirchzarten im Dreisamtal<\/a><\/li>\n<li><a title=\"Bickenreute\" href=\"https:\/\/www.freiburg-schwarzwald.de\/blog\/bauernhof\/bickenreute\/\">Bickenreute<\/a><\/li>\n<li><a title=\"Burg-Hoefen\" href=\"https:\/\/www.freiburg-schwarzwald.de\/blog\/regio\/orte\/kirchzarten\/burg-hoefen\/\">Burg-H\u00f6fen zwischen Giersberg und Himmelreich<\/a><\/li>\n<li><a href=\"https:\/\/www.freiburg-schwarzwald.de\/littenweiler\/burg-birkenhof.htm\">Burg-Birkenhof<\/a> &gt;Burg-Birkenhof<\/li>\n<li><a href=\"https:\/\/www.freiburg-schwarzwald.de\/littenweiler\/giersberg.htm#Friedhof von Kirchzarten am Fu\u00df des Giersberges\">Friedhof von Kirchzarten am Fu\u00df des Giersbergs<\/a> &gt;Giersberg<\/li>\n<li><a title=\"Weilersbach\" href=\"https:\/\/www.freiburg-schwarzwald.de\/blog\/regio\/orte\/oberried\/weilersbach\/\">Weilersbach zwischen Giersberg und Zastlertal\/Oberried<\/a> &gt;Weilersbach<\/li>\n<\/ul>\n<p>&nbsp;<\/p>\n<h5><a href=\"https:\/\/www.freiburg-schwarzwald.de\/blog\/regio\/berge\/giersberg\/giersberg1dreisamtal121115\/\" rel=\"attachment wp-att-16800\"><img loading=\"lazy\" decoding=\"async\" class=\"alignnone size-thumbnail wp-image-16800\" title=\"giersberg1dreisamtal121115\" src=\"https:\/\/www.freiburg-schwarzwald.de\/blog\/wp-content\/uploads\/2012\/12\/giersberg1dreisamtal121115-180x135.jpg\" alt=\"\" width=\"180\" height=\"135\" srcset=\"https:\/\/www.freiburg-schwarzwald.de\/blog\/wp-content\/uploads\/2012\/12\/giersberg1dreisamtal121115-180x135.jpg 180w, https:\/\/www.freiburg-schwarzwald.de\/blog\/wp-content\/uploads\/2012\/12\/giersberg1dreisamtal121115.jpg 640w\" sizes=\"auto, (max-width: 180px) 100vw, 180px\" \/><\/a>\u00a0\u00a0\u00a0\u00a0\u00a0\u00a0\u00a0\u00a0\u00a0 <a href=\"https:\/\/www.freiburg-schwarzwald.de\/blog\/regio\/berge\/giersberg\/giersberg2dreisamtal121115\/\" rel=\"attachment wp-att-16801\"><img loading=\"lazy\" decoding=\"async\" class=\"alignnone size-thumbnail wp-image-16801\" title=\"giersberg2dreisamtal121115\" src=\"https:\/\/www.freiburg-schwarzwald.de\/blog\/wp-content\/uploads\/2012\/12\/giersberg2dreisamtal121115-180x135.jpg\" alt=\"\" width=\"180\" height=\"135\" srcset=\"https:\/\/www.freiburg-schwarzwald.de\/blog\/wp-content\/uploads\/2012\/12\/giersberg2dreisamtal121115-180x135.jpg 180w, https:\/\/www.freiburg-schwarzwald.de\/blog\/wp-content\/uploads\/2012\/12\/giersberg2dreisamtal121115.jpg 640w\" sizes=\"auto, (max-width: 180px) 100vw, 180px\" \/><\/a>\u00a0\u00a0\u00a0\u00a0\u00a0\u00a0\u00a0\u00a0\u00a0 <a href=\"https:\/\/www.freiburg-schwarzwald.de\/blog\/regio\/berge\/giersberg\/giersberg3dreisamtal121115\/\" rel=\"attachment wp-att-16802\"><img loading=\"lazy\" decoding=\"async\" class=\"alignnone size-thumbnail wp-image-16802\" title=\"giersberg3dreisamtal121115\" src=\"https:\/\/www.freiburg-schwarzwald.de\/blog\/wp-content\/uploads\/2012\/12\/giersberg3dreisamtal121115-180x135.jpg\" alt=\"\" width=\"180\" height=\"135\" srcset=\"https:\/\/www.freiburg-schwarzwald.de\/blog\/wp-content\/uploads\/2012\/12\/giersberg3dreisamtal121115-180x135.jpg 180w, https:\/\/www.freiburg-schwarzwald.de\/blog\/wp-content\/uploads\/2012\/12\/giersberg3dreisamtal121115.jpg 640w\" sizes=\"auto, (max-width: 180px) 100vw, 180px\" \/><\/a><br \/>\n(1) Blick nach Westen vom Giersberg \u00fcber Kirchzarten ins Dreisamtal am .15.11.2012<\/h5>\n<h5><a href=\"https:\/\/www.freiburg-schwarzwald.de\/blog\/regio\/berge\/giersberg\/giersberg4schulzentrum121115\/\" rel=\"attachment wp-att-16803\"><img loading=\"lazy\" decoding=\"async\" class=\"alignnone size-thumbnail wp-image-16803\" title=\"giersberg4schulzentrum121115\" src=\"https:\/\/www.freiburg-schwarzwald.de\/blog\/wp-content\/uploads\/2012\/12\/giersberg4schulzentrum121115-180x135.jpg\" alt=\"\" width=\"180\" height=\"135\" srcset=\"https:\/\/www.freiburg-schwarzwald.de\/blog\/wp-content\/uploads\/2012\/12\/giersberg4schulzentrum121115-180x135.jpg 180w, https:\/\/www.freiburg-schwarzwald.de\/blog\/wp-content\/uploads\/2012\/12\/giersberg4schulzentrum121115.jpg 640w\" sizes=\"auto, (max-width: 180px) 100vw, 180px\" \/><\/a>\u00a0\u00a0\u00a0\u00a0\u00a0\u00a0\u00a0\u00a0\u00a0<a href=\"https:\/\/www.freiburg-schwarzwald.de\/blog\/regio\/berge\/giersberg\/birkenreute-wiese130301\/\" rel=\"attachment wp-att-23586\"><img loading=\"lazy\" decoding=\"async\" class=\"alignnone size-thumbnail wp-image-23586\" title=\"birkenreute-wiese130301\" src=\"https:\/\/www.freiburg-schwarzwald.de\/blog\/wp-content\/uploads\/2012\/12\/birkenreute-wiese130301-180x135.jpg\" alt=\"\" width=\"180\" height=\"135\" srcset=\"https:\/\/www.freiburg-schwarzwald.de\/blog\/wp-content\/uploads\/2012\/12\/birkenreute-wiese130301-180x135.jpg 180w, https:\/\/www.freiburg-schwarzwald.de\/blog\/wp-content\/uploads\/2012\/12\/birkenreute-wiese130301.jpg 640w\" sizes=\"auto, (max-width: 180px) 100vw, 180px\" \/><\/a>\u00a0\u00a0\u00a0\u00a0\u00a0\u00a0\u00a0\u00a0\u00a0 <a href=\"https:\/\/www.freiburg-schwarzwald.de\/blog\/regio\/berge\/giersberg\/birkenreute130301\/\" rel=\"attachment wp-att-23587\"><img loading=\"lazy\" decoding=\"async\" class=\"alignnone size-thumbnail wp-image-23587\" title=\"birkenreute130301\" src=\"https:\/\/www.freiburg-schwarzwald.de\/blog\/wp-content\/uploads\/2012\/12\/birkenreute130301-180x135.jpg\" alt=\"\" width=\"180\" height=\"135\" srcset=\"https:\/\/www.freiburg-schwarzwald.de\/blog\/wp-content\/uploads\/2012\/12\/birkenreute130301-180x135.jpg 180w, https:\/\/www.freiburg-schwarzwald.de\/blog\/wp-content\/uploads\/2012\/12\/birkenreute130301.jpg 640w\" sizes=\"auto, (max-width: 180px) 100vw, 180px\" \/><\/a><br \/>\n(4) Sch\u00fclerhaus und Schulzentrum\u00a0\u00a0\u00a0\u00a0\u00a0 (5) <a title=\"Bickenreute\" href=\"https:\/\/www.freiburg-schwarzwald.de\/blog\/bauernhof\/bickenreute\/\">Bickenreute<\/a> Wiese 2.3.2013\u00a0\u00a0\u00a0\u00a0\u00a0\u00a0\u00a0\u00a0\u00a0\u00a0\u00a0\u00a0 (6) Bickenreute &#8211; Blick nach Osten<\/h5>\n<h5><a href=\"https:\/\/www.freiburg-schwarzwald.de\/blog\/regio\/berge\/giersberg\/giersberg1garten130715\/\" rel=\"attachment wp-att-34881\"><img loading=\"lazy\" decoding=\"async\" class=\"alignnone size-thumbnail wp-image-34881\" title=\"giersberg1garten130715\" src=\"https:\/\/www.freiburg-schwarzwald.de\/blog\/wp-content\/uploads\/2012\/12\/giersberg1garten130715-180x135.jpg\" alt=\"\" width=\"180\" height=\"135\" srcset=\"https:\/\/www.freiburg-schwarzwald.de\/blog\/wp-content\/uploads\/2012\/12\/giersberg1garten130715-180x135.jpg 180w, https:\/\/www.freiburg-schwarzwald.de\/blog\/wp-content\/uploads\/2012\/12\/giersberg1garten130715.jpg 640w\" sizes=\"auto, (max-width: 180px) 100vw, 180px\" \/><\/a>\u00a0\u00a0\u00a0\u00a0\u00a0\u00a0\u00a0\u00a0\u00a0\u00a0 <a href=\"https:\/\/www.freiburg-schwarzwald.de\/blog\/regio\/berge\/giersberg\/giersberg2gartenterrasse130715\/\" rel=\"attachment wp-att-34882\"><img loading=\"lazy\" decoding=\"async\" class=\"alignnone size-thumbnail wp-image-34882\" title=\"giersberg2gartenterrasse130715\" src=\"https:\/\/www.freiburg-schwarzwald.de\/blog\/wp-content\/uploads\/2012\/12\/giersberg2gartenterrasse130715-180x135.jpg\" alt=\"\" width=\"180\" height=\"135\" srcset=\"https:\/\/www.freiburg-schwarzwald.de\/blog\/wp-content\/uploads\/2012\/12\/giersberg2gartenterrasse130715-180x135.jpg 180w, https:\/\/www.freiburg-schwarzwald.de\/blog\/wp-content\/uploads\/2012\/12\/giersberg2gartenterrasse130715.jpg 640w\" sizes=\"auto, (max-width: 180px) 100vw, 180px\" \/><\/a>\u00a0\u00a0\u00a0\u00a0\u00a0\u00a0\u00a0\u00a0\u00a0\u00a0 <a href=\"https:\/\/www.freiburg-schwarzwald.de\/blog\/regio\/berge\/giersberg\/giersberg3abendsonne130715\/\" rel=\"attachment wp-att-34883\"><img loading=\"lazy\" decoding=\"async\" class=\"alignnone size-thumbnail wp-image-34883\" title=\"giersberg3abendsonne130715\" src=\"https:\/\/www.freiburg-schwarzwald.de\/blog\/wp-content\/uploads\/2012\/12\/giersberg3abendsonne130715-180x135.jpg\" alt=\"\" width=\"180\" height=\"135\" srcset=\"https:\/\/www.freiburg-schwarzwald.de\/blog\/wp-content\/uploads\/2012\/12\/giersberg3abendsonne130715-180x135.jpg 180w, https:\/\/www.freiburg-schwarzwald.de\/blog\/wp-content\/uploads\/2012\/12\/giersberg3abendsonne130715-640x480.jpg 640w, https:\/\/www.freiburg-schwarzwald.de\/blog\/wp-content\/uploads\/2012\/12\/giersberg3abendsonne130715.jpg 1000w\" sizes=\"auto, (max-width: 180px) 100vw, 180px\" \/><\/a><br \/>\n(7) Gartenterrasse ostw\u00e4rts\u00a0\u00a0\u00a0\u00a0\u00a0\u00a0\u00a0\u00a0\u00a0\u00a0\u00a0\u00a0\u00a0\u00a0\u00a0\u00a0\u00a0\u00a0\u00a0\u00a0 (8) Gartenterrasse s\u00fcdw\u00e4rts\u00a0\u00a0\u00a0\u00a0\u00a0\u00a0\u00a0\u00a0\u00a0\u00a0\u00a0\u00a0\u00a0\u00a0\u00a0\u00a0\u00a0\u00a0 (9) Blick nach Westen 15.7.2013<\/h5>\n<h5><a href=\"https:\/\/www.freiburg-schwarzwald.de\/blog\/regio\/berge\/giersberg\/giersberg3abendterrasse130715\/\" rel=\"attachment wp-att-34884\"><img loading=\"lazy\" decoding=\"async\" class=\"alignnone size-thumbnail wp-image-34884\" title=\"giersberg3abendterrasse130715\" src=\"https:\/\/www.freiburg-schwarzwald.de\/blog\/wp-content\/uploads\/2012\/12\/giersberg3abendterrasse130715-180x135.jpg\" alt=\"\" width=\"180\" height=\"135\" srcset=\"https:\/\/www.freiburg-schwarzwald.de\/blog\/wp-content\/uploads\/2012\/12\/giersberg3abendterrasse130715-180x135.jpg 180w, https:\/\/www.freiburg-schwarzwald.de\/blog\/wp-content\/uploads\/2012\/12\/giersberg3abendterrasse130715.jpg 640w\" sizes=\"auto, (max-width: 180px) 100vw, 180px\" \/><\/a>\u00a0\u00a0\u00a0\u00a0\u00a0\u00a0\u00a0\u00a0\u00a0 <a href=\"https:\/\/www.freiburg-schwarzwald.de\/blog\/regio\/berge\/giersberg\/giersberg4pilgergaststaette130715\/\" rel=\"attachment wp-att-34885\"><img loading=\"lazy\" decoding=\"async\" class=\"alignnone size-thumbnail wp-image-34885\" title=\"giersberg4pilgergaststaette130715\" src=\"https:\/\/www.freiburg-schwarzwald.de\/blog\/wp-content\/uploads\/2012\/12\/giersberg4pilgergaststaette130715-135x180.jpg\" alt=\"\" width=\"135\" height=\"180\" srcset=\"https:\/\/www.freiburg-schwarzwald.de\/blog\/wp-content\/uploads\/2012\/12\/giersberg4pilgergaststaette130715-135x180.jpg 135w, https:\/\/www.freiburg-schwarzwald.de\/blog\/wp-content\/uploads\/2012\/12\/giersberg4pilgergaststaette130715.jpg 480w\" sizes=\"auto, (max-width: 135px) 100vw, 135px\" \/><\/a>\u00a0\u00a0\u00a0\u00a0\u00a0\u00a0\u00a0\u00a0\u00a0\u00a0\u00a0\u00a0\u00a0\u00a0\u00a0\u00a0\u00a0\u00a0\u00a0\u00a0\u00a0\u00a0 <a href=\"https:\/\/www.freiburg-schwarzwald.de\/blog\/regio\/berge\/giersberg\/giersbergkapelle130715\/\" rel=\"attachment wp-att-34886\"><img loading=\"lazy\" decoding=\"async\" class=\"alignnone size-thumbnail wp-image-34886\" title=\"giersbergkapelle130715\" src=\"https:\/\/www.freiburg-schwarzwald.de\/blog\/wp-content\/uploads\/2012\/12\/giersbergkapelle130715-135x180.jpg\" alt=\"\" width=\"135\" height=\"180\" srcset=\"https:\/\/www.freiburg-schwarzwald.de\/blog\/wp-content\/uploads\/2012\/12\/giersbergkapelle130715-135x180.jpg 135w, https:\/\/www.freiburg-schwarzwald.de\/blog\/wp-content\/uploads\/2012\/12\/giersbergkapelle130715.jpg 480w\" sizes=\"auto, (max-width: 135px) 100vw, 135px\" \/><\/a><br \/>\n(10) Gartenterrasse s\u00fcdwestw\u00e4rts\u00a0\u00a0\u00a0\u00a0\u00a0\u00a0\u00a0\u00a0(11) Eingang Gastst\u00e4tte\u00a0\u00a0\u00a0\u00a0\u00a0\u00a0\u00a0\u00a0\u00a0\u00a0\u00a0\u00a0\u00a0\u00a0\u00a0\u00a0\u00a0\u00a0\u00a0\u00a0\u00a0\u00a0\u00a0 (12) Giersbergkapelle am 15.7.2013<\/h5>\n<h5><a href=\"https:\/\/www.freiburg-schwarzwald.de\/blog\/regio\/berge\/giersberg\/eiche-giersberg150410\/\" rel=\"attachment wp-att-54153\"><img loading=\"lazy\" decoding=\"async\" class=\"alignnone size-thumbnail wp-image-54153\" src=\"https:\/\/www.freiburg-schwarzwald.de\/blog\/wp-content\/uploads\/2012\/12\/eiche-giersberg150410-180x135.jpg\" alt=\"eiche-giersberg150410\" width=\"180\" height=\"135\" srcset=\"https:\/\/www.freiburg-schwarzwald.de\/blog\/wp-content\/uploads\/2012\/12\/eiche-giersberg150410-180x135.jpg 180w, https:\/\/www.freiburg-schwarzwald.de\/blog\/wp-content\/uploads\/2012\/12\/eiche-giersberg150410.jpg 640w\" sizes=\"auto, (max-width: 180px) 100vw, 180px\" \/><\/a><br \/>\n(13) Eiche mit Marie-Curie-Schule am 6.4.2015<\/h5>\n<p>(1) &#8211; (3) Erstaunlich oft: Oben am Giersberg bei Kapelle und Restaurant Sonne und klare Luft. Unten im Dreisamtal und im Kirchzartener Becken Nebel, K\u00e4lt und grau. Und im Westen in Freiburg erst recht. Auch am 15.11.2012.<br \/>\n(4) Blick vom Giersberg nach Westen zum Sch\u00fclerhaus (links rot) und Schulzentrum Kirchzarten mit Maie-Curie-Gymnasium und Realschule.<br \/>\n(9)\u00a0Blick nach Westen von der Gartenterrasse der Pilgergastst\u00e4tte auf dem Giersberg nach Westen \u00fcbers Dreisamtal bis hin nach Freiburg &#8211; 15.7.2013\u00a0um 20.30 Uhr<\/p>\n<p>======================================================<\/p>\n<p><strong>Giersberg: Marienkapelle Pilger Gastst\u00e4tte St.Laurenzius<\/strong><br \/>\n<strong>Auch heute gibt es noch Pilger<\/strong><br \/>\nRund 80 Meter \u00fcber Kirchzarten liegt auf dem Giersberg die Marienkapelle mit der angrenzenden Pilgergastst\u00e4tte St. Laurenzius. Auch heute ist dies immer noch ein Ort f\u00fcr Besinnung und Einkehr.<br \/>\nIm Jahre 1700 entdeckte laut einer \u00dcberlieferung ein Hirtenjunge des damaligen Schweinehofs in einer F\u00f6hre in der N\u00e4he der heutigen Kapelle ein Abbild von Maria. Dies lockte viele Pilger zu dem Ort, an dem ein Betstuhl und eine Kniebank f\u00fcr die F\u00fcrbitten an die Heilige Maria errichtet wurden. Als im Dorf Kirch-Zahrten eine Feuersbrunst entstand, versprach die Gemeinde eine Kapelle am F\u00f6hrenbaum zu errichten. Kurz nach dem Versprechen konnte der Brand ohne gro\u00dfe Sch\u00e4den gel\u00f6scht werden. Als die Not gestoppt war, verga\u00dfen die Menschen schnell ihr Versprechen.<br \/>\nEinige Zeit sp\u00e4ter gab es eine gravierende Viehseuche im Ort und die Bev\u00f6lkerung wiederholte ihr Versprechen. Als auch diese schnell beendet war, erbauten die Menschen 1709 eine kleine Holzkapelle am Erscheinungsort im Kapellenloch. Da die Anzahl der Pilger anstieg, war die Kapelle sehr schnell viel zu klein und so begann man 1737 mit dem Bau der heutigen Kapelle mit einer kleinen Unterkunft im Anbau. Laurenzius Rost, ein Eremit, zog in den Anbau ein und lebte l\u00e4nger als 40 Jahren darin. Nach vielen Wechseln der Bewohner kamen 1940 Stefanie und Andreas Schweizer in das Haus und \u00fcbernahmen die Aufgabe als Mesner der Kapelle. Als Entlohnung f\u00fcr die T\u00e4tigkeit erhielten sie eine freie Wohnung, das Recht zur Nutzung von zwei Wiesen und Ackerland, das Recht, Getr\u00e4nke aller Art auszuschenken und zehn Mark in bar. Sie besa\u00dfen am Anfang eine Kuh, zwei Milchziegen, zwei Schweine und 20 H\u00fchner. Als sie 1951 in einen Neubau in Kirchzarten umzogen, begann die Renovierung und Vergr\u00f6\u00dferung des Wohngeb\u00e4udes.<\/p>\n<p>Es entstand die Pilgergastst\u00e4tte, die bis heute die Pilger und Besucher mit Speisen und Getr\u00e4nke versorgt. Ab 1974 gab es auch Zimmer f\u00fcr die Durchreisenden. Ein Einzelzimmer und drei Doppelzimmer standen zur Verf\u00fcgung. Da die meisten Pilger aus der Gegend kamen und kommen, wurden die Zimmer bald in eine Ferienwohnung umgebaut.<br \/>\nNach den Gastst\u00e4ttenp\u00e4chtern Sophi und Albert Spiegelhalter, sowie Margarete und Erich Wiesler \u00fcbernahmen 1996 Susanne und Hubert Steinhart die Pilgergastst\u00e4tte Sankt Laurenzius.<br \/>\n&#8222;Nach meiner Ausbildung als Koch in Schw\u00e4rs L\u00f6wen arbeitete ich viele Jahre im Bierh\u00e4usle in Lehen. 1996 \u00fcbernahm ich mit meiner Familie die Gastst\u00e4tte und wir wohnen hier auch&#8220;, erkl\u00e4rte der P\u00e4chter. Heute bilden zwei bis drei Festangestellte und mehrere Aushilfen das Team. Der Kern ist Steinhart und seine Frau mit den beiden T\u00f6chtern. &#8222;Wir f\u00fchlen uns hier sehr wohl und auch die Zusammenarbeit mit der Kirche als Verp\u00e4chter ist au\u00dferordentlich gut&#8220;; berichtete Steinhart. Heute lebt in den oberen Zimmern ein Mitarbeiter der Gastst\u00e4tte und im Wohnteil des Hauses die Familie.<br \/>\nEs gibt auch heute noch Pilger. In der Kapelle liegt ein Buch, in dem sich die Besucher eintragen k\u00f6nnen und auch ihren Wunsch an die Heilige Maria schreiben k\u00f6nnen. Oft geht es um Dank oder um Bitten f\u00fcr Angeh\u00f6rige. Die Anzahl der Eintr\u00e4ge unterstreichen die Aussage des P\u00e4chters, dass der Ort noch viel frequentiert w\u00fcrde.<br \/>\n&#8222;Nicht alle kommen in die Gastst\u00e4tte, manche besuchen nur die Kirche und genie\u00dfen die herrliche Aussicht in das Dreisamtal. Aber wir sind mit unseren Besucherzahlen zufrieden&#8220;, erz\u00e4hlte Steinhart. Allerdings k\u00e4mpfe er, wie viele seiner Kolleginnen und Kollegen, auch mit fehlendem Personal. Aus diesem Grund musste er bereits seine \u00d6ffnungszeiten anpassen. &#8222;Das haben wir nicht gern gemacht, aber das fehlende Personal zwang uns dazu&#8220;, erz\u00e4hlte der Wirt. Die G\u00e4ste kommen wegen der herrlichen Atmosph\u00e4re und dem guten Essen auf den Giersberg, erkl\u00e4rt er. Viele seien Stammg\u00e4ste und kommen regelm\u00e4\u00dfig. &#8222;Die Pilgergastst\u00e4tte ist immer ein Besuch wert&#8220;, meinte Heinz Walter, der einmal im Monat zum Essen oder zu Kaffee und Kuchen in die Pilgergastst\u00e4tte kommt.<br \/>\n&#8230; Alles vom 26.6.024 von Hubert Gemmert bitte lesen auf<br \/>\n<a href=\"https:\/\/www.badische-zeitung.de\/auch-heute-gibt-es-noch-pilger\">https:\/\/www.badische-zeitung.de\/auch-heute-gibt-es-noch-pilger<\/a><br \/>\n.<br \/>\n<a href=\"https:\/\/www.schwarzwald-tourismus.info\/gastronomie\/pilgergaststaette-st.-laurentius-am-giersberg-afd4e1b639\">https:\/\/www.schwarzwald-tourismus.info\/gastronomie\/pilgergaststaette-st.-laurentius-am-giersberg-afd4e1b639<\/a><\/p>\n<p>&nbsp;<\/p>\n","protected":false},"excerpt":{"rendered":"<p>Home &gt;Regio &gt;Berge\u00a0&gt;Oberried &gt;Kirchzarten &gt;Giersberg &nbsp; Giersberg: Marienkapelle Pilger Gastst\u00e4tte St.Laurenzius (26.6.2024) Wanderung: Hinterzarten \u2013 Alpersbach \u2013 Hinterwaldkopf \u2013 Kirchzarten\u00a0(5.5.2021) https:\/\/www.freiburg-schwarzwald.de\/blog\/wandern-hinterzarten-kirchzarten\/\u00a0(26.9.2013) https:\/\/www.freiburg-schwarzwald.de\/blog\/kirchzarten-gegen-mtb-parcours\/\u00a0(3.3.2013) https:\/\/www.freiburg-schwarzwald.de\/blog\/buergerentscheid-kirchzarten\/\u00a0(6.2.2013) Unsere Jugend &#8211; DAS Argument f\u00fcr den Bau der Bike-Arena &gt;Bike-Arena (1.2.2012) B\u00fcrgerversammlung zur Bike-Arena am 12.10.2011 &hellip; <a href=\"https:\/\/www.freiburg-schwarzwald.de\/blog\/regio\/berge\/giersberg\/\">Weiterlesen <span class=\"meta-nav\">&rarr;<\/span><\/a><\/p>\n","protected":false},"author":4,"featured_media":0,"parent":2552,"menu_order":0,"comment_status":"open","ping_status":"closed","template":"","meta":{"footnotes":""},"class_list":["post-16798","page","type-page","status-publish","hentry"],"_links":{"self":[{"href":"https:\/\/www.freiburg-schwarzwald.de\/blog\/wp-json\/wp\/v2\/pages\/16798","targetHints":{"allow":["GET"]}}],"collection":[{"href":"https:\/\/www.freiburg-schwarzwald.de\/blog\/wp-json\/wp\/v2\/pages"}],"about":[{"href":"https:\/\/www.freiburg-schwarzwald.de\/blog\/wp-json\/wp\/v2\/types\/page"}],"author":[{"embeddable":true,"href":"https:\/\/www.freiburg-schwarzwald.de\/blog\/wp-json\/wp\/v2\/users\/4"}],"replies":[{"embeddable":true,"href":"https:\/\/www.freiburg-schwarzwald.de\/blog\/wp-json\/wp\/v2\/comments?post=16798"}],"version-history":[{"count":4,"href":"https:\/\/www.freiburg-schwarzwald.de\/blog\/wp-json\/wp\/v2\/pages\/16798\/revisions"}],"predecessor-version":[{"id":124783,"href":"https:\/\/www.freiburg-schwarzwald.de\/blog\/wp-json\/wp\/v2\/pages\/16798\/revisions\/124783"}],"up":[{"embeddable":true,"href":"https:\/\/www.freiburg-schwarzwald.de\/blog\/wp-json\/wp\/v2\/pages\/2552"}],"wp:attachment":[{"href":"https:\/\/www.freiburg-schwarzwald.de\/blog\/wp-json\/wp\/v2\/media?parent=16798"}],"curies":[{"name":"wp","href":"https:\/\/api.w.org\/{rel}","templated":true}]}}