{"id":16601,"date":"2012-12-01T10:40:10","date_gmt":"2012-12-01T09:40:10","guid":{"rendered":"https:\/\/www.freiburg-schwarzwald.de\/blog\/?page_id=16601"},"modified":"2023-01-11T11:01:10","modified_gmt":"2023-01-11T10:01:10","slug":"denkmal","status":"publish","type":"page","link":"https:\/\/www.freiburg-schwarzwald.de\/blog\/business\/dienste\/immobilien\/denkmal\/","title":{"rendered":"Denkmal"},"content":{"rendered":"<p>Home &gt;<a title=\"Business\" href=\"https:\/\/www.freiburg-schwarzwald.de\/blog\/business\/\">Business<\/a> &gt;<a title=\"Dienste\" href=\"https:\/\/www.freiburg-schwarzwald.de\/blog\/business\/dienste\/\">Dienste<\/a> &gt;<a title=\"Immobilien\" href=\"https:\/\/www.freiburg-schwarzwald.de\/blog\/business\/dienste\/immobilien\/\">Immobilien<\/a>\u00a0&gt;<a title=\"Brauchtum\" href=\"https:\/\/www.freiburg-schwarzwald.de\/blog\/regio\/heimat\/brauchtum\/\">Brauchtum<\/a> &gt;Denkmal<\/p>\n<div id=\"attachment_16605\" style=\"width: 647px\" class=\"wp-caption alignnone\"><a href=\"https:\/\/www.freiburg-schwarzwald.de\/blog\/business\/dienste\/immobilien\/denkmal\/burg-hoefen1pan121115\/\" rel=\"attachment wp-att-16605\"><img loading=\"lazy\" decoding=\"async\" aria-describedby=\"caption-attachment-16605\" class=\"size-full wp-image-16605\" title=\"burg-hoefen1pan121115\" src=\"https:\/\/www.freiburg-schwarzwald.de\/blog\/wp-content\/uploads\/2012\/12\/burg-hoefen1pan121115.jpg\" alt=\"\" width=\"637\" height=\"229\" srcset=\"https:\/\/www.freiburg-schwarzwald.de\/blog\/wp-content\/uploads\/2012\/12\/burg-hoefen1pan121115.jpg 637w, https:\/\/www.freiburg-schwarzwald.de\/blog\/wp-content\/uploads\/2012\/12\/burg-hoefen1pan121115-180x64.jpg 180w\" sizes=\"auto, (max-width: 637px) 100vw, 637px\" \/><\/a><p id=\"caption-attachment-16605\" class=\"wp-caption-text\">Blick nach Osten in Burg-H\u00f6fen zwischen Kirchzarten und Himmelreich am 15.11.2012 &#8211; Thomashof, Herbstfarben<\/p><\/div>\n<p><strong>Denkmal, Denkmalschutz, Kleidenkmal, Naturdenkmal<\/strong><\/p>\n<ul>\n<li><a href=\"https:\/\/www.freiburg-schwarzwald.de\/blog\/natur\/wasser\/brunnen\/\">Gedenktafel am Freiburger J\u00e4gerbr\u00fcnnele entwendet \u2013 politisch motivierte Tat?<\/a>\u00a0(11.1.2023)<\/li>\n<li><a href=\"https:\/\/www.freiburg-schwarzwald.de\/blog\/kreuz-beine-abgeschlagen\/\">Kreuz: Beine abgeschlagen<\/a>\u00a0(8.9.2021)<\/li>\n<li>Raumbedeutsame Kulturdenkmale in der Region S\u00fcdlicher Oberrhein (10.6.2021)<\/li>\n<li><a href=\"https:\/\/www.freiburg-schwarzwald.de\/blog\/sanierung-meierhof-kartaus\/\">Sanierung Meierhof Kartaus durch Willi Sutter<\/a> (19.12.2020)<\/li>\n<li><a href=\"https:\/\/www.freiburg-schwarzwald.de\/blog\/strassen-schulen-umbenennen\/\">Strassen Schulen umbenennen<\/a>\u00a0(5.12.2020)<\/li>\n<li>Denkm\u00e4ler: Das Erbe ausl\u00f6schen &#8211; Antirassismus &#8211; USA (19.6.2020)<\/li>\n<li><a title=\"500 Jahre alte Scheune \u2013 Abriss?\" href=\"https:\/\/www.freiburg-schwarzwald.de\/blog\/500-jahre-alte-scheune-abriss\/\">500 Jahre alte Scheune \u2013 Abri\u00df?<\/a>\u00a0(7.12.2019)<\/li>\n<li><a title=\"Sutter3KG\" href=\"https:\/\/www.freiburg-schwarzwald.de\/blog\/business\/dienste\/immobilien\/sutter3kg\/\">Sutter3KG \u2013 Einzug am Kunzenhof in Littenweiler<\/a>\u00a0(8.10.2019)<\/li>\n<li><a title=\"Tag des offenen Denkmals 2018\" href=\"https:\/\/www.freiburg-schwarzwald.de\/blog\/tag-des-offenen-denkmals-2018\/\">https:\/\/www.freiburg-schwarzwald.de\/blog\/tag-des-offenen-denkmals-2018\/<\/a> (5.9.2018)<\/li>\n<li>Siegesdenkmal: Geschichte bewahren (5.3.2018)<\/li>\n<li><a href=\"https:\/\/www.freiburg-schwarzwald.de\/blog\/offenes-denkmal-schloss-ebnet\/\">https:\/\/www.freiburg-schwarzwald.de\/blog\/offenes-denkmal-schloss-ebnet\/<\/a>\u00a0(26.8.2013)<\/li>\n<li><a href=\"https:\/\/www.freiburg-schwarzwald.de\/littenweiler\/kartaus1.htm#UWC-Internat reduziert den Wert des Kulturdenkmals\">UWC-Internat reduziert den Wert des Kulturdenkmals<\/a>&gt;Kartaus1 (21.12.2011)<\/li>\n<li><a href=\"https:\/\/www.freiburg-schwarzwald.de\/littenweiler\/kartaus1.htm#Kartausgarten im denkmalpflegerischen Werteplan in Priorit\u00e4t 1 eingestuft\">Kartausgarten im denkmalpflegerischen Werteplan in Priorit\u00e4t 1 eingestuft<\/a>\u00a0&gt;Kartaus1 (9.8.2011)<\/li>\n<li><a href=\"https:\/\/www.freiburg-schwarzwald.de\/littenweiler\/ebnet\/ebnet6.htm#Runder Tisch Schlosspark: Roteiche gestutzt ? Loch in der Mauer\">Runder Tisch Schlosspark: Roteiche gestutzt \u2013 Loch in der Mauer<\/a> &gt;Ebnet6 (6.4.2011)<\/li>\n<li><a href=\"https:\/\/www.freiburg-schwarzwald.de\/breisach2.htm#M\u00fcnsterberg bebauen\">M\u00fcnsterberg bebauen<\/a>\u00a0 &gt;Breisach2 (22.10.2010)<\/li>\n<li><a href=\"https:\/\/www.freiburg-schwarzwald.de\/denkmal#Denkmalpflege Freiburg und Arge Stadtbild tagten\">&#8222;Denkmalpflege Freiburg&#8220; und &#8222;Arge Stadtbild&#8220; tagten<\/a> &gt;Denkmal (19.3.2010)<\/li>\n<li><a href=\"https:\/\/www.freiburg-schwarzwald.de\/kirchen4.htm#Hilfe f\u00fcr den Antoniter-Giebel: Vortrag 7.Mai im Stadthotel\">Hilfe f\u00fcr den Antoniter-Giebel: Vortrag 7.Mai im Stadthotel<\/a> &gt;Kirchen4 (3.4.2009)<\/li>\n<li><a href=\"https:\/\/www.freiburg-schwarzwald.de\/littenweiler\/ebnet\/ebnet4.htm#Eines von drei zusammenh\u00e4ngenden H\u00e4usern\u00a0verliert Denkmalschutz\">Eines von drei zusammenh\u00e4ngenden H\u00e4usern\u00a0verliert Denkmalschutz<\/a>\u00a0 &gt;Ebnet\/Ebnet4 (29.10.)<\/li>\n<li><a href=\"https:\/\/www.freiburg-schwarzwald.de\/littenweiler\/oberstadt1.htm#Glockengiebel des Antoniter-Hauses: Spender zur Rettung gesucht\">Glockengiebel des Antoniter-Hauses: Spender zur Rettung gesucht<\/a> &gt;Oberstadt1 (28.10.2008)<\/li>\n<li><a href=\"https:\/\/www.freiburg-schwarzwald.de\/littenweiler\/zaehringen.htm#Turmcafe ist ein Denkmal - Trauerspiel\">Turmcafe ist ein Denkmal &#8211; Trauerspiel<\/a> &gt;Zaehringen (6.10.2008)<\/li>\n<li><a href=\"https:\/\/www.freiburg-schwarzwald.de\/denkmal.htm#Tag des offenen Denkmals 14.9.2008 im Landkreis - Besichtigungen\">Tag des offenen Denkmals 14.9.2008 im Landkreis &#8211; Besichtigungen<\/a> &gt;Denkmal (12.9.08)<\/li>\n<li><a href=\"https:\/\/www.freiburg-schwarzwald.de\/endingen1.htm#Stationen fr\u00fcher Stadtgeschichte: Tag des offenen Denkmals\">Stationen fr\u00fcher Stadtgeschichte: Tag des offenen Denkmals<\/a> &gt;Endingen1 (3.9.2008)<\/li>\n<li><a href=\"https:\/\/www.freiburg-schwarzwald.de\/denkmal#Denkmalpflege f\u00fcr Freiburg - Namens\u00e4nderung Denkmalschutz\">Denkmalpflege f\u00fcr Freiburg &#8211; Namens\u00e4nderung Denkmalschutz<\/a> &gt;Denkmal (2.4.2008)<\/li>\n<li><a href=\"https:\/\/www.freiburg-schwarzwald.de\/denkmal#Der Blick auf verborgene Sch\u00e4tze - Tag des offenen Denkmals\">Der Blick auf verborgene Sch\u00e4tze &#8211; Tag des offenen Denkmals<\/a> (6.9.2006)<\/li>\n<li><a href=\"https:\/\/www.freiburg-schwarzwald.de\/denkmal#Peter Kampmann pflegt Kleindenkm\u00e4ler in Schluchsee\">Peter Kampmann pflegt Kleindenkm\u00e4ler in Schluchsee<\/a><\/li>\n<li><\/li>\n<li><strong><a href=\"https:\/\/www.freiburg-schwarzwald.de\/denkmal.htm\">www.freiburg-schwarzwald.de\/denkmal.htm<\/a> &gt;Archivseite Denkmal<\/strong><\/li>\n<li><a title=\"Kriegsdenkmale\" href=\"https:\/\/www.freiburg-schwarzwald.de\/blog\/engagement\/zukunft\/krieg\/kriegsdenkmale\/\">Kriegsdenkmale<\/a><\/li>\n<li><a href=\"https:\/\/www.freiburg-schwarzwald.de\/naturdenkmal.htm\">Naturdenkmale<\/a> &gt;Naturdenkmal<\/li>\n<li><a href=\"https:\/\/www.freiburg-schwarzwald.de\/kleindenkmal.htm#Was sind Kleindenkmale\">Was sind Kleindenkmale?<\/a>\u00a0 &gt;Kleindenkmal<\/li>\n<li><a title=\"Sutter3KG\" href=\"https:\/\/www.freiburg-schwarzwald.de\/blog\/business\/dienste\/immobilien\/sutter3kg\/\">Sutter3KG &#8211; Baudenkm\u00e4ler<\/a><\/li>\n<li><\/li>\n<\/ul>\n<p>&nbsp;<\/p>\n<p>Da steht bei Maria-Hilf ein Pfarrhaus mitsamt Nebengeb\u00e4ude ehemaliger Scheune als\u00a0Saal &#8211;\u00a01798 von einem kreativen Baumeister zu einem\u00a0einzigartigen Ensemble geformt. So sch\u00f6n, dass man sich noch heute daran freut. Nun\u00a0wird ein neuer Kindergarten gebraucht und als\u00a0L\u00f6sung\u00a0so gar nicht kreativ &#8222;Grundst\u00fccksverkauf + Abri\u00df&#8220; gepriesen. Dabei sind pfiffige Ideen gesucht: Bestehende Geb\u00e4udedenkmale sanieren und umnutzen, Pfarrhaus zum Kindergarten umbauen, Saal anders verwenden? Warum bem\u00fcht man sich nicht in Richtung Denkmalerhalt? Man k\u00f6nnte ja den Bauunternehmenr Willi Sutte fragen<\/p>\n<p>Der &#8222;Goldene Hirschen&#8220; als Landfrauencafe St.M\u00e4rgen, die Birkenhofscheune in Kirchzarten-Burg als Dementen-WG.<\/p>\n<p>=================================================<\/p>\n<p><strong>Raumbedeutsame Kulturdenkmale in der Region S\u00fcdlicher Oberrhein<\/strong><br \/>\nDer <a href=\"https:\/\/www.freiburg-schwarzwald.de\/blog\/regio\/\">Regionalverband<\/a> hat im Rahmen eines Gemeinschaftsprojekts mit dem Landesamt f\u00fcr Denkmalpflege eine Bestandsaufnahme der raumbedeutsamen Kulturdenkmale in der Region S\u00fcdlicher Oberrhein erstellt.<br \/>\nDie mehr als 900 dokumentierten Objekte sind eine Auswahl aus mehr als 19.000 gesetzlich gesch\u00fctzten Kulturdenkmalen in der Region. Sie besitzen f\u00fcr sich oder im Zusammenwirken miteinander eine besondere r\u00e4umliche Wirkung und pr\u00e4gen die Kulturlandschaften am S\u00fcdlichen Oberrhein. Die ausgew\u00e4hlten Denkmalobjekte zeigen die gro\u00dfe Vielfalt und die fl\u00e4chendeckende Verbreitung des kulturellen Erbes der Region S\u00fcdlicher Oberrhein auf und machen Geschichte erlebbar. Neben \u201eklassischen\u201c Denkmalobjekten wie Burgen, Kirchen, Kl\u00f6stern und historischen Ortskernen umfasst das Spektrum der ausgew\u00e4hlten Kulturdenkmale beispielsweise auch arch\u00e4ologische Fundst\u00e4tten, historische Stra\u00dfenverbindungen und Bahnlinien sowie raumpr\u00e4gende Bauten der Moderne. Auch Zeugnisse der ehemals weit verbreiteten W\u00e4sserwiesenwirtschaft sowie die im s\u00fcdlichen Hochschwarzwald bis heute landschaftspr\u00e4genden Allmendweiden sind als \u00fcberlieferte historische Landnutzungsform Teil des raumbedeutsamen Kulturlandschaftsschatzes der Region. &#8230;.<\/p>\n<p>Die Publikation &#8222;Raumbedeutsame Kulturdenkmale in der Region s\u00fcdlicher Oberrhein&#8220; ist gedruckt gegen eine Geb\u00fchr von acht Euro plus 3,50 Euro f\u00fcr den Versand erh\u00e4ltlich.Bestellbar per E-Mail an info@rvso.de oder kostenfrei online einzusehen unter <a href=\"https:\/\/www.rvso.de\/de\/projekte\/raumbedeutsame_Kulturdenkmale\/\">https:\/\/www.rvso.de\/de\/projekte\/raumbedeutsame_Kulturdenkmale\/<\/a><br \/>\n10.6.2021, <a href=\"https:\/\/www.rvso.de\">https:\/\/www.rvso.de<\/a> &#8211; Regionalverband S\u00fcdlicher Oberrhein<\/p>\n<p>&nbsp;<\/p>\n<p>&nbsp;<\/p>\n<p><strong>Denkm\u00e4ler: Das Erbe ausl\u00f6schen &#8211; Antirassismus &#8211; USA<\/strong><br \/>\n<em>Politische Umw\u00e4lzungen waren immer mit einem Bildersturm verbunden<\/em><br \/>\n<em>von Karlheinz Wei\u00dfmann<\/em><br \/>\n.<br \/>\nDer Stadtrat von Bristol hat angeordnet, die w\u00e4hrend einer \u201eBlack Lives Matter\u201c-Demonstration in das Hafenbecken gest\u00fcrzte Statue des Sklavenh\u00e4ndlers Edward Colston zu bergen und an sicherem Ort zu verwahren. Sie wird kaum auf das Podest zur\u00fcckkehren, auf dem sie so lange stand. Das hat mit dem wachsenden Druck der Antirassismus-Bewegung zu tun, die mittlerweile zu einem globalen Ph\u00e4nomen geworden ist.<br \/>\nIn den S\u00fcdstaaten der USA wurden weitere Denkm\u00e4ler der Konf\u00f6derierten geschleift, Nancy Pelosi, die Sprecherin des Repr\u00e4sentantenhauses, verlangt, da\u00df man elf Figuren historischer Pers\u00f6nlichkeiten aus dem Parlamentsgeb\u00e4ude entfernt, w\u00e4hrend Sadiq Khan, der Oberb\u00fcrgermeister von London, das gesamte Stadtgebiet durchk\u00e4mmen l\u00e4\u00dft, um anst\u00f6\u00dfige Monumente ausfindig zu machen. In Hamburg wurde immerhin ein Standbild Bismarcks besch\u00e4digt, weil der Reichsgr\u00fcnder auch Kolonialist war, und Akademiker denken laut dar\u00fcber nach, ob Immanuel Kant als geistiger Vater des Rassismus aus dem Kreis der gro\u00dfen Denker verbannt werden mu\u00df.<br \/>\nAn sich ist Ikonoklasmus \u2013 das rituelle Zerst\u00f6ren eines mi\u00dfliebigen Bildes \u2013 nichts Neues. Seit unvordenklicher Zeit waren politische oder religi\u00f6se Umw\u00e4lzungen von der symbolischen Vernichtung eines verha\u00dften Gottes oder Menschen begleitet.<\/p>\n<p>Das hei\u00dft, es besteht im Prinzip kein Unterschied zwischen dem heutigen Protest und dem Furor, der zur Austilgung jedes Hinweises auf Pharao Echnaton durch seine Nachfolger f\u00fchrte oder zur Vernichtung der Pfahlg\u00f6tzen im alten Israel oder zur damnatio memoriae im antiken Rom oder zur Zerst\u00f6rung heidnischer Tempel durch die Christen oder zur K\u00f6pfung biblischer K\u00f6nige an der Fassade von Notre-Dame w\u00e4hrend der Jakobinerherrschaft oder zur B\u00fccherverbrennung beim Wartburgfest oder zum Niederrei\u00dfen der Zarenbilder nach der Oktoberrevolution oder zur Sprengung der Buddhafiguren von Bamiyan durch die Islamisten.<\/p>\n<p>Das Vorgehen kann spontan erfolgen oder angeordnet sein. In jedem Fall beruht es auf der tiefsitzenden Vorstellung, da\u00df Symbol und Symbolisiertes nie vollst\u00e4ndig zu trennen sind. Das eine hat Anteil am anderen. Weshalb das Symbolisierte durch den Angriff auf das Symbol getroffen wird. Carl Schmitt sprach vom \u201eMysterium\u201c der Repr\u00e4sentation, verkn\u00fcpft damit, da\u00df \u201eder Repr\u00e4sentant eines hohen Wertes nicht wertlos sein kann\u201c.<\/p>\n<p>Dahinter steht selbstverst\u00e4ndlich ein irrationales Moment. Was auf der Linken regelm\u00e4\u00dfig Zweifel weckt, ob die Fixierung auf Symbolpolitik das richtige ist. Eine unbegr\u00fcndete Sorge. Es mu\u00df nicht immer Klassenkampf sein. In der Medien- und Informationsgesellschaft zeigen gerade Attacken auf den \u00dcberbau verbl\u00fcffende Wirkung auf die materielle Basis. Was jetzt als Durchsetzung des antirassistischen Konsensus stattfindet, ist also kein isolierter Akt und nichts, was mit dem Hinweis auf akute Emp\u00f6rung hinreichend erkl\u00e4rt w\u00e4re. Wir beobachten vielmehr Abl\u00e4ufe, die jene Meinungsmacher lenken, die seit je alles tun, um das Werk wei\u00dfer M\u00e4nner zu deformieren, zu besch\u00e4digen und zu zerst\u00f6ren.<br \/>\nIhnen folgt eine Masse, die es unertr\u00e4glich findet, da\u00df das Leben \u00fcberhaupt Bedingungen hat. Das erkl\u00e4rt die Aggressivit\u00e4t, mit der sie gegen jeden vorgeht, der anderer Meinung ist, die Naivit\u00e4t, mit der sie Verb\u00fcndete akzeptiert, die nicht einmal vor Terror zur\u00fcckschrecken, die Entschlossenheit, mit der sie ihre Bannfl\u00fcche auf alles schleudert, was vor den Ma\u00dfst\u00e4ben der Hypermoral versagt. Aber das ist nicht nur das Ergebnis von Indoktrination.<\/p>\n<p>Hier geht es um Entfremdung. Das Selbstbild des Fu\u00dfvolks als Avantgarde, die vernichtende Urteile \u00fcber die ganze bisherige Geschichte f\u00e4llt, hat vor allem damit zu tun, da\u00df die Akteure nicht wissen, wer sie sind. Daher r\u00fchrt ihre Illoyalit\u00e4t gegen\u00fcber der eigenen Kultur, der eigenen \u00dcberlieferung, der eigenen Nation. Daher r\u00fchrt ihre Bereitschaft, alles auszutilgen, was an diese Kultur, \u00dcberlieferung, Nation erinnert.<\/p>\n<p>Erinnerung ist in dieser Phase des Kulturkriegs ein Schl\u00fcsselbegriff. Gemeint ist jene Erinnerung, die die Identit\u00e4t der Gemeinschaft verb\u00fcrgt. Eine Erinnerung, die notwendig selektiv ist. In ihr wird das eine hervorgehoben, das andere in den Hintergrund gedr\u00e4ngt. Wie bei der Erinnerung des Einzelnen tritt im Normalfall das Positive hervor, das Negative zur\u00fcck. Denn der pers\u00f6nliche wie der \u201eunpers\u00f6nliche Stolz\u201c (Max Weber) liegt darin begr\u00fcndet, da\u00df man die Erfolge und die Heldentaten im Bewu\u00dftsein h\u00e4lt, nicht die Niederlagen und die Schandtaten.<\/p>\n<p>Nur die Deutschen hatten das Verh\u00e4ltnis umgekehrt. Ma\u00dfgeblich f\u00fcr die kollektive Erinnerung wurde Auschwitz als \u201eGr\u00fcndungsmythos\u201c (Joschka Fischer), Schuld als \u201eStaatsr\u00e4son\u201c (Thomas Schmid), das Geschichtsbuch als \u201eVerbrecheralbum\u201c (Helmut Schmidt). Was auch erkl\u00e4rt, warum den allt\u00e4glichen Bildersturm niemand mehr zur Kenntnis nimmt: die S\u00e4uberung der Bibliotheken von heiklen Autoren, das Demolieren mi\u00dfliebiger Gedenkst\u00e4tten aller Art oder den Eifer, jedes Monument in jedem Winkel aufzusp\u00fcren \u2013 ganz gleich, ob Standbild, Stra\u00dfenname oder Ehrenb\u00fcrgerliste \u2013 und zu tilgen, was bei den Historisch-Sensiblen Ansto\u00df erregt.<br \/>\nBisher sprach viel f\u00fcr einen Sonderweg. Aber was sich gegenw\u00e4rtig abspielt, deutet darauf hin, da\u00df wir nur die Bahn gespurt haben, auf der uns der Rest der westlichen Welt folgt; kaum in ein besseres Morgen, eher in ein Dystopia, in dem diejenigen, die die \u201eKonsensmaschine\u201c (Noam Chomsky) \u00fcberwachen, noch mehr M\u00f6glichkeiten haben als zuvor.<br \/>\n&#8230; Alles von <a title=\"Konservativismus\" href=\"https:\/\/www.freiburg-schwarzwald.de\/blog\/engagement\/zukunft\/demokratie\/konservativismus\/\">Karlheinz Wei\u00dfmann<\/a> zu &#8222;Denkm\u00e4ler &#8222;bitte lesen in der JF, 26\/20, Seite 2<\/p>\n<p>&nbsp;<\/p>\n<p>.<br \/>\n<strong>Siegesdenkmal: Geschichte bewahren<\/strong><br \/>\nNach dem Weltkrieg II haben die Kommunisten in Ost-Berlin das vom Krieg kaum besch\u00e4digte Berliner Schloss gesprengt. Heute wird das Schloss wieder aufgebaut. Es gab aber Streit, ob auf der Schlosskuppel wieder ein christliches Kreuz angebracht werden darf. Wahrscheinlich wird das Schloss nach seiner Wiederherstellung ein Museum aufnehmen und dann &#8222;Humboldt-Forum&#8220; hei\u00dfen. Also nicht mehr &#8222;Berliner Schloss&#8220;. Einen gleichen, nicht enden wollenden Streit gibt es seit Jahrzehnten wegen des Siegesdenkmals in Freiburg, das leider (ironisch gemeint) im WK II ebenfalls nicht zerst\u00f6rt wurde. W\u00e4re es zerst\u00f6rt worden, k\u00f6nnte es in Freiburg keinen Streit um dieses Denkmal geben. Aber was geschah 1945? Auch die siegreichen Franzosen haben das Denkmal nicht zerst\u00f6rt: Das war eine Heldentat ganz besonderer Art, das zeugt von Charakter, soldatischer Ehre und Tugend.<br \/>\nAber etwa 50 Jahre nach der Erbauung des Denkmals und des Anlasses seiner Errichtung streiten Freiburger um das Denkmal. Wer will das verstehen? Vergangenes, das nicht ins Bild der heute Lebenden passt, soll vertuscht werden. Aber Geschichte war anders. Will, kann, darf man sie ungeschehen machen? Will man aus der Geschichte lernen, so darf man sie nicht vergessen machen. Marx, Engels, Lenin, Stalin, Mao Tse-tung? Niemand verbietet ihre Schriften und ihre Denkm\u00e4ler. Wenn gewaltige Tempel und sonstige Bauwerke durch die Kriege im Nahen Osten zerst\u00f6rt werden, jammern die Deutschen, aber sie selbst zerst\u00f6ren ihre eigenen Denkm\u00e4ler, von denen keine ideologische Gefahr ausgeht. Bei n\u00e4chster Gelegenheit wird das Siegesdenkmal mit Graffiti verschmiert oder gar anderweitig besch\u00e4digt werden. Man wird achtlos mit ihm umgehen wie mit dem Denkmal der Alten Synagoge. Die Zerstrittenheit der deutschen Parteien und auch die der Freiburger Lokalpolitiker lassen B\u00f6ses bef\u00fcrchten. Jeder gegen jeden. Ein Zusammen gibt es nicht mehr. Keine Gemeinsamkeiten.<br \/>\n5.3.2018, Ludwig D\u00f6ring, Ettenheim, BZO<\/p>\n<p>&nbsp;<\/p>\n<p><strong>Sachzw\u00e4nge gef\u00e4hrden in Freiburg immer wieder Baudenkm\u00e4ler<\/strong><\/p>\n<p>Das Beispiel <a title=\"Maria-Hilf\" href=\"https:\/\/www.freiburg-schwarzwald.de\/blog\/religion\/kirchen\/maria-hilf\/\">Maria Hilf<\/a> zeigt: Vermeintliche Sachzw\u00e4nge gef\u00e4hrden in Freiburg immer wieder Baudenkm\u00e4ler. In Konstanz sieht das anders aus.<br \/>\nFreiburg boomt. Das hat zur Folge, dass auch im Altbestand kr\u00e4ftig modernisiert, nachverdichtet und nicht selten auch abgerissen wird. Dass dabei der Denkmalschutz h\u00e4ufig auf der Strecke bleibt, wird meist finanziellen Sachzw\u00e4ngen zugeschrieben. Die Verkaufspl\u00e4ne der Pfarrgemeinde Maria Hilf in der Wiehre, denen der historische Saalbau geopfert werden soll, bieten Anlass f\u00fcr einen R\u00fcck- und Ausblick: Wie gehen die Freiburger mit den baulichen Zeugnissen ihrer Vergangenheit um? Die F\u00fchrungsriege der Pfarrgemeinde Maria Hilf hat Gro\u00dfes vor: Man will einen neuen Kindergarten und einen neuen Gemeindesaal bauen und zur Finanzierung Teile des Grundst\u00fccks an der Zasiusstra\u00dfe an einen Investoren verkaufen. Der geschichtstr\u00e4chtige Maria-Hilf-Saal st\u00fcnde einer Neubebauung im Weg und m\u00fcsste abgerissen werden. Pfarrhaus, Nebengeb\u00e4ude und Saal stellen ein in Freiburg einzigartiges historisches Ensemble dar: Es sind die Geb\u00e4ude des fr\u00fcheren Hofgutes B\u00f6hringer. Der 1798 als Scheune errichtete Saalbau ist ein gesch\u00fctztes Kulturdenkmal und in seiner Formensprache im Freiburger Stadtgebiet ohne Beispiel. Doch diese historische Bedeutung spielt in der aktuellen Diskussion offenbar keine Rolle, und der hohe Marktwert des Grundst\u00fccks l\u00e4sst einen Abbruch unabwendbar erscheinen. Blickt man in die Vergangenheit, so scheint ein sorgloser Umgang mit baulichem Erbe in Freiburg seit einigen Jahrzehnten Tradition zu haben. W\u00e4hrend es heute meist finanzielle Gr\u00fcnde sind, die eine Abbruchbereitschaft beg\u00fcnstigen, waren es fr\u00fcher stadtplanerische Vorgaben. Zwar bestach der Wiederaufbauplan von Oberbaudirektor Joseph Schlippe nach dem Bombardement von 1944 durch eine sensible Behandlung der erhaltenen Bausubstanz. Doch Ende der 1950er Jahre schlug die Stunde der Verkehrsplaner, die dem Stadtzentrum eine Radikalkur verordneten: Um die Altstadt sollte eine vierspurige Ringstra\u00dfe entstehen. Den Plan setzte man im Schnellverfahren um und legte dabei zwischen 1960 und 1970 ganze H\u00e4usergruppen nieder. Dass sich darunter zahlreiche Kulturdenkmale befanden, war kein Hindernis. Proteste regten sich in der B\u00fcrgerschaft nur vereinzelt. Meist waren es unmittelbar betroffene Hauseigent\u00fcmer. Wie etwa im Falle des stadtbildpr\u00e4genden Hauses Schwabentorstra\u00dfe 11, welches bis 1972 dem Bau der Leo-Wohleb-Stra\u00dfe im Weg stand: Solche Einzelg\u00e4nger wurden von \u00d6ffentlichkeit und Beh\u00f6rden meist als &#8222;Querk\u00f6pfe&#8220; attackiert. Auch in der Presse: &#8222;Schlie\u00dflich k\u00f6nnen nicht Tausende von Kraftfahrern warten, bis ein Einzelner aufh\u00f6rt, sich einem wichtigen Projekt querzustellen&#8220; schrieb die BZ damals. Doch auch in neuerer Zeit genie\u00dft die Erhaltung gef\u00e4hrdeter Bausubstanz offenbar weder im Freiburger Gemeinderat noch in der Stadtverwaltung einen besonders hohen Stellenwert. Die Liste der Baudenkm\u00e4ler, die in den vergangenen Jahren weichen mussten, ist betr\u00e4chtlich. Auch die spektakul\u00e4rsten F\u00e4lle gingen ohne gr\u00f6\u00dfere Diskussionen \u00fcber die B\u00fchne: 2004 wird in der Altstadt das barocke Wirtschaftsgeb\u00e4ude des Adelhauserklosters bis auf die Au\u00dfenfassaden abgebrochen. 2006 wird der stattliche Bau der landeseigenen, 1871 errichteten Landwirtschaftsschule verkauft und weggebaggert (Wohnbau). 2011 weicht in G\u00fcnterstal das historische Gasthaus &#8222;Hirschen&#8220; trotz Protesten einem Neubau. Im selben Jahr geht es in Z\u00e4hringen dem alten Gasthaus Tr\u00f6scher und damit einem der letzten Reste des historischen Dorfkerns an den Kragen (Stadtbahntrasse).<\/p>\n<p>Die F\u00e4lle, in denen gef\u00e4hrdete Bauten erhalten wurden, gehen fast immer auf das Konto engagierter Privateigent\u00fcmer, denen der ideelle Wert ihres Baudenkmals am Herzen liegt. Ist der Denkmalschutz also nur noch etwas f\u00fcr Reiche oder Idealisten? Sind den kommunalen Beh\u00f6rden angesichts &#8222;eindeutiger Rechtslagen&#8220; wirklich immer die H\u00e4nde gebunden? Nein, sagt Frank Mienhardt, Denkmalpfleger in Konstanz. Seine Stadt macht seit Jahren vor, wie ungeachtet vermeintlicher Sachzw\u00e4nge eine Zusammenarbeit zwischen Rathaus, Denkmalbeh\u00f6rden, Eigent\u00fcmern und Bauherren aussehen kann. Um weitere positive Beispiele zu finden, braucht man nicht in den fernen badischen Osten zu schweifen: Zu den wenigen, die nichts von &#8222;gebundenen H\u00e4nden&#8220; wissen wollen, geh\u00f6rt der Bauunternehmer Willi Sutter aus Neustadt. Er hat sich auf die Sanierung von scheinbar nutzlosen Baudenkm\u00e4lern spezialisiert, die oft kurz vor dem Abbruch standen \u2013 und das \u00e4u\u00dferst erfolgreich: Die Liste der Geb\u00e4ude, die Sutter mit kreativen Ideen und viel Liebe zum Detail zu historischen Schmuckst\u00fccken gemacht hat, ist lang. Einige der Projekte sind regelrechte Publikumslieblinge geworden, etwa das Landfrauencaf\u00e9 &#8222;Krone&#8220; in St. M\u00e4rgen oder die Rainhofscheune bei Kirchzarten. Und wie ist es mit der Kreativit\u00e4t in Maria Hilf bestellt? Wurde eine anderweitige Nutzung des Saalbaus ernsthaft gepr\u00fcft? Hat man \u00dcberlegungen angestellt, das Pfarrhaus f\u00fcr Belange des Kindergartens umzubauen? Ist ein Neubau des Kindergartens tats\u00e4chlich unabdingbar, und gibt es f\u00fcr dessen Finanzierung keine Alternative zum Grundst\u00fccksverkauf? Man m\u00f6chte den Verantwortlichen der Pfarrgemeinde den Mut w\u00fcnschen, sich von \u00e4hnlichen Ideen wie die eines Willi Sutter inspirieren zu lassen und einen Blick \u00fcber vermeintliche Sachzw\u00e4nge hinweg zu werfen. An Unterst\u00fctzung aus Kreisen kreativer B\u00fcrger und B\u00fcrgerinnen w\u00fcrde es in diesem Fall nicht fehlen. Und manchmal helfen ja auch Sto\u00dfgebete: Maria, hilf!<br \/>\n1.12.2012, Joachim Scheck,<\/p>\n<div>Joachim Scheck leitet den Verein Vistatour, befasst sich seit langem mit Denkmalschutz und Ver\u00e4nderungen des Stadtbilds. Er ist Autor der BZ-Serie &#8222;Wiedersehen!&#8220;<\/div>\n<p>&nbsp;<\/p>\n<div><!-- RSPEAK_START --><!-- RSPEAK_STOP --><!-- RSPEAK_START -->\u00a0Denkmalschutz<br \/>\nKulturdenkmale sind zum Beispiel arch\u00e4ologische Funde oder Bauten, an deren Erhalt ein \u00f6ffentliches Interesse besteht. Besonders sch\u00fctzenswerte Objekte werden in eine Denkmalliste eingetragen. Sie d\u00fcrfen grunds\u00e4tzlich nicht abgebrochen werden, es sei denn die Erhaltung ist wirtschaftlich nicht zumutbar. M\u00f6glich ist aber auch ein Zuschuss vom Land. Es gibt auch &#8222;unerkannte&#8220; Denkmale, deren Denkmalwert erst beim Umbau erkannt wird.<br \/>\nInfos: <strong><a title=\"\" href=\"https:\/\/www.denkmalpflege-bw.de\/\" target=\"_blank\" rel=\"noopener noreferrer\">https:\/\/www.denkmalpflege-bw.de<\/a><\/strong>\u00a0<!-- RSPEAK_STOP --><\/div>\n","protected":false},"excerpt":{"rendered":"<p>Home &gt;Business &gt;Dienste &gt;Immobilien\u00a0&gt;Brauchtum &gt;Denkmal Denkmal, Denkmalschutz, Kleidenkmal, Naturdenkmal Gedenktafel am Freiburger J\u00e4gerbr\u00fcnnele entwendet \u2013 politisch motivierte Tat?\u00a0(11.1.2023) Kreuz: Beine abgeschlagen\u00a0(8.9.2021) Raumbedeutsame Kulturdenkmale in der Region S\u00fcdlicher Oberrhein (10.6.2021) Sanierung Meierhof Kartaus durch Willi Sutter (19.12.2020) Strassen Schulen umbenennen\u00a0(5.12.2020) Denkm\u00e4ler: &hellip; <a href=\"https:\/\/www.freiburg-schwarzwald.de\/blog\/business\/dienste\/immobilien\/denkmal\/\">Weiterlesen <span class=\"meta-nav\">&rarr;<\/span><\/a><\/p>\n","protected":false},"author":4,"featured_media":0,"parent":957,"menu_order":0,"comment_status":"open","ping_status":"closed","template":"","meta":{"footnotes":""},"class_list":["post-16601","page","type-page","status-publish","hentry"],"_links":{"self":[{"href":"https:\/\/www.freiburg-schwarzwald.de\/blog\/wp-json\/wp\/v2\/pages\/16601","targetHints":{"allow":["GET"]}}],"collection":[{"href":"https:\/\/www.freiburg-schwarzwald.de\/blog\/wp-json\/wp\/v2\/pages"}],"about":[{"href":"https:\/\/www.freiburg-schwarzwald.de\/blog\/wp-json\/wp\/v2\/types\/page"}],"author":[{"embeddable":true,"href":"https:\/\/www.freiburg-schwarzwald.de\/blog\/wp-json\/wp\/v2\/users\/4"}],"replies":[{"embeddable":true,"href":"https:\/\/www.freiburg-schwarzwald.de\/blog\/wp-json\/wp\/v2\/comments?post=16601"}],"version-history":[{"count":5,"href":"https:\/\/www.freiburg-schwarzwald.de\/blog\/wp-json\/wp\/v2\/pages\/16601\/revisions"}],"predecessor-version":[{"id":108344,"href":"https:\/\/www.freiburg-schwarzwald.de\/blog\/wp-json\/wp\/v2\/pages\/16601\/revisions\/108344"}],"up":[{"embeddable":true,"href":"https:\/\/www.freiburg-schwarzwald.de\/blog\/wp-json\/wp\/v2\/pages\/957"}],"wp:attachment":[{"href":"https:\/\/www.freiburg-schwarzwald.de\/blog\/wp-json\/wp\/v2\/media?parent=16601"}],"curies":[{"name":"wp","href":"https:\/\/api.w.org\/{rel}","templated":true}]}}