{"id":1660,"date":"2012-04-18T08:28:49","date_gmt":"2012-04-18T08:28:49","guid":{"rendered":"https:\/\/www.freiburg-schwarzwald.de\/blog\/?page_id=1660"},"modified":"2026-08-15T18:49:51","modified_gmt":"2026-08-15T16:49:51","slug":"garten","status":"publish","type":"page","link":"https:\/\/www.freiburg-schwarzwald.de\/blog\/natur\/garten\/","title":{"rendered":"Garten"},"content":{"rendered":"<p>Home &gt;<a title=\"Natur\" href=\"https:\/\/www.freiburg-schwarzwald.de\/blog\/natur\/\">Natur<\/a> &gt;Garten<\/p>\n<div id=\"attachment_56496\" style=\"width: 649px\" class=\"wp-caption alignnone\"><a href=\"https:\/\/www.freiburg-schwarzwald.de\/blog\/natur\/garten\/dachgarten-cosmea-pan150915\/\" rel=\"attachment wp-att-56496\"><img loading=\"lazy\" decoding=\"async\" aria-describedby=\"caption-attachment-56496\" class=\"size-full wp-image-56496\" src=\"https:\/\/www.freiburg-schwarzwald.de\/blog\/wp-content\/uploads\/2012\/04\/dachgarten-cosmea-pan150915.jpg\" alt=\"Cosmea auf dem Dachgarten am 15.9.2015\" width=\"639\" height=\"276\" srcset=\"https:\/\/www.freiburg-schwarzwald.de\/blog\/wp-content\/uploads\/2012\/04\/dachgarten-cosmea-pan150915.jpg 639w, https:\/\/www.freiburg-schwarzwald.de\/blog\/wp-content\/uploads\/2012\/04\/dachgarten-cosmea-pan150915-180x77.jpg 180w\" sizes=\"auto, (max-width: 639px) 100vw, 639px\" \/><\/a><p id=\"caption-attachment-56496\" class=\"wp-caption-text\">Cosmea auf dem Dachgarten am 15.9.2015<\/p><\/div>\n<ul>\n<li><em>Listenauswahl eines Beitrags: Bitte\u00a0<span style=\"text-decoration: underline;\">anklicken<\/span>\u00a0oder runterscrollen<\/em><\/li>\n<li>Wasserknappheit: Gie\u00dfen \u2013 zur Freude von Tier und Mensch (15.8.2026)<\/li>\n<li><a href=\"https:\/\/www.freiburg-schwarzwald.de\/blog\/natur\/wald\/waldhaus\/\">Permakulturgarten am Waldhaus \u2013 Im Gr\u00fcnen die Zukunft gestalten<\/a>\u00a0(2.7.2026)<\/li>\n<li><a href=\"https:\/\/www.freiburg-schwarzwald.de\/blog\/amselmann-singt-amsel-bruetet\/\">Amselmann singt, Amsel br\u00fctet<\/a>\u00a0(16.5.2025)<\/li>\n<li><a href=\"https:\/\/www.freiburg-schwarzwald.de\/blog\/amseln-singen-lauter-denn-je\/\">Amseln singen lauter denn je<\/a>\u00a0(24.4.2024)<\/li>\n<li>Studie: Privatgarten ist Gefahr f\u00fcr Klima (23.1.2024)<\/li>\n<li><a href=\"https:\/\/www.freiburg-schwarzwald.de\/blog\/natur\/garten\/botanischer-garten\/\">Schaugew\u00e4chsh\u00e4user im Botanischen Garten: Ausflug in die Freiburger Tropen<\/a> (12.1.2024)<\/li>\n<li><a href=\"https:\/\/www.freiburg-schwarzwald.de\/blog\/dreisamtalautoren-schlossebnet\/\">Dreisamtalautoren SchlossEbnet<\/a>\u00a0(15.12.2023)<\/li>\n<li><a href=\"https:\/\/www.freiburg-schwarzwald.de\/blog\/natur\/flora\/passionsblumen\/\">Lebenslange Passion f\u00fcr Passionsblumen<\/a>\u00a0(30.5.2023)<\/li>\n<li><a href=\"https:\/\/www.freiburg-schwarzwald.de\/blog\/natur\/landwirt\/obstbau\/kaki\/\">Erstmals: 10 Kaki-Fr\u00fcchte in FR-Littenweiler<\/a> (29.10.2022)<\/li>\n<li><a href=\"https:\/\/www.freiburg-schwarzwald.de\/blog\/natur\/garten\/versiegelung\/\">Lieber Steinvorg\u00e4rten mit Kirschlorbeer statt Blumenvorgarten?<\/a>\u00a0(19.9.2022)<\/li>\n<li><a href=\"https:\/\/www.freiburg-schwarzwald.de\/blog\/natur\/landwirt\/gemuesebau\/artischocke\/\">Cardy-Anbau in F\u00f6hrenschallstadt<\/a> (17.9.2022)<\/li>\n<li><a href=\"https:\/\/www.freiburg-schwarzwald.de\/blog\/kultur\/kunst\/sun-print\/\">Sun-Prints am 25.6.2022 im Garten<\/a> (25.6.2022)<\/li>\n<li><a href=\"https:\/\/www.freiburg-schwarzwald.de\/blog\/natur\/garten\/gartenschau\/\">Neuenburg \u2013 Landesgartenschau 2022<\/a>\u00a0(20.6.2022)<\/li>\n<li><a href=\"https:\/\/www.freiburg-schwarzwald.de\/blog\/business\/dienste\/immobilien\/hausbegruenung\/\">Vertiko \u2013 Unternehmen f\u00fcr Vertikalbegr\u00fcnungskonzepte im Dreisamtal<\/a>\u00a0(12.1.2022)<\/li>\n<li><a href=\"https:\/\/www.freiburg-schwarzwald.de\/blog\/natur\/garten\/naturgarten\/\">Naturgarten-Wettbewerb im Biosph\u00e4rengebiet Schwarzwald<\/a>\u00a0(14.6.2021)<\/li>\n<li><a href=\"https:\/\/www.freiburg-schwarzwald.de\/blog\/gaerten-zerstoeren-fuer-einen-park\/\">G\u00e4rten zerst\u00f6ren f\u00fcr einen Park?<\/a>\u00a0(23.7.2021)<\/li>\n<li><a href=\"https:\/\/www.freiburg-schwarzwald.de\/blog\/kirschen-reif-esskastanie-blueht\/\">Kirschen reif \u2013 Esskastanie bl\u00fcht<\/a>\u00a0(24.6.2021)<\/li>\n<li><a href=\"https:\/\/www.freiburg-schwarzwald.de\/blog\/natur\/garten\/kartaus\/\">Kartaus-Klostergarten: Eva Sch\u00fcle mit UWC-Sch\u00fclern im WDR<\/a>\u00a0(15.3.2021)<\/li>\n<li><a title=\"Esskastanienbl\u00fcte und Bienen\" href=\"https:\/\/www.freiburg-schwarzwald.de\/blog\/esskastanienbluete-und-bienen\/\">Esskastanienbl\u00fcte und Bienen<\/a>\u00a0(22.6.2020)<\/li>\n<li><a href=\"https:\/\/www.freiburg-schwarzwald.de\/blog\/garten-und-landschaftsschutz\/\">https:\/\/www.freiburg-schwarzwald.de\/blog\/garten-und-landschaftsschutz\/<\/a>\u00a0(28.8.2019)<\/li>\n<li><a href=\"https:\/\/www.freiburg-schwarzwald.de\/blog\/wiese-erst-nach-bluete-maehen\/\">https:\/\/www.freiburg-schwarzwald.de\/blog\/wiese-erst-nach-bluete-maehen\/<\/a>\u00a0(6.8.2019)<\/li>\n<li><a title=\"Hirzberg\" href=\"https:\/\/www.freiburg-schwarzwald.de\/blog\/regio\/freiburg\/hirzberg\/\">G\u00e4rtner f\u00fcrchten am Hirzberg um ihre Kleing\u00e4rten, da das Areal im Landschaftsschutzgebiet liegt<\/a>\u00a0(27.7.2019)<\/li>\n<li><a href=\"https:\/\/www.freiburg-schwarzwald.de\/blog\/gartenboden-humus-wende\/\">https:\/\/www.freiburg-schwarzwald.de\/blog\/gartenboden-humus-wende\/<\/a>\u00a0(20.5.2019)<\/li>\n<li>Garten: Kies, Schotter, Mulch, Versiegelung (11.2.2019)<\/li>\n<li><a href=\"https:\/\/www.freiburg-schwarzwald.de\/blog\/gartentag-offene-gartentueren\/\">https:\/\/www.freiburg-schwarzwald.de\/blog\/gartentag-offene-gartentueren\/<\/a>\u00a0(11.6.2013)<\/li>\n<li><a href=\"https:\/\/www.freiburg-schwarzwald.de\/blog\/2012\/06\/08\/skulpturen-von-dieter-rottler-im-botanischen-garten-freiburg\/\">https:\/\/www.freiburg-schwarzwald.de\/blog\/2012\/06\/08\/skulpturen-von-dieter-rottler-im-botanischen-garten-freiburg\/<\/a><\/li>\n<li><a href=\"https:\/\/www.freiburg-schwarzwald.de\/littenweiler\/ebnet\/ebnet6.htm#Gartenparadies vor Hindernissen - \u00f6kologisch umgestalteter Garten\">Gartenparadies vor Hindernissen &#8211; \u00f6kologisch umgestalteter Garten<\/a> &gt;Ebnet\/Ebnet6 (13.9.2011)<\/li>\n<li><a href=\"https:\/\/www.freiburg-schwarzwald.de\/hotzenwald2.htm#42. N\u00f6ggenschwieler Rosentage 8. bis 11. Juli 2011\">42. N\u00f6ggenschwieler Rosentage 8. bis 11. Juli 2011<\/a>\u00a0 &gt;Hotzenwald2 (7.7.2011)<\/li>\n<li><a href=\"https:\/\/www.freiburg-schwarzwald.de\/imker2.htm#Bienenschau f\u00fcr Kinder im Recycling- und \u00d6kogarten an der Dreisam\">Bienenschau f\u00fcr Kinder im Recycling- und \u00d6kogarten an der Dreisam<\/a>&gt;Imker2 (24.6.2011)<\/li>\n<li><a href=\"https:\/\/www.freiburg-schwarzwald.de\/mengen.htm#Bamputopia - Skulpturengarten und Bambuswald\">Bamputopia &#8211; Skulpturengarten und Bambuswald<\/a>&gt;Mengen<\/li>\n<li><a href=\"https:\/\/www.freiburg-schwarzwald.de\/littenweiler\/littenweiler11.htm#Gartenkunst in Littenweiler - Donnerstag 2. Juni im Schulhof der RSS\">Gartenkunst in Littenweiler &#8211; Donnerstag 2. Juni im Schulhof der RSS<\/a>&gt;Littenweiler11 (25.5.11)<\/li>\n<li><a href=\"https:\/\/www.freiburg-schwarzwald.de\/vogel1.htm#D Amsle\">D Amsle<\/a>\u00a0 &gt;Vogel1 (2.5.2011)<\/li>\n<li><a href=\"https:\/\/www.freiburg-schwarzwald.de\/garten.htm#FVA legt ph\u00e4nologischen Garten beim Waldhaus an\">FVA legt ph\u00e4nologischen Garten beim Waldhaus an<\/a> &gt;Garten (15.2.2011)<\/li>\n<li><a href=\"https:\/\/www.freiburg-schwarzwald.de\/littenweiler\/schrebergarten.htm#Kleingartenordnung in Freiburg: Erneuerung, gro\u00dfer Bedarf\">Kleingartenordnung in Freiburg: Erneuerung, gro\u00dfer Bedarf<\/a> &gt;Schrebergarten (15.2.2011)<\/li>\n<li><a href=\"https:\/\/www.freiburg-schwarzwald.de\/friedhoefe1.htm#Wildwuchs auf Freiburgs Friedh\u00f6fen\">Wildwuchs auf Freiburgs Friedh\u00f6fen?<\/a> &gt;Friedhoefe1 (1.12.2010)<\/li>\n<li><a href=\"https:\/\/www.freiburg-schwarzwald.de\/littenweiler\/japanischer-garten.htm#FR\u00dcHLING\">Fr\u00fchling, Herbst und Winter<\/a> &gt;Japanischer-Garten (29.11.2010)<\/li>\n<li><a href=\"https:\/\/www.freiburg-schwarzwald.de\/flora1.htm#Tag der Artenvielfalt 11.\/22. Juni in der Region Freiburg\">Tag der Artenvielfalt 11.\/22. Juni in der Region Freiburg<\/a>\u00a0 &gt;Flora1 (6.6.2010)<\/li>\n<li><a href=\"https:\/\/www.freiburg-schwarzwald.de\/littenweiler\/wiehre2.htm#Tag der offenen G\u00e4rten in der Wiehre - sieben Schmuckst\u00fccke\">Tag der offenen G\u00e4rten in der Wiehre &#8211; sieben Schmuckst\u00fccke<\/a> &gt;Wiehre2 (5.6.2008)<\/li>\n<li><a href=\"https:\/\/www.freiburg-schwarzwald.de\/bauerngarten.htm#Ein Muss im Bauerngarten: Der aus Amerika stammende Phlox\">Phlox: Ein Muss im Bauerngarten &#8211; der aus Amerika stammende Phlox<\/a> &gt;Bauerngarten (28.7.06)<\/li>\n<li><\/li>\n<li><a href=\"https:\/\/www.freiburg-schwarzwald.de\/garten.htm#Garten-Bilder\">Garten-Bilder <\/a><\/li>\n<li><a href=\"https:\/\/www.freiburg-schwarzwald.de\/garten.htm#Garten an der Dreisam bei der Nepomukbr\u00fccke\">Garten an der Dreisam bei der Nepomukbr\u00fccke in Ebnet<\/a><\/li>\n<li><a href=\"https:\/\/www.freiburg-schwarzwald.de\/blog\/natur\/landwirt\/gemuesebau\/artischocke\/\">Artischocke<\/a><\/li>\n<li><a href=\"https:\/\/www.freiburg-schwarzwald.de\/bauerngarten.htm#Bauerngarten- und Wildkr\u00e4uterland Baden\">Bauerngarten- und Wildkr\u00e4uterland Baden<\/a> &gt;Bauerngarten<\/li>\n<li><a href=\"https:\/\/www.freiburg-schwarzwald.de\/littenweiler\/ph-campus.htm#Biotop der P\u00e4dagogischen Hochschule Freiburg\">Biotop der P\u00e4dagogischen Hochschule Freiburg<\/a> &gt;PH-Campus<\/li>\n<li><a href=\"https:\/\/www.freiburg-schwarzwald.de\/blog\/natur\/garten\/botanischer-garten\/\">Botanischer Garten<\/a><\/li>\n<li><a href=\"https:\/\/www.freiburg-schwarzwald.de\/littenweiler\/botanischer-garten.htm#Botanischer Garten im Herbst\">Botanischer Garten in Freiburg-Herdern<\/a> &gt;Botanischer-Garten (Archivseite vor 2012)<\/li>\n<li><a href=\"https:\/\/www.freiburg-schwarzwald.de\/littenweiler\/weingarten.htm#Dietenbachsee und Dietenbachanlage\">Freiburg-Dreisamtal.de: Stadtteil Freiburg-Weingarten<\/a>&gt;Weingarten<\/li>\n<li><a title=\"Gregor\" href=\"https:\/\/www.freiburg-schwarzwald.de\/blog\/kultur\/kunst\/keramik\/gregor\/\">Gregor &#8211; mit der Taube<\/a><\/li>\n<li><a title=\"Hirzberggarten\" href=\"https:\/\/www.freiburg-schwarzwald.de\/blog\/natur\/garten\/hirzberggarten\/\">Hirzberggarten<\/a><\/li>\n<li><a href=\"https:\/\/www.freiburg-schwarzwald.de\/littenweiler\/japanischer-garten.htm\">Japanischer Garten beim Seepark<\/a>&gt;Japanischer-Garten<\/li>\n<li><a title=\"Kartaus\" href=\"https:\/\/www.freiburg-schwarzwald.de\/blog\/natur\/garten\/kartaus\/\">Kartaus<\/a><\/li>\n<li><a href=\"https:\/\/www.freiburg-schwarzwald.de\/littenweiler\/kartausgarten.htm\">Kartausgarten: Eva-Maria Sch\u00fcle aus Freiburg<\/a> &gt;Kartausgarten<\/li>\n<li><a title=\"Kastanie\" href=\"https:\/\/www.freiburg-schwarzwald.de\/blog\/natur\/wald\/kastanie\/\">Kastanien: Esskastanien und Ro\u00dfkastanien<\/a><\/li>\n<li><a href=\"https:\/\/www.freiburg-schwarzwald.de\/littenweiler\/oberwiehre.htm#Konrad-G\u00fcnther-Park\">Konrad-Guenther-Park in FR-Waldsee<\/a> &gt;Oberwiehre<\/li>\n<li><a href=\"https:\/\/www.freiburg-schwarzwald.de\/littenweiler\/heilkraeuter.htm\">Kr\u00e4utergarten &#8211; Heilkraeuter<\/a> &gt;Heilkraeuter<\/li>\n<li><a href=\"https:\/\/www.freiburg-schwarzwald.de\/littenweiler\/oeffentlicher-raum.htm\">\u00d6ffentlicher Raum<\/a> &gt;Oeffentlicher-Raum<\/li>\n<li><a href=\"https:\/\/www.freiburg-schwarzwald.de\/garten.htm#Garten an der Dreisam bei der Nepomukbr\u00fccke\">Recycling-Garten an der Dreisam bei der Nepomukbr\u00fccke in Ebnet<\/a> &gt;Garten<\/li>\n<li><a href=\"https:\/\/www.freiburg-schwarzwald.de\/littenweiler\/stadtgarten.htm\">Stadtgarten Freiburg zwischen M\u00fcnster und Schlossberg<\/a> &gt;Stadtgarten<\/li>\n<li><a title=\"Bambus\" href=\"https:\/\/www.freiburg-schwarzwald.de\/blog\/natur\/flora\/bambus\/\">Bambus<\/a><\/li>\n<li><a title=\"Baumschule\" href=\"https:\/\/www.freiburg-schwarzwald.de\/blog\/natur\/landwirt\/obstbau\/baumschule\/\">Baumschulen<\/a><\/li>\n<li><a title=\"Blumen\" href=\"https:\/\/www.freiburg-schwarzwald.de\/blog\/natur\/flora\/blumen\/\">Blumen<\/a><\/li>\n<li><a href=\"https:\/\/www.freiburg-schwarzwald.de\/blumen.htm\">Blumengesch\u00e4fte<\/a> &gt;Blumen<\/li>\n<li><a title=\"Blumenwiese\" href=\"https:\/\/www.freiburg-schwarzwald.de\/blog\/natur\/garten\/blumenwiese\/\">Blumenwiese<\/a><\/li>\n<li><a href=\"https:\/\/www.freiburg-schwarzwald.de\/littenweiler\/dachgarten.htm\">Dachgarten anlegen<\/a> &gt;Dachgarten<\/li>\n<li><a title=\"Dreisamgarten\" href=\"https:\/\/www.freiburg-schwarzwald.de\/blog\/natur\/garten\/dreisamgarten\/\">Dreisamgarten Ebnet-Nepomukbr\u00fccke<\/a><\/li>\n<li><a title=\"Feige\" href=\"https:\/\/www.freiburg-schwarzwald.de\/blog\/natur\/landwirt\/obstbau\/feige\/\">Feigen und Feigenb\u00e4ume<\/a><\/li>\n<li><a title=\"Frauenmantel\" href=\"https:\/\/www.freiburg-schwarzwald.de\/blog\/natur\/flora\/frauenmantel\/\">Frauenmantel<\/a><\/li>\n<li><a href=\"https:\/\/www.freiburg-schwarzwald.de\/littenweiler\/gartenbau.htm\">Garten- und Landschaftsbau<\/a> &gt;Gartenbau<\/li>\n<li><a title=\"Gartenjahr\" href=\"https:\/\/www.freiburg-schwarzwald.de\/blog\/natur\/garten\/gartenjahr\/\">Gartenjahr &#8211; der Garten im Wandel der vier Jahreszeiten<\/a> &gt;Gartenjahr<\/li>\n<li><a title=\"Gartenmauer\" href=\"https:\/\/www.freiburg-schwarzwald.de\/blog\/natur\/garten\/gartenmauer\/\">Gartenmauer<\/a><\/li>\n<li><a href=\"https:\/\/www.freiburg-schwarzwald.de\/blog\/natur\/garten\/gartenschau\/\">Gartenschau<\/a><\/li>\n<li><a title=\"Gartenzaun\" href=\"https:\/\/www.freiburg-schwarzwald.de\/blog\/natur\/garten\/gartenzaun\/\">Gartenzaun<\/a><\/li>\n<li><a href=\"https:\/\/www.freiburg-schwarzwald.de\/anitakaier\/gartentuerme.htm\">Gartent\u00fcrme &#8211; Gartenschmuck<\/a> &gt;Gartentuerme<\/li>\n<li><a title=\"Garten-Kunst\" href=\"https:\/\/www.freiburg-schwarzwald.de\/blog\/natur\/garten\/garten-kunst\/\">Garten-Kunst<\/a><\/li>\n<li><a href=\"https:\/\/www.freiburg-schwarzwald.de\/littenweiler\/gaertnerei.htm\">G\u00e4rtnerei, Obst<\/a> &gt;Gaertnerei<\/li>\n<li><a title=\"Gemuesebau\" href=\"https:\/\/www.freiburg-schwarzwald.de\/blog\/natur\/landwirt\/gemuesebau\/\">Gem\u00fcse &#8211; Gem\u00fcsegarten<\/a><\/li>\n<li><a title=\"Hamamelis\" href=\"https:\/\/www.freiburg-schwarzwald.de\/blog\/natur\/flora\/hamamelis\/\">Hamamelis &#8211; Zaubernuss bl\u00fcht im Winter<\/a><\/li>\n<li><a title=\"Hirzberggarten\" href=\"https:\/\/www.freiburg-schwarzwald.de\/blog\/natur\/garten\/hirzberggarten\/\">Hirzberggarten<\/a><\/li>\n<li><a href=\"https:\/\/www.freiburg-schwarzwald.de\/blog\/natur\/landwirt\/obstbau\/kaki\/\">Kaki<\/a><\/li>\n<li><a title=\"Kornblumen\" href=\"https:\/\/www.freiburg-schwarzwald.de\/blog\/natur\/flora\/kornblumen\/\">Kornblumen<\/a><\/li>\n<li><a title=\"Malven\" href=\"https:\/\/www.freiburg-schwarzwald.de\/blog\/natur\/flora\/malven\/\">Malven<\/a><\/li>\n<li><a href=\"https:\/\/www.freiburg-schwarzwald.de\/blog\/natur\/garten\/naturgarten\/\">Naturgarten<\/a><\/li>\n<li><a title=\"Obstbau\" href=\"https:\/\/www.freiburg-schwarzwald.de\/blog\/natur\/landwirt\/obstbau\/\">Obstbau<\/a><\/li>\n<li><a href=\"https:\/\/www.freiburg-schwarzwald.de\/anitakaier\/obstgarten.htm\">Obstgarten<\/a> &gt;Obstgarten<\/li>\n<li><a href=\"https:\/\/www.freiburg-schwarzwald.de\/blog\/natur\/flora\/passionsblumen\/\">Passionsblumen<\/a><\/li>\n<li><a title=\"Permakultur\" href=\"https:\/\/www.freiburg-schwarzwald.de\/blog\/natur\/landwirt\/permakultur\/\">Permakultur<\/a><\/li>\n<li><a title=\"Saatgut\" href=\"https:\/\/www.freiburg-schwarzwald.de\/blog\/natur\/landwirt\/saatgut\/\">Saatgut<\/a><\/li>\n<li><a href=\"https:\/\/www.freiburg-schwarzwald.de\/littenweiler\/schrebergarten.htm\">Schreberg\u00e4rten und Kleing\u00e4rtner<\/a> &gt;Schrebergarten<\/li>\n<li><a title=\"Stadtgarten\" href=\"https:\/\/www.freiburg-schwarzwald.de\/blog\/regio\/freiburg\/stadtgarten\/\">Stadtgarten Freiburg<\/a><\/li>\n<li><a href=\"https:\/\/www.freiburg-schwarzwald.de\/littenweiler\/streuobst.htm\">Streuobstwiesen<\/a> &gt;Streuobst<\/li>\n<li><a title=\"Trockenmauer\" href=\"https:\/\/www.freiburg-schwarzwald.de\/blog\/natur\/boden\/trockenmauer\/\">Trockenmauer<\/a><\/li>\n<li><a title=\"Urban-Gardening\" href=\"https:\/\/www.freiburg-schwarzwald.de\/blog\/natur\/landwirt\/urban-gardening\/\">Urban Gardening<\/a><\/li>\n<li><a href=\"https:\/\/www.freiburg-schwarzwald.de\/blog\/natur\/garten\/versiegelung\/\">Versiegelung des Bodens<\/a><\/li>\n<li><a title=\"Wiese\" href=\"https:\/\/www.freiburg-schwarzwald.de\/blog\/natur\/landwirt\/wiese\/\">Wiese<\/a><\/li>\n<\/ul>\n<div id=\"attachment_126619\" style=\"width: 650px\" class=\"wp-caption alignnone\"><a href=\"https:\/\/www.freiburg-schwarzwald.de\/blog\/wp-content\/uploads\/2024\/09\/hibiskus-summerfarewell-pan240831.jpg\"><img loading=\"lazy\" decoding=\"async\" aria-describedby=\"caption-attachment-126619\" class=\"size-full wp-image-126619\" src=\"https:\/\/www.freiburg-schwarzwald.de\/blog\/wp-content\/uploads\/2024\/09\/hibiskus-summerfarewell-pan240831.jpg\" alt=\"\" width=\"640\" height=\"398\" srcset=\"https:\/\/www.freiburg-schwarzwald.de\/blog\/wp-content\/uploads\/2024\/09\/hibiskus-summerfarewell-pan240831.jpg 640w, https:\/\/www.freiburg-schwarzwald.de\/blog\/wp-content\/uploads\/2024\/09\/hibiskus-summerfarewell-pan240831-180x112.jpg 180w\" sizes=\"auto, (max-width: 640px) 100vw, 640px\" \/><\/a><p id=\"caption-attachment-126619\" class=\"wp-caption-text\">Hibiskus rot und Sommer-Farewell gelb am 31.8.2024<\/p><\/div>\n<div id='gallery-1' class='gallery galleryid-1660 gallery-columns-3 gallery-size-thumbnail'><dl class='gallery-item'>\n\t\t\t<dt class='gallery-icon portrait'>\n\t\t\t\t<a href='https:\/\/www.freiburg-schwarzwald.de\/blog\/natur\/garten\/garten-maisbach1204\/'><img loading=\"lazy\" decoding=\"async\" width=\"135\" height=\"180\" src=\"https:\/\/www.freiburg-schwarzwald.de\/blog\/wp-content\/uploads\/2012\/04\/garten-maisbach1204-135x180.jpg\" class=\"attachment-thumbnail size-thumbnail\" alt=\"\" aria-describedby=\"gallery-1-3385\" srcset=\"https:\/\/www.freiburg-schwarzwald.de\/blog\/wp-content\/uploads\/2012\/04\/garten-maisbach1204-135x180.jpg 135w, https:\/\/www.freiburg-schwarzwald.de\/blog\/wp-content\/uploads\/2012\/04\/garten-maisbach1204.jpg 480w\" sizes=\"auto, (max-width: 135px) 100vw, 135px\" \/><\/a>\n\t\t\t<\/dt>\n\t\t\t\t<dd class='wp-caption-text gallery-caption' id='gallery-1-3385'>\n\t\t\t\tGarten in Maisbach im April 2012: Urban Gardening\n\t\t\t\t<\/dd><\/dl><dl class='gallery-item'>\n\t\t\t<dt class='gallery-icon landscape'>\n\t\t\t\t<a href='https:\/\/www.freiburg-schwarzwald.de\/blog\/natur\/garten\/hummelhof120604\/'><img loading=\"lazy\" decoding=\"async\" width=\"180\" height=\"135\" src=\"https:\/\/www.freiburg-schwarzwald.de\/blog\/wp-content\/uploads\/2012\/04\/hummelhof120604-180x135.jpg\" class=\"attachment-thumbnail size-thumbnail\" alt=\"\" aria-describedby=\"gallery-1-4509\" srcset=\"https:\/\/www.freiburg-schwarzwald.de\/blog\/wp-content\/uploads\/2012\/04\/hummelhof120604-180x135.jpg 180w, https:\/\/www.freiburg-schwarzwald.de\/blog\/wp-content\/uploads\/2012\/04\/hummelhof120604.jpg 640w\" sizes=\"auto, (max-width: 180px) 100vw, 180px\" \/><\/a>\n\t\t\t<\/dt>\n\t\t\t\t<dd class='wp-caption-text gallery-caption' id='gallery-1-4509'>\n\t\t\t\tGartenmauer am 4.6.2012\n\t\t\t\t<\/dd><\/dl><dl class='gallery-item'>\n\t\t\t<dt class='gallery-icon landscape'>\n\t\t\t\t<a href='https:\/\/www.freiburg-schwarzwald.de\/blog\/natur\/garten\/frauenmantel-taenzerinnen120604\/'><img loading=\"lazy\" decoding=\"async\" width=\"180\" height=\"135\" src=\"https:\/\/www.freiburg-schwarzwald.de\/blog\/wp-content\/uploads\/2012\/04\/frauenmantel-taenzerinnen120604-180x135.jpg\" class=\"attachment-thumbnail size-thumbnail\" alt=\"\" aria-describedby=\"gallery-1-4514\" srcset=\"https:\/\/www.freiburg-schwarzwald.de\/blog\/wp-content\/uploads\/2012\/04\/frauenmantel-taenzerinnen120604-180x135.jpg 180w, https:\/\/www.freiburg-schwarzwald.de\/blog\/wp-content\/uploads\/2012\/04\/frauenmantel-taenzerinnen120604.jpg 640w\" sizes=\"auto, (max-width: 180px) 100vw, 180px\" \/><\/a>\n\t\t\t<\/dt>\n\t\t\t\t<dd class='wp-caption-text gallery-caption' id='gallery-1-4514'>\n\t\t\t\tFrauenmantel und T\u00e4nzerinnen am 4.6.2012\n\t\t\t\t<\/dd><\/dl><br style=\"clear: both\" \/><dl class='gallery-item'>\n\t\t\t<dt class='gallery-icon landscape'>\n\t\t\t\t<a href='https:\/\/www.freiburg-schwarzwald.de\/blog\/natur\/garten\/frauenmantel-steine120604\/'><img loading=\"lazy\" decoding=\"async\" width=\"180\" height=\"137\" src=\"https:\/\/www.freiburg-schwarzwald.de\/blog\/wp-content\/uploads\/2012\/04\/frauenmantel-steine120604-180x137.jpg\" class=\"attachment-thumbnail size-thumbnail\" alt=\"\" srcset=\"https:\/\/www.freiburg-schwarzwald.de\/blog\/wp-content\/uploads\/2012\/04\/frauenmantel-steine120604-180x137.jpg 180w, https:\/\/www.freiburg-schwarzwald.de\/blog\/wp-content\/uploads\/2012\/04\/frauenmantel-steine120604.jpg 637w\" sizes=\"auto, (max-width: 180px) 100vw, 180px\" \/><\/a>\n\t\t\t<\/dt><\/dl><dl class='gallery-item'>\n\t\t\t<dt class='gallery-icon landscape'>\n\t\t\t\t<a href='https:\/\/www.freiburg-schwarzwald.de\/blog\/natur\/garten\/frauenmantel-regentropfen120604\/'><img loading=\"lazy\" decoding=\"async\" width=\"180\" height=\"143\" src=\"https:\/\/www.freiburg-schwarzwald.de\/blog\/wp-content\/uploads\/2012\/04\/frauenmantel-regentropfen120604-180x143.jpg\" class=\"attachment-thumbnail size-thumbnail\" alt=\"\" aria-describedby=\"gallery-1-4516\" srcset=\"https:\/\/www.freiburg-schwarzwald.de\/blog\/wp-content\/uploads\/2012\/04\/frauenmantel-regentropfen120604-180x143.jpg 180w, https:\/\/www.freiburg-schwarzwald.de\/blog\/wp-content\/uploads\/2012\/04\/frauenmantel-regentropfen120604-640x510.jpg 640w, https:\/\/www.freiburg-schwarzwald.de\/blog\/wp-content\/uploads\/2012\/04\/frauenmantel-regentropfen120604.jpg 641w\" sizes=\"auto, (max-width: 180px) 100vw, 180px\" \/><\/a>\n\t\t\t<\/dt>\n\t\t\t\t<dd class='wp-caption-text gallery-caption' id='gallery-1-4516'>\n\t\t\t\tFrauenmantel und Regentropfen am 4.6.2012\n\t\t\t\t<\/dd><\/dl><dl class='gallery-item'>\n\t\t\t<dt class='gallery-icon landscape'>\n\t\t\t\t<a href='https:\/\/www.freiburg-schwarzwald.de\/blog\/natur\/garten\/frauenmantel-blaetter120603\/'><img loading=\"lazy\" decoding=\"async\" width=\"180\" height=\"147\" src=\"https:\/\/www.freiburg-schwarzwald.de\/blog\/wp-content\/uploads\/2012\/04\/frauenmantel-blaetter120603-180x147.jpg\" class=\"attachment-thumbnail size-thumbnail\" alt=\"\" srcset=\"https:\/\/www.freiburg-schwarzwald.de\/blog\/wp-content\/uploads\/2012\/04\/frauenmantel-blaetter120603-180x147.jpg 180w, https:\/\/www.freiburg-schwarzwald.de\/blog\/wp-content\/uploads\/2012\/04\/frauenmantel-blaetter120603-640x524.jpg 640w, https:\/\/www.freiburg-schwarzwald.de\/blog\/wp-content\/uploads\/2012\/04\/frauenmantel-blaetter120603.jpg 641w\" sizes=\"auto, (max-width: 180px) 100vw, 180px\" \/><\/a>\n\t\t\t<\/dt><\/dl><br style=\"clear: both\" \/><dl class='gallery-item'>\n\t\t\t<dt class='gallery-icon portrait'>\n\t\t\t\t<a href='https:\/\/www.freiburg-schwarzwald.de\/blog\/natur\/garten\/teufel120617\/'><img loading=\"lazy\" decoding=\"async\" width=\"135\" height=\"180\" src=\"https:\/\/www.freiburg-schwarzwald.de\/blog\/wp-content\/uploads\/2012\/04\/teufel120617-135x180.jpg\" class=\"attachment-thumbnail size-thumbnail\" alt=\"\" aria-describedby=\"gallery-1-5483\" srcset=\"https:\/\/www.freiburg-schwarzwald.de\/blog\/wp-content\/uploads\/2012\/04\/teufel120617-135x180.jpg 135w, https:\/\/www.freiburg-schwarzwald.de\/blog\/wp-content\/uploads\/2012\/04\/teufel120617.jpg 480w\" sizes=\"auto, (max-width: 135px) 100vw, 135px\" \/><\/a>\n\t\t\t<\/dt>\n\t\t\t\t<dd class='wp-caption-text gallery-caption' id='gallery-1-5483'>\n\t\t\t\tTeufel aus Keramik im Garten 20.6.2012\n\t\t\t\t<\/dd><\/dl><dl class='gallery-item'>\n\t\t\t<dt class='gallery-icon portrait'>\n\t\t\t\t<a href='https:\/\/www.freiburg-schwarzwald.de\/blog\/natur\/garten\/felberich120622\/'><img loading=\"lazy\" decoding=\"async\" width=\"135\" height=\"180\" src=\"https:\/\/www.freiburg-schwarzwald.de\/blog\/wp-content\/uploads\/2012\/04\/felberich120622-135x180.jpg\" class=\"attachment-thumbnail size-thumbnail\" alt=\"\" aria-describedby=\"gallery-1-5564\" srcset=\"https:\/\/www.freiburg-schwarzwald.de\/blog\/wp-content\/uploads\/2012\/04\/felberich120622-135x180.jpg 135w, https:\/\/www.freiburg-schwarzwald.de\/blog\/wp-content\/uploads\/2012\/04\/felberich120622.jpg 480w\" sizes=\"auto, (max-width: 135px) 100vw, 135px\" \/><\/a>\n\t\t\t<\/dt>\n\t\t\t\t<dd class='wp-caption-text gallery-caption' id='gallery-1-5564'>\n\t\t\t\tFelberich am Kirschbaum in der Abwendsonne 22.6.2012\n\t\t\t\t<\/dd><\/dl><dl class='gallery-item'>\n\t\t\t<dt class='gallery-icon landscape'>\n\t\t\t\t<a href='https:\/\/www.freiburg-schwarzwald.de\/blog\/natur\/garten\/feige120622\/'><img loading=\"lazy\" decoding=\"async\" width=\"180\" height=\"135\" src=\"https:\/\/www.freiburg-schwarzwald.de\/blog\/wp-content\/uploads\/2012\/04\/feige120622-180x135.jpg\" class=\"attachment-thumbnail size-thumbnail\" alt=\"\" aria-describedby=\"gallery-1-5565\" srcset=\"https:\/\/www.freiburg-schwarzwald.de\/blog\/wp-content\/uploads\/2012\/04\/feige120622-180x135.jpg 180w, https:\/\/www.freiburg-schwarzwald.de\/blog\/wp-content\/uploads\/2012\/04\/feige120622.jpg 640w\" sizes=\"auto, (max-width: 180px) 100vw, 180px\" \/><\/a>\n\t\t\t<\/dt>\n\t\t\t\t<dd class='wp-caption-text gallery-caption' id='gallery-1-5565'>\n\t\t\t\tFeige in der Abwendsonne 22.6.2012: Eine Frucht und viele Bl\u00e4tter\n\t\t\t\t<\/dd><\/dl><br style=\"clear: both\" \/><dl class='gallery-item'>\n\t\t\t<dt class='gallery-icon landscape'>\n\t\t\t\t<a href='https:\/\/www.freiburg-schwarzwald.de\/blog\/natur\/garten\/kastanie-blueten120628\/'><img loading=\"lazy\" decoding=\"async\" width=\"180\" height=\"135\" src=\"https:\/\/www.freiburg-schwarzwald.de\/blog\/wp-content\/uploads\/2012\/04\/kastanie-blueten120628-180x135.jpg\" class=\"attachment-thumbnail size-thumbnail\" alt=\"\" aria-describedby=\"gallery-1-6102\" srcset=\"https:\/\/www.freiburg-schwarzwald.de\/blog\/wp-content\/uploads\/2012\/04\/kastanie-blueten120628-180x135.jpg 180w, https:\/\/www.freiburg-schwarzwald.de\/blog\/wp-content\/uploads\/2012\/04\/kastanie-blueten120628.jpg 640w\" sizes=\"auto, (max-width: 180px) 100vw, 180px\" \/><\/a>\n\t\t\t<\/dt>\n\t\t\t\t<dd class='wp-caption-text gallery-caption' id='gallery-1-6102'>\n\t\t\t\tEsskastanie verblueht im Garten am 28.6.2012\n\t\t\t\t<\/dd><\/dl><dl class='gallery-item'>\n\t\t\t<dt class='gallery-icon portrait'>\n\t\t\t\t<a href='https:\/\/www.freiburg-schwarzwald.de\/blog\/natur\/garten\/sturm-windbruch120708\/'><img loading=\"lazy\" decoding=\"async\" width=\"135\" height=\"180\" src=\"https:\/\/www.freiburg-schwarzwald.de\/blog\/wp-content\/uploads\/2012\/04\/sturm-windbruch120708-135x180.jpg\" class=\"attachment-thumbnail size-thumbnail\" alt=\"\" aria-describedby=\"gallery-1-6552\" srcset=\"https:\/\/www.freiburg-schwarzwald.de\/blog\/wp-content\/uploads\/2012\/04\/sturm-windbruch120708-135x180.jpg 135w, https:\/\/www.freiburg-schwarzwald.de\/blog\/wp-content\/uploads\/2012\/04\/sturm-windbruch120708.jpg 480w\" sizes=\"auto, (max-width: 135px) 100vw, 135px\" \/><\/a>\n\t\t\t<\/dt>\n\t\t\t\t<dd class='wp-caption-text gallery-caption' id='gallery-1-6552'>\n\t\t\t\tSturm am 7.7.2012 &#8211; zu stark fuer den Mirabellenbaum\n\t\t\t\t<\/dd><\/dl><dl class='gallery-item'>\n\t\t\t<dt class='gallery-icon portrait'>\n\t\t\t\t<a href='https:\/\/www.freiburg-schwarzwald.de\/blog\/natur\/garten\/hortensie1-120706\/'><img loading=\"lazy\" decoding=\"async\" width=\"135\" height=\"180\" src=\"https:\/\/www.freiburg-schwarzwald.de\/blog\/wp-content\/uploads\/2012\/04\/hortensie1-120706-135x180.jpg\" class=\"attachment-thumbnail size-thumbnail\" alt=\"\" srcset=\"https:\/\/www.freiburg-schwarzwald.de\/blog\/wp-content\/uploads\/2012\/04\/hortensie1-120706-135x180.jpg 135w, https:\/\/www.freiburg-schwarzwald.de\/blog\/wp-content\/uploads\/2012\/04\/hortensie1-120706.jpg 480w\" sizes=\"auto, (max-width: 135px) 100vw, 135px\" \/><\/a>\n\t\t\t<\/dt><\/dl><br style=\"clear: both\" \/><dl class='gallery-item'>\n\t\t\t<dt class='gallery-icon landscape'>\n\t\t\t\t<a href='https:\/\/www.freiburg-schwarzwald.de\/blog\/natur\/garten\/hortensie2-120706\/'><img loading=\"lazy\" decoding=\"async\" width=\"180\" height=\"135\" src=\"https:\/\/www.freiburg-schwarzwald.de\/blog\/wp-content\/uploads\/2012\/04\/hortensie2-120706-180x135.jpg\" class=\"attachment-thumbnail size-thumbnail\" alt=\"\" aria-describedby=\"gallery-1-6572\" srcset=\"https:\/\/www.freiburg-schwarzwald.de\/blog\/wp-content\/uploads\/2012\/04\/hortensie2-120706-180x135.jpg 180w, https:\/\/www.freiburg-schwarzwald.de\/blog\/wp-content\/uploads\/2012\/04\/hortensie2-120706.jpg 640w\" sizes=\"auto, (max-width: 180px) 100vw, 180px\" \/><\/a>\n\t\t\t<\/dt>\n\t\t\t\t<dd class='wp-caption-text gallery-caption' id='gallery-1-6572'>\n\t\t\t\tHoertensie am 8.7.2012 &#8211; blau\n\t\t\t\t<\/dd><\/dl><dl class='gallery-item'>\n\t\t\t<dt class='gallery-icon landscape'>\n\t\t\t\t<a href='https:\/\/www.freiburg-schwarzwald.de\/blog\/natur\/garten\/hortensie3-120706\/'><img loading=\"lazy\" decoding=\"async\" width=\"180\" height=\"135\" src=\"https:\/\/www.freiburg-schwarzwald.de\/blog\/wp-content\/uploads\/2012\/04\/hortensie3-120706-180x135.jpg\" class=\"attachment-thumbnail size-thumbnail\" alt=\"\" aria-describedby=\"gallery-1-6573\" srcset=\"https:\/\/www.freiburg-schwarzwald.de\/blog\/wp-content\/uploads\/2012\/04\/hortensie3-120706-180x135.jpg 180w, https:\/\/www.freiburg-schwarzwald.de\/blog\/wp-content\/uploads\/2012\/04\/hortensie3-120706.jpg 640w\" sizes=\"auto, (max-width: 180px) 100vw, 180px\" \/><\/a>\n\t\t\t<\/dt>\n\t\t\t\t<dd class='wp-caption-text gallery-caption' id='gallery-1-6573'>\n\t\t\t\tHoertensie am 8.7.2012 &#8211; blau filigran\n\t\t\t\t<\/dd><\/dl><dl class='gallery-item'>\n\t\t\t<dt class='gallery-icon landscape'>\n\t\t\t\t<a href='https:\/\/www.freiburg-schwarzwald.de\/blog\/natur\/garten\/hortensie4rot120706\/'><img loading=\"lazy\" decoding=\"async\" width=\"180\" height=\"144\" src=\"https:\/\/www.freiburg-schwarzwald.de\/blog\/wp-content\/uploads\/2012\/04\/hortensie4rot120706-180x144.jpg\" class=\"attachment-thumbnail size-thumbnail\" alt=\"\" aria-describedby=\"gallery-1-6574\" srcset=\"https:\/\/www.freiburg-schwarzwald.de\/blog\/wp-content\/uploads\/2012\/04\/hortensie4rot120706-180x144.jpg 180w, https:\/\/www.freiburg-schwarzwald.de\/blog\/wp-content\/uploads\/2012\/04\/hortensie4rot120706.jpg 636w\" sizes=\"auto, (max-width: 180px) 100vw, 180px\" \/><\/a>\n\t\t\t<\/dt>\n\t\t\t\t<dd class='wp-caption-text gallery-caption' id='gallery-1-6574'>\n\t\t\t\tHoertensie am 8.7.2012 &#8211; rot\n\t\t\t\t<\/dd><\/dl><br style=\"clear: both\" \/><dl class='gallery-item'>\n\t\t\t<dt class='gallery-icon portrait'>\n\t\t\t\t<a href='https:\/\/www.freiburg-schwarzwald.de\/blog\/natur\/garten\/garten-dahlien120713\/'><img loading=\"lazy\" decoding=\"async\" width=\"135\" height=\"180\" src=\"https:\/\/www.freiburg-schwarzwald.de\/blog\/wp-content\/uploads\/2012\/04\/garten-dahlien120713-135x180.jpg\" class=\"attachment-thumbnail size-thumbnail\" alt=\"\" aria-describedby=\"gallery-1-7039\" srcset=\"https:\/\/www.freiburg-schwarzwald.de\/blog\/wp-content\/uploads\/2012\/04\/garten-dahlien120713-135x180.jpg 135w, https:\/\/www.freiburg-schwarzwald.de\/blog\/wp-content\/uploads\/2012\/04\/garten-dahlien120713.jpg 480w\" sizes=\"auto, (max-width: 135px) 100vw, 135px\" \/><\/a>\n\t\t\t<\/dt>\n\t\t\t\t<dd class='wp-caption-text gallery-caption' id='gallery-1-7039'>\n\t\t\t\tDahlien am 13.7.2012\n\t\t\t\t<\/dd><\/dl><dl class='gallery-item'>\n\t\t\t<dt class='gallery-icon portrait'>\n\t\t\t\t<a href='https:\/\/www.freiburg-schwarzwald.de\/blog\/natur\/garten\/dahlien-rosa120808\/'><img loading=\"lazy\" decoding=\"async\" width=\"135\" height=\"180\" src=\"https:\/\/www.freiburg-schwarzwald.de\/blog\/wp-content\/uploads\/2012\/04\/dahlien-rosa120808-135x180.jpg\" class=\"attachment-thumbnail size-thumbnail\" alt=\"\" aria-describedby=\"gallery-1-8989\" srcset=\"https:\/\/www.freiburg-schwarzwald.de\/blog\/wp-content\/uploads\/2012\/04\/dahlien-rosa120808-135x180.jpg 135w, https:\/\/www.freiburg-schwarzwald.de\/blog\/wp-content\/uploads\/2012\/04\/dahlien-rosa120808.jpg 480w\" sizes=\"auto, (max-width: 135px) 100vw, 135px\" \/><\/a>\n\t\t\t<\/dt>\n\t\t\t\t<dd class='wp-caption-text gallery-caption' id='gallery-1-8989'>\n\t\t\t\tDahlien rosa am 8.8.2012\n\t\t\t\t<\/dd><\/dl><dl class='gallery-item'>\n\t\t\t<dt class='gallery-icon portrait'>\n\t\t\t\t<a href='https:\/\/www.freiburg-schwarzwald.de\/blog\/natur\/garten\/blumen-sonnenhut20808\/'><img loading=\"lazy\" decoding=\"async\" width=\"135\" height=\"180\" src=\"https:\/\/www.freiburg-schwarzwald.de\/blog\/wp-content\/uploads\/2012\/04\/blumen-sonnenhut20808-135x180.jpg\" class=\"attachment-thumbnail size-thumbnail\" alt=\"\" aria-describedby=\"gallery-1-8990\" srcset=\"https:\/\/www.freiburg-schwarzwald.de\/blog\/wp-content\/uploads\/2012\/04\/blumen-sonnenhut20808-135x180.jpg 135w, https:\/\/www.freiburg-schwarzwald.de\/blog\/wp-content\/uploads\/2012\/04\/blumen-sonnenhut20808.jpg 480w\" sizes=\"auto, (max-width: 135px) 100vw, 135px\" \/><\/a>\n\t\t\t<\/dt>\n\t\t\t\t<dd class='wp-caption-text gallery-caption' id='gallery-1-8990'>\n\t\t\t\tBlumen Sonnenhut am 8.8.2012\n\t\t\t\t<\/dd><\/dl><br style=\"clear: both\" \/><dl class='gallery-item'>\n\t\t\t<dt class='gallery-icon landscape'>\n\t\t\t\t<a href='https:\/\/www.freiburg-schwarzwald.de\/blog\/natur\/garten\/blumen-mauer-sonnenhut20808\/'><img loading=\"lazy\" decoding=\"async\" width=\"180\" height=\"135\" src=\"https:\/\/www.freiburg-schwarzwald.de\/blog\/wp-content\/uploads\/2012\/04\/blumen-mauer-sonnenhut20808-180x135.jpg\" class=\"attachment-thumbnail size-thumbnail\" alt=\"\" aria-describedby=\"gallery-1-8991\" srcset=\"https:\/\/www.freiburg-schwarzwald.de\/blog\/wp-content\/uploads\/2012\/04\/blumen-mauer-sonnenhut20808-180x135.jpg 180w, https:\/\/www.freiburg-schwarzwald.de\/blog\/wp-content\/uploads\/2012\/04\/blumen-mauer-sonnenhut20808.jpg 640w\" sizes=\"auto, (max-width: 180px) 100vw, 180px\" \/><\/a>\n\t\t\t<\/dt>\n\t\t\t\t<dd class='wp-caption-text gallery-caption' id='gallery-1-8991'>\n\t\t\t\tBlumen Sonnenbraut und Maske am 8.8.2012\n\t\t\t\t<\/dd><\/dl><dl class='gallery-item'>\n\t\t\t<dt class='gallery-icon landscape'>\n\t\t\t\t<a href='https:\/\/www.freiburg-schwarzwald.de\/blog\/natur\/garten\/blumen-mauer20808\/'><img loading=\"lazy\" decoding=\"async\" width=\"180\" height=\"137\" src=\"https:\/\/www.freiburg-schwarzwald.de\/blog\/wp-content\/uploads\/2012\/04\/blumen-mauer20808-180x137.jpg\" class=\"attachment-thumbnail size-thumbnail\" alt=\"\" aria-describedby=\"gallery-1-8992\" srcset=\"https:\/\/www.freiburg-schwarzwald.de\/blog\/wp-content\/uploads\/2012\/04\/blumen-mauer20808-180x137.jpg 180w, https:\/\/www.freiburg-schwarzwald.de\/blog\/wp-content\/uploads\/2012\/04\/blumen-mauer20808.jpg 639w\" sizes=\"auto, (max-width: 180px) 100vw, 180px\" \/><\/a>\n\t\t\t<\/dt>\n\t\t\t\t<dd class='wp-caption-text gallery-caption' id='gallery-1-8992'>\n\t\t\t\tBlumen an der Gartenmauer am 8.8.2012\n\t\t\t\t<\/dd><\/dl><dl class='gallery-item'>\n\t\t\t<dt class='gallery-icon portrait'>\n\t\t\t\t<a href='https:\/\/www.freiburg-schwarzwald.de\/blog\/natur\/garten\/blumen-maske-sonnenbraut120808\/'><img loading=\"lazy\" decoding=\"async\" width=\"135\" height=\"180\" src=\"https:\/\/www.freiburg-schwarzwald.de\/blog\/wp-content\/uploads\/2012\/04\/blumen-maske-sonnenbraut120808-135x180.jpg\" class=\"attachment-thumbnail size-thumbnail\" alt=\"\" aria-describedby=\"gallery-1-8993\" srcset=\"https:\/\/www.freiburg-schwarzwald.de\/blog\/wp-content\/uploads\/2012\/04\/blumen-maske-sonnenbraut120808-135x180.jpg 135w, https:\/\/www.freiburg-schwarzwald.de\/blog\/wp-content\/uploads\/2012\/04\/blumen-maske-sonnenbraut120808.jpg 480w\" sizes=\"auto, (max-width: 135px) 100vw, 135px\" \/><\/a>\n\t\t\t<\/dt>\n\t\t\t\t<dd class='wp-caption-text gallery-caption' id='gallery-1-8993'>\n\t\t\t\tBlumen Sonnenhut (gelb) und Sonnenbraut (braun) und Maske am 8.8.2012\n\t\t\t\t<\/dd><\/dl><br style=\"clear: both\" \/><dl class='gallery-item'>\n\t\t\t<dt class='gallery-icon landscape'>\n\t\t\t\t<a href='https:\/\/www.freiburg-schwarzwald.de\/blog\/natur\/garten\/blumen-maske120808\/'><img loading=\"lazy\" decoding=\"async\" width=\"180\" height=\"135\" src=\"https:\/\/www.freiburg-schwarzwald.de\/blog\/wp-content\/uploads\/2012\/04\/blumen-maske120808-180x135.jpg\" class=\"attachment-thumbnail size-thumbnail\" alt=\"\" aria-describedby=\"gallery-1-8994\" srcset=\"https:\/\/www.freiburg-schwarzwald.de\/blog\/wp-content\/uploads\/2012\/04\/blumen-maske120808-180x135.jpg 180w, https:\/\/www.freiburg-schwarzwald.de\/blog\/wp-content\/uploads\/2012\/04\/blumen-maske120808.jpg 640w\" sizes=\"auto, (max-width: 180px) 100vw, 180px\" \/><\/a>\n\t\t\t<\/dt>\n\t\t\t\t<dd class='wp-caption-text gallery-caption' id='gallery-1-8994'>\n\t\t\t\tBlumen Sonnenhut (gelb) und Sonnenbraut (braun) und Maske am 8.8.2012\n\t\t\t\t<\/dd><\/dl><dl class='gallery-item'>\n\t\t\t<dt class='gallery-icon landscape'>\n\t\t\t\t<a href='https:\/\/www.freiburg-schwarzwald.de\/blog\/natur\/garten\/trauben-dach120928\/'><img loading=\"lazy\" decoding=\"async\" width=\"180\" height=\"135\" src=\"https:\/\/www.freiburg-schwarzwald.de\/blog\/wp-content\/uploads\/2012\/04\/trauben-dach120928-180x135.jpg\" class=\"attachment-thumbnail size-thumbnail\" alt=\"\" aria-describedby=\"gallery-1-12058\" srcset=\"https:\/\/www.freiburg-schwarzwald.de\/blog\/wp-content\/uploads\/2012\/04\/trauben-dach120928-180x135.jpg 180w, https:\/\/www.freiburg-schwarzwald.de\/blog\/wp-content\/uploads\/2012\/04\/trauben-dach120928.jpg 640w\" sizes=\"auto, (max-width: 180px) 100vw, 180px\" \/><\/a>\n\t\t\t<\/dt>\n\t\t\t\t<dd class='wp-caption-text gallery-caption' id='gallery-1-12058'>\n\t\t\t\tTrauben auf dem Dach am 28.9.2012\n\t\t\t\t<\/dd><\/dl><dl class='gallery-item'>\n\t\t\t<dt class='gallery-icon landscape'>\n\t\t\t\t<a href='https:\/\/www.freiburg-schwarzwald.de\/blog\/natur\/garten\/topinambur120928\/'><img loading=\"lazy\" decoding=\"async\" width=\"180\" height=\"135\" src=\"https:\/\/www.freiburg-schwarzwald.de\/blog\/wp-content\/uploads\/2012\/04\/topinambur120928-180x135.jpg\" class=\"attachment-thumbnail size-thumbnail\" alt=\"\" aria-describedby=\"gallery-1-12059\" srcset=\"https:\/\/www.freiburg-schwarzwald.de\/blog\/wp-content\/uploads\/2012\/04\/topinambur120928-180x135.jpg 180w, https:\/\/www.freiburg-schwarzwald.de\/blog\/wp-content\/uploads\/2012\/04\/topinambur120928.jpg 640w\" sizes=\"auto, (max-width: 180px) 100vw, 180px\" \/><\/a>\n\t\t\t<\/dt>\n\t\t\t\t<dd class='wp-caption-text gallery-caption' id='gallery-1-12059'>\n\t\t\t\tTopinambur am 28.9.2012 &#8211; gelbe Bl\u00fcten &#8211; 4 m hoch\n\t\t\t\t<\/dd><\/dl><br style=\"clear: both\" \/><dl class='gallery-item'>\n\t\t\t<dt class='gallery-icon landscape'>\n\t\t\t\t<a href='https:\/\/www.freiburg-schwarzwald.de\/blog\/natur\/garten\/apfelernte-anhaenger121011\/'><img loading=\"lazy\" decoding=\"async\" width=\"180\" height=\"135\" src=\"https:\/\/www.freiburg-schwarzwald.de\/blog\/wp-content\/uploads\/2012\/04\/apfelernte-anhaenger121011-180x135.jpg\" class=\"attachment-thumbnail size-thumbnail\" alt=\"\" aria-describedby=\"gallery-1-12820\" srcset=\"https:\/\/www.freiburg-schwarzwald.de\/blog\/wp-content\/uploads\/2012\/04\/apfelernte-anhaenger121011-180x135.jpg 180w, https:\/\/www.freiburg-schwarzwald.de\/blog\/wp-content\/uploads\/2012\/04\/apfelernte-anhaenger121011.jpg 640w\" sizes=\"auto, (max-width: 180px) 100vw, 180px\" \/><\/a>\n\t\t\t<\/dt>\n\t\t\t\t<dd class='wp-caption-text gallery-caption' id='gallery-1-12820'>\n\t\t\t\tApfelernte am 11.10.2012\n\t\t\t\t<\/dd><\/dl><dl class='gallery-item'>\n\t\t\t<dt class='gallery-icon landscape'>\n\t\t\t\t<a href='https:\/\/www.freiburg-schwarzwald.de\/blog\/natur\/garten\/trauben2mauer121019\/'><img loading=\"lazy\" decoding=\"async\" width=\"180\" height=\"135\" src=\"https:\/\/www.freiburg-schwarzwald.de\/blog\/wp-content\/uploads\/2012\/04\/trauben2mauer121019-180x135.jpg\" class=\"attachment-thumbnail size-thumbnail\" alt=\"\" aria-describedby=\"gallery-1-13426\" srcset=\"https:\/\/www.freiburg-schwarzwald.de\/blog\/wp-content\/uploads\/2012\/04\/trauben2mauer121019-180x135.jpg 180w, https:\/\/www.freiburg-schwarzwald.de\/blog\/wp-content\/uploads\/2012\/04\/trauben2mauer121019.jpg 640w\" sizes=\"auto, (max-width: 180px) 100vw, 180px\" \/><\/a>\n\t\t\t<\/dt>\n\t\t\t\t<dd class='wp-caption-text gallery-caption' id='gallery-1-13426'>\n\t\t\t\tGartenmauer am 19.10.2012 &#8211; Trauben und Feigen\n\t\t\t\t<\/dd><\/dl><dl class='gallery-item'>\n\t\t\t<dt class='gallery-icon landscape'>\n\t\t\t\t<a href='https:\/\/www.freiburg-schwarzwald.de\/blog\/natur\/garten\/dachgarten-cosmea-pan150915\/'><img loading=\"lazy\" decoding=\"async\" width=\"180\" height=\"77\" src=\"https:\/\/www.freiburg-schwarzwald.de\/blog\/wp-content\/uploads\/2012\/04\/dachgarten-cosmea-pan150915-180x77.jpg\" class=\"attachment-thumbnail size-thumbnail\" alt=\"\" aria-describedby=\"gallery-1-56496\" srcset=\"https:\/\/www.freiburg-schwarzwald.de\/blog\/wp-content\/uploads\/2012\/04\/dachgarten-cosmea-pan150915-180x77.jpg 180w, https:\/\/www.freiburg-schwarzwald.de\/blog\/wp-content\/uploads\/2012\/04\/dachgarten-cosmea-pan150915.jpg 639w\" sizes=\"auto, (max-width: 180px) 100vw, 180px\" \/><\/a>\n\t\t\t<\/dt>\n\t\t\t\t<dd class='wp-caption-text gallery-caption' id='gallery-1-56496'>\n\t\t\t\tCosmea auf dem Dachgarten am 15.9.2015\n\t\t\t\t<\/dd><\/dl><br style=\"clear: both\" \/><dl class='gallery-item'>\n\t\t\t<dt class='gallery-icon landscape'>\n\t\t\t\t<a href='https:\/\/www.freiburg-schwarzwald.de\/blog\/natur\/garten\/hibiskus-summerfarewell-pan240831\/'><img loading=\"lazy\" decoding=\"async\" width=\"180\" height=\"112\" src=\"https:\/\/www.freiburg-schwarzwald.de\/blog\/wp-content\/uploads\/2024\/09\/hibiskus-summerfarewell-pan240831-180x112.jpg\" class=\"attachment-thumbnail size-thumbnail\" alt=\"\" aria-describedby=\"gallery-1-126619\" srcset=\"https:\/\/www.freiburg-schwarzwald.de\/blog\/wp-content\/uploads\/2024\/09\/hibiskus-summerfarewell-pan240831-180x112.jpg 180w, https:\/\/www.freiburg-schwarzwald.de\/blog\/wp-content\/uploads\/2024\/09\/hibiskus-summerfarewell-pan240831.jpg 640w\" sizes=\"auto, (max-width: 180px) 100vw, 180px\" \/><\/a>\n\t\t\t<\/dt>\n\t\t\t\t<dd class='wp-caption-text gallery-caption' id='gallery-1-126619'>\n\t\t\t\tHibiskus rot und Sommer-Farewell gelb am 31.8.2024\n\t\t\t\t<\/dd><\/dl><dl class='gallery-item'>\n\t\t\t<dt class='gallery-icon portrait'>\n\t\t\t\t<a href='https:\/\/www.freiburg-schwarzwald.de\/blog\/natur\/garten\/mistel-innen-feige-draussen251024\/'><img loading=\"lazy\" decoding=\"async\" width=\"135\" height=\"180\" src=\"https:\/\/www.freiburg-schwarzwald.de\/blog\/wp-content\/uploads\/2025\/11\/mistel-innen-Feige-draussen251024-135x180.jpg\" class=\"attachment-thumbnail size-thumbnail\" alt=\"\" srcset=\"https:\/\/www.freiburg-schwarzwald.de\/blog\/wp-content\/uploads\/2025\/11\/mistel-innen-Feige-draussen251024-135x180.jpg 135w, https:\/\/www.freiburg-schwarzwald.de\/blog\/wp-content\/uploads\/2025\/11\/mistel-innen-Feige-draussen251024-481x640.jpg 481w, https:\/\/www.freiburg-schwarzwald.de\/blog\/wp-content\/uploads\/2025\/11\/mistel-innen-Feige-draussen251024.jpg 600w\" sizes=\"auto, (max-width: 135px) 100vw, 135px\" \/><\/a>\n\t\t\t<\/dt><\/dl><dl class='gallery-item'>\n\t\t\t<dt class='gallery-icon landscape'>\n\t\t\t\t<a href='https:\/\/www.freiburg-schwarzwald.de\/blog\/natur\/garten\/kybfelsen251021\/'><img loading=\"lazy\" decoding=\"async\" width=\"180\" height=\"135\" src=\"https:\/\/www.freiburg-schwarzwald.de\/blog\/wp-content\/uploads\/2025\/11\/kybfelsen251021-180x135.jpg\" class=\"attachment-thumbnail size-thumbnail\" alt=\"\" srcset=\"https:\/\/www.freiburg-schwarzwald.de\/blog\/wp-content\/uploads\/2025\/11\/kybfelsen251021-180x135.jpg 180w, https:\/\/www.freiburg-schwarzwald.de\/blog\/wp-content\/uploads\/2025\/11\/kybfelsen251021-640x480.jpg 640w, https:\/\/www.freiburg-schwarzwald.de\/blog\/wp-content\/uploads\/2025\/11\/kybfelsen251021-768x576.jpg 768w, https:\/\/www.freiburg-schwarzwald.de\/blog\/wp-content\/uploads\/2025\/11\/kybfelsen251021.jpg 800w\" sizes=\"auto, (max-width: 180px) 100vw, 180px\" \/><\/a>\n\t\t\t<\/dt><\/dl><br style=\"clear: both\" \/>\n\t\t<\/div>\n\n<h5><a href=\"https:\/\/www.freiburg-schwarzwald.de\/blog\/wp-content\/uploads\/2025\/11\/mistel-innen-Feige-draussen251024.jpg\"><img loading=\"lazy\" decoding=\"async\" class=\"alignnone size-thumbnail wp-image-141191\" src=\"https:\/\/www.freiburg-schwarzwald.de\/blog\/wp-content\/uploads\/2025\/11\/mistel-innen-Feige-draussen251024-135x180.jpg\" alt=\"\" width=\"135\" height=\"180\" srcset=\"https:\/\/www.freiburg-schwarzwald.de\/blog\/wp-content\/uploads\/2025\/11\/mistel-innen-Feige-draussen251024-135x180.jpg 135w, https:\/\/www.freiburg-schwarzwald.de\/blog\/wp-content\/uploads\/2025\/11\/mistel-innen-Feige-draussen251024-481x640.jpg 481w, https:\/\/www.freiburg-schwarzwald.de\/blog\/wp-content\/uploads\/2025\/11\/mistel-innen-Feige-draussen251024.jpg 600w\" sizes=\"auto, (max-width: 135px) 100vw, 135px\" \/><\/a>\u00a0 \u00a0Mistel (innen) und Feige (draussen) am 24.10.2025<\/h5>\n<h5><a href=\"https:\/\/www.freiburg-schwarzwald.de\/blog\/wp-content\/uploads\/2025\/11\/kybfelsen251021.jpg\"><img loading=\"lazy\" decoding=\"async\" class=\"alignnone size-thumbnail wp-image-141193\" src=\"https:\/\/www.freiburg-schwarzwald.de\/blog\/wp-content\/uploads\/2025\/11\/kybfelsen251021-180x135.jpg\" alt=\"\" width=\"180\" height=\"135\" srcset=\"https:\/\/www.freiburg-schwarzwald.de\/blog\/wp-content\/uploads\/2025\/11\/kybfelsen251021-180x135.jpg 180w, https:\/\/www.freiburg-schwarzwald.de\/blog\/wp-content\/uploads\/2025\/11\/kybfelsen251021-640x480.jpg 640w, https:\/\/www.freiburg-schwarzwald.de\/blog\/wp-content\/uploads\/2025\/11\/kybfelsen251021-768x576.jpg 768w, https:\/\/www.freiburg-schwarzwald.de\/blog\/wp-content\/uploads\/2025\/11\/kybfelsen251021.jpg 800w\" sizes=\"auto, (max-width: 180px) 100vw, 180px\" \/><\/a>\u00a0 \u00a0Blick aus dem Fenster in den Garten zum Kybfelsen am 24.10.2025<\/h5>\n<p>&nbsp;<\/p>\n<p>&nbsp;<\/p>\n<p><strong>Wenn Wasser knapp ist, ist Sparen angesagt<\/strong><br \/>\nEs ist ein hei\u00dfer, trockener Sommer, und wir alle vermissen ihn: den Regen. Deshalb sollte man sparsam mit Wasser umgehen. Wobei \u2013 es gibt doch so viele Meere auf der Welt. Wie passt das zusammen?<br \/>\n&#8230; Alles vom 3.7.2026 bitte von Claudia F\u00fc\u00dfler lesen auf<br \/>\n<a href=\"https:\/\/www.badische-zeitung.de\/wenn-wasser-knapp-ist-ist-sparen-angesagt\">https:\/\/www.badische-zeitung.de\/wenn-wasser-knapp-ist-ist-sparen-angesagt<\/a><\/p>\n<p><strong>Wasserknappheit: Gie\u00dfen \u2013 zur Freude von Tier und Mensch<\/strong><br \/>\nWassersparen ist grunds\u00e4tzlich richtig. Wir haben einen gr\u00f6\u00dferen (Vor-)Garten und gie\u00dfen t\u00e4glich, m\u00f6glichst abends und in den fr\u00fchen Morgenstunden. An unseren Blumen, Stauden und Str\u00e4uchern erfreuen sich viele Insekten, V\u00f6gel und sonstiges Getier.<br \/>\nAm meisten freuen sich Passanten, die extra einen Umweg machen, ihrer Freude Ausdruck verleihen. Das steht im Verh\u00e4ltnis zum Wasserverbrauch, den wir ja bezahlen. Wie tr\u00fcbe s\u00e4he es aus, wenn wir das Gie\u00dfen einstellen und &#8222;gr\u00fcnen Beton&#8220; mit Asphaltsteinen &#8222;anpflanzen&#8220;?<br \/>\n14.8.2026 Albert Mergelsberg, Freiburg, Ekkebertstrasse<br \/>\n.<br \/>\nEinige Kommentare:<br \/>\nLieber Herr Mergelsberg! Es ehrt Sie, dass Sie ein kleines Paradies f\u00fcr Mensch und Tier schaffen. Aber der Wasserverbrauch, auch wenn Sie daf\u00fcr bezahlen, steht in keinem Verh\u00e4ltnis zur &#8222;allgemeinen Freude&#8220;. Wir bangen aktuell um unser Trinkwasser aus unserer Eigenversorgung. Die Quelle k\u00f6nnte t\u00e4glich versiegen. Da bleibt wenig Sinn f\u00fcr 2x t\u00e4gliches Gie\u00dfen von Blumen. Bitte bedenken Sie, auch das Wasser aus Ihrer kommunalen Versorgung ist endlich! Martina Kleiser-Lickert<br \/>\n.<br \/>\nFrau Kleiser-Lickert, und an die Tiere, Insekten, V\u00f6gel denken Sie also nicht, wenn man seinen Garten gie\u00dft. Die haben auch ein Recht auf Leben, nicht blo\u00df der Mensch. Ich finde Ihren Kommentar kontraproduktiv. Solange man seine Vorg\u00e4rten noch gie\u00dfen darf, sollte man das auch tun. Wichtig in Klimakrise-Zeit: Wasser speichern: Regentonne, Zisterne. Deshalb ist Schwammstadt die Zukunft. Anja Selmling<br \/>\n.<br \/>\nFrau Semling, das Wasser wird derzeit immer knapper, die Pegel der Fl\u00fcsse sinken immer mehr und wir sind alle aufgerufen, an Wasser zu sparen. Da kann man doch nicht einen &#8222;gr\u00f6\u00dferen (Vor-)Garten zweimal t\u00e4glich giessen und schon gar nicht wegen der &#8222;Passanten, die extra einen Umweg machen&#8220;. Meine B\u00e4ume k\u00f6nnen nicht mehr und lassen das Obst massenweise auf den Boden fallen, aber ich k\u00f6nnte die B\u00e4ume nicht alle giessen, es w\u00e4re ein Tropfen auf den heissen Stein.<br \/>\nK\u00fcrzlich war in der BZ zu lesen, da\u00df Kirchzarten seine Brunnen abgestellt hat, auch den Brunnen auf dem Friedhof.<br \/>\nViel wichtiger und lebensnotwendiger sind f\u00fcr uns schattenspendende B\u00e4ume, von denen jetzt viele der Hitze wegen nicht mehr durchhalten als Blumen auf den Gr\u00e4bern oder in den Vorg\u00e4rten.<br \/>\nPS. Die Regentonnen und Zisternen sind fast \u00fcberall schon lange leer. Maria Treskow<br \/>\n.<\/p>\n<p>&nbsp;<\/p>\n<p>&nbsp;<\/p>\n<p><strong>Studie: Privatgarten ist Gefahr f\u00fcr Klima<\/strong><br \/>\nSeit dem <a href=\"https:\/\/www.freiburg-schwarzwald.de\/blog\/global\/ukraine\/ukrainekrieg\/\">Ukraine-Krieg<\/a> haben US-Agrar-Konzerne 30 % des Landes gekauft. Das entspricht der Gr\u00f6\u00dfe Italiens. Parallel werden Bauern in der EU in den Ruin getrieben. Wer \u00fcbernimmt wohl ihr Land? Und jetzt sind private G\u00e4rten eine Gefahr f\u00fcr das Klima. Selbstversorgung soll unterbunden und Abh\u00e4ngigkeit im Nahrungsmittelsektor geschaffen werden.<br \/>\n,,,<br \/>\nSollte die Studie als politische Handlungsanweisung benutzt werden, w\u00e4re das Papier tats\u00e4chlich die Grundlage f\u00fcr einen Gro\u00dfangriff auf Kleing\u00e4rten. So sei das Obst 8,6-mal (!) klimafreundlicher, \u201ewenn es konventionell angebaut wird, als wenn es in der Stadt angebaut wird, w\u00e4hrend Gem\u00fcse 5,8-mal umweltfreundlicher ist, wenn es von Profis angebaut wird\u201c, fasst der Telegraph die Studie zusammen.<br \/>\n&#8230; Alles vom 23.1.2024 bitte lesen auf<br \/>\n<a href=\"https:\/\/tkp.at\/2024\/01\/24\/studie-heimgarten-ist-gefahr-fuer-klima\/\">https:\/\/tkp.at\/2024\/01\/24\/studie-heimgarten-ist-gefahr-fuer-klima\/<\/a><\/p>\n<p>&nbsp;<\/p>\n<p><strong>Garten: Kies, Schotter, Mulch, Versiegelung<\/strong><br \/>\nDie Stadtverwaltung und der Gemeinderat zerbrechen sich \u00fcber allerlei den Kopf, wenn es um privates Stadtgr\u00fcn geht: subventionierte Fassadenbegr\u00fcnung, begr\u00fcnte und nutzbar gemachte Dachfl\u00e4chen und \u00e4hnlich teure und pflegeintensive Varianten. Aber nat\u00fcrliches Pflanzenwachstum entwickelt sich von Natur aus meist horizontal und vorzugsweise aus der gewachsenen Erde. Zum Beispiel in G\u00e4rten und Vorg\u00e4rten. Die werden heutzutage aber immer \u00f6fter zugesch\u00fcttet mit Schotter, Marmorkies und eingef\u00e4rbtem Rindenmulch \u2013 dazwischen eine verkr\u00fcppelte Kiefer oder Olive und das war\u2019s. In der fruchtbaren Toskana Deutschlands herrscht deshalb in manchem Vorgarten ein Kleinklima wie in der W\u00fcste Gobi.<br \/>\nDas scheint in der Stadtverwaltung und im Gemeinderat niemanden zu st\u00f6ren. Lohnt es nur, sich Gedanken \u00fcber Dinge zu machen, die kompliziert und kostspielig sind, statt \u00fcber die, die simpel, nat\u00fcrlich und ohne viel Aufwand zu erreichen w\u00e4ren? K\u00f6nnte nicht auch der Erhalt von gr\u00fcnen Vorg\u00e4rten im Bestand subventioniert werden oder k\u00f6nnte im Umkehrschluss die Schotter- und Marmor-Fraktion wenigstens verpflichtet werden, ihre Haltung per Schild im Vorgarten kundzutun. Zum Beispiel: &#8222;Insektensterben, ja bitte&#8220; oder &#8222;Klimawandel, was gehts mich an, der ist doch woanders, am Nordpol oder so&#8220;. Zumindest sollte dem Stadtklima zuliebe die sprichw\u00f6rtliche &#8222;Verw\u00fcstung&#8220; der Vorg\u00e4rten in zuk\u00fcnftigen Bebauungspl\u00e4nen explizit verboten werden, wie es andernorts bereits geschieht.<br \/>\n12.2.2019, Helga Bauknecht, Merzhausen<\/p>\n","protected":false},"excerpt":{"rendered":"<p>Home &gt;Natur &gt;Garten Listenauswahl eines Beitrags: Bitte\u00a0anklicken\u00a0oder runterscrollen Wasserknappheit: Gie\u00dfen \u2013 zur Freude von Tier und Mensch (15.8.2026) Permakulturgarten am Waldhaus \u2013 Im Gr\u00fcnen die Zukunft gestalten\u00a0(2.7.2026) Amselmann singt, Amsel br\u00fctet\u00a0(16.5.2025) Amseln singen lauter denn je\u00a0(24.4.2024) Studie: Privatgarten ist Gefahr &hellip; <a href=\"https:\/\/www.freiburg-schwarzwald.de\/blog\/natur\/garten\/\">Weiterlesen <span class=\"meta-nav\">&rarr;<\/span><\/a><\/p>\n","protected":false},"author":2,"featured_media":0,"parent":23,"menu_order":0,"comment_status":"open","ping_status":"closed","template":"","meta":{"footnotes":""},"class_list":["post-1660","page","type-page","status-publish","hentry"],"_links":{"self":[{"href":"https:\/\/www.freiburg-schwarzwald.de\/blog\/wp-json\/wp\/v2\/pages\/1660","targetHints":{"allow":["GET"]}}],"collection":[{"href":"https:\/\/www.freiburg-schwarzwald.de\/blog\/wp-json\/wp\/v2\/pages"}],"about":[{"href":"https:\/\/www.freiburg-schwarzwald.de\/blog\/wp-json\/wp\/v2\/types\/page"}],"author":[{"embeddable":true,"href":"https:\/\/www.freiburg-schwarzwald.de\/blog\/wp-json\/wp\/v2\/users\/2"}],"replies":[{"embeddable":true,"href":"https:\/\/www.freiburg-schwarzwald.de\/blog\/wp-json\/wp\/v2\/comments?post=1660"}],"version-history":[{"count":5,"href":"https:\/\/www.freiburg-schwarzwald.de\/blog\/wp-json\/wp\/v2\/pages\/1660\/revisions"}],"predecessor-version":[{"id":152671,"href":"https:\/\/www.freiburg-schwarzwald.de\/blog\/wp-json\/wp\/v2\/pages\/1660\/revisions\/152671"}],"up":[{"embeddable":true,"href":"https:\/\/www.freiburg-schwarzwald.de\/blog\/wp-json\/wp\/v2\/pages\/23"}],"wp:attachment":[{"href":"https:\/\/www.freiburg-schwarzwald.de\/blog\/wp-json\/wp\/v2\/media?parent=1660"}],"curies":[{"name":"wp","href":"https:\/\/api.w.org\/{rel}","templated":true}]}}