{"id":16527,"date":"2012-11-30T11:35:57","date_gmt":"2012-11-30T10:35:57","guid":{"rendered":"https:\/\/www.freiburg-schwarzwald.de\/blog\/?page_id=16527"},"modified":"2026-04-08T09:18:16","modified_gmt":"2026-04-08T07:18:16","slug":"lied","status":"publish","type":"page","link":"https:\/\/www.freiburg-schwarzwald.de\/blog\/kultur\/dichter\/liedermacher\/lied\/","title":{"rendered":"Lied"},"content":{"rendered":"<p>Home &gt;<a title=\"Kultur\" href=\"https:\/\/www.freiburg-schwarzwald.de\/blog\/kultur\/\">Kultur<\/a> &gt;<a title=\"Musik\" href=\"https:\/\/www.freiburg-schwarzwald.de\/blog\/kultur\/musik\/\">Musik<\/a> &gt;<a title=\"Liedermacher\" href=\"https:\/\/www.freiburg-schwarzwald.de\/blog\/kultur\/dichter\/liedermacher\/\">Liedermacher<\/a> &gt;Lied<\/p>\n<div id=\"attachment_15652\" style=\"width: 649px\" class=\"wp-caption alignnone\"><a href=\"https:\/\/www.freiburg-schwarzwald.de\/blog\/bildung\/schulen\/uwc-freiburg\/kartaus-baustelle\/immi1kirchzarten-pan121115\/\" rel=\"attachment wp-att-15652\"><img loading=\"lazy\" decoding=\"async\" aria-describedby=\"caption-attachment-15652\" class=\"size-full wp-image-15652\" title=\"immi1kirchzarten-pan121115\" src=\"https:\/\/www.freiburg-schwarzwald.de\/blog\/wp-content\/uploads\/2012\/11\/immi1kirchzarten-pan121115.jpg\" alt=\"\" width=\"639\" height=\"250\" srcset=\"https:\/\/www.freiburg-schwarzwald.de\/blog\/wp-content\/uploads\/2012\/11\/immi1kirchzarten-pan121115.jpg 639w, https:\/\/www.freiburg-schwarzwald.de\/blog\/wp-content\/uploads\/2012\/11\/immi1kirchzarten-pan121115-180x70.jpg 180w\" sizes=\"auto, (max-width: 639px) 100vw, 639px\" \/><\/a><p id=\"caption-attachment-15652\" class=\"wp-caption-text\">Blick von der Immi nach Norden \u00fcber Dreisamtal und Kirchzarten zum Kandel am 16.11.2012<\/p><\/div>\n<p>&nbsp;<\/p>\n<ul>\n<li><em>Listenauswahl eines Beitrags (Artikel\/Datum, Seite\/Inhalt):\u00a0<span style=\"text-decoration: underline;\">Klicken<\/span>\u00a0oder scrollen<\/em><\/li>\n<li><a href=\"https:\/\/www.freiburg-schwarzwald.de\/blog\/religion\/kirchen\/ostern\/\">Nina Hagens Osterbekenntnis<\/a> (4.4.2026)<\/li>\n<li><a href=\"https:\/\/www.freiburg-schwarzwald.de\/blog\/sommerzeit-29-3-schnee-amsel\/\">Sommerzeit 29.3. Schnee Amsel<\/a>\u00a0(29.3.2026)<\/li>\n<li><a href=\"https:\/\/www.freiburg-schwarzwald.de\/blog\/engagement\/zukunft\/demokratie\/68er\/\">\u201eab nun\u201c \u2013 das Statement von Hannes Wader 1972 im Lied \u201eLangeweile\u201c<\/a> (26.1.2026)<\/li>\n<li><a href=\"https:\/\/www.freiburg-schwarzwald.de\/blog\/meine-soehne-geb-ich-nicht-swr\/\">Meine S\u00f6hne geb ich nicht: SWR<\/a>\u00a0(21.10.2025)<\/li>\n<li>Krieg: Es geht schon wieder los &#8211; Ein Lied f\u00fcr den Frieden (18.9.2025)<\/li>\n<li>Das harmlose Lied &#8211; fast schon eine Provokation (22.6.2025)<\/li>\n<li><a href=\"https:\/\/www.freiburg-schwarzwald.de\/blog\/engagement\/buergerinitiativen\/demo\/anti-krieg\/\">Wurzeln von Morgaine&amp;Pata59: Antikriegssong<\/a> (16.5.2025)<\/li>\n<li><a href=\"https:\/\/www.freiburg-schwarzwald.de\/blog\/christlicher-deutschrap-obros\/\">Christlicher Deutschrap: O\u2019Bros<\/a>\u00a0(15.4.2025)<\/li>\n<li><a href=\"https:\/\/www.freiburg-schwarzwald.de\/blog\/arbeiter-song-in-usa-nicht-in-d\/\">Arbeiter-Song in USA, nicht in D<\/a> \u201eRich Men North of Richmond\u201d (21.8.2924)<\/li>\n<li>Yann Song King &#8211; Absage (11.8.2024)<\/li>\n<li><a href=\"https:\/\/www.freiburg-schwarzwald.de\/blog\/engagement\/rassismus\/antiweisser-rassismus\/\">Taylor Swift \u2013 Sehnsucht nach einem wei\u00dfen Mainstream-Superstar<\/a> (3.5.2024)<\/li>\n<li><a href=\"https:\/\/www.freiburg-schwarzwald.de\/blog\/lamour-toujours-sylt-zeitgeist\/\">L\u2019Amour toujours\u201c \u2013 Zeitgeist-Song<\/a>\u00a0(22.6.2024)<\/li>\n<li><a href=\"https:\/\/www.freiburg-schwarzwald.de\/blog\/sylt-party-dominiert-die-medien\/\">D\u00f6p d\u00f6p d\u00f6p d\u00f6d\u00f6d\u00f6p d\u00f6p d\u00f6p! &#8211; M\u00e4rchen &#8222;Ali Baba&#8220;<\/a> (2.6.2024)<\/li>\n<li>\u00dcber verbotene Lieder &#8211; Sylt, l&#8217;amour toujours (29.5.2024)<\/li>\n<li><a href=\"https:\/\/www.freiburg-schwarzwald.de\/blog\/natur\/landwirt\/bauern-protest\/\">Das Lied zum Bauernprotest: \u201eDas lassen wir nicht mehr zu!\u201c<\/a> (3.2.2024)<\/li>\n<li>hr kriegt uns niemals auf die Knie! (4.9.2023)<\/li>\n<li><a href=\"https:\/\/www.freiburg-schwarzwald.de\/blog\/ebneter-kultursommer-5-8-2023\/\">Ebneter Kultursommer 5.8.2023: Meier &amp; Nagel und mehr<\/a>\u00a0(1.8.2023)<\/li>\n<li>Perin Dinekli: Wir sind Menschen, die sich lieben&#8230; (25.4.2023)<\/li>\n<li><a href=\"https:\/\/www.freiburg-schwarzwald.de\/blog\/impfkritiker-arvay-suizid\/\">Impfkritiker Arvay \u2013 Suizid<\/a> \u201eRiver flows in you\u201c (24.2.2023)<\/li>\n<li><a href=\"https:\/\/www.freiburg-schwarzwald.de\/blog\/jede-zeit-hat-ihr-lied\/\">Jede Zeit hat ihr Lied<\/a> (16.2.2023)<\/li>\n<li><a href=\"https:\/\/www.freiburg-schwarzwald.de\/blog\/nein-meine-soehne-geb-ich-nicht\/\">Reinhard Mey: Nein, meine S\u00f6hne geb ich nicht<\/a> (5.2.23)<\/li>\n<li><a href=\"https:\/\/www.freiburg-schwarzwald.de\/blog\/eric-clapton-stand-and-deliver\/\">Eric Clapton: Stand and deliver<\/a>\u00a0(1.1.2023)<\/li>\n<li><a href=\"https:\/\/www.freiburg-schwarzwald.de\/blog\/deutscher-liederabend-ade\/\">Deutscher Liederabend \u2013 ade<\/a>\u00a0(13.4.2021)<\/li>\n<li><a href=\"https:\/\/www.freiburg-schwarzwald.de\/blog\/volkslied-oder-menschheitslied\/\">Volkslied oder Menschheitslied<\/a>\u00a0(17.3.2021)<\/li>\n<li>&#8222;Heute hier morgen dort&#8220; von Hannes Wader (19.11.2020)<\/li>\n<li>Susanne F. und die Frage der Gerechtigkeit &#8211; zur Demo 30.8.2020 Berlin (30.8.2020)<\/li>\n<li><a title=\"Helplessly hoping \u2013 aus Rom\" href=\"https:\/\/www.freiburg-schwarzwald.de\/blog\/helplessly-hoping-aus-rom\/\">Helplessly hoping \u2013 aus Rom<\/a>\u00a0(29.3.2020)<\/li>\n<li><a title=\"Meine Oma f\u00e4hrt Motorrad\" href=\"https:\/\/www.freiburg-schwarzwald.de\/blog\/meine-oma-faehrt-motorrad\/\">Meine Oma f\u00e4hrt Motorrad<\/a>\u00a0(28.12.2019)<\/li>\n<li>Ku<a title=\"Sch\u00f6nheit\" href=\"https:\/\/www.freiburg-schwarzwald.de\/blog\/kultur\/kunst\/schoenheit\/\">lturelle Wende \u2013 Hinwendung zur Sch\u00f6nheit statt zur Gewalt<\/a>\u00a0(7.11.2018)<\/li>\n<li>Heino: Volkslieder sind keine Nazi-Lieder (23.3.2018)<\/li>\n<li>Reinhard Mey 75 Jahre alt &#8211; Das Narrenschiff (1.12.2017)<\/li>\n<li>Ein Volk ohne Volkslieder &#8211; dessen Kultur stirbt (24.1.2016)<\/li>\n<li><a href=\"https:\/\/www.freiburg-schwarzwald.de\/blog\/liederbuch-alemannisch\/\">https:\/\/www.freiburg-schwarzwald.de\/blog\/liederbuch-alemannisch\/<\/a>\u00a0(31.7.2013)<\/li>\n<li><a href=\"https:\/\/www.freiburg-schwarzwald.de\/blog\/musiktherapie-bei-demenz\/\">https:\/\/www.freiburg-schwarzwald.de\/blog\/musiktherapie-bei-demenz\/<\/a>\u00a0(7.1.2013)<\/li>\n<li><a href=\"https:\/\/www.freiburg-schwarzwald.de\/blog\/heimatlieder-buch-glottertal\/\">https:\/\/www.freiburg-schwarzwald.de\/blog\/heimatlieder-buch-glottertal\/<\/a>\u00a0(30.11.2012)<\/li>\n<li><a href=\"https:\/\/www.freiburg-schwarzwald.de\/demenz1.htm#Verein Labyrinth unterh\u00e4lt zwei WGs ? Ohrw\u00fcrmer mit Benefizkonzert\">Verein Labyrinth unterh\u00e4lt zwei WGs \u2013 Ohrw\u00fcrmer mit Benefizkonzert<\/a>&gt;Demenz1 (16.2.2012)<\/li>\n<li><a href=\"https:\/\/www.freiburg-schwarzwald.de\/lied#Liederaben.de: Michael Volle und Helmut Deutsch mit Brahms\">Liederaben.de: Michael Volle und Helmut Deutsch mit Brahms<\/a> &gt;Lied (12.9.2011)<\/li>\n<li><a href=\"https:\/\/www.freiburg-schwarzwald.de\/lied#Texte der Advents- und Weihnachtslieder - Interpretation in Himmelreich\">Texte der Advents- und Weihnachtslieder &#8211; Interpretation in Himmelreich<\/a> &gt;Lied (23.12.2010)<\/li>\n<li><a href=\"https:\/\/www.freiburg-schwarzwald.de\/neustadt2.htm#Musikerziehung gegen Kulturverlust: Singen-Bewegen-Sprechen\">Musikerziehung gegen Kulturverlust: Singen-Bewegen-Sprechen<\/a> &gt;Neustadt2 (16.12.2010)<\/li>\n<li><a href=\"https:\/\/www.freiburg-schwarzwald.de\/lied#Liedertexte und Liederbuch ohne Angst vor Abmahnung\">Liedertexte und Liederbuch ohne Angst vor Abmahnung<\/a> &gt;Lied (6.12.2010)<\/li>\n<li><a href=\"https:\/\/www.freiburg-schwarzwald.de\/lied.htm#Volksliedsingen im M\u00fcnstertal - dienstags in M\u00fcnsterhalden\">Volksliedsingen im M\u00fcnstertal &#8211; dienstags in M\u00fcnsterhalden<\/a> &gt;Lied (1.12.2010)<\/li>\n<li><a href=\"https:\/\/www.freiburg-schwarzwald.de\/lied#Liederlexikon - deutschsprachige Lieder in historisch-kritischer Form\">Liederlexikon &#8211; deutschsprachige Lieder in historisch-kritischer Form<\/a><\/li>\n<li><a href=\"https:\/\/www.freiburg-schwarzwald.de\/lied#Lyrik und Lied - Freiburger Anthologie\">Lyrik und Lied &#8211; Freiburger Anthologie<\/a> (28.2.2007)<\/li>\n<li><a href=\"https:\/\/www.freiburg-schwarzwald.de\/alemannisch\/alemannisch4.htm#August-Festival Summerlied in Ohlungen bei Haguenau\">August-Festival Summerlied in Ohlungen bei Haguenau<\/a> &gt;Alemannisch\/Alemannisch4 (11.8.06)<\/li>\n<li><a href=\"https:\/\/www.freiburg-schwarzwald.de\/littenweiler\/gesang1.htm#Volksliedinitiative M\u00fcnstertal sammelt alte Volkslieder\">Volksliedinitiative M\u00fcnstertal sammelt alte Volkslieder<\/a> &gt;Gesang1 (2.3.2004)<\/li>\n<li><\/li>\n<li>Fein sein, beinander bleibn<\/li>\n<li><a href=\"https:\/\/www.freiburg-schwarzwald.de\/littenweiler\/gesang.htm\">Singen und Gesang<\/a> &gt;Gesang<\/li>\n<li><a href=\"https:\/\/www.freiburg-schwarzwald.de\/lied#Liederaben.de - Freiburger Musikprojekt\">Liederaben.de &#8211; Freiburger Musikprojekt<\/a> &gt;Lied<\/li>\n<li><a title=\"Liedermacher\" href=\"https:\/\/www.freiburg-schwarzwald.de\/blog\/kultur\/dichter\/liedermacher\/\">Liedermacher<\/a> &gt;Liedermacher<\/li>\n<li><a title=\"Sch\u00f6nheit\" href=\"https:\/\/www.freiburg-schwarzwald.de\/blog\/kultur\/kunst\/schoenheit\/\">Sch\u00f6nheit<\/a><\/li>\n<li><a title=\"Volk\" href=\"https:\/\/www.freiburg-schwarzwald.de\/blog\/engagement\/zukunft\/demokratie\/volk\/\">Volk<\/a><\/li>\n<\/ul>\n<p>&nbsp;<\/p>\n<p><strong>Krieg: Es geht schon wieder los &#8211; Ein Lied f\u00fcr den Frieden<\/strong><br \/>\nDie Welt bewegt sich im Augenblick auf einem schmalen Grat. Demagogen in Machtpositionen sch\u00fcren weiter Krieg anstatt alles zu geben endlich einen Frieden zu machen. Es ist wieder Zeit f\u00fcr die Menschheit sich friedlich aber mit Nachdruck gegen jegliche weitere Eskalation einzusetzen.<br \/>\nFrieden ist nicht Krieg und Krieg ist nicht Frieden. F\u00fcr unsere Kinder und deren friedliche Zukunft! Darf gerne geteilt werden!!!!<br \/>\nEuer Matze aus Hohenleipisch<br \/>\n18.9.2025, Matze-Isa-Hohenleipisch<br \/>\n<a href=\"https:\/\/www.youtube.com\/watch?v=S4NKR1buarc\">https:\/\/www.youtube.com\/watch?v=S4NKR1buarc<\/a><\/p>\n<p>&nbsp;<\/p>\n<p><strong>Das harmlose Lied &#8211; fast schon eine Provokation<\/strong><br \/>\n<strong>Schwarzbraun ist die Haselnuss<\/strong><\/p>\n<p>Der folgende Beitrag widmet sich einem Thema, das heute schon als Provokation gelten kann: dem Unproblematischen. Dem harmlosen Lied. Dem Moment des gemeinsamen Erlebens \u2013 ganz ohne Subtext, ohne Schuld, ohne doppelten Boden.<br \/>\nDazu gibt es auch dieses Video. Und vielleicht, wer wei\u00df, auch ein Lied, das Sie wieder h\u00f6ren \u2013 um leise mitzusummen. Wie sch\u00f6n.<br \/>\n<a href=\"https:\/\/media.video.taxi\/embed\/Gbv54r1UlPGP\">https:\/\/media.video.taxi\/embed\/Gbv54r1UlPGP<\/a><\/p>\n<p>Schwarzbraun ist die Haselnuss \u2014 und sonst nichts. Ein banaler Vers, ohne Erziehungsauftrag, ohne ideologisches Handgep\u00e4ck, ohne vorgeschaltete Triggerwarnung. Das Publikum klatscht. Spontan. Befreit. Nat\u00fcrlich.<br \/>\nMan staunt heute fast ungl\u00e4ubig, wie schamlos normal diese Szene wirkt. Kein codiertes Gesinnungszeichen, keine subtil eingearbeitete Betroffenheitsrhetorik, kein moralisches Kleingedrucktes am unteren Bildrand. Nur Musik. Nur Freude. Nur gemeinsames Erleben.<\/p>\n<p>Heute w\u00e4re das ein Skandal erster Ordnung. Im hysterisch \u00fcberladenen Kulturbetrieb unserer Gegenwart gen\u00fcgt oft schon das blo\u00dfe Nicht-Problematische als Anlass zur Emp\u00f6rung. Jede Silbe wird nach Subtext durchleuchtet, jeder Ton auf die Goldwaage identit\u00e4tspolitischer Sensibilit\u00e4ten gelegt. Die Moralpolizei wacht \u2014 ungebeten, aber allgegenw\u00e4rtig.<\/p>\n<p>Was darf man noch singen? Wer k\u00f6nnte sich verletzt f\u00fchlen? Welche unsichtbare Minderheit k\u00f6nnte in den Tiefenschichten der Harmonie eine Mikroaggression wittern? Die absurde Logik unserer Zeit: Je harmloser das Lied, desto gr\u00f6\u00dfer die Gefahr, dass es &#8222;\u00fcbersehen hat&#8220;, wen es h\u00e4tte inkludieren sollen. Wo fr\u00fcher Freude war, ist heute Gesinnungsmanagement. Wo einst das Publikum mitsang, formuliert es heute Bekenntnisse. Musik ist nicht mehr Klang, sondern Haltung. Ein permanenter Eignungstest f\u00fcrs gesellschaftlich Erw\u00fcnschte. Schwarzbraun ist die Haselnuss stammt aus einer Zeit, in der das Normale noch keine Sondergenehmigung brauchte. Wo niemand bei einem Volkslied pr\u00fcfte, ob der Refrain ausreichend diversifiziert, gendersensibel und machtkritisch aufgeladen war. Man sang, weil es sch\u00f6n war. Man klatschte, weil man Lust dazu hatte. Kein Expertengremium war n\u00f6tig, um die Unschuld eines Liedes amtlich zu best\u00e4tigen.<br \/>\nWas bleibt, ist die leise Sehnsucht nach dieser entlasteten Freiheit des Einfachen. Nach einer Zeit, in der man ein Lied noch einfach singen durfte. Und das Publikum einfach klatschte. Befreiend normal. Und gerade deshalb heute fast schon subversiv.<br \/>\nIch w\u00fcnsche Ihnen einen gelungenen Sommer-Sonntagabend.<br \/>\nSo wie fr\u00fcher. Sch\u00f6n hei\u00df. &#8222;Wir wurden braun auf Borkum oder Sylt.&#8220;<br \/>\n<a href=\"https:\/\/media.video.taxi\/embed\/wDZR1O7WmbP1\">https:\/\/media.video.taxi\/embed\/wDZR1O7WmbP1<\/a><\/p>\n<p>&#8230; Alles vom 22.6.2025 bitte lesen im Newsletter von <a href=\"https:\/\/www.clubderklarenworte.de\">https:\/\/www.clubderklarenworte.de<\/a><\/p>\n<p>&nbsp;<\/p>\n<p>&nbsp;<\/p>\n<p><strong>Yann Song King &#8211; Absage<\/strong><br \/>\n<a href=\"https:\/\/www.youtube.com\/watch?v=nu9WPIRXLBw\">https:\/\/www.youtube.com\/watch?v=nu9WPIRXLBw<\/a><br \/>\n<a href=\"https:\/\/yannsongking.de\">https:\/\/yannsongking.de<\/a><br \/>\nDas Friedenslied des Jahres 2024. Genialer Text. Sollte st\u00fcndlich im Bundestag gespielt werden.<br \/>\nSp\u00e4testens jetzt in der Reihe von K\u00fcnstlern wie : Reinhard May- sei Wachsam, Hannes Wader &#8211; Auf, auf zum Kampf, Puhdys &#8211; Wenn ein Mensch Lebt,<\/p>\n<p>&nbsp;<\/p>\n<p>Video-Empfehlung: Pour tous nos enfants: wunderbares Freiheits-\/Corona-Protestlied in Colmar+Paris mit Elke+Niels 2020?<br \/>\n<a href=\"https:\/\/www.elkeniels.com\/de\/klipps\/\">https:\/\/www.elkeniels.com\/de\/klipps\/<\/a> Libert\u00e8 Libert\u00e9 ma ch\u00e9rie&#8230;. Etwas rollen. &#8222;Der Mann in Schwarz&#8220; ist auch dort<br \/>\n.<br \/>\nEsteban Cortez &#8211; Meinungsdelikt (&#8230;dann bist Du dran)<br \/>\n<a href=\"https:\/\/www.youtube.com\/watch?v=zXmJfIs-EIQ\">https:\/\/www.youtube.com\/watch?v=zXmJfIs-EIQ<\/a><\/p>\n<p>.<\/p>\n<p><strong>\u00dcber verbotene Lieder &#8211; Sylt, l&#8217;amour toujours<\/strong><br \/>\nvon Peter L\u00f6cke<br \/>\nDeutschland dreht hohl und der Grund ist ein elektronisches Partylied aus dem Jahre 1999. Das Lied hei\u00dft \u201el\u2019amour toujours\u201c und stammt aus der poetischen Feder des Musikproduzenten Gigi D\u2019Agostino. Poesie ist etwas \u00fcbertrieben, denn der textliche Refrain besteht aus einem <a href=\"https:\/\/www.freiburg-schwarzwald.de\/blog\/sylt-party-dominiert-die-medien\/\">\u201eD\u00f6p-d\u00f6-d\u00f6-d\u00f6p\u201c<\/a>. Doch D\u00f6p-d\u00f6-d\u00f6-d\u00f6p wurde umgedichtet in eine rechtsextreme Parole. Seitdem ist nichts mehr so, wie es ein Mal war. Das politmediale Deutschland ist sich einig. Deutschland muss entmusifiziert werden. Der Chronistenpflicht wegen gehe ich auf Anfang. Das Unheil beginnt mit einer Folge der eigentlich abgesetzten RTL-Serie \u201eSylter Geschichten\u201c.<\/p>\n<p>H\u00fcpfend, freudetrunken und tats\u00e4chlich betrunken geht einer Handvoll Yuppies vor der <a href=\"https:\/\/www.freiburg-schwarzwald.de\/blog\/sylt-party-dominiert-die-medien\/\">Sylter<\/a> Strandbar Pony der geistige Gaul durch. Sie lassen sich gehen und singen Unsingbares. Wegen des Streisand-Effektes m\u00f6chte ich die Geschmacklosigkeit nicht wiederholen. Selbstverst\u00e4ndlich filmen sich die Sylter Schn\u00f6sel, so nennt die BILD sie, dabei und das Video geht viral. Reichsb\u00fcrger auch unter reichen B\u00fcrgern? Deutschland in Schockstarre. Die Folgen? Nach der Schockstarre wird Deutschland von einer Emp\u00f6rungswelle \u00fcberflutet.<\/p>\n<p>Die Sylter Schn\u00f6sel werden an den Pranger gestellt, ihre Namen und Adressen ver\u00f6ffentlicht, sie werden von ihren Arbeitgebern entlassen, entfernte Verwandte dritten Grades distanzieren sich. Gut so, meint Armin Laschet beim \u201eBericht aus Berlin\u201c. Das m\u00fcsse Standard werden bei \u00e4hnlichen F\u00e4llen. Bei dieser Gelegenheit verabschiedet sich Laschet bei Tina Hassels letzter Sendung mit warmen Worten und bedankt sich f\u00fcr die langj\u00e4hrige gute Zusammenarbeit. Eine gute Zusammenarbeit statt kritischer Distanz zwischen Politik &amp; Medien ist n\u00e4mlich Standard. Ich schweife ab. Zur\u00fcck zur medialen Entr\u00fcstung.<\/p>\n<p>Ohne Alliteration doch ebenso emp\u00f6rt reagiert der STERN in Form eines abgebildeten Hakenkreuzes in einem Sektglas. So sieht das Titelbild aus \u00fcber die Sylter Champagner-Nazis. Das Hamburger Magazin wird eines Tages doch noch die Hitler-Tageb\u00fccher finden. Dessen bin ich mir sicher. Schon vor zwei Wochen zeigte das SPIEGEL-Cover ebenfalls ein sich unter der Deutschlandflagge abzeichnendes Hakenkreuz. Das ist in beiden F\u00e4llen keine Verharmlosung des Nationalsozialismus, sondern selbstverst\u00e4ndlich das Gegenteil. Sicherheitshalber fragte der SPIEGEL \u2013 das ist kein Scherz \u2013 bei Gigi D\u2019Agostino nach, welche Intention das Lied habe. Der Musikproduzent gibt Entwarnung: \u201eMein Lied handelt von der Liebe\u201c. Das konnte ja keiner ahnen angesichts des Titels \u201el\u2019amour toujours\u201c.<\/p>\n<p>Mittlerweile hat sich jeder C-Politiker und D-Prominente in angemessener Schnappatmung zum Vorfall ge\u00e4u\u00dfert. \u00dcberspringen wir diesen erm\u00fcdenden Teil und kommen zu den tats\u00e4chlichen Konsequenzen, dem eingangs erw\u00e4hnten Streisand-Effekt. Der 25 Jahre alte Song st\u00fcrmt die Charts und Deutschlands Sch\u00fctzenfeste. Die geile Layla des Jahres 2024 hei\u00dft \u201eD\u00f6p-d\u00f6-d\u00f6-d\u00f6p\u201c. Der neue Sommerhit steht auf dem Index, auf der Wiesn 2024 wird er verboten. Es gibt kein besseres Marketing als ein Verbot. Der Song wird dennoch gesungen und gespielt, selbst von Ausl\u00e4ndern. So sangen t\u00fcrkische Fu\u00dfballfans die rechtsextremen Parolen auf dem kleinen Schlossplatz in Stuttgart, um die Meisterschaft von Galatasary Istanbul geb\u00fchrend zu feiern. Das bringt Anh\u00e4nger von schwarzem Humor und Selbstironie zum Lachen, Moralisten bringt es in die Bredouille. Kritisieren sie die t\u00fcrkischen Fans, sind sie ausl\u00e4nderfeindlich. Tun sie es nicht, sind sie es ebenfalls. Manchmal ist es ein Teufelskreis, wenn man die Dinge konkret zu Ende denkt.<\/p>\n<p>Konkrete Konsequenzen hat der Song \u201eImmer die Liebe\u201c auch f\u00fcr den Staatsschutz, im Volksmund Stasu genannt. Der Stasu muss sonst nur bei wirklich staatstragenden Verbrechen wie dem Diebstahl einer Regenbogenflagge vor einem Rathaus rausr\u00fccken. Nun muss er jedes Mal t\u00e4tig werden, sobald eine alkoholisierte Meute bei einem Dorffest der Gaul durchgeht und zu einem \u201eD\u00f6p-d\u00f6-d\u00f6-d\u00f6p\u201c angestimmt wird. Und das alles, weil sich eine Handvoll betrunkener Yuppies vor einer Strandbar hat gehen lassen. Wo soll das enden? Ich verrate es Ihnen. Das endet in einer fl\u00e4chendeckenden Entmusifizierung, einem \u201eWehret den musikalischen Anf\u00e4ngen\u201c!<\/p>\n<p>Heimatlieder sind Volkslieder, also per se verd\u00e4chtig. Die Diskussion gab es bereits. Selbstverst\u00e4ndlich stehen Songs wie \u201eZigeunerjunge\u201c von Alexandra auf der Cancel-Culture-Liste, weil sie rechtsextreme Stereotype verbreiten. Wenn sich zu diesem verbotenen Liedgut nun auch noch Ballermann-Hits gesellen und die E-Musik-Szene annektiert wird, schwant mir B\u00f6ses. Schlie\u00dflich kann jedes eing\u00e4ngige Lied umgetextet werden. Je primitiver umso besser. Ersetzen Sie Scooters \u201eHyper Hyper\u201c etwa durch den mit H beginnenden Nachnamen eines vor 90 Jahren in Deutschland t\u00e4tigen \u00f6sterreichischen Diktators, kommt es zur n\u00e4chsten Staatskrise. Wenn dann noch im Song dazu aufgefordert wird \u201ePut your hands in the air\u201c, hebt eure H\u00e4nde, handelt es sich um einen vollendeten Nazi-Skandal. Ich will diese Bilder nicht im Kopf, diese T\u00f6ne nicht im Ohr haben. Doch es gibt bereits Hoffnung durch eine musikalische Gegenbewegung.<\/p>\n<p>Der RBB k\u00fcndigt frohlockend an, dass es zeitnah ein Solidarit\u00e4tskonzert aus dem linken Milieu geben wird. Auf diesem Konzert treten dann Bands wie KIZ auf. In den Videos besagter Anarcho-Band werden schon mal politisch korrekt AfD-Abgeordnete auf bestialische Art und Weise abgeschlachtet. KIZ besticht au\u00dferdem durch feinsinnige Verse wie \u201eMesserklinge in die Journalisten-Fresse\u201c. Merke: Das sind die Guten! Vielleicht kommt auch Frank Walter Steinmeier zu diesem Konzert und bringt Feine Sahne Fischfilet mit. Nichts Genaues wei\u00df man nicht.<\/p>\n<p>Genug der Gewalt. Genug des Hasses von rechts wie von links. Ich pers\u00f6nlich mag franz\u00f6sische Chansons. Jacques Brel oder Edith Piaf zum Beispiel. In Chansons geht es nicht immer, aber oft um die Liebe. Es geht toujours um l\u2019amour. Am besten bringt den Sylt-Eklat Charles Aznavour den Punkt. Um SPIEGEL-Faktenchecker nicht zu \u00fcberfordern, hat er seinen Chanson vorausschauend auf Deutsch gesungen. Was Aznavour singt, m\u00f6chte ich sowohl den Vollpfosten auf Sylt als auch der deutschen Innenministerin Nancy Faeser ins Gesicht sagen.<br \/>\n\u201cDu l\u00e4sst dich geh\u2018n.\u201c <a href=\"https:\/\/www.youtube.com\/watch?v=X0hIK4mgHmg\">https:\/\/www.youtube.com\/watch?v=X0hIK4mgHmg<\/a><br \/>\n&#8230; Alles vom 28.5.2024 von Peter L\u00f6cke bitte lesen auf<br \/>\n<a href=\"https:\/\/clubderklarenworte.de\/ueber-verbotene-lieder\/\">https:\/\/clubderklarenworte.de\/ueber-verbotene-lieder\/<\/a><\/p>\n<p>&nbsp;<\/p>\n<p>&nbsp;<\/p>\n<p><strong>Ihr kriegt uns niemals auf die Knie!<\/strong><br \/>\n&#8230; Alles vom 4.9.2023 bitte lesen auf<br \/>\n<a href=\"https:\/\/vera-lengsfeld.de\/2023\/09\/04\/ihr-kriegt-uns-niemals-auf-die-knie\/\">https:\/\/vera-lengsfeld.de\/2023\/09\/04\/ihr-kriegt-uns-niemals-auf-die-knie\/<\/a><br \/>\nJens Fischer Rodrian &#8211; Niemals auf die Knie (official video)<br \/>\n<a href=\"https:\/\/youtu.be\/6EC8zyATpTg\">https:\/\/youtu.be\/6EC8zyATpTg<\/a><br \/>\nDieses Lied ist allen Menschen gewidmet, die sich in den letzten Jahren friedlich gegen die Corona Ma\u00dfnahmen gewehrt haben. Ob auf der Stra\u00dfe, durch kluge Beitr\u00e4ge in den Medien oder durch ein L\u00e4cheln, wenn man keine Maske tr\u00e4gt. Friedlicher Widerstand hat viele Gesichter. Allen anderen sei gesagt &#8211; die T\u00fcren sind offen, unsere Herzen auch. Auf das wir zugewandt, empathisch, friedlich und humorvoll bleiben. Lasst uns gemeinsam ein neues Haus f\u00fcr die Menschheitsfamilie bauen und die \u00dcbermacht der Gro\u00dfkonzernen brechen. Die Aufarbeitung l\u00e4uft und ist nicht aufzuhalten.<br \/>\nIn Verbundenheit und Dankbarkeit f\u00fcr Euer Wirken &#8211; Jens<br \/>\nDer Text zum Song erscheint am 2.2.23 auch auf der neuen Rubrik von Alexa Rodrian und mir, die seit dem 19.1.23 auf Rubikon zu lesen ist: <a href=\"https:\/\/www.rubikon.news\/artikel\/die-...\">https:\/\/www.rubikon.news\/artikel\/die-&#8230;<\/a><\/p>\n<p>&nbsp;<\/p>\n<p><strong>Perin Dinekli: Wir sind Menschen, die sich lieben&#8230;<\/strong><br \/>\nDeutsche Coverversion von HK<br \/>\nText, Gesang &amp; Gitarre: <a href=\"https:\/\/www.freiburg-schwarzwald.de\/blog\/engagement\/buergerinitiativen\/demos-in-freiburg\/freiseinfreiburg\/\">Perin Dinekli<\/a> (\u00c4rztin &amp; S\u00e4ngerin aus Offenburg),<br \/>\n<a href=\"https:\/\/www.youtube.com\/watch?v=FkFGfWP7_EY\">https:\/\/www.youtube.com\/watch?v=FkFGfWP7_EY<\/a><br \/>\n<a href=\"http:\/\/pdinekli.net\/\">http:\/\/pdinekli.net\/<\/a><\/p>\n<p>&nbsp;<\/p>\n<p><strong>&#8222;Heute hier morgen dort&#8220; von Hannes Wader<\/strong><br \/>\nMein Lieblingslied. Der &#8211; wie ich damals auch &#8211; linke Hannes Wader sang es in den 68ern. Ich hatte das total Lied vergessen. Vor einem Jahr kam unsere Enkelin Mila, 6, und sang die 3 Strophen auswendig vor. Sie hatte es im Hort gelernt von einer Kinderg\u00e4rtnerin, die es wiederum von ihrem Vater hatte. Ich nahm Mundharmonika + Gitarre und es war perfekt: Opa und Enkelin singen dasselbe Lied.<br \/>\n.<br \/>\n<a href=\"https:\/\/www.youtube.com\/watch?v=2NNgv84dkvk\">https:\/\/www.youtube.com\/watch?v=2NNgv84dkvk<\/a><br \/>\nHannes Wader &#8222;Heute hier morgen dort&#8220; 1990:<br \/>\n<a href=\"https:\/\/youtu.be\/MmvNEGI9NSY\">https:\/\/youtu.be\/MmvNEGI9NSY<\/a><br \/>\n.<br \/>\n1) Heute hier, morgen dort<br \/>\nBin kaum da, muss ich fort<br \/>\nHab&#8216; mich niemals deswegen beklagt<br \/>\nHab&#8216; es selbst so gew\u00e4hlt<br \/>\nNie die Jahre gez\u00e4hlt<br \/>\nNie nach Gestern und Morgen gefragt!<br \/>\nRefrain:<br \/>\nManchmal tr\u00e4ume ich schwer<br \/>\nUnd dann denk&#8216; ich es w\u00e4r&#8216;<br \/>\nZeit zu bleiben und nun<br \/>\nWas ganz And&#8217;res zu tun<br \/>\nSo vergeht Jahr um Jahr<br \/>\nUnd es ist mir l\u00e4ngst klar<br \/>\nDass nichts bleibt<br \/>\nDass nichts bleibt, wie es war!<\/p>\n<p>2)Dass man mich kaum vermisst<br \/>\nSchon nach Tagen vergisst<br \/>\nWenn ich l\u00e4ngst wieder anderswo bin<br \/>\nSt\u00f6rt und k\u00fcmmert mich nicht<br \/>\nVielleicht bleibt mein Gesicht<br \/>\nDoch dem Ein&#8216; oder Ander&#8217;n im Sinn!<br \/>\n.<br \/>\n3) Fragt mich einer, warum<br \/>\nIch so bin, bleib ich stumm<br \/>\nDenn die Antwort darauf f\u00e4llt mir schwer<br \/>\nDenn was neu ist wird alt<br \/>\nUnd was gestern noch galt<br \/>\nStimmt schon heut&#8216; oder morgen nicht mehr!<\/p>\n<p>Es ist an der Zeit &#8211; Hannes Wader &amp; Konstantin Wecker &amp; Reinhard Mey &#8211; Live 2014:<br \/>\n<a href=\"https:\/\/www.youtube.com\/watch?v=SJnmZmy8IEU&amp;list=RDSJnmZmy8IEU&amp;start_radio=1&amp;t=2\">https:\/\/www.youtube.com\/watch?v=SJnmZmy8IEU&amp;list=RDSJnmZmy8IEU&amp;start_radio=1&amp;t=2<\/a><br \/>\n<a href=\"https:\/\/www.youtube.com\/23bb2e37-02df-4212-80cc-70c9e1d7e597\">https:\/\/www.youtube.com\/23bb2e37-02df-4212-80cc-70c9e1d7e597<\/a><\/p>\n<p>19.11.2020<\/p>\n<p>&nbsp;<\/p>\n<p><strong>Susanne F. und die Frage der Gerechtigkeit &#8211; zur Demo 30.8.2020 Berlin<\/strong><br \/>\nDas Duo Ziemlich Anders singt die (wahre) Geschichte von Susanne F.. Im Rahmen der Demonstrationen im August 2020 gegen die Corona-Ma\u00dfnahmen gerieten sie und andere in Auseinandersetzungen mit der Polizei &#8211; mit ernsten Folgen f\u00fcr ihre Gesundheit. Gemeinsam mit Susanne haben Cornelia und Norbert einen Song geschrieben, der den Betroffenen eine Stimme geben m\u00f6chte. Das Besondere: An einigen Stellen in diesen Zeilen der Verarbeitung ist Susanne selbst zu h\u00f6ren. Ihre Hoffnung ist es, auf diese Weise ihr inneres Gleichgewicht wiederzufinden.<br \/>\nTrotz alle seelischen und k\u00f6rperlichen Verletzungen sucht Susanne inneren Frieden und Verst\u00e4ndigung &#8230;<br \/>\n<a href=\"https:\/\/www.youtube.com\/watch?v=4cm4KA6RDlo&amp;t=59s\">https:\/\/www.youtube.com\/watch?v=4cm4KA6RDlo&amp;t=59s<\/a><br \/>\n.<br \/>\n<em>Duo Ziemlich Anders<\/em><br \/>\n<em>Cornelia und Norbert Zimmer<\/em><br \/>\n<em><a href=\"https:\/\/www.ziemlich-anders.de\/\">https:\/\/www.ziemlich-anders.de\/<\/a>.<br \/>\nSusanne Foucault &#8211; mehr <a href=\"https:\/\/www.freiburg-schwarzwald.de\/blog\/kultur\/musik\/minnesang\/\">hier<\/a><\/em><\/p>\n<p>&nbsp;<\/p>\n<p><strong>Heino: Volkslieder sind keine Nazi-Lieder<\/strong><br \/>\nSchlagers\u00e4nger Heino (79) verteidigt sein Album &#8222;Die sch\u00f6nsten deutschen Heimat- und Vaterlandslieder&#8220;, das er der nordrhein-westf\u00e4lischen Heimatministerin Ina Scharrenbach (CDU) geschenkt hat. &#8222;Wenn man danach sucht, findet man immer ein Lied, das missbraucht worden ist&#8220;, entgegnete der Musiker in der &#8222;Bild&#8220;-Zeitung (Freitag) auf die Kritik, viele der Lieder seien zu Hitlers Zeiten im &#8222;Liederbuch der SS&#8220; zu finden gewesen. &#8222;Die Lieder k\u00f6nnen doch nichts daf\u00fcr, wenn sie instrumentalisiert worden sind.&#8220; &#8230;<br \/>\nAls einer von 47 &#8222;Heimatbotschaftern&#8220; hatte Heino der Ministerin das Geschenk am vergangenen Wochenende beim ersten NRW-Heimatkongress \u00fcberreicht. Dem S\u00e4nger wird schon seit l\u00e4ngerem eine &#8222;unkritische Haltung zu v\u00f6lkischem Liedgut&#8220; vorgeworfen.<br \/>\nF\u00fcr besondere Emp\u00f6rung sorgte jetzt das von der SS als &#8222;Treuelied&#8220; glorifizierte St\u00fcck von 1814 &#8222;Wenn alle untreu werden&#8220;, das allerdings nicht nur von der SS, sondern auch vom NS-Widerstand gesungen wurde. Heino selbst erkl\u00e4rte nun, er k\u00f6nne sich nicht erinnern, welche Strophen des Liedes er 1981 aufgenommen habe. &#8222;Aber ich habe Historiker dran gehabt, die haben gesagt, das sei in Ordnung.&#8220; &#8230;<br \/>\nAlles vom 23.3.2018 bitte lesen auf<br \/>\n<a href=\"https:\/\/www.gmx.net\/magazine\/unterhaltung\/musik\/heino-kontert-kritik-heimatalbum-ss-liedgut-32884206\">https:\/\/www.gmx.net\/magazine\/unterhaltung\/musik\/heino-kontert-kritik-heimatalbum-ss-liedgut-32884206<\/a><\/p>\n<p>&nbsp;<\/p>\n<p>&nbsp;<\/p>\n<p><strong>Ein Volk ohne Volkslieder &#8211; dessen Kultur stirbt<\/strong><br \/>\nSo ist es kein Wunder, dass nur \u201eDie Gedanken sind frei\u201c als unverd\u00e4chtig gilt. Alles Andere ist irgendwie frauenfeindlich, \u201crechts\u201d oder huldigt dem falschen Gott. In Kein sch\u00f6ner Land hei\u00dft es:<br \/>\n<em>Nun, Br\u00fcder, eine gute Nacht,<\/em><br \/>\n<em>der Herr im hohen Himmel wacht!<\/em><br \/>\n<em>In seiner G\u00fcten<\/em><br \/>\n<em>uns zu beh\u00fcten<\/em><br \/>\n<em>ist er bedacht.<\/em><br \/>\n.<br \/>\nPolitisch korrekt m\u00fcsste es heute wohl lauten:<br \/>\n<em>Nun, Schwestern, Br\u00fcder, Transgender und alle, die nicht wissen welches Geschlecht sie haben, eine gute Nacht,<\/em><br \/>\n<em>der Herr, der auch Allah genannt wird, im hohen Himmel wacht!<\/em><br \/>\n<em>In seiner G\u00fcten<\/em><br \/>\n<em>uns zu beh\u00fcten<\/em><br \/>\n<em>ist er, sie oder es oder alles oder nichts bedacht.<\/em><br \/>\nDas ist zwar jetzt endlich ein toll politisch korrekten Text, l\u00e4sst sich aber dummerweise nicht gut singen. Wie es heute so sch\u00f6n hei\u00dft: Der Original-Text ist wie fast alle Volksliedtexte nicht mehr zeitgem\u00e4\u00df<br \/>\n&#8230;..<br \/>\nFragt man die Menschen irgendeiner Nation der Welt nach ihren Volksliedern, in voller Pracht schmettern sie sie, mit stolzer Brust. Die Iren, die Franzosen. Dann wollen sie deutsche Lieder h\u00f6ren. Aber die Deutschen schweigen, sie schweigen peinlich ber\u00fchrt. Man muss sich klar machen, dass die deutsche VolksMusikKultur nach dem 3. Reich vollkommen zusammengebrochen ist. Weder in der Klassischen noch in der Popul\u00e4rmusik ist je wieder etwas Eigenes entstanden, das sich zu erw\u00e4hnen lohnt. Imitationen angloamerikanischer Musik mit deutschen Texten, das ist alles. Nichts gegen Rock. Ich bin damit aufgewachsen, und es ist das letzte, das ich missen m\u00f6chte. Aber dem <a title=\"Volk\" href=\"https:\/\/www.freiburg-schwarzwald.de\/blog\/engagement\/zukunft\/demokratie\/volk\/\">Volk<\/a>, dem eigene Lieder fehlen, dessen Kultur stirbt bald, sagen viele V\u00f6lker. &#8230; Alles vom 24.12.2016 von Klaus-Jrgen Gadamer bitte lesen auf<br \/>\n<a href=\"https:\/\/www.tichyseinblick.de\/kolumnen\/aus-aller-welt\/frohe-weihnacht\/\">https:\/\/www.tichyseinblick.de\/kolumnen\/aus-aller-welt\/frohe-weihnacht\/<br \/>\n<\/a>\u00a0 .<br \/>\n<strong>Ein Volk ohne eigene Volkslieder stirbt<\/strong><br \/>\n&#8222;Aber dem Volk, dem eigene Lieder fehlen, dessen Kultur stirbt bald&#8220;. Als die NDR-Intendantin Lea Rosh vor \u00fcber zwanzig Jahren das Abspielen des Niedersachsenliedes verbot, ahnte ich zum ersten Mal, wohin die Reise gehen sollte: Die Abschaffung traditionellen Liedgutes als Beginn der Abt\u00f6tung deutscher Kultur.<br \/>\n24.12.2016. Leser, TO<\/p>\n<p><strong>In China blamiert als Deutscher, dem die eigenen Lieder fehlen\u00a0<\/strong><br \/>\nFr\u00fcher habe ich niemals dar\u00fcber nachgedacht. Bis ich aus beruflichen Gr\u00fcnden einige Monate in China weilte; das war 1994. Man trug uns dort Lieder aus der chinesischen Kultur vor. Alle meine Kollegen und ich lauschten interessiert. Perfekt taten sie das nicht. Aber mit voller \u00dcberzeugung vertraten und erkl\u00e4rten sie ihre Kultur. Pl\u00f6tzlich kam der Absturz: Sie baten uns, nun mal etwas deutsches aus unserem Land zu bringen. Sie interessierten sich f\u00fcr uns ! Was kam von unserer Seite: NICHTS ! Es geht kaum noch peinlicher. Wir waren dort (ausser technischem Wissen) &#8230; NICHTS ! Das muss sich \u00e4ndern ! Ich habe kein Interesse in der Welt als ein NICHTS herumzulaufen. Ich interessiere mich f\u00fcr andere Kulturen, also werde ich auch tatkr\u00e4ftig unsere (Rest-) Kultur vertreten.<br \/>\n25.12.2016, J\u00fcrgen Marienfeld, TO<\/p>\n<p>&nbsp;<\/p>\n<p><strong>Fein sein, beinander bleibn<\/strong><\/p>\n<div>|: Fein sein, beinander bleibn!<br \/>\nMag &#8217;s regn oder windn oder aber schneibn.<br \/>\n|: Fein sein, beinander bleibn!<br \/>\nGscheit sein, net einitappn!<br \/>\nEs steckt oft der Fuchs in der Zipflkappn.<br \/>\n|: Gscheit sein, net einitappn!<br \/>\nFrisch sein, net umamuckn!<br \/>\nUnd geht a dein H\u00e4usl und d&#8216; Liab in Brockn.<br \/>\n|: Frisch sein, net umamuckn!<br \/>\nTreu sein, net au\u00dfigrasn!<br \/>\nDenn d&#8216; Liab ist so zart wie a Soafablasn.<br \/>\n|: Treu sein, net au\u00dfigrasn!<\/div>\n<p>&nbsp;<\/p>\n<p><a href=\"https:\/\/www.freiburg-schwarzwald.de\/blog\/kultur\/dichter\/liedermacher\/lied\/fein-sein\/\" rel=\"attachment wp-att-44560\"><img loading=\"lazy\" decoding=\"async\" class=\"alignnone size-thumbnail wp-image-44560\" src=\"https:\/\/www.freiburg-schwarzwald.de\/blog\/wp-content\/uploads\/2012\/11\/fein-sein-153x180.gif\" alt=\"fein-sein\" width=\"153\" height=\"180\" srcset=\"https:\/\/www.freiburg-schwarzwald.de\/blog\/wp-content\/uploads\/2012\/11\/fein-sein-153x180.gif 153w, https:\/\/www.freiburg-schwarzwald.de\/blog\/wp-content\/uploads\/2012\/11\/fein-sein-546x640.gif 546w\" sizes=\"auto, (max-width: 153px) 100vw, 153px\" \/><\/a><\/p>\n<p>&nbsp;<\/p>\n<p>&nbsp;<\/p>\n<p><strong>Reinhard Mey 75 Jahre alt &#8211; Das Narrenschiff<\/strong><br \/>\nAm 21. Dezember 2017 wird er 75 Jahre alt. Reinhard Mey l\u00e4\u00dft sich nicht festlegen. Mit Nickelbrille, Bart und seiner pazifistischen Ader verorteten ihn viele lange Jahre als Linken. Doch die meisten haben nie wirklich zugeh\u00f6rt, was der Mann insgesamt zu sagen hat. Erschwerend kommt hinzu, da\u00df die Musikredaktionen der Radiosender vorwiegend die Lieder spielten, die dem gr\u00fcnen Zeitgeist zu entsprechen schienen.<br \/>\n<a href=\"https:\/\/www.youtube.com\/watch?v=8Lz_qPvKCsg\">https:\/\/www.youtube.com\/watch?v=8Lz_qPvKCsg<\/a><br \/>\n&#8230;<br \/>\n<em><strong>Von 68ern distanziert<\/strong><\/em><br \/>\nVon den 68ern, denen seine Familienromantik zuwider war, hat er sich damals distanziert und tut es bis heute. Er stellt die Revolte in einen Zusammenhang von \u201eneuem Unrecht und Zerst\u00f6rung\u201c. Weil er \u201enicht bedingungslos hurra und ja zu allem, was Umsturz war, gesagt hat\u201c, galt er als verd\u00e4chtig. Und als er dann noch seine Persiflage auf den Feminismus, \u201eAnnabelle, ach Annabelle\u201c, vortrug, war Schlu\u00df mit lustig. W\u00e4hrend sich seine Fans vor Lachen auf die Schenkel klopften, l\u00f6ste er Emp\u00f6rung in der Szene aus.<br \/>\n&#8230;<br \/>\n<em><strong>Narrenschiff Deutschland<\/strong><\/em><br \/>\nDabei f\u00fchlt er sich selbst \u201eheimatlos\u201c. In dem gleichnamigen Lied spie\u00dft er die Diskrepanz zwischen B\u00fcrgern und herrschender Klasse auf: \u201eDu h\u00e4ngst deine ganze Hoffnung an den letzten ehrlichen Knochen, und dann siehst du in den Nachrichten, der ist auch bestochen!\u201c<br \/>\n.<br \/>\nDie Kritik ist deutlich: \u201eHab\u2019n sie nicht alle laut und deutlich neulich noch vor aller Ohren allen Schaden vom Volk abzuwenden geschworen?\u201c Reinhard Mey verzweifelt an den Zust\u00e4nden und nimmt sie pers\u00f6nlich: \u201eDu bist heimatlos, belogen, betrogen, \u00fcbern Tisch gezogen, wie von \u2019nem schwarzen Loch aufgesogen, heimatlos, abgezockt, trocken gedockt, schwer geschockt, in die Falle gelockt, und wie ein Schaf an den Hinterbeinen angepflockt. Ein bl\u00f6des Gef\u00fchl, du findest kein Asyl, du bist nackt und blo\u00df, heimatlos.\u201c F\u00fcr ihn entwickelt sich die politische Bundesrepublik zum \u201eNarrenschiff\u201c:<br \/>\n<a href=\"https:\/\/www.youtube.com\/watch?v=8Lz_qPvKCsg\">https:\/\/www.youtube.com\/watch?v=8Lz_qPvKCsg<\/a><br \/>\n\u201eKeiner an Bord vermag die Zeichen zu deuten!<br \/>\nDer Steuermann l\u00fcgt, der Kapit\u00e4n ist betrunken,<br \/>\nund der Maschinist in dumpfe Lethargie versunken,<br \/>\ndie Mannschaft lauter meineidige Halunken,<br \/>\nder Funker zu feig\u2019, um SOS zu funken.<br \/>\nKlabautermann f\u00fchrt das Narrenschiff \u2013<br \/>\nvolle Fahrt voraus und Kurs aufs Riff.\u201c<br \/>\nDas Lied stammt bereits von 1998 \u2013 doch es wird, wie Reinhard Mey sagt, <em><strong>\u201emit jeder Regierung aktueller\u201c<\/strong><\/em>. Und das war noch, bevor die CDU-Anh\u00e4nger in minutenlange Ekstase ausbrachen, als sie am 24. September die gro\u00dfe Wahlverliererin Angela Merkel erblickten.<br \/>\n&#8230; Alles vom 1.12.2017 bitte lesen auf<br \/>\n<a href=\"https:\/\/jungefreiheit.de\/kultur\/2017\/volle-fahrt-voraus-und-kurs-aufs-riff\/\">https:\/\/jungefreiheit.de\/kultur\/2017\/volle-fahrt-voraus-und-kurs-aufs-riff\/<\/a><\/p>\n<p>&nbsp;<\/p>\n","protected":false},"excerpt":{"rendered":"<p>Home &gt;Kultur &gt;Musik &gt;Liedermacher &gt;Lied &nbsp; Listenauswahl eines Beitrags (Artikel\/Datum, Seite\/Inhalt):\u00a0Klicken\u00a0oder scrollen Nina Hagens Osterbekenntnis (4.4.2026) Sommerzeit 29.3. Schnee Amsel\u00a0(29.3.2026) \u201eab nun\u201c \u2013 das Statement von Hannes Wader 1972 im Lied \u201eLangeweile\u201c (26.1.2026) Meine S\u00f6hne geb ich nicht: SWR\u00a0(21.10.2025) Krieg: &hellip; <a href=\"https:\/\/www.freiburg-schwarzwald.de\/blog\/kultur\/dichter\/liedermacher\/lied\/\">Weiterlesen <span class=\"meta-nav\">&rarr;<\/span><\/a><\/p>\n","protected":false},"author":4,"featured_media":0,"parent":1045,"menu_order":0,"comment_status":"open","ping_status":"closed","template":"","meta":{"footnotes":""},"class_list":["post-16527","page","type-page","status-publish","hentry"],"_links":{"self":[{"href":"https:\/\/www.freiburg-schwarzwald.de\/blog\/wp-json\/wp\/v2\/pages\/16527","targetHints":{"allow":["GET"]}}],"collection":[{"href":"https:\/\/www.freiburg-schwarzwald.de\/blog\/wp-json\/wp\/v2\/pages"}],"about":[{"href":"https:\/\/www.freiburg-schwarzwald.de\/blog\/wp-json\/wp\/v2\/types\/page"}],"author":[{"embeddable":true,"href":"https:\/\/www.freiburg-schwarzwald.de\/blog\/wp-json\/wp\/v2\/users\/4"}],"replies":[{"embeddable":true,"href":"https:\/\/www.freiburg-schwarzwald.de\/blog\/wp-json\/wp\/v2\/comments?post=16527"}],"version-history":[{"count":6,"href":"https:\/\/www.freiburg-schwarzwald.de\/blog\/wp-json\/wp\/v2\/pages\/16527\/revisions"}],"predecessor-version":[{"id":147627,"href":"https:\/\/www.freiburg-schwarzwald.de\/blog\/wp-json\/wp\/v2\/pages\/16527\/revisions\/147627"}],"up":[{"embeddable":true,"href":"https:\/\/www.freiburg-schwarzwald.de\/blog\/wp-json\/wp\/v2\/pages\/1045"}],"wp:attachment":[{"href":"https:\/\/www.freiburg-schwarzwald.de\/blog\/wp-json\/wp\/v2\/media?parent=16527"}],"curies":[{"name":"wp","href":"https:\/\/api.w.org\/{rel}","templated":true}]}}