{"id":1593,"date":"2012-04-17T09:02:47","date_gmt":"2012-04-17T09:02:47","guid":{"rendered":"https:\/\/www.freiburg-schwarzwald.de\/blog\/?page_id=1593"},"modified":"2026-01-17T13:55:27","modified_gmt":"2026-01-17T12:55:27","slug":"oberried","status":"publish","type":"page","link":"https:\/\/www.freiburg-schwarzwald.de\/blog\/regio\/orte\/oberried\/","title":{"rendered":"Oberried"},"content":{"rendered":"<p><a href=\"https:\/\/www.freiburg-schwarzwald.de\/blog\">Home<\/a> &gt;<a title=\"Regio\" href=\"https:\/\/www.freiburg-schwarzwald.de\/blog\/regio\/\">Regio<\/a> &gt;<a title=\"Orte\" href=\"https:\/\/www.freiburg-schwarzwald.de\/blog\/regio\/orte\/\">Orte<\/a>\u00a0&gt;<a title=\"Dreisamtal\" href=\"https:\/\/www.freiburg-schwarzwald.de\/blog\/regio\/tal\/dreisamtal\/\">Dreisamtal<\/a> &gt;Oberried<\/p>\n<div id=\"attachment_1597\" style=\"width: 609px\" class=\"wp-caption alignnone\"><a href=\"https:\/\/www.freiburg-schwarzwald.de\/blog\/regio\/orte\/oberried\/oberried5pan-071031\/\" rel=\"attachment wp-att-1597\"><img loading=\"lazy\" decoding=\"async\" aria-describedby=\"caption-attachment-1597\" class=\"size-full wp-image-1597\" title=\"oberried5pan-071031\" src=\"https:\/\/www.freiburg-schwarzwald.de\/blog\/wp-content\/uploads\/2012\/04\/oberried5pan-071031.jpg\" alt=\"\" width=\"599\" height=\"216\" srcset=\"https:\/\/www.freiburg-schwarzwald.de\/blog\/wp-content\/uploads\/2012\/04\/oberried5pan-071031.jpg 599w, https:\/\/www.freiburg-schwarzwald.de\/blog\/wp-content\/uploads\/2012\/04\/oberried5pan-071031-180x64.jpg 180w\" sizes=\"auto, (max-width: 599px) 100vw, 599px\" \/><\/a><p id=\"caption-attachment-1597\" class=\"wp-caption-text\">Blick vom Fu\u00df des Winterbergs nach Norden \u00fcber Oberried, Gewerbegebiet (rechts) und Kirchzarten zum Kandel am 31.10.07<\/p><\/div>\n<ul>\n<li><em>Listenauswahl eines Beitrags (Artikel\/Datum, Seite\/Inhalt): <span style=\"text-decoration: underline;\">Klicken<\/span> oder scrollen<\/em><\/li>\n<li>Gegen den Trend \u2013 Oberried plant f\u00fcr 2026 mit einem ausgeglichenen Haushalt (14.1.2026)<\/li>\n<li><a href=\"https:\/\/www.freiburg-schwarzwald.de\/blog\/regio\/tal\/dreisamtal\/dreisamtal-bauern\/\">Weihnachtsbrief der Dreisamt\u00e4ler BLHV-Ortsvereine<\/a>\u00a0(18.12.2025)<\/li>\n<li><a href=\"https:\/\/www.freiburg-schwarzwald.de\/blog\/kraehen-vogelschwarm-palaver\/\">Kr\u00e4hen, Vogelschwarm, Palaver<\/a>\u00a0(4.12.2025)<\/li>\n<li>A-Cappella-Gruppe Ohrw\u00fcrmer am 8.11. in Klosterschiire Oberried (22.10.2025)<\/li>\n<li><a href=\"https:\/\/www.freiburg-schwarzwald.de\/blog\/viehabtrieb-2015-nach-oberried\/\">Viehabtrieb 2015 nach Oberried<\/a>\u00a0(30.9.2025)<\/li>\n<li>Kunsthandwerkertag am 27.7.2025 an der Klosterschiire\u00a0 (10.7.2025)<\/li>\n<li><a href=\"https:\/\/www.freiburg-schwarzwald.de\/blog\/prof-murswiek-cancel-culture\/\">Prof. Murswiek \u2013 Cancel Culture im Dreisamtal bei Buchenbach<\/a>\u00a0(7.2.2025)<\/li>\n<li><a href=\"https:\/\/www.freiburg-schwarzwald.de\/blog\/tourismus\/gastro\/huetten\/erlenbacher\/\">Erlenbacher H\u00fctte mit Tina und Frank Poremba laden ein<\/a> (7.5.2024)<\/li>\n<li><a href=\"https:\/\/www.freiburg-schwarzwald.de\/blog\/dreisamtalautoren-schlossebnet\/\">Dreisamtalautoren SchlossEbnet<\/a>\u00a0(15.12.2023)<\/li>\n<li><a href=\"https:\/\/www.freiburg-schwarzwald.de\/blog\/regio\/tal\/dreisamtal\/dreisamtal-migration\/\">Einwohnerversammlung Kirchzarten 8.11.2023 zur Fl\u00fcchtlingsunterbringung<\/a>\u00a0(15.11.2023)<\/li>\n<li><a href=\"https:\/\/www.freiburg-schwarzwald.de\/blog\/muehlentag-am-altenvogtshof\/\">M\u00fchlentag am Altenvogtshof<\/a>\u00a0(30.5.2023)<\/li>\n<li><a href=\"https:\/\/www.freiburg-schwarzwald.de\/blog\/selbsthilfe\/chronisch\/herz\/defibrillator\/\">Drei neue Defibrillatoren im Ortsteil Oberried-Zastler dank zahlreicher Spenden<\/a>\u00a0(25.1.2023)<\/li>\n<li><a href=\"https:\/\/www.freiburg-schwarzwald.de\/blog\/bruggaa-gasthaus-aus-holz-pur\/\">Bruggaa: Gasthaus aus Holz pur<\/a>\u00a0(14.12.2022)<\/li>\n<li><a href=\"https:\/\/www.freiburg-schwarzwald.de\/blog\/kirche-im-hochschwarzwald-de\/\">Kirche-im-Hochschwarzwald.de<\/a>\u00a0(13.10.2022)<\/li>\n<li><a href=\"https:\/\/www.freiburg-schwarzwald.de\/blog\/heimat-schauinsland-wetterbuchen\/\">Heimat Schauinsland Wetterbuchen<\/a>\u00a0(8.9.2021)<\/li>\n<li><a href=\"https:\/\/www.freiburg-schwarzwald.de\/blog\/kultur\/friedhoefe\/ruheberg\/\">Ruheberg bei Oberried \u2013 gepflegt von Carlos Cuellar Solis<\/a> (26.6.2021)<\/li>\n<li>Oberrieds Pfarrer Jos\u00e9 Cabral in Portugal verstorben (14.10.2020)<\/li>\n<li><a title=\"Hanspeter Schweizer \u2013 Nachruf\" href=\"https:\/\/www.freiburg-schwarzwald.de\/blog\/hanspeter-schweizer-nachruf\/\">Hanspeter Schweizer vom \u201cDreisamt\u00e4ler\u201d \u2013 ein Nachruf<\/a>\u00a0(6.8.2020)<\/li>\n<li>Ursulinenhof Oberried &#8211; Tagespflege (18.12.2019)<\/li>\n<li><a title=\"Dietenbach\" href=\"https:\/\/www.freiburg-schwarzwald.de\/blog\/regio\/orte\/kirchzarten\/dietenbach\/\">Krebspest in der Brugga: Lebensraum durch Menschen zerst\u00f6rt<\/a>\u00a0(23.8.2019)<\/li>\n<li><a title=\"Wiese\" href=\"https:\/\/www.freiburg-schwarzwald.de\/blog\/natur\/landwirt\/wiese\/\">Wiesenvielfalt: M\u00e4hdrescher trennt Samen von Schnittgut<\/a>\u00a0(1.8.2019)<\/li>\n<li><a href=\"https:\/\/www.freiburg-schwarzwald.de\/blog\/windkraft-oberried-brief-an-rp\/\">https:\/\/www.freiburg-schwarzwald.de\/blog\/windkraft-oberried-brief-an-rp\/<\/a> (10.5.2017)<\/li>\n<li><a title=\"IPC-Weltcup\" href=\"https:\/\/www.freiburg-schwarzwald.de\/blog\/selbsthilfe\/behinderung\/ipc-weltcup\/\">https:\/\/www.freiburg-schwarzwald.de\/blog\/biathlon-behinderte-weltcup\/<\/a> (15.1.2014)<\/li>\n<li><a href=\"https:\/\/www.freiburg-schwarzwald.de\/blog\/new-york-marathon-oberried\/\">https:\/\/www.freiburg-schwarzwald.de\/blog\/new-york-marathon-oberried\/<\/a>\u00a0(20.11.2013)<\/li>\n<li><a href=\"https:\/\/www.freiburg-schwarzwald.de\/blog\/oberried-peru-20-jahre-partner\/\">https:\/\/www.freiburg-schwarzwald.de\/blog\/oberried-peru-20-jahre-partner\/<\/a>\u00a0(25.10.2013)<\/li>\n<li><a href=\"https:\/\/www.freiburg-schwarzwald.de\/blog\/alemannische-woche-in-oberried\/\">https:\/\/www.freiburg-schwarzwald.de\/blog\/alemannische-woche-in-oberried\/<\/a>\u00a0(26.9.2013)<\/li>\n<li>Franz-Josef Winterhalter \u00fcbergibt Ratsschl\u00fcssel an\u00a0Klaus Vosberg (12.4.2013)<\/li>\n<li><a href=\"https:\/\/www.freiburg-schwarzwald.de\/blog\/oberried-bgm-winterhalter-erfolg\/\">https:\/\/www.freiburg-schwarzwald.de\/blog\/oberried-bgm-winterhalter-erfolg\/<\/a>\u00a0(28.3.2013)<\/li>\n<li><a href=\"https:\/\/www.freiburg-schwarzwald.de\/littenweiler\/oberried7.htm\">Aktuelles zur Oberried-Seite ab 10.2011<\/a> &gt;Oberried7<\/li>\n<li><a href=\"https:\/\/www.freiburg-schwarzwald.de\/littenweiler\/oberried6.htm\">Aktuelles zur Oberried-Seite ab 21.12.2006<\/a> &gt;Oberried6<\/li>\n<li><a href=\"https:\/\/www.freiburg-schwarzwald.de\/littenweiler\/oberried4.htm\">Aktuelles zur Oberried-Seite ab Ende September 2005<\/a> &gt;Oberried4 (28.9.2005)<\/li>\n<li><a href=\"https:\/\/www.freiburg-schwarzwald.de\/littenweiler\/oberried3.htm\">Aktuelles zur Oberried-Seite ab 1.4.2004<\/a> &gt;Oberried3<\/li>\n<li><a href=\"https:\/\/www.freiburg-schwarzwald.de\/littenweiler\/oberried2.htm\">Wilhelmitenkloster Oberried 300 Jahre alt<\/a> &gt;Oberried2 (21.1.2004)<\/li>\n<li><a href=\"https:\/\/www.freiburg-schwarzwald.de\/littenweiler\/oberried1.htm\">Aktuelles zur Oberried-Seite ab 1.4.2002<\/a> &gt;Oberried1<\/li>\n<li><\/li>\n<li><a href=\"https:\/\/www.freiburg-schwarzwald.de\/littenweiler\/oberried.htm#Oberried zwischen Dreisamtal und Schauinsland\"><strong>Oberried zwischen Dreisamtal und Schauinsland<\/strong><\/a><strong> &gt;Archivseite<\/strong><\/li>\n<li><a title=\"Alemannische-Woche-Oberried\" href=\"https:\/\/www.freiburg-schwarzwald.de\/blog\/kultur\/alemannisch\/alemannische-woche-oberried\/\">Alemannische Woche in Oberried &#8211; allj\u00e4hrlich im Herbst<\/a><\/li>\n<li><a href=\"https:\/\/www.freiburg-schwarzwald.de\/geologie.htm#Barbarastollen Schauinsland-Oberried: Kulturarchiv der BRD\">Barbarastollen Schauinsland-Oberried: Kulturarchiv der BRD<\/a> &gt;Geologie<\/li>\n<li><a href=\"https:\/\/www.freiburg-schwarzwald.de\/oberried5.htm\">Bauernh\u00f6fe (Fewo, Hofladen) in Oberried<\/a> &gt;freiburg-schwarzwald.de\/oberried5<\/li>\n<li><a href=\"https:\/\/www.freiburg-schwarzwald.de\/ipc-weltcup2010.htm\">Behinderten-Weltcup 2010<\/a> &gt;IPC-Weltcup2010<\/li>\n<li><a href=\"https:\/\/www.freiburg-schwarzwald.de\/littenweiler\/oberried.htm#Bildergalerie Oberried\">Bildergalerie Oberried<\/a><\/li>\n<li><a href=\"https:\/\/www.freiburg-schwarzwald.de\/littenweiler\/oberriederwasser.htm\">Bilder von B\u00e4chen um Oberried<\/a> &gt;OberriederWasser<\/li>\n<li><a href=\"https:\/\/www.freiburg-schwarzwald.de\/oberried5.htm\">Brauchtum, Direktvermarktung<\/a> &gt;frsw.de\/oberried5<\/li>\n<li><a href=\"https:\/\/www.freiburg-schwarzwald.de\/rappeneck.htm#Buchenwald zwischen Oberried und Rappeneck\">Buchenwald zwischen Oberried und Rappeneck<\/a> &gt;Rappeneck<\/li>\n<li><a href=\"https:\/\/www.freiburg-schwarzwald.de\/littenweiler\/oberried2.htm#Dorf aktuell ? Oberried: Kanalbau im Zastlertal\">Dorf aktuell: Oberried &#8211; Zastler, Tourismus, Strukturdebatte, Infrastruktur<\/a> &gt;Oberried2 (11.4.2004)<\/li>\n<li><\/li>\n<li><a href=\"https:\/\/www.freiburg-schwarzwald.de\/blog\/regio\/tal\/dreisamtal\/dreisamtal-bauern\/\">Dreisamtal-Bauern<\/a><\/li>\n<li><a href=\"https:\/\/www.freiburg-schwarzwald.de\/blog\/regio\/tal\/dreisamtal\/dreisamtal-migration\/\">Dreisamtal-Migration<\/a><\/li>\n<li><a href=\"https:\/\/www.freiburg-schwarzwald.de\/littenweiler\/events.htm\">Dreisamtal-Tourismus &#8211; Veranstaltungen<\/a>&gt;Events<\/li>\n<li><a href=\"https:\/\/www.freiburg-schwarzwald.de\/littenweiler\/oberried.htm#Ehrenamtliche Gestaltung der Gottesdienste in der Pfarrei Mari\u00e4 Kr\u00f6nung\">Ehrenamt-Team um Klara Schweizer gestaltet Gottesdienste in der Pfarrei Mari\u00e4 Kr\u00f6nung<\/a><\/li>\n<li><a href=\"https:\/\/www.freiburg-schwarzwald.de\/blog\/tourismus\/gastro\/huetten\/erlenbacher\/\">Erlenbacher H\u00fctte<\/a><\/li>\n<li><a href=\"https:\/\/www.freiburg-schwarzwald.de\/littenweiler\/oberried-fasnet.htm\">Fasnet in Oberried<\/a>&gt;Oberried-Fasnet<\/li>\n<li><a href=\"https:\/\/www.freiburg-schwarzwald.de\/oberried5.htm\">Ferien auf dem Bauernhof in Oberried<\/a>&gt;freiburg-schwarzwald.de\/oberried5<\/li>\n<li><a href=\"https:\/\/www.freiburg-schwarzwald.de\/littenweiler\/oberriedfewo.htm\">Ferienwohnungen in Oberried<\/a>&gt;OberriedFewo<\/li>\n<li><a href=\"https:\/\/www.freiburg-schwarzwald.de\/littenweiler\/oberriedfronleichnam.htm\">Fronleichnamsprozessionen<\/a>&gt;OberriedFronleichnam<\/li>\n<li><a href=\"https:\/\/www.freiburg-schwarzwald.de\/littenweiler\/oberried.htm#Gartenwirtschaften in Oberried\">Gartenwirtschaften in Oberried<\/a><\/li>\n<li><a href=\"https:\/\/www.freiburg-schwarzwald.de\/tiere.htm#Gemsen seit 60 Jahren im Zastler Tal\">Gemsen im Zastler Tal<\/a><\/li>\n<li><a title=\"Geroldstal\" href=\"https:\/\/www.freiburg-schwarzwald.de\/blog\/regio\/orte\/oberried\/geroldstal\/\">Geroldstal mit Dietenbach<\/a><\/li>\n<li><a href=\"https:\/\/www.freiburg-schwarzwald.de\/littenweiler\/oberried.htm#Gold am Goldberg von Oberried\">Gold am Goldberg<\/a><\/li>\n<li><a href=\"https:\/\/www.freiburg-schwarzwald.de\/littenweiler\/ehrenamt.htm#Heilpflanzengarten Oberried erfreut sich gr\u00f6\u00dfter Beliebheit\">Heilpflanzengarten Oberried im Bild<\/a>&gt;Ehrenamt<\/li>\n<li><a title=\"Hofsgrund\" href=\"https:\/\/www.freiburg-schwarzwald.de\/blog\/regio\/orte\/hofsgrund\/\">Hofsgrund &#8211; Ortsteil von Oberried oben am Schauinsland<\/a><\/li>\n<li><a href=\"https:\/\/www.freiburg-schwarzwald.de\/littenweiler\/oberried-kloster.htm#Klosterbibliothek\">Klosterbibliothek Oberried<\/a> &gt;Oberried-Kloster<\/li>\n<li><a href=\"https:\/\/www.freiburg-schwarzwald.de\/littenweiler\/oberried7.htm#Klosterscheune - B\u00fcrger- und Kulturhaus\">Klosterscheune &#8211; B\u00fcrger- und Kulturhaus<\/a> &gt;Oberried7<\/li>\n<li><a href=\"https:\/\/www.freiburg-schwarzwald.de\/littenweiler\/ehrenamt.htm#Kr\u00e4uter- und Heilpflanzengarten beim Kloster Oberried\">Kr\u00e4uter- und Heilpflanzengarten Oberried<\/a> &gt;Ehrenamt<\/li>\n<li><a href=\"https:\/\/www.freiburg-schwarzwald.de\/geologie.htm#Barbarastollen Schauinsland-Oberried: Kulturarchiv der BRD\">Kulturarchiv der BRD<\/a> &gt;Geologie<\/li>\n<li><a href=\"https:\/\/www.freiburg-schwarzwald.de\/littenweiler\/musik.htm#Kulturkreis Oberried - Konzert-im-Kloster.de\">Kulturkreis Oberried &#8211; Konzert-im-Kloster.de<\/a> &gt;Musik<\/li>\n<li><a href=\"https:\/\/www.freiburg-schwarzwald.de\/gasthaus.htm#Napf - Linde St.Wilhelmertal\">Linde\/Napf im St.Wilhelmertal<\/a><\/li>\n<li><a href=\"https:\/\/www.freiburg-schwarzwald.de\/littenweiler\/kirchen.htm#Mari\u00e4 Kr\u00f6nung in Oberried\">Maria Kr\u00f6nung &#8211; Kirche<\/a> &gt;Kirchen<\/li>\n<li><a href=\"https:\/\/www.freiburg-schwarzwald.de\/littenweiler\/oberried.htm#Michael-Schule\">Michael-Schule<\/a><\/li>\n<li><a href=\"https:\/\/www.freiburg-schwarzwald.de\/muehlen.htm#Oberried-V\u00f6rlinsbach: Altenvogtshofm\u00fchle\">M\u00fchle des Altenvogtshof<\/a> &gt;Muehlen<\/li>\n<li><a href=\"https:\/\/www.freiburg-schwarzwald.de\/littenweiler\/oberried.htm#Oberried's umfangreicher Veranstaltungskalender 2001\">Oberried&#8217;s umfangreicher Veranstaltungskalender<\/a> 2001 (25.1.01)<\/li>\n<li><a href=\"https:\/\/www.dreisamtal.de\/oberried\" target=\"_blank\" rel=\"noopener\">Oberried: Zur offiziellen Homepage<\/a> &gt;www.dreisamtal.de\/oberried<\/li>\n<li><a href=\"https:\/\/www.freiburg-schwarzwald.de\/littenweiler\/oberried.htm#Ortschronik von St. Wilhelm\">Ortschronik von St. Wilhelm<\/a>\u00a0 (3.1.2002)<\/li>\n<li><a href=\"https:\/\/www.freiburg-schwarzwald.de\/littenweiler\/hofsgrund.htm#Rainweg - Panoramaspaziergang am Schauinsland\">Rainweg in Hofsgrund am Schauinsland<\/a> &gt;Hofsgrund<\/li>\n<li><a title=\"Rappeneck\" href=\"https:\/\/www.freiburg-schwarzwald.de\/blog\/regio\/berge\/rappeneck\/\">Rappeneck zwischen Oberried und Schauinsland<\/a><\/li>\n<li><a href=\"https:\/\/www.freiburg-schwarzwald.de\/blog\/kultur\/friedhoefe\/ruheberg\/\">Ruheberg &#8211; Friedwald am Stollenbach<\/a><\/li>\n<li><a href=\"https:\/\/www.freiburg-schwarzwald.de\/schauinsland.htm\">Schauinsland<\/a><\/li>\n<li><a href=\"https:\/\/www.freiburg-schwarzwald.de\/littenweiler\/oberried.htm#Schl\u00f6ssle in Oberried - philosophieren, schreinern, b\u00fc\u00dfen\">Schl\u00f6ssle in Oberried &#8211; philosophieren, schreinern, b\u00fc\u00dfen<\/a> (3.9.2001)<\/li>\n<li><a href=\"https:\/\/www.freiburg-schwarzwald.de\/geologie.htm#St.Barbarastollen Oberried - Das allerletzte Archiv\">St.Barbarastollen\u00a0 &#8211; Das allerletzte Archiv<\/a> &gt;Geologie (13.11.2003)<\/li>\n<li><a title=\"StWilhelm\" href=\"https:\/\/www.freiburg-schwarzwald.de\/blog\/regio\/orte\/oberried\/stwilhelm\/\">St. Wilhelm &#8211; Tal am Fu\u00df des Feldbergs<\/a> &gt;StWilhelm<\/li>\n<li><a href=\"https:\/\/www.freiburg-schwarzwald.de\/stollenbacher.htm\">Stollenbacher Hof bzw. Stollenbacher H\u00fctte &#8211; die H\u00fctte nebenan <\/a>&gt;Stollenbacher (Archivseite)<\/li>\n<li><a href=\"https:\/\/www.freiburg-schwarzwald.de\/blog\/tourismus\/gastro\/huetten\/stollenbach\/\">Stollenbacherh\u00fctte\u00a0<\/a><\/li>\n<li><a href=\"https:\/\/www.freiburg-schwarzwald.de\/sanftertourismus1.htm#Tourismusstudie Schauinsland 2004 am Notschrei vorgestellt\">Tourismusstudie Schauinsland 2004 am Notschrei vorgestellt<\/a> &gt;SanfterTourismus1 (12.8.2004)<\/li>\n<li><a href=\"https:\/\/www.freiburg-schwarzwald.de\/littenweiler\/ehrenamt1.htm#Unfallhilfestelle Oberried - Rosa G\u00e4\u00df\">Unfallhilfestelle Oberried &#8211; Rosa G\u00e4\u00df<\/a> &gt;Ehrenamt1<\/li>\n<li><a href=\"https:\/\/www.freiburg-schwarzwald.de\/oberriedviehabtrieb.htm\">Viehabtrieb Erlenbach &#8211; Oberried<\/a> &gt;OberriedViehabtrieb (10.10.05)<\/li>\n<li><a title=\"Voerlinsbach\" href=\"https:\/\/www.freiburg-schwarzwald.de\/blog\/regio\/orte\/oberried\/voerlinsbach\/\">V\u00f6rlinsbach<\/a><\/li>\n<li><a title=\"Weilersbach\" href=\"https:\/\/www.freiburg-schwarzwald.de\/blog\/regio\/orte\/oberried\/weilersbach\/\">Weilersbach<\/a><\/li>\n<li><a href=\"https:\/\/www.freiburg-schwarzwald.de\/ipc-weltcup2010.htm\">Weltcup f\u00fcr Behinderte<\/a> &gt;IPC-Weltcup2010<\/li>\n<li><a href=\"https:\/\/www.freiburg-schwarzwald.de\/littenweiler\/oberried-kloster.htm\">Wilhelmitenkloster<\/a> &gt;Oberried-Kloster<\/li>\n<li><a href=\"https:\/\/www.freiburg-schwarzwald.de\/littenweiler\/oberried2.htm\">Wilhelmitenkloster Oberried 300 Jahre<\/a> &gt;Oberried2<\/li>\n<li><a href=\"https:\/\/www.freiburg-schwarzwald.de\/littenweiler\/oberried-winterberg.htm\">Winterberg oberhalb Oberried &#8211; Traumblick nach Norden<\/a> &gt;Oberried-Winterberg<\/li>\n<li><a title=\"Zastler\" href=\"https:\/\/www.freiburg-schwarzwald.de\/blog\/regio\/orte\/oberried\/zastler\/\">Zastler bzw. Zastlertal<\/a><\/li>\n<li><a href=\"https:\/\/www.freiburg-schwarzwald.de\/littenweiler\/theater.htm#Zastler Laienspieler 2002: Liebe Geld und falsche Wimpern\">Zastler Laienspielgruppe: Liebe, Geld und falsche Wimpern<\/a> &gt;Theater<\/li>\n<li><a href=\"https:\/\/www.freiburg-schwarzwald.de\/ziegen.htm\">Ziegenhof Zastler<\/a> &gt;Ziegen<\/li>\n<li><a href=\"https:\/\/www.freiburg-schwarzwald.de\/littenweiler\/oberried.htm#Links\">Links<\/a><\/li>\n<\/ul>\n<div id=\"attachment_11416\" style=\"width: 649px\" class=\"wp-caption alignnone\"><a href=\"https:\/\/www.freiburg-schwarzwald.de\/blog\/regio\/orte\/oberried\/oberried5pan1209\/\" rel=\"attachment wp-att-11416\"><img loading=\"lazy\" decoding=\"async\" aria-describedby=\"caption-attachment-11416\" class=\"size-full wp-image-11416\" title=\"oberried5pan1209\" src=\"https:\/\/www.freiburg-schwarzwald.de\/blog\/wp-content\/uploads\/2012\/04\/oberried5pan1209.jpg\" alt=\"\" width=\"639\" height=\"255\" srcset=\"https:\/\/www.freiburg-schwarzwald.de\/blog\/wp-content\/uploads\/2012\/04\/oberried5pan1209.jpg 639w, https:\/\/www.freiburg-schwarzwald.de\/blog\/wp-content\/uploads\/2012\/04\/oberried5pan1209-180x71.jpg 180w\" sizes=\"auto, (max-width: 639px) 100vw, 639px\" \/><\/a><p id=\"caption-attachment-11416\" class=\"wp-caption-text\">Blick vom Fu\u00df des Winterbergs nach Norden \u00fcber Oberried, Gewerbegebiet (rechts) und Kirchzarten zum Kandel am 11.9.2012<\/p><\/div>\n<p align=\"left\"><strong>Oberried<br \/>\n<\/strong>Oberried liegt im s\u00fcd\u00f6stlichen Ende des Kirchzartner Beckens im Dreisamtal. Oberried ist die fl\u00e4chenm\u00e4ssig gr\u00f6\u00dfte Dreisamtalgemeinde: Oberried reicht bis hoch zum Schauinsland (Hofsgrund), zu Tote Mann und zum Feldberg (Zastler).<\/p>\n<ul>\n<li>Oberried-Ort liegt ruhig am s\u00fcdlichen Rande des Dreisamtals.<\/li>\n<li>Der Ortsteil\u00a0<a href=\"https:\/\/www.freiburg-schwarzwald.de\/littenweiler\/geroldstal.htm\">Geroldstal<\/a> (im Nordwesten in Richtung Kirchzarten-Dietenbach.<\/li>\n<li>Der Ortsteil <a title=\"Hofsgrund\" href=\"https:\/\/www.freiburg-schwarzwald.de\/blog\/regio\/orte\/hofsgrund\/\">Hofsgrund<\/a> mit ca 500 Einwohnern hat alpinen Charakter, er wurde oben am Schauinsland im 13. Jahrhundert als Bergwerkssiedlung gegr\u00fcndet.<\/li>\n<li>Der Ortsteil <a href=\"https:\/\/www.freiburg-schwarzwald.de\/littenweiler\/stwilhelm.htm\">St. Wilhelm<\/a> ist ein fast unber\u00fchrtes Schwarzwaldtal, das nach S\u00fcdosten bis zum Feldberg und Tote Mann (links) f\u00fchrt &#8211; kaum besiedelt entlang des St.Wilhelmer Talbachs, aber mit guter Gastronomie.<\/li>\n<li>Der Ortsteil <a href=\"https:\/\/www.freiburg-schwarzwald.de\/littenweiler\/zastler.htm\">Zastler<\/a> mit dem Zastlerbach verl\u00e4uft n\u00f6rdlich zum St.Wilhelmer Tal &#8211; zwischen Tote Mann und Hinterwaldkopf (Kletterfelsen), bis hoch hinauf zum Rinken.<\/li>\n<li>Der Ortsteil <a href=\"https:\/\/www.freiburg-schwarzwald.de\/littenweiler\/voerlinsbach.htm\">V\u00f6rlinsbach<\/a>\u00a0, das sich nach S\u00fcden zum Dachsb\u00fchl hochzieht.<\/li>\n<li>Der Ortsteil\u00a0\u00a0<a title=\"Weilersbach\" href=\"https:\/\/www.freiburg-schwarzwald.de\/blog\/regio\/orte\/oberried\/weilersbach\/\">Weilersbach<\/a> , das sich nach Osten in Richtung Holzeck und Hinterwaldkopf hochzieht &#8211; zwischen Zastlertal und Kirchzarten.<\/li>\n<\/ul>\n<p>Oberried hat ungef\u00e4hr 2600 Einwohner auf \u00fcber 6700 ha Gemarkungsfl\u00e4che<br \/>\nH\u00f6he zwischen 450 und 1429 m.\u00fc.M.<br \/>\nTourist: Tel 07661\/930566, Fax 930588,<br \/>\nB\u00fcrgermeister Klaus Vosberg<br \/>\n<a href=\"mailto:tourist-info@oberried.de\">tourist-info@oberried.de<\/a>, <a href=\"https:\/\/www.dreisamtal.de\/oberried.htm\">www.dreisamtal.de\/oberried.htm<\/a><\/p>\n<p>&nbsp;<\/p>\n<p><strong>Bilder<\/strong><\/p>\n<h5><span style=\"color: #000000;\"><a href=\"https:\/\/www.freiburg-schwarzwald.de\/blog\/regio\/orte\/oberried\/oberried8schelb121022\/\" rel=\"attachment wp-att-13549\"><img loading=\"lazy\" decoding=\"async\" class=\"alignnone size-thumbnail wp-image-13549\" title=\"oberried8schelb121022\" src=\"https:\/\/www.freiburg-schwarzwald.de\/blog\/wp-content\/uploads\/2012\/04\/oberried8schelb121022-180x135.jpg\" alt=\"\" width=\"180\" height=\"135\" srcset=\"https:\/\/www.freiburg-schwarzwald.de\/blog\/wp-content\/uploads\/2012\/04\/oberried8schelb121022-180x135.jpg 180w, https:\/\/www.freiburg-schwarzwald.de\/blog\/wp-content\/uploads\/2012\/04\/oberried8schelb121022.jpg 640w\" sizes=\"auto, (max-width: 180px) 100vw, 180px\" \/><\/a>\u00a0\u00a0\u00a0\u00a0\u00a0\u00a0\u00a0\u00a0\u00a0 <a href=\"https:\/\/www.freiburg-schwarzwald.de\/blog\/regio\/orte\/oberried\/oberried11kuechlehof121022\/\" rel=\"attachment wp-att-13548\"><img loading=\"lazy\" decoding=\"async\" class=\"alignnone size-thumbnail wp-image-13548\" title=\"oberried11kuechlehof121022\" src=\"https:\/\/www.freiburg-schwarzwald.de\/blog\/wp-content\/uploads\/2012\/04\/oberried11kuechlehof121022-180x135.jpg\" alt=\"\" width=\"180\" height=\"135\" srcset=\"https:\/\/www.freiburg-schwarzwald.de\/blog\/wp-content\/uploads\/2012\/04\/oberried11kuechlehof121022-180x135.jpg 180w, https:\/\/www.freiburg-schwarzwald.de\/blog\/wp-content\/uploads\/2012\/04\/oberried11kuechlehof121022.jpg 640w\" sizes=\"auto, (max-width: 180px) 100vw, 180px\" \/><\/a>\u00a0\u00a0\u00a0\u00a0\u00a0\u00a0\u00a0\u00a0\u00a0 <a href=\"https:\/\/www.freiburg-schwarzwald.de\/blog\/regio\/orte\/oberried\/oberried10rinder121022\/\" rel=\"attachment wp-att-13547\"><img loading=\"lazy\" decoding=\"async\" class=\"alignnone size-thumbnail wp-image-13547\" title=\"oberried10rinder121022\" src=\"https:\/\/www.freiburg-schwarzwald.de\/blog\/wp-content\/uploads\/2012\/04\/oberried10rinder121022-180x138.jpg\" alt=\"\" width=\"180\" height=\"138\" srcset=\"https:\/\/www.freiburg-schwarzwald.de\/blog\/wp-content\/uploads\/2012\/04\/oberried10rinder121022-180x138.jpg 180w, https:\/\/www.freiburg-schwarzwald.de\/blog\/wp-content\/uploads\/2012\/04\/oberried10rinder121022-640x491.jpg 640w, https:\/\/www.freiburg-schwarzwald.de\/blog\/wp-content\/uploads\/2012\/04\/oberried10rinder121022.jpg 641w\" sizes=\"auto, (max-width: 180px) 100vw, 180px\" \/><\/a><br \/>\n(1) Nebel im Tal\u00a0 \u00a0 \u00a0 \u00a0 \u00a0 \u00a0 \u00a0 \u00a0 \u00a0 \u00a0 \u00a0 \u00a0 \u00a0 \u00a0 \u00a0 \u00a0 \u00a0 \u00a0 \u00a0 \u00a0 \u00a0 \u00a0 \u00a0 (2) K\u00fcchlehof\u00a0 \u00a0 \u00a0 \u00a0 \u00a0 \u00a0 \u00a0 \u00a0 \u00a0 \u00a0 \u00a0 \u00a0 \u00a0 \u00a0 \u00a0 \u00a0 \u00a0 \u00a0 \u00a0 \u00a0 \u00a0 \u00a0(3) V\u00f6rlinsbach<\/span><\/h5>\n<h5><span style=\"color: #000000;\"><a href=\"https:\/\/www.freiburg-schwarzwald.de\/blog\/regio\/orte\/oberried\/oberried9rinder121022\/\" rel=\"attachment wp-att-13546\"><img loading=\"lazy\" decoding=\"async\" class=\"alignnone size-thumbnail wp-image-13546\" title=\"oberried9rinder121022\" src=\"https:\/\/www.freiburg-schwarzwald.de\/blog\/wp-content\/uploads\/2012\/04\/oberried9rinder121022-180x135.jpg\" alt=\"\" width=\"180\" height=\"135\" srcset=\"https:\/\/www.freiburg-schwarzwald.de\/blog\/wp-content\/uploads\/2012\/04\/oberried9rinder121022-180x135.jpg 180w, https:\/\/www.freiburg-schwarzwald.de\/blog\/wp-content\/uploads\/2012\/04\/oberried9rinder121022.jpg 640w\" sizes=\"auto, (max-width: 180px) 100vw, 180px\" \/><\/a>\u00a0\u00a0\u00a0\u00a0\u00a0\u00a0\u00a0\u00a0\u00a0 <a href=\"https:\/\/www.freiburg-schwarzwald.de\/blog\/regio\/orte\/oberried\/oberried7weberhof121022\/\" rel=\"attachment wp-att-13545\"><img loading=\"lazy\" decoding=\"async\" class=\"alignnone size-thumbnail wp-image-13545\" title=\"oberried7weberhof121022\" src=\"https:\/\/www.freiburg-schwarzwald.de\/blog\/wp-content\/uploads\/2012\/04\/oberried7weberhof121022-180x135.jpg\" alt=\"\" width=\"180\" height=\"135\" srcset=\"https:\/\/www.freiburg-schwarzwald.de\/blog\/wp-content\/uploads\/2012\/04\/oberried7weberhof121022-180x135.jpg 180w, https:\/\/www.freiburg-schwarzwald.de\/blog\/wp-content\/uploads\/2012\/04\/oberried7weberhof121022-640x480.jpg 640w, https:\/\/www.freiburg-schwarzwald.de\/blog\/wp-content\/uploads\/2012\/04\/oberried7weberhof121022.jpg 1000w\" sizes=\"auto, (max-width: 180px) 100vw, 180px\" \/><\/a>\u00a0\u00a0\u00a0\u00a0\u00a0\u00a0\u00a0\u00a0\u00a0 <a href=\"https:\/\/www.freiburg-schwarzwald.de\/blog\/regio\/orte\/oberried\/oberried2kirnemartes121022\/\" rel=\"attachment wp-att-13544\"><img loading=\"lazy\" decoding=\"async\" class=\"alignnone size-thumbnail wp-image-13544\" title=\"oberried2kirnemartes121022\" src=\"https:\/\/www.freiburg-schwarzwald.de\/blog\/wp-content\/uploads\/2012\/04\/oberried2kirnemartes121022-180x135.jpg\" alt=\"\" width=\"180\" height=\"135\" srcset=\"https:\/\/www.freiburg-schwarzwald.de\/blog\/wp-content\/uploads\/2012\/04\/oberried2kirnemartes121022-180x135.jpg 180w, https:\/\/www.freiburg-schwarzwald.de\/blog\/wp-content\/uploads\/2012\/04\/oberried2kirnemartes121022.jpg 640w\" sizes=\"auto, (max-width: 180px) 100vw, 180px\" \/><\/a><br \/>\n(4) Nebelfreie K\u00fche 29.10.2012\u00a0 \u00a0 \u00a0 \u00a0 \u00a0 \u00a0 \u00a0 \u00a0 \u00a0 \u00a0 \u00a0 \u00a0 \u00a0 \u00a0(5) Blick \u00fcber den Weberhof\u00a0 \u00a0 \u00a0 \u00a0 \u00a0 (6) Kirnermartes<\/span><\/h5>\n<h5><span style=\"color: #000000;\"><a href=\"https:\/\/www.freiburg-schwarzwald.de\/blog\/regio\/orte\/oberried\/oberried1kirnemartes121022\/\" rel=\"attachment wp-att-13543\"><img loading=\"lazy\" decoding=\"async\" title=\"oberried1kirnemartes121022\" src=\"https:\/\/www.freiburg-schwarzwald.de\/blog\/wp-content\/uploads\/2012\/04\/oberried1kirnemartes121022-180x135.jpg\" alt=\"\" width=\"180\" height=\"135\" \/><\/a>\u00a0\u00a0\u00a0\u00a0\u00a0\u00a0\u00a0\u00a0\u00a0 <a href=\"https:\/\/www.freiburg-schwarzwald.de\/blog\/regio\/orte\/oberried\/oberried4ort1209\/\" rel=\"attachment wp-att-11422\"><img loading=\"lazy\" decoding=\"async\" class=\"alignnone size-thumbnail wp-image-11422\" title=\"oberried4ort1209\" src=\"https:\/\/www.freiburg-schwarzwald.de\/blog\/wp-content\/uploads\/2012\/04\/oberried4ort1209-180x135.jpg\" alt=\"\" width=\"180\" height=\"135\" srcset=\"https:\/\/www.freiburg-schwarzwald.de\/blog\/wp-content\/uploads\/2012\/04\/oberried4ort1209-180x135.jpg 180w, https:\/\/www.freiburg-schwarzwald.de\/blog\/wp-content\/uploads\/2012\/04\/oberried4ort1209.jpg 640w\" sizes=\"auto, (max-width: 180px) 100vw, 180px\" \/><\/a>\u00a0\u00a0\u00a0\u00a0\u00a0\u00a0\u00a0\u00a0\u00a0 <a href=\"https:\/\/www.freiburg-schwarzwald.de\/blog\/regio\/orte\/oberried\/oberried3ort1209\/\" rel=\"attachment wp-att-11421\"><img loading=\"lazy\" decoding=\"async\" class=\"alignnone size-thumbnail wp-image-11421\" title=\"oberried3ort1209\" src=\"https:\/\/www.freiburg-schwarzwald.de\/blog\/wp-content\/uploads\/2012\/04\/oberried3ort1209-180x135.jpg\" alt=\"\" width=\"180\" height=\"135\" srcset=\"https:\/\/www.freiburg-schwarzwald.de\/blog\/wp-content\/uploads\/2012\/04\/oberried3ort1209-180x135.jpg 180w, https:\/\/www.freiburg-schwarzwald.de\/blog\/wp-content\/uploads\/2012\/04\/oberried3ort1209.jpg 640w\" sizes=\"auto, (max-width: 180px) 100vw, 180px\" \/><\/a><br \/>\n(7) Der Nebel kommt\u00a0 \u00a0 \u00a0 \u00a0 \u00a0 \u00a0 \u00a0 \u00a0 \u00a0 \u00a0 \u00a0 \u00a0 \u00a0 \u00a0 \u00a0 \u00a0 \u00a0 \u00a0 \u00a0 \u00a0 (8) Oberried und Kirchzarten\u00a0 \u00a0 \u00a0 \u00a0 (9) Gl\u00fcckliche K\u00fche\u00a0<\/span><\/h5>\n<h5><span style=\"color: #000000;\"><a href=\"https:\/\/www.freiburg-schwarzwald.de\/blog\/regio\/orte\/oberried\/oberried2dreisamtal1209\/\" rel=\"attachment wp-att-11420\"><img loading=\"lazy\" decoding=\"async\" title=\"oberried2dreisamtal1209\" src=\"https:\/\/www.freiburg-schwarzwald.de\/blog\/wp-content\/uploads\/2012\/04\/oberried2dreisamtal1209-180x135.jpg\" alt=\"\" width=\"180\" height=\"135\" \/><\/a>\u00a0\u00a0\u00a0\u00a0\u00a0\u00a0\u00a0\u00a0\u00a0 <a href=\"https:\/\/www.freiburg-schwarzwald.de\/blog\/regio\/orte\/oberried\/oberried1voerlinsbach1209\/\" rel=\"attachment wp-att-11419\"><img loading=\"lazy\" decoding=\"async\" class=\"alignnone size-thumbnail wp-image-11419\" title=\"oberried1voerlinsbach1209\" src=\"https:\/\/www.freiburg-schwarzwald.de\/blog\/wp-content\/uploads\/2012\/04\/oberried1voerlinsbach1209-180x135.jpg\" alt=\"\" width=\"180\" height=\"135\" srcset=\"https:\/\/www.freiburg-schwarzwald.de\/blog\/wp-content\/uploads\/2012\/04\/oberried1voerlinsbach1209-180x135.jpg 180w, https:\/\/www.freiburg-schwarzwald.de\/blog\/wp-content\/uploads\/2012\/04\/oberried1voerlinsbach1209.jpg 640w\" sizes=\"auto, (max-width: 180px) 100vw, 180px\" \/><\/a>\u00a0\u00a0\u00a0\u00a0\u00a0\u00a0\u00a0\u00a0\u00a0\u00a0<a href=\"https:\/\/www.freiburg-schwarzwald.de\/blog\/regio\/orte\/oberried\/oberried1kirche121029\/\" rel=\"attachment wp-att-19110\"><img loading=\"lazy\" decoding=\"async\" class=\"alignnone size-thumbnail wp-image-19110\" title=\"oberried1kirche121029\" src=\"https:\/\/www.freiburg-schwarzwald.de\/blog\/wp-content\/uploads\/2012\/04\/oberried1kirche121029-180x135.jpg\" alt=\"\" width=\"180\" height=\"135\" srcset=\"https:\/\/www.freiburg-schwarzwald.de\/blog\/wp-content\/uploads\/2012\/04\/oberried1kirche121029-180x135.jpg 180w, https:\/\/www.freiburg-schwarzwald.de\/blog\/wp-content\/uploads\/2012\/04\/oberried1kirche121029.jpg 640w\" sizes=\"auto, (max-width: 180px) 100vw, 180px\" \/><\/a><br \/>\n(10) Str\u00e4\u00dfchen zur Erlenbacher\u00a0 \u00a0 \u00a0 \u00a0 \u00a0 \u00a0 \u00a0 \u00a0 \u00a0 \u00a0 \u00a0 (11) V\u00f6rlinsbach\u00a0 \u00a0 \u00a0 \u00a0 \u00a0 \u00a0 \u00a0 \u00a0 \u00a0 \u00a0 (12) Kirche am 29.10.2012<\/span><\/h5>\n<h5><span style=\"color: #000000;\"><a href=\"https:\/\/www.freiburg-schwarzwald.de\/blog\/regio\/orte\/oberried\/oberried2ersterschnee121029\/\" rel=\"attachment wp-att-19111\"><img loading=\"lazy\" decoding=\"async\" class=\"alignnone size-thumbnail wp-image-19111\" title=\"oberried2ersterschnee121029\" src=\"https:\/\/www.freiburg-schwarzwald.de\/blog\/wp-content\/uploads\/2012\/04\/oberried2ersterschnee121029-180x135.jpg\" alt=\"\" width=\"180\" height=\"135\" srcset=\"https:\/\/www.freiburg-schwarzwald.de\/blog\/wp-content\/uploads\/2012\/04\/oberried2ersterschnee121029-180x135.jpg 180w, https:\/\/www.freiburg-schwarzwald.de\/blog\/wp-content\/uploads\/2012\/04\/oberried2ersterschnee121029.jpg 640w\" sizes=\"auto, (max-width: 180px) 100vw, 180px\" \/><\/a>\u00a0\u00a0\u00a0\u00a0\u00a0\u00a0\u00a0\u00a0\u00a0\u00a0 <a href=\"https:\/\/www.freiburg-schwarzwald.de\/blog\/regio\/orte\/oberried\/oberried3herbstlaub121029\/\" rel=\"attachment wp-att-19112\"><img loading=\"lazy\" decoding=\"async\" class=\"alignnone size-thumbnail wp-image-19112\" title=\"oberried3herbstlaub121029\" src=\"https:\/\/www.freiburg-schwarzwald.de\/blog\/wp-content\/uploads\/2012\/04\/oberried3herbstlaub121029-180x135.jpg\" alt=\"\" width=\"180\" height=\"135\" srcset=\"https:\/\/www.freiburg-schwarzwald.de\/blog\/wp-content\/uploads\/2012\/04\/oberried3herbstlaub121029-180x135.jpg 180w, https:\/\/www.freiburg-schwarzwald.de\/blog\/wp-content\/uploads\/2012\/04\/oberried3herbstlaub121029.jpg 640w\" sizes=\"auto, (max-width: 180px) 100vw, 180px\" \/><\/a>\u00a0\u00a0\u00a0\u00a0\u00a0\u00a0\u00a0\u00a0\u00a0 <a href=\"https:\/\/www.freiburg-schwarzwald.de\/blog\/regio\/orte\/oberried\/oberried4kindergarten121029\/\" rel=\"attachment wp-att-19113\"><img loading=\"lazy\" decoding=\"async\" class=\"alignnone size-thumbnail wp-image-19113\" title=\"oberried4kindergarten121029\" src=\"https:\/\/www.freiburg-schwarzwald.de\/blog\/wp-content\/uploads\/2012\/04\/oberried4kindergarten121029-180x138.jpg\" alt=\"\" width=\"180\" height=\"138\" srcset=\"https:\/\/www.freiburg-schwarzwald.de\/blog\/wp-content\/uploads\/2012\/04\/oberried4kindergarten121029-180x138.jpg 180w, https:\/\/www.freiburg-schwarzwald.de\/blog\/wp-content\/uploads\/2012\/04\/oberried4kindergarten121029.jpg 638w\" sizes=\"auto, (max-width: 180px) 100vw, 180px\" \/><\/a><br \/>\n(13) Erster Schnee\u00a0\u00a029.10.2012\u00a0 \u00a0 \u00a0 \u00a0 \u00a0 \u00a0 \u00a0 \u00a0 \u00a0 \u00a0 \u00a0 \u00a0 (14) Herbstlaub und Schnee\u00a0 \u00a0 (15) Kindergarten<\/span><\/h5>\n<h5><span style=\"color: #000000;\"><a href=\"https:\/\/www.freiburg-schwarzwald.de\/blog\/regio\/orte\/oberried\/oberried5laub-schnee121029\/\" rel=\"attachment wp-att-19114\"><img loading=\"lazy\" decoding=\"async\" class=\"alignnone size-thumbnail wp-image-19114\" title=\"oberried5laub-schnee121029\" src=\"https:\/\/www.freiburg-schwarzwald.de\/blog\/wp-content\/uploads\/2012\/04\/oberried5laub-schnee121029-180x135.jpg\" alt=\"\" width=\"180\" height=\"135\" srcset=\"https:\/\/www.freiburg-schwarzwald.de\/blog\/wp-content\/uploads\/2012\/04\/oberried5laub-schnee121029-180x135.jpg 180w, https:\/\/www.freiburg-schwarzwald.de\/blog\/wp-content\/uploads\/2012\/04\/oberried5laub-schnee121029.jpg 640w\" sizes=\"auto, (max-width: 180px) 100vw, 180px\" \/><\/a>\u00a0\u00a0\u00a0\u00a0\u00a0\u00a0\u00a0\u00a0\u00a0\u00a0\u00a0\u00a0<a href=\"https:\/\/www.freiburg-schwarzwald.de\/blog\/regio\/orte\/oberried\/oberried-rombachhof130715\/\" rel=\"attachment wp-att-34906\"><img loading=\"lazy\" decoding=\"async\" title=\"oberried-rombachhof130715\" src=\"https:\/\/www.freiburg-schwarzwald.de\/blog\/wp-content\/uploads\/2012\/04\/oberried-rombachhof130715-180x135.jpg\" alt=\"\" width=\"180\" height=\"135\" \/><\/a><br \/>\n(15) Klostergarten Oberried 29.10.12\u00a0 \u00a0 (16) Blick auf Oberried am 15.7.13<\/span><\/h5>\n<p>(1) Blick vom V\u00f6rlinsberg nach Westen am 22.10.2012 &#8211; Haus Schelb<br \/>\n(2) Blick vom V\u00f6rlinsberg nach Osten zum K\u00fcchlehof am 22.10.2012<br \/>\n(3) Blick vom V\u00f6rlinsberg nach Westen am 22.10.2012 &#8211; Oberried im Nebel<br \/>\n(4) Blick vom V\u00f6rlinsberg nach Norden am 22.10.2012 &#8211; nebelfreie Rinder<br \/>\n(5) Blick vom V\u00f6rlinsberg nach Norden \u00fcbers neblige Dreisamtal am 22.10.2012 &#8211; vorne der Weberhof<br \/>\n(6) Blick vom V\u00f6rlinsberg nach Westen am 22.10.2012 zu Maierhof (links) und Kirnermartes<br \/>\n(8) Oberried am 11.9.2012 &#8211; Blick nach Nordwesten<br \/>\n(9) Oberried am 11.9.2012<br \/>\n(10) Oberried am 11.9.2012 &#8211; Blick oberhalb V\u00f6rlinsbach nach Nordwesten<br \/>\n(11) Oberried am 11.9.2012 &#8211; Blick vom Geroldstal nach S\u00fcdosten auf V\u00f6rlinsbach<br \/>\n(12 &#8211; 15) Erster fr\u00fcher Schnee am 29.10.2012: Herbstlaub auf wei\u00dfem Schnee in Oberried<br \/>\n(16) Blick nach Nordosten \u00fcber Oberried und Rombachhof (rechts) hoch zum H\u00e4usleberg am 15.7.2013 abends<\/p>\n<p>Mehr <a title=\"Nebel\" href=\"https:\/\/www.freiburg-schwarzwald.de\/blog\/natur\/nebel\/\">Nebel-Bilder<\/a> zu Oberried.<\/p>\n<div id=\"attachment_34903\" style=\"width: 649px\" class=\"wp-caption alignnone\"><a href=\"https:\/\/www.freiburg-schwarzwald.de\/blog\/regio\/orte\/oberried\/oberried-rombachhof-pan130715\/\" rel=\"attachment wp-att-34903\"><img loading=\"lazy\" decoding=\"async\" aria-describedby=\"caption-attachment-34903\" class=\"size-full wp-image-34903\" title=\"oberried-rombachhof-pan130715\" src=\"https:\/\/www.freiburg-schwarzwald.de\/blog\/wp-content\/uploads\/2012\/04\/oberried-rombachhof-pan130715.jpg\" alt=\"\" width=\"639\" height=\"203\" srcset=\"https:\/\/www.freiburg-schwarzwald.de\/blog\/wp-content\/uploads\/2012\/04\/oberried-rombachhof-pan130715.jpg 639w, https:\/\/www.freiburg-schwarzwald.de\/blog\/wp-content\/uploads\/2012\/04\/oberried-rombachhof-pan130715-180x57.jpg 180w\" sizes=\"auto, (max-width: 639px) 100vw, 639px\" \/><\/a><p id=\"caption-attachment-34903\" class=\"wp-caption-text\">Blick nach Nordosten \u00fcber Oberried und Rombachhof (rechts) hoch zum H\u00e4usleberg am 15.7.2013 abends<\/p><\/div>\n<p>=============================================================<\/p>\n<p>&nbsp;<\/p>\n<p><strong>Gegen den Trend \u2013 Oberried plant f\u00fcr 2026 mit einem ausgeglichenen Haushalt<\/strong><br \/>\nFast 90 Prozent der Gemeinden in Baden-W\u00fcrttemberg k\u00f6nnen keinen ausgeglichenen Haushalt mehr vorlegen. Bei den Landkreisen sieht es nicht viel besser aus. Oberried geh\u00f6rt zu dem immer kleiner werdenden Teil der Kommunen, in denen das anders ist. Nach der Haushaltslesung im Dezember hat der Gemeinderat am Montag das Zahlenwerk ohne weitere Diskussion einstimmig verabschiedet und die p\u00fcnktlich um 19.30 Uhr er\u00f6ffnete Sitzung inklusive Begr\u00fc\u00dfung, Bekanntmachungen und fragenloser Frageviertelstunde um 19.41 Uhr beendet. Macht 11 Minuten und damit die Einstellung des bisherigen Eiltemporekords.<br \/>\n&#8230;<br \/>\nDie Zahlen<br \/>\nViel ver\u00e4ndert hat sich zu den im Dezember vorgestellten Zahlen nicht. Die erst danach verabschiedete Erh\u00f6hung der Umlage an den Landkreis schl\u00e4gt f\u00fcr Oberried mit einem Plus von 1500 Euro zu Buche. Da der Oberrieder Ursulinenhof, eine Aussch\u00fcttung angek\u00fcndigt habe und die Gemeinde als Gesellschafter in deren Genuss komme werde, k\u00f6nne auf diese Weise die gestiegene Abgabe an den Kreis auf jeden Fall ausgeglichen werden, sagte B\u00fcrgermeister Klaus Vosberg.<br \/>\nDamit geht Oberried mit folgender Finanzplanung in das Jahr 2026. <em><strong>Ertr\u00e4gen von 8.976.213 Millionen Euro stehen Ausgaben von 8.975.858 gegen\u00fcber, so dass unter Strich als veranschlagtes Gesamtergebnis ein Plus von 335 Euro steht.<\/strong><\/em><\/p>\n<p>Investieren will die Gemeinde eine gute Million Euro. Der Gro\u00dfteil flie\u00dft in die Sanierung der Hauptstra\u00dfe &#8211; die Arbeiten werden diese Woche wieder aufgenommen, sagte B\u00fcrgermeister Klaus Vosberg und wies auf eine Informationsveranstaltung am Mittwoch, 21. Januar, um 19.30 Uhr in der Goldberghalle hin. An dem Abend sollen die weitere Planung, der Zeitplan und die Auswirkungen auf den Stra\u00dfenverkehr den B\u00fcrgerinnen und B\u00fcrgern erl\u00e4utert werden. Investiert werden soll unter anderem auch in ein neues Fahrzeug f\u00fcr den Bauhof, in den Ursulinenhof und in die Umr\u00fcstung der Feuerwehr auf Digitalfunk. F\u00fcr die Digitalfunkumr\u00fcstung und die Sanierung der Hauptstra\u00dfe kann die Gemeinde mit F\u00f6rdermitteln rechnen. Um investieren zu k\u00f6nnen, sind Kredite n\u00f6tig. 448.690 Euro sind vorgesehen. F\u00fcr die Tilgung greift die Gemeinde auf ihr Verm\u00f6gen zur\u00fcck. Diese reduziert die liquiden Mittel um 41.400 Euro auf rund 483.000 Euro. Auch wenn die R\u00fccklagen somit weiter abnehmen, verf\u00fcgt Oberried im Gegensatz zu vielen anderen Gemeinden in Baden-W\u00fcrttemberg also immer noch \u00fcber eigenes Geld.<\/p>\n<p>&#8230; Alles vom 14.1.2026 von Peter Disch bitte lesen auf<br \/>\n<a href=\"https:\/\/www.badische-zeitung.de\/gegen-den-trend-oberried-plant-fuer-2026-mit-einem-ausgeglichenen-haushalt\">https:\/\/www.badische-zeitung.de\/gegen-den-trend-oberried-plant-fuer-2026-mit-einem-ausgeglichenen-haushalt<\/a><\/p>\n<p>&nbsp;<\/p>\n<p><strong>A-Cappella-Gruppe Ohrw\u00fcrmer am 8.11. in Klosterschiire Oberried<\/strong><br \/>\nIhre Fans warten schon sehns\u00fcchtig darauf. Endlich kommt es am Samstag, dem 8. November 2025 ab 20.30 Uhr, Einlass ist bereits ab 20 Uhr, wieder zum j\u00e4hrlichen Heimspiel der Oberrieder \u201eOhrw\u00fcrmer\u201c in der Klosterschiire. Im B\u00fcrgersaal k\u00f6nnen sich die Besucherinnen und Besucher auf das gute Dutzend A-Cappella-M\u00e4nner freuen.<br \/>\nMit ihrer unverwechselbaren Mischung aus mehrstimmigem <a href=\"https:\/\/www.freiburg-schwarzwald.de\/blog\/vereine\/musikvereine\/gesang\/\">Gesang<\/a>, Wortwitz und B\u00fchnenshow \u00fcberzeugt die Gruppe des M\u00e4nnergesangvereins \u201eSchwarzwald\u201c Oberried seit fast 20 Jahren \u00fcber die Grenzen des Dreisamtals hinaus.<br \/>\nAuch diesmal ist ab 19.30 Uhr ein \u201eBuntes Finger-Food-Buffet\u201c aus eigener Produktion in der Marktscheune im Eintrittspreis inbegriffen! Karten zu 22.- Euro sind im Vorverkauf \u2013 unbedingt zu empfehlen \u2013 bei der Tourist-Info in Kirchzarten sowie bei der B\u00e4ckerei Steimle und bei Getr\u00e4nke Z\u00e4hringer in Oberried zu erhalten. Die Abendkasse \u00f6ffnet um 19 Uhr \u2013 vielleicht gibt es noch Restkarten f\u00fcr 24.- Euro. Mehr zum M\u00e4nnergesangverein Oberried unter <a href=\"https:\/\/www.mgv-oberried.de\/62\/ohrwuermer\">https:\/\/www.mgv-oberried.de\/62\/ohrwuermer<\/a><br \/>\n22.10.2025, Gerhard L\u00fcck<\/p>\n<p>&nbsp;<\/p>\n<p><strong>Kunsthandwerkertag am 27.7.2025 an der Klosterschiire\u00a0<\/strong><br \/>\nIn und um die Klosterschiire findet am Sonntag, dem 27. Juli 2025, von 11 \u2013 18 Uhr der weit \u00fcber die Grenzen des Dreisamtales beliebte und bekannte Kunsthandwerkertag statt. Wer Individuelles, Modisches, Extravagantes, K\u00fcnstlerisches f\u00fcr sich, f\u00fcr seine Wohnung oder den Garten sucht, findet hier garantiert etwas! Die Gemeinde Oberried veranstaltet diesen Schwarzw\u00e4lder Kunsthandwerkertag bereits zum 14. Mal.<br \/>\nIn und um die Klosterschiire wird neben ausgefallenem Kunsthandwerk auch alte Handwerkskunst, verschiedene Sticktechniken, Drechseln und vieles mehr angeboten. Gerne darf man auch dem einen oder anderen Handwerker \u00fcber die Schultern blicken und bei der Herstellung zuschauen. Auch f\u00fcr das leibliche Wohl ist gesorgt.<\/p>\n<p>Bitte bei der Anreise die Ersatz-Bushaltestellen an den beiden Ortseing\u00e4ngen beachten. Baustelleninfo unter www.oberried.de. Weitere Informationen unter <a href=\"https:\/\/www.kunsthandwerkertag-oberried.de\">https:\/\/www.kunsthandwerkertag-oberried.de<\/a>.<br \/>\n10.7.2025<\/p>\n<p>&nbsp;<\/p>\n<p><strong>Oberrieds Pfarrer Jos\u00e9 Cabral in Portugal verstorben<\/strong><br \/>\n<em>Fast zwanzig Jahre leitete der beliebte Geistliche die Pfarrei Maria Kr\u00f6nung in Oberried<\/em><br \/>\nOberried (gl\u00fc.) Aus Guarda in Portugal kam jetzt die traurige Nachricht, dass am 9. Oktober 2020 Pater Jos\u00e9 Cabral MSJ im Alte r von 84 Jahren im Krankenhaus in Guarda verstorben ist. Bereits am 11. Oktober wurde er in seinem Geburtsort Fiaes\/ Trancoso beigesetzt. Nach fast zwanzig segensreichen Jahren in Oberried und Hofsgrund hatte ihn 2014 seine Familie gesundheitsbedingt in seine portugiesische Heimat geholt. Dort kam er in das Pflegeheim in Guarda, das er selbst mit aufgebaut hatte. Pater Jos\u00e9 Salvador Cabral da Costa MSJ, so sein vollst\u00e4ndiger Name, wurde am 1. Juni 1936 in Fiaes\/Trancoso (Portugal) als \u00c4ltester von neun Geschwistern geboren. Zun\u00e4chst studierte Cabral in Guarda (Portugal) Philosophie, um dann nach dem Ordenseintritt bei den Missionaren vom Hl. Johannes in Leutesdorf an der Johannes Gutenberg-Universit\u00e4t in Mainz Theologie zu studieren. Am 29. Juli 1962 weihte ihn Hermann Kardinal Volk im Mainzer Dom zum Priester.<\/p>\n<p><a href=\"https:\/\/www.freiburg-schwarzwald.de\/blog\/pfarrer-cabral-weg-von-oberried\/cabral-oberried1404\/\" rel=\"attachment wp-att-47630\"><img loading=\"lazy\" decoding=\"async\" class=\"alignnone size-thumbnail wp-image-47630\" src=\"https:\/\/www.freiburg-schwarzwald.de\/blog\/wp-content\/uploads\/2014\/05\/cabral-oberried1404-140x180.jpg\" alt=\"cabral-oberried1404\" width=\"140\" height=\"180\" srcset=\"https:\/\/www.freiburg-schwarzwald.de\/blog\/wp-content\/uploads\/2014\/05\/cabral-oberried1404-140x180.jpg 140w, https:\/\/www.freiburg-schwarzwald.de\/blog\/wp-content\/uploads\/2014\/05\/cabral-oberried1404.jpg 498w\" sizes=\"auto, (max-width: 140px) 100vw, 140px\" \/><\/a>\u00a0\u00a0<strong>\u00a0<\/strong>Pfarrer Jos\u00e9 Cabral<br \/>\n.<br \/>\nVerschiedene seelsorgliche Aufgaben, u.a. auch f\u00fcr seine portugiesischen Landsleute, f\u00fchrten ihn in die Di\u00f6zesen Mainz, Trier, Speyer und Limburg. Von 1975 bis 1983 war er Pfarrer in Offenbach. Dann erhielt er einen Ruf als Caritasdirektor in die Heimat nach Guarda sowie zur U in Br\u00fcssel. Nach einem kurzen Engagement in Afrika kam Jos\u00e9 Cabral am 11. November 1995 als Pfarrer nach Oberried und Hofsgrund. Eigentlich war Oberried nur f\u00fcr drei Monate geplant. Doch der lebensfrohe und kommunikative S\u00fcdl\u00e4nder wurde schnell mit den Menschen im Schwarzwald vertraut und blieb fast zwanzig Jahre hier. Er habe in Oberried eine Seelsorge mit Herz verwirklicht. Stets brachte er sich mit seiner s\u00fcdlichen Lebensart ein und hatte eine lockere Off enheit, nicht streng nach dem Protokoll, erinnern sich Wegbegleiterinnen aus Oberried. Cabral habe Oberried, das Kloster und sein Pfarrhaus geliebt und sich mit Herz und Hand eingebracht. Seit November 1998 war Pfarrer Cabral auch f\u00fcr die Seelsorge der Portugiesen in Freiburg und S\u00fcdbaden verantwortlich. Diese Aufgabe habe er wunderbar mit seiner Pfarrarbeit verbunden und manches portugiesische Fest gemeinsam mit den Oberriedern gefeiert. Bundesweit kam Jos\u00e9 Cabral in die Medien, als er mit interessierten Menschen aus dem Dreisamtal die Oberrieder Klosterbibliothek mit der weltweit gr\u00f6\u00dften F\u00fcrstabtGerber-Sammlung \u00f6ffnete und den Verein der Freunde der Klosterbibliothek erm\u00f6glichte. Als Tierfreund hielt er im Klostergarten einen Esel und zwei Lamas \u2013 sehr zur Freude vieler Kinder. Die Begegnung mit den Menschen war Cabral\u2018s gro\u00dfe Leidenschaft. Die Peru-Partnerschaft der Oberrieder unterst\u00fctzte er und besuchte selbst einmal die Partnerpfarrei in Mollende. Bei der Caritas-Solidarit\u00e4tsaktion \u201eEine Million Sterne\u201c war er von Anfang an dabei. Seine Primizspruch \u201eNot sehen und handeln\u201c bestimmte immerzu sein priesterliches Handeln. Die Gemeinde Oberried blieb nach seinem Weggang 2014 freundschaftlich mit ihm verbunden und hielt den Kontakt per Telefon, Post und mit Besuchen vor Ort lebendig.<br \/>\n&#8230; Alles vom 14.10.2020 von Gerhard L\u00fcck bitte lesen im Dreisamt\u00e4ler, Seite 6<br \/>\n.<\/p>\n<p>&nbsp;<\/p>\n<p><strong>Ursulinenhof Oberried &#8211; Tagespflege<\/strong><br \/>\nDie Tagespflege im Ursulinenhof \u00f6ffnet am 28. 12. ihre T\u00fcren. Ziel der B\u00fcrgergemeinschaft ist es, dass die Tagespfl ege ein Ort des Miteinanders und des Wohlf\u00fchlens f\u00fcr G\u00e4ste wie Mitarbeitende wird. Von 10-16 Uhr k\u00f6nnen sich Interessierte die wundersch\u00f6nen R\u00e4umlichkeiten anschauen und einen Eindruck von einem Tagesablauf in der Tagepfl ege bekommen. Selbstverst\u00e4ndlich stehen die Mitarbeitenden der Tagespfl ege auch f\u00fcr Gespr\u00e4che und Beratung zur Verf\u00fcgung. Aktuell haben sich schon Tagesg\u00e4ste aus allen Dreisamtalgemeinden angemeldet, die morgens von zu Hause abgeholt und nachmittags wieder nach Hause gebracht werden. Noch sind weitere Pl\u00e4tze frei. Tags\u00fcber sind die G\u00e4ste gut betreut, k\u00f6nnen Kontakte pfl egen und an Aktivit\u00e4ten teilnehmen \u2013 oder sich auch zur\u00fcckziehen. Abends sind sie wieder daheim in ihrer vertrauten Umgebung. Damit werden Angeh\u00f6rige entlastet und der Vereinsamung wird entgegengewirkt. 16 barrierefreie Pl\u00e4tze stehen von Mo. bis Fr. von 8.30-17 Uhr zur Verf\u00fcgung. Es k\u00f6nnen einzelne Tage gebucht werden. Die Pflegeversicherung \u00fcbernimmt in den meisten F\u00e4llen den Gro\u00dfteil der Kosten, sodass der Eigenanteil gering ist. Auch in der Wohngemeinschaft, in der die Bewohner*innen rund um die Uhr versorgt und betreut werden, sind noch wenige Pl\u00e4tze frei. Kommen Sie vorbei, stillen Sie Ihre Neugier, bevor am 7. Januar die Tagespfl ege offi ziell startet. Wir informieren und beraten Sie gerne.<br \/>\nKontakt und Information:<br \/>\nLucia Eitenbichler, lucia.eitenbichler@oberried.de;<br \/>\n&#8211;<br \/>\n<strong>Wirte unterst\u00fctze die Tagespflegeeinrichtung<\/strong><br \/>\nGanz besonders freut sich die B\u00fcrgergemeinschaft \u00fcber das Engagement der Oberrieder Wirte, die sich ganz nach dem Motto \u201eEssen h\u00e4lt Leib und Seele zusammen\u201c dazu entschlossen haben, die Tagespflegeg\u00e4ste im Ursulinenhof abwechselnd mit einem leckeren warmen Mittagessen zu verw\u00f6hnen. Mit dabei sind:<br \/>\nGasthaus Goldener Adler<br \/>\nGasthaus Hirschen<br \/>\nGasthof Zum Hof<br \/>\nGasthaus Zum Sch\u00fctzen<br \/>\nGasthaus Sternen Post<br \/>\nDorfsch\u00e4nke<br \/>\nAltenvogtshof<br \/>\nDieses sch\u00f6ne Zeichen der Unterst\u00fctzung und Wertsch\u00e4tzung freut die B\u00fcrgergemeinschaft sehr. So wird nicht nur Leib und Seele zusammengehalten, sondern auch die ganze Gemeinschaft.<br \/>\n18.12.2019, <a href=\"https:\/\/www.dreisamtaeler.de\">https:\/\/www.dreisamtaeler.de<\/a><\/p>\n<p>&nbsp;<\/p>\n<p>&nbsp;<\/p>\n<p><strong>Franz-Josef Winterhalter \u00fcbergibt Ratsschl\u00fcssel an\u00a0Klaus Vosberg<\/strong><\/p>\n<p>Seit vergangenem Freitag 5.4.2013 \u00a0ist Oberrieds neuer B\u00fcrgermeister Klaus Vosberg (r.) im Amt. In Anwesenheit von Gemeinder\u00e4ten, Ortsvorstehern, Rathausmitarbeitern und Pfarrer Jos\u00e9 Cabral \u00fcbergab \u201eAltb\u00fcrgermeister\u201c Franz-Josef Winterhalter (l.) in seinem ehemaligen Amtszimmer die Rathausschl\u00fcssel, zwei B\u00fcrgermeisterketten (eine noch aus badischer Zeit!), eine Oberrieder Geschichte sowie \u2013 wie es sich f\u00fcr den Pr\u00e4si der \u201eMuettersproch-Gsellschaft\u201c ziemt \u2013 ein \u201eAlemannisches W\u00f6rterbuch\u201c. \u201eSie \u00fcbernehmen keine leichte Aufgabe\u201c, sagte Winterhalter, \u201eaber eine lohnenswerte.\u201c Seine Stellvertreterin Martha Riesterer erkl\u00e4rte, dass Vosberg \u201eein wohlbestelltes Feld vom Vorg\u00e4nger\u201c \u00fcbern\u00e4hme und versprach die Unterst\u00fctzung des Gemeinderates. Hauptamtsleiter Ralph Kaiser beteuerte, dass die Rathausmitarbeiter den neuen Chef unterst\u00fctzen wollen und ihm bei Kummer auch gute Kollegen seien. Patrick Rapp machte deutlich, dass der B\u00fcrgermeister f\u00fcr alle da sei. Das versprach Vosberg: \u201eMeine B\u00fcrot\u00fcr steht immer offen.\u201c Am gestrigen Dienstagabend legte Vosberg im Gemeinderat seinen Amtseid ab. (Der \u201eDreisamt\u00e4ler\u201c berichtet n\u00e4chste Woche.)<\/p>\n<p><a href=\"https:\/\/www.freiburg-schwarzwald.de\/blog\/regio\/orte\/oberried\/oberried-vosberg1304\/\" rel=\"attachment wp-att-27122\"><img loading=\"lazy\" decoding=\"async\" class=\"alignnone size-thumbnail wp-image-27122\" title=\"oberried-vosberg1304\" src=\"https:\/\/www.freiburg-schwarzwald.de\/blog\/wp-content\/uploads\/2012\/04\/oberried-vosberg1304-180x120.jpg\" alt=\"\" width=\"180\" height=\"120\" srcset=\"https:\/\/www.freiburg-schwarzwald.de\/blog\/wp-content\/uploads\/2012\/04\/oberried-vosberg1304-180x120.jpg 180w, https:\/\/www.freiburg-schwarzwald.de\/blog\/wp-content\/uploads\/2012\/04\/oberried-vosberg1304.jpg 640w\" sizes=\"auto, (max-width: 180px) 100vw, 180px\" \/><\/a>\u00a0 Franz-Josef Winterhalter \u00fcbergibt an Klaus Vosberg (rechts)\u00a0 Foto: Gerhard L\u00fcck<\/p>\n<p>12.4.2013, Gerhard L\u00fcck<\/p>\n","protected":false},"excerpt":{"rendered":"<p>Home &gt;Regio &gt;Orte\u00a0&gt;Dreisamtal &gt;Oberried Listenauswahl eines Beitrags (Artikel\/Datum, Seite\/Inhalt): Klicken oder scrollen Gegen den Trend \u2013 Oberried plant f\u00fcr 2026 mit einem ausgeglichenen Haushalt (14.1.2026) Weihnachtsbrief der Dreisamt\u00e4ler BLHV-Ortsvereine\u00a0(18.12.2025) Kr\u00e4hen, Vogelschwarm, Palaver\u00a0(4.12.2025) A-Cappella-Gruppe Ohrw\u00fcrmer am 8.11. in Klosterschiire Oberried (22.10.2025) &hellip; <a href=\"https:\/\/www.freiburg-schwarzwald.de\/blog\/regio\/orte\/oberried\/\">Weiterlesen <span class=\"meta-nav\">&rarr;<\/span><\/a><\/p>\n","protected":false},"author":2,"featured_media":0,"parent":363,"menu_order":0,"comment_status":"open","ping_status":"closed","template":"","meta":{"footnotes":""},"class_list":["post-1593","page","type-page","status-publish","hentry"],"_links":{"self":[{"href":"https:\/\/www.freiburg-schwarzwald.de\/blog\/wp-json\/wp\/v2\/pages\/1593","targetHints":{"allow":["GET"]}}],"collection":[{"href":"https:\/\/www.freiburg-schwarzwald.de\/blog\/wp-json\/wp\/v2\/pages"}],"about":[{"href":"https:\/\/www.freiburg-schwarzwald.de\/blog\/wp-json\/wp\/v2\/types\/page"}],"author":[{"embeddable":true,"href":"https:\/\/www.freiburg-schwarzwald.de\/blog\/wp-json\/wp\/v2\/users\/2"}],"replies":[{"embeddable":true,"href":"https:\/\/www.freiburg-schwarzwald.de\/blog\/wp-json\/wp\/v2\/comments?post=1593"}],"version-history":[{"count":5,"href":"https:\/\/www.freiburg-schwarzwald.de\/blog\/wp-json\/wp\/v2\/pages\/1593\/revisions"}],"predecessor-version":[{"id":144386,"href":"https:\/\/www.freiburg-schwarzwald.de\/blog\/wp-json\/wp\/v2\/pages\/1593\/revisions\/144386"}],"up":[{"embeddable":true,"href":"https:\/\/www.freiburg-schwarzwald.de\/blog\/wp-json\/wp\/v2\/pages\/363"}],"wp:attachment":[{"href":"https:\/\/www.freiburg-schwarzwald.de\/blog\/wp-json\/wp\/v2\/media?parent=1593"}],"curies":[{"name":"wp","href":"https:\/\/api.w.org\/{rel}","templated":true}]}}