{"id":153363,"date":"2026-09-01T16:47:18","date_gmt":"2026-09-01T14:47:18","guid":{"rendered":"https:\/\/www.freiburg-schwarzwald.de\/blog\/?page_id=153363"},"modified":"2026-09-01T17:06:42","modified_gmt":"2026-09-01T15:06:42","slug":"ddr-aufarbeitung","status":"publish","type":"page","link":"https:\/\/www.freiburg-schwarzwald.de\/blog\/ddr-aufarbeitung\/","title":{"rendered":"DDR-Aufarbeitung"},"content":{"rendered":"<p><a href=\"https:\/\/freiburg-schwarzwald.de\/blog\">Home<\/a>\u00a0&gt;<a title=\"Engagement\" href=\"https:\/\/www.freiburg-schwarzwald.de\/blog\/engagement\/\">Engagement<\/a><a title=\"Zukunft\" href=\"https:\/\/www.freiburg-schwarzwald.de\/blog\/engagement\/zukunft\/\">t<\/a>\u00a0&gt;<a title=\"Demokratie\" href=\"https:\/\/www.freiburg-schwarzwald.de\/blog\/engagement\/zukunft\/demokratie\/\">Demokratie<\/a>\u00a0&gt;<a title=\"Global\" href=\"https:\/\/www.freiburg-schwarzwald.de\/blog\/global\/\">Global<\/a>\u00a0&gt;<a title=\"Deutschland\" href=\"https:\/\/www.freiburg-schwarzwald.de\/blog\/global\/deutschland\/\">Deutschland<\/a> &gt;<a href=\"https:\/\/www.freiburg-schwarzwald.de\/blog\/global\/deutschland\/ddr2-0\/\">DDR2.0<\/a> &gt;DDR-Aufarbeitung<\/p>\n<div id=\"attachment_153312\" style=\"width: 649px\" class=\"wp-caption alignnone\"><a href=\"https:\/\/www.freiburg-schwarzwald.de\/blog\/wp-content\/uploads\/2026\/08\/apelbirnefeigetraube-pan260827.jpg\"><img loading=\"lazy\" decoding=\"async\" aria-describedby=\"caption-attachment-153312\" class=\"size-full wp-image-153312\" src=\"https:\/\/www.freiburg-schwarzwald.de\/blog\/wp-content\/uploads\/2026\/08\/apelbirnefeigetraube-pan260827.jpg\" alt=\"\" width=\"639\" height=\"265\" srcset=\"https:\/\/www.freiburg-schwarzwald.de\/blog\/wp-content\/uploads\/2026\/08\/apelbirnefeigetraube-pan260827.jpg 639w, https:\/\/www.freiburg-schwarzwald.de\/blog\/wp-content\/uploads\/2026\/08\/apelbirnefeigetraube-pan260827-180x75.jpg 180w\" sizes=\"auto, (max-width: 639px) 100vw, 639px\" \/><\/a><p id=\"caption-attachment-153312\" class=\"wp-caption-text\">Apfel, Birne, Feige, Traube: Reiche Ernte im angeblichen Hitzesommer 27.8.2026<\/p><\/div>\n<ul>\n<li><em>Listenauswahl eines Beitrags: anklicken (falls unterstrichen) oder scrollen\u00a0<\/em><\/li>\n<li>Die DDR verschwand 1990 &#8211; Ihre Funktion\u00e4re auch? (31.8.2026)<\/li>\n<li>Wolfgang Sch\u00e4uble und die DDR (31.8.2026)<\/li>\n<li><a href=\"https:\/\/www.freiburg-schwarzwald.de\/blog\/ddr-aufarbeitung\/\">Die DDR verschwand 1990 \u2013 Ihre Funktion\u00e4re auch?<\/a>\u00a0(31.8.2026)<\/li>\n<li><a href=\"https:\/\/www.freiburg-schwarzwald.de\/blog\/ddr-aufarbeiten-hueber-frieden\/\">DDR\u00a0Aufarbeiten H\u00fcber Frieden<\/a> (29.8.2026)<\/li>\n<li><a href=\"https:\/\/www.freiburg-schwarzwald.de\/blog\/global\/deutschland\/ddr-stasi\/\">Kein Vergessen, kein Vergeben ohne Reue: Polizeikarriere Ex-Stasi Sven H\u00fcber<\/a>\u00a0(16.8.2026)<\/li>\n<\/ul>\n<p>&nbsp;<\/p>\n<p><strong>Die DDR verschwand 1990 &#8211; Ihre Funktion\u00e4re auch?<\/strong><br \/>\nJetzt kommen sie aus ihren L\u00f6chern. Wo es brenzlig wird, bei einem AfD Sieg.<\/p>\n<p>&#8230; Alles vom 31.8.2026 von Anna Rathert bitte lesen auf<br \/>\n<a href=\"https:\/\/www.youtube.com\/watch?v=aPcSLK7QgAA\">https:\/\/www.youtube.com\/watch?v=aPcSLK7QgAA<\/a><br \/>\n.<br \/>\nEinige Kommentare:<br \/>\nDie Geschichte hat sich wiederholt, wie nach 1945, alle sind sie untergekommen.\u00a0 gitti<br \/>\n.<br \/>\nEs m\u00fcssen unbedingt auch diese Fragen aufgearbeitet werden! An dem Beispiel von H\u00fcber ist das dringend geboten! Ich glaube, da\u00df viele u.a. in den NGO&#8216; untergekommen sind und treiben heute noch ihr Unwesen! Mein Bruder war auch in politischer Haft, weil er mit 17 Jahren aus der DDR fl\u00fcchten wollte. Und ich kenne zahlreiche Menschen, die geschildert haben, wie mit politischen Gefangenen umgegangen wurde. Diese Leute sind auch heute noch f\u00fcr ihre Untaten zu bestrafen! Ilona<br \/>\n.<br \/>\nDiese Frage stelle ich mir auch fast mein ganzes Leben lang. Mein Vater sass in Brandenburg, meine Mutter in Hoheneck und ich musste die Schule verlassen. Und dann im Westen angekommen, wurden uns auf vielf\u00e4ltigste Weise wieder Steine in den Weg gelegt. Eine Aufarbeitung ist dringend an der Zeit. Wo sind die Stasi-Mitarbeiter und Gef\u00e4ngisw\u00e4rter untergekommen. Und wie konnte es sein, dass eine gehorsame FDJlerin, die in der DDR studieren und promovieren konnte, in der Bundesrepublik Bundeskanzlerin wurde. Die gesamte aufgew\u00fchlte politische Situation, in der wir uns befinden, haben wir dieser Personalie zu verdanken. MfG, Dr. Heike Heinrich<br \/>\nEnde Kommentare<br \/>\n.<\/p>\n<p><strong>Wolfgang Sch\u00e4uble und die DDR<\/strong><br \/>\n&#8230;<br \/>\nWar die Beziehung zwischen Sch\u00e4uble\/Leiberich und der DDR eine andere als man uns glauben machte?<br \/>\nWarum hat Sch\u00e4uble einen DDR-Grenzer protegiert? Ihm eine Karriere gemacht?<br \/>\nHat H\u00fcber f\u00fcr den Westen gearbeitet?<br \/>\nOder Sch\u00e4uble f\u00fcr den Osten?<br \/>\nWar Sch\u00e4uble erpressbar?<br \/>\nOder gab es da irgendeinen Deal?<\/p>\n<p>Ich hatte ja schon oft die Vermutung ge\u00e4u\u00dfert, dass der Zusammenbruch gar nicht so unkontrolliert war, sondern das eher inszeniert war. K\u00f6nnte es also sein, dass es da vorher einen Deal zwischen West und Ost gab, dass man die Sache gewaltlos \u00fcber die B\u00fchne gehen l\u00e4sst und man daf\u00fcr die Bonzen alle mit Posten in Gewerkschaften, NGOs und sowas alles versorgt?<br \/>\nErstaunlich viele SED-\u201eJournalisten\u201c haben ja steile und vor allem bestbezahlte Karrieren hingelegt, vor allem beim \u00d6ffentlich-Rechtlichen Rundfunk.<br \/>\nOder hatte man vielleicht einfach gut gef\u00fcllte Kompromatkoffer und dachte sich, das ist der richtige Zeitpunkt, sie zu \u00f6ffnen und die im Westen mit was auch immer zu erpressen? Wo man doch deren Telefone abh\u00f6ren konnte?<br \/>\nVielleicht gab es da Kindersch\u00e4nder? Und man hatte Fotos? Filme? So eine Jeffrey-Epstein-Nummer, nur auf russisch?<br \/>\nWar das mit der Wende vielleicht alles ganz anders? Ein Theaterst\u00fcck? Vom Osten aufgef\u00fchrt?<br \/>\nWer wei\u00df. Vielleicht finde ich ja wieder ein Puzzlest\u00fcckchen f\u00fcr mein Promotionsdrama. Sch\u00e4uble scheint eine Schl\u00fcsselfigur zu sein.<br \/>\n&#8230; Alles vom 31.8.2028 bitte lesen auf<br \/>\n<a href=\"https:\/\/www.danisch.de\/blog\/2026\/08\/31\/wolfgang-schaeuble-und-die-ddr\/\">https:\/\/www.danisch.de\/blog\/2026\/08\/31\/wolfgang-schaeuble-und-die-ddr\/<\/a><\/p>\n","protected":false},"excerpt":{"rendered":"<p>Home\u00a0&gt;Engagementt\u00a0&gt;Demokratie\u00a0&gt;Global\u00a0&gt;Deutschland &gt;DDR2.0 &gt;DDR-Aufarbeitung Listenauswahl eines Beitrags: anklicken (falls unterstrichen) oder scrollen\u00a0 Die DDR verschwand 1990 &#8211; Ihre Funktion\u00e4re auch? (31.8.2026) Wolfgang Sch\u00e4uble und die DDR (31.8.2026) Die DDR verschwand 1990 \u2013 Ihre Funktion\u00e4re auch?\u00a0(31.8.2026) DDR\u00a0Aufarbeiten H\u00fcber Frieden (29.8.2026) Kein Vergessen, &hellip; <a href=\"https:\/\/www.freiburg-schwarzwald.de\/blog\/ddr-aufarbeitung\/\">Weiterlesen <span class=\"meta-nav\">&rarr;<\/span><\/a><\/p>\n","protected":false},"author":2,"featured_media":0,"parent":0,"menu_order":0,"comment_status":"closed","ping_status":"closed","template":"","meta":{"footnotes":""},"class_list":["post-153363","page","type-page","status-publish","hentry"],"_links":{"self":[{"href":"https:\/\/www.freiburg-schwarzwald.de\/blog\/wp-json\/wp\/v2\/pages\/153363","targetHints":{"allow":["GET"]}}],"collection":[{"href":"https:\/\/www.freiburg-schwarzwald.de\/blog\/wp-json\/wp\/v2\/pages"}],"about":[{"href":"https:\/\/www.freiburg-schwarzwald.de\/blog\/wp-json\/wp\/v2\/types\/page"}],"author":[{"embeddable":true,"href":"https:\/\/www.freiburg-schwarzwald.de\/blog\/wp-json\/wp\/v2\/users\/2"}],"replies":[{"embeddable":true,"href":"https:\/\/www.freiburg-schwarzwald.de\/blog\/wp-json\/wp\/v2\/comments?post=153363"}],"version-history":[{"count":4,"href":"https:\/\/www.freiburg-schwarzwald.de\/blog\/wp-json\/wp\/v2\/pages\/153363\/revisions"}],"predecessor-version":[{"id":153383,"href":"https:\/\/www.freiburg-schwarzwald.de\/blog\/wp-json\/wp\/v2\/pages\/153363\/revisions\/153383"}],"wp:attachment":[{"href":"https:\/\/www.freiburg-schwarzwald.de\/blog\/wp-json\/wp\/v2\/media?parent=153363"}],"curies":[{"name":"wp","href":"https:\/\/api.w.org\/{rel}","templated":true}]}}