{"id":152954,"date":"2026-08-21T07:32:50","date_gmt":"2026-08-21T05:32:50","guid":{"rendered":"https:\/\/www.freiburg-schwarzwald.de\/blog\/?page_id=152954"},"modified":"2026-08-30T17:04:06","modified_gmt":"2026-08-30T15:04:06","slug":"sachsen-anhalt","status":"publish","type":"page","link":"https:\/\/www.freiburg-schwarzwald.de\/blog\/global\/deutschland\/sachsen-anhalt\/","title":{"rendered":"Sachsen-Anhalt"},"content":{"rendered":"<p><a href=\"https:\/\/freiburg-schwarzwald.de\/blog\">Home<\/a>\u00a0&gt;<a title=\"Engagement\" href=\"https:\/\/www.freiburg-schwarzwald.de\/blog\/engagement\/\">Engagement<\/a> &gt;<a title=\"Demokratie\" href=\"https:\/\/www.freiburg-schwarzwald.de\/blog\/engagement\/zukunft\/demokratie\/\">Demokratie<\/a> &gt;<a title=\"Deutschland\" href=\"https:\/\/www.freiburg-schwarzwald.de\/blog\/global\/deutschland\/\">Deutschland<\/a> &gt;<a href=\"https:\/\/www.freiburg-schwarzwald.de\/blog\/global\/deutschland\/ddr2-0\/\">DDR2.0<\/a> &gt;Sachsen-Anhalt<\/p>\n<div id=\"attachment_152809\" style=\"width: 596px\" class=\"wp-caption alignnone\"><a href=\"https:\/\/www.freiburg-schwarzwald.de\/blog\/wp-content\/uploads\/2026\/08\/feuerwehr-siegmundAFD-schulzeCDU-doppelmoral-pan260810.jpg\"><img loading=\"lazy\" decoding=\"async\" aria-describedby=\"caption-attachment-152809\" class=\"size-full wp-image-152809\" src=\"https:\/\/www.freiburg-schwarzwald.de\/blog\/wp-content\/uploads\/2026\/08\/feuerwehr-siegmundAFD-schulzeCDU-doppelmoral-pan260810.jpg\" alt=\"\" width=\"586\" height=\"368\" srcset=\"https:\/\/www.freiburg-schwarzwald.de\/blog\/wp-content\/uploads\/2026\/08\/feuerwehr-siegmundAFD-schulzeCDU-doppelmoral-pan260810.jpg 586w, https:\/\/www.freiburg-schwarzwald.de\/blog\/wp-content\/uploads\/2026\/08\/feuerwehr-siegmundAFD-schulzeCDU-doppelmoral-pan260810-180x113.jpg 180w\" sizes=\"auto, (max-width: 586px) 100vw, 586px\" \/><\/a><p id=\"caption-attachment-152809\" class=\"wp-caption-text\">Zweierlei Ma\u00dfst\u00e4be: Neutralit\u00e4tsgebot der Feuerwehr verletzt beim Foto mit Ulrich Siegmund (AfD) oder nicht beim Foto mit Sven Schulze (CDU) 8\/2026<\/p><\/div>\n<ul>\n<li><em>Listenauswahl eines Beitrags: <span style=\"text-decoration: underline;\">anklicken (falls unterstrichen)<\/span> oder scrollen\u00a0<\/em><\/li>\n<li><a href=\"https:\/\/www.freiburg-schwarzwald.de\/blog\/briefwahl-statt-urnenwahl-nein\/\">Briefwahl statt Urnenwahl: nein!<\/a>\u00a0(30.8.2026)<\/li>\n<li>TV-Duell: Ulrich Siegmund AfD zerlegt Sven Schulze im MDR \u2013 jetzt wird&#8217;s ernst f\u00fcr die CDU! (27.8.2026)<\/li>\n<li><a href=\"https:\/\/www.freiburg-schwarzwald.de\/blog\/engagement\/zukunft\/demokratie\/briefwahl\/\">B\u00fcrger in Sachsen-Anhalt k\u00f6nnen bei Wahlausz\u00e4hlung dabei sein<\/a> (26.8.2026)<\/li>\n<li><a href=\"https:\/\/www.freiburg-schwarzwald.de\/blog\/sommerinterviews-mit-der-afd\/\">Sommerinterviews mit der AfD<\/a>\u00a0(24..8.2026)<\/li>\n<li>Spiegel-Titelstory: F\u00fcr wen ist Ulrich Siegmund denn gef\u00e4hrlich? (20.8.2026)<\/li>\n<li>Ulrich Siegmund bei \u201eungeskriptet\u201c: Fast 2 Millionen Aufrufe in 24 Stunden! (15.8.2026)<\/li>\n<li><a href=\"https:\/\/www.freiburg-schwarzwald.de\/blog\/vereine\/feuerwehr\/\">Doppelmoral: Neutralit\u00e4tsgebot der Feuerwehr je nach Partei<\/a> (15.8.2026)<\/li>\n<li>Der gef\u00e4hrlichste Mann Deutschlands: Ulrich Siegmund bei Ben ungeskriptet (14.8.2026)<\/li>\n<li>Siegmund: Die vierte Simson-Ausfahrt steht an: Seid mit dabei! (13.8.2026)<\/li>\n<li><a href=\"https:\/\/www.freiburg-schwarzwald.de\/blog\/oerr-tribunal-statt-interview\/\">Skandal bei Lanz: Moderator und FAZ-Gast haben vor der Sendung Angriff gegen Siegmund abgesprochen<\/a> (7.7.2026)<\/li>\n<li><a href=\"https:\/\/www.freiburg-schwarzwald.de\/blog\/enough-gb-assez-f-genug-d\/\">CDU-Mann sprach von \u201epolitischer Konfrontation\u201c: Video widerlegt Darstellung zu Kumpelfoto mit Siegmund\/AfD-Heuer\/CDU<\/a> (5.6.2026)<\/li>\n<li><a href=\"https:\/\/www.freiburg-schwarzwald.de\/blog\/vereine\/partei\/afd\/afd-diskussion\/\">Sachsen-Anhalt: Wagenknecht steht Ulrich Siegmund bei zu \u201eStaatsstreich\u201c<\/a> (17.5.2026)<\/li>\n<li><a href=\"https:\/\/www.freiburg-schwarzwald.de\/blog\/bjoern-hoecke-ungeskriptet-ben\/\">Bj\u00f6rn H\u00f6cke: ungeskriptet Ben 4,5 Stunden<\/a> (3.5.2026)<\/li>\n<\/ul>\n<ul>\n<li><a href=\"https:\/\/www.freiburg-schwarzwald.de\/blog\/vereine\/partei\/afd\/afd-konservativ\/\">AfD-konservativ<\/a><\/li>\n<li><a title=\"Barbe\" href=\"https:\/\/www.freiburg-schwarzwald.de\/blog\/engagement\/zukunft\/barbe\/\">Angelika Barbe<\/a><\/li>\n<li><a title=\"Angst\" href=\"https:\/\/www.freiburg-schwarzwald.de\/blog\/engagement\/zukunft\/angst\/\">Angst<\/a><\/li>\n<li><a href=\"https:\/\/www.freiburg-schwarzwald.de\/blog\/berlin\/\">Berlin<\/a><\/li>\n<li><a href=\"https:\/\/www.freiburg-schwarzwald.de\/blog\/engagement\/zukunft\/demokratie\/briefwahl\/\">Briefwahl<\/a><\/li>\n<li><a title=\"DDR\" href=\"https:\/\/www.freiburg-schwarzwald.de\/blog\/global\/deutschland\/ddr\/\">DDR<\/a><\/li>\n<li><a title=\"Deutschland2030\" href=\"https:\/\/www.freiburg-schwarzwald.de\/blog\/global\/deutschland\/deutschland2030\/\">Deutschland2030<\/a><\/li>\n<li><a title=\"Deutschland-verrecke\" href=\"https:\/\/www.freiburg-schwarzwald.de\/blog\/global\/deutschland\/deutschland-verrecke\/\">Deutschland verrecke<\/a><\/li>\n<li><a title=\"Diskussionskultur\" href=\"https:\/\/www.freiburg-schwarzwald.de\/blog\/kultur\/medien\/diskussionskultur\/\">Diskussionskultur<\/a><\/li>\n<li><a title=\"Dresden\" href=\"https:\/\/www.freiburg-schwarzwald.de\/blog\/global\/deutschland\/dresden\/\">Dresden<\/a><\/li>\n<li><a title=\"Ehrlichkeit\" href=\"https:\/\/www.freiburg-schwarzwald.de\/blog\/engagement\/zukunft\/ehrlichkeit\/\">Ehrlichkeit<\/a><\/li>\n<li><a href=\"https:\/\/www.freiburg-schwarzwald.de\/blog\/kultur\/medien\/faktencheck\/\">Faktencheck<\/a><\/li>\n<li><a href=\"https:\/\/www.freiburg-schwarzwald.de\/blog\/engagement\/zukunft\/demokratie\/freiheit\/frei\/\">frei<\/a><\/li>\n<li><a href=\"https:\/\/www.freiburg-schwarzwald.de\/blog\/engagement\/zukunft\/demokratie\/freiheit\/freiheitsdemo\/\">Freiheitsdemo<\/a><\/li>\n<li><a title=\"Gesinnungsethik\" href=\"https:\/\/www.freiburg-schwarzwald.de\/blog\/engagement\/zukunft\/demokratie\/gesinnungsethik\/\">Gesinnungsethik<\/a><\/li>\n<li><a title=\"Groessenwahn\" href=\"https:\/\/www.freiburg-schwarzwald.de\/blog\/engagement\/zukunft\/groessenwahn\/\">Gr\u00f6\u00dfenwahn<\/a><\/li>\n<li><a title=\"Infantil\" href=\"https:\/\/www.freiburg-schwarzwald.de\/blog\/bildung\/infantil\/\">Infantil<\/a><\/li>\n<li><a href=\"https:\/\/www.freiburg-schwarzwald.de\/blog\/engagement\/zukunft\/demokratie\/rechts\/krah\/\">Krah<\/a><\/li>\n<li><a title=\"Mauerfall1989\" href=\"https:\/\/www.freiburg-schwarzwald.de\/blog\/global\/deutschland\/mauerfall1989\/\">Mauerfall1989<\/a><\/li>\n<li><a href=\"https:\/\/www.freiburg-schwarzwald.de\/blog\/engagement\/zukunft\/demokratie\/denunziation\/meldewesen\/\">Meldewesen<\/a><\/li>\n<li><a href=\"https:\/\/www.freiburg-schwarzwald.de\/blog\/kultur\/dichter\/maron\/\">Monika Maron<\/a><\/li>\n<li><a href=\"https:\/\/www.freiburg-schwarzwald.de\/blog\/engagement\/zukunft\/demokratie\/nationalfeiertag\/\">Nationalfeiertag<\/a><\/li>\n<li><a href=\"https:\/\/www.freiburg-schwarzwald.de\/blog\/engagement\/zukunft\/demokratie\/nation\/nationalhymne\/\">Nationalhymne<\/a><\/li>\n<li><a href=\"https:\/\/www.freiburg-schwarzwald.de\/blog\/global\/deutschland\/ostpolitik\/\">Ostpolitik<\/a><\/li>\n<li><a href=\"https:\/\/www.freiburg-schwarzwald.de\/blog\/global\/eu\/ost-west\/\">Ost-West<\/a><\/li>\n<li><a href=\"https:\/\/www.freiburg-schwarzwald.de\/blog\/global\/integration\/pegida\/pegida10jahre\/\">Pegida10Jahre<\/a><\/li>\n<li><a title=\"Repression\" href=\"https:\/\/www.freiburg-schwarzwald.de\/blog\/engagement\/zukunft\/demokratie\/repression\/\">Repression<\/a><\/li>\n<li><a title=\"Respekt\" href=\"https:\/\/www.freiburg-schwarzwald.de\/blog\/engagement\/respekt\/\">Respekt<\/a><\/li>\n<li><a href=\"https:\/\/www.freiburg-schwarzwald.de\/blog\/global\/deutschland\/sachsen-anhalt\/\">Sachsen-Anhalt<\/a><\/li>\n<li><a href=\"https:\/\/www.freiburg-schwarzwald.de\/blog\/kultur\/dichter\/literatur\/buchmesse\/seitenwechsel\/\">Seitenwechsel Buchmesse in Halle<\/a><\/li>\n<li><a href=\"https:\/\/www.freiburg-schwarzwald.de\/blog\/engagement\/seitenwechsler\/\">Seitenwechsler<\/a><\/li>\n<li><a title=\"Selbsthass\" href=\"https:\/\/www.freiburg-schwarzwald.de\/blog\/engagement\/zukunft\/selbsthass\/\">Selbsthass<\/a><\/li>\n<li><a title=\"Sozialismus\" href=\"https:\/\/www.freiburg-schwarzwald.de\/blog\/engagement\/zukunft\/demokratie\/sozialismus\/\">Sozialismus<\/a><\/li>\n<li><a href=\"https:\/\/www.freiburg-schwarzwald.de\/blog\/kultur\/dichter\/tellkamp\/\">Tellkamp<\/a><\/li>\n<li><a href=\"https:\/\/www.freiburg-schwarzwald.de\/blog\/engagement\/zukunft\/demokratie\/unseredemokratie\/\">UnsereDemokratie<\/a><\/li>\n<li><a href=\"https:\/\/www.freiburg-schwarzwald.de\/blog\/engagement\/zukunft\/demokratie\/wahlen-ex-ddr\/\">Wahlen-Ex-DDR<\/a><\/li>\n<li><a title=\"Wutbuerger\" href=\"https:\/\/www.freiburg-schwarzwald.de\/blog\/engagement\/wutbuerger\/\">Wutb\u00fcrger<\/a><\/li>\n<li><a title=\"Zeitgeist\" href=\"https:\/\/www.freiburg-schwarzwald.de\/blog\/engagement\/zeitgeist\/\">Zeitgeist<\/a><\/li>\n<li><a title=\"Zivilisation\" href=\"https:\/\/www.freiburg-schwarzwald.de\/blog\/kultur\/zivilisation\/\">Zivilisation<\/a><\/li>\n<\/ul>\n<p>&nbsp;<\/p>\n<p><strong>TV-Duell: Ulrich Siegmund AfD zerlegt Sven Schulze im MDR \u2013 jetzt wird&#8217;s ernst f\u00fcr die CDU!<\/strong><br \/>\nElf Tage vor der Landtagswahl in Sachsen-Anhalt trafen Ministerpr\u00e4sident Sven Schulze und AfD-Spitzenkandidat Ulrich Siegmund im MDR zum ersten und einzigen TV-Duell aufeinander \u2014 drei\u00dfig Minuten, einer gegen einen.<br \/>\nWir zeigen euch die Sendung komplett und ungek\u00fcrzt und halten an den entscheidenden Stellen an. Denn w\u00e4hrend Siegmund in den ersten zehn Minuten gefragt wird, ob er<br \/>\neine Flachzange,<br \/>\nein Rechtsextremist und<br \/>\neine Marionette ist,<br \/>\nlegt der Ministerpr\u00e4sident mitten in der Sendung freiwillig drei Belege f\u00fcr seine eigene Bilanz vor \u2014 und keinen einzigen davon pr\u00fcft im Studio jemand nach. Also haben wir es gemacht: mit den Zahlen aus seinen eigenen Ministerien, aus dem Koalitionsvertrag und aus einem Interview, das er selbst eine Woche zuvor gegeben hat. Was dabei herauskommt, entscheidet ihr am 6. September selbst.<br \/>\n27.8.2026<br \/>\n<a href=\"https:\/\/www.youtube.com\/watch?v=RN6jYHfqogw\">https:\/\/www.youtube.com\/watch?v=RN6jYHfqogw<\/a><br \/>\n.<br \/>\nSchulze: &#8222;Die B\u00fcrger liegen falsch, wenn sie der AfD glauben schenken&#8220;<br \/>\nSiegmund: &#8222;Wer sagt denn, dass die B\u00fcrger falsch liegen, das ist doch Demokratie&#8220;<\/p>\n<p>&nbsp;<\/p>\n<p><strong>Spiegel-Titelstory: F\u00fcr wen ist Ulrich Siegmund denn gef\u00e4hrlich?<\/strong><br \/>\nDen Machern des Spiegel muss man eines lassen: Die aktuelle Titelseite ist das Wochenthema. Ein wahrer Volltreffer. Alle reden dar\u00fcber! Das Magazin zeigt den AfD-Spitzenkandidaten von Sachsen-Anhalt, Ulrich Siegmund, grimmig wie auf einem Fahndungsplakat, darunter eine rote Schlagzeile: \u201eDer gef\u00e4hrlichste Mann Deutschlands.\u201c Selbst Linken-Politiker Dietmar Bartsch kritisiert die Wortwahl: \u201eGef\u00e4hrlich sind Leute, die Messerattacken machen, die Autos in den CSD fahren lassen.\u201c<br \/>\nDie massive Kritik n\u00f6tigte Spiegel-Chefredakteur Dirk Kurbjuweit zu einer \u00f6ffentlichen Erkl\u00e4rung. Sein Blatt halte Politiker f\u00fcr \u201ewirkm\u00e4chtiger\u201c als Kriminelle, weshalb man zu dieser Wertung gekommen sei. Und der Vorhaltung, der Titel sei Werbung f\u00fcr die AfD, hielt er entgegen: Siegmund sei relevant \u2013 \u201eleider sind die besonders relevanten Figuren oft Verderber\u201c.<br \/>\nUlrich Siegmund reagiert auf den Spiegel-Titel, wie er jedem Angriff im Wahlkampf begegnet: mit Humor. L\u00e4chelnd h\u00e4lt er den Spiegel in Kameras und signiert das Heft f\u00fcr Anh\u00e4nger, die es auf Wahlkampfveranstaltungen lachend in die H\u00f6he halten. Es bringt politische Gegner zur Raserei, dass Siegmund nicht einschnappt, sondern st\u00e4ndig gute Laune und Zuversicht transportiert. Oder wie der Spiegel st\u00f6hnend einr\u00e4umt: \u201eGibt sich fr\u00f6hlich, wirkt gewinnend.\u201c<br \/>\n.<br \/>\nAlle arbeiten sich ununterscheidbar an Siegmunds Partei ab<br \/>\nEs dr\u00e4ngt sich die Frage auf, f\u00fcr wen genau Siegmund eigentlich \u201eder gef\u00e4hrlichste Mann Deutschlands\u201c sein soll. Spiegel-Boss Kurbjuweit verr\u00e4t: nicht etwa f\u00fcr alle Deutschen sondern \u201eaus Sicht liberaler Demokraten\u201c. Aha. Das ist nichts anderes als eine Chiffre f\u00fcr die linke Hemisph\u00e4re in Deutschland, die politische Klasse, als deren \u201eSturmgesch\u00fctz\u201c sich der Spiegel (\u201eim Zweifel links\u201c) immer verstanden hat.<br \/>\nUnd diesen Platzhirschen, die glauben ein Dauerabo auf Diskurshoheit und Macht zu haben, die sich als Torw\u00e4chter der \u00f6ffentlichen Meinung sehen \u2013 ihnen graut davor, dass Demokratie bedeutet, echte Kurswechsel zu erm\u00f6glichen. F\u00fcr sie ist es der GAU, wenn demn\u00e4chst die Brandmauer f\u00e4llt, es zum freien demokratischen Spiel der Kr\u00e4fte von Linkspartei bis AfD in den Parlamenten kommt, wenn die seit Jahren existierenden Mehrheiten Mitte-Rechts realpolitisch wirksam werden.<br \/>\nDer Spiegel-Titel ist so genial, weil er diese Hysterie auf den Punkt bringt. Die Hysterie eines Milieus, unter dessen \u00c4gide Deutschland gegen die Wand gefahren wurde \u2013 \u00f6konomisch, politisch, kulturell. Ein Milieu das verzweifelt, weil die Faschismus-Keule stumpf geworden, weil die Reichweiten eingebrochen, weil die geistige Wirkung erloschen ist. Indem sich die Berichterstattung auf die AfD konzentriert und Mitbewerber von Linkspartei bis CDU sich ununterscheidbar an der AfD abarbeiten, l\u00e4uft eine Wahlkampfmaschine, die sich die AfD selbst kaum besser h\u00e4tte ausdenken k\u00f6nnen.<br \/>\n&#8230; Alles vom 20.8.2026 von Dieter Stein bitte lesen in der JF 35\/26, Seite 1 oder \u00fcber<br \/>\n<a href=\"https:\/\/jungefreiheit.de\/debatte\/kommentar\/2026\/fuer-wen-ist-ulrich-siegmund-denn-gefaehrlich\/\">https:\/\/jungefreiheit.de\/debatte\/kommentar\/2026\/fuer-wen-ist-ulrich-siegmund-denn-gefaehrlich\/.<\/a><br \/>\n.<\/p>\n<p><strong>Ulrich Siegmund bei \u201eungeskriptet\u201c: Fast 2 Millionen Aufrufe in 24 Stunden!<\/strong><br \/>\nMehr als drei Stunden lang spricht Sachsen-Anhalts AfD-Spitzenkandidat Ulrich Siegmund mit Ben von \u201eungeskriptet\u201c \u00fcber Migration, Corona, Medien, die CDU, innere Sicherheit, seine politische Biographie und seine Pl\u00e4ne f\u00fcr Sachsen-Anhalt. Herausgekommen ist ein Gespr\u00e4ch, das gerade deshalb so stark wirkt, weil Siegmund nicht in den \u00fcblichen Fernsehformaten auf kurze Antworten reduziert wird, sondern ausf\u00fchrlich erkl\u00e4ren kann, wof\u00fcr er steht. Mehr als eine Million Aufrufe innerhalb der ersten Stunden!<br \/>\n<a href=\"https:\/\/www.youtube.com\/watch?v=9J-oOOLwba4\">https:\/\/www.youtube.com\/watch?v=9J-oOOLwba4<\/a><br \/>\nEigentlich hatte Ben ein politisches Duell geplant. Neben Ulrich Siegmund sollte auch Sachsen-Anhalts Ministerpr\u00e4sident Sven Schulze von der CDU am Tisch sitzen. Der Gastgeber erz\u00e4hlt zu Beginn, man habe keine Kosten und M\u00fchen gescheut und sogar angeboten, beide Kandidaten einzufliegen. Schulze lehnte am Ende ab: \u201eIch stehe f\u00fcr ein Duell nicht zur Verf\u00fcgung.\u201c So sitzt Siegmund allein am Tisch. Und schon dieser Umstand wird im Verlauf des Gespr\u00e4chs zu einem politischen Thema. Denn Ben stellt die naheliegende Frage: <em><strong>Wenn die CDU \u00fcberzeugt davon ist, die besseren Antworten auf Migration, Wirtschaft, Energie oder Bildung zu haben \u2013 weshalb setzt sich ihr Spitzenmann dann nicht drei Stunden lang seinem wichtigsten Konkurrenten gegen\u00fcber?<\/strong><\/em><br \/>\n&#8230; Alles vom 15.8.2026 bitte lesen auf<br \/>\n<a href=\"https:\/\/x.com\/UlrichSiegmund\/status\/2087815386297213371\">https:\/\/philosophia-perennis.com\/2026\/08\/15\/siegmund-ungeskript\/<\/a><\/p>\n<p>.<\/p>\n<p><strong>Der gef\u00e4hrlichste Mann Deutschlands: Ulrich Siegmund bei Ben ungeskriptet<\/strong><br \/>\nUlrich Siegmund ist nicht nur Anw\u00e4rter auf den Posten des Landeschefs in Sachsen-Anhalt, er ist zudem das, was man als charismatisch, charmant und smart bezeichnen k\u00f6nnte, wenn man ihm wohl gesonnen w\u00e4re.<br \/>\nAber manche halten den Spitzenkandidaten der AfD f\u00fcr den falschen Mann. Vom Verfassungsschutz als gesichert-rechtsextrem eingestuft und eine Gefahr f\u00fcr Demokratie und innere Sicherheit.<br \/>\nSchenkt man der allgemeinen Berichterstattung \u00fcber den 35-J\u00e4hrigen Glauben, steht Siegmund f\u00fcr Fremdenfeindlichkeit, lehnt Queere ab und m\u00f6chte Inklusion in Schulen und Alltag abschaffen.<br \/>\nDennoch: \u00dcber 40% der Wahlberechtigten in Sachsen-Anhalt wollen ihn am 06.09.2026 als Sieger im Rennen um das Ministerpr\u00e4sidentenamt sehen.<br \/>\nGrund genug, ihm zuzuh\u00f6ren, sollte man meinen.<br \/>\nDoch weil das in reichweitenstarken Medien weitestgehend nicht m\u00f6glich zu sein scheint, habe ich das Gespr\u00e4ch mit Ulrich Siegmund gesucht. In fast 4 Stunden geht es um seinen Weg von der CDU zur AfD, um einen Angriff auf ihn beim Plakatieren, um seine Position zum Thema Remigration und nat\u00fcrlich um seine Pl\u00e4ne f\u00fcr die ersten 100 Tage im Amt des MP &#8211; falls er es schafft.<br \/>\nLeider ist es uns nicht gelungen, Sven Schulze von einem gemeinsamen Gespr\u00e4ch zu dritt zu \u00fcberzeugen. Daher hei\u00dft es am 15.08.: Gute Erkenntnisse mit Ulrich Siegmund &#8211; {ungeskriptet}<br \/>\n.<br \/>\nPlaylist:<br \/>\n00:00:00 &#8211; Intro<br \/>\n00:04:06 &#8211; Sicherheitslage und Reaktionen aus der Bev\u00f6lkerung<br \/>\n00:13:02 &#8211; Warum CDU-Chef Schulze das TV-Duell verweigerte<br \/>\n00:19:49 &#8211; Hinter den Kulissen bei Markus Lanz<br \/>\n00:34:53 &#8211; Vom CDU-Mitglied zum AfD-Gr\u00fcndungsmitglied<br \/>\n00:55:57 &#8211; Einzug in den Landtag: Karriere, Duftfirma und Aufstieg<br \/>\n01:22:00 &#8211; Gewalt beim Plakatieren und das Potsdamer Treffen<br \/>\n02:08:00 &#8211; Remigration, Verfassungsschutz und Vetternwirtschaftsvorwurf<br \/>\n02:44:00 &#8211; Wahlausblick, Brandmauer und Landesmedienanstalt<br \/>\n03:55:05 &#8211; Eine letzte Frage<br \/>\n16.8.2026<br \/>\n<a href=\"https:\/\/www.youtube.com\/watch?v=9J-oOOLwba4\">https:\/\/www.youtube.com\/watch?v=9J-oOOLwba4<\/a><\/p>\n<p><a href=\"https:\/\/www.youtube.com\/playlist?list=PLODtG-GWUvGN1cOXptKs2J6mievt22Vk3\">https:\/\/www.youtube.com\/playlist?list=PLODtG-GWUvGN1cOXptKs2J6mievt22Vk3<\/a><br \/>\nYoutube: <a href=\"https:\/\/www.youtube.com\/c\/ungeskriptetbyben\">https:\/\/www.youtube.com\/c\/ungeskriptetbyben<\/a><br \/>\n.<\/p>\n<p><strong>Siegmund: Die vierte Simson-Ausfahrt steht an: Seid mit dabei!<\/strong><br \/>\nWir sehen uns am Sonntag, den 23.08.2026, um 11:00 Uhr auf dem Marktplatz in Quedlinburg. Abfahrt ist 13:00 Uhr.<br \/>\nWer die Bilder der letzten Ausfahrten gesehen hat oder mit dabei war, wei\u00df: Es ist ein einzigartiges Erlebnis und es ist die letzte Chance auf eine Ausfahrt im Rahmen der Vision 2026!<br \/>\nIch freue mich auf euch! Wir sehen uns in Quedlinburg!<br \/>\n13.8.2026, <a href=\"https:\/\/x.com\/UlrichSiegmund\/status\/2087815386297213371\">https:\/\/x.com\/UlrichSiegmund\/status\/2087815386297213371<\/a><\/p>\n","protected":false},"excerpt":{"rendered":"<p>Home\u00a0&gt;Engagement &gt;Demokratie &gt;Deutschland &gt;DDR2.0 &gt;Sachsen-Anhalt Listenauswahl eines Beitrags: anklicken (falls unterstrichen) oder scrollen\u00a0 Briefwahl statt Urnenwahl: nein!\u00a0(30.8.2026) TV-Duell: Ulrich Siegmund AfD zerlegt Sven Schulze im MDR \u2013 jetzt wird&#8217;s ernst f\u00fcr die CDU! (27.8.2026) B\u00fcrger in Sachsen-Anhalt k\u00f6nnen bei Wahlausz\u00e4hlung &hellip; <a href=\"https:\/\/www.freiburg-schwarzwald.de\/blog\/global\/deutschland\/sachsen-anhalt\/\">Weiterlesen <span class=\"meta-nav\">&rarr;<\/span><\/a><\/p>\n","protected":false},"author":2,"featured_media":0,"parent":62490,"menu_order":0,"comment_status":"closed","ping_status":"closed","template":"","meta":{"footnotes":""},"class_list":["post-152954","page","type-page","status-publish","hentry"],"_links":{"self":[{"href":"https:\/\/www.freiburg-schwarzwald.de\/blog\/wp-json\/wp\/v2\/pages\/152954","targetHints":{"allow":["GET"]}}],"collection":[{"href":"https:\/\/www.freiburg-schwarzwald.de\/blog\/wp-json\/wp\/v2\/pages"}],"about":[{"href":"https:\/\/www.freiburg-schwarzwald.de\/blog\/wp-json\/wp\/v2\/types\/page"}],"author":[{"embeddable":true,"href":"https:\/\/www.freiburg-schwarzwald.de\/blog\/wp-json\/wp\/v2\/users\/2"}],"replies":[{"embeddable":true,"href":"https:\/\/www.freiburg-schwarzwald.de\/blog\/wp-json\/wp\/v2\/comments?post=152954"}],"version-history":[{"count":5,"href":"https:\/\/www.freiburg-schwarzwald.de\/blog\/wp-json\/wp\/v2\/pages\/152954\/revisions"}],"predecessor-version":[{"id":153276,"href":"https:\/\/www.freiburg-schwarzwald.de\/blog\/wp-json\/wp\/v2\/pages\/152954\/revisions\/153276"}],"up":[{"embeddable":true,"href":"https:\/\/www.freiburg-schwarzwald.de\/blog\/wp-json\/wp\/v2\/pages\/62490"}],"wp:attachment":[{"href":"https:\/\/www.freiburg-schwarzwald.de\/blog\/wp-json\/wp\/v2\/media?parent=152954"}],"curies":[{"name":"wp","href":"https:\/\/api.w.org\/{rel}","templated":true}]}}