{"id":152944,"date":"2026-08-20T21:03:56","date_gmt":"2026-08-20T19:03:56","guid":{"rendered":"https:\/\/www.freiburg-schwarzwald.de\/blog\/?page_id=152944"},"modified":"2026-08-20T21:10:50","modified_gmt":"2026-08-20T19:10:50","slug":"eu-meinungsfreiheit","status":"publish","type":"page","link":"https:\/\/www.freiburg-schwarzwald.de\/blog\/global\/eu\/eu-meinungsfreiheit\/","title":{"rendered":"EU-Meinungsfreiheit"},"content":{"rendered":"<p><a href=\"https:\/\/www.freiburg-schwarzwald.de\/blog\">Home<\/a>\u00a0&gt;<a title=\"Global\" href=\"https:\/\/www.freiburg-schwarzwald.de\/blog\/global\/\">Global<\/a>\u00a0&gt;<a title=\"EU\" href=\"https:\/\/www.freiburg-schwarzwald.de\/blog\/global\/eu\/\">EU<\/a>\u00a0&gt;<a title=\"Finanzsystem\" href=\"https:\/\/www.freiburg-schwarzwald.de\/blog\/global\/finanzsystem\/\">Finanzsystem<\/a>\u00a0&gt;<a href=\"https:\/\/www.freiburg-schwarzwald.de\/blog\/global\/eu\/eu-zentralstaat\/\">EU-Zentralstaat<\/a> &gt;EU-Meinungsfreiheit<\/p>\n<div id=\"attachment_151367\" style=\"width: 650px\" class=\"wp-caption alignnone\"><a href=\"https:\/\/www.freiburg-schwarzwald.de\/blog\/wp-content\/uploads\/2026\/07\/flagge-kirschbaum-Europa-pan260710.jpg\"><img loading=\"lazy\" decoding=\"async\" aria-describedby=\"caption-attachment-151367\" class=\"size-full wp-image-151367\" src=\"https:\/\/www.freiburg-schwarzwald.de\/blog\/wp-content\/uploads\/2026\/07\/flagge-kirschbaum-Europa-pan260710.jpg\" alt=\"\" width=\"640\" height=\"463\" srcset=\"https:\/\/www.freiburg-schwarzwald.de\/blog\/wp-content\/uploads\/2026\/07\/flagge-kirschbaum-Europa-pan260710.jpg 640w, https:\/\/www.freiburg-schwarzwald.de\/blog\/wp-content\/uploads\/2026\/07\/flagge-kirschbaum-Europa-pan260710-180x130.jpg 180w\" sizes=\"auto, (max-width: 640px) 100vw, 640px\" \/><\/a><p id=\"caption-attachment-151367\" class=\"wp-caption-text\">Die Europaflagge weht im Kirschbaum am 10.7.2026<\/p><\/div>\n<p>&nbsp;<\/p>\n<ul>\n<li><em>Listenauswahl eines Beitrags: Entweder <span style=\"text-decoration: underline;\">anklicken<\/span> oder nach unten scrollen\u00a0<\/em><\/li>\n<li>Finnische Parlamentarierin R\u00e4s\u00e4nen legt Beschwerde beim EGMR ein: Schl\u00fcsselfall f\u00fcr Meinungsfreiheit in Europa (24.7.2026)<\/li>\n<li><a href=\"https:\/\/www.freiburg-schwarzwald.de\/blog\/religion\/christen\/christenfeindlichkeit\/\">Ein Schlag gegen die Meinungsfreiheit: Christin P\u00e4ivi R\u00e4s\u00e4nen verurteilt<\/a> (30.3.2026)<\/li>\n<li><a href=\"https:\/\/www.freiburg-schwarzwald.de\/blog\/engagement\/zukunft\/demokratie\/staat\/staat-neutral\/\">Das Urteil von Helsinki gegen P\u00e4ivi R\u00e4s\u00e4nen und das Ende der neutralen Illusion des Staates<\/a>\u00a0(27.3.2026)<\/li>\n<\/ul>\n<p>&nbsp;<\/p>\n<p>&nbsp;<\/p>\n<p><strong>Finnische Parlamentarierin R\u00e4s\u00e4nen legt Beschwerde beim EGMR ein: Schl\u00fcsselfall f\u00fcr Meinungsfreiheit in Europa<\/strong><br \/>\nWie frei ist Europa wirklich? Diese Frage stellt sich einmal mehr:<br \/>\n<a href=\"https:\/\/www.freiburg-schwarzwald.de\/blog\/religion\/christen\/christenfeindlichkeit\/\">P\u00e4ivi R\u00e4s\u00e4nen<\/a> ist eingeladen, Ende August in Belfast eine Rede zu halten, und zwar \u00fcber nichts Geringeres als die Meinungsfreiheit. Doch jetzt widerrief Gro\u00dfbritannien ihre bereits erteilte Einreiseerlaubnis (ETA). Auch Bischof Juhana Pohjola, der gemeinsam mit P\u00e4ivi vor Gericht stand, wurde die Einreise verweigert. Die Ironie k\u00f6nnte kaum gr\u00f6\u00dfer sein: Wer \u00fcber die Freiheit sprechen will, wird an der Grenze gestoppt.<br \/>\nSeit 2019 wird P\u00e4ivi verh\u00f6rt, verfolgt und vor Gericht gestellt \u2013 nur weil sie ihren christlichen Glauben \u00f6ffentlich vertreten hat. Es geht um angebliche \u201cHassrede\u201c \u2013 einen Straftatbestand, der denkbar subjektiv und nicht klar definiert ist. Im M\u00e4rz 2026 verurteilte sie das finnische H\u00f6chstgericht mit einer knappen Mehrheit von 3-2 Stimmen in einem Punkt und sprach sie in einem anderen Punkt frei. Jetzt legt sie Berufung beim Europ\u00e4ischen Gerichtshof f\u00fcr Menschenrechte ein \u2013 ihre letzte Chance, das Urteil aufzuheben.<br \/>\nMit ihrem Fall entscheidet sich weit mehr als ihr pers\u00f6nliches Schicksal. Es geht um die Frage, ob die Meinungsfreiheit in Europa weiter zur\u00fcckgedr\u00e4ngt wird, oder ob das h\u00f6chste Gericht dem ein Ende setzt.<br \/>\n&#8230; Alles vom 24.7.2026 bitte lesen auf<br \/>\n<a href=\"https:\/\/adfinternational.org\/de\/news\/finnische-parlamentarierin-raesaenen-legt-beschwerde-beim-egmr-ein-schluesselfall-fuer-meinungsfreiheit-in-europa\/\">https:\/\/adfinternational.org\/de\/news\/finnische-parlamentarierin-raesaenen-legt-beschwerde-beim-egmr-ein-schluesselfall-fuer-meinungsfreiheit-in-europa\/<\/a><\/p>\n","protected":false},"excerpt":{"rendered":"<p>Home\u00a0&gt;Global\u00a0&gt;EU\u00a0&gt;Finanzsystem\u00a0&gt;EU-Zentralstaat &gt;EU-Meinungsfreiheit &nbsp; Listenauswahl eines Beitrags: Entweder anklicken oder nach unten scrollen\u00a0 Finnische Parlamentarierin R\u00e4s\u00e4nen legt Beschwerde beim EGMR ein: Schl\u00fcsselfall f\u00fcr Meinungsfreiheit in Europa (24.7.2026) Ein Schlag gegen die Meinungsfreiheit: Christin P\u00e4ivi R\u00e4s\u00e4nen verurteilt (30.3.2026) Das Urteil von Helsinki &hellip; <a href=\"https:\/\/www.freiburg-schwarzwald.de\/blog\/global\/eu\/eu-meinungsfreiheit\/\">Weiterlesen <span class=\"meta-nav\">&rarr;<\/span><\/a><\/p>\n","protected":false},"author":2,"featured_media":0,"parent":2859,"menu_order":0,"comment_status":"closed","ping_status":"closed","template":"","meta":{"footnotes":""},"class_list":["post-152944","page","type-page","status-publish","hentry"],"_links":{"self":[{"href":"https:\/\/www.freiburg-schwarzwald.de\/blog\/wp-json\/wp\/v2\/pages\/152944","targetHints":{"allow":["GET"]}}],"collection":[{"href":"https:\/\/www.freiburg-schwarzwald.de\/blog\/wp-json\/wp\/v2\/pages"}],"about":[{"href":"https:\/\/www.freiburg-schwarzwald.de\/blog\/wp-json\/wp\/v2\/types\/page"}],"author":[{"embeddable":true,"href":"https:\/\/www.freiburg-schwarzwald.de\/blog\/wp-json\/wp\/v2\/users\/2"}],"replies":[{"embeddable":true,"href":"https:\/\/www.freiburg-schwarzwald.de\/blog\/wp-json\/wp\/v2\/comments?post=152944"}],"version-history":[{"count":5,"href":"https:\/\/www.freiburg-schwarzwald.de\/blog\/wp-json\/wp\/v2\/pages\/152944\/revisions"}],"predecessor-version":[{"id":152950,"href":"https:\/\/www.freiburg-schwarzwald.de\/blog\/wp-json\/wp\/v2\/pages\/152944\/revisions\/152950"}],"up":[{"embeddable":true,"href":"https:\/\/www.freiburg-schwarzwald.de\/blog\/wp-json\/wp\/v2\/pages\/2859"}],"wp:attachment":[{"href":"https:\/\/www.freiburg-schwarzwald.de\/blog\/wp-json\/wp\/v2\/media?parent=152944"}],"curies":[{"name":"wp","href":"https:\/\/api.w.org\/{rel}","templated":true}]}}