{"id":15212,"date":"2012-11-12T16:30:14","date_gmt":"2012-11-12T15:30:14","guid":{"rendered":"https:\/\/www.freiburg-schwarzwald.de\/blog\/?page_id=15212"},"modified":"2017-05-07T17:00:03","modified_gmt":"2017-05-07T15:00:03","slug":"bettler","status":"publish","type":"page","link":"https:\/\/www.freiburg-schwarzwald.de\/blog\/selbsthilfe\/soziales\/bettler\/","title":{"rendered":"Bettler"},"content":{"rendered":"<p>Home &gt;<a title=\"Soziales\" href=\"https:\/\/www.freiburg-schwarzwald.de\/blog\/soziales\/\">Soziales<\/a> &gt;Bettler<\/p>\n<div id=\"attachment_15649\" style=\"width: 647px\" class=\"wp-caption alignnone\"><a href=\"https:\/\/www.freiburg-schwarzwald.de\/blog\/selbsthilfe\/krise\/konflikte\/schauinsland6bergstation-pan121115\/\" rel=\"attachment wp-att-15649\"><img loading=\"lazy\" decoding=\"async\" aria-describedby=\"caption-attachment-15649\" class=\"size-full wp-image-15649\" title=\"schauinsland6bergstation-pan121115\" src=\"https:\/\/www.freiburg-schwarzwald.de\/blog\/wp-content\/uploads\/2012\/11\/schauinsland6bergstation-pan121115.jpg\" alt=\"\" width=\"637\" height=\"237\" srcset=\"https:\/\/www.freiburg-schwarzwald.de\/blog\/wp-content\/uploads\/2012\/11\/schauinsland6bergstation-pan121115.jpg 637w, https:\/\/www.freiburg-schwarzwald.de\/blog\/wp-content\/uploads\/2012\/11\/schauinsland6bergstation-pan121115-180x66.jpg 180w\" sizes=\"auto, (max-width: 637px) 100vw, 637px\" \/><\/a><p id=\"caption-attachment-15649\" class=\"wp-caption-text\">Blick von der Bergstation am Schauinsland nach Westen \u00fcber den Rheintalnebel zu den Vogesen am 15.11.2012<\/p><\/div>\n<ul>\n<li><a href=\"https:\/\/www.freiburg-schwarzwald.de\/blog\/essensbon-an-bettler-schenken\/\">https:\/\/www.freiburg-schwarzwald.de\/blog\/essensbon-an-bettler-schenken\/<\/a> (7.5.2017)<\/li>\n<li><a title=\"Fluechtlingsaktivisten\" href=\"https:\/\/www.freiburg-schwarzwald.de\/blog\/global\/migration\/fluechtlingsaktivisten\/\">Ich m\u00f6chte die Stimme der Fl\u00fcchtlinge sein<\/a> (19.3.2016)<\/li>\n<li>Dreistes Vorgehen &#8211; Geh\u00f6rlosenbund st\u00f6rt sich an Bettelei (10.4.2015)<\/li>\n<li>Handicap-International\u00a0stellt Anzeige gegen Bettelbetr\u00fcger (2.4.2015)<\/li>\n<li>Organisierte Banden-Bettler<\/li>\n<li>&#8222;Echte&#8220; Bettler<\/li>\n<li>Freiburgs Bettler mit der tiefen Wunde am Schienbein (7.10.2013)<\/li>\n<li><a href=\"https:\/\/www.freiburg-schwarzwald.de\/armut1.htm#Erstes Anzeichen f\u00fcr organisiertes Betteln in Freiburgs Altstadt\">Erstes Anzeichen f\u00fcr organisiertes Betteln in Freiburgs Altstadt<\/a> &gt;Armut1 (26.11.2011)<\/li>\n<li><a href=\"https:\/\/www.freiburg-schwarzwald.de\/littenweiler\/zumheulen1.htm#Organisierte Betteln in Freiburg\">Organisiertes Betteln in Freiburg?<\/a> &gt;ZumHeulen1 (31.1.2005)<\/li>\n<li><a href=\"https:\/\/www.freiburg-schwarzwald.de\/littenweiler\/zumheulen2.htm#Aus dem Leben eines knienden Bettlers\u00a0in Freiburg\">Aus dem Leben eines knienden Bettlers\u00a0in Freiburg<\/a> &gt;Zum Heulen2<\/li>\n<li><a href=\"https:\/\/www.freiburg-schwarzwald.de\/littenweiler\/zumheulen1.htm#Betteln im Auftrag - Verbrechen gegen die W\u00fcrde des Menschen\">Betteln im Auftrag &#8211; Verbrechen gegen die W\u00fcrde des Menschen<\/a> &gt;ZumHeulen1 (17.12.2004)<\/li>\n<li><a href=\"https:\/\/www.freiburg-schwarzwald.de\/littenweiler\/oeffentlicher-raum.htm#Betteln\">https:\/\/www.freiburg-schwarzwald.de\/littenweiler\/oeffentlicher-raum.htm#Betteln in Freiburg<\/a><\/li>\n<li><a href=\"https:\/\/www.freiburg-schwarzwald.de\/bettlerpfad.htm\">https:\/\/www.freiburg-schwarzwald.de\/bettlerpfad.htm<\/a><\/li>\n<li><a title=\"Oeffentlicher-Raum\" href=\"https:\/\/www.freiburg-schwarzwald.de\/blog\/kultur\/oeffentlicher-raum\/\">\u00d6ffentlicher Raum<\/a><\/li>\n<\/ul>\n<p>&nbsp;<\/p>\n<p>&nbsp;<\/p>\n<p><strong>Organisierte Banden-Bettler<\/strong><\/p>\n<p>Allj\u00e4hrlich und ganz pl\u00f6tzlich zu Beginn der Adventszeit sind sie wieder da: Die Bettler in der Freiburger\u00a0KaJo, am Hauptbahnhof, rund ums M\u00fcnster, am Weihnachtsmarkt beim Rathaus, im <a title=\"Oeffentlicher-Raum\" href=\"https:\/\/www.freiburg-schwarzwald.de\/blog\/kultur\/oeffentlicher-raum\/\">\u00f6ffentlichen Raum<\/a>. Immer mehr, immer aggressiver, immer mitleidserregender (einer am S\u00fcdeingang zu M\u00fcnster zeigt seine &#8222;offene&#8220; Wunde am Schienbein), fast ausnahmslos m\u00e4nnlich (warum eigentlich keine Frauen?).<br \/>\nMit verk\u00fcrzten Kr\u00fccken, gequ\u00e4lten jungen Hunden.<br \/>\nBereits im Januar 2005 wurde <a href=\"https:\/\/www.freiburg-schwarzwald.de\/littenweiler\/zumheulen1.htm#Polizei weist einem Mann organisiertes Betteln nach\">organisiertes Betteln in Freiburg nachgewiesen<\/a>, doch zum Ende 2011 ignorieren die zust\u00e4ndigen Freiburger Beh\u00f6rden dies.<\/p>\n<p><a href=\"https:\/\/www.freiburg-schwarzwald.de\/blog\/global\/italien\/genua\/genua3bettler120517\/\" rel=\"attachment wp-att-3696\"><img loading=\"lazy\" decoding=\"async\" class=\"alignnone size-thumbnail wp-image-3696\" title=\"genua3bettler120517\" src=\"https:\/\/www.freiburg-schwarzwald.de\/blog\/wp-content\/uploads\/2012\/05\/genua3bettler120517-180x135.jpg\" alt=\"\" width=\"180\" height=\"135\" srcset=\"https:\/\/www.freiburg-schwarzwald.de\/blog\/wp-content\/uploads\/2012\/05\/genua3bettler120517-180x135.jpg 180w, https:\/\/www.freiburg-schwarzwald.de\/blog\/wp-content\/uploads\/2012\/05\/genua3bettler120517.jpg 640w\" sizes=\"auto, (max-width: 180px) 100vw, 180px\" \/><\/a>\u00a0\u00a0\u00a0\u00a0\u00a0\u00a0\u00a0\u00a0\u00a0\u00a0<a href=\"https:\/\/www.freiburg-schwarzwald.de\/blog\/selbsthilfe\/soziales\/bettler\/bettlerin-fr\/\" rel=\"attachment wp-att-15223\"><img loading=\"lazy\" decoding=\"async\" class=\"alignnone size-thumbnail wp-image-15223\" title=\"bettlerin-fr\" src=\"https:\/\/www.freiburg-schwarzwald.de\/blog\/wp-content\/uploads\/2012\/11\/bettlerin-fr-180x116.jpg\" alt=\"\" width=\"180\" height=\"116\" srcset=\"https:\/\/www.freiburg-schwarzwald.de\/blog\/wp-content\/uploads\/2012\/11\/bettlerin-fr-180x116.jpg 180w, https:\/\/www.freiburg-schwarzwald.de\/blog\/wp-content\/uploads\/2012\/11\/bettlerin-fr-640x413.jpg 640w, https:\/\/www.freiburg-schwarzwald.de\/blog\/wp-content\/uploads\/2012\/11\/bettlerin-fr.jpg 641w\" sizes=\"auto, (max-width: 180px) 100vw, 180px\" \/><\/a>\u00a0\u00a0\u00a0\u00a0\u00a0\u00a0\u00a0\u00a0\u00a0 <a href=\"https:\/\/www.freiburg-schwarzwald.de\/blog\/selbsthilfe\/soziales\/bettler\/bettler1-120218\/\" rel=\"attachment wp-att-15224\"><img loading=\"lazy\" decoding=\"async\" class=\"alignnone size-thumbnail wp-image-15224\" title=\"bettler1-120218\" src=\"https:\/\/www.freiburg-schwarzwald.de\/blog\/wp-content\/uploads\/2012\/11\/bettler1-120218-154x180.jpg\" alt=\"\" width=\"154\" height=\"180\" srcset=\"https:\/\/www.freiburg-schwarzwald.de\/blog\/wp-content\/uploads\/2012\/11\/bettler1-120218-154x180.jpg 154w, https:\/\/www.freiburg-schwarzwald.de\/blog\/wp-content\/uploads\/2012\/11\/bettler1-120218.jpg 551w\" sizes=\"auto, (max-width: 154px) 100vw, 154px\" \/><\/a><br \/>\n(1) Bettler in Genua 17.5.2012\u00a0\u00a0\u00a0\u00a0\u00a0\u00a0\u00a0\u00a0\u00a0\u00a0\u00a0\u00a0\u00a0\u00a0\u00a0(2) 13.10.2011 &#8211; Freiburg Rathaus\u00a0\u00a0\u00a0\u00a0\u00a0\u00a0\u00a0 (3) 18.2.2012 Rathausgasse<\/p>\n<p><a href=\"https:\/\/www.freiburg-schwarzwald.de\/blog\/selbsthilfe\/soziales\/bettler\/bettler121124\/\" rel=\"attachment wp-att-16962\"><img loading=\"lazy\" decoding=\"async\" class=\"alignnone size-thumbnail wp-image-16962\" title=\"bettler121124\" src=\"https:\/\/www.freiburg-schwarzwald.de\/blog\/wp-content\/uploads\/2012\/11\/bettler121124-180x136.jpg\" alt=\"\" width=\"180\" height=\"136\" srcset=\"https:\/\/www.freiburg-schwarzwald.de\/blog\/wp-content\/uploads\/2012\/11\/bettler121124-180x136.jpg 180w, https:\/\/www.freiburg-schwarzwald.de\/blog\/wp-content\/uploads\/2012\/11\/bettler121124.jpg 639w\" sizes=\"auto, (max-width: 180px) 100vw, 180px\" \/><\/a>\u00a0 \u00a0 \u00a0 \u00a0 \u00a0 \u00a0<a href=\"https:\/\/www.freiburg-schwarzwald.de\/blog\/selbsthilfe\/soziales\/bettler\/muenstermarkt-bettler131217\/\" rel=\"attachment wp-att-42606\"><img loading=\"lazy\" decoding=\"async\" class=\"alignnone size-thumbnail wp-image-42606\" title=\"muenstermarkt-bettler131217\" src=\"https:\/\/www.freiburg-schwarzwald.de\/blog\/wp-content\/uploads\/2012\/11\/muenstermarkt-bettler131217-180x143.jpg\" alt=\"\" width=\"180\" height=\"143\" srcset=\"https:\/\/www.freiburg-schwarzwald.de\/blog\/wp-content\/uploads\/2012\/11\/muenstermarkt-bettler131217-180x143.jpg 180w, https:\/\/www.freiburg-schwarzwald.de\/blog\/wp-content\/uploads\/2012\/11\/muenstermarkt-bettler131217.jpg 639w\" sizes=\"auto, (max-width: 180px) 100vw, 180px\" \/><\/a>\u00a0 \u00a0 \u00a0 \u00a0 \u00a0\u00a0<a href=\"https:\/\/www.freiburg-schwarzwald.de\/blog\/selbsthilfe\/soziales\/bettler\/betteln-roma140117\/\" rel=\"attachment wp-att-44259\"><img loading=\"lazy\" decoding=\"async\" class=\"alignnone size-thumbnail wp-image-44259\" src=\"https:\/\/www.freiburg-schwarzwald.de\/blog\/wp-content\/uploads\/2012\/11\/betteln-roma140117-135x180.jpg\" alt=\"betteln-roma140117\" width=\"135\" height=\"180\" srcset=\"https:\/\/www.freiburg-schwarzwald.de\/blog\/wp-content\/uploads\/2012\/11\/betteln-roma140117-135x180.jpg 135w, https:\/\/www.freiburg-schwarzwald.de\/blog\/wp-content\/uploads\/2012\/11\/betteln-roma140117.jpg 480w\" sizes=\"auto, (max-width: 135px) 100vw, 135px\" \/><\/a><br \/>\n(4) 24.11.2012 in Freiburg \u00a0 \u00a0 \u00a0 \u00a0 \u00a0 \u00a0 \u00a0 \u00a0 \u00a0 \u00a0 \u00a0 \u00a0(5) M\u00fcnstermarkt 17.12.2013 \u00a0 \u00a0 \u00a0 \u00a0 \u00a0 \u00a0 \u00a0 \u00a0 (6) Mulhouse-Roma an KaJo 19.1.14<\/p>\n<p><a href=\"https:\/\/www.freiburg-schwarzwald.de\/blog\/selbsthilfe\/soziales\/bettler\/bettler-stricken140410\/\" rel=\"attachment wp-att-46998\"><img loading=\"lazy\" decoding=\"async\" class=\"alignnone size-thumbnail wp-image-46998\" src=\"https:\/\/www.freiburg-schwarzwald.de\/blog\/wp-content\/uploads\/2012\/11\/bettler-stricken140410-122x180.jpg\" alt=\"bettler-stricken140410\" width=\"122\" height=\"180\" srcset=\"https:\/\/www.freiburg-schwarzwald.de\/blog\/wp-content\/uploads\/2012\/11\/bettler-stricken140410-122x180.jpg 122w, https:\/\/www.freiburg-schwarzwald.de\/blog\/wp-content\/uploads\/2012\/11\/bettler-stricken140410.jpg 435w\" sizes=\"auto, (max-width: 122px) 100vw, 122px\" \/><\/a>\u00a0\u00a0\u00a0\u00a0\u00a0\u00a0\u00a0\u00a0\u00a0\u00a0\u00a0\u00a0\u00a0\u00a0\u00a0\u00a0\u00a0\u00a0\u00a0\u00a0\u00a0\u00a0\u00a0\u00a0\u00a0\u00a0\u00a0\u00a0\u00a0\u00a0\u00a0 <a href=\"https:\/\/www.freiburg-schwarzwald.de\/blog\/selbsthilfe\/soziales\/bettler\/bettler-schaf140422\/\" rel=\"attachment wp-att-47514\"><img loading=\"lazy\" decoding=\"async\" class=\"alignnone size-thumbnail wp-image-47514\" src=\"https:\/\/www.freiburg-schwarzwald.de\/blog\/wp-content\/uploads\/2012\/11\/bettler-schaf140422-134x180.jpg\" alt=\"bettler-schaf140422\" width=\"134\" height=\"180\" srcset=\"https:\/\/www.freiburg-schwarzwald.de\/blog\/wp-content\/uploads\/2012\/11\/bettler-schaf140422-134x180.jpg 134w, https:\/\/www.freiburg-schwarzwald.de\/blog\/wp-content\/uploads\/2012\/11\/bettler-schaf140422.jpg 479w\" sizes=\"auto, (max-width: 134px) 100vw, 134px\" \/><\/a>\u00a0\u00a0\u00a0\u00a0\u00a0\u00a0\u00a0\u00a0\u00a0\u00a0\u00a0\u00a0\u00a0\u00a0\u00a0\u00a0\u00a0\u00a0 <a href=\"https:\/\/www.freiburg-schwarzwald.de\/blog\/selbsthilfe\/soziales\/bettler\/bettler-knieend140927\/\" rel=\"attachment wp-att-50892\"><img loading=\"lazy\" decoding=\"async\" class=\"alignnone size-thumbnail wp-image-50892\" src=\"https:\/\/www.freiburg-schwarzwald.de\/blog\/wp-content\/uploads\/2012\/11\/bettler-knieend140927-135x180.jpg\" alt=\"bettler-knieend140927\" width=\"135\" height=\"180\" srcset=\"https:\/\/www.freiburg-schwarzwald.de\/blog\/wp-content\/uploads\/2012\/11\/bettler-knieend140927-135x180.jpg 135w, https:\/\/www.freiburg-schwarzwald.de\/blog\/wp-content\/uploads\/2012\/11\/bettler-knieend140927.jpg 480w\" sizes=\"auto, (max-width: 135px) 100vw, 135px\" \/><\/a><br \/>\n(7) Strickender Bettler 14.4.2014\u00a0\u00a0\u00a0\u00a0\u00a0\u00a0\u00a0\u00a0\u00a0\u00a0\u00a0\u00a0\u00a0 (8) Schwarzes Schaf-Bettler 22.4.\u00a0\u00a0\u00a0\u00a0\u00a0\u00a0\u00a0\u00a0(9) Bettellen kniend 27.9.2014<\/p>\n<p>(1) Drei Bettlertypen: &#8222;Still sitzende&#8220;, Klappentr\u00e4ger und &#8222;Die mit dem Bettelzettel&#8220; (17.2.2013)<br \/>\n(3) Der junge Mann rechts kann sehr gut laufen, das Auto parkt\u00a0oft in der\u00a0Fabrikstrasse in der Oberau. Im Hintergrund ein &#8222;guter&#8220; Schnorrer von hier (mit Abi, Studium abgebrochen, &#8230;)<br \/>\n(5) M\u00fcnstermarkt 17.12.2013: Ein rum\u00e4nischer Bettler zeigt einer Ordensschwester sein photokopiertes Bettelblatt &#8222;nix deudsch, Kint viel arm&#8220; und sie gibt ihm einen Euro. Nur gut, dass die liebe Ordensschwester so gutgl\u00e4ubig sein kann.<br \/>\n(8) Schwarzes Schaf-Bettler 22.4.2014 am M\u00fcnstermarkt. Mal was originell Neues: Ein Schwarzes Schaf macht m\u00e4\u00e4h.<\/p>\n<p>&nbsp;<\/p>\n<p><strong>&#8222;Echte&#8220; Bettler<\/strong><\/p>\n<p><a href=\"https:\/\/www.freiburg-schwarzwald.de\/blog\/selbsthilfe\/soziales\/bettler\/betteln131230\/\" rel=\"attachment wp-att-43463\"><img loading=\"lazy\" decoding=\"async\" class=\"alignnone size-thumbnail wp-image-43463\" src=\"https:\/\/www.freiburg-schwarzwald.de\/blog\/wp-content\/uploads\/2012\/11\/betteln131230-180x135.jpg\" alt=\"betteln131230\" width=\"180\" height=\"135\" srcset=\"https:\/\/www.freiburg-schwarzwald.de\/blog\/wp-content\/uploads\/2012\/11\/betteln131230-180x135.jpg 180w, https:\/\/www.freiburg-schwarzwald.de\/blog\/wp-content\/uploads\/2012\/11\/betteln131230.jpg 640w\" sizes=\"auto, (max-width: 180px) 100vw, 180px\" \/><\/a>\u00a0 \u00a0 \u00a0 \u00a0 \u00a0<a href=\"https:\/\/www.freiburg-schwarzwald.de\/blog\/selbsthilfe\/soziales\/bettler\/betteln1-131230\/\" rel=\"attachment wp-att-43464\"><img loading=\"lazy\" decoding=\"async\" class=\"alignnone size-thumbnail wp-image-43464\" src=\"https:\/\/www.freiburg-schwarzwald.de\/blog\/wp-content\/uploads\/2012\/11\/betteln1-131230-180x135.jpg\" alt=\"betteln1-131230\" width=\"180\" height=\"135\" srcset=\"https:\/\/www.freiburg-schwarzwald.de\/blog\/wp-content\/uploads\/2012\/11\/betteln1-131230-180x135.jpg 180w, https:\/\/www.freiburg-schwarzwald.de\/blog\/wp-content\/uploads\/2012\/11\/betteln1-131230.jpg 640w\" sizes=\"auto, (max-width: 180px) 100vw, 180px\" \/><\/a>\u00a0 \u00a0 \u00a0 \u00a0 \u00a0\u00a0<a href=\"https:\/\/www.freiburg-schwarzwald.de\/blog\/selbsthilfe\/soziales\/bettler\/schlappen-freiburg130810\/\" rel=\"attachment wp-att-36242\"><img loading=\"lazy\" decoding=\"async\" title=\"schlappen-freiburg130810\" src=\"https:\/\/www.freiburg-schwarzwald.de\/blog\/wp-content\/uploads\/2012\/11\/schlappen-freiburg130810-135x180.jpg\" alt=\"\" width=\"135\" height=\"180\" \/><\/a><br \/>\n(1) Freiburg 30.12.2013 \u00a0 \u00a0 \u00a0 \u00a0 \u00a0 \u00a0 \u00a0 \u00a0 \u00a0 \u00a0 \u00a0 \u00a0 \u00a0(2) 30.12.2013 KaJo \u00a0 \u00a0 \u00a0 \u00a0 \u00a0 \u00a0 \u00a0 \u00a0 \u00a0 \u00a0 \u00a0 \u00a0 \u00a0 \u00a0 \u00a0 \u00a0\u00a0\u00a0(3) Freiburg Schlappen 10.8.2013<\/p>\n<p><img loading=\"lazy\" decoding=\"async\" class=\"alignnone size-thumbnail wp-image-44258\" src=\"https:\/\/www.freiburg-schwarzwald.de\/blog\/wp-content\/uploads\/2012\/11\/betteln140117-180x139.jpg\" alt=\"betteln140117\" width=\"180\" height=\"139\" srcset=\"https:\/\/www.freiburg-schwarzwald.de\/blog\/wp-content\/uploads\/2012\/11\/betteln140117-180x139.jpg 180w, https:\/\/www.freiburg-schwarzwald.de\/blog\/wp-content\/uploads\/2012\/11\/betteln140117.jpg 639w\" sizes=\"auto, (max-width: 180px) 100vw, 180px\" \/>\u00a0\u00a0\u00a0\u00a0\u00a0\u00a0\u00a0\u00a0\u00a0<a href=\"https:\/\/www.freiburg-schwarzwald.de\/blog\/selbsthilfe\/soziales\/bettler\/betteln-schnorren140629\/\" rel=\"attachment wp-att-49094\"><img loading=\"lazy\" decoding=\"async\" class=\"alignnone size-thumbnail wp-image-49094\" src=\"https:\/\/www.freiburg-schwarzwald.de\/blog\/wp-content\/uploads\/2012\/11\/betteln-schnorren140629-180x135.jpg\" alt=\"betteln-schnorren140629\" width=\"180\" height=\"135\" srcset=\"https:\/\/www.freiburg-schwarzwald.de\/blog\/wp-content\/uploads\/2012\/11\/betteln-schnorren140629-180x135.jpg 180w, https:\/\/www.freiburg-schwarzwald.de\/blog\/wp-content\/uploads\/2012\/11\/betteln-schnorren140629.jpg 640w\" sizes=\"auto, (max-width: 180px) 100vw, 180px\" \/><\/a><br \/>\n(4) Rathausgasse am 17.1.2014\u00a0\u00a0\u00a0\u00a0\u00a0\u00a0\u00a0\u00a0\u00a0\u00a0 (5) KaJo 28.6.2014 um 11 Uhr<a href=\"https:\/\/www.freiburg-schwarzwald.de\/blog\/selbsthilfe\/soziales\/bettler\/betteln140117\/\" rel=\"attachment wp-att-44258\"><br \/>\n<\/a><\/p>\n<p>&nbsp;<\/p>\n<p>(5) Zwei Schorrer und\u00a0zwei Hunde. Der links ist ein Freiburger und m\u00f6chte am liebsten in Freiburg sterben. Die Hunde hei\u00dfen Raffgier (links) und &#8230; (griechische Todesg\u00f6ttin)<\/p>\n<p>&nbsp;<\/p>\n<p><strong>Dreistes Vorgehen &#8211; Geh\u00f6rlosenbund st\u00f6rt sich an Bettelei<\/strong><br \/>\nDie Bettler, die sich als geh\u00f6rlos und stumm ausgeben und in der Freiburger Innenstadt aufdringlich um Geld bitten, ver\u00e4rgern nicht mehr nur Passanten. Jetzt meldet sich der Geh\u00f6rlosenbund &#8222;Breisgau-Perle&#8220; zu Wort \u2013 deren Sprecher Peter Welty distanziert sich vom dreisten Vorgehen der meist jugendlichen Menschen. &#8222;Die in Freiburg ans\u00e4ssigen H\u00f6rgesch\u00e4digtenvereine haben keine Geldsammlungen in Auftrag gegeben und haben dies auch nicht vor&#8220;, schreibt er in einer Mail. &#8230;. Alles vom 10.4.2015 bitte lesen auf<br \/>\n<a href=\"https:\/\/www.badische-zeitung.de\/freiburg\/dreistes-vorgehen-gehoerlosenbund-stoert-sich-an-bettelei--103135684.html\">https:\/\/www.badische-zeitung.de\/freiburg\/dreistes-vorgehen-gehoerlosenbund-stoert-sich-an-bettelei&#8211;103135684.html <\/a><\/p>\n<p>Geh\u00f6rlosen-Bund Freiburg<br \/>\n<a href=\"https:\/\/www.gb-freiburg.de\/\">https:\/\/www.gb-freiburg.de\/<\/a><\/p>\n<p>&nbsp;<\/p>\n<p><strong>Die Stadt will nichts an der Bettelei \u00e4ndern<\/strong><br \/>\nIch w\u00fcrde mal sagen &#8230;alles nur Geschwafel &#8211; es soll doch nichts passieren seitens der Stadtverwaltung!<br \/>\nEin Tipp: Man nehme zwei bezeugungsf\u00e4hige Personen der Stadverwaltung, z. B. Kn\u00f6llchenschreiber in Zivil, und lasse diese als Lockv\u00f6gel mal auf die &#8222;Sammler&#8220; los. Und wenn die Beweise vorliegen, k\u00f6nnen die Spender dies zu Protokoll geben. Und jetzt noch ein Rechtsvertreter der Stadt, der den Sachverhalt der Polizei pr\u00e4sentiert und der Schwindel hat ein Ende!<span class=\"Apple-converted-space\"><span style=\"font-family: Verdana;\">\u00a0<\/span><\/span>Also, man mu\u00df halt nur wollen<br \/>\n10.4.2015, Axel Biekert<\/p>\n<p><strong>Handicap-International\u00a0stellt Anzeige gegen Bettelbetr\u00fcger<\/strong><br \/>\nSeit Wochen sind aufdringliche Bettler in Freiburg unterwegs. Sie geben sich als Behinderte aus, um an Spenden zu kommen \u2013 der Organisation &#8222;Handicap International&#8220; reicht\u2019s. Sie hat Strafanzeige gestellt. &#8230;.<br \/>\nAlles vom 2.4.2015 bitte lesen auf<br \/>\n<a href=\"https:\/\/www.badische-zeitung.de\/organisation-stellt-anzeige-gegen-bettelbetrueger%20  \">https:\/\/www.badische-zeitung.de\/organisation-stellt-anzeige-gegen-bettelbetrueger\u00a0\u00a0 <\/a>.<br \/>\n<a href=\"https:\/\/www.handicap-international.de%20\">www.handicap-International.de <\/a><\/p>\n<p><strong>Bettelbetrug politisch erw\u00fcnscht?<\/strong><br \/>\nGooglen Sie doch mal &#8222;Bettelbetrug&#8220; und &#8222;subjektiver Schadenseinschlag&#8220;.<span class=\"Apple-converted-space\"><span style=\"font-family: Verdana;\">\u00a0<\/span><\/span>z.B.:<span class=\"Apple-converted-space\"><span style=\"font-family: Verdana;\">\u00a0<\/span><\/span><br \/>\nEs ist offensichtlich politisch nicht erw\u00fcnscht, gegen diese Art von Betrug vorzugehen, sonst w\u00e4re das Thema von Ordnungsamt und Polizei schnell erledigt. Evtl. hat man Bedenken wegen der Herkunft bzw. Ethnie der T\u00e4ter? In Freiburg steht man ja schon wegen angeblich skandal\u00f6sen Verhaltens am Pranger, wenn Ausl\u00e4nder ohne Aufenthaltsberechtigung mit Gerichtsbeschluss abgeschoben werden.<br \/>\n2.4.205, Michael Keller<\/p>\n<p><strong>Schlepper sind das Problem<\/strong><br \/>\nWer ist denn das Problem? Nicht eher der feiste, unangenehme Typ, der mit Kumpel, 3 Frauen und 4 oder 5 Kindern vor etwas mehr als einem Jahr (Vorweihnachtszeit) in der Markthalle war, augenscheinlich alle aus der gleichen Region wie die letztendlich armen Schlucker auf der Stra\u00dfe, der sich auff\u00fchrte wie wenn ihm die Markthalle geh\u00f6rt und sich nicht entbl\u00f6dete, die gesamte Rechnung mit kleinen M\u00fcnzen zu bezahlen?<br \/>\nDie auf der Stra\u00dfe &#8217;sammeln&#8216; nicht f\u00fcr ihren Lebensunterhalt, sondern f\u00fcr diese fetten Schmarotzer!<br \/>\n2.4.2015, Roland Hellbarth<\/p>\n<p>&nbsp;<\/p>\n<p><strong>Drei Bettlertypen: &#8222;Still sitzende&#8220;, Klappentr\u00e4ger und &#8222;Die mit dem Bettelzettel&#8220;<\/strong><br \/>\nDass vorgeblich Taubstumme ganz gut das Sprechen beherrschen, das musste eine Mitarbeiterin eines Copy-Shops in der Innenstadt erfahren, die sich mit einem jungen Mann ganz angeregt unterhielt, bevor der einen Bettelzettel aus der Tasche zog und kopiert haben wollte: &#8222;Bin taubstumm und bitte um Geld&#8220;&#8230;.<br \/>\nAlles vom 17.12.2013 bitte lesen auf<br \/>\n<a href=\"https:\/\/www.badische-zeitung.de\/freiburg\/der-weihnachtstrubel-lockt-bettler-nach-freiburg\">https:\/\/www.badische-zeitung.de\/freiburg\/der-weihnachtstrubel-lockt-bettler-nach-freiburg<\/a><\/p>\n<p>&nbsp;<\/p>\n<p><strong>Freiburgs Bettler mit der tiefen Wunde am Schienbein<\/strong><\/p>\n<p>Um ins <a title=\"Muenster\" href=\"https:\/\/www.freiburg-schwarzwald.de\/blog\/religion\/kirchen\/muenster\/\">Freiburger M\u00fcnster<\/a> zu gelangen, durchschreiten die Besucher die Portalvorhalle. In diesem\u00a0auch als Himmelspforte\u00a0bezeichneten Ort des Lernens, Erkennens und Verstehens werden die Grundlagen des christlichen Glaubens dargestellt: Propheten und K\u00f6nige des Alten Testaments, Heilsgeschichte des Neuen Testaments, Vorbild der Heiligen, Hinweis auf das j\u00fcngste Gericht, G\u00f6ttliche Ordnung in Gestalt der sieben K\u00fcnste, &#8230;. Und genau diesen Ort hat sich ein &#8222;Bettler&#8220; ausgesucht, um den Besuchern\u00a0seine tiefe Wunde entgegenzuhalten: Kinder blicken geschockt in das tiefe Loch im Bein, andere wenden sich schaudend ab, so mancher Tourist ist irritiert, warum es das reiche Deutschland wohl nicht schaffe, einem so armen Mann eine fach\u00e4rztliche Wundbehandlung zukommen zu lassen.<\/p>\n<p><a href=\"https:\/\/www.freiburg-schwarzwald.de\/blog\/selbsthilfe\/soziales\/bettler\/bettler-muenster131006\/\" rel=\"attachment wp-att-38977\"><img loading=\"lazy\" decoding=\"async\" class=\"alignnone size-thumbnail wp-image-38977\" title=\"bettler-muenster131006\" src=\"https:\/\/www.freiburg-schwarzwald.de\/blog\/wp-content\/uploads\/2012\/11\/bettler-muenster131006-180x135.jpg\" alt=\"\" width=\"180\" height=\"135\" srcset=\"https:\/\/www.freiburg-schwarzwald.de\/blog\/wp-content\/uploads\/2012\/11\/bettler-muenster131006-180x135.jpg 180w, https:\/\/www.freiburg-schwarzwald.de\/blog\/wp-content\/uploads\/2012\/11\/bettler-muenster131006.jpg 640w\" sizes=\"auto, (max-width: 180px) 100vw, 180px\" \/><\/a>\u00a0\u00a0\u00a0\u00a0\u00a0\u00a0\u00a0\u00a0\u00a0 <a href=\"https:\/\/www.freiburg-schwarzwald.de\/blog\/selbsthilfe\/soziales\/bettler\/bettler1muenster131006\/\" rel=\"attachment wp-att-38978\"><img loading=\"lazy\" decoding=\"async\" class=\"alignnone size-thumbnail wp-image-38978\" title=\"bettler1muenster131006\" src=\"https:\/\/www.freiburg-schwarzwald.de\/blog\/wp-content\/uploads\/2012\/11\/bettler1muenster131006-143x180.jpg\" alt=\"\" width=\"143\" height=\"180\" srcset=\"https:\/\/www.freiburg-schwarzwald.de\/blog\/wp-content\/uploads\/2012\/11\/bettler1muenster131006-143x180.jpg 143w, https:\/\/www.freiburg-schwarzwald.de\/blog\/wp-content\/uploads\/2012\/11\/bettler1muenster131006.jpg 508w\" sizes=\"auto, (max-width: 143px) 100vw, 143px\" \/><\/a>\u00a0\u00a0\u00a0 6.10.2013 im Freiburger M\u00fcnster<\/p>\n<p>Am Sonntag 6.10.2013 sah ich, wie mehrere italienische Kinder laut schreiend davonrannten, nachdem sie so ganz unvermutet (innerhalb des Freiburger M\u00fcnsters) und ausweglos (an dem in den Weg gestreckten Bein mu\u00df man vorbei, wenn man ins M\u00fcnster will) fast bis zum Schienbeinknochen geblickt hatten.\u00a0Nun nahm ich mir ein Herz und sprach den\u00a0Herren an: Ich k\u00f6nne ihm zwei \u00c4rzte bzw. Kliniken nennen, die das tiefe Loch im linken Schienbein kostenfrei schlie\u00dfen, so dass die Wunde nicht mehr tagaus tagein neu tamponiert \u00a0werden m\u00fcsse und jede Infektionsgefahr\u00a0ausgeschlossen sei.\u00a0Zudem bot ich an, ihn\u00a0mit dem Auto zur Behandlung zu fahren, ebenfalls kostenlos. Zun\u00e4chst tat er so, als k\u00f6nne er kein Deutsch verstehen. Doch als ich mein Angebot ganz langsam nochmals vortrug, wurde ich br\u00fcsk abgewiesen mit der\u00a0Geste, ich solle doch verschwinden von hier &#8211; also von der Himmelspforte.<br \/>\nFazit: Da wird eine tiefe Wunde absichtlich offen gehalten und zur Schau gestellt, um Geld zu verdienen, viel Geld. Bei gutem Wetter au\u00dferhalb des M\u00fcnsters (oft gegen\u00fcber der Alten Wache), jetzt in der M\u00fcnstervorhalle. Warum l\u00e4\u00dft die kath. Kirche (sie hat das Hausrecht) zu, dass unser Gemeinwesen (der Bettler erh\u00e4lt ja\u00a0volle Hartz IV-Bez\u00fcge) so mies vorgef\u00fchrt und verunglimpft wird? Und was tun wir &#8211; nix, wir schauen weg.<br \/>\n7.10.2013<\/p>\n<p>&nbsp;<\/p>\n<p>&nbsp;<\/p>\n<p><strong>Bettler im Rollstuhl<\/strong><br \/>\nAm Samstag, letztes Wochenende war ich in der Freiburger Innenstadt. Mir ist aufgefallen, dass extrem viele &#8222;an den Rollstuhl gefesselte???!!!&#8220; Personen dort betteln. Allein in der Kajo zwischen Martinstor und Siegesdenkmal z\u00e4hlte ich 16 Personen. Eine Person, im Rollstuhl die mich ansprach um eine Spende, wurde sogar pampig, als ich sagte, dass ich Solches nicht unterst\u00fctzen werde und \u00e4u\u00dferte mir gegen\u00fcber Nazispr\u00fcche. Dies teilte ich sofort dem Pol.-Revier Nord mit. Deren Interesse schien laut dem Telefonat nicht besonders gro\u00df zu sein, solche Aktivit\u00e4ten einzuschr\u00e4nken&#8230; Wegen der Bettler, die es mit Mitleid \u00fcber Hundewelpen etc. versuchen, habe ich den Tierschutzverein eingeschaltet, der auch kontrollieren wird&#8230; Mein Anliegen geht auch an Diejenigen, die solches unterst\u00fctzen, -nach eigenen Beobachtungen nicht wenige-: Solche Leute einfach ignorieren!!! Hat nichts mit Hartherzigkeit zu tun, sondern grenzt kriminelle Machenschaften ein, da das erbettelte Geld weder dem Hundewelpen noch der entsprechenden Person einen besseren Lebensunterhalt erm\u00f6glicht. Wie bekannt sein d\u00fcrfte, werden die entsprechenden erbettelten Einnahmen von im Hintergrund agierenden Banden rigoros einkassiert&#8230;<br \/>\n12.11.2012, Karl Mayer<\/p>\n<p><strong>Polizei in Zivil<\/strong><br \/>\nAlso ich habe schon beobachtet, wie der &#8222;Chef&#8220; der Bande gepr\u00fcft hat, wie viel Geld das arme Schwein, das f\u00fcr ihn betteln gehen muss, bereits eingenommen hat und einen Teil abgesch\u00f6pft hat. Die Polizei m\u00fc\u00dfte eigentlich (in zivil nat\u00fcrlich) nur ein paar der Bettler mal eine Weile beobachten und h\u00e4tten schon die gewerbsm\u00e4\u00dfige Bettlerei aufgedeckt.<br \/>\n12.11.2012, G\u00fcnther M\u00fcller<\/p>\n","protected":false},"excerpt":{"rendered":"<p>Home &gt;Soziales &gt;Bettler https:\/\/www.freiburg-schwarzwald.de\/blog\/essensbon-an-bettler-schenken\/ (7.5.2017) Ich m\u00f6chte die Stimme der Fl\u00fcchtlinge sein (19.3.2016) Dreistes Vorgehen &#8211; Geh\u00f6rlosenbund st\u00f6rt sich an Bettelei (10.4.2015) Handicap-International\u00a0stellt Anzeige gegen Bettelbetr\u00fcger (2.4.2015) Organisierte Banden-Bettler &#8222;Echte&#8220; Bettler Freiburgs Bettler mit der tiefen Wunde am Schienbein (7.10.2013) &hellip; <a href=\"https:\/\/www.freiburg-schwarzwald.de\/blog\/selbsthilfe\/soziales\/bettler\/\">Weiterlesen <span class=\"meta-nav\">&rarr;<\/span><\/a><\/p>\n","protected":false},"author":4,"featured_media":0,"parent":42,"menu_order":0,"comment_status":"open","ping_status":"closed","template":"","meta":{"footnotes":""},"class_list":["post-15212","page","type-page","status-publish","hentry"],"_links":{"self":[{"href":"https:\/\/www.freiburg-schwarzwald.de\/blog\/wp-json\/wp\/v2\/pages\/15212","targetHints":{"allow":["GET"]}}],"collection":[{"href":"https:\/\/www.freiburg-schwarzwald.de\/blog\/wp-json\/wp\/v2\/pages"}],"about":[{"href":"https:\/\/www.freiburg-schwarzwald.de\/blog\/wp-json\/wp\/v2\/types\/page"}],"author":[{"embeddable":true,"href":"https:\/\/www.freiburg-schwarzwald.de\/blog\/wp-json\/wp\/v2\/users\/4"}],"replies":[{"embeddable":true,"href":"https:\/\/www.freiburg-schwarzwald.de\/blog\/wp-json\/wp\/v2\/comments?post=15212"}],"version-history":[{"count":0,"href":"https:\/\/www.freiburg-schwarzwald.de\/blog\/wp-json\/wp\/v2\/pages\/15212\/revisions"}],"up":[{"embeddable":true,"href":"https:\/\/www.freiburg-schwarzwald.de\/blog\/wp-json\/wp\/v2\/pages\/42"}],"wp:attachment":[{"href":"https:\/\/www.freiburg-schwarzwald.de\/blog\/wp-json\/wp\/v2\/media?parent=15212"}],"curies":[{"name":"wp","href":"https:\/\/api.w.org\/{rel}","templated":true}]}}