{"id":151533,"date":"2026-07-15T17:49:19","date_gmt":"2026-07-15T15:49:19","guid":{"rendered":"https:\/\/www.freiburg-schwarzwald.de\/blog\/?page_id=151533"},"modified":"2026-08-06T18:33:03","modified_gmt":"2026-08-06T16:33:03","slug":"nationalhymne","status":"publish","type":"page","link":"https:\/\/www.freiburg-schwarzwald.de\/blog\/engagement\/zukunft\/demokratie\/nation\/nationalhymne\/","title":{"rendered":"Nationalhymne"},"content":{"rendered":"<p><a href=\"https:\/\/freiburg-schwarzwald.de\/blog\">Home<\/a>\u00a0&gt;<a title=\"Engagement\" href=\"https:\/\/www.freiburg-schwarzwald.de\/blog\/engagement\/\">Engagement<\/a>\u00a0&gt;<a title=\"Zukunft\" href=\"https:\/\/www.freiburg-schwarzwald.de\/blog\/engagement\/zukunft\/\">Zukunft<\/a>\u00a0&gt;<a title=\"Demokratie\" href=\"https:\/\/www.freiburg-schwarzwald.de\/blog\/engagement\/zukunft\/demokratie\/\">Demokratie<\/a>\u00a0&gt;<a title=\"Nationalismus\" href=\"https:\/\/www.freiburg-schwarzwald.de\/blog\/engagement\/zukunft\/demokratie\/nationalismus\/\">Nationalismus<\/a> &gt;<a href=\"https:\/\/www.freiburg-schwarzwald.de\/blog\/engagement\/zukunft\/demokratie\/nation\/\">Nation<\/a> &gt;Nationalhymne<\/p>\n<div id=\"attachment_151257\" style=\"width: 650px\" class=\"wp-caption alignnone\"><a href=\"https:\/\/www.freiburg-schwarzwald.de\/blog\/wp-content\/uploads\/2026\/07\/flagge-esskastanie-pan260627.jpg\"><img loading=\"lazy\" decoding=\"async\" aria-describedby=\"caption-attachment-151257\" class=\"size-full wp-image-151257\" src=\"https:\/\/www.freiburg-schwarzwald.de\/blog\/wp-content\/uploads\/2026\/07\/flagge-esskastanie-pan260627.jpg\" alt=\"\" width=\"640\" height=\"363\" srcset=\"https:\/\/www.freiburg-schwarzwald.de\/blog\/wp-content\/uploads\/2026\/07\/flagge-esskastanie-pan260627.jpg 640w, https:\/\/www.freiburg-schwarzwald.de\/blog\/wp-content\/uploads\/2026\/07\/flagge-esskastanie-pan260627-180x102.jpg 180w\" sizes=\"auto, (max-width: 640px) 100vw, 640px\" \/><\/a><p id=\"caption-attachment-151257\" class=\"wp-caption-text\">Schwarz-rot-gold auf dem Kirschbaum zur Fussball-WM am 26.6.2026<\/p><\/div>\n<ul>\n<li><em>Listenauswahl eines Beitrags (Artikel\/Datum, Seite\/Inhalt): <span style=\"text-decoration: underline;\">Klicken<\/span> oder scrollen<\/em><\/li>\n<li>Uwe Steimle: DDR-Hymne singen (16.7.2026)<\/li>\n<li>Beide Deutschl\u00e4nder hatten es schwer mit ihren Nationalhymnen (15..7.2026)<\/li>\n<li>DDR-Nationalhymne: Das Lied, das nicht gesungen werden durfte (12.1.2019)<\/li>\n<li><\/li>\n<li>Die Nationalhymne der Bundesrepublik Deutschland<\/li>\n<li>Die DDR-Hymne<\/li>\n<li><a href=\"https:\/\/www.freiburg-schwarzwald.de\/blog\/global\/deutschland\/ddr\/\">DDR<\/a><\/li>\n<\/ul>\n<div id=\"attachment_151367\" style=\"width: 650px\" class=\"wp-caption alignnone\"><a href=\"https:\/\/www.freiburg-schwarzwald.de\/blog\/wp-content\/uploads\/2026\/07\/flagge-kirschbaum-Europa-pan260710.jpg\"><img loading=\"lazy\" decoding=\"async\" aria-describedby=\"caption-attachment-151367\" class=\"size-full wp-image-151367\" src=\"https:\/\/www.freiburg-schwarzwald.de\/blog\/wp-content\/uploads\/2026\/07\/flagge-kirschbaum-Europa-pan260710.jpg\" alt=\"\" width=\"640\" height=\"463\" srcset=\"https:\/\/www.freiburg-schwarzwald.de\/blog\/wp-content\/uploads\/2026\/07\/flagge-kirschbaum-Europa-pan260710.jpg 640w, https:\/\/www.freiburg-schwarzwald.de\/blog\/wp-content\/uploads\/2026\/07\/flagge-kirschbaum-Europa-pan260710-180x130.jpg 180w\" sizes=\"auto, (max-width: 640px) 100vw, 640px\" \/><\/a><p id=\"caption-attachment-151367\" class=\"wp-caption-text\">Die Europaflagge weht im Kirschbaum am 10.7.2026<\/p><\/div>\n<p>.<\/p>\n<p><strong>Uwe Steimle: DDR-Hymne singen<\/strong> &#8211; Kontrafunk Aktuell vom 16. Juli 2026<br \/>\nAuf einer AfD-Veranstaltung in Sachsen-Anhalt ert\u00f6nte die DDR-Hymne, und der ganze Saal sang mit. Angestimmt hatte sie der Kabarettist Uwe Steimle. Was ihn dazu bewog, erkl\u00e4rt er im Interview.<br \/>\n03:48 Interview 1 Uwe Steimle<br \/>\n<a href=\"https:\/\/www.youtube.com\/watch?v=GVqAN7tD2sE\">https:\/\/www.youtube.com\/watch?v=GVqAN7tD2sE<\/a><br \/>\n<a href=\"https:\/\/www.youtube.com\/watch?v=0gvlMK8qq0Q\">https:\/\/www.youtube.com\/watch?v=0gvlMK8qq0Q<\/a><\/p>\n<p>&#8230; Alles vom 16.7.2026 bitte lesen auf<br \/>\n<a href=\"https:\/\/kontrafunk.radio\/de\/sendung-nachhoeren\/politik-und-zeitgeschehen\/kontrafunk-aktuell\/kontrafunk-aktuell-vom-16-juli-2026\">https:\/\/kontrafunk.radio\/de\/sendung-nachhoeren\/politik-und-zeitgeschehen\/kontrafunk-aktuell\/kontrafunk-aktuell-vom-16-juli-2026<\/a><\/p>\n<p><a href=\"https:\/\/ostdeutscheallgemeine.com\/article\/uwe-steimle-afd-auftritt-dessau-rosslau-friedrich-merz-angela-merkel-stauffenberg-10242403\">https:\/\/ostdeutscheallgemeine.com\/article\/uwe-steimle-afd-auftritt-dessau-rosslau-friedrich-merz-angela-merkel-stauffenberg-10242403<\/a><\/p>\n<p>&nbsp;<\/p>\n<p><strong>Beide Deutschl\u00e4nder hatten es schwer mit ihren Nationalhymnen<\/strong><br \/>\nAls sich die beiden deutschen Staaten nach ihrer Gr\u00fcndung eigene Nationalhymnen gaben, w\u00e4hlten sie patriotische Texte, der Westen \u00fcbernahm die Hymne der Weimarer Republik mit dem Text von August Heinrich Hoffmann von Fallersleben, f\u00fcr die DDR dichtete Johannes R. Becher eine neue Hymne; beide insistieren auf die Wiedervereinigung. Heutigen Ohren klingen sie fremd, wenn nicht gar r\u00fcckschl\u00e4gig oder, je nach ideologischer Versehrtheit, gef\u00e4hrlich.<br \/>\n&#8230;<br \/>\nBeide Deutschl\u00e4nder bekamen also im Laufe der Zeit Schwierigkeiten mit dem Inhalt ihrer Nationalhymnen. Im Westen galt speziell die erste Strophe als revanchistisch \u2013 heute hat sich die (irrige) Ansicht durchgesetzt, dass es verboten sei, sie zu singen \u2013, die zweite als schw\u00fclstig bis peinlich (deutsche Frauen! deutsche Treue! deutscher Sang!), so dass nur die dritte Strophe \u00fcbrigbleiben durfte.<br \/>\nIn der DDR verschwand der Text peu \u00e0 peu aus der \u00d6ffentlichkeit und wurde durch die Instrumentalfassung ersetzt, nachdem die SED-F\u00fchrung Ende der 1960er Jahre das politische Ziel der deutschen Einheit aufgegeben hatte und eine eigene Willens- oder doch besser Zwangsnation ausrief: kein Deutschland mehr, sondern ein \u201esozialistischer Staat der Arbeiter und Bauern\u201c. Ich bin Jahrgang 1962, und ich kann mich erinnern, dass der Begriff \u201edeutsch\u201d in meiner Jugend einen Hautgout besa\u00df, es hie\u00df stattdessen \u201eB\u00fcrger der DDR\u201d, \u201eFernsehen der DDR\u201d, \u201eDDR-Sportler\u201d, \u201eDDR-Nationalmannschaft\u201d, aus dem Deutschlandsender wurde die Stimme der DDR etc.<br \/>\nBemerkenswerterweise ist es inzwischen \u00e4hnlich, das Wort \u201edeutsch\u201d hat im Laufe der drei Dekaden nach der Wiedervereinigung einen immer pejorativeren Beiklang angenommen. Der Grund ist ebenfalls ein \u00e4hnlicher, wie die SED-V\u00f6gte wollen die Herrschenden heute die deutsche Kulturnation abschaffen und durch eine neue Willens- oder doch eher Zwangsnation ersetzen, deren Angeh\u00f6rige einzig durch ihre Staatsb\u00fcrgerschaft definiert sind, w\u00e4hrend das ethnisch-kulturelle deutsche Volk als \u00fcberst\u00e4ndig gilt und sich bereits bei einem Hinweis auf dessen ja unbestreitbare Existenz als gr\u00f6\u00dfter Teil des Staatsvolks bei den Mitarbeitern des Bundesamtes f\u00fcr Verfassungsschutz die Lauscherchen aufstellen.<br \/>\nDas hei\u00dft, die Bundesregierung steht bei der Umdefinition des Volkes vor demselben Problem wie weiland die DDR-F\u00fchrung, denn Mehrheiten f\u00fcr dieses Projekt gibt es im Lande nicht.<br \/>\nDie offiziell angestrebte neue Identit\u00e4t, diese Chim\u00e4re aus Staatsvolk und \u201eBuntheit\u201d, setzt folglich die Beseitigung der alten voraus. Die aus allen Rohren ins Land gefeuerte Buntheitspropaganda d\u00fcrfte als Beweis gen\u00fcgen, denn dieses \u201ebunt\u201d meint ja eindeutig: nicht ethnisch deutsch (das w\u00e4re ja \u201eeinheitsbraun\u201d). Am Plakativsten zeigt sich der Austilgungswille in der Uminterpretation des Grundgesetzes, dessen Souver\u00e4n im Artikel 116 eindeutig festgelegt ist (und seinen Sch\u00f6pfern noch so klar vor Augen stand, dass sie weitere Defintionen f\u00fcr \u00fcberfl\u00fcssig hielten), welcher zufolge nun der Menschenw\u00fcrdepassus aus Artikel 1 praktisch f\u00fcr jeden Erdenb\u00fcrger gilt und sich die m\u00e4hliche Ersetzung des ethnisch-kulturellen deutschen Volks durch mobile Menschenw\u00fcrdetr\u00e4ger durchaus erkennbarer Ethnien praktisch aus dessen Nachkriegsverfassung ergibt. Man sieht, es gibt satanische Verse nicht nur im Koran.<\/p>\n<p>Was uns wieder zu den Hymnen und vornehmlich jener der Ehemaligen f\u00fchrt. Wenn SEDler dieses Lied singen, denken sie an Enteignung der Kapitalisten, \u201esoziale\u201d Gleichmacherei, Umverteilung und, man wird ja noch tr\u00e4umen d\u00fcrfen, die Wiederinbetriebnahme des Stasi-Knasts Hohensch\u00f6nhausen f\u00fcr besonders unbelehrbare \u201eNazis\u201d.<br \/>\nWenn nun pl\u00f6tzlich auch Schwefelparteiler sie anstimmen, denken sie wohl eher an das Lebensrecht des deutschen Volkes (wie jedes anderen Volkes auch). Die meisten von ihnen \u2013 ein paar Harthirne gibt es \u00fcberall \u2013 meinen damit keineswegs so etwas wie ein ethnisch reines Volk, das hat es nie gegeben, dergleichen denken sich die Regierungssch\u00fctzer nur aus, um die Opposition in toto zu verleumden, sondern sie meinen den Fortbestand der Deutschen, ihrer Sprache und Kultur, auch in den Einwanderern, und zwar durch deren ma\u00dfvolle Anpassung (ohne totale kulturelle Selbstaufgabe) an die Landessitten und Vermischung mit den Indigenen.<br \/>\nIn der Schwefelpartei gibt es \u201eBeutedeutsche\u201d sonder Zahl, unter Rechtspopulisten findet man mehr gemischtnationale oder gemischtethnische Partnerschaften als unter Gr\u00fcnen. Es geht nicht um die Erhaltung der genetischen, sondern der nationalen Eigenart, nicht mehr und nicht weniger.<br \/>\n&#8230; Alles vom 15.7.2026 von Michael Klonovsky bitte lesen auf<br \/>\n<a href=\"https:\/\/www.klonovsky.de\/2026\/07\/15-juli-2026\/\">https:\/\/www.klonovsky.de\/2026\/07\/15-juli-2026\/<\/a><br \/>\n.<\/p>\n<p>.<\/p>\n<p><strong>DDR-Nationalhymne: Das Lied, das nicht gesungen werden durfte<\/strong><br \/>\nNach dem Mauerbau verbot die DDR den Text ihrer eigenen Nationalhymne<br \/>\n&#8230;<br \/>\n\u00dcber drei Millionen Menschen verlie\u00dfen zwischen 1950 und 1961 heimlich die ungeliebte DDR und fl\u00fcchteten in die Bundesrepublik Deutschland. Damit war die zeitweilig vom SED-Regime propagierte Formel \u201eDeutsche an einen Tisch!\u201c endg\u00fcltig obsolet geworden, und die Bundesrepublik Deutschland wurde zum absoluten Feind erkl\u00e4rt. Als letzte Konsequenz der Abgrenzung holte sich das wankende Regime in Moskau die Erlaubnis, im August 1961 auch das letzte Schlupfloch f\u00fcr DDR-B\u00fcrger &#8211; die bis dahin noch offene Grenze zu West-Berlin &#8211; mit Mauer, Stacheldraht und Todessch\u00fcssen zu schlie\u00dfen.<br \/>\nDamit war die in der DDR-Nationalhymne beschworene Formel von \u201eDeutschland einig Vaterland\u201c endg\u00fcltig zur Illusion geworden. Abgrenzung vom verhassten \u201eKlassenfeind\u201c und vom \u201eBonner Kriegstreiber-Regime\u201c hatte nun die propagandistische Hauptaufgabe der SED-Medien zu sein. Das ging so weit, nur noch von der \u201eBRD\u201c zu reden, um das Wort Deutschland m\u00f6glichst immer zu vermeiden.<\/p>\n<p>&#8230;. Alles vom 12.1.2019 von Peter Klinkenberg bitte lesen auf<br \/>\n<a href=\"https:\/\/www.zeitzeugenbuero.de\/fileadmin\/zzp\/pdf\/Klinkenberg_Peter_Das_Lied_das_nicht_gesungen_werden_durfte_2019_neu.pdf\">https:\/\/www.zeitzeugenbuero.de\/fileadmin\/zzp\/pdf\/Klinkenberg_Peter_Das_Lied_das_nicht_gesungen_werden_durfte_2019_neu.pdf<\/a><\/p>\n<p>&nbsp;<\/p>\n<p>&nbsp;<\/p>\n<p><strong>Die Nationalhymne der Bundesrepublik Deutschland<\/strong><br \/>\nDie deutsche Nationalhymne in der aktuellen Fassung ist die dritte Strophe des Deutschlandliedes (festgelegt durch den Schriftwechsel vom 19. beziehungsweise 23. August 1991 zwischen Bundeskanzler Kohl und Bundespr\u00e4sident von Weizs\u00e4cker, ver\u00f6ffentlicht im Bulletin des Presse- und Informationsamtes der Bundesregierung Nr. 89\/1991 vom 27. August 1991).<\/p>\n<p>Einigkeit und Recht und Freiheit<br \/>\nF\u00fcr das deutsche Vaterland!<br \/>\nDanach lasst uns alle streben,<br \/>\nBr\u00fcderlich mit Herz und Hand!<br \/>\nEinigkeit und Recht und Freiheit<br \/>\nSind des Gl\u00fcckes Unterpfand:<br \/>\nBl\u00fch im Glanze dieses Gl\u00fcckes,<br \/>\nBl\u00fche, deutsches Vaterland!<br \/>\n<a href=\"https:\/\/www.bpb.de\/mediathek\/audio\/819\/die-nationalhymne-der-bundesrepublik-deutschland\/\">https:\/\/www.bpb.de\/mediathek\/audio\/819\/die-nationalhymne-der-bundesrepublik-deutschland\/<\/a><\/p>\n<p>Die erste Strophe des Deutschlandliedes von August Heinrich Hoffmann von Fallersleben:<br \/>\nDeutschland, Deutschland \u00fcber alles,<br \/>\n\u00fcber alles in der Welt,<br \/>\nwenn es stets zum Schutz und Trutze<br \/>\nbr\u00fcderlich zusammenh\u00e4lt.<br \/>\nVon der Maas bis an die Memel,<br \/>\nvon der Etsch bis an den Belt \u2013<br \/>\nDeutschland, Deutschland \u00fcber alles,<br \/>\n\u00fcber alles in der Welt!<\/p>\n<p>Die zweite Strophe:<br \/>\nDeutsche Frauen, deutsche Treue,<br \/>\ndeutscher Wein und deutscher Sang<br \/>\nsollen in der Welt behalten<br \/>\nihren alten sch\u00f6nen Klang,<br \/>\nuns zu edler Tat begeistern<br \/>\nunser ganzes Leben lang &#8211;<br \/>\ndeutsche Frauen, deutsche Treue,<br \/>\ndeutscher Wein und deutscher Sang!<\/p>\n<p>Deutsche Nationalhymne mit Gesang und Text<br \/>\n<a href=\"https:\/\/www.youtube.com\/watch?v=_LNYMKgC7AE\">https:\/\/www.youtube.com\/watch?v=_LNYMKgC7AE<\/a><\/p>\n<p>&nbsp;<\/p>\n<p><strong>Die DDR-Hymne<\/strong><br \/>\nAuferstanden aus Ruinen<br \/>\nund der Zukunft zugewandt,<br \/>\nla\u00df uns dir zum Guten dienen,<br \/>\nDeutschland, einig Vaterland.<br \/>\nAlte Not gilt es zu zwingen,<br \/>\nund wir zwingen sie vereint,<br \/>\ndenn es mu\u00df uns doch gelingen,<br \/>\nda\u00df die Sonne sch\u00f6n wie nie<br \/>\n\u00fcber Deutschland scheint.<\/p>\n<p>Gl\u00fcck und Friede sei beschieden<br \/>\nDeutschland, unserm Vaterland.<br \/>\nAlle Welt sehnt sich nach Frieden,<br \/>\nreicht den V\u00f6lkern eure Hand.<br \/>\nWenn wir br\u00fcderlich uns einen,<br \/>\nschlagen wir des Volkes Feind.<br \/>\nLa\u00dft das Licht des Friedens scheinen,<br \/>\nda\u00df nie eine Mutter mehr<br \/>\nihren Sohn beweint.<\/p>\n<p>La\u00dft uns pfl\u00fcgen, la\u00dft uns bauen,<br \/>\nlernt und schafft wie nie zuvor,<br \/>\nund der eignen Kraft vertrauend,<br \/>\nsteigt ein frei Geschlecht empor.<br \/>\nDeutsche Jugend, bestes Streben<br \/>\nunsres Volks in dir vereint,<br \/>\nwirst du Deutschlands neues Leben.<br \/>\nUnd die Sonne sch\u00f6n wie nie<br \/>\n\u00fcber Deutschland scheint.<br \/>\n.<\/p>\n<p>Auferstanden aus Ruinen die damalige DDR Hymne. Der Text der Hymne stammt von Johannes R. Becher, die Melodie komponierte Hanns Eisler.<br \/>\n<a href=\"https:\/\/www.youtube.com\/watch?v=DTV92wqYjfA\">https:\/\/www.youtube.com\/watch?v=DTV92wqYjfA<\/a><\/p>\n<p>&nbsp;<\/p>\n","protected":false},"excerpt":{"rendered":"<p>Home\u00a0&gt;Engagement\u00a0&gt;Zukunft\u00a0&gt;Demokratie\u00a0&gt;Nationalismus &gt;Nation &gt;Nationalhymne Listenauswahl eines Beitrags (Artikel\/Datum, Seite\/Inhalt): Klicken oder scrollen Uwe Steimle: DDR-Hymne singen (16.7.2026) Beide Deutschl\u00e4nder hatten es schwer mit ihren Nationalhymnen (15..7.2026) DDR-Nationalhymne: Das Lied, das nicht gesungen werden durfte (12.1.2019) Die Nationalhymne der Bundesrepublik Deutschland Die &hellip; <a href=\"https:\/\/www.freiburg-schwarzwald.de\/blog\/engagement\/zukunft\/demokratie\/nation\/nationalhymne\/\">Weiterlesen <span class=\"meta-nav\">&rarr;<\/span><\/a><\/p>\n","protected":false},"author":2,"featured_media":0,"parent":69744,"menu_order":0,"comment_status":"closed","ping_status":"closed","template":"","meta":{"footnotes":""},"class_list":["post-151533","page","type-page","status-publish","hentry"],"_links":{"self":[{"href":"https:\/\/www.freiburg-schwarzwald.de\/blog\/wp-json\/wp\/v2\/pages\/151533","targetHints":{"allow":["GET"]}}],"collection":[{"href":"https:\/\/www.freiburg-schwarzwald.de\/blog\/wp-json\/wp\/v2\/pages"}],"about":[{"href":"https:\/\/www.freiburg-schwarzwald.de\/blog\/wp-json\/wp\/v2\/types\/page"}],"author":[{"embeddable":true,"href":"https:\/\/www.freiburg-schwarzwald.de\/blog\/wp-json\/wp\/v2\/users\/2"}],"replies":[{"embeddable":true,"href":"https:\/\/www.freiburg-schwarzwald.de\/blog\/wp-json\/wp\/v2\/comments?post=151533"}],"version-history":[{"count":5,"href":"https:\/\/www.freiburg-schwarzwald.de\/blog\/wp-json\/wp\/v2\/pages\/151533\/revisions"}],"predecessor-version":[{"id":152397,"href":"https:\/\/www.freiburg-schwarzwald.de\/blog\/wp-json\/wp\/v2\/pages\/151533\/revisions\/152397"}],"up":[{"embeddable":true,"href":"https:\/\/www.freiburg-schwarzwald.de\/blog\/wp-json\/wp\/v2\/pages\/69744"}],"wp:attachment":[{"href":"https:\/\/www.freiburg-schwarzwald.de\/blog\/wp-json\/wp\/v2\/media?parent=151533"}],"curies":[{"name":"wp","href":"https:\/\/api.w.org\/{rel}","templated":true}]}}