{"id":15032,"date":"2012-11-10T14:51:57","date_gmt":"2012-11-10T13:51:57","guid":{"rendered":"https:\/\/www.freiburg-schwarzwald.de\/blog\/?page_id=15032"},"modified":"2026-03-25T16:10:47","modified_gmt":"2026-03-25T15:10:47","slug":"architektur-null","status":"publish","type":"page","link":"https:\/\/www.freiburg-schwarzwald.de\/blog\/business\/dienste\/architekt\/architektur-null\/","title":{"rendered":"Architektur-null"},"content":{"rendered":"<p>Home &gt;<a title=\"Business\" href=\"https:\/\/www.freiburg-schwarzwald.de\/blog\/business\/\">Business<\/a> &gt;<a title=\"Dienste\" href=\"https:\/\/www.freiburg-schwarzwald.de\/blog\/business\/dienste\/\">Dienste<\/a> &gt;<a title=\"Architekt\" href=\"https:\/\/www.freiburg-schwarzwald.de\/blog\/business\/dienste\/architekt\/\">Architekt<\/a> &gt;Architektur-null<\/p>\n<div id=\"attachment_50303\" style=\"width: 649px\" class=\"wp-caption alignnone\"><a href=\"https:\/\/www.freiburg-schwarzwald.de\/blog\/business\/dienste\/immobilien\/architektur-neu-alt-pan140822\/\" rel=\"attachment wp-att-50303\"><img loading=\"lazy\" decoding=\"async\" aria-describedby=\"caption-attachment-50303\" class=\"size-full wp-image-50303\" src=\"https:\/\/www.freiburg-schwarzwald.de\/blog\/wp-content\/uploads\/2012\/04\/architektur-neu-alt-pan140822.jpg\" alt=\"Architektur neu - alt an der Oberrieder Strasse in Freiburg-Waldsee 22.8.2014\" width=\"639\" height=\"265\" srcset=\"https:\/\/www.freiburg-schwarzwald.de\/blog\/wp-content\/uploads\/2012\/04\/architektur-neu-alt-pan140822.jpg 639w, https:\/\/www.freiburg-schwarzwald.de\/blog\/wp-content\/uploads\/2012\/04\/architektur-neu-alt-pan140822-180x74.jpg 180w\" sizes=\"auto, (max-width: 639px) 100vw, 639px\" \/><\/a><p id=\"caption-attachment-50303\" class=\"wp-caption-text\">Architektur neu &#8211; alt an der Oberrieder Strasse in Freiburg-Waldsee 22.8.2014<\/p><\/div>\n<p>.<\/p>\n<div id=\"attachment_85937\" style=\"width: 650px\" class=\"wp-caption alignnone\"><a href=\"https:\/\/www.freiburg-schwarzwald.de\/blog\/wp-content\/uploads\/2020\/12\/kartaus-uwc-wuerfel20201219pan.jpg\"><img loading=\"lazy\" decoding=\"async\" aria-describedby=\"caption-attachment-85937\" class=\"size-full wp-image-85937\" src=\"https:\/\/www.freiburg-schwarzwald.de\/blog\/wp-content\/uploads\/2020\/12\/kartaus-uwc-wuerfel20201219pan.jpg\" alt=\"\" width=\"640\" height=\"293\" srcset=\"https:\/\/www.freiburg-schwarzwald.de\/blog\/wp-content\/uploads\/2020\/12\/kartaus-uwc-wuerfel20201219pan.jpg 640w, https:\/\/www.freiburg-schwarzwald.de\/blog\/wp-content\/uploads\/2020\/12\/kartaus-uwc-wuerfel20201219pan-180x82.jpg 180w\" sizes=\"auto, (max-width: 640px) 100vw, 640px\" \/><\/a><p id=\"caption-attachment-85937\" class=\"wp-caption-text\">W\u00fcrfel-H\u00e4user von 2015 an der <a href=\"https:\/\/www.freiburg-schwarzwald.de\/blog\/natur\/garten\/kartaus\/\">Kartaus<\/a> (<a href=\"https:\/\/www.freiburg-schwarzwald.de\/blog\/bildung\/schulen\/uwc-freiburg\/\">UWC<\/a>) in Freiburg am 19.12.2020<\/p><\/div>\n<div id=\"attachment_14756\" style=\"width: 613px\" class=\"wp-caption alignnone\"><a href=\"https:\/\/www.freiburg-schwarzwald.de\/blog\/bildung\/duale-bildung\/azubi\/jostal2pan-061005\/\" rel=\"attachment wp-att-14756\"><img loading=\"lazy\" decoding=\"async\" aria-describedby=\"caption-attachment-14756\" class=\"size-full wp-image-14756\" title=\"jostal2pan-061005\" src=\"https:\/\/www.freiburg-schwarzwald.de\/blog\/wp-content\/uploads\/2012\/11\/jostal2pan-061005.jpg\" alt=\"\" width=\"603\" height=\"213\" srcset=\"https:\/\/www.freiburg-schwarzwald.de\/blog\/wp-content\/uploads\/2012\/11\/jostal2pan-061005.jpg 603w, https:\/\/www.freiburg-schwarzwald.de\/blog\/wp-content\/uploads\/2012\/11\/jostal2pan-061005-180x63.jpg 180w\" sizes=\"auto, (max-width: 603px) 100vw, 603px\" \/><\/a><p id=\"caption-attachment-14756\" class=\"wp-caption-text\">Blick nach Osten \u00fcbers Einsiedel ins Jostal bei Titisee-Neustadt am 5.10.2006<\/p><\/div>\n<p>In diesem Bild passt einfach alles: Eine sch\u00f6ne, ausgewogene Landschaft mit beh\u00e4big breiten Bauernh\u00e4usern, die sich darin wohl f\u00fchlen. Die Architektur der Schwarzwaldh\u00f6fe scheint erhaben zu sein \u00fcber jegliche Form der Diskussion und Kritik &#8230;.. In den Bildern oben passt einfach nichts?<\/p>\n<ul>\n<li><a href=\"https:\/\/www.freiburg-schwarzwald.de\/blog\/bildung\/hochschulen\/universitaet\/uni-bibliothek\/\">Unibibliothek FR: Stellt sich das Geb\u00e4ude ma\u00dflos zur Schau, verliert es jede \u00c4sthetik<\/a> (25.3.2026)<\/li>\n<li><a href=\"https:\/\/www.freiburg-schwarzwald.de\/blog\/regio\/freiburg\/freiburg1944\/freiburg1944heute\/\">Europaplatz\/Friedrichring: 1944 und heute<\/a>\u00a0(22.11.2021)<\/li>\n<li><a href=\"https:\/\/www.freiburg-schwarzwald.de\/blog\/vereine\/stadtbild\/\">Freiburger Stadtgeschichte: Rotteckgymnasium, Beton-UB, Glas-UB<\/a> (25.10.2021)<\/li>\n<li><a title=\"Architekt\" href=\"https:\/\/www.freiburg-schwarzwald.de\/blog\/business\/dienste\/architekt\/\">Roger Scruton: Architektur gegen die Wohlstandsverwahrlosung<\/a> (17.12.2019)<\/li>\n<li><a title=\"Husemann-Klinik: Neubau kalt\" href=\"https:\/\/www.freiburg-schwarzwald.de\/blog\/husemann-klinik-neubau-kalt\/\">Husemann-Klinik kalt<\/a>\u00a0(5.12.2019)<\/li>\n<li>Achitektonischer Einheitsbrei im Innerort von Kirchzarten? (24.10.2019)<\/li>\n<li>Die\u00a0Architektur\u00a0entspricht dem Zeitgeist (1.11.2018)<\/li>\n<li>Wohnhochhaus Gutleutmatten (1.8.2014)<\/li>\n<li><a href=\"https:\/\/www.freiburg-schwarzwald.de\/blog\/uni-bibliothek-wie-ein-dampfer\/\">https:\/\/www.freiburg-schwarzwald.de\/blog\/uni-bibliothek-wie-ein-dampfer\/<\/a> (2.2.2014)<\/li>\n<li>Heinrich-von-Stephan-Strasse zwischen Hauptbahnhof und Basler Strasse &#8211; Betonkl\u00f6tze (23.4.2013)<\/li>\n<li><a href=\"https:\/\/www.freiburg-schwarzwald.de\/blog\/neubau-gesichtslose-architektur\/\">https:\/\/www.freiburg-schwarzwald.de\/blog\/neubau-gesichtslose-architektur\/<\/a>\u00a0(14.3.2013)<\/li>\n<li><a href=\"https:\/\/www.freiburg-schwarzwald.de\/augustinermuseum.htm#Dieses Haus hat keine Augen mehr - Kritik zum Projekt\">Dieses Haus hat keine Augen mehr &#8211; Kritik zum Projekt<\/a> &gt;Augustinermuseum (7.3.2012)<\/li>\n<li><a href=\"https:\/\/www.freiburg-schwarzwald.de\/littenweiler\/kartaus1.htm#B\u00fcrgerverein Oberwiehre-Waldsee: Wohnbebauung viel zu aufdringlich\">B\u00fcrgerverein Oberwiehre-Waldsee: Wohnbebauung viel zu aufdringlich<\/a> &gt;Kartaus1 (13.1.12)<\/li>\n<li><a href=\"https:\/\/www.freiburg-schwarzwald.de\/littenweiler\/architektur-null.htm#Unibibliothek-Abriss nach 33 Jahren, Neubau 44 Mio Euro: Nachhaltigkeit null\">Unibibliothek-Abriss nach 33 Jahren, Neubau 44 Mio Euro: Nachhaltigkeit null<\/a> &gt;Architekt (3.1.12)<\/li>\n<li><a href=\"https:\/\/www.freiburg-schwarzwald.de\/littenweiler\/zaehringen.htm#Z\u00e4hringer Turm\">Z\u00e4hringer Turm<\/a> &gt;Zaehringen (27.7.2011)<\/li>\n<li><a href=\"https:\/\/www.freiburg-schwarzwald.de\/littenweiler\/haslach.htm#Platz am Haslacher Laubenweg\">Platz am Haslacher Laubenweg: Zugepflasterte \u00d6dnis<\/a> &gt;Haslach (27.7.2011)<\/li>\n<li><a href=\"https:\/\/www.freiburg-schwarzwald.de\/littenweiler\/bahnhof.htm#Littewiiler-City-Center - \u00e4 freiji Fl\u00e4chi\">Littewiiler-City-Center &#8211; \u00e4 freiji Fl\u00e4chi<\/a> &gt;Bahnhof (31.3.2010)<\/li>\n<li><a href=\"https:\/\/www.freiburg-schwarzwald.de\/littenweiler\/littenweiler11.htm#Geplante Bebauung am Bahnhof - Pro und Contra\">Geplante Bebauung am Bahnhof &#8211; Pro und Contra<\/a> &gt;Littenweiler11 (1.2.2010)<\/li>\n<li><a href=\"https:\/\/www.freiburg-schwarzwald.de\/littenweiler\/architekt1.htm#Schlossberggarage: Haben hier die Architekten gepfuscht\">Schlossberggarage: Haben hier die Architekten gepfuscht?<\/a>&gt;Architekt1 (23.11.2009)<\/li>\n<li><a href=\"https:\/\/www.freiburg-schwarzwald.de\/littenweiler\/vauban1.htm#B\u00fcrgerbeteiligung an der Planung zum Grundst\u00fcck MI 1:\">B\u00fcrgerbeteiligung an der Planung zum Grundst\u00fcck MI 1<\/a> &gt;Vauban1 (6.11.2009)<\/li>\n<li><a href=\"https:\/\/www.freiburg-schwarzwald.de\/littenweiler\/architektur-null.htm#X-Press-Geb\u00e4ude Schnewlinstrasse: Ma\u00dfstablos und unmenschlich\">X-Press-Geb\u00e4ude Schnewlinstrasse: Ma\u00dfstablos und unmenschlich<\/a>\u00a0&gt;Architektur-Null (10.9.08)<\/li>\n<li><a href=\"https:\/\/www.freiburg-schwarzwald.de\/littenweiler\/architektur-null.htm#Hitzestau im teuer verglasten Neubau der Kinderklinik in Heidelberg\">Hitzestau im teuer verglasten Neubau der Kinderklinik in Heidelberg<\/a> (19.8.2008)<\/li>\n<li><a href=\"https:\/\/www.freiburg-schwarzwald.de\/littenweiler\/rieselfeld.htm#Tram-Turm: Ein ganzer Stadtteil gibt sein Konzept auf\">Tram-Turm: Ein ganzer Stadtteil gibt sein Konzept auf<\/a> &gt;Rieselfeld (15.8.2008)<\/li>\n<li><a href=\"https:\/\/www.freiburg-schwarzwald.de\/littenweiler\/oeffentlicher-raum.htm#Von der Pommfrittisierung der St\u00e4dte\">Von der Pommfrittisierung der St\u00e4dte<\/a>\u00a0 &gt;Oeffentlicher Raum (3.7.2008)<\/li>\n<li><a href=\"https:\/\/www.freiburg-schwarzwald.de\/littenweiler\/universitaet1.htm#Hennis zur UB: Freiburg braucht eine neue Revolte\">Hennis zur UB: Freiburg braucht eine neue Revolte<\/a> &gt;Universitaet1 (2.2.2008)<\/li>\n<li>.<\/li>\n<li><a href=\"https:\/\/www.freiburg-schwarzwald.de\/littenweiler\/architektur-abriss.htm\">Abriss alter Bauten<\/a> &gt;Architektur-Abriss<\/li>\n<li><strong><a href=\"https:\/\/www.freiburg-schwarzwald.de\/littenweiler\/architektur-null.htm\">https:\/\/www.freiburg-schwarzwald.de\/littenweiler\/architektur-null.htm<\/a>\u00a0&gt;Archivseite<\/strong><\/li>\n<li><a title=\"Bauen-Pfusch\" href=\"https:\/\/www.freiburg-schwarzwald.de\/blog\/business\/dienste\/immobilien\/bauen-pfusch\/\">Bauen-Pfusch<\/a><\/li>\n<li><a href=\"https:\/\/www.freiburg-schwarzwald.de\/blog\/regio\/freiburg\/freiburg1944\/freiburg1944heute\/\">Freiburg1944heute<\/a><\/li>\n<li><a href=\"https:\/\/www.freiburg-schwarzwald.de\/blog\/vereine\/stadtbild\/\">Stadtbild &#8211; Arge<\/a><\/li>\n<li><a title=\"Westarkaden\" href=\"https:\/\/www.freiburg-schwarzwald.de\/blog\/regio\/freiburg\/westarkaden\/\">Westarkaden<\/a><\/li>\n<\/ul>\n<div id=\"attachment_43830\" style=\"width: 649px\" class=\"wp-caption alignnone\"><a href=\"https:\/\/www.freiburg-schwarzwald.de\/blog\/business\/dienste\/architekt\/architektur-null\/kartaus18bau-pan140109\/\" rel=\"attachment wp-att-43830\"><img loading=\"lazy\" decoding=\"async\" aria-describedby=\"caption-attachment-43830\" class=\"size-full wp-image-43830\" src=\"https:\/\/www.freiburg-schwarzwald.de\/blog\/wp-content\/uploads\/2012\/11\/kartaus18bau-pan140109.jpg\" alt=\"Blick nach Nordosten im Dreisamtal zu den neuen Personalh\u00e4usern an der Kartaus am 9.1.2014 - links auf der Gartenmauer die Regenfrau von Thomas Rees\" width=\"639\" height=\"232\" srcset=\"https:\/\/www.freiburg-schwarzwald.de\/blog\/wp-content\/uploads\/2012\/11\/kartaus18bau-pan140109.jpg 639w, https:\/\/www.freiburg-schwarzwald.de\/blog\/wp-content\/uploads\/2012\/11\/kartaus18bau-pan140109-180x65.jpg 180w\" sizes=\"auto, (max-width: 639px) 100vw, 639px\" \/><\/a><p id=\"caption-attachment-43830\" class=\"wp-caption-text\">Blick nach Nordosten im Dreisamtal zu den neuen Personalh\u00e4usern an der <a title=\"Kartaus-Baustelle\" href=\"https:\/\/www.freiburg-schwarzwald.de\/blog\/bildung\/schulen\/uwc-freiburg\/kartaus-baustelle\/\">Kartaus<\/a> am 9.1.2014 &#8211; links auf der Gartenmauer die Regenfrau von <a title=\"Thomas-Rees\" href=\"https:\/\/www.freiburg-schwarzwald.de\/blog\/kultur\/kunst\/thomas-rees\/\">Thomas Rees<\/a><\/p><\/div>\n<p>&#8222;Architektenhaus zu verkaufen&#8220; &#8211; sicher haben Sie schon Immobilienanzeigen mit diesem Aufmacher gelesen. Und festgestellt, da\u00df ein solches Haus zumindest interessant gestaltet ist, in jedem Fall aber komfortabel und angenehm bewohnbar ist: Ruhige, sonnige Lage, filigrane Erker, Detaill\u00f6sungen, &#8230;.<br \/>\nWoran liegt es, dass immer weniger Geb\u00e4ude das Pr\u00e4dikat &#8222;Architektenhaus&#8220; verdienen?<br \/>\nDie folgenden Fotos zeigen von Bauten, in denen kein Architekt wohnen w\u00fcrde, die aber gleichwohl von ebensolchen gebaut wurden.<\/p>\n<h5><a href=\"https:\/\/www.freiburg-schwarzwald.de\/blog\/selbsthilfe\/senioren\/kreuzsteinaecker\/kreuzsteinaecker3strasse131223\/\" rel=\"attachment wp-att-42958\"><img loading=\"lazy\" decoding=\"async\" class=\"alignnone size-thumbnail wp-image-42958\" title=\"kreuzsteinaecker3strasse131223\" src=\"https:\/\/www.freiburg-schwarzwald.de\/blog\/wp-content\/uploads\/2013\/12\/kreuzsteinaecker3strasse131223-180x135.jpg\" alt=\"\" width=\"180\" height=\"135\" srcset=\"https:\/\/www.freiburg-schwarzwald.de\/blog\/wp-content\/uploads\/2013\/12\/kreuzsteinaecker3strasse131223-180x135.jpg 180w, https:\/\/www.freiburg-schwarzwald.de\/blog\/wp-content\/uploads\/2013\/12\/kreuzsteinaecker3strasse131223.jpg 640w\" sizes=\"auto, (max-width: 180px) 100vw, 180px\" \/><\/a> \u00a0\u00a0\u00a0\u00a0\u00a0\u00a0\u00a0\u00a0 <a href=\"https:\/\/www.freiburg-schwarzwald.de\/blog\/wp-content\/uploads\/2012\/11\/fahnenbergplatz1955.jpg\"><img loading=\"lazy\" decoding=\"async\" class=\"alignnone size-thumbnail wp-image-45650\" src=\"https:\/\/www.freiburg-schwarzwald.de\/blog\/wp-content\/uploads\/2012\/11\/fahnenbergplatz1955-180x93.jpg\" alt=\"\" width=\"180\" height=\"93\" srcset=\"https:\/\/www.freiburg-schwarzwald.de\/blog\/wp-content\/uploads\/2012\/11\/fahnenbergplatz1955-180x93.jpg 180w, https:\/\/www.freiburg-schwarzwald.de\/blog\/wp-content\/uploads\/2012\/11\/fahnenbergplatz1955.jpg 590w\" sizes=\"auto, (max-width: 180px) 100vw, 180px\" \/><\/a><br \/>\n(1) Heinrich-Heine-Str 23.12.13\u00a0 \u00a0 \u00a0 \u00a0 \u00a0 \u00a0 \u00a0 (2) Fahnenbergplatz 1955\u00a0 \u00a0 \u00a0 \u00a0 \u00a0 \u00a0 \u00a0 \u00a0 \u00a0 \u00a0(3) Fahnenbergplatz 2014<\/h5>\n<h5><a href=\"https:\/\/www.freiburg-schwarzwald.de\/blog\/business\/dienste\/architekt\/architektur-null\/architektur-neu-alt140822\/\" rel=\"attachment wp-att-50260\"><img loading=\"lazy\" decoding=\"async\" class=\"alignnone size-thumbnail wp-image-50260\" src=\"https:\/\/www.freiburg-schwarzwald.de\/blog\/wp-content\/uploads\/2012\/11\/architektur-neu-alt140822-180x135.jpg\" alt=\"architektur-neu-alt140822\" width=\"180\" height=\"135\" srcset=\"https:\/\/www.freiburg-schwarzwald.de\/blog\/wp-content\/uploads\/2012\/11\/architektur-neu-alt140822-180x135.jpg 180w, https:\/\/www.freiburg-schwarzwald.de\/blog\/wp-content\/uploads\/2012\/11\/architektur-neu-alt140822.jpg 640w\" sizes=\"auto, (max-width: 180px) 100vw, 180px\" \/><\/a>\u00a0\u00a0\u00a0\u00a0\u00a0\u00a0\u00a0\u00a0\u00a0\u00a0<a href=\"https:\/\/www.freiburg-schwarzwald.de\/blog\/business\/dienste\/architekt\/architektur-null\/hotel-national-freiburg1910\/\" rel=\"attachment wp-att-53000\"><img loading=\"lazy\" decoding=\"async\" class=\"alignnone size-thumbnail wp-image-53000\" src=\"https:\/\/www.freiburg-schwarzwald.de\/blog\/wp-content\/uploads\/2012\/11\/hotel-national-freiburg1910-180x127.jpg\" alt=\"hotel-national-freiburg1910\" width=\"180\" height=\"127\" srcset=\"https:\/\/www.freiburg-schwarzwald.de\/blog\/wp-content\/uploads\/2012\/11\/hotel-national-freiburg1910-180x127.jpg 180w, https:\/\/www.freiburg-schwarzwald.de\/blog\/wp-content\/uploads\/2012\/11\/hotel-national-freiburg1910.jpg 640w\" sizes=\"auto, (max-width: 180px) 100vw, 180px\" \/><\/a><br \/>\n(4) Oberrieder Strasse 22.8.2014\u00a0 \u00a0 \u00a0 \u00a0 (5) Hotel National 1910 &#8211; an dieser Stelle heute das Novotel neben Konzerthaus<\/h5>\n<h5><a href=\"https:\/\/www.freiburg-schwarzwald.de\/blog\/wp-content\/uploads\/2023\/04\/schwabentor-gewerkschaftshaus1950.jpg\"><img loading=\"lazy\" decoding=\"async\" class=\"alignnone size-thumbnail wp-image-112036\" src=\"https:\/\/www.freiburg-schwarzwald.de\/blog\/wp-content\/uploads\/2023\/04\/schwabentor-gewerkschaftshaus1950-180x180.jpg\" alt=\"\" width=\"180\" height=\"180\" srcset=\"https:\/\/www.freiburg-schwarzwald.de\/blog\/wp-content\/uploads\/2023\/04\/schwabentor-gewerkschaftshaus1950-180x180.jpg 180w, https:\/\/www.freiburg-schwarzwald.de\/blog\/wp-content\/uploads\/2023\/04\/schwabentor-gewerkschaftshaus1950-636x640.jpg 636w, https:\/\/www.freiburg-schwarzwald.de\/blog\/wp-content\/uploads\/2023\/04\/schwabentor-gewerkschaftshaus1950.jpg 716w\" sizes=\"auto, (max-width: 180px) 100vw, 180px\" \/><\/a>\u00a0 \u00a0 \u00a0 \u00a0 \u00a0 \u00a0 <a href=\"https:\/\/www.freiburg-schwarzwald.de\/blog\/wp-content\/uploads\/2023\/04\/schwabentor-gewerkschaftshaus2023.jpg\"><img loading=\"lazy\" decoding=\"async\" class=\"alignnone size-thumbnail wp-image-112037\" src=\"https:\/\/www.freiburg-schwarzwald.de\/blog\/wp-content\/uploads\/2023\/04\/schwabentor-gewerkschaftshaus2023-180x121.jpg\" alt=\"\" width=\"180\" height=\"121\" srcset=\"https:\/\/www.freiburg-schwarzwald.de\/blog\/wp-content\/uploads\/2023\/04\/schwabentor-gewerkschaftshaus2023-180x121.jpg 180w, https:\/\/www.freiburg-schwarzwald.de\/blog\/wp-content\/uploads\/2023\/04\/schwabentor-gewerkschaftshaus2023-640x429.jpg 640w, https:\/\/www.freiburg-schwarzwald.de\/blog\/wp-content\/uploads\/2023\/04\/schwabentor-gewerkschaftshaus2023.jpg 750w\" sizes=\"auto, (max-width: 180px) 100vw, 180px\" \/><\/a><br \/>\n(6) Gewerkschaftshaus am Schwabentor 1950 und 2023<\/h5>\n<p>&nbsp;<\/p>\n<p>&nbsp;<\/p>\n<p>(1) Heinrich-Heine-Strasse in FR-Littenweiler am 23.12.13: Seelenlose Wohnungsh\u00e4user-Zeile gegen\u00fcber dem <a title=\"Kreuzsteinaecker\" href=\"https:\/\/www.freiburg-schwarzwald.de\/blog\/selbsthilfe\/senioren\/kreuzsteinaecker\/\">Seniorenstift Kreuzstein\u00e4cker <\/a><br \/>\n(4) Warum gilt diese Gleichung so oft: alt=sch\u00f6n und neu=h\u00e4sslich<br \/>\n(6)\u00a0 F\u00fcr Freiburgs altes Gewerkschaftshaus galt der Abbruch als &#8222;saubere L\u00f6sung&#8220;<br \/>\n&#8230; Alles vom 24.4.2023 bitte lesen auf<br \/>\n<a href=\"https:\/\/www.badische-zeitung.de\/fuer-freiburgs-altes-gewerkschaftshaus-galt-der-abbruch-als-saubere-loesung--256512691.html\">https:\/\/www.badische-zeitung.de\/fuer-freiburgs-altes-gewerkschaftshaus-galt-der-abbruch-als-saubere-loesung&#8211;256512691.html<\/a><\/p>\n<p>&nbsp;<\/p>\n<p align=\"LEFT\"><strong>Wohnhochhaus Gutleutmatten<\/strong><\/p>\n<p align=\"LEFT\"><a href=\"https:\/\/www.freiburg-schwarzwald.de\/blog\/business\/dienste\/architekt\/architektur-null\/gutleutmatten-hochhaus140727\/\" rel=\"attachment wp-att-49747\"><img loading=\"lazy\" decoding=\"async\" class=\"alignnone size-thumbnail wp-image-49747\" src=\"https:\/\/www.freiburg-schwarzwald.de\/blog\/wp-content\/uploads\/2012\/11\/gutleutmatten-hochhaus140727-147x180.jpg\" alt=\"gutleutmatten-hochhaus140727\" width=\"147\" height=\"180\" srcset=\"https:\/\/www.freiburg-schwarzwald.de\/blog\/wp-content\/uploads\/2012\/11\/gutleutmatten-hochhaus140727-147x180.jpg 147w, https:\/\/www.freiburg-schwarzwald.de\/blog\/wp-content\/uploads\/2012\/11\/gutleutmatten-hochhaus140727.jpg 504w\" sizes=\"auto, (max-width: 147px) 100vw, 147px\" \/><\/a><\/p>\n<p align=\"LEFT\">An der Eschholzstrasse entsteht ein neungeschossiges Hochhaus mit 23 Wohnungen. Architektin J\u00f3runn Ragnarsd\u00f3ttir, Vorsitzende des Preisgerichts:<br \/>\n<em>\u201eDer Siegerentwurf besticht durch die Definition des Bauk\u00f6rpers als Solit\u00e4r und die konsequente turmartige Ausbildung\u00a0 durch eine klare Stapelung der Geschosse. Das Volumen entwickelt eine gute Fernwirkung und stellt ein identit\u00e4tsstiftendes Element f\u00fcr die Bewohnerinnen und Bewohner des Quartiers dar.\u201c<\/em><br \/>\nDiesen Satz m\u00f6ge man bitte mehrmals lesen und wirken lassen.<\/p>\n<p>&nbsp;<\/p>\n<p>&nbsp;<\/p>\n<p><strong>Heinrich-von-Stephan-Strasse zwischen Hauptbahnhof und Basler Strasse &#8211; Betonkl\u00f6tze<\/strong><\/p>\n<p><a href=\"https:\/\/www.freiburg-schwarzwald.de\/blog\/business\/dienste\/architekt\/architektur-null\/schnewlinstrasse121106\/\" rel=\"attachment wp-att-15035\"><img loading=\"lazy\" decoding=\"async\" class=\"alignnone size-thumbnail wp-image-15035\" title=\"schnewlinstrasse121106\" src=\"https:\/\/www.freiburg-schwarzwald.de\/blog\/wp-content\/uploads\/2012\/11\/schnewlinstrasse121106-180x135.jpg\" alt=\"\" width=\"180\" height=\"135\" srcset=\"https:\/\/www.freiburg-schwarzwald.de\/blog\/wp-content\/uploads\/2012\/11\/schnewlinstrasse121106-180x135.jpg 180w, https:\/\/www.freiburg-schwarzwald.de\/blog\/wp-content\/uploads\/2012\/11\/schnewlinstrasse121106.jpg 640w\" sizes=\"auto, (max-width: 180px) 100vw, 180px\" \/><\/a>\u00a0\u00a0\u00a0\u00a0\u00a0\u00a0\u00a0\u00a0\u00a0 <a href=\"https:\/\/www.freiburg-schwarzwald.de\/blog\/business\/dienste\/architekt\/architektur-null\/heinrich-von-stephan-strasse1-130423\/\" rel=\"attachment wp-att-27794\"><img loading=\"lazy\" decoding=\"async\" class=\"alignnone size-thumbnail wp-image-27794\" title=\"heinrich-von-stephan-strasse1-130423\" src=\"https:\/\/www.freiburg-schwarzwald.de\/blog\/wp-content\/uploads\/2012\/11\/heinrich-von-stephan-strasse1-130423-180x135.jpg\" alt=\"\" width=\"180\" height=\"135\" srcset=\"https:\/\/www.freiburg-schwarzwald.de\/blog\/wp-content\/uploads\/2012\/11\/heinrich-von-stephan-strasse1-130423-180x135.jpg 180w, https:\/\/www.freiburg-schwarzwald.de\/blog\/wp-content\/uploads\/2012\/11\/heinrich-von-stephan-strasse1-130423.jpg 640w\" sizes=\"auto, (max-width: 180px) 100vw, 180px\" \/><\/a>\u00a0\u00a0\u00a0\u00a0\u00a0\u00a0\u00a0\u00a0\u00a0 <a href=\"https:\/\/www.freiburg-schwarzwald.de\/blog\/business\/dienste\/architekt\/architektur-null\/heinrich-von-stephan-strasse2-130423\/\" rel=\"attachment wp-att-27795\"><img loading=\"lazy\" decoding=\"async\" class=\"alignnone size-thumbnail wp-image-27795\" title=\"heinrich-von-stephan-strasse2-130423\" src=\"https:\/\/www.freiburg-schwarzwald.de\/blog\/wp-content\/uploads\/2012\/11\/heinrich-von-stephan-strasse2-130423-180x135.jpg\" alt=\"\" width=\"180\" height=\"135\" srcset=\"https:\/\/www.freiburg-schwarzwald.de\/blog\/wp-content\/uploads\/2012\/11\/heinrich-von-stephan-strasse2-130423-180x135.jpg 180w, https:\/\/www.freiburg-schwarzwald.de\/blog\/wp-content\/uploads\/2012\/11\/heinrich-von-stephan-strasse2-130423.jpg 640w\" sizes=\"auto, (max-width: 180px) 100vw, 180px\" \/><\/a><br \/>\n(1) S\u00fcdw\u00e4rts <a title=\"Hauptbahnhof\" href=\"https:\/\/www.freiburg-schwarzwald.de\/blog\/regio\/verkehr\/hauptbahnhof\/\">Hbf<\/a> 6.11.2012\u00a0 \u00a0(2) Heinrich-von-Stephan-Str 23.4.2013 &#8211; nordwestw\u00e4rts<\/p>\n<p><a href=\"https:\/\/www.freiburg-schwarzwald.de\/blog\/business\/dienste\/architekt\/architektur-null\/heinrich-von-stephan-strasse3-130423\/\" rel=\"attachment wp-att-27796\"><img loading=\"lazy\" decoding=\"async\" class=\"alignnone size-thumbnail wp-image-27796\" title=\"heinrich-von-stephan-strasse3-130423\" src=\"https:\/\/www.freiburg-schwarzwald.de\/blog\/wp-content\/uploads\/2012\/11\/heinrich-von-stephan-strasse3-130423-180x135.jpg\" alt=\"\" width=\"180\" height=\"135\" srcset=\"https:\/\/www.freiburg-schwarzwald.de\/blog\/wp-content\/uploads\/2012\/11\/heinrich-von-stephan-strasse3-130423-180x135.jpg 180w, https:\/\/www.freiburg-schwarzwald.de\/blog\/wp-content\/uploads\/2012\/11\/heinrich-von-stephan-strasse3-130423.jpg 640w\" sizes=\"auto, (max-width: 180px) 100vw, 180px\" \/><\/a>\u00a0\u00a0\u00a0\u00a0\u00a0\u00a0\u00a0\u00a0\u00a0 <a href=\"https:\/\/www.freiburg-schwarzwald.de\/blog\/business\/dienste\/architekt\/architektur-null\/heinrich-von-stephan-strasse4dreisam130423\/\" rel=\"attachment wp-att-27797\"><img loading=\"lazy\" decoding=\"async\" class=\"alignnone size-thumbnail wp-image-27797\" title=\"heinrich-von-stephan-strasse4dreisam130423\" src=\"https:\/\/www.freiburg-schwarzwald.de\/blog\/wp-content\/uploads\/2012\/11\/heinrich-von-stephan-strasse4dreisam130423-180x135.jpg\" alt=\"\" width=\"180\" height=\"135\" srcset=\"https:\/\/www.freiburg-schwarzwald.de\/blog\/wp-content\/uploads\/2012\/11\/heinrich-von-stephan-strasse4dreisam130423-180x135.jpg 180w, https:\/\/www.freiburg-schwarzwald.de\/blog\/wp-content\/uploads\/2012\/11\/heinrich-von-stephan-strasse4dreisam130423.jpg 640w\" sizes=\"auto, (max-width: 180px) 100vw, 180px\" \/><\/a>\u00a0\u00a0\u00a0\u00a0\u00a0\u00a0\u00a0\u00a0\u00a0 <a href=\"https:\/\/www.freiburg-schwarzwald.de\/blog\/business\/dienste\/architekt\/architektur-null\/heinrich-von-stephan-strasse5dreisam130423\/\" rel=\"attachment wp-att-27798\"><img loading=\"lazy\" decoding=\"async\" class=\"alignnone size-thumbnail wp-image-27798\" title=\"heinrich-von-stephan-strasse5dreisam130423\" src=\"https:\/\/www.freiburg-schwarzwald.de\/blog\/wp-content\/uploads\/2012\/11\/heinrich-von-stephan-strasse5dreisam130423-180x135.jpg\" alt=\"\" width=\"180\" height=\"135\" srcset=\"https:\/\/www.freiburg-schwarzwald.de\/blog\/wp-content\/uploads\/2012\/11\/heinrich-von-stephan-strasse5dreisam130423-180x135.jpg 180w, https:\/\/www.freiburg-schwarzwald.de\/blog\/wp-content\/uploads\/2012\/11\/heinrich-von-stephan-strasse5dreisam130423.jpg 640w\" sizes=\"auto, (max-width: 180px) 100vw, 180px\" \/><\/a><br \/>\n(4) Blick s\u00fcdw\u00e4rts 23.4.2013\u00a0 (5) Dreisam durchs Gel\u00e4nder\u00a0 (6) Dreisambr\u00fccke &#8211; sch\u00f6n!<\/p>\n<p><a href=\"https:\/\/www.freiburg-schwarzwald.de\/blog\/business\/dienste\/architekt\/architektur-null\/heinrich-von-stephan-strasse6-130423\/\" rel=\"attachment wp-att-27799\"><img loading=\"lazy\" decoding=\"async\" class=\"alignnone size-thumbnail wp-image-27799\" title=\"heinrich-von-stephan-strasse6-130423\" src=\"https:\/\/www.freiburg-schwarzwald.de\/blog\/wp-content\/uploads\/2012\/11\/heinrich-von-stephan-strasse6-130423-180x135.jpg\" alt=\"\" width=\"180\" height=\"135\" srcset=\"https:\/\/www.freiburg-schwarzwald.de\/blog\/wp-content\/uploads\/2012\/11\/heinrich-von-stephan-strasse6-130423-180x135.jpg 180w, https:\/\/www.freiburg-schwarzwald.de\/blog\/wp-content\/uploads\/2012\/11\/heinrich-von-stephan-strasse6-130423.jpg 639w\" sizes=\"auto, (max-width: 180px) 100vw, 180px\" \/><\/a>\u00a0\u00a0\u00a0\u00a0\u00a0\u00a0\u00a0\u00a0\u00a0 <a href=\"https:\/\/www.freiburg-schwarzwald.de\/blog\/business\/dienste\/architekt\/architektur-null\/heinrich-von-stephan-strasse7senovum130423\/\" rel=\"attachment wp-att-27800\"><img loading=\"lazy\" decoding=\"async\" class=\"alignnone size-thumbnail wp-image-27800\" title=\"heinrich-von-stephan-strasse7senovum130423\" src=\"https:\/\/www.freiburg-schwarzwald.de\/blog\/wp-content\/uploads\/2012\/11\/heinrich-von-stephan-strasse7senovum130423-180x135.jpg\" alt=\"\" width=\"180\" height=\"135\" srcset=\"https:\/\/www.freiburg-schwarzwald.de\/blog\/wp-content\/uploads\/2012\/11\/heinrich-von-stephan-strasse7senovum130423-180x135.jpg 180w, https:\/\/www.freiburg-schwarzwald.de\/blog\/wp-content\/uploads\/2012\/11\/heinrich-von-stephan-strasse7senovum130423.jpg 640w\" sizes=\"auto, (max-width: 180px) 100vw, 180px\" \/><\/a>\u00a0\u00a0\u00a0\u00a0\u00a0\u00a0\u00a0\u00a0 <a href=\"https:\/\/www.freiburg-schwarzwald.de\/blog\/business\/dienste\/architekt\/architektur-null\/heinrich-von-stephan-strasse8-130423\/\" rel=\"attachment wp-att-27801\"><img loading=\"lazy\" decoding=\"async\" class=\"alignnone size-thumbnail wp-image-27801\" title=\"heinrich-von-stephan-strasse8-130423\" src=\"https:\/\/www.freiburg-schwarzwald.de\/blog\/wp-content\/uploads\/2012\/11\/heinrich-von-stephan-strasse8-130423-180x135.jpg\" alt=\"\" width=\"180\" height=\"135\" srcset=\"https:\/\/www.freiburg-schwarzwald.de\/blog\/wp-content\/uploads\/2012\/11\/heinrich-von-stephan-strasse8-130423-180x135.jpg 180w, https:\/\/www.freiburg-schwarzwald.de\/blog\/wp-content\/uploads\/2012\/11\/heinrich-von-stephan-strasse8-130423.jpg 640w\" sizes=\"auto, (max-width: 180px) 100vw, 180px\" \/><\/a><br \/>\n(7) Blick nordw\u00e4rts traurig\u00a0 (8) Senovum am 23.402013\u00a0 \u00a0(9) Heinrich-von-Stephan-Str<\/p>\n<p>Die Heinrich-von-Stephan-Strasse ist ein Paradebeispiel f\u00fcr <span style=\"color: #ff0000;\"><strong>nachhaltig-seelenlose Horror-Zweckarchitektur<\/strong><\/span>. So wird Freiburg verschandelt mit Betonkl\u00f6tzen, deren Fassaden zwar w\u00e4rmeged\u00e4mmt sind, aber in 5 Jahren schon wieder unansehnlich und zu renovieren sein werden. Was h\u00e4tte man aus dieser wichtigen Verbindungsstrasse architektonisch machen k\u00f6nnen &#8211; ohne finanziellen Mehraufwand.<\/p>\n<p>&nbsp;<\/p>\n<p><strong>Heinrich von Stephan Businessmile<br \/>\n<\/strong>Architektonische Albtr\u00e4ume werden endlich war. Bis auf wenige Ausnahmen sind alle Geb\u00e4ude an der westlichen Bahnhofsachse st\u00e4dtebauliche Zeitbomben welche in ihrer Ausstrahlung den unw\u00fcrdigen Hochhaussiedlungen der 70er und 80er Jahre gef\u00e4hrlich nahe kommen. Hauptsache wir haben eine sch\u00f6ne M\u00e4rklin Innenstadt mit Bimmelb\u00e4hnchen und im Sommer mit unn\u00fctzen Palmen f\u00fcr die Touristen. Au\u00dfen herum und entlang den Einfuhrschneisen zu den Parkh\u00e4usern reicht ja der gute Zweckbau von Moser, Unm\u00fcssig etc.<span class=\"Apple-converted-space\"><span style=\"font-family: Verdana;\">\u00a0<\/span><\/span><br \/>\nSchaut denn niemand von den Stadtplanern und Architekten an den misslungenen Allerweltsfassaden die hier in den letzten Jahren hochgezogen wurden hoch? Von den architektonischen Verbrechen der sog. Westarkaden will ich jetzt gar nicht erst anfangen.<span class=\"Apple-converted-space\"><span style=\"font-family: Verdana;\"><br \/>\n<\/span><\/span>17.4.2015, Martin Schumacher<span class=\"Apple-converted-space\"><span style=\"font-family: Verdana;\"><br \/>\n<\/span><\/span><\/p>\n<p>&nbsp;<\/p>\n<p>.<\/p>\n<p><strong>Achitektonischer Einheitsbrei im Innerort von Kirchzarten?<\/strong><br \/>\nEs erstaunt mich, in welch\u2018 Windeseile sich in der Bev\u00f6lkerung eine B\u00fcrgerinitiative bilden kann. Wie aus dem Nichts formiert sich pl\u00f6tzlich ein Gr\u00fcppchen hochaktiver Menschen. Ein Aufbegehren mit geb\u00fcndelter Energie, gegen das Aufstellen von Windr\u00e4dern, das Abtragen von mit Schadstoff belastetem Aushubmaterial. Und wenn es der lieb gewonnen Terrassenaussicht mit Weitblick an den Kragen gehen soll, werden Kr\u00e4fte mobilisiert, die uns das F\u00fcrchten lehren. Ich danke allen G\u00f6ttern und G\u00f6ttinnen, dass sich gegen die k\u00f6stlich vertraute Welle von sich gleichenden Neubauten in Kirchzarten keine unsch\u00f6n lauten Stimmen erheben oder eine B\u00fcrgerinitiative sich gar gegen den Abriss alter Geb\u00e4ude formiert.<br \/>\nIch liebe den Innerort von <a title=\"Kirchzarten\" href=\"https:\/\/www.freiburg-schwarzwald.de\/blog\/regio\/orte\/kirchzarten\/\">Kirchzarten<\/a>. Vor allem liebe ich hier die architektonischen Meisterleistungen moderner st\u00e4dtebaulicher Wohnkultur, welche sich in den vergangenen 20 Jahren etabliert haben. Meine tiefste Dankbarkeit gilt den Bauherren und ihren Architektenteams.<br \/>\nDurch deren verl\u00e4sslich unaufgeregte Sch\u00f6pferkraft und ihrer Stabilit\u00e4t und Wiedererkennung ausstrahlenden Baukunst, durfte etwas ganz Besonderes im Herzen Kirchzartens wachsen und erbl\u00fchen. Selten vermittelt mir das Durchschlendern eines Innerortes jenes wohlige Gef\u00fchl der Sicherheit, welches mich in Kirchzarten umarmt. Hier muss ich keine Angst haben, in den einst bestehenden kleinen G\u00e4sschen von ungepfl egten Wegelagerern \u00fcberfallen zu werden. Diese raumfressenden Schlupfwinkel durften schon lange Gr\u00f6\u00dferem weichen. Hier bleibt mir auch die Furcht vor gebrechlichen Gem\u00e4uern erspart und ich muss mich in Kirchzartens Innerort nicht dem Anblick ausgedienter Immobilienreste aussetzen.<br \/>\n.<br \/>\nIn s\u00e4mtlichen Ortschaften im Umkreis von 150 km ist jeder Versuch vergebens, sich diesen versteinerten Methusalems zu entziehen. Mal ehrlich, Touristen auf der Suche nach pittoresken Bauwerken sind uns doch alle l\u00e4stig. \u201eWohnen, wo andere Urlaub machen\u201c, sch\u00f6n und gut. Aber doch nicht unbedingt auf den Stra\u00dfen in unserer Gemeinde. Jene Erholungsuchende k\u00f6nnen sich nach dem Fr\u00fchst\u00fcck auf den Wanderwegen tummeln, die Landschaft genie\u00dfen, abends sch\u00f6n essen gehen. Oder durch Freiburgs Altstadt flanieren und dort den Fu\u00dfg\u00e4ngerverkehr aufhalten. Auf der Suche nach alten Fassaden, stolpern die Touristen schlie\u00dflich vor Verz\u00fcckung \u00fcber ihre eigenen F\u00fc\u00dfe und gef\u00e4hrden damit sich und andere. Das k\u00f6nnen sie gerne in Staufen oder in Vogtsburg oder in Endingen oder in allen anderen Innerorten, in denen man diese ausgedienten, \u00fcberladenen Butzen vorfindet.<br \/>\n..<br \/>\nIn Kirchzarten weht der Geist modernen St\u00e4dtebaus durch die Stra\u00dfen und nicht der Mief vergangener Zeiten. Und sollte sich das ein oder andere alte Bauwerk demn\u00e4chst wieder zum Kauf und Abriss anbieten, dann muss mir dies keineswegs den Schlaf rauben. Nicht irgendein unbekannter Baumeister wird sich an dieser Stelle mit seiner kreativen Schaff enskraft austoben oder wom\u00f6glich versuchen die sterbende Immobilie wiederzubeleben. Ich kann mich erleichtert in die Gewissheit kuscheln, dass sich mir, wenige Wochen nach dem Abriss des ersch\u00f6pften Immobiliengreises und mit der Fertigstellung des Neubaus, ein Bild mit beruhigendem Wiedererkennungswert bieten wird. Ich liebe diese Konstante im Innerort von Kirchzarten. Alles andere sorgt nur f\u00fcr Unruhe. B\u00f6se Zungen sollen ja behaupten, Kirchzarten h\u00e4tte fast g\u00e4nzlich seinen Charme verloren. Beim Durchschlendern begegne dem Flaneur lediglich ein einfallsloser architektonischer Einheitsbrei und es w\u00e4re nur eine Frage der Zeit, bis die letzten noch lebenden, steinigen Zeitzeugen, welche diese gewisse Ausstrahlung bes\u00e4\u00dfen, auch unter den Hammer bzw. vor den Abrissbagger k\u00e4men. Diese alten H\u00e4user, das w\u00e4ren zauberhafte Geb\u00e4ude, die Geschichten erz\u00e4hlen und einem Dorf Charakter verleihen.<\/p>\n<p>In Kirchzarten w\u00fcrde den Bewohnern mit jedem Geb\u00e4udeabriss eine weitere monoton reizlose Baus\u00fcnde vor die F\u00fc\u00dfe gespuckt. \u201eWo bleibt der Denkmalschutz?\u201c unken sie verzweifelt und betrauern gelbstichige Fotos vergangener Zeiten. Papperlapapp, diese bemitleidenswerten Tr\u00e4umer beweinen immer noch jenen wurmstichigen Krummholzhof am Pfaffeneck, das uralte Anwesen des ehemaligen Kinderarztes in der Burger Stra\u00dfe oder das kleine alte Ding, welches einst enormen Platz verschwendete, wo heute die \u00f6rtliche Polizei residieren darf. Denkmalschutz ist was f\u00fcr Nostalgiker und hat mit st\u00e4dtebaulicher Modernit\u00e4t nichts zu tun. Nun gut, ich will es nicht unerw\u00e4hnt lassen. Das Ergebnis der \u201eErrettung\u201c des Scheunen-Ensembles an der Talvogtei ist nett anzusehen und punktet innen wie au\u00dfen durchaus mit gewissen Reizen. Ganz ehrlich? Wenn ich davorstehe, atme ich vor Erleichterung tief durch, dass sich dieses vom oder auferstandene Schalampiding so gut versteckt h\u00e4lt und eben nicht direkt im Kern unseres Dorfes verkl\u00e4rte Blicke auf sich zieht. Es w\u00fcrde das eigentlich angestrebte \u201eStadtbild\u201c eh nur st\u00f6ren.<\/p>\n<p>Mir scheint, die wahren Bauk\u00fcnstler hier vor Ort sehen sich zu H\u00f6herem berufen, wie beispielsweise periphere Neubaugebiete nahe gro\u00dfst\u00e4dtischer Flugh\u00e4fen zu erstellen und ich bin dankbar, dass sie sich dennoch in ihrer Bescheidenheit in unserem kleinen Kirchzarten niedergelassen haben und hier ordentlich aufr\u00e4umen und mir dadurch die schon erw\u00e4hnte Konstante unaufgeregter Architektur auch in den n\u00e4chsten Jahren best\u00e4tigt bleibt.<br \/>\nChristine van Herk, 23.10.2019, Der Dreisamt\u00e4ler, Seite 1<\/p>\n<p>.<\/p>\n<p><strong>Die\u00a0Architektur entspricht dem Zeitgeist<\/strong><br \/>\nIn der modernen Bauweise, die sich gerne &#8222;Neue Moderne&#8220; nennt &#8211; gabs schon mal eine &#8222;alte Moderne&#8220;?) spiegelt sich unser Zeitgeist (neudeutsch <a title=\"Mainstream\" href=\"https:\/\/www.freiburg-schwarzwald.de\/blog\/kultur\/medien\/mainstream\/\">Mainstream<\/a>) wider mit seiner<br \/>\n<a title=\"Dummheit\" href=\"https:\/\/www.freiburg-schwarzwald.de\/blog\/engagement\/zukunft\/dummheit\/\">Bildungslosigkeit<\/a> (Pisa),<br \/>\n<a title=\"Gleichheit\" href=\"https:\/\/www.freiburg-schwarzwald.de\/blog\/engagement\/zukunft\/demokratie\/gleichheit\/\">Gleichmacherei<\/a> (das Ungleiche k\u00f6nnte ja durch seine Ungleichheit als Diffamierung aufgefa\u00dft werden),<br \/>\nMutlosigkeit (denn Verantwortung = Risiko = unsozial),<br \/>\n<a title=\"Angst\" href=\"https:\/\/www.freiburg-schwarzwald.de\/blog\/engagement\/zukunft\/angst\/\">Angst<\/a> (schuldbeladene &#8222;German Angst&#8220;) bis hin zu<br \/>\n<a title=\"Apokalypse\" href=\"https:\/\/www.freiburg-schwarzwald.de\/blog\/natur\/klima\/apokalypse\/\">Panik<\/a> (Greta&#8217;s Klima-Weltuntergang naht und wird diesmal nicht verschoben).<\/p>\n<p>Diese moderne Bauweise mag man noch nicht mal als Architektur bezeichnen. denn sie strahlt nichts aus, dr\u00fcckt nichts aus, allenfalls Einfallslosigkeit, Monotonie, Leere. Sie entspricht unserer Zeit der rasant abnehmenden Bildung, ist unge&#8220;bild&#8220;et, nicht mal mi\u00dfgebildet, nicht mal h\u00e4\u00dflich. Man scheut sich, von einem h\u00e4\u00dflichen Klotz zu sprechen. Ihr fehlt alles, was dem Auge gut tut: Unregelm\u00e4\u00dfigkeit, das Filigrane und Verspielte, T\u00fcrmchen, Dach\u00fcberstand, &#8222;rund, oval, eckig, schr\u00e4g&#8220;, Abwechslung, Kleinteiligkeit, Kontraste, Natur (und sei&#8217;s nur ein Vogelnest). Da gibt es nichts zu entdecken. was verborgen sein k\u00f6nnte bzw. sich hinten anstellt. Da gibts nicht viele vorne und hinten, hell und dunkel,<br \/>\n.<br \/>\nDiese Bauweise demonstriert Langeweile, sie &#8222;h\u00e4ngt sich selbst zum Hals heraus&#8220; (K\u00e4stner). Sie gibt keine Antwort, allenfalls die heutige, Dummheit verratende Standardantwort &#8222;keine Ahnung&#8220; &#8211; allenfalls erg\u00e4nzt mit dem Zusatz &#8222;Moment, ich mu\u00df eben mal\u00a0googlen&#8220;. Die moderne Bauweise ist nicht mal zweckm\u00e4\u00dfig, sie hat keinerlei Alleinstellungsmerkmal. Gleichheit all\u00fcberall &#8211; wenn es 5 T\u00fcren gibt, sind alle gleich; wenn es 50 T\u00fcren gibt, ebenso. Allenfalls ist eine T\u00fcre rot und die andere blau.<br \/>\n&#8222;Ich\u00a0habe meinen Arbeitsplatz hinter dem Fenster in der 7. Reihe, das 11. Fenster von links&#8220;.<\/p>\n<p>Wir haben seit 75 Jahren Frieden. Und Wohlstand. So etwas gab es in Deutschlands Geschichte noch kaum. Wo sind die in diesen 75 reichen Jahren erbauten architektonischen Highlights, die man gerne anschaut? Mir f\u00e4llt wenig ein &#8211; etwa die Solarh\u00e4user von Disch im Vauban\u00a0bzw. Umkirch. Die \u00fcbrigen Highlights &#8211; und die freilich gibt es zuhauf &#8211; sind allesamt Sanierungen des Altbestands.<br \/>\n1.11.2018<\/p>\n","protected":false},"excerpt":{"rendered":"<p>Home &gt;Business &gt;Dienste &gt;Architekt &gt;Architektur-null . In diesem Bild passt einfach alles: Eine sch\u00f6ne, ausgewogene Landschaft mit beh\u00e4big breiten Bauernh\u00e4usern, die sich darin wohl f\u00fchlen. Die Architektur der Schwarzwaldh\u00f6fe scheint erhaben zu sein \u00fcber jegliche Form der Diskussion und Kritik &hellip; <a href=\"https:\/\/www.freiburg-schwarzwald.de\/blog\/business\/dienste\/architekt\/architektur-null\/\">Weiterlesen <span class=\"meta-nav\">&rarr;<\/span><\/a><\/p>\n","protected":false},"author":4,"featured_media":0,"parent":4328,"menu_order":0,"comment_status":"open","ping_status":"closed","template":"","meta":{"footnotes":""},"class_list":["post-15032","page","type-page","status-publish","hentry"],"_links":{"self":[{"href":"https:\/\/www.freiburg-schwarzwald.de\/blog\/wp-json\/wp\/v2\/pages\/15032","targetHints":{"allow":["GET"]}}],"collection":[{"href":"https:\/\/www.freiburg-schwarzwald.de\/blog\/wp-json\/wp\/v2\/pages"}],"about":[{"href":"https:\/\/www.freiburg-schwarzwald.de\/blog\/wp-json\/wp\/v2\/types\/page"}],"author":[{"embeddable":true,"href":"https:\/\/www.freiburg-schwarzwald.de\/blog\/wp-json\/wp\/v2\/users\/4"}],"replies":[{"embeddable":true,"href":"https:\/\/www.freiburg-schwarzwald.de\/blog\/wp-json\/wp\/v2\/comments?post=15032"}],"version-history":[{"count":5,"href":"https:\/\/www.freiburg-schwarzwald.de\/blog\/wp-json\/wp\/v2\/pages\/15032\/revisions"}],"predecessor-version":[{"id":147039,"href":"https:\/\/www.freiburg-schwarzwald.de\/blog\/wp-json\/wp\/v2\/pages\/15032\/revisions\/147039"}],"up":[{"embeddable":true,"href":"https:\/\/www.freiburg-schwarzwald.de\/blog\/wp-json\/wp\/v2\/pages\/4328"}],"wp:attachment":[{"href":"https:\/\/www.freiburg-schwarzwald.de\/blog\/wp-json\/wp\/v2\/media?parent=15032"}],"curies":[{"name":"wp","href":"https:\/\/api.w.org\/{rel}","templated":true}]}}