{"id":14947,"date":"2012-11-10T10:03:40","date_gmt":"2012-11-10T09:03:40","guid":{"rendered":"https:\/\/www.freiburg-schwarzwald.de\/blog\/?page_id=14947"},"modified":"2026-07-07T18:28:10","modified_gmt":"2026-07-07T16:28:10","slug":"usa","status":"publish","type":"page","link":"https:\/\/www.freiburg-schwarzwald.de\/blog\/global\/usa\/","title":{"rendered":"USA"},"content":{"rendered":"<p>Home &gt;<a title=\"\u00b4Global\" href=\"https:\/\/www.freiburg-schwarzwald.de\/blog\/global\/\">Global<\/a> &gt;<a title=\"Partnerschaft\" href=\"https:\/\/www.freiburg-schwarzwald.de\/blog\/engagement\/partnerschaft\/\">Partnerschaft<\/a> &gt;USA<\/p>\n<div id=\"attachment_141170\" style=\"width: 630px\" class=\"wp-caption alignnone\"><a href=\"https:\/\/www.freiburg-schwarzwald.de\/blog\/wp-content\/uploads\/2025\/11\/usa-dems-blau-reps-rot2024-pan.jpg\"><img loading=\"lazy\" decoding=\"async\" aria-describedby=\"caption-attachment-141170\" class=\"size-full wp-image-141170\" src=\"https:\/\/www.freiburg-schwarzwald.de\/blog\/wp-content\/uploads\/2025\/11\/usa-dems-blau-reps-rot2024-pan.jpg\" alt=\"\" width=\"620\" height=\"347\" srcset=\"https:\/\/www.freiburg-schwarzwald.de\/blog\/wp-content\/uploads\/2025\/11\/usa-dems-blau-reps-rot2024-pan.jpg 620w, https:\/\/www.freiburg-schwarzwald.de\/blog\/wp-content\/uploads\/2025\/11\/usa-dems-blau-reps-rot2024-pan-180x101.jpg 180w\" sizes=\"auto, (max-width: 620px) 100vw, 620px\" \/><\/a><p id=\"caption-attachment-141170\" class=\"wp-caption-text\">In USA leben 83% in St\u00e4dten (blue, Dems) zu 90% versorgt vom Land (red, Reps)<\/p><\/div>\n<ul>\n<li><em>Listenauswahl eines Beitrags: Bitte <span style=\"text-decoration: underline;\">anklicken<\/span> oder runterscrollen<\/em><\/li>\n<li><a href=\"https:\/\/www.freiburg-schwarzwald.de\/blog\/global\/deutschland\/deutschland-usa\/\">Sind die Vereinigten Staaten noch unsere Verb\u00fcndeten? Pro und Contra<\/a> (3.7.2026)<\/li>\n<li><a href=\"https:\/\/www.freiburg-schwarzwald.de\/blog\/usa-drittes-attentat-auf-trump\/\">USA: Drittes Attentat auf Trump<\/a> (28.4.2026)<\/li>\n<li><a href=\"https:\/\/www.freiburg-schwarzwald.de\/blog\/epstein-deepstate-wertewesten\/\">Epstein DeepState Wertewesten<\/a>\u00a0(9.2.2026)<\/li>\n<li><a href=\"https:\/\/www.freiburg-schwarzwald.de\/blog\/kulturkampf-minnesota-usa-eu\/\">Kulturkampf: Minnesota USA EU<\/a>\u00a0(2.2.2026)<\/li>\n<li><a href=\"https:\/\/www.freiburg-schwarzwald.de\/blog\/kultur\/kulturkampf\/kulturkampf-usa\/\">AstroTurf-Gruppen: Professionell organisierte linke US-Proteste<\/a> (1.2.2026)<\/li>\n<li><a href=\"https:\/\/www.freiburg-schwarzwald.de\/blog\/kultur\/kulturkampf\/kulturkampf-usa\/\">Wenn Trump scheitert, ist der Westen Geschichte<\/a> (31.1.2026)<\/li>\n<li><a href=\"https:\/\/www.freiburg-schwarzwald.de\/blog\/global\/usa\/usa-trump\/\">Prof Moosdorf auf X \u00fcber Trump\u2019s positive USA-Bilanz<\/a>\u00a0(20.1.2026)<\/li>\n<li><a href=\"https:\/\/www.freiburg-schwarzwald.de\/blog\/global\/suedamerika\/\">Venezuela V\u00f6lkerrecht Diktatur Interessen-\/Geopolitik<\/a>\u00a0(7.1.2026)<\/li>\n<li><a href=\"https:\/\/www.freiburg-schwarzwald.de\/blog\/national-security-strategy-usa\/\">National Security Strategy \u2013 USA<\/a>\u00a0(6.12.2025)<\/li>\n<li><a href=\"https:\/\/www.freiburg-schwarzwald.de\/blog\/engagement\/zukunft\/krieg\/soldaten\/\">Rheinwiesenlager der USA nach Kriegsende: \u201eDer blanke Horror, die H\u00f6lle auf Erden\u201c<\/a>\u00a0(14.11.2025)<\/li>\n<li><a href=\"https:\/\/www.freiburg-schwarzwald.de\/blog\/global\/usa\/newyork\/\">83 Prozent leben in urbanen Zonen, f\u00fcr die zu 90 Prozent alles aus der Fl\u00e4che kommt<\/a> (5.11.2025)<\/li>\n<li><a href=\"https:\/\/www.freiburg-schwarzwald.de\/blog\/global\/usa\/kirk\/\">Die Symbolik des Charlie Kirk Attentats<\/a>\u00a0(17.9.2025)<\/li>\n<li><a href=\"https:\/\/www.freiburg-schwarzwald.de\/blog\/kirk-nachrufe-diskussion-gebet\/\">Kirk Nachrufe: Diskussion Gebet<\/a>\u00a0(14.9.2025)<\/li>\n<li><a href=\"https:\/\/www.freiburg-schwarzwald.de\/blog\/blick-von-usa-f-und-israel-auf-d\/\">Blick von USA, F und Israel auf D<\/a> (15.8.2025)<\/li>\n<li><a href=\"https:\/\/www.freiburg-schwarzwald.de\/blog\/medienluege-zu-bidens-demenz\/\">Medienl\u00fcge zu Biden\u2019s Demenz<\/a>\u00a0(23.5.2025)<\/li>\n<li><a href=\"https:\/\/www.freiburg-schwarzwald.de\/blog\/engagement\/zukunft\/demokratie\/grundgesetz\/grundgesetz-klima\/\">Unterschied zwischen Koran, US-Verfassung und Grundgesetz<\/a>\u00a0(19.3.2025)<\/li>\n<li><a href=\"https:\/\/www.freiburg-schwarzwald.de\/blog\/us-zollpolitik-und-freihandel\/\">US-Zollpolitik und Freihandel<\/a>\u00a0(11.3.2025)<\/li>\n<li><a href=\"https:\/\/www.freiburg-schwarzwald.de\/blog\/usa-aufbruch-ja-spaltung-nein\/\">USA Aufbruch-ja Spaltung-nein<\/a> (25.1.2025)<\/li>\n<li>Die amerikanische Demokratie kippt nicht &#8211; Trump (19.1.2025)<\/li>\n<li><a href=\"https:\/\/www.freiburg-schwarzwald.de\/blog\/global\/deutschland\/deutschland2025\/\">Die USA haben es besser als Deutschland<\/a> (19.1.2025)<\/li>\n<li><a href=\"https:\/\/www.freiburg-schwarzwald.de\/blog\/engagement\/zukunft\/demokratie\/staat\/deep-state\/\">Deep State \u2013 Tiefer Staat \u2013 Dunkler Staat \u2013 Permanente Regierung<\/a>\u00a0(20.11.2024)<\/li>\n<li><a href=\"https:\/\/www.freiburg-schwarzwald.de\/blog\/global\/usa\/usa-trump\/\">Donald Trumps Pl\u00e4ne \u2013 Darstellung, Analyse und Bewertung<\/a> (16.11.2024)<\/li>\n<li><a href=\"https:\/\/www.freiburg-schwarzwald.de\/blog\/global\/eu\/europa\/great-again\/\">David Engels: How to Make Europe Great again<\/a>\u00a0(14.11.2024)<\/li>\n<li><a href=\"https:\/\/www.freiburg-schwarzwald.de\/blog\/global\/usa\/usa-pleite\/\">Zur Kontinuit\u00e4t westlicher Regierungen nach dem Trump-\u203aDesaster\u2039<\/a>\u00a0(11.11.2024)<\/li>\n<li><a href=\"https:\/\/www.freiburg-schwarzwald.de\/blog\/free-speech-in-usa-nato-d\/\">\u201cFree Speech\u201c in USA, NATO, D<\/a>\u00a0(10.11.2024)<\/li>\n<li><a href=\"https:\/\/www.freiburg-schwarzwald.de\/blog\/6-11-24-trump-siegt-ampel-aus\/\">6.11.24: Trump siegt, Ampel aus<\/a>\u00a0(7.11.2024)<\/li>\n<li><a href=\"https:\/\/www.freiburg-schwarzwald.de\/blog\/us-wahl-am-5-11-2024\/\">US-Wahl am 5.11.2024<\/a>\u00a0(4.11.2024)<\/li>\n<li><a href=\"https:\/\/www.freiburg-schwarzwald.de\/blog\/global\/usa\/trump\/\">Trump\u2019s \u201eFinal Battle\u201c gegen den tiefen Staat<\/a>\u00a0(5.9.2024)<\/li>\n<li><a href=\"https:\/\/www.freiburg-schwarzwald.de\/blog\/global\/usa\/vance\/\">Ein neuer Faktor: J.D. Vance<\/a>\u00a0(22.7.2024)<\/li>\n<li><a href=\"https:\/\/www.freiburg-schwarzwald.de\/blog\/vance-d-ist-kein-vasall-der-usa\/\">Vance: D ist kein Vasall der USA<\/a>\u00a0(22.7.2024)<\/li>\n<li><a href=\"https:\/\/www.freiburg-schwarzwald.de\/blog\/innerer-frieden-in-usa-wie-in-d\/\">Innerer Frieden in USA wie in D<\/a> (19.7.2024)<\/li>\n<li><a href=\"https:\/\/www.freiburg-schwarzwald.de\/blog\/mordversuch-an-donald-trump\/\">Mordversuch an Donald Trump am 13.7.2024<\/a>\u00a0(14.7.2024)<\/li>\n<li><a href=\"https:\/\/www.freiburg-schwarzwald.de\/blog\/interview-carlson-putin\/\">Interview Carlson \u2013 Putin<\/a>\u00a0(9.2.2024)<\/li>\n<li><a href=\"https:\/\/www.freiburg-schwarzwald.de\/blog\/global\/usa\/trump\/\">Was Trump politisch will, sollte er 47. US-Pr\u00e4sident werden: Agenda 47<\/a> (29.1.2024)<\/li>\n<li><a href=\"https:\/\/www.freiburg-schwarzwald.de\/blog\/global\/sklaverei\/\">Sklavenhandel: 12 Mio in die USA, 17 Mio in arabische L\u00e4nder<\/a>\u00a0(27.10.2023)<\/li>\n<li><a href=\"https:\/\/www.freiburg-schwarzwald.de\/blog\/arbeiter-song-in-usa-nicht-in-d\/\">Arbeiter-Song in USA, nicht in D<\/a>\u00a0(21.8.2023)<\/li>\n<li><a href=\"https:\/\/www.freiburg-schwarzwald.de\/blog\/global\/finanzsystem\/dollar\/\">\u201cDollar-D\u00e4mmerung\u201d: Markiert Lulas China-Besuch das Ende einer \u00c4ra?<\/a>\u00a0(16.4.2023)<\/li>\n<li><a href=\"https:\/\/www.freiburg-schwarzwald.de\/blog\/usa-fuer-verhandlungen-und-d\/\">USA f\u00fcr Verhandlungen \u2013 und D?<\/a>\u00a0(27.11.2022)<\/li>\n<li><a href=\"https:\/\/www.freiburg-schwarzwald.de\/blog\/global\/usa\/desantis\/\">Ron DeSantis: Der Rivale von Donald Trump<\/a>\u00a0(18.11.2022)<\/li>\n<li><a href=\"https:\/\/www.freiburg-schwarzwald.de\/blog\/global\/usa\/us-geopolitik\/\">Das falsche Narrativ des Westens \u00fcber Russland und China<\/a>\u00a0(30.8.2022)<\/li>\n<li><a href=\"https:\/\/www.freiburg-schwarzwald.de\/blog\/global\/usa\/biden\/\">Die USA sind tief gespalten \u2013 zwei Lager stehen sich voller Ha\u00df gegen\u00fcber<\/a> (26.8.2022)<\/li>\n<li><a href=\"https:\/\/www.freiburg-schwarzwald.de\/blog\/global\/ukraine\/ukraine-frieden\/\">Roger Waters von Pink Floyd: Ukrainekrieg beenden<\/a> (8.8.2022)<\/li>\n<li><a href=\"https:\/\/www.freiburg-schwarzwald.de\/blog\/100-jahre-rapallo-vertrag-d-ru\/\">100 Jahre Rapallo-Vertrag Deutschland \u2013 Russland<\/a>\u00a0(20.5.2022)<\/li>\n<li><a href=\"https:\/\/www.freiburg-schwarzwald.de\/blog\/usa-europa-russland-china\/\">USA \u2013 Europa \u2013 Russland \u2013 China<\/a>\u00a0(30.4.2022)<\/li>\n<li><a href=\"https:\/\/www.freiburg-schwarzwald.de\/blog\/brzezinski-doktrin-nato-d-ru\/\">Brzezinski-Doktrin: NATO, D-RU<\/a>\u00a0(30.4.2022)<\/li>\n<li><a href=\"https:\/\/www.freiburg-schwarzwald.de\/blog\/usa-europa-russland-china\/\">Lafontaine: Amerika treibt Europa in einen Atomkrieg<\/a>\u00a0(29.4.2022)<\/li>\n<li><a href=\"https:\/\/www.freiburg-schwarzwald.de\/blog\/global\/russland\/russland-china\/\">USA: Deutschland niemals mit Russland<\/a>\u00a0 (15.3.2022)<\/li>\n<li><a href=\"https:\/\/www.freiburg-schwarzwald.de\/blog\/trucker-convoys-can-und-usa\/\">Trucker-Convoys CAN und USA<\/a>\u00a0(7.3.2022)<\/li>\n<li><a href=\"https:\/\/www.freiburg-schwarzwald.de\/blog\/global\/usa\/us-geopolitik\/\">Kriegseins\u00e4tze der USA<\/a> (1.3.2022)<\/li>\n<li><a href=\"https:\/\/www.freiburg-schwarzwald.de\/blog\/freedom-speech-truckerconvoy\/\">Freedom-Speech to the Trucker Convoy<\/a>\u00a0\u00a0(11.2.2022<\/li>\n<li><a href=\"https:\/\/www.freiburg-schwarzwald.de\/blog\/global\/kanada\/\">Trucker-Proteste auch gegen links-globales Establishment<\/a>\u00a0(1.2.2022)<\/li>\n<li><a href=\"https:\/\/www.freiburg-schwarzwald.de\/blog\/linke-contra-lifestyle-linke-pmc\/\">Linke contra Lifestyle-Linke PMC<\/a>\u00a0(8.11.2021)<\/li>\n<li><a href=\"https:\/\/www.freiburg-schwarzwald.de\/blog\/engagement\/zukunft\/demokratie\/demokratie-export\/\">Afghanistan und andere ungebetene Einmischungen<\/a>\u00a0(10.9.2021)<\/li>\n<li><a href=\"https:\/\/www.freiburg-schwarzwald.de\/blog\/global\/china\/china-geteilt\/\">Eine seltsame Gro\u00dfmacht: Chinas nationale Strategie<\/a>\u00a0(5.9.2021)<\/li>\n<li><a href=\"https:\/\/www.freiburg-schwarzwald.de\/blog\/das-blatt-wendet-sich-freiheit\/\">Das Blatt wendet sich \u2013 Freiheit<\/a>\u00a0(10.8.2021)<\/li>\n<li>Imperium USA &#8211; von Daniele Ganser (5.5.2021)<\/li>\n<li><a href=\"https:\/\/www.freiburg-schwarzwald.de\/blog\/global\/usa\/biden\/\">Impfpass in Unternehmen wie Schule verboten bei 5.000 $ Strafe<\/a> (2.5.2021)<\/li>\n<li><a href=\"https:\/\/www.freiburg-schwarzwald.de\/blog\/von-den-usa-lernen-freiheit\/\">Von den USA lernen \u2013 Freiheit NoLockdown<\/a>\u00a0(17.4.2021)<\/li>\n<li><a href=\"https:\/\/www.freiburg-schwarzwald.de\/blog\/business\/gesund\/corona-virus\/lockdown-endlos\/\">Mississippi und Texas: Ende der Pandemie<\/a> (4.3.2021)<\/li>\n<li><a href=\"https:\/\/www.freiburg-schwarzwald.de\/blog\/kultur\/medien\/hass\/\">Ist der von links kommende Hass etwa guter Hass?<\/a>\u00a0(18.2.2021)<\/li>\n<li><a href=\"https:\/\/www.freiburg-schwarzwald.de\/blog\/kultur\/alte-weisse-maenner\/\">Charles Murray: \u201eFacing Reality \u2013 Two Truths about Race in America\u201d<\/a>\u00a0(7.2.2021)<\/li>\n<li><a href=\"https:\/\/www.freiburg-schwarzwald.de\/blog\/kultur\/medien\/meinungsfreiheit\/eigene-meinung\/\">Journalisten mobilisieren gegen Meinungsfreiheit<\/a>\u00a0(2.2.2021)<\/li>\n<li><a href=\"https:\/\/www.freiburg-schwarzwald.de\/blog\/biden-trump-who-lockdown\/\">Biden, Trump, WHO, Lockdown<\/a>\u00a0(29.1.2021)<\/li>\n<li><a href=\"https:\/\/www.freiburg-schwarzwald.de\/blog\/global\/usa\/biden\/\">Doppelter Massstab: Biden und Trump regieren per Dekret<\/a> (21.1.2021)<\/li>\n<li><a href=\"https:\/\/www.freiburg-schwarzwald.de\/blog\/global\/finanzsystem\/digitalgeld\/\">Der inszenierte B\u00fcrgerkrieg \u2013 Digitalgeld in USA<\/a>\u00a0(19.1.2021)<\/li>\n<li><a href=\"https:\/\/www.freiburg-schwarzwald.de\/blog\/spiel-mir-das-lied-vom-tod\/\">Spiel mir das Lied vom Tod \u2013 USA<\/a>\u00a0(16.1.2021)<\/li>\n<li><a href=\"https:\/\/www.freiburg-schwarzwald.de\/blog\/arroganz-der-eliten-und-medien\/\">Arroganz der Eliten und Medien<\/a>\u00a0(8.1.2021)<\/li>\n<li><a href=\"https:\/\/www.freiburg-schwarzwald.de\/blog\/biden-gewinnt-spaltung-usa\/\">Biden gewinnt &#8211; USA Spaltung vermindern?<\/a> (10.11.2020)<\/li>\n<li><a href=\"https:\/\/www.freiburg-schwarzwald.de\/blog\/kultur\/medien\/luegenpresse\/\">US-Wahlen und Medien: Werden wir zum totalit\u00e4ren Staat?<\/a> (8.11.2020)<\/li>\n<li>Der Ri\u00df in den USA l\u00e4uft weniger zwischen den Hautfarben &#8211; Die verdeckte Spaltung (4.9.2020)<\/li>\n<li><a title=\"China\" href=\"https:\/\/www.freiburg-schwarzwald.de\/blog\/global\/china\/\">China und USA zur Meinungsfreiheit \u2013 nur ein Witz?<\/a>\u00a0(9.8.2020)<\/li>\n<li><a title=\"Letter on Justice \u2013 Open Debate\" href=\"https:\/\/www.freiburg-schwarzwald.de\/blog\/letter-on-justice-open-debate\/\">Letter on Justice and Open Debate<\/a>\u00a0(27.7.2020)<\/li>\n<li><a title=\"Journalismus: Resignation-Letter\" href=\"https:\/\/www.freiburg-schwarzwald.de\/blog\/journalismus-resignation-letter\/\">Journalismus: Resignation-Letter<\/a>\u00a0(16.7.2020)<\/li>\n<li><a title=\"Cancel Culture \u2013 Soziale Medien\" href=\"https:\/\/www.freiburg-schwarzwald.de\/blog\/cancel-culture-soziale-medien\/\">Cancel Culture \u2013 Soziale Medien<\/a>\u00a0(8.7.2020)<\/li>\n<li><a title=\"Vergleich: Trump-Rede Presse\" href=\"https:\/\/www.freiburg-schwarzwald.de\/blog\/vergleich-trump-rede-presse\/\">Vergleich: Trump-Rede in USA und Presse in D<\/a> (6.7.2020)<\/li>\n<li><a title=\"Antirassismus\" href=\"https:\/\/www.freiburg-schwarzwald.de\/blog\/engagement\/rassismus\/antirassismus\/\">Antirassismus als Zivilreligion \u2013 Kulturkampf<\/a>\u00a0(19.6.2020)<\/li>\n<li><a title=\"Verwandtschaft in den USA\" href=\"https:\/\/www.freiburg-schwarzwald.de\/blog\/verwandtschaft-in-den-usa\/\">Verwandtschaft in den USA<\/a> (4.6.2020)<\/li>\n<li><a title=\"Merkel-Deutschland\" href=\"https:\/\/www.freiburg-schwarzwald.de\/blog\/global\/deutschland\/merkel-deutschland\/\">Deutschlands bl\u00fchender Antiamerikanismus ist eine Schande<\/a>\u00a0(17.1.2020)<\/li>\n<li><a title=\"Davos: Greta OK \u2013 Trump not OK\" href=\"https:\/\/www.freiburg-schwarzwald.de\/blog\/davos-greta-ok-trump-not-ok\/\">Davos: Greta OK \u2013 Trump not OK<\/a>\u00a0(22.1.2020)<\/li>\n<li>Davos-Rede von Trump: Wirtschaftslage in den USA (22.1.2020)<\/li>\n<li><a title=\"Ohne Freiheit \u2013 wohin gehen?\" href=\"https:\/\/www.freiburg-schwarzwald.de\/blog\/ohne-unsere-freiheit-wohin-gehen\/\">Ohne unsere Freiheit \u2013 wohin gehen?<\/a>\u00a0(7.1.2020)<\/li>\n<li><a href=\"https:\/\/www.freiburg-schwarzwald.de\/blog\/usa-sind-kein-weltpolizist-mehr\/\">https:\/\/www.freiburg-schwarzwald.de\/blog\/usa-sind-kein-weltpolizist-mehr\/<\/a>\u00a0(10.11.2019)<\/li>\n<li><a title=\"Trump\" href=\"https:\/\/www.freiburg-schwarzwald.de\/blog\/global\/usa\/trump\/\">Haltungsjournalismus: Trumps Amerika \u2013 Merkels Deutschland?<\/a>\u00a0(5.8.2019)<\/li>\n<li><a href=\"https:\/\/www.freiburg-schwarzwald.de\/blog\/us-arbeitslosenquote-wie-1969\/\">https:\/\/www.freiburg-schwarzwald.de\/blog\/us-arbeitslosenquote-wie-1969\/<\/a>\u00a0(4.5.2019)<\/li>\n<li>US-Arbeitslosigkeit 2019 so niedrig wie 1969\u00a0 (4.5.2019)<\/li>\n<li><a href=\"https:\/\/www.freiburg-schwarzwald.de\/blog\/gute-karneval-gesetz-fuer-2020\/\">https:\/\/www.freiburg-schwarzwald.de\/blog\/gute-karneval-gesetz-fuer-2020\/<\/a>\u00a0(6.3.2019)<\/li>\n<li>Trump-Rede zur illegalen Immigration und Grenzmauer zu Mexiko auf Deutsch (9.1.2019)<\/li>\n<li>Hillary Clinton: Europe must curb immigration to stop rightwing populists (23.11.2018)<\/li>\n<li><a href=\"https:\/\/www.freiburg-schwarzwald.de\/blog\/wie-sehen-uns-die-anderen\/\">https:\/\/www.freiburg-schwarzwald.de\/blog\/wie-sehen-uns-die-anderen\/<\/a> (17.11.2018)<\/li>\n<li><a title=\"Nationalismus\" href=\"https:\/\/www.freiburg-schwarzwald.de\/blog\/engagement\/zukunft\/demokratie\/nationalismus\/\">US-Nationalismus als Gleichrichter der Parallelgesellschaften<\/a> (21.2.2017) (21.2.2017)<\/li>\n<li><a href=\"https:\/\/www.freiburg-schwarzwald.de\/blog\/trump-sein-dummes-wahlvolk\/\">https:\/\/www.freiburg-schwarzwald.de\/blog\/trump-sein-dummes-wahlvolk\/<\/a> (10.11.2016)<\/li>\n<li>USA &#8211; Die Stimmung gegen\u00fcber Merkel-Deutschland ist gekippt (13.1.2016)<\/li>\n<li>Kadavergehorsam zu den USA (17.9.2015)<\/li>\n<li>Amerika f\u00e4llt gegen\u00fcber China zur\u00fcck (5.6.2015)<\/li>\n<li>Soziale Benachteiligung von Afroamerikanern (29.8.2014)<\/li>\n<li>US-B\u00fcrger: Zuerst selbst tun und erst danach nach dem Staat rufen (9.11.2012)<\/li>\n<li><a href=\"https:\/\/www.freiburg-schwarzwald.de\/corporatecitizenship.htm\">https:\/\/www.freiburg-schwarzwald.de\/corporatecitizenship.htm<\/a>\u00a0(7.12.2008)<\/li>\n<li><a href=\"https:\/\/www.freiburg-schwarzwald.de\/corporatecitizenship.htm#USA und Deutschland: B\u00fcrgerschaftliches Engagement, M\u00e4zenatentum, Selbsthilfe\">USA und D: B\u00fcrgerschaftliches Engagement, Selbsthilfe<\/a> &gt;CorporateCitizenship (8.1.2008)<\/li>\n<li><\/li>\n<li><a title=\"Antirassismus\" href=\"https:\/\/www.freiburg-schwarzwald.de\/blog\/engagement\/rassismus\/antirassismus\/\">Antirassismus<\/a><\/li>\n<li><a href=\"https:\/\/www.freiburg-schwarzwald.de\/blog\/global\/usa\/biden\/\">Biden<\/a><\/li>\n<li><a href=\"https:\/\/www.freiburg-schwarzwald.de\/blog\/engagement\/zukunft\/demokratie\/staat\/deep-state\/\">Deep-State<\/a><\/li>\n<li><a href=\"https:\/\/www.freiburg-schwarzwald.de\/blog\/kultur\/medien\/deplatforming\/\">Deplatforming<\/a><\/li>\n<li><a href=\"https:\/\/www.freiburg-schwarzwald.de\/blog\/global\/usa\/desantis\/\">DeSantis<\/a><\/li>\n<li><a href=\"https:\/\/www.freiburg-schwarzwald.de\/blog\/global\/deutschland\/deutschland-usa\/\">Deutschland-USA<\/a><\/li>\n<li><a href=\"https:\/\/www.freiburg-schwarzwald.de\/blog\/global\/finanzsystem\/digitalgeld\/\">Digitalgeld<\/a><\/li>\n<li><a href=\"https:\/\/www.freiburg-schwarzwald.de\/blog\/global\/finanzsystem\/dollar\/\">Dollar<\/a><\/li>\n<li><a title=\"Freihandelsabkommen\" href=\"https:\/\/www.freiburg-schwarzwald.de\/blog\/global\/eu\/freihandelsabkommen\/\">Freihandelsabkommen TTIP<\/a><\/li>\n<li><a href=\"https:\/\/www.freiburg-schwarzwald.de\/blog\/global\/eu\/europa\/great-again\/\">Great again<\/a><\/li>\n<li><a title=\"IWF\" href=\"https:\/\/www.freiburg-schwarzwald.de\/blog\/global\/finanzsystem\/iwf\/\">IWF<\/a><\/li>\n<li><a href=\"https:\/\/www.freiburg-schwarzwald.de\/blog\/global\/kanada\/\">Kanada<\/a><\/li>\n<li><a href=\"https:\/\/www.freiburg-schwarzwald.de\/blog\/kultur\/kulturkampf\/kulturkampf-usa\/\">Kulturkampf-USA<\/a><\/li>\n<li><a href=\"https:\/\/www.freiburg-schwarzwald.de\/blog\/global\/usa\/newyork\/\">NewYork<\/a><\/li>\n<li><a href=\"https:\/\/www.freiburg-schwarzwald.de\/blog\/global\/suedamerika\/\">S\u00fcdamerika<\/a><\/li>\n<li><a href=\"https:\/\/www.freiburg-schwarzwald.de\/blog\/engagement\/buergerinitiativen\/demo\/trucker\/\">Trucker<\/a><\/li>\n<li><a title=\"Trump\" href=\"https:\/\/www.freiburg-schwarzwald.de\/blog\/global\/usa\/trump\/\">Trump<\/a><\/li>\n<li><a href=\"https:\/\/www.freiburg-schwarzwald.de\/blog\/global\/usa\/usa-national-security-strategy\/\">USA-National-Security-Strategy<\/a><\/li>\n<li><a href=\"https:\/\/www.freiburg-schwarzwald.de\/blog\/global\/usa\/usa-pleite\/\">USA-pleite<\/a><\/li>\n<li><a href=\"https:\/\/www.freiburg-schwarzwald.de\/blog\/global\/usa\/usa-trump\/\">USA-Trump<\/a><\/li>\n<li><a href=\"https:\/\/www.freiburg-schwarzwald.de\/blog\/global\/usa\/us-geopolitik\/\">US-Geopolitik<\/a><\/li>\n<li><a href=\"https:\/\/www.freiburg-schwarzwald.de\/blog\/global\/usa\/us-wahl5-nov2024\/\">US-Wahl5-Nov2024<\/a><\/li>\n<li><a href=\"https:\/\/www.freiburg-schwarzwald.de\/blog\/global\/usa\/vance\/\">Vance<\/a><\/li>\n<\/ul>\n<p>&nbsp;<\/p>\n<p>In den USA m\u00fcssen Einwanderer bei ihrer Einb\u00fcrgerung schw\u00f6ren, notfalls auch auf die Einwohner ihres Herkunftslandes\u00a0 zu schie\u00dfen.<br \/>\n.<br \/>\nUSA ist mit 9,5 Mio km2 etwa 26 mal so gro\u00df wie D<br \/>\nUSA hat mit 335 Mio etwa 4 mal so viele Einwohner wie D<br \/>\n.<br \/>\n<strong>Trump gewinnt die <a href=\"https:\/\/www.freiburg-schwarzwald.de\/blog\/global\/usa\/us-wahl5-nov2024\/\">US-Wahlen am 5.11.2024<\/a>:<\/strong><br \/>\n.<br \/>\n<a href=\"https:\/\/www.freiburg-schwarzwald.de\/blog\/wp-content\/uploads\/2024\/11\/usa-wahlmaenner-5-11-2024pan.jpg\"><img loading=\"lazy\" decoding=\"async\" class=\"alignnone size-full wp-image-128185\" src=\"https:\/\/www.freiburg-schwarzwald.de\/blog\/wp-content\/uploads\/2024\/11\/usa-wahlmaenner-5-11-2024pan.jpg\" alt=\"\" width=\"640\" height=\"473\" srcset=\"https:\/\/www.freiburg-schwarzwald.de\/blog\/wp-content\/uploads\/2024\/11\/usa-wahlmaenner-5-11-2024pan.jpg 640w, https:\/\/www.freiburg-schwarzwald.de\/blog\/wp-content\/uploads\/2024\/11\/usa-wahlmaenner-5-11-2024pan-180x133.jpg 180w\" sizes=\"auto, (max-width: 640px) 100vw, 640px\" \/><\/a><br \/>\n=========================================================<br \/>\n.<br \/>\n.<\/p>\n<p><strong>Die amerikanische Demokratie kippt nicht &#8211; Trump<\/strong><br \/>\nDie USA haben es besser als Deutschland<br \/>\nDie amerikanische Demokratie kippt nicht. Sie zeigt sich im 236. Jahr ihres ununterbrochenen Bestehens vitaler denn je. Zu einer vitalen Demokratie geh\u00f6rt keine fehlerfreie F\u00fchrung. So was gibt es nicht. Kann es gar nicht geben. Also fehlerfreie Menschen. Eine vitale Demokratie macht es aus, dass die Menschen eine f\u00fchrende Elite verscheuchen k\u00f6nnen, wenn diese die Probleme nicht mehr in den Griff bekommt. Oder wenn sie knietief in Skandalen steht. Etwa in dem um den Organisator von Kindesmissbrauch, Jeffrey Epstein. Dieser Skandal reicht tief in die amerikanischen Eliten hinein und er ist so unappetitlich, dass seine Details wohl niemals in das Bewusstsein der Mehrheiten vordringen wird \u2013 das menschliche Bewusstsein kennt Schutzmechanismen, die es vor einem unertr\u00e4glichen Ma\u00df an Ekel besch\u00fctzen.<br \/>\nDass die Amerikaner nun schon zweiten Mal Donald Trump gew\u00e4hlt haben, ist vor diesem Hintergrund eben kein Abrutschen in die Diktatur, wie es linke, deutsche Staatsjournalisten soufflieren. Die Elite war nicht mehr w\u00e4hlbar, also greift das Volk zu dem Mann, der sich am glaubw\u00fcrdigsten von den Vertretern der Elite distanziert hat. Bei all seinen Schw\u00e4chen \u2013 genau dieser Mann ist eindeutig Donald Trump. Obwohl er Million\u00e4r ist. Weil er Million\u00e4r ist. In den USA ist wirtschaftlicher Erfolg etwas, das einen Mann oder eine Frau auszeichnet. In Deutschland etwas, das den Neid der Erfolglosen nach sich zieht. In den Krimis des Staatsfernsehens ist der Manager so sicher der M\u00f6rder, wie in den Nachrichten schlechtes Wetter Klima ist und gutes Wetter nur Wetter. Oh America, the Beautiful.<br \/>\n&#8230; Alles vom 19.1.2025 von Mario Thurnes bitte lesen auf<br \/>\n<a href=\"https:\/\/www.freiburg-schwarzwald.de\/blog\/global\/deutschland\/deutschland2025\/\">https:\/\/www.tichyseinblick.de\/meinungen\/die-usa-haben-es-besser-als-deutschland\/<\/a><\/p>\n<p>&nbsp;<\/p>\n<p><strong>Imperium USA &#8211; von Daniele Ganser<\/strong><br \/>\nApril 2020 hat der Historiker <a href=\"https:\/\/www.freiburg-schwarzwald.de\/blog\/engagement\/zukunft\/prognosen\/\">Dr. Daniele Ganser<\/a> w\u00e4hrend der Coronakrise mit Jens Lehrich von Rubikon \u00fcber sein neues Buch \u201eImperium USA&#8220; gesprochen,<br \/>\n&#8222;Die Informationsrevolution&#8220; &#8211; Dr. Daniele Ganser im aktuellen Gespr\u00e4ch mit <a href=\"https:\/\/www.freiburg-schwarzwald.de\/blog\/wissen-ist-eine-holschuld\/\">Jens Lehrich<\/a><br \/>\n5.5.2021<br \/>\n<a href=\"https:\/\/youtu.be\/qRylHnV5pOY?list=PLOjf0dHma6Tx6dkP6J_OSiKPkcIsE2Tdz\">https:\/\/youtu.be\/qRylHnV5pOY?list=PLOjf0dHma6Tx6dkP6J_OSiKPkcIsE2Tdz<\/a><\/p>\n<p>Das Buch ist toll. Was covid betrifft: es gibt KEINE \u00dcbersterblichkeit gegen\u00fcber letztes oder vorletztes jahr &#8211; das sind FACTS!!! Hier geht es nicht um glauben sondern um WISSEN. Die Frage ist jetzt: wo f\u00fchrt das hin??<br \/>\nB.H.<\/p>\n<p>&nbsp;<\/p>\n<p><strong>Der Ri\u00df in den USA l\u00e4uft weniger zwischen den Hautfarben &#8211; Die verdeckte Spaltung<\/strong><br \/>\nVon J\u00f6rg Sobolewski<br \/>\nWer nach bedeutsamen Jahren f\u00fcr das Zusammenleben von Schwarz und Wei\u00df in den USA sucht, wird schnell f\u00fcndig: Vor 200 Jahren wurde die Sklaverei auf den Westen der USA ausgeweitet. Vor hundert Jahren starben drei Schwarze, nachdem ein Mob sie f\u00e4lschlich der Vergewaltigung einer Wei\u00dfen beschuldigt hatte. Doch der schiefe Fokus auf schlechte Erinnerungen l\u00e4\u00dft die Erfolge, die zur politischen Gleichstellung aller im Land gef\u00fchrt haben, au\u00dfer acht. Die Sklaverei in den S\u00fcdstaaten wurde vor 155 Jahren abgeschafft, die drei schwarzen Opfer des Lynchmords 2003 rehabilitiert.<br \/>\nF\u00fcr eine Weile schien es, als h\u00e4tte der amerikanische Traum gesiegt \u2013 als k\u00f6nnten alle \u201eam Tisch der Br\u00fcderlichkeit\u201c sitzen, wie es Martin Luther King formulierte. Doch stattdessen stehen die USA vor einem B\u00fcrgerkrieg. Der Ausl\u00f6ser: angeblich rassistische Polizeigewalt. Wer aber hinter die Kulissen schaut, sieht ein Land, in dem die Bruchlinien seltener entlang der Hautfarbe verlaufen, als man es glauben mag. Tats\u00e4chlich streiten sich hier zwei Lager um Geschichte und Gegenwart.<br \/>\nAuf der einen Seite die, die die USA als Leuchtfeuer der Freiheit und des Kapitalismus behalten wollen. Auf der anderen Seite die, die einen Umbau der Gesellschaft hin zu Gleichheit und Sozialismus anstreben. Unvers\u00f6hnlich geben sich beide Seiten, Graut\u00f6ne und Mittler zwischen den Lagern sind l\u00e4ngst vergrault und ohnm\u00e4chtig taumelt das Land einem Blutbad entgegen. Von den M\u00e4chtigen im Land hat niemand mehr Kraft oder Interesse, dasselbe abzuwenden.<br \/>\n&#8230; Alles vom 4.9.2020 zu &#8222;Die verdeckte Spaltung&#8220; von J\u00f6rg Sobolewski<br \/>\nbitte lesen in der JF 37\/20, Seite 2<\/p>\n<p>.<\/p>\n<p><strong>Davos-Rede von Trump: Wirtschaftslage in den USA<\/strong><br \/>\n&#8222;Seit meiner Wahl hat Amerika \u00fcber sieben Millionen Arbeitspl\u00e4tze gewonnen, eine unvorstellbare Zahl. Ich w\u00fcrde es nicht sagen, ich w\u00fcrde nicht dar\u00fcber sprechen \u2013 aber das war die Zahl, die ich im Sinn hatte. Die Prognose betrug zwei Millionen; wir haben sieben gemacht: mehr als dreimal so hoch wie die eigene Prognose der Regierung. Die Arbeitslosenquote liegt jetzt unter 3,2 Prozent, und diese 3,2 Prozent sind die niedrigste Zahl seit mehr als f\u00fcnfzig Jahren. Die durchschnittliche Arbeitslosenquote meiner Regierung ist die niedrigste in der Geschichte der US-Pr\u00e4sidenten. Wir haben mit relativ hohen Raten begonnen.<br \/>\nZum ersten Mal seit Jahrzehnten konzentrieren wir den Reichtum nicht mehr nur in den H\u00e4nden einiger weniger, sondern wir konzentrieren und schaffen die integrativste Wirtschaft, die es je gegeben hat. Wir erheben Amerikaner jeder Rasse, Farbe, Religion und jedes Glaubens. Die Arbeitslosenquoten unter Afroamerikanern, Hispanoamerikanern und Asiaten haben alle einen Rekordtiefstand erreicht. Die afro-amerikanische Jugendarbeitslosigkeit hat den niedrigsten Stand in der Geschichte unseres Landes, den sie jemals erreicht hat.<br \/>\nDie afro-amerikanische Armut ist auf die niedrigste jemals verzeichnete Rate gefallen. Die Frauenarbeitslosigkeit hat den niedrigsten Stand seit 1953 erreicht, und Frauen stellen nun die Mehrheit der amerikanischen Arbeitskr\u00e4fte \u2013 das ist das erste Mal. Die Arbeitslosenquote f\u00fcr Veteranen [ist] auf ein Rekordtief gefallen; die Arbeitslosenquote f\u00fcr behinderte Amerikaner hat ein Rekordtief erreicht. Arbeitnehmer ohne High-School-Abschluss haben die niedrigste Arbeitslosenquote in der Geschichte der USA erreicht.<br \/>\nDie L\u00f6hne steigen auf breiter Front, und diejenigen, die am unteren Ende der Einkommensleiter stehen, genie\u00dfen den bei weitem gr\u00f6\u00dften Zuwachs. Die L\u00f6hne der Arbeitnehmer wachsen jetzt schneller als die L\u00f6hne der F\u00fchrungskr\u00e4fte. Die Einkommen der unteren 10 Prozent wachsen schneller als die oberen 10 Prozent, etwas, was es [bisher] noch nicht gegeben hat. Die Geh\u00e4lter von Abiturienten steigen schneller als die von Hochschulabsolventen. Junge Amerikaner, die gerade erst ins Berufsleben eingetreten sind, haben ebenfalls Anteil am au\u00dferordentlichen Wohlstand Amerikas. Seit meinem Amtsantritt haben mehr als zwei Millionen Millenials Arbeit bekommen, und ihre L\u00f6hne sind j\u00e4hrlich um 5 Prozent gestiegen \u2013 eine Zahl, die unvorstellbar war.&#8220;<br \/>\n&#8230; Alles vom 22.1.2020 zu &#8222;Trumps Rede in Davos&#8220; bitte lesen auf<br \/>\n<a href=\"https:\/\/www.achgut.com\/artikel\/donald_trumps_komplette_davos_rede_auf_deutsch\">https:\/\/www.achgut.com\/artikel\/donald_trumps_komplette_davos_rede_auf_deutsch<\/a><\/p>\n<p>&nbsp;<\/p>\n<p>.<\/p>\n<p><strong>US-Arbeitslosigkeit 2019 so niedrig wie 1969<\/strong><br \/>\nDie Arbeitslosigkeit in den USA\u00a0unter Pr\u00e4sident Trump ist auf den tiefsten Stand seit fast 50 Jahren gesunken. Die Arbeitslosenquote betrug im April 2019 nur 3,6 %, so niedrig war sie zuletzt im Dezember des Jahres 1969. Im M\u00e4rz 2019 hatte die Quote noch bei 3,8 Prozent gelegen. Im April seien 263 000 Jobs neu auf den Arbeitsmarkt gekommen \u2013 mehr als Experten erwartet hatten. Die US-Notenbank Federal Reserve erkl\u00e4rte zuvor, es sei davon auszugehen, dass der Arbeitsmarkt weiter bis ins n\u00e4chste Jahr hinein stabil bleibe.<br \/>\n4.5.2019)<\/p>\n<p>&nbsp;<\/p>\n<p><strong>Trump-Rede zur illegalen Immigration und Grenzmauer auf Deutsch<\/strong><br \/>\nMeine lieben Mitamerikaner,<br \/>\nHeute Abend spreche ich zu Ihnen, weil an unserer S\u00fcdgrenze eine wachsende humanit\u00e4re und sicherheitspolitische Krise herrscht. Jeden Tag treffen Zoll- und Grenzschutzbeamte auf tausende von illegalen Einwanderern, die versuchen, in unser Land einzureisen. Wir haben keinen Platz mehr, um sie festzuhalten, und wir haben keine M\u00f6glichkeit, sie umgehend in ihre Heimat zur\u00fcckzubringen.<br \/>\nAmerika begr\u00fc\u00dft stolz Millionen von legalen Einwanderern, die unsere Gesellschaft bereichern und zu unserer Nation beitragen. Aber allen Amerikanern wird durch unkontrollierte, illegale Migration geschadet. Sie belastet die \u00f6ffentlichen Ressourcen und verringert Arbeitspl\u00e4tze und L\u00f6hne. Zu den am st\u00e4rksten betroffenen Personen geh\u00f6ren Afroamerikaner und Hispanoamerikaner.<br \/>\nUnsere S\u00fcdgrenze ist eine Pipeline f\u00fcr riesige Mengen an illegalen Drogen, darunter Meth, Heroin, Kokain und Fentanyl. Jede Woche werden 300 unserer B\u00fcrger allein durch Heroin get\u00f6tet, von denen 90 Prozent \u00fcber unsere S\u00fcdgrenze her\u00fcberfluten. In diesem Jahr werden mehr Amerikaner an Drogen sterben, als im gesamten Vietnamkrieg get\u00f6tet wurden. In den letzten zwei Jahren nahmen ICE-Offiziere (Anmerkung: Immigration and Customs Enforcement) 266.000 Ausl\u00e4nder mit Strafregistern fest, darunter diejenigen, die wegen 100.000 K\u00f6rperverletzungen, 30.000 Sexualverbrechen und 4.000 Morde angeklagt oder verurteilt wurden. Im Laufe der Jahre wurden Tausende von Amerikanern von Personen, die illegal in unser Land eingedrungen sind, brutal get\u00f6tet, und tausende weitere Menschenleben werden verloren gehen, wenn wir nicht sofort handeln.<br \/>\nDies ist eine humanit\u00e4re Krise \u2013 eine Krise des Herzens und eine Krise der Seele. Im vergangenen Monat wurden 20.000 Migrantenkinder illegal in die Vereinigten Staaten gebracht \u2013 ein dramatischer Anstieg. Diese Kinder werden von b\u00f6sartigen Schleppern und r\u00fccksichtslosen Banden als Schachfiguren benutzt. Jede dritte Frau wird auf dem gef\u00e4hrlichen Weg durch Mexiko sexuell missbraucht. Frauen und Kinder sind bei Weitem die gr\u00f6\u00dften Opfer unseres kaputten Systems. Das ist die tragische Realit\u00e4t der illegalen Einwanderung an unserer S\u00fcdgrenze. Das ist der Kreislauf des menschlichen Leidens, den ich entschlossen habe zu beenden.<br \/>\nMeine Regierung hat dem Kongress einen detaillierten Vorschlag zur Sicherung der Grenze und zur Beendigung der kriminellen Banden, Drogenschmuggler und Menschenh\u00e4ndler vorgelegt. Es ist ein riesiges Problem. Unser Vorschlag wurde von Strafverfolgungsbeh\u00f6rden und Grenzbeamten des Department of Homeland Security entwickelt. Dies sind die Ressourcen, die sie angefordert haben, um ihre Mission ordnungsgem\u00e4\u00df auszuf\u00fchren und Amerika sicher zu halten. In der Tat, sicherer als je zuvor. Der Vorschlag der Homeland Security beinhaltet modernste Technologien zur Erkennung von Drogen, Waffen, illegalem Schmuggel und vielem mehr. Wir haben mehr Agenten, Einwanderungsrichter und Bettenstellpl\u00e4tze angefordert, um den starken Anstieg der illegalen Migration zu bew\u00e4ltigen, der durch unsere sehr starke Wirtschaft verursacht wird. Unser Plan enth\u00e4lt auch einen dringenden Antrag auf humanit\u00e4re Hilfe und medizinische Unterst\u00fctzung. Dar\u00fcber hinaus haben wir den Kongress gebeten, Sicherheitsl\u00fccken an der Grenze zu schlie\u00dfen, damit illegale Einwandererkinder sicher und human nach Hause zur\u00fcckkehren k\u00f6nnen.<br \/>\nSchlie\u00dflich haben die Strafverfolgungsbeh\u00f6rden im Rahmen eines Gesamtansatzes zur Grenzsicherheit 5,7 Milliarden Dollar f\u00fcr eine physische Barriere beantragt. Auf Antrag der Demokraten wird es eine Stahlbarriere und nicht eine Betonwand sein. Diese Barriere ist f\u00fcr die Grenzsicherheit absolut entscheidend. Das ist auch das, was unsere Fachleute an der Grenze wollen und brauchen. Das ist nur gesunder Menschenverstand. Die Grenzmauer w\u00fcrde sich sehr schnell rechnen. Die Kosten f\u00fcr illegale Drogen \u00fcbersteigen 500 Milliarden Dollar pro Jahr \u2013 weit mehr als die 5,7 Milliarden Dollar, die wir vom Kongress gefordert haben. Die Mauer wird auch indirekt durch das gro\u00dfe neue Handelsabkommen bezahlt, das wir mit Mexiko abgeschlossen haben.<br \/>\n&#8230;<br \/>\nEinige sind der Meinung, dass eine Grenz-Barriere unmoralisch ist. Warum bauen dann wohlhabende Politiker Mauern, Z\u00e4une und Tore um ihre H\u00e4user herum? Sie bauen keine Mauern, weil sie die Menschen drau\u00dfen hassen, sondern weil sie die Menschen im Inneren lieben. Das Einzige, was unmoralisch ist, sind die Politiker, die nichts tun und weiterhin zulassen, dass mehr unschuldige Menschen so f\u00fcrchterlich zum Opfer werden.<br \/>\nAmerikas Herz brach am Tag nach Weihnachten, als ein junger Polizist in Kalifornien von einem illegalen Ausl\u00e4nder, der gerade die Grenze \u00fcberquerte, kaltbl\u00fctig ermordet wurde. Das Leben eines amerikanischen Helden wurde von jemandem gestohlen, der kein Recht hatte, in unserem Land zu sein.<br \/>\nTag f\u00fcr Tag werden wertvolle Leben ausgel\u00f6scht von denen, die unsere Grenzen \u00fcberschritten haben. In Kalifornien wurde ein Veteran der Luftwaffe von einem illegalen Ausl\u00e4nder mit langer Vorgeschichte vergewaltigt, ermordet und mit einem Hammer zu Tode gepr\u00fcgelt. In Georgia wurde k\u00fcrzlich ein illegaler Ausl\u00e4nder wegen Mordes angeklagt, weil er seinen Nachbarn get\u00f6tet, enthauptet und zerst\u00fcckelt hatte.<br \/>\nIn Maryland wurden MS-13 Bandenmitglieder, die als unbegleitete Minderj\u00e4hrige in die Vereinigten Staaten kamen, letztes Jahr verhaftet und angeklagt, nachdem sie ein 16-j\u00e4hriges M\u00e4dchen brutal erstochen und geschlagen hatten.<br \/>\nIn den letzten Jahren habe ich Dutzende von Familien getroffen, denen Angeh\u00f6rige durch illegale Einwanderung genommen wurden. Ich habe die H\u00e4nde der weinenden M\u00fctter gehalten und die traurigen V\u00e4ter umarmt. So traurig. So schrecklich. Ich werde nie den Schmerz in ihren Augen vergessen, das Zittern in ihren Stimmen und die Traurigkeit, die ihre Seelen erfasst.<br \/>\nWie viel amerikanisches Blut m\u00fcssen wir noch vergie\u00dfen, bevor der Kongress seine Arbeit tut? Diejenigen, die sich weigern, im Namen der Grenzsicherheit Kompromisse einzugehen, m\u00f6chte ich fragen: Stellen Sie sich vor, es w\u00e4re Ihr Kind, Ihr Mann oder Ihre Frau, deren Leben so grausam zerbrochen und v\u00f6llig zerst\u00f6rt worden ist?<br \/>\nAn jedes Mitglied des Kongresses: Verabschieden Sie ein Gesetz, das diese Krise beendet.<br \/>\nAn alle B\u00fcrger: Rufen Sie den Kongress an und sagen Sie ihm, dass er endlich, nach all diesen Jahrzehnten, unsere Grenze sichern soll.<br \/>\nDies ist eine Wahl zwischen Recht und Unrecht, Gerechtigkeit und Ungerechtigkeit. Hier geht es darum, ob wir unsere heilige Pflicht gegen\u00fcber den amerikanischen B\u00fcrgern erf\u00fcllen, denen wir dienen.<br \/>\nAls ich den Amtseid ablegte, schwor ich, unser Land zu sch\u00fctzen. Und das werde ich immer tun, so wahr mir Gott helfe.<br \/>\nDanke und gute Nacht. Donald Trum<br \/>\n&#8230;. Alles vom 9.1.2019 bitte lesen auf<br \/>\n<a href=\"https:\/\/www.achgut.com\/artikel\/die_trump_rede_zur_illegalen_immigration_auf_deutsch\">https:\/\/www.achgut.com\/artikel\/die_trump_rede_zur_illegalen_immigration_auf_deutsch<\/a><br \/>\n.<br \/>\n<strong>Du meine G\u00fcte<\/strong><br \/>\n\u201cAls ich den Amtseid ablegte, schwor ich, unser Land zu sch\u00fctzen. Und das werde ich immer tun, so wahr mir Gott helfe.\u201d Meine G\u00fcte, so viele schlimme Worte in einer einzigen Rede. Was mir aber schon seit l\u00e4ngerem nicht in den Kopf will, wenn es dieses gibt, da\u00df ein deutscher Bundeskanzler an den F\u00e4den der Washingtoner Regierung h\u00e4ngt, wer stellt dann die Regierung in Washington? Herr Trump offensichtlich nicht. Oder es wird hier b\u00f6ser Cop und guter Cop gespielt? &#8230;<br \/>\nBei allem, was man gegen Trump sagen kann, ich w\u00fcnschte mir, unsere schon l\u00e4nger hier lebende Kanzlerin w\u00fcrde eine solche Rede an ihr Volk halten.<br \/>\n9.1.2019, Dr. Carl Wolf, AO<br \/>\n.<br \/>\n<strong>Hillary Clinton: Europe must curb immigration to stop rightwing populists<\/strong><br \/>\n\u201cI think Europe needs to get a handle on migration because that is what lit the flame,&#8220;<br \/>\n&#8222;Ich glaube, dass Europa die <a title=\"Eine Einladung an alle: der GCM\" href=\"https:\/\/www.freiburg-schwarzwald.de\/blog\/eine-einladung-an-alle-der-gcm\/\">Einwanderung<\/a> in den Griff bekommen muss, weil das das ist, was die Flamme entz\u00fcndet&#8220;<br \/>\nClinton said, speaking as part of a series of interviews with senior centrist political figures about the rise of populists, particularly on the right, in Europe and the Americas.<\/p>\n<p>\u201cI admire the very generous and compassionate approaches that were taken particularly by leaders like Angela Merkel, but I think it is fair to say Europe has done its part, and must send a very clear message \u2013 \u2018we are not going to be able to continue provide refuge and support\u2019 \u2013 because if we don\u2019t deal with the migration issue it will continue to roil the body politic.\u201d<br \/>\n&#8230; Alles vom 22.11.2018 bitte lesen auf<br \/>\n<a href=\"https:\/\/www.theguardian.com\/world\/2018\/nov\/22\/hillary-clinton-europe-must-curb-immigration-stop-populists-trump-brexit\">https:\/\/www.theguardian.com\/world\/2018\/nov\/22\/hillary-clinton-europe-must-curb-immigration-stop-populists-trump-brexit<br \/>\n<\/a>\u00a0.<br \/>\n.<br \/>\n<strong>Deutschlands Medien ignorieren Clintons Rat &#8211; Grund: &#8222;Clinton gut und Trump b\u00f6se&#8220;<\/strong><br \/>\nDeutsche Leitmedien verschweigen Mme Clintons Aufruf, die Masseneinwanderung nach Europa zu begrenzen. Aus gutem grund: F\u00fcr sie ist Trump der B\u00f6se und Clinton die Gute. Und als Gute mu\u00df sie doch f\u00fcr die weiter grenzenlose Immigration sein.<br \/>\n23.11.2018, K.Baumann<br \/>\n.<br \/>\n<strong>Hillary Clinton empfiehlt Europa Begrenzung der Einwanderung<\/strong><br \/>\nDie fr\u00fchere US-Pr\u00e4sidentschaftskandidatin lobt Angela Merkels Umgang mit Fl\u00fcchtlingen. Im Kampf gegen Rechtspopulisten m\u00fcsse Europa seine Asylpolitik nun aber \u00e4ndern.<br \/>\n&#8230; Alles vom 23.11.2018 auf<br \/>\n<a href=\"https:\/\/www.zeit.de\/politik\/ausland\/2018-11\/migration-hillary-clinton-europa\">https:\/\/www.zeit.de\/politik\/ausland\/2018-11\/migration-hillary-clinton-europa<\/a><\/p>\n<p><strong>Die Flamme &#8211; the flame<\/strong><br \/>\nIch habe in meinen Kommentaren hier auf ZEIT seit Sommer 2015 immer wieder ohne Unterlass, sachlich und frei von Polemik angemahnt, dass die Einwanderungspolitik der Bundesregierung gegen\u00fcber den B\u00fcrgern nicht begr\u00fcndet wurde, ihre Einw\u00e4nde nicht geh\u00f6rt, Gro\u00df-Entscheidungen nicht demokratisch legitimiert, die B\u00fcrger mit einem WAS geschafft werden soll alleingelassen wurden, das WIE nie nachgereicht wurde, daraus die fehlenden Prozent pro Brexit folgen k\u00f6nnten, sp\u00e4ter den Brexit damit hier begr\u00fcndet und darauf hingewiesen das aus Sparpolitik einerseits und Milliarden an Kosten f\u00fcr die Einwanderungspolitik andererseits eine Delegitimierung von Politik folgt &#8211; im Zitat euphemistisch Flamme genannt. Jetzt, wo Frau Hillary Clinton das selbe sagt(e), bin ich mehr als gespannt \u00fcber das Urteil \u00fcber sie von geneigter Stelle.<br \/>\n23.11.2018, Cheeky Conrnflakes , ZO<br \/>\n.<br \/>\n.<br \/>\n<strong>Hillary Clinton spricht aus, was viele Deutsche denken,<\/strong><br \/>\ndie bei Fl\u00fcchtlingsfragen den Irrsinns-Trip der Kanzlerin schon lange verw\u00fcnschen. Mit ihrem unverantwortlichen Willkomm-Ruf an die Millionen Fl\u00fcchtlinge der Welt. Ausbaden m\u00fcssen diese Fehlentscheidung die Deutschen. Die haben allerdings satt, das Migranten-Auffanglager f\u00fcr EUR zu sein. Allerdings hat sich D dabei ohne Abstimmung mit anderen Staaten dumm vorgedr\u00e4ngt. Es geht nun an vielen Menschen in D nicht spurlos vorbei, dass sie kaum bezahlbare Wohnungen finden, w\u00e4hrend Fl\u00fcchtlinge, \u00fcberwiegend mit nicht berechtigtem Status u. in zu vielen F\u00e4llen kriminell, jahrelang in Germany ein gut bezahltes Dasein fristen. Kost und Logis frei. Die Nachfolger der vor Abl\u00f6sung stehenden Merkel werden sich den Unsinn nicht mehr leisten wollen, den die Kanzlerin gegen\u00fcber Horst dumm ausgebr\u00fctet hat. Dass n\u00e4mlich Terroristen, Gef\u00e4hrder, Straft\u00e4ter u. rechtskr\u00e4ftig Abgeschobene in jedem Fall bei der Einreise nach D nicht abgewiesen werden d\u00fcrfen! Dieser Unsinn muss ein rasches Ende finden. Sonst w\u00e4chst die AfD noch st\u00e4rker u. l\u00e4sst Union u. SPD weiter Richtung Zwergenparteien marschieren!<br \/>\n23.11.2018, Gerhard Storm, ZO<br \/>\n.<\/p>\n<p>&#8222;Euer&#8220; Problem &#8211; ihr geht es mit gef\u00fchlten &#8222;Wahrheiten&#8220; an, kennt keine Zahlen und f\u00fchlt euch deswegen moralisch \u00fcberlegen, wo es nichts \u00fcberlegenes gibt.&#8220;<br \/>\n&#8222;Die Zahl der j\u00e4hrlichen Abschiebungen stieg in den ersten vier Jahren unter Obama auf einen Rekordwert von 400.000. Kritiker gaben dem Hope-Pr\u00e4sidenten wegen seiner Gangart gar den Spitznamen Deporter-in-Chief: Chefabschieber. &#8220;<br \/>\n<a href=\"https:\/\/www.zeit.de\/politik\/ausland\/2016-11\/donald-trump-barack-obama-us-praesident-abschiebung-illegale-einwanderung\">https:\/\/www.zeit.de\/politik\/ausland\/2016-11\/donald-trump-barack-obama-us-praesident-abschiebung-illegale-einwanderung<\/a><br \/>\n23.11.2018, Klaus J\u00fcrgen, ZO<br \/>\n.<\/p>\n<p><strong>Islam und Sozialismus passen zusammen &#8211; Islamkritik ist gef\u00e4hrlich<\/strong><br \/>\nHallo Anabel, <a title=\"Kinderehe\" href=\"https:\/\/www.freiburg-schwarzwald.de\/blog\/religion\/islam\/kinderehe\/\">es ist alles zutreffend, was du schreibst<\/a>. Aber was will man von staatlich zwangsfinanzierten Propaganda-Sendern oder den Mainstream-Printmedien erwarten, die zu einem erheblichen Teil von staatlichen Subventionen abh\u00e4ngig sind?! So gut wie alles, was in den letzten Jahrzehnten \u201cschiefgelaufen\u201d ist, haben wir der ein oder anderen Form von Sozialismus zu verdanken.<br \/>\nAngefangen mit dem fiat money, das 1913\/1914 etabliert wurde, u.a. um dann zwei Weltkriege zu f\u00fchren, um Deutschland wirtschaftlich zu zerst\u00f6ren und andere Ziele zu erreichen, die ich hier nicht weiter ausf\u00fchren werde. Danach wurde von den Siegerm\u00e4chten in Ostdeutschland der offene Sozialismus und in Westdeutschland ein \u201cgetarnter Sozialismus\u201d mit staatlichem Bildungswesen (links-gr\u00fcne Gehirnw\u00e4sche hat bei den meisten super funktioniert), einem staatlichen Gesundheitswesen (immer h\u00f6here Beitr\u00e4ge, immer weniger Leistungen) und einem staatlichen Rentensystem (Altersarmut vorprogrammiert) installiert. Sp\u00e4ter folgten dann noch der EUR und die EU mit ihrem Regulierungswahn, um DE auch ja weiter sch\u00f6n auszupressen.<br \/>\nWarum das? Ein Grund war auch hier, Deutschland wirtschaftlich unter Kontrolle zu halten, da es ja nicht sein darf, dass die UK-USA-Allianz Konkurrenz bekommt. Da man DE mit fairen Mitteln (wirtschaftl. Wettbewerb) nicht beikommen konnte, musste man eben zu unfairen Mitteln greifen (Krieg + Sozialismus). Auch heute macht man ja nichts Anderes, um den USD und die FED (noch) als Weltleitw\u00e4hrung an der Macht zu halten.<br \/>\nDer Islam kommt da gerade recht, da er mit seiner totalit\u00e4ren Ideologie wunderbar zum Sozialismus passt, um L\u00e4nder mit Leistungsbilanz\u00fcbersch\u00fcssen wie bspw. DE zu belasten aber auch die westlichen Werte, wo es nur geht, zu zerst\u00f6ren.<br \/>\nWas aber die wenigsten wissen, ist der Umstand, dass der Islam zusammen mit dem Sozialismus, dem EUR, der EU und allen heutigen Politikern abgerissen werden wird. Da das fiat money mathematisch sicher untergehen muss (aufgrund der Exponentialfunktion), braucht man auch einen Grund, um zu erkl\u00e4ren, warum dies passiert und die gesamte Wirtschaft und alle staatlichen Leistungen (ja alle, auch Renten und Pensionen) zusammenbrechen werden (Grund= Islam, Terror durch \u201cFl\u00fcchtlinge\u201d, Sozialismus, heutige Politiker etc.).<br \/>\nIch bin mir bewusst, dass du den letzten Absatz wahrscheinlich nicht glauben wirst, du wirst aber in naher Zukunft live dabei sein und diesen Wahnsinn miterleben. Deine Islamkritik ist vollkommen berechtigt, mach aber bitte nicht den Fehler, dich zu weit aus dem Fenster zu lehnen, da die Islam-Deppen, wie du ja selbst wei\u00dft, auch vor Attentaten und Mord nicht zur\u00fcckschrecken.<br \/>\n31.8.2016, R.ZEEE, TO<\/p>\n<p><strong>Eine private Anschauung<\/strong><br \/>\n<a title=\"Kinderehe\" href=\"https:\/\/www.freiburg-schwarzwald.de\/blog\/religion\/islam\/kinderehe\/\">Claus Kleber <\/a>ist Merkel-treu. Merkel ist eine antideutsche Globalistin und eine amerikatreue Vertreterin deren Interessen \u2013 anders kann man es nicht beobachten?!<br \/>\nDie grossen US-Think Tanks, wie Atlantikbr\u00fccke, Council on Foreign Relations, scheinen deren Schule und Geldgeber zu sein.<br \/>\nTeile der deutschen Wirtschafts-Elite und Teile der US-Elite bilden auch eine Interessengemeinschaft. Deutschland und die Nationalstaaten Europas sollen sich schrittweise aufl\u00f6sen (der richtige Zeitpunkt ist jetzt \u2013 Russland und China m\u00fcssen, von Europa aus, kontrolliert werden).<br \/>\nDie Nationalstaaten m\u00fcssen weg, damit die eine grosse Weltregierung (USA\/der Westen) ganz Europa verwalten kann. Deshalb die gelenkte Massenmigration (Soros\/ESI-Plan) nach Europa, plus T\u00fcrkei Visafreiheit. Die Vielzahl der fremden Ethnien und deren Familien-Nachzug, werden nach und nach die europ\u00e4ischen Kulturen verdr\u00e4ngen. Es passiert im Prinzp das Gleiche, wie mit Deutschland nach dem 2. Weltkrieg: die Migranten werden Merkel (d.h. USA) extrem dankbar sein (Neuw\u00e4hler), das System kaum in Frage stellen, und die Herrschaft der neuen (alten) F\u00fchrer einfach anerkennen. Die Deutschen waren nach dem Krieg auch froh, dass die Alliierten ihnen geholfen haben. Diese haben das allerdings nicht uneigenn\u00fctzig getan.<br \/>\nNach dem 1. Weltkrieg halfen sie Deutschland \u00fcberhaupt nicht, sondern wollten Deutschland f\u00fcr immer vernichten (Versailler Vertrag). Erst nach dem 2. Weltkrieg hatte man Pl\u00e4ne mit Deutschland und Europa (USA waren Weltmacht geworden). Der 1. Weltkrieg, sagen f\u00fchrende Historiker, wurde eigentlich erst durch England zum Weltkrieg und dann kamen die Nazis, durch den verlorenen deutschen Krieg, auf den Plan!<br \/>\nDeshalb f\u00f6rdert man alles Fremde, Andersdenkende in der BRD und Europa (Begr\u00fcndung: Vergreisung der Europ\u00e4er, Inzuchtgefahr, Nazi-Denken, usw.)<br \/>\nBernd, 31.8.2016, TO<\/p>\n<p>&nbsp;<\/p>\n<p>&nbsp;<\/p>\n<p><strong>USA &#8211; Die Stimmung gegen\u00fcber Merkel-Deutschland ist gekippt<\/strong><br \/>\nEntsetzt und erschrocken sind viele Amerikaner \u00fcber die <a title=\"Koeln-Silvester2015\" href=\"https:\/\/www.freiburg-schwarzwald.de\/blog\/global\/integration\/koeln-silvester2015\/\">Ereignisse von K\u00f6ln<\/a>, die in den USA tagelang f\u00fcr Schlagzeilen und TV-Berichte sorgten. &#8230; Ross Douthat, konservativer Kolumnist der New York Times, forderte den R\u00fccktritt von Angela Merkel, damit ihr Land nicht einen zu hohen Preis f\u00fcr ihre Verr\u00fccktheit bezahle. Dabei hatte das Magazin Time Merkel wegen ihrer offenen Fl\u00fcchtlingspolitik zur Person des Jahres 2015 gew\u00e4hlt. Douthat dagegen schreibt nun: Europas gener\u00f6se Immigrationspolitik, die oft gegen den Willen der normalen Europ\u00e4er durchgesetzt werde, drohe den Kontinent zu destabilisien, insbesondere, da der \u00fcbergro\u00dfe Anteil der Immigranten junge alleinstehende M\u00e4nner seien, deren Vorstellungen \u00fcber Frauenrechte denen in Europa entgegengesetzt seien. &#8230;. Alle vom 13.1.2016 auf<br \/>\n<a href=\"https:\/\/www.cicero.de\/weltbuehne\/reaktionen-den-usa-koeln-usa\/60353#comments\">https:\/\/www.cicero.de\/weltbuehne\/reaktionen-den-usa-koeln-usa\/60353#comments<\/a><br \/>\n.<br \/>\n<strong>Gr\u00f6\u00dfenwahn im B\u00f6sen 1933 &#8211; Gr\u00f6\u00dfenwahn im Guten 4.9.2015<\/strong><br \/>\n&#8222;WAS HABEN DIE SICH DABEI GEDACHT?&#8220; Diese Frage eines Lesers der New York Times bringt es auf den Punkt! Antwort: Gedacht haben die tolle Kanzlerin und die Mehrheit der deutschen Politiker (in trauter \u00dcbereinstimmung mit den sie unterst\u00fctzenden Medien) eben gar nichts, sondern gef\u00fchlt, gehofft, getr\u00e4umt, gesponnen! (Die Hinweise auf die christliche Ethik in diesem Zusammenhang sind \u00fcbrigens ein pharis\u00e4erhafter Angriff auf alle Christen in den anderen europ\u00e4ischen L\u00e4ndern!)<br \/>\nTRAUMT\u00c4NZER sind sie &#8211; wie es im Kommentar richtig hei\u00dft. Ich kann mich nur wiederholen: Genau wie viele Deutsche der Einladung des Verf\u00fchrers Hitler zum Gr\u00f6\u00dfenwahn im B\u00f6sen auf den Leim gegangen sind, so haben sich jetzt viele zum Gr\u00f6\u00dfenwahn im Guten durch Merkels &#8222;Wir schaffen das!&#8220; hinrei\u00dfen lassen.<br \/>\n&#8222;Quidquid agis prudenter agas et respice finem.&#8220; Diesen Ratschlag der alten R\u00f6mer darf man eben n i e vernachl\u00e4ssigen, wenn man nicht scheitern will: &#8222;Was immer du tust, handle k l u g, und bedenke das Ende!&#8220;<br \/>\n13.1.2016, Christa Wallau, Asbach<\/p>\n<p><strong>Nun verstehe ich 1933<\/strong><br \/>\nIn den 60- und 70-er Jahren sozialisiert, hat sich eine gro\u00dfe Mehrheit meiner Generation ewig lange mit der Frage gequ\u00e4lt, wieso das Dritte Reich m\u00f6glich werden konnte. Mir pers\u00f6nlich war keine der Antworten einleuchtend genug: ich hatte es einfach nicht verstehen bzw. nachvollziehen k\u00f6nnen.<br \/>\nSeit der Mitte des letzten Jahres sehe ich klarer. Es begann mit dem Schwenk \u00fcbernacht, dass pl\u00f6tzlich alle Ertrinkenden aus dem Mittelmeer gerettet werden mussten, was immer es koste. Nachdem das jahrelang v\u00f6llig egal war. Pl\u00f6tzlich, von heute auf morgen, freuten sich alle Medien auf ihren ersten Seiten \u00fcber jede Rettung. Da dr\u00f6hnten mir die Ohren, wie Millionen von gestern auf heute \u00fcber eine einzige Nacht Mitl\u00e4ufer wurden. Zum 4. September wiederholte sich das. Nun verstehe ich 1933<br \/>\n13.1.2016, Uwe Dippel, Duisburg<\/p>\n<p><strong>Willkommensjubler &#8211; &#8230;.?&#8230;&#8230; &#8211; Pegidisten<\/strong><br \/>\nIn Erwartung des Teufels starren wir Deutschen in die eine Richtung und sehen den Beelzebub aus der anderen nicht kommen. Er predigt uns totale Entgrenzung und Selbstaufgabe, um den Teufel des Rassismus und der Fremdenfeindlichkeit auszutreiben; ein verkl\u00e4rtes Gemisch aus Linksradikalismus und Wirtschaftsfundamentalismus hat uns unter Kontrolle. Die beiden dunklen Gestalten repr\u00e4sentieren eine Komplementarit\u00e4t von Eigenschaften, die die Menschheit pr\u00e4gen und gedeihen lie\u00dfen. Keine von ihnen l\u00e4sst sich verbannen, jede hat ihren Sinn. Wie immer kommt es darauf an, das richtige Ma\u00df zu finden &#8211; leider keine unserer St\u00e4rken. Ob Willkommensjubler oder Pegidisten, ob Autonome oder Neonazis &#8211; nur durch einen tabulosen Dialog weitet sich der Konsens und es schrumpfen die R\u00e4nder<br \/>\n13.1.2016 Anke Schirp<\/p>\n<p>&nbsp;<\/p>\n<p><strong>Kadavergehorsam zu den USA<\/strong><\/p>\n<p><em>Die verborgene Agenda hinter Fl\u00fcchtlingen: Offener Brief an Merkel und Co.<\/em><br \/>\n<em>Ein offener Brief des, beim Bundeskanzleramt akkreditierten, freien Journalisten Axel Ret<\/em>z.<\/p>\n<p>&#8230; Quintessenz: Die EU weist erschreckende Aufl\u00f6sungserscheinungen auf. Wie hypnotisiert durch die ihr von den USA aufs Auge gedr\u00fcckte, dem altbew\u00e4hrten Strickmuster folgende und von f\u00fchrenden US Think-Tanks minuti\u00f6s geplante Zerlegungsstrategie, insbesondere Deutschlands, starren Politik und Medien nur noch auf Bahnh\u00f6fe. Und sie scheinen auch nur noch \u201eBahnhof zu verstehen\u201c.<br \/>\nSchon bei der \u201eRettung\u201c des Euro verstie\u00dfen EU und EZB gegen ihre eigenen Vertr\u00e4ge und Regularien. Bei der Fl\u00fcchtlingsthematik ist das nun auch auf den Weg gebracht. Und man darf gespannt sein, wann nach der obstrusen Nomenklatur der \u201eEuro-Rebellen\u201c nun die \u201eFl\u00fcchtlings- Rebellen\u201c aus der Taufe gehoben werden.<br \/>\nEin Europa bzw. richtiger ja eine EU, die mit Schimpf und Schande gegen die vorgeht, die Vertragstreue einfordern, befindet sich auf einer h\u00f6chst Besorgnis erregenden Geisterfahrt.<br \/>\nWer die mittlerweile im Allgemeinwissen verankerte \u201eGeschichte\u201c des Vietnamkriegs, des Feldzugs gegen den Irak und all der vielen anderen Kriege kennt, wer die B\u00fccher oder Interviews der f\u00fchrenden K\u00f6pfe der US-Think Tanks kennt, wer die freim\u00fctige Aussage George Friedmans kennt, dass die USA in Kiew den \u201eoffensichtlichsten Staatsstreich der Geschichte\u201c orchestriert haben, wer seine Ausf\u00fchrungen kennt, dass die USA \u201eum jeden Preis\u201c die Ann\u00e4herung Europas und Russlands unterbinden muss, wer Thomas P. M. Barnetts \u201eBlueprint for Action\u201c und die dort skizzierte Handlungsanweisung kennt, Europa mit j\u00e4hrlich 1,5 Millionen Migranten zu destabilisieren \u2013 und wer diese Fakten dann ignoriert oder auf den Kopf stellt und auf die eindrischt, die sie beim Namen nennen, der macht sich zum Handlanger dieser d\u00fcsteren Pl\u00e4ne \u2013 und auch zum Mitverantwortlichen f\u00fcr das, was geschehen ist, geschieht und geschehen wird.<br \/>\nDeutschland als Teil der EU, aber auch die EU sind nicht zum buchst\u00e4blichen Kadavergehorsam verpflichtet. Sie sind nicht verpflichtet, sich in den n\u00e4chsten Krieg hineinziehen zu lassen. Wohl aber sind sie verpflichtet, ihre B\u00fcrger davor zu sch\u00fctzen. Die Aggression der USA\/NATO gegen\u00fcber Russland hat zum Zusammenr\u00fccken Moskaus und Pekings gef\u00fchrt. Das war ein von Washington unbedachtes Ergebnis \u2013 k\u00f6nnte uns aber \u00fcber ein neues Kr\u00e4ftegleichgewicht vielleicht in letzter Minute doch noch den Frieden auch f\u00fcr Europa sichern<br \/>\nWenn die USA eine dominante Politik praktizieren, dann kann das nur funktionieren, weil sich andere dieser Dominanz unterwerfen \u2013 wiewohl sie an den Fingern einer Hand abz\u00e4hlen k\u00f6nnten, welche Pl\u00e4ne man f\u00fcr sie hegt. Und wer nicht z\u00e4hlen mag, der kann es sich ja in all den von mir angegebenen Quellen ansehen.<br \/>\nIch wei\u00df, dass es m\u00fchsam und zeitaufw\u00e4ndig ist, sich alle in diesem Brief genannten Links und Quellen zu Gem\u00fcte zu f\u00fchren. Tun Sie es in Ihrem Interesse, im Interesse Deutschlands, Ihrer Kinder, Europas und der Aufrechterhaltung des Friedens. Kriege hatte und hat diese Welt mehr als genug. &#8230;<br \/>\nDen gesamte &#8222;Offenen Brief&#8220; von Axel Retz vom 17.9.2015 bitte lesen auf<br \/>\n<a href=\"https:\/\/www.statusquo-news.de\/die-verborgene-agenda-hinter-fluechtlingen-offener-brief-an-merkel-und-co\/\">https:\/\/www.statusquo-news.de\/die-verborgene-agenda-hinter-fluechtlingen-offener-brief-an-merkel-und-co\/<\/a><\/p>\n<p>.<\/p>\n<p><strong>Amerika f\u00e4llt gegen\u00fcber China zur\u00fcck<br \/>\n<\/strong>Zwischen 2001 und 2015 f\u00e4llt &#8211; so eine <a href=\"https:\/\/www.gallup.com\/poll\/182918\/fewer-americans-identify-middle-class-recent-years.aspx\">Gallup-Umfrage vom April 2015<\/a> &#8211;\u00a0 der Anteil der sich zur Oberschicht z\u00e4hlenden Amerikaner von 3 auf 1 Prozent. Die sich als obere und untere Mittelschicht Klassifizierenden sinken von 63 Prozent auf 51 Prozent. Von 33 auf 48 Prozent springt dagegen der Anteil der Amerikaner, die sich als Arbeiter oder \u2013 zumeist \u00f6ffentlich versorgte \u2013 Unterschichtler einstufen.<br \/>\nZeitgleich mit dieser Umw\u00e4lzung f\u00e4llt keine andere Wirtschaftsnation weiter hinter die Kompetenzfestungen (Ostasiaten, Schweizer, Skandinavier sowie \u00fcbrige Anglo-Staaten) zur\u00fcck als die USA. Nirgendwo n\u00e4mlich liegen die durch die Lehrer wahrgenommenen Sch\u00fcler-Kompetenzen tiefer unter dem in US-Dollar gemessenen Wohlstand ihrer Eltern. Nach Verm\u00f6gen und Einkommen gelten rund 13% der Amerikaner als sozial benachteiligt beziehungsweise arm. \u201eSocial disadvantage\u201c wird dabei gerne als Kurzformel f\u00fcr die Erkl\u00e4rung schlechter Mathematiknoten verwendet, weil sie Kontroversen \u00fcber andere Ursachen des Versagens vermeidet. Und in der Tat gibt es in vielen L\u00e4ndern einen deutlichen Gleichlauf zwischen Geldmitteln der Eltern und Schulleistungen der Kinder. Eine<a href=\"https:\/\/oecdeducationtoday.blogspot.com\/2014\/07\/poverty-and-perception-of-poverty-how.html\">OECD-Studie vom Juli 2014<\/a> aber zeigt, dass &#8211; aufgrund der verheerenden Noten &#8211; Mathematiklehrer an US-Mittelschulen nicht nur die erwarteten 13 Prozent, sondern wuchtige 64,5 % ihrer Sch\u00fcler f\u00fcr sozial benachteiligt halten.<br \/>\nDer Niedergang der amerikanischen Mittelschicht \u2013 8 Prozent weniger Kaufkraft als 2007 \u2013 l\u00e4uft parallel mit einem Einkommensanstieg um den Faktor 2,5 in der chinesischen Unterschicht (<a href=\"https:\/\/yaleglobal.yale.edu\/content\/tale-two-middle-classes%20.\">Siehe hier<\/a>). Mit China tritt \u2013 wie zuvor mit Japan, Singapur, Taiwan oder S\u00fcd-Korea \u2013 eine weitere Nation auf die globalen Arbeits- und Talentm\u00e4rkte, deren \u201esozial Benachteiligte\u201c h\u00f6here schulische Kompetenzen besitzen als der Nachwuchs der amerikanischen Mittelschichten. Das unterstreicht eine <a href=\"https:\/\/www.oecd-ilibrary.org\/education\/how-is-the-global-talent-pool-changing-2013-2030_5js33lf9jk41-en\">OECD-Studie vom Mai 2015<\/a>, die im 2030er globalen Pool an Ingenieur- und Naturwissenschaftlern 37 Prozent Chinesen, aber nur 4,2 Prozent Amerikaner sieht. &#8230;<br \/>\nBis 2030 wird Amerikas Bev\u00f6lkerung 25,7 Prozent der chinesischen (360 Mill., gegen 1,4 Mrd.) ausmachen. Sein Naturwissenschaftler-Pool wird aber nur 11,4 Prozent des chinesischen erreichen. Will die Weltmacht ihren Status verteidigen, muss sie beim j\u00e4hrlichen Zugewinn an \u201eskilled immigrants\u201c nicht nur die globale Nummer Eins bleiben, sondern bei der Menge neugewonnener Talente mindestens noch einmal um den Faktor zwei zulegen. Fast alle verf\u00fcgbaren K\u00f6nner, die eine neue Heimat suchen, m\u00fcssten daf\u00fcr nach Amerika dr\u00e4ngen.\u00a0&#8230;..<br \/>\nAlles vom 5.6.2015 von Gunnar Heinsohn bitte lesen auf<br \/>\n<a href=\"https:\/\/www.achgut.com\/dadgdx\/index.php\/dadgd\/article\/sorgen_einer_weltmacht_amerikas_brainpower_koennte_versiegen\">https:\/\/www.achgut.com\/dadgdx\/index.php\/dadgd\/article\/sorgen_einer_weltmacht_amerikas_brainpower_koennte_versiegen<\/a><\/p>\n<p>&nbsp;<\/p>\n<p><strong>Soziale Benachteiligung von Afroamerikanern<\/strong><\/p>\n<p>Die t\u00f6dlichen Sch\u00fcsse auf einen farbigen Jugendlichen in der Ferguson im August 2014\u00a0 und die darauf folgenden Unruhen zeigen, dass\u00a0Afroamerikaner gegen\u00fcber wei\u00dfen Amerikanern benachteiligt sind.\u00a0Die Zahlen:<\/p>\n<p>Jahreseinkommen in Dollar: Wei\u00dfe 57007\u00a0&#8211; Schwarze 33321<br \/>\nLebenserwartung in Jahren : 78,7 &#8211; 74,8<br \/>\nHausbesitzer in %: 74 &#8211; 45<br \/>\nArmut in %: 9,7 &#8211; 27,2<br \/>\nArbeitslosenquote in %: 5,4 &#8211; 13,1<br \/>\nJugendarbeitslosigkeit in %: 20,3 &#8211; 38,8<br \/>\nOhne Krankenversicherung in %: 12,9 &#8211; 19,8<br \/>\nKindersterblichkeit: Wei\u00dfe 0,5 &#8211; Schwarze 1,1<br \/>\nBachelosabschlu\u00df in %: 40,4 &#8211; 20,5<br \/>\nAbbrecherquot Highschlool: 4,3 &#8211; 7,5<br \/>\nDrogenmi\u00dfbrauch 12-17 J\u00e4hrige in %: 18,6 &#8211; 19,8<br \/>\nWaffenbesitz bei Sch\u00fclern in %: 17,0 &#8211; 14,2<br \/>\nGef\u00e4ngnisinsassen pro\u00a0100000 Einwohner: 174 &#8211; 627<br \/>\nVerurteilte M\u00f6rder pro 100000 Einwohner: 2,3 &#8211; 13,5<br \/>\nMordopfer pro 100000 Einwohner:2,9 &#8211; 15,8<\/p>\n<p>Quelle: Explosiv, DIE ZEIT, 28.8.2014, Seite 24<\/p>\n<p>&nbsp;<\/p>\n<p>&nbsp;<\/p>\n<p>&nbsp;<\/p>\n<p><strong>US-B\u00fcrger: Zuerst selbst tun und erst danach nach dem Staat rufen<\/strong><\/p>\n<p><em>Amerika ist anders &#8211; Wolfgang J\u00e4ger fordert, den Individualismus der USA und deutschen Etatismus nicht gegeneinander auszuspielen.<\/em><\/p>\n<p>Die Deutschen atmen auf: Barack Obama ist wiedergew\u00e4hlt. Der Hurrikan Mitt hat die Welt verschont. So denkt die gro\u00dfe Mehrheit der Deutschen. Demokraten gelten als Anh\u00e4nger einer friedlichen Au\u00dfenpolitik und der sozialen Gerechtigkeit, Republikaner als profitgierige Kapitalisten und einer an Wirtschaftsinteressen orientierten aggressiven Au\u00dfenpolitik. George W. Bush steht f\u00fcr republikanischen Radikalismus, er gilt gleichsam als Symbol des B\u00f6sen. Aber so einfach gestrickt sind die USA nicht. Nach deutschen Kriterien mag die amerikanische Politik oft seltsam oder gar naiv erscheinen. Angesichts der Entgleisungen unserer eigenen Geschichte sollten wir uns jedoch mit besserwisserischen Urteilen zur\u00fcckhalten.<br \/>\nDer Schl\u00fcssel zum Verst\u00e4ndnis des amerikanischen Wettstreits um die Pr\u00e4sidentschaft ist die politische Kultur der USA, die ihre Wurzeln in der Entstehung des Landes hat. Die amerikanische Revolution Ende des 18. Jahrhunderts war ein Aufstand der Kolonisten gegen die von ihnen als tyrannisch bewertete englische Monarchie. Im Mittelpunkt des amerikanischen politischen Denkens steht die Spannung zwischen dem autonomen Individuum beziehungsweise einer sich selbst regulierenden Gesellschaft einerseits und dem politischen Gemeinwesen (government) andererseits. Sie wurde und wird bis heute anders gesehen als in Europa. Hier stand am Anfang der Staat, wie er durch die absolute Monarchie geschaffen wurde. Aus dem Obrigkeitsstaat wuchsen der Rechtsstaat und die Demokratie heraus. Die Idee des Staates aber dauerte fort. Die Mentalit\u00e4t, dass Gemeinschaftsaufgaben staatlich gel\u00f6st werden m\u00fcssen (Etatismus), dominiert. In Amerika dagegen \u2013 dies hielt schon Alexis de Tocqueville in seinem Werk \u00fcber die Demokratie in Amerika (1835 \u2013 1840) fest \u2013 fragen die B\u00fcrger zuerst, was sie selbst regeln k\u00f6nnen und rufen erst dann nach dem Staat.<br \/>\nDer Sozial- und Interventionsstaat begegnet tiefem Misstrauen. Die zentralen Regierungsinstitutionen werden grunds\u00e4tzlich als Hebel b\u00fcrgerlicher Bevormundung und als Ansatzpunkte staatlicher Tyrannis gesehen. Die erbitterte Auseinandersetzung \u00fcber Obamas Gesundheitsreform ist nur aus dieser Perspektive zu verstehen. Nat\u00fcrlich hat sich auch in den USA seit dem New Deal vor dem Zweiten Weltkrieg ein Interventionsstaat entwickelt. Aber das Ausma\u00df staatlicher, insbesondere bundesstaatlicher Aktivit\u00e4ten ist nach wie vor ein zentrales Thema des Parteienwettbewerbs. Auch wenn sich die Inhalte der beiden gro\u00dfen Parteien \u00fcber die Jahrhunderte hinweg mit dem Wandel der Herausforderungen deutlich ver\u00e4nderten, ist doch die Spannung von Individuum und Staat aktuell geblieben.<br \/>\nSeit Jahren \u2013 nicht erst seit George W. Bush und Barack Obama \u2013 nimmt die Polarisierung der amerikanischen Parteien zu. Da die USA als ein System der Kontrollen und Gegengewichte angelegt sind, wuchs mit der Polarisierung auch das Ausma\u00df der Blockaden im legislativen Entscheidungsprozess. Und dies liegt nicht nur an den Republikanern, wie deutsche Journalisten h\u00e4ufig behaupten. Obgleich die amerikanischen Parteien als eher lockere W\u00e4hlerkoalitionen nicht mit den kompakten deutschen Parteien gleichzusetzen sind, unterscheiden sie sich derzeit doch recht deutlich in ihren sozio\u00f6konomischen Profilen, die zudem noch kulturell und religi\u00f6s \u00fcberlagert sind. Hier die Demokraten, die die Unterprivilegierten und ethnischen Minderheiten, dort die Republikaner, die mehrheitlich die gut situierten Wei\u00dfen und die protestantischen Fundamentalisten vertreten. Die Tea-Party-Bewegung versucht in einer dumpfen Weise die Republikaner in der R\u00fcckbesinnung auf die Gr\u00fcndungswerte zu radikalisieren: &#8222;Wir wollen unser Land zur\u00fcck.&#8220;<br \/>\nDer Vergleich mit den deutschen Verh\u00e4ltnissen ist schwierig. So sollte man beispielsweise angesichts der relativ geringen Besteuerung von amerikanischen Million\u00e4ren bedenken, dass reiche Amerikaner riesige Summen f\u00fcr Spenden und Stiftungen ausgeben. Wer einmal eine Universit\u00e4t in den USA (nicht nur Elite-Universit\u00e4ten) besucht, wird erstaunt sein, wie viele gro\u00dfartige Geb\u00e4ude und Institute durch private Donationen finanziert sind. Auch dies entspricht der amerikanischen politischen Kultur: Der B\u00fcrger entscheidet selbst \u2013 nicht der Staat \u2013, wof\u00fcr er sein Geld zum Nutzen des Gemeinwohls einsetzt. Den amerikanischen Individualismus und den deutschen Etatismus sollte man nicht gegeneinander ausspielen. Beides wurzelt in einer Jahrhunderte alten Tradition. Amerika ist anders.<\/p>\n<p>10.11.2012, Wolfgang J\u00e4ger,\u00a0Politikwissenschaftler und ehem. Rektor der Universit\u00e4t Freiburg, Ehrenb\u00fcrger der Stadt Freiburg &#8211; Gastbeitrag in der BZ<!-- RSPEAK_STOP --><\/p>\n","protected":false},"excerpt":{"rendered":"<p>Home &gt;Global &gt;Partnerschaft &gt;USA Listenauswahl eines Beitrags: Bitte anklicken oder runterscrollen Sind die Vereinigten Staaten noch unsere Verb\u00fcndeten? Pro und Contra (3.7.2026) USA: Drittes Attentat auf Trump (28.4.2026) Epstein DeepState Wertewesten\u00a0(9.2.2026) Kulturkampf: Minnesota USA EU\u00a0(2.2.2026) AstroTurf-Gruppen: Professionell organisierte linke US-Proteste &hellip; <a href=\"https:\/\/www.freiburg-schwarzwald.de\/blog\/global\/usa\/\">Weiterlesen <span class=\"meta-nav\">&rarr;<\/span><\/a><\/p>\n","protected":false},"author":4,"featured_media":0,"parent":27,"menu_order":0,"comment_status":"open","ping_status":"closed","template":"","meta":{"footnotes":""},"class_list":["post-14947","page","type-page","status-publish","hentry"],"_links":{"self":[{"href":"https:\/\/www.freiburg-schwarzwald.de\/blog\/wp-json\/wp\/v2\/pages\/14947","targetHints":{"allow":["GET"]}}],"collection":[{"href":"https:\/\/www.freiburg-schwarzwald.de\/blog\/wp-json\/wp\/v2\/pages"}],"about":[{"href":"https:\/\/www.freiburg-schwarzwald.de\/blog\/wp-json\/wp\/v2\/types\/page"}],"author":[{"embeddable":true,"href":"https:\/\/www.freiburg-schwarzwald.de\/blog\/wp-json\/wp\/v2\/users\/4"}],"replies":[{"embeddable":true,"href":"https:\/\/www.freiburg-schwarzwald.de\/blog\/wp-json\/wp\/v2\/comments?post=14947"}],"version-history":[{"count":6,"href":"https:\/\/www.freiburg-schwarzwald.de\/blog\/wp-json\/wp\/v2\/pages\/14947\/revisions"}],"predecessor-version":[{"id":151286,"href":"https:\/\/www.freiburg-schwarzwald.de\/blog\/wp-json\/wp\/v2\/pages\/14947\/revisions\/151286"}],"up":[{"embeddable":true,"href":"https:\/\/www.freiburg-schwarzwald.de\/blog\/wp-json\/wp\/v2\/pages\/27"}],"wp:attachment":[{"href":"https:\/\/www.freiburg-schwarzwald.de\/blog\/wp-json\/wp\/v2\/media?parent=14947"}],"curies":[{"name":"wp","href":"https:\/\/api.w.org\/{rel}","templated":true}]}}