{"id":14808,"date":"2012-11-08T18:45:35","date_gmt":"2012-11-08T17:45:35","guid":{"rendered":"https:\/\/www.freiburg-schwarzwald.de\/blog\/?page_id=14808"},"modified":"2024-08-18T12:17:16","modified_gmt":"2024-08-18T10:17:16","slug":"ihringen","status":"publish","type":"page","link":"https:\/\/www.freiburg-schwarzwald.de\/blog\/regio\/orte\/ihringen\/","title":{"rendered":"Ihringen"},"content":{"rendered":"<p>Home &gt;<a title=\"Regio\" href=\"https:\/\/www.freiburg-schwarzwald.de\/blog\/regio\/\">Regio<\/a> &gt;<a title=\"Orte\" href=\"https:\/\/www.freiburg-schwarzwald.de\/blog\/regio\/orte\/\">Orte<\/a> &gt;<a title=\"Kaiserstuhl\" href=\"https:\/\/www.freiburg-schwarzwald.de\/blog\/regio\/kaiserstuhl\/\">Kaiserstuhl<\/a> &gt;Ihringen<\/p>\n<div id=\"attachment_14814\" style=\"width: 613px\" class=\"wp-caption alignnone\"><a href=\"https:\/\/www.freiburg-schwarzwald.de\/blog\/regio\/orte\/ihringen\/blankenhornsberg6pan-080413\/\" rel=\"attachment wp-att-14814\"><img loading=\"lazy\" decoding=\"async\" aria-describedby=\"caption-attachment-14814\" class=\"size-full wp-image-14814\" title=\"blankenhornsberg6pan-080413\" src=\"https:\/\/www.freiburg-schwarzwald.de\/blog\/wp-content\/uploads\/2012\/11\/blankenhornsberg6pan-080413.jpg\" alt=\"\" width=\"603\" height=\"225\" srcset=\"https:\/\/www.freiburg-schwarzwald.de\/blog\/wp-content\/uploads\/2012\/11\/blankenhornsberg6pan-080413.jpg 603w, https:\/\/www.freiburg-schwarzwald.de\/blog\/wp-content\/uploads\/2012\/11\/blankenhornsberg6pan-080413-180x67.jpg 180w\" sizes=\"auto, (max-width: 603px) 100vw, 603px\" \/><\/a><p id=\"caption-attachment-14814\" class=\"wp-caption-text\">Tele-Blick vom Winklerberg nach Osten \u00fcber Ihringen zu Freiburg und Schwarzwald am 13.4.2008<\/p><\/div>\n<p>&nbsp;<\/p>\n<ul>\n<li>&#8222;Singende Winzer&#8220; aus Ihringen touren noch mit 80 durch die Lande (11.8.2024)<\/li>\n<li>Was treibt die Freiwilligen an, die Fl\u00fcchtlingen helfen? (23.2.2016)<\/li>\n<li>B\u00fcrgermeister Martin Obert zur Kooperation Ihringen-Freiburg (7.11.2012)<\/li>\n<li><a href=\"https:\/\/www.freiburg-schwarzwald.de\/ihringen2.htm\">Aktuelle Infos zur Ihringen-Seite ab 13.10.2007<\/a> &gt;Ihringen2<\/li>\n<li><a href=\"https:\/\/www.freiburg-schwarzwald.de\/ihringen1.htm\">Aktuelle Infos zur Ihringen-Seite ab 15.8.2007<\/a> &gt;Ihringen1<\/li>\n<li><a href=\"https:\/\/www.freiburg-schwarzwald.de\/friedhoefe1.htm#Unbekannte T\u00e4ter sch\u00e4nden j\u00fcdischen Friedhof\u00a0in Ihringen\">Unbekannte T\u00e4ter sch\u00e4nden j\u00fcdischen Friedhof\u00a0in Ihringen<\/a> &gt;Friedhoefe1 (13.8.2007)<\/li>\n<li><a href=\"https:\/\/www.freiburg-schwarzwald.de\/kaiserstuhl-themenpfade.htm#Knabenkrautpfad von Breisach \u00fcbers Liliental nach B\u00f6tzingen\">Knabenkrautpfad: Breisach, Liliental nach B\u00f6tzingen<\/a> &gt;Kaiserstuhl-Themenpfade (19.7.2007)<\/li>\n<li><a href=\"https:\/\/www.freiburg-schwarzwald.de\/ihringen.htm#Plenum-Projekts hat Duft- und Kr\u00e4utergarten angelegt\">Plenum-Projekts hat Duft- und Kr\u00e4utergarten angelegt<\/a> (4.6.2007)<\/li>\n<li><a href=\"https:\/\/www.freiburg-schwarzwald.de\/kunst2.htm#Selbstbespiegelung der Welt in Merdingen: Klessinger aus Ihringen\">Selbstbespiegelung der Welt in Merdingen: Klessinger aus Ihringen<\/a> &gt;Kunst2 (2.6.2007)<\/li>\n<li><a href=\"https:\/\/www.freiburg-schwarzwald.de\/ihringen#Gem\u00fcse-G\u00e4rtnerei W\u00f6rne neu er\u00f6ffnet: Kr\u00e4uter vom Kaiserstuhl\">Gem\u00fcse-G\u00e4rtnerei W\u00f6rne neu er\u00f6ffnet: Kr\u00e4uter vom Kaiserstuhl<\/a> &gt;Ihringen (4.4.2007)<\/li>\n<li><a href=\"https:\/\/www.freiburg-schwarzwald.de\/ihringen.htm#22. internationaler Kaiserstuhllauf: Birgit Bartels und Roland Krams\">22. internationaler Kaiserstuhllauf: Birgit Bartels und Roland Krams<\/a> &gt;Ihringen (13.3.2007)<\/li>\n<li><a href=\"https:\/\/www.freiburg-schwarzwald.de\/ihringen#Ausstellung zur Behindertenhilfe im Rathaus\">Ausstellung zur Behindertenhilfe im Rathaus<\/a> (28.2.2007)<\/li>\n<li><a href=\"https:\/\/www.freiburg-schwarzwald.de\/kaiserstuhl2.htm#Neujahrsempfang 2005 in Ihringen-Wasenweiler\">Neujahrsempfang 2005 in Ihringen-Wasenweiler<\/a> &gt;Kaiserstuhl2 (10.1.2005)<\/li>\n<li><a href=\"https:\/\/www.freiburg-schwarzwald.de\/ihringen#Schwarzwaldverein pflegt Trockenbiotop\">Schwarzwaldverein pflegt Trockenbiotop<\/a> (16.1.2007)<\/li>\n<li><a href=\"https:\/\/www.freiburg-schwarzwald.de\/ihringen#Ihringen\">Ihringen<\/a><\/li>\n<li><a href=\"https:\/\/www.freiburg-schwarzwald.de\/achkarren.htm\">Achkarren im Norden<\/a> &gt;Achkarren<\/li>\n<li><a href=\"https:\/\/www.freiburg-schwarzwald.de\/blankenhornsberg.htm\">Blankenhornsberg &#8211; Weinversuchsgut bei Ihringen<\/a> &gt;Blankenhornsberg<\/li>\n<li><a href=\"https:\/\/www.freiburg-schwarzwald.de\/ihringen#Ihringer Duft- und Kr\u00e4utergarten am Schlupf\">Duft- und Kr\u00e4utergarten Ihringen am Schlupf<\/a> (27.7.2007)<\/li>\n<li><a href=\"https:\/\/www.freiburg-schwarzwald.de\/ihringen#J\u00e4gerdenkmal, Kreuzendenkmal westlich vom Katzensteinbuck\">J\u00e4gerdenkmal, Kreuzendenkmal westlich vom Katzensteinbuck<\/a><\/li>\n<li><a href=\"https:\/\/www.freiburg-schwarzwald.de\/friedhoefe.htm#Ihringen - J\u00fcdischer Friedhof\">J\u00fcdischer Friedhof von Ihringen<\/a> &gt;Friedhoefe<\/li>\n<li><a href=\"https:\/\/www.freiburg-schwarzwald.de\/kaiserstuhl.htm\">Kaiserstuhl<\/a> &gt;Kaiserstuhl<\/li>\n<li><a href=\"https:\/\/www.freiburg-schwarzwald.de\/ihringen5.htm#Lenzenberg - Rasthaus\">Lenzenberg<\/a> &gt;Ihringen5<\/li>\n<li><a href=\"https:\/\/www.freiburg-schwarzwald.de\/liliental.htm\">Liliental mit Lilienhof<\/a> &gt;Liliental<\/li>\n<li><a href=\"https:\/\/www.freiburg-schwarzwald.de\/ihringen5.htm#Lilienhof im Liliental zwischen Ihringen und Wasenweiler\">Lilienhof, Arboretum im Liliental zwischen Ihringen und Wasenweiler<\/a> &gt;Ihringen5<\/li>\n<li><a href=\"https:\/\/www.freiburg-schwarzwald.de\/ihringen#Neunlindenturm (557 m) zwischen Ihringen und Vogelsangpass\">Neunlindenturm (557 m) am Totenkopf zwischen Ihringen und Vogelsangpass<\/a> &gt;Ihringen<\/li>\n<li><a href=\"https:\/\/www.freiburg-schwarzwald.de\/vogelsang.htm#Vogelsang-Pa\u00df zwischen B\u00f6tzingen und Alt-Vogtsburg\">Vogelsang-Pa\u00df zwischen B\u00f6tzingen und Alt-Vogtsburg<\/a> &gt;Vogelsang<\/li>\n<li><a href=\"https:\/\/www.freiburg-schwarzwald.de\/kaiserstuhl4.htm#Vulkanfelsgarten-Pfad am Ihringer Winklerberg angelegt\">Vulkanfelsgarten-Pfad am Ihringer Winklerberg angelegt<\/a> &gt;Kaiserstuhl4 (12.10.2006)<\/li>\n<li><a href=\"https:\/\/www.freiburg-schwarzwald.de\/wasenweiler.htm\">Wasenweiler &#8211; zwischen Ihringen und B\u00f6tzingen<\/a> &gt;Wasenweiler<\/li>\n<li><a href=\"https:\/\/www.freiburg-schwarzwald.de\/gentechnik1.htm#Wattwiller im Elsass gegen Gentechnik\">Wattwiller im Elsass gegen Gentechnik<\/a> &gt;Gentechnik1 (19.8.2006)<\/li>\n<li><a href=\"https:\/\/www.freiburg-schwarzwald.de\/wein.htm\">Wein und Weinbau<\/a> &gt;Wein<\/li>\n<li><a href=\"https:\/\/www.freiburg-schwarzwald.de\/ihringen5.htm\">Winzerh\u00f6fe (Ferienwohnung, Brauchtum, Direktvermarktung) in Ihringen<\/a> &gt;Ihringen5<\/li>\n<\/ul>\n<p>&nbsp;<\/p>\n<p align=\"left\"><strong>Ihringen<\/strong><\/p>\n<p>Ihringen ist w\u00e4rmster Ort Deutschlands. Wasenweiler als Ortsteil.<br \/>\n<a href=\"https:\/\/www.ihringen.de\/\">www.ihringen.de<\/a><br \/>\nKaiserstuhl-Touristik Ihringen (Tourist-Information)<br \/>\nBachenstr. 38, 79241 Ihringen am Kaiserstuhl, Tel 07668\/9343<br \/>\n<a href=\"mailto:tourist.info@ihringen.de\">tourist.info@ihringen.de<\/a><\/p>\n<p align=\"left\">Einwohner:\u00a05.908<br \/>\nEntfernung nach Freiburg: 20 Kilometer<br \/>\nGemarkungsfl\u00e4che: 23 Quadratkilometer<br \/>\nAnbindung an Freiburg: Auto 23 Minuten; Breisgau-S-Bahn ca. 22 Minuten<br \/>\nMieten:\u00a07-9 Euro\/ Quadratmeter<\/p>\n<p>&nbsp;<\/p>\n<p><a href=\"https:\/\/www.freiburg-schwarzwald.de\/blog\/regio\/orte\/ihringen\/kaiserstuhl16wasenweiler121029\/\" rel=\"attachment wp-att-19236\"><img loading=\"lazy\" decoding=\"async\" class=\"alignnone size-thumbnail wp-image-19236\" title=\"kaiserstuhl16wasenweiler121029\" src=\"https:\/\/www.freiburg-schwarzwald.de\/blog\/wp-content\/uploads\/2012\/11\/kaiserstuhl16wasenweiler121029-180x135.jpg\" alt=\"\" width=\"180\" height=\"135\" srcset=\"https:\/\/www.freiburg-schwarzwald.de\/blog\/wp-content\/uploads\/2012\/11\/kaiserstuhl16wasenweiler121029-180x135.jpg 180w, https:\/\/www.freiburg-schwarzwald.de\/blog\/wp-content\/uploads\/2012\/11\/kaiserstuhl16wasenweiler121029.jpg 640w\" sizes=\"auto, (max-width: 180px) 100vw, 180px\" \/><\/a>\u00a0\u00a0\u00a0\u00a0\u00a0\u00a0\u00a0\u00a0\u00a0 <a href=\"https:\/\/www.freiburg-schwarzwald.de\/blog\/regio\/orte\/ihringen\/kaiserstuhl17wasenweiler121029\/\" rel=\"attachment wp-att-19237\"><img loading=\"lazy\" decoding=\"async\" class=\"alignnone size-thumbnail wp-image-19237\" title=\"kaiserstuhl17wasenweiler121029\" src=\"https:\/\/www.freiburg-schwarzwald.de\/blog\/wp-content\/uploads\/2012\/11\/kaiserstuhl17wasenweiler121029-180x135.jpg\" alt=\"\" width=\"180\" height=\"135\" srcset=\"https:\/\/www.freiburg-schwarzwald.de\/blog\/wp-content\/uploads\/2012\/11\/kaiserstuhl17wasenweiler121029-180x135.jpg 180w, https:\/\/www.freiburg-schwarzwald.de\/blog\/wp-content\/uploads\/2012\/11\/kaiserstuhl17wasenweiler121029.jpg 640w\" sizes=\"auto, (max-width: 180px) 100vw, 180px\" \/><\/a><br \/>\n(1) Wasenweiler 29.10.2012\u00a0\u00a0\u00a0\u00a0\u00a0\u00a0\u00a0\u00a0\u00a0\u00a0\u00a0\u00a0\u00a0\u00a0\u00a0 (2) Kirche in Wasenweiler<\/p>\n<p>===========================================================<\/p>\n<p>&nbsp;<\/p>\n<p><strong>&#8222;Singende Winzer&#8220; aus Ihringen touren noch mit 80 durch die Lande<\/strong><br \/>\nDas als &#8222;Singende Winzer&#8220; weit bekannte Musikerduo aus Ihringen feiert in diesem Jahr sein 20-j\u00e4hriges Bestehen. Akkordeonspieler Walter Hintereck (85) und Arno M\u00fcller an der Gitarre (80) sorgen mit ihrer handgemachten Volksmusik bei vielen Festen f\u00fcr beste Unterhaltung.<br \/>\nAls Freunde der Brauchtumspflege und als Botschafter Kaiserst\u00fchler Geselligkeit verbreiten die beiden Urgesteine gute Laune, wo immer sie auftreten. Bei ihren Darbietungen in blauer Winzerbluse mit rotem Halstuch unterhalten sie ihr Publikum mit einem Mix aus Heimatliedern in badisch-alemannischer Mundart sowie mit Gassenhauern und Volksliedern aus allen Teilen Deutschlands. Ihr gro\u00dfes Repertoire an Musikst\u00fccken bei Weinfesten, Seniorennachmittagen oder Familienfeiern spicken die beiden mit kuriosen Geschichten und viel Humor. Immer wieder werde auch der &#8222;Bajazzo&#8220; gew\u00fcnscht, ein Klassiker der deutschen Schlagermusik, und nat\u00fcrlich das Badnerlied, wei\u00df Walter Hintereck zu berichten.<br \/>\nArno M\u00fcller hat sich zudem der Dichtkunst verschrieben. Viele der locker vorgetragenen Reime in Kaiserst\u00fchler Mundart stammen aus seiner Feder. &#8222;Die Verse sollen das Publikum zum Lachen bringen, manchmal auch zum Nachdenken&#8220;, sagt M\u00fcller. F\u00fcr seine j\u00fcngsten Darbietungen beim Jubil\u00e4umsfest in der Kaiserstuhlhalle, als M\u00fcller den Werdegang der Winzergenossenschaft Ihringen in Reimform vortrug, erntete er gro\u00dfen Applaus. Bei der j\u00e4hrlichen Dekoration des Erntedankaltars in der Ihringer Kirche zum Herbstausklang zeigt Arno M\u00fcller ebenso besonderes Geschick.<br \/>\nWalter Hintereck stammt aus Merdingen ist vor \u00fcber 60 Jahren nach Ihringen gezogen. Er hat Bau- und Kunstschlosser gelernt und war lange Zeit als Gemeindemitarbeiter in Ihringen besch\u00e4ftigt. Er pflegt noch heute ehrenamtlich Gr\u00fcnanlagen im Ort. Arno M\u00fcller ist hingegen Ihringer durch und durch. \u00dcber 40 Jahre lang war er als kaufm\u00e4nnischer Angestellter bei der Tapetenfabrik Erismann in Breisach besch\u00e4ftigt.<br \/>\nAls Duo sind Hintereck und M\u00fcller heute noch in der Region unterwegs, wie etwa bei Brauchtumsumz\u00fcgen in Markgr\u00e4fler Festtagstracht oder zur Unterhaltung der G\u00e4ste auf einem Fahrgastschiff in Breisach. Fr\u00fcher h\u00e4tten sie sogar bei Hausmessen in Hamburg oder K\u00f6ln f\u00fcr die Kaiserstuhlregion und die Ihringer Weine geworben. &#8222;Wir waren auch schon in der Schweiz unterwegs&#8220;, berichtet Walter Hintereck. Arno M\u00fcller kann sich noch gut an die Fahrt zu einer Festhalle in der Ortenau erinnern.<\/p>\n<p>Das Navigationsger\u00e4t im Auto seines Musikerkollegen Hintereck f\u00fchrte die beiden nach l\u00e4ngerem Suchen stattdessen zum Friedhof des Ortes. &#8222;Zum Gl\u00fcck war das f\u00fcr uns nicht die Endstation, denn wir haben die Festhalle dann doch noch gefunden&#8220;, witzelt M\u00fcller. Mit einem Augenzwinkern, einer Handbewegung oder einem Tritt mit dem Fu\u00df verst\u00e4ndigen sich die beiden Vollblutmusiker auch w\u00e4hrend ihrer Auftritte. Ein kurzes Husten bedeute, &#8222;den dritten Vers nicht singen&#8220;, kl\u00e4rt M\u00fcller auf. In guter Erinnerung geblieben sei ihnen auch der Auftritt mit Schlagerstar Toni Marschall, der einmal in Bahlingen gastierte.<\/p>\n<p>Mit der Gr\u00fcndung der Trachtengruppe haben Walter Hintereck und Arno M\u00fcller bereits vor 50 Jahren mit der Brauchtumspflege begonnen. Wenn es die Gesundheit erlaubt, m\u00f6chten sie die Menschen noch lange mit ihrer Musik erfreuen. Ihre Devise lautet: &#8222;Mir mache des no 20 Johr, dann fange mir was andres ah.&#8220;<br \/>\n&#8230; Alles vom 11..8.2024 von Christine Weirich bitte lesen auf<br \/>\n<a href=\"https:\/\/www.badische-zeitung.de\/die-singenden-winzer-aus-ihringen-touren-noch-mit-80-durch-die-lande\">https:\/\/www.badische-zeitung.de\/die-singenden-winzer-aus-ihringen-touren-noch-mit-80-durch-die-lande<\/a><\/p>\n<p>&nbsp;<\/p>\n<p><strong>Was treibt die Freiwilligen an, die Fl\u00fcchtlingen helfen?<\/strong><br \/>\nDie Deutschen und die Fl\u00fcchtlinge: Die Kaiserstuhlgemeinde Ihringen veranschaulicht eine Beziehung, die nicht nur rosig ist. Erwartungen werden oft entt\u00e4uscht. &#8230;. Alles vom 23.2.2016 bitte lesen auf<br \/>\n<a href=\"https:\/\/www.badische-zeitung.de\/was-treibt-die-freiwilligen-an-die-fluechtlingen-helfen\">https:\/\/www.badische-zeitung.de\/was-treibt-die-freiwilligen-an-die-fluechtlingen-helfen<br \/>\n<\/a>.<\/p>\n<p><strong>Handbuch f\u00fcr die ehrenamtliche Fl\u00fcchtlingshilfe<\/strong><br \/>\nDanke der Badischen Zeitung f\u00fcr diesen sehr authentischen Artikel, der alle Farben der Wirklichkeit der Fl\u00fcchtlingsarbeit wiedergibt. An der auch mir bekannten bosnischen Romafamilie hatten sich schon fr\u00fcher hier in M\u00fcllheim und Neuenburg Ehren &#8211; und auch in den 90er Jahren, Hauptamtliche die &#8222;Z\u00e4hne ausgebissen&#8220;. Es gab immer wieder Entt\u00e4uschungen. Um so besser, dass Frau Sommerfeld weitermachen m\u00f6chte.<br \/>\nVom &#8222;Staatsministerium Baden-W\u00fcrttemberg&#8220;gibt es ein Handbuch f\u00fcr die ehrenamtliche Fl\u00fcchtlingshilfe. &#8222;Willkommen&#8220;. Es ist sehr empfehlenswert und beantwortet viele Fragen der Ihringer Ehrenamtlichen, die in diesem Artikel aufgeworfen wurden. Zu beziehen \u00fcber: Staatsministerium, Richard-Wagner-Stra\u00dfe 15, 70184 Stuttgart, oder <a href=\"mailto:internet@stm.bwl.de\">internet@stm.bwl.de<\/a>, oder <a href=\"https:\/\/www.stm.baden-wuerttemberg.de\">https:\/\/www.stm.baden-wuerttemberg.de<\/a><br \/>\n23.2.2016, Rainer Wolf<\/p>\n<p>&nbsp;<\/p>\n<p>&nbsp;<\/p>\n<p><strong>B\u00fcrgermeister Martin Obert zur Kooperation Ihringen-Freiburg<\/strong><\/p>\n<p>IZF: Herr Obert, Ihringen und Freiburg wollen kooperieren,\u00a0um am Kaiserstuhl\u00a0neue Wohnfl\u00e4chen zu schaffen. Warum diese Zusammenarbeit?<br \/>\nMartin Obert:\u00a0<span style=\"font-family: ArialMT; font-size: xx-small;\">Es ist bekannt, <\/span>dass der Wohnraum in Freiburg\u00a0knapp ist und nat\u00fcrlich auch\u00a0nicht unbegrenzt weitere Fl\u00e4chen\u00a0zur Verf\u00fcgung stehen. Andererseits\u00a0gibt es im begrenzten\u00a0Ma\u00df im Umland noch M\u00f6glichkeiten,\u00a0die vor allem entlang\u00a0der S-Bahn \u2013Strecken genutzt\u00a0werden sollten. Wenn im Rahmen\u00a0einer gesunden Eigenentwicklung\u00a0f\u00fcr die Gemeinde ein\u00a0Anteil auch f\u00fcr Freiburger B\u00fcrger\u00a0zur Verf\u00fcgung gestellt wird,\u00a0halten wir dies im\u00a0Rahmen einer regionalen\u00a0Entwicklung\u00a0f\u00fcr sinnvoll. Au\u00dferdem\u00a0vertr\u00e4gt unsere\u00a0Infrastruktur ohne\u00a0gro\u00dfe neue Investitionen\u00a0einen Zuzug.<br \/>\nIZF:\u00a0<em><span style=\"font-family: Arial-ItalicMT; font-size: xx-small;\">Wie viele Wohnfl\u00e4chen werden <\/span><\/em>geschaffen, wie viel neuer\u00a0Wohnraum entsteht dadurch?<br \/>\nMartin Obert:\u00a0<span style=\"font-family: ArialMT; font-size: xx-small;\">Wir werden demn\u00e4chst m<\/span>it den Grundst\u00fcckseigent\u00fcmer\u00a0sprechen um die endg\u00fcltige\u00a0Gr\u00f6\u00dfe des neuen Baugebiets\u00a0festzulegen. Angedacht sind\u00a0cirka drei bis vier Hektar. Das\u00a0w\u00fcrde etwa 40-50 EFH bedeuten.\u00a0Bisher wurde von einem Drittel\u00a0f\u00fcr Freiburger gesprochen, was\u00a0also gut 15 Baupl\u00e4tze bedeuten\u00a0w\u00fcrde. Dies wird aber insgesamt\u00a0von der noch nicht festgelegten\u00a0Struktur und den W\u00fcnschen der\u00a0Bauwilligen und Grundst\u00fcckseigent\u00fcmer\u00a0 abh\u00e4ngen.<br \/>\nIZF\u00a0<em><span style=\"font-family: Arial-ItalicMT; font-size: xx-small;\">Das Baugebiet Breul kann <\/span><\/em>laut einem Zeitungsbericht nun\u00a0doch nicht bebaut werden.\u00a0Wann k\u00f6nnen die ersten Freiburger\u00a0nach Ihringen in die neuen\u00a0Baugebiete ziehen?<br \/>\nMartin Obert<span style=\"font-family: ArialMT; font-size: xx-small;\">: Die R\u00fccknahme d<\/span>er Planung f\u00fcr das Gebiet\u00a0Breul aufgrund der L\u00e4rmbelastungen\u00a0war auch f\u00fcr uns\u00a0 \u00e4rgerlich,\u00a0motiviert uns nat\u00fcrlich umso\u00a0mehr schnell baureife Grundst\u00fccke\u00a0zur Verf\u00fcgung zu stellen.\u00a0Auch bei unserer Bev\u00f6lkerung\u00a0besteht eine gro\u00dfe Erwartungshaltung\u00a0f\u00fcr neues Bauland. Einen\u00a0 Zeitplan gibt es aber noch nicht. Dies ist erst m\u00f6glich, wenn\u00a0die genannten Gespr\u00e4che gef\u00fchrt\u00a0worden sind.<br \/>\nIZF: <em><span style=\"font-family: Arial-ItalicMT; font-size: xx-small;\">Wie sieht die Zusammenarbeit <\/span><\/em>zwischen Ihringen und\u00a0Freiburg konkret aus?<br \/>\nMartin Obert:\u00a0<span style=\"font-family: ArialMT; font-size: xx-small;\">Es wird eine Vereinbarungzwischen d<\/span>er Stadt und der\u00a0Gemeinde geben, die die Planungen\u00a0des Baugebiet und die\u00a0Grundst\u00fcckvergabe regeln werden.\u00a0Wir wollen trotz l\u00e4ndlicher\u00a0Strukturen von dem Knowhow\u00a0der Stadt profitieren und versuchen\u00a0die unterschiedlichen Interessen\u00a0unter einen Hut zu bringen.<br \/>\nIZF: <em><span style=\"font-family: Arial-ItalicMT; font-size: xx-small;\">Wie viele Pendler leben in <\/span><\/em>Ihringen?<br \/>\nMartin Obert:\u00a0<span style=\"font-family: ArialMT; font-size: xx-small;\">Es sind cirka <\/span>1.600 Pendler die zu 75 Prozent\u00a0in Richtung Freiburg orientiert\u00a0sind.<br \/>\nIZF: <em><span style=\"font-family: Arial-ItalicMT; font-size: xx-small;\">Wie hoch ist die Durchschnittmiete <\/span><\/em>in Ihringen, was kostet\u00a0ein Grundst\u00fcck im Durchschnitt?<br \/>\nMartin Obert<span style=\"font-family: ArialMT; font-size: xx-small;\">: Es gibt bei uns <\/span>keinen Mietspiegel. Nach unseren\u00a0Erfahrungen liegen die Mieten\u00a0bei rund sieben bis neun\u00a0Euro\/Quadratmeter. Da die Gemeinde\u00a0eine aktive Grundst\u00fcckpolitik\u00a0betreibt, konnte in den vergangenen\u00a0Jahren der Grundst\u00fcckspreis\u00a0stabilisiert werden\u00a0und liegt jetzt bei ca. 200.- bis\u00a0230,- Euro\/Quadratmeter. Im privaten\u00a0Bereich liegt er um einiges\u00a0h\u00f6her.<br \/>\nIZF: <em><span style=\"font-family: Arial-ItalicMT; font-size: xx-small;\">Was sind die St\u00e4rken von <\/span><\/em>Ihringen?<br \/>\nMartin Obert<span style=\"font-family: ArialMT; font-size: xx-small;\">: Ihringen mit seinen <\/span>knapp 6.000 Einwohnern\u00a0bietet eine lebendige Dorfgemeinschaft\u00a0mit guter Infrastruktur, einem regen Vereinsleben. Grund und Hauptschule sind vorort. Weiterf\u00fchrende Schulen sind in Breisach oder\u00a0 aber dann in Freiburg. Wir haben ein funktionierendes Jugendzentrum und eine umfassende Kleinkindbetreuung und Kinderg\u00e4rten mit ausreichendem Platz. Apotheke, \u00c4rzte, Einkaufm\u00f6glichkeiten, Lebensmittelvollsortimenter und Lebensmittel-Discounter sind ebenso am Platz wie Bauernl\u00e4den, B\u00e4ckereien und Metzgereien. Abgerundet wird dies durch eine reichhaltige und abwechslungsreiche Gastronomie, Weing\u00fcter und Genossenschaften, Freizeitangebot wie Freibad oder Fitnessstudios, Wander- und Radfahrwegen. Die gute Nahverkehrsverbindung im Halbstunden- Takt in Richtung Freiburg und Breisach und ein gutes Tourismusangebot erg\u00e4nzen dies. Eine Seniorenwohnanlage\u00a0 mit betreutem Wohnen ist in Planung, ebenso soll eine Gemeinschaftsschule eingerichtet werden. Alles in Allem, eine liebenswerte Gemeinde mit viel Lebensqualit\u00e4t. D<br \/>\nDie Fragen stellte Nils Kickert, 7.11.2012, <a href=\"https:\/\/www.stadtkurier.de\">www.stadtkurier.de<\/a><\/p>\n","protected":false},"excerpt":{"rendered":"<p>Home &gt;Regio &gt;Orte &gt;Kaiserstuhl &gt;Ihringen &nbsp; &#8222;Singende Winzer&#8220; aus Ihringen touren noch mit 80 durch die Lande (11.8.2024) Was treibt die Freiwilligen an, die Fl\u00fcchtlingen helfen? (23.2.2016) B\u00fcrgermeister Martin Obert zur Kooperation Ihringen-Freiburg (7.11.2012) Aktuelle Infos zur Ihringen-Seite ab 13.10.2007 &hellip; <a href=\"https:\/\/www.freiburg-schwarzwald.de\/blog\/regio\/orte\/ihringen\/\">Weiterlesen <span class=\"meta-nav\">&rarr;<\/span><\/a><\/p>\n","protected":false},"author":4,"featured_media":0,"parent":363,"menu_order":0,"comment_status":"open","ping_status":"closed","template":"","meta":{"footnotes":""},"class_list":["post-14808","page","type-page","status-publish","hentry"],"_links":{"self":[{"href":"https:\/\/www.freiburg-schwarzwald.de\/blog\/wp-json\/wp\/v2\/pages\/14808","targetHints":{"allow":["GET"]}}],"collection":[{"href":"https:\/\/www.freiburg-schwarzwald.de\/blog\/wp-json\/wp\/v2\/pages"}],"about":[{"href":"https:\/\/www.freiburg-schwarzwald.de\/blog\/wp-json\/wp\/v2\/types\/page"}],"author":[{"embeddable":true,"href":"https:\/\/www.freiburg-schwarzwald.de\/blog\/wp-json\/wp\/v2\/users\/4"}],"replies":[{"embeddable":true,"href":"https:\/\/www.freiburg-schwarzwald.de\/blog\/wp-json\/wp\/v2\/comments?post=14808"}],"version-history":[{"count":3,"href":"https:\/\/www.freiburg-schwarzwald.de\/blog\/wp-json\/wp\/v2\/pages\/14808\/revisions"}],"predecessor-version":[{"id":126215,"href":"https:\/\/www.freiburg-schwarzwald.de\/blog\/wp-json\/wp\/v2\/pages\/14808\/revisions\/126215"}],"up":[{"embeddable":true,"href":"https:\/\/www.freiburg-schwarzwald.de\/blog\/wp-json\/wp\/v2\/pages\/363"}],"wp:attachment":[{"href":"https:\/\/www.freiburg-schwarzwald.de\/blog\/wp-json\/wp\/v2\/media?parent=14808"}],"curies":[{"name":"wp","href":"https:\/\/api.w.org\/{rel}","templated":true}]}}