{"id":148,"date":"2012-04-01T07:07:43","date_gmt":"2012-04-01T07:07:43","guid":{"rendered":"https:\/\/www.freiburg-schwarzwald.de\/blog\/?page_id=148"},"modified":"2026-01-16T19:06:53","modified_gmt":"2026-01-16T18:06:53","slug":"engagement","status":"publish","type":"page","link":"https:\/\/www.freiburg-schwarzwald.de\/blog\/engagement\/","title":{"rendered":"Engagement"},"content":{"rendered":"<div id=\"attachment_155\" style=\"width: 612px\" class=\"wp-caption aligncenter\"><a href=\"https:\/\/www.freiburg-schwarzwald.de\/blog\/wp-content\/uploads\/2012\/04\/birkwegeck2pan-081215.jpg\"><img loading=\"lazy\" decoding=\"async\" aria-describedby=\"caption-attachment-155\" class=\"size-full wp-image-155\" title=\"birkwegeck2pan-081215\" src=\"https:\/\/www.freiburg-schwarzwald.de\/blog\/wp-content\/uploads\/2012\/04\/birkwegeck2pan-081215.jpg\" alt=\"\" width=\"602\" height=\"195\" srcset=\"https:\/\/www.freiburg-schwarzwald.de\/blog\/wp-content\/uploads\/2012\/04\/birkwegeck2pan-081215.jpg 602w, https:\/\/www.freiburg-schwarzwald.de\/blog\/wp-content\/uploads\/2012\/04\/birkwegeck2pan-081215-180x58.jpg 180w\" sizes=\"auto, (max-width: 602px) 100vw, 602px\" \/><\/a><p id=\"caption-attachment-155\" class=\"wp-caption-text\">Blick vom Birkwegeck unterhalb Kapfenberg bei St.Peter nach S\u00fcden \u00fcber St.M\u00e4rgen zu Feldberg und Dreisamtal-Nebel am 15.12.2008<\/p><\/div>\n<p>Zw\u00f6lf Millionen Menschen in Deutschland wenden j\u00e4hrlich fast drei Milliarden Stunden in ihrer Freizeit auf, um sich in Vereinen, Kirchen, Organisationen, Verb\u00e4nden, Schulen oder Parteien zu engagieren. Diese Wertsch\u00f6pfung w\u00fcrde das Bruttoinlandsprodukt umgerechnet um etwa 1,5 Prozent steigern.<\/p>\n<p>Haben Sie etwas Positives zu berichten in Sachen Ehrenamt,\u00a0 b\u00fcrgerschaftliches Engagement, freiwilliges Anpacken? Wollen Sie eine ehrenamtliche Initiative bzw. Selbsthilfegruppe unterst\u00fctzen, auch durch eine Spende? Kennen Sie jemand, der sich beispielhaft engagiert und gelobt werden sollte?<br \/>\nDann teilen Sie es uns doch bitte mit. <a title=\"Kontakt\" href=\"https:\/\/www.freiburg-schwarzwald.de\/blog\/kontakt\/\">Kontakt<\/a>\u00a0Vielen Dank!<\/p>\n<p>&#8222;Kein Mensch wei\u00df, dass in Deutschland die <a href=\"https:\/\/www.freiburg-schwarzwald.de\/caritas.htm\">Caritas<\/a> und die <a href=\"https:\/\/www.freiburg-schwarzwald.de\/diakonie.htm\">Diakonie<\/a> die gr\u00f6\u00dften <a href=\"https:\/\/www.freiburg-schwarzwald.de\/industrie.htm\">Unternehmer<\/a> sind, nicht aber Mercedes oder die Bahn AG. Und gerade dort spielt das Ehrenamt\u00a0eine gro\u00dfe Rolle&#8220;\u00a0 Lothar Sp\u00e4th, 15.7.2011<\/p>\n<p>.<br \/>\n&#8222;Wenn es eine Wendung zum Besseren geben soll,<br \/>\nbedarf es des freien Blicks<br \/>\nauf das gegenw\u00e4rtig Schlimmste.&#8220; (Platon)<\/p>\n<p>&nbsp;<\/p>\n<ul>\n<li><em>Listenauswahl eines Beitrags (Artikel\/Datum, Seite\/Inhalt):\u00a0<span style=\"text-decoration: underline;\">Klicken<\/span>\u00a0oder scrollen<\/em><\/li>\n<li><a href=\"https:\/\/www.freiburg-schwarzwald.de\/blog\/engagement\/machen\/\">Einfach mal machen<\/a>\u00a0(1.1.2026)<\/li>\n<li><a href=\"https:\/\/www.freiburg-schwarzwald.de\/blog\/das-eigene-hassen-und-zerstoeren\/\">Das Eigene hassen und zerst\u00f6ren<\/a>\u00a0(8.1.2026)<\/li>\n<li><a href=\"https:\/\/www.freiburg-schwarzwald.de\/blog\/engagement\/engagiert-in-freiburg\/\">Engagiert in Freiburg: Anlaufstellen im \u00dcberblick<\/a>\u00a0(1.10.2025)<\/li>\n<li><a href=\"https:\/\/www.freiburg-schwarzwald.de\/blog\/ekuso-kultursommer-seit-2005\/\">EKuSo: Kultursommer seit 2005<\/a>\u00a0(27.7.2025)<\/li>\n<li><a href=\"https:\/\/www.freiburg-schwarzwald.de\/blog\/engagement\/bequemlichkeit\/passiv\/\">Alle warten \u2013 aber worauf?<\/a>\u00a0(1.7.2025)<\/li>\n<li><a href=\"https:\/\/www.freiburg-schwarzwald.de\/blog\/engagement\/treffpunkt\/\">Treffpunkt hei\u00dft jetzt: Haus des Engagements e.V.<\/a> (1.7.2024)<\/li>\n<li><a href=\"https:\/\/www.freiburg-schwarzwald.de\/blog\/engagement\/zukunft\/marktwirtschaft\/gier\/\">Gier und Egoismus in Liberalismus und Marktwirtschaft<\/a>\u00a0(1.3.2024)<\/li>\n<li><a href=\"https:\/\/www.freiburg-schwarzwald.de\/blog\/selbsthilfe\/\">Selbsthilfeb\u00fcro Freiburg\/Breisgau-Hochschwarzwald 30 Jahre<\/a>\u00a0(24.11.2023)<\/li>\n<li><a href=\"https:\/\/www.freiburg-schwarzwald.de\/blog\/engagement\/zukunft\/demokratie\/denunziation\/meldewesen\/\">Hubertus Knabe: Deutschland eifrig Spitzelland<\/a>\u00a0(26.8.2023)<\/li>\n<li><a href=\"https:\/\/www.freiburg-schwarzwald.de\/blog\/ostern-raetschen-brandbrief\/\">Ostern: R\u00e4tschen \u2013 Brandbrief<\/a>\u00a0(8.4.2023)<\/li>\n<li><a href=\"https:\/\/www.freiburg-schwarzwald.de\/blog\/engagement\/vorschriften\/\">Vorschriften verhindern pers\u00f6nliches Engagement<\/a>\u00a0(22.2.2023)<\/li>\n<li><a href=\"https:\/\/www.freiburg-schwarzwald.de\/blog\/direkte-demokratie-waehlerwille\/\">Direkte Demokratie: W\u00e4hlerwille<\/a>\u00a0(21.1.2023)<\/li>\n<li><a href=\"https:\/\/www.freiburg-schwarzwald.de\/blog\/demo-party-oder-rueckzug\/\">Demo, Party oder R\u00fcckzug?<\/a>\u00a0(8.12.2022)<\/li>\n<li><a href=\"https:\/\/www.freiburg-schwarzwald.de\/blog\/405-nichtwaehler-demokratie\/\">40,5 % Nichtw\u00e4hler \u2013 Demokratie?<\/a>\u00a0(11.10.2022)<\/li>\n<li><a href=\"https:\/\/www.freiburg-schwarzwald.de\/blog\/global\/deutschland\/gesellschaft\/untertan\/\">Michael Klonovsky: \u201eDie Deutschen haben sich daran gew\u00f6hnt \u2026\u201c<\/a>\u00a0(6.10.2022)<\/li>\n<li><a href=\"https:\/\/www.freiburg-schwarzwald.de\/blog\/engagierte-kritische-alte-gesucht\/\">Engagierte kritische Alte gesucht<\/a>\u00a0(20.9.2022)<\/li>\n<li><a href=\"https:\/\/www.freiburg-schwarzwald.de\/blog\/kein-spd-frauenpreis-schutz\/\">Kein SPD-Frauenpreis: \u201eZum Schutz\u201c<\/a>\u00a0(31.5.2022)<\/li>\n<li><a href=\"https:\/\/www.freiburg-schwarzwald.de\/blog\/global\/deutschland\/gesellschaft\/zivilgesellschaft\/\">Sichtbar-gierige H\u00e4nde: Zivilgesellschaftliche Organisationen<\/a> (4.2.2022)<\/li>\n<li><a href=\"https:\/\/www.freiburg-schwarzwald.de\/blog\/aed-defibrillator-am-gasthaus\/\">AED-Defibrillator am Gasthaus<\/a>\u00a0(24.11.2021)<\/li>\n<li><a href=\"https:\/\/www.freiburg-schwarzwald.de\/blog\/natur\/umwelt\/abfall\/\">Freiburg putzt sich raus mit der Naturschutzjugend<\/a>\u00a0(23.10.2021)<\/li>\n<li><a href=\"https:\/\/www.freiburg-schwarzwald.de\/blog\/ich-habe-es-satt\/\">Ich habe es satt<\/a>\u00a0(19.10.2021)<\/li>\n<li><a href=\"https:\/\/www.freiburg-schwarzwald.de\/blog\/engagement\/zukunft\/demokratie\/grundgesetz\/grundrechte\/\">Julian Reichelt (BILD): Grundrechte kann man nicht zur\u00fcckbekommen<\/a>\u00a0(3.82021)<\/li>\n<li><a href=\"https:\/\/www.freiburg-schwarzwald.de\/blog\/flut-staat-wie-medien-versagen\/\">Flut: Staat wie Medien versagen<\/a>\u00a0(27.7.2021)<\/li>\n<li>Flut 2021: Hubert Stilles baggert Staumauerabflu\u00df frei &#8211; und Laschet? (24.7.2021)<\/li>\n<li><a href=\"https:\/\/www.freiburg-schwarzwald.de\/blog\/vereine\/ngo\/gongo\/\">Die Macht der guten Lobbyisten in NGO bzw. CONGO<\/a>\u00a0(25.6.2021)<\/li>\n<li><a href=\"https:\/\/www.freiburg-schwarzwald.de\/blog\/medien-contra-corona-demos\/\">Medien contra Corona-Demos<\/a>\u00a0(21.3.2021)<\/li>\n<li><a href=\"https:\/\/www.freiburg-schwarzwald.de\/blog\/briefwahl-ist-undemokratisch\/\">Briefwahl ist undemokratisch<\/a>\u00a0(17.3.2021)<\/li>\n<li><a href=\"https:\/\/www.freiburg-schwarzwald.de\/blog\/consent-of-the-governed-in-d\/\">Consent of the Governed \u2013 in D erhalten<\/a>\u00a0(7.2.2021)<\/li>\n<li><a href=\"https:\/\/www.freiburg-schwarzwald.de\/blog\/engagement\/zukunft\/demokratie\/quoten\/\">Berlin im Quotenwahn: Deutsche Hauptstadt wird zur St\u00e4ndegesellschaft<\/a>\u00a0(18.1.2021)<\/li>\n<li><a href=\"https:\/\/www.freiburg-schwarzwald.de\/blog\/demokratie-braucht-spalter\/\">Demokratie braucht Spalter<\/a>\u00a0(28.11.2020)<\/li>\n<li><a href=\"https:\/\/www.freiburg-schwarzwald.de\/blog\/schuelerinnen-zum-lockdown\/\">Drei Sch\u00fclerinnen zum Lockdown<\/a>\u00a0(15.11.2020)<\/li>\n<li><a href=\"https:\/\/www.freiburg-schwarzwald.de\/blog\/leipzig-7-11-20-friedliche-demo\/\">Leipzig7-11-20 friedliche Demo<\/a>\u00a0(7.11.2020)<\/li>\n<li><a href=\"https:\/\/www.freiburg-schwarzwald.de\/blog\/engagement\/resignation-der-mitte\/\">Mir f\u00e4llt vieles auf, aber fast nichts mehr ein \u2013 ich brauche eine Auszeit<\/a>\u00a0(9.11.2020)<\/li>\n<li><a title=\"Nur meckern allein hilft nichts\" href=\"https:\/\/www.freiburg-schwarzwald.de\/blog\/nur-meckern-allein-hilft-nichts\/\">Nur meckern\u00a0 allein hilft nichts<\/a>\u00a0(29.5.2020)<\/li>\n<li><a title=\"Verschw\u00f6rungstheoretiker: wir?\" href=\"https:\/\/www.freiburg-schwarzwald.de\/blog\/verschwoerungstheoretiker-wir\/\">Verschw\u00f6rungstheoretiker: wir demonstrierende B\u00fcrger?<\/a>\u00a0(12.5.2020)<\/li>\n<li><a title=\"#freiburgh\u00e4ltzusammen\" href=\"https:\/\/www.freiburg-schwarzwald.de\/blog\/freiburghaeltzusammen\/\">#freiburgh\u00e4ltzusammen<\/a>\u00a0 (27.3.2020)<\/li>\n<li><a title=\"Buerger\" href=\"https:\/\/www.freiburg-schwarzwald.de\/blog\/engagement\/buerger\/\">Die Antwort auf Soros: Der kritisch denkende B\u00fcrger<\/a> (24.1.2020)<\/li>\n<li><a title=\"Lettland Federbett \u2013 Weihnacht\" href=\"https:\/\/www.freiburg-schwarzwald.de\/blog\/lettland-federbett-weihnacht\/\">Lettland Federbett \u2013 Weihnacht<\/a>\u00a0(14.12.2019)<\/li>\n<li><a title=\"Schweigen zu Augsburg: Nein\" href=\"https:\/\/www.freiburg-schwarzwald.de\/blog\/schweigen-zu-augsburg-nein\/\">Schweigen zu Augsburg: Nein<\/a>\u00a0(12.12.2019)<\/li>\n<li><a title=\"Commons\" href=\"https:\/\/www.freiburg-schwarzwald.de\/blog\/kultur\/commons\/\">Die Gefahr der Zerst\u00f6rung von kulturellem Kapital durch Migration<\/a>\u00a0(2.12.2019)<\/li>\n<li><a title=\"Schweigen der Mitte \u2013 vornehm\" href=\"https:\/\/www.freiburg-schwarzwald.de\/blog\/schweigen-der-mitte-vornehm\/\">Schweigen der Mitte \u2013 vornehm<\/a>\u00a0(3.12.2019)<\/li>\n<li><a title=\"Hass\" href=\"https:\/\/www.freiburg-schwarzwald.de\/blog\/kultur\/medien\/hass\/\">Thorsten Hinz: Den Ha\u00df fixiert, wer die Macht besitzt<\/a>\u00a0(22.11.2019)<\/li>\n<li><a title=\"Sozialismus\" href=\"https:\/\/www.freiburg-schwarzwald.de\/blog\/engagement\/zukunft\/demokratie\/sozialismus\/\">Landsbergis: \u201eDeutschland gleitet ein drittes Mal in den Sozialismus ab\u201c<\/a>\u00a0(20.10.2019)<\/li>\n<li><a title=\"Kritik und abweichende Meinung\" href=\"https:\/\/www.freiburg-schwarzwald.de\/blog\/kritik-und-abweichende-meinung\/\">Kritik und abweichende Meinung<\/a>\u00a0(7.8.2019)<\/li>\n<li><a href=\"https:\/\/www.freiburg-schwarzwald.de\/blog\/manchmal-schweige-ich-mit-16\/\">https:\/\/www.freiburg-schwarzwald.de\/blog\/manchmal-schweige-ich-mit-16\/<\/a>\u00a0(25.5.2019)<\/li>\n<li><a title=\"Kunst\" href=\"https:\/\/www.freiburg-schwarzwald.de\/blog\/kultur\/kunst\/\">Manifest zur \u201eErkl\u00e4rung der Vielen\u201c<\/a>\u00a0(26.3.2019)<\/li>\n<li><a title=\"Arroganz\" href=\"https:\/\/www.freiburg-schwarzwald.de\/blog\/engagement\/arroganz\/\">\u00dcberheblichkeit von SPD, CDU\/CSU, Gr\u00fcnen, Linken und FDP<\/a>\u00a0 (10.9.2018)<\/li>\n<li><\/li>\n<li><a title=\"Arroganz\" href=\"https:\/\/www.freiburg-schwarzwald.de\/blog\/engagement\/arroganz\/\">Arroganz<\/a><\/li>\n<li><a href=\"https:\/\/www.freiburg-schwarzwald.de\/justiz.htm#Bew\u00e4hrungshilfe \u00fcber Firma Neustart\">Bew\u00e4hrungshilfe \u00fcber Firma Neustart<\/a> &gt;Justiz<\/li>\n<li>Blutspende<\/li>\n<li><a title=\"Buerger\" href=\"https:\/\/www.freiburg-schwarzwald.de\/blog\/engagement\/buerger\/\">Buerger<\/a><\/li>\n<li><a title=\"Buergerbeteiligung\" href=\"https:\/\/www.freiburg-schwarzwald.de\/blog\/engagement\/buergerbeteiligung\/\">Buergerbeteiligung<\/a><\/li>\n<li><a title=\"Buergerentscheid\" href=\"https:\/\/www.freiburg-schwarzwald.de\/blog\/engagement\/buergerentscheid\/\">B\u00fcrgerentscheid<\/a><\/li>\n<li><a title=\"Buergerinitiativen\" href=\"https:\/\/www.freiburg-schwarzwald.de\/blog\/engagement\/buergerinitiativen\/\">Buergerinitiativen<\/a><\/li>\n<li><a title=\"Buergermeister\" href=\"https:\/\/www.freiburg-schwarzwald.de\/blog\/engagement\/buergermeister\/\">B\u00fcrgermeister<\/a><\/li>\n<li>Buergerpreis<\/li>\n<li><a href=\"https:\/\/www.freiburg-schwarzwald.de\/littenweiler\/buergerpreis.htm\">B\u00fcrgerpreise Freiburg, Emmendingen, Staufen, &#8230;<\/a> &gt;Buergerpreis<\/li>\n<li><a title=\"Buergervereine\" href=\"https:\/\/www.freiburg-schwarzwald.de\/blog\/engagement\/buergervereine\/\">Buergervereine in\u00a0FR<\/a><\/li>\n<li><a title=\"Commons\" href=\"https:\/\/www.freiburg-schwarzwald.de\/blog\/kultur\/commons\/\">Commons<\/a><\/li>\n<li><a title=\"Corona-Demo\" href=\"https:\/\/www.freiburg-schwarzwald.de\/blog\/business\/gesund\/corona-virus\/corona-demo\/\">Corona-Demo<\/a><\/li>\n<li><a title=\"CSR\" href=\"https:\/\/www.freiburg-schwarzwald.de\/blog\/business\/industrie\/csr\/\">CSR &#8211; Corporate Social\u00a0Responsibility<\/a><\/li>\n<li><a title=\"Dagegen\" href=\"https:\/\/www.freiburg-schwarzwald.de\/blog\/engagement\/dagegen\/\">Dagegen<\/a><\/li>\n<li><a title=\"Demo\" href=\"https:\/\/www.freiburg-schwarzwald.de\/blog\/engagement\/buergerinitiativen\/demo\/\">Demo<\/a><\/li>\n<li><a title=\"Direkte-Demokratie\" href=\"https:\/\/www.freiburg-schwarzwald.de\/blog\/engagement\/zukunft\/demokratie\/direkte-demokratie\/\">Direkte Demokratie<\/a><\/li>\n<li><a title=\"Ehrenamt\" href=\"https:\/\/www.freiburg-schwarzwald.de\/blog\/engagement\/ehrenamt\/\">Ehrenamt<\/a><\/li>\n<li><a href=\"https:\/\/www.freiburg-schwarzwald.de\/blog\/engagement\/engagiert-in-freiburg\/\">Engagiert-in-Freiburg<\/a><\/li>\n<li><a title=\"Fluechtlinge-Paten\" href=\"https:\/\/www.freiburg-schwarzwald.de\/blog\/global\/integration\/fluechtlinge-paten\/\">Fluechtlinge-Paten<\/a><\/li>\n<li><a title=\"FreiburgImWandel\" href=\"https:\/\/www.freiburg-schwarzwald.de\/blog\/engagement\/buergerinitiativen\/freiburgimwandel\/\">FreiburgImWandel \u2013 Vernetzung im Stadtgebiet Freiburg<\/a><\/li>\n<li><a href=\"https:\/\/www.freiburg-schwarzwald.de\/blog\/regio\/freiburg\/freiburg-idee\/\">Freiburg-Idee<\/a><\/li>\n<li><a title=\"Freiwillig\" href=\"https:\/\/www.freiburg-schwarzwald.de\/blog\/engagement\/freiwillig\/\">Freiwillig<\/a><\/li>\n<li><a title=\"Gender\" href=\"https:\/\/www.freiburg-schwarzwald.de\/blog\/selbsthilfe\/frauen\/gender\/\">Gender<\/a><\/li>\n<li><a title=\"Genossenschaften\" href=\"https:\/\/www.freiburg-schwarzwald.de\/blog\/business\/genossenschaften\/\">Genossenschaften<\/a><\/li>\n<li><a href=\"https:\/\/www.freiburg-schwarzwald.de\/blog\/vereine\/ngo\/gongo\/\">GONGO<\/a><\/li>\n<li><a title=\"Gutmenschen\" href=\"https:\/\/www.freiburg-schwarzwald.de\/blog\/engagement\/gutmenschen\/\">Gutmenschen<\/a><\/li>\n<li><a title=\"Hass\" href=\"https:\/\/www.freiburg-schwarzwald.de\/blog\/kultur\/medien\/hass\/\">Hass<\/a><\/li>\n<li><a title=\"Hilfe\" href=\"https:\/\/www.freiburg-schwarzwald.de\/blog\/vereine\/hilfe\/\">Hilfe<\/a><\/li>\n<li><a title=\"Kindersport\" href=\"https:\/\/www.freiburg-schwarzwald.de\/blog\/sport\/sportlern\/kindersport\/\">Kindersport<\/a><\/li>\n<li><a title=\"Korruption\" href=\"https:\/\/www.freiburg-schwarzwald.de\/blog\/korruption\/\">Korruption<\/a><\/li>\n<li><a href=\"https:\/\/www.freiburg-schwarzwald.de\/blog\/engagement\/zukunft\/demokratie\/leipzig-querdenken7-11-2020\/\">Leipzig-Querdenken7-11-2020<\/a><\/li>\n<li><a title=\"Liebe\" href=\"https:\/\/www.freiburg-schwarzwald.de\/blog\/selbsthilfe\/psyche\/liebe\/\">Liebe<\/a><\/li>\n<li><a title=\"Links\" href=\"https:\/\/www.freiburg-schwarzwald.de\/blog\/engagement\/zukunft\/demokratie\/links\/\">Links<\/a><\/li>\n<li><a href=\"https:\/\/www.freiburg-schwarzwald.de\/blog\/engagement\/machen\/\">machen<\/a><\/li>\n<li><a href=\"https:\/\/www.freiburg-schwarzwald.de\/blog\/engagement\/zukunft\/demokratie\/denunziation\/meldewesen\/\">Meldewesen<\/a><\/li>\n<li><a title=\"Menschenhandel\" href=\"https:\/\/www.freiburg-schwarzwald.de\/blog\/engagement\/zukunft\/menschenhandel\/\">Menschenhandel<\/a><\/li>\n<li><a title=\"Meta-Ebene-Gesellschaft\" href=\"https:\/\/www.freiburg-schwarzwald.de\/blog\/engagement\/zukunft\/demokratie\/meta-ebene-gesellschaft\/\">Meta-Ebene-Gesellschaft \u2013 \u00fcber was urteilen statt was tun<\/a><\/li>\n<li><a href=\"https:\/\/www.freiburg-schwarzwald.de\/selbsthilfe1.htm#Organisationsentwicklung: Tips f\u00fcr zivilgesellschaftliche Gruppen\">Organisationsentwicklung: Tips f\u00fcr zivilgesellschaftliche Gruppen<\/a> &gt;Selbsthilfe (13.3.2009)<\/li>\n<li><a title=\"Organspende\" href=\"https:\/\/www.freiburg-schwarzwald.de\/blog\/engagement\/organspende\/\">Organspende &#8211; Spenderausweis<\/a><\/li>\n<li><a title=\"Partei\" href=\"https:\/\/www.freiburg-schwarzwald.de\/blog\/vereine\/partei\/\">Parteien<\/a><\/li>\n<li><a title=\"Partnerschaft\" href=\"https:\/\/www.freiburg-schwarzwald.de\/blog\/engagement\/partnerschaft\/\">Partnerschaft<\/a><\/li>\n<li><a href=\"https:\/\/www.freiburg-schwarzwald.de\/blog\/engagement\/bequemlichkeit\/passiv\/\">passiv<\/a><\/li>\n<li><a title=\"Political-Correctness\" href=\"https:\/\/www.freiburg-schwarzwald.de\/blog\/kultur\/medien\/political-correctness\/\">Political Correctness PC<\/a><\/li>\n<li><a title=\"Politik-Ansichten\" href=\"https:\/\/www.freiburg-schwarzwald.de\/blog\/engagement\/zukunft\/demokratie\/politik-ansichten\/\">Politik-Ansichten<\/a><\/li>\n<li><a href=\"https:\/\/www.freiburg-schwarzwald.de\/blog\/engagement\/zukunft\/demokratie\/quoten\/\">Quoten<\/a><\/li>\n<li><a title=\"Rassismus\" href=\"https:\/\/www.freiburg-schwarzwald.de\/blog\/engagement\/rassismus\/\">Rassismus<\/a><\/li>\n<li><a title=\"Rechts\" href=\"https:\/\/www.freiburg-schwarzwald.de\/blog\/engagement\/zukunft\/demokratie\/rechts\/\">Rechts<\/a><\/li>\n<li><a href=\"https:\/\/www.freiburg-schwarzwald.de\/blog\/engagement\/resignation-der-mitte\/\">Resignation-der-Mitte<\/a><\/li>\n<li><a title=\"Respekt\" href=\"https:\/\/www.freiburg-schwarzwald.de\/blog\/engagement\/respekt\/\">Respekt und Toleranz<\/a><\/li>\n<li><a title=\"Risikokapital\" href=\"https:\/\/www.freiburg-schwarzwald.de\/blog\/business\/risikokapital\/\">Risikokapital &#8211; Venture Capital<\/a><\/li>\n<li><a title=\"Seitenwechsler\" href=\"https:\/\/www.freiburg-schwarzwald.de\/blog\/engagement\/seitenwechsler\/\">Seitenwechsler<\/a><\/li>\n<li><a title=\"Selbsthilfe\" href=\"https:\/\/www.freiburg-schwarzwald.de\/blog\/selbsthilfe\/\">Selbsthilfegruppen<\/a><\/li>\n<li><a title=\"Sozialismus\" href=\"https:\/\/www.freiburg-schwarzwald.de\/blog\/engagement\/zukunft\/demokratie\/sozialismus\/\">Sozialismus<\/a><\/li>\n<li><a title=\"Sparsamkeit\" href=\"https:\/\/www.freiburg-schwarzwald.de\/blog\/engagement\/sparsamkeit\/\">Sparsamkeit &#8211; Sparen<\/a><\/li>\n<li><a href=\"https:\/\/www.freiburg-schwarzwald.de\/spende.htm\">Spendenliste<\/a> &gt;Spende<\/li>\n<li><a href=\"https:\/\/www.freiburg-schwarzwald.de\/sponsor.htm\">Sponsoring<\/a> &gt;Sponsor<\/li>\n<li><a title=\"Stiftungen\" href=\"https:\/\/www.freiburg-schwarzwald.de\/blog\/business\/stiftungen\/\">Stiftungen, B\u00fcrgerstiftungen<\/a><\/li>\n<li><a title=\"Treffpunkt\" href=\"https:\/\/www.freiburg-schwarzwald.de\/blog\/engagement\/treffpunkt\/\">Treffpunkt Freiburg<\/a><\/li>\n<li><a title=\"Twintowns\" href=\"https:\/\/www.freiburg-schwarzwald.de\/blog\/global\/twintowns\/\">Twintowns &#8211; St\u00e4dtepartnerschaften<\/a><\/li>\n<li><a href=\"https:\/\/www.freiburg-schwarzwald.de\/selbsthilfe.htm#Unfallschutz von ehrenamtlich Engagierten\">Unfallschutz von ehrenamtlich Engagierten: Brosch\u00fcre<\/a> &gt;Selbsthilfe (12.7.2006)<\/li>\n<li><a href=\"https:\/\/www.freiburg-schwarzwald.de\/corporatecitizenship.htm\">Unternehmerisches b\u00fcrgerschaftliches Engagement<\/a> &gt;Corporatecitizenship<\/li>\n<li><a title=\"Verantwortung\" href=\"https:\/\/www.freiburg-schwarzwald.de\/blog\/engagement\/verantwortung\/\">Verantwortung im Sozialstaat<\/a><\/li>\n<li><a title=\"Verbraucher\" href=\"https:\/\/www.freiburg-schwarzwald.de\/blog\/engagement\/verbraucher\/\">Verbraucher<\/a><\/li>\n<li><a href=\"https:\/\/www.freiburg-schwarzwald.de\/blog\/engagement\/vorschriften\/\">Vorschriften<\/a><\/li>\n<li><a title=\"Wehrdienst\" href=\"https:\/\/www.freiburg-schwarzwald.de\/blog\/engagement\/zukunft\/demokratie\/wehrdienst\/\">Wehrdienst<\/a><\/li>\n<li><a title=\"Whistleblower\" href=\"https:\/\/www.freiburg-schwarzwald.de\/blog\/engagement\/whistleblower\/\">Whistleblower<\/a><\/li>\n<li><a title=\"Widerstand\" href=\"https:\/\/www.freiburg-schwarzwald.de\/blog\/engagement\/zukunft\/demokratie\/widerstand\/\">Widerstand<\/a><\/li>\n<li><a title=\"Wutbuerger\" href=\"https:\/\/www.freiburg-schwarzwald.de\/blog\/engagement\/wutbuerger\/\">Wutbuerger<\/a><\/li>\n<li><a title=\"Zivilcourage\" href=\"https:\/\/www.freiburg-schwarzwald.de\/blog\/engagement\/zivilcourage\/\">Zivilcourage<\/a><\/li>\n<li><a href=\"https:\/\/www.freiburg-schwarzwald.de\/blog\/global\/deutschland\/gesellschaft\/zivilgesellschaft\/\">Zivilgesellschaft<\/a><\/li>\n<li><a title=\"Zukunft\" href=\"https:\/\/www.freiburg-schwarzwald.de\/blog\/engagement\/zukunft\/\">Zukunft<\/a><\/li>\n<\/ul>\n<p>&nbsp;<\/p>\n<p><strong>Flut 2021: Hubert Stilles baggert Staumauerabflu\u00df frei &#8211; und Laschet?<\/strong><br \/>\nEin Beispiel f\u00fcr die Staatsverwahrlosung? Der <a href=\"https:\/\/www.freiburg-schwarzwald.de\/blog\/natur\/klima\/ueberflutung\/\">Wasserstand der Steinbachtalsperre<\/a> wurde von einem privaten Unternehmer (Hubert Schilles, 70 Jahre alt) auf eigene Gefahr durch einen freigebaggerten Abfluss an der Staumauer auf ein Drittel gesenkt.<br \/>\nNach gebannter Gefahr kamen Ministerpr\u00e4sident Armin Laschet und Innenminister Seehofer vorbei. Laschet entschuldigte sich, einen solchen Auftrag h\u00e4tte man nicht vergeben k\u00f6nnen, weil die Gefahr des Nichtgelingens zu gro\u00df gewesen sei. Das ist die <a href=\"https:\/\/www.freiburg-schwarzwald.de\/blog\/engagement\/verantwortung\/\">Verantwortungsscheu<\/a>, die zwar in den 16 bleiernen Merkel-Jahren zur Staatsr\u00e4son geworden ist, die wir aber bei Strafe des Untergangs \u00fcberwinden m\u00fcssen.<br \/>\n&#8230;<br \/>\nWer nicht versagt hat, sind die \u201etoxischen Wei\u00dfen\u201c, M\u00e4nner und Frauen wie Hubert Schilles, die dort hingehen, wohin sich die Politik wegen der Gefahr nicht wagt und unter Einsatz ihres Lebens noch gr\u00f6\u00dferes Unheil abwenden. Wenn wir uns auf Politik, Medien und Beh\u00f6rden vertrauen w\u00fcrden, w\u00e4ren wir verloren, aber wir k\u00f6nnen uns immer noch aufeinander verlassen. Das ist die gute Nachricht zum Schluss!<br \/>\n&#8230;. Alles vom 24.7.2021 von Vera Lengsfeld bitte lesen auf<br \/>\n<a href=\"https:\/\/vera-lengsfeld.de\/2021\/07\/24\/katastrophenhilfe-nur-nach-gesinnungs-tuev\/#more-6086\">https:\/\/vera-lengsfeld.de\/2021\/07\/24\/katastrophenhilfe-nur-nach-gesinnungs-tuev\/#more-6086<\/a><\/p>\n<p>Einige Kommentare:<br \/>\n<strong>Der Kommentar von Laschet zur Aktion des mutigen Herrn Schilles<br \/>\nschockiert mich<\/strong><br \/>\nMich kann eigentlich nichts mehr ersch\u00fcttern, so dachte ich, Frau Lengsfeld, bevor ich diesen Artikel las. Alleine der Kommentar vorn Herrn Laschet \u00fcber die Aktion des mutigen Herrn Schilles schockiert mich dennoch zutiefst und er diskreditiert ihn f\u00fcr ein politisches Amt. Man stelle sich nur die Opferzahlen vor, wenn der Damm gebrochen w\u00e4re.<br \/>\nDem Herrn Schilles geb\u00fchrt das Bundesverdienstkreuz, verliehen vom Bundesuhu, der auch nur dumm im Weg rumgestanden ist. Unser politisches System ist wirklich grenzwertig marode. Und besonders fatal f\u00fcr mich ist, da\u00df der deutsche Wahlmichel das immer noch nicht begreift. Der Herr Bertold Brecht hat es in Anlehnung an das Horst Wessel Lied einmal so formuliert:<br \/>\n\u201eHinter der Trommel her, trotten die K\u00e4lber.<br \/>\nDas Fell f\u00fcr die Trommel liefern Sie selber.<br \/>\nDer Schl\u00e4chter ruft: die Augen fest geschlossen,<br \/>\ndas Kalb marschiert. In ruhig festem Tritt.<br \/>\nDie K\u00e4lber, deren Blut im Schlachthaus schon geflossen,<br \/>\nmarschiern im Geiste in seinen Reihen mit\u201c.<br \/>\n24.7.2021, F.K.<\/p>\n<p><strong>Herr Hubert Schilles wohnt keine 2 km von mir weg,<\/strong><br \/>\nich war also mittendrin, auch mein Haus lief durch einen Sturzbach \/Dammbruch im Keller voll. Ich habe dann mit Schaufel, nachdem alles trocken gelegt war in den Ortschaften Gem\u00fcnd und Bad M\u00fcnstereifel Urlaub genommen und einfach geholfen. Was ich dort zu sehen bekam war ein Kriegszustand. THW und Bundeswehr durften zum Teil nicht ausr\u00fccken weil kein \u201cAuftrag\u201d vorlag, Menschen haben alles verloren, keine Elementarvers. Anwohner halfen sich \u00fcber Tage selbst mit dem Mut der Verzweiflung mit Schaufel und Handfeger gegen den Schlamm. Der deutsche Wetterdienst hatte gewarnt aber es haben alle Landr\u00e4te, Kreise und St\u00e4dte schlicht gepennt. Das Bundesamt f\u00fcr Katastrophenschutz sitzt, in Bad Neuenahr\/Ahrweiler, also Komplettversagen auf der ganzen Linie!<br \/>\nUnd der WDR? Im Sender lief in der Nacht Popradio, keine Warnungen, keine Sonderberichte, nichts stattdessen l\u00e4uft Frau B\u00f6ttinger ( Wahleiflerin mit Zweitwohnsitz in K\u00f6ln) eine Woche sp\u00e4ter in ihrer oberfl\u00e4chlichen Art durch BAM und hat G\u00e4ste wie die Corona-Klima-Allzweckwaffe Rangar Yogeshwar. Anstatt den Zusehern den Unterschied zwischen Klima und Wetter zu erkl\u00e4ren faselt dieser Wissenschaftsclown seine WDR-Systemrelevanz nach. Er h\u00e4tte ja mal erw\u00e4hnen k\u00f6nnen da\u00df von den Iluminaten gerade drei aufs Klima schei\u00dfen und ins All fliegen, anstatt den Eifelern zu erkl\u00e4ren sie h\u00e4tten zu nah an den Fl\u00fcssen gebaut.<br \/>\nUnd wenn FFF-Blagen protestieren anstatt anzupacken, werden auch die merken, da\u00df die seit einer Woche laufenden Ma\u00dfnahmen Dieselaggregate, Traktoren von privaten Bauern und Unternehmern sind und eben keine Elektoakkus, die im Wasser sogar Feuer fangen!<br \/>\n.<br \/>\nW\u00e4hrend also die Menschen in den Tr\u00fcmmern stehen, Leichen durch die Erft schwimmen, Autos in den B\u00e4umen h\u00e4ngen und immer noch Personen vermi\u00dft sind, wird uns in der Eifel erkl\u00e4rt das die Superspreader in den Notunterk\u00fcnften Corona verbreiten, also Impfbus her, Sirenen weg und der n\u00e4chste Lockdown f\u00fcr alle!<br \/>\n24.7.2021, M.H.<br \/>\n.<br \/>\n<strong>Schilles sollte das Bundesverdienstkreuz erhalten<\/strong><br \/>\nWetten, er kriegt es nicht? Sowas ist hierzulande f\u00fcr Lindenberg und Drosten reserviert. Steinmeier ist nicht besser im Ordensverleihen als seine historischen deutschen Amtskollegen, allerdings nicht die der Bundesrepublik.<br \/>\n24.7.2021,<br \/>\nEnde Kommentare<\/p>\n<p>&nbsp;<\/p>\n<p>&nbsp;<\/p>\n<p><strong>Ehrenamtliches Engagement nimmt weiter zu<\/strong><\/p>\n<p>&#8222;Die Menschen werden immer egoistischer&#8220; &#8211; dieser Meinung sind\u00a083% der Deutschen laut der Zeit-Umfrage &#8222;<a title=\"Es geht uns leider gut\" href=\"https:\/\/www.freiburg-schwarzwald.de\/blog\/es-geht-uns-leider-gut\/\">Es geht und leider gut<\/a>&#8220; vom M\u00e4rz 2013. Mit der Realit\u00e4t hat diese pessimistische Sicht nichts zu tun:\u00a0Im Zeitraum 1999-2009 nahm die Zahl der Nicht-Engagierten von 34% auf 29% ab. Nach Ende von Wehrdienst und Zivis im Sommer 2011 waren die mit dem Bundesfreiwilligendienst (Bufdi) geschaffenen 35000 Stellen im Februar 2012 restlos &#8222;ausgebucht&#8220; &#8211; zur \u00dcberraschung der miesepetriken Deutschpessimisten (s.o.). In Deutschland sind st\u00e4ndig 85000 junge Leute bzw. 10% des Jahrgangs freiwillig engagiert (Bufdi, Freiwilliges Soziales jahr bzw. Dienst in Entwicklungsl\u00e4ndern). Die allj\u00e4hrlichen JIM-Studien (Jugend, Information und (Multi-)Media, <a href=\"https:\/\/www.mpfs.de\">www.mpfs.de<\/a>) ergeben, dass Jugendliche sich zunehmend in Sportvereinen, heimatvereinenm religi\u00f6sen Gruppen wie auch politischen Parteien engagieren &#8211; die Aussage, dass die Jugend Organisationen meidet und sich nur noch punktuell bindet, ist falsch. Nach dem seit 1999 erfassten Freiwilligensurvey liegt die &#8222;Reichweite der Zivilgesellschaft&#8220; bei \u00fcber 2\/3 der Bev\u00f6lkerung &#8211; so viele engagieren sich in Vereinen, Gruppen, Organisationen und \u00f6ffentlichen Einrichtungen nonprofit. Unterscheidet man die drei Engagement-Motive Geselligkeit, pers\u00f6nliches Interesse und Gemeinwohl, dann ist\u00a0das Gemeinwohl als Motiv bei den unter 30j\u00e4hrigen von 18% in 2000 auf 30% in 2011 angestiegen.<br \/>\n1.4.2013<\/p>\n","protected":false},"excerpt":{"rendered":"<p>Zw\u00f6lf Millionen Menschen in Deutschland wenden j\u00e4hrlich fast drei Milliarden Stunden in ihrer Freizeit auf, um sich in Vereinen, Kirchen, Organisationen, Verb\u00e4nden, Schulen oder Parteien zu engagieren. Diese Wertsch\u00f6pfung w\u00fcrde das Bruttoinlandsprodukt umgerechnet um etwa 1,5 Prozent steigern. Haben Sie &hellip; <a href=\"https:\/\/www.freiburg-schwarzwald.de\/blog\/engagement\/\">Weiterlesen <span class=\"meta-nav\">&rarr;<\/span><\/a><\/p>\n","protected":false},"author":2,"featured_media":0,"parent":0,"menu_order":0,"comment_status":"open","ping_status":"closed","template":"","meta":{"footnotes":""},"class_list":["post-148","page","type-page","status-publish","hentry"],"_links":{"self":[{"href":"https:\/\/www.freiburg-schwarzwald.de\/blog\/wp-json\/wp\/v2\/pages\/148","targetHints":{"allow":["GET"]}}],"collection":[{"href":"https:\/\/www.freiburg-schwarzwald.de\/blog\/wp-json\/wp\/v2\/pages"}],"about":[{"href":"https:\/\/www.freiburg-schwarzwald.de\/blog\/wp-json\/wp\/v2\/types\/page"}],"author":[{"embeddable":true,"href":"https:\/\/www.freiburg-schwarzwald.de\/blog\/wp-json\/wp\/v2\/users\/2"}],"replies":[{"embeddable":true,"href":"https:\/\/www.freiburg-schwarzwald.de\/blog\/wp-json\/wp\/v2\/comments?post=148"}],"version-history":[{"count":6,"href":"https:\/\/www.freiburg-schwarzwald.de\/blog\/wp-json\/wp\/v2\/pages\/148\/revisions"}],"predecessor-version":[{"id":144338,"href":"https:\/\/www.freiburg-schwarzwald.de\/blog\/wp-json\/wp\/v2\/pages\/148\/revisions\/144338"}],"wp:attachment":[{"href":"https:\/\/www.freiburg-schwarzwald.de\/blog\/wp-json\/wp\/v2\/media?parent=148"}],"curies":[{"name":"wp","href":"https:\/\/api.w.org\/{rel}","templated":true}]}}