{"id":1476,"date":"2012-04-15T06:14:44","date_gmt":"2012-04-15T06:14:44","guid":{"rendered":"https:\/\/www.freiburg-schwarzwald.de\/blog\/?page_id=1476"},"modified":"2026-03-11T18:18:23","modified_gmt":"2026-03-11T17:18:23","slug":"strom","status":"publish","type":"page","link":"https:\/\/www.freiburg-schwarzwald.de\/blog\/energie\/strom\/","title":{"rendered":"Strom"},"content":{"rendered":"<p>Home &gt;<a title=\"Energie\" href=\"https:\/\/www.freiburg-schwarzwald.de\/blog\/energie\/\">Energie<\/a> &gt;Strom<\/p>\n<div id=\"attachment_10272\" style=\"width: 602px\" class=\"wp-caption alignnone\"><a href=\"https:\/\/www.freiburg-schwarzwald.de\/blog\/natur\/flora\/neophyten\/mauchen7pan061102\/\" rel=\"attachment wp-att-10272\"><img loading=\"lazy\" decoding=\"async\" aria-describedby=\"caption-attachment-10272\" class=\"size-full wp-image-10272\" title=\"mauchen7pan061102\" src=\"https:\/\/www.freiburg-schwarzwald.de\/blog\/wp-content\/uploads\/2012\/09\/mauchen7pan061102.jpg\" alt=\"\" width=\"592\" height=\"205\" srcset=\"https:\/\/www.freiburg-schwarzwald.de\/blog\/wp-content\/uploads\/2012\/09\/mauchen7pan061102.jpg 592w, https:\/\/www.freiburg-schwarzwald.de\/blog\/wp-content\/uploads\/2012\/09\/mauchen7pan061102-180x62.jpg 180w\" sizes=\"auto, (max-width: 592px) 100vw, 592px\" \/><\/a><p id=\"caption-attachment-10272\" class=\"wp-caption-text\">Blick nach Nordwesten \u00fcber Mauchen zum Himmelberg am 2.11.2006 &#8211; Wiiwegli links nach Schliengen<\/p><\/div>\n<p>&nbsp;<\/p>\n<ul>\n<li><em>Listenauswahl eines Beitrags (Artikel\/Datum, Seite\/Inhalt):\u00a0<span style=\"text-decoration: underline;\">Klicken<\/span>\u00a0oder scrollen<\/em><\/li>\n<li><a href=\"https:\/\/www.freiburg-schwarzwald.de\/blog\/atomkraft-strategischer-fehler\/\">Atomkraft strategischer Fehler<\/a>\u00a0(11..2026)<\/li>\n<li><a href=\"https:\/\/www.freiburg-schwarzwald.de\/blog\/energie\/strom\/blackout\/\">Stromausfall Berlin: Trennung von Strom, W\u00e4rme und Verkehr statt Sektorkopplung<\/a> (8.1.2026)<\/li>\n<li><a href=\"https:\/\/www.freiburg-schwarzwald.de\/blog\/stromausfall-von-links-in-berlin\/\">Stromausfall von links in Berlin<\/a>\u00a0(5.1.2026)<\/li>\n<li><a href=\"https:\/\/www.freiburg-schwarzwald.de\/blog\/energie\/energiewende\/energie-kurskorrektur\/\">Energiewende \u2013 ist der Point of no Return \u00fcberschritten?<\/a>\u00a0(29.9.2025)<\/li>\n<li><a href=\"https:\/\/www.freiburg-schwarzwald.de\/blog\/natur\/umwelt\/infrastruktur-anschlaege\/\">Linke Gewalt in Berlin: Brandstiftung zwei gro\u00dfe Strommasten<\/a>\u00a0(19.9.2025)<\/li>\n<li><a href=\"https:\/\/www.freiburg-schwarzwald.de\/blog\/energie\/strom\/licht-statt-strom\/\">Q.ANT aus Stuttgart entwickelt Chips, die mit Licht anstelle von Strom betrieben werden<\/a> (1.8.2025)<\/li>\n<li><a href=\"https:\/\/www.freiburg-schwarzwald.de\/blog\/energie\/energiewende\/energiewende-gescheitert\/\">Die Energiewende st\u00fcrzt Deutschland ins Stromchaos<\/a>\u00a0(23.7.2025)<\/li>\n<li><a href=\"https:\/\/www.freiburg-schwarzwald.de\/blog\/spanien-blackout-und-hellbrise\/\">Spanien: Blackout und Hellbrise<\/a>\u00a0(1.5.2025)<\/li>\n<li>Energie: Atomstrom aus Frankreich \u2013 bald nicht mehr? (22.4.2025)<\/li>\n<li><a href=\"https:\/\/www.freiburg-schwarzwald.de\/blog\/energie\/energietechnik\/\">Dieter B\u00f6hme bei Preradovic: Erneuerbare Energien \u2013 komplett unergiebig<\/a>\u00a0(31.1.2025)<\/li>\n<li><a href=\"https:\/\/www.freiburg-schwarzwald.de\/blog\/im-notfall-ist-d-ohne-strom\/\">Im Notfall ist D ohne Strom<\/a>\u00a0(13.12.2024)<\/li>\n<li><a href=\"https:\/\/www.freiburg-schwarzwald.de\/blog\/energie\/strom\/dunkelflaute\/\">Die Dunkelflaute und die Gr\u00fcnmedien<\/a>\u00a0(9.11.2024)<\/li>\n<li><a href=\"https:\/\/www.freiburg-schwarzwald.de\/blog\/kultur\/deutsch\/sprache\/einfache-sprache\/\">Energiewende \u2013 Jetzt in einfacher Sprache<\/a>\u00a0(22.7.2024)<\/li>\n<li>Stromhandel mit Frankreich (12.7.2024)<\/li>\n<li><a href=\"https:\/\/www.freiburg-schwarzwald.de\/blog\/vahrenholt-drei-klima-maerchen\/\">Vahrenholt: Drei Klima-M\u00e4rchen<\/a>\u00a0(13.7.2024)<\/li>\n<li>Deutschland ist seit 2023 Netto-Importeur von Strom (14.6.2024)<\/li>\n<li><a href=\"https:\/\/www.freiburg-schwarzwald.de\/blog\/energie\/solar\/photovoltaik\/\">PV-Anlage auf vorgebauter Schr\u00e4gwand \u2013 Elektro Ritter<\/a>\u00a0(24.2.2024)<\/li>\n<li><a href=\"https:\/\/www.freiburg-schwarzwald.de\/blog\/energie\/akw\/nuklear\/\">Welt-Nuklear-Gipfel Br\u00fcssel Mai 2023<\/a>\u00a0(11.12.2023)<\/li>\n<li><a href=\"https:\/\/www.freiburg-schwarzwald.de\/blog\/8-erneuerbar-92-kohlegas\/\">8% Erneuerbar \u2013 92% Kohle+Gas\u201c<\/a>\u00a0(10.12.2023)<a href=\"https:\/\/www.freiburg-schwarzwald.de\/blog\/prof-sinn-erdoel-gas-verbote\/\">Prof Sinn: Erd\u00f6l-\/Gas-Verbote<\/a>\u00a0(1.8.2023)<\/li>\n<li><a href=\"https:\/\/www.freiburg-schwarzwald.de\/blog\/ohne-akws-co2-versorgung\/\">Ohne AKWs: CO2? Versorgung?<\/a>\u00a0(14.4.2023)<\/li>\n<li><a href=\"https:\/\/www.freiburg-schwarzwald.de\/blog\/balkonsolaranlage-petition\/\">Balkonsolaranlage \u2013 Petition<\/a>\u00a0(12.4.2023)<\/li>\n<li><a href=\"https:\/\/www.freiburg-schwarzwald.de\/blog\/3-akws-laufzeiten-verlaengern\/\">3 AKWs: Laufzeiten verl\u00e4ngern<\/a>\u00a0(11.3.2023)<\/li>\n<li><a href=\"https:\/\/www.freiburg-schwarzwald.de\/blog\/engagement\/zukunft\/demokratie\/links\/wagenknecht\/\">Sahra Wagenknecht: Selbstgemachte Energiekrise<\/a>\u00a0(17.9.2022)<\/li>\n<li><a href=\"https:\/\/www.freiburg-schwarzwald.de\/blog\/atomausstieg-aufheben-petition\/\">Atomausstieg aufheben: Petition<\/a>\u00a0(15.9.2022)<\/li>\n<li><a href=\"https:\/\/www.freiburg-schwarzwald.de\/blog\/business\/dienste\/immobilien\/wohnen\/\">Gro\u00dfw\u00e4rmepumpen k\u00f6nnen W\u00e4rme erzeugen, wenn Strom billig ist<\/a> (25.7.2022)<\/li>\n<li><a href=\"https:\/\/www.freiburg-schwarzwald.de\/blog\/energie\/versorgungssicherheit\/\">Habeck: \u201eWir haben ein Gasproblem, kein Stromproblem\u201c<\/a>\u00a0(19.7.2022)<\/li>\n<li><a href=\"https:\/\/www.freiburg-schwarzwald.de\/blog\/energie\/strom\/mieterstrom\/\">Mieterstrom und Alternativen<\/a> (30.5.2022)<\/li>\n<li><strong><a href=\"https:\/\/www.freiburg-schwarzwald.de\/blog\/energie\/erneuerbare\/\">Offener Brief an Minister Robert Habeck zur Energiemangelwirtschaft<\/a>\u00a0(19.5.2022)<\/strong><\/li>\n<li><a href=\"https:\/\/www.freiburg-schwarzwald.de\/blog\/energie\/versorgungssicherheit\/\">Stromausfall: Radioaktivit\u00e4t aus ungek\u00fchlten AKW-Abklingbecken<\/a>\u00a0(1.4.2022)<\/li>\n<li><a href=\"https:\/\/www.freiburg-schwarzwald.de\/blog\/bahn-ohne-strom-erster-april\/\">Bahn ohne Strom? Erster April?<\/a>\u00a0(1.4.2022)<\/li>\n<li><a href=\"https:\/\/www.freiburg-schwarzwald.de\/blog\/sechs-lng-tankschiffe-pro-tag\/\">Sechs LNG-Tankschiffe pro Tag?<\/a>\u00a0(23.3.2022)<\/li>\n<li><a href=\"https:\/\/www.freiburg-schwarzwald.de\/blog\/energie\/strom\/stromzeitalter\/\">Der lange Weg ins Stromzeitalter<\/a> (5.1.2021)<\/li>\n<li><a href=\"https:\/\/www.freiburg-schwarzwald.de\/blog\/ein-kalter-winter-blackout\/\">Ein kalter Winter \u2013 Blackout?<\/a>\u00a0(13.12.2021)<\/li>\n<li><a href=\"https:\/\/www.freiburg-schwarzwald.de\/blog\/stromkrise-framing-kernkraft\/\">Stromkrise, Framing, Kernkraft<\/a> (27.9.2021)<\/li>\n<li><a href=\"https:\/\/www.freiburg-schwarzwald.de\/blog\/energie\/akw\/kernkraft\/\">Fl\u00fcssigsalzreaktor: Aus der W\u00fcste Gobi kommt die Zukunft<\/a>\u00a0(22.9.2021)<\/li>\n<li><a href=\"https:\/\/www.freiburg-schwarzwald.de\/blog\/regio\/verkehr\/e-mobil\/e-auto\/\">Jean P\u00fctz: \u201eEnde von Verbrennungsmotoren zu fordern, ist populistisch\u201c<\/a>\u00a0(20.9.2021)<\/li>\n<li><a href=\"https:\/\/www.freiburg-schwarzwald.de\/blog\/energie\/energiewende\/\">Mythos Energiewende: Film von Marco Pino<\/a>\u00a0(6.8.2021)<\/li>\n<li><a href=\"https:\/\/www.freiburg-schwarzwald.de\/blog\/energie\/energiewende\/\">Energiewende \u2013 ein Kommentar aus der Physik (Uni Heidelberg)<\/a>\u00a0(14.7.2021)<\/li>\n<li><a href=\"https:\/\/www.freiburg-schwarzwald.de\/blog\/natur\/klima\/klimaschutzgesetz\/\">Vahrenholt: Gr\u00fcne erzeugen Klima der Angst<\/a>\u00a0(25.6.2021)<\/li>\n<li><a href=\"https:\/\/www.freiburg-schwarzwald.de\/blog\/bildung\/infantil\/\">Annalena Baerbock: Netz als Stromspeicher<\/a> (26,5,2021)<\/li>\n<li><a href=\"https:\/\/www.freiburg-schwarzwald.de\/blog\/energie\/pv\/\">Freiburger Forscher wollen Strom \u00fcber Stra\u00dfen erzeugen<\/a>\u00a0(29.5.2021)<\/li>\n<li><a href=\"https:\/\/www.freiburg-schwarzwald.de\/blog\/engagement\/zukunft\/planwirtschaft\/\">Smart City: Nachhaltiger Lebensstil \u2013 Strom auf Zuteilung<\/a>\u00a0(2.5.2021)<\/li>\n<li><a href=\"https:\/\/www.freiburg-schwarzwald.de\/blog\/mehr-windraeder-im-schwarzwald\/\">Mehr Windr\u00e4der im Schwarzwald<\/a>\u00a0(17.4.2021)<\/li>\n<li><a href=\"https:\/\/www.freiburg-schwarzwald.de\/blog\/elon-musk-und-bill-gates-akw\/\">Elon Musk und Bill Gates f\u00fcr AKW<\/a>\u00a0(17.2.2021)<\/li>\n<li><a href=\"https:\/\/www.freiburg-schwarzwald.de\/blog\/energie\/akw\/kernkraft\/\">Seit 2010: Von 17 Weltspitze-Kernkraftwerken auf 0 zum Stromsozialismus<\/a> (17.2.2021)<\/li>\n<li><a href=\"https:\/\/www.freiburg-schwarzwald.de\/blog\/energie\/akw\/kernkraft\/\">Dual Fluid Reaktor \u2013 wandert die n\u00e4chste Erfindung aus?<\/a>\u00a0 (28.1.2021)<\/li>\n<li>EEG sei Dank: Deutschland hat die h\u00f6chsten Strompreise der Welt\u00a0 (11.10.20209<\/li>\n<li><a title=\"EEG endlich offen diskutieren\" href=\"https:\/\/www.freiburg-schwarzwald.de\/blog\/eeg-endlich-offen-diskutieren\/\">EEG endlich offen diskutieren<\/a>\u00a0(12.8.2020)<\/li>\n<li><a title=\"Kernkraft\" href=\"https:\/\/www.freiburg-schwarzwald.de\/blog\/energie\/akw\/kernkraft\/\">Verheerende Studie zum Atomausstieg 12 Mrd\/Jahr \u2013 Zwickm\u00fchle f\u00fcr die Gr\u00fcnen<\/a>\u00a0(22.1.2020)<\/li>\n<li><a title=\"E-Mobil\" href=\"https:\/\/www.freiburg-schwarzwald.de\/blog\/regio\/verkehr\/e-mobil\/\">Wenn der Tesla in Brandenburg auf polnisch hupt<\/a>\u00a0(13.1.2020)<\/li>\n<li><a title=\"Die Welt staunt: AKW+CO2 nein\" href=\"https:\/\/www.freiburg-schwarzwald.de\/blog\/die-welt-staunt-akwco2-nein\/\">Die Welt staunt: AKW+CO2 nein<\/a>\u00a0(28.12.2019)<\/li>\n<li><a title=\"Prof Sinn: Klima retten \u2013 wie?\" href=\"https:\/\/www.freiburg-schwarzwald.de\/blog\/prof-sinn-klima-retten-wie\/\">Prof Sinn: Klima retten \u2013 wie?<\/a>\u00a0(24.12.2019)<\/li>\n<li>Hohe Strompreise t\u00f6ten (3.12.2019)<\/li>\n<li><a title=\"Blackout\" href=\"https:\/\/www.freiburg-schwarzwald.de\/blog\/energie\/strom\/blackout\/\">Alternative Klimakonferenz in M\u00fcnchen \u2013 Blackout droht<\/a>\u00a0(27.11.2019)<\/li>\n<li>Strompreis wird weiter explodieren (17.4.2019)<\/li>\n<li><a href=\"https:\/\/www.freiburg-schwarzwald.de\/blog\/schulkinder-keine-angstmache\/\">https:\/\/www.freiburg-schwarzwald.de\/blog\/schulkinder-keine-angstmache\/<\/a>\u00a0(16.2.2019)<\/li>\n<li>Windkraft ist grundlastf\u00e4hig dank gr\u00fcner Stromspeicher (10.10.2018)<\/li>\n<li><a href=\"https:\/\/www.freiburg-schwarzwald.de\/blog\/ch-speicher-fuer-d-oekostrom\/\">https:\/\/www.freiburg-schwarzwald.de\/blog\/ch-speicher-fuer-d-oekostrom\/<\/a> (12.2.2014)<\/li>\n<li><a href=\"https:\/\/www.freiburg-schwarzwald.de\/blog\/eigenstromerzeuger-stromnetz\/\">https:\/\/www.freiburg-schwarzwald.de\/blog\/eigenstromerzeuger-stromnetz\/<\/a>\u00a0(1.12.2013)<\/li>\n<li><a href=\"https:\/\/www.freiburg-schwarzwald.de\/blog\/micronas-stromkunde-freiburg\/\">https:\/\/www.freiburg-schwarzwald.de\/blog\/micronas-stromkunde-freiburg\/<\/a>\u00a0(14.11.2013)<\/li>\n<li><a href=\"https:\/\/www.freiburg-schwarzwald.de\/blog\/oekostrom-verhindert-blackouts\/\">https:\/\/www.freiburg-schwarzwald.de\/blog\/oekostrom-verhindert-blackouts\/<\/a>\u00a0(7.11.2013)<\/li>\n<li><a href=\"https:\/\/www.freiburg-schwarzwald.de\/blog\/atomstrom-teurer-als-windstrom\/\">https:\/\/www.freiburg-schwarzwald.de\/blog\/atomstrom-teurer-als-windstrom\/<\/a>\u00a0(15.8.2013)<\/li>\n<li><a href=\"https:\/\/www.freiburg-schwarzwald.de\/blog\/pumpspeicherwerk-hotzenwald\/\">https:\/\/www.freiburg-schwarzwald.de\/blog\/pumpspeicherwerk-hotzenwald\/<\/a>\u00a0(27.4.2013)<\/li>\n<li><a title=\"Dagegen-Sein und Zeitgeist\" href=\"https:\/\/www.freiburg-schwarzwald.de\/blog\/dagegen-sein-und-zeitgeist\/\">Dagegen-Sein und Zeitgeist <\/a>(23.3.2013)<\/li>\n<li><a href=\"https:\/\/www.freiburg-schwarzwald.de\/blog\/energiewende-dreiland-2013\/\">https:\/\/www.freiburg-schwarzwald.de\/blog\/energiewende-dreiland-2013\/<\/a>\u00a0(4.1.2013)<\/li>\n<li>Energie-Sachverst\u00e4ndigenrat ohne Ingenieure und Physiker? (29.11.2012)<\/li>\n<li>Energienetzexperte sieht Stromsicherheit gef\u00e4hrdet (21.11.2012)<\/li>\n<li><a href=\"https:\/\/www.freiburg-schwarzwald.de\/blog\/dena-solarfoerderung-beenden\/\">https:\/\/www.freiburg-schwarzwald.de\/blog\/dena-solarfoerderung-beenden\/<\/a>\u00a0(15.11.2012)<\/li>\n<li>Vier Umlagen + netzgeld erh\u00f6hen den Strompreis (13.11.2012)<\/li>\n<li><a href=\"https:\/\/www.freiburg-schwarzwald.de\/blog\/2012\/04\/30\/mit-wind-solarstrom-erneuerbares-methan-erzeugen-am-hanisenhof\/\">https:\/\/www.freiburg-schwarzwald.de\/blog\/2012\/04\/30\/mit-wind-solarstrom-erneuerbares-methan-erzeugen-am-hanisenhof\/<\/a><\/li>\n<li><a href=\"https:\/\/www.freiburg-schwarzwald.de\/strom2.htm\">Aktuelle Infos zur Strom-Seite ab 2012<\/a> &gt;Strom2<\/li>\n<li><a href=\"https:\/\/www.freiburg-schwarzwald.de\/strom1.htm\">Aktuelle Infos zur Strom-Seite<\/a> &gt;Strom1<\/li>\n<li><a href=\"https:\/\/www.freiburg-schwarzwald.de\/energiepolitik3.htm#Das EEG wird zum Anfang 2009 novelliert\">Das EEG wird zum Anfang 2009 novelliert<\/a> &gt;Energiepolitik3 (14.1.2008)<\/li>\n<li><a href=\"https:\/\/www.freiburg-schwarzwald.de\/strom.htm#Badenovas \u00d6kostrom macht Energieproduktion nicht sauberer\">Badenovas \u00d6kostrom macht Energieproduktion nicht sauberer<\/a> &gt;Strom (11.1.2008)<\/li>\n<li><a href=\"https:\/\/www.freiburg-schwarzwald.de\/strom.htm#Badenova: Strom ist wirklich \u00f6ko - keine Umetikettierung\">Badenova: Strom ist wirklich \u00f6ko &#8211; keine Umetikettierung<\/a> &gt;Strom (8.1.2008)<\/li>\n<li><a href=\"https:\/\/www.freiburg-schwarzwald.de\/weihnachten.htm#Weihnachten unter Strom - Wer leuchtet mit wieviel Watt\">Weihnachten unter Strom &#8211; Wer leuchtet mit wieviel Watt?<\/a> &gt;Weihnachten (23.12.2007)<\/li>\n<li><a href=\"https:\/\/www.freiburg-schwarzwald.de\/strom.htm#Strom ist bei uns in Baden besonders teuer\">Strom ist bei uns in Baden besonders teuer<\/a> &gt;Strom (4.12.2007)<\/li>\n<li><a href=\"https:\/\/www.freiburg-schwarzwald.de\/littenweiler\/energiesparlampen.htm#Neue Strassenlampen am Tuniberg - mangelnder Leuchtkraft\">Neue Strassenlampen am Tuniberg &#8211;\u00a0 mangelnder Leuchtkraft<\/a> &gt;Energiesparlampen (20.11.07)<\/li>\n<li><a href=\"https:\/\/www.freiburg-schwarzwald.de\/kraft-waerme-kopplung.htm#Gegenwind f\u00fcr den \u00d6kostrom durch KWK\">Gegenwind f\u00fcr den \u00d6kostrom durch KWK<\/a> &gt;Kraft-Waerme-Kopplung (30.10.2007)<\/li>\n<li><a href=\"https:\/\/www.freiburg-schwarzwald.de\/wind1.htm#Windstrom als Wasserstoff speichern\">Windstrom als Wasserstoff speichern<\/a> &gt;Wind1 (22.9.2007)<\/li>\n<li><a href=\"https:\/\/www.freiburg-schwarzwald.de\/verbraucher1.htm#Stromsparende Haushaltsger\u00e4te - Kostenlose Brosch\u00fcre von ecotrinova\">S<\/a><a href=\"https:\/\/www.freiburg-schwarzwald.de\/verbraucher1.htm#Stromsparende Haushaltsger\u00e4te - Kostenlose Brosch\u00fcre von ecotrinova\">tromsparende Haushaltsger\u00e4te &#8211; Kostenlose Brosch\u00fcre von ecotrinova<\/a>&gt;Verbraucher1 (20.9.07)<\/li>\n<li><a href=\"https:\/\/www.freiburg-schwarzwald.de\/strom.htm#Erfolg gegen Atomlobby - Vattenfall verliert 100000 Stromkunden\">Erfolg gegen Atomlobby &#8211; Vattenfall verliert 100000 Stromkunden<\/a> (12.9.2007)<\/li>\n<li><a href=\"https:\/\/www.freiburg-schwarzwald.de\/strom.htm#Windstrom dr\u00fcckt den Preis - Windstrom versus Atomstrom\">Windstrom dr\u00fcckt den Preis &#8211; Windstrom versus Atomstrom<\/a>\u00a0 (8.8.2007)<\/li>\n<li><a href=\"https:\/\/www.freiburg-schwarzwald.de\/strom.htm#Dr. Eva Stegen von EWS: Zu \u00d6kostrom wechseln\">Dr. Eva Stegen von EWS: Zu \u00d6kostrom wechseln<\/a> &gt;Strom (7.7.2007)<\/li>\n<li><a href=\"https:\/\/www.freiburg-schwarzwald.de\/strom.htm#Elektrizit\u00e4tswerke Sch\u00f6nau erhalten Deutschen Gr\u00fcnderpreis\">Elektrizit\u00e4tswerke Sch\u00f6nau erhalten Deutschen Gr\u00fcnderpreis<\/a> (20.6.2007)<\/li>\n<li><a href=\"https:\/\/www.freiburg-schwarzwald.de\/reute.htm#Jungst\u00f6rche auf Strommast von einem EnBW-Monteur beringt\">Jungst\u00f6rche auf Strommast von einem EnBW-Monteur beringt<\/a> &gt;Reute (19.6.2007)<\/li>\n<li><a href=\"https:\/\/www.freiburg-schwarzwald.de\/littenweiler\/universitaet1.htm#ZEE - Zentrum f\u00fcr Erneuerbare Energien der Universit\u00e4t seit April 2007\">ZEE &#8211; Zentrum f\u00fcr Erneuerbare Energien der Universit\u00e4t seit April 2007<\/a> &gt;Universitaet1 (16.6.07)<\/li>\n<li><a href=\"https:\/\/www.freiburg-schwarzwald.de\/kraft-waerme-kopplung.htm#Dezentral W\u00e4rme und auch Strom erzeugen\">Dezentral W\u00e4rme und auch Strom erzeugen<\/a> &gt;Kraft-Waerme-Kopplung (30.5.2007)<\/li>\n<li><a href=\"https:\/\/www.freiburg-schwarzwald.de\/strom.htm#Drei unbequeme Wahrheiten zum \u00d6ko-Strom\">Drei unbequeme Wahrheiten zum \u00d6ko-Strom<\/a> (28.5.2007)<\/li>\n<li><a href=\"https:\/\/www.freiburg-schwarzwald.de\/rhein.htm#Wasserkraftwerk Rheinfelden seit 2003 im Bau\">Wasserkraftwerk Rheinfelden seit 2003 im Bau<\/a> &gt;Rhein (11.4.2007)<\/li>\n<li><a href=\"https:\/\/www.freiburg-schwarzwald.de\/strom.htm#Elektroheizung - hohe Kosten und vollkommen un\u00f6kologisch\">Elektroheizung &#8211; hohe Kosten und vollkommen un\u00f6kologisch<\/a> (28.3.2007)<\/li>\n<li><a href=\"https:\/\/www.freiburg-schwarzwald.de\/strom.htm#Energiesparlampen: Steigende Strahlenbelastung in Wohnr\u00e4umen\">Energiesparlampen: Steigende Strahlenbelastung in Wohnr\u00e4umen<\/a> (17.3.2007)<\/li>\n<li><a href=\"https:\/\/www.freiburg-schwarzwald.de\/strom.htm#Der \u00d6kostrom schl\u00e4gt den Standardstrom\">Der \u00d6kostrom schl\u00e4gt den Standardstrom<\/a> &gt;Energie1 (13.1.2007)<\/li>\n<li><a href=\"https:\/\/www.freiburg-schwarzwald.de\/energiepolitik3.htm#EWS erhalten Preis des Forum Zukunfts\u00f6konomie\">EWS erhalten Preis des Forum Zukunfts\u00f6konomie<\/a> &gt;Energiepolitik3 (9.12.2006)<\/li>\n<li><a href=\"https:\/\/www.freiburg-schwarzwald.de\/strom.htm#Wer zum \u00d6kostrom wechselt, spart\">Wer zum \u00d6kostrom wechselt, spart<\/a> (3.8.2006)<\/li>\n<li><a href=\"https:\/\/www.freiburg-schwarzwald.de\/strom.htm#Strom aus erneuerbaren Energien schneller als erwartet wirtschaftlich\">Strom aus erneuerbaren Energien schneller als erwartet wirtschaftlich<\/a> (28.7.2006)<\/li>\n<li><a href=\"https:\/\/www.freiburg-schwarzwald.de\/energiepolitik2.htm#F\u00f6rderverein f\u00fcr umweltfreundliche Stromverteilung und Energieerzeugung Sch\u00f6nau ? FUSS e.V\">F\u00f6rderverein f\u00fcr umweltfreundliche Stromverteilung und Energieerzeugung Sch\u00f6nau\u00a0 FUSS e.V<\/a> &gt;Energiepolitik2 (1.10.2005)<\/li>\n<li><a href=\"https:\/\/www.freiburg-schwarzwald.de\/schoenau1.htm#Stromrebellen - EWS erh\u00e4lt 1,2 Millionen Euro zur\u00fcck\">Stromrebellen &#8211; EWS erh\u00e4lt 1,2 Millionen Euro zur\u00fcck<\/a>\u00a0&gt;Schoenau1 (29.7.2005)<\/li>\n<li><\/li>\n<li>EEX.com &#8211; European Energy Exchange in Leipzig &#8211; Transparenzplattform<\/li>\n<li><a href=\"https:\/\/www.freiburg-schwarzwald.de\/energie\/index.htm#100 Prozent GmbH - Wirtschaftsverband in Freiburg\">100 Prozent GmbH &#8211; Wirtschaftsverband in Freiburg<\/a> &gt;Energie<\/li>\n<li><a title=\"badenova\" href=\"https:\/\/www.freiburg-schwarzwald.de\/blog\/energie\/strom\/badenova\/\">badenova<\/a><\/li>\n<li><a title=\"Blackout\" href=\"https:\/\/www.freiburg-schwarzwald.de\/blog\/energie\/strom\/blackout\/\">Blackout<\/a><\/li>\n<li><a href=\"https:\/\/www.freiburg-schwarzwald.de\/energiepolitik.htm#bne - Bundesverband Neuer Energieanbieter e.V.\">bne &#8211; Bundesverband Neuer Energieanbieter e.V.<\/a>\u00a0 &gt;Energiepolitik<\/li>\n<li><a href=\"https:\/\/www.freiburg-schwarzwald.de\/blog\/natur\/klima\/cop\/\">COP<\/a><\/li>\n<li><a href=\"https:\/\/www.freiburg-schwarzwald.de\/blog\/energie\/strom\/dunkelflaute\/\">Dunkelflaute<\/a><\/li>\n<li><a href=\"https:\/\/www.freiburg-schwarzwald.de\/blog\/regio\/verkehr\/e-mobil\/e-auto\/\">E-Auto<\/a><\/li>\n<li><a href=\"https:\/\/www.freiburg-schwarzwald.de\/e-bike.htm\">eBike &#8211; E-Bike &#8211; Elektro-Fahrrad<\/a> &gt;E-Bike<\/li>\n<li><a title=\"E-Mobil\" href=\"https:\/\/www.freiburg-schwarzwald.de\/blog\/regio\/verkehr\/e-mobil\/\">E-Mobil<\/a><\/li>\n<li><a href=\"https:\/\/www.freiburg-schwarzwald.de\/elektroauto.htm\">E-Auto<\/a> &gt;Elektroauto<\/li>\n<li><a title=\"EEG\" href=\"https:\/\/www.freiburg-schwarzwald.de\/blog\/energie\/strom\/eeg\/\">EEG &#8211; Erneuerbare Energien Gesetz<\/a><\/li>\n<li><a href=\"https:\/\/www.freiburg-schwarzwald.de\/strom.htm#EEX - Stromb\u00f6rse in Leipzig\">EEX &#8211; Stromb\u00f6rse in Leipzig<\/a><\/li>\n<li><a href=\"https:\/\/www.freiburg-schwarzwald.de\/genossenschaften.htm#Energie in B\u00fcrgerhand\">Energie in B\u00fcrgerhand<\/a> &gt;Genossenschaften<\/li>\n<li><a href=\"https:\/\/www.freiburg-schwarzwald.de\/strom.htm#Energiedienst (ED) in Laufenburg - Strom aus Wasserkraft\">Energiedienst (ED) in Laufenburg &#8211; Strom aus Wasserkraft<\/a> &gt;Strom<\/li>\n<li><a href=\"https:\/\/www.freiburg-schwarzwald.de\/energiecontracting.htm\">Energiecontracting: Win-Win-Situation f\u00fcr Stromanbieter und -kunde<\/a> &gt;Energiecontracting<\/li>\n<li><a href=\"https:\/\/www.freiburg-schwarzwald.de\/littenweiler\/energiesparlampen.htm\">Energiesparlampen und Energiesparen<\/a> &gt;Energiesparlampen<\/li>\n<li><a href=\"https:\/\/www.freiburg-schwarzwald.de\/blog\/energie\/energietechnik\/\">Energietechnik<\/a><\/li>\n<li><a title=\"Energiewende\" href=\"https:\/\/www.freiburg-schwarzwald.de\/blog\/energie\/energiewende\/\">Energiewende<\/a><\/li>\n<li><a href=\"https:\/\/www.freiburg-schwarzwald.de\/blog\/energie\/energiewende\/energie-kurskorrektur\/\">Energie-Kurskorrektur<\/a><\/li>\n<li><a href=\"https:\/\/www.freiburg-schwarzwald.de\/blog\/energie\/erneuerbare\/\">Erneuerbare Energien<\/a><\/li>\n<li><a title=\"EWS-Schoenau\" href=\"https:\/\/www.freiburg-schwarzwald.de\/blog\/energie\/strom\/ews-schoenau\/\">EWS &#8211; Energiewerke Sch\u00f6nau <\/a><\/li>\n<li><a href=\"https:\/\/www.freiburg-schwarzwald.de\/strom.htm#GWE - Gesellschaft f\u00fcr wirtschaftliche Energieversorgung\">GWE &#8211;<\/a><a href=\"https:\/\/www.freiburg-schwarzwald.de\/strom.htm#GWE - Gesellschaft f\u00fcr wirtschaftliche Energieversorgung\">Gesellschaft f\u00fcr wirtschaftliche Energieversorgung<\/a><\/li>\n<li><a href=\"https:\/\/www.freiburg-schwarzwald.de\/blog\/natur\/umwelt\/linke-gew\/\">Infrastruktur-Anschl\u00e4ge<\/a><\/li>\n<li><a href=\"https:\/\/www.freiburg-schwarzwald.de\/klima.htm#Innovation Academy in Freiburg\">Innovation Academy in Freiburg<\/a> &gt;Klima<\/li>\n<li><a title=\"Kernkraft\" href=\"https:\/\/www.freiburg-schwarzwald.de\/blog\/energie\/akw\/kernkraft\/\">Kernkraft<\/a><\/li>\n<li><a href=\"https:\/\/www.freiburg-schwarzwald.de\/blog\/natur\/klima\/klimaschutzgesetz\/\">Klimaschutzgesetz<\/a><\/li>\n<li><a href=\"https:\/\/www.freiburg-schwarzwald.de\/kraft-waerme-kopplung.htm\">Kraft-W\u00e4rme-Kopplung (KWK) <\/a>&gt;Kraft-Waerme-Kopplung<\/li>\n<li><a href=\"https:\/\/www.freiburg-schwarzwald.de\/strom.htm#KWS, Kraft-W\u00e4rme-Sch\u00f6nau GmbH\">KWS, Kraft-W\u00e4rme-Sch\u00f6nau GmbH<\/a><\/li>\n<li><a href=\"https:\/\/www.freiburg-schwarzwald.de\/blog\/energie\/strom\/licht-statt-strom\/\">Licht-statt-Strom<\/a><\/li>\n<li><a title=\"LOHC\" href=\"https:\/\/www.freiburg-schwarzwald.de\/blog\/energie\/wasserstoff\/lohc\/\">LOHC \u2013 Tr\u00e4gerfl\u00fcssigkeit f\u00fcr H2<\/a><\/li>\n<li><a href=\"https:\/\/www.freiburg-schwarzwald.de\/genossenschaften.htm#MEG - Mittelbadische Energiegenossenschaft in Baden-Baden\">MEG &#8211; Mittelbadische Energiegenossenschaft in Baden-Baden<\/a> &gt;Genossenschaften<\/li>\n<li><a href=\"https:\/\/www.freiburg-schwarzwald.de\/blog\/energie\/strom\/mieterstrom\/\">Mieterstrom<\/a><\/li>\n<li><a href=\"https:\/\/www.freiburg-schwarzwald.de\/blog\/energie\/akw\/nuklear\/\">Nuklear<\/a><\/li>\n<li><a href=\"https:\/\/www.freiburg-schwarzwald.de\/strom.htm#\u00d6kostrom Erzeugung Freiburg GmbH\">\u00d6kostrom Freiburg GmbH<\/a><\/li>\n<li><a href=\"https:\/\/www.freiburg-schwarzwald.de\/littenweiler\/solar.htm#Solartechnik = Fotovoltaik\/Strom + Sonnenkollektor\/W\u00e4rme\">Photovoltaik: Umwandlung von Sonnenenergie in Strom<\/a> &gt;Solar<\/li>\n<li><a title=\"Power-to-Gas\" href=\"https:\/\/www.freiburg-schwarzwald.de\/blog\/energie\/power-to-gas\/\">Power-to-Gas<\/a><\/li>\n<li><a title=\"Pumpspeicher\" href=\"https:\/\/www.freiburg-schwarzwald.de\/blog\/energie\/pumpspeicher\/\">Pumpspeicherkraftwerk im Hotzenwald<\/a><\/li>\n<li><a href=\"https:\/\/www.freiburg-schwarzwald.de\/blog\/energie\/pv\/\">PV<\/a><\/li>\n<li><a href=\"https:\/\/www.freiburg-schwarzwald.de\/strom.htm#Regiomix 2030: Strom aus Wind, Wasser, Sonne\">Regiomix 2030: Strom aus Wind, Wasser, Sonne<\/a>\u00a0 &gt;Strom<\/li>\n<li><a href=\"https:\/\/www.freiburg-schwarzwald.de\/blog\/energie\/strom\/strommangel\/\">Strommangel<\/a><\/li>\n<li><a href=\"https:\/\/www.freiburg-schwarzwald.de\/littenweiler\/kartaus-bauernhof.htm#Stromschl\u00f6ssle - Wassernutzung seit 1907\">Stromschl\u00f6ssle &#8211; Wassernutzung seit 1907<\/a> &gt;Kartaus-Bauernhof<\/li>\n<li><a href=\"https:\/\/www.freiburg-schwarzwald.de\/blog\/energie\/strom\/stromspeicher\/\">Stromspeicher<\/a><\/li>\n<li><a href=\"https:\/\/www.freiburg-schwarzwald.de\/blog\/energie\/strom\/stromzeitalter\/\">Stromzeitalter<\/a><\/li>\n<li><a href=\"https:\/\/www.freiburg-schwarzwald.de\/twike.htm\">Twike fahren<\/a> &gt;Twike<\/li>\n<li><a href=\"https:\/\/www.freiburg-schwarzwald.de\/blog\/energie\/versorgungssicherheit\/\">Versorgungssicherheit<\/a><\/li>\n<li><a href=\"https:\/\/www.freiburg-schwarzwald.de\/bio-wasserstoff.htm\">Wasserstoffwirtschaft<\/a> &gt;Bio-Wasserstoff<\/li>\n<li><a href=\"https:\/\/www.freiburg-schwarzwald.de\/globalisierung.htm#Erde vom Satelliten aus gesehen\">Welt: Unsere Erde vom Satelliten aus (USA bei Nacht &#8211; Strombverbrauch)<\/a> &gt;Globalisierung<\/li>\n<\/ul>\n<p><strong>Das nicht haltbare staatliche Subventionsversprechen<\/strong><br \/>\nDer Windrad-\/Solarinvestor von 2025 legt sein Kapital im Vertrauen auf die 20-j\u00e4hrige <a href=\"https:\/\/www.freiburg-schwarzwald.de\/blog\/engagement\/zukunft\/demokratie\/staat\/subventionen\/\">Subventionszusage<\/a> des Staates an \u2013 in einem Vertrag zu Lasten Dritter, n\u00e4mlich des Steuerb\u00fcrgers und seiner Kinder. Kann dieses von unseren Politikern eingebrockte staatliche Subventionsversprechen bis 2045 bei anhaltender Schrumpfung der Volkswirtschaft und Deindustrialisierung je gehalten werden? Eine grundlegende Frage, auf die Manfred Haferburg immer wieder hinweist \u2013 mehr\u00a0<a href=\"https:\/\/www.freiburg-schwarzwald.de\/blog\/energie\/energiewende\/energie-kurskorrektur\/\">hier<\/a>.<br \/>\n===========================================================<\/p>\n<p>.<\/p>\n<p><strong>Energie: Atomstrom aus Frankreich \u2013 bald nicht mehr?<\/strong><br \/>\nWir haben uns schon fast daran gew\u00f6hnt, dass uns Frankreich mit Atomstrom aushilft, wenn bei uns in Deutschland wegen einer \u201eDunkelflaute\u201c bei K\u00e4lte und Windstille zigtausend Windr\u00e4der keinen Strom mehr liefern. Zu diesem als \u201eBlackout\u201c bekannten gef\u00e4hrlichen Engpass gesellt sich im Sommerhalbjahr nun die Furcht vor einer \u201eHellbrise\u201c durch ein \u00dcberangebot von Solarenergie um die Mittagszeit. Ursache dieser Unzuverl\u00e4ssigkeit ist seit der Abschaltung der letzten deutschen Kernkraftwerke und der Sprengung von immer mehr neuwertigen Kohlekraftwerken das Fehlen regelbarer Kapazit\u00e4ten der Elektrizit\u00e4tserzeugung f\u00fcr die Abdeckung der Grundlast. Dennoch konnten die in Deutschland regierenden Parteien mit ihrem Leichtsinn jahrelang ungestraft fortfahren, weil vor allem Frankreich, gegen teures Geld, zuverl\u00e4ssig \u00fcber Engp\u00e4sse hinweghalf. Doch damit k\u00f6nnte bald Schluss sein.<br \/>\n.<br \/>\nNur langsam verbreitet sich in Frankreich die Einsicht, dass sich das Land, wie ganz Europa, in einem globalen Energiekrieg befindet <a href=\"https:\/\/www.amazon.fr\/Guerre-l%C3%A9nergie-nouveau-conflit-mondial\/dp\/2268109445\">https:\/\/www.amazon.fr\/Guerre-l%C3%A9nergie-nouveau-conflit-mondial\/dp\/2268109445<\/a> .Westeuropa ist zu fast 60 Prozent von Energie-Importen abh\u00e4ngig und befindet sich eingezw\u00e4ngt zwischen den USA, die seit einigen Jahren energieautark sind, und Russland, das schon lange energieautark ist. Die beiden Gro\u00dfm\u00e4chte k\u00f6nnen deshalb mit Europa im Prinzip machen, was sie wollen.<br \/>\nFrankreich ist das einzige westeurop\u00e4ische Land, das dank seiner Kernkraftwerke erheblich weniger von Energieimporten abh\u00e4ngig ist und noch die Chance h\u00e4tte, eine souver\u00e4ne Energiepolitik ins Werk zu setzen. Diese Politik m\u00fcsste damit beginnen, die franz\u00f6sischen Stromkunden durch ein anderes Tarifsystem endlich wieder in den Genuss der niedrigen Gestehungskosten des Kernkraft-Stroms kommen zu lassen. Das w\u00fcrde der bereits fortgeschrittenen Abwanderung von Industriebetrieben entgegenwirken. Pr\u00e4sident Emmanuel Macron hat das 2022 in seiner vielzitierten Rede in der ostfranz\u00f6sischen Industriestadt Belfort angedeutet, als er eine \u201eRenaissance der Kernenergie\u201c ank\u00fcndigte. Doch dabei ist es bislang leider geblieben.<\/p>\n<p>Dieser Beitrag erschien zuerst auf der Webseite des <a href=\"https:\/\/www.freiburg-schwarzwald.de\/blog\/energie\/energiepolitik\/eike\/\">Europ\u00e4ischen Institutes f\u00fcr Klima und Energie (EIKE)<\/a>.<br \/>\n&#8230; Alles vom 22.4.2025 bitte lesen auf<br \/>\n<a href=\"https:\/\/eike-klima-energie.eu\/2025\/04\/18\/auf-energie-aus-frankreich-kann-sich-niemand-verlassen-bis-auf-weiteres\/\">https:\/\/eike-klima-energie.eu\/2025\/04\/18\/auf-energie-aus-frankreich-kann-sich-niemand-verlassen-bis-auf-weiteres\/<\/a><\/p>\n<p><em>Edgar L. G\u00e4rtner ist studierter Hydrobiologe und Politikwissenschaftler. Seit 1993 selbstst\u00e4ndiger Redakteur und Berater, als solcher bis 1996 Chefredakteur eines Naturmagazins. Bis Ende 2007 Leiter des Umweltforums des Centre for the New Europe (CNE) in Br\u00fcssel. In Deutschland und in S\u00fcdfrankreich ist er als Autor und Strategieberater t\u00e4tig.<\/em><\/p>\n<p>&nbsp;<\/p>\n<p><strong>Stromhandel mit Frankreich<\/strong><br \/>\nIn einem Artikel bei Business Insider wird \u00fcber die M\u00f6glichkeit der Begrenzung von Stromimporten aus Frankreich spekuliert. Ganz so einfach ist es wohl nicht. Frankreich w\u00e4re zudem nicht gut beraten, deutschen \u00dcberschuss-Strom mit Geld dazu zu verschm\u00e4hen und sp\u00e4ter dann bei Mangellage Deutschland mit entsprechendem Aufschlag Strom zu verkaufen.<\/p>\n<p><a href=\"https:\/\/www.freiburg-schwarzwald.de\/blog\/wp-content\/uploads\/2024\/07\/strom-exporte2024europa.jpg\"><img loading=\"lazy\" decoding=\"async\" class=\"alignnone size-thumbnail wp-image-125493\" src=\"https:\/\/www.freiburg-schwarzwald.de\/blog\/wp-content\/uploads\/2024\/07\/strom-exporte2024europa-180x180.jpg\" alt=\"\" width=\"180\" height=\"180\" srcset=\"https:\/\/www.freiburg-schwarzwald.de\/blog\/wp-content\/uploads\/2024\/07\/strom-exporte2024europa-180x180.jpg 180w, https:\/\/www.freiburg-schwarzwald.de\/blog\/wp-content\/uploads\/2024\/07\/strom-exporte2024europa-640x638.jpg 640w, https:\/\/www.freiburg-schwarzwald.de\/blog\/wp-content\/uploads\/2024\/07\/strom-exporte2024europa-768x765.jpg 768w, https:\/\/www.freiburg-schwarzwald.de\/blog\/wp-content\/uploads\/2024\/07\/strom-exporte2024europa.jpg 892w\" sizes=\"auto, (max-width: 180px) 100vw, 180px\" \/><\/a><br \/>\n.<br \/>\n\u201cDeutschland und auch Frankreich sind wichtige Stromtransitl\u00e4nder in der EU. Es wird fortlaufend Strom importiert und exportiert und dorthin weitergereicht, wo er ben\u00f6tigt wird. Der gemeinsame Strommarkt in Europa soll es erm\u00f6glichen, Geld einzusparen und Emissionen zu senken. Konkrete Zahlen f\u00fcr Deutschland: Den Daten des Fraunhofer-Instituts f\u00fcr Solare Energiesysteme (ISE) zufolge lieferte Deutschland in diesem Jahr bis zum 8. Juli rund 26,2 Terawattstunden (TWh) Strom an andere europ\u00e4ische Staaten. Andererseits erhielt die Bundesrepublik von ihren Nachbarn 38,3 TWh. Zum Vergleich: Die \u00f6ffentliche Nettostromerzeugung in Deutschland (also ohne die Eigenversorgung der Industrie) liegt im selben Zeitraum bei rund 234 TWh. Davon fallen im Saldo knapp f\u00fcnf Prozent auf Stromimporte.\u201d<\/p>\n<p>Frankreich ist im Jahre 2024 das Kraftzentrum, was die Erzeugung von Strom und den Export in Europa angeht.<br \/>\n&#8230; Alles vom 12.7.2024 bitte lesen auf<br \/>\n<a href=\"https:\/\/klimanachrichten.de\/2024\/07\/12\/stromhandel-mit-frankreich\/\">https:\/\/klimanachrichten.de\/2024\/07\/12\/stromhandel-mit-frankreich\/<\/a><\/p>\n<p>&nbsp;<\/p>\n<p><strong>Deutschland ist seit 2023 Netto-Importeur von Strom<\/strong><br \/>\nGanz Deutschland ist seit 2023 Netto-Importeur von Strom. Zur oft geh\u00f6rten Idee, Strom w\u00fcrde durch den Ausbau der Erneuerbaren auf lange Sicht billiger: Das Gegenteil ist der Fall, denn mit jedem Zubau muss auch der Reservekraftwerkspark (in Marbach steht sogar ein \u00d6l-Kraftwerk, das versch\u00e4mt &#8222;Netzstabilit\u00e4tsanlage&#8220; genannt wird) zunehmen, der schon im Stand-by erheblich CO2 ausst\u00f6\u00dft. Auch das durch den schwankenden Ertrag von Wind und Sonne n\u00f6tige Auf- und Abregeln der Backup-Kraftwerke (Redispatch) zur Erhaltung der Netzstabilit\u00e4t wird logischerweise bei weiterem Ausbau zunehmen; die Kosten werden immer h\u00f6her! Denselben Effekt bringt leider auch das immer h\u00e4ufiger werdende Ph\u00e4nomen des \u00dcberangebots (zum Beispiel durch Mittagsspitzen von Solarstrom), wobei der Strompreis ins Negative rutscht, aber die Betreiber laut EEG ihre vereinbarte Verg\u00fctung erhalten und das stromabnehmende Land auch noch bezahlt werden muss.<br \/>\nBaden-W\u00fcrttemberg ist das windschw\u00e4chste Bundesland, und alles Gerede \u00fcber mehr Potenzial durch mehr Windkraft macht die Rechnung ohne den Wirt. Das ist und bleibt nun einmal der Wind, der bekanntlich weht, wann, wo und wie stark er will, allen politischen Tr\u00e4umen und Vorgaben zum Trotz. Derzeit weht er sehr sp\u00e4rlich, und unser Strombedarf ist ihm herzlich egal. Insofern sind die letzten S\u00e4tze von Frau Sch\u00f6ls\u2019 Artikel die gehaltvollsten, wenn sie die IHK-Vizepr\u00e4sidentin zitiert: Die Unternehmen seien verunsichert, nicht nur mit Blick auf die Strompreise, sondern auch auf Dunkelflauten, wenn weder Sonne noch Wind f\u00fcr Strom sorgen. &#8222;Ein ,gr\u00fcnes Wirtschaftswunder\u2019 sieht die IHK in den n\u00e4chsten Jahren nicht.&#8220; Da hat sie allerdings recht.<br \/>\n14.6.2024, Rainer Semsch, M\u00fcnstertal<\/p>\n<p>&nbsp;<\/p>\n<p><strong>EEG sei Dank: Deutschland hat die h\u00f6chsten Strompreise der Welt<\/strong><br \/>\nWo ein Windrad hinkommt, bestimmen wir! Das Erneuerbare Energien Gesetz (EEG), das Deutschland die h\u00f6chsten Strompreise der Welt beschert hat,<br \/>\nhttps:\/\/www.rtl.de\/cms\/internationale-preisanalyse-deutsche-zahlen-weltweit-den-hoechsten-strompreis-4618762.html<br \/>\nist das gr\u00f6\u00dfte Gaunerst\u00fcck in der Wirtschaftsgeschichte der Bundesrepublik, ein landschaftssch\u00e4nderisches Milliardengesch\u00e4ft f\u00fcr Konzerne, Subventionskassierer und Lobbyisten (ein paar Kr\u00fcmel fallen auch f\u00fcr die Organisatoren von Veranstaltungen h\u00fcpfender Schulschw\u00e4nzer ab). Pro Jahr werden allein 27 Milliarden Euro \u00fcber die EEG-Umlage umverteilt, ungef\u00e4hr die H\u00e4lfte davon stammt aus privaten Haushalten, das hei\u00dft letztlich, das Geld flie\u00dft aus der Tasche der Aldi-Kassiererin via Stromrechnung in die Aktiendepots von Grundbesitzern und Investorengruppen. Nach den Worten des einstigen Umwelt- und heutigen Wirtschaftsministers Peter Altmaier wird die Energiewende bis Ende der 2030er Jahre bis zu einer Billion Euro kosten.<br \/>\nDie deutsche Geschichte kennt kein vergleichbares \u00fcber den Steuerzahler staatlich subventioniertes Umverteilungs- und Naturzerst\u00f6rungsprogramm. Hier wird heimische Fauna und Flora, hier werden Substanz und Sch\u00f6nheit mit einer R\u00fccksichtlosigkeit vernichtet, deren Anprangerung unter Strafe zu stellen im Grunde ein folgerichtiger n\u00e4chster Schritt in den gr\u00fcnen Totalitarismus ist.<br \/>\n&#8230; Alles vom 11.10.2020 bitte lesen auf<br \/>\n<a href=\"https:\/\/michael-klonovsky.de\/acta-diurna\">https:\/\/michael-klonovsky.de\/acta-diurna<\/a><\/p>\n<p>&nbsp;<\/p>\n<p><strong>Hohe Strompreise t\u00f6ten<\/strong><br \/>\nHier geht es um ein Papier mit dem unverf\u00e4nglichen Titel Be Cautious with the Precautionary Principle: Evidence from Fukushima Daiichi Nuclear Accident. \u00dcbersetzt etwa: Vorsicht mit dem Vorsorgeprinzip, Nachweis durch das Ungl\u00fcck in Fukushima. Was man auf den ersten Blick gar nicht vermuten mag, dieses Diskussionspapier stammt vom Institut zur Zukunft der Arbeit (IZA) in Bonn. Eine Wirtschaftsforschungseinrichtung der Deutschen-Post-Stiftung. <a href=\"https:\/\/ftp.iza.org\/dp12687.pdf\">https:\/\/ftp.iza.org\/dp12687.pdf<\/a><br \/>\n&#8230;<br \/>\nLange Rede, kurzer Sinn \u2013 allen Statistik-Freaks sei der Originalartikel empfohlen \u2013 die Studie kommt zu dem Ergebnis, da\u00df infolge des Strompreisanstiegs durch die Abschaltung der Kernkraftwerke im Zeitraum 2011\u20132014 in Japan zus\u00e4tzlich mindestens 4500 Menschen gestorben sind. &#8230;.<br \/>\nBei aller Skepsis, die ein Kerntechniker gegen\u00fcber Korrelationen und daraus abgeleiteten Todesursachen hat, bleibt jedoch eine klare \u2013 wenn eigentlich triviale \u2013 Aussage: Hohe Energiepreise t\u00f6ten. Dies sei allen Anh\u00e4ngern der \u00d6ko-Sozialistischen-Verzichtskultur in ihre Gebetb\u00fccher geschrieben. Sie t\u00f6tet nicht virtuell, wie irgendeine (eingebildete) Strahlengefahr, sondern ganz unmittelbar und me\u00dfbar. Die \u201eK\u00e4ltetoten\u201c sind real und erfa\u00dfbar. Kein Obdachloser oder Kleinrentner dem Strom und Gas abgestellt wurde, stirbt freiwillig. Alle Anh\u00e4nger der \u201egro\u00dfen Transformation\u201c m\u00fcssen sich einst wie ihre ideologischen Vorg\u00e4nger Hitler, Stalin, Mao und Pol Pot f\u00fcr ihre Ideologie vor Gott und der Menschheit verantworten. Wer Energiepreise in schwindelnde H\u00f6hen treibt, rettet nicht die Erde vor einem (eingebildeten) \u201eHitzetod\u201c, sondern t\u00f6tet ganz unmittelbar und bewu\u00dft Menschen. Dies ist die Gemeinsamkeit aller sozialistischen Hirngespinste: Eine vermeintlich bessere Welt in der fernen Zukunft soll durch einen mit Toten gepflasterten Weg erkauft werden. Und noch etwas sei allen Akteueren ins Stammbuch geschrieben: Preise sind in freier \u00dcbereinkunft aus Angebot und Nachfrage gebildete Ma\u00dfst\u00e4be f\u00fcr die Knappheit eines Gutes. Irgendwelche CO2\u2013 Abgaben sind demgegen\u00fcber rein planwirtschaftliche Ma\u00dfnahmen und damit das genaue Gegenteil von Marktwirtschaft und freiheitlicher Gesellschaft. Sie k\u00f6nnen niemals den Weg in eine bessere Zukunft weisen.<br \/>\n&#8230; Alles vom 3.12.2019 von Dr. Klaus Humprich bitte lesen auf<br \/>\n<a href=\"https:\/\/www.nukeklaus.net\/2019\/12\/03\/die-energiewende-toetet\/\">https:\/\/www.nukeklaus.net\/2019\/12\/03\/die-energiewende-toetet\/<\/a><\/p>\n<p>&nbsp;<\/p>\n<p><strong>Strompreis wird weiter explodieren<\/strong><br \/>\nDie \u00dcberschrift &#8222;Das Wetter macht EnBW zu schaffen&#8220; klingt recht harmlos. Ist sie aber nicht. Das unw\u00e4gbare Wetter, der st\u00e4ndig sich \u00e4ndernde Wind, die Sonne, die (mindestens) nachts nicht scheint \u2013 das alles wird ganz Deutschland noch schwer zu schaffen machen, wenn der Kohleausstieg vollzogen wird, ohne dass wir effiziente Speichertechnologien haben. Power-to-gas hat um die 75 Prozent Umwandlungsverluste, f\u00fcr Pumpspeicherbecken fehlt die Topographie (und die Akzeptanz der Anwohner), riesige Batteriespeicher bringen enorme Kosten und leisten nur kurze Zeit. Deutschland wird Atomstrom aus Frankreich und Kohlestrom aus Polen brauchen, dazu die Hoffnung, aus Norwegen Strom \u00fcber eine sich verz\u00f6gernde Trasse zu bekommen.<br \/>\nDas alles wird bei einer kalten Dunkelflaute nicht reichen und unseren Strompreis weiter explodieren lassen. 30 000 Windr\u00e4der in Deutschland bringen jetzt schon bei Sturm zu viel (gegen hohe Kosten muss zeitgleich zur Erzeugung ins Ausland verklappt werden) und bei Flaute alle miteinander so gut wie nichts. Die fossilen Stand-by-Kraftwerke bieten immer noch die n\u00f6tige konstante Sicherheit f\u00fcr unsere Stromversorgung, wenn auch durch die Volatilit\u00e4t der Erneuerbaren immer \u00f6fter Netzeingriffe n\u00f6tig werden. Ein Wahnsinn, jetzt noch unsere EEG-Zwangsmilliarden in den Bau von weiteren Windr\u00e4dern zu stecken. Wir brauchen vielmehr einen technologischen Quantensprung bei den Speichertechnologien, der nirgends in Sicht ist! Und immer noch lauschen wir den M\u00e4rchenerz\u00e4hlungen vom durch weiteren Ausbau der Erneuerbaren zu stoppenden Klimawandel&#8230;<br \/>\n17.4.2019, Peter Stahl, Staufen. BZO<\/p>\n<p>&nbsp;<\/p>\n<p>&nbsp;<\/p>\n<p><strong>Windkraft ist grundlastf\u00e4hig dank gr\u00fcner Stromspeicher<\/strong><br \/>\n\u201eAn Tagen wie diesen, wo es grau ist, da haben wir nat\u00fcrlich viel weniger erneuerbare Energien. Deswegen haben wir Speicher. Deswegen fungiert das Netz als Speicher. Und das ist alles ausgerechnet.&#8220;<br \/>\nAnnalena Baerbock im DLF 2018<br \/>\n.<br \/>\nWas Frau Baerbock (<a title=\"Gruene\" href=\"https:\/\/www.freiburg-schwarzwald.de\/blog\/vereine\/partei\/gruene\/\">DIE GR\u00dcNEN<\/a>) nicht wei\u00df: Das Netz transportiert den Strom, kann ihn aber nicht speichern. <a title=\"Pumpspeicher\" href=\"https:\/\/www.freiburg-schwarzwald.de\/blog\/energie\/pumpspeicher\/\">Pumpspeicherkraftwerke<\/a> sind gegenw\u00e4rtig die einzige M\u00f6glichkeit, gro\u00dftechnisch elektrische Energie unter wirtschaftlichen Rahmenbedingungen zu speichern.<br \/>\nSo viel Dummheit ist schon sensationell.<br \/>\n10.10.2018<br \/>\n<strong>Weisheit 0: \u00d6ko, Aber nicht in meiner N\u00e4he<\/strong><br \/>\n&#8222;Die einzige nachhaltig mehrheitsf\u00e4hige Partei in Deutschland: &#8222;Bin f\u00fcr \u00d6ko (Solar, Windr\u00e4der, Pumpspeicher, Stromnetz, Biogas, Off-Shore, &#8230;.) &#8211; aber nicht in meiner N\u00e4he&#8220;<\/p>\n<p><strong>Weisheit (oder Banalit\u00e4t) 1: Energiesparen ist billiger<br \/>\n<\/strong>&#8222;In Deutschland ist die Produktion einer kWh Strom dreimal so teuer<br \/>\nwie die Einsparung bzw. Vermeidung einer kWh Strom&#8220;<br \/>\n(25.1.2012, Heinz Otto D\u00fcrr zum Thema &#8222;<a title=\"Energiesparen\" href=\"https:\/\/www.freiburg-schwarzwald.de\/blog\/energie\/energiesparen\/\">Energiesparen<\/a>&#8222;)<\/p>\n<p><strong>Weisheit 2: Erst die Leitung, dann das Windrad<\/strong><br \/>\nIn einem Neubaugebiet werden zuerst Wasserrohre verlegt, Stromleitungen, Strassen und B\u00fcrgersteige und erst danach die ersten H\u00e4user gebaut &#8230;<br \/>\nGenauso ist es bei der Energieversorgung: Erst die Leitungstrassen von Nord nach S\u00fcd,\u00a0dann die Windr\u00e4der. Alles andere ist eine Fehlplanung.<\/p>\n<p>&nbsp;<\/p>\n<p><a href=\"https:\/\/www.freiburg-schwarzwald.de\/blog\/energie\/strom\/strom1schnee121212\/\" rel=\"attachment wp-att-17970\"><img loading=\"lazy\" decoding=\"async\" class=\"alignnone size-thumbnail wp-image-17970\" title=\"strom1schnee121212\" src=\"https:\/\/www.freiburg-schwarzwald.de\/blog\/wp-content\/uploads\/2012\/04\/strom1schnee121212-180x135.jpg\" alt=\"\" width=\"180\" height=\"135\" srcset=\"https:\/\/www.freiburg-schwarzwald.de\/blog\/wp-content\/uploads\/2012\/04\/strom1schnee121212-180x135.jpg 180w, https:\/\/www.freiburg-schwarzwald.de\/blog\/wp-content\/uploads\/2012\/04\/strom1schnee121212.jpg 640w\" sizes=\"auto, (max-width: 180px) 100vw, 180px\" \/><\/a>\u00a0\u00a0\u00a0\u00a0\u00a0\u00a0\u00a0\u00a0\u00a0 <a href=\"https:\/\/www.freiburg-schwarzwald.de\/blog\/energie\/strom\/strom2schnee121212\/\" rel=\"attachment wp-att-17971\"><img loading=\"lazy\" decoding=\"async\" class=\"alignnone size-thumbnail wp-image-17971\" title=\"strom2schnee121212\" src=\"https:\/\/www.freiburg-schwarzwald.de\/blog\/wp-content\/uploads\/2012\/04\/strom2schnee121212-180x135.jpg\" alt=\"\" width=\"180\" height=\"135\" srcset=\"https:\/\/www.freiburg-schwarzwald.de\/blog\/wp-content\/uploads\/2012\/04\/strom2schnee121212-180x135.jpg 180w, https:\/\/www.freiburg-schwarzwald.de\/blog\/wp-content\/uploads\/2012\/04\/strom2schnee121212.jpg 640w\" sizes=\"auto, (max-width: 180px) 100vw, 180px\" \/><\/a><br \/>\n(1) Umspannwerk am 12.12.2012\u00a0\u00a0\u00a0\u00a0\u00a0\u00a0\u00a0\u00a0\u00a0\u00a0\u00a0\u00a0\u00a0\u00a0 (2) Strom und Windkraft<\/p>\n<p>&nbsp;<\/p>\n<p><strong>EEX.com &#8211; European Energy Exchange in Leipzig &#8211; Transparenzplattform<\/strong><\/p>\n<p>Auf der EEX-Transparenzplattform werden marktnah an zentraler und neutraler Stelle marktrelevante Erzeugungs- und Verbrauchsdaten ver\u00f6ffentlicht, um die Transparenz auf dem Gro\u00dfhandelsmarkt weiter zu erh\u00f6hen. Damit werden sowohl gesetzliche Ver\u00f6ffentlichungspflichten als auch freiwillige Selbstverpflichtungen der Branche umgesetzt.<br \/>\nEuropean Energy Exchange AG, Augustusplatz 9, 04109 Leipzig<br \/>\n<a href=\"https:\/\/www.eex.com\">www.eex.com<\/a>\u00a0, <a href=\"https:\/\/www.transparency.eex.com\/de\/\">https:\/\/www.transparency.eex.com\/de\/<\/a><\/p>\n<p><a href=\"https:\/\/www.freiburg-schwarzwald.de\/blog\/energie\/strom\/eex-stromproduktion-info121129\/\" rel=\"attachment wp-att-16442\"><img loading=\"lazy\" decoding=\"async\" class=\"alignnone size-full wp-image-16442\" title=\"eex-stromproduktion-info121129\" src=\"https:\/\/www.freiburg-schwarzwald.de\/blog\/wp-content\/uploads\/2012\/04\/eex-stromproduktion-info121129.jpg\" alt=\"\" width=\"657\" height=\"353\" srcset=\"https:\/\/www.freiburg-schwarzwald.de\/blog\/wp-content\/uploads\/2012\/04\/eex-stromproduktion-info121129.jpg 657w, https:\/\/www.freiburg-schwarzwald.de\/blog\/wp-content\/uploads\/2012\/04\/eex-stromproduktion-info121129-180x96.jpg 180w, https:\/\/www.freiburg-schwarzwald.de\/blog\/wp-content\/uploads\/2012\/04\/eex-stromproduktion-info121129-640x343.jpg 640w\" sizes=\"auto, (max-width: 657px) 100vw, 657px\" \/><\/a><\/p>\n<p>Konventionell graue Balken f\u00fcr: AKW, Gas- und Kohlekraftwerke sowie derzeit\u00a06 GW Biogas.<br \/>\nWind (gr\u00fcn) und Solar (gelb).<br \/>\nDie Grafik informiert t\u00e4glich bzw. st\u00fcndlich \u00fcber die Stromproduktion geplant (rechts) und tats\u00e4chlich (links). Sie verdeutlicht auch, wie gering der Produktionsanteil der &#8222;Erneuerbaren&#8220; ist &#8211; vom Problem der fehlenden Grundlastf\u00e4higkeit ganz abgesehen.<br \/>\n<a href=\"https:\/\/www.transparency.eex.com\/de\/\">https:\/\/www.transparency.eex.com\/de\/<\/a><br \/>\n29.11.2012<\/p>\n<p><strong>Energie-Sachverst\u00e4ndigenrat ohne Ingenieure und Physiker?<\/strong><br \/>\nDer Sachverst\u00e4ndigenrat, der \u00fcber die Stromversorgung in Deutschland fundierte \u00c4u\u00dferunge macht, setzt sich aus folgenden Fachleuten zusammen:<br \/>\nProf. Dr.-Ing.<br \/>\nProf. Dr. med. dent.<br \/>\nProf. Dr. iur.<br \/>\nProf. Dr. rer. pol.<br \/>\nProf. Dr. rer. oec. Rheinische Friedrich-Wilhelms-Universit\u00e4t Bonn<br \/>\nProf. Dr. rer. nat. Zoologischer Garten Frankfurt\/Main<br \/>\nProf. Dr. phil.<br \/>\nDirProf. Dr. phil.<br \/>\nM.A.. Dipl.-Verw.-Wirt<br \/>\nDr.-Ing. Dipl. Wi.-Ing.<br \/>\nDipl.-Agraring<br \/>\nDipl.-Biol.<br \/>\nDr. rer. nat.<br \/>\nAss. iur.<br \/>\nDr. rer. nat.<br \/>\nDipl.-Pol.<br \/>\nDipl. Wi.-Ing.<br \/>\nDipl.-Biol.<br \/>\nDr. phil.<br \/>\nDr. rer. nat.<br \/>\nDipl.-Biol.<br \/>\nDr. rer. nat.<br \/>\nDipl. iur.<br \/>\nIrgendwie scheinen die Ingenieure und Physiker ein bi\u00dfchen im Hintertreffen zu sein gegen Juristen, Zoo-Biologen, Zahn\u00e4rzten, Philologen und Volkswirtschaftlern&#8230; nur Theologen scheinen noch weniger repr\u00e4sentiert zu sein.<br \/>\n29.11.2012, Petra Simon<\/p>\n<p><strong>Vier Umlagen + Netzgeld erh\u00f6hen den Strompreis<\/strong><\/p>\n<p>Vier\u00a0Umlagen erh\u00f6hen den Strompreis um 2,41 Cent pro Kilowattstunde (kWh) zuz\u00fcglich 19% MwSt\u00a0 bzw. 0,46 Cent erhoben. Zus\u00e4tzlich erh\u00f6hen fast alle Stromnetzbetreiber ihre Netznutzungsentgelte.\u00a0<!-- RSPEAK_STOP --><\/p>\n<ul>\n<li>EEG-Umlage: Mit ihr wird die Verg\u00fctung f\u00fcr die erneuerbaren Energien von den Stromverbrauchern finanziert. Sie steigt zum Januar von 3,6 auf 5,3 Cent pro Kilowattstunde.<\/li>\n<li>KWK-Umlage: Mit ihr wird Strom aus Kraft-W\u00e4rme-Kopplung gef\u00f6rdert. Die Umlage steigt von 0,002 Cent auf 0,126 Cent pro Kilowattstunde.<\/li>\n<li>Entlastung der Industrie: Um stromintensive Firmen zu entlasten, wurde eine zus\u00e4tzliche Umlage eingef\u00fchrt. Sie betr\u00e4gt 0,329 Cent pro Kilowattstunde.<\/li>\n<li>Offshore-Haftung: Um den Ausbau der Windkraft auf See voranzutreiben, wurde eine neue Umlage einf\u00fchrt. Sie betr\u00e4gt 0,25 Cent pro Kilowattstunde.<\/li>\n<\/ul>\n<p>&nbsp;<\/p>\n<p><strong>Energienetzexperte sieht Stromsicherheit gef\u00e4hrdet<\/strong><\/p>\n<p>Der Direktor der in Cottbus ans\u00e4ssigen GridLab GmbH sprach \u00fcber die Systemsicherheit der Elektrizit\u00e4tsnetze und warnte eindringlich vor einem Black-out. Falls das Stromnetz zusammenbrechen w\u00fcrde, rechnet Benser &#8222;im schlimmsten aller F\u00e4lle mit mehr als 200 000 Toten&#8220;. Der Grund: Rund 90 Prozent aller Kliniken k\u00f6nnten ihre Notstromversorgung maximal 24 Stunden aufrechterhalten. &#8222;Der Ernstfall kommt immer n\u00e4her&#8220;, glaubt Benser. &#8222;Wir stehen jeden zweiten Tag vor dem Black-out.&#8220; Schuld habe die ungeplante Stromeinspeisung durch erneuerbare Energien. Windenergie werde eben auch dann ins Netz eingespeist, wenn keiner sie ben\u00f6tigt. Benser warnt einerseits vor den Folgen eines Ausfalls. Andererseits kritisiert er fehlende Standards. &#8222;Es ist nirgendwo geregelt, was passieren muss und soll im Falle einer Krise. Es ist nirgendwo geregelt, welche Sprache denn gesprochen wird.&#8220; Auch sei nicht klar, wer unter welchen Voraussetzungen ein f\u00fcr die Sicherheit Europas wichtiges System \u00fcberhaupt f\u00fchren d\u00fcrfe. Gegr\u00fcndet wurde GridLab GmbH im Jahr 2010. Der &#8222;GridLab-Systemtrainer&#8220; \u2013 ein Simulator \u2013 wurde in mehrj\u00e4hriger Zusammenarbeit mit der BTU Cottbus und dem ostdeutschen Netzbetreiber 50 Hertz Transmission entwickelt. Mit ihm soll das Personal der Elektrizit\u00e4tsversorger aus- und weitergebildet werden. Ziel sei die Etablierung eines europ\u00e4ischen Trainings- und Forschungszentrums f\u00fcr Energieversorgungs-Unternehmen und Netzbetreiber sowie die Entwicklung von Standards zur Krisenpr\u00e4vention und -behebung.<br \/>\nAlles vom 21.11.2012 bitte lesen auf<br \/>\n<a href=\"https:\/\/www.lr-online.de\/nachrichten\/Tagesthemen-Energie-Experte-sieht-Stromnetz-Sicherheit-gefaehrdet;art1065,4031139\">https:\/\/www.lr-online.de\/nachrichten\/Tagesthemen-Energie-Experte-sieht-Stromnetz-Sicherheit-gefaehrdet;art1065,4031139<\/a><\/p>\n","protected":false},"excerpt":{"rendered":"<p>Home &gt;Energie &gt;Strom &nbsp; Listenauswahl eines Beitrags (Artikel\/Datum, Seite\/Inhalt):\u00a0Klicken\u00a0oder scrollen Atomkraft strategischer Fehler\u00a0(11..2026) Stromausfall Berlin: Trennung von Strom, W\u00e4rme und Verkehr statt Sektorkopplung (8.1.2026) Stromausfall von links in Berlin\u00a0(5.1.2026) Energiewende \u2013 ist der Point of no Return \u00fcberschritten?\u00a0(29.9.2025) Linke Gewalt &hellip; <a href=\"https:\/\/www.freiburg-schwarzwald.de\/blog\/energie\/strom\/\">Weiterlesen <span class=\"meta-nav\">&rarr;<\/span><\/a><\/p>\n","protected":false},"author":2,"featured_media":0,"parent":15,"menu_order":0,"comment_status":"open","ping_status":"closed","template":"","meta":{"footnotes":""},"class_list":["post-1476","page","type-page","status-publish","hentry"],"_links":{"self":[{"href":"https:\/\/www.freiburg-schwarzwald.de\/blog\/wp-json\/wp\/v2\/pages\/1476","targetHints":{"allow":["GET"]}}],"collection":[{"href":"https:\/\/www.freiburg-schwarzwald.de\/blog\/wp-json\/wp\/v2\/pages"}],"about":[{"href":"https:\/\/www.freiburg-schwarzwald.de\/blog\/wp-json\/wp\/v2\/types\/page"}],"author":[{"embeddable":true,"href":"https:\/\/www.freiburg-schwarzwald.de\/blog\/wp-json\/wp\/v2\/users\/2"}],"replies":[{"embeddable":true,"href":"https:\/\/www.freiburg-schwarzwald.de\/blog\/wp-json\/wp\/v2\/comments?post=1476"}],"version-history":[{"count":6,"href":"https:\/\/www.freiburg-schwarzwald.de\/blog\/wp-json\/wp\/v2\/pages\/1476\/revisions"}],"predecessor-version":[{"id":146636,"href":"https:\/\/www.freiburg-schwarzwald.de\/blog\/wp-json\/wp\/v2\/pages\/1476\/revisions\/146636"}],"up":[{"embeddable":true,"href":"https:\/\/www.freiburg-schwarzwald.de\/blog\/wp-json\/wp\/v2\/pages\/15"}],"wp:attachment":[{"href":"https:\/\/www.freiburg-schwarzwald.de\/blog\/wp-json\/wp\/v2\/media?parent=1476"}],"curies":[{"name":"wp","href":"https:\/\/api.w.org\/{rel}","templated":true}]}}