{"id":14701,"date":"2012-11-07T10:57:20","date_gmt":"2012-11-07T09:57:20","guid":{"rendered":"https:\/\/www.freiburg-schwarzwald.de\/blog\/?page_id=14701"},"modified":"2026-08-29T21:36:49","modified_gmt":"2026-08-29T19:36:49","slug":"hitze","status":"publish","type":"page","link":"https:\/\/www.freiburg-schwarzwald.de\/blog\/natur\/klima\/hitze\/","title":{"rendered":"Hitze"},"content":{"rendered":"<p>Home &gt;<a title=\"Natur\" href=\"https:\/\/www.freiburg-schwarzwald.de\/blog\/natur\/\">Natur<\/a> &gt;<a title=\"Klima\" href=\"https:\/\/www.freiburg-schwarzwald.de\/blog\/natur\/klima\/\">Klima<\/a> &gt;Hitze<\/p>\n<div id=\"attachment_1685\" style=\"width: 644px\" class=\"wp-caption alignnone\"><a href=\"https:\/\/www.freiburg-schwarzwald.de\/blog\/regio\/heimat\/stuebenwasen2\/\" rel=\"attachment wp-att-1685\"><img loading=\"lazy\" decoding=\"async\" aria-describedby=\"caption-attachment-1685\" class=\"size-full wp-image-1685\" title=\"stuebenwasen2\" src=\"https:\/\/www.freiburg-schwarzwald.de\/blog\/wp-content\/uploads\/2012\/04\/stuebenwasen2.jpg\" alt=\"\" width=\"634\" height=\"255\" srcset=\"https:\/\/www.freiburg-schwarzwald.de\/blog\/wp-content\/uploads\/2012\/04\/stuebenwasen2.jpg 634w, https:\/\/www.freiburg-schwarzwald.de\/blog\/wp-content\/uploads\/2012\/04\/stuebenwasen2-180x72.jpg 180w\" sizes=\"auto, (max-width: 634px) 100vw, 634px\" \/><\/a><p id=\"caption-attachment-1685\" class=\"wp-caption-text\">Hochschwarzwald: Blick vom St\u00fcbenwasen nach S\u00fcden auf Todtnauberg im August 2003 &#8211; alles gelb und trocken<\/p><\/div>\n<ul>\n<li><em>Listenauswahl eines Beitrags (Artikel\/Datum, Seite\/Inhalt): <span style=\"text-decoration: underline;\">Klicken<\/span> oder scrollen<\/em><\/li>\n<li>Kristina Schr\u00f6der: Endlich Klimaanlagen in Krankenh\u00e4user und Altenheime (23.8.2026)<\/li>\n<li><a href=\"https:\/\/www.freiburg-schwarzwald.de\/blog\/selbsthilfe\/senioren\/stahlbad\/\">Stahlbad: Warum gibt es in kaum einem Freiburger Pflegeheim Klimaanlagen \u2013 nicht einmal in Neubauten?<\/a>\u00a0(23.8.2026)<\/li>\n<li>Hitzetote: Im Winter ist das Sterberisiko gr\u00f6\u00dfer als im Sommer (14.8.2026)<\/li>\n<li><a href=\"https:\/\/www.freiburg-schwarzwald.de\/blog\/natur\/garten\/versiegelung\/\">Stein-Versiegelung: Pl\u00e4tze in Freiburg als Hitzespeicher<\/a> (20.7.2026)<\/li>\n<li><a href=\"https:\/\/www.freiburg-schwarzwald.de\/blog\/klimaanlagen-verzicht-fuer-ipcc\/\">Klimaanlagen \u2013 Verzicht f\u00fcr IPCC<\/a> (21.7.2026)<\/li>\n<li><a href=\"https:\/\/www.freiburg-schwarzwald.de\/blog\/natur\/garten\/versiegelung\/\">Stein-Versiegelung \u2013 Freiburg auf Platz 24 von 190 des DUH-Stadt\u00fcberhitzungs-Rankings<\/a>\u00a0(22.7.2025)<\/li>\n<li><a href=\"https:\/\/www.freiburg-schwarzwald.de\/blog\/uhi-der-klimawandel-ist-schuld\/\">UHI: Der Klimawandel ist schuld<\/a> (17.7.2026)<\/li>\n<li><a href=\"https:\/\/www.freiburg-schwarzwald.de\/blog\/natur\/klima\/hitze\/uhi\/\">UHI: Menschengemachte Erw\u00e4rmung, kein menschengemachter Klimawandel<\/a>\u00a0(6.7.2026)<\/li>\n<li>Klimaanlagen retten Leben &#8211; Deutschlands absurde Angst (3.7.2026)<\/li>\n<li><a href=\"https:\/\/www.freiburg-schwarzwald.de\/blog\/betreute-hitze-statt-sommer\/\">Betreute Hitze statt Sommer<\/a> (2.7.2026)<\/li>\n<li>Wie der Frosch im Wasser (24.6.2026)<\/li>\n<li><a href=\"https:\/\/www.freiburg-schwarzwald.de\/blog\/ipcc-klimarat-kosten-nutzen\/\">Klimarat IPCC: Kosten \u2013 Nutzen<\/a>\u00a0(26.5.2026)<\/li>\n<li><a href=\"https:\/\/www.freiburg-schwarzwald.de\/blog\/natur\/klima\/klima-angst\/\">D\u00fcrremonitor und die \u201eUmstellung seiner Methodik\u201c \u2013 Angstmachen<\/a>\u00a0(31.7.2025)<\/li>\n<li><a href=\"https:\/\/www.freiburg-schwarzwald.de\/blog\/gruenes-zimmer-versiegelung\/\">Gr\u00fcnes Zimmer \u2013 Versiegelung<\/a>\u00a0(4.7.2025)<\/li>\n<li><a href=\"https:\/\/www.freiburg-schwarzwald.de\/blog\/natur\/wasser\/trockenheit\/\">Fritz Vahrenholt: Temperaturen und Wolken \u2013 Temperaturr\u00fcckgang trotz Panik<\/a> (10.7.2025)<\/li>\n<li><a href=\"https:\/\/www.freiburg-schwarzwald.de\/blog\/energie\/akw\/nuklear\/\">Fakenuss spezial: Wenn deutsche Antikernkraft-Propagandisten \u00fcberhitzen<\/a> (10.7.2025)<\/li>\n<li><a href=\"https:\/\/www.freiburg-schwarzwald.de\/blog\/hitze-angst-und-panik\/\">Hitze: Angst und Panik<\/a>\u00a0(7.7.2025)<\/li>\n<li>Hitzetod als Modellrechnung &#8211; Wie Panik gemacht wird (2.7.2025)<\/li>\n<li>Eine der Klima-Horrormeldungen: Die Nordsee \u201c\u00fcberhitzt\u201d aktuell\u2026 (13.6.2025)<\/li>\n<li><a href=\"https:\/\/www.freiburg-schwarzwald.de\/blog\/natur\/klima\/erderwaermung\/\">Messwerte best\u00e4tigen: Erderw\u00e4rmung der letzten Jahre ist Folge der gestiegenen Sonneneinstrahlung<\/a>\u00a0(8.10.2024)<\/li>\n<li><a href=\"https:\/\/www.freiburg-schwarzwald.de\/blog\/amseln-singen-lauter-denn-je\/\">Amseln singen lauter denn je<\/a>\u00a0(24.4.2024)<\/li>\n<li><a href=\"https:\/\/www.freiburg-schwarzwald.de\/blog\/natur\/wasser\/trockenheit\/\">Schambachhof B\u00f6tzingen: Landwirtschaft in Zeiten des Klimawandels<\/a>\u00a0(9.4.2024)<\/li>\n<li><a href=\"https:\/\/www.freiburg-schwarzwald.de\/blog\/natur\/klima\/klima-forschung\/\">Vahrenholt: Wissenschaft mit neuen Erkenntnissen zu globaler Erw\u00e4rmung<\/a>\u00a0(13.9.2023)<\/li>\n<li><a href=\"https:\/\/www.freiburg-schwarzwald.de\/blog\/spaetsommer-und-krieg\/\">Kachelmann schie\u00dft gegen Klima-Mythen des ZDF: \u201eFrei erfundener Schwachsinn\u201c<\/a>\u00a0(7.9.2023)<\/li>\n<li><a href=\"https:\/\/www.freiburg-schwarzwald.de\/blog\/spaetsommer-und-krieg\/\">Sp\u00e4tsommer und Krieg<\/a>\u00a0(7.9.2023)<\/li>\n<li>Meteorologie: Der heisse trockene Sommer 1911 (19.8.2023<\/li>\n<li>Erderw\u00e4rmung: Die Lage ist ernst \u2013 wir m\u00fcssen unsere Lebensweise \u00e4ndern (26.7.2023)<\/li>\n<li>Feuerwehr von Rhodos: Br\u00e4nde wurden von Menschenhand gelegt (26.7.2023)<\/li>\n<li>Waldbr\u00e4nde in Griechenland: Stecken Brandstifter hinter den Feuern auf Rhodos? (226.7.2023)<\/li>\n<li><a href=\"https:\/\/www.freiburg-schwarzwald.de\/blog\/hitzeangst-politik-und-medien\/\">Hitzeangst: Politik und Medien<\/a> (23.7.2023)<\/li>\n<li>Gerd Antes: Klimapolitik+Hitze \u2013 \u201eEinstein w\u00e4re heute ein Schwurbler\u201c (4.7.2023)<\/li>\n<li><a href=\"https:\/\/www.freiburg-schwarzwald.de\/blog\/natur\/wasser\/trockenheit\/\">Weidetieren in der Region rund um Freiburg geht das Futter aus<\/a> (16.8.2022)<\/li>\n<li>Die k\u00fcnstlich erzeugte Angst vor der F\u00fcnf-Grad-Erw\u00e4rmung (8.9.2021)<\/li>\n<li><a href=\"https:\/\/www.freiburg-schwarzwald.de\/blog\/natur\/klima\/klima-tote\/\">Die Klima-Toten der FAZ und der Kipppunkt des Journalismus<\/a>\u00a0(3.9.2021)<\/li>\n<li><a href=\"https:\/\/www.freiburg-schwarzwald.de\/blog\/natur\/klima\/menschengemacht\/\">RTL: \u201cDie Theorie der menschengemachten Erderw\u00e4rmung ist \u2026 ein gro\u00dfer Schwindel\u201d<\/a>\u00a0(31.7.2021)<\/li>\n<li><a href=\"https:\/\/www.freiburg-schwarzwald.de\/blog\/natur\/klima\/klima-forschung\/\">Reto Knutti: 2 Grad w\u00e4rmer \u2013 15% mehr Wasser<\/a> (24.7.2021)<\/li>\n<li>2003 war Freiburg deutsche Hitzehauptstadt mit 40,2 Grad (26.7.2019)<\/li>\n<li>Zugepflasteter Uni-Platz erzeugt Hitze (22.7.2019)<\/li>\n<li>Gl\u00e4serne VAG-Warteh\u00e4uschen bieten keinerlei Hitzeschutz (7.11.2012)<\/li>\n<li><a href=\"https:\/\/www.freiburg-schwarzwald.de\/blog\/bei-hitze-viel-trinken-am-besten-preiswertes-leitungswasser\/\">https:\/\/www.freiburg-schwarzwald.de\/blog\/bei-hitze-viel-trinken-am-besten-preiswertes-leitungswasser\/<\/a>\u00a0(21.8.12)<\/li>\n<li>Platz der Alten Synagoge &#8211; Meteorologen warnen vor unertr\u00e4glicher Hitze (10.10.2012)<\/li>\n<li>Sauhitze! &#8211; 1965 (30.6.2005)<\/li>\n<li><\/li>\n<li><a href=\"https:\/\/www.freiburg-schwarzwald.de\/blog\/natur\/klima\/erderwaermung\/\">Erderw\u00e4rmung<\/a><\/li>\n<li><a title=\"Klimawandel\" href=\"https:\/\/www.freiburg-schwarzwald.de\/blog\/natur\/klima\/klimawandel\/\">Klimawandel<\/a><\/li>\n<li><a href=\"https:\/\/www.freiburg-schwarzwald.de\/blog\/natur\/klima\/klima-tote\/\">Klima-Tote<\/a><\/li>\n<li><a href=\"https:\/\/www.freiburg-schwarzwald.de\/blog\/natur\/wasser\/trockenheit\/\">Trockenheit<\/a><\/li>\n<li><a href=\"https:\/\/www.freiburg-schwarzwald.de\/blog\/natur\/klima\/hitze\/uhi\/\">UHI &#8211; UrbanHeatingIslands<\/a><\/li>\n<li><a href=\"https:\/\/www.freiburg-schwarzwald.de\/blog\/natur\/garten\/versiegelung\/\">Versiegelung<\/a><\/li>\n<li><a href=\"https:\/\/www.freiburg-schwarzwald.de\/blog\/global\/deutschland\/weltrettung\/\">Weltrettung<\/a><\/li>\n<\/ul>\n<p>&nbsp;<\/p>\n<p><a href=\"https:\/\/www.freiburg-schwarzwald.de\/blog\/natur\/klima\/hitze\/dreisamstein2-0308\/\" rel=\"attachment wp-att-14712\"><img loading=\"lazy\" decoding=\"async\" class=\"alignnone size-thumbnail wp-image-14712\" title=\"dreisamstein2-0308\" src=\"https:\/\/www.freiburg-schwarzwald.de\/blog\/wp-content\/uploads\/2012\/11\/dreisamstein2-0308-135x180.jpg\" alt=\"\" width=\"135\" height=\"180\" srcset=\"https:\/\/www.freiburg-schwarzwald.de\/blog\/wp-content\/uploads\/2012\/11\/dreisamstein2-0308-135x180.jpg 135w, https:\/\/www.freiburg-schwarzwald.de\/blog\/wp-content\/uploads\/2012\/11\/dreisamstein2-0308.jpg 480w\" sizes=\"auto, (max-width: 135px) 100vw, 135px\" \/><\/a><br \/>\n<span style=\"font-family: Arial; font-size: xx-small;\">Hitze Ende August 2003 &#8211; die Dreisam bei Freiburg ist fast ausgetrocknet<br \/>\n<\/span><\/p>\n<div id=\"attachment_103379\" style=\"width: 651px\" class=\"wp-caption alignnone\"><a href=\"https:\/\/www.freiburg-schwarzwald.de\/blog\/wp-content\/uploads\/2022\/08\/spatzen-hitze-pan220812.jpg\"><img loading=\"lazy\" decoding=\"async\" aria-describedby=\"caption-attachment-103379\" class=\"size-full wp-image-103379\" src=\"https:\/\/www.freiburg-schwarzwald.de\/blog\/wp-content\/uploads\/2022\/08\/spatzen-hitze-pan220812.jpg\" alt=\"\" width=\"641\" height=\"310\" srcset=\"https:\/\/www.freiburg-schwarzwald.de\/blog\/wp-content\/uploads\/2022\/08\/spatzen-hitze-pan220812.jpg 641w, https:\/\/www.freiburg-schwarzwald.de\/blog\/wp-content\/uploads\/2022\/08\/spatzen-hitze-pan220812-180x87.jpg 180w\" sizes=\"auto, (max-width: 641px) 100vw, 641px\" \/><\/a><p id=\"caption-attachment-103379\" class=\"wp-caption-text\">Durstige Spatzen bei gro\u00dfer Hitze im August 2022<\/p><\/div>\n<p>&nbsp;<\/p>\n<div id=\"attachment_74069\" style=\"width: 649px\" class=\"wp-caption alignnone\"><a href=\"https:\/\/www.freiburg-schwarzwald.de\/blog\/natur\/klima\/hitze\/hitze40grad-pan8-8-1975\/\" rel=\"attachment wp-att-74069\"><img loading=\"lazy\" decoding=\"async\" aria-describedby=\"caption-attachment-74069\" class=\"size-full wp-image-74069\" src=\"https:\/\/www.freiburg-schwarzwald.de\/blog\/wp-content\/uploads\/2012\/11\/hitze40grad-pan8.8.1975.jpg\" alt=\"40 Grad Hitze in Deutschland am 8.8.1975 - noch ganz ohne Klimawandel-hysterie\" width=\"639\" height=\"310\" srcset=\"https:\/\/www.freiburg-schwarzwald.de\/blog\/wp-content\/uploads\/2012\/11\/hitze40grad-pan8.8.1975.jpg 639w, https:\/\/www.freiburg-schwarzwald.de\/blog\/wp-content\/uploads\/2012\/11\/hitze40grad-pan8.8.1975-180x87.jpg 180w\" sizes=\"auto, (max-width: 639px) 100vw, 639px\" \/><\/a><p id=\"caption-attachment-74069\" class=\"wp-caption-text\">40 Grad Hitze in Deutschland am 8.8.1975 &#8211; noch ganz ohne Klimawandel-Hysterie<\/p><\/div>\n<p>&#8222;40 Grad Hitze \u2013 Jetzt wird das Wetter lebensgef\u00e4hrlich!&#8220; titelt BILD. Wird werden jetzt alle sterben, wegen dem Klimawandel. Aber das war ja &#8211; laut BILD &#8211; schon am 7.8.1975 , also vor 44 Jahren. Was nun?<\/p>\n<div id=\"attachment_102727\" style=\"width: 648px\" class=\"wp-caption alignnone\"><a href=\"https:\/\/www.freiburg-schwarzwald.de\/blog\/wp-content\/uploads\/2022\/07\/elz-niedrigwasser-pan220715.jpg\"><img loading=\"lazy\" decoding=\"async\" aria-describedby=\"caption-attachment-102727\" class=\"size-full wp-image-102727\" src=\"https:\/\/www.freiburg-schwarzwald.de\/blog\/wp-content\/uploads\/2022\/07\/elz-niedrigwasser-pan220715.jpg\" alt=\"\" width=\"638\" height=\"359\" srcset=\"https:\/\/www.freiburg-schwarzwald.de\/blog\/wp-content\/uploads\/2022\/07\/elz-niedrigwasser-pan220715.jpg 638w, https:\/\/www.freiburg-schwarzwald.de\/blog\/wp-content\/uploads\/2022\/07\/elz-niedrigwasser-pan220715-180x101.jpg 180w\" sizes=\"auto, (max-width: 638px) 100vw, 638px\" \/><\/a><p id=\"caption-attachment-102727\" class=\"wp-caption-text\">Niedrigwasser der Elz bei Freiburg am 15.7.2022 &#8211; Hitze<\/p><\/div>\n<p>==============================================================<br \/>\n.<br \/>\n.<\/p>\n<p><strong>Kristina Schr\u00f6der: Endlich Klimaanlagen in Krankenh\u00e4user und Altenheime<\/strong><br \/>\nH\u00f6rt endlich auf, Menschen mit L\u00e4cherlichkeiten wie \u201eK\u00e4lteinseln\u201c, \u201eK\u00fchlakkuwesten\u201c und kalten Fu\u00dfb\u00e4dern abzuspeisen. Jedes \u201eHitzeschutzkonzept\u201c, in dem Klimaanlagen nicht vorkommen (und das ist die Regel!), geh\u00f6rt in die Tonne. Sorgt endlich f\u00fcr eine effektive Klimatisierung in Krankenh\u00e4usern und Altenheimen, auch nachtr\u00e4glich. Neubauten ohne Klimatisierung darf es \u00fcberhaupt nicht mehr geben, auch nicht bei Schulen.<br \/>\nUnd: Steigt endlich wieder in die Kernenergie ein. Wenn die Katastrophe, die da droht, wirklich so gro\u00df ist, wie kann man sich dann einer der wichtigsten CO\u2082\u2011freien Technologien, auf die die meisten Industriel\u00e4nder setzen, verweigern? Die deutschen AKW verf\u00fcgten sogar \u00fcber K\u00fchlt\u00fcrme oder \u00e4hnliche R\u00fcckk\u00fchlsysteme. F\u00fcr sie w\u00e4re der hei\u00dfe Sommer kein gro\u00dfes Problem gewesen.<br \/>\nKristina Schr\u00f6der, Ex-Ministerin und Kolumnistin, in der \u201eWelt\u201c am 23. August 2026<\/p>\n<p>&nbsp;<\/p>\n<p>&nbsp;<\/p>\n<p><strong>Hitzetote: Im Winter ist das Sterberisiko gr\u00f6\u00dfer als im Sommer<\/strong><br \/>\nAn oder mit der Hitze gestorben<br \/>\nZu diesem Artikel braucht es eine dringende Erg\u00e4nzung. Nicht die Sommermonate sind die gef\u00e4hrlichen Monate mit hohem Sterberisiko, sondern die kalten Wintermonate. F\u00fcrchten wir also den n\u00e4chsten Winter.<br \/>\nDie Chance, in den kalten Monaten zu sterben, liegt h\u00f6her als im Sommer. W\u00e4rme verringert offensichtlich das Sterberisiko. Wie bei Corona stellt sich auch bei den Hitzetoten die Frage, ob jemand an der Hitze oder mit der Hitze verstorben ist.<br \/>\n14.8.2026, Thomas Rolle, Albbruck<br \/>\n.<br \/>\n<strong>Fast 12.000 Hitzetote in diesem Sommer &#8211; Druck auf Politik w\u00e4chst<\/strong><br \/>\n&#8230; Alles vom 6.8.2026 bitt lesen auf <a href=\"https:\/\/www.badische-zeitung.de\/fast-12-000-hitzetote-in-diesem-sommer-druck-auf-politik-waechst\">https:\/\/www.badische-zeitung.de\/fast-12-000-hitzetote-in-diesem-sommer-druck-auf-politik-waechst<\/a><\/p>\n<p>&nbsp;<\/p>\n<p><strong>Klimaanlagen retten Leben &#8211; Deutschlands absurde Angst<\/strong><br \/>\nDeutschland freut sich wohl auf die gro\u00dfe Siesta. Nach Jahrhunderten, in denen die Landesbewohner als effizient und flei\u00dfig gegolten haben, wollen sie das anscheinend nicht mehr sein. Oder wie soll man es erkl\u00e4ren, dass m\u00f6gliche Einsparungen beim CO2 h\u00f6her gewichtet werden als die M\u00f6glichkeit in der K\u00fchle zu arbeiten \u2013 oder gar zu \u00fcberleben?<\/p>\n<p>Krankenh\u00e4user, Stra\u00dfenbahnen, Kitas und Beh\u00f6rden erhalten selbst bei Neubau standardm\u00e4\u00dfig keine Klimaanlage. Dabei predigen unsere klimabewegten Medien seit Jahrzehnten, dass der Klimawandel Deutschland treffen werde, es folglich zu mehr Hitzetagen komme. Vorsorge sei angemahnt. \u201eKlimaresilienz\u201c ist gefordert. St\u00e4dte wie Hamburg haben unter Gr\u00fcnen-F\u00fchrung seither aber sogar Erlasse erteilt, die den Einbau nur unter kompliziertesten Bedingungen erlauben. D\u00e4mmung, Schatten, Wandbegr\u00fcnung m\u00fcsse alles vorher versucht werden. Ja \u201eSchatten\u201c, so erkl\u00e4rt eine Hitzeforscherin, sei \u201eviel besser als Klimaanlagen\u201c, denn \u201edie heizen die Welt nur noch mehr auf\u201c. Achso.<\/p>\n<p>Warum erkl\u00e4rt die Forscherin das nicht mal den Angeh\u00f6rigen der Patienten auf der Herzstation im Uniklinikum der Stadt D\u00fcsseldorf. Die Kranken lagen dort bei 38 Grad Celsius \u2013 im Schatten der Innenr\u00e4ume eines 2014 errichteten Krankenhauses. L\u00e4gen sie in einem K\u00e4lberstall drohten bei \u00fcberschreiten von 25 Grad Celsius \u00fcbrigens harte Strafen. Da kann man sich nur in eine k\u00fchle Ecke legen und hoffen, dass die Hitze bald wieder vorbei ist.<br \/>\n&#8230; Alles vom 3.7.2026 von Mathias Pellack bitte lesen in der JF 28\/26, Seite2<\/p>\n<p>&nbsp;<\/p>\n<p><strong>Wie der Frosch im Wasser<\/strong><br \/>\nDie aktuelle Hitzewelle erscheint uns au\u00dfergew\u00f6hnlich. Dass wir vorangegangene Extremtemperaturen vergessen haben, liegt an unserem l\u00f6chrigen Wetterged\u00e4chtnis.<br \/>\nWissen Sie noch, wann der &#8222;Jahrhundertsommer&#8220; in Deutschland stattfand? Nein? Nun, es ist nicht dieses Jahr (auch wenn es sich gerade so anf\u00fchlt) und es war auch nicht vor zwei oder drei Jahren. Es war 2003. Damals gab es den hei\u00dfesten und trockensten Sommer seit Beginn der Wetteraufzeichnungen in Europa, es kam zu massiven D\u00fcrren, Waldbr\u00e4nden und Ernteausf\u00e4llen. Europaweit wurden 70.000 Todesf\u00e4lle registriert. Die Extremtemperaturen hielten sich von Juni bis August; am 13. August verzeichnete das Thermometer in Freiburg 40,2 Grad, das war damals eine der bislang h\u00f6chsten gemessenen Temperaturen in Deutschland. 53 Tage wurden in der Stadt mehr als 30 Grad gemessen.<br \/>\nDas ist jetzt lange her. Dass wir Menschen solche Ereignisse vergessen, liegt an unserem Wetterged\u00e4chtnis. Das n\u00e4mlich, so eine US-Studie bereits aus dem Jahr 2019, kann die Wetterverh\u00e4ltnisse maximal zwei bis acht Jahre in Erinnerung behalten. Das Wetter wird also allenfalls mit Erfahrungen der allerj\u00fcngsten Zeit verglichen. Man denkt lieber an sonnige Tage im Freibad und lange Abende am Grill. Klimaver\u00e4nderungen \u00fcber mehrere Jahrzehnte lassen sich so allerdings nicht erkennen.<br \/>\nGew\u00f6hnung ist schlecht f\u00fcr den Klimaschutz &#8230;.<br \/>\n&#8230;<br \/>\n&#8230; Alles vom 25.6.2026 von Frauke Wolter bitte lesen auf<br \/>\n<a href=\"https:\/\/www.badische-zeitung.de\/wie-der-froschim-wasser\">https:\/\/www.badische-zeitung.de\/wie-der-froschim-wasser<\/a><\/p>\n<p>.<\/p>\n<p><strong>Hitzetod als Modellrechnung &#8211; Wie Panik gemacht wird<\/strong><br \/>\n<strong>Was kommt nach Blutrot?\u00a0<\/strong><br \/>\nBlutrote Wetterkarten, dramatische Warnungen, nebul\u00f6se Zahlen zu angeblichen Hitzetoten. Der Sommer wird zur Apokalypse stilisiert. Doch was steckt dahinter? Wie schon beim Klima und Corona sind es zweifelhafte Modellrechnungen.<\/p>\n<p>Mit jedem hei\u00dfen Sommertag rollt eine Welle aus Alarm, Panik und Weltuntergangsbotschaften durch die Medien \u2013 befeuert von steuerfinanzierten NGOs, Staatsstellen und anderen Panikprofiteuren. Temperaturen, die fr\u00fcher in den Wetterkarten gelblich-harmlos daherkamen, erscheinen heute als feuerrote Bedrohung. Die Umf\u00e4rbung hat Methode. Der Eindruck: 30 Grad sind das neue Armageddon.<br \/>\nDiese Panik hat l\u00e4ngst psychologische Folgen: Menschen berichten von echter Angst vor dem Sommer, Sch\u00fclern wird eingeredet, Hitzewellen seien \u201eKlimakrieg gegen die Zukunft\u201c, in vielen Altenheimen bekommen die Bewohner \u00c4ngste. Das Wort \u201eHitzetod\u201c steht mittlerweile neben \u201eWaldbr\u00e4nde\u201c und \u201eKlimaflucht\u201c in jedem Schlagzeilenrepertoire. Doch wie hei\u00df ist es wirklich? Und wie viele Menschen sterben tats\u00e4chlich durch Hitze?<br \/>\n&#8230;<br \/>\nUnd was macht Deutschland? Hitzeschutzpl\u00e4ne schreiben, aber nicht einmal Ventilatoren in Klassenzimmern aufstellen oder Klimaanlagen in Altenheimen, bessere Bel\u00fcftung in Schulr\u00e4umen, Bauvorschriften f\u00fcr Hitzeschutz. Und was sagt der offizielle \u201eHitzeschutzplan f\u00fcr Gesundheit\u201c des Bundesgesundheitsministeriums? Zehnmal das Wort \u201eKlima\u201c \u2013 aber nicht ein einziges Mal das Wort \u201eKlimaanlage\u201c.<br \/>\n&#8230; Alles vom 2.7.2024 bitte lesen auf<br \/>\n<a href=\"https:\/\/www.tichyseinblick.de\/kolumnen\/klima-durchblick\/hitzetote-klimaanlage\/\">https:\/\/www.tichyseinblick.de\/kolumnen\/klima-durchblick\/hitzetote-klimaanlage\/<\/a><\/p>\n<p>&nbsp;<\/p>\n<p><strong>Eine der Klima-Horrormeldungen: Die Nordsee \u201c\u00fcberhitzt\u201d aktuell\u2026<\/strong><br \/>\nSo etwa kann man diese Meldung deuten, als Beispiel hier der Tagesspiegel :<br \/>\n\u201eW\u00e4rmer als \u00fcblich\u201c: Bundesamt meldet Rekordtemperaturen in Nord- und Ostsee<br \/>\n10.6.2025, <a href=\"https:\/\/www.tagesspiegel.de\/wissen\/warmer-als-ublich-bundesamt-meldet-rekordtemperaturen-in-nord-und-ostsee-13827106.html\">https:\/\/www.tagesspiegel.de\/wissen\/warmer-als-ublich-bundesamt-meldet-rekordtemperaturen-in-nord-und-ostsee-13827106.html<\/a><br \/>\n&#8230;<br \/>\nAber nein, es ist aktuell nicht das \u201ew\u00e4rmste Fr\u00fchjahr seit Beginn der Aufzeichnungen im Jahr 1997\u201c, das war schon im Vorjahr, so sagen die Daten. Der Artikel kommt also ein ganzes Jahr zu sp\u00e4t und beschreibt einen nicht mal signifikanten (95% Konfidenz sind daf\u00fcr erforderlich, erreicht werden keine 90%) Fr\u00fchjahrs-Erw\u00e4rmungstrend \u00fcber die 28 Jahre ab 1997. In Wahrheit ist da zu viel Variabilit\u00e4t durch Wetter f\u00fcr einen signifikanten Trend. Statistik l\u00e4sst sich nicht so einfach hinters Licht f\u00fchren. Bezieht man sich allerdings auf ganze Jahre, f\u00e4llt da viel Wetter-Variabilit\u00e4t weg und der Erw\u00e4rmungstrend \u00fcber die volle Zeit der Daten ist auch hoch signifikant mit +1,5\u00b0C seit 1982.<br \/>\nNur kann man damit halt keinen \u201calarmierenden neuen Rekord\u201d melden, der lag schon im Jahr 2022 f\u00fcr die Jahresmittel.<br \/>\n&#8230;<br \/>\nAber nein, es ist aktuell nicht das \u201ew\u00e4rmste Fr\u00fchjahr seit Beginn der Aufzeichnungen im Jahr 1997\u201c das war schon im Vorjahr, so sagen die Daten. Der Artikel kommt also ein ganzes Jahr zu sp\u00e4t und beschreibt einen nicht mal signifikanten (95% Konfidenz sind daf\u00fcr erforderlich, erreicht werden keine 90%) Fr\u00fchjahrs-Erw\u00e4rmungstrend \u00fcber die 28 Jahre ab 1997. In Wahrheit ist da zu viel Variabilit\u00e4t durch Wetter f\u00fcr einen signifikanten Trend. Statistik l\u00e4sst sich nicht so einfach hinters Licht f\u00fchren. Bezieht man sich allerdings auf ganze Jahre, f\u00e4llt da viel Wetter-Variabilit\u00e4t weg und der Erw\u00e4rmungstrend \u00fcber die volle Zeit der Daten ist auch hoch signifikant mit +1,5\u00b0C seit 1982. Nur kann man damit halt keinen \u201calarmierenden neuen Rekord\u201d melden, der lag schon im Jahr 2022 f\u00fcr die Jahresmittel.<\/p>\n<div id=\"attachment_135174\" style=\"width: 651px\" class=\"wp-caption alignnone\"><a href=\"https:\/\/www.freiburg-schwarzwald.de\/blog\/wp-content\/uploads\/2025\/06\/nordsee-Jahres-Wasser1982-2024pan.jpg\"><img loading=\"lazy\" decoding=\"async\" aria-describedby=\"caption-attachment-135174\" class=\"size-full wp-image-135174\" src=\"https:\/\/www.freiburg-schwarzwald.de\/blog\/wp-content\/uploads\/2025\/06\/nordsee-Jahres-Wasser1982-2024pan.jpg\" alt=\"\" width=\"641\" height=\"337\" srcset=\"https:\/\/www.freiburg-schwarzwald.de\/blog\/wp-content\/uploads\/2025\/06\/nordsee-Jahres-Wasser1982-2024pan.jpg 641w, https:\/\/www.freiburg-schwarzwald.de\/blog\/wp-content\/uploads\/2025\/06\/nordsee-Jahres-Wasser1982-2024pan-180x95.jpg 180w\" sizes=\"auto, (max-width: 641px) 100vw, 641px\" \/><\/a><p id=\"caption-attachment-135174\" class=\"wp-caption-text\">Nordsee Jahresmittelwerte (C) 1982 &#8211; 2024<\/p><\/div>\n<p>Ob den zust\u00e4ndigen Redakteuren klar ist, was sie mit diesen rei\u00dferischen Saison-Meldungen anrichten? Die Leser werden f\u00f6rmlich \u00fcbers\u00e4ttigt mit Klima- Horrormeldungen, die bei Licht besehen gar keine sind. In der Marketingbranche nennt man so etwas: \u201eOverselling\u201c. Das f\u00fchrt nach einigen Versuchen sehr oft zum Totalabsturz einer Marke. Es bleibt zu hoffen, dass auch Medienleute diese kleine Anleitung zum \u201eFaktencheck\u201c lesen und vorsichtiger werden mit wohlfeilen Agenturmeldungen. Der Check dauert keine 10 min. So viel Zeit sollte schon sein bei einem so langen (und falschen) Artikel, vor allem \u00fcber Wetter der fr\u00fchj\u00e4hrlichen Nordsee.<br \/>\n&#8230; Alles vom 13.6.2025 von Frank Bosse bitte lesen auf<br \/>\n<a href=\"https:\/\/klimanachrichten.de\/2025\/06\/13\/die-nordsee-ueberhitzt-aktuell\/\">https:\/\/klimanachrichten.de\/2025\/06\/13\/die-nordsee-ueberhitzt-aktuell\/<\/a><br \/>\n.<br \/>\n.<\/p>\n<p><strong>Meteorologie: Der heisse trockene Sommer 1911<\/strong><br \/>\n<strong>Ein interessanter Klimabericht aus dem Jahr 1911<\/strong><br \/>\nOhne viel damit aussagen zu wollen, nur um eine etwas l\u00e4ngerfristige Perspektive anzubieten, m\u00f6chte ich in Ausz\u00fcgen einen 1911 in Reclams Universum Weltrundschau erschienenen Bericht \u00fcber das damalige Hitzejahr und seine Einordnung in l\u00e4ngerfristige meteorologische Gegebenheiten wiedergeben. Die Langfassung des nachfolgenden historischen Textauszugs fand ich auf <a href=\"https:\/\/norberthaering.de\/oekologie\/hitzesommer-1911\/\">https:\/\/lokalgeschichte.de\/meteorologie-der-heisse-trockene-sommer-1911<\/a>, einer Netzseite, die viele Kleinode enth\u00e4lt.<br \/>\n.<br \/>\n\u201eUnterzieht man die Temperaturverh\u00e4ltnisse der letzten Monate einer kritischen Betrachtung, so waren diese absolut betrachtet, nicht in dem Sinne abnorm, da\u00df neue Hitzerekorde in Deutschland, \u00fcberhaupt in Mitteleuropa erreicht worden waren. Wohl hat die Temperatur an einer Reihe von deutschen Orten w\u00e4hrend der verflossenen Hundstage 35 \u2013 37\u00bd\u00b0 im Schatten erreicht, aber das ist auch in fr\u00fcheren Jahren schon dagewesen, ja, diese hohen Temperaturwerte sind innerhalb der Grenzen des Deutschen Reiches vor noch nicht allzulanger Zeit, im hei\u00dfen August des Jahres 1892, schon \u00fcberschritten worden, und selbst die absolute Maximaltemperatur dieses Sommers, die am 28. Juli 1911 zu Chemnitz mit 40\u00b0 im Schatten erreicht wurde, stellt noch keinen Rekord dar, da am 18. August 1892 zu Reichenhall das Thermometer sogar bis auf 41\u00bd\u00b0 gestiegen war.<\/p>\n<p>Auff\u00e4lliger und bemerkenswerter, als die immerhin ungemein hohen Maximaltemperaturen des letzten Sommers waren, erscheint neben der langen Dauer der fast vierw\u00f6chigen Hitzeperiode der Hundstage die Tendenz zu heiterem, trockenem und daher auch warmem Wetter, die seit dem Beginn des Fr\u00fchjahrs bereits bestand und die nach kurzen R\u00fcckschl\u00e4gen zu Regen und K\u00fchle immer von neuem zum Durchbruch kam. Diese Tendenz zu trockenem und hei\u00dfem Hochdruckwetter, die auch nach Beendigung der Haupthitzeperiode noch andauerte, hat sich bis an die Schwelle des Herbstes, tief in den September hinein, erhalten; kamen doch am 8. September zu Frankfurt a.M. und Dresden noch 35\u00b0, am 8. zu Aachen und Kleve 34\u00b0 zur Registrierung, und sogar am 13. brachten es zahlreiche Orte noch auf 30-31\u00b0 W\u00e4rme, eine Temperatur, die w\u00e4hrend der vier verflossenen k\u00fchlen Jahre an manchen Orten w\u00e4hrend des ganzen Sommers nicht erreicht worden ist. Hand in Hand damit ging eine ungemein gro\u00dfe Trockenheit in den meisten Teilen des Landes.\u201c<\/p>\n<p>Die zweite H\u00e4lfte des 19. Jahrhunderts, die mit der um sich greifendenden Industrialisierung zusammenfiel und deshalb als Vergleichsbasis f\u00fcr Erderw\u00e4rmungsziele genutzt wird, war verh\u00e4ltnism\u00e4\u00dfig kalt gewesen. In dem Text hei\u00dft es:<br \/>\n\u201eJene Zweifler an unserem Klima werden nun wohl f\u00fcr eine Weile \u00fcberzeugt sein, da\u00df Europa vorl\u00e4ufig noch keiner neuen Eiszeit entgegengeht, und da\u00df auch in Sachen der Witterung die \u201egute, alte Zeit\u201c nicht besser und nicht schlechter war als die gegenw\u00e4rtige Epoche. Hat es doch zu allen Zeiten au\u00dfergew\u00f6hnlich hei\u00dfe und ebenso abnorm k\u00fchle Sommer gegeben, wenn auch in den letzten Dezennien die hei\u00dfen Sommer auffallend selten waren. Das ist aber eine Erscheinung, die mit der Unberechenbarkeit des Klimas der gem\u00e4\u00dfigten Zone unschwer zu erkl\u00e4ren und den Meteorologen seit langem bekannt ist. Diese wissen sehr wohl \u2013 Beobachtungen, die sich nun schon \u00fcber fast zwei Jahrhunderte erstrecken, haben das zur Evidenz erwiesen \u2013 da\u00df die k\u00fchlen sowohl als die warmen Sommer die ausgesprochene Neigung zeigen, gruppenweise aufzutreten. So folgten nach den Untersuchungen von Lehre \u00fcber das Klima von Berlin, die man getrost auch f\u00fcr ganz Norddeutschland als zutreffend betrachten kann, in den Jahren von 1881 bis 1888 acht k\u00fchle Sommer aufeinander (da\u00df die vier Sommer von 1907 bis 1910 s\u00e4mtlich k\u00fchl waren, ist ja noch in aller Erinnerung). Geht man in der Witterungsgeschichte weiter zur\u00fcck, so findet man, in den Jahren von 1730 bis 1747, gar 18 k\u00fchle Sommer, die ohne Unterbrechung aufeinanderfolgten, ebenso wie von 1756 bis 1770 f\u00fcnfzehn warme Sommer eine ununterbrochene Reihenfolge bildeten.\u201c<br \/>\n&#8230; Alles vom 19.8.023 bitte lesen auf<br \/>\n<a href=\"https:\/\/norberthaering.de\/oekologie\/hitzesommer-1911\/\">https:\/\/norberthaering.de\/oekologie\/hitzesommer-1911\/<\/a><\/p>\n<p>&nbsp;<\/p>\n<p><strong>Erderw\u00e4rmung: Die Lage ist ernst \u2013 wir m\u00fcssen unsere Lebensweise \u00e4ndern<\/strong><br \/>\nNeu ist, dass die Hitzeperioden hei\u00dfer sind als fr\u00fcher, l\u00e4nger dauern und einhergehen mit h\u00e4ufigeren Extremwetterereignissen. St\u00fcrme, \u00dcberschwemmungen und eben auch Br\u00e4nde \u2013 in ihrer Gesamtheit sind dies unstrittig Folgen der sich beschleunigenden Erderw\u00e4rmung. H\u00f6chste Zeit innezuhalten.<br \/>\n&#8230; Alles vom 26.7.2023 bitte lesen auf<br \/>\n<a href=\"https:\/\/www.badische-zeitung.de\/erderwaermung-die-lage-ist-ernst-wir-muessen-unsere-lebensweise-aendern--276419474.html\">https:\/\/www.badische-zeitung.de\/erderwaermung-die-lage-ist-ernst-wir-muessen-unsere-lebensweise-aendern&#8211;276419474.html<\/a><br \/>\n.<br \/>\nEinige Kommentare:<br \/>\nDie Br\u00e4nde rund ums Mittelmeer in dieser Weise mit dem sich wandelnden Klima zu verquicken, ist schlicht gedacht, Herr Fricker, und primitiv. Damit wird einzig &#8211; wieder &#8211; Panik befeuert. Sie tun&#8217;s noch nicht einmal vollst\u00e4ndig. Die Waldbr\u00e4nde in Kanada h\u00e4tten Sie wohl noch miterw\u00e4hnen k\u00f6nnen.<br \/>\nDa verwundert auch nicht, dass Sie die Erderw\u00e4rmung explizit nur als &#8222;menschengemacht&#8220; erw\u00e4hnen. Passt schon. Schlichte Geister sind mit mehr ohnehin \u00fcberfordert und Angst l\u00e4sst sich mit einfachen Schlagw\u00f6rtern am leichtesten in Panik wandeln.<br \/>\nTrennt endlich sauber in Eurer Rede. Quantifiziert. Zwischen den Vorg\u00e4ngen, die wirklich auf des Menschen Geist und Hand zur\u00fcckzuf\u00fchren sind. Und den Kr\u00e4ften, die au\u00dferhalb menschlicher Verantwortung liegen.<br \/>\nUnd lernt am Ende &#8211; aber nicht zu sp\u00e4t. Dass wir gut beraten w\u00e4ren, uns auf sich wandelndes Klima und Wetter einzulassen, statt einen Sisyphus-Kampf zu treiben. A.Sch.<br \/>\n.<br \/>\n&#8230; wer sich wissenschaftlich mit dem Thema befasst wird mehr Aspekte finden als die mutwillig stark vereinfachenden Erkl\u00e4rungen aus einer gewissen Ecke zulassen. Das ist eben nicht ganz so einfach. Nat\u00fcrlich gibt es eine von Menschen in Generationen verursachte Komponente. Das bestreitet keiner. Das ist aber nicht wie gern dargestellt die alleinige Ursache. Was zu bestreiten ist ist die Behauptung, man k\u00f6nne das einfach regeln, indem man die Heizungen umbaue. Dem ist nicht so. Es ist mein Eindruck, dass man nur einen Vorwand sucht, dass die Normalb\u00fcrger die Zeche daf\u00fcr zahlen sollen was die Industrie in rund hundert Jahren verbockt hat! Und eben das geht nicht! Es hilft auch nicht zu sagen man d\u00fcrfe nur noch Elektroautos fahren. Da muss man eher fragen warum so viele trotz allem nach wie vor ein Auto ben\u00f6tigen. Es ist eben nicht alles so wie manche Propaganda behauptet. Daran sollten wir arbeiten, nicht mit Spaltpilzen, sondern mit Vernunft. Die vermisse ich! T.L.<br \/>\n.<br \/>\nWir leben in einem Sozialstaat par excellence! Finanziert wird dies \u00fcber unsere Steuergelder! Dies wird nur solange m\u00f6glich sein, wie<br \/>\n1) unsere Industrie auf Hochtouren l\u00e4uft und<br \/>\n2) wir Vollbesch\u00e4ftigung haben und<br \/>\n3) wir auch Exportweltmeister bleiben und<br \/>\n4) unsere Energiekosten international konkurrenzf\u00e4hig sind<br \/>\nDoch gerade hier haben wir mit der un\u00fcberlegten Abschaltung von AKWs und Kohlekraftwerken die Axt an den Baum angelegt. Und die erneuerbaren Energien als Ersatz sind noch nicht weit genug, wenn sie denn \u00fcberhaupt jemals zur Komplettversorgung taugen werden.<br \/>\nTrotzdem tanzen wir um CO2 und Klimawandel wie besoffen um das \u00bbGoldene Kalb\u00ab und werden uns irgendwann fragen m\u00fcssen, was an Sozialleistungen \u00fcberhaupt noch finanzierbar sein wird wie z.B. unsere Asylpolitik, unsere Gesundheitspolitik und unsere Rentenpolitik etc.<br \/>\nZur\u00fcck zur \u00dcberschrift des BZ-Artikels, welche beinhaltet: \u00bb&#8230;&#8230;wir m\u00fcssen unsere Lebensweise \u00e4ndern!\u00ab Die Richtung ist nat\u00fcrlich klar: Hin zu umfassenden Einschr\u00e4nkungen bis zur Armut! Und das alles wegen<br \/>\n1) unseres Weltanteils an CO2 von gerade mal ca. 1,8% und<br \/>\n2) der Hypothese, dass CO2 den Klimawandel befeuert!!! P.K.<br \/>\n.<br \/>\nIm Jahr 1800 ca. 1 Milliarde Menschen, um die 2000er Wende 7 Milliarden, jetzt \u00fcber 8 Milliarden (auch Wiki).<br \/>\nAlso um die 1850 so um die 1 Milliarde Menschen und Co2 280 ppm (d\u00fcrfte vor Millionen von Jahren auch schon mal h\u00f6her gewesen sein), 2019 ca 8 Milliarden Menschen 415 ppm (ebenfalls Wiki). Alle diese Menschen wollen essen, dazu brauchen sie Energie, die auf vielf\u00e4ltige Art und Weise zu Stande kommt. Dass diese Menge von Menschen u.U. ein Problem f\u00fcr den &#8222;Planeten&#8220; darstellen k\u00f6nnten, dar\u00fcber wird so gut wie nicht gesprochen. Nat\u00fcrlich geh\u00f6rt da auch eine Industrialisierung dazu, wer geht den freiwillig zur\u00fcck in die H\u00f6hle? Jetzt sollte ohne Panikmache ein Weg gefunden werden. Und warum wird Panik gemacht? Dar\u00fcber wird zu wenig gesprochen. Um den Leuten klar zu machen um was es geht? Alle sind dumm, wird ja hier auch immer wieder hervorgehoben. Nur die Gl\u00e4ubiger der Apokalypse haben die Wahrheit gepachtet.<br \/>\nProfessor John Clauser, Nobelpreis f\u00fcr Physik, bezweifelt dass es eine Klimawissenschaft, die sich so nennen darf, \u00fcberhaupt gibt. Auch ein Dummer. M.K.<br \/>\n.<br \/>\n1) Warum beteiligt sich Herr Fricker an der aktuellen Hitze-Angstmache-Kampagne, indem er Erderw\u00e4rmung und Br\u00e4nde verquickt?<br \/>\n2) Warum hat der B\u00fcrgermeister von Rhodos, Antonis Kampourakis, Anzeige gegen Unbekannt erstattet wegen vielfacher Brandstiftung in Waldregionen, in denen sich Windkraftwerke rechnen?<br \/>\n3) Ist Erderw\u00e4rmung menschengemacht durch CO2 oder nicht? Und sind Waldbr\u00e4nde menschengemacht durch Brandstiftung oder nicht? E.K.<br \/>\n.<br \/>\n&#8230; doch ich erlaube mir bez\u00fcglich Ihres Hinweises auf den \u00bbStand der Wissenschaft\u00ab einen Blick zur\u00fcck auf die fr\u00fchen 1980er Jahre und dem dortigen Panik-Thema:<br \/>\n1) der deutsche Wald stirbt und<br \/>\n2) bis ca. 2000\/2010 wird Deutschland entwaldet sein<br \/>\nNat\u00fcrlich alles unter Berufung auf die Wissenschaft und wissenschaftliche Erkenntnisse!<br \/>\nWer damals entsprechende \u00bbWaldsterben\u00ab-Projekte \u00bbgut\u00ab formulierte, der konnte ordentliche Forschungsgelder eintreiben.<br \/>\nKurzum: Wenn wir die Wissenschaft und die Wissenschaftler nicht entsprechend unterst\u00fctzen und deren finanzielle Unabh\u00e4ngigkeit garantieren, dann wird uns die Wissenschaft nicht nur aber auch die ein oder anderen \u00bbpassenden Ergebnisse und Aussagen\u00ab liefern!<br \/>\nFrage an dieser Stelle: Finden wir aktuell in Deutschland \u00fcberhaupt noch irgendeine bewaldete Fl\u00e4che? Sollte ja alles mittlerweile abgestorben sein! P.K.<br \/>\nEnde Kommentare<\/p>\n<p>&nbsp;<\/p>\n<p><strong>Feuerwehr von Rhodos: Br\u00e4nde wurden von Menschenhand gelegt<\/strong><br \/>\n<em>In Griechenland ist eines klar: Die Waldbr\u00e4nde auf Rhodos und anderswo sind nicht dem Klimawandel geschuldet, sie wurden von Menschenhand gelegt. Im Hintergrund steht der Wunsch, an neues Bauland zu kommen. Ob f\u00fcr H\u00e4user oder Windparks, ist da egal. Es gibt eh nur einen Baulandmarkt.<\/em><br \/>\n&#8230;.<br \/>\nAber in noch etwas sind sich die lokalen Beobachter auf Rhodos weitgehend einig: Das ist nicht der Klimawandel, was da in den Bergen von Rhodos, Korfu oder der Peloponnes w\u00fctet. Bei den Feuern, denen gerade der zentrale Bergwald der zweitgr\u00f6\u00dften griechischen Insel Rhodos zum Opfer f\u00e4llt, seien vielmehr menschliche Verursacher niemals weit. Ein Anwohner berichtet von Methan- und Propangasflaschen, die man im Wald gefunden habe. Es handele sich um Angriffe auf die Gemeinschaft der B\u00fcrger. Der Pressesprecher der Feuerwehr von Rhodos, Giannis Artopoios, berichtete gegen\u00fcber dem Fernsehsender Skai von ersten Vorladungen und weiteren Nachforschungen, die man in dieser Sache anstelle. Noch gibt es keine Festnahmen, wie ein weiterer Feuerwehrsprecher mitteilte. In einem sind sich die beiden Sprecher aber einig: \u201eDie Feuer wurden von Menschenhand gelegt.\u201c Ob durch Nachl\u00e4ssigkeit oder in arglistiger Absicht, m\u00fcsse noch gekl\u00e4rt werden. Der B\u00fcrgermeister von Rhodos, Antonis Kampourakis, hat nun gar Anzeige gegen Unbekannt erstattet \u2013 wegen vielfacher Brandstiftung seit dem 18. Juli bis zum heutigen Tage.<br \/>\n&#8230;.<br \/>\nErfahrene Beobachter gehen davon aus, dass nur f\u00fcnf bis sieben Prozent aller Waldbr\u00e4nde im Land durch Nachl\u00e4ssigkeit entstehen. Das schwerwiegende, tieferliegende Problem sehen diese ernsthaften Beobachter, darunter ausnahmsweise ein Syriza-Politiker namens Stefanos Tzoumakas (einst Gr\u00fcndungsmitglied des Pasok), in wirtschaftlichen Interessen: \u201eDas gro\u00dfe Eigeninteresse besteht darin, die Nutzung des Landes zu \u00e4ndern. Das ist das gro\u00dfe Thema.\u201c Laut dem Gesetz m\u00fcsse zwar jedes abgebrannte Waldst\u00fcck in Griechenland innerhalb von 40 Tagen wieder aufgeforstet werden. Das geschieht aber wohl in sehr vielen F\u00e4llen nicht. So gibt es schon allein kaum Baumschulen im Land, wie Tzoumakas berichtet. Doch dar\u00fcber werde nicht diskutiert, stattdessen errege man sich kurzfristig, wenn wieder ein Waldfeuer ausgebrochen ist. \u00dcberhaupt, \u201eausgebrochen\u201c seien diese Feuer keineswegs. \u201eMenschen legen sie!\u201c, so der Politiker mit Nachdruck.<br \/>\n&#8230;<br \/>\n<strong>Dienen die Br\u00e4nde der Windkraft-Industrie?<\/strong><br \/>\nAuf den Inseln kommen zudem weitere Interessen hinzu: Auch hier geht es um Grundst\u00fccke f\u00fcr Ferienh\u00e4user und Hotels, daneben aber \u2013 und das k\u00f6nnte \u00e4hnlich wie auf Eub\u00f6a auch auf Rhodos eine Rolle spielen \u2013 um die Errichtung von Photovoltaik- und <a href=\"https:\/\/www.freiburg-schwarzwald.de\/blog\/energie\/wind\/windkraft\/\">Windkraftanlagen<\/a>. Unbestritten ist, dass die Regierung die Windparks ausbauen will<br \/>\n&#8230; Alles vom 26.7.2023 bitte lesen auf<br \/>\n<a href=\"https:\/\/www.tichyseinblick.de\/kolumnen\/aus-aller-welt\/feuerwehr-von-rhodos-braende-wurden-gelegt\/\">https:\/\/www.tichyseinblick.de\/kolumnen\/aus-aller-welt\/feuerwehr-von-rhodos-braende-wurden-gelegt\/<\/a><br \/>\n.<br \/>\nEinige Kommentare<br \/>\nAngriffe auf die Gemeinschaft der B\u00fcrger. Also Terror. So sollten die T\u00e4ter und ihre Auftraggeber auch bestraft werden. Aber jede Wette, dass unsere Gr\u00fcnen und Klimafanatiker von den Brandstiftungen nichts mitkriegen und auch weiter behaupten werden, die Br\u00e4nde seien Folge des Klimawandels? R.R.<br \/>\n.<br \/>\nLeider ist das im Mittelmeerraum, insbesondere in Griechenland, nichts Neues. Das mit den regelm\u00e4\u00dfigen Brandstiftungen haben uns auf Rhodos die Guides schon vor 20 Jahren ganz deutlich erz\u00e4hlt, genauso wie das Versickern von Hilfsgeldern. Das war eine Weile zuvor viel Wald an der Westk\u00fcste abgebrannt und trotz erheblichen Spenden und Hilfsgelder ging die Renaturierung nur z\u00e4h vom Fleck. Selbst der WWF weist auf die Brandstiftungen hin: \u201eDie Waldbr\u00e4nde in den Mittelmeerl\u00e4ndern werden fast ausschlie\u00dflich vom Menschen verursacht, sei es fahrl\u00e4ssig oder absichtlich. Im seltensten Fall hatten die Br\u00e4nde nat\u00fcrliche Ursachen, wie die offiziellen Waldbrandstatistiken zeigen.\u201c S.S. 21 in <a href=\"https:\/\/www.wwf.de\/fileadmin\/fm-wwf\/Publikationen-PDF\/110727_WWF_Waldbrandstudie.pdf\">https:\/\/www.wwf.de\/fileadmin\/fm-wwf\/Publikationen-PDF\/110727_WWF_Waldbrandstudie.pdf<\/a> A.M.<br \/>\n.<br \/>\nUnd f\u00fcr die deutschen \u201eQualit\u00e4tsmedien\u201c ein \u201eGl\u00fccksfall\u201c! Es ist nat\u00fcrlich der Klimawandel, wenn die Erde brennt! Au\u00dfer in der Ukraine, da beteiligen \u201ewir\u201c uns dann gern beim (ab)FEUERN, geht ja schlie\u00dflich um \u201eunsere Werte\u201c! Um welche Werte geht es eigentlich noch? Jul<br \/>\n.<br \/>\nIch warte nur noch auf die Kommentare von den Gr\u00fcnen und Gr\u00fcnInnen. Dass die Br\u00e4nde von Menschenhand gelegt wurden ist eindeutig dem Klimawandel geschuldet. Nur so werden hier Fl\u00e4chen frei f\u00fcr gro\u00dfe Windr\u00e4der. Wenn die Inselbewohner nicht freiwillig das Land den Windanlageninvestoren zur Verf\u00fcgung stellen mu\u00df hier nachgeholfen werden. Dem Klima der Gr\u00fcnen mu\u00df sich alles unterordnen. Da kann es ruhig mal brennen. Mal sehen wann es in Deutschland an entsprechender Stelle brennt. Bei der Hitze, die nach Lauterbach &amp; Co. derzeit in diesem Land herrscht, w\u00e4re es ja kein Wunder. Und nachhelfen mit geeigneten Brandbeschleunigern w\u00e4re nach unseren Gerichten mehr als legitim (siehe Klimakleber). N.E.<br \/>\n.<br \/>\nEine Wiederaufforstungspflucht innerhalb von 40 Tagen, deren Durchsetzung scheinbar auch nicht weiter verfolgt wird, ist zur Verhinderung zuk\u00fcnftiger Brandstiftungen ungeeignet. Wenn\u2019s der Politik ernst damit w\u00e4re, w\u00fcrde eine Bebauung eines, durch Brandstiftung zerst\u00f6rten Waldst\u00fccks auf 2 \u2013 3 Generationen generell untersagt werden. Mik<br \/>\nEnde Kommentare<\/p>\n<p>.<br \/>\n<strong>Waldbr\u00e4nde in Griechenland: Stecken Brandstifter hinter den Feuern auf Rhodos?<\/strong><br \/>\nDer B\u00fcrgermeister der Insel Rhodos hat eine Klage wegen vors\u00e4tzlicher Brandstiftung angek\u00fcndigt. Die Klage werde gegen Unbekannt erhoben und \u00fcber eine Athener Anwaltskanzlei bei der Staatsanwaltschaft des Obersten Gerichtshofs eingereicht, berichtet die griechische Nachrichtenagentur Amna.<br \/>\nSie umfasst mehrere Straftaten ab dem 18. Juli 2023, darunter vors\u00e4tzliche Brandstiftung auch in W\u00e4ldern sowie versuchter Mord gegen st\u00e4ndige Bewohner von Rhodos oder Menschen, die sich auf der Insel aufhalten und von den Br\u00e4nden betroffen sind.<br \/>\n&#8230;<br \/>\nDer zust\u00e4ndige Feuerwehrchef auf Rhodos, Yiannis Artophios, erkl\u00e4rte im griechischen Fernsehen, dass \u201eHinweise auf Brandstiftung\u201c g\u00e4be. \u201eDie Br\u00e4nde wurden durch Menschen verursacht. Personen wurden zu Zeugenaussagen bestellt, weitere werden noch vorgeladen.\u201c<br \/>\n&#8230; Alles vom 26.7.2023 bitte lesen auf<br \/>\n<a href=\"https:\/\/www.stuttgarter-zeitung.de\/inhalt.waldbraende-in-griechenland-stecken-brandstifter-hinter-den-feuern-auf-rhodos.7b1486a4-569a-4e5e-9689-6d6175afd7c4.html\">https:\/\/www.stuttgarter-zeitung.de\/inhalt.waldbraende-in-griechenland-stecken-brandstifter-hinter-den-feuern-auf-rhodos.7b1486a4-569a-4e5e-9689-6d6175afd7c4.html<\/a><br \/>\n.<br \/>\n.<br \/>\n<strong>Medien-Panikmache: \u201eFeuerfl\u00fcchtlinge\u201c von Rhodos, die gar keine sind<\/strong><br \/>\nNicht berichtet wird auch \u00fcber einen b\u00f6sen Verdacht, der in den sozialen Medien kursiert \u2013 dass genau da, wo es jetzt brennt, eine Windfabrik entstehen soll.<br \/>\nTweet von Maik Schmiddle 24.7.2023:<br \/>\n&#8222;Da wo es jetzt in Rhodos brennt, gibt es die Genehmigung f\u00fcr die Entwicklung einer Windfabrik. Auf der Geo-Informationskarte der Energieregulierungsbeh\u00f6rde in Rhodos zeigt sich wieder einmal der &#8222;b\u00f6se Zufall&#8220;, dass genau im Brenngebiet Windkraftanlagen genehmigt wurden.&#8220;<\/p>\n<blockquote class=\"twitter-tweet\" data-width=\"550\" data-dnt=\"true\">\n<p lang=\"de\" dir=\"ltr\">Da wo es jetzt in Rhodos brennt, gibt es die Genehmigung f\u00fcr die Entwicklung einer Windfabrik. Auf der Geo-Informationskarte der Energieregulierungsbeh\u00f6rde in Rhodos zeigt sich wieder einmal der &quot;b\u00f6se Zufall&quot;, dass genau im Brenngebiet Windkraftanlagen genehmigt wurden. <a href=\"https:\/\/t.co\/FYRUlTrE7G\">pic.twitter.com\/FYRUlTrE7G<\/a><\/p>\n<p>&mdash; Maik Schmidt \ud83c\udde9\ud83c\uddea Das Original (@MaikSchmiddie) <a href=\"https:\/\/twitter.com\/MaikSchmiddie\/status\/1683512286076366848?ref_src=twsrc%5Etfw\">July 24, 2023<\/a><\/p><\/blockquote>\n<p><script async src=\"https:\/\/platform.twitter.com\/widgets.js\" charset=\"utf-8\"><\/script><br \/>\n&#8230; Alles vom 26.7.2023 bitte lesen auf<br \/>\n<a href=\"https:\/\/reitschuster.de\/post\/medien-panikmache-feuerfluechtlinge-von-rhodos-die-gar-keine-sind\/\">https:\/\/reitschuster.de\/post\/medien-panikmache-feuerfluechtlinge-von-rhodos-die-gar-keine-sind\/<\/a><\/p>\n<p>&nbsp;<\/p>\n<p><strong>Gerd Antes: Klimapolitik+Hitze \u2013 \u201eEinstein w\u00e4re heute ein Schwurbler\u201c<\/strong><br \/>\nWie schon w\u00e4hrend der Pandemie, gibt die Politik beim Thema Klimawandel Gewissheiten vor, die es in der Wissenschaft nicht gibt, sagt Gerd Antes. Im Cicero-Interview spricht der renommierte Medizinstatistiker \u00fcber unsachgem\u00e4\u00dfen Umgang mit Empirie und die Vers\u00e4umnisse der Medien. [\u2026]<br \/>\nW\u00e4hrend der Corona-Pandemie haben Sie immer wieder den unsachgem\u00e4\u00dfen Umgang der Politik mit wissenschaftlichen Daten kritisiert. Sehen Sie das gleiche Problem in der Klimadebatte?<br \/>\nJa, auch wenn die Lage ein bisschen anders ist. Eine Konstante ist die enorme \u00dcbergriffigkeit der Politik, die versucht, auf wissenschaftliche Gremien einzuwirken, damit sie die Empfehlungen geben, die die Politik gerne h\u00e4tte. Aber ein unsachgem\u00e4\u00dfer Umgang mit Wissenschaft ist auch in den Medien zu beobachten. Zum Beispiel stellen sich Leute mit einem medizinischen Hintergrund vor die Kamera und behaupten: Die Hitze wird bald die h\u00e4ufigste Todesursache sein! Ich \u00fcbertreibe, wenn ich das so \u00fcberspitzt formuliere. Aber das ist der grunds\u00e4tzliche Tenor. Nur ist es nirgends belegt, dass die Zahl der Hitzetoten steigen wird. Nicht auch nur ansatzweise.<br \/>\nSie spielen vermutlich auf den Fernseharzt Eckart von Hirschhausen an. Er behauptet, die Hitze sei die gr\u00f6\u00dfte Gesundheitsgefahr, auf die wir uns in diesem Jahrhundert einstellen m\u00fcssten.<br \/>\nJa, solchen Aussagen bekommen nur durch Prominenz den Anschein von Wissenschaftlichkeit, was der normale B\u00fcrger nicht beurteilen kann. Daf\u00fcr gibt es schlicht keine Grundlage mit wissenschaftlichem Konsens, schon gar keine einfachen Wahrheiten. Es ist noch nicht lange her, da hat er zur besten Sendezeit in der ARD eine Blutw\u00e4sche als Therapie gegen Covid-Erkrankung propagiert. Kollegen haben mich schon w\u00e4hrend der Sendung angerufen und gesagt, ich solle sofort den Fernseher einschalten. Das war wirklich haarstr\u00e4ubend.<br \/>\n&#8230; Alles vom 4.7.2023 mit Gerd Antes bitte lesen auf<br \/>\n<a href=\"https:\/\/www.cicero.de\/innenpolitik\/klimapolitik-einstein-ware-heute-ein-schwurbler-gerd-antes-wissenschaft-corona-klimapolitik\">https:\/\/www.cicero.de\/innenpolitik\/klimapolitik-einstein-ware-heute-ein-schwurbler-gerd-antes-wissenschaft-corona-klimapolitik<\/a><br \/>\n.<br \/>\n<em>Gerd Antes war Mitglied zahlreicher Wissenschaftskommissionen, unter anderem der St\u00e4ndigen Impfkommission am Robert-Koch-Institut sowie des Advisory Boards der International Clinical Trial Registry Platform (ICTRP) der WHO. Der Medizinstatistiker war Wissenschaftlicher Vorstand der Cochrane Deutschland Stiftung, die sich f\u00fcr wissenschaftliche Evidenz in der Medizin einsetzt.<\/em><\/p>\n<p>&nbsp;<\/p>\n<p>&nbsp;<\/p>\n<p><strong>Die k\u00fcnstlich erzeugte Angst vor der F\u00fcnf-Grad-Erw\u00e4rmung<\/strong><br \/>\nDer Weltklimarat IPCC behandelt in seinen Berichten auch v\u00f6llig irreale Szenarien der extremen Erw\u00e4rmung. Sie dienen ihm wom\u00f6glich dazu, Angst zu erzeugen. Wie stark Deutschland bereits jetzt seine CO2-Emissionen reduziert hat, geht in der allgemeinen Angstrhetorik ebenso unter wie die Frage nach der Kernenergie.<br \/>\n&#8230;.<br \/>\nWas bewirkt eine Verminderung von CO2 um 65 Prozent in Deutschland bis 2030? Bj\u00f6rn Lomborg hat die Auswirkungen berechnet. Auf das Klima hat eine Verminderung um 65 % CO2 in Deutschland Null Auswirkungen, jede Familie wird aber 2030 mit j\u00e4hrlich 8400 \u20ac (Schrumpfung des BIP um 4,3 %) belastet. Weiter fortgef\u00fchrt, kostet das Ausstiegsprogramm jede Familie 34 000 \u20ac (Schrumpfung des BIP um 12,8 %) in 2050. Und die klimatischen Auswirkungen in 2100 w\u00e4ren nach den IPCC-Modellen: 0,015 Grad Celsius weniger Temperaturanstieg. Diese deutsche Vorreiterrolle und der deutsche Alleingang wird kein Vorbild f\u00fcr andere Nationen sein.<br \/>\n&#8230; Alles vom 8.9.2021 von Fritz Vahrenholt bitte lesen auf<br \/>\n<a href=\"https:\/\/www.tichyseinblick.de\/kolumnen\/klima-durchblick\/die-kuenstlich-erzeugte-angst-vor-der-fuenf-grad-erwaermung\/\">https:\/\/www.tichyseinblick.de\/kolumnen\/klima-durchblick\/die-kuenstlich-erzeugte-angst-vor-der-fuenf-grad-erwaermung\/<\/a><\/p>\n<p>.<\/p>\n<p><strong>2003 war Freiburg deutsche Hitzehauptstadt mit 40,2 Grad<\/strong><br \/>\n<em>Am Mittwoch (24.7.2019) 40,5 Grad im nordrhein-westf\u00e4lischen Geilenkirchen, am Donnerstag 42,6 Grad im nieders\u00e4chsischen Lingen. In Freiburg zeigte die meteorologische Stadtstation der Freiburger Uni am Donnerstag um 17 Uhr 37,7 Grad Lufttemperatur an.<\/em><br \/>\nEinst war auch Freiburg Hitzerekordhalter \u2013 im Jahrhundertsommer 2003. Der August damals war extrem hei\u00df, sonnig und trocken; Mitteltemperatur: 25,5 Grad, deutlich mehr als \u00fcblich. Am 13. August war es soweit: ein Maximum von 40,2 Grad \u2013 damit stellte Freiburg den deutschen Hitzerekord ein und teilte sich den inoffiziellen Titel &#8222;hei\u00dfeste Stadt der Republik&#8220; mit Karlsruhe und G\u00e4rmersdorf in der Oberpfalz. Wobei der Rekord aus dem Breisgau mit Vorsicht zu genie\u00dfen ist: Die damalige Wetterstation an der Stefan-Meier-Stra\u00dfe entsprach nicht internationalen Richtlinien.<br \/>\nWetteraufzeichnungen gibt es in Freiburg seit 150 Jahren. Hei\u00df war\u2019s auch schon am 17. Juli 1918 mit 39,4 Grad. Charakteristisch f\u00fcr S\u00fcdbaden sei, so Meteorologe Alexander Hildebrand vor kurzem im BZ-Interview, dass hier das sch\u00f6ne Wetter zuerst ankommt.<br \/>\nHitze entsteht oft im S\u00fcden und S\u00fcdwesten Europas, zieht \u00fcber die Burgundische Pforte nach Deutschland und trifft zuerst auf die Region zwischen L\u00f6rrach und Offenburg.<br \/>\n&#8230; Alles vom 25.7.2019 bitte lesen auf<br \/>\n<a href=\"https:\/\/www.badische-zeitung.de\/im-jahrhundertsommer-2003-war-freiburg-die-deutsche-hitze-hauptstadt\">https:\/\/www.badische-zeitung.de\/im-jahrhundertsommer-2003-war-freiburg-die-deutsche-hitze-hauptstadt<\/a><\/p>\n<p>&nbsp;<\/p>\n<p><strong>Zugepflasteter Uni-Platz erzeugt Hitze<\/strong><br \/>\nJedes Grad mehr im Sommer belastet den B\u00fcrger. Die Versiegelung \u00f6ffentlicher Fl\u00e4chen aus j\u00fcngster Zeit im Innenstadtbereich, mit dem <a title=\"Platz-der-Alten-Synagoge\" href=\"https:\/\/www.freiburg-schwarzwald.de\/blog\/regio\/freiburg\/platz-der-alten-synagoge\/\">Platz der Alten Synagoge<\/a> im Mittelpunkt, l\u00e4sst die ohnehin in Freiburg hohen Hitzewerte hausgemacht weiter ansteigen. Jedes Grad mehr im Sommerhalbjahr belastet den B\u00fcrger, insbesondere alte und kranke Menschen. Da wirkt der Hinweis auf eine volle w\u00e4rmende Fr\u00fchjahrssonne, gedacht als Ausgleich, eher wie eine anachronistische Verharmlosung!<br \/>\nAlles begann mit der B\u00fcrgerbeteiligung zur Gestaltung des Platzes der Alten Synagoge. Die Stadt, das Tiefbauamt als federf\u00fchrendes Amt, versicherte sich hierf\u00fcr sogar der professionalen Hilfe einer Mediatorengruppe. Diese manipulierte die Teilnehmer, sodass sie die Vorstellung eines leeren, zugepflasterten Platzes f\u00fcr alle und jede Aktivit\u00e4t begr\u00fc\u00dften, so wie es die Stadt wollte. Einer solchen Argumentation der Profis, unterst\u00fctzt vom damaligen Leiter des Tiefbauamtes, hatten die beteiligten B\u00fcrger leider kaum etwas wirksam entgegenzusetzen. Jetzt f\u00e4hrt, wie von der Stadt von Anfang an geplant, die Stra\u00dfenbahn \u00fcber den v\u00f6llig zugepflasterten, im Sommerhalbjahr bis an die Grenzen des Ertr\u00e4glichen aufgeheizten, in der Hitze flirrenden Platz der Alten Synagoge!<br \/>\n22.7.2019, Dieter Jacob, Freiburg, BZO<br \/>\nZum Bericht &#8222;Hei\u00df, hei\u00dfer, Innenstadt&#8220; (BZ vom 29. Juni).<\/p>\n<p>&nbsp;<\/p>\n<p><strong>Gl\u00e4serne VAG-Warteh\u00e4uschen bieten keinerlei Hitzeschutz<\/strong><\/p>\n<p>Betroffen sind rund 30 VAG-Haltestellen der neuesten Generation. Die neuen Warteh\u00e4uschen sind nahezu komplett gl\u00e4sern gebaut, wobei an einer Seite eine Werbetafel angebracht ist. Laut VAG kommen die neuen Typen seit 2001 zum Einsatz und ersetzen nach und nach die alten Modelle. &#8230; &#8222;Man hat nirgends eine Chance auszuweichen&#8220;, klagt Karl-Ernst Friederich vom B\u00fcrgerverein Oberwiehre\/Waldsee, der Refferts Anliegen unterst\u00fctzt. &#8222;Im Sommer tritt dort ein Gew\u00e4chshauseffekt ein&#8230;. Alles vom 7.11.2012 bitte lesen auf<br \/>\n<a href=\"https:\/\/www.badische-zeitung.de\/freiburg\/glaeserne-haltestellen-sorgen-fuer-unmut--65380699.html\">https:\/\/www.badische-zeitung.de\/freiburg\/glaeserne-haltestellen-sorgen-fuer-unmut&#8211;65380699.html<\/a><\/p>\n<p><strong>Transparente Warteh\u00e4uschen &#8211; schlecht f\u00fcr Hitze wie auch f\u00fcr Sehbehinderte<\/strong><br \/>\nSchon vor Jahren wurde von Seiten des Freiburger Behindertenbeirats darauf hingewiesen, dass dieses &#8222;transparente&#8220; Warteh\u00e4uschen-Modell f\u00fcr Menschen mit einer Sehbehinderung problematisch ist. Aufgrund fehlender Kontraste sind die H\u00e4uschen schwer zu lokalisieren, zudem besteht die Gefahr des Dagegenlaufens.<br \/>\nDamals gab es deswegen auch Gespr\u00e4che mit der VAG, doch deren erkl\u00e4rtes Ziel war es eben, aus \u00e4sthetischen Gr\u00fcnden von den alten, roten Haltetellenh\u00e4uschen wegzukommen. Schade &#8211; diese roten, kontrastreichen Konstruktionen waren f\u00fcr Sehbehinderte ideal gewesen.<br \/>\n7.11.2012, Kai Fischer<\/p>\n<p>&nbsp;<\/p>\n<p><strong>Platz der Alten Synagoge &#8211; Meteorologen warnen vor unertr\u00e4glicher Hitze<\/strong><\/p>\n<p><em>Freiburger Meteorologen warnen vor teils unertr\u00e4glicher Hitze \u2013\u00a0Stadtplaner sehen darin kein echtes Problem<\/em><br \/>\nDie Meteorologen der Freiburger Universit\u00e4t haben vor Monaten auf die drohende Verschlechterung des Kleinklimas hingewiesen. Dass die Rasenfl\u00e4che des <a title=\"Platz-der-Alten-Synagoge\" href=\"https:\/\/www.freiburg-schwarzwald.de\/blog\/regio\/freiburg\/platz-der-alten-synagoge\/\">Platzes der Alten Synagoge<\/a>\u00a0mit Granit versiegelt und B\u00e4ume gef\u00e4llt werden, f\u00fchre dazu, dass Hitzestress k\u00fcnftig von Mai bis September auftreten k\u00f6nne und damit zwei Monate l\u00e4nger als bisher. Zudem sei es in der Mittagshitze auf dem Platz nicht auszuhalten, sagt Klimaforscher Andreas Matzarakis. Seinen Berechnungen zufolge steigt die gef\u00fchlte Temperatur auf dem Platz einzig wegen der Umgestaltung um bis zu zehn Grad. Die zus\u00e4tzlich zu erwartende Temperaturerh\u00f6hung durch den Klimawandel ist darin noch nicht ber\u00fccksichtigt. Um den k\u00fcnftigen Hitzestress deutlich zu verringern, m\u00fcssten B\u00e4ume auf dem gesamten Platz verteilt sein, meint der Stadtklimaforscher. 10.10.2012<br \/>\n<a href=\"https:\/\/www.badische-zeitung.de\/freiburg\/ein-platz-in-der-sonne--64471723.html\">https:\/\/www.badische-zeitung.de\/freiburg\/ein-platz-in-der-sonne\u201364471723.html<\/a><\/p>\n<p>&nbsp;<\/p>\n<p><strong>Sauhitze! &#8211; 1965<\/strong><\/p>\n<p>W\u00e4rmerekordmeldungen aus S\u00fcdeuropa. Niedrigste Wasserst\u00e4nde seit Menschengedenken. Hitzeopfer in nie gekannter Zahl in den Gro\u00dfst\u00e4dten.\u00a0Alle wettern wieder \u00fcbers Wetter. Aber was kann das Wetter daf\u00fcr, dass es Wetter gibt? Wehen, Wind und Wedel waren in fr\u00fchester Zeit die Bedeutungen von Wetter. Jetzt, w\u00e4hrend der Hitzewelle, wie dankbar w\u00e4ren wir f\u00fcr k\u00fchles Wehen! Das Wetter kann\u2019s den Menschen wirklich selten recht machen. Zu wenig Regen, zu viel Regen. Zu trocken, zu feucht. Zu kalt, zu warm. Von der konkreten Bedeutung Lufthauch, Wind, entwickelt sich das Wort zur \u201eGesamtbezeichnung aller Witterungsvorg\u00e4nge\u201c. Jedenfalls nach Auskunft der Sprachgeschichtler. Wetter wird jedoch auch gleichgesetzt mit Donner, Regen und Sturm. Mit Unwetter. Gegen Unwetter gab es den volkst\u00fcmlichen Brauch gegen, wider, f\u00fcr das Wetter oder zu dem Wetter l\u00e4uten. Bei dem 1546, (1547?) in Stra\u00dfburg geborenen Johann Fischart, einem der bekanntesten Autoren seiner Zeit, findet man in seiner Gargantua- \u00dcbersetzung die Empfehlung, man solle die Glocken l\u00e4uten lassen \u201edamit&#8230;das wetter besser zertheylet werde\u201c. Wie sch\u00f6n, wenn man das in den hei\u00dfen Sommern, die wir zu erwarten haben, bewerkstelligen k\u00f6nnte, die Hitze zu teilen und damit auf ein ertr\u00e4glich Ma\u00df abzuschw\u00e4chen. Vielleicht wird es ja deshalb immer w\u00e4rmer auf der Welt, weil die Menschen zu selten in die Kirchen gehen und deshalb die Glocken zu wenig l\u00e4uten. Zugegeben keine sehr wissenschaftliche Erkl\u00e4rung f\u00fcr den Anstieg der Temperaturen auf der Welt.<br \/>\nBis heute gibt es keine menschenfreundlichen Wetterhexen, die ihren Bannfluch gegen die \u201eunmenschliche\u201c Hitze sprechen w\u00fcrden und keine Wettergeister, die einen k\u00fchlen Lufthauch herbeibeschw\u00f6ren k\u00f6nnten. Geschweige denn Wettermaschinen, mit deren Hilfe es m\u00f6glich w\u00e4re, die hei\u00dfe Brut in der Luft zu verjagen und daf\u00fcr Abk\u00fchlung anzusaugen. Auch die Ratschl\u00e4ge alter Wetterkalender helfen uns nicht weiter als dies Wetterh\u00e4hne und Wetterfr\u00f6sche tun.<br \/>\nAlles liegt am Wetter. Unf\u00e4lle, Krankheiten, Verbrechen. Diese nehmen besonders jetzt, in der Hitze, zu. Bei jeder Sauhitze sehnen sich die Menschen wieder nach Sauwetter. K\u00e4lte und Niederschl\u00e4gen gegen\u00fcber zeigen die Menschen mehr Geduld. \u00dcber Hitze st\u00f6hnen die meisten schon nach drei Tagen. Auch wenn sie zuvor wochenlang nach Sommer gelechzt haben. In der ersten Hitze \u00fcbertreiben dann Hitzk\u00f6pfe ma\u00dflos mit ihren hei\u00dfen Attacken gegen die Hitze. \u201eSauhitze!\u201c, wird dann geflucht, als ob die Hitze irgendetwas mit einer Sau zu tun h\u00e4tte. Oder umgekehrt die Sau mit dem Wetter in \u201eSauwetter\u201c. Da kommt doch der Verdacht auf, die Sau m\u00fcsse noch mehr zum S\u00fcndenbock f\u00fcr menschliches Unbehagen aller Art herhalten als das Wetter. Arme Sau!!<br \/>\nStefan Pflaum\u00a0am 30.6.2005 auf <a href=\"https:\/\/www.dreisamtaeler.de\">www.dreisamtaeler.de<\/a><\/p>\n","protected":false},"excerpt":{"rendered":"<p>Home &gt;Natur &gt;Klima &gt;Hitze Listenauswahl eines Beitrags (Artikel\/Datum, Seite\/Inhalt): Klicken oder scrollen Kristina Schr\u00f6der: Endlich Klimaanlagen in Krankenh\u00e4user und Altenheime (23.8.2026) Stahlbad: Warum gibt es in kaum einem Freiburger Pflegeheim Klimaanlagen \u2013 nicht einmal in Neubauten?\u00a0(23.8.2026) Hitzetote: Im Winter ist &hellip; <a href=\"https:\/\/www.freiburg-schwarzwald.de\/blog\/natur\/klima\/hitze\/\">Weiterlesen <span class=\"meta-nav\">&rarr;<\/span><\/a><\/p>\n","protected":false},"author":4,"featured_media":0,"parent":503,"menu_order":0,"comment_status":"open","ping_status":"closed","template":"","meta":{"footnotes":""},"class_list":["post-14701","page","type-page","status-publish","hentry"],"_links":{"self":[{"href":"https:\/\/www.freiburg-schwarzwald.de\/blog\/wp-json\/wp\/v2\/pages\/14701","targetHints":{"allow":["GET"]}}],"collection":[{"href":"https:\/\/www.freiburg-schwarzwald.de\/blog\/wp-json\/wp\/v2\/pages"}],"about":[{"href":"https:\/\/www.freiburg-schwarzwald.de\/blog\/wp-json\/wp\/v2\/types\/page"}],"author":[{"embeddable":true,"href":"https:\/\/www.freiburg-schwarzwald.de\/blog\/wp-json\/wp\/v2\/users\/4"}],"replies":[{"embeddable":true,"href":"https:\/\/www.freiburg-schwarzwald.de\/blog\/wp-json\/wp\/v2\/comments?post=14701"}],"version-history":[{"count":5,"href":"https:\/\/www.freiburg-schwarzwald.de\/blog\/wp-json\/wp\/v2\/pages\/14701\/revisions"}],"predecessor-version":[{"id":94821,"href":"https:\/\/www.freiburg-schwarzwald.de\/blog\/wp-json\/wp\/v2\/pages\/14701\/revisions\/94821"}],"up":[{"embeddable":true,"href":"https:\/\/www.freiburg-schwarzwald.de\/blog\/wp-json\/wp\/v2\/pages\/503"}],"wp:attachment":[{"href":"https:\/\/www.freiburg-schwarzwald.de\/blog\/wp-json\/wp\/v2\/media?parent=14701"}],"curies":[{"name":"wp","href":"https:\/\/api.w.org\/{rel}","templated":true}]}}