{"id":146380,"date":"2026-02-28T18:51:11","date_gmt":"2026-02-28T17:51:11","guid":{"rendered":"https:\/\/www.freiburg-schwarzwald.de\/blog\/?page_id=146380"},"modified":"2026-03-09T19:35:28","modified_gmt":"2026-03-09T18:35:28","slug":"voelkerrecht","status":"publish","type":"page","link":"https:\/\/www.freiburg-schwarzwald.de\/blog\/global\/globalisierung\/voelkerrecht\/","title":{"rendered":"V\u00f6lkerrecht"},"content":{"rendered":"<p><a href=\"https:\/\/www.freiburg-schwarzwald.de\/blog\">Home<\/a>\u00a0&gt;<a title=\"Global\" href=\"https:\/\/www.freiburg-schwarzwald.de\/blog\/global\/\">Global<\/a>\u00a0&gt;<a title=\"Globalisierung\" href=\"https:\/\/www.freiburg-schwarzwald.de\/blog\/global\/globalisierung\/\">Globalisierung<\/a>\u00a0&gt;<a href=\"https:\/\/www.freiburg-schwarzwald.de\/blog\/global\/globalisierung\/nwo\/\">NWO<\/a>\u00a0&gt;<a href=\"https:\/\/www.freiburg-schwarzwald.de\/blog\/global\/globalisierung\/global-government\/\">Global-Government<\/a> &gt;<a href=\"https:\/\/www.freiburg-schwarzwald.de\/blog\/global\/globalisierung\/global-government\/international\/\">international<\/a> &gt;V\u00f6lkerrecht<\/p>\n<div id=\"attachment_123454\" style=\"width: 650px\" class=\"wp-caption alignnone\"><a href=\"https:\/\/www.freiburg-schwarzwald.de\/blog\/wp-content\/uploads\/2024\/05\/an-israel-chai-rhin-pan240507.jpg\"><img loading=\"lazy\" decoding=\"async\" aria-describedby=\"caption-attachment-123454\" class=\"size-full wp-image-123454\" src=\"https:\/\/www.freiburg-schwarzwald.de\/blog\/wp-content\/uploads\/2024\/05\/an-israel-chai-rhin-pan240507.jpg\" alt=\"\" width=\"640\" height=\"422\" srcset=\"https:\/\/www.freiburg-schwarzwald.de\/blog\/wp-content\/uploads\/2024\/05\/an-israel-chai-rhin-pan240507.jpg 640w, https:\/\/www.freiburg-schwarzwald.de\/blog\/wp-content\/uploads\/2024\/05\/an-israel-chai-rhin-pan240507-180x119.jpg 180w\" sizes=\"auto, (max-width: 640px) 100vw, 640px\" \/><\/a><p id=\"caption-attachment-123454\" class=\"wp-caption-text\">&#8222;Am Israel Chai&#8220; &#8211; Marsch von Breisach (D) \u00fcber den Rhein nach Vogelgrun (F)<\/p><\/div>\n<ul>\n<li><em>Listenauswahl eines Beitrags (Artikel\/Datum, Seite\/Inhalt): Klicken oder scrollen<\/em><\/li>\n<li>Daniele Ganser: Angriffskrieg auf Iran v\u00f6lkerrechtswidrig (4.3.2026)<\/li>\n<li><a href=\"https:\/\/www.freiburg-schwarzwald.de\/blog\/global\/deutschland\/deutschland-iran\/\">Ahmet Refii Dener: Irankrieg \u2013 And the loser is Germany<\/a>\u00a0(3.3.2026)<\/li>\n<li>Freiheit oder V\u00f6lkerrecht? Es gibt eine moralische Verpflichtung, Iranern zu helfen (28.2.2026)<\/li>\n<\/ul>\n<ul>\n<li><a title=\"Bevoelkerungswachstum\" href=\"https:\/\/www.freiburg-schwarzwald.de\/blog\/engagement\/zukunft\/demografie\/bevoelkerungswachstum\/\">Bevoelkerungswachstum<\/a><\/li>\n<li><a href=\"https:\/\/www.freiburg-schwarzwald.de\/blog\/global\/deutschland\/deutschland-iran\/\">Deutschland-Iran<\/a><\/li>\n<li><a href=\"https:\/\/www.freiburg-schwarzwald.de\/blog\/engagement\/zukunft\/demokratie\/experiment\/\">Experiment \u2013 Mounk<\/a><\/li>\n<li><a href=\"https:\/\/www.freiburg-schwarzwald.de\/zukunft.htm#Frieden%20-%20Friedensforschung\">Frieden \u2013 Friedensforschung<\/a>\u00a0&gt;Zukunft<\/li>\n<li><a title=\"Gleichheit\" href=\"https:\/\/www.freiburg-schwarzwald.de\/blog\/engagement\/zukunft\/demokratie\/gleichheit\/\">Gleichheit<\/a><\/li>\n<li><a href=\"https:\/\/www.freiburg-schwarzwald.de\/globalisierung#Global%20Compact\">Global Compact<\/a><\/li>\n<li><a title=\"Global-Migration\" href=\"https:\/\/www.freiburg-schwarzwald.de\/blog\/global\/globalisierung\/global-migration\/\">Global-Migration Pakt<\/a><\/li>\n<li><a href=\"https:\/\/www.freiburg-schwarzwald.de\/blog\/global\/globalisierung\/great-reset\/\">Great Reset<\/a><\/li>\n<li><a href=\"https:\/\/www.freiburg-schwarzwald.de\/blog\/global\/globalisierung\/great-rising\/\">Great Rising<\/a><\/li>\n<li><a href=\"https:\/\/www.freiburg-schwarzwald.de\/blog\/global\/globalisierung\/global-government\/informationsregime\/\">Informationsregime<\/a><\/li>\n<li><a href=\"https:\/\/www.freiburg-schwarzwald.de\/blog\/global\/iran\/iran2026\/\">Iran2026<\/a><\/li>\n<li><a title=\"Migration\" href=\"https:\/\/www.freiburg-schwarzwald.de\/blog\/global\/migration\/\">Migration<\/a><\/li>\n<li><a href=\"https:\/\/www.freiburg-schwarzwald.de\/blog\/engagement\/zukunft\/demokratie\/liberalismus\/milei\/\">Milei<\/a><\/li>\n<li><a href=\"https:\/\/www.freiburg-schwarzwald.de\/blog\/global\/multipolar\/\">multipolar<\/a><\/li>\n<li><a title=\"Neo-Feudalismus\" href=\"https:\/\/www.freiburg-schwarzwald.de\/blog\/global\/globalisierung\/neo-feudalismus\/\">Neo-Feudalismus<\/a><\/li>\n<li><a href=\"https:\/\/www.freiburg-schwarzwald.de\/blog\/global\/netzwerke\/\">Netzwerke global<\/a><\/li>\n<li><a href=\"https:\/\/www.freiburg-schwarzwald.de\/blog\/global\/deutschland\/gesellschaft\/normalitaet\/\">Normalit\u00e4t<\/a><\/li>\n<li><a href=\"https:\/\/www.freiburg-schwarzwald.de\/blog\/global\/globalisierung\/one-world\/\">One World<\/a><\/li>\n<li><a href=\"https:\/\/www.freiburg-schwarzwald.de\/blog\/global\/globalisierung\/un\/\">UN<\/a><\/li>\n<li><a title=\"Global-Migration\" href=\"https:\/\/www.freiburg-schwarzwald.de\/blog\/global\/globalisierung\/global-migration\/\">UN-Migrationspakt \u2013 Global Compact of Migration GCM<\/a><\/li>\n<li><a href=\"https:\/\/www.freiburg-schwarzwald.de\/blog\/global\/globalisierung\/voelkerrecht\/\">V\u00f6lkerrecht<\/a><\/li>\n<li><a href=\"https:\/\/www.freiburg-schwarzwald.de\/blog\/global\/globalisierung\/wef\/\">WEF<\/a><\/li>\n<li><a href=\"https:\/\/www.freiburg-schwarzwald.de\/blog\/business\/gesund\/weltgesundheit\/\">Weltgesundheit<\/a><\/li>\n<li><a title=\"Weltwirtschaft\" href=\"https:\/\/www.freiburg-schwarzwald.de\/blog\/global\/weltwirtschaft\/\">Weltwirtschaft<\/a><\/li>\n<li><a href=\"https:\/\/www.freiburg-schwarzwald.de\/blog\/business\/gesund\/who\/\">WHO<\/a><\/li>\n<li><a href=\"https:\/\/www.freiburg-schwarzwald.de\/blog\/global\/globalisierung\/world-government\/\">World-Government<\/a><\/li>\n<\/ul>\n<p>&nbsp;<\/p>\n<p><strong>Daniele Ganser: Angriffskrieg auf Iran v\u00f6lkerrechtswidrig<\/strong><br \/>\n4.3.2026, <a href=\"https:\/\/www.youtube.com\/watch?v=7WFND02s6x4\">https:\/\/www.youtube.com\/watch?v=7WFND02s6x4<\/a><\/p>\n<p>&nbsp;<\/p>\n<p><strong>Freiheit oder V\u00f6lkerrecht? Es gibt eine moralische Verpflichtung, Iranern zu helfen<br \/>\n<\/strong>Haben Sie auch diese Hybris-besoffenen Leute satt, die sich einen moralisch \u00fcberlegenen Platz zuweisen, von dem aus sie die Moralit\u00e4t als solche verk\u00fcnden k\u00f6nnen, um apodiktische Aussagen, die f\u00fcr sich schon den dummen Menschen auszeichnen, von dieser Position aus zu machen, in der \u00dcberzeugung, es gebe unter ihren Zuh\u00f6rern gen\u00fcgend Deppen, die ihre Aussagen, ohne dass diese Aussagen auch nur ansatzweise belegt werden, Aussagen, die ausschlie\u00dflich aus Wertungen bestehen, Glauben schenken?<br \/>\nSolche Leute: <a href=\"https:\/\/x.com\/IndikativJetzt\/status\/2027660290645483992\">https:\/\/x.com\/IndikativJetzt\/status\/2027660290645483992<\/a><br \/>\n.<br \/>\nVon Claus Schenk Graf von Stauffenberg wird berichtet, dass er von den vielen Bedenkentr\u00e4gern, die sich im Kreisauer Kreis eingefunden haben, um \u00fcber die Beseitigung von Hitlers Terrorregime diskutieren und ihr Gewissen h\u00e4tscheln zu k\u00f6nnen, ohne etwas tun zu m\u00fcssen, irgendwo zwischen ver\u00e4rgert und w\u00fctend war. Letztlich kann man mit guten Gr\u00fcnden behaupten, ohne Claus Schenk Graf von Stauffenberg h\u00e4tte es den Versuch, Hitler und sein Regime am 20. Juli 1944 zu beseitigen nie gegeben. Damals gab es noch kein V\u00f6lkerrecht im heutige Sinne. H\u00e4tte es das V\u00f6lkerrecht gegeben, es w\u00e4ren nicht nur Bedenken gegen eine Beseitigung von Hitler angemeldet worden, es h\u00e4tte mit Sicherheit auch eine Fraktion gegeben, die den Krieg im Osten und Westen, das Eingreifen von Alliierten als v\u00f6lkerrechtswidrig bezeichnet h\u00e4tten.<\/p>\n<p><em><strong>Das V\u00f6lkerrecht scheint etwas zu sein, das herrschende Cliquen vor der eigenen Bev\u00f6lkerung sch\u00fctzt, ihnen den R\u00fccken gegen\u00fcber einem Eingreifen aus dem Ausland freih\u00e4lt.<\/strong><\/em><br \/>\nDas V\u00f6lkerrecht kann ersatzlos entfallen, schon weil es keine \u201eV\u00f6lker\u201c gibt. Es gibt lediglich INDIVIDUEN, und nur Individuen haben Rechte.<\/p>\n<p>Einmal mehr hat Thomas Hobbes diese Selbstverst\u00e4ndlichkeit im Jahre 1651 am besten auf den Punkt gebracht:<br \/>\n<em>\u201eDas nat\u00fcrliche Recht, in der Literatur gew\u00f6hnlich jus naturale genannt, ist die FREIHEIT eines jedes, SEINE eigene Macht nach SEINEM Willen zur Erhaltung SEINES eigenen Natur, das hei\u00dft SEINES eigenen Lebens, einzusetzen und folglich alles zu tun, was er nach EIGENEM Urteil und EIGENER Vernunft als das zu diesem Zweck geeignete Mittel ansieht.<\/em><br \/>\n<em>Unter FREIHEIT versteht man nach der eigentlichen Bedeutung des Wortes die Abwesenheit \u00e4u\u00dferer Hindernisse. Diese Hindernisse k\u00f6nnen einem Menschen oftmals einen Teil seiner Macht wegnehmen, das zu tun, was er m\u00f6chte, aber sie k\u00f6nnen ihn nicht daran hindern, die ihm verbliebene Macht so anzuwenden, wie es ihm SEIN Urteil und SEINE Vernunft gebieten\u201c [Leviathan, 14. Kapitel; Hervorhebungen NICHT im Original]<\/em><br \/>\n&#8230;<br \/>\nIn gewisser Weise ist in dieser Definition ein Grundkonflikt enthalten, n\u00e4mlich der zwischen Sicherheit und Freiheit. Zwangsl\u00e4ufig bilden andere ein Hindernis, wenn es darum geht, die eigene Freiheit zu verwirklichen. Schon weil die Ressourcen auf diesem Planeten begrenzt sind und zwangsl\u00e4ufig Konkurrenz einsetzt. Dieses Dilemma kann man dadurch l\u00f6sen, dass man die individuelle Freiheit weiter umfassend aufrechterh\u00e4lt und die Freiheit, Konkurrenten zu beseitigen, darin einschlie\u00dft. Das Ergebnis ist Unsicherheit und Chaos, das, was Hobbes als \u201eNaturzustand\u201c bezeichnet hat. Die andere L\u00f6sung besteht darin, einen Teil der Freiheitsrechte gegen Sicherheit einzutauschen, um im Gegenzug ein relativ sicheres und sorgenfreies Leben in Prosperit\u00e4t zu erm\u00f6glichen.<\/p>\n<p>Das oben angesprochene Dilemma, <em><strong>der Grundkonflikt zwischen Freiheit und Sicherheit<\/strong><\/em> ist in modernen Gesellschaften amplifiziert und auf die Frage zugespitzt, ab welchem Ma\u00df an Kontrolle und \u00dcberwachung unter dem Rubrum von angeblicher Sicherheit, die Freiheit in einem unertr\u00e4glichen Ma\u00dfe eingeschr\u00e4nkt ist. Anders formuliert: Wann wird die Mimikry eines freien Lebens in modernen Staaten zu einem Leben, das nicht mehr lebenswert ist? Noch anders formuliert, wie belegt derjenige, der allen Vorgaben, die ihm andere unter den unterschiedlichsten (zumeist sie selbst bereichernden) Vorw\u00e4nden machen, dass er ein Mensch und kein programmierter Humanoide ist, wo ist der Unterschied zwischen ihm und dem Humanoiden, der Unterschied, der sein Menschsein konstituiert?<\/p>\n<p>Fragen wie diese werden unter aggressiven, totalit\u00e4ren mit Mord und Terror herrschenden Regimen auf die Spitze getrieben. Viele derjenigen, die im Iran leben und kein Dasein als Sykophant des Regimes f\u00fchren, stehen t\u00e4glich vor der Frage, ob sie ihr Naturrecht auf Freiheit einfordern und Gefahr laufen, mindestens inhaftiert, vermutlich aber erschossen zu werden, oder weiterhin unt\u00e4tig und in ihr Schicksal ergeben auf Hilfe von Anderen warten oder hoffen (Ist Hoffnung eigentlich etwas anderes als die Legitimation f\u00fcr Unt\u00e4tigkeit?). Das sind reale Fragen in einem Terrorregime, Fragen, die man nicht mit einem Verweis auf ein absurdes \u201eV\u00f6lkerrecht\u201c beantworten kann, schon weil ein V\u00f6lkerrecht im t\u00e4glichen Leben nicht vorkommt.<br \/>\nWie sch\u00fctzt das V\u00f6lkerrecht diejenigen, die in Europa aufgrund einer falschen Meinung verfolgt werden?<br \/>\nWie hilft es denen, die sich als Zielsubjekt terroristischer Administratoren wiederfinden, die ihre Position ausnutzen, um Mitb\u00fcrger zu drangsalieren?<br \/>\n<a href=\"https:\/\/videopress.com\/v\/f5ZkstO2\">https:\/\/videopress.com\/v\/f5ZkstO2<\/a>.<\/p>\n<p>Letztlich sind Verweise auf ein \u201eV\u00f6lkerrecht\u201c nichts anderes als der Versuch, legitime Individualrechte nicht nur infragezustellen, sondern unter ein kollektives Abstraktum zu ordnen, das der Auslegung durch Angeh\u00f6rige der unterdr\u00fcckenden Klasse bedarf. Letztlich ist jede Form von Juristerei, die nicht Strafgesetz oder Zivilrecht zum Gegenstand hat, sondern sich mit Abstrakta wie V\u00f6lkern oder Menschenrechten befasst, ein Goldesel f\u00fcr die entsprechenden berobten Schw\u00e4tzer und ein Versuch, den Status Quo der Herrschaft gegen \u201edie Menschen\u201c gegen Akteure zu sichern, die IHRE Freiheit einfordern, IHRE Rechte geltend machen und IHR Dasein nicht unter fiktive Abstrakta, die IHRER Unterdr\u00fcckung dienen, ordnen wollen.<br \/>\nAuch Amnesty International ist von der hingebungsvollen Art, mit der im Iran die Menschenrechte gewahrt werden, begeistert.<br \/>\nUnd deshalb ist es so, dass jeder von uns t\u00e4glich vor der Frage steht, wie viel Einschr\u00e4nkung im Namen von \u201eSicherheit\u201c durch die \u00fcbergriffige Klasse er weiterhin bereit ist, hinzunehmen und wo sein \u201eKipppunkt [LOL]\u201c ist, ab dem ihm die gro\u00dfe Sicherheit, in der er lebt, das Leben unm\u00f6glich macht.<\/p>\n<p>F\u00fcr die B\u00fcrger im Iran, die sich seit Jahrzehnten der Repression, der Kontrolle, der \u00dcberwachung religi\u00f6ser Terroristen ausgesetzt sehen, Terroristen, die alle Mittel einsetzen, die verf\u00fcgbar sind, um Unterordnung zu erreichen, religi\u00f6se Terroristen, die nichts anderes als Mordgesindel sind, stellt sich diese Frage in einer vollkommen anderen Situation als sie sich f\u00fcr diese satten Schreibtischt\u00e4ter stellt, die immer genau wissen, was \u201eDAS V\u00d6LKERRECHT\u201c zu was auch immer sagt und die immer Ausreden daf\u00fcr finden, warum man Terrorregime wie das Iranische, den gr\u00f6\u00dften Geldgeber f\u00fcr internationalen Terrorismus, den es weltweit gibt, nicht beseitigen k\u00f6nnen soll, warum man nicht denjenigen zuhilfe kommen darf, die t\u00e4glich unterdr\u00fcckt, gefoltert und ermordet werden.<\/p>\n<p>Aus geteilter Menschlichkeit gibt es eine Pflicht, denjenigen, die unterdr\u00fcckt werden, die gefoltert werden, denen die Freiheit geraubt wird, die ermordet werden, zur Hilfe zu kommen. Es gibt eine Verpflichtung zur Hilfe, die mit einer Verachtung f\u00fcr all diejenigen einhergehen muss, die sich bei Terrorregimen wie den Mullahs in Teheran anbiedern:<br \/>\n&#8230;<br \/>\nDie USA und Israel haben heute damit begonnen, die religi\u00f6sen Fanatiker, die sich mit Hilfe der \u00fcblichen n\u00fctzlichen Idioten von der extremen Linken, 1979 im Iran in die Regierung gemordet haben, um dann ihre linksextremen Helfer eiligst zu eliminieren, und die seither ein einst zumindest in Ans\u00e4tzen freies Land in ein religi\u00f6ses Gef\u00e4ngnis verwandelt haben, zu beseitigen.<br \/>\n&#8230;<br \/>\nErsten Berichten zufolge ist dabei bereits ein Teil der F\u00fchrungskr\u00e4fte des Regimes beseitigt worden.<br \/>\nUnd obschon es nicht sch\u00f6n ist, wenn Menschen ums Leben kommen, gibt es eine Situation, in der es keinen anderen Ausweg gibt, wenn man Schlimmeres verhindern will. Die Welt ist nicht gut. Es gibt b\u00f6se Akteure, Leute, die Terroristen in aller Welt finanzieren, die Terrorismus zu ihrem Exportschlager gemacht haben, die andere Menschen in deren Freiheit und an deren Leben bedrohen und damit keinen Raum mehr lassen, um sie zu tolerieren.<\/p>\n<p>Dass es Angeh\u00f6rige der politischen Klasse gibt, die das bedenklich finden, ist einfach zu erkl\u00e4ren: Ihre Sicherheit, aus politischer Position heraus, Mitb\u00fcrger g\u00e4ngeln und deren Freiheit rauben zu k\u00f6nnen, ist dahin, wenn sie mit m\u00f6glichen externen Sanktionen auf der Basis einer geteilten Menschlichkeit, die eine Unterdr\u00fcckung anderer Menschen nicht zul\u00e4sst, rechnen m\u00fcssen.<\/p>\n<p>Wir hoffen, die Aktion der USA und von Israel f\u00fchrt dazu, die Mullahs ein f\u00fcr alle Mal auf dem M\u00fcllhaufen der Geschichte zu deponieren.<br \/>\n<a href=\"https:\/\/x.com\/DrEliDavid\/status\/2027692121394729283\">https:\/\/x.com\/DrEliDavid\/status\/2027692121394729283<\/a><\/p>\n<p>&#8230; Alles vom 28.2.2026 von Michael Klein bitte lesen auf<br \/>\n<a href=\"https:\/\/sciencefiles.org\/2026\/02\/28\/freiheit-oder-voelkerrecht-es-gibt-eine-moralische-verpflichtung-iranern-zu-helfen\/\">https:\/\/sciencefiles.org\/2026\/02\/28\/freiheit-oder-voelkerrecht-es-gibt-eine-moralische-verpflichtung-iranern-zu-helfen\/<\/a><br \/>\n.<br \/>\n&#8230; Mehr vom 28.2.2026 von Michael Klein bitte lesen auf<br \/>\n<a href=\"https:\/\/sciencefiles.org\/2026\/02\/28\/voelkerrechtswidriger-angriffskrieg-im-bann-von-worten-und-selbstgerechtigkeit\">https:\/\/sciencefiles.org\/2026\/02\/28\/voelkerrechtswidriger-angriffskrieg-im-bann-von-worten-und-selbstgerechtigkeit<\/a>\/<\/p>\n","protected":false},"excerpt":{"rendered":"<p>Home\u00a0&gt;Global\u00a0&gt;Globalisierung\u00a0&gt;NWO\u00a0&gt;Global-Government &gt;international &gt;V\u00f6lkerrecht Listenauswahl eines Beitrags (Artikel\/Datum, Seite\/Inhalt): Klicken oder scrollen Daniele Ganser: Angriffskrieg auf Iran v\u00f6lkerrechtswidrig (4.3.2026) Ahmet Refii Dener: Irankrieg \u2013 And the loser is Germany\u00a0(3.3.2026) Freiheit oder V\u00f6lkerrecht? Es gibt eine moralische Verpflichtung, Iranern zu helfen (28.2.2026) &hellip; <a href=\"https:\/\/www.freiburg-schwarzwald.de\/blog\/global\/globalisierung\/voelkerrecht\/\">Weiterlesen <span class=\"meta-nav\">&rarr;<\/span><\/a><\/p>\n","protected":false},"author":2,"featured_media":0,"parent":1180,"menu_order":0,"comment_status":"closed","ping_status":"closed","template":"","meta":{"footnotes":""},"class_list":["post-146380","page","type-page","status-publish","hentry"],"_links":{"self":[{"href":"https:\/\/www.freiburg-schwarzwald.de\/blog\/wp-json\/wp\/v2\/pages\/146380","targetHints":{"allow":["GET"]}}],"collection":[{"href":"https:\/\/www.freiburg-schwarzwald.de\/blog\/wp-json\/wp\/v2\/pages"}],"about":[{"href":"https:\/\/www.freiburg-schwarzwald.de\/blog\/wp-json\/wp\/v2\/types\/page"}],"author":[{"embeddable":true,"href":"https:\/\/www.freiburg-schwarzwald.de\/blog\/wp-json\/wp\/v2\/users\/2"}],"replies":[{"embeddable":true,"href":"https:\/\/www.freiburg-schwarzwald.de\/blog\/wp-json\/wp\/v2\/comments?post=146380"}],"version-history":[{"count":5,"href":"https:\/\/www.freiburg-schwarzwald.de\/blog\/wp-json\/wp\/v2\/pages\/146380\/revisions"}],"predecessor-version":[{"id":146592,"href":"https:\/\/www.freiburg-schwarzwald.de\/blog\/wp-json\/wp\/v2\/pages\/146380\/revisions\/146592"}],"up":[{"embeddable":true,"href":"https:\/\/www.freiburg-schwarzwald.de\/blog\/wp-json\/wp\/v2\/pages\/1180"}],"wp:attachment":[{"href":"https:\/\/www.freiburg-schwarzwald.de\/blog\/wp-json\/wp\/v2\/media?parent=146380"}],"curies":[{"name":"wp","href":"https:\/\/api.w.org\/{rel}","templated":true}]}}