{"id":14587,"date":"2012-11-05T16:48:05","date_gmt":"2012-11-05T15:48:05","guid":{"rendered":"https:\/\/www.freiburg-schwarzwald.de\/blog\/?page_id=14587"},"modified":"2025-11-13T20:59:04","modified_gmt":"2025-11-13T19:59:04","slug":"ecotrinova","status":"publish","type":"page","link":"https:\/\/www.freiburg-schwarzwald.de\/blog\/natur\/umwelt\/ecotrinova\/","title":{"rendered":"Ecotrinova"},"content":{"rendered":"<p>Home &gt;<a title=\"Vereine\" href=\"https:\/\/www.freiburg-schwarzwald.de\/blog\/vereine\/\">Vereine<\/a> &gt;<a title=\"Umwelt\" href=\"https:\/\/www.freiburg-schwarzwald.de\/blog\/natur\/umwelt\/\">Umwelt<\/a> &gt;Ecotrinova<\/p>\n<div id=\"attachment_14321\" style=\"width: 648px\" class=\"wp-caption alignnone\"><a href=\"https:\/\/www.freiburg-schwarzwald.de\/blog\/regio\/berge\/kandel\/feldberg16kandel-pan121025\/\" rel=\"attachment wp-att-14321\"><img loading=\"lazy\" decoding=\"async\" aria-describedby=\"caption-attachment-14321\" class=\"size-full wp-image-14321\" title=\"feldberg16kandel-pan121025\" src=\"https:\/\/www.freiburg-schwarzwald.de\/blog\/wp-content\/uploads\/2012\/11\/feldberg16kandel-pan121025.jpg\" alt=\"\" width=\"638\" height=\"220\" srcset=\"https:\/\/www.freiburg-schwarzwald.de\/blog\/wp-content\/uploads\/2012\/11\/feldberg16kandel-pan121025.jpg 638w, https:\/\/www.freiburg-schwarzwald.de\/blog\/wp-content\/uploads\/2012\/11\/feldberg16kandel-pan121025-180x62.jpg 180w\" sizes=\"auto, (max-width: 638px) 100vw, 638px\" \/><\/a><p id=\"caption-attachment-14321\" class=\"wp-caption-text\">Blick vom Feldberg nach Norden \u00fcber den Rheintal- und Dreisamtalnebel zum kandel am 25.10.2012 &#8211; rechts St. Peter<\/p><\/div>\n<ul>\n<li><em>Listenauswahl eines Beitrags (Artikel\/Datum, Seite\/Inhalt): <span style=\"text-decoration: underline;\">Klicken<\/span> oder scrollen<\/em><\/li>\n<li><a href=\"https:\/\/www.freiburg-schwarzwald.de\/blog\/natur\/landwirt\/urban-gardening\/\">Film \u201eSEHNSUCHT nach EDEN\u201c : Urban Gardening \u2013 Solidarische Landwirtschaft<\/a>\u00a0(13.11.2025)<\/li>\n<li><a href=\"https:\/\/www.freiburg-schwarzwald.de\/blog\/biosphaere-vs-neue-gentechnik\/\">Biosph\u00e4re vs Neue Gentechnik<\/a> (21.5.2025)<\/li>\n<li><a href=\"https:\/\/www.freiburg-schwarzwald.de\/blog\/regio\/berge\/batzenberg\/\">Bl\u00fchfonds Batzenberg: Den Batzenberg zum Bl\u00fchen bringen f\u00fcr die Artenvielfalt<\/a> (31.10.2023)<\/li>\n<li><a href=\"https:\/\/www.freiburg-schwarzwald.de\/blog\/regio\/freiburg\/dietenbach-stadtteil\/\">Erdgas-Hochdruckleitung Dietenbach ohne Waldrodung verlegbar<\/a> (2.10.2023)<\/li>\n<li><a href=\"https:\/\/www.freiburg-schwarzwald.de\/blog\/filmmatinee-krieg-und-frieden\/\">Filmmatinee Krieg und Frieden (Fimmatinee Krieg und Frieden<\/a> (19.5.2022)<\/li>\n<li><a href=\"https:\/\/www.freiburg-schwarzwald.de\/blog\/gartenboden-humus-wende\/\">https:\/\/www.freiburg-schwarzwald.de\/blog\/gartenboden-humus-wende\/<\/a>\u00a0(20.5.2019)<\/li>\n<li><a title=\"Waldquartiere\" href=\"https:\/\/www.freiburg-schwarzwald.de\/blog\/business\/dienste\/immobilien\/waldquartiere\/\">Waldquartiere mit 4-6 Wohnhochh\u00e4usern<\/a> (3.5.2019)<\/li>\n<li><a href=\"https:\/\/www.freiburg-schwarzwald.de\/blog\/regio\/freiburg\/dietenbach-stadtteil\/\">Bodo Kaiser: Film zum B\u00fcrgerentscheid \u201eRettet Dietenbach\u201c<\/a> (15.8.2018)<\/li>\n<li><a href=\"https:\/\/www.freiburg-schwarzwald.de\/blog\/parkplaetze-zu-wohnungen\/\">https:\/\/www.freiburg-schwarzwald.de\/blog\/parkplaetze-zu-wohnungen\/<\/a> (9.7.2018)<\/li>\n<li><a title=\"5000 Wohnungen FR-Innenstadt\" href=\"https:\/\/www.freiburg-schwarzwald.de\/blog\/5000-wohnungen-fr-innenstadt\/\">https:\/\/www.freiburg-schwarzwald.de\/blog\/5000-wohnungen-fr-innenstadt\/<\/a> (18.5.2018)<\/li>\n<li>5.000 Wohnungen ohne Fl\u00e4chenverbrauch &#8211; virtueller Neubaustadtteil in Freiburg? (16.5.2018)<\/li>\n<li><a href=\"https:\/\/www.freiburg-schwarzwald.de\/blog\/samstags-forum-ausgezeichnet\/\">https:\/\/www.freiburg-schwarzwald.de\/blog\/samstags-forum-ausgezeichnet\/<\/a>\u00a0(24.3.2014)<\/li>\n<li><a href=\"https:\/\/www.freiburg-schwarzwald.de\/blog\/ecotrinova-vorstand-ecovalley\/\">https:\/\/www.freiburg-schwarzwald.de\/blog\/ecotrinova-vorstand-ecovalley\/<\/a>\u00a0(20.8.2013)<\/li>\n<li><a href=\"https:\/\/www.freiburg-schwarzwald.de\/blog\/bluetenvielfalt-statt-monokultur\/\">https:\/\/www.freiburg-schwarzwald.de\/blog\/bluetenvielfalt-statt-monokultur\/<\/a>\u00a0(26.5.2013)<\/li>\n<li><a href=\"https:\/\/www.freiburg-schwarzwald.de\/blog\/neuer-stadtteil-fr-diskussion\/\">https:\/\/www.freiburg-schwarzwald.de\/blog\/neuer-stadtteil-fr-diskussion\/<\/a>\u00a0(11.4.2013)<\/li>\n<li><a href=\"https:\/\/www.freiburg-schwarzwald.de\/blog\/energie-3regio-net-10-jahre\/\">https:\/\/www.freiburg-schwarzwald.de\/blog\/energie-3regio-net-10-jahre\/<\/a>\u00a0(27.3.2013)<\/li>\n<li><a href=\"https:\/\/www.freiburg-schwarzwald.de\/blog\/energiewende-dreiland-2013\/\">https:\/\/www.freiburg-schwarzwald.de\/blog\/energiewende-dreiland-2013\/<\/a>\u00a0(4.1.2013)<\/li>\n<li><a href=\"https:\/\/www.freiburg-schwarzwald.de\/blog\/ecovalley-ausstellung-cafe-velo\/\">https:\/\/www.freiburg-schwarzwald.de\/blog\/ecovalley-ausstellung-cafe-velo\/<\/a>\u00a0(6.11.2012)<\/li>\n<li><a href=\"https:\/\/www.frsw.de\/kraft-waerme-kopplung.htm#Stadt Freiburg gewinnt 345000 Euro - f\u00fcr Blockheizkraftwerkskampagne\">Stadt Freiburg gewinnt 345000 Euro &#8211; f\u00fcr Blockheizkraftwerkskampagne<\/a> &gt;KWK (12.3.2012)<\/li>\n<li><a href=\"https:\/\/www.frsw.de\/akw13.htm#Ein Jahr nach Fukushima - die Region am s\u00fcdlichen Oberrhein\">Ein Jahr nach Fukushima &#8211; die Region am s\u00fcdlichen Oberrhein<\/a> &gt;AKW13 (9.3.2012)<\/li>\n<li><a href=\"https:\/\/www.frsw.de\/akw13.htm#Polen: Energie-Unabh\u00e4ngigkeit statt Gefahr f\u00fcr alle durch Atomkraftwerke\">Polen: Energie-Unabh\u00e4ngigkeit statt Gefahr f\u00fcr alle durch Atomkraftwerke<\/a> &gt;AKW13 (4.1.12)<\/li>\n<li><a href=\"https:\/\/www.frsw.de\/akw13.htm#Heinz Stockinger auf ENA2011 in Freiburg: Vortrag zu Euratom\">Heinz Stockinger auf ENA2011 in Freiburg: Vortrag zu Euratom<\/a> &gt;AKW13 (11.8.2011)<\/li>\n<li><a href=\"https:\/\/www.frsw.de\/littenweiler\/buggingerstrasse50.htm#Soziale Stadt Weingarten-West: Energie-Sparf\u00fcchsinnen - 4.11.2011\">Soziale Stadt Weingarten-West: Energie-Sparf\u00fcchsinnen &#8211; 4.11.2011<\/a> &gt;Bugginger50 (26.5.2011)<\/li>\n<li><a href=\"https:\/\/www.frsw.de\/akw12.htm#Info Strom aus Uran - Film Uranium - Film YellowCace\">Info Strom aus Uran &#8211; Film Uranium &#8211; Film YellowCake<\/a> &gt;AKW12 (5.3.2011)<\/li>\n<li><a href=\"https:\/\/www.frsw.de\/littenweiler\/ecotrinova.htm#10 Jahre ECO-Stiftung - Gr\u00fcndung durch Geog L\u00f6ser\">10 Jahre ECO-Stiftung &#8211; Gr\u00fcndung durch Georg L\u00f6ser<\/a> &gt;Ecotrinoca (26.2.2011)<\/li>\n<li><a href=\"https:\/\/www.frsw.de\/stiftungen2.htm#10 Jahre ECO-Stiftung f\u00fcr Energie-Klima-Umwelt in der Region\">10 Jahre ECO-Stiftung f\u00fcr Energie-Klima-Umwelt in der Region<\/a> &gt;Stiftungen2 (29.12.2010)<\/li>\n<li><a href=\"https:\/\/www.frsw.de\/littenweiler\/buggingerstrasse50.htm#ecotrinova: Pionier-Hochhaussanierung Passivhaus Buggingerstr. 50\">ecotrinova: Pionier-Hochhaussanierung Passivhaus Freiburg Bugginger 50<\/a> &gt;Buggi50 (14.1.10)<\/li>\n<li><a href=\"https:\/\/www.frsw.de\/klima3.htm#Bundeshauptstadt im Klimaschutz 2010: Freiburg ist Sieger\">Bundeshauptstadt im Klimaschutz 2010: Freiburg ist Sieger<\/a> &gt;Klima3 (24.10.2010)<\/li>\n<li><a href=\"https:\/\/www.frsw.de\/strom1.htm#Freiburger Stromspar-Forum und Stromspar-Fonds gefordert\">Freiburger Stromspar-Forum und Stromspar-Fonds gefordert<\/a> &gt;Strom1 (4.10.2010)<\/li>\n<li><a href=\"https:\/\/www.frsw.de\/wandern4.htm#Sonnen-Energie-Wege: 15 Touren - 100 Vorbildobjekte - Brosch\u00fcre\">Sonnen-Energie-Wege: 15 Touren &#8211; 100 Vorbildobjekte &#8211; Brosch\u00fcre<\/a> &gt;Wandern4 (23.9.2010)<\/li>\n<li><a href=\"https:\/\/www.frsw.de\/littenweiler\/platz-der-alten-synagoge.htm#Freiburger Klimab\u00fcndnis f\u00fcr gr\u00fcnen ruhigen sommerk\u00fchlen Platz\">Freiburger Klimab\u00fcndnis f\u00fcr gr\u00fcnen ruhigen sommerk\u00fchlen Platz<\/a> &gt;Platz-der-alten-Syn (22.7.)<\/li>\n<li><a href=\"https:\/\/www.frsw.de\/energiepolitik4.htm#Erneuerbare Energie - wie weiter\">Erneuerbare Energie &#8211; wie weiter?<\/a> &gt;Energiepolitik4 (8.6.2010)<\/li>\n<li><a href=\"https:\/\/www.frsw.de\/littenweiler\/uniklinik1.htm#Klinik testet Pellets im Heizkraftwerk\">Klinik testet Pellets im Heizkraftwerk<\/a> &gt;Uniklinik1 (1.6.2010)<\/li>\n<li><a href=\"https:\/\/www.frsw.de\/klima3.htm#Film ?Die 4. Revolution. EnergyAutonomy Antwort auf Eine unbequeme Wahrheit\">\u201eDie 4. Revolution. EnergyAutonomy&#8220; Antwort auf &#8222;Eine unbequeme Wahrheit&#8220;<\/a> &gt;Klima3 (29.3)<\/li>\n<li><a href=\"https:\/\/www.frsw.de\/elektroauto.htm#Elektro-Mobilit\u00e4t - effizient, sauber und f\u00fcr alle\">Elektro-Mobilit\u00e4t &#8211; effizient, sauber und f\u00fcr alle?<\/a> &gt;Elektroauto (9.3.2010)<\/li>\n<li><a href=\"https:\/\/www.frsw.de\/littenweiler\/ecotrinova.htm#Green City Freiburg mit Stadtteilen der 1000 Blockheizkraftwerke\">Green City Freiburg mit Stadtteilen der 1000 Blockheizkraftwerke<\/a> &gt;Ecotronova (3.2.2010)<\/li>\n<li><a href=\"https:\/\/www.frsw.de\/abfall.htm#Weihnachtsvorlesung 1: Biomassenutzung mal ganz anders\">Weihnachtsvorlesung 1: Biomassenutzung mal ganz anders<\/a> &gt;Abfall (26.11.2009)<\/li>\n<li><a href=\"https:\/\/www.frsw.de\/kraft-waerme-kopplung.htm#Stromerzeugende Heizung \u00fcber BHKW f\u00fcr Mieter und Vermieter\">Stromerzeugende Heizung \u00fcber BHKW f\u00fcr Mieter und Vermieter<\/a> &gt;Kraft-Waerme (20.11.2009)<\/li>\n<li><a href=\"https:\/\/www.frsw.de\/strom1.htm#ecotrinova - Green Cities: Starkes Stromsparen lohnt sich\">ecotrinova &#8211; Green Cities: Starkes Stromsparen lohnt sich<\/a> &gt;Strom1 (13.11.2009)<\/li>\n<li><a href=\"https:\/\/www.frsw.de\/ehrenamt4.htm#Echt gut-Ehrenamtspreis an Gundelfinger ECOtrinova\">Echt gut-Ehrenamtspreis an Gundelfinger ECOtrinova<\/a> &gt;Ehrenamt4 (4.11.2009)<\/li>\n<li><a href=\"https:\/\/www.frsw.de\/littenweiler\/samstags-forum.htm#9. Veranstaltungsreihe Klima\/Neuen Energien ab 31.Okt\">9. Veranstaltungsreihe Klima\/Neuen Energien ab 31.Okt<\/a> &gt;Samstags-Forum (11.10.2009)<\/li>\n<li><a href=\"https:\/\/www.frsw.de\/klima3.htm#Klimab\u00fcndnis Freiburg: Energiepolitik f\u00fcr die Regio nach Wahl 2009\">Klimab\u00fcndnis Freiburg: Energiepolitik f\u00fcr die Regio nach Wahl 2009<\/a> &gt;Klima3 (20.9.2009)<\/li>\n<li><a href=\"https:\/\/www.frsw.de\/akw11.htm#Hiroshima, Nagasaki und die Atomkraft: strahlende Folgen\">Hiroshima, Nagasaki und die Atomkraft: strahlende Folgen<\/a> &gt;AKW11 (6.7.2009)<\/li>\n<li><a href=\"https:\/\/www.frsw.de\/littenweiler\/samstags-forum.htm#Programm April - Juli 2009: Klimaschutz, Neue Energien\">Programm April &#8211; Juli 2009: Klimaschutz, Neue Energien<\/a> &gt;Samstags-Forum (19.4.2009)<\/li>\n<li><a href=\"https:\/\/www.frsw.de\/akw10.htm#Der andere Harrisburg-Bericht (Kurzfassung) von Georg L\u00f6ser\">&#8222;Der andere Harrisburg-Bericht&#8220; (Kurzfassung) von Georg L\u00f6ser<\/a> &gt;AKW10 (7.4.2009)<\/li>\n<li><a href=\"https:\/\/www.frsw.de\/littenweiler\/samstags-forum.htm#Green Cities konkret: Programm Nov - Dez 2008\">Green Cities konkret: Programm Nov &#8211; Dez 2008<\/a> &gt;Samstags-Forum (28.10.2008)<\/li>\n<li><a href=\"https:\/\/www.frsw.de\/elsass2.htm#2. Workshop zu grenz\u00fcberschreitenden Sonnen-Energie-Wegen\">2. Workshop zu grenz\u00fcberschreitenden Sonnen-Energie-Wegen<\/a>\u00a0&gt;Elsass2 (26.9.2008)<\/li>\n<li><a href=\"https:\/\/www.frsw.de\/littenweiler\/samstags-forum.htm#Georg L\u00f6ser von ecotrinova: Unerm\u00fcdlicher Planer mit vielen Ideen\">Georg L\u00f6ser von ecotrinova: Unerm\u00fcdlicher Planer mit vielen Ideen<\/a> &gt;Samstags-Forum (12.8.08)<\/li>\n<li><a href=\"https:\/\/www.frsw.de\/sonnen-energie-wege.htm#Zwei grenz\u00fcberschreitende Lehrpfade im Eurodistrikt Freiburg\/Alsace\">Zwei grenz\u00fcberschreitende Lehrpfade im Eurodistrikt<\/a> &gt;Sonnen-Energie-Wege (28.3.2008)<\/li>\n<li><a href=\"https:\/\/www.frsw.de\/littenweiler\/samstags-forum.htm#Stromspar-Aktion Miniwatt + Maxispar in Freiburg\">Stromspar-Aktion &lt;Miniwatt + Maxispar&gt; in Freiburg<\/a>\u00a0 &gt;Samstags-Forum (10.3.2008)<\/li>\n<li><a href=\"https:\/\/www.frsw.de\/greencity.htm#Die gr\u00fcnen Leitideen zu Neubaugebieten und Energie fehlen\">Die gr\u00fcnen Leitideen zu Neubaugebieten und Energie fehlen<\/a> &gt;Greencity (3.3.2008)<\/li>\n<li><a href=\"https:\/\/www.frsw.de\/akw9.htm#Weber ist nicht up-todate in der Atomfrage\">Weber ist nicht up-todate in der Atomfrage<\/a>&gt;AKW9 (27.1.2008)<\/li>\n<li><a href=\"https:\/\/www.frsw.de\/klima1.htm#Freiburger Verein ECOtrinova gewann Landeswettbewerb zur lokalen Agenda21\">Freiburger Verein ECOtrinova gewann Landeswettbewerb zur lokalen Agenda21<\/a> &gt;Klima1 (7.12.)<\/li>\n<li><a href=\"https:\/\/www.frsw.de\/littenweiler\/solar3.htm#Vortrag zu ISES: Wer ist und was macht ISES\">Vortrag zu ISES: Wer ist und was macht ISES?<\/a> &gt;Solar3 (12.11.2007)<\/li>\n<li><a href=\"https:\/\/www.frsw.de\/oekologie1.htm#F\u00fchrung durch \u00d6ko-Institut Freiburg am 3.11.2007\">F\u00fchrung durch \u00d6ko-Institut Freiburg am 3.11.2007<\/a> &gt;Oekologie1 (1.11.2007)<\/li>\n<li><a href=\"https:\/\/www.frsw.de\/littenweiler\/ehrenamt5.htm#Georg L\u00f6ser - Der blaue Engel von Gundelfingen\">Georg L\u00f6ser &#8211; Der blaue Engel von Gundelfingen<\/a> &gt;Ehrenamt5 (1.11.2007)<\/li>\n<li><a href=\"https:\/\/www.frsw.de\/verbraucher1.htm#Stromsparende Haushaltsger\u00e4te - Kostenlose Brosch\u00fcre von ecotrinova\">Stromsparende Haushaltsger\u00e4te &#8211; Kostenlose Brosch\u00fcre von ecotrinova<\/a> &gt;Verbraucher1 (20.9.07)<\/li>\n<li><a href=\"https:\/\/www.frsw.de\/klima1.htm#Klimaschutz: Neue Energien verstehen-erleben-mitmachen\">Klimaschutz: Neue Energien verstehen-erleben-mitmachen<\/a> &gt;Klima1 (11.9.2007)<\/li>\n<li><a href=\"https:\/\/www.frsw.de\/energie2.htm#Samstags-Forum von ECOtrinova - Start am 27.10.2007 mit Pellets\">Samstags-Forum von ECOtrinova &#8211; Start am 27.10.2007 mit Pellets<\/a> &gt;Energie2 (10.9.2007)<\/li>\n<li><a href=\"https:\/\/www.frsw.de\/klima1.htm#ECOtrinova fordert: Freiburger Klimaschutz-Ziel h\u00f6her ansetzen\">ECOtrinova fordert: Freiburger Klimaschutz-Ziel h\u00f6her ansetzen<\/a> &gt;Klima1 (9-7-2007)<br \/>\n<span style=\"font-family: Arial; font-size: x-small;\">\u00a0<\/span><\/li>\n<li>ECOtrinova<\/li>\n<li>ECO-Stiftung<\/li>\n<li><a href=\"https:\/\/www.frsw.de\/trirhena.htm#Energie-3Regio - \u00d6kologisches Vereine- und B\u00fcrgernetzwerk\">Energie-3Regio &#8211; \u00d6kologisches Vereine- und B\u00fcrgernetzwerk<\/a>&gt;triRhena<\/li>\n<li><a href=\"https:\/\/www.frsw.de\/littenweiler\/samstags-forum.htm\">Samstags-Forum Regio Freiburg<\/a> &gt;Samstags-Forum<\/li>\n<li><a href=\"https:\/\/www.frsw.de\/sonnen-energie-wege.htm\">Sonnen-Energie-Wege &#8211; grenz\u00fcberschreitende Lehrpfade im Eurodistrikt<\/a> &gt;Sonnen-Energie-Wege<\/li>\n<li><a title=\"Waldquartiere\" href=\"https:\/\/www.freiburg-schwarzwald.de\/blog\/business\/dienste\/immobilien\/waldquartiere\/\">Waldquartiere<\/a><\/li>\n<\/ul>\n<p>&nbsp;<\/p>\n<p><strong>Ecotrinova<\/strong><\/p>\n<p>Gemeinn\u00fctziger Verein Umwelt- und Verbraucherschutz Freiburg<br \/>\nvorm. Arge Freiburger Umweltinstitute<br \/>\nHerausgeber der ECOtrininova-Nachrichten f\u00fcr die Zukunftsregion ECOvalley Oberrhein<br \/>\nc\/o Dr. Georg L\u00f6ser, Physiker und Biologe<br \/>\nWeiherweg 4B, 79194 Gundelfingen, ecotrinova at web.de, georg.loeser at gmx.de<br \/>\n<a href=\"https:\/\/www.ecotrinova.de\/\">www.ecotrinova.de<\/a><br \/>\n<a href=\"https:\/\/www.umweltbibliothek-freiburg.de\/\">www.umweltbibliothek-freiburg.de<\/a><br \/>\n<a href=\"https:\/\/www.ecodistrikt.de\/\">www.ecodistrikt.de<\/a><br \/>\n<a title=\"Treffpunkt\" href=\"https:\/\/www.freiburg-schwarzwald.de\/blog\/engagement\/treffpunkt\/\">ECOtrinova ist auch erreichbar \u00fcber Treffpunkt Freiburg im ZO<\/a>\u00a0&gt;Treffpunkt<\/p>\n<p>ECOtrinova e.V., VR Freiburg i.Br. Nr. 2551, als gemeinn\u00fctzig (Umweltschutz) anerkannt vom Finanzamt Freiburg-Stadt, vormals Arbeitsgemeinschaft Freiburger Umweltinstitute (FAUST) e.V., Gr\u00fcnderin der Umweltakademie<\/p>\n<p>Vorsitzender Dr. Georg L\u00f6ser, Physiker und Energie- und Umweltexperte<br \/>\nStellvertreter: Diplomforstwirtin Dorothea Schulz ,\u00a0Ingenieur und Umweltgraphiker Bruno Natsch.<br \/>\nWeitere Vorstandmitglieder sind erneut Klaus-Dieter K\u00e4ser, IT-Experte und fr\u00fcherer MdL sowie der Diplom-P\u00e4dagoge und Landschaftsplaner Hans-J\u00f6rg Schwander. Die Vorsitzenden f\u00fchren den Verein seit 2002.<\/p>\n<p><strong>Spenden: Sparkasse Freiburg-N\u00f6rdlicher Breisgau, Konto 207 97 54 (BLZ 680 501 01)<\/strong><\/p>\n<p><a href=\"https:\/\/www.freiburg-schwarzwald.de\/blog\/natur\/umwelt\/ecotrinova\/ecotrinova130816\/\" rel=\"attachment wp-att-36693\"><img loading=\"lazy\" decoding=\"async\" class=\"alignnone size-thumbnail wp-image-36693\" title=\"ecotrinova130816\" src=\"https:\/\/www.freiburg-schwarzwald.de\/blog\/wp-content\/uploads\/2012\/11\/ecotrinova130816-180x135.jpg\" alt=\"\" width=\"180\" height=\"135\" srcset=\"https:\/\/www.freiburg-schwarzwald.de\/blog\/wp-content\/uploads\/2012\/11\/ecotrinova130816-180x135.jpg 180w, https:\/\/www.freiburg-schwarzwald.de\/blog\/wp-content\/uploads\/2012\/11\/ecotrinova130816.jpg 640w\" sizes=\"auto, (max-width: 180px) 100vw, 180px\" \/><\/a>\u00a0 ECOtronova im August 2013 &#8211; 1. Vorstand Dr. L\u00f6ser (links)<\/p>\n<p>ECOtrinova ist Organisator des Samstags-Forum Regio Freiburg<br \/>\nf\u00fcr Studierende, Vereine, Mitb\u00fcrgerInnen anl. 550 Jahre Universit\u00e4t Freiburg<br \/>\nSchirmherrschaft: Umweltb\u00fcrgermeisterin Gerda Stuchlik<br \/>\nProgramm April &#8211; Juni 2007: Klimaschutz und neue Energien<br \/>\n<a href=\"https:\/\/www.frsw.de\/littenweiler\/samstags-forum.htm\">Samstags-Forum Regio Freiburg<\/a> &gt;Samstags-Forum<\/p>\n<p>ECOtrinova e.V. ist ein regionaler gemeinn\u00fctziger Zusammenschluss von Instituten der Umweltfor\u00adschung, -beratung, -er\u00adziehung, B\u00fcrgerInnen, umweltorientierten Vereinen, Initiativen, B\u00fcros und Unter\u00adnehmen sowie weiteren Interessierten aus der Region am s\u00fcdlichen Oberrhein. Die Arbeit des Vereins kommt der \u00d6ffentlichkeit zugute. Der Verein kooperiert mit seinen Mitgliedsvereinigungen und -instituten sowie mit weiteren Einrichtungen wie dem trinationalen Netzwerk Ener\u00adgie-3Regio, dem Agenda-21-B\u00fcro der Stadt Freiburg i.Br., der ECO-Stiftung f\u00fcr Energie-Klima-Umwelt, Klima\u00adb\u00fcndnis-Freiburg, dem ZEE Zentrum f\u00fcr Erneuerbare Energien sowie der Studierendenvertretung u-asta der Universit\u00e4t Freiburg. Er ist offen f\u00fcr weitere Partner, Mitglieder und F\u00f6rderer. Hauptziel ist eine zukunftsf\u00e4hige Modellregion, ein ECOvalley.<br \/>\nECOtrinova f\u00fchrt eine Reihe Gemeinschaftsprojekte in Freiburg und Region durch, auch grenz\u00fcber\u00adschreitend.. Hinzu kommt Bildungs-, Informations- und Lobbyarbeit f\u00fcr die Umwelt. Die Mitglieder verantworten eine Vielzahl gro\u00dfer und kleiner eigener Vorhaben in der Region, national und international.\u00a0 ECOtrinova erhielt 2011 den 1. Preis Umweltschutz der Stadt Freiburg i.Br.<\/p>\n<p>&nbsp;<\/p>\n<p><strong>ECO-Stiftung<\/strong><\/p>\n<p>Dachstiftung f\u00fcr individuelles Schenken<br \/>\nDer Stiftungsstock wuchs 2006-2008 auf fast 100.000 Euro.<br \/>\n<a href=\"https:\/\/www.gls-treuhand.de\/themen\/dachstiftung-fuer-individuelles-schenken\">https:\/\/www.gls-treuhand.de\/themen\/dachstiftung-fuer-individuelles-schenken<\/a><br \/>\nc\/o Dr. Georg L\u00f6ser, Weiherweg 4b, 79194 Gundelfingen, georg.loeser at gmx.de<\/p>\n<p>Zuwendungen (Spenden), Zustiftungen sowie Verf\u00fcgungen und Legate an die ECO-Stiftung sind willkommen und steuerlich beg\u00fcnstigt. Die Bankverbindung und das erforderliche Stichwort:<br \/>\nGLS Treuhand e.V., GLS Gemeinschaftsbank eG Bochum.<br \/>\nKonto-Nr. 103 700 800, BLZ 430 609 67<br \/>\nStichwort erforderlich: ECO-Stiftung Spende (oder Zustiftung).<\/p>\n<p>&#8212;&#8212;&#8212;&#8212;&#8212;&#8212;&#8212;&#8212;&#8212;&#8212;&#8212;&#8211;<\/p>\n<p>&nbsp;<\/p>\n<p>.<br \/>\n<strong>5.000 Wohnungen ohne Fl\u00e4chenverbrauch &#8211; virtueller Neubaustadtteil in Freiburg?<br \/>\n<\/strong>Dachgeschossausbau und Aufstocken f\u00fcr g\u00fcnstige Mieten<strong><br \/>\n<\/strong><\/p>\n<p>Freiburgs Dachlandschaften zeigen in der Altstadt und in den um 1900 errichteten Stadtteilen architektonisch gro\u00dfartige Realisierungen f\u00fcr viel Wohnraum. In sp\u00e4ter hinzugekommenen Stadtteilen, wo der Dachausbau f\u00fcr Wohnungen vernachl\u00e4ssigt oder zu niedrig gebaut wurde, bestehen Chancen f\u00fcr \u00fcber 5.000 weitere Wohnungen ohne Fl\u00e4chenverbrauch. So kann laut ECOtrinova-Vorsitzendem Dr. Georg L\u00f6ser ein dezentraler <a title=\"Nachverdichtung\" href=\"https:\/\/www.freiburg-schwarzwald.de\/blog\/business\/dienste\/immobilien\/nachverdichtung\/\">\u201evirtueller Neubaustadtteil\u201c<\/a> im noch wachsenden Freiburg entstehen. Das hat h\u00f6chste Bedeutung f\u00fcr die nachhaltige Stadtentwicklung in Freiburg und Region mit dem Motto: \u201eWohnungen bauen ohne Bauland\u201c, also ohne Au\u00dfenentwicklung auf \u201eGr\u00fcner Wiese\u201c und ohne Zerst\u00f6rung von Kleing\u00e4rten im Innenbereich.<br \/>\nECOtrinova e.V. hat dazu, unterst\u00fctzt von weiteren Umweltschutzvereinigungen, als Pilotuntersuchung Geb\u00e4ude einiger Stra\u00dfen und Quartiere in Freiburg St\u00fchlinger, Beurbarung, Neuburg, Z\u00e4hringen, und u.a. im Sedanviertel fotografiert und ausgewertet. Schon bei dieser kleinen Untersuchung ergab sich dort ein Potenzial von rund 1.000 Wohnungen zu je typisch 60 bis 90 qm, also f\u00fcr rund 3.000 Menschen. F\u00fcrs gesamte Stadtgebiet sch\u00e4tzt ECOtrinova die Chancen auf mindestens 5.000 Wohnungen. Das entspricht etwa dem geplanten umstrittenen Neubau-stadtteil auf landwirtschaftlichem Boden in der Dietenbach-Niederung, wo Bauen wegen Hoch-wasserrisiko und L\u00e4rm von Schnellstra\u00dfen an sich verboten ist.<br \/>\nECOtrinova erwartet nun von Stadt und Gemeinderat, umgehend das fehlende Kataster f\u00fcr Aufstockungen und Dachausbauten f\u00fcrs Wohnen zu schaffen, Hemmnisse, die sich teilweise stellen, abzubauen und f\u00fcr ab 2019 ein breites Aktionsprogramm auf den Weg zu bringen.<br \/>\nEs sind vor allem von 1950 bis 1990 errichtete Mehrfamilienh\u00e4user, bei denen das Potenzial leicht zu erkennen ist. Diese geh\u00f6ren oft Baugenossenschaften oder der Freiburger Stadtbau. W\u00e4hrend ersteren nach Einsch\u00e4tzung ECOtrinovas Personal zur Umsetzung fehlt, kann letztere bereits einige Aufstockungen und Dachausbauten nachweisen.<br \/>\nRelativ g\u00fcnstige Neumieten erreichbar<br \/>\nAufstockungen und Dachausbauten k\u00f6nnen relativ g\u00fcnstige Mieten erbringen, auch unterhalb des Mietspiegels, z.B. wenn gemeinn\u00fctzige Unternehmen t\u00e4tig werden. Das zeigen von der zust\u00e4ndigen Bundesanstalt BBSR untersuchte Beispiele in der Bundesstadt Bonn, deren Miet-spiegel \u00e4hnlich hoch ist wie in Freiburg. Grundst\u00fccks- und Erschlie\u00dfungskosten etwa f\u00fcr Verkehrswege, Ver- und Entsorgung, neue Stra\u00dfenbahnen usw. entfallen \u00fcberwiegend. Bisherige Einrichtungen, Handel und Dienstleistungen werden in Stadtquartieren besser ausgelastet und diese belebt. Bei nahem \u00d6PNV und Auto-Teilen sowie autoreduziertem oder autofreiem Wohnen kann ein Gro\u00dfteil der Stellplatzpflichten f\u00fcr die neuen Wohnungen entfallen.<br \/>\n&#8230;..<br \/>\nFreiburger Hindernisse und Licht am Ende des Tunnels:<br \/>\nBis Ende 2017 war es vor allem das Baurechtsamt, das das gro\u00dfe Wohn-Potenzial anders als z.B. auch die Wirtschafts- und Wohnbauministerin Baden-W\u00fcrttembergs Hoffmeister-Kraut nicht erkennen wollte und 2016 eine von ECOtrinova bei Stadt und Rat angeregte und gro\u00df angelegte Initiative einiger Gemeinderatsfraktionen mit der Handwerkskammer entmutigte. Derweil realisierten Architekten in Freiburg und anderswo Vorbilder. Offizielle Feldstudien auf Bundesebene beschreiben gelungene Beispiele. Es schien so, als ob in Freiburg diese Alternative zu Dietenbach abgew\u00fcrgt werden solle. Auf Einladung von ECOtrinova haben dagegen in 2017 zwei versierte Architekten in der Universit\u00e4t Beispiele erl\u00e4utert und gezeigt, dass Hemmnisse wie Zugang, Fahrstuhl, Brandschutz , Fluchtweg und auch Denkmalschutz in der Regel gut \u00fcberwindbar sind.<br \/>\nECOtrinova war schon 2013 zusammen mit dem BUND Freiburg und dem Klimab\u00fcndnis Freiburg bei Stadt und Gemeinderat schriftlich vorstellig geworden zum Dachgeschossausbau und Aufstocken als eine von vielen Alternativen zum \u201eBauen auf Teufel komm raus\u201c auf der \u201eGr\u00fcnen Wiese\u201c, leider damals ohne Resonanz bei Rat und Stadt. Denn diese wollten trotz baugesetzlichen gebotenen Vorrangs der Innenentwicklung unbedingt mindestens einen Neubaustadtteil im Au\u00dfenbereich \u2013 schlie\u00dflich Dietenbach. Aktuell regt sich aber im Baudezernat und im Gemeinderat Interesse am Thema D\u00e4cher. Es ist sehr wichtig, z\u00fcgig zu beginnen, weil das Potenzial nur schritt-weise umsetzbar ist und weil laufende Erneuerungen von D\u00e4chern ohne Ausbau oder Aufstockung auf viele Jahre verlorene Chancen sind.<br \/>\nDas Pestel-Institut hatte mit der TU Darmstadt 2016 allein f\u00fcr Aufstockungen in Deutschland ein Potenzial von rund 1,5 Millionen Wohnungen begutachtet mit im Mittel 1,3 Geschossen an Aufstockung. Auf Freiburg bezogen w\u00e4ren das schon rund 4. 000 Wohnungen. ECOtrinova hat i.d.R. vorsichtig nur 1 Zusatzgeschoss angesetzt und bei einem Gro\u00dfteil der Geb\u00e4ude nur Dachgeschoss-ausbau, der bekanntlich die Gescho\u00dffl\u00e4chenzahl nicht \u00e4ndert.<br \/>\nNicht untersucht hat ECOtrinova u.a. die vielen Ausbau- und Aufstockm\u00f6glichkeiten f\u00fcrs Wohnen auf B\u00fcro- und Gewerbebauten sowie auf den vielen einst\u00f6ckigen Flachbauten etwa in Landwasser und im Quartier Wippertstra\u00dfe oder nur am Rande das Potential bei Reihen- und Ein- bis Zweifa-milienh\u00e4usern. Dort bestehen neben \u201eDach-Chancen\u201c auch andere M\u00f6glichkeiten wie die Aktivierung von Einliegerwohnungen und Anbauten.<br \/>\nECOtrinova verf\u00fcgt \u00fcber Fotos von Geb\u00e4uden mit Aufstock- und\/oder Dachausbaupotential und von Vorbildern, bei denen das Potenzial bereit verwirklicht wurde. Ein spezifisches Maximum wurde in der Stefan-Meierstr. erreicht: aus 12 Wohnungen wurden29, dies durch Dachausbau, aber mit Abriss und Neubau plus Tiefgarage.<br \/>\nDr. Georg L\u00f6ser, ECOtrinova e.V., 16.5.2018<\/p>\n<p>&nbsp;<\/p>\n","protected":false},"excerpt":{"rendered":"<p>Home &gt;Vereine &gt;Umwelt &gt;Ecotrinova Listenauswahl eines Beitrags (Artikel\/Datum, Seite\/Inhalt): Klicken oder scrollen Film \u201eSEHNSUCHT nach EDEN\u201c : Urban Gardening \u2013 Solidarische Landwirtschaft\u00a0(13.11.2025) Biosph\u00e4re vs Neue Gentechnik (21.5.2025) Bl\u00fchfonds Batzenberg: Den Batzenberg zum Bl\u00fchen bringen f\u00fcr die Artenvielfalt (31.10.2023) Erdgas-Hochdruckleitung Dietenbach &hellip; <a href=\"https:\/\/www.freiburg-schwarzwald.de\/blog\/natur\/umwelt\/ecotrinova\/\">Weiterlesen <span class=\"meta-nav\">&rarr;<\/span><\/a><\/p>\n","protected":false},"author":4,"featured_media":0,"parent":512,"menu_order":0,"comment_status":"open","ping_status":"closed","template":"","meta":{"footnotes":""},"class_list":["post-14587","page","type-page","status-publish","hentry"],"_links":{"self":[{"href":"https:\/\/www.freiburg-schwarzwald.de\/blog\/wp-json\/wp\/v2\/pages\/14587","targetHints":{"allow":["GET"]}}],"collection":[{"href":"https:\/\/www.freiburg-schwarzwald.de\/blog\/wp-json\/wp\/v2\/pages"}],"about":[{"href":"https:\/\/www.freiburg-schwarzwald.de\/blog\/wp-json\/wp\/v2\/types\/page"}],"author":[{"embeddable":true,"href":"https:\/\/www.freiburg-schwarzwald.de\/blog\/wp-json\/wp\/v2\/users\/4"}],"replies":[{"embeddable":true,"href":"https:\/\/www.freiburg-schwarzwald.de\/blog\/wp-json\/wp\/v2\/comments?post=14587"}],"version-history":[{"count":5,"href":"https:\/\/www.freiburg-schwarzwald.de\/blog\/wp-json\/wp\/v2\/pages\/14587\/revisions"}],"predecessor-version":[{"id":141488,"href":"https:\/\/www.freiburg-schwarzwald.de\/blog\/wp-json\/wp\/v2\/pages\/14587\/revisions\/141488"}],"up":[{"embeddable":true,"href":"https:\/\/www.freiburg-schwarzwald.de\/blog\/wp-json\/wp\/v2\/pages\/512"}],"wp:attachment":[{"href":"https:\/\/www.freiburg-schwarzwald.de\/blog\/wp-json\/wp\/v2\/media?parent=14587"}],"curies":[{"name":"wp","href":"https:\/\/api.w.org\/{rel}","templated":true}]}}