{"id":145514,"date":"2026-02-10T09:37:50","date_gmt":"2026-02-10T08:37:50","guid":{"rendered":"https:\/\/www.freiburg-schwarzwald.de\/blog\/?page_id=145514"},"modified":"2026-03-21T20:30:53","modified_gmt":"2026-03-21T19:30:53","slug":"team-freiheit","status":"publish","type":"page","link":"https:\/\/www.freiburg-schwarzwald.de\/blog\/vereine\/partei\/team-freiheit\/","title":{"rendered":"Team-Freiheit"},"content":{"rendered":"<p><a href=\"https:\/\/www.freiburg-schwarzwald.de\/blog\">Home<\/a>\u00a0&gt;<a title=\"Vereine\" href=\"https:\/\/www.freiburg-schwarzwald.de\/blog\/vereine\/\">Vereine<\/a>\u00a0&gt;<a title=\"Engagement\" href=\"https:\/\/www.freiburg-schwarzwald.de\/blog\/engagement\/\">Engagement<\/a>\u00a0&gt;<a title=\"Partei\" href=\"https:\/\/www.freiburg-schwarzwald.de\/blog\/vereine\/partei\/\">Partei<\/a> &gt;<a href=\"https:\/\/www.freiburg-schwarzwald.de\/blog\/engagement\/zukunft\/demokratie\/freiheit\/freiheitsrechte\/\">Freiheitsrechte<\/a> &gt;<a href=\"https:\/\/www.freiburg-schwarzwald.de\/blog\/engagement\/zukunft\/demokratie\/liberalismus\/libertarismus\/\">Libertarismus<\/a> &gt;Team Freiheit<\/p>\n<div id=\"attachment_144549\" style=\"width: 650px\" class=\"wp-caption alignnone\"><a href=\"https:\/\/www.freiburg-schwarzwald.de\/blog\/wp-content\/uploads\/2026\/01\/polarlichter-schauinsland-pan260119.jpg\"><img loading=\"lazy\" decoding=\"async\" aria-describedby=\"caption-attachment-144549\" class=\"size-full wp-image-144549\" src=\"https:\/\/www.freiburg-schwarzwald.de\/blog\/wp-content\/uploads\/2026\/01\/polarlichter-schauinsland-pan260119.jpg\" alt=\"\" width=\"640\" height=\"386\" srcset=\"https:\/\/www.freiburg-schwarzwald.de\/blog\/wp-content\/uploads\/2026\/01\/polarlichter-schauinsland-pan260119.jpg 640w, https:\/\/www.freiburg-schwarzwald.de\/blog\/wp-content\/uploads\/2026\/01\/polarlichter-schauinsland-pan260119-180x109.jpg 180w\" sizes=\"auto, (max-width: 640px) 100vw, 640px\" \/><\/a><p id=\"caption-attachment-144549\" class=\"wp-caption-text\">Polarlicht auf dem Schauinsland am 19.1.2026 &#8211; Bild Ellen Matzat-Sauter<\/p><\/div>\n<ul>\n<li><em>Listenauswahl eines Beitrags (Artikel\/Datum, Seite\/Inhalt):<span style=\"text-decoration: underline;\"> Klicken<\/span> oder scrollen<\/em><\/li>\n<li><a href=\"https:\/\/www.freiburg-schwarzwald.de\/blog\/engagement\/zukunft\/demokratie\/liberalismus\/milei\/\">Bericht Milei-Konferenz: Eine Kettens\u00e4gen-Bewegung f\u00fcr Deutschland?<\/a> (21.3.2026)<\/li>\n<li><a href=\"https:\/\/www.freiburg-schwarzwald.de\/blog\/nicht-gesichert-rechtsextrem\/\">Indubio: AfD \u2013 gesichert was?<\/a> (1.3.2026)<\/li>\n<li><a href=\"https:\/\/www.freiburg-schwarzwald.de\/blog\/cotar-freiheit-afd-demokratie\/\">Cotar: Freiheit AfD Demokratie<\/a> (16.2.2026)<\/li>\n<li>Wie Joana Cotar in acht Jahren Bundestag ihr Vertrauen in die Demokratie verlor (15.2.2026)<\/li>\n<li>Milei-Konferenz 2026. Sind libert\u00e4re Reformen auch in Deutschland umsetzbar? (9.2.2026)<\/li>\n<li><a href=\"https:\/\/www.freiburg-schwarzwald.de\/blog\/recht-freie-meinungsaeusserung\/\">Joana Cotar: Meinungsfreiheit &#8211; 1. Der Kampf gegen die sozialen Netzwerke<\/a> (14.1.2026)<\/li>\n<li>Thorsten Hinz: Vom Verlust der Zivilisiertheit (5.12.2025)<\/li>\n<li><\/li>\n<li><a href=\"https:\/\/www.freiburg-schwarzwald.de\/blog\/about\/leitideen\/\">Drei Leitideen dieses Portals: Libertarismus, Pazifismus, Diskussionskultur<\/a><\/li>\n<\/ul>\n<ul>\n<li><a href=\"https:\/\/www.freiburg-schwarzwald.de\/blog\/global\/globalisierung\/arc\/\">ARC<\/a><\/li>\n<li><a href=\"https:\/\/www.freiburg-schwarzwald.de\/blog\/global\/argentinien\/\">Argentinien<\/a><\/li>\n<li><a href=\"https:\/\/www.freiburg-schwarzwald.de\/blog\/global\/deutschland\/gesellschaft\/buergergipfel\/\">B\u00fcrgergipfel<\/a><\/li>\n<li><a href=\"https:\/\/www.freiburg-schwarzwald.de\/blog\/vereine\/partei\/fdp\/\">FDP<\/a><\/li>\n<li><a href=\"https:\/\/www.freiburg-schwarzwald.de\/blog\/engagement\/zukunft\/demokratie\/freiheit\/\">Freiheit<\/a><\/li>\n<li><a href=\"https:\/\/www.freiburg-schwarzwald.de\/blog\/engagement\/zukunft\/demokratie\/freiheit\/freiheitlicher-staat\/\">Freiheitlicher-Staat<\/a><\/li>\n<li><a href=\"https:\/\/libertyrising.de\/\">https:\/\/libertyrising.de\/<\/a><\/li>\n<li><a href=\"https:\/\/www.libinst.ch\/\">https:\/\/www.libinst.ch<\/a><\/li>\n<li><a href=\"https:\/\/www.freiburg-schwarzwald.de\/blog\/engagement\/zukunft\/demokratie\/liberalismus\/libertarismus\/\">Libertarismus<\/a><\/li>\n<li><a href=\"https:\/\/www.freiburg-schwarzwald.de\/blog\/kultur\/medien\/meinungsfreiheit\/meinungsstreit\/\">Meinungsstreit<\/a><\/li>\n<li><a href=\"https:\/\/www.freiburg-schwarzwald.de\/blog\/engagement\/zukunft\/demokratie\/liberalismus\/milei\/\">Milei<\/a><\/li>\n<li><a href=\"https:\/\/www.freiburg-schwarzwald.de\/blog\/vereine\/partei\/\">Parteien<\/a><\/li>\n<li><a href=\"https:\/\/www.freiburg-schwarzwald.de\/blog\/global\/deutschland\/gesellschaft\/profiteure\/\">Profiteure<\/a><\/li>\n<li><a href=\"https:\/\/www.freiburg-schwarzwald.de\/blog\/vereine\/partei\/team-freiheit\/\">Team Freiheit<\/a><\/li>\n<li><a href=\"https:\/\/www.freiburg-schwarzwald.de\/blog\/business\/industrie\/mittelstand\/unternehmer\/\">Unternehmer<\/a><\/li>\n<\/ul>\n<p><strong>Team Freiheit<\/strong><br \/>\nNach Jahrzehnten des Niedergangs ist der Zeitpunkt einer gesellschaftlichen Reformation gekommen. Wir B\u00fcrger haben es verdient, dass unsere Kritik an den politischen Fehlentscheidungen in Parlamenten, Regierungen und Beh\u00f6rden ernst genommen wird und zu strukturellen Ver\u00e4nderungen f\u00fchrt. Vor allem verdienen wir und vor allem unsere Kinder Sicherheit, neuen Mut und eine Zukunftsperspektive in Deutschland!<br \/>\nKonkret:<br \/>\n&#8211; Wir wollen das Leben f\u00fcr die B\u00fcrger vereinfachen, billiger und sicherer machen.<br \/>\n&#8211; Wir wollen die kaputten Sektoren Gesundheit, Wohnen und Bildung wieder ins Laufen bringen.<br \/>\n&#8211; Wir wollen die Wirtschaft und damit den Wohlstand f\u00fcr alle stark wachsen lassen.<br \/>\n&#8211; Wir wollen den Staat stark verkleinern und aus den M\u00e4rkten und dem Privatleben der Menschen zur\u00fcckdr\u00e4ngen.<br \/>\n&#8211; Wir wollen die unkontrollierte Zuwanderung stoppen.<br \/>\n&#8211; Wir wollen die Ideologisierung, Spaltung und Polarisierung der Gesellschaft stoppen<br \/>\n<a href=\"https:\/\/www.team-freiheit.de\/\">https:\/\/www.team-freiheit.de\/<\/a><br \/>\nFrauke Petry, Joana Cotar,\u00a0 Thomas Kemmerich<br \/>\n.<br \/>\n<strong>Joana Cotar<\/strong><a href=\"https:\/\/joanacotar.de\/\"><br \/>\nhttps:\/\/joanacotar.de\/<\/a><br \/>\nj.cotar@joanacotar.de<br \/>\nJoana Cotar: Inside Bundestag: Wie ich in acht Jahren<br \/>\nim Zentrum der Macht das Vertrauen in unsere Demokratie verlor<br \/>\n16.2.2026, 224 Seiten, 24 Euro<br \/>\n<a href=\"https:\/\/x.com\/JoanaCotar\/status\/2023304412001902797\">https:\/\/x.com\/JoanaCotar\/status\/2023304412001902797<\/a><br \/>\n=============================================================<\/p>\n<p>.<\/p>\n<p><strong>Wie Joana Cotar in acht Jahren Bundestag ihr Vertrauen in die Demokratie verlor<\/strong><br \/>\nDie Geschichte einer Ent-T\u00e4uschung nennt <a href=\"https:\/\/www.freiburg-schwarzwald.de\/blog\/vereine\/partei\/team-freiheit\/\">Joana Cotar<\/a> ihr Buch, die Geschichte einer Frau, die wirkliche Ver\u00e4nderung wollte \u2013 und lernen musste, dass hinter der Fassade freies Denken, wirkliche Demokratie und das Gewissen des Abgeordneten nicht z\u00e4hlen.<br \/>\n&#8230;<br \/>\nCotar geh\u00f6rt nicht zum Anlernberufsgang Krei\u00dfsaal-H\u00f6rsaal-Plenarsaal. Bevor sie \u00fcber die hessische Landesliste der AfD als <a href=\"https:\/\/www.freiburg-schwarzwald.de\/blog\/engagement\/zukunft\/demokratie\/parlament\/abgeordnete\/\">Abgeordnete in den Bundestag<\/a> einzog, hat sie nach dem Studium 18 Jahre in der freien Wirtschaft gearbeitet, einige Jahre davon selbst\u00e4ndig. Zur AfD kam sie wie viele von der CDU entt\u00e4uscht, die sich galoppierend im Allparteienblock einreihte, indem sie gr\u00fcner und roter wurde als SPD und Gr\u00fcne selbst. Im Bundestag angekommen dachte sie, wirklich mit anderen zusammen etwas bewegen zu k\u00f6nnen. \u201eDoch mit den Jahren kam die Ern\u00fcchterung, kamen die Entt\u00e4uschungen und viele Momente der Desillusionierung.\u201c sagt Cotar und: \u201eDer Berliner Elfenbeinturm ist viel h\u00f6her als gedacht. Und obwohl mir schon vor meinem Einzug durchaus bewusst war, dass die Mehrheit der Politiker den Bezug zu den B\u00fcrgern verloren hat und dass es ihr vor allem um den eigenen Machterhalt geht, traf mich die Realit\u00e4t brutal.\u201c<br \/>\n&#8230;<br \/>\n\u201eEin MdB verdient derzeit 11.833,47 Euro im Monat. Hinzu kommt die steuerfreie Aufwandspauschale von 5.349,58 Euro. Macht zusammen stolze 17.183,05 Euro monatlich. Viel Geld f\u00fcr Menschen ohne abgeschlossene Berufsausbildung, wenig f\u00fcr Spitzenleute aus der Wirtschaft. Dieser Umstand erkl\u00e4rt so manche Personalie im Deutschen Bundestag und in der Regierung \u2013 und allzu oft auch den mangelnden Sachverstand. Die Di\u00e4t wird selbstverst\u00e4ndlich versteuert, ein bisschen Realit\u00e4t muss dann doch sein. Allerdings zahlen Bundestagsabgeordnete nicht in die Rentenkasse ein. Dennoch erwerben sie jedes Jahr einen Anspruch auf eine Altersentsch\u00e4digung in H\u00f6he von 2,5 Prozent der Abgeordneten-Di\u00e4t. Das sind derzeit 295,83 Euro pro Jahr \u2013 macht zusammen 1.183,32 Euro \u00bbRente\u00ab nach nur vier Jahren Arbeit im Bundestag, ohne daf\u00fcr auch nur einen einzigen Cent eingezahlt zu haben. Das ist nicht nur nicht fair. Das ist eine Sauerei \u2026&#8220;<br \/>\n&#8230;<br \/>\n&#8222;Wir sehen, ein Abgeordneter kostet den Steuerzahler im Jahr viel Geld. Rechnen wir das doch noch mal durch:<br \/>\n142.001,64 Euro f\u00fcr seine Di\u00e4t<br \/>\n64.194,96 Euro f\u00fcr die steuerfreie Kostenpauschale<br \/>\n319.800,00 Euro f\u00fcr seine Mitarbeiterpauschale<br \/>\n12.000,00 Euro f\u00fcr die B\u00fcropauschale<br \/>\nDas macht sage und schreibe: 537.996,60 Euro pro Jahr! Und dann sind da noch die Reisen, die B\u00fcros und deren Ausstattung in Berlin und so weiter \u2013 zusammen summieren sich die Kosten auf weit \u00fcber eine halbe Million Euro im Jahr. Wohlgemerkt: Pro Abgeordneten! Wir haben derzeit 630 Abgeordnete im Deutschen Bundestag. Die Gesamtrechnung \u00fcberlasse ich Ihnen, lieber Leser.\u201c<br \/>\nNoch viel, viel mehr Details \u00fcber den Kostenblock Bundestag findet sich unter der \u00dcberschrift: Der Bundestag kostet im Jahr \u00fcber eine Milliarde Euro.<br \/>\n&#8230;<br \/>\nIn ihrem Buch bleibt Joana Cotar dem Leser nichts schuldig, der aus erster Hand lesen m\u00f6chte, warum die parlamentarische Demokratie in Deutschland versagt.<\/p>\n<p><em>Joana Cotar, Inside Bundestag \u2013 <\/em><br \/>\n<em>Wie ich in acht Jahren im Zentrum der Macht<br \/>\ndas Vertrauen in unsere Demokratie verlor. <\/em><br \/>\n<em>Westend Verlag, Klappbroschur, 220 Seiten, 24,00 \u20ac<br \/>\n<\/em><br \/>\n&#8230; Alles vom 15.2.2026 von Fritz Goergen bitte lesen auf<br \/>\n<a href=\"https:\/\/www.tichyseinblick.de\/feuilleton\/buecher\/joana-cotar-inside-bundestag\/\">https:\/\/www.tichyseinblick.de\/feuilleton\/buecher\/joana-cotar-inside-bundestag\/<\/a><\/p>\n<p>&nbsp;<\/p>\n<p><strong>Milei-Konferenz 2026. Sind libert\u00e4re Reformen auch in Deutschland umsetzbar?<\/strong><br \/>\n9. Februar 2026 \u2013 Interview mit Frauke Petry<\/p>\n<p><a href=\"https:\/\/www.freiburg-schwarzwald.de\/blog\/engagement\/zukunft\/demokratie\/liberalismus\/libertarismus\/\">Ludwig von Mises Institut Deutschland (LvMID)<\/a>: Liebe Frau Petry, am 14. M\u00e4rz 2026 findet in Leipzig die \u201eMilei-Konferenz 2026\u201c statt <a href=\"https:\/\/www.milei-institut.de\/milei-konferenz-2026\/\">https:\/\/www.milei-institut.de\/milei-konferenz-2026\/<\/a> . Es geht offensichtlich darum, Pr\u00e4sident Javier Mileis legend\u00e4re Kettens\u00e4ge auch in Deutschland zum Einsatz zu bringen. K\u00f6nnen Sie unseren Lesern bitte erkl\u00e4ren, um was es bei der Konferenz genauer geht?<br \/>\nFrauke Petry (FP): Deutschland braucht einen konkreten Deregulierungsplan. Wir bringen in Leipzig namhafte Pers\u00f6nlichkeiten auf die B\u00fchne, die konkret erkl\u00e4ren werden, wie diese Deregulierung in Wirtschaft und Gesellschaft funktionieren wird.<\/p>\n<p>LvMID: K\u00f6nnen Sie unseren Lesern einige Beispiele geben? Wo w\u00fcrden Sie die Kettens\u00e4ge zuerst ansetzen?<br \/>\nFP: Man kann auf mehrere Weisen beginnen. Eine Baustelle, die nichts kostet und politisch leicht durchsetzbar w\u00e4re, sind die unendlichen Berichts- und Statistikpflichten f\u00fcr Unternehmen. L\u00e4ngerfristig aber noch viel wirkungsvoller w\u00e4re eine Liberalisierung des Energiemarktes und die Wiederzulassung von Kernkraft. Politisch sehr kompliziert, aber mit enormen Potentialen f\u00fcr Motivation von Arbeitnehmern und Unternehmern w\u00e4re die Simplifizierung des Steuersystems und eine R\u00fcckf\u00fchrung auf wenige einfache Steuerarten. Und dann w\u00e4re da noch der \u201eSozialstaat\u201c \u2026<br \/>\n.<br \/>\nLvMID: Javier Milei hat in Argentinien \u2013 bevor er mit der Deregulierung beginnen konnte \u2013 einen \u201eKulturkampf\u201c gef\u00fchrt. Gegen \u201ewoke-linkes\u201c Gedankengut und f\u00fcr Marktwirtschaft und Freiheit. Glauben Sie, dass die \u00f6ffentliche Meinung in Deutschland schon bereit ist f\u00fcr so weitreichende Reformen wie in Argentinien?<br \/>\nFP: Auch in Argentinien hat niemand auf wirtschaftsliberale Reformen und eine Zur\u00fcckdr\u00e4ngung der Marxisten gewartet. Javier Milei hat Freiheit und Marktwirtschaft nach Jahrzehnten des Sozialismus wieder popul\u00e4r gemacht. Selbes gilt auch f\u00fcr Deutschland. Wir d\u00fcrfen nicht darauf warten, dass es von selbst geschieht.<\/p>\n<p>LvMID: Es soll bei der \u201eMilei-Konferenz 2026\u201c nicht nur um Marktwirtschaft und Staatsabbau gehen, sondern auch um Familie, gesellschaftliche Ordnung, Freiheit und Verantwortung. K\u00f6nnen Sie erkl\u00e4ren, wie das eine mit dem anderen zusammenh\u00e4ngt?<br \/>\nFP: Gesellschaftliche Freiheit und wirtschaftliche Freiheit bedingen sich gegenseitig. Au\u00dferdem prosperiert eine freie Gesellschaft nur dann, wenn sie auf ein solides Fundament aus Vertrauen bauen kann \u2013 oder neudeutsch, wenn sie eine \u201eHigh-Trust-Gesellschaft\u201c ist. Diese entwickelt sich aus seit langem verankerten kulturellen Grundlagen. Der Wegfall staatlicher Gewalt allein erschafft daher noch keine freie Gesellschaft. Diese ben\u00f6tigt Strukturen und gesellschaftliche Netzwerke, die sie resilient gegen neuerliche staatliche Interventionen machen. Und zwar durch alle gesellschaftlichen Sph\u00e4ren wie Bildung, Unterst\u00fctzung von Familien, Organisation vom Dorf- und Stadtstrukturen, soziale Einrichtungen und dergleichen. Ist unser aktuelles Grundgesetz ausreichend, um unsere Grundrechte gegen Eingriffe in die k\u00f6rperliche Unversehrtheit, das Versammlungsrecht, das Recht auf freie Meinungs\u00e4u\u00dferung und andere Grundrechte zu sch\u00fctzen? Ich nehme es vorweg, es besteht auch hier deutlicher Nachsteuerungsbedarf.<\/p>\n<p>LvMID: Viele der prominentesten F\u00fcrsprecher f\u00fcr Marktwirtschaft und Freiheit kommen aus dem DACH-Raum, wie Wilhelm R\u00f6pke, Friedrich A. von Hayek und \u2013 vor allem \u2013 Ludwig von Mises. Und doch kennen die deutschen Sch\u00fcler und Studenten meist weder deren Namen noch ihr Werk, aber nahezu jeder Jugendliche kennt Karl Marx. M\u00fcsste nicht auch das Bildungssystem wesentlich reformiert werden und wie k\u00f6nnte eine solche Reform konkret aussehen?<br \/>\nFP: Wir m\u00fcssen dem Staat die Hoheit \u00fcber die Bildungsinhalte aus der Hand nehmen. Dazu brauchen wir mehr Wettbewerb im Schulbetrieb, mehr M\u00f6glichkeiten zum Freilernen und Homeschooling. Eine Bildungs- bzw. Pr\u00fcfungspflicht sichert Standards, aber erlaubt alternative Lernformen au\u00dferhalb des staatlichen Korsetts. Jedes Bundesland kann in Deutschland diesen Weg selbst beschreiten, dem F\u00f6deralismus sei Dank! Statt eines \u201eMarsches durch die Institutionen\u201c marschieren wir mit Freiheits-Schulen und guten Online-Angeboten einfach an ihnen vorbei!<\/p>\n<p>&#8230; Alles vom 9.2.2026 bitte lesen auf<br \/>\n<a href=\"https:\/\/www.misesde.org\/2026\/02\/milei-konferenz-2026-sind-libertaere-reformen-auch-in-deutschland-umsetzbar\/\">https:\/\/www.misesde.org\/2026\/02\/milei-konferenz-2026-sind-libertaere-reformen-auch-in-deutschland-umsetzbar\/<\/a><br \/>\n<a href=\"https:\/\/www.milei-institut.de\/milei-konferenz-2026\/\">https:\/\/www.milei-institut.de\/milei-konferenz-2026\/<\/a><\/p>\n<p>&nbsp;<\/p>\n<p>&nbsp;<\/p>\n","protected":false},"excerpt":{"rendered":"<p>Home\u00a0&gt;Vereine\u00a0&gt;Engagement\u00a0&gt;Partei &gt;Freiheitsrechte &gt;Libertarismus &gt;Team Freiheit Listenauswahl eines Beitrags (Artikel\/Datum, Seite\/Inhalt): Klicken oder scrollen Bericht Milei-Konferenz: Eine Kettens\u00e4gen-Bewegung f\u00fcr Deutschland? (21.3.2026) Indubio: AfD \u2013 gesichert was? (1.3.2026) Cotar: Freiheit AfD Demokratie (16.2.2026) Wie Joana Cotar in acht Jahren Bundestag ihr Vertrauen &hellip; <a href=\"https:\/\/www.freiburg-schwarzwald.de\/blog\/vereine\/partei\/team-freiheit\/\">Weiterlesen <span class=\"meta-nav\">&rarr;<\/span><\/a><\/p>\n","protected":false},"author":2,"featured_media":0,"parent":2803,"menu_order":0,"comment_status":"closed","ping_status":"closed","template":"","meta":{"footnotes":""},"class_list":["post-145514","page","type-page","status-publish","hentry"],"_links":{"self":[{"href":"https:\/\/www.freiburg-schwarzwald.de\/blog\/wp-json\/wp\/v2\/pages\/145514","targetHints":{"allow":["GET"]}}],"collection":[{"href":"https:\/\/www.freiburg-schwarzwald.de\/blog\/wp-json\/wp\/v2\/pages"}],"about":[{"href":"https:\/\/www.freiburg-schwarzwald.de\/blog\/wp-json\/wp\/v2\/types\/page"}],"author":[{"embeddable":true,"href":"https:\/\/www.freiburg-schwarzwald.de\/blog\/wp-json\/wp\/v2\/users\/2"}],"replies":[{"embeddable":true,"href":"https:\/\/www.freiburg-schwarzwald.de\/blog\/wp-json\/wp\/v2\/comments?post=145514"}],"version-history":[{"count":5,"href":"https:\/\/www.freiburg-schwarzwald.de\/blog\/wp-json\/wp\/v2\/pages\/145514\/revisions"}],"predecessor-version":[{"id":146987,"href":"https:\/\/www.freiburg-schwarzwald.de\/blog\/wp-json\/wp\/v2\/pages\/145514\/revisions\/146987"}],"up":[{"embeddable":true,"href":"https:\/\/www.freiburg-schwarzwald.de\/blog\/wp-json\/wp\/v2\/pages\/2803"}],"wp:attachment":[{"href":"https:\/\/www.freiburg-schwarzwald.de\/blog\/wp-json\/wp\/v2\/media?parent=145514"}],"curies":[{"name":"wp","href":"https:\/\/api.w.org\/{rel}","templated":true}]}}