{"id":14386,"date":"2012-11-03T11:28:15","date_gmt":"2012-11-03T10:28:15","guid":{"rendered":"https:\/\/www.freiburg-schwarzwald.de\/blog\/?page_id=14386"},"modified":"2026-03-31T11:07:17","modified_gmt":"2026-03-31T09:07:17","slug":"maenner","status":"publish","type":"page","link":"https:\/\/www.freiburg-schwarzwald.de\/blog\/selbsthilfe\/maenner\/","title":{"rendered":"Maenner"},"content":{"rendered":"<p><a href=\"https:\/\/freiburg-schwarzwald.de\/blog\">Home<\/a> &gt;<a title=\"Selbsthilfe\" href=\"https:\/\/www.freiburg-schwarzwald.de\/blog\/selbsthilfe\/\">Selbsthilfegruppen<\/a> &gt;<a title=\"Frauen\" href=\"https:\/\/www.freiburg-schwarzwald.de\/blog\/selbsthilfe\/frauen\/\">Frauen<\/a>\u00a0&gt;Maenner<\/p>\n<div id=\"attachment_14321\" style=\"width: 648px\" class=\"wp-caption alignnone\"><a href=\"https:\/\/www.freiburg-schwarzwald.de\/blog\/regio\/berge\/kandel\/feldberg16kandel-pan121025\/\" rel=\"attachment wp-att-14321\"><img loading=\"lazy\" decoding=\"async\" aria-describedby=\"caption-attachment-14321\" class=\"size-full wp-image-14321\" title=\"feldberg16kandel-pan121025\" src=\"https:\/\/www.freiburg-schwarzwald.de\/blog\/wp-content\/uploads\/2012\/11\/feldberg16kandel-pan121025.jpg\" alt=\"\" width=\"638\" height=\"220\" srcset=\"https:\/\/www.freiburg-schwarzwald.de\/blog\/wp-content\/uploads\/2012\/11\/feldberg16kandel-pan121025.jpg 638w, https:\/\/www.freiburg-schwarzwald.de\/blog\/wp-content\/uploads\/2012\/11\/feldberg16kandel-pan121025-180x62.jpg 180w\" sizes=\"auto, (max-width: 638px) 100vw, 638px\" \/><\/a><p id=\"caption-attachment-14321\" class=\"wp-caption-text\">Blick vom Feldberg nach Norden \u00fcber den Rheintal- und Dreisamtalnebel zum kandel am 25.10.2012 &#8211; rechts St. Peter<\/p><\/div>\n<p>&nbsp;<\/p>\n<ul>\n<li><em>Listenauswahl eines Beitrags (Artikel\/Datum, Seite\/Inhalt):\u00a0<span style=\"text-decoration: underline;\">Klicken<\/span>\u00a0oder scrollen<\/em><\/li>\n<li><a href=\"https:\/\/www.freiburg-schwarzwald.de\/blog\/selbsthilfe\/maenner\/maenner-taeter\/\">Unschuldsvermutung als Unterdr\u00fcckungsinstrument des Patriarchats: Digitale Gewalt<\/a>\u00a0(27.3.2026)<\/li>\n<li><a href=\"https:\/\/www.freiburg-schwarzwald.de\/blog\/selbstbestimmungsgesetz-wozu\/\">Selbstbestimmungsgesetz wozu?<\/a>\u00a0(31.8.2025)<\/li>\n<li>Ayaan Hirsi Ali: Polit-Differenzen von M\u00e4nnern und Frauen (18.10.2024)<\/li>\n<li><a href=\"https:\/\/www.freiburg-schwarzwald.de\/blog\/engagement\/zukunft\/demokratie\/bundestag\/\">Bundestag: Markus Tessa Ganserer Mann Frau Realit\u00e4t Ideologi<\/a>e (17.11.2023)<\/li>\n<li><a href=\"https:\/\/www.freiburg-schwarzwald.de\/blog\/unsere-jungen-maenner-sind-ok\/\">Unsere jungen M\u00e4nner sind OK<\/a>\u00a0(14.6.2023)<\/li>\n<li><a href=\"https:\/\/www.freiburg-schwarzwald.de\/blog\/selbstbestimmungsgesetz-krieg\/\">Selbstbestimmungsgesetz Krieg<\/a>\u00a0(30.4.2023)<\/li>\n<li><a href=\"https:\/\/www.freiburg-schwarzwald.de\/blog\/selbsthilfe\/frauen\/gender\/male-studies\/\">Male Studies als Antwort auf Gender Studies<\/a>\u00a0(8.7.2022)<\/li>\n<li><a href=\"https:\/\/www.freiburg-schwarzwald.de\/blog\/selbsthilfe\/frauen\/gender\/trans\/\">Wenn \u201eTrans-Frauen\u201c f\u00fcr ihr Recht auf Abtreibung demonstrieren<\/a> (27.6.2022)<\/li>\n<li><a href=\"https:\/\/www.freiburg-schwarzwald.de\/blog\/soehne-und-weltmacht-buch\/\">S\u00f6hne und Weltmacht \u2013 Buch von Gunnar Heinsohn<\/a>\u00a0(12.9.2021)<\/li>\n<li><a href=\"https:\/\/www.freiburg-schwarzwald.de\/blog\/selbsthilfe\/frauen\/gender\/sexuell\/\">5.000 Menschen feiern beim CSD in Freiburg<\/a>\u00a0(19.7.2021)<\/li>\n<li><a href=\"https:\/\/www.freiburg-schwarzwald.de\/blog\/femizide-in-wuerzburg-und-wien\/\">Femizide in W\u00fcrzburg und Wien<\/a>\u00a0(29.6.2021)<\/li>\n<li><a title=\"Feminismus\" href=\"https:\/\/www.freiburg-schwarzwald.de\/blog\/selbsthilfe\/frauen\/feminismus\/\">Kastrierender Feminismus \u2013 Jungen wollen M\u00e4dchen sein<\/a> (29.11.2019)<\/li>\n<li>Domestiziertes Weichei versus muslimischer Macho (1.1.2018)<\/li>\n<li>Merkels demografischer M\u00e4nnerbauch &#8211; Migration der M\u00e4nner (22.9.2016)<\/li>\n<li><a href=\"https:\/\/www.freiburg-schwarzwald.de\/blog\/frauenrechte-und-migration\/\">https:\/\/www.freiburg-schwarzwald.de\/blog\/frauenrechte-und-migration\/<\/a> (7.1.2016)<\/li>\n<li>M\u00e4nner sind das schwache Geschlecht (1.10.2014)<\/li>\n<li>Junge M\u00e4nner als Benachteiligte (3.1.2014)<\/li>\n<li>Durchschnittsmann und Durchschnittsfrau\u00a0&#8211; gewichtsm\u00e4\u00dfig (26.3.2013)<\/li>\n<li>Der Baden-W\u00fcrttembergische Mann ist viel zu dick (3.11.2012)<\/li>\n<li>M\u00e4nner und Frauen<\/li>\n<li>Wei M\u00e4nnertage unterscheiden<\/li>\n<li><a href=\"https:\/\/www.freiburg-schwarzwald.de\/sexuellermissbrauch1.htm#M\u00e4nner, Macht und Sex: Sie glauben, ihnen geh\u00f6rt die Welt\">M\u00e4nner, Macht und Sex: Sie glauben, ihnen geh\u00f6rt die Welt<\/a> &gt;SexuelleMissbrauch1 (22.5.2011)<\/li>\n<li><a href=\"https:\/\/www.freiburg-schwarzwald.de\/maenner.htm#B\u00fcndnis gegen Depression Freiburg findet viele Unterst\u00fctzer - M\u00e4nnerdepression\">B\u00fcndnis gegen Depression Freiburg: viele Unterst\u00fctzer &#8211; M\u00e4nnerdepression<\/a> &gt;Maenner (2.2.11)<\/li>\n<li><a href=\"https:\/\/www.freiburg-schwarzwald.de\/freizeit1.htm#Erotikshops k\u00e4mpfen im Internet-Zeitalter ums \u00dcberleben\">Erotikshops k\u00e4mpfen im Internet-Zeitalter ums \u00dcberleben<\/a> &gt;Freizeit1 (12.7.2009)<\/li>\n<li><a href=\"https:\/\/www.freiburg-schwarzwald.de\/prostitution.htm#Projekt FREIJA in Freiburg, Kehl und Weil\">Projekt FREIJA in Freiburg, Kehl und Weil<\/a> &gt;Prostitution (1.4.2009)<\/li>\n<li><a href=\"https:\/\/www.freiburg-schwarzwald.de\/maenner.htm#Internationale Deutsche Meisterschaft der Barttr\u00e4ger in Schluchsee\">Internationale Deutsche Meisterschaft der Barttr\u00e4ger in Schluchsee<\/a> &gt;Maenner (27.3.2009)<\/li>\n<li><a href=\"https:\/\/www.freiburg-schwarzwald.de\/maenner#Freiburger M\u00e4nnertag am 28. M\u00e4rz: Reden \u00fcber Tabus\">Freiburger M\u00e4nnertag am 28. M\u00e4rz: Reden \u00fcber Tabus<\/a> &gt;Maenner (18.2.2009)<\/li>\n<li><a href=\"https:\/\/www.freiburg-schwarzwald.de\/littenweiler\/zeitung1.htm#Schamgef\u00fchle: Auch f\u00fcr M\u00e4nner ist es nicht leicht\">Schamgef\u00fchle: Auch f\u00fcr M\u00e4nner ist es nicht leicht<\/a> &gt;Zeitung1 (24.1.2009)<\/li>\n<li><a href=\"https:\/\/www.freiburg-schwarzwald.de\/tageseltern.htm#Der Tagesvater\">Der Tagesvater<\/a> &gt;Tageseltern (27.10.2008)<\/li>\n<li><a href=\"https:\/\/www.freiburg-schwarzwald.de\/maenner.htm#M\u00e4nnergesundheitstag des ISG am 11.10.2008 in Freiburg\">M\u00e4nnergesundheitstag des ISG am 11.10.2008 in Freiburg<\/a> &gt;Maenner (5.10.2008)<\/li>\n<li><a href=\"https:\/\/www.freiburg-schwarzwald.de\/prostata.htm#Da kommen zwei Journalisten daher ...negative Schl\u00fcsse\">Da kommen zwei Journalisten daher &#8230;negative Schl\u00fcsse<\/a> &gt;Prostata (6.9.2008)<\/li>\n<li><a href=\"https:\/\/www.freiburg-schwarzwald.de\/gewalt.htm#Freiburger Interventionsprojekt gegen h\u00e4usliche Gewalt FRIG 10 Jahre\">Freiburger Interventionsprojekt gegen h\u00e4usliche Gewalt FRIG 10 Jahre<\/a> &gt;Gewalt (9.7.2008)<\/li>\n<li><a href=\"https:\/\/www.freiburg-schwarzwald.de\/blutspende.htm#Warum homosexuelle M\u00e4nner kein Blut spenden d\u00fcrfen\">Warum homosexuelle M\u00e4nner kein Blut spenden d\u00fcrfen<\/a> &gt;Blutspende (21.5.2008)<\/li>\n<li><a href=\"https:\/\/www.freiburg-schwarzwald.de\/maenner#Das blaue Wunder - zehn Jahre Viagra\">Das blaue Wunder &#8211; zehn Jahre Viagra<\/a> &gt;Maenner (27.3.2008)<\/li>\n<li><a href=\"https:\/\/www.freiburg-schwarzwald.de\/maenner#B\u00e4rte sind out\">B\u00e4rte sind out<\/a> (25.7.2007)<\/li>\n<li><a href=\"https:\/\/www.freiburg-schwarzwald.de\/integration1.htm#Kopftuch bei Musliminnen: Was f\u00fcr ein M\u00e4nnerbild\">Kopftuch bei Musliminnen: Was f\u00fcr ein M\u00e4nnerbild?<\/a> &gt;Integration1 (22.7.2007)<\/li>\n<li><a href=\"https:\/\/www.freiburg-schwarzwald.de\/zukunft3.htm#Vielzahl von S\u00f6hnen als Hauptgrund f\u00fcr Terror\">Vielzahl von S\u00f6hnen als Hauptgrund f\u00fcr Terror?<\/a> &gt;Zukunft3 (5.11.2006)<\/li>\n<li><\/li>\n<li><a title=\"Depression\" href=\"https:\/\/www.freiburg-schwarzwald.de\/blog\/selbsthilfe\/chronisch\/depression\/\">Depression &#8211; Selbsthilfegruppe f\u00fcr an Depression erkrankte M\u00e4nner in Freiburg<\/a><\/li>\n<li><a href=\"https:\/\/www.freiburg-schwarzwald.de\/maenner#Erektionsst\u00f6rungen in Mannheim\">Erektionsst\u00f6rungen Selbsthilfegruppe in Mannheim<\/a> &gt;Maenner<\/li>\n<li><a title=\"Frauen\" href=\"https:\/\/www.freiburg-schwarzwald.de\/blog\/selbsthilfe\/frauen\/\">Frauen<\/a><\/li>\n<li><a href=\"https:\/\/www.freiburg-schwarzwald.de\/prostitution.htm#Frauenheld - Infos f\u00fcr Freier\">Frauenheld &#8211; Infos f\u00fcr Freier<\/a> &gt;Prostitution<\/li>\n<li><a title=\"Gender\" href=\"https:\/\/www.freiburg-schwarzwald.de\/blog\/selbsthilfe\/frauen\/gender\/\">Gender<\/a><\/li>\n<li><a href=\"https:\/\/www.freiburg-schwarzwald.de\/maenner#ISG - Informationszentrum f\u00fcr Sexualit\u00e4t und Gesundheit an Uniklinik Freiburg\">ISG &#8211; Informationszentrum f\u00fcr Sexualit\u00e4t und Gesundheit an Uniklinik Freiburg<\/a> &gt;Maenner<\/li>\n<li><a title=\"Jungen\" href=\"https:\/\/www.freiburg-schwarzwald.de\/blog\/selbsthilfe\/jugend\/jungen\/\">Jungen<\/a><\/li>\n<li><a title=\"Kandel-Bluttat27-12-2017\" href=\"https:\/\/www.freiburg-schwarzwald.de\/blog\/engagement\/zukunft\/demokratie\/kandel-bluttat27-12-2017\/\">Kandel-Bluttat27-12-2018<\/a><\/li>\n<li><a title=\"Koeln-Silvester2015\" href=\"https:\/\/www.freiburg-schwarzwald.de\/blog\/global\/integration\/koeln-silvester2015\/\">K\u00f6ln-Silvester2015<\/a><\/li>\n<li><a href=\"https:\/\/www.freiburg-schwarzwald.de\/blog\/selbsthilfe\/maenner\/maenner-taeter\/\">Maenner-Taeter<\/a><\/li>\n<li><a href=\"https:\/\/www.freiburg-schwarzwald.de\/maenner#M\u00e4nnerb\u00fcro Freiburg\">M\u00e4nnerb\u00fcro Freiburg<\/a><\/li>\n<li><a href=\"https:\/\/www.freiburg-schwarzwald.de\/blog\/selbsthilfe\/frauen\/gender\/male-studies\/\">Male-Studies<\/a><\/li>\n<li><a title=\"Migration-Maenner\" href=\"https:\/\/www.freiburg-schwarzwald.de\/blog\/global\/migration\/migration-maenner\/\">Migration-Maenner<\/a><\/li>\n<li><a title=\"Muslime-Liebhaber\" href=\"https:\/\/www.freiburg-schwarzwald.de\/blog\/global\/integration\/muslime\/muslime-liebhaber\/\">Muslime-Liebhaber<\/a><\/li>\n<li><a title=\"Patriarchat\" href=\"https:\/\/www.freiburg-schwarzwald.de\/blog\/religion\/islam\/patriarchat\/\">Patriarchat<\/a><\/li>\n<li><a title=\"Prostata\" href=\"https:\/\/www.freiburg-schwarzwald.de\/blog\/selbsthilfe\/krebs\/prostata\/\">Prostata &#8211; Selbsthilfegruppen<\/a><\/li>\n<li><a title=\"Postitution\" href=\"https:\/\/www.freiburg-schwarzwald.de\/blog\/business\/dienste\/postitution\/\">Prostitution<\/a><\/li>\n<li><a href=\"https:\/\/www.freiburg-schwarzwald.de\/blog\/selbsthilfe\/frauen\/gender\/trans\/selbstbestimmungsgesetz\/\">Selbstbestimmungsgesetz<\/a><\/li>\n<li><a href=\"https:\/\/www.freiburg-schwarzwald.de\/blog\/selbsthilfe\/frauen\/gender\/sexuell\/\">Sexuell<\/a><\/li>\n<li><a href=\"https:\/\/www.freiburg-schwarzwald.de\/blog\/selbsthilfe\/frauen\/gender\/trans\/\">Trans<\/a><\/li>\n<li><a href=\"https:\/\/www.freiburg-schwarzwald.de\/maenner#Links\">Links<\/a><\/li>\n<\/ul>\n<p>&nbsp;<\/p>\n<p><a href=\"https:\/\/www.freiburg-schwarzwald.de\/blog\/selbsthilfe\/maenner\/men1969-2019-easy-riders\/\" rel=\"attachment wp-att-74831\"><img loading=\"lazy\" decoding=\"async\" class=\"alignnone size-thumbnail wp-image-74831\" src=\"https:\/\/www.freiburg-schwarzwald.de\/blog\/wp-content\/uploads\/2012\/11\/men1969-2019-easy-Riders-126x180.jpg\" alt=\"men1969-2019-easy-Riders\" width=\"126\" height=\"180\" srcset=\"https:\/\/www.freiburg-schwarzwald.de\/blog\/wp-content\/uploads\/2012\/11\/men1969-2019-easy-Riders-126x180.jpg 126w, https:\/\/www.freiburg-schwarzwald.de\/blog\/wp-content\/uploads\/2012\/11\/men1969-2019-easy-Riders-450x640.jpg 450w, https:\/\/www.freiburg-schwarzwald.de\/blog\/wp-content\/uploads\/2012\/11\/men1969-2019-easy-Riders.jpg 563w\" sizes=\"auto, (max-width: 126px) 100vw, 126px\" \/><\/a>\u00a0 \u00a0<strong>&#8222;Alte wei\u00dfe M\u00e4nner&#8220; als Easy-Rider 1969\u00a0 &#8211;\u00a0 \u00a0Junge M\u00e4nner heute 2019<\/strong><\/p>\n<p>&nbsp;<\/p>\n<p><strong>Ayaan Hirsi Ali: Polit-Differenzen von M\u00e4nnern und Frauen<\/strong><br \/>\nAyaan Hirsi Ali hat sich in einem Beitrag f\u00fcr die Neue Z\u00fcrcher Zeitung (Online-Ausgabe vom 12. September) mit der Frage auseinandergesetzt, warum die politischen Auffassungen junger M\u00e4nner und junger Frauen immer st\u00e4rker voneinander abweichen. Ihren Deutungen kann man vielfach zustimmen. Hier sei nur auf eine hingewiesen: \u201eEs ist wahrscheinlich, da\u00df die Feminisierung des Universit\u00e4tssystems und ihre politische Wirkung auf die Studierenden nun in einer R\u00fcckkoppelungsschleife stehen. Es ist nicht nur so, da\u00df die Universit\u00e4t junge Frauen linker macht, sondern die Frauen selber machen die Universit\u00e4ten progressiver, da ihr Anteil an den Lehrkr\u00e4ften, Mitarbeitern und Studenten stetig w\u00e4chst. Gem\u00e4\u00df Umfragedaten setzen M\u00e4nner auf dem Campus eher freie Meinungs\u00e4u\u00dferung, Wissenserwerb oder Grundlagentexte als Priorit\u00e4ten in der Hochschulbildung, w\u00e4hrend Frauen im Durchschnitt eher auf Inklusion, emotionale Sicherheit, Vielfalt und soziale Gerechtigkeit Wert legen. Das erkl\u00e4rt, wieso das in den letzten Jahrzehnten entstandene Universit\u00e4tssystem in seiner institutionellen Kultur und seinen Priorit\u00e4ten linker ist als das einst m\u00e4nnlich dominierte System.\u201c Interessant w\u00e4re, ob mit dieser Verweiblichung der Universit\u00e4ten und der Fixierung auf sachfremde Aspekte \u2013 \u201eInklusion, emotionale Sicherheit, Vielfalt und soziale Gerechtigkeit\u201c \u2013 auch der Niveauverlust der akademischen Bildung zu erkl\u00e4ren ist.<br \/>\n&#8230; Alles vom 18.10.2024 vom Karlheinz Wei\u00dfmann bitte lesen in der JF 43\/24, Seite 15<br \/>\n<a href=\"https:\/\/www.junge-freiheit.de\">https:\/\/www.junge-freiheit.de<\/a><\/p>\n<p>&nbsp;<\/p>\n<p><strong>Domestiziertes Weichei versus muslimischer Macho<\/strong><br \/>\nEs ist die Ambivalenz des jungen deutschen Mannes, der oft in Abgrenzung zum temperamentvollen <a title=\"Patriarchat\" href=\"https:\/\/www.freiburg-schwarzwald.de\/blog\/religion\/islam\/patriarchat\/\">muslimischen Macho<\/a> zugleich domestiziertes Weichei und schroffer Rationalist ist, der keine Sehns\u00fcchte mehr zu wecken imstande ist. Niemand findet den Funktionsjacken-Tr\u00e4ger sexy, und keine Frau findet es sonderlich romantisch, immer wieder zu h\u00f6ren, dass die Liebe an zweiter Stelle nach der Karriere, der eigenen Selbstverwirklichung kommt. Dass man nicht bereit ist, auch nur den kleinsten Kompromiss f\u00fcr sie einzugehen.<br \/>\nMan hat sie satt, die jungen M\u00e4nner, die sich nicht binden wollen und k\u00f6nnen, selbst wenn ihre klaren Ansagen sehr viel ehrlicher sind, als das Geschwafel von Murat (<a title=\"Kandel-Bluttat27-12-2017\" href=\"https:\/\/www.freiburg-schwarzwald.de\/blog\/engagement\/zukunft\/demokratie\/kandel-bluttat27-12-2017\/\">15-j\u00e4hriger Messerstecher von Kandel<\/a>). Liebe ist insbesondere f\u00fcr Frauen auch immer ein bisschen Treibenlassen, Geheimnis und irrationale Leidenschaft und weniger der ehrliche, aber vorab gesteckte Rahmen \u00fcber die Art der geplanten Beziehung zueinander und auch kein Tauschgesch\u00e4ft, dessen Modalit\u00e4ten im Voraus abgesteckt werden.<br \/>\n. &#8230;. Alles von Anabel Schunke vom 1.1.2018 bitte lesen auf<br \/>\n<a href=\"https:\/\/www.achgut.com\/artikel\/malte_murat_und_die_liebe_wie_in_hollywood\">https:\/\/www.achgut.com\/artikel\/malte_murat_und_die_liebe_wie_in_hollywood<\/a><br \/>\n.<br \/>\n<strong>Junge Frauen d\u00fcrfen nicht gewarnt werden<\/strong><br \/>\nFrau Schunke, den Philologenverband haben Sie in dieser Frage nicht hinter sich. Wir erinnern uns: Der Philologenverband in Sachsen-Anhalt (in Person von Dr. Mannke) wollte schon 2015 junge M\u00e4dchen durch Warnung und Aufkl\u00e4rung sch\u00fctzen.<br \/>\n\u201cJunge, kr\u00e4ftige, meist muslimische M\u00e4nner\u201d k\u00e4men ohne ihre Familie oder Frauen und \u201csicher nicht immer mit den ehrlichsten Absichten\u201d nach Deutschland. Weil Frauen in muslimischen L\u00e4ndern \u201cnicht gleichberechtigt angesehen und oft nicht gerade w\u00fcrdevoll behandelt\u201d w\u00fcrden, m\u00fcsse man sich nun um die deutschen M\u00e4dchen sorgen. Immer wieder k\u00e4me es zu sexuellen Bel\u00e4stigungen in \u00f6ffentlichen Verkehrsmitteln und in Superm\u00e4rkten. Mitglieder des Philologenverbandes sollten \u201cunsere jungen M\u00e4dchen im Alter ab 12 Jahren so aufkl\u00e4ren, dass sie sich nicht auf ein oberfl\u00e4chliches sexuelles Abenteuer mit sicher oft attraktiven muslimischen M\u00e4nnern einlassen\u201d.<br \/>\n.<br \/>\nDas \u00f6ffentliche Echo: Der Bundesvorsitzende des Philologenverbands, Heinz-Peter Meidinger: \u201cNicht berechtigt und nicht akzeptabel\u201d \u2013 \u201cAufgreifen von unbest\u00e4tigten Ger\u00fcchten\u201d \u2013 \u201cin der schon jetzt aufgeheizten Situation mit Sicherheit nicht der richtige Weg\u201d Sachsen-Anhalts Kultusminister Stephan Dorgerloh (SPD) warf Mannke vor, er w\u00fcrde \u201cGer\u00fcchte verst\u00e4rken\u201d \u2013 \u201cHalbwahrheiten verbreiten\u201d. Landes-Fraktionschefin der Gr\u00fcnen, Claudia Dalbert: \u201cDas ist inhaltlich auf einem unterirdischen Niveau, das bedient Vorurteile und den rechten Rand\u201d Linken-Landeschefin Birke Bull: \u201cHetze!\u201d Entsetzen allenthalben, R\u00fccktritt von Dr. J\u00fcrgen Mannke.<br \/>\nDas private Echo: Von 3 100 Zuschriften aus ganz Deutschland waren nur 270 wirklich gegen Dr. Mannke gerichtet. Dr. Mannke schildert den Fall aus seiner Sicht 2017 in dem Buch \u201cIm Land der verschwiegenen Wahrheiten &#8211; Auf dem Schafott der politischen Meinungsbildung\u201d<br \/>\n2.1.2017, T.Mannewitz, AO<\/p>\n<p>&nbsp;<\/p>\n<p>&nbsp;<\/p>\n<p><strong>Merkels demografischer M\u00e4nnerbauch &#8211; Migration der M\u00e4nner<\/strong><br \/>\nDie \u00fcberwiegend m\u00e4nnlichen Fl\u00fcchtlinge 2015 bl\u00e4hen die Bev\u00f6lkerungsstatistik dysharmonisch auf. <a title=\"Migration-Maenner\" href=\"https:\/\/www.freiburg-schwarzwald.de\/blog\/global\/migration\/migration-maenner\/\">Eine Million junge M\u00e4nner<\/a> ohne die dazu geh\u00f6rigen Frauen sind jetzt schon ein qu\u00e4lender sexueller Notstand gesellschaftlicher und wahrhaft staatsgef\u00e4hrdender Dimension. Die sexuelle Ignoranz Merkels und ihrer Mittuenden zeigt das Ausma\u00df ihrer Verantwortungslosigkeit. &#8230;.<br \/>\nEine Million junge M\u00e4nner, ohne die dazu geh\u00f6rigen Frauen, und demn\u00e4chst zwei, drei oder zehn Millionen junge M\u00e4nner, sind jetzt schon ein qu\u00e4lender sexueller Notstand gesellschaftlicher und wahrhaft staatsgef\u00e4hrdender Dimension. In Deutschland. Diese Ansammlung von M\u00e4nnern, die ihre Frauen (und Kinder) in den sicheren Fl\u00fcchtlingslagern, die sie verlassen haben, zur\u00fccklie\u00dfen, sind ein staatsbedrohender sexueller Notstand und dies nicht, weil die M\u00e4nner dieserhalb zu schelten w\u00e4ren, sondern weil die Natur so ist, wie sie ist. Ganz entgegen der Gender-Idiotie ist es offenkundig ein geschlechtsspezifisches Verhalten, dass es die M\u00e4nner sind, die hierher kommen und dass die eher defensiv eingestellten Frauen, die in den gleichen Fl\u00fcchtlingslagern in den Nachbarstaaten, zum Beispiel Syriens leben, den Weg hierher nicht suchen. &#8230;.<br \/>\nWer eine Million junge m\u00e4nnliche Fl\u00fcchtlinge nach Europa importiert, und damit das sexuelle Gleichgewicht der Demographie zerst\u00f6rt, muss auch eine Million Frauen f\u00fcr diese M\u00e4nner importieren. Alles andere w\u00e4re unmenschlich. Das macht dann in der Tat zwei Millionen Fl\u00fcchtlinge plus Kinder. Plus Familien, plus plus plus. Das wissen Sie, Frau Merkel, vielleicht nicht. Aber eine Bundeskanzlerin muss etwas von diesem sexuellen Gleichgewicht wissen. &#8230;.<br \/>\nAlles vom 22.9.2015 bitte lesen auf<br \/>\n<a href=\"https:\/\/www.tichyseinblick.de\/kolumnen\/bettina-roehl-direkt\/geschlechterkrise-merkels-demographischer-maennerbauch\/\">https:\/\/www.tichyseinblick.de\/kolumnen\/bettina-roehl-direkt\/geschlechterkrise-merkels-demographischer-maennerbauch\/<\/a><\/p>\n<p>&nbsp;<\/p>\n<p><strong>M\u00e4nner sind das schwache Geschlecht<\/strong><\/p>\n<p>Bei Frauen setzen die Wechseljahre ein ab dem 40. Lebensjahr &#8211; in den Eierst\u00f6cken werden immer geringere Mengen \u00d6strogene und Gestagene gebildet.<br \/>\nAuch M\u00e4nner haben Wechseljahre: Ab ca 45 Jahren sinkt der Spiegel des m\u00e4nnlichen Hormons Testosteron kontinuierlich.<\/p>\n<p>Das vermeintlich starke Geschlecht ist das schwache:<br \/>\n&#8211; Durchschnittl. Lebenserwartung bei Frauen 82 Jahre und bei M\u00e4nnern nur 77 Jahre, also 5 Jahre Differenz.<br \/>\n&#8211; Der genetisch bedingte Unterschied betr\u00e4gt nur 1 Jahr &#8222;l\u00e4ngeres Leben der Frau&#8220;: Das ergaben wiss. Studien in<br \/>\nKl\u00f6stern, in denen M\u00e4nner wie Frauen genau den gleichen Lebenswandel bestritten.<br \/>\n&#8211; M\u00e4nner nehmen Pr\u00e4ventionstermine weit seltener wahr als Frauen.<br \/>\n&#8211; Arztbesuch pro Jahr bei Frauen 3,4 mal, bei M\u00e4nnern nur 2,5 mal.<\/p>\n<p>&nbsp;<\/p>\n<div><strong>Junge M\u00e4nner als Benachteiligte<br \/>\n<\/strong>Vor allem junge M\u00e4nner halten mit dem gesellschaftlichen Wandel nicht Schritt. Der Soziologe Walter Hollstein wirft in seinem Buch &#8222;Was vom Manne \u00fcbrig blieb&#8220; der Politik vor, sie habe &#8222;das angeblich so starke m\u00e4nnliche Geschlecht vergessen&#8220; und &#8222;\u00fcber Jahrzehnte hinweg nur Frauen und M\u00e4dchen gef\u00f6rdert&#8220;. Doch seine These, dass junge M\u00e4nner Hilfe brauchen, wird ignoriert bzw. schlicht bek\u00e4mpft &#8211; mit dem Hinweis auf die Probleme der sexuellen Gewalt gegen Frauen sowie des &#8222;Gender Pay Gap&#8220; (Geschlechterdifferenz beim Verdienst). Dabei sind die Zahlen deutlich:<br \/>\n&#8211; Psychische St\u00f6rungen liegen bei den Jungen 8mal h\u00e4ufiger vor als bei M\u00e4dchen<br \/>\n&#8211; 2\/3 aller Sonder- und F\u00f6rdersch\u00fcler sind m\u00e4nnlich<br \/>\n&#8211; Auf 100 m\u00e4nnliche Schulabbrecher kommen nur 88 M\u00e4dchen.<br \/>\n&#8211; 93% der wegen Mord, Mordversuch oder Totschlag Inhaftierten sind M\u00e4nner<br \/>\n&#8211; M\u00e4nner sterben 5 Jahre fr\u00fcher als Frauen<br \/>\n&#8211; Die Suizidrate ist bei M\u00e4nnern aller Altersklassen dreimal so hoch wie bei Frauen.<br \/>\n&#8211; 75% aller Obdachlosen sind M\u00e4nner. Und die Zunahme liegt bei \u00fcber 10% Jahr f\u00fcr Jahr.<br \/>\n&#8211; Zwei Drittel der wegen Alkoholmi\u00dfbrauch station\u00e4r behandelten Jugendlichen sind m\u00e4nnlich.<br \/>\n&#8211; An den Folgen von Alkohol sterben j\u00e4hrlich dreimal so viele M\u00e4nner wie Frauen.<br \/>\n&#8211; Amokl\u00e4ufe (das sind erweiterte Suizide) werden fast ausschlie\u00dflich von M\u00e4nnern ver\u00fcbt.<br \/>\n&#8211;\u00a0Strukturschwachen Gebiete der Ex-DDR haben einen M\u00e4nner\u00fcberschu\u00df von 25%. Die Frauen ziehen weg,<br \/>\ndie M\u00e4nner bleiben.<br \/>\n&#8211; Jungens verbringe 78 Minuten t\u00e4glich isoliert am PC bei Online-Spielen, M\u00e4dchen nur 33 Minuten.<br \/>\n&#8211; 37.8 % aller Sch\u00fclerinnen machen 2012 Abitur, gegen\u00fcber nur 29.4 % der Sch\u00fcler.<br \/>\n3.1.2014<br \/>\nLesen Sie mehr dazu auf: &#8222;Das geschw\u00e4chte Geschlecht&#8220;, DIE ZEIT, 2 vom 2.1.2014, Seite 11-13<\/div>\n<div><\/div>\n<p>&nbsp;<\/p>\n<p>&nbsp;<\/p>\n<p><strong>Durchschnittsmann und Durchschnittsfrau\u00a0&#8211; gewichtsm\u00e4\u00dfig<\/strong><\/p>\n<p><strong>Durchschnittsmann (Model):\u00a027 Jahre alt, 1,84 Meter gro\u00df, wiegt 110 Kilo, tr\u00e4gt mindestens Gr\u00f6\u00dfe XL<br \/>\n<\/strong>Wer den typischen deutschen Mann zeigen will, braucht kein Model in Kleidergr\u00f6\u00dfe M. Es braucht einen Kerl mit einem Brustumfang von 108 cm und 112-Zentimeter-H\u00fcften. Durchschnitt eben.<\/p>\n<p><strong>Durchschnittsfrau (Model):\u00a028 Jahre alt, 1,77 Meter gro\u00df, wiegt 85 Kilo, tr\u00e4gt Gr\u00f6\u00dfe 42\/44<br \/>\n<\/strong>Die deutsche Durchschnittsfrau &#8211; das haben die Macher der &#8222;Size Germany&#8220; Studie 2009 vermessen &#8211; ist weit entfernt von den als idealtypisch geltenden Ma\u00dfen 90-60-90. Stattdessen hat sie einen Brustumfang von 98,7 cm, einen Taillenumfang von 84,9 cm und 102,9 cm um die H\u00fcfte.<\/p>\n<p>&nbsp;<\/p>\n<p>&nbsp;<\/p>\n<p><strong>M\u00e4nner und Frauen<\/strong><\/p>\n<p><strong>Hotel Mama:<\/strong> Jeder dritte 25-J\u00e4hrige wohnte 2012 noch bei den Eltern. Bei den gleichaltrigen Frauen war es nur jede F\u00fcnfte. Von den 30-j\u00e4hrigen M\u00e4nnern lebten noch 13 Prozent unterm elterlichen Dach.<br \/>\n<strong>Verdienst:<\/strong> M\u00e4nner hatten 2012 einen durchschnittlichen Bruttostundenlohn von 19,60 Euro \u2013 Frauen verdienten 15,21 Euro.<br \/>\n<strong>Nachtarbeit:<\/strong> Nachtschichten betreffen h\u00e4ufiger M\u00e4nner. Fast jeder achte muss mindestens die H\u00e4lfte eines Monats zwischen 23 und 6 Uhr arbeiten. Bei Frauen sind es nur halb so viele.<br \/>\n<strong>Mode:<\/strong> Jeder vierte Mann achtet beim Kleiderkauf auf Status und Trend. Ebenso viele m\u00f6gen es eher preisg\u00fcnstig und bequem. 2011 gab ein Mann im Schnitt zwischen 252 und 312 Euro f\u00fcr Kleidung aus.<strong><br \/>\nAutounf\u00e4lle:<\/strong> Dreimal so viele M\u00e4nner wie Frauen sterben bei Autounf\u00e4llen. Junge M\u00e4nner zwischen 18 und 24 sind besonders gef\u00e4hrdet. Als Fu\u00dfg\u00e4nger hingegen verungl\u00fccken Frauen h\u00e4ufiger.<br \/>\n<strong>Vollzeitjob:<\/strong> Zehn Prozent der M\u00e4nner arbeiteten 2011 in Teilzeit \u2013 jeder vierte unfreiwillig. Nur jeder elfte tat dies aus famili\u00e4ren Gr\u00fcnden. Von den Frauen arbeiteten 45 Prozent in Teilzeit.<br \/>\n<strong>Rasur:<\/strong> Vier von zehn M\u00e4nnern rasieren sich ausschlie\u00dflich nass, drei von zehn nur trocken. 5,6 Prozent rasieren sich gar nicht.<br \/>\n<strong>Karriere:<\/strong> 2001 waren 73 Prozent der F\u00fchrungskr\u00e4fte M\u00e4nner. Neun Jahre sp\u00e4ter ist ihr Anteil um nur drei Prozentpunkte geschrumpft.<br \/>\n<strong>Lebenserwartung:<\/strong> M\u00e4nner starben 2012 im Durchschnitt mit 74,2 Jahren. Frauen lebten mehr als sieben Jahre l\u00e4nger.<\/p>\n<p>&nbsp;<\/p>\n<p><strong>Der Baden-W\u00fcrttembergische Mann ist viel zu dick<\/strong><\/p>\n<p>Das Statistische Landesamt\u00a0Baden-W\u00fcrttemberg hat zum &#8222;Tag des Mannes am 3.November&#8220; Interessantes zum S\u00fcdwest-Mann im Jahr 2011 ver\u00f6ffentlicht:<br \/>\nVon den insgesamt knapp 10,8 Millionen Menschen in Baden-W\u00fcrttemberg waren die\u00a05,3 Millionen die M\u00e4nner deutlich in der Unterzahl. Der Durchschnittsmann ist:<br \/>\n41,8 Jahre alt<br \/>\n82,3 Kilogramm\u00a0&#8211; also deutliches \u00dcbergewicht der M\u00e4nner &#8211; Frauen nur 67 kg<br \/>\n1,77 Meter gro\u00df &#8211; Frauen 1,65 m<\/p>\n<p>43 Prozent mit\u00a0Haupt- oder Volksschulabschluss\u00a0&#8211; 41 Prozent\u00a0 bei den Frauen<br \/>\n22 Prozent\u00a0mit Realschulabschluss &#8211;\u00a030 Prozent der Frauen<br \/>\n32 Prozent mit Hoch- und Fachhochschulreife l-\u00a025 Prozent bei den Frauen mit Abi.<\/p>\n<p>80 Prozent der M\u00e4nner zwischen 15 und 65 Jahren sind berufst\u00e4tig und mit\u00a040 Stunden pro Woche.<br \/>\nBei den Frauen sind nur 70 Prozent erwerbst\u00e4tig bei rund 30 Stunden pro Woche.<br \/>\n60 Prozent der\u00a0m\u00e4nnlichen Baden-W\u00fcrttemberger \u00fcber 20 Jahre k\u00f6nnen ihren Lebensunterhalt aus der Erwerbst\u00e4tigkeit bestreiten &#8211; gegen\u00fcber unter 50 Prozent bei den Frauen.<\/p>\n<p>Bei der\u00a0Lebenssituation\u00a0unterscheiden sich die Geschlechter kaum:<br \/>\nRund 44 Prozent der \u00dcber-18-J\u00e4hrigen leben in Familien \u2013 entweder als Elternteil oder als Kind bei den Eltern.<br \/>\n23 Prozent der M\u00e4nner und 25 Prozent der Frauen im S\u00fcdwesten sind Single.<br \/>\n33 Prozent leben in einer Ehe- oder Lebenspartnerschaft kinderlos.<\/p>\n<p>Statistisches Landesamt BW, 3.11.2012<\/p>\n<div><strong>M\u00e4nnertage unterscheiden<br \/>\n<\/strong>Der Weltm\u00e4nnertag am 3. November ist ein unter der Schirmherrschaft von Ex-Kremlchef Michail Gorbatschow im Jahr 2000 ausgerufener Aktionstag. Dabei steht die M\u00e4nnergesundheit im Vordergrund.<br \/>\nDer Internationale M\u00e4nnertag, der am 19. November begangen wird, hat eine andere Intention: \u00a0.<\/div>\n","protected":false},"excerpt":{"rendered":"<p>Home &gt;Selbsthilfegruppen &gt;Frauen\u00a0&gt;Maenner &nbsp; Listenauswahl eines Beitrags (Artikel\/Datum, Seite\/Inhalt):\u00a0Klicken\u00a0oder scrollen Unschuldsvermutung als Unterdr\u00fcckungsinstrument des Patriarchats: Digitale Gewalt\u00a0(27.3.2026) Selbstbestimmungsgesetz wozu?\u00a0(31.8.2025) Ayaan Hirsi Ali: Polit-Differenzen von M\u00e4nnern und Frauen (18.10.2024) Bundestag: Markus Tessa Ganserer Mann Frau Realit\u00e4t Ideologie (17.11.2023) Unsere jungen M\u00e4nner &hellip; <a href=\"https:\/\/www.freiburg-schwarzwald.de\/blog\/selbsthilfe\/maenner\/\">Weiterlesen <span class=\"meta-nav\">&rarr;<\/span><\/a><\/p>\n","protected":false},"author":4,"featured_media":0,"parent":6,"menu_order":0,"comment_status":"closed","ping_status":"closed","template":"","meta":{"footnotes":""},"class_list":["post-14386","page","type-page","status-publish","hentry"],"_links":{"self":[{"href":"https:\/\/www.freiburg-schwarzwald.de\/blog\/wp-json\/wp\/v2\/pages\/14386","targetHints":{"allow":["GET"]}}],"collection":[{"href":"https:\/\/www.freiburg-schwarzwald.de\/blog\/wp-json\/wp\/v2\/pages"}],"about":[{"href":"https:\/\/www.freiburg-schwarzwald.de\/blog\/wp-json\/wp\/v2\/types\/page"}],"author":[{"embeddable":true,"href":"https:\/\/www.freiburg-schwarzwald.de\/blog\/wp-json\/wp\/v2\/users\/4"}],"replies":[{"embeddable":true,"href":"https:\/\/www.freiburg-schwarzwald.de\/blog\/wp-json\/wp\/v2\/comments?post=14386"}],"version-history":[{"count":5,"href":"https:\/\/www.freiburg-schwarzwald.de\/blog\/wp-json\/wp\/v2\/pages\/14386\/revisions"}],"predecessor-version":[{"id":147271,"href":"https:\/\/www.freiburg-schwarzwald.de\/blog\/wp-json\/wp\/v2\/pages\/14386\/revisions\/147271"}],"up":[{"embeddable":true,"href":"https:\/\/www.freiburg-schwarzwald.de\/blog\/wp-json\/wp\/v2\/pages\/6"}],"wp:attachment":[{"href":"https:\/\/www.freiburg-schwarzwald.de\/blog\/wp-json\/wp\/v2\/media?parent=14386"}],"curies":[{"name":"wp","href":"https:\/\/api.w.org\/{rel}","templated":true}]}}