{"id":14333,"date":"2012-11-01T18:14:10","date_gmt":"2012-11-01T17:14:10","guid":{"rendered":"https:\/\/www.freiburg-schwarzwald.de\/blog\/?page_id=14333"},"modified":"2025-07-18T20:33:07","modified_gmt":"2025-07-18T18:33:07","slug":"todtnauerhuette","status":"publish","type":"page","link":"https:\/\/www.freiburg-schwarzwald.de\/blog\/tourismus\/gastro\/huetten\/todtnauerhuette\/","title":{"rendered":"Todtnauerhuette"},"content":{"rendered":"<p><a title=\"Orte\" href=\"https:\/\/www.freiburg-schwarzwald.de\/blog\/\">Home<\/a> &gt;<a title=\"Tourismus\" href=\"https:\/\/www.freiburg-schwarzwald.de\/blog\/tourismus\/\">Tourismus<\/a> &gt;<a title=\"Gastro\" href=\"https:\/\/www.freiburg-schwarzwald.de\/blog\/tourismus\/gastro\/\">Gastro<\/a> &gt;<a title=\"Huetten\" href=\"https:\/\/www.freiburg-schwarzwald.de\/blog\/tourismus\/gastro\/huetten\/\">Huetten<\/a> &gt;<a href=\"https:\/\/www.freiburg-schwarzwald.de\/blog\/regio\/orte\/feldberg\/\">Feldberg<\/a> &gt;Todtnauer H\u00fctte<\/p>\n<div id=\"attachment_14351\" style=\"width: 648px\" class=\"wp-caption alignnone\"><a href=\"https:\/\/www.freiburg-schwarzwald.de\/blog\/tourismus\/gastro\/huetten\/todtnauerhuette\/feldberg23pan121025\/\" rel=\"attachment wp-att-14351\"><img loading=\"lazy\" decoding=\"async\" aria-describedby=\"caption-attachment-14351\" class=\"size-full wp-image-14351\" title=\"feldberg23pan121025\" src=\"https:\/\/www.freiburg-schwarzwald.de\/blog\/wp-content\/uploads\/2012\/11\/feldberg23pan121025.jpg\" alt=\"\" width=\"638\" height=\"223\" srcset=\"https:\/\/www.freiburg-schwarzwald.de\/blog\/wp-content\/uploads\/2012\/11\/feldberg23pan121025.jpg 638w, https:\/\/www.freiburg-schwarzwald.de\/blog\/wp-content\/uploads\/2012\/11\/feldberg23pan121025-180x62.jpg 180w\" sizes=\"auto, (max-width: 638px) 100vw, 638px\" \/><\/a><p id=\"caption-attachment-14351\" class=\"wp-caption-text\">Blick vom Feldberggipfel nach S\u00fcden zur Todtnauer H\u00fctte (linls) und Belchen (rechts) am 25.10.2012<\/p><\/div>\n<ul>\n<li><em>Listenauswahl eines Beitrags (Artikel\/Datum, Seite\/Inhalt): <span style=\"text-decoration: underline;\">Klicken<\/span> oder scrollen<\/em><\/li>\n<li><a href=\"https:\/\/www.freiburg-schwarzwald.de\/blog\/wandern-und-biken-mit-einkehr\/\">Wandern und Biken mit Einkehr<\/a>\u00a0(23.4.2021)<\/li>\n<li><a href=\"https:\/\/www.freiburg-schwarzwald.de\/blog\/natur\/tiere\/vogel\/auerwild\/\">Feldberg-Ranger schockiert: Erschlagener Auerhahn soll gutm\u00fctig gewesen sein<\/a>\u00a0(12.8.2019)<\/li>\n<li><a href=\"https:\/\/www.freiburg-schwarzwald.de\/feldberg-steig.htm#Von der Todtnauer H\u00fctte zur St.Wilhelmer H\u00fctte\">Von der Todtnauer H\u00fctte zur St.Wilhelmer H\u00fctte<\/a> &gt;Feldberg-Steig<\/li>\n<li><a href=\"https:\/\/www.freiburg-schwarzwald.de\/huetten2.htm#Familienfreundliche H\u00fctten am Feldberg\">Familienfreundliche H\u00fctten am Feldberg<\/a> &gt;Huetten2 (29.10.2008)<\/li>\n<li><a href=\"https:\/\/www.freiburg-schwarzwald.de\/huetten2.htm#Wirt der Todtnauer H\u00fctte zieht Klage gegen Kritiker Abel zur\u00fcck\">Wirt der Todtnauer H\u00fctte zieht Klage gegen Kritiker Abel zur\u00fcck<\/a> &gt;Huetten2 (9.11.2007)<\/li>\n<li><a href=\"https:\/\/www.freiburg-schwarzwald.de\/huetten2.htm#Schwarzw\u00e4lder Gastwirt prozessiert gegen Buchautor und Restaurantkritiker\">Schwarzw\u00e4lder Gastwirt prozessiert gegen Buchautor und Restaurantkritiker<\/a> &gt;Huetten2 (20.6.)<\/li>\n<li><a href=\"https:\/\/www.freiburg-schwarzwald.de\/huetten2.htm#Laurentiusfest am 10.8. auf den Feldberger H\u00fctten\">Laurentiusfest am 10.8. auf den Feldberger H\u00fctten<\/a> &gt;Huetten2 (9.8.2006)<\/li>\n<li><a href=\"https:\/\/www.freiburg-schwarzwald.de\/huetten1.htm#Todtnauer H\u00fctte nach Abri\u00df des alten H\u00fcttenteils\">Todtnauer H\u00fctte nach Abri\u00df des alten H\u00fcttenteils<\/a> (7.11.)<\/li>\n<li><a href=\"https:\/\/www.freiburg-schwarzwald.de\/wandern2.htm#H\u00f6henwanderung vom Feldberg \u00fcber Notschrei zum Schauinsland\">H\u00f6henwanderung vom Feldberg \u00fcber Notschrei zum Schauinsland<\/a> (30.8.2003)<\/li>\n<li><strong><a href=\"https:\/\/www.freiburg-schwarzwald.de\/feldberg-huetten.htm#Todtnauer%20H%C3%BCtte%20am%20S%C3%BCdhang%20Feldberg\">https:\/\/www.freiburg-schwarzwald.de\/feldberg-huetten.htm#Todtnauer%20H%C3%BCtte%20am%20S%C3%BCdhang%20Feldberg<\/a> &gt;Archivseite<\/strong><\/li>\n<\/ul>\n<p>&nbsp;<\/p>\n<p align=\"left\"><strong>Todtnauer-H\u00fctte<\/strong><br \/>\nGer\u00e4umige H\u00fctte mit Restaurant in wundersch\u00f6ner Lage am S\u00fcdhang des Feldbergmassivs &#8211; zwischen Feldberger Hof und Wilhelmer H\u00fctte. Pkw-Zufahrt \u00fcber die Strasse Feldberg-Todtnau (Abzweig zwischen Fahl und Feldbergpassh\u00f6he) m\u00f6glich.<\/p>\n<p align=\"left\">Seit 2020 betreibt die Schwarzwaldh\u00fctten UG (Olaf, Maximilian und Thomas Drubba sowie Franjo Roso) die Todtnauer H\u00fctte.<\/p>\n<p>Tel 07676\/373, JuniorChef Conny Gr\u00f6bler<br \/>\n<a href=\"https:\/\/www.todtnauer-huette.de\/\">www.todtnauer-huette.de<\/a><br \/>\n<a href=\"mailto:todtnauer@die-schwarzwaldhuetten.de\">todtnauer@die-schwarzwaldhuetten.de<\/a><\/p>\n<h5 align=\"left\"><a href=\"https:\/\/www.freiburg-schwarzwald.de\/blog\/regio\/berge\/feldberg-gipfel\/feldberg24todtnauerhuette121025\/\" rel=\"attachment wp-att-14313\"><img loading=\"lazy\" decoding=\"async\" class=\"alignnone size-thumbnail wp-image-14313\" title=\"feldberg24todtnauerhuette121025\" src=\"https:\/\/www.freiburg-schwarzwald.de\/blog\/wp-content\/uploads\/2012\/11\/feldberg24todtnauerhuette121025-180x135.jpg\" alt=\"\" width=\"180\" height=\"135\" srcset=\"https:\/\/www.freiburg-schwarzwald.de\/blog\/wp-content\/uploads\/2012\/11\/feldberg24todtnauerhuette121025-180x135.jpg 180w, https:\/\/www.freiburg-schwarzwald.de\/blog\/wp-content\/uploads\/2012\/11\/feldberg24todtnauerhuette121025.jpg 640w\" sizes=\"auto, (max-width: 180px) 100vw, 180px\" \/><\/a>\u00a0\u00a0\u00a0\u00a0\u00a0\u00a0\u00a0\u00a0\u00a0 <a href=\"https:\/\/www.freiburg-schwarzwald.de\/blog\/tourismus\/gastro\/huetten\/todtnauerhuette\/feldberg25todtnauerhuette121025\/\" rel=\"attachment wp-att-14336\"><img loading=\"lazy\" decoding=\"async\" class=\"alignnone size-thumbnail wp-image-14336\" title=\"feldberg25todtnauerhuette121025\" src=\"https:\/\/www.freiburg-schwarzwald.de\/blog\/wp-content\/uploads\/2012\/11\/feldberg25todtnauerhuette121025-180x135.jpg\" alt=\"\" width=\"180\" height=\"135\" srcset=\"https:\/\/www.freiburg-schwarzwald.de\/blog\/wp-content\/uploads\/2012\/11\/feldberg25todtnauerhuette121025-180x135.jpg 180w, https:\/\/www.freiburg-schwarzwald.de\/blog\/wp-content\/uploads\/2012\/11\/feldberg25todtnauerhuette121025.jpg 640w\" sizes=\"auto, (max-width: 180px) 100vw, 180px\" \/><\/a><br \/>\nBlick nach S\u00fcden am 25.10.12\u00a0\u00a0\u00a0\u00a0\u00a0\u00a0\u00a0\u00a0\u00a0\u00a0\u00a0 Abzweig an Strasse Fahl-Feldbergpasshoehe<\/h5>\n","protected":false},"excerpt":{"rendered":"<p>Home &gt;Tourismus &gt;Gastro &gt;Huetten &gt;Feldberg &gt;Todtnauer H\u00fctte Listenauswahl eines Beitrags (Artikel\/Datum, Seite\/Inhalt): Klicken oder scrollen Wandern und Biken mit Einkehr\u00a0(23.4.2021) Feldberg-Ranger schockiert: Erschlagener Auerhahn soll gutm\u00fctig gewesen sein\u00a0(12.8.2019) Von der Todtnauer H\u00fctte zur St.Wilhelmer H\u00fctte &gt;Feldberg-Steig Familienfreundliche H\u00fctten am Feldberg &hellip; <a href=\"https:\/\/www.freiburg-schwarzwald.de\/blog\/tourismus\/gastro\/huetten\/todtnauerhuette\/\">Weiterlesen <span class=\"meta-nav\">&rarr;<\/span><\/a><\/p>\n","protected":false},"author":4,"featured_media":0,"parent":3817,"menu_order":0,"comment_status":"open","ping_status":"closed","template":"","meta":{"footnotes":""},"class_list":["post-14333","page","type-page","status-publish","hentry"],"_links":{"self":[{"href":"https:\/\/www.freiburg-schwarzwald.de\/blog\/wp-json\/wp\/v2\/pages\/14333","targetHints":{"allow":["GET"]}}],"collection":[{"href":"https:\/\/www.freiburg-schwarzwald.de\/blog\/wp-json\/wp\/v2\/pages"}],"about":[{"href":"https:\/\/www.freiburg-schwarzwald.de\/blog\/wp-json\/wp\/v2\/types\/page"}],"author":[{"embeddable":true,"href":"https:\/\/www.freiburg-schwarzwald.de\/blog\/wp-json\/wp\/v2\/users\/4"}],"replies":[{"embeddable":true,"href":"https:\/\/www.freiburg-schwarzwald.de\/blog\/wp-json\/wp\/v2\/comments?post=14333"}],"version-history":[{"count":5,"href":"https:\/\/www.freiburg-schwarzwald.de\/blog\/wp-json\/wp\/v2\/pages\/14333\/revisions"}],"predecessor-version":[{"id":136495,"href":"https:\/\/www.freiburg-schwarzwald.de\/blog\/wp-json\/wp\/v2\/pages\/14333\/revisions\/136495"}],"up":[{"embeddable":true,"href":"https:\/\/www.freiburg-schwarzwald.de\/blog\/wp-json\/wp\/v2\/pages\/3817"}],"wp:attachment":[{"href":"https:\/\/www.freiburg-schwarzwald.de\/blog\/wp-json\/wp\/v2\/media?parent=14333"}],"curies":[{"name":"wp","href":"https:\/\/api.w.org\/{rel}","templated":true}]}}