{"id":142948,"date":"2025-12-15T13:39:41","date_gmt":"2025-12-15T12:39:41","guid":{"rendered":"https:\/\/www.freiburg-schwarzwald.de\/blog\/?page_id=142948"},"modified":"2025-12-18T09:35:22","modified_gmt":"2025-12-18T08:35:22","slug":"sydney-chanukka2025dez14","status":"publish","type":"page","link":"https:\/\/www.freiburg-schwarzwald.de\/blog\/religion\/islam\/islam-terror\/sydney-chanukka2025dez14\/","title":{"rendered":"Sydney-Chanukka2025Dez14"},"content":{"rendered":"<p><a href=\"https:\/\/freiburg-schwarzwald.de\/blog\">Home<\/a>\u00a0&gt;<a title=\"Religion\" href=\"https:\/\/www.freiburg-schwarzwald.de\/blog\/religion\/\">Religion<\/a>\u00a0&gt;<a title=\"Islam\" href=\"https:\/\/www.freiburg-schwarzwald.de\/blog\/religion\/islam\/\">Islam<\/a> &gt;<a href=\"https:\/\/www.freiburg-schwarzwald.de\/blog\/religion\/islam\/terror\/\">Terror<\/a> &gt;Sydney-Chanukka2025Dec14<\/p>\n<div id=\"attachment_141245\" style=\"width: 650px\" class=\"wp-caption alignnone\"><a href=\"https:\/\/www.freiburg-schwarzwald.de\/blog\/wp-content\/uploads\/2025\/11\/esskastanie-herbst-pan251031.jpg\"><img loading=\"lazy\" decoding=\"async\" aria-describedby=\"caption-attachment-141245\" class=\"size-full wp-image-141245\" src=\"https:\/\/www.freiburg-schwarzwald.de\/blog\/wp-content\/uploads\/2025\/11\/esskastanie-herbst-pan251031.jpg\" alt=\"\" width=\"640\" height=\"372\" srcset=\"https:\/\/www.freiburg-schwarzwald.de\/blog\/wp-content\/uploads\/2025\/11\/esskastanie-herbst-pan251031.jpg 640w, https:\/\/www.freiburg-schwarzwald.de\/blog\/wp-content\/uploads\/2025\/11\/esskastanie-herbst-pan251031-180x105.jpg 180w\" sizes=\"auto, (max-width: 640px) 100vw, 640px\" \/><\/a><p id=\"caption-attachment-141245\" class=\"wp-caption-text\">Herbstabend am 31.10.2025: Der Esskastanienbaum hat kaum noch Bl\u00e4tter<\/p><\/div>\n<ul>\n<li><em>Listenauswahl eines Beitrags (Artikel\/Datum, Seite\/Inhalt): <span style=\"text-decoration: underline;\">Klicken<\/span> oder scrollen\u00a0<\/em><\/li>\n<li><a href=\"https:\/\/www.freiburg-schwarzwald.de\/blog\/sydney-oerr-charlie-kirk\/\">Sydney \u2013 \u00d6RR \u2013 Charlie Kirk<\/a>\u00a0(17.12.2025)<\/li>\n<li>\u201eGesetz Allahs ist wichtiger als alles andere\u201c: Naveed Akram trat bereits mit 17 Jahren als Islamist in Erscheinung (16.12.2025)<\/li>\n<li><a href=\"https:\/\/www.freiburg-schwarzwald.de\/blog\/religion\/juden\/juden-in-freiburg\/\">Nach Sydney: J\u00fcdische Gemeinden in Freiburg halten an ihren Chanukkafeiern fest<\/a> (16.12.2025)<\/li>\n<li>Von Sydney bis Dingolfing: Niemand ist sicher (16.12.2025)<\/li>\n<li>Nach Anschlag in Sydney: Muslime morden, und deutsche Politiker verschleiern (15.12.2025)<\/li>\n<li>Keiner wei\u00df, was in deutschen Moscheen passiert\u201c \u2013 Prof. Dr. Susanne Schr\u00f6ter im Apollo News-Gespr\u00e4ch (15.12.2025)<\/li>\n<li>Islamistischer Anschlag in Sydney: Emp\u00f6rung \u00fcber lachenden ZDF-Moderator (15.12.2025)<\/li>\n<li><a href=\"https:\/\/www.freiburg-schwarzwald.de\/blog\/australien-chanukka-is-terror\/\">Australien Chanukka: IS-Terror<\/a>\u00a0(14.12.2025)<\/li>\n<\/ul>\n<ul>\n<li><a href=\"https:\/\/www.freiburg-schwarzwald.de\/blog\/global\/niederlande\/amsterdam\/\">Amsterdam \u2013 Muslime<\/a><\/li>\n<li><a title=\"Bahnsteig\" href=\"https:\/\/www.freiburg-schwarzwald.de\/blog\/global\/deutschland\/bahnsteig\/\">Bahnsteig \u2013 Morde \u2013 Sicherheit<\/a><\/li>\n<li><a title=\"Berlin19dez2016\" href=\"https:\/\/www.freiburg-schwarzwald.de\/blog\/engagement\/zukunft\/demokratie\/berlin19dez2016\/\">Berlin19dez2016<\/a><\/li>\n<li><a title=\"Bruessel22-3-2016\" href=\"https:\/\/www.freiburg-schwarzwald.de\/blog\/engagement\/zukunft\/demokratie\/bruessel22-3-2016\/\">Bruessel22-3-2016<\/a><\/li>\n<li><a href=\"https:\/\/www.freiburg-schwarzwald.de\/blog\/global\/france\/enthauptung\/\">Enthauptung<\/a><\/li>\n<li><a href=\"https:\/\/www.freiburg-schwarzwald.de\/blog\/engagement\/zukunft\/demokratie\/extremismus\/\">Extremismus<\/a><\/li>\n<li><a href=\"https:\/\/www.freiburg-schwarzwald.de\/blog\/global\/france\/frankreich-islam\/\">Frankreich-Islam<\/a><\/li>\n<li><a title=\"Genitalverstuemmelung\" href=\"https:\/\/www.freiburg-schwarzwald.de\/blog\/selbsthilfe\/frauen\/genitalverstuemmelung\/\">Genitalverst\u00fcmmelung \u2013 der gr\u00f6\u00dfte B\u00fcrgerkrieg aller Zeiten (Nehberg)<\/a><\/li>\n<li><a title=\"Halle09Okt2019\" href=\"https:\/\/www.freiburg-schwarzwald.de\/blog\/engagement\/zukunft\/demokratie\/halle09okt2019\/\">Halle09Okt2019<\/a><\/li>\n<li><a title=\"IS\" href=\"https:\/\/www.freiburg-schwarzwald.de\/blog\/religion\/islam\/is\/\">IS<\/a><\/li>\n<li><a title=\"Islam\" href=\"https:\/\/www.freiburg-schwarzwald.de\/blog\/religion\/islam\/\">Islam<\/a><\/li>\n<li><a href=\"https:\/\/www.freiburg-schwarzwald.de\/blog\/religion\/islam\/islamismus\/\">Islamismus<\/a><\/li>\n<li><a title=\"Islam-Antisemitismus\" href=\"https:\/\/www.freiburg-schwarzwald.de\/blog\/religion\/islam\/islam-antisemitismus\/\">Islam-Antisemitismus<\/a><\/li>\n<li><a href=\"https:\/\/www.freiburg-schwarzwald.de\/blog\/religion\/islam\/islam-terror\/\">Islam-Terror<\/a><\/li>\n<li><a href=\"https:\/\/www.freiburg-schwarzwald.de\/blog\/religion\/islam\/knife-jihad\/\">Knife-Jihad<\/a><\/li>\n<li><a title=\"Koran\" href=\"https:\/\/www.freiburg-schwarzwald.de\/blog\/religion\/islam\/koran\/\">Koran<\/a><\/li>\n<li><a title=\"Linksterror\" href=\"https:\/\/www.freiburg-schwarzwald.de\/blog\/business\/dienste\/immobilien\/linksterror\/\">Linksterror<\/a><\/li>\n<li><a href=\"https:\/\/www.freiburg-schwarzwald.de\/blog\/global\/migration\/mannheim-messermord31mai2024\/\">Mannheim-Messermord31Mai2024<\/a><\/li>\n<li><a title=\"Migration-jung\" href=\"https:\/\/www.freiburg-schwarzwald.de\/blog\/global\/migration\/migration-jung\/\">Migration-jung \u2013 Bindungslos-vagabundierende Migration<\/a><\/li>\n<li><a href=\"https:\/\/www.freiburg-schwarzwald.de\/blog\/global\/france\/nizza29-10-2020\/\">Nizza29-10-2020<\/a><\/li>\n<li><a href=\"https:\/\/www.freiburg-schwarzwald.de\/blog\/global\/integration\/fluechtlinge-kriminalitaet\/opfer\/\">Opfer \u2013 zweierlei<\/a><\/li>\n<li><a title=\"Paris13nov2015\" href=\"https:\/\/www.freiburg-schwarzwald.de\/blog\/engagement\/zukunft\/demokratie\/paris13nov2015\/\">Paris13nov2015<\/a><\/li>\n<li><a href=\"https:\/\/www.freiburg-schwarzwald.de\/blog\/global\/migration\/radikal\/\">radikal<\/a><\/li>\n<li><a title=\"Religionskrieg\" href=\"https:\/\/www.freiburg-schwarzwald.de\/blog\/religion\/religionskrieg\/\">Religionskrieg<\/a><\/li>\n<li><a title=\"Rouen26July2016\" href=\"https:\/\/www.freiburg-schwarzwald.de\/blog\/engagement\/zukunft\/demokratie\/rouen26july2016\/\">Rouen26July2016<\/a><\/li>\n<li><a href=\"https:\/\/www.freiburg-schwarzwald.de\/blog\/bildung\/schulen\/schulen-gewalt\/\">Schulen-Gewalt<\/a><\/li>\n<\/ul>\n<p><strong>&#8222;Islamistischer Terror&#8220; (Polizei Sydney)<\/strong><br \/>\nDie australischen Medien benennen die Gefahr f\u00fcr antisemitischen Terror: Islamismus, IS, Islam, Pakistan, Syrien&#8230; Die deutschen Medien hingegen verschweigen sie.<br \/>\nDabei ist die Gefahr f\u00fcr islamistischen Terror in Deutschland &#8211; schon von den Zahlen her &#8211; wesentlich gr\u00f6\u00dfer als in Australien.<br \/>\n============================================================<\/p>\n<p>&nbsp;<\/p>\n<p><strong>\u201eGesetz Allahs ist wichtiger als alles andere\u201c: Naveed Akram trat bereits mit 17 Jahren als Islamist in Erscheinung<\/strong><br \/>\nErmittlungen zeigen, dass sich der Sch\u00fctze vom Bondi Beach, Naveed Akram, \u00fcber Jahre radikalisieren konnte, trotz zeitweiser \u00dcberwachung durch australische Beh\u00f6rden, und bereits als Minderj\u00e4hriger \u00f6ffentlich islamistisch auftrat. \u201eDas Gesetz Allahs ist wichtiger als alles andere\u201c, predigte er schon 2019.<br \/>\n&#8230; \u00dcber Jahre hinweg konnten sich Naveed Akram und sein Vater Sajid Akram radikalisieren, zeitweise wurde Naveed bereits von den australischen Beh\u00f6rden \u00fcberwacht, doch offensichtlich nicht gut genug.<br \/>\n&#8230;<br \/>\nDie Ermittlungen zeigen inzwischen, dass Naveed Akram bereits als Minderj\u00e4hriger \u00f6ffentlich islamistisch auftrat. Schon mit 17 Jahren predigte er auf den Stra\u00dfen von West-Sydney. Der Sender ABC ver\u00f6ffentlichte Videoaufnahmen aus dem Jahr 2019, in denen Akram Passanten anspricht und erkl\u00e4rt: \u201eDas Gesetz Allahs ist wichtiger als alles andere, was man zu tun hat \u2013 Arbeit, Schule \u2026 ich kann es nicht genug betonen.\u201c In weiteren Aufnahmen ruft er dazu auf, den Glauben zu verbreiten, und verspricht religi\u00f6se Erl\u00f6sung.<br \/>\n&#8230; Alles vom 16.12.2025 bitte lesen auf<br \/>\n<a href=\"https:\/\/apollo-news.net\/gesetz-allahs-ist-wichtiger-als-alles-andere-naveed-akram-trat-bereits-mit-17-jahren-als-islamist-in-erscheinung\/\">https:\/\/apollo-news.net\/gesetz-allahs-ist-wichtiger-als-alles-andere-naveed-akram-trat-bereits-mit-17-jahren-als-islamist-in-erscheinung\/<\/a><br \/>\n.<\/p>\n<p><strong>Von Sydney bis Dingolfing: Niemand ist sicher<\/strong><br \/>\n<strong>Die verlogenen Beileidsbekundungen der Politiker<\/strong><br \/>\nDas Muster ist offensichtlich: F\u00fcnf M\u00e4nner \u2013 ein \u00c4gypter, drei Marokkaner, ein Syrer \u2013 und eine Moschee als ideologischer Resonanzraum. Die Botschaft ist unmissverst\u00e4ndlich und kalkuliert: Niemand ist sicher, nirgendwo.<br \/>\nMan verliert inzwischen tats\u00e4chlich die \u00dcbersicht. Der vereitelte Anschlag auf einen Weihnachtsmarkt im niederbayerischen Dingolfing ist nicht \u201eder erste\u201c, nicht \u201eder zweite\u201c \u2013 und ehrlicherweise wei\u00df kaum noch jemand, der wievielte es eigentlich ist. Und genau das ist das Beunruhigende.<br \/>\n&#8230;<br \/>\nDie Attent\u00e4ter in Sydney stammen aus demselben T\u00e4terkreis, wie die mutma\u00dfliche Terrorzelle aus Bayern: Es sind radikale Muslime, die Ungl\u00e4ubige ermorden wollen und nach ihren Vorschriften auch sollen \u2013 Juden ebenso wie Christen. Herkunftsland und Tatort wechseln, das Motiv bleibt identisch.<br \/>\nDie schw\u00fclstigen und verlogenen Beileidsbekundungen s\u00e4mtlicher Politiker sind deshalb substanzlos und ohne echten Willen, das Problem beim Namen zu nennen.<br \/>\n&#8230; Alles vom 16.12.2025 bitte lesen auf<br \/>\n<a href=\"https:\/\/philosophia-perennis.com\/2025\/12\/16\/von-sydney-bis-dingolfing-niemand-ist-sicher\/\">https:\/\/philosophia-perennis.com\/2025\/12\/16\/von-sydney-bis-dingolfing-niemand-ist-sicher\/<\/a><\/p>\n<p>&nbsp;<\/p>\n<p>\u201e<strong>Keiner wei\u00df, was in deutschen Moscheen passiert\u201c \u2013 Prof. Dr. Susanne Schr\u00f6ter im Apollo News-Gespr\u00e4ch<\/strong><br \/>\nBei einem islamistischen Anschlag auf Juden in Sydney sterben mindestens 16 Menschen, viele weitere werden verletzt. In Dingolfing kann ein Anschlag nur durch den Hinweis eines ausl\u00e4ndischen Geheimdienst verhindert werden. Die Islamismusexpertin <a href=\"https:\/\/www.freiburg-schwarzwald.de\/blog\/bildung\/hochschulen\/hochschulen-links\/\">Prof. Dr. Susanne Schr\u00f6ter<\/a> mahnt im Gespr\u00e4ch mit Apollo, dass man das Problem des Islamismus nicht weiter ignorieren d\u00fcrfe, wenn man weitere Anschl\u00e4ge verhindern will.<br \/>\n\u201eIslamismus und Migration gehen Hand in Hand&#8220; \u2013 Susanne Schr\u00f6ter im Interview<br \/>\n<a href=\"https:\/\/www.youtube.com\/watch?v=7i7DN-Ss78E&lt;\">https:\/\/www.youtube.com\/watch?v=7i7DN-Ss78E&lt;<\/a><br \/>\n&#8222;Reflexartiges Abwehren: Es hat alles nicht mit dem Islam zu tun&#8220;<br \/>\n&#8230;. Alles vom 15.12.2025 bitte lesen auf<br \/>\n<a href=\"https:\/\/apollo-news.net\/keiner-weiss-was-in-deutschen-moscheen-passiert-prof-dr-susanne-schroeter-im-apollo-news-gespraech\/\">https:\/\/apollo-news.net\/keiner-weiss-was-in-deutschen-moscheen-passiert-prof-dr-susanne-schroeter-im-apollo-news-gespraech\/<\/a><br \/>\n.<br \/>\n.<br \/>\n<strong>Islamistischer Anschlag in Sydney: Emp\u00f6rung \u00fcber lachenden ZDF-Moderator<\/strong><br \/>\nNach dem islamistischen Terrorangriff am Bondi Beach, bei dem beim Chanukka-Fest 16 Menschen brutal ermordet wurden, blamiert man sich im ZDF selbst: In einem im Netz kursierenden Ausschnitt lacht Moderator Carsten R\u00fcger im Live-Interview. F\u00fcr Geb\u00fchren-TV ist das ein Offenbarungseid.<br \/>\n<a href=\"https:\/\/x.com\/JulianAdrat\/status\/2000296146582040865\">https:\/\/x.com\/JulianAdrat\/status\/2000296146582040865<\/a><br \/>\n&#8230;<br \/>\nNun kann es ja sein, dass einem Menschen zumal in einer emotional besonders belastenden oder in einer besonders stressigen Situation unbewusst und unkontrolliert eine paradoxe, v\u00f6llig unpassende, auch piet\u00e4tlose \u00dcbersprungshandlung unterl\u00e4uft. Selbst auf Beerdigungen oder Gedenkfeiern kommt das immer mal wieder vor.<br \/>\nABER: Bei \u201eProfis\u201c im \u00d6ffentlich-Rechtlichen-Rundfunk (\u00d6RR) muss man das ausschlie\u00dfen k\u00f6nnen. Da ist so etwas kein Ausrutscher, den nur ein paar Umstehende registrieren und zumeist taktvoll ignorieren.<br \/>\n&#8230; Alles vom 15.12.2025 von Josef Kraus bitte lesen auf<br \/>\n<a href=\"https:\/\/www.tichyseinblick.de\/feuilleton\/medien\/zdf-australien-islamistischer-anschlag\/\">https:\/\/www.tichyseinblick.de\/feuilleton\/medien\/zdf-australien-islamistischer-anschlag\/<\/a><\/p>\n<p>&nbsp;<\/p>\n<p>.<br \/>\n<strong>Nach Anschlag in Sydney: Muslime morden, und deutsche Politiker verschleiern<\/strong><br \/>\n<em><strong>Nicht alle Muslime sind Terroristen. Aber fast immer sind Terroristen Muslime.<\/strong><\/em> So k\u00f6nnte man auf den Punkt bringen, was Politiker nach dem furchtbaren Attentat von Australien mit inzwischen mindestens 15 toten Strandbesuchern h\u00e4tten sagen k\u00f6nnen. ,,,<br \/>\nW\u00e4hrend australische und israelische Medien unter Berufung auf die Polizei schnell die Herkunft des T\u00e4ters und dessen Religion meldeten, konnten die Deutschen allenfalls aufgrund ihres gesunden Menschenverstandes erahnen, was da wirklich in Sydney geschah: Ein neuer islamischer Terroranschlag. Deutsche Politiker haben sich auf eine andere Vokabel verst\u00e4ndigt: Antisemitismus. &#8230; <em><strong>Bundeskanzler Friedrich Merz (CDU) sagte: \u201eDiesem Antisemitismus m\u00fcssen wir Einhalt gebieten \u2013 hier in Deutschland und weltweit.\u201c Aber wie soll das bitte geschehen, wenn die Politik jedes Jahr zehntausende Muslime ins Land holt?<\/strong> <\/em>Nat\u00fcrlich ist nur eine Minderheit bereit, ihren Fanatismus in Terror umzusetzen. Aber da\u00df das Risiko jeden Tag gr\u00f6\u00dfer wird, da\u00df einer der ins Land gelassenen um sich schie\u00dft, messert oder bombt, ist eine einfache Rechenaufgabe. Wer sich gegen diese Art der Einwanderung wehrt, der geh\u00f6rt schnell zu den Vertretern des neuerfundenen \u201eantimuslimischen Rassismus\u2018\u201c.<br \/>\n&#8230;<br \/>\nEinzig die USA machen, was richtig ist. Als vor drei Wochen ein Afghane nahe des Wei\u00dfen Hauses eine Nationalgardistin erscho\u00df und einen zweiten Soldaten lebensgef\u00e4hrlich verletzte, verk\u00fcndete US-Pr\u00e4sident Donald Trump am n\u00e4chsten Tag einen Aufnahmestopp f\u00fcr Menschen aus islamischen L\u00e4ndern.<br \/>\nDeutschland setzt ein anderes Zeichen: Nach den Anschl\u00e4gen von Afghanen auf eine Kindergartengruppe in Aschaffenburg im Januar und eine Verdi-Demo in M\u00fcnchen im Februar flog die Bundesregierung mindestens weitere 1.423 Landsleute der T\u00e4ter ein. Derweil erreichen die Gewalttaten von Afghanen in Deutschland neue Rekordwerte, wie das BKA gerade erst in seinem Lagebild zur Zuwanderung bekanntgab<br \/>\n&#8230; Alles vom 15.12.2025 bitte lesen auf<br \/>\nhttps:\/\/jungefreiheit.de\/debatte\/kommentar\/2025\/muslime-morden-und-deutsche-politiker-verschleiern\/<\/p>\n","protected":false},"excerpt":{"rendered":"<p>Home\u00a0&gt;Religion\u00a0&gt;Islam &gt;Terror &gt;Sydney-Chanukka2025Dec14 Listenauswahl eines Beitrags (Artikel\/Datum, Seite\/Inhalt): Klicken oder scrollen\u00a0 Sydney \u2013 \u00d6RR \u2013 Charlie Kirk\u00a0(17.12.2025) \u201eGesetz Allahs ist wichtiger als alles andere\u201c: Naveed Akram trat bereits mit 17 Jahren als Islamist in Erscheinung (16.12.2025) Nach Sydney: J\u00fcdische Gemeinden &hellip; <a href=\"https:\/\/www.freiburg-schwarzwald.de\/blog\/religion\/islam\/islam-terror\/sydney-chanukka2025dez14\/\">Weiterlesen <span class=\"meta-nav\">&rarr;<\/span><\/a><\/p>\n","protected":false},"author":2,"featured_media":0,"parent":102680,"menu_order":0,"comment_status":"closed","ping_status":"closed","template":"","meta":{"footnotes":""},"class_list":["post-142948","page","type-page","status-publish","hentry"],"_links":{"self":[{"href":"https:\/\/www.freiburg-schwarzwald.de\/blog\/wp-json\/wp\/v2\/pages\/142948","targetHints":{"allow":["GET"]}}],"collection":[{"href":"https:\/\/www.freiburg-schwarzwald.de\/blog\/wp-json\/wp\/v2\/pages"}],"about":[{"href":"https:\/\/www.freiburg-schwarzwald.de\/blog\/wp-json\/wp\/v2\/types\/page"}],"author":[{"embeddable":true,"href":"https:\/\/www.freiburg-schwarzwald.de\/blog\/wp-json\/wp\/v2\/users\/2"}],"replies":[{"embeddable":true,"href":"https:\/\/www.freiburg-schwarzwald.de\/blog\/wp-json\/wp\/v2\/comments?post=142948"}],"version-history":[{"count":5,"href":"https:\/\/www.freiburg-schwarzwald.de\/blog\/wp-json\/wp\/v2\/pages\/142948\/revisions"}],"predecessor-version":[{"id":143071,"href":"https:\/\/www.freiburg-schwarzwald.de\/blog\/wp-json\/wp\/v2\/pages\/142948\/revisions\/143071"}],"up":[{"embeddable":true,"href":"https:\/\/www.freiburg-schwarzwald.de\/blog\/wp-json\/wp\/v2\/pages\/102680"}],"wp:attachment":[{"href":"https:\/\/www.freiburg-schwarzwald.de\/blog\/wp-json\/wp\/v2\/media?parent=142948"}],"curies":[{"name":"wp","href":"https:\/\/api.w.org\/{rel}","templated":true}]}}