{"id":141040,"date":"2025-11-02T13:48:06","date_gmt":"2025-11-02T12:48:06","guid":{"rendered":"https:\/\/www.freiburg-schwarzwald.de\/blog\/?page_id=141040"},"modified":"2026-03-31T11:44:40","modified_gmt":"2026-03-31T09:44:40","slug":"bundeswehr-jugend","status":"publish","type":"page","link":"https:\/\/www.freiburg-schwarzwald.de\/blog\/engagement\/zukunft\/krieg\/bundeswehr\/bundeswehr-jugend\/","title":{"rendered":"Bundeswehr-Jugend"},"content":{"rendered":"<p><a href=\"https:\/\/www.freiburg-schwarzwald.de\/blog\">Home<\/a>\u00a0&gt;<a title=\"Engagement\" href=\"https:\/\/www.freiburg-schwarzwald.de\/blog\/engagement\/\">Engagement<\/a>\u00a0&gt;<a title=\"Zukunft\" href=\"https:\/\/www.freiburg-schwarzwald.de\/blog\/engagement\/zukunft\/\">Zukunft<\/a>\u00a0&gt;<a title=\"Krieg\" href=\"https:\/\/www.freiburg-schwarzwald.de\/blog\/engagement\/zukunft\/krieg\/\">Krieg<\/a> &gt;<a href=\"https:\/\/www.freiburg-schwarzwald.de\/blog\/engagement\/zukunft\/krieg\/bundeswehr\/\">Bundeswehr<\/a> &gt;Bundeswehr-Jugend<\/p>\n<div id=\"attachment_112040\" style=\"width: 650px\" class=\"wp-caption alignnone\"><a href=\"https:\/\/www.freiburg-schwarzwald.de\/blog\/wp-content\/uploads\/2023\/04\/gartenzwerge-deutschland-pan230422.jpg\"><img loading=\"lazy\" decoding=\"async\" aria-describedby=\"caption-attachment-112040\" class=\"size-full wp-image-112040\" src=\"https:\/\/www.freiburg-schwarzwald.de\/blog\/wp-content\/uploads\/2023\/04\/gartenzwerge-deutschland-pan230422.jpg\" alt=\"\" width=\"640\" height=\"417\" srcset=\"https:\/\/www.freiburg-schwarzwald.de\/blog\/wp-content\/uploads\/2023\/04\/gartenzwerge-deutschland-pan230422.jpg 640w, https:\/\/www.freiburg-schwarzwald.de\/blog\/wp-content\/uploads\/2023\/04\/gartenzwerge-deutschland-pan230422-180x117.jpg 180w\" sizes=\"auto, (max-width: 640px) 100vw, 640px\" \/><\/a><p id=\"caption-attachment-112040\" class=\"wp-caption-text\">Gartenzwerge Deutschland Schwarz-Rot-Gold im April 2023<\/p><\/div>\n<ul>\n<li><em>Listenauswahl eines Beitrags (Artikel\/Datum, Seite\/Inhalt): <span style=\"text-decoration: underline;\">Klicken<\/span> oder scrollen<\/em><\/li>\n<li>Nur Pro-Wehrdienst-Meinung erlaubt \u2013 Schule wirft Major a.D. und Friedensaktivisten vom Podium (30.3.2026)<\/li>\n<li><a href=\"https:\/\/www.freiburg-schwarzwald.de\/blog\/jugend-gegen-wehrdienst\/\">Jugend gegen Wehrdienst<\/a>\u00a0(12.3.2026)<\/li>\n<li><a href=\"https:\/\/www.freiburg-schwarzwald.de\/blog\/polizisten-und-soldaten-fehlen\/\">Polizisten und Soldaten fehlen<\/a>\u00a0(12.2.2026)<\/li>\n<li>F\u00fcr ein mieses St\u00fcck Schei\u00dfe sterben? (18.12.2025)<\/li>\n<li><a href=\"https:\/\/www.freiburg-schwarzwald.de\/blog\/engagement\/zukunft\/krieg\/wehrhaftigkeit\/\">Streit um Wehrpflicht \u2013 Der Anruf der Nation<\/a> (12.12.2025)<\/li>\n<li><a href=\"https:\/\/www.freiburg-schwarzwald.de\/blog\/engagement\/zukunft\/krieg\/armee\/\">Lehrerzimmer: Mit Sch\u00fclern \u00fcber Krieg und Frieden reden<\/a> (8.12.2025<\/li>\n<li><a href=\"https:\/\/www.freiburg-schwarzwald.de\/blog\/engagement\/zukunft\/demokratie\/wehrdienst\/\">Anabel Schunke will echte deutsche M\u00e4nner im Sch\u00fctzengraben \u2013 doch wer verteidigt den Tr\u00fcmmerhaufen?<\/a>\u00a0(14.11.2025)<\/li>\n<li><a href=\"https:\/\/www.freiburg-schwarzwald.de\/blog\/bundeswehr-schule-diskussion\/\">Bundeswehr Schule \u2013 Diskussion<\/a> (9.11.2025)<\/li>\n<li>Zur Bundeswehr am Angell-Gymnasium Freiburg &#8211; Rechtsstaatlichkeit? (8.11.2025)<\/li>\n<li><a href=\"https:\/\/www.freiburg-schwarzwald.de\/blog\/bundeswehr-schule-diskussion\/\">Bundeswehr-Meme mit SS-Bezug: Die Art der Kritik des Freiburger Sch\u00fclers an einem Offizier war falsch<\/a> (7.11.2025)<\/li>\n<li>Solidarit\u00e4tsdemo f\u00fcr Freiburger Sch\u00fcler, der wegen Memes \u00fcber einen Bundeswehr-Jugendoffizier angeklagt ist (6.11.2025)<\/li>\n<li>Jugendoffizier zeigt Sch\u00fcler an: Posting von bundeswehrkritischem Meme (1.11.2025)<\/li>\n<li><\/li>\n<li><a href=\"https:\/\/www.freiburg-schwarzwald.de\/blog\/engagement\/zukunft\/krieg\/armee\/\">Armee<\/a><\/li>\n<li><a href=\"https:\/\/www.freiburg-schwarzwald.de\/blog\/engagement\/zukunft\/frieden\/friedensbewegung2-0\/\">Friedensbewegung<\/a><\/li>\n<li><a href=\"https:\/\/www.freiburg-schwarzwald.de\/blog\/selbsthilfe\/jugend\/\">Jugend<\/a><\/li>\n<li><a href=\"https:\/\/www.freiburg-schwarzwald.de\/blog\/bildung\/schulen\/\">Schulen<\/a><\/li>\n<li><a href=\"https:\/\/www.freiburg-schwarzwald.de\/blog\/engagement\/zukunft\/demokratie\/wehrdienst\/\">Wehrdienst<\/a><\/li>\n<\/ul>\n<p>&nbsp;<\/p>\n<p>&nbsp;<\/p>\n<p><strong>Nur Pro-Wehrdienst-Meinung erlaubt \u2013 Schule wirft Major a.D. und Friedensaktivisten vom Podium<\/strong><br \/>\n&#8230;<br \/>\nAm 19. M\u00e4rz 2026 sollte am Gymnasium Apolda im Weimarer Land <a href=\"https:\/\/www.bergschule-apolda.de\/\">https:\/\/www.bergschule-apolda.de\/<\/a> eigentlich das stattfinden, was Schulen heute in Hochglanzbrosch\u00fcren beschw\u00f6ren: offene politische Bildung, kontroverse Debatte, demokratischer Streit.<br \/>\n&#8230;<br \/>\nAuf dem Schulpodium standen sich jetzt Mitte M\u00e4rz Hauptmann Benjamin Bartels, Jugendoffizier der Bundeswehr aus Erfurt, und Major a. D. Florian D. Pfaff von der Friedensinitiative Rosenheim gegen\u00fcber. Es ging um Wehrdienst, Verteidigungsbereitschaft, Krieg und Frieden \u2013 also um Fragen, die gerade nicht nach schulisch eingehegter Einheitsmeinung verlangen, sondern nach Reibung, Gegenrede, Konfliktlinien und geistiger Selbst\u00e4ndigkeit.<br \/>\nZwei Duelle erfolgten mit den gymnasialen Oberstufen 10. und 12., danach mit den 11. Klassen. Je Durchgang sollten beide Experten ihren Standpunkt vertreten. Im Anschluss war eine Diskussion mit je 45 Minuten vorgesehen.<\/p>\n<p>Am Ende des ersten Durchgangs herrschte Einigkeit, dass trotz gegens\u00e4tzlicher Positionen offene Diskussion m\u00f6glich ist. Der zweite Durchgang endete schulgesteuert im Schuldesaster. Der Hauptmann erkl\u00e4rte als Statement, die Sch\u00fcler sollen als Wehrpflichtige Deutschland auch deswegen verteidigen, weil bei uns \u201e100 Prozent Meinungsfreiheit\u201c herrsche.<br \/>\nMajor a.D. Pfaff konterte mit harter Kritik. Er bewertete die Meinungsfreiheit als eingeschr\u00e4nkt, verwies auf die Ausgrenzung von Kritikern, sogar deren illegale Sanktionierung. Weiter meinte Pfaff, dass er Angriffskriege f\u00fcr ein Verbrechen halte, weshalb f\u00fcr ihn pers\u00f6nlich die NATO 1999 zu einer \u201eVerbrecherorganisation\u201c mutiert sei.<br \/>\nPl\u00f6tzlich st\u00fcrmte der zun\u00e4chst nicht anwesende Stufenleiter und Chemielehrer Dr. Tino Hagemann (\u201eChemie ist das was knallt und stinkt\u201c) zum Podium, schlug Pfaffs Laptop zu und erkl\u00e4rte lautstark die Veranstaltung f\u00fcr beendet. Er bezichtigte Pfaff vor ca. einhundert Jugendlichen der L\u00fcge. Pfaff, so behauptete er, w\u00fcrde die Jugendlichen negativ beeinflussen, erteilte ihm Hausverbot, forderte ihn auf, das Schulgeb\u00e4ude zu verlassen. Pfaff bat im Abgang noch vergeblich darum, doch zu erl\u00e4utern, welche seiner Aussagen \u201egelogen\u201c seien. Das erfolgte nicht.<br \/>\n&#8230;<br \/>\nFlorian D. Pfaff ist nicht unbekannt: Eintritt in die Bundeswehr 1976, Studium der P\u00e4dagogik an der Universit\u00e4t der Bundeswehr M\u00fcnchen, Berufssoldat. Bekannt wurde er 2003, als er die Mitwirkung an Handlungen verweigerte, die er als Unterst\u00fctzung des Irakkriegs ansah. Erst das Bundesverwaltungsgericht rehabilitierte ihn https:\/\/www.bverwg.de\/210605u2wd12.04.0 am 21. Juni 2005.<br \/>\nDer bis 2013 dienende Offizier war zuletzt im Rang eines Majors. Seit Jahren tritt er friedenspolitisch auf. Zudem ist er Sprecher des Arbeitskreises Darmst\u00e4dter Signal und war 2025 Mitgr\u00fcnder der Friedensinitiative Rosenheim.<br \/>\nJugendoffizier und Major a.D. traten gegeneinander h\u00f6flich auf, der Dissens blieb inhaltlich. Genau darin h\u00e4tte die St\u00e4rke des Formats liegen k\u00f6nnen. Schule muss junge Menschen nicht vor Kontroversen sch\u00fctzen, sondern sie bef\u00e4higen, Kontroversen auszuhalten. Wer politische Bildung ernst meint, muss den Widerspruch nicht dulden, sondern sichtbar machen.<\/p>\n<p>Und jetzt kommt\u2019s: Wie Teilnehmer berichten, soll der Rauswurf der Friedensinitiative ausgerechnet mit dem Argument des <strong><a href=\"https:\/\/www.freiburg-schwarzwald.de\/blog\/beutelsbacher-konsens-kinder\/\">Beutelsbacher Konsens<\/a><\/strong> <a href=\"https:\/\/www.bpb.de\/die-bpb\/ueber-uns\/auftrag\/51310\/beutelsbacher-konsens\/\">https:\/\/www.bpb.de\/die-bpb\/ueber-uns\/auftrag\/51310\/beutelsbacher-konsens\/<\/a> erfolgt sein.<br \/>\nDas ist an Absurdit\u00e4t kaum zu \u00fcberbieten. Denn besagter Konsens ist gerade keine Lizenz zum Aussortieren missliebiger Positionen. Er beruht auf dem \u00dcberw\u00e4ltigungsverbot, dem Konversit\u00e4tsgebot und der Orientierung an der Interessenlage der Sch\u00fcler.<br \/>\n&#8230; Alles vom 30.3.2026 von Dirk Schmitz bitte lesen auf<br \/>\n<a href=\"https:\/\/www.alexander-wallasch.de\/gastbeitraege\/nur-pro-wehrdienst-meinung-erlaubt-schule-wirft-major-a-d-und-friedensaktivisten-vom-podium\">https:\/\/www.alexander-wallasch.de\/gastbeitraege\/nur-pro-wehrdienst-meinung-erlaubt-schule-wirft-major-a-d-und-friedensaktivisten-vom-podium<\/a><br \/>\n.<br \/>\n<em>Dirk Schmitz M.A., seit 1991 Rechtsanwalt, langj\u00e4hriger ehrenamtlicher Richter, Kommunikationswissenschaftler, engagierter Verteidiger. Schmitz sieht durch den Zeitgeist Meinungsfreiheit, Privatsph\u00e4re und Demokratie in Gefahr. Als \u201calter Liberaler\u201d ohne FDP-Hintergrund steht Schmitz f\u00fcr B\u00fcrgerrechte und \u201cdie Freiheit des Andersdenkenden\u201d. Verheiratet, zwei Kinder, u.a. langj\u00e4hriger Gesch\u00e4ftsf\u00fchrer, Personalchef im Medienbereich und Gesundheitssektor. Profunde Kenntnisse in beiden Welten: Als Rechtsanwalt und Unternehmer. In der Gestalt des Katechon sieht Schmitz sich und sein Handeln auch im Politischen zur Vermeidung des finalen Zusammenbruchs unserer Kultur und Werte, die Erhaltung von Handlungsspielr\u00e4umen und die Bewahrung einer Ordnung gegen \u00fcberm\u00e4chtige, destruktive Kr\u00e4fte.<\/em><\/p>\n<p>&nbsp;<\/p>\n<p><strong>F\u00fcr ein mieses St\u00fcck Schei\u00dfe sterben?<\/strong><br \/>\nFriedrich Merz hat uns kurz vor Weihnachten noch ein besonders vergiftetes Geschenk in Aussicht gestellt. Er will Russland besiegen. Dass dies eine Revision des Ausgangs des Zweiten Weltkrieges impliziert, hat ihm anscheinend niemand gesagt \u2013 oder ist es ihm egal? Er hat sich am ersten Dienstag im Dezember 2025 im ZDF auf die Frage, wie der Einsatz deutscher Truppen in der Ukraine aussehen soll, wie folgt ge\u00e4u\u00dfert:<br \/>\n\u201eGanz konkret: Wir w\u00fcrden auch entsprechende russische \u00dcbergriffe und Angriffe erwidern.\u201c<br \/>\nDas h\u00f6rt sich an, als ob es bei dem Vorschlag der \u201eKoalition der Willigen\u201c, mit einem europ\u00e4ischen Truppenkontingent der Ukraine die gew\u00fcnschten \u201eSicherheitsgarantien\u201c zu verschaffen, weniger um die Ukraine, sondern um die Sicherung g\u00fcnstiger Angriffspositionen geht. Dass Russland diesmal verlieren muss, haben deutsche Politiker wie Merz, R\u00f6ttgen und Kiesewetter schon seit Langem betont. Abgesehen davon, dass mit dieser \u201eFriedenstruppe\u201c die NATO durch die Hintert\u00fcr in der Ukraine stationiert werden soll, obwohl es der legitime Wunsch Russlands ist, dass die Ukraine nicht NATO-Territorium wird, haben die Kriegswilligen ein Problem: Die Jugend ist weit davon entfernt, f\u00fcr die Ukraine sterben zu wollen. Sie hat vor dem Angriff Russlands kaum etwas \u00fcber dieses Land geh\u00f6rt; sie wei\u00df nicht, dass es vor dem Februar 2022 einen jahrelangen Krieg in der Ostukraine gab, der damals von den deutschen Medien \u2013 wenn sie \u00fcberhaupt dar\u00fcber berichteten \u2013 als ukrainische Aggression beschrieben wurde, bei der es zu Menschenrechtsverletzungen und Kriegsverbrechen kam.<br \/>\n&#8230;<br \/>\nDie systematische Dekonstruktion alles dessen, was an Gutem von Deutschen hervorgebracht wurde, hat nun Folgen. <em><strong>Wie soll man einem miesen St\u00fcck Schei\u00dfe etwas zur\u00fcckgeben? Wie soll ein junger Mensch motiviert sein, einer Gesellschaft zu dienen, die \u00f6ffentlich und mit Steuergeldern finanziert als hassenswert dargestellt wird?<\/strong><\/em><br \/>\nNun soll mit Geld die Bereitschaft, Wehrdienst zu leisten, gekauft werden. Der gestaffelte Wehrsold, der bei ca. 1.800 \u20ac f\u00fcr Einsteiger beginnt und je nach Dienstgrad (Gefreiter, Obergefreiter) auf \u00fcber 2.000 \u20ac ansteigt, plus Entlassungsgeld, ist f\u00fcr die Armen schon eine Versuchung. Ab 2026 wird dieser Sold noch deutlich erh\u00f6ht \u2013 auf mindestens 2.600 \u20ac brutto. Werden Merz, R\u00f6ttgen und Kiesewetter ihre S\u00f6hne in den Krieg schicken? Kaum. In der Ukraine, wo brutal zwangsrekrutiert wird, studieren die S\u00f6hne von Botschafter Andrij Melnyk im Ausland, w\u00e4hrend die Kinder der Armen in den Sch\u00fctzengr\u00e4ben verrecken.<br \/>\nDas Beste, was wir f\u00fcr 2026 hoffen k\u00f6nnen, ist, dass es bei den gro\u00dfm\u00e4uligen Ank\u00fcndigungen von Merz bleibt. Deutschland ist Gott sei Dank nicht kriegst\u00fcchtig und wird es hoffentlich nie wieder werden<br \/>\n&#8230; Alles vom 18.12.2025 von Vera Lengsfeld bitte lesen auf<br \/>\n<a href=\"https:\/\/vera-lengsfeld.de\/2025\/12\/18\/fuer-ein-mieses-stueck-scheisse-sterben\/\">https:\/\/vera-lengsfeld.de\/2025\/12\/18\/fuer-ein-mieses-stueck-scheisse-sterben\/<\/a><\/p>\n<p>&nbsp;<\/p>\n<p><strong>Zur Bundeswehr am Angell-Gymnasium Freiburg &#8211; Rechtsstaatlichkeit?<\/strong><br \/>\nNun, wir sollten generell von diesem Rechtslinks-Schema wegkommen und die Dinge an ihrer Rechtsstaatlichkeit bemessen:<br \/>\n\u2022 Pflichtveranstaltung: Der erste Bundeswehrbesuch war verpflichtend f\u00fcr die gesamte Oberstufe \u2013 ein klarer Versto\u00df gegen den Grundsatz politischer Neutralit\u00e4t an Schulen (\u00a7 33 SchulG BW).<\/p>\n<p>\u2022 Verdeckte Sch\u00fclerzeitung: Bentik musste seine Zeitung verdeckt verbreiten, weil die Schulleitung politische \u00c4u\u00dferungen untersagte \u2013 das dokumentiert direkte Einschr\u00e4nkung der Meinungsfreiheit.<\/p>\n<p>\u2022 Drohung der Schulleitung: Zitat: \u201eIhre Schulkarriere w\u00e4re unverz\u00fcglich beendet\u201c \u2013 dokumentiert Einsch\u00fcchterung und Amtsmissbrauch.<\/p>\n<p>\u2022 Anzeige durch Jugendoffizier: Die Anzeige erfolgte im Namen der Bundeswehr, nicht nur pers\u00f6nlich \u2013 das ist ein politischer Akt, keine private Rechtsverteidigung.<\/p>\n<p>\u2022 Einsatz der Milit\u00e4rischen Sicherheit: Die interne Abteilung der Bundeswehr war bereits vor dem Vorfall eingeschaltet. Das zeigt, dass Sch\u00fcler als \u201eSicherheitsrisiko\u201c eingestuft wurden.<\/p>\n<p>\u2022 Handy-Ortung und Datenweitergabe: Polizei und Bundeswehr versuchten, Social-Media-Daten und Handystandorte zu ermitteln \u2013 eine massive, rechtsstaatlich fragw\u00fcrdige Ma\u00dfnahme gegen einen Sch\u00fcler.<\/p>\n<p>\u2022 Datenweitergabe durch Schule an Bundeswehr: Das ist ein gravierender DSGVO-Versto\u00df, da Sch\u00fclerdaten nicht ohne Einwilligung an Dritte (hier: milit\u00e4rische Institutionen) weitergegeben werden d\u00fcrfen.<br \/>\n9.11.2025, Adrian Kempf , <a href=\"https:\/\/t.me\/dreisamtalverbindedich\/4394\">https:\/\/t.me\/dreisamtalverbindedich\/4394<\/a><\/p>\n<p>.<\/p>\n<p><strong>Solidarit\u00e4tsdemo f\u00fcr Freiburger Sch\u00fcler, der wegen Memes \u00fcber einen Bundeswehr-Jugendoffizier angeklagt ist<\/strong><br \/>\nAm Mittwoch fand auf dem Platz der Alten Synagoge in Freiburg eine Solidarit\u00e4tsdemo statt f\u00fcr den ehemaligen Angell-Sch\u00fcler Bentik.<br \/>\n&#8230; Trotz des SS-Bezugs in den Memes fordert der linke Bundestagsabgeordnete Vinzenz Glaser eine Einstellung des Verfahrens.<br \/>\n&#8230;<br \/>\n<a href=\"https:\/\/www.instagram.com\/reel\/DQsJtcRjNcx\/?utm_source=ig_embed\">https:\/\/www.instagram.com\/reel\/DQsJtcRjNcx\/?utm_source=ig_embed<\/a><br \/>\n&#8230;<br \/>\nBei dem Auftritt des Bundeswehr-Offiziers im Angell-Gymnasium habe bewusst keine Werbung f\u00fcr den Wehrdienst stattgefunden, wie der gesch\u00e4ftsf\u00fchrende Schulleiter Alexander Hochsprung der BZ best\u00e4tigte. Der Jugendoffizier kam im Rahmen eines Demokratieprojekts. Bei diesem konnten die Sch\u00fclerinnen und Sch\u00fcler aus mehr als 30 Veranstaltungen ausw\u00e4hlen, um die verschiedenen Perspektiven auf die Demokratie kennenzulernen.<br \/>\n&#8230;<br \/>\nDas Angell-Gymnasium betont auch, dass sich die Bundeswehr dem sogenannten &#8222;Beutelsbacher Konsens&#8220; verpflichtet f\u00fchlt, was das Verteidigungsministerium best\u00e4tigt. Laut der Landeszentrale f\u00fcr politische Bildung stamme dieser bereits aus den 1970er-Jahren und f\u00fchlt sich drei Leitgedanken verpflichtet. Es ist nicht erlaubt, den Sch\u00fcler &#8211; mit welchen Mitteln auch immer &#8211; im Sinne erw\u00fcnschter Meinungen zu \u00fcberrumpeln und damit an der Gewinnung eines selbst\u00e4ndigen Urteils zu hindern . Hier genau verlaufe die Grenze zwischen Politischer Bildung und Indoktrination. Zweitens: Was in Wissenschaft und Politik kontrovers ist, m\u00fcsse auch im Unterricht kontrovers erscheinen. Der Sch\u00fcler m\u00fcsse zudem in die Lage versetzt werden, eine politische Situation und seine eigene Interessenlage zu analysieren sowie nach Mitteln und Wegen zu suchen, die vorgefundene politische Lage im Sinne seiner Interessen zu beeinflussen. Laut Hochsprung habe man Bentik im Vorfeld des Besuchs von schulischer Seite dazu aufgefordert, sich kritisch zu \u00e4u\u00dfern, aber eben nicht diffamierend gegen\u00fcber dem Jugendoffizier.<br \/>\n&#8230;. Alles vom 6.11.2025 bitte lesen auf<br \/>\n<a href=\"https:\/\/www.badische-zeitung.de\/bundeswehr-meme-mit-ss-bezug-die-art-der-kritik-des-freiburger-schuelers-an-einem-offizier-war-falsc\">https:\/\/www.badische-zeitung.de\/solidaritaetsdemo-fuer-freiburger-schueler-der-wegen-memes-ueber-einen-bundeswehr-jugendoffizier-ang<\/a><br \/>\n.<br \/>\nEinige Kommentare:<br \/>\nAuch wenn man an der Bundeswehr Kritik \u00fcben darf und auch wenn es sein sollte, da\u00df ein Prozent der Bundeswehr dem rechtslastigen Gedankengut anh\u00e4ngt, gibt es nicht das Recht, einen Jugendoffizier in der \u00d6ffentlichkeit in die,nationalsozialistische N\u00e4he zu stellen. Dem Offizier blieb nichts anderes \u00fcbrig, als eine Anzeige zu stellen. Eine Solidarit\u00e4tsdemo ist vollkommen fehl am Platz. Maria Treskow<br \/>\n.<br \/>\nFreilich kann man aufgrund des Artikels nicht abschlie\u00dfend urteilen. Ich gebe aber zu bedenken, dass gerade die Schulen seit l\u00e4ngerer Zeit selbst gerne allzu gerne daran beteiligt waren, die Bundeswehr und nicht-linksorientierte Meinungen als Nazi und SS-nahe zu diffamieren. Zudem wurde bei solchen diffamierenden \u00dcbergriffigkeiten durch Sch\u00fcler geradezu weggesehen, anstelle auf eine respektvolle Wortwahl zu bestehen. Das erfolgte, indem man den Beutelsbacher Konsens, auf den man sich hier beruft, eindeutig und bewusst misachtete.<br \/>\nNun badet der ehemalige Sch\u00fcler wom\u00f6glich aus, was ihm von den linkspolitisch agierenden P\u00e4dadgogenschaft eigentlich beigebracht wurde.<br \/>\nGrunds\u00e4tzlich richtig erachte ich aber die Kritik an dem erkennbaren Vorgehen, unsere Jugend f\u00fcr politische Zwecke zu militarisieren, die nicht unser Krieg sind. Solange sich hier fremde Menschen ausgerechnet der Nationen tummeln, f\u00fcr die unsere Jugend dann eingesetzt werden soll, ist jedwede Kriegsbeteiligung abzulehnen.<br \/>\nIch erwarte, das unsere Politiker, die selbst weder ihre eigenen Kinder (siehe das Interview mit Frau vonderLeyen vor Jahren), noch sich selbst an einer Front pers\u00f6nlich einbringen w\u00fcrden, hier endlich wieder den Anstand zeigen, der unser Land zieren sollte und einst geziert hat. Martina Schmitt<br \/>\nEnde Kommenare<br \/>\n.<\/p>\n<p>&nbsp;<\/p>\n<p>&nbsp;<\/p>\n<p><strong>Jugendoffizier zeigt Sch\u00fcler an: Posting von bundeswehrkritischem Meme<\/strong><br \/>\n&#8230;<br \/>\nF\u00fcr Bentik S. vom Freiburger Angell Gymnasium hat der Besuch eines Jugendoffiziers an seiner Schule ein juristisches Nachspiel. Mit einem satirischen Meme im Nachgang der Veranstaltung, bei der zwei Bilder verfremdet wurden und der Jugendoffizier zu sehen ist, wurde der Urheber wegen Beleidigung angezeigt. Die Anzeige erfolgte dabei von dem Jugendoffizier und nicht von der Bundeswehr, wie die Berliner Zeitung berichtet. Gegen\u00fcber dem Portal <a href=\"https:\/\/Perspektive-Online.net\">https:\/\/Perspektive-Online.net<\/a> \u00e4u\u00dferte sich der beschuldigte Bentik S. zu dem Vorfall.<br \/>\n&#8230; Alles vom 1.11.2025 bitte lesen auf<br \/>\n<a href=\"https:\/\/apollo-news.net\/jugendoffizier-zeigt-schueler-an-posting-von-bundeswehrkritischem-meme\/\">https:\/\/apollo-news.net\/jugendoffizier-zeigt-schueler-an-posting-von-bundeswehrkritischem-meme\/<\/a><br \/>\n.<br \/>\nEinige Kommentare:<br \/>\nWas das mit Indoktrination zu tun hat, erschlie\u00dft sich mir nicht. Der Jugendoffizier hat eine Sichtweise von sich gegeben und keiner wurde gezwungen, dem zuzustimmen. 1960 wurde in meiner Schule von einem Bundeswehroffizier ebenso ein Vortrag \u00fcber M\u00f6glichkeiten eines Berufsweges gehalten. Alle Sch\u00fclerinnen und Sch\u00fcler haben zugeh\u00f6rt, <em><strong>wir haben pro und kontra diskutiert und keiner hat sich aufgeregt<\/strong><\/em>. Diese inzwischen k\u00fcnstlichen Aufgeregtheiten sind nur noch l\u00e4cherlich. Elisabeth Martha<br \/>\n.<br \/>\nLeider werden hier auch nicht die beiden manipulierten Fotos benannt, um die es tats\u00e4chlich geht. Und nicht um das Meme.<br \/>\nDer linke Sch\u00fcler wei\u00df genau, warum er nur das Meme ver\u00f6ffentlicht, aber nicht die beiden Fotos\u2026. Muggal<br \/>\n.<br \/>\nTolle Werbung f\u00fcr die BW. Dieser \u201eBerufsjugendliche\u201c erweist der BW einen B\u00e4rendienst. Warum sollten junge Menschen in solch einen \u201efreiheitlichen\u201c Dienst eintreten, wenn solche Kinkerlitzchen strafrechtlich geahndet werden?<br \/>\nAnstatt den Sch\u00fcler entweder zu ignorieren und \u201edr\u00fcberzustehen\u201c oder einzuladen und ihm zeigen, dass die BW auch anders kann, best\u00e4tigt dieser Offizier alle Vorurteile, die man haben kann. Solche Soldaten brauchen wir! Wenn die BW nicht kapiert, dass junge Menschen keinen Krieg oder \u201eUnseredemokratie\u201c wollen, dann kann sie einpacken. Entweder die BW \u00e4ndert ihre Werbestrategie oder ein paar Uralt- Prostatiker in Uniform werden das Licht ausknipsen. Entweder die BW macht sich attraktiver, oder die Personalst\u00e4rke sinkt. Entweder die Politik kapiert, dass junge Menschen zwar bereit w\u00e4ren, ihre Heimat \u2013 so sie diese denn lieben d\u00fcrften \u2013 zu verteidigen, aber keinen Krieg mit Russland wollen, oder Pistorius und die anderen Kriegstreiber sind weg vom Fenster. Immer diese<br \/>\nEnde Kommentare<br \/>\n.<br \/>\n<strong>Satire oder Straftat? Sch\u00fcler wegen Meme \u00fcber Bundeswehr-Offizier angeklagt<\/strong><br \/>\nEin Meme \u00fcber einen Jugendoffizier f\u00fchrt zu einem Strafverfahren. Die Bundeswehr selbst stellte keinen Antrag \u2013 der Offizier schon.<br \/>\n31.10.2025<br \/>\n<a href=\"https:\/\/www.berliner-zeitung.de\/politik-gesellschaft\/satire-oder-straftat-schueler-wegen-meme-ueber-bundeswehr-offizier-angeklagt-li.10003513\">https:\/\/www.berliner-zeitung.de\/politik-gesellschaft\/satire-oder-straftat-schueler-wegen-meme-ueber-bundeswehr-offizier-angeklagt-li.10003513<\/a><\/p>\n","protected":false},"excerpt":{"rendered":"<p>Home\u00a0&gt;Engagement\u00a0&gt;Zukunft\u00a0&gt;Krieg &gt;Bundeswehr &gt;Bundeswehr-Jugend Listenauswahl eines Beitrags (Artikel\/Datum, Seite\/Inhalt): Klicken oder scrollen Nur Pro-Wehrdienst-Meinung erlaubt \u2013 Schule wirft Major a.D. und Friedensaktivisten vom Podium (30.3.2026) Jugend gegen Wehrdienst\u00a0(12.3.2026) Polizisten und Soldaten fehlen\u00a0(12.2.2026) F\u00fcr ein mieses St\u00fcck Schei\u00dfe sterben? (18.12.2025) Streit um &hellip; <a href=\"https:\/\/www.freiburg-schwarzwald.de\/blog\/engagement\/zukunft\/krieg\/bundeswehr\/bundeswehr-jugend\/\">Weiterlesen <span class=\"meta-nav\">&rarr;<\/span><\/a><\/p>\n","protected":false},"author":2,"featured_media":0,"parent":44750,"menu_order":0,"comment_status":"closed","ping_status":"closed","template":"","meta":{"footnotes":""},"class_list":["post-141040","page","type-page","status-publish","hentry"],"_links":{"self":[{"href":"https:\/\/www.freiburg-schwarzwald.de\/blog\/wp-json\/wp\/v2\/pages\/141040","targetHints":{"allow":["GET"]}}],"collection":[{"href":"https:\/\/www.freiburg-schwarzwald.de\/blog\/wp-json\/wp\/v2\/pages"}],"about":[{"href":"https:\/\/www.freiburg-schwarzwald.de\/blog\/wp-json\/wp\/v2\/types\/page"}],"author":[{"embeddable":true,"href":"https:\/\/www.freiburg-schwarzwald.de\/blog\/wp-json\/wp\/v2\/users\/2"}],"replies":[{"embeddable":true,"href":"https:\/\/www.freiburg-schwarzwald.de\/blog\/wp-json\/wp\/v2\/comments?post=141040"}],"version-history":[{"count":5,"href":"https:\/\/www.freiburg-schwarzwald.de\/blog\/wp-json\/wp\/v2\/pages\/141040\/revisions"}],"predecessor-version":[{"id":147280,"href":"https:\/\/www.freiburg-schwarzwald.de\/blog\/wp-json\/wp\/v2\/pages\/141040\/revisions\/147280"}],"up":[{"embeddable":true,"href":"https:\/\/www.freiburg-schwarzwald.de\/blog\/wp-json\/wp\/v2\/pages\/44750"}],"wp:attachment":[{"href":"https:\/\/www.freiburg-schwarzwald.de\/blog\/wp-json\/wp\/v2\/media?parent=141040"}],"curies":[{"name":"wp","href":"https:\/\/api.w.org\/{rel}","templated":true}]}}