{"id":140831,"date":"2025-10-29T12:16:04","date_gmt":"2025-10-29T11:16:04","guid":{"rendered":"https:\/\/www.freiburg-schwarzwald.de\/blog\/?page_id=140831"},"modified":"2025-10-29T12:32:33","modified_gmt":"2025-10-29T11:32:33","slug":"polizei-unterwanderung","status":"publish","type":"page","link":"https:\/\/www.freiburg-schwarzwald.de\/blog\/selbsthilfe\/soziales\/justiz\/polizei\/polizei-unterwanderung\/","title":{"rendered":"Polizei-Unterwanderung"},"content":{"rendered":"<p><a href=\"https:\/\/www.freiburg-schwarzwald.de\/blog\">Home<\/a>\u00a0&gt;<a title=\"Selbsthilfe\" href=\"https:\/\/www.freiburg-schwarzwald.de\/blog\/selbsthilfe\/\">Selbsthilfe<\/a>\u00a0&gt;<a title=\"Soziales\" href=\"https:\/\/www.freiburg-schwarzwald.de\/blog\/soziales\/\">Soziales<\/a>\u00a0&gt;<a title=\"Justiz\" href=\"https:\/\/www.freiburg-schwarzwald.de\/blog\/selbsthilfe\/soziales\/justiz\/\">Justiz<\/a>\u00a0&gt;<a href=\"https:\/\/www.freiburg-schwarzwald.de\/blog\/selbsthilfe\/soziales\/justiz\/polizei\/\">Polizei<\/a> &gt;<a href=\"https:\/\/www.freiburg-schwarzwald.de\/blog\/clan\/\">Clan<\/a> &gt;Polizei-Unterwanderung<\/p>\n<div id=\"attachment_140307\" style=\"width: 645px\" class=\"wp-caption alignnone\"><a href=\"https:\/\/www.freiburg-schwarzwald.de\/blog\/wp-content\/uploads\/2025\/10\/maroni-und-feigen-pan251017.jpg\"><img loading=\"lazy\" decoding=\"async\" aria-describedby=\"caption-attachment-140307\" class=\"size-full wp-image-140307\" src=\"https:\/\/www.freiburg-schwarzwald.de\/blog\/wp-content\/uploads\/2025\/10\/maroni-und-feigen-pan251017.jpg\" alt=\"\" width=\"635\" height=\"401\" srcset=\"https:\/\/www.freiburg-schwarzwald.de\/blog\/wp-content\/uploads\/2025\/10\/maroni-und-feigen-pan251017.jpg 635w, https:\/\/www.freiburg-schwarzwald.de\/blog\/wp-content\/uploads\/2025\/10\/maroni-und-feigen-pan251017-180x114.jpg 180w\" sizes=\"auto, (max-width: 635px) 100vw, 635px\" \/><\/a><p id=\"caption-attachment-140307\" class=\"wp-caption-text\">Esskastanien und Feigen &#8211; Reiche Ernte im Garten bei Freiburg\/Breisgau am 17.102025<\/p><\/div>\n<p>&nbsp;<\/p>\n<ul>\n<li><em>Listenauswahl eines Beitrags (Artikel\/Datum, Seite\/Inhalt): <span style=\"text-decoration: underline;\">Klicken<\/span> oder scrollen<\/em><\/li>\n<li>Ermittlungen wegen Migrationskritik \u2013 Julian Reichelt zur Polizei in Berlin (28.10.2025)<\/li>\n<\/ul>\n<ul>\n<li><a href=\"https:\/\/www.freiburg-schwarzwald.de\/blog\/engagement\/buerger\/buergerwehr\/\">Buergerwehr<\/a><\/li>\n<li><a title=\"Einbruch\" href=\"https:\/\/www.freiburg-schwarzwald.de\/blog\/selbsthilfe\/krise\/gewalt\/einbruch\/\">Einbruch<\/a><\/li>\n<li><a title=\"Extremismus\" href=\"https:\/\/www.freiburg-schwarzwald.de\/blog\/engagement\/zukunft\/demokratie\/extremismus\/\">Extremismus<\/a><\/li>\n<li><a title=\"Gerichte\" href=\"https:\/\/www.freiburg-schwarzwald.de\/blog\/selbsthilfe\/soziales\/justiz\/gerichte\/\">Gerichte<\/a><\/li>\n<li><a href=\"https:\/\/www.freiburg-schwarzwald.de\/blog\/engagement\/zukunft\/demokratie\/verfassung\/verfassungsschutz\/gesinnungspolizei\/\">Gesinnungspolizei<\/a><\/li>\n<li><a title=\"Gewalt\" href=\"https:\/\/www.freiburg-schwarzwald.de\/blog\/selbsthilfe\/krise\/gewalt\/\">Gewalt<\/a><\/li>\n<li><a href=\"https:\/\/www.freiburg-schwarzwald.de\/blog\/selbsthilfe\/soziales\/justiz\/polizei\/hausdurchsuchung\/\">Hausdurchsuchung<\/a><\/li>\n<li><a title=\"Helfer\" href=\"https:\/\/www.freiburg-schwarzwald.de\/blog\/vereine\/hilfe\/helfer\/\">Helfer<\/a><\/li>\n<li><a href=\"https:\/\/www.freiburg-schwarzwald.de\/blog\/global\/deutschland\/gesellschaft\/hysterie\/\">Hysterie<\/a><\/li>\n<li><a href=\"https:\/\/www.freiburg-schwarzwald.de\/blog\/selbsthilfe\/soziales\/justiz\/sicherheit\/innere-sicherheit\/\">Innere-Sicherheit<\/a><\/li>\n<li><a title=\"Kriminalitaet\" href=\"https:\/\/www.freiburg-schwarzwald.de\/blog\/selbsthilfe\/krise\/gewalt\/kriminalitaet\/\">Kriminalit\u00e4t<\/a><\/li>\n<li><a title=\"No-Go-Area\" href=\"https:\/\/www.freiburg-schwarzwald.de\/blog\/business\/dienste\/immobilien\/wohnen\/no-go-area\/\">No-Go-Area<\/a><\/li>\n<li><a href=\"https:\/\/www.freiburg-schwarzwald.de\/blog\/business\/gesund\/notdienste\/\">Notdienste<\/a><\/li>\n<li><a href=\"https:\/\/www.freiburg-schwarzwald.de\/blog\/selbsthilfe\/soziales\/justiz\/polizei\/polizeibeamte\/\">Polizeibeamte<\/a><\/li>\n<li><a href=\"https:\/\/www.freiburg-schwarzwald.de\/blog\/selbsthilfe\/soziales\/justiz\/polizei\/polizeigewalt\/\">Polizeigewalt<\/a><\/li>\n<li><a href=\"https:\/\/www.freiburg-schwarzwald.de\/blog\/selbsthilfe\/soziales\/justiz\/polizei\/polizei-hilflos\/\">Polizei-hilflos<\/a><\/li>\n<li><a title=\"Rechtsstaat\" href=\"https:\/\/www.freiburg-schwarzwald.de\/blog\/selbsthilfe\/soziales\/justiz\/rechtsstaat\/\">Rechtsstaat<\/a><\/li>\n<li><a title=\"Revier\" href=\"https:\/\/www.freiburg-schwarzwald.de\/blog\/global\/integration\/revier\/\">Revier<\/a><\/li>\n<li>Verfolgungsangst<\/li>\n<\/ul>\n<p>&nbsp;<\/p>\n<p><strong>Ermittlungen wegen Migrationskritik \u2013 Julian Reichelt zur Polizei in Berlin<\/strong><br \/>\nNach <a href=\"https:\/\/www.freiburg-schwarzwald.de\/blog\/desinformation-falsch-oder-nix\/\">Bolz<\/a> trifft es nun auch Reichelt.<br \/>\nWeil er Clan-Kriminalit\u00e4t kritisierte und vor der Unterwanderung der Polizei warnte, ermittelt die Berliner Staatsanwaltschaft wegen Volksverhetzung gegen Julian Reichelt. Im Apollo News-Interview rechnet der Nius-Chefredakteur mit dem staatlichen Kampf gegen die Meinungsfreiheit ab und warnt vor Stasi-Methoden.<br \/>\n28.10.2025 bitte lesen auf <a href=\"https:\/\/www.youtube.com\/watch?v=_H0GlIWS9ws&amp;t=1s\">https:\/\/www.youtube.com\/watch?v=_H0GlIWS9ws&amp;t=1s<\/a><\/p>\n<p>Einige Statements von Reichelt:<br \/>\nIch erhalte per Post Vorladung zu einem Ermittlungsverfahren, der Grund wird mir aber nicht genannt.<br \/>\nDas passiert aber hunderten, ja tausenden von B\u00fcrgern, die dadurch erst mal schlaflose N\u00e4chte bekommen. Ein normaler B\u00fcrger wird damit in einen psychischen Ausnahmezustand versetzt- So spielt der Staat mit dem Leben seiner B\u00fcrger, von Menschen, die nichts weiter getan haben als ihre Meinung zu sagen, wobei die Meinungs\u00e4u\u00dferung kein Verbrechen ist.<br \/>\nIch bin eigentlich froh dass diese Stasi&#8211;Methoden mir passieren und nicht dem einfachen B\u00fcrger. und ich sie publik mache.<br \/>\nNun wenden sich die Menschen gegen diesen Willk\u00fcrstaat &#8211; das Klopfen im Morgengrauen ist das schrecklichste Ger\u00e4usch in diesem Land. <em><strong>Dies ist die Angstvorstellung in der deutschen Seele, die Angst vor Verfolgung: Bitte kommen sie mit.<\/strong><\/em><br \/>\nAls Fazit kann ich nur sagen: Kein Steuergeld mehr f\u00fcr politische Fanatiker von links wie rechts.<br \/>\nEnde Statements<\/p>\n","protected":false},"excerpt":{"rendered":"<p>Home\u00a0&gt;Selbsthilfe\u00a0&gt;Soziales\u00a0&gt;Justiz\u00a0&gt;Polizei &gt;Clan &gt;Polizei-Unterwanderung &nbsp; Listenauswahl eines Beitrags (Artikel\/Datum, Seite\/Inhalt): Klicken oder scrollen Ermittlungen wegen Migrationskritik \u2013 Julian Reichelt zur Polizei in Berlin (28.10.2025) Buergerwehr Einbruch Extremismus Gerichte Gesinnungspolizei Gewalt Hausdurchsuchung Helfer Hysterie Innere-Sicherheit Kriminalit\u00e4t No-Go-Area Notdienste Polizeibeamte Polizeigewalt Polizei-hilflos Rechtsstaat &hellip; <a href=\"https:\/\/www.freiburg-schwarzwald.de\/blog\/selbsthilfe\/soziales\/justiz\/polizei\/polizei-unterwanderung\/\">Weiterlesen <span class=\"meta-nav\">&rarr;<\/span><\/a><\/p>\n","protected":false},"author":2,"featured_media":0,"parent":12203,"menu_order":0,"comment_status":"closed","ping_status":"closed","template":"","meta":{"footnotes":""},"class_list":["post-140831","page","type-page","status-publish","hentry"],"_links":{"self":[{"href":"https:\/\/www.freiburg-schwarzwald.de\/blog\/wp-json\/wp\/v2\/pages\/140831","targetHints":{"allow":["GET"]}}],"collection":[{"href":"https:\/\/www.freiburg-schwarzwald.de\/blog\/wp-json\/wp\/v2\/pages"}],"about":[{"href":"https:\/\/www.freiburg-schwarzwald.de\/blog\/wp-json\/wp\/v2\/types\/page"}],"author":[{"embeddable":true,"href":"https:\/\/www.freiburg-schwarzwald.de\/blog\/wp-json\/wp\/v2\/users\/2"}],"replies":[{"embeddable":true,"href":"https:\/\/www.freiburg-schwarzwald.de\/blog\/wp-json\/wp\/v2\/comments?post=140831"}],"version-history":[{"count":5,"href":"https:\/\/www.freiburg-schwarzwald.de\/blog\/wp-json\/wp\/v2\/pages\/140831\/revisions"}],"predecessor-version":[{"id":140844,"href":"https:\/\/www.freiburg-schwarzwald.de\/blog\/wp-json\/wp\/v2\/pages\/140831\/revisions\/140844"}],"up":[{"embeddable":true,"href":"https:\/\/www.freiburg-schwarzwald.de\/blog\/wp-json\/wp\/v2\/pages\/12203"}],"wp:attachment":[{"href":"https:\/\/www.freiburg-schwarzwald.de\/blog\/wp-json\/wp\/v2\/media?parent=140831"}],"curies":[{"name":"wp","href":"https:\/\/api.w.org\/{rel}","templated":true}]}}