{"id":1400,"date":"2012-04-14T08:34:19","date_gmt":"2012-04-14T08:34:19","guid":{"rendered":"https:\/\/www.freiburg-schwarzwald.de\/blog\/?page_id=1400"},"modified":"2025-12-08T12:58:50","modified_gmt":"2025-12-08T11:58:50","slug":"stiftungen","status":"publish","type":"page","link":"https:\/\/www.freiburg-schwarzwald.de\/blog\/business\/stiftungen\/","title":{"rendered":"Stiftungen"},"content":{"rendered":"<p>Home &gt;<a title=\"Business\" href=\"https:\/\/www.freiburg-schwarzwald.de\/blog\/business\/\">Business<\/a> &gt;Stiftungen<\/p>\n<div id=\"attachment_1403\" style=\"width: 608px\" class=\"wp-caption alignnone\"><a href=\"https:\/\/www.freiburg-schwarzwald.de\/blog\/business\/stiftungen\/neuhaeuser5pan-071103-2\/\" rel=\"attachment wp-att-1403\"><img loading=\"lazy\" decoding=\"async\" aria-describedby=\"caption-attachment-1403\" class=\"size-full wp-image-1403\" title=\"neuhaeuser5pan-071103\" src=\"https:\/\/www.freiburg-schwarzwald.de\/blog\/wp-content\/uploads\/2012\/04\/neuhaeuser5pan-0711031.jpg\" alt=\"\" width=\"598\" height=\"163\" srcset=\"https:\/\/www.freiburg-schwarzwald.de\/blog\/wp-content\/uploads\/2012\/04\/neuhaeuser5pan-0711031.jpg 598w, https:\/\/www.freiburg-schwarzwald.de\/blog\/wp-content\/uploads\/2012\/04\/neuhaeuser5pan-0711031-180x49.jpg 180w\" sizes=\"auto, (max-width: 598px) 100vw, 598px\" \/><\/a><p id=\"caption-attachment-1403\" class=\"wp-caption-text\">Blick nach Nordosten vom Langbauernhof am Pfeiferberg \u00fcber den Sch\u00fctterlehof ins Dreisamtal nach Stegen am 3.11.2007<\/p><\/div>\n<p>&nbsp;<\/p>\n<ul>\n<li><em>Listenauswahl eines Beitrags (Artikel\/Datum, Seite\/Inhalt):\u00a0<span style=\"text-decoration: underline;\">Klicken\u00a0<\/span>oder scrollen<\/em><\/li>\n<li><a href=\"https:\/\/www.freiburg-schwarzwald.de\/blog\/religion\/kirchen\/muenster\/muensterstiftung\/\">Wie Spenden und Stiftungen das Freiburger M\u00fcnster \u00fcber Jahrhunderte finanzierten<\/a>\u00a0(8.12.2025)<\/li>\n<li><a href=\"https:\/\/www.freiburg-schwarzwald.de\/blog\/bill-gates-regiert-in-berlin-mit\/\">Bill Gates regiert in Berlin mit<\/a> (21.9.2022)<\/li>\n<li><a href=\"https:\/\/www.freiburg-schwarzwald.de\/blog\/engagement\/zukunft\/demokratie\/demokratiefoerderung\/\">Sch\u00f6pflin Stiftung 20 Jahre: \u201eWir wollen Neues ansto\u00dfen\u201c<\/a> (20.9.2022)<\/li>\n<li><a href=\"https:\/\/www.freiburg-schwarzwald.de\/blog\/natur\/naturschutz\/\">Natur-Zuerst.de: Stiftung von Wolfgang Ambach aus Schallstadt<\/a> (19.9.2022)<\/li>\n<li><a href=\"https:\/\/www.freiburg-schwarzwald.de\/blog\/global\/globalisierung\/soros\/\">George Soros: Der Mann hinter dem Vorhang<\/a>\u00a0(1.4.2022)<\/li>\n<li><a href=\"https:\/\/www.freiburg-schwarzwald.de\/blog\/global\/deutschland\/gesellschaft\/zivilgesellschaft\/\">Sichtbar-gierige H\u00e4nde: Zivilgesellschaftliche Organisationen<\/a>\u00a0(4.2.2022)<\/li>\n<li><a href=\"https:\/\/www.freiburg-schwarzwald.de\/blog\/business\/gesund\/who\/\">Bill Gates \u2013 Corona \u2013 Medien \u2013 WHO Interessenkonflikt<\/a>\u00a0(26.1.2022)<\/li>\n<li><a title=\"1000 Euro zum Gesellenbrief\" href=\"https:\/\/www.freiburg-schwarzwald.de\/blog\/1000-euro-zum-gesellenbrief\/\">1000 Euro zum Gesellenbrief des Handwerks<\/a>\u00a0(23.9.2020)<\/li>\n<li><a title=\"Corona-NGO\" href=\"https:\/\/www.freiburg-schwarzwald.de\/blog\/business\/gesund\/corona-virus\/80377-2\/\">Soros unterst\u00fctzt den Spiegel mit 2,3 Mio Euro<\/a>\u00a0(17.4.2020)<\/li>\n<li><a href=\"https:\/\/www.freiburg-schwarzwald.de\/blog\/vereine\/ngo\/aktivisten\/\">Amadeu Antonio Stiftung<\/a>\u00a0(24.7.2019)<\/li>\n<li><a href=\"https:\/\/www.freiburg-schwarzwald.de\/blog\/kant-weltbuergerpreis-uni-fr\/\">https:\/\/www.freiburg-schwarzwald.de\/blog\/kant-weltbuergerpreis-uni-fr\/<\/a>\u00a0(18.4.2014)<\/li>\n<li><a href=\"https:\/\/www.freiburg-schwarzwald.de\/blog\/artur-fischer-erfinderpreis-2013\/\">https:\/\/www.freiburg-schwarzwald.de\/blog\/artur-fischer-erfinderpreis-2013\/<\/a>\u00a0(18.7.2013)<\/li>\n<li><\/li>\n<li>Allgemein &#8211; Stiftungen<\/li>\n<li><a title=\"Stiftungsverwaltung-Freiburg\" href=\"https:\/\/www.freiburg-schwarzwald.de\/blog\/business\/stiftungen\/stiftungsverwaltung-freiburg\/\">Adelhausenstiftung<\/a><\/li>\n<li><a href=\"https:\/\/www.freiburg-schwarzwald.de\/blog\/vereine\/ngo\/aktivisten\/\">Amadeu Antonio Stiftung<\/a>\u00a0(24.7.2019)<\/li>\n<li>Verzeichnis aller Stiftungen im Regierungsbezirk Freiburg<\/li>\n<li><a href=\"https:\/\/www.freiburg-schwarzwald.de\/stiftungen.htm#Achim-Stocker-Stiftung in Freiburg\">Achim-Stocker-Stiftung in Freiburg<\/a><\/li>\n<li><a href=\"https:\/\/www.freiburg-schwarzwald.de\/stiftungen.htm#Amber Foundation in Freiburg\">Amber Foundation in Freiburg<\/a><\/li>\n<li><a href=\"https:\/\/www.freiburg-schwarzwald.de\/stiftungen.htm#Auerbach Stiftung\">Auerbach Stiftung<\/a><\/li>\n<li><a href=\"https:\/\/www.freiburg-schwarzwald.de\/stiftungen.htm#Baden-W\u00fcrttemberg-Stiftung - fr\u00fcher Landesstiftung\">Baden-W\u00fcrttemberg-Stiftung &#8211; fr\u00fcher Landesstiftung<\/a><\/li>\n<li><a href=\"https:\/\/www.freiburg-schwarzwald.de\/stiftungen.htm#Bertelsmann-Stiftung\">Bertelsmann-Stiftung<\/a><\/li>\n<li><a href=\"https:\/\/www.freiburg-schwarzwald.de\/stiftungen.htm#Bill &amp; Melinda-Gates-Stiftung - weltweit gr\u00f6\u00dfte Privatstiftung\">Bill &amp; Melinda-Gates-Stiftung &#8211; weltweit gr\u00f6\u00dfte Privatstiftung<\/a><\/li>\n<li><a href=\"https:\/\/www.freiburg-schwarzwald.de\/stiftungen.htm#BioMed - Technologiestiftung Freiburg\">BioMed &#8211; Technologiestiftung Freiburg<\/a><\/li>\n<li><a href=\"https:\/\/www.freiburg-schwarzwald.de\/littenweiler\/notdienste.htm#Bj\u00f6rn-Steiger-Stiftung\">Bj\u00f6rn-Steiger-Stiftung<\/a> &gt;Notdienste<\/li>\n<li><a href=\"https:\/\/www.freiburg-schwarzwald.de\/stiftungen.htm#B\u00fcrgerstiftungen\">B\u00fcrgerstiftungen<\/a><\/li>\n<li><a href=\"https:\/\/www.freiburg-schwarzwald.de\/stiftungen.htm#B\u00fcrgerstiftung Br\u00e4unlingen\">B\u00fcrgerstiftung Br\u00e4unlingen<\/a><\/li>\n<li><a href=\"https:\/\/www.freiburg-schwarzwald.de\/stiftungen.htm#B\u00fcrgerstiftung Ettenheim\">B\u00fcrgerstiftung Ettenheim<\/a><\/li>\n<li><a href=\"https:\/\/www.freiburg-schwarzwald.de\/littenweiler\/kirchzarten.htm#B\u00fcrgerstiftung Kirchzarten\">B\u00fcrgerstiftung Kirchzarten<\/a> &gt;Kirchzarten<\/li>\n<li><a href=\"https:\/\/www.freiburg-schwarzwald.de\/stiftungen.htm#B\u00fcrgerstiftung Lahr und Umgebung\">B\u00fcrgerstiftung Lahr und Umgebung<\/a><\/li>\n<li><a href=\"https:\/\/www.freiburg-schwarzwald.de\/stiftungen.htm#B\u00fcrgerstiftung L\u00f6rrach\">B\u00fcrgerstiftung L\u00f6rrach<\/a><\/li>\n<li><a href=\"https:\/\/www.freiburg-schwarzwald.de\/stiftungen.htm#B\u00fcrgerstiftung Rheinfelden\">B\u00fcrgerstiftung Rheinfelden<\/a><\/li>\n<li><a href=\"https:\/\/www.freiburg-schwarzwald.de\/stiftungen.htm#B\u00fcrgerstiftung Titisee-Neustadt\">B\u00fcrgerstiftung Titisee-Neustadt<\/a><\/li>\n<li><a href=\"https:\/\/www.freiburg-schwarzwald.de\/stiftungen.htm#B\u00fcrgerstiftung Weil am Rhein\">B\u00fcrgerstiftung Weil am Rhein<\/a><\/li>\n<li><a href=\"https:\/\/www.freiburg-schwarzwald.de\/stiftungen.htm#B\u00fcrgerstiftung Soziales Freiburg\">B\u00fcrgerschaftsstiftung Soziales Freiburg<\/a><\/li>\n<li><a href=\"https:\/\/www.freiburg-schwarzwald.de\/bonndorf1.htm#B\u00fcrgerstiftung Bonndorf macht unb\u00fcrokratische Hilfe m\u00f6glich\">B\u00fcrgerstiftung Bonndorf macht unb\u00fcrokratische Hilfe m\u00f6glich<\/a>\u00a0&gt;Bonndorf1 (30.7.2005)<\/li>\n<li><a href=\"https:\/\/www.freiburg-schwarzwald.de\/stiftungen.htm#Carl-Theodor-Welcker-Stiftung\">Carl-Theodor-Welcker-Stiftung<\/a><\/li>\n<li><a href=\"https:\/\/www.freiburg-schwarzwald.de\/eu.htm#CEP - Centrum f\u00fcr Europ\u00e4ische Politik in Freiburg\">CEP &#8211; Centrum f\u00fcr Europ\u00e4ische Politik in Freiburg<\/a> &gt;EU<\/li>\n<li><a title=\"Corona-NGO\" href=\"https:\/\/www.freiburg-schwarzwald.de\/blog\/business\/gesund\/corona-virus\/80377-2\/\">Corona-NGO<\/a><\/li>\n<li><a href=\"https:\/\/www.freiburg-schwarzwald.de\/littenweiler\/einewelt.htm#Boeselager Stiftung - Osteuropa-Hilfe e.V.\">Csilla von Boeselager-Stiftung<\/a> &gt;Freiburg-Dreisamtal.de\/EineWelt<\/li>\n<li><a href=\"https:\/\/www.freiburg-schwarzwald.de\/stiftungen.htm#Dominik-Brunner-Stiftung - Zivilcourage f\u00fcr Alle\">Dominik-Brunner-Stiftung &#8211; Zivilcourage f\u00fcr Alle<\/a><\/li>\n<li><a href=\"https:\/\/www.freiburg-schwarzwald.de\/littenweiler\/umwelt.htm#ECO-Stiftung\">ECO-Stiftung f\u00fcr Energie-Klima-Umwelt in Gundelfingen<\/a> &gt;Umwelt<\/li>\n<li><a href=\"https:\/\/www.freiburg-schwarzwald.de\/stiftungen.htm#Emmendinger B\u00fcrgerstiftung\">Emmendinger B\u00fcrgerstiftung<\/a><\/li>\n<li><a title=\"Eugen-Martin-Stiftung\" href=\"https:\/\/www.freiburg-schwarzwald.de\/blog\/business\/stiftungen\/eugen-martin-stiftung\/\">Eugen-Martin-Stiftung in Freiburg<\/a><\/li>\n<li><a href=\"https:\/\/www.freiburg-schwarzwald.de\/eu.htm#FEFA: Fondation Entente Franco Allemande - Stiftung zur Verst\u00e4ndigung\">FEFA: Fondation Entente Franco Allemande &#8211; Stiftung zur Verst\u00e4ndigung<\/a> &gt;EU<\/li>\n<li><a href=\"https:\/\/www.freiburg-schwarzwald.de\/stiftungen.htm#Franz-K\u00f6berle-Stiftung in Au\">Franz-K\u00f6berle-Stiftung in Au<\/a><\/li>\n<li><a href=\"https:\/\/www.freiburg-schwarzwald.de\/stiftungen.htm#Freiburger B\u00fcrgerstiftung\">Freiburger B\u00fcrgerstiftung<\/a><\/li>\n<li><a href=\"https:\/\/www.freiburg-schwarzwald.de\/littenweiler\/universitaet.htm#Freunde der Universit\u00e4t Freiburg\">Freunde der Universit\u00e4t Freiburg e.V.<\/a> &gt;Universitaet<\/li>\n<li><a href=\"https:\/\/www.freiburg-schwarzwald.de\/stiftungen.htm#Fritz-Berger-Stiftung in L\u00f6rrach\">Fritz-Berger-Stiftung in L\u00f6rrach<\/a><\/li>\n<li><a href=\"https:\/\/www.freiburg-schwarzwald.de\/stiftungen.htm#Fritz-Munder-Stiftung\">Fritz-Munder-Stiftung<\/a><\/li>\n<li><a href=\"https:\/\/www.freiburg-schwarzwald.de\/littenweiler\/solar.htm#Georg-Salvamoser-Stiftung - Georg-Salvamoser-Preis\">Georg-Salvamoser-Stiftung &#8211; Georg-Salvamoser-Preis<\/a> &gt;Solar<\/li>\n<li>Hanns-Langendorff-Stiftung (Strahlenschutz)<\/li>\n<li><a href=\"https:\/\/www.freiburg-schwarzwald.de\/stiftungen.htm#Heinrich-Zimmerlin-Stiftung in B\u00f6tzingen\">Heinrich-Zimmerlin-Stiftung in B\u00f6tzingen<\/a><\/li>\n<li><a href=\"https:\/\/www.freiburg-schwarzwald.de\/stiftungen.htm#Humanismus heute - Stiftung in Freiburg\">Humanismus heute &#8211; Stiftung in Freiburg<\/a><\/li>\n<li><a href=\"https:\/\/www.freiburg-schwarzwald.de\/stiftungen.htm#Ida-und-Otto-Chelius-Stiftung in Freiburg\">Ida-und-Otto-Chelius-Stiftung in Freiburg<\/a><\/li>\n<li><a href=\"https:\/\/www.freiburg-schwarzwald.de\/zukunft1.htm#Immler-Gro\u00dffamilien-Stiftung Isny - Mietpreis ein Euro\">Immler-Gro\u00dffamilien-Stiftung Isny &#8211; Mietpreis ein Euro f\u00fcr Kinderreiche<\/a> &gt;Zukunft1 (23.3.2005)<\/li>\n<li><a href=\"https:\/\/www.freiburg-schwarzwald.de\/jerusalem\/jerusalem3.htm#erusalem-Stiftung von Pfarrer Ivan Hoyanic aus H\u00f6chenschwand\">Jerusalem-Stiftung von Pfarrer Ivan Hoyanic aus H\u00f6chenschwand<\/a>\u00a0&gt;Jerusalem3 (7.1.2005)<\/li>\n<li>Kantstiftung: <a href=\"https:\/\/www.freiburg-schwarzwald.de\/blog\/kant-weltbuergerpreis-uni-fr\/\">https:\/\/www.freiburg-schwarzwald.de\/blog\/kant-weltbuergerpreis-uni-fr\/<\/a><\/li>\n<li><a href=\"https:\/\/www.freiburg-schwarzwald.de\/stiftungen1.htm#Leo-Ricker-Stiftung unterst\u00fctzt 17 neue Freiburger Studenten mit 350 Euro\">Leo-Ricker-Stiftung unterst\u00fctzt 17 neue Studenten mit 350 Euro<\/a>\u00a0&gt;Stiftungen1 (8.12.2005)<\/li>\n<li><a href=\"https:\/\/www.freiburg-schwarzwald.de\/stiftungen.htm#Lucy - Stiftung und Hilfswerk in Breisach\">Lucy &#8211; Stiftung und Hilfswerk in Breisach<\/a> &gt;Stiftungen<\/li>\n<li><a href=\"https:\/\/www.freiburg-schwarzwald.de\/stiftungen.htm#Messmer Foundation in Emmendingen\">Messmer Foundation in Emmendingen<\/a><\/li>\n<li>Michael-Denzlinger-Stiftung in Hochdorf (bed\u00fcrftige \u00e4ltere B\u00fcrger)<\/li>\n<li><a href=\"https:\/\/www.freiburg-schwarzwald.de\/blog\/religion\/kirchen\/muenster\/muensterstiftung\/\">M\u00fcnsterstiftung<\/a><\/li>\n<li><a href=\"https:\/\/www.freiburg-schwarzwald.de\/globalisierung.htm#Keine Alternative zu ethischem Handeln - Novartis Stiftung\">Novartis Stiftung: Keine Alternative zu ethischem Handeln<\/a> &gt;Globalisierung (2.2.2008)<\/li>\n<li><a href=\"https:\/\/www.freiburg-schwarzwald.de\/littenweiler\/universitaet.htm#Neue Universit\u00e4tsstiftung Freiburg\">Neue Universit\u00e4tsstiftung Freiburg<\/a> &gt;Universitaet<\/li>\n<li><a href=\"https:\/\/www.freiburg-schwarzwald.de\/stiftungen.htm#Offenburger B\u00fcrgerstiftung St. Andreas\">Offenburger B\u00fcrgerstiftung St. Andreas<\/a><\/li>\n<li><a href=\"https:\/\/www.freiburg-schwarzwald.de\/stiftungen.htm#Paul-Mathis-Stiftung\">Paul-Mathis-Stiftung in Merdingen<\/a><\/li>\n<li><a href=\"https:\/\/www.freiburg-schwarzwald.de\/familie3.htm#Stiftung Ravensburger Verlag - Ravensburger Elternsurvey 2010\">Ravensburger Verlag Stiftung &#8211; Ravensburger Elternsurvey 2010<\/a>\u00a0&gt;Familie3<\/li>\n<li><a href=\"https:\/\/www.freiburg-schwarzwald.de\/stiftungen2.htm#Rita-Schneider-Stiftung: 8500 Euro f\u00fcr S\u00fcdwind, Tafel und Vabe\">Rita-Schneider-Stiftung: 8500 Euro f\u00fcr S\u00fcdwind, Tafel und Vabe<\/a> &gt;Stiftungen2 (29.12.2010)<\/li>\n<li><a href=\"https:\/\/www.freiburg-schwarzwald.de\/blog\/engagement\/zukunft\/demokratie\/demokratiefoerderung\/\">Sch\u00f6pflin Stiftung in L\u00f6rrach<\/a><\/li>\n<li><a href=\"https:\/\/www.freiburg-schwarzwald.de\/stiftungen.htm#Steinbeis-Stiftung: F\u00f6rderung der mittelst\u00e4ndischen Wirtschaft seit 1971\">Steinbeis-Stiftung: F\u00f6rderung der mittelst\u00e4ndischen Wirtschaft seit 1971<\/a><\/li>\n<li><a href=\"https:\/\/www.freiburg-schwarzwald.de\/stiftungen.htm#Step-Stiftung in Freiburg\">Step-Stiftung in Freiburg &#8211; Kinderhilfe Thailand<\/a> &gt;Stiftungen<\/li>\n<li><a href=\"https:\/\/www.freiburg-schwarzwald.de\/teningen.htm#STIFTUNG BR\u00dcCKE in Teningen\">STIFTUNG BR\u00dcCKE in Teningen<\/a> &gt;Teningen<\/li>\n<li><a title=\"Stiftungsverwaltung-Freiburg\" href=\"https:\/\/www.freiburg-schwarzwald.de\/blog\/business\/stiftungen\/stiftungsverwaltung-freiburg\/\">Stiftungsverwaltung Freiburg &#8211; Heiliggeiststiftung<\/a><\/li>\n<li><a href=\"https:\/\/www.freiburg-schwarzwald.de\/littenweiler\/caritaswerkstaetten.htm#Stiftung zur F\u00f6rderung behinderter Menschen 25 Jahre\">Stiftung zur F\u00f6rderung behinderter Menschen<\/a> &gt;Caritaswerkstaetten<\/li>\n<li><a href=\"https:\/\/www.freiburg-schwarzwald.de\/stiftungen.htm#Stiftung Freiburger M\u00fcnster\">Stiftung Freiburger M\u00fcnster<\/a><\/li>\n<li><a href=\"https:\/\/www.freiburg-schwarzwald.de\/stiftungen.htm#Stiftung Interkultur\">Stiftung Interkultur: Interkulturelle G\u00e4rten<\/a><\/li>\n<li><a href=\"https:\/\/www.freiburg-schwarzwald.de\/littenweiler\/solar.htm#Stiftung-Solarennergie.de\">Stiftung Solarenergie<\/a> &gt;Freiburg-Dreisamtal.de\/Solar<\/li>\n<li><a href=\"https:\/\/www.freiburg-schwarzwald.de\/littenweiler\/waldhaus.htm\">Stiftung Waldhaus<\/a> &gt;Waldhaus<\/li>\n<li><a href=\"https:\/\/www.freiburg-schwarzwald.de\/verbraucher.htm#Stiftung Warentest\">Stiftung Warentest<\/a> &gt;Verbraucher<\/li>\n<li><a href=\"https:\/\/www.freiburg-schwarzwald.de\/stiftungen.htm#Stiftung Zukunftserbe zur Nachhaltigkeit\">Stiftung Zukunftserbe zur Nachhaltigkeit<\/a> &gt;Stiftungen<\/li>\n<li><a href=\"https:\/\/www.freiburg-schwarzwald.de\/littenweiler\/theater.htm#Theaterstiftung der Theaterfreunde Freiburg\">Theaterstiftung der Theaterfreunde Freiburg<\/a> &gt;Theater<\/li>\n<li><a href=\"https:\/\/www.freiburg-schwarzwald.de\/stiftungen.htm#Thomas-Staebe-Stiftung in Freiburg\">Thomas-Staebe-Stiftung in Freiburg<\/a><\/li>\n<li><a href=\"https:\/\/www.freiburg-schwarzwald.de\/stiftungen.htm#Viamedica - Stiftung f\u00fcr eine gesunde Medizin in Freiburg\">Viamedica &#8211; Stiftung f\u00fcr eine gesunde Medizin in Freiburg<\/a><\/li>\n<li><a href=\"https:\/\/www.freiburg-schwarzwald.de\/stiftungen2.htm#Waiserhausstiftung: Fr\u00fcher Waisen, heute Sozialwaisen\">Waiserhausstiftung: Fr\u00fcher Waisen, heute Sozialwaisen<\/a> &gt;Stiftungen2 (23.10.2008)<\/li>\n<li><a href=\"https:\/\/www.freiburg-schwarzwald.de\/familie3.htm#Wei\u00dfk\u00f6ppel-Stiftung Kirchzarten hilft Kindern und Familien\">Wei\u00dfk\u00f6ppel-Stiftung Kirchzarten hilft Kindern und Familien <\/a>&gt;Familie3 (8.12.2011)<\/li>\n<li><a href=\"https:\/\/www.freiburg-schwarzwald.de\/stiftungen.htm#Wilhelm-Oberle-Stiftung in Staufen\">Wilhelm-Oberle-Stiftung in Staufen<\/a> (7.5.2005)<\/li>\n<li><a href=\"https:\/\/www.freiburg-schwarzwald.de\/winnenden.htm#Aktionsb\u00fcndnis Amoklauf Winnenden\">Winnenden &#8211; Aktionsb\u00fcndnis und Stiftung gegen Gewalt<\/a> &gt;Winnenden<\/li>\n<li><a href=\"https:\/\/www.freiburg-schwarzwald.de\/blog\/global\/deutschland\/gesellschaft\/zivilgesellschaft\/\">Zivilgesellschaft<\/a><\/li>\n<\/ul>\n<p>&nbsp;<\/p>\n<p>&nbsp;<\/p>\n<p><strong>Stiftungen allgemein<\/strong><br \/>\nStiftungen sind Einrichtungen, die mit Hilfe eines Verm\u00f6gens einen vom Stifter bestimmten Zweck verfolgen sollen. Das k\u00f6nnen sie als eigene Rechtspersonen tun oder als Treuh\u00e4nder. Stiftungen k\u00f6nnen zu jedem legalen Zweck errichtet werden, der das Gemeinwohl nicht gef\u00e4hrdet.<br \/>\nQuelle: Bundesverband Deutscher Stiftungen: <a href=\"https:\/\/www.stiftungskongress.de\/\">www.stiftungskongress.de<\/a> \u00a0bzw. <a href=\"https:\/\/www.stiftungen.org\/\">www.stiftungen.org<\/a><\/p>\n<p><strong><a name=\"Verzeichnis aller Stiftungen im Regierungsbezirk Freiburg\"><\/a>Verzeichnis aller Stiftungen im Regierungsbezirk Freiburg<br \/>\n<\/strong>Das Regierungspr\u00e4sidium Freiburg ist Stiftungsbeh\u00f6rde. Zu den gesetzlichen Aufgaben geh\u00f6rt die Anerkennung von rechtsf\u00e4higen Stiftungen, die Rechtsaufsicht \u00fcber bestehende Stiftungen sowie die F\u00fchrung des amtlichen Stiftungsverzeichnisses. Wir verstehen unsere Aufgabenerf\u00fcllung vorrangig als Dienstleistung. &#8230;.<br \/>\nBeim Regierungspr\u00e4sidium Freiburg wird ein amtliches Verzeichnis der Stiftungen gef\u00fchrt, die ihren Sitz im Regierungsbezirk Freiburg haben. Aufgenommen sind alle rechtsf\u00e4higen Stiftungen mit Ausnahme der kirchlichen Stiftungen. Einsicht ist jedermann gestattet&#8220;<br \/>\n<a href=\"https:\/\/www.rp.baden-wuerttemberg.de\/servlet\/PB\/menu\/1110414\/index.html\">www.rp.baden-wuerttemberg.de\/servlet\/PB\/menu\/1110414\/index.html<\/a><\/p>\n","protected":false},"excerpt":{"rendered":"<p>Home &gt;Business &gt;Stiftungen &nbsp; Listenauswahl eines Beitrags (Artikel\/Datum, Seite\/Inhalt):\u00a0Klicken\u00a0oder scrollen Wie Spenden und Stiftungen das Freiburger M\u00fcnster \u00fcber Jahrhunderte finanzierten\u00a0(8.12.2025) Bill Gates regiert in Berlin mit (21.9.2022) Sch\u00f6pflin Stiftung 20 Jahre: \u201eWir wollen Neues ansto\u00dfen\u201c (20.9.2022) Natur-Zuerst.de: Stiftung von Wolfgang &hellip; <a href=\"https:\/\/www.freiburg-schwarzwald.de\/blog\/business\/stiftungen\/\">Weiterlesen <span class=\"meta-nav\">&rarr;<\/span><\/a><\/p>\n","protected":false},"author":2,"featured_media":0,"parent":13,"menu_order":0,"comment_status":"open","ping_status":"closed","template":"","meta":{"footnotes":""},"class_list":["post-1400","page","type-page","status-publish","hentry"],"_links":{"self":[{"href":"https:\/\/www.freiburg-schwarzwald.de\/blog\/wp-json\/wp\/v2\/pages\/1400","targetHints":{"allow":["GET"]}}],"collection":[{"href":"https:\/\/www.freiburg-schwarzwald.de\/blog\/wp-json\/wp\/v2\/pages"}],"about":[{"href":"https:\/\/www.freiburg-schwarzwald.de\/blog\/wp-json\/wp\/v2\/types\/page"}],"author":[{"embeddable":true,"href":"https:\/\/www.freiburg-schwarzwald.de\/blog\/wp-json\/wp\/v2\/users\/2"}],"replies":[{"embeddable":true,"href":"https:\/\/www.freiburg-schwarzwald.de\/blog\/wp-json\/wp\/v2\/comments?post=1400"}],"version-history":[{"count":5,"href":"https:\/\/www.freiburg-schwarzwald.de\/blog\/wp-json\/wp\/v2\/pages\/1400\/revisions"}],"predecessor-version":[{"id":142649,"href":"https:\/\/www.freiburg-schwarzwald.de\/blog\/wp-json\/wp\/v2\/pages\/1400\/revisions\/142649"}],"up":[{"embeddable":true,"href":"https:\/\/www.freiburg-schwarzwald.de\/blog\/wp-json\/wp\/v2\/pages\/13"}],"wp:attachment":[{"href":"https:\/\/www.freiburg-schwarzwald.de\/blog\/wp-json\/wp\/v2\/media?parent=1400"}],"curies":[{"name":"wp","href":"https:\/\/api.w.org\/{rel}","templated":true}]}}