{"id":13904,"date":"2012-10-27T17:42:20","date_gmt":"2012-10-27T15:42:20","guid":{"rendered":"https:\/\/www.freiburg-schwarzwald.de\/blog\/?page_id=13904"},"modified":"2025-07-17T18:16:12","modified_gmt":"2025-07-17T16:16:12","slug":"lindenberg","status":"publish","type":"page","link":"https:\/\/www.freiburg-schwarzwald.de\/blog\/regio\/berge\/lindenberg\/","title":{"rendered":"Lindenberg"},"content":{"rendered":"<p>Home &gt;<a title=\"Regio\" href=\"https:\/\/www.freiburg-schwarzwald.de\/blog\/regio\/\">Regio<\/a> &gt;<a title=\"Berge\" href=\"https:\/\/www.freiburg-schwarzwald.de\/blog\/regio\/berge\/\">Berge<\/a> &gt;<a title=\"StPeter\" href=\"https:\/\/www.freiburg-schwarzwald.de\/blog\/regio\/orte\/stpeter\/\">StPeter<\/a> &gt;Lindenberg<\/p>\n<div id=\"attachment_13907\" style=\"width: 650px\" class=\"wp-caption alignnone\"><a href=\"https:\/\/www.freiburg-schwarzwald.de\/blog\/regio\/berge\/lindenberg\/stpeter3lindenberg-pan121023\/\" rel=\"attachment wp-att-13907\"><img loading=\"lazy\" decoding=\"async\" aria-describedby=\"caption-attachment-13907\" class=\" wp-image-13907 \" title=\"stpeter3lindenberg-pan121023\" src=\"https:\/\/www.freiburg-schwarzwald.de\/blog\/wp-content\/uploads\/2012\/10\/stpeter3lindenberg-pan121023.jpg\" alt=\"\" width=\"640\" height=\"218\" srcset=\"https:\/\/www.freiburg-schwarzwald.de\/blog\/wp-content\/uploads\/2012\/10\/stpeter3lindenberg-pan121023.jpg 640w, https:\/\/www.freiburg-schwarzwald.de\/blog\/wp-content\/uploads\/2012\/10\/stpeter3lindenberg-pan121023-180x61.jpg 180w\" sizes=\"auto, (max-width: 640px) 100vw, 640px\" \/><\/a><p id=\"caption-attachment-13907\" class=\"wp-caption-text\">Blick nach S\u00fcden \u00fcber Lindenberg-Kirche und Dreisamtal-nebel zum Schauinsland am 23.10.2012<\/p><\/div>\n<ul>\n<li><em>Listenauswahl eines Beitrags (Artikel\/Datum, Seite\/Inhalt): <span style=\"text-decoration: underline;\">Klicken<\/span> oder scrollen<\/em><\/li>\n<li>Beten f\u00fcr den Frieden, rund um die Uhr \u2013 was treibt die Gebetsw\u00e4chter vom Lindenberg bei St. Peter an? (16.7.2025)<\/li>\n<li><a href=\"https:\/\/www.freiburg-schwarzwald.de\/blog\/regio\/orte\/unteribental\/\">Melcherhof: Ein neues Domizil f\u00fcr junge Musizierende<\/a>\u00a0(7.5.2024)<\/li>\n<li>Mehr als 60 Jahre lang Gebetswache in der Kirche am Lindenberg (21.11.2015)<\/li>\n<li><a href=\"https:\/\/www.freiburg-schwarzwald.de\/lindenberg.htm\">www.freiburg-schwarzwald.de\/lindenberg.htm<\/a> &gt;Archivseite Lindenberg<\/li>\n<li><a href=\"https:\/\/www.freiburg-schwarzwald.de\/lindenberg-kreuzweg.htm#Fu\u00dfwallfahrt\">https:\/\/www.freiburg-schwarzwald.de\/lindenberg-kreuzweg.htm<\/a>\u00a0&gt;Archivseite<\/li>\n<li><a href=\"https:\/\/www.freiburg-schwarzwald.de\/lindenberg#Lindenbergstrasse in St. Peter\">Lindenbergstrasse von St.Peter zum Lindenberg<\/a><\/li>\n<li><a href=\"https:\/\/www.freiburg-schwarzwald.de\/lindenberg#Lindenberg - Sonne \u00fcber dem Nebel\">Lindenberg &#8211; Sonne \u00fcber dem Nebel<\/a><\/li>\n<li><a href=\"https:\/\/www.freiburg-schwarzwald.de\/stpeter-gasthaus.htm#Maria Lindenberg bei St. Peter\">Lindenberg, Pilgergastst\u00e4tte bei St. Peter<\/a> &gt;StPeter-Gasthaus<\/li>\n<li><a href=\"https:\/\/www.freiburg-schwarzwald.de\/lindenberg#Wallfahrtskirche Maria Lindenberg\">Wallfahrtskirche Maria Lindenberg<\/a>\u00a0&gt;Lindenberg<\/li>\n<li><a href=\"https:\/\/www.freiburg-schwarzwald.de\/littenweiler\/dreisamtal.htm#Kapellenweg Dreisamtal\">Dreisamt\u00e4ler Kapellenweg<\/a> &gt;Dreisamtal<\/li>\n<li><a href=\"https:\/\/www.freiburg-schwarzwald.de\/stpeter5.htm#Eckpeterhof beim Lindenberg\">Eckpeterhof am Lindenberg Osthang<\/a> &gt;StPeter5<\/li>\n<li><a href=\"https:\/\/www.freiburg-schwarzwald.de\/lindenberg#Dreik\u00f6nigsgottesdienst mit Trachtensingruppe Buchenbach\">Dreik\u00f6nigsgottesdienst mit Trachtensinggruppe Buchenbach<\/a> &gt;Lindenberg (6.1.2008)<\/li>\n<li><a href=\"https:\/\/www.freiburg-schwarzwald.de\/lindenberg.htm#Dreistimmiges Gel\u00e4ut zu Ehren der Muttergottes\">Dreistimmiges Gel\u00e4ut zu Ehren der Muttergottes<\/a> &gt;Lindenberg (24.12.2009)<\/li>\n<li><a href=\"https:\/\/www.freiburg-schwarzwald.de\/brauchtum3.htm#Hirschmendig am Montag nach Fasnacht: An Hirschseuche erinnern\">Hirschmendig am Montag nach Fasnacht: An Hirschseuche erinnern<\/a> &gt;Brauchtum3 (24.2.12)<\/li>\n<li><a href=\"https:\/\/www.freiburg-schwarzwald.de\/rechtenbach1.htm#Vom Rechtenbachtal \u00fcber die Schw\u00e4rzlehofkapelle zum Lindenberg\">Vom Rechtenbachtal \u00fcber die Schw\u00e4rzlehofkapelle zum Lindenberg<\/a> &gt;Rechtenbach1 (1.11.2011)<\/li>\n<li><a href=\"https:\/\/www.freiburg-schwarzwald.de\/lindenberg-kreuzweg.htm#Fu\u00dfwallfahrt vom Gallihof zum Lindenberg am 15.6.2011\">Fu\u00dfwallfahrt vom Gallihof zum Lindenberg am 15.6.2011<\/a> &gt;Lindenberg-Kreuzweg (9.6.2011)<\/li>\n<li><a href=\"https:\/\/www.freiburg-schwarzwald.de\/littenweiler\/eschbach2.htm#Die Wallfahrtsmadonna vom Lindenberg erstrahlt in neuem Glanz\">Die Wallfahrtsmadonna vom Lindenberg erstrahlt in neuem Glanz<\/a> &gt;Eschbach2 (7.9.2009)<\/li>\n<li><a href=\"https:\/\/www.freiburg-schwarzwald.de\/krippen.htm#Krippen aus vielen Kontinenten in Maria Lindenberg\">Krippen aus vielen Kontinenten in Maria Lindenberg<\/a> &gt;Krippen (29.11.2008)<\/li>\n<li><a href=\"https:\/\/www.freiburg-schwarzwald.de\/kirchhofen1.htm#42 km mit Pilgerkreuz: Kirchhofen - Schauinsland - Kirchzarten - St.Peter\">42 km mit Pilgerkreuz: Kirchhofen &#8211; Schauinsland &#8211; Kirchzarten &#8211; St.Peter<\/a> &gt;Kirchhofen1 (17.6.08)<\/li>\n<li><a href=\"https:\/\/www.freiburg-schwarzwald.de\/stpeter5.htm#Renzenhof am Lindenberg\">Renzenhof am Lindenberg<\/a> &gt;StPeter5<\/li>\n<li><a href=\"https:\/\/www.freiburg-schwarzwald.de\/mtb-stpeter.htm#Schw\u00e4rzlehofkapelle am Weg von Rechtenbach zum Lindenberg\">Schw\u00e4rzlehofkapelle am Weg von Rechtenbach zum Lindenberg<\/a> &gt;MTB-StPeter<\/li>\n<li><a href=\"https:\/\/www.freiburg-schwarzwald.de\/stpeterfewo.htm#Haus Scherer am Lindenberg\">Scherer-Hof am Lindenberg<\/a> &gt;StPeterFewo<\/li>\n<li><a href=\"https:\/\/www.freiburg-schwarzwald.de\/lindenberg-kreuzweg.htm\">\u00d6kumenischer Kreuzweg vom Unteribental zum Lindenberg<\/a> &gt;Lindenberg-Kreuzweg (16.3.2008)<\/li>\n<li><a href=\"https:\/\/www.freiburg-schwarzwald.de\/littenweiler\/unteribental.htm#Lindenberg-Rundweg vom Gummenwald aus\">Lindenberg-Rundweg vom Gummenwald aus<\/a> &gt;Unteribental (27.8.2007)<\/li>\n<li><a href=\"https:\/\/www.freiburg-schwarzwald.de\/lindenberg.htm#Historischer Pilgerpfad\u00a0 - Stationenweg zum Lindenberg\">Historischer Pilgerpfad\u00a0 &#8211; Stationenweg zum Lindenberg<\/a> (28.6.2007)<\/li>\n<li><a href=\"https:\/\/www.freiburg-schwarzwald.de\/lindenberg#Wanderung aus dem Ibental auf den Lindenberg\">Wanderung aus dem Ibental auf den Lindenberg<\/a> (31.8.2006)<\/li>\n<li><\/li>\n<li>Lindenberg &#8211; Aussichtsterrasse<\/li>\n<li>Der Brunnen bei der Kirche am Lindenberg<\/li>\n<li>Kreuzweg vom Ibental hoch auf den Lindenberg<\/li>\n<li><a href=\"https:\/\/www.freiburg-schwarzwald.de\/stpeter-hochgericht.htm#Hochgericht - Anh\u00f6he zwischen St.Peter und Lindenberg\">Hochgericht &#8211; Anh\u00f6he zwischen St.Peter und Lindenberg<\/a> &gt;StPeter-Hochgericht<\/li>\n<li><a href=\"https:\/\/www.freiburg-schwarzwald.de\/rollstuhl.htm\">Rollstuhlfahren im Schwarzwald<\/a> &gt;Rollstuhl<\/li>\n<li><a href=\"https:\/\/www.freiburg-schwarzwald.de\/blog\/regio\/orte\/unteribental\/\">Unteribental<\/a><\/li>\n<\/ul>\n<div id=\"attachment_42460\" style=\"width: 649px\" class=\"wp-caption alignnone\"><a href=\"https:\/\/www.freiburg-schwarzwald.de\/blog\/regio\/berge\/lindenberg\/lindenberg16nebel-dreisamtal-pan131212\/\" rel=\"attachment wp-att-42460\"><img loading=\"lazy\" decoding=\"async\" aria-describedby=\"caption-attachment-42460\" class=\" wp-image-42460 \" title=\"lindenberg16nebel-dreisamtal-pan131212\" src=\"https:\/\/www.freiburg-schwarzwald.de\/blog\/wp-content\/uploads\/2012\/10\/lindenberg16nebel-dreisamtal-pan131212.jpg\" alt=\"\" width=\"639\" height=\"256\" srcset=\"https:\/\/www.freiburg-schwarzwald.de\/blog\/wp-content\/uploads\/2012\/10\/lindenberg16nebel-dreisamtal-pan131212.jpg 639w, https:\/\/www.freiburg-schwarzwald.de\/blog\/wp-content\/uploads\/2012\/10\/lindenberg16nebel-dreisamtal-pan131212-180x72.jpg 180w\" sizes=\"auto, (max-width: 639px) 100vw, 639px\" \/><\/a><p id=\"caption-attachment-42460\" class=\"wp-caption-text\">Blick vom Lindenberg nach S\u00fcden \u00fcbers Nebelmeer des Dreisamtals zu Tote Mann mit Stollenbach (oben links) am 12.12.2013<\/p><\/div>\n<p>&nbsp;<\/p>\n<p><strong>Lindenberg &#8211; Aussichtsterrasse, Gastst\u00e4tte und Kirche<br \/>\n<\/strong>F\u00fcr viele Freiburger und Dreisamt\u00e4ler ist &#8222;der Lindenberg&#8220; bei St. Peter mehr als Wallfahrtskapelle und Gastst\u00e4tte. Ab und zu im Jahr mu\u00df man wieder mal oben sein, auf dem H\u00f6henr\u00fccken zwischen Eschbachtal und Ibental. Um von der sch\u00f6nen Aussichtsterrasse umher schauen zu k\u00f6nnen: Runter ins Dreisamtal, r\u00fcber nach Norden zum Kandel, hoch nach S\u00fcden zum Feldbergmassiv. Um die klare Lindenbergluft schnaufen zu k\u00f6nnen, \u00fcber der Nebelsuppe von Dreisam- und Rheintal. Und um sich dabei zu fragen: &#8222;Ja, wann war ich denn zum letzten Mal hier oben? &#8211; So lange her, wie schnell doch die Zeit vergeht.&#8220;<\/p>\n<h5>\n<a href=\"https:\/\/www.freiburg-schwarzwald.de\/blog\/regio\/berge\/lindenberg\/stpeter2lindenberg121023\/\" rel=\"attachment wp-att-13915\"><img loading=\"lazy\" decoding=\"async\" class=\"alignnone size-thumbnail wp-image-13915\" title=\"stpeter2lindenberg121023\" src=\"https:\/\/www.freiburg-schwarzwald.de\/blog\/wp-content\/uploads\/2012\/10\/stpeter2lindenberg121023-180x135.jpg\" alt=\"\" width=\"180\" height=\"135\" srcset=\"https:\/\/www.freiburg-schwarzwald.de\/blog\/wp-content\/uploads\/2012\/10\/stpeter2lindenberg121023-180x135.jpg 180w, https:\/\/www.freiburg-schwarzwald.de\/blog\/wp-content\/uploads\/2012\/10\/stpeter2lindenberg121023.jpg 640w\" sizes=\"auto, (max-width: 180px) 100vw, 180px\" \/><\/a>\u00a0\u00a0\u00a0\u00a0\u00a0\u00a0 \u00a0\u00a0\u00a0\u00a0 <a href=\"https:\/\/www.freiburg-schwarzwald.de\/blog\/regio\/berge\/lindenberg\/stpeter4lindenberg121023\/\" rel=\"attachment wp-att-13916\"><img loading=\"lazy\" decoding=\"async\" class=\"alignnone size-thumbnail wp-image-13916\" title=\"stpeter4lindenberg121023\" src=\"https:\/\/www.freiburg-schwarzwald.de\/blog\/wp-content\/uploads\/2012\/10\/stpeter4lindenberg121023-135x180.jpg\" alt=\"\" width=\"135\" height=\"180\" srcset=\"https:\/\/www.freiburg-schwarzwald.de\/blog\/wp-content\/uploads\/2012\/10\/stpeter4lindenberg121023-135x180.jpg 135w, https:\/\/www.freiburg-schwarzwald.de\/blog\/wp-content\/uploads\/2012\/10\/stpeter4lindenberg121023.jpg 480w\" sizes=\"auto, (max-width: 135px) 100vw, 135px\" \/><\/a>\u00a0\u00a0\u00a0\u00a0\u00a0\u00a0\u00a0\u00a0\u00a0\u00a0\u00a0\u00a0\u00a0\u00a0\u00a0\u00a0\u00a0\u00a0\u00a0\u00a0\u00a0\u00a0\u00a0\u00a0\u00a0 \u00a0<a href=\"https:\/\/www.freiburg-schwarzwald.de\/blog\/regio\/berge\/lindenberg\/stpeter5lindenberg121023\/\" rel=\"attachment wp-att-13917\"><img loading=\"lazy\" decoding=\"async\" class=\"alignnone size-thumbnail wp-image-13917\" title=\"stpeter5lindenberg121023\" src=\"https:\/\/www.freiburg-schwarzwald.de\/blog\/wp-content\/uploads\/2012\/10\/stpeter5lindenberg121023-180x135.jpg\" alt=\"\" width=\"180\" height=\"135\" srcset=\"https:\/\/www.freiburg-schwarzwald.de\/blog\/wp-content\/uploads\/2012\/10\/stpeter5lindenberg121023-180x135.jpg 180w, https:\/\/www.freiburg-schwarzwald.de\/blog\/wp-content\/uploads\/2012\/10\/stpeter5lindenberg121023.jpg 640w\" sizes=\"auto, (max-width: 180px) 100vw, 180px\" \/><\/a><br \/>\n(1) Blick nach S\u00fcden am 23.10.2012\u00a0\u00a0\u00a0\u00a0\u00a0 (2) Nebel steigt\u00a023.10.2012\u00a0\u00a0\u00a0\u00a0\u00a0\u00a0\u00a0\u00a0\u00a0\u00a0\u00a0\u00a0\u00a0\u00a0\u00a0\u00a0\u00a0\u00a0\u00a0\u00a0\u00a0\u00a0(3) Blick nach S\u00fcden ins Ibental<\/h5>\n<h5><a href=\"https:\/\/www.freiburg-schwarzwald.de\/blog\/regio\/berge\/lindenberg\/stpeter6lindenberg121023\/\" rel=\"attachment wp-att-13918\"><img loading=\"lazy\" decoding=\"async\" class=\"alignnone size-thumbnail wp-image-13918\" title=\"stpeter6lindenberg121023\" src=\"https:\/\/www.freiburg-schwarzwald.de\/blog\/wp-content\/uploads\/2012\/10\/stpeter6lindenberg121023-180x135.jpg\" alt=\"\" width=\"180\" height=\"135\" srcset=\"https:\/\/www.freiburg-schwarzwald.de\/blog\/wp-content\/uploads\/2012\/10\/stpeter6lindenberg121023-180x135.jpg 180w, https:\/\/www.freiburg-schwarzwald.de\/blog\/wp-content\/uploads\/2012\/10\/stpeter6lindenberg121023.jpg 640w\" sizes=\"auto, (max-width: 180px) 100vw, 180px\" \/><\/a>\u00a0\u00a0\u00a0\u00a0\u00a0\u00a0\u00a0 \u00a0\u00a0\u00a0 <a href=\"https:\/\/www.freiburg-schwarzwald.de\/blog\/regio\/berge\/lindenberg\/lindenberg1-131212\/\" rel=\"attachment wp-att-42389\"><img loading=\"lazy\" decoding=\"async\" class=\"alignnone size-thumbnail wp-image-42389\" title=\"lindenberg1-131212\" src=\"https:\/\/www.freiburg-schwarzwald.de\/blog\/wp-content\/uploads\/2012\/10\/lindenberg1-131212-180x135.jpg\" alt=\"\" width=\"180\" height=\"135\" srcset=\"https:\/\/www.freiburg-schwarzwald.de\/blog\/wp-content\/uploads\/2012\/10\/lindenberg1-131212-180x135.jpg 180w, https:\/\/www.freiburg-schwarzwald.de\/blog\/wp-content\/uploads\/2012\/10\/lindenberg1-131212-640x480.jpg 640w, https:\/\/www.freiburg-schwarzwald.de\/blog\/wp-content\/uploads\/2012\/10\/lindenberg1-131212.jpg 1000w\" sizes=\"auto, (max-width: 180px) 100vw, 180px\" \/><\/a>\u00a0\u00a0\u00a0\u00a0\u00a0\u00a0\u00a0\u00a0\u00a0\u00a0\u00a0 <a href=\"https:\/\/www.freiburg-schwarzwald.de\/blog\/regio\/berge\/lindenberg\/lindenberg17kirche131212\/\" rel=\"attachment wp-att-42398\"><img loading=\"lazy\" decoding=\"async\" class=\"alignnone size-thumbnail wp-image-42398\" title=\"lindenberg17kirche131212\" src=\"https:\/\/www.freiburg-schwarzwald.de\/blog\/wp-content\/uploads\/2012\/10\/lindenberg17kirche131212-180x135.jpg\" alt=\"\" width=\"180\" height=\"135\" srcset=\"https:\/\/www.freiburg-schwarzwald.de\/blog\/wp-content\/uploads\/2012\/10\/lindenberg17kirche131212-180x135.jpg 180w, https:\/\/www.freiburg-schwarzwald.de\/blog\/wp-content\/uploads\/2012\/10\/lindenberg17kirche131212.jpg 640w\" sizes=\"auto, (max-width: 180px) 100vw, 180px\" \/><\/a><br \/>\n(4) Blick zu Kirche und Pilgergastst\u00e4tte\u00a0\u00a0(5) Blick zum Lindenberg 12.12.2013\u00a0\u00a0\u00a0\u00a0 (6) Kirche um 13 Uhr am 12.12.2013<\/h5>\n<h5><a href=\"https:\/\/www.freiburg-schwarzwald.de\/blog\/regio\/berge\/lindenberg\/lindenberg3-nebel-feldberg131212\/\" rel=\"attachment wp-att-42391\"><img loading=\"lazy\" decoding=\"async\" class=\"alignnone size-thumbnail wp-image-42391\" title=\"lindenberg3-nebel-feldberg131212\" src=\"https:\/\/www.freiburg-schwarzwald.de\/blog\/wp-content\/uploads\/2012\/10\/lindenberg3-nebel-feldberg131212-180x135.jpg\" alt=\"\" width=\"180\" height=\"135\" srcset=\"https:\/\/www.freiburg-schwarzwald.de\/blog\/wp-content\/uploads\/2012\/10\/lindenberg3-nebel-feldberg131212-180x135.jpg 180w, https:\/\/www.freiburg-schwarzwald.de\/blog\/wp-content\/uploads\/2012\/10\/lindenberg3-nebel-feldberg131212-640x480.jpg 640w, https:\/\/www.freiburg-schwarzwald.de\/blog\/wp-content\/uploads\/2012\/10\/lindenberg3-nebel-feldberg131212.jpg 1000w\" sizes=\"auto, (max-width: 180px) 100vw, 180px\" \/><\/a>\u00a0\u00a0\u00a0\u00a0\u00a0\u00a0\u00a0\u00a0\u00a0\u00a0 <a href=\"https:\/\/www.freiburg-schwarzwald.de\/blog\/regio\/berge\/lindenberg\/lindenberg13nebel-dreisamtal131212\/\" rel=\"attachment wp-att-42452\"><img loading=\"lazy\" decoding=\"async\" class=\"alignnone size-thumbnail wp-image-42452\" title=\"lindenberg13nebel-dreisamtal131212\" src=\"https:\/\/www.freiburg-schwarzwald.de\/blog\/wp-content\/uploads\/2012\/10\/lindenberg13nebel-dreisamtal131212-180x135.jpg\" alt=\"\" width=\"180\" height=\"135\" srcset=\"https:\/\/www.freiburg-schwarzwald.de\/blog\/wp-content\/uploads\/2012\/10\/lindenberg13nebel-dreisamtal131212-180x135.jpg 180w, https:\/\/www.freiburg-schwarzwald.de\/blog\/wp-content\/uploads\/2012\/10\/lindenberg13nebel-dreisamtal131212.jpg 640w\" sizes=\"auto, (max-width: 180px) 100vw, 180px\" \/><\/a>\u00a0\u00a0\u00a0\u00a0\u00a0\u00a0\u00a0\u00a0\u00a0 <a href=\"https:\/\/www.freiburg-schwarzwald.de\/blog\/regio\/berge\/lindenberg\/lindenberg14nebel-dreisamtal131212\/\" rel=\"attachment wp-att-42453\"><img loading=\"lazy\" decoding=\"async\" class=\"alignnone size-thumbnail wp-image-42453\" title=\"lindenberg14nebel-dreisamtal131212\" src=\"https:\/\/www.freiburg-schwarzwald.de\/blog\/wp-content\/uploads\/2012\/10\/lindenberg14nebel-dreisamtal131212-180x135.jpg\" alt=\"\" width=\"180\" height=\"135\" srcset=\"https:\/\/www.freiburg-schwarzwald.de\/blog\/wp-content\/uploads\/2012\/10\/lindenberg14nebel-dreisamtal131212-180x135.jpg 180w, https:\/\/www.freiburg-schwarzwald.de\/blog\/wp-content\/uploads\/2012\/10\/lindenberg14nebel-dreisamtal131212-640x480.jpg 640w, https:\/\/www.freiburg-schwarzwald.de\/blog\/wp-content\/uploads\/2012\/10\/lindenberg14nebel-dreisamtal131212.jpg 1000w\" sizes=\"auto, (max-width: 180px) 100vw, 180px\" \/><\/a><br \/>\n(7) Feldberg (links)\u00a0im S\u00fcden\u00a0\u00a0\u00a0\u00a0\u00a0\u00a0\u00a0\u00a0\u00a0\u00a0\u00a0\u00a0\u00a0\u00a0\u00a0\u00a0\u00a0 (8) Schauinsland im S\u00fcdwesten\u00a0\u00a0\u00a0\u00a0\u00a0\u00a0\u00a0\u00a0\u00a0\u00a0 (9) Dreisamtal im Nebel 12.12.2013<\/h5>\n<h5><a href=\"https:\/\/www.freiburg-schwarzwald.de\/blog\/regio\/berge\/lindenberg\/lindenberg15nebel-dreisamtal131212\/\" rel=\"attachment wp-att-42454\"><img loading=\"lazy\" decoding=\"async\" class=\"alignnone size-thumbnail wp-image-42454\" title=\"lindenberg15nebel-dreisamtal131212\" src=\"https:\/\/www.freiburg-schwarzwald.de\/blog\/wp-content\/uploads\/2012\/10\/lindenberg15nebel-dreisamtal131212-180x135.jpg\" alt=\"\" width=\"180\" height=\"135\" srcset=\"https:\/\/www.freiburg-schwarzwald.de\/blog\/wp-content\/uploads\/2012\/10\/lindenberg15nebel-dreisamtal131212-180x135.jpg 180w, https:\/\/www.freiburg-schwarzwald.de\/blog\/wp-content\/uploads\/2012\/10\/lindenberg15nebel-dreisamtal131212.jpg 640w\" sizes=\"auto, (max-width: 180px) 100vw, 180px\" \/><\/a>\u00a0\u00a0\u00a0\u00a0\u00a0\u00a0\u00a0\u00a0\u00a0\u00a0 <a href=\"https:\/\/www.freiburg-schwarzwald.de\/blog\/regio\/berge\/lindenberg\/lindenberg16nebel-dreisamtal131212\/\" rel=\"attachment wp-att-42455\"><img loading=\"lazy\" decoding=\"async\" class=\"alignnone size-thumbnail wp-image-42455\" title=\"lindenberg16nebel-dreisamtal131212\" src=\"https:\/\/www.freiburg-schwarzwald.de\/blog\/wp-content\/uploads\/2012\/10\/lindenberg16nebel-dreisamtal131212-180x135.jpg\" alt=\"\" width=\"180\" height=\"135\" srcset=\"https:\/\/www.freiburg-schwarzwald.de\/blog\/wp-content\/uploads\/2012\/10\/lindenberg16nebel-dreisamtal131212-180x135.jpg 180w, https:\/\/www.freiburg-schwarzwald.de\/blog\/wp-content\/uploads\/2012\/10\/lindenberg16nebel-dreisamtal131212-640x480.jpg 640w, https:\/\/www.freiburg-schwarzwald.de\/blog\/wp-content\/uploads\/2012\/10\/lindenberg16nebel-dreisamtal131212.jpg 1000w\" sizes=\"auto, (max-width: 180px) 100vw, 180px\" \/><\/a><br \/>\n(10) Kybfelsen im S\u00fcdwesten\u00a0\u00a0\u00a0\u00a0\u00a0\u00a0\u00a0\u00a0\u00a0\u00a0\u00a0\u00a0\u00a0\u00a0\u00a0\u00a0 (11) Schlegelhansenhof-Kreuzstock<\/h5>\n<p>&nbsp;<\/p>\n<p>&nbsp;<\/p>\n<p><strong>Der Brunnen bei der Kirche am Lindenberg<\/strong><\/p>\n<h5><a href=\"https:\/\/www.freiburg-schwarzwald.de\/blog\/regio\/berge\/lindenberg\/lindenberg4brunnen131212\/\" rel=\"attachment wp-att-42392\"><img loading=\"lazy\" decoding=\"async\" title=\"lindenberg4brunnen131212\" src=\"https:\/\/www.freiburg-schwarzwald.de\/blog\/wp-content\/uploads\/2012\/10\/lindenberg4brunnen131212-135x180.jpg\" alt=\"\" width=\"135\" height=\"180\" \/><\/a>\u00a0\u00a0\u00a0\u00a0\u00a0\u00a0\u00a0\u00a0\u00a0\u00a0\u00a0\u00a0\u00a0\u00a0\u00a0\u00a0\u00a0\u00a0\u00a0 <a href=\"https:\/\/www.freiburg-schwarzwald.de\/blog\/regio\/berge\/lindenberg\/lindenberg5brunnen131212\/\" rel=\"attachment wp-att-42393\"><img loading=\"lazy\" decoding=\"async\" class=\"alignnone size-thumbnail wp-image-42393\" title=\"lindenberg5brunnen131212\" src=\"https:\/\/www.freiburg-schwarzwald.de\/blog\/wp-content\/uploads\/2012\/10\/lindenberg5brunnen131212-135x180.jpg\" alt=\"\" width=\"135\" height=\"180\" srcset=\"https:\/\/www.freiburg-schwarzwald.de\/blog\/wp-content\/uploads\/2012\/10\/lindenberg5brunnen131212-135x180.jpg 135w, https:\/\/www.freiburg-schwarzwald.de\/blog\/wp-content\/uploads\/2012\/10\/lindenberg5brunnen131212.jpg 480w\" sizes=\"auto, (max-width: 135px) 100vw, 135px\" \/><\/a>\u00a0\u00a0\u00a0\u00a0\u00a0\u00a0\u00a0\u00a0\u00a0\u00a0\u00a0\u00a0\u00a0\u00a0\u00a0 <a href=\"https:\/\/www.freiburg-schwarzwald.de\/blog\/regio\/berge\/lindenberg\/lindenberg6-brunnen131212\/\" rel=\"attachment wp-att-42394\"><img loading=\"lazy\" decoding=\"async\" class=\"alignnone size-thumbnail wp-image-42394\" title=\"lindenberg6-brunnen131212\" src=\"https:\/\/www.freiburg-schwarzwald.de\/blog\/wp-content\/uploads\/2012\/10\/lindenberg6-brunnen131212-135x180.jpg\" alt=\"\" width=\"135\" height=\"180\" srcset=\"https:\/\/www.freiburg-schwarzwald.de\/blog\/wp-content\/uploads\/2012\/10\/lindenberg6-brunnen131212-135x180.jpg 135w, https:\/\/www.freiburg-schwarzwald.de\/blog\/wp-content\/uploads\/2012\/10\/lindenberg6-brunnen131212.jpg 480w\" sizes=\"auto, (max-width: 135px) 100vw, 135px\" \/><\/a><br \/>\n(1) Blick nach Norden am 12.12.13\u00a0 \u00a0 \u00a0 \u00a0 (2) Vertreibung\u00a0\u00a0\u00a0\u00a0\u00a0\u00a0\u00a0\u00a0\u00a0\u00a0\u00a0\u00a0\u00a0\u00a0\u00a0\u00a0\u00a0\u00a0\u00a0\u00a0\u00a0\u00a0\u00a0\u00a0\u00a0\u00a0\u00a0\u00a0\u00a0\u00a0\u00a0\u00a0\u00a0 (3) Entweihung im Jahr 1787<\/h5>\n<h5><a href=\"https:\/\/www.freiburg-schwarzwald.de\/blog\/regio\/berge\/lindenberg\/lindenberg7brunnen131212\/\" rel=\"attachment wp-att-42395\"><img loading=\"lazy\" decoding=\"async\" class=\"alignnone size-thumbnail wp-image-42395\" title=\"lindenberg7brunnen131212\" src=\"https:\/\/www.freiburg-schwarzwald.de\/blog\/wp-content\/uploads\/2012\/10\/lindenberg7brunnen131212-180x142.jpg\" alt=\"\" width=\"180\" height=\"142\" srcset=\"https:\/\/www.freiburg-schwarzwald.de\/blog\/wp-content\/uploads\/2012\/10\/lindenberg7brunnen131212-180x142.jpg 180w, https:\/\/www.freiburg-schwarzwald.de\/blog\/wp-content\/uploads\/2012\/10\/lindenberg7brunnen131212.jpg 638w\" sizes=\"auto, (max-width: 180px) 100vw, 180px\" \/><\/a><br \/>\n(4) Blick nach Osten am 12.12.2013<\/h5>\n<p>(2) Vertreibung der Schwestern vom Lindenberg<br \/>\n(3) Entweihung im Jahr 1787 und Abri\u00df der Kapelle<\/p>\n<p>&nbsp;<\/p>\n<p>&nbsp;<\/p>\n<p><strong>Kreuzweg vom Ibental hoch auf den Lindenberg<\/strong><\/p>\n<p>&nbsp;<\/p>\n<h5><a href=\"https:\/\/www.freiburg-schwarzwald.de\/blog\/regio\/berge\/lindenberg\/lindenberg8kreuzweg131212\/\" rel=\"attachment wp-att-42446\"><img loading=\"lazy\" decoding=\"async\" class=\"alignnone size-thumbnail wp-image-42446\" title=\"lindenberg8kreuzweg131212\" src=\"https:\/\/www.freiburg-schwarzwald.de\/blog\/wp-content\/uploads\/2012\/10\/lindenberg8kreuzweg131212-180x135.jpg\" alt=\"\" width=\"180\" height=\"135\" srcset=\"https:\/\/www.freiburg-schwarzwald.de\/blog\/wp-content\/uploads\/2012\/10\/lindenberg8kreuzweg131212-180x135.jpg 180w, https:\/\/www.freiburg-schwarzwald.de\/blog\/wp-content\/uploads\/2012\/10\/lindenberg8kreuzweg131212.jpg 640w\" sizes=\"auto, (max-width: 180px) 100vw, 180px\" \/><\/a>\u00a0\u00a0\u00a0\u00a0\u00a0\u00a0\u00a0\u00a0\u00a0 <a href=\"https:\/\/www.freiburg-schwarzwald.de\/blog\/regio\/berge\/lindenberg\/lindenberg9kreuzweg131212\/\" rel=\"attachment wp-att-42447\"><img loading=\"lazy\" decoding=\"async\" class=\"alignnone size-thumbnail wp-image-42447\" title=\"lindenberg9kreuzweg131212\" src=\"https:\/\/www.freiburg-schwarzwald.de\/blog\/wp-content\/uploads\/2012\/10\/lindenberg9kreuzweg131212-141x180.jpg\" alt=\"\" width=\"141\" height=\"180\" srcset=\"https:\/\/www.freiburg-schwarzwald.de\/blog\/wp-content\/uploads\/2012\/10\/lindenberg9kreuzweg131212-141x180.jpg 141w, https:\/\/www.freiburg-schwarzwald.de\/blog\/wp-content\/uploads\/2012\/10\/lindenberg9kreuzweg131212.jpg 501w\" sizes=\"auto, (max-width: 141px) 100vw, 141px\" \/><\/a>\u00a0\u00a0\u00a0\u00a0\u00a0\u00a0\u00a0\u00a0\u00a0\u00a0\u00a0\u00a0\u00a0\u00a0\u00a0 \u00a0\u00a0\u00a0\u00a0\u00a0 <a href=\"https:\/\/www.freiburg-schwarzwald.de\/blog\/regio\/berge\/lindenberg\/lindenberg9kreuzweg-wald131212\/\" rel=\"attachment wp-att-42448\"><img loading=\"lazy\" decoding=\"async\" class=\"alignnone size-thumbnail wp-image-42448\" title=\"lindenberg9kreuzweg-wald131212\" src=\"https:\/\/www.freiburg-schwarzwald.de\/blog\/wp-content\/uploads\/2012\/10\/lindenberg9kreuzweg-wald131212-180x135.jpg\" alt=\"\" width=\"180\" height=\"135\" srcset=\"https:\/\/www.freiburg-schwarzwald.de\/blog\/wp-content\/uploads\/2012\/10\/lindenberg9kreuzweg-wald131212-180x135.jpg 180w, https:\/\/www.freiburg-schwarzwald.de\/blog\/wp-content\/uploads\/2012\/10\/lindenberg9kreuzweg-wald131212.jpg 640w\" sizes=\"auto, (max-width: 180px) 100vw, 180px\" \/><\/a><br \/>\n(1) Blick nach S\u00fcdwesten 12.12.2013\u00a0 (2) Kreuzweg-Station 8\u00a0\u00a0\u00a0\u00a0\u00a0\u00a0\u00a0\u00a0\u00a0\u00a0\u00a0\u00a0\u00a0\u00a0\u00a0\u00a0\u00a0\u00a0\u00a0\u00a0\u00a0\u00a0\u00a0\u00a0\u00a0\u00a0\u00a0 (3) Station 8<\/h5>\n<h5><a href=\"https:\/\/www.freiburg-schwarzwald.de\/blog\/regio\/berge\/lindenberg\/lindenberg10kreuzweg131212\/\" rel=\"attachment wp-att-42449\"><img loading=\"lazy\" decoding=\"async\" class=\"alignnone size-thumbnail wp-image-42449\" title=\"lindenberg10kreuzweg131212\" src=\"https:\/\/www.freiburg-schwarzwald.de\/blog\/wp-content\/uploads\/2012\/10\/lindenberg10kreuzweg131212-180x135.jpg\" alt=\"\" width=\"180\" height=\"135\" srcset=\"https:\/\/www.freiburg-schwarzwald.de\/blog\/wp-content\/uploads\/2012\/10\/lindenberg10kreuzweg131212-180x135.jpg 180w, https:\/\/www.freiburg-schwarzwald.de\/blog\/wp-content\/uploads\/2012\/10\/lindenberg10kreuzweg131212.jpg 640w\" sizes=\"auto, (max-width: 180px) 100vw, 180px\" \/><\/a>\u00a0\u00a0\u00a0\u00a0\u00a0\u00a0\u00a0\u00a0\u00a0 <a href=\"https:\/\/www.freiburg-schwarzwald.de\/blog\/regio\/berge\/lindenberg\/lindenberg11kreuzweg131212\/\" rel=\"attachment wp-att-42450\"><img loading=\"lazy\" decoding=\"async\" class=\"alignnone size-thumbnail wp-image-42450\" title=\"lindenberg11kreuzweg131212\" src=\"https:\/\/www.freiburg-schwarzwald.de\/blog\/wp-content\/uploads\/2012\/10\/lindenberg11kreuzweg131212-180x135.jpg\" alt=\"\" width=\"180\" height=\"135\" srcset=\"https:\/\/www.freiburg-schwarzwald.de\/blog\/wp-content\/uploads\/2012\/10\/lindenberg11kreuzweg131212-180x135.jpg 180w, https:\/\/www.freiburg-schwarzwald.de\/blog\/wp-content\/uploads\/2012\/10\/lindenberg11kreuzweg131212.jpg 640w\" sizes=\"auto, (max-width: 180px) 100vw, 180px\" \/><\/a>\u00a0\u00a0\u00a0\u00a0\u00a0\u00a0\u00a0\u00a0\u00a0 <a href=\"https:\/\/www.freiburg-schwarzwald.de\/blog\/regio\/berge\/lindenberg\/lindenberg12kreuzweg131212\/\" rel=\"attachment wp-att-42451\"><img loading=\"lazy\" decoding=\"async\" class=\"alignnone size-thumbnail wp-image-42451\" title=\"lindenberg12kreuzweg131212\" src=\"https:\/\/www.freiburg-schwarzwald.de\/blog\/wp-content\/uploads\/2012\/10\/lindenberg12kreuzweg131212-180x135.jpg\" alt=\"\" width=\"180\" height=\"135\" srcset=\"https:\/\/www.freiburg-schwarzwald.de\/blog\/wp-content\/uploads\/2012\/10\/lindenberg12kreuzweg131212-180x135.jpg 180w, https:\/\/www.freiburg-schwarzwald.de\/blog\/wp-content\/uploads\/2012\/10\/lindenberg12kreuzweg131212.jpg 640w\" sizes=\"auto, (max-width: 180px) 100vw, 180px\" \/><\/a><br \/>\n(4) Station 7\u00a0\u00a0\u00a0\u00a0\u00a0\u00a0\u00a0\u00a0\u00a0\u00a0\u00a0\u00a0\u00a0\u00a0\u00a0\u00a0\u00a0\u00a0\u00a0\u00a0\u00a0\u00a0\u00a0\u00a0\u00a0\u00a0\u00a0\u00a0\u00a0\u00a0\u00a0\u00a0\u00a0\u00a0\u00a0\u00a0\u00a0\u00a0\u00a0\u00a0\u00a0\u00a0\u00a0\u00a0\u00a0\u00a0\u00a0 (5) Station 11 am 12.12.2013\u00a0 \u00a0 \u00a0 \u00a0 \u00a0 \u00a0 \u00a0 \u00a0 \u00a0 \u00a0 \u00a0(6) Kreuzwegende am Lindenberg<\/h5>\n<p>Kreuzweg vom Gallihof im Unteribental zum Kindenberg:<br \/>\n<a href=\"https:\/\/www.freiburg-schwarzwald.de\/lindenberg-kreuzweg.htm#Fu\u00dfwallfahrt\">https:\/\/www.freiburg-schwarzwald.de\/lindenberg-kreuzweg.htm<\/a><br \/>\n=============================================================<\/p>\n<p>&nbsp;<\/p>\n<p><strong>Beten f\u00fcr den Frieden, rund um die Uhr \u2013 was treibt die Gebetsw\u00e4chter vom Lindenberg bei St. Peter an?<\/strong><br \/>\nM\u00e4nner aus der Erzdi\u00f6zese Freiburg beten auf dem Lindenberg seit 70 Jahren rund um die Uhr f\u00fcr den Frieden. Eine historische Reise Konrad Adenauers gab einen wichtigen Impuls<\/p>\n<p>in sonniger Vormittag auf dem Lindenberg. Wer sich einen Moment Zeit nimmt, sp\u00fcrt wie von selbst, warum die Anh\u00f6he bei St. Peter seit Jahrhunderten ein Wallfahrtsort ist. Der Blick schweift in die Ferne, Ruhe stellt sich ein, die Uhr scheint langsamer zu ticken.<br \/>\nJohannes Hauger, 74, aus Villingen-Schwenningen, der 74 Jahre alte Elzt\u00e4ler Gottfried Singler, und der ein Jahr \u00e4ltere Herbert Pfaff aus G\u00fctenbach, die an einem Tisch im Exerzitienhaus der Wallfahrtskirche sitzen, kommen schon lange und immer wieder hierher. Das hat einen besonderen Grund. Sie sind drei der fast 800 M\u00e4nner, die fast das ganze Jahr f\u00fcr den Frieden beten. Eine Woche lang. Von Samstag bis Samstag. Rund um die Uhr. Jahr f\u00fcr Jahr.<br \/>\nAm Sonntag feiert die Gebetswache des katholischen M\u00e4nnerwerks der Erzdi\u00f6zese Freiburg ihr 70. Jubil\u00e4um. Erzbischof Stephan Burger zelebriert eine Messe und weiht die dem Friedensheiligen Bruder Klaus gewidmete neue Glocke. In Zukunft wird sie einmal am Tag gel\u00e4utet, um ihre Botschaft in die Welt zu tragen.<br \/>\nAls die Gebetswache 1955 begann, waren sie f\u00fcr viele zur\u00fcckgekehrte Soldaten eine M\u00f6glichkeit, ein Zeichen zu setzen. Von den Nachkommen eines Kampfpiloten hat Herbert Pfaff geh\u00f6rt, dass der Soldat w\u00e4hrend eines Luftkampfs ein Gel\u00fcbde abgelegt habe: Wenn er \u00fcberlebe, wolle er etwas f\u00fcr Frieden und Vers\u00f6hnung tun. Auf diese Weise stie\u00dfen viele der ersten Generation zur Gebetswache.<br \/>\nDie erste Gebetswache des M\u00e4nnerwerks auf dem Lindenberg fand im Februar 1955 statt, sagt Rolf May-Seehars, Referent f\u00fcr M\u00e4nnerpastoral der Erzdi\u00f6zese. Gebetet ist w\u00e4hrend der Fastenzeit, die am 8. April endete. Zwei Monate sp\u00e4ter wurde bekannt, dass die Sowjetunion Bundeskanzler Konrad Adenauer zu Gespr\u00e4chen nach Moskau eingeladen hatte. M\u00e4nner aus der Erzdi\u00f6zese Freiburg pilgerten daraufhin im September in die Schweiz, um f\u00fcr den Erfolg der Reise zu beten \u2013 Adenauer wollte die Freilassung der letzten Kriegsgefangenen erreichen.<br \/>\nSo ist die historische Reise nach Moskau ein wichtiger Impuls geworden und bis heute mit der Gebetswache auf dem Lindenberg verbunden. Seit 1957 sind die Wachen in G\u00e4steb\u00fcchern dokumentiert. Woche f\u00fcr Woche kam und kommt eine Gruppe von, im Idealfall 21 M\u00e4nnern auf den Lindenberg. Sie wechseln sich in Gruppen von zwei bis drei M\u00e4nnern ab und beten tags\u00fcber je eine Stunde sowie in der Nacht je zwei Stunden in der Kirche. In den ersten Jahren war dies von Januar bis Juli der Fall, seit 1977\/1978 das ganze Jahr \u00fcber, abgesehen von der Zeit zwischen 1. Advent und Dreik\u00f6nig.<br \/>\nNeben dem Frieden wird f\u00fcr viele weitere Anliegen von Kirche und Gesellschaft gebetet. Tags\u00fcber beten die M\u00e4nner oft still. Nachts wird meditiert oder gesungen, begleitet von M\u00e4nnern, die ihr Musikinstrument mitbringen. Das Vaterunser oder der Rosenkranz sind Standard. in einem extra zusammengestellten B\u00fcchlein finden sich \u00fcber 70 Gebete, Lieder, Psameln und Andachten.<\/p>\n<p>43 Gebetsgruppen gibt es in der Erzdi\u00f6zese Freiburg. Manche M\u00e4nner machen seit 40 Jahren mit. Neueinsteiger sind in der Regel jenseits der 40, viele steigen nach Ende des Arbeitslebens ein. Der Altersschnitt ist hoch. Nachlassende Gesundheit, Pflegepflichten oder -bed\u00fcrftigkeit sind ein Problem. &#8222;Viele sind fest im Glauben verankert. Da ist es schmerzhaft, wenn sie nicht mehr auf den Lindenberg kommen k\u00f6nnen&#8220;, sagt May-Seehars. Verglichen mit 2015\/16 gibt es heute, nat\u00fcrlich auch durch Sterbef\u00e4lle, 200 Gebetsw\u00e4chter weniger. Angesichts der Neuzug\u00e4nge in den Gruppen sei er zuversichtlich, dass die aktuelle Zahl von fast 800 stabil bleibe, sagt Johannes Hauger, der Di\u00f6zesanvorsitzender des M\u00e4nnerwerks ist.<br \/>\nHauger und den anderen gibt die Gebetswoche Kraft und die M\u00f6glichkeit, innezuhalten oder w\u00e4hrend der Pausen mit den anderen \u00fcber ihren Alltag zu reden. Das und den Zusammenhalt sch\u00e4tzen alle sehr. Nat\u00fcrlich fragen Au\u00dfenstehenden nach: &#8222;Warum rennst Du auf den Lindenberg? Du rettest doch die Welt auch nicht.&#8220; Aber wenn er sich anschaue, wie alles angefangen habe &#8222;und was heute in der Welt los ist&#8220;, steht f\u00fcr Herbert Pfaff fest: Aufgeben ist keine Option.<br \/>\n&#8230; Alles von Peter Disch vom 16.7.2025 bitte lesen auf<br \/>\n<a href=\"https:\/\/www.badische-zeitung.de\/beten-fuer-den-frieden-rund-um-die-uhr-was-treibt-die-gebetswaechter-vom-lindenberg-bei-st-peter-an\">https:\/\/www.badische-zeitung.de\/beten-fuer-den-frieden-rund-um-die-uhr-was-treibt-die-gebetswaechter-vom-lindenberg-bei-st-peter-an<\/a><br \/>\n.<br \/>\n<strong>Konrad Adenauer &#8211; Die Heimkehr der Zehntausend Kriegsgeangenen aus Russland<\/strong><br \/>\nIm September 1955 verhandelte Bundeskanzler Konrad Adenauer in Moskau mit der Sowjetunion \u00fcber die Freilassung von 10.000 deutschen Kriegsgefangenen und 20.000 internierten Zivilisten \u2013 im Gegenzug f\u00fcr die Aufnahme diplomatischer Beziehungen. M\u00e4nner aus der Erzdi\u00f6zese Freiburg beteten w\u00e4hrend der Moskaureise Tag und Nacht f\u00fcr das Gelingen der Mission &#8211; und zwar in der Kapelle des Schweizer Friedensheiligen Nikolaus von Fl\u00fce alias Bruder Klaus. Adenauer soll sich im August selbst &#8222;mehrere Stunden, vielleicht sogar die ganze Nacht am Sarkophag des heiligen Nikolaus von Fl\u00fce aufgehalten&#8220;, haben, schreibt der Sachbuchautor Werner Kilian im Aufsatz &#8222;Adenauer und der Bruder Klaus&#8220;. Es gebe keine schriftlichen Belege oder Fotos des Besuchs, wohl aber mehrere Zeitzeugenberichte. Bei den Gespr\u00e4chen vom 9. bis 13. September erreichten beide Seiten ihr Ziel. Die R\u00fcckkehr der Gefangenen ist heute als &#8222;Heimkehr der Zehntausend&#8220; bekannt. Die ersten kamen schon Oktober 1955 zur\u00fcck.<br \/>\n.<br \/>\n<em>Glockenweihe und Festgottesdienst am Sonntag, 20. Juli 2025, ab 10.30 Uhr, Wallfahrtskirche Maria Lindenberg. Der Gottesdienst wird auf den Vorplatz \u00fcbertragen (bei Regen in den Pilgersaal). Danach Mittagessen. Keine Anmeldung erforderlich<\/em>.<br \/>\n.<br \/>\n.<\/p>\n<p><strong>Mehr als 60 Jahre lang Gebetswache in der Kirche am Lindenberg<\/strong><br \/>\nSeit 60 Jahren ist immer einer da: In St. Peter wird Gebetswache gehalten &#8211; rund um die Uhr. Etwa 1000 M\u00e4nner pro Jahr kommen zu Gebet und Einkehr in die Wallfahrtskirche auf dem Lindenberg. &#8230;. Alles vom 21.11.2015 auf<br \/>\n<a href=\"https:\/\/www.badische-zeitung.de\/st-peter\/st-peter-mehr-als-60-jahre-lang-gebete-an-einem-stueck\u00a0\">https:\/\/www.badische-zeitung.de\/st-peter\/st-peter-mehr-als-60-jahre-lang-gebete-an-einem-stueck\u00a0<\/a><\/p>\n<p>.<\/p>\n","protected":false},"excerpt":{"rendered":"<p>Home &gt;Regio &gt;Berge &gt;StPeter &gt;Lindenberg Listenauswahl eines Beitrags (Artikel\/Datum, Seite\/Inhalt): Klicken oder scrollen Beten f\u00fcr den Frieden, rund um die Uhr \u2013 was treibt die Gebetsw\u00e4chter vom Lindenberg bei St. Peter an? (16.7.2025) Melcherhof: Ein neues Domizil f\u00fcr junge Musizierende\u00a0(7.5.2024) &hellip; <a href=\"https:\/\/www.freiburg-schwarzwald.de\/blog\/regio\/berge\/lindenberg\/\">Weiterlesen <span class=\"meta-nav\">&rarr;<\/span><\/a><\/p>\n","protected":false},"author":4,"featured_media":0,"parent":2552,"menu_order":0,"comment_status":"open","ping_status":"closed","template":"","meta":{"footnotes":""},"class_list":["post-13904","page","type-page","status-publish","hentry"],"_links":{"self":[{"href":"https:\/\/www.freiburg-schwarzwald.de\/blog\/wp-json\/wp\/v2\/pages\/13904","targetHints":{"allow":["GET"]}}],"collection":[{"href":"https:\/\/www.freiburg-schwarzwald.de\/blog\/wp-json\/wp\/v2\/pages"}],"about":[{"href":"https:\/\/www.freiburg-schwarzwald.de\/blog\/wp-json\/wp\/v2\/types\/page"}],"author":[{"embeddable":true,"href":"https:\/\/www.freiburg-schwarzwald.de\/blog\/wp-json\/wp\/v2\/users\/4"}],"replies":[{"embeddable":true,"href":"https:\/\/www.freiburg-schwarzwald.de\/blog\/wp-json\/wp\/v2\/comments?post=13904"}],"version-history":[{"count":4,"href":"https:\/\/www.freiburg-schwarzwald.de\/blog\/wp-json\/wp\/v2\/pages\/13904\/revisions"}],"predecessor-version":[{"id":136483,"href":"https:\/\/www.freiburg-schwarzwald.de\/blog\/wp-json\/wp\/v2\/pages\/13904\/revisions\/136483"}],"up":[{"embeddable":true,"href":"https:\/\/www.freiburg-schwarzwald.de\/blog\/wp-json\/wp\/v2\/pages\/2552"}],"wp:attachment":[{"href":"https:\/\/www.freiburg-schwarzwald.de\/blog\/wp-json\/wp\/v2\/media?parent=13904"}],"curies":[{"name":"wp","href":"https:\/\/api.w.org\/{rel}","templated":true}]}}