{"id":137801,"date":"2025-08-13T14:20:25","date_gmt":"2025-08-13T12:20:25","guid":{"rendered":"https:\/\/www.freiburg-schwarzwald.de\/blog\/?page_id=137801"},"modified":"2025-09-11T09:41:08","modified_gmt":"2025-09-11T07:41:08","slug":"westbad","status":"publish","type":"page","link":"https:\/\/www.freiburg-schwarzwald.de\/blog\/sport\/baeder\/westbad\/","title":{"rendered":"Westbad"},"content":{"rendered":"<p>Home &gt;<a title=\"Sport\" href=\"https:\/\/www.freiburg-schwarzwald.de\/blog\/sport\/\">Sport<\/a>\u00a0&gt;<a title=\"Baeder\" href=\"https:\/\/www.freiburg-schwarzwald.de\/blog\/sport\/baeder\/\">Baeder<\/a>\u00a0&gt;<a title=\"Strandbad\" href=\"https:\/\/www.freiburg-schwarzwald.de\/blog\/sport\/baeder\/strandbad\/\">Strandbad<\/a> &gt;<a href=\"https:\/\/www.freiburg-schwarzwald.de\/blog\/sport\/baeder\/damenbad\/\">Damenbad<\/a> &gt;Westbad<\/p>\n<div id=\"attachment_137915\" style=\"width: 650px\" class=\"wp-caption alignnone\"><a href=\"https:\/\/www.freiburg-schwarzwald.de\/blog\/wp-content\/uploads\/2025\/08\/westbad7pan-r250815.jpg\"><img loading=\"lazy\" decoding=\"async\" aria-describedby=\"caption-attachment-137915\" class=\"size-full wp-image-137915\" src=\"https:\/\/www.freiburg-schwarzwald.de\/blog\/wp-content\/uploads\/2025\/08\/westbad7pan-r250815.jpg\" alt=\"\" width=\"640\" height=\"369\" srcset=\"https:\/\/www.freiburg-schwarzwald.de\/blog\/wp-content\/uploads\/2025\/08\/westbad7pan-r250815.jpg 640w, https:\/\/www.freiburg-schwarzwald.de\/blog\/wp-content\/uploads\/2025\/08\/westbad7pan-r250815-180x104.jpg 180w\" sizes=\"auto, (max-width: 640px) 100vw, 640px\" \/><\/a><p id=\"caption-attachment-137915\" class=\"wp-caption-text\">Blick nach S\u00fcdwesten zum Westbad am 15.8.2025<\/p><\/div>\n<ul>\n<li><em>Listenauswahl eines Beitrags (Artikel\/Datum, Seite\/Inhalt): <span style=\"text-decoration: underline;\">Klicken<\/span> oder scrollen<\/em><\/li>\n<li>Strandbad und Westbad ab 15.9.2025 nur noch 12 bis 18 Uhr ge\u00f6ffnet (11.9.2025)<\/li>\n<li>Vandalismus ist kein spezielles Freiburger Problem, auch wenn Einzelf\u00e4lle das vermuten lie\u00dfen (3.9.2025)<\/li>\n<li>Westbad als 4. Freibad neben Strandbad, St.Georgen und Lorettobad (14.8.2025)<\/li>\n<li>Freiburg investiert gegen den Trend ins Westbad (14.8.2025)<\/li>\n<li>Stadt Freiburg: Das neue Au\u00dfenbecken im Westbad ist er\u00f6ffnet (14.8.2025)<\/li>\n<li>Westbad seit 1969 &#8211; Wieder\u00f6ffnung 14.8.2025 (13.8.2025)<\/li>\n<li><\/li>\n<li><a href=\"https:\/\/www.freiburg-schwarzwald.de\/blog\/regio\/freiburg\/seepark\/\">Seepark<\/a><\/li>\n<li><a href=\"https:\/\/www.freiburg-schwarzwald.de\/blog\/sport\/baeder\/strandbad\/\">Strandbad<\/a><\/li>\n<li><a href=\"https:\/\/www.freiburg-schwarzwald.de\/blog\/selbsthilfe\/krise\/gewalt\/vandalismus\/\">Vandalismus<\/a><\/li>\n<\/ul>\n<p>&nbsp;<\/p>\n<p><strong>Strandbad und Westbad ab 15.9.2025 nur noch 12 bis 18 Uhr ge\u00f6ffnet<\/strong><br \/>\nZum Ende der Schulferien am 14. September 2025 schlie\u00dfen die beiden Freib\u00e4der Lorettobad und Freibad St. Georgen ihre Tore. Letzter \u00d6ffnungstag ist am Sonntag.<br \/>\nDas Strandbad und das Westbad sind wetterabh\u00e4ngig bis voraussichtlich 30. September 2025 ge\u00f6ffnet. Ab Montag, 15. September, gelten in beiden B\u00e4dern allerdings reduzierte \u00d6ffnungszeiten: t\u00e4glich von 12 bis 18 Uhr.<br \/>\n11.9.2025<\/p>\n<p>&nbsp;<\/p>\n<p><strong>Vandalismus ist kein spezielles Freiburger Problem, auch wenn Einzelf\u00e4lle das vermuten lie\u00dfen<\/strong><br \/>\n&#8230; Neunmal z\u00fcndelten Unbekannte in der Brandruine der Kita Violett. Eine Woche lang wurde der Altbau der Staudinger-Schule heimgesucht. Zuletzt beschmierten Schwachk\u00f6pfe die neue Rutsche im neuen Westbad mit Farbe und warfen Gegenst\u00e4nde von der Baustelle ins Becken. Kein Wunder, dass der Badbetreiber die Video\u00fcberwachung der Baustelle gar nicht erst abbaut. Zu gro\u00df und zu berechtigt ist die Sorge, dass die 800.000 Euro teure Sportfl\u00e4che, die eigens auch nach der Badesaison zur Verf\u00fcgung stehen soll, ruiniert wird.<br \/>\n&#8230; Alles vom 3.9.2025 von Uwe Mauch bitte lesen auf<br \/>\n<a href=\"https:\/\/www.badische-zeitung.de\/vandalismus-ist-kein-spezielles-freiburger-problem-auch-wenn-einzelfaelle-das-vermuten-liessen\">https:\/\/www.badische-zeitung.de\/vandalismus-ist-kein-spezielles-freiburger-problem-auch-wenn-einzelfaelle-das-vermuten-liessen<\/a><br \/>\n.<br \/>\n<a href=\"https:\/\/www.badische-zeitung.de\/westbad-installiert-videoueberwachung-gegen-vandalismus\">https:\/\/www.badische-zeitung.de\/westbad-installiert-videoueberwachung-gegen-vandalismus<\/a><\/p>\n<p>&nbsp;<\/p>\n<p><strong>Westbad als 4. Freibad neben Strandbad, St.Georgen und Lorettobad<\/strong><br \/>\nAm 14. August 2025 \u00f6ffnete das Freiburger Westbad seine neuen Aussenanlagen. Das Hallenbad mit 50-m-Sportwettkampfbahn, 10-m-Sprungturm und zwei Kinderbecken wurde erg\u00e4nzt:<br \/>\n&#8211; Drei-in-Eins-Kombibecken f\u00fcr Schwimmer, Nichtschwimmer und Geher<br \/>\n&#8211; Edelstahlbecken mit 1,1 Mio Liter Wasser (7370 Badewannen)<br \/>\n&#8211; Breiterutsche und rundherum Str\u00f6mungskanal<br \/>\n&#8211; Wasserspielplatz f\u00fcr Kleinkinder<br \/>\n&#8211; Vielzahl von Sportfl\u00e4chen: Beachvolleyball, Basketballplatz, SC Soccercourt<br \/>\n&#8211; Strom \u00fcber 725 Photovoltaikmodule<br \/>\n&#8211; Weite Liegewiesen mit altem Baumbestand und 20 neuen B\u00e4umen<br \/>\n&#8211; Barrierefreiheit. Rollstuhllifter (siehe Bild), anders als im Strandbad fest installiert<\/p>\n<p>Zugang zum Westbad nur \u00fcber Ensisheimer Strasse 9. Zum benachbarten Fl\u00fcckiger See im <a href=\"https:\/\/www.freiburg-schwarzwald.de\/blog\/regio\/freiburg\/seepark\/\">Seepark<\/a> besteht kein Durchgang.<br \/>\nEine gro\u00dfe Investition der Stadt Freiburg (11 Mio Euro Stadt, 3,55 Mio Euro Bund und 355.000 Euro Spenden), die sich aber lohnt, kommt sie doch den vielen, bislang &#8222;b\u00e4derm\u00e4\u00dfig&#8220; benachteiligten Bewohnern des Freiburgs Westen mit Mooswald, Betzenhausen, Lehen usw. zugute.<br \/>\nVielen Dank, 14.8.2025<\/p>\n<p><em>Freibad Westbad<\/em><br \/>\n<em>Ensisheimer Strasse 9, 79110 Freiburg, Tel 0761\/2105-510 <a href=\"https:\/\/badeninfreiburg.de\/baderubersicht\/hallenbad-westbad\/\">https:\/\/badeninfreiburg.de\/baderubersicht\/hallenbad-westbad\/<\/a><\/em><\/p>\n<p><em>F\u00f6rderkreis Unser Westbad e.V.<\/em><br \/>\n<em>Telk 0761\/2105366<\/em><br \/>\n<em><a href=\"https:\/\/unserwestbad.de\/\">https:\/\/unserwestbad.de\/<\/a><\/em><br \/>\n==============================================================<\/p>\n<p>&nbsp;<\/p>\n<p><strong>Freiburg investiert gegen den Trend ins Westbad<\/strong><br \/>\nAndernorts werden B\u00e4der geschlossen, in Freiburg ist das neue Westbad-Au\u00dfenbecken jetzt er\u00f6ffnet worden. Rund 5000 Besucher kamen. Ein Drittel der Kosten von elf Millionen Euro tr\u00e4gt der Bund.<br \/>\nEntlang der Ensisheimer Stra\u00dfe im Freiburger Stadtteil Mooswald hat sich in der br\u00fctenden Hitze des Donnerstags eine lange Warteschlange formiert. Als um 15 Uhr die Tore aufgeschlossen werden, st\u00fcrmen die Menschen hinein. Das Objekt ihrer Begierde: das neue Au\u00dfenbecken des Westbads. Dieses liegt am Rande des Seeparks mit dem Fl\u00fcckigersee. Freiburg hat nun wieder ein viertes Freibad. Elf Millionen Euro hat die Stadt investiert, weitere 900.000 Euro in die dazu geh\u00f6renden Sportanlagen. Zus\u00e4tzliche 350.000 Euro steuerten Sponsoren und Stiftungen bei. 3,55 Millionen Euro \u2013 also etwa ein Drittel der Investition \u2013 bezahlte der Bund \u00fcber ein F\u00f6rderprogramm.<br \/>\n&#8230;<br \/>\nDas alte, im Jahr 1969 er\u00f6ffnete Westbad-Au\u00dfenbecken, war 2003 geschlossen worden. Es gab hohen Sanierungsbedarf, die Stadt befand sich in einer Finanzkrise und es fehlten die Millionen, um das Becken wieder flott zu bekommen. Es moderte mehr als 20 Jahre vor sich hin, blieb aber ein kommunalpolitischer Dauerbrenner. Die Wiederer\u00f6ffnung stand ganz oben auf der Wunschliste des Freiburger Westens. Rund 50.000 Menschen leben im direkten Umfeld des Bades, Tendenz steigend. Die anderen drei Freib\u00e4der befinden sich im Osten und S\u00fcden der Stadt.<br \/>\n&#8230;<br \/>\nIm Jahr 2000 gab es noch 7800 Schwimmb\u00e4der deutschlandweit \u2013 heute sind es 6000<br \/>\nNat\u00fcrlich wei\u00df man auch in Freiburg, dass es anderswo ganz anders aussieht. Nur gute sechs Kilometer Luftlinie entfernt vom Westbad liegt das ehemalige Hallenfreibad der Nachbargemeinde Umkirch. Das Bad ist seit 2020 geschlossen und soll abgerissen werden. Umkirch ist kein Einzelfall. Laut dem B\u00e4deratlas der Deutschen Gesellschaft f\u00fcr das B\u00e4derwesen gab es im Jahr 2000 noch 7800 Schwimmb\u00e4der in Deutschland. Heute sind noch 6000 \u00fcbrig. Die B\u00e4dergesellschaft sieht einen riesigen Sanierungsstau. Nach ihrer Sch\u00e4tzung k\u00f6nnte jedes siebte Bad in den kommenden Jahren schlie\u00dfen.<br \/>\nHinzu kommt: In fast allen St\u00e4dten und Gemeinden k\u00e4mpfen die Betreiber mit Personalnot. Viele haben reagiert \u2013 und \u00d6ffnungszeiten und \u00d6ffnungstage reduziert, auch in S\u00fcdbaden. In Lenzkirch-Kappel und Todtnauberg im Hochschwarzwald haben, wie in anderen Kommunen auch, Tr\u00e4ger- und F\u00f6rdervereine die Regie \u00fcbernommen und versuchen, die B\u00e4der zu erhalten.<br \/>\n&#8230; Alles vom 14.8.2025 von Joachim R\u00f6derer bitte lesen auf<br \/>\n<a href=\"https:\/\/www.badische-zeitung.de\/freiburg-investiert-gegen-den-trend-ins-westbad\">https:\/\/www.badische-zeitung.de\/freiburg-investiert-gegen-den-trend-ins-westbad<\/a><\/p>\n<p>&nbsp;<\/p>\n<h5><a href=\"https:\/\/www.freiburg-schwarzwald.de\/blog\/wp-content\/uploads\/2025\/08\/seeparkturm1-ostwestbad250815.jpg\"><img loading=\"lazy\" decoding=\"async\" class=\"alignnone size-thumbnail wp-image-137902\" src=\"https:\/\/www.freiburg-schwarzwald.de\/blog\/wp-content\/uploads\/2025\/08\/seeparkturm1-ostwestbad250815-180x145.jpg\" alt=\"\" width=\"180\" height=\"145\" srcset=\"https:\/\/www.freiburg-schwarzwald.de\/blog\/wp-content\/uploads\/2025\/08\/seeparkturm1-ostwestbad250815-180x145.jpg 180w, https:\/\/www.freiburg-schwarzwald.de\/blog\/wp-content\/uploads\/2025\/08\/seeparkturm1-ostwestbad250815-640x515.jpg 640w, https:\/\/www.freiburg-schwarzwald.de\/blog\/wp-content\/uploads\/2025\/08\/seeparkturm1-ostwestbad250815-768x618.jpg 768w, https:\/\/www.freiburg-schwarzwald.de\/blog\/wp-content\/uploads\/2025\/08\/seeparkturm1-ostwestbad250815.jpg 804w\" sizes=\"auto, (max-width: 180px) 100vw, 180px\" \/><\/a>\u00a0 \u00a0 \u00a0 Blick vom Seeparkturm nach Osten zum Westbad am 15.8.2025<\/h5>\n<p><a href=\"https:\/\/www.freiburg-schwarzwald.de\/blog\/wp-content\/uploads\/2025\/08\/westbad1-250815.jpg\"><img loading=\"lazy\" decoding=\"async\" class=\"alignnone size-thumbnail wp-image-137909\" src=\"https:\/\/www.freiburg-schwarzwald.de\/blog\/wp-content\/uploads\/2025\/08\/westbad1-250815-180x135.jpg\" alt=\"\" width=\"180\" height=\"135\" srcset=\"https:\/\/www.freiburg-schwarzwald.de\/blog\/wp-content\/uploads\/2025\/08\/westbad1-250815-180x135.jpg 180w, https:\/\/www.freiburg-schwarzwald.de\/blog\/wp-content\/uploads\/2025\/08\/westbad1-250815-640x480.jpg 640w, https:\/\/www.freiburg-schwarzwald.de\/blog\/wp-content\/uploads\/2025\/08\/westbad1-250815-768x576.jpg 768w, https:\/\/www.freiburg-schwarzwald.de\/blog\/wp-content\/uploads\/2025\/08\/westbad1-250815.jpg 800w\" sizes=\"auto, (max-width: 180px) 100vw, 180px\" \/><\/a><\/p>\n<h5><a href=\"https:\/\/www.freiburg-schwarzwald.de\/blog\/wp-content\/uploads\/2025\/08\/westbad2hallenbad250815.jpg\"><img loading=\"lazy\" decoding=\"async\" class=\"alignnone size-thumbnail wp-image-137910\" src=\"https:\/\/www.freiburg-schwarzwald.de\/blog\/wp-content\/uploads\/2025\/08\/westbad2hallenbad250815-180x135.jpg\" alt=\"\" width=\"180\" height=\"135\" srcset=\"https:\/\/www.freiburg-schwarzwald.de\/blog\/wp-content\/uploads\/2025\/08\/westbad2hallenbad250815-180x135.jpg 180w, https:\/\/www.freiburg-schwarzwald.de\/blog\/wp-content\/uploads\/2025\/08\/westbad2hallenbad250815-640x480.jpg 640w, https:\/\/www.freiburg-schwarzwald.de\/blog\/wp-content\/uploads\/2025\/08\/westbad2hallenbad250815-768x576.jpg 768w, https:\/\/www.freiburg-schwarzwald.de\/blog\/wp-content\/uploads\/2025\/08\/westbad2hallenbad250815.jpg 800w\" sizes=\"auto, (max-width: 180px) 100vw, 180px\" \/><\/a>\u00a0 \u00a0Das &#8218;alte&#8216; Hallenbad im Westbad &#8211; weiterhin ge\u00f6ffnet<\/h5>\n<h5><a href=\"https:\/\/www.freiburg-schwarzwald.de\/blog\/wp-content\/uploads\/2025\/08\/westbad3-250815.jpg\"><img loading=\"lazy\" decoding=\"async\" class=\"alignnone size-thumbnail wp-image-137911\" src=\"https:\/\/www.freiburg-schwarzwald.de\/blog\/wp-content\/uploads\/2025\/08\/westbad3-250815-180x135.jpg\" alt=\"\" width=\"180\" height=\"135\" srcset=\"https:\/\/www.freiburg-schwarzwald.de\/blog\/wp-content\/uploads\/2025\/08\/westbad3-250815-180x135.jpg 180w, https:\/\/www.freiburg-schwarzwald.de\/blog\/wp-content\/uploads\/2025\/08\/westbad3-250815-640x480.jpg 640w, https:\/\/www.freiburg-schwarzwald.de\/blog\/wp-content\/uploads\/2025\/08\/westbad3-250815-768x576.jpg 768w, https:\/\/www.freiburg-schwarzwald.de\/blog\/wp-content\/uploads\/2025\/08\/westbad3-250815.jpg 800w\" sizes=\"auto, (max-width: 180px) 100vw, 180px\" \/><\/a>\u00a0 \u00a0Blick nach Norden<\/h5>\n<h5><a href=\"https:\/\/www.freiburg-schwarzwald.de\/blog\/wp-content\/uploads\/2025\/08\/westbad5-r250815.jpg\"><img loading=\"lazy\" decoding=\"async\" class=\"alignnone size-thumbnail wp-image-137912\" src=\"https:\/\/www.freiburg-schwarzwald.de\/blog\/wp-content\/uploads\/2025\/08\/westbad5-r250815-180x135.jpg\" alt=\"\" width=\"180\" height=\"135\" srcset=\"https:\/\/www.freiburg-schwarzwald.de\/blog\/wp-content\/uploads\/2025\/08\/westbad5-r250815-180x135.jpg 180w, https:\/\/www.freiburg-schwarzwald.de\/blog\/wp-content\/uploads\/2025\/08\/westbad5-r250815-640x480.jpg 640w, https:\/\/www.freiburg-schwarzwald.de\/blog\/wp-content\/uploads\/2025\/08\/westbad5-r250815-768x576.jpg 768w, https:\/\/www.freiburg-schwarzwald.de\/blog\/wp-content\/uploads\/2025\/08\/westbad5-r250815.jpg 800w\" sizes=\"auto, (max-width: 180px) 100vw, 180px\" \/><\/a><\/h5>\n<h5><a href=\"https:\/\/www.freiburg-schwarzwald.de\/blog\/wp-content\/uploads\/2025\/08\/westbad6-r250815.jpg\"><img loading=\"lazy\" decoding=\"async\" class=\"alignnone size-thumbnail wp-image-137913\" src=\"https:\/\/www.freiburg-schwarzwald.de\/blog\/wp-content\/uploads\/2025\/08\/westbad6-r250815-180x135.jpg\" alt=\"\" width=\"180\" height=\"135\" srcset=\"https:\/\/www.freiburg-schwarzwald.de\/blog\/wp-content\/uploads\/2025\/08\/westbad6-r250815-180x135.jpg 180w, https:\/\/www.freiburg-schwarzwald.de\/blog\/wp-content\/uploads\/2025\/08\/westbad6-r250815-640x480.jpg 640w, https:\/\/www.freiburg-schwarzwald.de\/blog\/wp-content\/uploads\/2025\/08\/westbad6-r250815-768x576.jpg 768w, https:\/\/www.freiburg-schwarzwald.de\/blog\/wp-content\/uploads\/2025\/08\/westbad6-r250815.jpg 800w\" sizes=\"auto, (max-width: 180px) 100vw, 180px\" \/><\/a>\u00a0 \u00a0 Rundherum Str\u00f6mungskanal links<\/h5>\n<h5><a href=\"https:\/\/www.freiburg-schwarzwald.de\/blog\/wp-content\/uploads\/2025\/08\/westbad4rollstuhllifter250815.jpg\"><img loading=\"lazy\" decoding=\"async\" class=\"alignnone size-thumbnail wp-image-137914\" src=\"https:\/\/www.freiburg-schwarzwald.de\/blog\/wp-content\/uploads\/2025\/08\/westbad4rollstuhllifter250815-180x135.jpg\" alt=\"\" width=\"180\" height=\"135\" srcset=\"https:\/\/www.freiburg-schwarzwald.de\/blog\/wp-content\/uploads\/2025\/08\/westbad4rollstuhllifter250815-180x135.jpg 180w, https:\/\/www.freiburg-schwarzwald.de\/blog\/wp-content\/uploads\/2025\/08\/westbad4rollstuhllifter250815-640x480.jpg 640w, https:\/\/www.freiburg-schwarzwald.de\/blog\/wp-content\/uploads\/2025\/08\/westbad4rollstuhllifter250815-768x576.jpg 768w, https:\/\/www.freiburg-schwarzwald.de\/blog\/wp-content\/uploads\/2025\/08\/westbad4rollstuhllifter250815.jpg 800w\" sizes=\"auto, (max-width: 180px) 100vw, 180px\" \/><\/a>\u00a0 \u00a0 \u00a0Rollstuhllifter am Schwimmerbecken im Westbad fest installiert<\/h5>\n<p>&nbsp;<\/p>\n<p><strong>Stadt Freiburg: Das neue Au\u00dfenbecken im Westbad ist er\u00f6ffnet<\/strong><br \/>\n&#8230; Das neue Westbad ist eine echte Gemeinschaftsproduktion: Bund, Stadt und Verwaltung, FSB und die Regio B\u00e4der GmbH, der F\u00f6rderverein \u201eUnser Westbad \u2013 Unser Beitrag e.V.\u201c, Sponsoren, Spenderinnen und Spender sowie zahlreiche B\u00fcrgerinnen und B\u00fcrger haben daran gearbeitet, diesen Ort Realit\u00e4t werden zu lassen. F\u00fcr das Projekt wurden elf Millionen Euro aus dem st\u00e4dtischen Haushalt investiert, erg\u00e4nzt durch 3,55 Millionen Euro Bundesf\u00f6rderung und 355.000 Euro aus Spenden und Sponsoring. Als B\u00fcrgermeister f\u00fcr Finanzen und Sport betont Stefan Breiter: \u201eDieses Bad zeigt, wie gut investierte Mittel direkt bei den Menschen ankommen. Es verbindet Sport, Bewegung und Gemeinschaft.\u201c Es sei, findet Breiter, ein gutes Beispiel daf\u00fcr, wie mit \u00f6ffentlichen Mitteln, privaten Spenden Beitr\u00e4gen und b\u00fcrgerschaftlichen Engagement gemeinsam etwas Nachhaltiges in kurzer Zeit geschaffen werden kann.<br \/>\n&#8230; Alles vom 14.8.2025 bitte lesen auf<br \/>\n<a href=\"https:\/\/www.freiburg.de\/pb\/2451406.html\">https:\/\/www.freiburg.de\/pb\/2451406.html<\/a><\/p>\n<p>.<\/p>\n<p><strong>Westbad seit 1969 &#8211; Wieder\u00f6ffnung 14.8.2025<\/strong><br \/>\nDer Freiburger Westen bekam 1969 genau an der Grenze der beiden Stadtteile Mooswald und Betzenhausen-Bischofslinde ein eigenes Bad. Das Westbad war f\u00fcr mehrere Jahre ein reines Freibad. Erst in den Jahren 1975 bis 1977 wurde Freiburgs gr\u00f6\u00dftes Hallenbad gebaut. Dieses fungiert bis heute als Sportbad. Es hat als einziges Hallenbad zwischen Basel und Karlsruhe eine 50-Meter-Bahn. Im Jahr 2003 ist das damals sanierungsbed\u00fcrftige Au\u00dfenbecken aus Kostengr\u00fcnden geschlossen worden und modert damit seit mehr als 20 Jahren vor sich hin. Politisch blieb das Au\u00dfenbecken immer ein hei\u00dfes Eisen \u2013 viel diskutiert in all den Jahren.<br \/>\n\u00dcber eine Wiederer\u00f6ffnung als Naturbad wurde zwischenzeitlich nachgedacht. Die Idee wurde, wie manch andere auch, wieder verworfen. Aufregung im Westen gab es im Jahr 2007, als ein Teilverkauf der Freibadwiese zur Diskussion stand. Ein Drittel der Gr\u00fcnfl\u00e4che sollte f\u00fcr 4,5 Millionen Euro abgegeben und mit Wohnungen bebaut werden. Die B\u00fcrgervereine sammelten mehr als 3500 Unterschriften gegen diese Pl\u00e4ne. Die &#8222;Aktion Pro Familienbad West&#8220; war damals aktiv. Eine der Forderungen: das Freibecken solle &#8222;mittelfristig&#8220; wieder er\u00f6ffnet werden. Aus &#8222;mittelfristig&#8220; wurden im Falle des Westbades am Ende seit der Sperrung 18 Jahre. Immerhin konnte w\u00e4hrend der Au\u00dfenbecken-Wartezeit im Mai 2017 ein neues Kinderplanschbecken in Betrieb genommen werden.<br \/>\nDer Au\u00dfenbecken-Neubau wurde im Herbst 2022 eingeleitet, als auf Initiative der Stadtverwaltung mit R\u00fcckendeckung durch den Gemeinderat ein F\u00f6rderantrag beim Bundesprogramm &#8222;Sanierung kommunaler Einrichtungen in den Bereichen Sport, Jugend und Kultur&#8220; eingereicht wurde. Im Dezember 22 kam die F\u00f6rderzusage vom Bund. Im Juli 2023 hat der Gemeinderat den Bau eines 1000-Quadratmeter-Au\u00dfenbeckens beschlossen. Im September 2024 folgte der Baubeginn. Die Kosten f\u00fcr das Freibad betragen rund 11 Millionen Euro, die Ausgaben f\u00fcr den Sport- und Freizeitbereich 900.000 Euro. Am Donnerstag 14..8.2025 steigt das gro\u00dfe Er\u00f6ffnungsfest bei freiem Eintritt (Einlass ab 15 Uhr).<br \/>\n&#8230; Alles vom 12.8.2025 von Joachim R\u00f6derer bitte lesen auf<br \/>\n<a href=\"https:\/\/www.badische-zeitung.de\/vor-dem-westbad-start-das-ist-die-geschichte-der-freiburger-freibaeder\">https:\/\/www.badische-zeitung.de\/vor-dem-westbad-start-das-ist-die-geschichte-der-freiburger-freibaeder<\/a><\/p>\n","protected":false},"excerpt":{"rendered":"<p>Home &gt;Sport\u00a0&gt;Baeder\u00a0&gt;Strandbad &gt;Damenbad &gt;Westbad Listenauswahl eines Beitrags (Artikel\/Datum, Seite\/Inhalt): Klicken oder scrollen Strandbad und Westbad ab 15.9.2025 nur noch 12 bis 18 Uhr ge\u00f6ffnet (11.9.2025) Vandalismus ist kein spezielles Freiburger Problem, auch wenn Einzelf\u00e4lle das vermuten lie\u00dfen (3.9.2025) Westbad als &hellip; <a href=\"https:\/\/www.freiburg-schwarzwald.de\/blog\/sport\/baeder\/westbad\/\">Weiterlesen <span class=\"meta-nav\">&rarr;<\/span><\/a><\/p>\n","protected":false},"author":2,"featured_media":0,"parent":939,"menu_order":0,"comment_status":"closed","ping_status":"closed","template":"","meta":{"footnotes":""},"class_list":["post-137801","page","type-page","status-publish","hentry"],"_links":{"self":[{"href":"https:\/\/www.freiburg-schwarzwald.de\/blog\/wp-json\/wp\/v2\/pages\/137801","targetHints":{"allow":["GET"]}}],"collection":[{"href":"https:\/\/www.freiburg-schwarzwald.de\/blog\/wp-json\/wp\/v2\/pages"}],"about":[{"href":"https:\/\/www.freiburg-schwarzwald.de\/blog\/wp-json\/wp\/v2\/types\/page"}],"author":[{"embeddable":true,"href":"https:\/\/www.freiburg-schwarzwald.de\/blog\/wp-json\/wp\/v2\/users\/2"}],"replies":[{"embeddable":true,"href":"https:\/\/www.freiburg-schwarzwald.de\/blog\/wp-json\/wp\/v2\/comments?post=137801"}],"version-history":[{"count":5,"href":"https:\/\/www.freiburg-schwarzwald.de\/blog\/wp-json\/wp\/v2\/pages\/137801\/revisions"}],"predecessor-version":[{"id":138942,"href":"https:\/\/www.freiburg-schwarzwald.de\/blog\/wp-json\/wp\/v2\/pages\/137801\/revisions\/138942"}],"up":[{"embeddable":true,"href":"https:\/\/www.freiburg-schwarzwald.de\/blog\/wp-json\/wp\/v2\/pages\/939"}],"wp:attachment":[{"href":"https:\/\/www.freiburg-schwarzwald.de\/blog\/wp-json\/wp\/v2\/media?parent=137801"}],"curies":[{"name":"wp","href":"https:\/\/api.w.org\/{rel}","templated":true}]}}