{"id":137186,"date":"2025-07-31T14:09:18","date_gmt":"2025-07-31T12:09:18","guid":{"rendered":"https:\/\/www.freiburg-schwarzwald.de\/blog\/?page_id=137186"},"modified":"2026-04-29T13:29:04","modified_gmt":"2026-04-29T11:29:04","slug":"mutter-kind","status":"publish","type":"page","link":"https:\/\/www.freiburg-schwarzwald.de\/blog\/selbsthilfe\/familie\/mutter-kind\/","title":{"rendered":"Mutter-Kind"},"content":{"rendered":"<p><a href=\"https:\/\/www.freiburg-schwarzwald.de\/blog\">Home<\/a>\u00a0&gt;<a title=\"Familie\" href=\"https:\/\/www.freiburg-schwarzwald.de\/blog\/selbsthilfe\">Selbsthilfe<\/a>\u00a0&gt;<a title=\"Familie\" href=\"https:\/\/www.freiburg-schwarzwald.de\/blog\/selbsthilfe\/familie\/\">Familie<\/a>\u00a0&gt;<a title=\"Frauen\" href=\"https:\/\/www.freiburg-schwarzwald.de\/blog\/selbsthilfe\/frauen\/\">Frauen<\/a> &gt;<a href=\"https:\/\/www.freiburg-schwarzwald.de\/blog\/selbsthilfe\/frauen\/mutterliebe\/\">Mutterliebe<\/a> &gt;Mutter-Kind<\/p>\n<div id=\"attachment_32828\" style=\"width: 647px\" class=\"wp-caption alignnone\"><a href=\"https:\/\/www.freiburg-schwarzwald.de\/blog\/wp-content\/uploads\/2013\/06\/frauenmantel6tropfen-pan130610.jpg\"><img loading=\"lazy\" decoding=\"async\" aria-describedby=\"caption-attachment-32828\" class=\"size-full wp-image-32828\" src=\"https:\/\/www.freiburg-schwarzwald.de\/blog\/wp-content\/uploads\/2013\/06\/frauenmantel6tropfen-pan130610.jpg\" alt=\"\" width=\"637\" height=\"258\" srcset=\"https:\/\/www.freiburg-schwarzwald.de\/blog\/wp-content\/uploads\/2013\/06\/frauenmantel6tropfen-pan130610.jpg 637w, https:\/\/www.freiburg-schwarzwald.de\/blog\/wp-content\/uploads\/2013\/06\/frauenmantel6tropfen-pan130610-180x72.jpg 180w\" sizes=\"auto, (max-width: 637px) 100vw, 637px\" \/><\/a><p id=\"caption-attachment-32828\" class=\"wp-caption-text\">Blatt eines Frauenmantels nach einer Regennacht morgens um 9 Uhr am 10.6.2013<\/p><\/div>\n<ul>\n<li><em>Listenauswahl eines Beitrags (Artikel\/Datum, Seite\/Inhalt): <span style=\"text-decoration: underline;\">Klicken<\/span> oder scrollen<\/em><\/li>\n<li><a href=\"https:\/\/www.freiburg-schwarzwald.de\/blog\/selbsthilfe\/frauen\/gender\/sexuell\/fruehsexualisierung\/\">Holzpenisse und Leckt\u00fccher: Sozialistischer Jugendverband \u201eFalken\u201c empfiehlt Sex-Spiele f\u00fcr Kinder ab sechs<\/a>\u00a0(28.4.2026)<\/li>\n<li><a href=\"https:\/\/www.freiburg-schwarzwald.de\/blog\/business\/gesund\/medizin\/leihmutter\/\">Virologe Hendrik Streeck :Zwei V\u00e4ter und ein Baby<\/a>\u00a0(17.4.2026)<\/li>\n<li><a href=\"https:\/\/www.freiburg-schwarzwald.de\/blog\/business\/gesund\/krankheit\/krankenversicherung\/\">Geplante Kosten f\u00fcr Krankenversicherung: Illegale Migranten sind weiter kostenlos versichert, Ehepartner sollen 2880 Euro zahlen<\/a>\u00a0(1.4.2026)<\/li>\n<li><a href=\"https:\/\/www.freiburg-schwarzwald.de\/blog\/selbsthilfe\/kinder\/kinderarmut\/\">Leihmutterschaft: Gegen die Geb\u00e4rmutter-Prostitution<\/a>\u00a0(13.3.2026)<\/li>\n<li><a href=\"https:\/\/www.freiburg-schwarzwald.de\/blog\/familie-ist-kein-auslaufmodell\/\">Familie ist kein Auslaufmodell<\/a>\u00a0(8.8.2025)<\/li>\n<li>Mutter &#8211; Eva-Prinzip &#8211; Bindungstheorie: Film \u201eMemoiren einer Schnecke\u201c (25.7.2025)<\/li>\n<li><\/li>\n<li><a href=\"https:\/\/www.freiburg-schwarzwald.de\/blog\/selbsthilfe\/frauen\/gender\/sexuell\/fruehsexualisierung\/\">Fr\u00fchsexualisierung<\/a><\/li>\n<li><a href=\"https:\/\/www.freiburg-schwarzwald.de\/blog\/business\/gesund\/krankheit\/krankenversicherung\/\">Krankenversicherung<\/a><\/li>\n<li><a href=\"https:\/\/www.freiburg-schwarzwald.de\/blog\/business\/gesund\/medizin\/leihmutter\/\">Leihmutter<\/a><\/li>\n<\/ul>\n<p>&nbsp;<\/p>\n<p><strong>Eva-Prinzip &#8211; Bindungstheorie: Film \u201eMemoiren einer Schnecke\u201c<\/strong><br \/>\n\u201eDie schlimmsten K\u00e4fige sind die, die wir uns selbst bauen\u201c<br \/>\nBindungstheorie: Was der diese Woche anlaufende Animationsfilm \u201eMemoiren einer Schnecke\u201c mit <a href=\"https:\/\/www.freiburg-schwarzwald.de\/blog\/keine-panzer-nie-wieder-panzer\/\">Eva Herman<\/a> zu tun hat<\/p>\n<p>Freunde hat sie sich damals nicht viele gemacht, die Journalistin Eva Herman, als sie vor fast zwanzig Jahren ihr Buch \u201eDas Eva-Prinzip\u201c herausbrachte. Die langj\u00e4hrige \u201eTagesschau\u201c-Sprecherin hatte sich einen Tabubruch \u2013 im Prinzip gleich mehrere \u2013 erlaubt, der bei ihren Kolleginnen nicht sonderlich gut ankam. Sie hatte in dem Band und dem als Vorhut der Buchver\u00f6ffentlichung fungie\u00adrenden Cicero-Essay \u201eDie Emanzipation \u2013 ein Irr\u00adtum?\u201c, erschienen im Mai 2006, Leitlinien des Feminismus in Frage gestellt und f\u00fcr \u201eeine neue Weiblichkeit\u201c pl\u00e4diert, die die Rolle der Frau als Ehefrau und Mutter entkrampfen sollte. Alice Schwarzer war so begeistert, da\u00df sie ihr per Spiegel- Interview sogleich das \u201eMutterkreuz\u201c verlieh. Eva Herman hatte ein unpopul\u00e4res Thema aufgegriffen. Unpopul\u00e4r zumindest im Kreise ihrer Kollegen, weniger in der bundesdeutschen Leserschaft, die ihr Pl\u00e4doyer f\u00fcr eine neue Art von Feminismus zum Renner in den Buchl\u00e4den machte.<\/p>\n<p>Eine zentrale Rolle spielten im \u201eEva-Prinzip\u201c Erkenntnisse der sogenannten Bindungstheorie, einer Forschungsrichtung, die sich mit der fr\u00fch\u00adkindlichen Pr\u00e4gephase und dem Einflu\u00df einer intensiven Mutter-Kind-Beziehung auf die sp\u00e4\u00adtere Entwicklung des Neugeborenen besch\u00e4ftigt. Herman referiert die Ergebnisse von Langzeitstu\u00addien des M\u00fcnchner Kinderarztes und P\u00e4diatrie- Spezialisten Theodor Hellbr\u00fcgge (1919\u20132014), der Unterschiede in der Entwicklung zwischen Krippenkindern und Kindern, die bei der Mutter aufwuchsen, festgestellt hat: \u201eWas Sprache, soziales Verhalten und selbst die motorische Entwicklung betrifft, waren Kinder, die in den ersten drei Jahren bei der Mutter blieben, ihren Alters\u00adgenossen aus den Krippen weit vor\u00adaus. Auf unz\u00e4hligen Kongressen und in zahlreichen Fachpublikationen haben Hellbr\u00fcgge und seine inter\u00adnationalen Kollegen diese Ergebnisse pr\u00e4sentiert \u2013 ein Echo aus dem po\u00adlitischen Lager blieb bis heute aus\u201c (\u201eDas Eva-Prinzip\u201c, S. 128).<br \/>\nAuch der alles au\u00dfer gew\u00f6hn\u00adliche Animationsfilm \u201eMemoiren einer Schnecke\u201c von Adam Elliot, der diese Woche in die deutschen Kinos kommt, versteht sich ganz si\u00adcher nicht prim\u00e4r als Echo auf die Erkenntnisse von Bindungsforschern wie Hellbr\u00fcg\u00adge. Aber er exemplifiziert sie erstaunlich pr\u00e4zise. In dem mit viel Liebe zum skurrilen Detail insze\u00adnierten Werk aus der Gattung der Knetanimati\u00adonsfilme, also mit Figuren, die wie die britischen Serienhelden Wallace &amp; Gromit aussehen wie aus Knetgummi geformt, erz\u00e4hlt die tragikomische Heldin Grace Pudel die Geschichte ihres Lebens und die ihres Zwillingsbruders Gilbert.<br \/>\nSchon die Geburt der zweieiigen Zwillinge wird zur Trag\u00f6die. Ihre Mutter kommt dabei um. Und als w\u00e4re das noch nicht Hypothek genug f\u00fcr ein gerade erst beginnendes Leben, leidet das Gracie genannte M\u00e4dchen auch noch unter einer Lip\u00adpenspalte, die ihr umst\u00e4ndliche Optimierungs\u00adoperationen und die H\u00e4nseleien anderer Kinder einbringt. Einzig ihr Bruder steht immer loyal zu ihr.<br \/>\nDer Vater von Gracie und Gilbert sitzt im Roll\u00adstuhl und ist alkoholkrank, tut aber immerhin sein Bestes, um seinen Kindern ein Zuhause zu geben. Gracie zieht sich in die Welt der B\u00fccher und ihr eigenes Schneckenhaus zur\u00fcck. Ihre Schnecken\u00adhausmentalit\u00e4t, so legt es der Film nahe, ist auch der Grund f\u00fcr die irrationale Faszination, die die schleimigen Weichtiere von klein auf auf das Kind aus\u00fcben. Gracie sammelt und h\u00e4tschelt sie. Und ihr liebstes Kleidungsst\u00fcck, das sie praktisch nie ablegt, ist eine M\u00fctze mit Schneckenf\u00fchlerimita\u00adten auf der Stirnseite.<br \/>\nEines Tages bricht der Vater von Grace und Gil\u00adbert tot zusammen. Die F\u00fcrsorge trennt die eigent\u00adlich unzertrennlichen Geschwister. Sie landen in verschiedenen Pflegefamilien. Gilbert kommt zu bigotten Obstbauern in der N\u00e4he von Perth in Westaustralien; Grace wird von zwei der Promiskuit\u00e4t hul\u00addigenden Hippie-Eltern mit FKK-Tick adoptiert und lebt fortan in der australischen Hauptstadt Canberra, 3.000 Kilometer W\u00fcste entfernt von ihrem Bruder.<\/p>\n<p>Da\u00df der in aufwendiger Stop-Mo\u00adtion-Technik hergestellte Trickfilm nicht f\u00fcr Kinder gedacht ist, d\u00fcrfte schon die kurze Zusammenfassung des Inhalts deutlich gemacht haben. F\u00fcr Jugendliche, die gerade ihre erste schlimme Depression durchleiden, d\u00fcrften sich die \u201eMemoiren einer Schnecke\u201c daf\u00fcr als Therapieprogramm geradezu empfehlen. Es gibt kaum ein neurotisches oder anderswie krankhaftes Verhalten, keinen Tick, keinen Exzess, mit dem es Gracie und ihr Bruder nicht zu tun bekommen.<br \/>\n&#8230;<br \/>\n&#8230; Alles vom 25.7.2025 von Dietmar Mehrens bitte lesen in der JF 31\/25, Seite 13<\/p>\n","protected":false},"excerpt":{"rendered":"<p>Home\u00a0&gt;Selbsthilfe\u00a0&gt;Familie\u00a0&gt;Frauen &gt;Mutterliebe &gt;Mutter-Kind Listenauswahl eines Beitrags (Artikel\/Datum, Seite\/Inhalt): Klicken oder scrollen Holzpenisse und Leckt\u00fccher: Sozialistischer Jugendverband \u201eFalken\u201c empfiehlt Sex-Spiele f\u00fcr Kinder ab sechs\u00a0(28.4.2026) Virologe Hendrik Streeck :Zwei V\u00e4ter und ein Baby\u00a0(17.4.2026) Geplante Kosten f\u00fcr Krankenversicherung: Illegale Migranten sind weiter kostenlos &hellip; <a href=\"https:\/\/www.freiburg-schwarzwald.de\/blog\/selbsthilfe\/familie\/mutter-kind\/\">Weiterlesen <span class=\"meta-nav\">&rarr;<\/span><\/a><\/p>\n","protected":false},"author":2,"featured_media":0,"parent":1110,"menu_order":0,"comment_status":"closed","ping_status":"closed","template":"","meta":{"footnotes":""},"class_list":["post-137186","page","type-page","status-publish","hentry"],"_links":{"self":[{"href":"https:\/\/www.freiburg-schwarzwald.de\/blog\/wp-json\/wp\/v2\/pages\/137186","targetHints":{"allow":["GET"]}}],"collection":[{"href":"https:\/\/www.freiburg-schwarzwald.de\/blog\/wp-json\/wp\/v2\/pages"}],"about":[{"href":"https:\/\/www.freiburg-schwarzwald.de\/blog\/wp-json\/wp\/v2\/types\/page"}],"author":[{"embeddable":true,"href":"https:\/\/www.freiburg-schwarzwald.de\/blog\/wp-json\/wp\/v2\/users\/2"}],"replies":[{"embeddable":true,"href":"https:\/\/www.freiburg-schwarzwald.de\/blog\/wp-json\/wp\/v2\/comments?post=137186"}],"version-history":[{"count":6,"href":"https:\/\/www.freiburg-schwarzwald.de\/blog\/wp-json\/wp\/v2\/pages\/137186\/revisions"}],"predecessor-version":[{"id":148488,"href":"https:\/\/www.freiburg-schwarzwald.de\/blog\/wp-json\/wp\/v2\/pages\/137186\/revisions\/148488"}],"up":[{"embeddable":true,"href":"https:\/\/www.freiburg-schwarzwald.de\/blog\/wp-json\/wp\/v2\/pages\/1110"}],"wp:attachment":[{"href":"https:\/\/www.freiburg-schwarzwald.de\/blog\/wp-json\/wp\/v2\/media?parent=137186"}],"curies":[{"name":"wp","href":"https:\/\/api.w.org\/{rel}","templated":true}]}}