{"id":136769,"date":"2025-07-24T12:49:05","date_gmt":"2025-07-24T10:49:05","guid":{"rendered":"https:\/\/www.freiburg-schwarzwald.de\/blog\/?page_id=136769"},"modified":"2025-07-24T13:12:18","modified_gmt":"2025-07-24T11:12:18","slug":"bundesagentur-fuer-arbeit","status":"publish","type":"page","link":"https:\/\/www.freiburg-schwarzwald.de\/blog\/selbsthilfe\/soziales\/arbeit\/bundesagentur-fuer-arbeit\/","title":{"rendered":"Bundesagentur-f\u00fcr-Arbeit"},"content":{"rendered":"<p><a href=\"https:\/\/www.freiburg-schwarzwald.de\/blog\">Home<\/a>\u00a0&gt;<a title=\"Arbeit\" href=\"https:\/\/www.freiburg-schwarzwald.de\/blog\/selbsthilfe\/soziales\/arbeit\/\">Soziales<\/a>\u00a0&gt;<a title=\"Arbeit\" href=\"https:\/\/www.freiburg-schwarzwald.de\/blog\/soziales\/arbeit\/\">Arbeit<\/a>\u00a0&gt;<a href=\"https:\/\/www.freiburg-schwarzwald.de\/blog\/selbsthilfe\/soziales\/arbeit\/arbeitsmarkt\/\">Arbeitsmarkt<\/a> &gt;<a href=\"https:\/\/www.freiburg-schwarzwald.de\/blog\/selbsthilfe\/soziales\/arbeit\/arbeiten-lohnt-nicht\/\">Arbeiten-lohnt-nicht<\/a> &gt;Bundesagentur f\u00fcr Arbeit<\/p>\n<p><a style=\"font-weight: bold; background-color: #f1f1f1; font-size: 12px; text-align: center;\" href=\"https:\/\/www.freiburg-schwarzwald.de\/blog\/wp-content\/uploads\/2025\/07\/weizen-ernte2dreisamtal-pan250718.jpg\"><img loading=\"lazy\" decoding=\"async\" class=\"size-full wp-image-136778\" src=\"https:\/\/www.freiburg-schwarzwald.de\/blog\/wp-content\/uploads\/2025\/07\/weizen-ernte2dreisamtal-pan250718.jpg\" alt=\"\" width=\"641\" height=\"357\" srcset=\"https:\/\/www.freiburg-schwarzwald.de\/blog\/wp-content\/uploads\/2025\/07\/weizen-ernte2dreisamtal-pan250718.jpg 641w, https:\/\/www.freiburg-schwarzwald.de\/blog\/wp-content\/uploads\/2025\/07\/weizen-ernte2dreisamtal-pan250718-180x100.jpg 180w\" sizes=\"auto, (max-width: 641px) 100vw, 641px\" \/><\/a><\/p>\n<p>Weizenernte im Dreisamtal bei Freiburg 18.7.2025&nbsp;<\/p>\n<ul>\n<li><em>Listenauswahl eines Beitrags (Artikel\/Datum, Seite\/Inhalt): <span style=\"text-decoration: underline;\">Klicken<\/span> oder scrollen\u00a0<\/em><\/li>\n<li>Das Monster \u201eBundesagentur f\u00fcr Arbeit\u201c: Immer weniger Vermittlungen in echte Jobs (24.7.2024)<\/li>\n<li><\/li>\n<li><a title=\"Arbeit\" href=\"https:\/\/www.freiburg-schwarzwald.de\/blog\/selbsthilfe\/soziales\/arbeit\/\">Arbeit<\/a><\/li>\n<li><a href=\"https:\/\/www.freiburg-schwarzwald.de\/blog\/selbsthilfe\/soziales\/arbeit\/arbeiten-lohnt-nicht\/\">Arbeiten lohnt nicht<\/a><\/li>\n<li><a href=\"https:\/\/www.freiburg-schwarzwald.de\/blog\/selbsthilfe\/soziales\/arbeit\/arbeitsproduktivitaet\/\">Arbeitsproduktivitaet<\/a><\/li>\n<li><a href=\"https:\/\/www.freiburg-schwarzwald.de\/blog\/selbsthilfe\/soziales\/arbeit\/arbeitsverweigerung\/\">Arbeitsverweigerung<\/a><\/li>\n<li><a href=\"https:\/\/www.freiburg-schwarzwald.de\/blog\/selbsthilfe\/soziales\/arbeit\/buergergeld\/\">B\u00fcrgergeld<\/a><\/li>\n<li><a title=\"Fluechtlinge-Arbeit\" href=\"https:\/\/www.freiburg-schwarzwald.de\/blog\/global\/integration\/fluechtlinge-arbeit\/\">Fluechtlinge-Arbeit<\/a><\/li>\n<li><a href=\"https:\/\/www.freiburg-schwarzwald.de\/blog\/vereine\/hilfe\/fqb-freiburg\/\">FQB-Freiburg<\/a><\/li>\n<li><a title=\"Integration-Islam\" href=\"https:\/\/www.freiburg-schwarzwald.de\/blog\/global\/integration\/integration-islam\/\">Integration-Islam<\/a><\/li>\n<li><a title=\"Job\" href=\"https:\/\/www.freiburg-schwarzwald.de\/blog\/selbsthilfe\/soziales\/arbeit\/job\/\">Job<\/a><\/li>\n<li><a title=\"Migration-Maenner\" href=\"https:\/\/www.freiburg-schwarzwald.de\/blog\/global\/migration\/migration-maenner\/\">Migration<\/a><\/li>\n<li><a href=\"https:\/\/www.freiburg-schwarzwald.de\/blog\/selbsthilfe\/soziales\/arbeit\/schein-arbeit\/\">Schein-Arbeit<\/a><\/li>\n<li><a href=\"https:\/\/www.freiburg-schwarzwald.de\/blog\/engagement\/zukunft\/demokratie\/staatsapparat\/\">Staatsapparat<\/a><\/li>\n<\/ul>\n<p>&nbsp;<\/p>\n<p><strong>Das Monster \u201eBundesagentur f\u00fcr Arbeit\u201c: Immer weniger Vermittlungen in echte Jobs<\/strong><br \/>\nTrotz Milliardenbudgets und Zehntausender Besch\u00e4ftigter vermittelt die Bundesagentur f\u00fcr Arbeit kaum noch Jobs. Die Beh\u00f6rde dient offenbar mehr sich selbst und als Auffangma\u00dfnahme f\u00fcr ehemalige SPD-Minister als dem Arbeitsmarkt. Eines von vielen politischen Systemversagen.<br \/>\nEin wenig Zahlensalat und Rechtsgrundlage vorweg: Die Bundesagentur f\u00fcr Arbeit (BA) hat rund 110.000 Besch\u00e4ftigte. Diese Besch\u00e4ftigten arbeiten in der Zentrale in N\u00fcrnberg, in 10 Regionaldirektionen, 600 Gesch\u00e4ftsstellen und 300 Jobcentern. Letztere bringen rund 37,6 Milliarden B\u00fcrgergeld unters Volk, konkret unter 5,5 Millionen Empf\u00e4ngern. Bei voraussichtlich 46,5 Milliarden Einnahmen wird die BA im Jahr 2025 rund 47,8 Milliarden Ausgaben haben.<br \/>\nDie Einnahmen stammen haupts\u00e4chlich aus Beitr\u00e4gen zur Arbeitslosenversicherung, die von Arbeitgebern und Arbeitnehmern getragen werden. Die Ausgaben gelten der Arbeitslosenversicherung, dem Kurzarbeitergeld, der Weiterbildung usw. Der Bund gleicht ein eventuelles Defizit der BA aus. Die BA-Verwaltung verschlingt rund 10,9 Milliarden. Andere Quellen sprechen von 7,7 Milliarden. <a href=\"https:\/\/www.sozialpolitik-aktuell.de\/files\/sozialpolitik-aktuell\/_Politikfelder\/Arbeitsmarkt\/Datensammlung\/PDF-Dateien\/abbIV59.pdf\">https:\/\/www.sozialpolitik-aktuell.de\/files\/sozialpolitik-aktuell\/_Politikfelder\/Arbeitsmarkt\/Datensammlung\/PDF-Dateien\/abbIV59.pdf<\/a><br \/>\n.<br \/>\nDie BA ist eine bundesunmittelbare K\u00f6rperschaft des \u00f6ffentlichen Rechts. Das Bundesministerium f\u00fcr Arbeit und Soziales (BMAS) f\u00fchrt die Rechtsaufsicht. Die BA wird geleitet von einem vierk\u00f6pfigen Vorstand, der der Bundesregierung von den 21 Mitgliedern des Verwaltungsrates vorgeschlagen wird. Diese 21 Mitglieder setzen sich drittelparit\u00e4tisch aus Vertretern der Arbeitnehmer, Arbeitgeber und \u00f6ffentlicher K\u00f6rperschaften (Ministerien auf Bundes- und Landesebene, Kommunen) zusammen.<br \/>\nVorstandsvorsitzende im BA-Vorstand ist seit 1. August 2022 Andrea Nahles (55).<br \/>\n&#8230;<br \/>\n\u201eArbeitsagentur vermittelt kaum noch Jobs\u201c<br \/>\nNun berichtet BILD am 23. Juli: \u201eArbeitsagentur vermittelt kaum noch Jobs\u201c bei 2.914.000 Arbeitslosen und einer Arbeitslosenquote von 6,2 Prozent. Die aktuellen BA-Zahlen zeigen zudem. 2024 war im Hinblick auf erfolgreiche Arbeitsvermittlung ein Rekord-Tief. Das geht aus einer Antwort des BMAS auf eine Kleine Anfrage der AfD hervor. Siehe dort Seiten 93 bis 95. <a href=\"https:\/\/dserver.bundestag.de\/btd\/21\/007\/2100747.pdf\">https:\/\/dserver.bundestag.de\/btd\/21\/007\/2100747.pdf<\/a><br \/>\n2024 gab es rund 6,7 Millionen Abg\u00e4nge aus B\u00fcrgergeld und Arbeitslosengeld. Doch nur 30,3 Prozent davon nahmen eine Erwerbst\u00e4tigkeit auf. Nur 27,7 Prozent landeten im regul\u00e4ren Arbeitsmarkt. Vielen andere konnten nur Minijobs oder Ma\u00dfnahmen vermittelt werden. Die direkten Vermittlungen durch die BA sind v\u00f6llig eingebrochen. 2015 wurden noch 13,2 Prozent aller Jobwechsel durch Vermittlungsvorschl\u00e4ge der BA ausgel\u00f6st, 2024 sind es nur mehr 4,9 Prozent. Ein neuer Tiefstand.<\/p>\n<p>&#8230; Alles vom 24.7.2025 von Josef Kraus bitte lesen auf<br \/>\n<a href=\"https:\/\/www.tichyseinblick.de\/meinungen\/das-monster-bundesagentur-fuer-arbeit\/\">https:\/\/www.tichyseinblick.de\/meinungen\/das-monster-bundesagentur-fuer-arbeit\/<\/a><\/p>\n<p>&nbsp;<\/p>\n","protected":false},"excerpt":{"rendered":"<p>Home\u00a0&gt;Soziales\u00a0&gt;Arbeit\u00a0&gt;Arbeitsmarkt &gt;Arbeiten-lohnt-nicht &gt;Bundesagentur f\u00fcr Arbeit Weizenernte im Dreisamtal bei Freiburg 18.7.2025&nbsp; Listenauswahl eines Beitrags (Artikel\/Datum, Seite\/Inhalt): Klicken oder scrollen\u00a0 Das Monster \u201eBundesagentur f\u00fcr Arbeit\u201c: Immer weniger Vermittlungen in echte Jobs (24.7.2024) Arbeit Arbeiten lohnt nicht Arbeitsproduktivitaet Arbeitsverweigerung B\u00fcrgergeld Fluechtlinge-Arbeit FQB-Freiburg &hellip; <a href=\"https:\/\/www.freiburg-schwarzwald.de\/blog\/selbsthilfe\/soziales\/arbeit\/bundesagentur-fuer-arbeit\/\">Weiterlesen <span class=\"meta-nav\">&rarr;<\/span><\/a><\/p>\n","protected":false},"author":2,"featured_media":0,"parent":649,"menu_order":0,"comment_status":"closed","ping_status":"closed","template":"","meta":{"footnotes":""},"class_list":["post-136769","page","type-page","status-publish","hentry"],"_links":{"self":[{"href":"https:\/\/www.freiburg-schwarzwald.de\/blog\/wp-json\/wp\/v2\/pages\/136769","targetHints":{"allow":["GET"]}}],"collection":[{"href":"https:\/\/www.freiburg-schwarzwald.de\/blog\/wp-json\/wp\/v2\/pages"}],"about":[{"href":"https:\/\/www.freiburg-schwarzwald.de\/blog\/wp-json\/wp\/v2\/types\/page"}],"author":[{"embeddable":true,"href":"https:\/\/www.freiburg-schwarzwald.de\/blog\/wp-json\/wp\/v2\/users\/2"}],"replies":[{"embeddable":true,"href":"https:\/\/www.freiburg-schwarzwald.de\/blog\/wp-json\/wp\/v2\/comments?post=136769"}],"version-history":[{"count":5,"href":"https:\/\/www.freiburg-schwarzwald.de\/blog\/wp-json\/wp\/v2\/pages\/136769\/revisions"}],"predecessor-version":[{"id":136782,"href":"https:\/\/www.freiburg-schwarzwald.de\/blog\/wp-json\/wp\/v2\/pages\/136769\/revisions\/136782"}],"up":[{"embeddable":true,"href":"https:\/\/www.freiburg-schwarzwald.de\/blog\/wp-json\/wp\/v2\/pages\/649"}],"wp:attachment":[{"href":"https:\/\/www.freiburg-schwarzwald.de\/blog\/wp-json\/wp\/v2\/media?parent=136769"}],"curies":[{"name":"wp","href":"https:\/\/api.w.org\/{rel}","templated":true}]}}