{"id":136434,"date":"2025-07-16T15:42:39","date_gmt":"2025-07-16T13:42:39","guid":{"rendered":"https:\/\/www.freiburg-schwarzwald.de\/blog\/?page_id=136434"},"modified":"2026-08-24T20:59:19","modified_gmt":"2026-08-24T18:59:19","slug":"migration-kriminalitaet","status":"publish","type":"page","link":"https:\/\/www.freiburg-schwarzwald.de\/blog\/global\/migration\/migration-kriminalitaet\/","title":{"rendered":"Migration-Kriminalitaet"},"content":{"rendered":"<p><a href=\"https:\/\/www.freiburg-schwarzwald.de\/blog\">Home<\/a>\u00a0&gt;<a title=\"Krise\" href=\"https:\/\/www.freiburg-schwarzwald.de\/blog\/selbsthilfe\/krise\/\">Krise<\/a>\u00a0&gt;<a title=\"Gewalt\" href=\"https:\/\/www.freiburg-schwarzwald.de\/blog\/selbsthilfe\/krise\/gewalt\/\">Gewalt<\/a>\u00a0&gt;<a title=\"Integration\" href=\"https:\/\/www.freiburg-schwarzwald.de\/blog\/global\/integration\/\">Integration<\/a>\u00a0&gt;<a href=\"https:\/\/www.freiburg-schwarzwald.de\/blog\/global\/integration\/fluechtlinge-kriminalitaet\/\">Fluechtlinge-Kriminalitaet<\/a> &gt;<a href=\"https:\/\/www.freiburg-schwarzwald.de\/blog\/global\/migration\/migranten-gewalt\/\">Migranten-Gewalt<\/a> &gt;Migration-Kriminalitaet<\/p>\n<div id=\"attachment_134315\" style=\"width: 614px\" class=\"wp-caption alignnone\"><a href=\"https:\/\/www.freiburg-schwarzwald.de\/blog\/wp-content\/uploads\/2025\/05\/tvbz2024pan.jpg\"><img loading=\"lazy\" decoding=\"async\" aria-describedby=\"caption-attachment-134315\" class=\"size-full wp-image-134315\" src=\"https:\/\/www.freiburg-schwarzwald.de\/blog\/wp-content\/uploads\/2025\/05\/tvbz2024pan.jpg\" alt=\"\" width=\"604\" height=\"341\" srcset=\"https:\/\/www.freiburg-schwarzwald.de\/blog\/wp-content\/uploads\/2025\/05\/tvbz2024pan.jpg 604w, https:\/\/www.freiburg-schwarzwald.de\/blog\/wp-content\/uploads\/2025\/05\/tvbz2024pan-180x102.jpg 180w\" sizes=\"auto, (max-width: 604px) 100vw, 604px\" \/><\/a><p id=\"caption-attachment-134315\" class=\"wp-caption-text\">Tatverd\u00e4chtigenbelastungszahlen (TVBZ) 2024<\/p><\/div>\n<ul>\n<li><em>Listenauswahl eines Beitrags (Artikel\/Datum, Seite\/Inhalt): <span style=\"text-decoration: underline;\">Klicken<\/span> oder scrollen\u00a0<\/em><\/li>\n<li><a href=\"https:\/\/www.freiburg-schwarzwald.de\/blog\/global\/maghreb\/\">Schweiz: \u00dcber 80 Prozent der nordafrikanischen Migranten in Strafverfahren verwickelt<\/a> (21.8.2026)<\/li>\n<li><a href=\"https:\/\/www.freiburg-schwarzwald.de\/blog\/selbsthilfe\/soziales\/arbeit\/jugendarbeitslosigkeit\/\">Kaum Integration durch wirtschaftlichen Aufstieg: Jugendarbeitslosigkeit unter Migranten steigt<\/a>\u00a0(18.8.2026)<\/li>\n<li><a href=\"https:\/\/www.freiburg-schwarzwald.de\/blog\/sozialismus-mittels-migration\/\">Sozialismus mittels Migration<\/a>\u00a0(17.8.2026)<\/li>\n<li><a href=\"https:\/\/www.freiburg-schwarzwald.de\/blog\/selbsthilfe\/krise\/sexuellermissbrauch\/gruppenvergewaltigung\/\">Frida (14) vergewaltigt: T\u00e4terparadies Deutschland dank \u201esanfter\u201c Justiz<\/a>\u00a0(6.8.2026)<\/li>\n<li><a href=\"https:\/\/www.freiburg-schwarzwald.de\/blog\/global\/eu\/schleuser\/\">Boat witches: Warum es auf den Mittelmeerfl\u00fcchtlingsbooten so wenige Frauen gibt<\/a>\u00a0(1.8.2026)<\/li>\n<li><a href=\"https:\/\/www.freiburg-schwarzwald.de\/blog\/terror-zu-94-prozent-islamistisch\/\">Terror zu 94 Prozent islamistisch<\/a>\u00a0(29.7.2026)<\/li>\n<li><a href=\"https:\/\/www.freiburg-schwarzwald.de\/blog\/kultur\/medien\/journalismus\/journalismus-wende\/\">Liv von Boetticher: Deutschland verliert den Kampf gegen die Kriminalit\u00e4t<\/a> (24.7.2026)<\/li>\n<li><a href=\"https:\/\/www.freiburg-schwarzwald.de\/blog\/global\/migration\/migration-psyche\/\">Migration: Inflation an Schuldunf\u00e4higkeitsbefunden wegen \u201eSchizophrenie\u201c<\/a> (23.7.2026)<\/li>\n<li><a href=\"https:\/\/www.freiburg-schwarzwald.de\/blog\/islamogauchisme-gewalt-waechst\/\">IslamoGauchisme: Gewalt w\u00e4chst<\/a>\u00a0(23.7.2026)<\/li>\n<li><a href=\"https:\/\/www.freiburg-schwarzwald.de\/blog\/global\/migration\/herkunft\/\">Thomas Hartung: Herkunft migrantischer Straft\u00e4ter nennen<\/a>\u00a0(13.7.2026)<\/li>\n<li><a href=\"https:\/\/www.freiburg-schwarzwald.de\/blog\/sport\/baeder\/freibad\/\">Im Schwimmbad zeigt sich, welche Konflikte Deutschland austr\u00e4gt<\/a>\u00a0(3.7.2026)<\/li>\n<li><a href=\"https:\/\/www.freiburg-schwarzwald.de\/blog\/louis-17-ans-lynche-a-mort\/\">Louis, 17 ans, lynch\u00e9 \u00e0 mort<\/a>\u00a0(25.6.2026)<\/li>\n<li><a href=\"https:\/\/www.freiburg-schwarzwald.de\/blog\/global\/grossbritannien\/\">Frisch verf\u00fcttert: 3-J\u00e4hriger in Krokodilgrube geworfen<\/a> (20.6.2026)<\/li>\n<li>Horror-Tat in Halle: Kinder sollen sich freiwillig vergewaltigen haben lassen (16.6.2026)<\/li>\n<li><a href=\"https:\/\/www.freiburg-schwarzwald.de\/blog\/enough-gb-assez-f-genug-d\/\">Enough GB \u2013 Assez F \u2013 Genug D<\/a>\u00a0(15.6.2026)<\/li>\n<li><a href=\"https:\/\/www.freiburg-schwarzwald.de\/blog\/religion\/islam\/islamismus\/enthauptung\/\">Birgit Kelle: Wenn K\u00f6pfe rollen in Europa<\/a>\u00a0(13.6.2026)<\/li>\n<li><a href=\"https:\/\/www.freiburg-schwarzwald.de\/blog\/selbsthilfe\/krise\/sexuellermissbrauch\/grooming\/\">Grooming-F\u00e4lle N\u00fcrnberg \u2013 Vergewaltiger-Banden England<\/a>\u00a0(12.6.2026)<\/li>\n<li><a href=\"https:\/\/www.freiburg-schwarzwald.de\/blog\/fast-enthauptung-politikwende\/\">Fast-Enthauptung \u2013 Politikwende<\/a>\u00a0(11.6.2026)<\/li>\n<li><a href=\"https:\/\/www.freiburg-schwarzwald.de\/blog\/kultur\/medien\/desinformation\/\">Psychiater Urbaniok zerlegt NDR-Beitrag \u00fcber Gewalt im \u00f6ffentlichen Raum<\/a> (11.6.2026)<\/li>\n<li>Sch\u00fcler (14) in Memmingen ermordet \u2013 mutma\u00dflicher T\u00e4ter war abgelehnter Asylbewerber (4.5.2026<\/li>\n<li><a href=\"https:\/\/www.freiburg-schwarzwald.de\/blog\/selbsthilfe\/psyche\/psychiatrie\/schuldunfaehigkeit\/\">Liana K. (16) ist tot, Ihr M\u00f6rder in der Psychiatrie: Warum sch\u00fctzt unser Staat seine B\u00fcrger nicht vor importierter Gewalt?<\/a>\u00a0(30.4.2026)<\/li>\n<li>\u201eFehlgeleiteter Diskurs \u00fcber Migration und Kriminalit\u00e4t\u201c: Juraprofessorinnen fordern offene Debatte \u00fcber Migranten-Gewalt (26.4.2026)<\/li>\n<li><a href=\"https:\/\/www.freiburg-schwarzwald.de\/blog\/gewalt-4-mal-so-hoch\/\">Gewalt 4 mal so hoch<\/a>\u00a0(20.4.2026)<\/li>\n<li><a href=\"https:\/\/www.freiburg-schwarzwald.de\/blog\/kultur\/hobby\/\">Ahmet Refii Dener: Das Hobby-Vakuum in der islamischen Welt<\/a> (14.4.2026)<\/li>\n<li>Dieser junge Syrer macht alles richtig (16.3.2026)<\/li>\n<li><a href=\"https:\/\/www.freiburg-schwarzwald.de\/blog\/global\/migration\/badoeynhausen-philippos24juni2024\/\">Filipp (16) totgepr\u00fcgelt: Ein Jahr Bew\u00e4hrung f\u00fcr Angeklagten<\/a>\u00a0(25.2.2026)<\/li>\n<li><a href=\"https:\/\/www.freiburg-schwarzwald.de\/blog\/global\/grossbritannien\/england\/\">Rape-Gangs: M\u00e4dchen sind Untermenschen als Frauen, Wei\u00dfe und Ungl\u00e4ubige<\/a>\u00a0(13.2.2026)<\/li>\n<li><a href=\"https:\/\/www.freiburg-schwarzwald.de\/blog\/migration-symptom-oder-ursache-der-gewalt\/\">Migration: Symptom oder Ursache der Gewalt?<\/a>\u00a0(8.2.2026)<\/li>\n<li><a href=\"https:\/\/www.freiburg-schwarzwald.de\/blog\/regio\/verkehr\/eisenbahn\/bahn-gewalt\/\">Schwarzfahrer erschl\u00e4gt Schaffner in Regionalbahn Landstuhl (RP)<\/a> (4.2.2026)<\/li>\n<li><a href=\"https:\/\/www.freiburg-schwarzwald.de\/blog\/global\/migration\/u-bahn-mord-wandsbek29jan2026\/\">Fatemeh Z. (18) von S\u00fcdsudanesen in Hamburg ermordet<\/a>\u00a0(29.1.2026)<\/li>\n<li><a href=\"https:\/\/www.freiburg-schwarzwald.de\/blog\/silvesternacht-2026-friedlich\/\">Silvesternacht 2026 \u201efriedlich\u201c?<\/a>\u00a0(2.1.2026)<\/li>\n<li><a href=\"https:\/\/www.freiburg-schwarzwald.de\/blog\/global\/integration\/gewaltimport\/\">Schattenseiten der Migration: Urbaniok \u2013 Kriminalit\u00e4t \u2013 Sicherheit<\/a> (12.12.2025)<\/li>\n<li><a href=\"https:\/\/www.freiburg-schwarzwald.de\/blog\/selbsthilfe\/frauen\/femizid\/\">Deutliche Zunahme von Gewaltdelikten gegen Frauen \u2013 ausl\u00e4ndische Tatverd\u00e4chtige \u00fcberrepr\u00e4sentiert<\/a>\u00a0(21.11.2025)<\/li>\n<li><a href=\"https:\/\/www.freiburg-schwarzwald.de\/blog\/sport\/baeder\/freibad\/\">Vergewaltigung im Freibad \u2013 12-J\u00e4hrige in Braunschweig<\/a>\u00a0(9.9.2025)<\/li>\n<li>Frauenmorde und wachsende Gewalt (4.9.2025)<\/li>\n<li><a href=\"https:\/\/www.freiburg-schwarzwald.de\/blog\/iraker-stoesst-16-jaehrige-vor-zug\/\">Iraker st\u00f6sst 16-J\u00e4hrige vor Zug<\/a>\u00a0(30.8.2025)<\/li>\n<li><a href=\"https:\/\/www.freiburg-schwarzwald.de\/blog\/dresden-messer-syrer-us-opfer\/\">Dresden Messer Syrer US-Opfer<\/a>\u00a0(25.8.2025)<\/li>\n<li><a href=\"https:\/\/www.freiburg-schwarzwald.de\/blog\/selbsthilfe\/krise\/sexuellermissbrauch\/gruppenvergewaltigung\/\">Kriminalstatistik enth\u00fcllt: Mehr als zwei Gruppenvergewaltigungen pro Tag<\/a> (11.8.2025)<\/li>\n<li><a href=\"https:\/\/www.freiburg-schwarzwald.de\/blog\/kultur\/medien\/relativierung\/\">Zum Vergleich der Migrantengewalt mit dem Alkoholverzehr<\/a> (31.7.2025)<\/li>\n<li>Zahlen des Generalbundesanwalts: Meist arabische und afghanische Verd\u00e4chtige (21..2025)<\/li>\n<li>Frank Urbaniok: Schattenseiten der Migration (13.7.2025)<\/li>\n<li><\/li>\n<li><a href=\"https:\/\/www.freiburg-schwarzwald.de\/blog\/global\/integration\/auslaenderkriminalitaet\/\">Auslaenderkriminalitaet<\/a><\/li>\n<li><a href=\"https:\/\/www.freiburg-schwarzwald.de\/blog\/regio\/verkehr\/eisenbahn\/bahn-gewalt\/\">Bahn-Gewalt<\/a><\/li>\n<li><a href=\"https:\/\/www.freiburg-schwarzwald.de\/blog\/religion\/islam\/islamismus\/enthauptung\/\">Enthauptung<\/a><\/li>\n<li><a href=\"https:\/\/www.freiburg-schwarzwald.de\/blog\/global\/integration\/fluechtlinge-kriminalitaet\/\">Fluechtlinge-Kriminalitaet<\/a><\/li>\n<li><a href=\"https:\/\/www.freiburg-schwarzwald.de\/blog\/global\/integration\/gewaltimport\/\">Gewaltimport<\/a><\/li>\n<li><a href=\"https:\/\/www.freiburg-schwarzwald.de\/blog\/selbsthilfe\/krise\/sexuellermissbrauch\/grooming\/\">Grooming<\/a><\/li>\n<li><a href=\"https:\/\/www.freiburg-schwarzwald.de\/blog\/selbsthilfe\/krise\/gewalt\/jugendgewalt\/\">Jugendgewalt<\/a><\/li>\n<li><a href=\"https:\/\/www.freiburg-schwarzwald.de\/blog\/selbsthilfe\/krise\/gewalt\/kindergewalt\/\">Kindergewalt<\/a><\/li>\n<li><a href=\"https:\/\/www.freiburg-schwarzwald.de\/blog\/selbsthilfe\/krise\/gewalt\/krawalle\/\">Krawalle<\/a><\/li>\n<li><a href=\"https:\/\/www.freiburg-schwarzwald.de\/blog\/selbsthilfe\/soziales\/justiz\/messerstecher\/\">Messerstecher<\/a><\/li>\n<li><a href=\"https:\/\/www.freiburg-schwarzwald.de\/blog\/global\/migration\/migration-kriminalitaet\/\">Migranten-Kriminalitaet<\/a><\/li>\n<li><a href=\"https:\/\/www.freiburg-schwarzwald.de\/blog\/global\/migration\/migration-maenner\/\">Migration-Maenner<\/a><\/li>\n<li><a href=\"https:\/\/www.freiburg-schwarzwald.de\/blog\/global\/migration\/migration-psyche\/\">Migration-Psyche<\/a><\/li>\n<li><a href=\"https:\/\/www.freiburg-schwarzwald.de\/blog\/global\/migration\/migration-zahlen\/\">Migration-Zahlen<\/a><\/li>\n<li><a href=\"https:\/\/www.freiburg-schwarzwald.de\/blog\/selbsthilfe\/psyche\/psychiatrie\/schuldunfaehigkeit\/\">Schuldunf\u00e4higkeit<\/a><\/li>\n<li><a href=\"https:\/\/www.freiburg-schwarzwald.de\/blog\/global\/migration\/u-bahn-mord-wandsbek29jan2026\/\">U-Bahn-Mord-Wandsbek29Jan2026<\/a><\/li>\n<\/ul>\n<p><strong>Die meisten Migranten leben und arbeiten hier gerne und gewaltfrei<\/strong><br \/>\nDeshalb ist es gerade in ihrem Sinne, die wenigen Gewaltbereiten von ihrem Tun abzubringen. Durch Benennen und Ahnden von Gewalttaten sowie durch Pr\u00e4vention und Aufkl\u00e4rung.<br \/>\nAlle Migranten, die ich kenne, sind best\u00fcrzt \u00fcber die vom BKA gemeldete Zunahme der migrantischen Gewalt und deren Verschweigen bzw. Kleinreden. Diesen mu\u00df geholfen werden.<br \/>\n.<br \/>\n<strong>Gewalt von Migranten verschweigen:<\/strong><br \/>\n&#8222;Wer die Statistik verschweigt, verweigert nicht nur die Wahrheit, er verweigert den Opfern ihre W\u00fcrde&#8220; (Firuze B.)<br \/>\n.<br \/>\n<strong>Gewaltkriminalit\u00e4t steigt zwischen 2015 und 2025 um 17 Prozent<\/strong><br \/>\n2015 registrierte das Bundeskriminalamt bundesweit 181.386 F\u00e4lle von Gewaltkriminalit\u00e4t. Zehn Jahre sp\u00e4ter waren es 212.335 F\u00e4lle. Damit wurden 2025 rund 31.000 Gewaltdelikte mehr registriert als 2015 \u2013 ein Anstieg um gut 17 Prozent.<br \/>\n==============================================================<\/p>\n<p>.<\/p>\n<p><strong>Horror-Tat in Halle: Kinder sollen sich freiwillig vergewaltigen haben lassen<\/strong><br \/>\nIn Halle (Saale) sollen Migranten mehrere minderj\u00e4hrige M\u00e4dchen unter 14 Jahren brutal betrunken gemacht, missbraucht und vergewaltigt haben. Die T\u00e4ter sollen vier Jugendliche im Alter von 13 bis 16 Jahren sein und aus Mali und Portugal stammen. Alle T\u00e4ter befinden sich inzwischen wieder auf freiem Fu\u00df.<br \/>\n&#8230;<br \/>\nEin Augenzeuge gegen\u00fcber der \u201eWelt\u201c <a href=\"https:\/\/www.welt.de\/politik\/deutschland\/article6a30b15c7e682fc37fbfb903\/halle-davon-kann-die-schwanger-werden-wie-zeugen-die-mutmassliche-vergewaltigung-schildern.html\">https:\/\/www.welt.de\/politik\/deutschland\/article6a30b15c7e682fc37fbfb903\/halle-davon-kann-die-schwanger-werden-wie-zeugen-die-mutmassliche-vergewaltigung-schildern.html <\/a>:<br \/>\n&#8222;Ein M\u00e4dchen fl\u00fcchtet offenbar halbnackt, eine andere liegt wohl bewusstlos auf dem Boden. Die Staatsanwaltschaft spricht trotzdem von Freiwilligkeit \u2013 doch Augenzeugen, die die mutma\u00dfliche Vergewaltigung in Halle gestoppt haben, zweifeln daran.&#8220;<br \/>\n\u201eDie M\u00e4dels waren abgef\u00fcllt und wurden zusammengeschlagen\u201c, sagte hingegen der Zeuge dem \u201eFocus\u201c: \u201eDas kann doch nicht einvernehmlich sein?!\u201c Nicht umsonst sei der gesamte Stra\u00dfenzug am Samstagabend voller Blaulicht gewesen.\u201c<br \/>\n\u00dcberhaupt l\u00e4sst dieser Bericht der Welt an der Freiwilligkeitsthese, die ohnehin bei sexueller Gewalt gegen Kinder bislang ein Tabu war, erhebliche Zweifel aufkommen.<br \/>\nMan reibt sich die Augen und fragt nach den \u00c4u\u00dferungen der freundlich gesagt \u00e4u\u00dferst migrantenfreundlich scheinenden Staatsanwaltschaft, ob unter Migrantenfamilien jetzt inzestu\u00f6se Vergewaltigungen der Kinder keine Straftat mehr darstellen?<br \/>\n&#8230; Alles vom 16.6.2026 bitte lesen auf<br \/>\n<a href=\"https:\/\/philosophia-perennis.com\/2026\/06\/16\/horror-tat-in-halle-vergewaltigung\/\">https:\/\/philosophia-perennis.com\/2026\/06\/16\/horror-tat-in-halle-vergewaltigung\/<\/a><br \/>\n.<br \/>\nEinige Kommentare:<br \/>\nDie Staatsanwaltschaft orakelt von einer &#8218;angenommen Ausgangslage&#8216; und trifft aufgrund von Mutma\u00dfungen Entscheidungen. Kann man sich nicht ausdenken! Das sie das auch noch genau so \u00f6ffentlich kommuniziert, ist der eigentliche Skandal. Die M\u00e4dchen werden zu Schuldige und die Vergewaltigungen legitimiert. Das ist Billigung &#8211; wenn nicht sogar Beihilfe &#8211; zu schwerwiegenden Straftaten. Die Justiz ist am Ende. Kessis<br \/>\n.<br \/>\nDiese \u00e4u\u00dferst migrantenfreundlich scheinenden Staatsanwaltschaft ist die Folge des Multikulturalismus, der nicht in Frage gestellt werden darf. Er ist Teil der neuen gro\u00dfen Gleichmacherei. Es ist ein Teil dieses neuen Kommunismus mit seiner Gleichmacherei, der die systematische, institutionelle Benachteiligung der einheimischen, wei\u00dfen Bev\u00f6lkerung erm\u00f6glicht. Ernst<br \/>\n.<br \/>\nIm Strafrecht gibt es keine &#8222;angenommene Ausgangslage&#8220;! Die vier Maedchen wurden brutalst (!) vergewaltigt! Zwei wurden ambulant behandelt (Warum? Stehen kleine Maedchen auf derart brualen Sex, dass man anschliessend ambulant behandelt werden muss? ) Zwei Maedchen liegen im Krankenhaus! Klingt das nach &#8222;einvernehmlichem Sex&#8220;? Wohl kaum! Die verantwortliche Staatsanwaltschaft gehoert wegen Rechsbeugung angeklagt &#8230; Sven mueller<br \/>\n.<br \/>\nW\u00e4ren die T\u00e4ter &#8218;polizeibekannte&#8216; AFD-W\u00e4hler oder einfach &#8217;nur&#8216; wei\u00dfe deutsche Teenies und die M\u00e4dchen T\u00f6chter edler Muselmanen. Man w\u00fcrde nach der Todesstrafe schreien aus den Reihen der gr\u00fcnen, schwarzen, roten und ganz roten. Wieder einmal agiert die Justiz getrieben von sch\u00e4ndlicher Ideologie, wie in den dunkelsten Jahren unserer Geschichte. Und nat\u00fcrlich macht die Polizei alles mit, wie damals. Finis Germaniae Claus<br \/>\nEnde Kommentare<\/p>\n<p>.<\/p>\n<p><strong>Sch\u00fcler (14) in Memmingen ermordet \u2013 mutma\u00dflicher T\u00e4ter war abgelehnter Asylbewerber<\/strong><br \/>\n&#8230; In der ruhigen Allg\u00e4uer Stadt Memmingen, wo Familien ihre Kinder noch unbesorgt zur Schule schicken und das Leben zwischen Bahnhof und Altstadt seinen gewohnten Gang geht, hat sich in den vergangenen Tagen ein Drama abgespielt, das nun das ganze Land ersch\u00fcttert: Der 14-j\u00e4hrige Jermaine B. ist tot. Ermordet, wie die Obduktion ergab, durch massive Gewalteinwirkung gegen den Hals.<\/p>\n<p>Der mutma\u00dfliche T\u00e4ter: ein 37-j\u00e4hriger Mann aus dem Westjordanland, ein abgelehnter Asylbewerber, der trotz rechtskr\u00e4ftiger Ablehnung seines Antrags geduldet wurde \u2013 weil seine Identit\u00e4t und Nationalit\u00e4t nicht abschlie\u00dfend gekl\u00e4rt werden konnten, berichten Bild und Focus. Der Verd\u00e4chtige ist inzwischen tot: Bei der Festnahme in dem verlassenen Haus, in dem auch die Leiche des Jungen lag, bedrohte er Polizisten mit einem Messer und wurde von den Beamten angeschossen. Er erlag sp\u00e4ter seinen Verletzungen<br \/>\n,,,<br \/>\nDieser Fall steht nicht allein. In den vergangenen f\u00fcnf Jahren haben mehrere \u00e4hnliche Gewalttaten durch Migranten \u2013 oft abgelehnte oder geduldete Asylbewerber \u2013 Deutschland ersch\u00fcttert. Die Debatte um Abschiebungen und Identit\u00e4tskl\u00e4rung brachte aber keine \u00c4nderung in der Politik der Bundesregierung. Hier nur f\u00fcnf der vielen Straftaten:<br \/>\n&#8211; Im Dezember 2022 ersticht in <a href=\"https:\/\/www.freiburg-schwarzwald.de\/blog\/global\/integration\/illerkirchberg-messermord05-12-2022\/\">Illerkirchberg<\/a> ein 27-j\u00e4hriger Eritreer, Asylbewerber, auf dem Schulweg die 14-j\u00e4hrige Ece S. und verletzt ihre 13-j\u00e4hrige Freundin schwer. Der T\u00e4ter wird zu lebenslanger Haft verurteilt.<br \/>\n&#8211; In <a href=\"https:\/\/www.freiburg-schwarzwald.de\/blog\/global\/migration\/brokstedt-messermord-zug\/\">Brokstedt<\/a> t\u00f6tet der 34-j\u00e4hrige staatenlose Pal\u00e4stinenser Ibrahim A. in einem Zug zwei junge Menschen, die 17-j\u00e4hrige Ann-Marie und den 19-j\u00e4hrigen Danny, mit einem Messer und verletzt weitere Fahrg\u00e4ste. Auch er erh\u00e4lt eine lebenslange Freiheitsstrafe.<br \/>\n&#8211; Ein somalischer Asylbewerber ersticht in <a href=\"https:\/\/www.freiburg-schwarzwald.de\/blog\/femizide-in-wuerzburg-und-wien\/\">W\u00fcrzburg<\/a> in einem Supermarkt drei Frauen und verletzt mehrere weitere Personen schwer. Die Tat ereignet sich im Juni 2021 und wird als islamistisch motiviert eingestuft.<br \/>\n&#8211; In <a href=\"https:\/\/www.freiburg-schwarzwald.de\/blog\/solingen-ist-ueberall\/\">Solingen<\/a> attackiert der 26-j\u00e4hrige Syrer Issa al H., dessen Asylantrag abgelehnt worden war und der trotz Abschiebebescheid blieb, im August 2024 das \u201eFestival der Vielfalt\u201c. Er t\u00f6tet drei Menschen mit einem Messer und verletzt acht weitere. Der IS reklamiert die Tat. Der T\u00e4ter wird zu lebenslanger Haft verurteilt.<br \/>\n&#8211; Im Januar 2025 verfolgt in <a href=\"https:\/\/www.freiburg-schwarzwald.de\/blog\/engagement\/zukunft\/demokratie\/aschaffenburg22jan2025\/\">Aschaffenburg<\/a> ein 28-j\u00e4hriger ausreisepflichtiger Afghane eine Kita-Gruppe. Er greift gezielt die Kinder an, ersticht einen zweij\u00e4hrigen Jungen, verletzt ein weiteres Kind und t\u00f6tet einen 41-J\u00e4hrigen, der den T\u00e4ter stoppen will.<\/p>\n<p>Diese F\u00e4lle, so unterschiedlich sie im Detail sind, teilen ein Muster: Ein T\u00e4ter mit Migrationshintergrund, oft aus Krisenregionen, dessen Aufenthaltsstatus prek\u00e4r oder abgelehnt ist, begeht schwere Gewalttaten \u2013 h\u00e4ufig mit Messern \u2013 gegen unschuldige Opfer, darunter oft Kinder und Jugendliche.<br \/>\n&#8230; Alels vom 6.5.2026 bitte esen auf<br \/>\n<a href=\"https:\/\/www.tichyseinblick.de\/daili-es-sentials\/schueler-ermordet-abgelehnter-migrant-memmingen\/\">https:\/\/www.tichyseinblick.de\/daili-es-sentials\/schueler-ermordet-abgelehnter-migrant-memmingen\/<\/a><\/p>\n<p>&nbsp;<\/p>\n<p><strong>\u201eFehlgeleiteter Diskurs \u00fcber Migration und Kriminalit\u00e4t\u201c: Juraprofessorinnen fordern offene Debatte \u00fcber Migranten-Gewalt<\/strong><br \/>\nZwei renommierte Jura-Professorinnen kritisieren ideologisch gepr\u00e4gte \u201eVerdr\u00e4ngungsstrategien\u201c und \u201efalsche Relativierungen\u201c im Umgang mit Ausl\u00e4nderkriminalit\u00e4t. Sie fordern eine faktenbasierte Diskussion \u00fcber den Zusammenhang von Migration und Gewalt.<br \/>\n&#8230; Alles vom 26.4.2026 bitte lesen uf<br \/>\n<a href=\"https:\/\/apollo-news.net\/fehlgeleiteter-diskurs-ber-migration-und-kriminalitt-juraprofessorinnen-fordern-offene-debatte-ber-migrantische-gewalt\/\">https:\/\/apollo-news.net\/fehlgeleiteter-diskurs-ber-migration-und-kriminalitt-juraprofessorinnen-fordern-offene-debatte-ber-migrantische-gewalt\/<\/a><\/p>\n<p>&nbsp;<\/p>\n<p><strong>Dieser junge Syrer macht alles richtig<\/strong><br \/>\nDieser junge Syrer macht alles richtig. Nachdem er anstandslos ohne Gegenleistung freie Kost und Logis erhalten hatte, testete er die weitere Duldsamkeit seines Gastlandes erfolgreich aus, und randalierte v\u00f6llig folgenlos in einem Elektromarkt in Kelheim. Dieses interpretierte der junge Mann folgerichtig als Einladung, noch zwanzigmal wiederzukommen. Tja, leider kann man da nichts machen, sagt die Staatsanwaltschaft, die ansonsten sicherlich bei Beleidigung von Politikern unnachsichtig bleibt. Schlie\u00dflich sei Sachbesch\u00e4digung das gute Recht von traumatisierten Fl\u00fcchtlingen.<br \/>\n<a href=\"https:\/\/x.com\/tomdabassman\/status\/2033549357555802466\">https:\/\/x.com\/tomdabassman\/status\/2033549357555802466<\/a><br \/>\n&#8230;<br \/>\nUnd hier zur Erg\u00e4nzung, wie es aussieht, wenn jemand ausreisepflichtig ist:<br \/>\nDAS ist die Migrationspolitik in Deutschland, @OlafScholz hat gelogen, @NancyFaeser hat gelogen, @_FriedrichMerz l\u00fcgt und @BMI_Bund kann nix machen &amp; l\u00fcgt ebenfalls:<br \/>\nZig Straftaten, illegal hier, kommt in die X-Te Kontrolle und wird laufengelassen. Der Polizei wirfts man es hin<br \/>\n16.3.2026<br \/>\n<a href=\"https:\/\/x.com\/DannyHillborou1\/status\/2033607949394862555\">https:\/\/x.com\/DannyHillborou1\/status\/2033607949394862555<\/a><\/p>\n<p>&#8230;. Alles vom 17.3.2026 bitte lesen auf<br \/>\n<a href=\"https:\/\/philosophia-perennis.com\/2026\/03\/17\/dieser-junge-syrer-macht-alles-richtig\/\">https:\/\/philosophia-perennis.com\/2026\/03\/17\/dieser-junge-syrer-macht-alles-richtig\/<\/a><\/p>\n<p>&nbsp;<\/p>\n<p><strong>Frauenmorde und wachsende Gewalt<\/strong><br \/>\nDie grausamste Form von Gleichheit: Ein Land, das seine B\u00fcrger nicht mehr sch\u00fctzt<br \/>\nDie ersten Opfer sind Frauen und Kinder \u2013 aber mittlerweile zieht sich eine Form der Gewalt durch die Gesellschaft, vor der alle gleicherma\u00dfen zu Opfern werden, M\u00e4dchen, Frauen, M\u00e4nner; Couragierte Helfer und selbst Polizisten. Ein Essay \u00fcber Frauenmorde, wachsende Gewalt und ein Land, das seine B\u00fcrger nicht mehr sch\u00fctzt<br \/>\n&#8230;<br \/>\nGewalt und Migration: Zahlen, die nicht verschwiegen werden d\u00fcrfen<br \/>\nDie Polizeiliche Kriminalstatistik (PKS 2023) zeigt, was die Einzelf\u00e4lle von Solingen bis V\u00f6lklingen bereits andeuten: Gewalt ist kein gleichm\u00e4\u00dfig verteiltes Ph\u00e4nomen.<\/p>\n<p>Nicht-deutsche Tatverd\u00e4chtige machten 2023 34,4 Prozent aller erfassten Tatverd\u00e4chtigen aus \u2013 ihr Anteil an der Bev\u00f6lkerung liegt deutlich darunter (BKA, PKS 2023).<br \/>\nBei T\u00f6tungsdelikten, schwerer K\u00f6rperverletzung und sexueller Gewalt lag der Anteil nicht-deutscher Tatverd\u00e4chtiger zwischen 37 und 40 Prozent.<br \/>\nBesonders auff\u00e4llig ist die PKS-Kategorie \u201eZuwanderer\u201c (Asylbewerber, Geduldete, Schutzsuchende): Sie stellen nur etwa 2 Prozent der Bev\u00f6lkerung, machten jedoch 15 Prozent der Mordverd\u00e4chtigen aus (PKS 2023).<br \/>\nIn Nordrhein-Westfalen wurden 2023 209 Gruppenvergewaltigungen erfasst. Von den 155 ermittelten Tatverd\u00e4chtigen hatten 121 einen Migrationshintergrund \u2013 das entspricht 78,1 Prozent.<br \/>\nIm Jahr 2024 stieg die Gewaltkriminalit\u00e4t bundesweit auf den h\u00f6chsten Stand seit 2007: 217.277 F\u00e4lle. Dabei erh\u00f6hte sich die Zahl der nicht-deutschen Tatverd\u00e4chtigen um 7,5 Prozent, w\u00e4hrend der Anstieg bei deutschen Tatverd\u00e4chtigen nur 0,7 Prozent betrug (BMI, 09.04.2025).<br \/>\nDiese Zahlen sind n\u00fcchtern, amtlich, \u00fcberpr\u00fcfbar. Sie zu benennen ist keine Stimmungsmache, sondern Pflicht, denn jedes Verschweigen macht die Opfer unsichtbar. Wer die Statistik verschweigt, verweigert nicht nur die Wahrheit, er verweigert den Opfern ihre W\u00fcrde.<br \/>\n&#8230;<br \/>\nNiemand ist mehr sicher \u2013 Frauen erst recht nicht<br \/>\nSolingen war Terror.<br \/>\nDresden war Alltag.<br \/>\nAmsterdam war ein Notruf voller Schreie.<br \/>\nV\u00f6lklingen war ein Angriff auf den Staat selbst.<\/p>\n<p>Alle vier zeigen: Niemand ist mehr sicher. Gewalt trifft Frauen, M\u00e4nner, Kinder, Polizisten. Doch Frauen und Kinder waren die Ersten, das schw\u00e4chste Glied und der Seismograph unserer Gesellschaft, der fr\u00fch angeschlagen hat. Und vielleicht, nur vielleicht, wird es jetzt, wo die Opfer solcher F\u00e4lle nicht mehr \u201enur\u201c \u00fcberwiegend Frauen sind, sondern auch M\u00e4nner, Helfer, Polizisten, un\u00fcbersehbar: Wir haben ein massives Problem in diesem Land.<\/p>\n<p>Ich wollte \u00fcber die j\u00fcngsten Frauenmorde schreiben. Opfern eine Stimme geben. Doch was sich einst vor allem am Schicksal von Frauen abzeichnete, verteilt sich nun immer mehr \u201egerecht\u201c auf alle Teile der Gesellschaft.<br \/>\nWir erreichen immer mehr das gro\u00dfe feministische Ziel der Gleichheit \u2013 nur nicht in Sachen Chancen und Freiheit, sondern in Bezug auf Angst und Ausgeliefertsein. Das ist die grausamste Form von Gleichheit: die Gleichheit in der Verletzbarkeit. Ohne Schutz.<\/p>\n<p>Ich wollte \u00fcber Frauenmorde schreiben. Heute schreibe ich \u00fcber ein Land, das seine elementarste Pflicht verr\u00e4t: den Schutz seiner B\u00fcrger. Und genau deshalb darf dieser Essay nicht mit Resignation enden. Denn Sicherheit ist kein Luxus, kein Privileg, kein \u201erechtes\u201c oder \u201elinkes\u201c Thema.<\/p>\n<p>Sicherheit ist die Bedingung jeder Freiheit.<br \/>\nDarum: Es reicht. Wir brauchen Ehrlichkeit \u00fcber Gewalt und T\u00e4terprofile. Konsequenz im Rechtsstaat. Den Mut, Grenzen zu ziehen. Und die R\u00fcckkehr zu einem einfachen, unumst\u00f6\u00dflichen Satz: Menschenleben und Sicherheit sind nicht verhandelbar.<br \/>\n&#8230; Alles vom 4.9.2025 von Firuze B. bitte lesen auf<br \/>\n<a href=\"https:\/\/www.tichyseinblick.de\/meinungen\/ein-land-das-seine-buerger-nicht-mehr-schuetzt\/\">https:\/\/www.tichyseinblick.de\/meinungen\/ein-land-das-seine-buerger-nicht-mehr-schuetzt\/<\/a><\/p>\n<p>&nbsp;<\/p>\n<p>&nbsp;<\/p>\n<p>.<br \/>\n<strong>Zahlen des Generalbundesanwalts: Meist arabische und afghanische Verd\u00e4chtige<\/strong><br \/>\nFast alle Ermittlungsverfahren des Generalbundesanwalts seit Anfang des Jahres betreffen islamistischen und auslandsbezogenen Extremismus. Die meisten T\u00e4ter kommen aus Syrien, Irak und Afghanistan.<br \/>\nGem\u00e4\u00df der regierungsoffiziellen Haltung ist der Rechtsextremismus die gr\u00f6\u00dfte Bedrohung in Deutschland. Jedoch zeigen Daten des Generalbundesanwalts aus dem ersten Halbjahr 2025 offenbar ein anderes Bild: <em><strong>99 Prozent der Ermittlungen richten sich gegen islamistische oder auslandsbezogenen Extremismus<\/strong><\/em>, berichtet nius.de. <a href=\"https:\/\/www.nius.de\/nachrichten\/news\/generalbundesanwalt-99-prozent-verfahren-islamismus-auslandsextremismus\/e4ba1167-d3c5-43ff-8426-6faf4beaf414\">https:\/\/www.nius.de\/nachrichten\/news\/generalbundesanwalt-99-prozent-verfahren-islamismus-auslandsextremismus\/e4ba1167-d3c5-43ff-8426-6faf4beaf414<\/a> Dies ergab die Antwort der Bundesregierung auf eine Anfrage des AfD-Bundestagsabgeordneten Martin Hess.<br \/>\nVon 146 Verfahren haben 144 einen migrationsbezogenen Hintergrund, darunter 84 wegen islamistischem Terrorismus. Kein einziges Verfahren wurde im Bereich Linksextremismus er\u00f6ffnet und nur zwei wegen Rechtsextremismus. Im Juni und Juli erhob er Generalbundesanwalt zwar Anklage gegen verschiedenen Mitglieder einer linksextremistischen Vereinigung (Achgut hatte berichtet <a href=\"https:\/\/www.achgut.com\/artikel\/anklage_gegen_linksextremisten_erhoben\">https:\/\/www.achgut.com\/artikel\/anklage_gegen_linksextremisten_erhoben<\/a> ), allerdings begannen die Ermittlungen schon vor dem Jahr 2025.<\/p>\n<p>Diese Statistik zeigt eine Zunahme gegen\u00fcber dem ersten Halbjahr 2024, in dem weniger F\u00e4lle registriert wurden. Besonders Taten im Zusammenhang mit islamistischen Gruppen wie dem Islamischen Staat haben Verbindungen zu Syrien, Irak und Afghanistan.<br \/>\n&#8230; Alles vom 21.7.025 bitte lesen auf<br \/>\n<a href=\"https:\/\/www.achgut.com\/artikel\/generalbundesanwalt_extremismus_kommt_aus_dem_ausland\">https:\/\/www.achgut.com\/artikel\/generalbundesanwalt_extremismus_kommt_aus_dem_ausland<\/a><\/p>\n<p>&nbsp;<\/p>\n<p><strong>Frank Urbaniok: Schattenseiten der Migration<\/strong><br \/>\n<strong>F\u00fcr eine Wende in der Migrationspolitik: Fakten auf den Tisch!<\/strong><br \/>\nBuchauszug<\/p>\n<p>Die Grundidee einer Intelligenten Migrationspolitik ist denkbar einfach: Migration hat sehr positive und sehr negative Aspekte. Also geht es darum, die positiven Aspekte zu verst\u00e4rken und die negativen Aspekte zu bek\u00e4mpfen.<br \/>\nIntelligente Migrationspolitik sch\u00f6pft die sehr positiven Potenziale von Migration in bestm\u00f6glicher Weise aus und sorgt gleichzeitig daf\u00fcr, dass die Risiken und sch\u00e4dlichen Auswirkungen bestm\u00f6glich reduziert werden.<br \/>\nAlso: Chancen nutzen und Risiken vermindern. So wie ein Medikament, bei dem der Nutzen erh\u00f6ht und die Nebenwirkungen reduziert werden. Daf\u00fcr muss man sich um drei Dinge k\u00fcmmern:<br \/>\n&#8211; Transparenz: Der offene Umgang mit den Fakten ist die Voraussetzung daf\u00fcr, verh\u00e4ltnism\u00e4\u00dfige und wirksame L\u00f6sungen zu finden und umzusetzen. Daher lautet die Devise: Die Fakten m\u00fcssen auf den Tisch!<br \/>\n&#8211; Steuerung des Zugangs: Bei der Steuerung des Zugangs geht es um die Frage: Wer kommt ins Land?<br \/>\n-Steuerung der Migration im Inland: Bei der Steuerung der Migration im Inland geht es um die Frage: Wie gehen wir mit den Migranten um, die im Land sind? Dieser Umgang betrifft damit das Management von Migration im Inland.<br \/>\n.<br \/>\n<strong>Transparenz: Fakten auf den Tisch<\/strong><br \/>\nMein Buch \u201eSchattenseiten der Migration\u201c enth\u00e4lt viele Zahlen zur Kriminalit\u00e4t und einige zu sozialen Problemen. Die transparente Darstellung solcher Fakten ist unverzichtbar. Nur wenn man die Probleme kennt, lassen sich verh\u00e4ltnism\u00e4\u00dfige und wirksame L\u00f6sungen finden. Solche Zahlen sind f\u00fcr die Steuerung von Migration wichtig. Zugleich erm\u00f6glichen sie es, zu \u00fcberpr\u00fcfen, ob die getroffenen Ma\u00dfnahmen funktionieren. Denn das Ziel der Ma\u00dfnahmen muss es sein, dass sich unter anderem die \u00fcberproportionale Kriminalit\u00e4t verringert und weniger Menschen Opfer dieser Kriminalit\u00e4t werden. In gleicher Weise sollten sich im sozialen Bereich \u00fcberproportionale Sozialhilfequoten verringern.<br \/>\nWir sollten der Bev\u00f6lkerung zutrauen, dass die meisten Menschen mit der Wahrheit umgehen k\u00f6nnen. Andernfalls verspielen wir als Demokratie unser wichtigstes Kapital. Was unterscheidet uns dann noch von autorit\u00e4ren Staaten, die ihrer Bev\u00f6lkerung misstrauen und sich deswegen einen Dreck um Wahrheit und Fakten scheren? Wir sollten mehr Vertrauen in unser demokratisches System haben, um so die besten L\u00f6sungen zu finden.<br \/>\n<em><strong>Fakten m\u00fcssen offen kommuniziert werden, damit es einen gesellschaftlichen Konsens geben kann. Wenn wir dar\u00fcber streiten, ob es \u00fcberhaupt ein Problem gibt, dann schw\u00e4cht das unsere Handlungsf\u00e4higkeit.<\/strong> <\/em>Wir brauchen keine kleinkarierten Streitereien, ob etwas links oder rechts ist. Die Mehrheit der Bev\u00f6lkerung muss auf der Grundlage von Fakten bereit sein, die dr\u00e4ngenden Probleme pragmatisch und wirksam zu l\u00f6sen.<br \/>\nUm an aussagekr\u00e4ftige Zahlen zu kommen, sind die delikt- und nationalit\u00e4tenspezifischen Auswertungen verf\u00fcgbarer Statistiken entscheidend, so wie ich sie f\u00fcr \u201eSchattenseiten der Migration\u201c erstellt habe. Die Statistiken sind sehr unterschiedlich und die Zahlen m\u00fcssen zurzeit m\u00fchsam manuell berechnet werden. F\u00fcr den normalen B\u00fcrger gibt es daher keinen einfachen Weg, an die Zahlen zu kommen. Manche Auswertungen sind bislang gar nicht m\u00f6glich. Zahlen zum Zusammenhang zwischen Kriminalit\u00e4t und eingeb\u00fcrgerten Ausl\u00e4ndern und deren Folgegenerationen fehlen v\u00f6llig.<\/p>\n<p>Das sollte sich \u00e4ndern, so dass zumindest die folgenden Zahlen der \u00d6ffentlichkeit leicht zug\u00e4nglich sind:<br \/>\n&#8211; Kriminalit\u00e4tsquoten:<br \/>\n&#8211; delikt- und nationalit\u00e4tenspezifisch<br \/>\n&#8211; deliktspezifisch bezogen auf den Migrationshintergrund bis zur 3. Generation<br \/>\n&#8211; Abschiebungen:<br \/>\n&#8211; Abschiebequoten bezogen auf Ziell\u00e4nder<br \/>\n.<br \/>\nSoziale Kennzahlen:<br \/>\nnationalit\u00e4tenspezifische Kennzahlen zu sozialen Kosten (z. B. Sozialhilfequoten)<br \/>\nDiese Kennzahlen k\u00f6nnten durch weitere Parameter wie zum Beispiel Aufenthaltsstatus, sozialer bzw. Einkommens-Status (zum Beispiel Sozialhilfeempf\u00e4nger), Alterskategorien erg\u00e4nzt werden. Denn diese werden immer wieder als Gegenargumente gegen eine \u00fcberproportionale Ausl\u00e4nderkriminalit\u00e4t vorgebracht, sodass man diese Zahlen ebenfalls darstellen k\u00f6nnte.<\/p>\n<p><strong>Grunds\u00e4tze zur F\u00fcrsorgepflicht<\/strong><br \/>\nWenn man die Prozentzahlen zur \u00fcberproportionalen Kriminalit\u00e4t bestimmter Nationen liest, dann kann ein Gew\u00f6hnungseffekt eintreten. Man sieht +600%, +800%, +1000% und mehr. Verglichen damit scheinen Prozentraten von +100%, +200% oder +300% gar nicht so schlimm. Man vergisst, dass es sich um \u00dcberrepr\u00e4sentationen handelt. Was bedeutet das?<\/p>\n<p>DEUTSCHT\u00dcRKEN<br \/>\nSchon eine \u00dcberrepr\u00e4sentation von +100% ist richtig viel. Denn +100% hei\u00dft: es begehen doppelt so viele Personen dieser Nationalit\u00e4t Straftaten wie die Inl\u00e4nder. Doppelt so viel ist daher nicht problemlos und ist auch nicht wenig. Doppelt so viel hei\u00dft: doppelt so viele T\u00e4ter und doppelt so viele Opfer. Man muss sich das vergegenw\u00e4rtigen, um die Dramatik dieser Prozentzahlen zu verstehen. +200% sind dreimal so viel, +300% sind viermal so viel. Von +500%, +600%, +800% oder +1000% gar nicht zu reden.<br \/>\nWenn T\u00fcrken bei K\u00f6rperverletzungsdelikten in der deutschen PKS [Polizeiliche Kriminalstatistik \u2013 Anm. d. Red.] mit \u00bbnur\u00ab +191% \u00fcberrepr\u00e4sentiert sind, scheint das fast schon ein g\u00fcnstiger Wert zu sein. +191% sind aber 191% mehr. Wenn Sie f\u00fcr ein Auto, das 20.000 \u20ac kostet, 191% mehr zahlen, dann kostet das Auto nicht mehr 20.000 \u20ac, sondern 58.200 \u20ac. Das w\u00fcrden die meisten Menschen nicht als geringe Preiserh\u00f6hung ansehen. Dieser Vergleich soll helfen, um zu verstehen, was diese Zahlen bedeuten und wor\u00fcber wir hier eigentlich reden. Wir m\u00fcssen dar\u00fcber nachdenken: was ist akzeptabel?<br \/>\nIst es akzeptabel, dass T\u00fcrken, die in Deutschland eine sehr gro\u00dfe Bev\u00f6lkerungsgruppe sind, fast dreimal so oft K\u00f6rperverletzungen und mehr als dreimal so oft Straftaten gegen das Leben begehen wie Deutsche? Ich w\u00fcrde sagen, sp\u00e4testens bei +100% muss man sich Gedanken machen. Denn +100% sind wie gesagt doppelt so viele. Personen einer solchen Bev\u00f6lkerungsgruppe bescheren der Gesellschaft, in der sie leben, doppelt so viele Straftaten wie die Inl\u00e4nder. Dabei ist noch gar nicht ber\u00fccksichtigt, dass das wirkliche Ausma\u00df der Problematik unter anderem durch Einb\u00fcrgerungen verschleiert wird.<br \/>\nSolche Zahlen sollten nicht nur die Inl\u00e4nder nicht akzeptieren. Vor allem die vielen gut integrierten Menschen mit Migrationshintergrund sollten sich Sorgen wegen diesen Zahlen machen. Sie sollten sich zusammen mit den Inl\u00e4ndern ohne Migrationshintergrund an vorderster Front daf\u00fcr engagieren, diese Probleme zu bek\u00e4mpfen. Sie sollten ein besonderes Interesse daran haben, sich deutlich gegen die gesellschaftssch\u00e4digenden Probleme, die durch ihre Landsleute verursacht werden, zu positionieren. Denn sie sind doppelt davon betroffen. In vielen F\u00e4llen werden sie selbst Opfer sein, und zudem werden sie aufgrund des Verhaltens ihrer Landsleute zu Unrecht in denselben Topf geworfen.<br \/>\nVielleicht denken manche bei diesen Prozentzahlen: Anscheinend muss man mehr Kriminalit\u00e4t und andere Probleme in Kauf nehmen, wenn Migranten ins Land kommen. Bei den einen ist das etwas weniger, bei den anderen etwas st\u00e4rker ausgepr\u00e4gt. Also ist es so, dass \u00fcberproportionale Kriminalit\u00e4t immer mit Migration verbunden ist? Nein, ganz und gar nicht. Denn es gibt Nationalit\u00e4ten, die nicht krimineller sind als die Inl\u00e4nder. Es gibt sogar Nationalit\u00e4ten, die weniger kriminell sind als die Inl\u00e4nder.<\/p>\n<p>MIGRANTEN-KRIMINALIT\u00c4T<br \/>\nEs gibt somit drei Gruppen von Migranten:<br \/>\n1. Gruppe: Migranten, die (sehr viel!) mehr Kriminalit\u00e4t ins Land bringen<br \/>\n2. Gruppe: Migranten, die nicht mehr Kriminalit\u00e4t ins Land bringen<br \/>\n3. Gruppe: Migranten, die weniger kriminell als Inl\u00e4nder sind<\/p>\n<p>Ich habe mich in \u201eSchattenseiten der Migration\u201c auf Kriminalit\u00e4t konzentriert, weil sie ein sehr wichtiger Indikator f\u00fcr eine mangelnde Integration ist. Sie ist aber nicht das einzige Problem mangelnder Integration. Herkunftsl\u00e4nder mit stark erh\u00f6hten Kriminalit\u00e4tsquoten zeigen in \u00fcberproportionaler Weise auch andere sch\u00e4dliche Verhaltensweisen (wie zum Beispiel Extremismus, aggressive Abschottung in einer Parallelkultur, \u00fcberproportionale Belastung sozialer Sicherungssysteme, Ablehnung zentraler demokratischer Werte). \u00dcberproportionale Kriminalit\u00e4t ist damit auch f\u00fcr andere relevante Integrationsprobleme repr\u00e4sentativ.<br \/>\nEs ist offensichtlich sinnvoll, mehr Migranten aus der zweiten und dritten Gruppe ins Land zu holen und im Land zu behalten als Migranten aus der ersten Gruppe. Man kann \u00fcberlegen, wie man das macht (dazu habe ich in \u201eSchattenseiten der Migration\u201c insgesamt 17 Vorschl\u00e4ge gemacht). Man kann auch versuchen, kriminelle Personen aus der ersten Gruppe auf den rechten Weg zu bringen. Das alles ist sinnvoll und soll man tun.<br \/>\nAber man w\u00fcrde mit gesundem Menschenverstand doch diese Ausgangslage nicht komplett ignorieren. Man w\u00fcrde doch mit gesundem Menschenverstand nicht sagen: Wer auf diese Fakten hinweist, ist ein Rassist. Man w\u00fcrde nicht sagen: Diese Fakten spielen f\u00fcr die Steuerung von Migration keinerlei Rolle.<br \/>\nEin Beispiel: Es gibt drei Familien, die immer wieder bei Ihnen zu Hause zu Gast sind. Mit zwei Familien haben Sie keinerlei Probleme. Die dritte Familie demoliert bei jedem Besuch Ihr Haus und ist gewaltt\u00e4tig. W\u00fcrden Sie dann sagen: Dar\u00fcber d\u00fcrfen wir nicht reden, weil es gegen\u00fcber der dritten Familie diskriminierend w\u00e4re? Der f\u00fcr jeden erkennbare Unterschied im Verhalten der drei Familien h\u00e4tte keinerlei Einfluss darauf, wen Sie in Zukunft einladen? Alle drei Familien w\u00fcrden in gleicher Weise wieder bei Ihnen ins Haus eingeladen und k\u00f6nnen sich alle in genau gleicher Weise bei Ihnen im Haus aufhalten und bewegen? Der Gedanke kommt ihnen abwegig vor? Er ist abwegig. Aber genau so wird die Diskussion von vielen Experten, Politikern und Aktivisten gef\u00fchrt.<br \/>\n.<br \/>\nZUWANDERUNG AUS REMDEN KULTUREN<br \/>\nIch habe es bereits verschiedentlich gesagt und belegt. Es gibt kulturelle Pr\u00e4gungen, die langlebig sind und bei Personen aus bestimmten Herkunftsl\u00e4ndern \u00fcberproportional zu Kriminalit\u00e4t und anderen gesellschaftssch\u00e4dlichen Verhaltensweisen f\u00fchren. Die Migration aus bestimmten Herkunftsregionen verursacht aufgrund \u00fcber Jahrhunderte gewachsener kultureller Unterschiede mehr Probleme als die Migration aus europ\u00e4ischen Nachbarl\u00e4ndern. Diese Erkenntnis ist eine einfache Tatsache.<br \/>\nAber mir ist klar, dass bei dieser Aussage sofort heftig die Rassismus-Keule geschwungen wird. Zur Verteidigung meiner Position lasse ich hier zwei mittlerweile leider verstorbene Politiker zu Wort kommen. Auch wenn man diesen beiden Politikern kritisch gegen\u00fcberstehen sollte, wird kaum einer behaupten k\u00f6nnen, dass es sich um Rassisten oder Dummk\u00f6pfe gehandelt hat.<br \/>\nDer ehemalige deutsche Bundeskanzler Helmut Schmidt sagte 2016: \u00bbWir m\u00fcssen eine weitere Zuwanderung aus fremden Kulturen unterbinden (\u2026) Die Zuwanderung von Menschen aus dem Osten Anatoliens oder aus Schwarzafrika l\u00f6st das Problem nicht (\u2026) es schafft nur ein zus\u00e4tzliches dickes Problem. (\u2026) Sieben Millionen Ausl\u00e4nder in Deutschland sind eine fehlerhafte Entwicklung, f\u00fcr die die Politik verantwortlich ist. Die nicht integrationswilligen oder nicht integrationsf\u00e4higen h\u00e4tte man besser drau\u00dfen gelassen.\u00ab (Focus Online, 2016)<br \/>\nEr sagte auch: \u00bbZuwanderung aus fremden Zivilisationen schafft mehr Probleme als es uns auf dem Arbeitsmarkt an positiven Faktoren bringen kann. Zuwanderung aus verwandten Zivilisationen zum Beispiel aus Polen ist problemlos, zum Beispiel aus Tschechien ist problemlos, zum Beispiel aus \u00d6sterreich ist problemlos.\u00ab (Das Erste, 2010)<br \/>\n\u00c4hnlich \u00e4u\u00dferte sich Henry Kissinger 2023: \u00bbEs war ein schwerer Fehler, so viele Menschen v\u00f6llig verschiedener Kulturen, Religionen und \u00dcberzeugungen hereinzulassen, weil es Interessengruppen hervorbringt in den L\u00e4ndern.\u00ab (D\u00f6pfner &amp; Kissinger, 2023)<\/p>\n<p>&#8230; Alles vom 13.7.2025 von Frank Urbaniok bitte lesen auf<br \/>\n<a href=\"https:\/\/www.tichyseinblick.de\/feuilleton\/buecher\/fuer-eine-wende-in-der-migrationspolitik-fakten-auf-den-tisch\/\">https:\/\/www.tichyseinblick.de\/feuilleton\/buecher\/fuer-eine-wende-in-der-migrationspolitik-fakten-auf-den-tisch\/<\/a> .<br \/>\n.<br \/>\n<em>Leicht modifizierter Auszug aus:<br \/>\nFrank Urbaniok: Schattenseiten der Migration<br \/>\nZahlen, Fakten, L\u00f6sungen<br \/>\nVOIMA Verlag, Horgen\/Z\u00fcrich, 282 S., 29,80 Euro<br \/>\n<a href=\"https:\/\/voima-verlag.ch\/verlag\/\">https:\/\/voima-verlag.ch\/verlag\/<\/a><br \/>\nDas ist das Buch der Stunde. Die schonungslose Analyse einer verfehlten Migrationspolitik von einem der renommiertesten forensischen Psychiater im deutschsprachigen Raum. Frank Urbaniok, der sich in seiner jahrzehntelangen T\u00e4tigkeit mit tausenden von Gewalt- und Sexualstraft\u00e4tern intensiv auseinandergesetzt hat , legt erstmals f\u00fcr Deutschland, \u00d6sterreich und die Schweiz die drastischen Kriminalit\u00e4tsquoten bestimmter Herkunftsl\u00e4nder dar. Und er zeigt auf, wie versucht wird, diese Fakten in der \u00f6ffentlichen Diskussion zu verschleiern. Mit der Pr\u00e4zision des Wissenschaftlers und der Erz\u00e4hlweise des Beobachters menschlicher Abgr\u00fcnde pr\u00e4sentiert Urbaniok ein \u00fcberzeugendes Konzept f\u00fcr die L\u00f6sung der Migrationskrise, die immer mehr zu einer Schicksalsfrage f\u00fcr unsere Gesellschaft wird. Seine politisch unabh\u00e4ngige Position und seine Expertise als Forensiker erlauben ihm dabei einen Gesamtblick und Schlussfolgerungen, die weit \u00fcber \u00fcbliche Analysen hinausgehen. Urbaniok fordert eine umfassende Migrationswende: Integrationsbem\u00fchungen zu forcieren, aber gleichzeitig die dr\u00e4ngenden Migrationsprobleme wirksam zu bek\u00e4mpfen sind keine Gegens\u00e4tze, sondern sich erg\u00e4nzende Elemente einer intelligenten Migrationspolitik. Die Vern\u00fcnftigen m\u00fcssen sich der Probleme annehmen, weil andernfalls radikale Kr\u00e4fte profitieren und viele B\u00fcrger und B\u00fcrgerinnen das Vertrauen in die Handlungsf\u00e4higkeit des Staates verlieren. Urbanioks Buch bietet daf\u00fcr die Grundlage. Denn es beschreibt nicht nur faktenbasiert die Schattenseiten der Migration und ihre Gr\u00fcnde, sondern zeigt auch die notwendigen L\u00f6sungen auf.<br \/>\n<\/em>.<br \/>\nEinige Kommentare:<br \/>\nEs geht bei der Migration aber nicht um intelligent oder dumm \u2013 es geht darum, die autochthone deutsche Bev\u00f6lkerung langsam auszurotten. <a href=\"https:\/\/www.freiburg-schwarzwald.de\/blog\/global\/globalisierung\/global-government\/\">Yascha Mounk<\/a> hat es einmal so ausgedr\u00fcckt <a href=\"https:\/\/www.youtube.com\/watch?v=VRG5BljuVIo\">https:\/\/www.youtube.com\/watch?v=VRG5BljuVIo<\/a> : Das Experiment, eine monoethnische Demokratie in eine multiethnische Demokratie zu verwandeln. Meines Wissens nach wurde niemand gefragt, ob er Teil dieses \u201eExperiments\u201c sein m\u00f6chte. Jens Fritsch.<br \/>\n.<br \/>\n\u201eAber mir ist klar, dass bei dieser Aussage sofort heftig die Rassismus-Keule geschwungen wird. Zur Verteidigung meiner Position lasse ich hier zwei mittlerweile leider verstorbene Politiker zu Wort kommen.\u201c Wenn ich mich nicht v\u00f6llig t\u00e4usche, haben sich nicht nur H. Schmidt und H. Kissinger gegen die Einwanderung von vor allem islamischen und afrikanischen Kulturen ausgesprochen, sondern Anfang der 1960er hatte sich gar selbst die CDU gegen eine muslimische\/islamische Einwanderung ausgesprochen. &#8230; manfred<br \/>\n.<br \/>\nBei Entwicklungshilfe, B\u00fcrgergeld f\u00fcr Migranten, Fl\u00fcchtlingskosten sollte das Einsparpotenzial bei mindestens 50% als verbindliches Ziel in den n\u00e4chsten 4 Jahren sein. Und daf\u00fcr m\u00fcssen die Grenzen weitgehend dicht gemacht werden und die Abschiebungen auf 100% Gefahren. Alles andere ist Raub an unserem Solidarverm\u00f6gen!<br \/>\nNicht mit zig Milliarden Euro Millionen Menschen anlocken, die sich nicht integrieren und sich gegen unseren Lifestyle positionieren, sondern kl\u00fcger Hunderttausende wirkliche Fachkr\u00e4fte ins Land holen. Mit im Mittelalter stehenden Analphabeten zahlen wie auf allen Ebenen nur drauf. Aber dazu fehlt Merz Wille, Courage und R\u00fcckgrat. martin Mueller<br \/>\n&#8230;<br \/>\nDas Differenzieren ist recht einfach: Kommt die Migration aus Afrika oder der islamischen Welt, ist sie negativ f\u00fcr das Aufnahmeland. Die Menap Studie hat das klar gezeigt: <a href=\"https:\/\/www.reddit.com\/r\/ScienceUncensored\/comments\/1565sti\/average_net_contribution_to_public_finances_by\/\">https:\/\/www.reddit.com\/r\/ScienceUncensored\/comments\/1565sti\/average_net_contribution_to_public_finances_by\/<\/a> Jens Frisch<br \/>\nEnde Kommentare<br \/>\n.<br \/>\n<strong>Migration und ihre Schattenseiten | Sternstunde Philosophie | SRF Kultur Streitgespr\u00e4ch<\/strong><br \/>\nEs kommen zu viele. Und es kommen die falschen. Das meint die SVP. \u00abEs kommen die Richtigen\u00bb, meint dagegen der Gr\u00fcnen-Politiker Balthasar Gl\u00e4ttli. In der Sendung spricht er mit dem forensischen Psychiater Frank Urbaniok \u00fcber Schattenseiten der Migration und \u00fcber Ungerechtigkeiten der Asylpolitik.<br \/>\n14.4.2025<br \/>\n<a href=\"https:\/\/www.youtube.com\/watch?v=EjMOzuax7rE&amp;t=8s\">https:\/\/www.youtube.com\/watch?v=EjMOzuax7rE&amp;t=8s<\/a><br \/>\n.<\/p>\n<p><strong>\u00abMohamed wird eher angezeigt als Moritz\u00bb \u2013 wirklich?<\/strong><br \/>\nFrank Urbaniok entlarvt die Mythen, mit denen Medien und Experten Kriminalit\u00e4t von Migranten verschleiern.<br \/>\nWarum tauchen Einwanderer aus Syrien, Afghanistan und Nordafrika h\u00e4ufiger in Kriminalit\u00e4tsstatistiken auf? In seinem Buch \u00abSchattenseiten der Migration\u00bb gibt der Psychiater beunruhigende Antworten.<br \/>\n&#8230; Alles vom 12.5.2025 bitte lesen auf<br \/>\n<a href=\"https:\/\/www.nzz.ch\/feuilleton\/frank-urbaniok-schattenseiten-der-migration-medien-kriminalitaet-ld.1883000\">https:\/\/www.nzz.ch\/feuilleton\/frank-urbaniok-schattenseiten-der-migration-medien-kriminalitaet-ld.1883000<\/a><br \/>\n.<br \/>\n<strong>\u00abEin erheblicher Teil der Gewalt ist importiert\u00bb<\/strong><br \/>\nsagt der Psychiater Frank Urbaniok<br \/>\nManche Ausl\u00e4ndergruppen seien deutlich krimineller als Schweizer, sagt Frank Urbaniok. Das habe viel mit kulturellen Pr\u00e4gungen zu tun \u2013 und m\u00fcsse in der Asylpolitik endlich ber\u00fccksichtigt werden.<br \/>\n&#8230; Alles vom 12.4.2025 bitte lesen auf<br \/>\n<a href=\"https:\/\/www.nzz.ch\/schweiz\/frank-urbaniok-ueber-migration-kriminalitaet-und-die-schweizer-asylpolitik-ld.1879251\">https:\/\/www.nzz.ch\/schweiz\/frank-urbaniok-ueber-migration-kriminalitaet-und-die-schweizer-asylpolitik-ld.1879251<\/a><\/p>\n<p>Von den Schattenseiten der Migration berichtet Frank Urbaniok, Professor f\u00fcr forensische Psychiatrie.<br \/>\n12.5.2025<br \/>\n<a href=\"https:\/\/x.com\/kontrafunk\/status\/1921883077489377739\">https:\/\/x.com\/kontrafunk\/status\/1921883077489377739<\/a><\/p>\n<p>&nbsp;<\/p>\n","protected":false},"excerpt":{"rendered":"<p>Home\u00a0&gt;Krise\u00a0&gt;Gewalt\u00a0&gt;Integration\u00a0&gt;Fluechtlinge-Kriminalitaet &gt;Migranten-Gewalt &gt;Migration-Kriminalitaet Listenauswahl eines Beitrags (Artikel\/Datum, Seite\/Inhalt): Klicken oder scrollen\u00a0 Schweiz: \u00dcber 80 Prozent der nordafrikanischen Migranten in Strafverfahren verwickelt (21.8.2026) Kaum Integration durch wirtschaftlichen Aufstieg: Jugendarbeitslosigkeit unter Migranten steigt\u00a0(18.8.2026) Sozialismus mittels Migration\u00a0(17.8.2026) Frida (14) vergewaltigt: T\u00e4terparadies Deutschland dank &hellip; <a href=\"https:\/\/www.freiburg-schwarzwald.de\/blog\/global\/migration\/migration-kriminalitaet\/\">Weiterlesen <span class=\"meta-nav\">&rarr;<\/span><\/a><\/p>\n","protected":false},"author":2,"featured_media":0,"parent":9150,"menu_order":0,"comment_status":"closed","ping_status":"closed","template":"","meta":{"footnotes":""},"class_list":["post-136434","page","type-page","status-publish","hentry"],"_links":{"self":[{"href":"https:\/\/www.freiburg-schwarzwald.de\/blog\/wp-json\/wp\/v2\/pages\/136434","targetHints":{"allow":["GET"]}}],"collection":[{"href":"https:\/\/www.freiburg-schwarzwald.de\/blog\/wp-json\/wp\/v2\/pages"}],"about":[{"href":"https:\/\/www.freiburg-schwarzwald.de\/blog\/wp-json\/wp\/v2\/types\/page"}],"author":[{"embeddable":true,"href":"https:\/\/www.freiburg-schwarzwald.de\/blog\/wp-json\/wp\/v2\/users\/2"}],"replies":[{"embeddable":true,"href":"https:\/\/www.freiburg-schwarzwald.de\/blog\/wp-json\/wp\/v2\/comments?post=136434"}],"version-history":[{"count":5,"href":"https:\/\/www.freiburg-schwarzwald.de\/blog\/wp-json\/wp\/v2\/pages\/136434\/revisions"}],"predecessor-version":[{"id":153064,"href":"https:\/\/www.freiburg-schwarzwald.de\/blog\/wp-json\/wp\/v2\/pages\/136434\/revisions\/153064"}],"up":[{"embeddable":true,"href":"https:\/\/www.freiburg-schwarzwald.de\/blog\/wp-json\/wp\/v2\/pages\/9150"}],"wp:attachment":[{"href":"https:\/\/www.freiburg-schwarzwald.de\/blog\/wp-json\/wp\/v2\/media?parent=136434"}],"curies":[{"name":"wp","href":"https:\/\/api.w.org\/{rel}","templated":true}]}}