{"id":135926,"date":"2025-07-05T22:14:32","date_gmt":"2025-07-05T20:14:32","guid":{"rendered":"https:\/\/www.freiburg-schwarzwald.de\/blog\/?page_id=135926"},"modified":"2025-07-06T14:15:11","modified_gmt":"2025-07-06T12:15:11","slug":"friedwald","status":"publish","type":"page","link":"https:\/\/www.freiburg-schwarzwald.de\/blog\/kultur\/friedhoefe\/friedwald\/","title":{"rendered":"Friedwald"},"content":{"rendered":"<p>Home &gt;<a title=\"Kultur\" href=\"https:\/\/www.freiburg-schwarzwald.de\/blog\/kultur\/\">Kultur<\/a> &gt;<a href=\"https:\/\/www.freiburg-schwarzwald.de\/blog\/kultur\/friedhoefe\/\">Friedhoefe<\/a> &gt;Friedwald<\/p>\n<div id=\"attachment_135928\" style=\"width: 646px\" class=\"wp-caption alignnone\"><a href=\"https:\/\/www.freiburg-schwarzwald.de\/blog\/wp-content\/uploads\/2025\/07\/friedwald-ruheberg7pan071031.jpg\"><img loading=\"lazy\" decoding=\"async\" aria-describedby=\"caption-attachment-135928\" class=\"size-full wp-image-135928\" src=\"https:\/\/www.freiburg-schwarzwald.de\/blog\/wp-content\/uploads\/2025\/07\/friedwald-ruheberg7pan071031.jpg\" alt=\"\" width=\"636\" height=\"386\" srcset=\"https:\/\/www.freiburg-schwarzwald.de\/blog\/wp-content\/uploads\/2025\/07\/friedwald-ruheberg7pan071031.jpg 636w, https:\/\/www.freiburg-schwarzwald.de\/blog\/wp-content\/uploads\/2025\/07\/friedwald-ruheberg7pan071031-180x109.jpg 180w\" sizes=\"auto, (max-width: 636px) 100vw, 636px\" \/><\/a><p id=\"caption-attachment-135928\" class=\"wp-caption-text\">Ruheberg &#8211; der Friedwald zwischen Oberried und Feldberg im Hochschwarzwald am 31.10.2007<\/p><\/div>\n<p>&nbsp;<\/p>\n<ul>\n<li><em>Listenauswahl eines Beitrags (Artikel\/Datum, Seite\/Inhalt): <span style=\"text-decoration: underline;\">Klicken<\/span> oder scrollen<\/em><\/li>\n<li>Friedwald: Bestattungswald &#8222;Lichtung der Ruhe &#8211; B\u00fcrgler Wald&#8220; (4.7.2025)<\/li>\n<li><\/li>\n<li><a href=\"https:\/\/www.freiburg-schwarzwald.de\/blog\/kultur\/friedhoefe\/ruheberg\/\">Ruheberg bei Oberried<\/a><\/li>\n<li><a href=\"https:\/\/www.freiburg-schwarzwald.de\/blog\/regio\/orte\/eggenertal\/\">Eggenertal<\/a><\/li>\n<li><a href=\"https:\/\/www.freiburg-schwarzwald.de\/buergeln.htm\">https:\/\/www.freiburg-schwarzwald.de\/buergeln.htm<\/a> Schloss B\u00fcrgeln<\/li>\n<\/ul>\n<p>&nbsp;<\/p>\n<p><strong>Friedwald: Bestattungswald &#8222;Lichtung der Ruhe &#8211; B\u00fcrgler Wald&#8220;<\/strong><br \/>\nDer am Fu\u00dfe von Schloss B\u00fcrgeln gelegene Bestattungswald \u201eLichtung der Ruhe \u2013 B\u00fcrgler Wald\u201c ist eine alternative Bestattungsform. Die Asche Verstorbener wird dabei an den Wurzeln eines Baumes, an einem Baumstumpf (Wurzelstock) oder in der N\u00e4he eines Findlings (Felsblock) beigesetzt. So er\u00f6ffnet sich eine nat\u00fcrliche und w\u00fcrdevolle Alternative zu den bislang gewohnten Bestattungsritualen. Das Konzept ist unabh\u00e4ngig von Wohnort, Nationalit\u00e4t oder Religionszugeh\u00f6rigkeit und auch frei von sozialen Zw\u00e4ngen.<br \/>\nIn einem nat\u00fcrlichen Mischwald aus Douglasien, Tannen, Buchen und Eichen k\u00f6nnen B\u00e4ume, Findlinge (Felsbl\u00f6cke) oder Baumst\u00fcmpfe (Wurzelst\u00f6cke) als Bestattungsplatz ausgew\u00e4hlt werden. Menschen, die sich f\u00fcr eine Beisetzung in der \u201eLichtung der Ruhe \u2013 B\u00fcrgler Wald\u201c interessieren, m\u00fcssen sich grunds\u00e4tzlich f\u00fcr eine Feuerbestattung entscheiden. Die Urnen m\u00fcssen biologisch abbaubar sein, damit sie sich aufl\u00f6sen ohne Schadstoffe zu hinterlassen.<br \/>\n<a href=\"https:\/\/www.schliengen.de\/buerger-und-gemeinde\/einrichtungen\/bestattungswald-lichtung-der-ruhe\">https:\/\/www.schliengen.de\/buerger-und-gemeinde\/einrichtungen\/bestattungswald-lichtung-der-ruhe<\/a><\/p>\n<p>Bestattungswald im B\u00fcrgler Wald nahe Schlo\u00df B\u00fcrgeln<br \/>\n<a href=\"https:\/\/www.lichtung-der-ruhe.de\">https:\/\/www.lichtung-der-ruhe.de<\/a><\/p>\n<p>Den Friedwald durchziehen hohlwegarige Vertiefungen, die auf Sch\u00fctzengr\u00e4ben der vergangenen Weltkriege hinweisen? Wie dem auch sei &#8211; heute l\u00e4dt der Wald zu Besinnung und Friedfertigkeit ein.<\/p>\n<h5><a href=\"https:\/\/www.freiburg-schwarzwald.de\/blog\/wp-content\/uploads\/2025\/07\/buerglerwald1-250704.jpg\"><img loading=\"lazy\" decoding=\"async\" class=\"alignnone size-thumbnail wp-image-135930\" src=\"https:\/\/www.freiburg-schwarzwald.de\/blog\/wp-content\/uploads\/2025\/07\/buerglerwald1-250704-180x135.jpg\" alt=\"\" width=\"180\" height=\"135\" srcset=\"https:\/\/www.freiburg-schwarzwald.de\/blog\/wp-content\/uploads\/2025\/07\/buerglerwald1-250704-180x135.jpg 180w, https:\/\/www.freiburg-schwarzwald.de\/blog\/wp-content\/uploads\/2025\/07\/buerglerwald1-250704-640x480.jpg 640w, https:\/\/www.freiburg-schwarzwald.de\/blog\/wp-content\/uploads\/2025\/07\/buerglerwald1-250704-768x576.jpg 768w, https:\/\/www.freiburg-schwarzwald.de\/blog\/wp-content\/uploads\/2025\/07\/buerglerwald1-250704.jpg 800w\" sizes=\"auto, (max-width: 180px) 100vw, 180px\" \/><\/a>\u00a0 \u00a0 \u00a0 \u00a0 \u00a0 <a href=\"https:\/\/www.freiburg-schwarzwald.de\/blog\/wp-content\/uploads\/2025\/07\/buerglerwald2-250704.jpg\"><img loading=\"lazy\" decoding=\"async\" class=\"alignnone size-thumbnail wp-image-135931\" src=\"https:\/\/www.freiburg-schwarzwald.de\/blog\/wp-content\/uploads\/2025\/07\/buerglerwald2-250704-180x135.jpg\" alt=\"\" width=\"180\" height=\"135\" srcset=\"https:\/\/www.freiburg-schwarzwald.de\/blog\/wp-content\/uploads\/2025\/07\/buerglerwald2-250704-180x135.jpg 180w, https:\/\/www.freiburg-schwarzwald.de\/blog\/wp-content\/uploads\/2025\/07\/buerglerwald2-250704-640x480.jpg 640w, https:\/\/www.freiburg-schwarzwald.de\/blog\/wp-content\/uploads\/2025\/07\/buerglerwald2-250704-768x576.jpg 768w, https:\/\/www.freiburg-schwarzwald.de\/blog\/wp-content\/uploads\/2025\/07\/buerglerwald2-250704.jpg 800w\" sizes=\"auto, (max-width: 180px) 100vw, 180px\" \/><\/a><br \/>\n4.7.2025<\/h5>\n<h5><a href=\"https:\/\/www.freiburg-schwarzwald.de\/blog\/wp-content\/uploads\/2025\/07\/buerglerwald3-250704.jpg\"><img loading=\"lazy\" decoding=\"async\" class=\"alignnone size-thumbnail wp-image-135941\" src=\"https:\/\/www.freiburg-schwarzwald.de\/blog\/wp-content\/uploads\/2025\/07\/buerglerwald3-250704-135x180.jpg\" alt=\"\" width=\"135\" height=\"180\" srcset=\"https:\/\/www.freiburg-schwarzwald.de\/blog\/wp-content\/uploads\/2025\/07\/buerglerwald3-250704-135x180.jpg 135w, https:\/\/www.freiburg-schwarzwald.de\/blog\/wp-content\/uploads\/2025\/07\/buerglerwald3-250704-480x640.jpg 480w, https:\/\/www.freiburg-schwarzwald.de\/blog\/wp-content\/uploads\/2025\/07\/buerglerwald3-250704.jpg 600w\" sizes=\"auto, (max-width: 135px) 100vw, 135px\" \/><\/a>\u00a0 \u00a0 \u00a0 \u00a0 \u00a0 \u00a0 \u00a0 \u00a0 \u00a0 \u00a0 \u00a0 \u00a0 \u00a0 <a href=\"https:\/\/www.freiburg-schwarzwald.de\/blog\/wp-content\/uploads\/2025\/07\/buerglerwald4-250704.jpg\"><img loading=\"lazy\" decoding=\"async\" class=\"alignnone size-thumbnail wp-image-135942\" src=\"https:\/\/www.freiburg-schwarzwald.de\/blog\/wp-content\/uploads\/2025\/07\/buerglerwald4-250704-135x180.jpg\" alt=\"\" width=\"135\" height=\"180\" srcset=\"https:\/\/www.freiburg-schwarzwald.de\/blog\/wp-content\/uploads\/2025\/07\/buerglerwald4-250704-135x180.jpg 135w, https:\/\/www.freiburg-schwarzwald.de\/blog\/wp-content\/uploads\/2025\/07\/buerglerwald4-250704-481x640.jpg 481w, https:\/\/www.freiburg-schwarzwald.de\/blog\/wp-content\/uploads\/2025\/07\/buerglerwald4-250704.jpg 526w\" sizes=\"auto, (max-width: 135px) 100vw, 135px\" \/><\/a><br \/>\nAndachtplatz<\/h5>\n<p>Der Friedwald nahe von Schloss B\u00fcrgeln bietet auf sieben Hektar Mischwald eine alternative Bestattungsform: Die Asche Verstorbener wird dabei an den Wurzeln eines Baumes, an einem Baumstumpf (Wurzelstock) oder in der N\u00e4he eines Findlings (Felsblock) beigesetzt. Die Grabpflege wird von der Natur \u00fcbernommen.<br \/>\nMan f\u00e4hrt durchs Eggenertal, bekannt durch seine <a href=\"https:\/\/www.freiburg-schwarzwald.de\/blog\/regio\/orte\/eggenertal\/\">Baumbl\u00fcte im April<\/a>, dann durch Obereggenen hoch auf die L132, dort gleich wieder links der Abzweig zum Schloss B\u00fcrgeln. Nach ca 4 km zum gro\u00dfen Parkplatz. Weiter gehts nur zu Fu\u00df: Rechts hoch zum Schlo\u00df B\u00fcrgeln und links hoch zum Friedwald.<\/p>\n<p>Zu letzterem: Nach ca 200 m Fu\u00dfweg (gutes Schuhwerk erforderlich) gelangt man zum Andachtplatz. Stille ringsum, denn die Bergnase im Westen hat auch das Rauschen vom Rheintal abgestellt. Douglasien, Fichten, Buchen und Eichen lassen nur die Sonnenstrahlen durchblinzeln. Die Urne &#8211; aus Holz, damit auch sie verwest &#8211; auf einem gro\u00dfen Stein. Die <a href=\"https:\/\/www.freiburg-schwarzwald.de\/blog\/selbsthilfe\/psyche\/trauer\/\">Trauernden<\/a> stehen im Kreis oder setzen sich auf die B\u00e4nke ringsum. Stilles Gedenken.<br \/>\nDanach im kurzen Fu\u00dfmarsch zum Bestattungsplatz an einem Baum, Baumstumpf oder Felsblock. Und wieder Stille, nur das Rauschen der B\u00e4ume im Wind ist zu h\u00f6ren. Diese Atmosph\u00e4re l\u00e4\u00dft bei all dem Schmerz der Waldbesucher friedliche Gedanken aufkommen.<br \/>\n6.7.2025<\/p>\n","protected":false},"excerpt":{"rendered":"<p>Home &gt;Kultur &gt;Friedhoefe &gt;Friedwald &nbsp; Listenauswahl eines Beitrags (Artikel\/Datum, Seite\/Inhalt): Klicken oder scrollen Friedwald: Bestattungswald &#8222;Lichtung der Ruhe &#8211; B\u00fcrgler Wald&#8220; (4.7.2025) Ruheberg bei Oberried Eggenertal https:\/\/www.freiburg-schwarzwald.de\/buergeln.htm Schloss B\u00fcrgeln &nbsp; Friedwald: Bestattungswald &#8222;Lichtung der Ruhe &#8211; B\u00fcrgler Wald&#8220; Der am &hellip; <a href=\"https:\/\/www.freiburg-schwarzwald.de\/blog\/kultur\/friedhoefe\/friedwald\/\">Weiterlesen <span class=\"meta-nav\">&rarr;<\/span><\/a><\/p>\n","protected":false},"author":2,"featured_media":0,"parent":4410,"menu_order":0,"comment_status":"closed","ping_status":"closed","template":"","meta":{"footnotes":""},"class_list":["post-135926","page","type-page","status-publish","hentry"],"_links":{"self":[{"href":"https:\/\/www.freiburg-schwarzwald.de\/blog\/wp-json\/wp\/v2\/pages\/135926","targetHints":{"allow":["GET"]}}],"collection":[{"href":"https:\/\/www.freiburg-schwarzwald.de\/blog\/wp-json\/wp\/v2\/pages"}],"about":[{"href":"https:\/\/www.freiburg-schwarzwald.de\/blog\/wp-json\/wp\/v2\/types\/page"}],"author":[{"embeddable":true,"href":"https:\/\/www.freiburg-schwarzwald.de\/blog\/wp-json\/wp\/v2\/users\/2"}],"replies":[{"embeddable":true,"href":"https:\/\/www.freiburg-schwarzwald.de\/blog\/wp-json\/wp\/v2\/comments?post=135926"}],"version-history":[{"count":5,"href":"https:\/\/www.freiburg-schwarzwald.de\/blog\/wp-json\/wp\/v2\/pages\/135926\/revisions"}],"predecessor-version":[{"id":135991,"href":"https:\/\/www.freiburg-schwarzwald.de\/blog\/wp-json\/wp\/v2\/pages\/135926\/revisions\/135991"}],"up":[{"embeddable":true,"href":"https:\/\/www.freiburg-schwarzwald.de\/blog\/wp-json\/wp\/v2\/pages\/4410"}],"wp:attachment":[{"href":"https:\/\/www.freiburg-schwarzwald.de\/blog\/wp-json\/wp\/v2\/media?parent=135926"}],"curies":[{"name":"wp","href":"https:\/\/api.w.org\/{rel}","templated":true}]}}