{"id":135135,"date":"2025-06-13T17:26:51","date_gmt":"2025-06-13T15:26:51","guid":{"rendered":"https:\/\/www.freiburg-schwarzwald.de\/blog\/?page_id=135135"},"modified":"2026-04-29T13:17:55","modified_gmt":"2026-04-29T11:17:55","slug":"kinder-indoktrinierung","status":"publish","type":"page","link":"https:\/\/www.freiburg-schwarzwald.de\/blog\/selbsthilfe\/kinder\/kinder-indoktrinierung\/","title":{"rendered":"Kinder-Indoktrinierung"},"content":{"rendered":"<p><a href=\"https:\/\/www.freiburg-schwarzwald.de\/blog\">Home<\/a>\u00a0&gt;<a title=\"Zukunft\" href=\"https:\/\/www.freiburg-schwarzwald.de\/blog\/engagement\/zukunft\/\">Zukunft<\/a>\u00a0&gt;<a title=\"Kinder\" href=\"https:\/\/www.freiburg-schwarzwald.de\/blog\/selbsthilfe\/kinder\/\">Kinder<\/a> &gt;<a href=\"https:\/\/www.freiburg-schwarzwald.de\/blog\/selbsthilfe\/kinder\/kinderrechte\/\">Kinderrechte<\/a> &gt;<a href=\"https:\/\/www.freiburg-schwarzwald.de\/blog\/selbsthilfe\/kinder\/sexualisierung\/\">Sexualisierung<\/a> &gt;Kinder-Indoktrinierung<\/p>\n<div id=\"attachment_130000\" style=\"width: 649px\" class=\"wp-caption alignnone\"><a href=\"https:\/\/www.freiburg-schwarzwald.de\/blog\/wp-content\/uploads\/2025\/01\/lalonde-sentier12pan-241228.jpg\"><img loading=\"lazy\" decoding=\"async\" aria-describedby=\"caption-attachment-130000\" class=\"size-full wp-image-130000\" src=\"https:\/\/www.freiburg-schwarzwald.de\/blog\/wp-content\/uploads\/2025\/01\/lalonde-sentier12pan-241228.jpg\" alt=\"\" width=\"639\" height=\"390\" srcset=\"https:\/\/www.freiburg-schwarzwald.de\/blog\/wp-content\/uploads\/2025\/01\/lalonde-sentier12pan-241228.jpg 639w, https:\/\/www.freiburg-schwarzwald.de\/blog\/wp-content\/uploads\/2025\/01\/lalonde-sentier12pan-241228-180x110.jpg 180w\" sizes=\"auto, (max-width: 639px) 100vw, 639px\" \/><\/a><p id=\"caption-attachment-130000\" class=\"wp-caption-text\">Sonnenuntergang in La Londe-les-Maures: Vater und Kind am 28.12.2024 um 17 Uhr<\/p><\/div>\n<p>&nbsp;<\/p>\n<ul>\n<li><em>Listenauswahl eines Beitrags (Artikel\/Datum, Seite\/Inhalt): <span style=\"text-decoration: underline;\">Klicken<\/span> oder scrollen<\/em><\/li>\n<li><a href=\"https:\/\/www.freiburg-schwarzwald.de\/blog\/selbsthilfe\/frauen\/gender\/sexuell\/fruehsexualisierung\/\">Holzpenisse und Leckt\u00fccher: Sozialistischer Jugendverband \u201eFalken\u201c empfiehlt Sex-Spiele f\u00fcr Kinder ab sechs<\/a> (28.4.2026)<\/li>\n<li><a href=\"https:\/\/www.freiburg-schwarzwald.de\/blog\/bildung\/schulen\/schulpflicht\/\">Nicht der Pflicht zu gen\u00fcgen: Schulpflicht \u2013 Hausunterricht<\/a>\u00a0(24.4.2026)<\/li>\n<li><a href=\"https:\/\/www.freiburg-schwarzwald.de\/blog\/schule-indoktrinieren-ngos\/\">Schule: Indoktrinieren \u2013 NGOs<\/a>\u00a0(24.4.2026)<\/li>\n<li><a href=\"https:\/\/www.freiburg-schwarzwald.de\/blog\/selbsthilfe\/frauen\/gender\/sexuell\/sexualpaedagogik\/\">P\u00e4dophile Sexualp\u00e4dagogik: \u201eWissenschaftlich\u201c gedecktes Grooming<\/a>\u00a0(10.4.2026)<\/li>\n<li><a href=\"https:\/\/www.freiburg-schwarzwald.de\/blog\/tatort-kita-fruehsexualisierung\/\">Tatort Kita: Fr\u00fchsexualisierung<\/a>\u00a0(16.11.2025)<\/li>\n<li><a href=\"https:\/\/www.freiburg-schwarzwald.de\/blog\/religion\/islam\/islam-maedchen\/\">Zeinab Herz: Die Ganzk\u00f6rperverschleierung f\u00fcr Kinder bei Otto und Co. ist ein Alarmsignal<\/a>\u00a0(30.8.2025)<\/li>\n<li><a href=\"https:\/\/www.freiburg-schwarzwald.de\/blog\/familie-ist-kein-auslaufmodell\/\">Familie ist kein Auslaufmodell<\/a>\u00a0(8.8.2025)<\/li>\n<li>Kita: Nur zwei Bl\u00e4tter zum Malen &#8211; wegen Erderw\u00e4rmung (13.7.2025)<\/li>\n<li><a href=\"https:\/\/www.freiburg-schwarzwald.de\/blog\/hitze-angst-und-panik\/\">Hitze: Angst und Panik<\/a> (7.7.2025)<\/li>\n<li>Indoktrination mit Zwangsgeb\u00fchren: Wie ARD und ZDF Kinder sexualisieren (13.6.2025)<\/li>\n<\/ul>\n<ul>\n<li><a title=\"Angst\" href=\"https:\/\/www.freiburg-schwarzwald.de\/blog\/engagement\/zukunft\/angst\/\">Angst<\/a><\/li>\n<li><a title=\"Corona-Angst\" href=\"https:\/\/www.freiburg-schwarzwald.de\/blog\/business\/gesund\/corona-virus\/corona-angst\/\">Corona-Angst<\/a><\/li>\n<li><a title=\"Demokratie\" href=\"https:\/\/www.freiburg-schwarzwald.de\/blog\/engagement\/zukunft\/demokratie\/\">Demokratie<\/a><\/li>\n<li><a title=\"Erziehung-Freiheit\" href=\"https:\/\/www.freiburg-schwarzwald.de\/blog\/bildung\/erziehung-freiheit\/\">Erziehung-Freiheit<\/a><\/li>\n<li><a title=\"Familie\" href=\"https:\/\/www.freiburg-schwarzwald.de\/blog\/selbsthilfe\/familie\/\">Familie<\/a><\/li>\n<li><a title=\"Frauen-Freiheit\" href=\"https:\/\/www.freiburg-schwarzwald.de\/blog\/selbsthilfe\/frauen\/frauen-freiheit\/\">Frauen-Freiheit<\/a><\/li>\n<li><a href=\"https:\/\/www.freiburg-schwarzwald.de\/blog\/selbsthilfe\/frauen\/gender\/sexuell\/fruehsexualisierung\/\">Fr\u00fchsexualisierung<\/a><\/li>\n<li><a title=\"Gleichheit\" href=\"https:\/\/www.freiburg-schwarzwald.de\/blog\/engagement\/zukunft\/demokratie\/gleichheit\/\">Gleichheit<\/a><\/li>\n<li><a href=\"https:\/\/www.freiburg-schwarzwald.de\/blog\/religion\/islam\/islam-maedchen\/\">Islam-M\u00e4dchen<\/a><\/li>\n<li><a href=\"https:\/\/www.freiburg-schwarzwald.de\/blog\/selbsthilfe\/jugend\/124902-2\/\">Jugend-Ideologisierung<\/a><\/li>\n<li><a title=\"Kinder\" href=\"https:\/\/www.freiburg-schwarzwald.de\/blog\/selbsthilfe\/kinder\/\">Kinder<\/a><\/li>\n<li><a title=\"Kinder-instrumentalisieren\" href=\"https:\/\/www.freiburg-schwarzwald.de\/blog\/selbsthilfe\/kinder\/kinder-instrumentalisieren\/\">Kinder-instrumentalisieren<\/a><\/li>\n<li><a title=\"Hass\" href=\"https:\/\/www.freiburg-schwarzwald.de\/blog\/kultur\/medien\/hass\/\">Hass<\/a><\/li>\n<li><a title=\"Humanismus\" href=\"https:\/\/www.freiburg-schwarzwald.de\/blog\/kultur\/aufklaerung\/humanismus\/\">Humanismus<\/a><\/li>\n<li><a title=\"Meinungsfreiheit\" href=\"https:\/\/www.freiburg-schwarzwald.de\/blog\/kultur\/medien\/meinungsfreiheit\/\">Meinungsfreiheit<\/a><\/li>\n<li><a title=\"Meinungsterror\" href=\"https:\/\/www.freiburg-schwarzwald.de\/blog\/kultur\/medien\/meinungsterror\/\">Meinungsterror<\/a><\/li>\n<li><a title=\"Menschenrechte\" href=\"https:\/\/www.freiburg-schwarzwald.de\/blog\/kultur\/aufklaerung\/menschenrechte\/\">Menschenrechte<\/a><\/li>\n<li><a href=\"https:\/\/www.freiburg-schwarzwald.de\/blog\/global\/deutschland\/gesellschaft\/normalitaet\/\">Normalit\u00e4t<\/a><\/li>\n<li><a title=\"Oma-Umweltsau\" href=\"https:\/\/www.freiburg-schwarzwald.de\/blog\/selbsthilfe\/senioren\/oma-umweltsau\/\">Oma-Umweltsau<\/a><\/li>\n<li><a href=\"https:\/\/www.freiburg-schwarzwald.de\/blog\/selbsthilfe\/krise\/sexuellermissbrauch\/paedophilie\/\">P\u00e4dophilie<\/a><\/li>\n<li><a href=\"https:\/\/www.freiburg-schwarzwald.de\/blog\/bildung\/schulen\/schulpflicht\/\">Schulpflicht<\/a><\/li>\n<li><a href=\"https:\/\/www.freiburg-schwarzwald.de\/blog\/selbsthilfe\/frauen\/gender\/sexuell\/sexualpaedagogik\/\">Sexualp\u00e4dagogik<\/a><\/li>\n<\/ul>\n<p>&nbsp;<\/p>\n<p><strong>Fr\u00fcher galt den Schw\u00e4chsten in der Gesellschaft ein besonderer Schutz<\/strong><br \/>\nWer sich an Kindern vergriff, mu\u00dfte mit empfindlichen Strafen rechnen. Heute werden Kinder weder gesch\u00fctzt noch in Ruhe gelassen, sondern -auch und gerade vom staatlichen \u00d6RR &#8211; indoktriniert: Politik, sexuelle Fr\u00fcherziehung. Wohin treibt diese Gesellschaft?<\/p>\n<p><strong>Eine dekadente Gesellschaft geht auf die eigenen Kinder los<\/strong><br \/>\nSo etwas h\u00e4tte man im dekadenten alten Rom auch gesehen, h\u00e4tten die schon GEZ-Medien (TV und Internet) gehabt.<br \/>\n============================================================<br \/>\n.<\/p>\n<p><strong>Kita: Nur zwei Bl\u00e4tter zum Malen &#8211; wegen Erderw\u00e4rmung<\/strong><br \/>\n<strong>\u201eIch will nicht in die Kita, Mama!\u201c<\/strong><br \/>\nNur zwei Bl\u00e4tter Papier bekommt jedes Kind pro Tag zum Malen \u2013 mehr t\u00e4te &#8222;den B\u00e4umen weh.&#8220; Kreativit\u00e4t abw\u00fcrgen, \u00c4ngste sch\u00fcren: Ein Erziehungssystem, das Kindern Schuldgef\u00fchle einfl\u00f6\u00dft, und sie emotional manipuliert.<br \/>\n&#8230;<br \/>\nDann schaut sie mich ernst an. \u201eAber Mama, ich darf nicht mehr so viel malen. Nur zwei Bl\u00e4tter am Tag f\u00fcr jedes Kind. Sonst tut das den B\u00e4umen weh.\u201c Ich bin baff. Ich starre sie an. Mir schn\u00fcrt es die Kehle zu. Wiederhole laut: \u201eZwei Bl\u00e4tter? Pro Tag? F\u00fcr jedes Kind?\u201c Sie nickt. \u201eJa. Wegen der Umwelt.\u201c, sagt sie.<br \/>\nUnd pl\u00f6tzlich sp\u00fcre ich nur noch Wut. Ich bin w\u00fctend. Nicht auf mein Kind \u2013 sondern auf ein System, das Kindern Schuldgef\u00fchle einpflanzt, ihnen ihre Kreativit\u00e4t nimmt, die Mittel, sich auszudr\u00fccken, und das ihren nat\u00fcrlichen Drang, die Welt zu begreifen, zu gestalten, zu verarbeiten, wahlweise abw\u00fcrgt, ausnutzt oder manipuliert. Ich verstehe, das Kitas Kinder f\u00fcr Ressourcenschonung zu sensibilisieren versuchen. Doch statt vern\u00fcnftigem Umgang werden Mangel und Zwang vermittelt. Angst. Begrenzung. Scham. Ausweglosigkeit.<br \/>\nEin Kind, das sich nicht mehr traut, nach einem Blatt Papier zu fragen, weil es glaubt, dadurch dem Planeten zu schaden: Das ist keine Umweltbildung. Das ist emotionale \u00dcberforderung. Das ist kein p\u00e4dagogisches Konzept, sondern ein Frontalangriff auf die Freiheit \u2013 in ihrem kleinsten, sensibelsten Keim. Kreativit\u00e4t ist kein Luxus. Sie ist Ausdruck innerer Freiheit. Wenn ein Kind malt, formt es seine Welt. Es denkt nicht dar\u00fcber nach, ob das \u201en\u00fctzlich\u201c oder \u201esinnvoll\u201c ist \u2013 es ist einfach im Tun. Im Sein. Im Jetzt. Im Fluss. Und genau darin liegt Freiheit: spontan, zweckfrei, selbstbestimmt handeln zu d\u00fcrfen.<br \/>\n&#8230;<br \/>\nAber was bedeutet das? Was z\u00e4hlt, ist nicht, wie etwas gemeint ist \u2013 sondern was ankommt. Und bei den Kindern kommt an: \u201eWenn ich mich ausdr\u00fccke, sch\u00e4dige ich die Umwelt. Wenn ich ein drittes Blatt nehme, bin ich schlecht, denn ich schade der Umwelt.\u201c Das ist Manipulation in Reinform.<br \/>\n&#8230; Alles vom 13.7.2025 von Firuze B. bitte lesen auf<br \/>\n<a href=\"https:\/\/www.tichyseinblick.de\/meinungen\/bildungssystem-am-abgrund-kita\/\">https:\/\/www.tichyseinblick.de\/meinungen\/bildungssystem-am-abgrund-kita\/<\/a><br \/>\n.<br \/>\nEinige Kommentare:<br \/>\nWir kennen das aus der Corona-Zeit: Wenn Du zu Oma oder Opa gehst, werden die wegen Dir sterben ! Die Niedertracht der Politiker und sogenannter P\u00e4dagogen erreicht immer neue Tiefpunkte! Solchen gewaltt\u00e4tigen Kindersch\u00e4ndern darf man unsere Kleinen eigentlich nicht mehr anvertrauen ! puke<br \/>\n.<br \/>\nDas ist einer der sch\u00f6nsten Texte die ich in T.E. je gelesen habe. Und einer der traurigsten, denn die Kinderseele ist so gegenw\u00e4rtig. Voller Vertrauen und Neugierde kommt ein Mensch auf die Erde und hier erlebt er dann derartig absto\u00dfendes wie diese Papier gewordene Indoktrinationsl\u00fcge. Was dieser gr\u00fcn-rote Sozenstaat den Erwachsenen antut ist schlimm, wie er in der feinen Kinderseele Lebenszuversicht rodet damit seine globig-matierelle Weltsicht in das Menschenkind einzieht ist unertr\u00e4glich und unverantwortlich! 1989<br \/>\n.<br \/>\nDeswegen sagt man in Deutschland ja auch \u201eKita\u201c \u2013 Kindertagesst\u00e4tte. Ein Aufbewahrungsort f\u00fcr Kinder w\u00e4hrend die Eltern arbeiten gehen. Nicht mehr. Fr\u00fcher sagte man \u201eKindergarten\u201c \u2013 ein Ort an dem nach seinem Erfinder Fr\u00f6bel Kinder aufbl\u00fchen und gedeihen sollten; ein richtiger Garten eben. In \u00fcber vierzig L\u00e4ndern sagt man das deutsche \u201eKindergarten\u201c. Ausgerechnet in Deutschland, dem Land, in dem er erfunden wurde, nicht. Da sagt man Kindertagesst\u00e4tte und meint auch genau das. Das ist schade, aber wieder typisch deutsch. doktorcharly<br \/>\n.<br \/>\nAdolf hat die Kinder den Eltern weggenommen und sie mit F\u00e4hrtenspielen im Wald oder Ausbildung an motorisierten Fahrzeugen unterhalten.<br \/>\nIn der DDR hat man die Kinder den Eltern weggenommen, damit die beide arbeiten gehen konnten, zum Wohle des realen Sozialismus. Die Kinder hat man milit\u00e4risch geschult f\u00fcr den Kampf gegen den Klassenfeind.<br \/>\nGr\u00fcnrot nimmt die Kinder den Eltern weg um sie zu indoktrinieren und zu verbl\u00f6den, aber ohne etwas anderes zu vermitteln als moralische Schuldgef\u00fchle gegen\u00fcber der Dritten Welt, der Umwelt, der Klimaverkochung usw.<br \/>\nKinder geh\u00f6ren in die Obhut der Eltern und m\u00fcssen dem Zugriff eines \u00fcbergriffigen Staates entzogen werden! ziptoppinguin<br \/>\nEnde Kommentare<br \/>\n.<\/p>\n<p>&nbsp;<\/p>\n<p><strong>Indoktrination mit Zwangsgeb\u00fchren: Wie ARD und ZDF Kinder sexualisieren<\/strong><br \/>\nWas die \u00d6ffentlich-Rechtlichen unter Bildungsauftrag missverstehen, bekommen viele Eltern wahrscheinlich nicht mit: Kinder- und Jugendformate behandeln nahezu obsessiv s\u00e4mtliche K\u00f6rper\u00f6ffnungen, verschiedene Sexpraktiken und Genderfluidit\u00e4t. Liebe Eltern, das macht dann 18,36 Euro pro Monat.<br \/>\nWer bist du, wenn du \u201ekacken\u201c musst?: Die \u201eMission-Impossible-Kackerin\u201c, die \u201eHigh-Performance-Kackmaus\u201c oder doch die \u201eExpress-Entleererin\u201c? Der Instagram-Account \u201eMaedelsabende\u201c <a href=\"https:\/\/www.instagram.com\/p\/DKTwsAVNhVQ\/?img_index=1&amp;igsh=NzZraWE3bDR4emZ4\">https:\/\/www.instagram.com\/p\/DKTwsAVNhVQ\/?img_index=1&amp;igsh=NzZraWE3bDR4emZ4<\/a> kl\u00e4rt auf, wer zu welcher Kategorie geh\u00f6rt: Jene, die zw\u00f6lf Schichten Klopapier in die Toilette legen, \u201edamit es nicht platscht\u201c, sind zum Beispiel eine \u201eMission Impossible Kackerin\u201c. \u201eMaedelsabende\u201c ist einer von 60 Kan\u00e4len von \u201eFunk\u201c. TE berichtete schon h\u00e4ufiger \u00fcber dieses Jugendangebot von ARD und ZDF, das sich an Zuschauer von 14 bis 29 Jahren richtet. \u201eFunk\u201c greift nun aber noch weiter in die privaten und intimen Lebensbereiche der Kinder und Jugendlichen ein. Und zwar schon, bevor die Kinder 14 Jahre alt sind.<br \/>\n<a href=\"https:\/\/x.com\/OERRBlog\/status\/1929872080696193376\">https:\/\/x.com\/OERRBlog\/status\/1929872080696193376<\/a><br \/>\n.<br \/>\nImmerhin nutzen Kinder die sozialen Medien heutzutage schon vor ihrem 14. Lebensjahr: Laut einer Studie des Digitalverbands Bitkom <a href=\"https:\/\/www.bitkom.org\/Presse\/Presseinformation\/Kinder-Jugendliche-taeglich-zwei-Stunden-Smartphone\">https:\/\/www.bitkom.org\/Presse\/Presseinformation\/Kinder-Jugendliche-taeglich-zwei-Stunden-Smartphone <\/a> besitzen etwa 76\u202fProzent der 10- bis 12-J\u00e4hrigen in Deutschland ein eigenes Smartphone. In der Altersgruppe der 12- bis 13-J\u00e4hrigen steigt dieser Anteil auf 81 Prozent. Und die Daten zeigen, dass viele Kinder bereits ab ihrem zehnten Lebensjahr soziale Medien konsumieren. Zu den beliebtesten Plattformen z\u00e4hlen f\u00fcr die 10- bis 18-J\u00e4hrigen Youtube, Instagram und Snapchat. Das hei\u00dft, Kinder k\u00f6nnen schon weit vor ihrem 14. Lebensjahr mit Beitr\u00e4gen von \u201eFunk\u201c konfrontiert werden, in denen es um Themen wie Menstruation, Selbstbefriedigung, Sex und Geschlechtsidentit\u00e4t geht.<br \/>\nOffenbar scheinen junge Leute den Bedarf zu haben, sich in den sozialen Medien dar\u00fcber zu informieren, wieso es zum \u201eheftigen Periodenschiss\u201c kommt oder welche Ger\u00e4usche Frauen beim Sex machen <a href=\"https:\/\/www.instagram.com\/maedelsabende\/reel\/DKhYceBNL3O\/\">https:\/\/www.instagram.com\/maedelsabende\/reel\/DKhYceBNL3O\/<\/a> . Immerhin hat der Kanal \u201eMaedelsabende\u201c mittlerweile 365.000 Follower auf Instagram. Auch die Frage, <strong>was man sich in den Po schieben kann<\/strong>, scheint die jungen Leute der Redaktion immens zu besch\u00e4ftigen. Der Kanal \u201eSafespace\u201c gibt die Antwort: <strong>Der saubere Fleischklopfer<\/strong> wird zum Testsieger gekr\u00f6nt. Stifte und Glasflaschen wiederum bestehen den Test nicht.<br \/>\n<a href=\"https:\/\/x.com\/Heilenderer\/status\/1798274403865858054\">https:\/\/x.com\/Heilenderer\/status\/1798274403865858054<\/a><\/p>\n<p>Der Kanal \u201eOkay\u201c besch\u00e4ftigt sich mit den wirklich wichtigen Fragen des Lebens: Ob Partner voreinander auf die Toilette <a href=\"https:\/\/www.zdf.de\/play\/video\/funk-collection-funk-11953-484\/funk-die-gemeinsame-wohnung-beccis-tipps-zum-leben-als-paar---okay-100\">https:\/\/www.zdf.de\/play\/video\/funk-collection-funk-11953-484\/funk-die-gemeinsame-wohnung-beccis-tipps-zum-leben-als-paar&#8212;okay-100<\/a> gehen oder wann ein Paar zusammenziehen sollte, zum Beispiel. In einem Video, in dem die drei Kanalbetreiber bei einer \u201eXXL LGBTQ+ Challenge\u201c filmen, beantworten sie, was eine \u201eFag Hag\u201c ist: Eine \u201enormalerweise hetero Frau, die ganz viele homosexuelle Freunde hat\u201c. Das ist offenbar das Wissen, das der \u00f6ffentlich-rechtliche Rundfunk den 14- bis 29-J\u00e4hrigen mitgeben m\u00f6chte.<br \/>\n<a href=\"https:\/\/x.com\/schlesingoid\/status\/1927046217764122842\">https:\/\/x.com\/schlesingoid\/status\/1927046217764122842<\/a><br \/>\n.<br \/>\n<a href=\"https:\/\/x.com\/LutzOlaf\/status\/1932859539029962999\">https:\/\/x.com\/LutzOlaf\/status\/1932859539029962999<\/a><br \/>\n.<br \/>\nDie \u00f6ffentlich-rechtlichen Angebote f\u00fcr Kinder zu Themen wie Sexualit\u00e4t und Geschlechtsidentit\u00e4t m\u00f6gen oft lustig und absurd wirken. Aber sie erreichen viele Kinder. Ganz im Gegenteil zu den Eltern. Die erreichen ihre Kinder mit solchen Themen selten: Das Forschungsinstitut \u201eIconkids &amp; Youth\u201c hat 2019 im Auftrag von \u201eEltern Family\u201c Kinder und M\u00fctter zum Thema Aufkl\u00e4rung befragt. Das Ergebnis: Es f\u00e4llt nur ungef\u00e4hr jeder zweiten Mutter leicht, Gespr\u00e4che \u00fcber Aufkl\u00e4rung mit ihrem Kind zu f\u00fchren. Und jedes dritte Kind findet es laut dieser Befragung peinlich, mit seinen Eltern \u00fcber den eigenen K\u00f6rper oder Sex zu sprechen.<br \/>\nDas Thema wird in vielen Haushalten also tabuisiert. Und daher informieren sich die Kinder dann \u00fcber die sozialen Medien. Auf diesen Kan\u00e4len wird kaum etwas verschwiegen. In den Podcasts von \u201eWillkommen im Club\u201c k\u00f6nnen Zuh\u00f6rer herausfinden, ob sie \u201ehetero, bi, ace oder einfach queer\u201c sind. Dieser Podcast geh\u00f6rt zu \u201ePULS\u201c, dem Jugendformat vom Bayerischen Rundfunk. Also wird auch dieser Podcast von den Rundfunkbeitr\u00e4gen finanziert. In anderen Folgen erfahren Zuh\u00f6rer, wie es im \u201eGay-Kino\u201c zugeht: \u201eHier poppt nicht nur das Popcorn!\u201c lautet der Titel der Folge. Auch Themen wie \u201eGenderfluidit\u00e4t\u201c werden auf diesem Kanal behandelt: Eine junge Frau erz\u00e4hlt, dass sich ihr Geschlecht mehrmals am Tag wechselt.<br \/>\n<a href=\"https:\/\/x.com\/missdelein2\/status\/1897317243924701471\">https:\/\/x.com\/missdelein2\/status\/1897317243924701471<\/a><br \/>\n.<br \/>\nMit solchen Beitr\u00e4gen normalisiert der \u00f6ffentlich-rechtliche Rundfunk, dass sich immer mehr Kinder und Jugendliche nicht mehr mit ihrem biologischen Geschlecht identifizieren. Zur Klarstellung: Das soll nicht bedeuten, dass eine Person, die sich ihrem biologischen Geschlecht nicht zugeh\u00f6rig f\u00fchlt, nicht ernst genommen werden soll. Aber es gibt einen Unterschied zwischen: \u201eDas ist in Ordnung\u201c und \u201edas ist ganz normal\u201c. Es hat ernsthafte Konsequenzen, wenn es zur Norm wird, dass Menschen sich ihrem biologischen Geschlecht nicht mehr zuordnen. Denn folgerichtig wollen dann auch immer mehr Kinder Pubert\u00e4tsblocker nutzen. Das sind Medikamente, die die Pubert\u00e4t aufhalten. Einige Jugendliche nehmen sie ein, um mehr Zeit zu haben, abzuw\u00e4gen, welches Geschlecht sie haben wollen. Eine Geschlechtsoperation ist in Deutschland in der Regel erst ab einem Alter von 18 Jahren erlaubt.<\/p>\n<p>Es gibt keine genauen Zahlen dar\u00fcber, wie viele Jugendliche in Deutschland Pubert\u00e4tsblocker einnehmen. Aber in den USA hat sich die Zahl der Jugendlichen, die eine Pubert\u00e4tsblocker-Therapie begannen, zwischen 2017 und 2021 mehr als verdoppelt und lag 2021 bei 1390 Jugendlichen, wie der Stern berichtete. Es gibt Hinweise auf Risiken der Pubert\u00e4tsblocker: So berichtete der schwedische TV-Sender svt im Jahr 2021 \u00fcber den Fall \u201eLeo\u201c. Dieser schwedischer Transgender-Junge nahm \u00fcber vier Jahre Pubert\u00e4tsblocker ein und entwickelte dann \u201eOsteopenie\u201c: Das ist eine Erkrankung, bei der die Knochendichte vermindert ist und die sich zu Osteoporose weiterentwickeln sowie zu Knochenbr\u00fcchen f\u00fchren kann. Mit 15 Jahren litt Leo unter irreversiblen Knochensch\u00e4den, st\u00e4ndigen Schmerzen sowie multiplen Wirbels\u00e4ulenbr\u00fcchen.<\/p>\n<p>Anschlie\u00dfend stellte das Karolinska Universit\u00e4tskrankenhaus, in dem Leo behandelt wurde, fest, dass auch andere Kinder durch die Behandlung mit Pubert\u00e4tsblockern m\u00f6glicherweise genauso wie Leo schweren gesundheitlichen Risiken ausgesetzt w\u00e4ren. Daraufhin hat diese Klinik in Stockholm angek\u00fcndigt, keine weiteren Minderj\u00e4hrigen mehr mit Pubert\u00e4tsblockern und gegengeschlechtlichen Hormontherapien zu behandeln.<\/p>\n<p>Aber in Deutschland wird nicht nur normalisiert, dass sich immer mehr Kinder nicht mit ihrem biologischen Geschlecht identifizieren. In \u00f6ffentlich-rechtlich finanzierten Kinderserien wird die Einnahme von diesen Pubert\u00e4tsblockern sogar verharmlost: In der Kika-Serie \u201eDie Pfefferk\u00f6rner\u201c erkl\u00e4rt ein Transgender-Kind, dass \u201eman mit Hormonblockern die Pubert\u00e4t stoppen kann\u201c. Sp\u00e4ter m\u00f6chte sie sich dann \u201eunbedingt operieren\u201c.<br \/>\n<a href=\"https:\/\/x.com\/OERRBlog\/status\/1901604651486654497\">https:\/\/x.com\/OERRBlog\/status\/1901604651486654497<\/a><br \/>\n.<br \/>\nMit solchen Aussagen verharmlost der \u00f6ffentlich-rechtliche Rundfunk die Ausma\u00dfe einer solchen geschlechtsangleichenden Operation: Nach dieser Behandlung hat ein biologischer Mann zwar keinen Penis mehr und bekommt Br\u00fcste, aber er hat seine Fruchtbarkeit verloren, wird sein Leben lang Hormone zu sich nehmen m\u00fcssen \u2013 und ist dennoch keine Frau. Er wird zu einem penis-losen Menschen, aber nicht zu einer Frau mit Vagina. Ob dieser Weg dann die tieferliegende psychische Belastung dieses Menschen aufhebt, ist alles andere als gesichert.<br \/>\nZum Schutz der Kinder sollten Eltern die schambehafteten Themen Sexualit\u00e4t und Geschlechtsidentit\u00e4t enttabuisieren. Eltern und Kinder sollten im gesch\u00fctzten und vertrauten Rahmen der Familie dar\u00fcber sprechen k\u00f6nnen, wenn die Eltern in solch weitreichenden Themen einen gr\u00f6\u00dferen Einfluss auf ihre Kinder haben m\u00f6chten als von ihnen finanzierte Queere, die meinen, fremden Jugendlichen \u00fcber Youtube, TikTok oder Instagram erkl\u00e4ren zu k\u00f6nnen, warum sie sich outen oder warum sie einen Fleischklopfer in den Po <a href=\"https:\/\/www.zdf.de\/play\/video\/funk-collection-funk-11953-484\/funk-8-dinge-auf-die-man-sich-nach-dem-coming-out-freuen-kann---okay-100\">https:\/\/www.zdf.de\/play\/video\/funk-collection-funk-11953-484\/funk-8-dinge-auf-die-man-sich-nach-dem-coming-out-freuen-kann&#8212;okay-100<\/a> &#8218;<br \/>\nschieben sollten.<br \/>\n&#8230; Alles vom 13.6.2025 von Charlotte Kirchhof bitte lesen auf<br \/>\n<a href=\"https:\/\/www.tichyseinblick.de\/feuilleton\/medien\/funk-queer-woke-kinder-jugendliche\/\">https:\/\/www.tichyseinblick.de\/feuilleton\/medien\/funk-queer-woke-kinder-jugendliche\/<\/a><br \/>\n.<br \/>\nEinige Kommentare:<br \/>\nAll das dient dazu, Sex mit Kindern zu enttabuisieren und salonf\u00e4hig zu machen. Ein Anliegen, dass Gr\u00fcne und Linke schon seit langem vorantreiben. Rob Roy<br \/>\n.<br \/>\nDieses Irrewerden \u2013 umgelabelt als \u201eman selbst sein\u201c ist politisch gewollt. Und da es so penetrant und verbissen umgesetzt wird, muss man sich fragen: Cui bono, wem n\u00fctzt es? Fr\u00fcher, also vor 2015, bezeichnete man Menschen, die nicht ganz zurechnungsf\u00e4hig sind als jemanden, der \u201enicht mehr wei\u00df, ob er M\u00e4nnlein oder Weiblein ist\u201c. Genau so ist es! Die Leute sollen tief verunsichert werden \u2013 bis in die Tiefen der eigenen Identit\u00e4t hinein \u2013 und dann zum Entz\u00fccken der Pharmaindustrie lebenslang Hormone schlucken. Vor allem aber sollen sie den Mund halten und sich von klein auf mit akrobatischen Sexualpraktiken (Fleischklopfer!) vom Wesentlichen ABLENKEN lassen. Mit solchen Leuten kann man machen, was man will. Und genau darum geht es! maru<br \/>\n.<br \/>\nDas ist doch alles billigstes Anbiedern.<br \/>\n\u00c4h, Jungs und M\u00e4dels, h\u00f6rt zu, wir reden wie ihr. Wir benutzen die coolsten neuen W\u00f6rter wie ihr. Wir sind eure Freunde und Begleiter.<br \/>\nNaiver und d\u00fcmmer geht es nicht mehr. Welche Kids fallen denn auf so ne dumme Anmache rein? Diese sog. Berufskinder und Berufsjugendlichen gab es fast schon immer.<br \/>\n.<br \/>\nWas mich immer wieder irritiert, warum schweigen die Emanzen dazu? Warum unterst\u00fctzen junge Frauen sowas? Warum finden junge Menschen generell sowas gut? Warum stoppt Merz sowas nicht? Staatsschutz wo? Brauer<br \/>\n.<br \/>\nNicht nur die Kinder. Auch wir erwachsene werden manipuliert. Ob es Covid war oder der Ukraine Krieg. Die Ampelpolitik mit Ihren Versagern Bearbock und Habeck einschliesslich Scholz mit seiner Bagage. Wir werden alle von dem \u00d6RR Indoktriniert, getriggert und manipuliert. Und wie wollen wir unsere davor sch\u00fctzen wenn wir uns nicht einmal selbst sch\u00fctzen k\u00f6nnen? Deshalb kann dieser Sche\u2026verein weg. Denn reformieren l\u00e4sst er sich nicht mehr. Ich sehe mir seit 2015 keinen \u00d6RR mehr an. Auch nicht bei uns in der Schweiz, da hier das gleiche Spielchen, auf politischer Ebene, l\u00e4uft. Peter P.<br \/>\n.<br \/>\nHier sieht man live und in Farbe wie eine Gesellschaft degeneriert! So w\u00e4re es im aten Rom wohl auch gewesen, h\u00e4tten die schon TV und Internet gehabt\u2026 Es ist ersch\u00fctternd mit anzusehen wie eine einstmals Wissensgesellschaft so vor die Hunde gehen konnte\u2026 Autour<br \/>\n.<br \/>\nHallo Ihr Lieben vom \u00d6RR! K\u00f6nnt ihr bitte euer wertvolles Premiumprogramm auch auf arabisch und t\u00fcrkisch senden, damit m\u00f6glichst viele Neub\u00fcrger euch auch richtig wertsch\u00e4tzen. Ich pl\u00e4diere f\u00fcr Endlosschleifen in Fl\u00fcchtlingsheimen und Gro\u00df-Event-Hallen wie dem ehemaligen Flughafen Tegel in Berlin. Das wird ein Spa\u00df f\u00fcr gro\u00df und klein. wackerd<br \/>\n.<br \/>\nIch bin schon lange der Meinung, dass man ARD und ZDF per Programmbeschwerden darauf aufmerksam machen muss, dass \u00f6ffentlich-rechtliche von der Allgemeinheit zwangsweise finanzierte \u201eInformation und Bildung\u201c zumal f\u00fcr Minderj\u00e4hrige ihre Grenzen haben. Ist alles hehre Grundversorgung? Wer mal einzelne Begriffe ins funk-Suchfeld eingibt, fragt sich hier und da, ob er bei einem Pornokanal gelandet ist. Dabei profitiert ja vor allem funk von der Un\u00fcberschaubarkeit seiner Angebote, welcher \u00e4ltere Fernseh- und Rundfunkrat schaut da schon hinein. Andererseits arbeiten einige Jungredakteure (m\/w\/d) hier wohl ihre Kindheit psychologisch auf und leben auf Kosten des Rundfunkbeitragszahlers aus, was Papa und Mama ihnen fr\u00fcher verboten h\u00e4tten und evtl. auch Dr. Sommer kaum so klar thematisiert h\u00e4tte. Wobei die \u201eBravo\u201c eben nicht zwangsfinanziert ist, ein gravierender Unterschied! Generell ist die Zielgruppe von funk \u2013 14- bis 29-J\u00e4hrige (!) \u2013 im Entwicklungsstadium zu heterogen, auch da sollte man ansetzen.<br \/>\nAber auch der Kika f\u00fcr die Kleinen bem\u00fcht sich ja schon, die woke, progressive Welt salonf\u00e4hig zu machen. Coming-out im Fu\u00dfball. Der zehnj\u00e4hrige Rafael hat zwei Mamas und einen Papa. Seine beiden M\u00fctter Marta und Jenny sind ein Paar. Jens, ist ein guter Freund und hat seinen Samen gespendet. Ist das f\u00fcr Kinder wichtiges Wissen? lo<br \/>\nEnde Kommentare<\/p>\n<p>.<\/p>\n","protected":false},"excerpt":{"rendered":"<p>Home\u00a0&gt;Zukunft\u00a0&gt;Kinder &gt;Kinderrechte &gt;Sexualisierung &gt;Kinder-Indoktrinierung &nbsp; Listenauswahl eines Beitrags (Artikel\/Datum, Seite\/Inhalt): Klicken oder scrollen Holzpenisse und Leckt\u00fccher: Sozialistischer Jugendverband \u201eFalken\u201c empfiehlt Sex-Spiele f\u00fcr Kinder ab sechs (28.4.2026) Nicht der Pflicht zu gen\u00fcgen: Schulpflicht \u2013 Hausunterricht\u00a0(24.4.2026) Schule: Indoktrinieren \u2013 NGOs\u00a0(24.4.2026) P\u00e4dophile Sexualp\u00e4dagogik: &hellip; <a href=\"https:\/\/www.freiburg-schwarzwald.de\/blog\/selbsthilfe\/kinder\/kinder-indoktrinierung\/\">Weiterlesen <span class=\"meta-nav\">&rarr;<\/span><\/a><\/p>\n","protected":false},"author":2,"featured_media":0,"parent":274,"menu_order":0,"comment_status":"closed","ping_status":"closed","template":"","meta":{"footnotes":""},"class_list":["post-135135","page","type-page","status-publish","hentry"],"_links":{"self":[{"href":"https:\/\/www.freiburg-schwarzwald.de\/blog\/wp-json\/wp\/v2\/pages\/135135","targetHints":{"allow":["GET"]}}],"collection":[{"href":"https:\/\/www.freiburg-schwarzwald.de\/blog\/wp-json\/wp\/v2\/pages"}],"about":[{"href":"https:\/\/www.freiburg-schwarzwald.de\/blog\/wp-json\/wp\/v2\/types\/page"}],"author":[{"embeddable":true,"href":"https:\/\/www.freiburg-schwarzwald.de\/blog\/wp-json\/wp\/v2\/users\/2"}],"replies":[{"embeddable":true,"href":"https:\/\/www.freiburg-schwarzwald.de\/blog\/wp-json\/wp\/v2\/comments?post=135135"}],"version-history":[{"count":6,"href":"https:\/\/www.freiburg-schwarzwald.de\/blog\/wp-json\/wp\/v2\/pages\/135135\/revisions"}],"predecessor-version":[{"id":148477,"href":"https:\/\/www.freiburg-schwarzwald.de\/blog\/wp-json\/wp\/v2\/pages\/135135\/revisions\/148477"}],"up":[{"embeddable":true,"href":"https:\/\/www.freiburg-schwarzwald.de\/blog\/wp-json\/wp\/v2\/pages\/274"}],"wp:attachment":[{"href":"https:\/\/www.freiburg-schwarzwald.de\/blog\/wp-json\/wp\/v2\/media?parent=135135"}],"curies":[{"name":"wp","href":"https:\/\/api.w.org\/{rel}","templated":true}]}}