{"id":134945,"date":"2025-06-08T08:18:47","date_gmt":"2025-06-08T06:18:47","guid":{"rendered":"https:\/\/www.freiburg-schwarzwald.de\/blog\/?page_id=134945"},"modified":"2026-01-11T15:00:54","modified_gmt":"2026-01-11T14:00:54","slug":"kirche-reform","status":"publish","type":"page","link":"https:\/\/www.freiburg-schwarzwald.de\/blog\/religion\/kirche-reform\/","title":{"rendered":"Kirche-Reform"},"content":{"rendered":"<p><a href=\"https:\/\/www.freiburg-schwarzwald.de\/blog\">Home<\/a>\u00a0&gt;<a title=\"Religion\" href=\"https:\/\/www.freiburg-schwarzwald.de\/blog\/religion\/\">Religion<\/a>\u00a0&gt;<a title=\"Kirchen\" href=\"https:\/\/www.freiburg-schwarzwald.de\/blog\/religion\/kirchen\/\">Kirchen<\/a> &gt;<a href=\"https:\/\/www.freiburg-schwarzwald.de\/blog\/religion\/kirche-staat\/\">Kirche-Staat<\/a> &gt;<a href=\"https:\/\/www.freiburg-schwarzwald.de\/blog\/religion\/kirche-politik\/\">Kirche-Politik<\/a> &gt;Kirche-Reform<\/p>\n<div id=\"attachment_129547\" style=\"width: 650px\" class=\"wp-caption alignnone\"><a href=\"https:\/\/www.freiburg-schwarzwald.de\/blog\/wp-content\/uploads\/2024\/12\/lalonde-frieden-pan241218-1.jpg\"><img loading=\"lazy\" decoding=\"async\" aria-describedby=\"caption-attachment-129547\" class=\"size-full wp-image-129547\" src=\"https:\/\/www.freiburg-schwarzwald.de\/blog\/wp-content\/uploads\/2024\/12\/lalonde-frieden-pan241218-1.jpg\" alt=\"\" width=\"640\" height=\"449\" srcset=\"https:\/\/www.freiburg-schwarzwald.de\/blog\/wp-content\/uploads\/2024\/12\/lalonde-frieden-pan241218-1.jpg 640w, https:\/\/www.freiburg-schwarzwald.de\/blog\/wp-content\/uploads\/2024\/12\/lalonde-frieden-pan241218-1-180x126.jpg 180w\" sizes=\"auto, (max-width: 640px) 100vw, 640px\" \/><\/a><p id=\"caption-attachment-129547\" class=\"wp-caption-text\">Frieden am Mittelmeer bei La Londe-les-Maures Neujahr 2024&amp;2025<\/p><\/div>\n<ul>\n<li><em>Listenauswahl eines Beitrags (Artikel\/Datum, Seite\/Inhalt): <span style=\"text-decoration: underline;\">Klicken<\/span> oder scrollen\u00a0<\/em><\/li>\n<li><a href=\"https:\/\/www.freiburg-schwarzwald.de\/blog\/religion\/kirchen\/weihnachten\/weihnachtsgeschichte\/\">Schleimspur: Vierfacher Skandal der Stuttgarter Christmette 24.12.2025<\/a>\u00a0(11.1.2026)<\/li>\n<li>Achijah Zorn: Die Kirche von morgen \u2013 eine pfingstliche Zukunftsvision (7.6.2025)<\/li>\n<\/ul>\n<ul>\n<li><a href=\"https:\/\/www.freiburg-schwarzwald.de\/blog\/religion\/kirchen\/ekd\/\">EKD<\/a><\/li>\n<li><a href=\"https:\/\/www.freiburg-schwarzwald.de\/blog\/religion\/gott\/ewigkeit\/\">Ewigkeit<\/a><\/li>\n<li><a title=\"Fluechtlinge-Christen\" href=\"https:\/\/www.freiburg-schwarzwald.de\/blog\/global\/integration\/fluechtlinge-christen\/\">Fluechtlinge-Christen<\/a><\/li>\n<li><a href=\"https:\/\/www.freiburg-schwarzwald.de\/fronleichnam.htm\">Fronleichnamsprozessionen<\/a>\u00a0&gt;Fronleichnam<\/li>\n<li><a title=\"Gott\" href=\"https:\/\/www.freiburg-schwarzwald.de\/blog\/religion\/gott\/\">Gott<\/a><\/li>\n<li><a href=\"https:\/\/www.freiburg-schwarzwald.de\/jerusalem\/index.htm\">Jerusalem \u2013 ev Kirche<\/a>\u00a0&gt;Jerusalem<\/li>\n<li><a title=\"Katholisch\" href=\"https:\/\/www.freiburg-schwarzwald.de\/blog\/religion\/katholisch\/\">Katholisch<\/a><\/li>\n<li><a href=\"https:\/\/www.freiburg-schwarzwald.de\/taize.htm\">Taize \u2013 Communaut\u00e9 im Burgund<\/a> &gt;Taize (7.9.2005)<\/li>\n<li><a title=\"Kirche-Politik\" href=\"https:\/\/www.freiburg-schwarzwald.de\/blog\/religion\/kirche-politik\/\">Kirche-Politik<\/a><\/li>\n<li><a title=\"Kirche-Staat\" href=\"https:\/\/www.freiburg-schwarzwald.de\/blog\/religion\/kirche-staat\/\">Kirche \u2013 Staat (Trennung von Kirche und Staat)<\/a><\/li>\n<li><a href=\"https:\/\/www.freiburg-schwarzwald.de\/blog\/religion\/kirchen\/kirche-repression\/\">Kirche-Repression<\/a><\/li>\n<li><a href=\"https:\/\/www.freiburg-schwarzwald.de\/blog\/religion\/kirchen\/kirchenschaendung\/\">Kirchensch\u00e4ndungen<\/a><\/li>\n<li><a href=\"https:\/\/www.freiburg-schwarzwald.de\/blog\/religion\/kirchen\/kirchenschliessungen\/\">Kirchenschliessungen<\/a><\/li>\n<li><a title=\"Kirchentag\" href=\"https:\/\/www.freiburg-schwarzwald.de\/blog\/religion\/kirchen\/kirchentag\/\">Kirchentag<\/a><\/li>\n<li><a href=\"https:\/\/www.freiburg-schwarzwald.de\/kloster.htm\">Klosteranlagen<\/a>\u00a0&gt;Kloster<\/li>\n<li><a href=\"https:\/\/www.freiburg-schwarzwald.de\/littenweiler\/kapellen.htm\">Kleine Kirchen<\/a>\u00a0&gt;Kapellen<\/li>\n<li><a href=\"https:\/\/www.freiburg-schwarzwald.de\/kirchen.htm\">Kirchen im Hochschwarzwald<\/a>\u00a0&gt;frsw.de\/kirchen<\/li>\n<li><a href=\"https:\/\/www.freiburg-schwarzwald.de\/sozialstation.htm\">Kirchliche Sozialstationen<\/a>\u00a0&gt;Sozialstation<\/li>\n<li><a href=\"https:\/\/www.freiburg-schwarzwald.de\/blog\/religion\/kirchen\/kloster\/\">Kloster<\/a><\/li>\n<li><a title=\"Kolpingwerk\" href=\"https:\/\/www.freiburg-schwarzwald.de\/blog\/selbsthilfe\/soziales\/kolpingwerk\/\">Kolping<\/a>\u00a0&gt;Kolpingwerk<\/li>\n<li><a title=\"Konfessionslosigkeit\" href=\"https:\/\/www.freiburg-schwarzwald.de\/blog\/religion\/konfessionslosigkeit\/\">Konfessionslosigkeit<\/a><\/li>\n<li><a title=\"Kreuze\" href=\"https:\/\/www.freiburg-schwarzwald.de\/blog\/religion\/kreuze\/\">Kreuze<\/a><\/li>\n<li><a href=\"https:\/\/www.freiburg-schwarzwald.de\/blog\/religion\/katholisch\/leo\/\">LeoXIV<\/a><\/li>\n<\/ul>\n<p>&nbsp;<\/p>\n<p><strong>Achijah Zorn: Die Kirche von morgen \u2013 eine pfingstliche Zukunftsvision<\/strong><br \/>\n\u201eIhr werdet Kraft empfangen (\u2026) und ihr werdet meine Zeugen sein\u201c (Apostelgeschichte 1,8). Der Heilige Geist macht aus ver\u00e4ngstigten J\u00fcngern mutige Bekenner. Pfingsten wird damit zum Geburtstag einer ausstrahlenden Kirche. Grund genug, eine pfingstliche Vision f\u00fcr eine Kirche der Zukunft zu wagen.<\/p>\n<p>Einen Glauben, der in Gottesdiensten den Kult der politischen Theologie feiert, brauchen wir nicht. So eine Politkirche wird von selbst untergehen. Desgleichen ist der Pfarrer \u00fcberfl\u00fcssig, der sich als spiritueller Sozialp\u00e4dagoge oder als prophetischer Weltretter aufspielt. Aber der Christ, der von Gott her mit seinen Mitmenschen lebt in ihrer Angst, in ihrer Freude, in ihrer Ohnmacht, in ihrer Trauer, in ihrem Hoffen und in ihrem Suchen, der wird auch weiterhin n\u00f6tig sein.<br \/>\nIn Europa stecken wir mittendrin in der Krise der Kirche. Man muss mit weiteren erheblichen Ersch\u00fctterungen rechnen. Aus der Krise von heute wird morgen eine Kirche hervorgehen, die viel verloren hat. Sie wird klein werden, mithin ganz von vorne anfangen m\u00fcssen. Sie wird die Bauten nicht mehr f\u00fcllen oder finanzieren k\u00f6nnen, die in vermeintlich besseren Zeiten errichtet wurden. Aber sie wird urgemeindlich in Wohnzimmern, Hauskirchen und Chatr\u00e4umen Herberge finden.<br \/>\nDie Kirche der Zukunft wird mit der Zahl ihrer Anh\u00e4nger ihre Privilegien verlieren. Sie wird Gott sei Dank nie mehr die gesellschaftsbeherrschende Kraft haben, wie es bis vor kurzem war. Sie wird eine Freiwilligkeitsgemeinschaft werden, die sich nicht mehr durch gesellschaftliche Konformit\u00e4t von selber versteht. Sie wird als kleine Gemeinschaft sehr viel st\u00e4rker aus der Initiative einzelner Christen leben. Sie wird neue Formen des Amtes kennen. Bew\u00e4hrte Christen, die im Beruf stehen, werden zu nebenerwerbst\u00e4tigen Pfarrern ordiniert; lebensnahe Pfarrer f\u00fcr lebensnahe Christen.<br \/>\n.<br \/>\nDer Glaube wird sein Wesentliches in dem finden, was immer seine Mitte war: Der dreieinige Gott, der in Jesus Christus Mensch geworden ist und der den Beistand seines Heiligen Geistes schenkt, der bis zum Ende reicht. Die Kirche der Zukunft wird in Glaube und Gebet wieder ihre eigentliche Mitte finden und Wort und Sakramente werden wieder als Gottes Dienst, St\u00e4rkung und Freude erfahren.<\/p>\n<p>Es wird ein verinnerlichter Glaube sein, der nicht auf ein politisches Mandat pocht, der es aber ohne religi\u00f6sen Wahrheitsanspruch zul\u00e4sst, dass Christen je nach \u00dcberzeugung mit den Linken oder mit den Rechten flirten, ohne spirituell verschmolzen mit ihnen ins politische Bett zu steigen.<\/p>\n<p>Der Weg zur Kirche der Zukunft wird steinig und schwer. Der Vorgang der Kristallisation und der Kl\u00e4rung wird der Kirche manche guten Kr\u00e4fte kosten. Dies alles wird Zeit brauchen. Aber im Prozess der Reinigung wird in einer verinnerlichten und vereinfachten Christenheit eine neue Zeigefinger-Kraft hin zum gn\u00e4digen Gott erwachsen. Die Menschen in einer ganz und gar technisierten und politisch verplanten Welt werden im tiefsten Seelengrund einsam sein. Sie werden, wenn ihnen Gott entschwunden ist, ihre volle, schreckliche Bodenlosigkeit erfahren. In diese Verlorenheit hinein d\u00fcrfen Christen auf den hinweisen, der die Antwort ist, nach der die Menschen im Verborgenen immer gefragt haben.<br \/>\nDarum bin ich zuversichtlich, dass die Kirche bleibt. Nicht die Kirche des politischen Kultes, nicht die Kirche der Moralapostel und nicht die Kirche des \u00e4u\u00dferen Reichtums. Bleiben wird die Kirche Jesu Christi. Ich vertraue auf den Heiligen Geist, der seine Gnade in fehlerhaften Christen und in befleckten christliche Gemeinschaften von neuem bl\u00fchen lassen wird. Gott wird als Heimat und Quellgrund aufleuchten, der den Menschen Geborgenheit und Leben gibt und Hoffnung \u00fcber den Tod hinaus.<br \/>\nPS. Diese evangelische Kirchenvision ist vom Katholiken Joseph Ratzinger, \u201eGlaube und Zukunft\u201c (1971), inspiriert.<br \/>\n\u2026 Alles vom 7.6.2025 von Achijah Zorn bitte lesen auf<br \/>\n<a href=\"https:\/\/www.tichyseinblick.de\/kolumnen\/vorwort-zum-sonntag\/die-kirche-von-morgen-eine-pfingstliche-zukunftsvision\">https:\/\/www.tichyseinblick.de\/kolumnen\/vorwort-zum-sonntag\/die-kirche-von-morgen-eine-pfingstliche-zukunftsvision<\/a>\/<\/p>\n<p>Einige Kommentare:<br \/>\nMein Tipp: Entwickelt eine glaubw\u00fcrdige Erwachsenenreligiosit\u00e4t!<br \/>\nEine Bekannte, katholisch, berichtete von ihrer sch\u00f6nen Kirchen-Kindheit; wunderbare liebevolle Rituale, mit 7 wollte sie Engel werden. F\u00fcr sie als Erwachsene hatte die Kirche dann auch nur diesen Kinderglauben, der f\u00fcr Erwachsene, wenn sie ehrlich sind, unglaubw\u00fcrdig ist. Ich, evangelisch, hatte einen liebevollen Kindergottesdienst, f\u00fcr den ich immer noch dankbar bin. F\u00fcr Jugendliche gabs Ferienlager. F\u00fcr Erwachsenen nur noch Sozialarbeit und antikapitalistische Politik.<br \/>\nWir beide sind ausgetreten. In buddhistischer Meditation fanden wir f\u00fcr unseren spirituellen Durst die transzendente Dimension, die die organisierten Gro\u00dfkirchen vergessen haben. Marcel Seiler<br \/>\n.<br \/>\nWerter Autor, Sie verwenden \u2013 nach meiner Auffassung \u2013 immer wieder v\u00f6llig wahllos die Begriffe Kirche und Glaube. Kirche war immer das \u201eVehikel\u201c um den \u201eGlauben\u201c zum Menschen zu transportieren. Also wie ein Gef\u00e4hrt, um Menschen in den sinnlosen Krieg oder zur Rettung aus Gefahr zu bringen. Wer aber heute noch eine \u201eBegr\u00fcndung\u201c f\u00fcr den \u201eGlauben\u201c braucht, hat eine gigantische Bibliothek zur Verf\u00fcgung. OldMan<br \/>\n.<br \/>\nIch m\u00f6chte nicht heucheln. Und deshalb gebe ich zu, da\u00df ich gar nicht wirklich sagen kann, ob ich \u201eglaube\u201c. Ich m\u00f6chte aber von Herzen, da\u00df es neben meinen weltlichen Bed\u00fcrfnissen noch etwas anderes gibt. Streitbar, wie ich mich hier manchmal gebe, mag sich aber genau das wie Heuchelei lesen. Mir w\u00e4re daher vielleicht schon damit geholfen, wenn ich mich nicht daf\u00fcr sch\u00e4men mu\u00df, etwas \u201e\u00dcbersinnliches\u201c neben mir wissen zu wollen.<br \/>\nNat\u00fcrlich ben\u00f6tige ich daf\u00fcr keine noch so sch\u00f6nen Bauten. Und was die von mir identifizierten, vors\u00e4tzlichen Heuchler angeht, so wei\u00df ich, da\u00df sie ihre gerechte Strafe erhalten werden. Und manchmal wartet Gott \u00fcbrigens nichtmal ab, bis sie verschieden sind. Denn ich bilde mir ein, da\u00df er sie sp\u00fcren l\u00e4\u00dft, da\u00df das gerade keine Pr\u00fcfung, sondern S\u00fchne zu Lebzeiten ist. Und weil ich Gott einen gewissen Humor unterstelle hei\u00dft es dann f\u00fcr solche Leute: \u201eThe person you have called is temporarily not available\u2026\u201c<br \/>\nAllen hier sch\u00f6ne Pfingsten. Verblichene Rose<br \/>\nEnde Kommentare<\/p>\n","protected":false},"excerpt":{"rendered":"<p>Home\u00a0&gt;Religion\u00a0&gt;Kirchen &gt;Kirche-Staat &gt;Kirche-Politik &gt;Kirche-Reform Listenauswahl eines Beitrags (Artikel\/Datum, Seite\/Inhalt): Klicken oder scrollen\u00a0 Schleimspur: Vierfacher Skandal der Stuttgarter Christmette 24.12.2025\u00a0(11.1.2026) Achijah Zorn: Die Kirche von morgen \u2013 eine pfingstliche Zukunftsvision (7.6.2025) EKD Ewigkeit Fluechtlinge-Christen Fronleichnamsprozessionen\u00a0&gt;Fronleichnam Gott Jerusalem \u2013 ev Kirche\u00a0&gt;Jerusalem Katholisch &hellip; <a href=\"https:\/\/www.freiburg-schwarzwald.de\/blog\/religion\/kirche-reform\/\">Weiterlesen <span class=\"meta-nav\">&rarr;<\/span><\/a><\/p>\n","protected":false},"author":2,"featured_media":0,"parent":171,"menu_order":0,"comment_status":"closed","ping_status":"closed","template":"","meta":{"footnotes":""},"class_list":["post-134945","page","type-page","status-publish","hentry"],"_links":{"self":[{"href":"https:\/\/www.freiburg-schwarzwald.de\/blog\/wp-json\/wp\/v2\/pages\/134945","targetHints":{"allow":["GET"]}}],"collection":[{"href":"https:\/\/www.freiburg-schwarzwald.de\/blog\/wp-json\/wp\/v2\/pages"}],"about":[{"href":"https:\/\/www.freiburg-schwarzwald.de\/blog\/wp-json\/wp\/v2\/types\/page"}],"author":[{"embeddable":true,"href":"https:\/\/www.freiburg-schwarzwald.de\/blog\/wp-json\/wp\/v2\/users\/2"}],"replies":[{"embeddable":true,"href":"https:\/\/www.freiburg-schwarzwald.de\/blog\/wp-json\/wp\/v2\/comments?post=134945"}],"version-history":[{"count":5,"href":"https:\/\/www.freiburg-schwarzwald.de\/blog\/wp-json\/wp\/v2\/pages\/134945\/revisions"}],"predecessor-version":[{"id":143978,"href":"https:\/\/www.freiburg-schwarzwald.de\/blog\/wp-json\/wp\/v2\/pages\/134945\/revisions\/143978"}],"up":[{"embeddable":true,"href":"https:\/\/www.freiburg-schwarzwald.de\/blog\/wp-json\/wp\/v2\/pages\/171"}],"wp:attachment":[{"href":"https:\/\/www.freiburg-schwarzwald.de\/blog\/wp-json\/wp\/v2\/media?parent=134945"}],"curies":[{"name":"wp","href":"https:\/\/api.w.org\/{rel}","templated":true}]}}