{"id":1349,"date":"2012-04-13T19:01:38","date_gmt":"2012-04-13T19:01:38","guid":{"rendered":"https:\/\/www.freiburg-schwarzwald.de\/blog\/?page_id=1349"},"modified":"2023-07-28T17:21:35","modified_gmt":"2023-07-28T15:21:35","slug":"fahrradwege","status":"publish","type":"page","link":"https:\/\/www.freiburg-schwarzwald.de\/blog\/regio\/verkehr\/fahrradwege\/","title":{"rendered":"Fahrradwege"},"content":{"rendered":"<p>Home &gt;Regio &gt;<a title=\"Verkehr\" href=\"https:\/\/www.freiburg-schwarzwald.de\/blog\/regio\/verkehr\/\">Verkehr<\/a> &gt;<a title=\"Radfahren\" href=\"https:\/\/www.freiburg-schwarzwald.de\/blog\/regio\/verkehr\/radfahren\/\">Radfahren<\/a> &gt;Fahrradwege<\/p>\n<div id=\"attachment_1353\" style=\"width: 599px\" class=\"wp-caption alignnone\"><a href=\"https:\/\/www.freiburg-schwarzwald.de\/blog\/regio\/verkehr\/fahrradwege\/hoefener5pan-070311-2\/\" rel=\"attachment wp-att-1353\"><img loading=\"lazy\" decoding=\"async\" aria-describedby=\"caption-attachment-1353\" class=\" wp-image-1353\" title=\"hoefener5pan-070311\" src=\"https:\/\/www.freiburg-schwarzwald.de\/blog\/wp-content\/uploads\/2012\/04\/hoefener5pan-0703111.jpg\" alt=\"\" width=\"589\" height=\"203\" srcset=\"https:\/\/www.freiburg-schwarzwald.de\/blog\/wp-content\/uploads\/2012\/04\/hoefener5pan-0703111.jpg 589w, https:\/\/www.freiburg-schwarzwald.de\/blog\/wp-content\/uploads\/2012\/04\/hoefener5pan-0703111-180x62.jpg 180w\" sizes=\"auto, (max-width: 589px) 100vw, 589px\" \/><\/a><p id=\"caption-attachment-1353\" class=\"wp-caption-text\">Blick von der Hoefener Huette\/Haeusleberg nach Westen \u00fcber Oberried zum Schwauinsland am 11.3.2007<\/p><\/div>\n<ul>\n<li>Fahrradweg bei Einm\u00fcndung Gierbergweg: Fehlende Richtungsmarkierung (11.7.2023)<\/li>\n<li><a href=\"https:\/\/www.freiburg-schwarzwald.de\/blog\/regio\/fluss\/rhein\/rheinseitenkanal\/\">Burkheim: D und F verbindet ein neuer Radweg \u00fcber den Rhein<\/a>\u00a0(7.7.2023)<\/li>\n<li>Radschnellwege: Kappler Knoten nicht angebunden (19.4.2023)<\/li>\n<li><a href=\"https:\/\/www.freiburg-schwarzwald.de\/blog\/landwirte-zu-weihnachten\/\">Landwirte zu Weihnachten<\/a>\u00a0(21.12.2022)<\/li>\n<li><a href=\"https:\/\/www.freiburg-schwarzwald.de\/blog\/regio\/freiburg\/ebnet\/\">Die Radwegesituation von Kirchzarten nach Freiburg durch Ebnet<\/a> (31.10.2022)<\/li>\n<li><a title=\"Radweg-Ebnet\" href=\"https:\/\/www.freiburg-schwarzwald.de\/blog\/regio\/verkehr\/fahrradwege\/radweg-ebnet\/\">Fahrradweg: Querverbindung vom Ebneter Wasserwerk nach Zarten<\/a> (17.6.2020)<\/li>\n<li><a title=\"Fahrrad\" href=\"https:\/\/www.freiburg-schwarzwald.de\/blog\/business\/handel\/fahrrad\/\">Ein Jahr Frelo, ein Grund zum Jubeln? F\u00fcr mich ein ganzj\u00e4hriges \u00c4rgernis!<\/a> (18.5.2020)<\/li>\n<li>Radunfall: Radweg statt Parkstreifen (4.11.2019)<\/li>\n<li>Rad-Route besser als &#8222;Rad-Vorrang-Route (25.10.2014)<\/li>\n<li><a href=\"https:\/\/www.freiburg-schwarzwald.de\/littenweiler\/littenweiler9.htm#Dr\u00e4ngelgitter am Ebneter Weg muss wieder weg\">Dr\u00e4ngelgitter am Ebneter Weg muss wieder weg<\/a>&gt;Littenweiler9 (14.4.2008)<\/li>\n<li><a href=\"https:\/\/www.freiburg-schwarzwald.de\/littenweiler\/fahrrad1.htm#Podiumsdiskussion im BZ-Haus zu Radfahr-Unf\u00e4llen\">Podiumsdiskussion im BZ-Haus zu Radfahr-Unf\u00e4llen<\/a>&gt;Fahrrad1 (5.4.2008)<\/li>\n<li><a href=\"https:\/\/www.freiburg-schwarzwald.de\/littenweiler\/fahrrad1.htm#R\u00fccksichtslose Radler - mehr R\u00fccksicht\">R\u00fccksichtslose Radler &#8211; mehr R\u00fccksicht<\/a>&gt;Fahrrad1 (17.3.2008)<\/li>\n<li><a href=\"https:\/\/www.freiburg-schwarzwald.de\/littenweiler\/wiehre1.htm#Anlieger spenden f\u00fcr Fu\u00df-\/Radweg - Nachahmung erw\u00fcnscht\">Anlieger spenden f\u00fcr Fu\u00df-\/Radweg &#8211; Nachahmung erw\u00fcnscht<\/a> &gt;Wiehre1 (17.11.2007)<\/li>\n<li><a href=\"https:\/\/www.freiburg-schwarzwald.de\/littenweiler\/fahrradweg.htm#Leistungsdiagnostik im Radlabor auch f\u00fcr Hobbyfahrer\">Leistungsdiagnostik im Radlabor auch f\u00fcr Hobbyfahrer<\/a> &gt;Fahrrad1 (25.10.2007)<\/li>\n<li><a href=\"https:\/\/www.freiburg-schwarzwald.de\/biken3.htm#Radlabor: Sportwissenschaftler Bj\u00f6rn Stapelfeldt zum Biken\">Radlabor: Sportwissenschaftler Bj\u00f6rn Stapelfeldt zum Biken<\/a> &gt;Biken3 (19.10.2007)<\/li>\n<li><a href=\"https:\/\/www.freiburg-schwarzwald.de\/schauinsland2.htm#Schauinslandk\u00f6nig - Mit dem Fahrrad von G\u00fcnterstal zur Bergstation\">Schauinslandk\u00f6nig &#8211; Mit dem Fahrrad von G\u00fcnterstal zur Bergstation<\/a> &gt;Schauinsland2 (24.9.07)<\/li>\n<li><a href=\"https:\/\/www.freiburg-schwarzwald.de\/littenweiler\/fahrradweg.htm#Freiburger Fahrrad-Stadtplan f\u00fcr 500 km Radwege\">Freiburger Fahrrad-Stadtplan f\u00fcr 500 km Radwege<\/a> (22.5.2007)<\/li>\n<li><a href=\"https:\/\/www.freiburg-schwarzwald.de\/rollstuhl1.htm#Mit dem Liegerad unterwegs - Touren\">Mit dem Liegedreirad unterwegs &#8211; Touren<\/a> &gt;Rollstuhl1 (1.11.2006)<\/li>\n<li><a href=\"https:\/\/www.freiburg-schwarzwald.de\/littenweiler\/fahrradweg.htm#Radfahren in Freiburg - Stadt der Velocipedisten\">Radfahren in Freiburg &#8211; Stadt der Velocipedisten<\/a> (2.9.2006)<\/li>\n<li><\/li>\n<li><a href=\"https:\/\/www.freiburg-schwarzwald.de\/biken.htm\">Biken: Unsere Biker-Seiten<\/a> &gt;Freiburg-Schwarzwald.de\/Biken<\/li>\n<li><a title=\"Dreisamuferweg\" href=\"https:\/\/www.freiburg-schwarzwald.de\/blog\/regio\/verkehr\/fahrradwege\/dreisamuferweg\/\">Dreisamuferweg &#8211; wichtigster Fahrradweg Freiburgs<\/a><\/li>\n<li><a title=\"Dreisamtal-Radrundweg\" href=\"https:\/\/www.freiburg-schwarzwald.de\/blog\/regio\/tal\/dreisamtal\/dreisamtal-radrundweg\/\">Dreisamtal Radrundweg<\/a><\/li>\n<li><a title=\"Fahrrad\" href=\"https:\/\/www.freiburg-schwarzwald.de\/blog\/business\/handel\/fahrrad\/\">Fahrrad, Fahradl\u00e4den<\/a><\/li>\n<li><a href=\"https:\/\/www.freiburg-schwarzwald.de\/littenweiler\/kinderfahrrad.htm\">Kinder im Fahrrad unterwegs<\/a> &gt;KinderFahrrad<\/li>\n<li><a title=\"Radweg-Ebnet\" href=\"https:\/\/www.freiburg-schwarzwald.de\/blog\/regio\/verkehr\/fahrradwege\/radweg-ebnet\/\">Radweg-Ebnet<\/a><\/li>\n<li><a href=\"https:\/\/www.freiburg-schwarzwald.de\/twike.htm#Twike Center Schwarzwald in Furtwangen\">Twiken &#8211; Twike Center Schwarzwald in Furtwangen<\/a> &gt;Twike<\/li>\n<li><a href=\"https:\/\/www.freiburg-schwarzwald.de\/littenweiler\/ebnet-zarten.htm#Den Dreisamuferweg vom Ebneter Wasserwerk bis Zarten weiterf\u00fchren\">Weg vom Ebneter Wasserwerk bis Zarten verl\u00e4ngern<\/a> &gt;Ebnet-Zarten (7.6.2009)<\/li>\n<\/ul>\n<p>&nbsp;<\/p>\n<h5><a href=\"https:\/\/www.freiburg-schwarzwald.de\/blog\/wp-content\/uploads\/2012\/04\/radschnellwege-fr1208.jpg\"><img loading=\"lazy\" decoding=\"async\" class=\"alignnone size-thumbnail wp-image-8912\" src=\"https:\/\/www.freiburg-schwarzwald.de\/blog\/wp-content\/uploads\/2012\/04\/radschnellwege-fr1208-180x127.jpg\" alt=\"\" width=\"180\" height=\"127\" srcset=\"https:\/\/www.freiburg-schwarzwald.de\/blog\/wp-content\/uploads\/2012\/04\/radschnellwege-fr1208-180x127.jpg 180w, https:\/\/www.freiburg-schwarzwald.de\/blog\/wp-content\/uploads\/2012\/04\/radschnellwege-fr1208-640x453.jpg 640w, https:\/\/www.freiburg-schwarzwald.de\/blog\/wp-content\/uploads\/2012\/04\/radschnellwege-fr1208.jpg 641w\" sizes=\"auto, (max-width: 180px) 100vw, 180px\" \/><\/a><br \/>\n(1) Drei Radschnellwege durch Freiburg &#8211; geplant 2012-2015 fuer 9 Mio<\/h5>\n<h5><a href=\"https:\/\/www.freiburg-schwarzwald.de\/blog\/wp-content\/uploads\/2012\/04\/blauebruecke1-1204.jpg\"><img loading=\"lazy\" decoding=\"async\" class=\"alignnone size-thumbnail wp-image-3388\" src=\"https:\/\/www.freiburg-schwarzwald.de\/blog\/wp-content\/uploads\/2012\/04\/blauebruecke1-1204-180x135.jpg\" alt=\"\" width=\"180\" height=\"135\" srcset=\"https:\/\/www.freiburg-schwarzwald.de\/blog\/wp-content\/uploads\/2012\/04\/blauebruecke1-1204-180x135.jpg 180w, https:\/\/www.freiburg-schwarzwald.de\/blog\/wp-content\/uploads\/2012\/04\/blauebruecke1-1204.jpg 640w\" sizes=\"auto, (max-width: 180px) 100vw, 180px\" \/><\/a><br \/>\n(2) Blaue Br\u00fccke am Freiburger Hauptbahnhof im April 2012 &#8211; Fahrradbr\u00fccke<\/h5>\n<p>============================================================<\/p>\n<p><strong>Fahrradweg bei Einm\u00fcndung Gierbergweg: Fehlende Richtungsmarkierung<\/strong><br \/>\n(I) Der Fahrradweg in FR-Littenweiler hinter dem Studentenwohnheim von der Reinhold-Schneider-Strasse zur Dreisam hin hat an der un\u00fcbersichtlichen Kurve eine Richtungsmarkierung. So werden Unf\u00e4lle durch &#8222;Kurve schneiden&#8220; vermieden:<\/p>\n<h5><a href=\"https:\/\/www.freiburg-schwarzwald.de\/blog\/regio\/verkehr\/fahrradwege\/fahrradweg-markierung160812\/\" rel=\"attachment wp-att-62887\"><img loading=\"lazy\" decoding=\"async\" class=\"alignnone size-thumbnail wp-image-62887\" src=\"https:\/\/www.freiburg-schwarzwald.de\/blog\/wp-content\/uploads\/2012\/04\/fahrradweg-markierung160812-180x135.jpg\" alt=\"fahrradweg-markierung160812\" width=\"180\" height=\"135\" srcset=\"https:\/\/www.freiburg-schwarzwald.de\/blog\/wp-content\/uploads\/2012\/04\/fahrradweg-markierung160812-180x135.jpg 180w, https:\/\/www.freiburg-schwarzwald.de\/blog\/wp-content\/uploads\/2012\/04\/fahrradweg-markierung160812.jpg 640w\" sizes=\"auto, (max-width: 180px) 100vw, 180px\" \/><\/a><\/h5>\n<p>(II) Auch der Radweg bei der Einm\u00fcndung zur Hammerschmiedstrasse in FR-Waldsee hat eine Markierung mit zwei getrennten Richtungsfahrbahnen:<\/p>\n<p><a href=\"https:\/\/www.freiburg-schwarzwald.de\/blog\/regio\/verkehr\/fahrradwege\/radweg-hammerschmiedstr20190518\/\" rel=\"attachment wp-att-72479\"><img loading=\"lazy\" decoding=\"async\" class=\"alignnone size-thumbnail wp-image-72479\" src=\"https:\/\/www.freiburg-schwarzwald.de\/blog\/wp-content\/uploads\/2012\/04\/radweg-hammerschmiedstr20190518-180x113.jpg\" alt=\"radweg-hammerschmiedstr20190518\" width=\"180\" height=\"113\" srcset=\"https:\/\/www.freiburg-schwarzwald.de\/blog\/wp-content\/uploads\/2012\/04\/radweg-hammerschmiedstr20190518-180x113.jpg 180w, https:\/\/www.freiburg-schwarzwald.de\/blog\/wp-content\/uploads\/2012\/04\/radweg-hammerschmiedstr20190518.jpg 639w\" sizes=\"auto, (max-width: 180px) 100vw, 180px\" \/><\/a><br \/>\n.<\/p>\n<p>(III) Bei der Einm\u00fcndung des vom Kappler Knoten kommenden Radwegs in den Giersbergweg in FR-Littenweiler hingegen fehlt eine solche Fahrstreifenmarkierung. Immer wieder kam es zu Unf\u00e4llen, wenn Radfahrer die Kurve schneiden und mit Radlern bzw. Fussg\u00e4ngern kollidieren.<\/p>\n<h5><a href=\"https:\/\/www.freiburg-schwarzwald.de\/blog\/wp-content\/uploads\/2012\/04\/radweg-kurve120731.jpg\"><img loading=\"lazy\" decoding=\"async\" class=\"alignnone size-thumbnail wp-image-8179\" src=\"https:\/\/www.freiburg-schwarzwald.de\/blog\/wp-content\/uploads\/2012\/04\/radweg-kurve120731-180x135.jpg\" alt=\"\" width=\"180\" height=\"135\" srcset=\"https:\/\/www.freiburg-schwarzwald.de\/blog\/wp-content\/uploads\/2012\/04\/radweg-kurve120731-180x135.jpg 180w, https:\/\/www.freiburg-schwarzwald.de\/blog\/wp-content\/uploads\/2012\/04\/radweg-kurve120731.jpg 640w\" sizes=\"auto, (max-width: 180px) 100vw, 180px\" \/><\/a>\u00a0 \u00a0 \u00a0Linienmarkierung Giersbergweg fehlt 31.7.2012 &#8211; Blick nach Osten<\/h5>\n<p>Im Herbst 2022 wurde die Hecke entfernt (Bild oben) und durch einen Zaun ersetzt (Bild unten), um die un\u00fcbersichtliche Einm\u00fcndung zu entsch\u00e4rfen.\u00a0 Doch die Unfallminderung blieb leider aus: Viele Radler haben nun freie Sicht und rasen umso mehr.<\/p>\n<h5><a href=\"https:\/\/www.freiburg-schwarzwald.de\/blog\/wp-content\/uploads\/2023\/07\/giersbergweg-fahrradweg230711.jpg\"><img loading=\"lazy\" decoding=\"async\" class=\"alignnone size-thumbnail wp-image-113721\" src=\"https:\/\/www.freiburg-schwarzwald.de\/blog\/wp-content\/uploads\/2023\/07\/giersbergweg-fahrradweg230711-180x135.jpg\" alt=\"\" width=\"180\" height=\"135\" srcset=\"https:\/\/www.freiburg-schwarzwald.de\/blog\/wp-content\/uploads\/2023\/07\/giersbergweg-fahrradweg230711-180x135.jpg 180w, https:\/\/www.freiburg-schwarzwald.de\/blog\/wp-content\/uploads\/2023\/07\/giersbergweg-fahrradweg230711-640x480.jpg 640w, https:\/\/www.freiburg-schwarzwald.de\/blog\/wp-content\/uploads\/2023\/07\/giersbergweg-fahrradweg230711-768x576.jpg 768w, https:\/\/www.freiburg-schwarzwald.de\/blog\/wp-content\/uploads\/2023\/07\/giersbergweg-fahrradweg230711.jpg 929w\" sizes=\"auto, (max-width: 180px) 100vw, 180px\" \/><\/a>\u00a0 \u00a0 \u00a0 \u00a0 Giersbergweg 11.7.2023 &#8211; Blick nach Osten<\/h5>\n<p>Deshalb der Vorschlag: Bitte f\u00fcr die Fahrradfahrer auf der Wendeplatte des Giersbergwegs eine Markierung mit einer durchgehenden Mittellinie f\u00fcr zwei Richtungsfahrstreifen anbringen &#8211; in S-Form. So werden die Radler gezwungen, langsamer zu fahren, die Richtungsfahrbahn einzuhalten und die Kurve nicht mehr zu schneiden.<br \/>\nVielen Dank.<br \/>\n11.7.2023<br \/>\n.<br \/>\n.<\/p>\n<p><strong>Radschnellwege: Kappler Knoten nicht angebunden<\/strong><br \/>\nDie Stadtverwaltung will das Freiburger Radverkehrskonzept weiterentwickeln. Bestandteil sind auch die Radschnellwege des Landes. Einer davon, der RS4, soll Richtung Kirchzarten f\u00fchren und dabei quer durch Ebnet verlaufen. Konkrete Planungen gebe es jedoch noch nicht, erkl\u00e4rte Schramm, und auch keinen Zeitplan. Sinnvoll sei die derzeit angedachte L\u00f6sung allerdings nicht, meinte Christian Hagenberger (Freie W\u00e4hler Ebnet): Zentrale Punkte im Freiburger Osten, etwa der Kappler Knoten, w\u00fcrden nicht angebunden, auch f\u00fcr einige Umlandgemeinden ergebe die Route keinen Sinn. Au\u00dferdem seien Landwirte betroffen. Seine Fraktionskollegin Claudia Schr\u00f6der sorgte sich, weil die Radschnellverbindung den wichtigsten Schulweg in Ebnet kreuzen w\u00fcrde. Gabriele Hoferichter (Forum Ebnet) erhoffte sich durch die Planungen indes eine Entspannung der Ebneter Ortsdurchfahrt mit weniger Autos. Nicht vernachl\u00e4ssigt werden d\u00fcrfe aber auch die Radvorrangroute FR1, die an der Dreisam entlang Richtung Innenstadt f\u00fchrt, forderte Gabi Dierdorf (Forum Ebnet). Diese sei h\u00e4ufig wegen Hochwasser gesperrt und auf H\u00f6he der Ganter-Brauerei sehr eng \u2013 da m\u00fcsse nachgebessert werden.<br \/>\n&#8230; Alles vom 19.4.2023 bitte lesen auf<br \/>\n<a href=\"https:\/\/www.badische-zeitung.de\/freiburg-ebnet-hat-bald-doch-wieder-eine-postfiliale--255689249.html\">https:\/\/www.badische-zeitung.de\/freiburg-ebnet-hat-bald-doch-wieder-eine-postfiliale&#8211;255689249.html<\/a><br \/>\n.<br \/>\n<a href=\"https:\/\/www.badische-zeitung.de\/so-soll-das-freiburger-premium-radnetz-einmal-aussehen--249493413.html\">https:\/\/www.badische-zeitung.de\/so-soll-das-freiburger-premium-radnetz-einmal-aussehen&#8211;249493413.html<\/a><\/p>\n<p>Idee: Radweg vom Kappler Knoten nach Norden \u00fcber die Dreisam\/Wasserwerk-Br\u00fccke zum Ebneter Sportplatz<br \/>\n<a href=\"https:\/\/www.freiburg-schwarzwald.de\/blog\/regio\/verkehr\/fahrradwege\/radweg-ebnet\/\">https:\/\/www.freiburg-schwarzwald.de\/blog\/regio\/verkehr\/fahrradwege\/radweg-ebnet\/<\/a><\/p>\n<p>&nbsp;<\/p>\n<p><strong>Radunfall: Radweg statt Parkstreifen<\/strong><br \/>\nDa f\u00e4hrt ein Radfahrer auf der Dreisamstra\u00dfe weiter, weil der Fahrradweg pl\u00f6tzlich aufh\u00f6rt, wird von einem Lkw nach rechts abgedr\u00e4ngt und verungl\u00fcckt schwer. Dazu f\u00e4llt dem Garten- und Tiefbauamt (der Green City \u2013 ich kann es nicht mehr h\u00f6ren) ein, dass es nicht m\u00f6glich gewesen sei, den Radstreifen weiterzuf\u00fchren. Und (laut BZ) &#8222;Wer dennoch die Stra\u00dfe weiter nutze, m\u00fcsse die Vorfahrt der die Fahrbahn nutzenden Kraftfahrzeuge achten, denen der Fahrradfahrer untergeordnet sei, weil er auf die regul\u00e4re Fahrbahn einfahre.&#8220; Wie bitte ?<br \/>\n1. Habe ich als Radfahrer auf der &#8222;regul\u00e4ren Fahrbahn&#8220; tats\u00e4chlich weniger Rechte als der Autofahrer? Ich benutze sehr oft Stra\u00dfen ohne Fahrradwege und habe mich da immer als Verkehrsteilnehmer mit gleichen Rechten verstanden, auch wenn viele Autofahrer diese Rechte missachtet haben.<br \/>\n2. Mit seiner Argumentation schiebt das Garten- und Tiefbauamt die Verantwortung f\u00fcr den Unfall dem Radfahrer zu und rechtfertigt das Verhalten des Lkw-Fahrers. Warum konnte der Lkw-Fahrer nicht ein paar Meter hinter dem Fahrrad fahren, bis sich eine Gelegenheit zum \u00dcberholen ohne Gef\u00e4hrdung des Radfahrers ergeben hat? Und: wie h\u00e4tte sich denn der betroffene Radfahrer verhalten sollen? Dazu sagt das Amt nichts.<br \/>\n3. Warum hat man das Problem der Engstelle an dieser Stra\u00dfe wieder mal zu Lasten der Radfahrer gel\u00f6st? Man h\u00e4tte auch den Parkstreifen aufl\u00f6sen und den Radweg weiterf\u00fchren k\u00f6nnen.<br \/>\nAber nein: dann w\u00e4ren ja einige Parkpl\u00e4tze entlang Dreisam \u2013 und Schreiberstra\u00dfe weggefallen \u2013 offenbar nicht vorstellbar. Green City? Autostadt!<br \/>\n4.11.2019, Bernhard Merk, Freiburg, BZ<\/p>\n<p>&nbsp;<\/p>\n<p>.<\/p>\n<p><strong>Rad-Route besser als &#8222;Rad-Vorrang-Route<\/strong><br \/>\nAuf dem n\u00f6rdlich der Opfinger Stra\u00dfe gelegenen Teil des in dem Artikel genannten Radschnellweges \u2013 er hei\u00dft ja amtlich &#8222;Rad-Vorrang-Route 2&#8220; \u2013 sehe ich ein gravierenderes Problem als im Bereich Sichelstra\u00dfe liegen, n\u00e4mlich dort, wo diese Route auf die Badenweilerstra\u00dfe trifft. In dem dortigen Bereich stehen n\u00e4mlich gro\u00dfe Wohnbl\u00f6cke, vor denen auf beiden Seiten dicht an dicht Autos parken. Der dadurch entstehende Autoverkehr widerspricht dem Gedanken einer Rad-Vorrang-Route. Das Fahrrad hat dort keinen Vorrang. Auch da, wo diese Route die Lehener Stra\u00dfe quert, besteht f\u00fcr Radler kein Vorrang.<br \/>\nDer Name ist also nicht zutreffend! Besser w\u00e4re zum Beispiel einfach &#8222;Radroute&#8220;. Dies unterscheidet sich ja von Radweg und zeigt, dass es um die Strecke in eine bestimmte Richtung mit Sammelcharakter geht. Oder &#8222;Radweg plus&#8220;. Diese Bezeichnungen w\u00fcrden keinen Vorrang vorgaukeln.<br \/>\n25.10.2014, Walther Moser, Haid<\/p>\n<p><strong>Null Toleranz gegen\u00fcber zweiradbewehrten Kampfr\u00fcpeln<br \/>\n<\/strong>Den Ausf\u00fchrungen von Frau Ehrlenspiel kann man nur zustimmen. Was sich mittlerweile auf Freiburgs Wegen und Stegen abspielt, spottet jeder Beschreibung. Egal, ob Schwarzwald- oder Habsburgerstra\u00dfe, ruhige Nebenstra\u00dfen in Herdern, der Wiehre oder Oberau, \u00fcberall wird man als Fu\u00dfg\u00e4nger auf den Gehwegen von R\u00fcpelradlern jeglichen Geschlechts und Alters bel\u00e4stigt und gef\u00e4hrdet. Die Kr\u00f6nung bilden die den Fu\u00dfg\u00e4ngern vorbehaltenen Fu\u00dfwege am Dreisamufer. An sch\u00f6nen Tagen \u2013 insbesondere an Wochenenden \u2013 sind dort Massen von Radfahren zugange. Die Antworten, die man erh\u00e4lt, wenn man darauf hinweist, man m\u00f6ge doch die gegen\u00fcberliegende Fahrradstra\u00dfe (Hindenburgstra\u00dfe) ben\u00fctzen, erf\u00fcllen im Regelfall den strafrechtlichen Tatbestand der schweren Beleidigung. S\u00e4tze wie &#8222;Halt\u2019s Maul, Du Sack&#8220; geh\u00f6ren dabei noch zu den eher harmlosen Erwiderungen. Hier kommt das sonst gebetsm\u00fchlenhaft vorgetragene Argument vom &#8222;ach so b\u00f6sen Autofahrer&#8220; nicht mehr zum Tragen, hier handelt es sich nur noch um pure R\u00fccksichtslosigkeit.<br \/>\nSolange der Freiburger Radfahrer den politisch gewollten Status einer angeblichen <em>\u00f6kologischen Unfehlbarkeit<\/em>, vergleichbar den <em>heiligen K\u00fchen Indiens<\/em>, besitzt, ist wenig Abhilfe zu erwarten. Was Freiburg braucht, sind keine Schilder, die zur R\u00fccksicht mahnen, sondern null Toleranz gegen\u00fcber zweiradbewehrten Kampfr\u00fcpeln. Dem Stadts\u00e4ckel t\u00e4t\u2019s im \u00dcbrigen auch gut.<br \/>\nAxel J. Kopp, Freiburg , 18.6.2012<a href=\"https:\/\/www.freiburg-schwarzwald.de\/blog\/regio\/verkehr\/fahrradwege\/radschnellwege-fr1208\/\" rel=\"attachment wp-att-8912\"><img loading=\"lazy\" decoding=\"async\" class=\"size-thumbnail wp-image-8912\" title=\"radschnellwege-fr1208\" src=\"https:\/\/www.freiburg-schwarzwald.de\/blog\/wp-content\/uploads\/2012\/04\/radschnellwege-fr1208-180x127.jpg\" alt=\"\" width=\"180\" height=\"127\" srcset=\"https:\/\/www.freiburg-schwarzwald.de\/blog\/wp-content\/uploads\/2012\/04\/radschnellwege-fr1208-180x127.jpg 180w, https:\/\/www.freiburg-schwarzwald.de\/blog\/wp-content\/uploads\/2012\/04\/radschnellwege-fr1208-640x453.jpg 640w, https:\/\/www.freiburg-schwarzwald.de\/blog\/wp-content\/uploads\/2012\/04\/radschnellwege-fr1208.jpg 641w\" sizes=\"auto, (max-width: 180px) 100vw, 180px\" \/><\/a><\/p>\n","protected":false},"excerpt":{"rendered":"<p>Home &gt;Regio &gt;Verkehr &gt;Radfahren &gt;Fahrradwege Fahrradweg bei Einm\u00fcndung Gierbergweg: Fehlende Richtungsmarkierung (11.7.2023) Burkheim: D und F verbindet ein neuer Radweg \u00fcber den Rhein\u00a0(7.7.2023) Radschnellwege: Kappler Knoten nicht angebunden (19.4.2023) Landwirte zu Weihnachten\u00a0(21.12.2022) Die Radwegesituation von Kirchzarten nach Freiburg durch Ebnet &hellip; <a href=\"https:\/\/www.freiburg-schwarzwald.de\/blog\/regio\/verkehr\/fahrradwege\/\">Weiterlesen <span class=\"meta-nav\">&rarr;<\/span><\/a><\/p>\n","protected":false},"author":2,"featured_media":0,"parent":1296,"menu_order":0,"comment_status":"open","ping_status":"closed","template":"","meta":{"footnotes":""},"class_list":["post-1349","page","type-page","status-publish","hentry"],"_links":{"self":[{"href":"https:\/\/www.freiburg-schwarzwald.de\/blog\/wp-json\/wp\/v2\/pages\/1349","targetHints":{"allow":["GET"]}}],"collection":[{"href":"https:\/\/www.freiburg-schwarzwald.de\/blog\/wp-json\/wp\/v2\/pages"}],"about":[{"href":"https:\/\/www.freiburg-schwarzwald.de\/blog\/wp-json\/wp\/v2\/types\/page"}],"author":[{"embeddable":true,"href":"https:\/\/www.freiburg-schwarzwald.de\/blog\/wp-json\/wp\/v2\/users\/2"}],"replies":[{"embeddable":true,"href":"https:\/\/www.freiburg-schwarzwald.de\/blog\/wp-json\/wp\/v2\/comments?post=1349"}],"version-history":[{"count":5,"href":"https:\/\/www.freiburg-schwarzwald.de\/blog\/wp-json\/wp\/v2\/pages\/1349\/revisions"}],"predecessor-version":[{"id":114083,"href":"https:\/\/www.freiburg-schwarzwald.de\/blog\/wp-json\/wp\/v2\/pages\/1349\/revisions\/114083"}],"up":[{"embeddable":true,"href":"https:\/\/www.freiburg-schwarzwald.de\/blog\/wp-json\/wp\/v2\/pages\/1296"}],"wp:attachment":[{"href":"https:\/\/www.freiburg-schwarzwald.de\/blog\/wp-json\/wp\/v2\/media?parent=1349"}],"curies":[{"name":"wp","href":"https:\/\/api.w.org\/{rel}","templated":true}]}}