{"id":13485,"date":"2012-10-20T20:41:59","date_gmt":"2012-10-20T18:41:59","guid":{"rendered":"https:\/\/www.freiburg-schwarzwald.de\/blog\/?page_id=13485"},"modified":"2026-01-12T10:28:23","modified_gmt":"2026-01-12T09:28:23","slug":"titisee","status":"publish","type":"page","link":"https:\/\/www.freiburg-schwarzwald.de\/blog\/regio\/orte\/titisee\/","title":{"rendered":"Titisee"},"content":{"rendered":"<p>Home &gt;<a title=\"Regio\" href=\"https:\/\/www.freiburg-schwarzwald.de\/blog\/regio\/\">Regio<\/a> &gt;<a title=\"Orte\" href=\"https:\/\/www.freiburg-schwarzwald.de\/blog\/regio\/orte\/\">Orte<\/a> &gt;<a title=\"Neustadt\" href=\"https:\/\/www.freiburg-schwarzwald.de\/blog\/regio\/orte\/neustadt\/\">Neustadt<\/a> &gt;Titisee<\/p>\n<div id=\"attachment_13476\" style=\"width: 627px\" class=\"wp-caption alignnone\"><a href=\"https:\/\/www.freiburg-schwarzwald.de\/blog\/tourismus\/gastro\/jugendherberge\/veltishof\/titifeldhint\/\" rel=\"attachment wp-att-13476\"><img loading=\"lazy\" decoding=\"async\" aria-describedby=\"caption-attachment-13476\" class=\"size-full wp-image-13476\" title=\"titifeldhint\" src=\"https:\/\/www.freiburg-schwarzwald.de\/blog\/wp-content\/uploads\/2012\/10\/titifeldhint.jpg\" alt=\"\" width=\"617\" height=\"157\" srcset=\"https:\/\/www.freiburg-schwarzwald.de\/blog\/wp-content\/uploads\/2012\/10\/titifeldhint.jpg 617w, https:\/\/www.freiburg-schwarzwald.de\/blog\/wp-content\/uploads\/2012\/10\/titifeldhint-180x45.jpg 180w\" sizes=\"auto, (max-width: 617px) 100vw, 617px\" \/><\/a><p id=\"caption-attachment-13476\" class=\"wp-caption-text\">Blick vom Hochfirst von Nordost nach S\u00fcdwest: Titisee (vorne), Strasse nach B\u00e4rental\/Schluchsee (weisse Linie links), Feldberg (oben hinten), Bruderhalde\/Erlenbruck (Mitte), Hinterzarten (rechts hinten), H\u00f6llental (ganz rechts oben im Eck)<\/p><\/div>\n<ul>\n<li><em>Listenauswahl eines Beitrags (Artikel\/Datum, Seite\/Inhalt):\u00a0<span style=\"text-decoration: underline;\">Klicken<\/span>\u00a0oder scrollen<\/em><\/li>\n<li><a href=\"https:\/\/www.freiburg-schwarzwald.de\/blog\/natur\/tiere\/pferde\/schwarzwaelder-fuechse\/\">Das Schwarzw\u00e4lder Kaltblut ist ein Arbeitspferd mit Zukunft \u2013 Bartleshof Hinterzarten<\/a>\u00a0(12.1.2026)<\/li>\n<li>Vom Oberbeckenhof bei Titisee-Neustadt ist nur noch eine verkohlte Ruine \u00fcbrig (8.10.2023)<\/li>\n<li><a href=\"https:\/\/www.freiburg-schwarzwald.de\/blog\/hoellentalkaiserstuhlbahn-wozu\/\">H\u00f6llentalkaiserstuhlbahn \u2013 wozu?<\/a>\u00a0(7.11.2021)<\/li>\n<li><a href=\"https:\/\/www.freiburg-schwarzwald.de\/blog\/regio\/see\/\">18 Badeseen mit ausgezeichneter Wasserqualit\u00e4t in der Region Freiburg<\/a>\u00a0(5.6.2021)<\/li>\n<li><a href=\"https:\/\/www.freiburg-schwarzwald.de\/blog\/baden-nur-digital-statt-im-see\/\">Baden: Nur digital statt im See?<\/a> (23.4.2021)<\/li>\n<li><a title=\"OEPNV\" href=\"https:\/\/www.freiburg-schwarzwald.de\/blog\/regio\/verkehr\/oepnv\/\">Bereits 100.000 Euro Schaden durch Graffiti an neuen Breisgau-S-Bahn-Z\u00fcgen<\/a>\u00a0(29.1.2020)<\/li>\n<li><a title=\"Hoellentalbahn Fahrplan NoGo\" href=\"https:\/\/www.freiburg-schwarzwald.de\/blog\/hoellentalbahn-fahrplan-nogo\/\">Hoellentalbahn Fahrplan NoGo<\/a>\u00a0(18.12.2019)<\/li>\n<li><span class=\"ngBriefVs\">Gemeinsam gegen Windm\u00fchlen<\/span> (12.4.2015)<\/li>\n<li><a href=\"https:\/\/www.freiburg-schwarzwald.de\/titisee3.htm\">Aktuelle Infos zur Titisee-Seite ab 20.2.2009<\/a> &gt;Titisee3<\/li>\n<li><a href=\"https:\/\/www.freiburg-schwarzwald.de\/titisee2.htm\">Aktuelle Infos zur Titisee-Seite ab 7.1.2006<\/a> &gt;Titisee2<\/li>\n<li><a href=\"https:\/\/www.freiburg-schwarzwald.de\/titisee1.htm\">Aktuelle Infos zur Titisee-Seite ab 1999<\/a> &gt;Titisee1<\/li>\n<li><a href=\"https:\/\/www.freiburg-schwarzwald.de\/neustadt2.htm\">Aktuelle Infos zu Neustadt ab Juni 2007<\/a> &gt;Neustadt2<\/li>\n<li><a href=\"https:\/\/www.freiburg-schwarzwald.de\/neustadt1.htm\">Aktuelle Infos zu Neustadt ab 2006<\/a> &gt;Neustadt1<\/li>\n<li><a href=\"https:\/\/www.freiburg-schwarzwald.de\/neustadt.htm#Information zur Stadt Titisee-Neustadt\">Information zur Stadt Titisee-Neustadt<\/a> &gt;Neustadt<\/li>\n<li><\/li>\n<li><strong><a href=\"https:\/\/www.freiburg-schwarzwald.de\/titisee.htm\">www.freiburg-schwarzwald.de\/titisee.htm<\/a> &gt;Archivseite Titisee<\/strong><\/li>\n<li>Titisee &#8211; eine Ortschaft namens Viert\u00e4ler und ein See<\/li>\n<li><a href=\"https:\/\/www.freiburg-schwarzwald.de\/titisee.htm#Titisee-Fotos\">Titisee &#8211; Rund um den See<\/a><\/li>\n<li><a href=\"https:\/\/www.freiburg-schwarzwald.de\/titisee.htm#Titisee - Seestrasse, die Goldk\u00fcste\">Titisee &#8211; Seestrasse, die Goldk\u00fcste<\/a><\/li>\n<li><a href=\"https:\/\/www.freiburg-schwarzwald.de\/titisee.htm#Titisee - Boot fahren\">Titisee &#8211; Boot fahren<\/a><\/li>\n<li><a href=\"https:\/\/www.freiburg-schwarzwald.de\/titisee5.htm\">Bauernh\u00f6fe (Ferienwohnung, Hofladen, Brauchtum) in Titisee<\/a> &gt;Titisee5<\/li>\n<li><a href=\"https:\/\/www.freiburg-schwarzwald.de\/jostal5.htm\">Bauernh\u00f6fe (Ferienwohnung, Hofladen, Brauchtum) im Jostal<\/a> &gt;jostal.de\/jostal5<\/li>\n<li><a href=\"https:\/\/www.freiburg-schwarzwald.de\/stiftungen.htm#B\u00fcrgerstiftung Titisee-Neustadt\">B\u00fcrgerstiftung Titisee-Neustadt<\/a> &gt;Stiftungen<\/li>\n<li><a href=\"https:\/\/www.freiburg-schwarzwald.de\/badeparadies.htm\">Badeparadies zwischen Titsee und Neustadt<\/a> &gt;Badeparadies<\/li>\n<li>Camping Sandbank<\/li>\n<li><a title=\"Weiherhof\" href=\"https:\/\/www.freiburg-schwarzwald.de\/blog\/tourismus\/camping\/weiherhof\/\">Camping Weiherhof<\/a><\/li>\n<li><a href=\"https:\/\/www.freiburg-schwarzwald.de\/titisee.htm#Felsele Erlebniswald - B\u00fcrgerprojekt\">Felsele Erlebniswald &#8211; B\u00fcrgerprojekt<\/a> &gt;Titisee<\/li>\n<li><a href=\"https:\/\/www.freiburg-schwarzwald.de\/titiseefewo.htm\">Ferienwohnungen<\/a> &gt;TitiseeFewo<\/li>\n<li><a href=\"https:\/\/www.freiburg-schwarzwald.de\/neustadt1.htm#Gelbe Stadt - Neustadt\">Gelbe Stadt &#8211; Neustadt<\/a> &gt;Neustadt<\/li>\n<li><a href=\"https:\/\/www.freiburg-schwarzwald.de\/strassen.htm#Gr\u00fcne Strasse - Route Verte\">Gr\u00fcne Strasse vom Elsass zum Schwarzwald &#8211; Route Verte<\/a> &gt;Strassen<\/li>\n<li><a title=\"Heiligenbrunnen\" href=\"https:\/\/www.freiburg-schwarzwald.de\/blog\/regio\/orte\/hinterzarten\/heiligenbrunnen\/\">Heiligenbrunnen\u00a0<\/a><\/li>\n<li><a title=\"HeitzmannHelmut\" href=\"https:\/\/www.freiburg-schwarzwald.de\/blog\/regio\/heimat\/geschichte\/heitzmannhelmut\/\">Heitzmann Hemut &#8211; H\u00f6fechroniken<\/a><\/li>\n<li><a href=\"https:\/\/www.freiburg-schwarzwald.de\/hochfirst.htm\">Hochfirst mit Aussichtsturm und Berggasthaus<\/a> &gt;Hochfirst<\/li>\n<li><a href=\"https:\/\/www.freiburg-schwarzwald.de\/hochschwarzwald.htm#Hochschwarzwald Tourismus GmbH in Hinterzarten\">Hochschwarzwald Tourismus GmbH in Hinterzarten<\/a> &gt;Hochschwarzwald<\/li>\n<li><a href=\"https:\/\/www.freiburg-schwarzwald.de\/jostal1.htm#H\u00f6fechronik Titisee (Viert\u00e4ler)\">H\u00f6fechronik Titisee (Viert\u00e4ler)<\/a><\/li>\n<li><a title=\"Jostal\" href=\"https:\/\/www.freiburg-schwarzwald.de\/blog\/regio\/tal\/jostal\/\">Jostal<\/a><\/li>\n<li><a title=\"Veltishof\" href=\"https:\/\/www.freiburg-schwarzwald.de\/blog\/tourismus\/gastro\/jugendherberge\/veltishof\/\">Jugendherberge Veltishof<\/a><\/li>\n<li><a href=\"https:\/\/www.freiburg-schwarzwald.de\/neustadt.htm\">Neustadt<\/a> &gt;Neustadt<\/li>\n<li><a title=\"Schwaerzenbach\" href=\"https:\/\/www.freiburg-schwarzwald.de\/blog\/regio\/orte\/titisee\/schwaerzenbach\/\">Ortsteil Schw\u00e4rzenbach<\/a> &gt;Schwaerzenbach<\/li>\n<li><a href=\"https:\/\/www.freiburg-schwarzwald.de\/seebachtal.htm\">Seebachtal zwischen Feldberg und Titisee<\/a> &gt;Seebachtal<\/li>\n<li><a title=\"Langenordnach\" href=\"https:\/\/www.freiburg-schwarzwald.de\/blog\/regio\/orte\/titisee\/langenordnach\/\">Ortsteil Langenordnach<\/a> &gt;Langenordnach<\/li>\n<li><a title=\"Waldau\" href=\"https:\/\/www.freiburg-schwarzwald.de\/blog\/regio\/orte\/titisee\/waldau\/\">Ortsteil Waldau<\/a> &gt;Waldau<\/li>\n<li><a href=\"https:\/\/www.freiburg-schwarzwald.de\/e-bike.htm#Seenradweg: Schluchsee - Windgf\u00e4llweiher - Feldsee - Titisee - Schluchsee\">Seenradweg: Schluchsee &#8211; Windgf\u00e4llweiher &#8211; Feldsee &#8211; Titisee &#8211; Schluchsee<\/a> &gt;E-Bike<\/li>\n<li><a href=\"https:\/\/www.freiburg-schwarzwald.de\/see.htm#Titisee\">Titisee &#8211; Ansichten des sch\u00f6nsten Schwarzwaldsees<\/a> &gt;See<\/li>\n<li><a href=\"https:\/\/www.freiburg-schwarzwald.de\/titisee-camping.htm\">Titisee &#8211; Camping<\/a> &gt;Titisee-Camping<\/li>\n<li><a href=\"https:\/\/www.freiburg-schwarzwald.de\/titisee-winter.htm#Anfang Januar 2009: 25 cm starkes Eis auf dem Titisee tr\u00e4gt\">Titisee &#8211; Eis auf dem Titisee tr\u00e4gt<\/a> &gt;Titisee-Winter<\/li>\n<li><a href=\"https:\/\/www.freiburg-schwarzwald.de\/golfclubs.htm#Titisee-Neustadt - Golfclub Hochschwarzwald\">Titisee &#8211; Golfen<\/a> &gt;Golfclubs<\/li>\n<li><a href=\"https:\/\/www.freiburg-schwarzwald.de\/titisee-hotel.htm\">Titisee &#8211; Hotels und Gasth\u00f6fe<\/a> &gt;Titisee-Hotel<\/li>\n<li><a href=\"https:\/\/www.freiburg-schwarzwald.de\/titisee.htm#Traurig am Titisee - Fu\u00df-\/Radweg nur an S\u00fcdostseite des Seeufers\">Titisee &#8211; Traurig: Fu\u00df-\/Radweg nur der an S\u00fcdostseite des Seeufers<\/a> &gt;Titisee (28.8.2011)<\/li>\n<li><a href=\"https:\/\/www.freiburg-schwarzwald.de\/waldau.htm#Waldau\/Langenordnach - Schneeberglifte\">Titisee &#8211; Waldau\/Langenordnach &#8211; Schneebergskilifte<\/a> &gt;Waldau<\/li>\n<li><a href=\"https:\/\/www.freiburg-schwarzwald.de\/neustadt.htm#Titisee-Neustadt - Coulommiers\">Titisee &#8211; Partnerschaft Coulommiers<\/a> &gt;Neustadt<\/li>\n<li><a href=\"https:\/\/www.freiburg-schwarzwald.de\/windgfaellweiher.htm\">Windgf\u00e4llweiher zwischen Schluchsee und Titisee<\/a> &gt;Windgfaellweiher<\/li>\n<li><a title=\"Jostal\" href=\"https:\/\/www.freiburg-schwarzwald.de\/blog\/regio\/tal\/jostal\/\">Titisee-Jostal<\/a> &gt;Jostal<\/li>\n<li><a href=\"https:\/\/www.freiburg-schwarzwald.de\/titisee.htm#Links\">Links<\/a><\/li>\n<li><a title=\"Schluchsee\" href=\"https:\/\/www.freiburg-schwarzwald.de\/blog\/regio\/orte\/schluchsee\/\">Schluchsee<\/a><\/li>\n<\/ul>\n<p>&nbsp;<\/p>\n<div id=\"attachment_35858\" style=\"width: 650px\" class=\"wp-caption alignnone\"><a href=\"https:\/\/www.freiburg-schwarzwald.de\/blog\/regio\/orte\/titisee\/titisee34bruderhalde-pan130805\/\" rel=\"attachment wp-att-35858\"><img loading=\"lazy\" decoding=\"async\" aria-describedby=\"caption-attachment-35858\" class=\"size-full wp-image-35858\" title=\"titisee34bruderhalde-pan130805\" src=\"https:\/\/www.freiburg-schwarzwald.de\/blog\/wp-content\/uploads\/2012\/10\/titisee34bruderhalde-pan130805.jpg\" alt=\"\" width=\"640\" height=\"227\" srcset=\"https:\/\/www.freiburg-schwarzwald.de\/blog\/wp-content\/uploads\/2012\/10\/titisee34bruderhalde-pan130805.jpg 640w, https:\/\/www.freiburg-schwarzwald.de\/blog\/wp-content\/uploads\/2012\/10\/titisee34bruderhalde-pan130805-180x63.jpg 180w\" sizes=\"auto, (max-width: 640px) 100vw, 640px\" \/><\/a><p id=\"caption-attachment-35858\" class=\"wp-caption-text\">Blick nach Nordwesten \u00fcber den Titisee zur Bruderhalde (Gemarkung Hinterzarten) am 5.8.2013<\/p><\/div>\n<p>&nbsp;<\/p>\n<p>&nbsp;<\/p>\n<p><strong>Titisee &#8211; eine Ortschaft namens Viert\u00e4ler und ein See<\/strong><\/p>\n<p>Titisee ist seit 1972 Teil der Stadt <a href=\"https:\/\/www.freiburg-schwarzwald.de\/neustadt.htm\">Titisee-Neustadt<\/a>.<br \/>\nDer Ort Titisee setzt sich aus vier Ortsteilen bzw. T\u00e4lern zusammen: Altenweg, Spriegelsbach, Schildwende und <a title=\"Jostal\" href=\"https:\/\/www.freiburg-schwarzwald.de\/blog\/regio\/tal\/jostal\/\">Jostal<\/a>. Aus diesem Grunde trug die Gemeinde Titisee bis 1929 den Namen Vierth\u00e4ler bzw. Viert\u00e4ler.\u00a0Heute verbindet man Titisee zumeist mit dem See und dem angrenzenden Ortskern.<\/p>\n<p>Titisee lebt vom Tourismus und von der Landwirtschaft. Es gibt Tage, da kommen \u00fcber\u00a0 20.000 Besucher\u00a0 an den See &#8211; um den Blick auf den Titisee zu genie\u00dfen oder um sich an der &#8222;Goldk\u00fcste&#8220; zu dr\u00e4ngeln &#8211; so wird die Flaniermeile von Titisee von ihren Einwohnern genannt, die Seestra\u00dfe.<\/p>\n<p align=\"left\">Laut statistischem Landesamt Baden-W\u00fcrttemberg ist der heilklimatische Kurort Titisee der\u00a0 &#8222;Ferienplatz mit dem h\u00f6chsten Freizeitwert&#8220; in Baden-W\u00fcrttemberg. \u00dcber\u00a0 600.000 \u00dcbernachtungen belegen, dass Titisee stark frequentiert wird. Der Ort liegt am n\u00f6rdlichen Ecke des Titisee, den man den sch\u00f6nsten Natursee des Schwarzwaldes nennt. Auf dem See sind nur Boote ohne oder mit Elektromotor\u00a0erlaubt. An der s\u00fcdlichen Ecke des Titisees finden Sie die vier Campingpl\u00e4tze.<\/p>\n<p align=\"left\"><a href=\"https:\/\/www.freiburg-schwarzwald.de\/blog\/regio\/orte\/titisee\/titisee9nordost130805\/\" rel=\"attachment wp-att-35859\"><img loading=\"lazy\" decoding=\"async\" class=\"alignnone size-thumbnail wp-image-35859\" title=\"titisee9nordost130805\" src=\"https:\/\/www.freiburg-schwarzwald.de\/blog\/wp-content\/uploads\/2012\/10\/titisee9nordost130805-180x135.jpg\" alt=\"\" width=\"180\" height=\"135\" srcset=\"https:\/\/www.freiburg-schwarzwald.de\/blog\/wp-content\/uploads\/2012\/10\/titisee9nordost130805-180x135.jpg 180w, https:\/\/www.freiburg-schwarzwald.de\/blog\/wp-content\/uploads\/2012\/10\/titisee9nordost130805-640x480.jpg 640w, https:\/\/www.freiburg-schwarzwald.de\/blog\/wp-content\/uploads\/2012\/10\/titisee9nordost130805.jpg 1000w\" sizes=\"auto, (max-width: 180px) 100vw, 180px\" \/><\/a>\u00a0\u00a0\u00a0\u00a0\u00a0\u00a0\u00a0\u00a0 <a href=\"https:\/\/www.freiburg-schwarzwald.de\/blog\/regio\/orte\/titisee\/titisee34bruderhalde130805-2\/\" rel=\"attachment wp-att-35870\"><img loading=\"lazy\" decoding=\"async\" class=\"alignnone size-thumbnail wp-image-35870\" src=\"https:\/\/www.freiburg-schwarzwald.de\/blog\/wp-content\/uploads\/2012\/10\/titisee34bruderhalde130805-180x135.jpg\" alt=\"titisee34bruderhalde130805\" width=\"180\" height=\"135\" srcset=\"https:\/\/www.freiburg-schwarzwald.de\/blog\/wp-content\/uploads\/2012\/10\/titisee34bruderhalde130805-180x135.jpg 180w, https:\/\/www.freiburg-schwarzwald.de\/blog\/wp-content\/uploads\/2012\/10\/titisee34bruderhalde130805-640x480.jpg 640w, https:\/\/www.freiburg-schwarzwald.de\/blog\/wp-content\/uploads\/2012\/10\/titisee34bruderhalde130805.jpg 1000w\" sizes=\"auto, (max-width: 180px) 100vw, 180px\" \/><\/a><br \/>\n(1) Blick nach Norden 5.8.2013\u00a0\u00a0\u00a0\u00a0\u00a0\u00a0\u00a0\u00a0\u00a0\u00a0\u00a0\u00a0\u00a0 (2) Bruderhalde<\/p>\n<p align=\"left\"><a href=\"https:\/\/www.freiburg-schwarzwald.de\/blog\/regio\/orte\/titisee\/titisee12ufer-nordwest130805\/\" rel=\"attachment wp-att-35860\"><img loading=\"lazy\" decoding=\"async\" class=\"alignnone size-thumbnail wp-image-35860\" title=\"titisee12ufer-nordwest130805\" src=\"https:\/\/www.freiburg-schwarzwald.de\/blog\/wp-content\/uploads\/2012\/10\/titisee12ufer-nordwest130805-180x135.jpg\" alt=\"\" width=\"180\" height=\"135\" srcset=\"https:\/\/www.freiburg-schwarzwald.de\/blog\/wp-content\/uploads\/2012\/10\/titisee12ufer-nordwest130805-180x135.jpg 180w, https:\/\/www.freiburg-schwarzwald.de\/blog\/wp-content\/uploads\/2012\/10\/titisee12ufer-nordwest130805.jpg 640w\" sizes=\"auto, (max-width: 180px) 100vw, 180px\" \/><\/a>\u00a0\u00a0\u00a0\u00a0\u00a0\u00a0\u00a0\u00a0\u00a0 <a href=\"https:\/\/www.freiburg-schwarzwald.de\/blog\/regio\/orte\/titisee\/titisee2alemannenhof130805\/\" rel=\"attachment wp-att-35861\"><img loading=\"lazy\" decoding=\"async\" class=\"alignnone size-thumbnail wp-image-35861\" title=\"titisee2alemannenhof130805\" src=\"https:\/\/www.freiburg-schwarzwald.de\/blog\/wp-content\/uploads\/2012\/10\/titisee2alemannenhof130805-180x135.jpg\" alt=\"\" width=\"180\" height=\"135\" srcset=\"https:\/\/www.freiburg-schwarzwald.de\/blog\/wp-content\/uploads\/2012\/10\/titisee2alemannenhof130805-180x135.jpg 180w, https:\/\/www.freiburg-schwarzwald.de\/blog\/wp-content\/uploads\/2012\/10\/titisee2alemannenhof130805.jpg 640w\" sizes=\"auto, (max-width: 180px) 100vw, 180px\" \/><\/a>\u00a0\u00a0\u00a0\u00a0\u00a0\u00a0\u00a0\u00a0\u00a0 <a href=\"https:\/\/www.freiburg-schwarzwald.de\/blog\/regio\/orte\/titisee\/titisee3alemannenhof130805\/\" rel=\"attachment wp-att-35862\"><img loading=\"lazy\" decoding=\"async\" class=\"alignnone size-thumbnail wp-image-35862\" title=\"titisee3alemannenhof130805\" src=\"https:\/\/www.freiburg-schwarzwald.de\/blog\/wp-content\/uploads\/2012\/10\/titisee3alemannenhof130805-180x135.jpg\" alt=\"\" width=\"180\" height=\"135\" srcset=\"https:\/\/www.freiburg-schwarzwald.de\/blog\/wp-content\/uploads\/2012\/10\/titisee3alemannenhof130805-180x135.jpg 180w, https:\/\/www.freiburg-schwarzwald.de\/blog\/wp-content\/uploads\/2012\/10\/titisee3alemannenhof130805.jpg 640w\" sizes=\"auto, (max-width: 180px) 100vw, 180px\" \/><\/a><br \/>\n(4) Ufer vor Alemannenhof\u00a0\u00a0\u00a0\u00a0\u00a0\u00a0\u00a0\u00a0\u00a0\u00a0\u00a0\u00a0\u00a0\u00a0\u00a0\u00a0\u00a0\u00a0\u00a0\u00a0\u00a0\u00a0\u00a0\u00a0\u00a0\u00a0 (5) Anlege Alemannenhof<\/p>\n<p align=\"left\"><a href=\"https:\/\/www.freiburg-schwarzwald.de\/blog\/regio\/orte\/titisee\/titisee4anlegestelle130805\/\" rel=\"attachment wp-att-35863\"><img loading=\"lazy\" decoding=\"async\" class=\"alignnone size-thumbnail wp-image-35863\" title=\"titisee4anlegestelle130805\" src=\"https:\/\/www.freiburg-schwarzwald.de\/blog\/wp-content\/uploads\/2012\/10\/titisee4anlegestelle130805-180x135.jpg\" alt=\"\" width=\"180\" height=\"135\" srcset=\"https:\/\/www.freiburg-schwarzwald.de\/blog\/wp-content\/uploads\/2012\/10\/titisee4anlegestelle130805-180x135.jpg 180w, https:\/\/www.freiburg-schwarzwald.de\/blog\/wp-content\/uploads\/2012\/10\/titisee4anlegestelle130805.jpg 640w\" sizes=\"auto, (max-width: 180px) 100vw, 180px\" \/><\/a>\u00a0\u00a0\u00a0\u00a0\u00a0\u00a0\u00a0\u00a0\u00a0 <a href=\"https:\/\/www.freiburg-schwarzwald.de\/blog\/regio\/orte\/titisee\/titisee5motorboot130805\/\" rel=\"attachment wp-att-35864\"><img loading=\"lazy\" decoding=\"async\" class=\"alignnone size-thumbnail wp-image-35864\" title=\"titisee5motorboot130805\" src=\"https:\/\/www.freiburg-schwarzwald.de\/blog\/wp-content\/uploads\/2012\/10\/titisee5motorboot130805-180x135.jpg\" alt=\"\" width=\"180\" height=\"135\" srcset=\"https:\/\/www.freiburg-schwarzwald.de\/blog\/wp-content\/uploads\/2012\/10\/titisee5motorboot130805-180x135.jpg 180w, https:\/\/www.freiburg-schwarzwald.de\/blog\/wp-content\/uploads\/2012\/10\/titisee5motorboot130805-640x480.jpg 640w, https:\/\/www.freiburg-schwarzwald.de\/blog\/wp-content\/uploads\/2012\/10\/titisee5motorboot130805.jpg 1000w\" sizes=\"auto, (max-width: 180px) 100vw, 180px\" \/><\/a>\u00a0\u00a0\u00a0\u00a0\u00a0\u00a0\u00a0\u00a0\u00a0 <a href=\"https:\/\/www.freiburg-schwarzwald.de\/blog\/regio\/orte\/titisee\/titisee6ufer-rodung130805\/\" rel=\"attachment wp-att-35865\"><img loading=\"lazy\" decoding=\"async\" class=\"alignnone size-thumbnail wp-image-35865\" title=\"titisee6ufer-rodung130805\" src=\"https:\/\/www.freiburg-schwarzwald.de\/blog\/wp-content\/uploads\/2012\/10\/titisee6ufer-rodung130805-180x135.jpg\" alt=\"\" width=\"180\" height=\"135\" srcset=\"https:\/\/www.freiburg-schwarzwald.de\/blog\/wp-content\/uploads\/2012\/10\/titisee6ufer-rodung130805-180x135.jpg 180w, https:\/\/www.freiburg-schwarzwald.de\/blog\/wp-content\/uploads\/2012\/10\/titisee6ufer-rodung130805.jpg 640w\" sizes=\"auto, (max-width: 180px) 100vw, 180px\" \/><\/a><br \/>\n(7)<\/p>\n<p align=\"left\"><a href=\"https:\/\/www.freiburg-schwarzwald.de\/blog\/regio\/orte\/titisee\/titisee7haus-am-ufer130805\/\" rel=\"attachment wp-att-35866\"><img loading=\"lazy\" decoding=\"async\" class=\"alignnone size-thumbnail wp-image-35866\" title=\"titisee7haus-am-ufer130805\" src=\"https:\/\/www.freiburg-schwarzwald.de\/blog\/wp-content\/uploads\/2012\/10\/titisee7haus-am-ufer130805-180x135.jpg\" alt=\"\" width=\"180\" height=\"135\" srcset=\"https:\/\/www.freiburg-schwarzwald.de\/blog\/wp-content\/uploads\/2012\/10\/titisee7haus-am-ufer130805-180x135.jpg 180w, https:\/\/www.freiburg-schwarzwald.de\/blog\/wp-content\/uploads\/2012\/10\/titisee7haus-am-ufer130805.jpg 640w\" sizes=\"auto, (max-width: 180px) 100vw, 180px\" \/><\/a>\u00a0\u00a0\u00a0\u00a0\u00a0\u00a0\u00a0\u00a0\u00a0 <a href=\"https:\/\/www.freiburg-schwarzwald.de\/blog\/regio\/orte\/titisee\/titisee8haus-am-ufer130805\/\" rel=\"attachment wp-att-35867\"><img loading=\"lazy\" decoding=\"async\" class=\"alignnone size-thumbnail wp-image-35867\" title=\"titisee8haus-am-ufer130805\" src=\"https:\/\/www.freiburg-schwarzwald.de\/blog\/wp-content\/uploads\/2012\/10\/titisee8haus-am-ufer130805-180x135.jpg\" alt=\"\" width=\"180\" height=\"135\" srcset=\"https:\/\/www.freiburg-schwarzwald.de\/blog\/wp-content\/uploads\/2012\/10\/titisee8haus-am-ufer130805-180x135.jpg 180w, https:\/\/www.freiburg-schwarzwald.de\/blog\/wp-content\/uploads\/2012\/10\/titisee8haus-am-ufer130805.jpg 640w\" sizes=\"auto, (max-width: 180px) 100vw, 180px\" \/><\/a>\u00a0\u00a0\u00a0\u00a0\u00a0\u00a0\u00a0\u00a0\u00a0\u00a0 <a href=\"https:\/\/www.freiburg-schwarzwald.de\/blog\/regio\/orte\/titisee\/titisee10hotel130805\/\" rel=\"attachment wp-att-35868\"><img loading=\"lazy\" decoding=\"async\" class=\"alignnone size-thumbnail wp-image-35868\" title=\"titisee10hotel130805\" src=\"https:\/\/www.freiburg-schwarzwald.de\/blog\/wp-content\/uploads\/2012\/10\/titisee10hotel130805-135x180.jpg\" alt=\"\" width=\"135\" height=\"180\" srcset=\"https:\/\/www.freiburg-schwarzwald.de\/blog\/wp-content\/uploads\/2012\/10\/titisee10hotel130805-135x180.jpg 135w, https:\/\/www.freiburg-schwarzwald.de\/blog\/wp-content\/uploads\/2012\/10\/titisee10hotel130805.jpg 480w\" sizes=\"auto, (max-width: 135px) 100vw, 135px\" \/><\/a><br \/>\n(10)<\/p>\n<p align=\"left\"><a href=\"https:\/\/www.freiburg-schwarzwald.de\/blog\/regio\/orte\/titisee\/titisee11hotel130805\/\" rel=\"attachment wp-att-35869\"><img loading=\"lazy\" decoding=\"async\" class=\"alignnone size-thumbnail wp-image-35869\" title=\"titisee11hotel130805\" src=\"https:\/\/www.freiburg-schwarzwald.de\/blog\/wp-content\/uploads\/2012\/10\/titisee11hotel130805-180x135.jpg\" alt=\"\" width=\"180\" height=\"135\" srcset=\"https:\/\/www.freiburg-schwarzwald.de\/blog\/wp-content\/uploads\/2012\/10\/titisee11hotel130805-180x135.jpg 180w, https:\/\/www.freiburg-schwarzwald.de\/blog\/wp-content\/uploads\/2012\/10\/titisee11hotel130805-640x480.jpg 640w, https:\/\/www.freiburg-schwarzwald.de\/blog\/wp-content\/uploads\/2012\/10\/titisee11hotel130805.jpg 1000w\" sizes=\"auto, (max-width: 180px) 100vw, 180px\" \/><\/a>\u00a0\u00a0\u00a0\u00a0\u00a0\u00a0\u00a0\u00a0\u00a0\u00a0\u00a0<a href=\"https:\/\/www.freiburg-schwarzwald.de\/blog\/regio\/orte\/titisee\/titisee35bankenhof-camping130805\/\" rel=\"attachment wp-att-35871\"><img loading=\"lazy\" decoding=\"async\" class=\"alignnone size-thumbnail wp-image-35871\" title=\"titisee35bankenhof-camping130805\" src=\"https:\/\/www.freiburg-schwarzwald.de\/blog\/wp-content\/uploads\/2012\/10\/titisee35bankenhof-camping130805-180x135.jpg\" alt=\"\" width=\"180\" height=\"135\" srcset=\"https:\/\/www.freiburg-schwarzwald.de\/blog\/wp-content\/uploads\/2012\/10\/titisee35bankenhof-camping130805-180x135.jpg 180w, https:\/\/www.freiburg-schwarzwald.de\/blog\/wp-content\/uploads\/2012\/10\/titisee35bankenhof-camping130805.jpg 640w\" sizes=\"auto, (max-width: 180px) 100vw, 180px\" \/><\/a><br \/>\n(13) Titisee-Ort am 5.8.2013\u00a0\u00a0\u00a0\u00a0\u00a0\u00a0\u00a0\u00a0\u00a0\u00a0\u00a0\u00a0\u00a0\u00a0\u00a0\u00a0\u00a0\u00a0\u00a0 (14) Camping Bankenhof<\/p>\n<p align=\"left\">========================================================<br \/>\n.<\/p>\n<p align=\"left\"><strong> Vom Oberbeckenhof bei Titisee-Neustadt ist nur noch eine verkohlte Ruine \u00fcbrig<\/strong><br \/>\nDer Oberbeckenhof bei Titisee-Neustadt ist am Samstag abgebrannt. Ein 87-J\u00e4hriger zog sich eine Rauchgasvergiftung zu. Wo bisher das Hofgeb\u00e4ude stand, ragen nun schwarze Balken in den Himmel.<br \/>\n&#8230; Alles vom 8.10.2023 bitte lesen auf<br \/>\n<a href=\"https:\/\/www.badische-zeitung.de\/vom-oberbeckenhof-bei-titisee-neustadt-ist-nur-noch-eine-verkohlte-ruine-uebrig\">https:\/\/www.badische-zeitung.de\/vom-oberbeckenhof-bei-titisee-neustadt-ist-nur-noch-eine-verkohlte-ruine-uebrig<\/a><\/p>\n<p align=\"left\"><a href=\"https:\/\/www.freiburg-schwarzwald.de\/blog\/wp-content\/uploads\/2023\/10\/oberbeckenhof-brand231007.jpg\"><img loading=\"lazy\" decoding=\"async\" class=\"alignnone size-thumbnail wp-image-116059\" src=\"https:\/\/www.freiburg-schwarzwald.de\/blog\/wp-content\/uploads\/2023\/10\/oberbeckenhof-brand231007-180x120.jpg\" alt=\"\" width=\"180\" height=\"120\" srcset=\"https:\/\/www.freiburg-schwarzwald.de\/blog\/wp-content\/uploads\/2023\/10\/oberbeckenhof-brand231007-180x120.jpg 180w, https:\/\/www.freiburg-schwarzwald.de\/blog\/wp-content\/uploads\/2023\/10\/oberbeckenhof-brand231007-640x427.jpg 640w, https:\/\/www.freiburg-schwarzwald.de\/blog\/wp-content\/uploads\/2023\/10\/oberbeckenhof-brand231007-768x513.jpg 768w, https:\/\/www.freiburg-schwarzwald.de\/blog\/wp-content\/uploads\/2023\/10\/oberbeckenhof-brand231007.jpg 800w\" sizes=\"auto, (max-width: 180px) 100vw, 180px\" \/><\/a><br \/>\n.<br \/>\nMehr zum Oberbeckenhof:<br \/>\n<a href=\"https:\/\/freiburg-schwarzwald.de\/altenweg5.htm#Oberbeckenhof%20in%20Oberaltenweg\">https:\/\/freiburg-schwarzwald.de\/altenweg5.htm#Oberbeckenhof%20in%20Oberaltenweg<\/a><\/p>\n<p align=\"left\">.<\/p>\n<p align=\"left\"><strong><span class=\"ngBriefVs\">Gemeinsam gegen Windm\u00fchlen<\/span><\/strong><br \/>\nWir begr\u00fc\u00dfen das Engagement der B\u00fcrgerinitiative gegen Windkraftanlagen auf der Gemarkung Titisee-Neustadt und hoffen auf rege Beteiligung aus der B\u00fcrgerschaft. Es ist bis heute nicht hinreichend verst\u00e4ndlich gemacht worden, weshalb es im gesamten Hochschwarzwald nur auf unserer Gemarkung geeignete Fl\u00e4chen geben soll. Die Auswirkungen auf das Stadtbild der einwohnerreichsten Gemeinde der Region sind nicht akzeptabel. Wir sind auch der Auffassung, dass die \u00d6ffentlichkeit gr\u00f6\u00dfere Klarheit \u00fcber die Position des Gemeinderates und der Verwaltung haben sollte. Ein Grimmen zu den Entwurfsvorgaben scheint uns zu wenig zu sein.<br \/>\nLaut Erhebung der Schwarzwald Tourismus GmbH stehen bei den G\u00e4sten die Landschaft und ihre optisch uneingeschr\u00e4nkte Sch\u00f6nheit an erster Stelle. Eine breit angelegte Untersuchung der Forschungsgemeinschaft Urlaub und Reisen (Reiseanalyse) hat ergeben, dass die Befragten als ihre wichtigsten Motive f\u00fcr einen Schwarzwaldurlaub mit 93 Prozent das Motiv der sch\u00f6nen Landschaft benannt haben; weit dahinter liegt die zumutbare Erreichbarkeit mit 68 Prozent. Des Weiteren wurde ermittelt, dass die Beeintr\u00e4chtigung der Hochschwarzwaldlandschaft durch Windkraftanlagen zu einem R\u00fcckgang im Tourismus von 25 bis 30 Prozent f\u00fchren w\u00fcrde. Dies h\u00e4tte einen \u00dcbernachtungsverlust von 900 000 Einheiten, einen Arbeitsplatzverlust von circa 5400 Stellen und einen Bruttoumsatzverlust von 250 Millionen Euro zur Folge; letzterer ergibt sich daraus, dass ein \u00dcbernachtungsgast im Durchschnitt 195 und ein Tagesgast 28 Euro pro Tag im Durchschnitt ausgibt; letzterer liegt in Titisee mit dem hohen Tagesgastaufkommen sicher ungleich h\u00f6her.<br \/>\nF\u00fcr Titisee-Neustadt h\u00e4tte eine solche Entwicklung fatale Folgen. Denn die von der Hochschwarzwald Tourismus GmbH f\u00fcr Titisee-Neustadt errechneten \u00dcbernachtungszahlen von circa 540 000 w\u00fcrden sich um ein Erhebliches verringern, so dass es im wirtschaftlich monostrukturierten heilklimatischen Kurort Titisee und in den \u2013 zum Teil ebenfalls pr\u00e4dikatisierten \u2013 Hocht\u00e4lern mit der hohen Empfindlichkeit ihrer Landschaft zu starken wirtschaftlichen Einbr\u00fcchen k\u00e4me. Nicht zuletzt w\u00fcrden die vom Tourismus abh\u00e4ngigen Wirtschaftsbereiche wie Handel, Handwerk und Gewerbe vor allem in Neustadt gro\u00dfen Schaden nehmen.<br \/>\nAuch im Hinblick auf die f\u00fcr die Natur und Umwelt, nicht zuletzt auch die f\u00fcr den Menschen von Windkraftr\u00e4dern mit einer Nabenh\u00f6he von mehr als 200 Metern (das Ulmer M\u00fcnster ist 161 Meter hoch!) zu bef\u00fcrchtenden Gefahren und Beeintr\u00e4chtigungen (Lebensqualit\u00e4t), sprechen wir uns mit Nachdruck gegen die geplante Ausweisung von Windkraftstandorten auf der Fehrn, dem Glasberg und dem Winterberg aus.<br \/>\n<span class=\"ngBriefAutor\">12.4.2015, Martin Lindler, B\u00fcrgermeister a. D., Hermann Jan\u00dfen, Kurdirektor a. D., Titisee-Neustadt<\/span><\/p>\n","protected":false},"excerpt":{"rendered":"<p>Home &gt;Regio &gt;Orte &gt;Neustadt &gt;Titisee Listenauswahl eines Beitrags (Artikel\/Datum, Seite\/Inhalt):\u00a0Klicken\u00a0oder scrollen Das Schwarzw\u00e4lder Kaltblut ist ein Arbeitspferd mit Zukunft \u2013 Bartleshof Hinterzarten\u00a0(12.1.2026) Vom Oberbeckenhof bei Titisee-Neustadt ist nur noch eine verkohlte Ruine \u00fcbrig (8.10.2023) H\u00f6llentalkaiserstuhlbahn \u2013 wozu?\u00a0(7.11.2021) 18 Badeseen mit &hellip; <a href=\"https:\/\/www.freiburg-schwarzwald.de\/blog\/regio\/orte\/titisee\/\">Weiterlesen <span class=\"meta-nav\">&rarr;<\/span><\/a><\/p>\n","protected":false},"author":4,"featured_media":0,"parent":363,"menu_order":0,"comment_status":"open","ping_status":"closed","template":"","meta":{"footnotes":""},"class_list":["post-13485","page","type-page","status-publish","hentry"],"_links":{"self":[{"href":"https:\/\/www.freiburg-schwarzwald.de\/blog\/wp-json\/wp\/v2\/pages\/13485","targetHints":{"allow":["GET"]}}],"collection":[{"href":"https:\/\/www.freiburg-schwarzwald.de\/blog\/wp-json\/wp\/v2\/pages"}],"about":[{"href":"https:\/\/www.freiburg-schwarzwald.de\/blog\/wp-json\/wp\/v2\/types\/page"}],"author":[{"embeddable":true,"href":"https:\/\/www.freiburg-schwarzwald.de\/blog\/wp-json\/wp\/v2\/users\/4"}],"replies":[{"embeddable":true,"href":"https:\/\/www.freiburg-schwarzwald.de\/blog\/wp-json\/wp\/v2\/comments?post=13485"}],"version-history":[{"count":5,"href":"https:\/\/www.freiburg-schwarzwald.de\/blog\/wp-json\/wp\/v2\/pages\/13485\/revisions"}],"predecessor-version":[{"id":144039,"href":"https:\/\/www.freiburg-schwarzwald.de\/blog\/wp-json\/wp\/v2\/pages\/13485\/revisions\/144039"}],"up":[{"embeddable":true,"href":"https:\/\/www.freiburg-schwarzwald.de\/blog\/wp-json\/wp\/v2\/pages\/363"}],"wp:attachment":[{"href":"https:\/\/www.freiburg-schwarzwald.de\/blog\/wp-json\/wp\/v2\/media?parent=13485"}],"curies":[{"name":"wp","href":"https:\/\/api.w.org\/{rel}","templated":true}]}}