{"id":134688,"date":"2025-06-01T22:09:51","date_gmt":"2025-06-01T20:09:51","guid":{"rendered":"https:\/\/www.freiburg-schwarzwald.de\/blog\/?page_id=134688"},"modified":"2026-03-02T12:36:15","modified_gmt":"2026-03-02T11:36:15","slug":"messer","status":"publish","type":"page","link":"https:\/\/www.freiburg-schwarzwald.de\/blog\/selbsthilfe\/soziales\/justiz\/messerstecher\/messer\/","title":{"rendered":"Messer"},"content":{"rendered":"<p><a href=\"https:\/\/www.freiburg-schwarzwald.de\/blog\">Home<\/a>\u00a0&gt;<a title=\"Selbsthilfe\" href=\"https:\/\/www.freiburg-schwarzwald.de\/blog\/selbsthilfe\/\">Selbsthilfe<\/a>\u00a0&gt;<a title=\"Soziales\" href=\"https:\/\/www.freiburg-schwarzwald.de\/blog\/soziales\/\">Soziales<\/a>\u00a0&gt;<a title=\"Justiz\" href=\"https:\/\/www.freiburg-schwarzwald.de\/blog\/selbsthilfe\/soziales\/justiz\/\">Justiz<\/a>\u00a0&gt;<a href=\"https:\/\/www.freiburg-schwarzwald.de\/blog\/global\/migration\/migration2021\/\">Migration<\/a> &gt;<a href=\"https:\/\/www.freiburg-schwarzwald.de\/blog\/selbsthilfe\/soziales\/justiz\/messerstecher\/\">Messerstecher<\/a> &gt;Messer<\/p>\n<div id=\"attachment_141214\" style=\"width: 650px\" class=\"wp-caption alignnone\"><a href=\"https:\/\/www.freiburg-schwarzwald.de\/blog\/wp-content\/uploads\/2025\/11\/kybfelsen251024-pan.jpg\"><img loading=\"lazy\" decoding=\"async\" aria-describedby=\"caption-attachment-141214\" class=\"size-full wp-image-141214\" src=\"https:\/\/www.freiburg-schwarzwald.de\/blog\/wp-content\/uploads\/2025\/11\/kybfelsen251024-pan.jpg\" alt=\"\" width=\"640\" height=\"397\" srcset=\"https:\/\/www.freiburg-schwarzwald.de\/blog\/wp-content\/uploads\/2025\/11\/kybfelsen251024-pan.jpg 640w, https:\/\/www.freiburg-schwarzwald.de\/blog\/wp-content\/uploads\/2025\/11\/kybfelsen251024-pan-180x112.jpg 180w\" sizes=\"auto, (max-width: 640px) 100vw, 640px\" \/><\/a><p id=\"caption-attachment-141214\" class=\"wp-caption-text\">Herbstlaub &#8211; Efeu- Kybfelsen &#8211; Abendsonne am 24.,10.2025<\/p><\/div>\n<ul>\n<li><em>Listenauswahl eines Beitrags (Artikel\/Datum, Seite\/Inhalt): <span style=\"text-decoration: underline;\">Klicken<\/span> oder scrollen<\/em><\/li>\n<li><a href=\"https:\/\/www.freiburg-schwarzwald.de\/blog\/regio\/freiburg\/stuehlinger\/\">Flashmob \u201ePudding mit Messern essen\u201c auf St\u00fchlinger Kirchplatz<\/a>\u00a0 (16.10.2025)<\/li>\n<li><a href=\"https:\/\/www.freiburg-schwarzwald.de\/blog\/selbsthilfe\/soziales\/justiz\/messerstecher\/messer\/\">Messer \u2013 schnittfeste Uniformen<\/a>\u00a0(5.9.2025)<\/li>\n<li><a href=\"https:\/\/www.freiburg-schwarzwald.de\/blog\/dresden-messer-syrer-us-opfer\/\">Dresden Messer Syrer US-Opfer<\/a>\u00a0(25.8.2025)<\/li>\n<li>Messerverbotszone in FR: Zahnloser Tiger weckt allenfalls Mitleid (2.6.2025)<\/li>\n<li>Messer, Schock, Symbolpolitik: Warum der Staat immer wieder versagt (1.6.2025)<\/li>\n<li>Halle, Kassel, Heusenstamm: Zahlreiche schwere Messerangriffe erreichen keine bundesweite Aufmerksamkeit mehr (31.5.2025)<\/li>\n<\/ul>\n<p>&nbsp;<\/p>\n<p><strong>Die meisten Migranten leben und arbeiten hier gerne und gewaltfrei<\/strong><br \/>\nDeshalb ist es gerade in ihrem Sinne, die wenigen Gewaltbereiten von ihrem Tun abzubringen. Durch Benennen und Ahnden von Gewalttaten sowie durch Pr\u00e4vention und Aufkl\u00e4rung.<br \/>\nAlle Migranten, die ich kenne, sind best\u00fcrzt \u00fcber die vom BKA gemeldete Zunahme der migrantischen Gewalt und deren Verschweigen bzw. Kleinreden. Diesen mu\u00df geholfen werden.<br \/>\n=============================================================<\/p>\n<p>&nbsp;<\/p>\n<p><strong>Messerverbotszone in FR: Zahnloser Tiger weckt allenfalls Mitleid<\/strong><br \/>\nHorns Messerverbot ist ein zahnloser Tiger. Wer Regeln erl\u00e4sst, sollte sich sicher sein, dass sie auch durchsetzbar sind. Andernfalls bewirken sie das Gegenteil des Gew\u00fcnschten. Denn ein zahnloser Tiger weckt allenfalls Mitleid \u2013 aber ganz sicher kein Vertrauen. Stattdessen w\u00e4chst die Verachtung in jenen gesellschaftlichen Gruppen, die sich ohnehin von der Politik abgewendet haben.<br \/>\nSo vertiefen sich die Gr\u00e4ben, die unsere Gesellschaft spalten<br \/>\nUnsere Polizei schafft es schon jetzt nicht, grundlegende Ordnungsregeln durchzusetzen: Fu\u00dfg\u00e4nger bleiben Radfahrern auf Gehwegen und in Parks ausgeliefert, und in der Pause der Hansjakob-Realschule tummeln sich die Dealer neben den Sch\u00fclerinnen und Sch\u00fclern. Wie soll sie da zus\u00e4tzlich ein fl\u00e4chendeckendes Messerverbot kontrollieren?<br \/>\nDie Realit\u00e4t wird wie so oft so aussehen: anfangs ein kurzes Aufflackern von Aktionismus \u2013 gefolgt von Frust, Stillstand und der altbekannten Klage \u00fcber Personalmangel.<br \/>\nDamit wird Oberb\u00fcrgermeister Martin Horn nicht etwa zum Garanten f\u00fcr Sicherheit, sondern zum Lieferanten f\u00fcr Spott. Sein Vorsto\u00df ist ein B\u00e4rendienst an allen, die sich ein friedliches Miteinander auf Grundlage klarer und durchsetzbarer Regeln w\u00fcnschen.<br \/>\nUnd schlimmer noch: Er best\u00e4rkt jene, die keinen Sinn darin sehen, sich f\u00fcr unsere demokratische Gesellschaft zu engagieren. Ein bisschen mehr politische Klugheit und gesellschaftliches Verst\u00e4ndnis w\u00fcrde uns allen mehr helfen.<br \/>\n2.6.2025, Gernot K\u00f6rner, Freiburg<br \/>\n<a href=\"https:\/\/www.badische-zeitung.de\/zahnloser-tiger-weckt-allenfalls-mitleid\">https:\/\/www.badische-zeitung.de\/zahnloser-tiger-weckt-allenfalls-mitleid<\/a><\/p>\n<p>&nbsp;<\/p>\n<p><strong>Messer, Schock, Symbolpolitik: Warum der Staat immer wieder versagt<\/strong><br \/>\n&#8230; Die Reaktion auf die dramatisch zunehmenden Gewalttaten folgt einem festen dramaturgischen Muster. Man betrauert die Opfer, aber vermeidet jede ehrliche Debatte dar\u00fcber, auf welche Verh\u00e4ltnisse wir hier eigentlich zusteuern. Man deutet um, rationalisiert, verschiebt. Wenn der T\u00e4ter ein Migrant ist, wird die Diskussion ins Abstrakte gelenkt. Die ethnische, kulturelle, religi\u00f6se oder aufenthaltsrechtliche Dimension der Tat? Tabu.<br \/>\nEs wird getwittert, gewarnt, appelliert. Neue Awareness-Kampagnen entstehen, neue Beratungsstellen, neue Empathieformate, neue Integrationsangebote. Was nicht folgt, sind vern\u00fcnftige Konsequenzen.<br \/>\n&#8230;<br \/>\nDiese ritualisierte Best\u00fcrzung dient dabei der Schuldabwehr. Statt R\u00fccktritten oder Einsichten kommt es zu neurotischen Kompensationshandlungen. Denn insgeheim ahnt man: Diese Tat war nicht nur tragisch, sondern wom\u00f6glich auch indirekt mitverursacht. Durch Weichenstellungen, die man selbst vorgenommen, verteidigt, moralisch aufgeladen hat. Die Vorstellung, dass der \u201eEinzelfall\u201c eine strukturelle Folge ist, w\u00e4re unertr\u00e4glich. Also muss er umcodiert werden: in M\u00e4nnergewalt, soziale Verrohung oder einen psychischen Ausnahmezustand, f\u00fcr den niemand belangt werden kann. <em><strong>Die Verantwortung wird vertikal verschoben: nach oben, zu einem abstrakten \u201eSystem\u201c, einer \u201eversagenden Gesellschaft\u201c oder einem m\u00f6glichst diffusen B\u00f6sen (Kapitalismus, Kolonialismus, Patriarchat). Und sie wird horizontal umgeleitet: auf die Kritiker.<\/strong> <\/em>Wer fragt, wird der Hassrede und Spaltung bezichtigt und will \u201eunsere Werte angreifen und unsere Demokratie abschaffen\u201c.<\/p>\n<p>Was hier wirkt, ist nicht blo\u00df Feigheit und Charakterschw\u00e4che, sondern eine vielschichtige psychodynamische Architektur \u2013 ein Ensemble aus unbewussten Abwehrmechanismen, wie sie Sigmund Freud et al. beschrieben haben. Der Staat, die Parteien, viele Medienakteure und systemtreue Anh\u00e4nger agieren hier wie ein innerlich zerrissenes Ich, welches seine Schuld und Angst nicht ertr\u00e4gt und sich daher mit psychischen Kunstgriffen zu entlasten versucht. Ob Verdr\u00e4ngung und Verleugnung (\u201eDas hat nichts mit dem Islam zu tun.\u201c), Projektion (negative Selbstwahrnehmungen werden auf \u00e4u\u00dfere Gegner wie \u201erechte Hassredner\u201c verlegt) bis hin zu R\u00fcckfall in fr\u00fchkindliche, magische Denkmuster. Wenn wir nur oft genug #wirsindmehr posten, nur gen\u00fcgend Vielfalt feiern und Kriminalstatistiken umdeuten, wird sich das Problem schon in Wohlgefallen aufl\u00f6sen. Die Nennung von Vornamen, Herkunft etc. w\u00fcrde, statt Transparenz zu schaffen, nur Vorurteile sch\u00fcren, wie das Magazin Stern seinem Leser unter die zur Gen\u00fcge an ebendieser herumgef\u00fchrten Nase reiben m\u00f6chte.<br \/>\n&#8230; Alles vom 1.6.2025 von Daniela Seidel bitte lesen auf<br \/>\n<a href=\"https:\/\/www.tichyseinblick.de\/meinungen\/messer-schock-symbolpolitik-warum-der-staat-immer-wieder-versagt\/\">https:\/\/www.tichyseinblick.de\/meinungen\/messer-schock-symbolpolitik-warum-der-staat-immer-wieder-versagt\/<\/a><\/p>\n<p>&nbsp;<\/p>\n<p><strong>Halle, Kassel, Heusenstamm: Zahlreiche schwere Messerangriffe erreichen keine bundesweite Aufmerksamkeit mehr<\/strong><br \/>\nEine Not-OP nach einem Angriff mit einem 20-Zentimeter-Messer; ein Streit eskaliert in einer Unterkunft und ein versuchter Totschlag in Kassel: Diese Woche kam es erneut zu schweren Messerattacken, die gar keine bundesweite Aufmerksamkeit mehr erreichten.<br \/>\nDurchforstet man die Lokalnachrichten des Landes, findet man inzwischen beinahe t\u00e4glich Meldungen von Messerangriffen, die unter das Radar fallen und bundesweit gar keine Aufmerksamkeit mehr finden. Alleine in dieser Woche kam es dabei zu zahlreichen schrecklichen F\u00e4llen \u2013 Eine \u00dcbersicht.<br \/>\nWaldkraiburg: Sechsj\u00e4hriges Kind mit Messer bedroht<br \/>\n&#8230;<br \/>\nHalle: Not-OP nach Messerattacke mit 20 Zentimeter-Klinge<br \/>\n&#8230;<br \/>\nBerlin: Mann zieht Messer und attackiert Jugendliche mit Glasflasche \u2013 17-J\u00e4hriger wegen Kopfverletzungen notoperiert<br \/>\n&#8230;<br \/>\nKassel: 60-J\u00e4hriger versucht, 54-J\u00e4hrigen mit Messer zu t\u00f6ten<br \/>\n&#8230;<br \/>\nHeusenstamm: In einer Unterkunft verletzt ein Mann mit einem Messer einen 35-J\u00e4hrigen schwer<br \/>\n&#8230;<br \/>\n&#8230; Alles vom 31.5.2025 bitte lesen auf<br \/>\n<a href=\"https:\/\/apollo-news.net\/halle-kassel-heusenstamm-zahlreiche-schwere-messerangriffe-erreichen-keine-bundesweite-aufmerksamkeit-mehr\/\">https:\/\/apollo-news.net\/halle-kassel-heusenstamm-zahlreiche-schwere-messerangriffe-erreichen-keine-bundesweite-aufmerksamkeit-mehr\/<\/a><br \/>\n.<br \/>\nMir scheint, das solche Taten bereits derart normalisiert sind, das sie nur noch eine Randnotiz neben dem Tageswetter, oder dem Horoskop wert sind. Wie Recht Thilo Sarrazin hatte, als er sagte (und schrieb) \u201eDeutschland schafft sich ab\u201c!<br \/>\nUnsere Wirtschaft liegt am Boden.<br \/>\nUnsere Fachkr\u00e4fte wandern aus.<br \/>\nDeutsch wird zur Fremdsprache im eigenen Land.<br \/>\nUnsere Kultur wird von Staatswegen verraten.<br \/>\nDie Justiz misst mit zweierlei Ma\u00df.<br \/>\n\u2026. Geliefert wie gew\u00e4hlt\u2026 Frank<br \/>\n.<br \/>\n\u201ekeine bundesweite Aufmerksamkeit mehr\u201c weil Linke die Medien kontrollieren, was bereits 1967 erkl\u00e4rtes Ziel war. Ich werde nie verstehen, warum Konservative die Medienlandschaft kampflos abgegeben haben, ja sich am Ende wie die ehemals konservative FAZ noch devot dem Meinungsdiktat f\u00fcgen. Andreas J.<br \/>\n.<br \/>\nVielleicht ist eine destruktive und v\u00f6llige Verrohung der Gesellschaft das Ziel des Politik-Kartells? Erst dann wird es m\u00f6glich, ohne Kontrolle des Souver\u00e4ns Machtaus\u00fcbung zu optimieren. Sollen sie sich doch die K\u00f6pfe einschl\u00e4gigen, wir sind in unseren Pal\u00e4sten sicher. Rechtsabbiger<br \/>\n.<br \/>\nGenau so ist es doch gewollt, dass diese Messerattacken \u2013 ca. 79 t\u00e4glich \u2013 gar nicht mehr bundesweit in die Schlagzeilen gelangen, Nat\u00fcrlich nur zum Wohle des B\u00fcrgers, damit er nicht merkt, wie die kriminelle Migrantengewalt immer mehr eskaliert. Und der \u00d6RR macht nat\u00fcrlich mit. Links \/ Gr\u00fcne verkehrte Welt. Der gemeine Deutsche wird erst dann aufwachen, wenn er ein Messer zwischen den Rippen hat. Andrea B.<br \/>\nEnde Kommentare<\/p>\n","protected":false},"excerpt":{"rendered":"<p>Home\u00a0&gt;Selbsthilfe\u00a0&gt;Soziales\u00a0&gt;Justiz\u00a0&gt;Migration &gt;Messerstecher &gt;Messer Listenauswahl eines Beitrags (Artikel\/Datum, Seite\/Inhalt): Klicken oder scrollen Flashmob \u201ePudding mit Messern essen\u201c auf St\u00fchlinger Kirchplatz\u00a0 (16.10.2025) Messer \u2013 schnittfeste Uniformen\u00a0(5.9.2025) Dresden Messer Syrer US-Opfer\u00a0(25.8.2025) Messerverbotszone in FR: Zahnloser Tiger weckt allenfalls Mitleid (2.6.2025) Messer, Schock, Symbolpolitik: &hellip; <a href=\"https:\/\/www.freiburg-schwarzwald.de\/blog\/selbsthilfe\/soziales\/justiz\/messerstecher\/messer\/\">Weiterlesen <span class=\"meta-nav\">&rarr;<\/span><\/a><\/p>\n","protected":false},"author":2,"featured_media":0,"parent":64956,"menu_order":0,"comment_status":"closed","ping_status":"closed","template":"","meta":{"footnotes":""},"class_list":["post-134688","page","type-page","status-publish","hentry"],"_links":{"self":[{"href":"https:\/\/www.freiburg-schwarzwald.de\/blog\/wp-json\/wp\/v2\/pages\/134688","targetHints":{"allow":["GET"]}}],"collection":[{"href":"https:\/\/www.freiburg-schwarzwald.de\/blog\/wp-json\/wp\/v2\/pages"}],"about":[{"href":"https:\/\/www.freiburg-schwarzwald.de\/blog\/wp-json\/wp\/v2\/types\/page"}],"author":[{"embeddable":true,"href":"https:\/\/www.freiburg-schwarzwald.de\/blog\/wp-json\/wp\/v2\/users\/2"}],"replies":[{"embeddable":true,"href":"https:\/\/www.freiburg-schwarzwald.de\/blog\/wp-json\/wp\/v2\/comments?post=134688"}],"version-history":[{"count":5,"href":"https:\/\/www.freiburg-schwarzwald.de\/blog\/wp-json\/wp\/v2\/pages\/134688\/revisions"}],"predecessor-version":[{"id":146414,"href":"https:\/\/www.freiburg-schwarzwald.de\/blog\/wp-json\/wp\/v2\/pages\/134688\/revisions\/146414"}],"up":[{"embeddable":true,"href":"https:\/\/www.freiburg-schwarzwald.de\/blog\/wp-json\/wp\/v2\/pages\/64956"}],"wp:attachment":[{"href":"https:\/\/www.freiburg-schwarzwald.de\/blog\/wp-json\/wp\/v2\/media?parent=134688"}],"curies":[{"name":"wp","href":"https:\/\/api.w.org\/{rel}","templated":true}]}}