{"id":134253,"date":"2025-05-22T11:26:08","date_gmt":"2025-05-22T09:26:08","guid":{"rendered":"https:\/\/www.freiburg-schwarzwald.de\/blog\/?page_id=134253"},"modified":"2025-12-21T19:26:45","modified_gmt":"2025-12-21T18:26:45","slug":"weltgesundheit","status":"publish","type":"page","link":"https:\/\/www.freiburg-schwarzwald.de\/blog\/business\/gesund\/weltgesundheit\/","title":{"rendered":"Weltgesundheit"},"content":{"rendered":"<p><a href=\"https:\/\/www.freiburg-schwarzwald.de\/blog\">Home<\/a>\u00a0&gt;<a title=\"Business\" href=\"https:\/\/www.freiburg-schwarzwald.de\/blog\/business\">Business<\/a>\u00a0&gt;<a title=\"Gesund\" href=\"https:\/\/www.freiburg-schwarzwald.de\/blog\/business\/gesund\/\">Gesund<\/a>\u00a0&gt;<a href=\"https:\/\/www.freiburg-schwarzwald.de\/blog\/business\/gesund\/medizin\/\">Medizin<\/a> &gt;<a href=\"https:\/\/www.freiburg-schwarzwald.de\/blog\/business\/gesund\/who\/\">WHO<\/a> &gt;Weltgesundheit<\/p>\n<div id=\"attachment_132714\" style=\"width: 650px\" class=\"wp-caption alignnone\"><a href=\"https:\/\/www.freiburg-schwarzwald.de\/blog\/wp-content\/uploads\/2025\/04\/storch-kuechlehof-pan250411.jpg\"><img loading=\"lazy\" decoding=\"async\" aria-describedby=\"caption-attachment-132714\" class=\"size-full wp-image-132714\" src=\"https:\/\/www.freiburg-schwarzwald.de\/blog\/wp-content\/uploads\/2025\/04\/storch-kuechlehof-pan250411.jpg\" alt=\"\" width=\"640\" height=\"349\" srcset=\"https:\/\/www.freiburg-schwarzwald.de\/blog\/wp-content\/uploads\/2025\/04\/storch-kuechlehof-pan250411.jpg 640w, https:\/\/www.freiburg-schwarzwald.de\/blog\/wp-content\/uploads\/2025\/04\/storch-kuechlehof-pan250411-180x98.jpg 180w\" sizes=\"auto, (max-width: 640px) 100vw, 640px\" \/><\/a><p id=\"caption-attachment-132714\" class=\"wp-caption-text\">St\u00f6rche am gepfl\u00fcgten Acker beim K\u00fcchlehof in Dietenbach am 11.4.2025<\/p><\/div>\n<ul>\n<li><em>Listenauswahl eines Beitrags (Artikel\/Datum, Seite\/Inhalt): <span style=\"text-decoration: underline;\">Klicken<\/span> oder scrollen<\/em><\/li>\n<li>IGV: Es dauerte 22 Sekunden \u2013 gestern beschritt der Bundesrat den Weg in die Sklaverei (20.12.2025)<\/li>\n<li>Dr. Beate Pfeil \u2013 Verlust von Souver\u00e4nit\u00e4t und Rechtsstaat durch WHO-IGV und WHO-Pandemie-Vertrag? (6.12.2025)<\/li>\n<li>Bundesregierung gibt Einschr\u00e4nkung von Grundrechten durch neue Internationale Gesundheitsvorschriften zu (13.8.2025)<\/li>\n<li><a href=\"https:\/\/www.freiburg-schwarzwald.de\/blog\/who-vorschrift-widersprechen\/\">WHO-Vorschrift widersprechen<\/a>\u00a0(27.6.2025)<\/li>\n<li>Verlassen Sie die WHO! \u2013 Hier die ungek\u00fcrzte Rede von Robert Kennedy Jr. (21.5.2025)<\/li>\n<li><\/li>\n<li><a href=\"https:\/\/www.freiburg-schwarzwald.de\/globalisierung#Global%20Compact\">Global Compact<\/a><\/li>\n<li><a href=\"https:\/\/www.freiburg-schwarzwald.de\/blog\/global\/globalisierung\/global-government\/\">Global-Government<\/a><\/li>\n<li><a title=\"Global-Migration\" href=\"https:\/\/www.freiburg-schwarzwald.de\/blog\/global\/globalisierung\/global-migration\/\">Global-Migration Pakt<\/a><\/li>\n<li><a href=\"https:\/\/www.freiburg-schwarzwald.de\/blog\/global\/globalisierung\/great-reset\/\">Great Reset<\/a><\/li>\n<li><a title=\"Migration\" href=\"https:\/\/www.freiburg-schwarzwald.de\/blog\/global\/migration\/\">Migration<\/a><\/li>\n<li><a href=\"https:\/\/www.freiburg-schwarzwald.de\/blog\/global\/multipolar\/\">multipolar<\/a><\/li>\n<li><a href=\"https:\/\/www.freiburg-schwarzwald.de\/blog\/natur\/ernaehrung\/nahrungsmittel\/\">Nahrungsmittel<\/a><\/li>\n<li><a title=\"Neo-Feudalismus\" href=\"https:\/\/www.freiburg-schwarzwald.de\/blog\/global\/globalisierung\/neo-feudalismus\/\">Neo-Feudalismus<\/a><\/li>\n<li><a href=\"https:\/\/www.freiburg-schwarzwald.de\/blog\/global\/netzwerke\/\">Netzwerke global<\/a><\/li>\n<li><a href=\"https:\/\/www.freiburg-schwarzwald.de\/blog\/global\/deutschland\/gesellschaft\/normalitaet\/\">Normalit\u00e4t<\/a><\/li>\n<li><a href=\"https:\/\/www.freiburg-schwarzwald.de\/blog\/global\/globalisierung\/one-world\/\">One World<\/a><\/li>\n<li><a href=\"https:\/\/www.freiburg-schwarzwald.de\/blog\/global\/globalisierung\/un\/\">UN<\/a><\/li>\n<li><a title=\"Global-Migration\" href=\"https:\/\/www.freiburg-schwarzwald.de\/blog\/global\/globalisierung\/global-migration\/\">UN-Migrationspakt \u2013 Global Compact of Migration GCM<\/a><\/li>\n<li><a href=\"https:\/\/www.freiburg-schwarzwald.de\/blog\/global\/globalisierung\/wef\/\">WEF\u00a0<\/a><\/li>\n<li><a title=\"Weltwirtschaft\" href=\"https:\/\/www.freiburg-schwarzwald.de\/blog\/global\/weltwirtschaft\/\">Weltwirtschaft<\/a><\/li>\n<li><a href=\"https:\/\/www.freiburg-schwarzwald.de\/blog\/business\/gesund\/who\/\">WHO<\/a><\/li>\n<li><a href=\"https:\/\/www.freiburg-schwarzwald.de\/blog\/global\/globalisierung\/world-government\/\">World-Government<\/a><\/li>\n<\/ul>\n<p><strong>IGV: Internationalen Gesundheitsvorschriften der WHO<\/strong><br \/>\n============================================================<\/p>\n<p><strong>IGV: Es dauerte 22 Sekunden \u2013 gestern beschritt der Bundesrat den Weg in die Sklaverei<\/strong><br \/>\nDie Grundrechte der k\u00f6rperlichen Unversehrtheit, der Freiheit der Person, des Brief- und Postgeheimnisses und der Freiz\u00fcgigkeit k\u00f6nnen in Deutschland k\u00fcnftig eingeschr\u00e4nkt werden.<br \/>\nEs dauerte genau 22 Sekunden. Doch diese 22 Sekunden k\u00f6nnten von historischer Tragweite sein. In seiner letzten Sitzung des Jahres hat der deutsche Bundesrat am 19. Dezember n\u00e4mlich dem Gesetz zu den \u00c4nderungen der Internationalen Gesundheitsvorschriften (IGV) der Weltgesundheitsorganisation (WHO) zugestimmt. Im Videomitschnitt <a href=\"https:\/\/www.bundesrat.de\/DE\/service\/mediathek\/mediathek-node.html?cms_id=0_9pm38pyp\">https:\/\/www.bundesrat.de\/DE\/service\/mediathek\/mediathek-node.html?cms_id=0_9pm38pyp<\/a> der Sitzung ist zu sehen, dass es keinerlei Wortmeldungen zu diesem Tagesordnungspunkt gibt. Er ist einfach einer von vielen, n\u00e4mlich TOP 31 mit dem b\u00fcrokratisch anmutenden Titel \u201eGesetz zu den \u00c4nderungen vom 1. Juni 2024 der Internationalen Gesundheitsvorschriften (2005) (IGV) vom 23. Mai 2005\u201c.<br \/>\nDer Sitzungsleiter weist lediglich darauf hin, dass der Gesundheitsausschuss empfiehlt, dem Gesetzesentwurf zuzustimmen. Dann wird per einfachem Handzeichen abgstimmt und eine Mehrheit festgestellt. Und das war\u00b4s. \u00dcberraschend kommt das Ergebnis zwar nicht, doch die Vertreter der Bundesl\u00e4nder werden sich bis an ihr Lebensende fragen lassen m\u00fcssen, ob ihnen wirklich nicht klar war, wof\u00fcr sie da gerade votiert haben.<br \/>\nSchlie\u00dflich hatte die Bundesregierung schon im Juli ihren Gesetzesentwurf vorgelegt (achgut berichtete) und der Bundestag am 6. November sein Placet dazu gegeben. Der Bundesrat hatte also mehr als genug Zeit, sich mit dem Gesetz zu befassen. Und in dessen Artikel 2 hei\u00dft es klipp und klar, dass durch dieses neue Gesetz in Verbindung mit den Internationalen Gesundheitsvorschriften die Grundrechte der k\u00f6rperlichen Unversehrtheit, der Freiheit der Person, des Brief- und Postgeheimnisses und der Freiz\u00fcgigkeit eingeschr\u00e4nkt werden.<br \/>\n&#8230; Alles vom 20.12.2025 von Martina Binnig bitte lesen auf<br \/>\n<a href=\"https:\/\/www.achgut.com\/artikel\/es_dauerte_22_sekunden_gestern_beschritt_der_bundesrat_den_weg_in_die_sklaverei\">https:\/\/www.achgut.com\/artikel\/es_dauerte_22_sekunden_gestern_beschritt_der_bundesrat_den_weg_in_die_sklaverei<\/a><\/p>\n<p>&nbsp;<\/p>\n<p><strong>Dr. Beate Pfeil \u2013 Verlust von Souver\u00e4nit\u00e4t und Rechtsstaat durch WHO-IGV und WHO-Pandemie-Vertrag?<\/strong><br \/>\n0:04 Ein Blick auf die WHO 1:28 Die toxische Verbindung zur Rechtsstaatlichkeit 3:31 Spenden und Einfluss 6:37 Die Problematik der Public-Private-Partnerships 7:41 Intransparente Strukturen der WHO 9:35 Anonyme Spenden und deren Folgen 12:57 Die Macht des Generaldirektors 16:39 Kontrollmechanismen und ihre Abwesenheit 19:26 Neue Herausforderungen durch IGV-\u00c4nderungen 26:47 Verhaltenslenkung und Propaganda 32:48 Digitalisierung und \u00dcberwachung 37:18 Die Militarisierung der Gesundheitspolitik 40:19 Der medizinisch-industrielle Komplex 44:34 Aktuelle Entwicklungen in Deutschland 46:46 Zivilcourage und politische Verantwortung 52:54 Der Weg zur R\u00fcckkehr zu Grundrechten 53:42 Austritt aus der WHO als L\u00f6sung 58:21 Krieg gegen die Bev\u00f6lkerung? 1:03:47 Menschenrechte und ethische Verantwortung 1:06:54 Der Einfluss der EU und NATO 1:10:04 Zivilcourage in der Politik<br \/>\n<a href=\"https:\/\/www.youtube.com\/watch?v=9Y_IPL6513c&amp;t=1s\">https:\/\/www.youtube.com\/watch?v=9Y_IPL6513c&amp;t=1s<\/a><\/p>\n<p>In dieser Episode analysiere ich die strukturellen Defizite der WHO und er\u00f6rtere die Herausforderungen der Rechtsstaatlichkeit in Deutschland. Ich kritisiere die Abh\u00e4ngigkeit der WHO von zielgebundenen Spenden, die zu Interessenkonflikten f\u00fchren. Zudem bespreche ich die neuen internationalen Gesundheitsvorschriften (IGV), die potenziell die nationale Souver\u00e4nit\u00e4t gef\u00e4hrden und eine B\u00fcrokratisierung des Gesundheitswesens vorantreiben. Meine pers\u00f6nlichen Erfahrungen aus der Anh\u00f6rung im Gesundheitsausschuss verdeutlichen die Schwierigkeiten im Dialog mit etablierten Medien und politischen Vertretern. Ich rufe die Zuh\u00f6rer dazu auf, aktiv f\u00fcr die Menschenrechte und Rechtsstaatlichkeit einzutreten und die grundlegenden Prinzipien unserer Demokratie zu sch\u00fctzen.<br \/>\nQuelle: NuitDebout Munich, 04.12.2025<br \/>\n<a href=\"https:\/\/www.youtube.com\/watch?v=9Y_IPL6513c&amp;t=1s\">https:\/\/www.youtube.com\/watch?v=9Y_IPL6513c&amp;t=1s<\/a><br \/>\n&#8230; Alles vom 6.12.2025 von <a href=\"https:\/\/www.freiburg-schwarzwald.de\/blog\/regio\/tal\/dreisamtal\/dreisamtal-diskussion\/\">Beate Pfeil<\/a> bitte lesen auf<br \/>\n<a href=\"https:\/\/www.nachdenkseiten.de\/?p=143246#h02\">https:\/\/www.nachdenkseiten.de\/?p=143246#h02<\/a><\/p>\n<p>&nbsp;<\/p>\n<p><strong>Bundesregierung gibt Einschr\u00e4nkung von Grundrechten durch neue Internationale Gesundheitsvorschriften zu<\/strong><br \/>\nMit einem ohne Aufsehen am 16. Juli vom Bundeskabinett verabschiedeten Gesetzentwurf zur Zustimmung zu den neuen <a href=\"https:\/\/www.freiburg-schwarzwald.de\/blog\/who-vorschrift-widersprechen\/\">Internationalen Gesundheitsvorschriften (IGV)<\/a> schr\u00e4nkt die Bundesregierung nach eigenen Angaben Grundrechte der Bundesb\u00fcrger ein.<br \/>\nBisher wurde eine Einschr\u00e4nkung von B\u00fcrgerrechten durch die \u00c4nderung der IGV von Bundesregierung und sogenannten Faktencheckern stets ins Reich der Verschw\u00f6rungstheorien verwiesen und die Unverbindlichkeit der IGV betont, zuletzt von einem sogenannten \u201eFaktencheck\u201c von Correctiv im Juni.<\/p>\n<p>In Artikel 2 des Entwurfs f\u00fcr ein \u201eGesetz zu den \u00c4nderungen vom 1. Juni 2024<br \/>\nder Internationalen Gesundheitsvorschriften (2005) (IGV)\u201c hei\u00dft es schn\u00f6rkellos:<br \/>\n<strong><em>\u201eDurch dieses Gesetz in Verbindung mit den Internationalen Gesundheitsvorschriften werden die <a href=\"https:\/\/www.freiburg-schwarzwald.de\/blog\/engagement\/zukunft\/demokratie\/grundgesetz\/grundrechte\/\">Grundrechte<\/a> der k\u00f6rperlichen Unversehrtheit (Artikel 2 Absatz 2 Satz 1 des Grundgesetzes), der Freiheit der Person (Artikel 2 Absatz 2 Satz 2 des Grundgesetzes), des Brief- und Postgeheimnisses (Artikel 10 des Grundgesetzes) und der Freiz\u00fcgigkeit (Artikel 11 Absatz 1 des Grundgesetzes) <a href=\"https:\/\/www.freiburg-schwarzwald.de\/blog\/engagement\/zukunft\/demokratie\/grundgesetz\/\">eingeschr\u00e4nkt<\/a>.\u201c<\/em><\/strong><\/p>\n<p>Zu den wenigen weiteren Regelungen dieses Gesetzes gibt die Bundesregierung im Gesetzentwurf Erl\u00e4uterungen. Zu diesem bedrohlich klingenden Artikel jedoch nicht, au\u00dfer dass Artikel 19 des Grundgesetzes verlangt, dass Gesetze die Grundrechte ausdr\u00fccklich nennen, die durch sie eingeschr\u00e4nkt werden.<br \/>\nWir m\u00fcssen uns also selber die Frage beantworten, wie durch dieses Zustimmungsgesetz zu den IGV das Recht auf k\u00f6rperliche Unversehrtheit, die pers\u00f6nliche Freiheit, des Brief- und Postgeheimnisses und der Freiz\u00fcgigkeit eingeschr\u00e4nkt werden.<br \/>\nMeine bevorzugte Hypothese lautet: Durch Zustimmung zu dem ausdr\u00fccklich v\u00f6lkerrechtlich verbindlichen Vertrag unterwirft die Bundesregierung sich und k\u00fcnftige Regierungen und Parlamente den Regeln des IGV. Diese sehen vor, dass der Generalsekret\u00e4r der Weltgesundheitsorganisation (WHO) in eigener Machtvollkommenheit, ohne Kontrollinstanz, pandemische Notlagen ausrufen kann. Hat er eine solche ausgerufen, ist die WHO befugt, den Unterzeichnerstaaten Empfehlungen zum Umgang mit dieser Notlage zu geben.<br \/>\n&#8230; Alles vom 13.8.2025 bitte lesen auf<br \/>\n<a href=\"https:\/\/norberthaering.de\/macht-kontrolle\/igv-zustimmungsgesetz\/\">https:\/\/norberthaering.de\/macht-kontrolle\/igv-zustimmungsgesetz\/<\/a><\/p>\n<p>&nbsp;<\/p>\n<p><strong>Verlassen Sie die WHO! \u2013 Hier die ungek\u00fcrzte Rede von Robert Kennedy Jr.<\/strong><br \/>\n&#8230;<br \/>\n<em>Hier die Ansprache des <a href=\"https:\/\/www.freiburg-schwarzwald.de\/blog\/global\/usa\/usa-trump\/\">amerikanischen<\/a> Gesundheitsministers Robert Kennedy Jr,:<\/em><br \/>\nIch bin Robert Kennedy Jr., Minister f\u00fcr Gesundheit und Soziales der Vereinigten Staaten. Wie Sie wissen, hat Pr\u00e4sident Trump die Entscheidung getroffen, die Vereinigten Staaten aus der Weltgesundheitsorganisation zur\u00fcckzuziehen.<\/p>\n<p>Ich m\u00f6chte diese Gelegenheit nutzen, um einige Hintergr\u00fcnde zu dieser Entscheidung zu erl\u00e4utern und, was noch wichtiger ist, einen k\u00fcnftigen Weg zur globalen Zusammenarbeit im Bereich Gesundheit und Gesundheitssicherheit aufzuzeigen.<br \/>\nWie viele andere alte Institutionen hat sich auch die W.H.O. in b\u00fcrokratischer Aufbl\u00e4hung, festgefahrenen Paradigmen, Interessenkonflikten und internationaler Machtpolitik verstrickt.<br \/>\nZwar haben die Vereinigten Staaten in der Vergangenheit den L\u00f6wenanteil der Finanzierung der Organisation bereitgestellt. Andere L\u00e4nder, wie z. B. China, haben in unzul\u00e4ssiger Weise Einfluss auf die Arbeit der Organisation genommen, und zwar in einer Weise, die ihren eigenen Interessen dient und nicht unbedingt den Interessen der Welt\u00f6ffentlichkeit.<br \/>\nDies wurde w\u00e4hrend der Covid-Pandemie deutlich, als die WHO unter dem Druck Chinas Berichte \u00fcber kritische Zeitpunkte der \u00dcbertragung von Mensch zu Mensch unterdr\u00fcckte und dann mit China zusammenarbeitete, um die Fiktion zu verbreiten, Covid stamme von Flederm\u00e4usen oder Schuppentieren und nicht aus einer von der chinesischen Regierung gef\u00f6rderten Forschung in einem Biolabor in Wuhan.<br \/>\nDie WHO hat nicht nur vor dem politischen Druck Chinas kapituliert, sondern es auch vers\u00e4umt, eine Organisation aufrechtzuerhalten, die sich durch Transparenz und eine faire F\u00fchrung durch und f\u00fcr ihre Mitgliedsstaaten auszeichnet.<\/p>\n<p>Die WHO tut oft so, als h\u00e4tte sie vergessen, dass ihre Mitglieder ihren eigenen B\u00fcrgern gegen\u00fcber rechenschaftspflichtig sind und nicht gegen\u00fcber transnationalen oder Unternehmensinteressen.<br \/>\nIch glaube, dass die Mitarbeiter der W.H.O. gr\u00f6\u00dftenteils gewissenhafte Menschen sind, die aufrichtig an das glauben, was sie tun. Und in der Tat hat die W.H.O. seit ihrer Gr\u00fcndung wichtige Arbeit geleistet, einschlie\u00dflich der Ausrottung der Pocken.<br \/>\nAllzu oft spiegeln die Priorit\u00e4ten jedoch zunehmend die Voreingenommenheit und die Interessen der Unternehmensmedizin wider. Zu oft hat sie es zugelassen, dass politische Agenden wie die F\u00f6rderung einer sch\u00e4dlichen Gender-Ideologie ihren Kernauftrag in Frage stellen, und zu oft ist sie zum Werkzeug der Politik geworden und hat der F\u00f6rderung von Gesundheit und Gesundheitssicherheit den R\u00fccken gekehrt.<br \/>\nPr\u00e4sident Trump und mir ist die globale Zusammenarbeit im Gesundheitsbereich nach wie vor sehr wichtig, aber sie funktioniert unter der WHO nicht sehr gut, wie die Misserfolge der Covid-\u00c4ra zeigen.<\/p>\n<p>Die WHO hat noch nicht einmal ihre Vers\u00e4umnisse w\u00e4hrend der Covid-\u00c4ra eingesehen, geschweige denn wesentliche Reformen durchgef\u00fchrt. Stattdessen hat sie sich mit dem Pandemieabkommen, das alle Fehlfunktionen der WHO-Pandemiebek\u00e4mpfung festschreibt, noch einmal verst\u00e4rkt.<br \/>\nDaran werden wir uns nicht beteiligen. Wir m\u00fcssen das gesamte System neu aufstellen, wie wir es in den Vereinigten Staaten tun. Hier in den Vereinigten Staaten werden wir uns weiterhin auf Infektionskrankheiten und Pandemievorsorge konzentrieren, aber wir verlagern auch die Priorit\u00e4ten unserer Gesundheitsbeh\u00f6rden grundlegend und konzentrieren uns auf chronische Krankheiten, die in den Vereinigten Staaten weit verbreitet sind.<br \/>\nEs ist die Epidemie der chronischen Krankheiten, die unsere Bev\u00f6lkerung krank macht und unser Gesundheitssystem in den Ruin treibt. Wir stellen jetzt um, damit unser Gesundheitssystem besser auf diese Realit\u00e4t reagieren kann. Wir werden daf\u00fcr sorgen, dass die Gesundheitsversorgung in den Vereinigten Staaten den Bed\u00fcrfnissen der Bev\u00f6lkerung dient. Anstelle des Profitstrebens der Industrie.<\/p>\n<p>Wir entfernen Lebensmittelfarbstoffe und andere sch\u00e4dliche Zusatzstoffe aus unserer Lebensmittelversorgung. Wir erforschen die Ursachen von Autismus und anderen chronischen Krankheiten. Wir versuchen, den Konsum von extrem verarbeiteten Lebensmitteln einzuschr\u00e4nken, und wir werden \u00c4nderungen des Lebensstils unterst\u00fctzen, die das Immunsystem st\u00e4rken und die Gesundheit der Menschen verbessern.<\/p>\n<p>Nur wenige dieser Bem\u00fchungen lassen sich leicht f\u00fcr Profite nutzen oder dienen etablierten Sonderinteressen. Diese Ver\u00e4nderungen k\u00f6nnen nur durch die Art von System\u00fcberholung erfolgen, die Pr\u00e4sident Trump in unserem Land herbeigef\u00fchrt hat.<br \/>\nWir w\u00fcrden uns eine \u00e4hnliche Neuordnung der Priorit\u00e4ten auf der globalen B\u00fchne w\u00fcnschen, vor allem wenn man bedenkt, dass dank der F\u00fchrungsrolle der Vereinigten Staaten und der Finanzierung durch unser Land in den letzten 25 Jahren die Zahl der vorzeitigen Todesf\u00e4lle durch HIV, Tuberkulose und Malaria bei Millionen von Menschen weltweit zur\u00fcckgegangen ist.<br \/>\nLassen Sie uns zum Kern der globalen Gesundheit und der globalen Gesundheitssicherheit zur\u00fcckkehren, zur Verringerung der Belastung durch Infektionskrankheiten und der Verbreitung von Krankheiten mit pandemischem Potenzial. Ich fordere die Gesundheitsminister der Welt und die WHO auf, unseren Austritt aus der Organisation als Weckruf zu verstehen. Es ist nicht so, dass Pr\u00e4sident Trump und ich das Interesse an internationaler Zusammenarbeit verloren h\u00e4tten. Ganz und gar nicht. Wir wollen nur, dass sie auf eine Art und Weise erfolgt, die fair, effizient und transparent f\u00fcr alle Mitgliedstaaten ist.<br \/>\nWir haben bereits Kontakt zu gleichgesinnten L\u00e4ndern aufgenommen und ermutigen andere, sich uns anzuschlie\u00dfen. Wir wollen die internationale Zusammenarbeit im Gesundheitsbereich aus der Zwangsjacke der politischen Einmischung, der korrumpierenden Einfl\u00fcsse der Pharmaunternehmen gegnerischer Nationen und ihrer NGO-Vertreter befreien.<\/p>\n<p>Ich m\u00f6chte diese Gelegenheit nutzen, um meine Kollegen Gesundheitsminister in aller Welt zu einer neuen \u00c4ra der Zusammenarbeit einzuladen. Wir m\u00fcssen nicht die Grenzen einer (\u00fcberdehnten\/aufgebl\u00e4hten) WHO ertragen. Lassen Sie uns neue Institutionen schaffen oder bestehende Institutionen \u00fcberarbeiten, die schlank, effizient, transparent und rechenschaftspflichtig sind. Ganz gleich, ob es sich um den Ausbruch einer Infektionskrankheit oder um die allgegenw\u00e4rtige F\u00e4ulnis chronischer Krankheiten handelt, die nicht nur Amerika, sondern die ganze Welt befallen hat.<br \/>\nWir sind bereit, mit Ihnen zusammenzuarbeiten. Vielen Dank, und m\u00f6ge Gott Sie segnen. Und lassen Sie uns alle f\u00fcr die Gesundheit unserer Kinder und Enkelkinder beten.<br \/>\n(Zur \u00dcbersetzung: Im Zweifel steht die Originalansprache zur \u00dcberpr\u00fcfung bei Fox News zur Verf\u00fcgung: <a href=\"https:\/\/www.foxnews.com\/video\/6373083314112\">https:\/\/www.foxnews.com\/video\/6373083314112<\/a>)<br \/>\n&#8230; Alles vom 21.5.2025 bitte lesen auf<br \/>\n<a href=\"https:\/\/www.alexander-wallasch.de\/gesellschaft\/verlassen-sie-die-who-hier-die-ungekuerzte-rede-von-robert-kennedy-jr\">https:\/\/www.alexander-wallasch.de\/gesellschaft\/verlassen-sie-die-who-hier-die-ungekuerzte-rede-von-robert-kennedy-jr<\/a><\/p>\n","protected":false},"excerpt":{"rendered":"<p>Home\u00a0&gt;Business\u00a0&gt;Gesund\u00a0&gt;Medizin &gt;WHO &gt;Weltgesundheit Listenauswahl eines Beitrags (Artikel\/Datum, Seite\/Inhalt): Klicken oder scrollen IGV: Es dauerte 22 Sekunden \u2013 gestern beschritt der Bundesrat den Weg in die Sklaverei (20.12.2025) Dr. Beate Pfeil \u2013 Verlust von Souver\u00e4nit\u00e4t und Rechtsstaat durch WHO-IGV und WHO-Pandemie-Vertrag? &hellip; <a href=\"https:\/\/www.freiburg-schwarzwald.de\/blog\/business\/gesund\/weltgesundheit\/\">Weiterlesen <span class=\"meta-nav\">&rarr;<\/span><\/a><\/p>\n","protected":false},"author":2,"featured_media":0,"parent":21,"menu_order":0,"comment_status":"closed","ping_status":"closed","template":"","meta":{"footnotes":""},"class_list":["post-134253","page","type-page","status-publish","hentry"],"_links":{"self":[{"href":"https:\/\/www.freiburg-schwarzwald.de\/blog\/wp-json\/wp\/v2\/pages\/134253","targetHints":{"allow":["GET"]}}],"collection":[{"href":"https:\/\/www.freiburg-schwarzwald.de\/blog\/wp-json\/wp\/v2\/pages"}],"about":[{"href":"https:\/\/www.freiburg-schwarzwald.de\/blog\/wp-json\/wp\/v2\/types\/page"}],"author":[{"embeddable":true,"href":"https:\/\/www.freiburg-schwarzwald.de\/blog\/wp-json\/wp\/v2\/users\/2"}],"replies":[{"embeddable":true,"href":"https:\/\/www.freiburg-schwarzwald.de\/blog\/wp-json\/wp\/v2\/comments?post=134253"}],"version-history":[{"count":5,"href":"https:\/\/www.freiburg-schwarzwald.de\/blog\/wp-json\/wp\/v2\/pages\/134253\/revisions"}],"predecessor-version":[{"id":143226,"href":"https:\/\/www.freiburg-schwarzwald.de\/blog\/wp-json\/wp\/v2\/pages\/134253\/revisions\/143226"}],"up":[{"embeddable":true,"href":"https:\/\/www.freiburg-schwarzwald.de\/blog\/wp-json\/wp\/v2\/pages\/21"}],"wp:attachment":[{"href":"https:\/\/www.freiburg-schwarzwald.de\/blog\/wp-json\/wp\/v2\/media?parent=134253"}],"curies":[{"name":"wp","href":"https:\/\/api.w.org\/{rel}","templated":true}]}}