{"id":13340,"date":"2012-10-19T18:54:56","date_gmt":"2012-10-19T16:54:56","guid":{"rendered":"https:\/\/www.freiburg-schwarzwald.de\/blog\/?page_id=13340"},"modified":"2023-07-24T12:17:04","modified_gmt":"2023-07-24T10:17:04","slug":"haslach","status":"publish","type":"page","link":"https:\/\/www.freiburg-schwarzwald.de\/blog\/regio\/freiburg\/haslach\/","title":{"rendered":"Haslach"},"content":{"rendered":"<p>Home &gt;<a title=\"Regio\" href=\"https:\/\/www.freiburg-schwarzwald.de\/blog\/regio\/\">Regio<\/a> &gt;Orte &gt;<a title=\"Freiburg\" href=\"https:\/\/www.freiburg-schwarzwald.de\/blog\/regio\/freiburg\/\">Freiburg<\/a> &gt;Haslach<\/p>\n<div id=\"attachment_3603\" style=\"width: 610px\" class=\"wp-caption alignnone\"><a href=\"https:\/\/www.freiburg-schwarzwald.de\/blog\/engagement\/buergerinitiativen\/freiburgimwandel\/bugginger-freiburg-pan101113\/\" rel=\"attachment wp-att-3603\"><img loading=\"lazy\" decoding=\"async\" aria-describedby=\"caption-attachment-3603\" class=\"size-full wp-image-3603\" title=\"bugginger-freiburg-pan101113\" src=\"https:\/\/www.freiburg-schwarzwald.de\/blog\/wp-content\/uploads\/2012\/05\/bugginger-freiburg-pan101113.jpg\" alt=\"\" width=\"600\" height=\"235\" srcset=\"https:\/\/www.freiburg-schwarzwald.de\/blog\/wp-content\/uploads\/2012\/05\/bugginger-freiburg-pan101113.jpg 600w, https:\/\/www.freiburg-schwarzwald.de\/blog\/wp-content\/uploads\/2012\/05\/bugginger-freiburg-pan101113-180x70.jpg 180w\" sizes=\"auto, (max-width: 600px) 100vw, 600px\" \/><\/a><p id=\"caption-attachment-3603\" class=\"wp-caption-text\">Buggi 50 am 13.11.2010 in Weingarten: Tele-Blick nach Osten \u00fcber Freiburg zu Ro\u00dfkopf-Windr\u00e4dern und Kandel (links)<\/p><\/div>\n<ul>\n<li><a href=\"https:\/\/www.freiburg-schwarzwald.de\/blog\/natur\/umwelt\/laerm\/musikboxen\/\">M\u00f6chten am Wochenende ohne Bass-Beschallung mal den Garten nutzen<\/a>\u00a0(24.7.2023)<\/li>\n<li><a href=\"https:\/\/www.freiburg-schwarzwald.de\/blog\/vauban-ist-ueberall\/\">Vauban ist \u00fcberall<\/a>\u00a0(9.1.2021)<\/li>\n<li><a href=\"https:\/\/www.freiburg-schwarzwald.de\/blog\/gewalt-an-grundschulen-in-fr\/\">https:\/\/www.freiburg-schwarzwald.de\/blog\/gewalt-an-grundschulen-in-fr\/<\/a>\u00a0(14.4.2019)<\/li>\n<li><a href=\"https:\/\/www.freiburg-schwarzwald.de\/blog\/erzaehlcafe-haslach-hennicke\/\">https:\/\/www.freiburg-schwarzwald.de\/blog\/erzaehlcafe-haslach-hennicke\/<\/a> (28.2.2018)<\/li>\n<li><a title=\"Baum\" href=\"https:\/\/www.freiburg-schwarzwald.de\/blog\/natur\/wald\/baum\/\">Selbstherrliche Baumf\u00e4llungen am Haslacher Dorfbach<\/a> (23.3.2016)<\/li>\n<li>Gartenstadt feiert\u00a0100 Jahre &#8211; 1914 &#8211; 2014 (20.5.2014)<\/li>\n<li><a href=\"https:\/\/www.freiburg-schwarzwald.de\/blog\/gartenstadt-haslach-100-jahre\/\">https:\/\/www.freiburg-schwarzwald.de\/blog\/gartenstadt-haslach-100-jahre\/<\/a> (10.1.2014)<\/li>\n<li><a href=\"https:\/\/www.freiburg-schwarzwald.de\/blog\/gutleutmatten-2013-theater\/\">https:\/\/www.freiburg-schwarzwald.de\/blog\/gutleutmatten-2013-theater\/<\/a>\u00a0(12.4.2013)<\/li>\n<li>Bebauung in Haslach &#8211; Wir brauchen Luft zum Durchatmen (19.10.2012)<\/li>\n<li><strong><a href=\"https:\/\/www.freiburg-schwarzwald.de\/littenweiler\/haslach.htm\">www.freiburg-dreisamtal.de\/haslach.htm<\/a> &gt;Archivseite Haslach<\/strong><\/li>\n<li><a href=\"https:\/\/www.freiburg-schwarzwald.de\/littenweiler\/haslach#Bilder\">Bilder vom Freiburger Stadtteil Haslach<\/a><\/li>\n<li><a href=\"https:\/\/www.freiburg-schwarzwald.de\/littenweiler\/haslach.htm#Haslacher Netz: Ehrenamtler f\u00fcr gute Nachbarschaft\">Haslacher Netz: Ehrenamtler f\u00fcr gute Nachbarschaft<\/a> &gt;Haslach (1.12.2009)<\/li>\n<li><a href=\"https:\/\/www.freiburg-schwarzwald.de\/littenweiler\/haslach.htm#Platz am Haslacher Laubenweg\">Platz am Haslacher Laubenweg<\/a><\/li>\n<li><a href=\"https:\/\/www.freiburg-schwarzwald.de\/littenweiler\/weingarten.htm#Nachbarschaftswerk - Sozial-kulturelle Arbeit im Stadtteil\">Stadtteilb\u00fcro vom Nachbarschaftswerk &#8211; Sozial-kulturelle Arbeit im Stadtteil<\/a> &gt;Weingarten<\/li>\n<li><a href=\"https:\/\/www.freiburg-schwarzwald.de\/bibliothek.htm#Freiburg-Haslach: Stadtteilbibliothek in der Staudingerschule\">Stadtteilbibliothek in der Staudingerschule<\/a> &gt;Bibliothek<\/li>\n<li><a href=\"https:\/\/www.freiburg-schwarzwald.de\/littenweiler\/haslach#Treffpunkt St. Michael - Caf\u00e9 und Begegnung\">Treffpunkt St. Michael &#8211; Caf\u00e9 und Begegnung<\/a>&gt;Haslach<\/li>\n<li><a href=\"https:\/\/www.freiburg-schwarzwald.de\/littenweiler\/haslach.htm#Haslacher Netz: Spender gesucht zur Anschlussfinanzierung\">Haslacher Netz: Spender gesucht zur Anschlussfinanzierung<\/a> &gt;Haslach (19.10.2011)<\/li>\n<li><a href=\"https:\/\/www.freiburg-schwarzwald.de\/littenweiler\/haslach#Hannis L\u00e4dele in der Haslacher Gartenstadt\">Hannis L\u00e4dele in der Haslacher Gartenstadt: Nach Umbau neu<\/a> &gt;Haslach (28.1.2011)<\/li>\n<li><a href=\"https:\/\/www.freiburg-schwarzwald.de\/littenweiler\/gutleutmatten.htm#Noch so ein Wunderkind\">Noch so ein Wunderkind<\/a> &gt;Gutleutmatten (14.11.2009)<\/li>\n<li><a href=\"https:\/\/www.freiburg-schwarzwald.de\/behinderung3.htm#Geistig Behinderter von jugendlichem Trio verpr\u00fcgelt\">Geistig Behinderter von jugendlichem Trio verpr\u00fcgelt<\/a> &gt;Behinderung3 (2.12.2008)<\/li>\n<li><a href=\"https:\/\/www.freiburg-schwarzwald.de\/prostitution.htm#Es klingt wie Hohn und Spott - Terminwohnungen\">Es klingt wie Hohn und Spott &#8211; Terminwohnungen<\/a> &gt;Prostitution (23.9.2008)<\/li>\n<li><a href=\"https:\/\/www.freiburg-schwarzwald.de\/naturschutz2.htm#Josef Ruf aus FR-Haslach: Naturschutzwart, Tierfotograph, Nabu-Ehrenamtler\">Josef Ruf aus FR-Haslach: Naturschutzwart, Tierfotograf, Nabu-Ehrenamtler<\/a> &gt;Naturschutz2 (5.9)<\/li>\n<li><a href=\"https:\/\/www.freiburg-schwarzwald.de\/littenweiler\/haslach.htm#Neunaugen im Kronenm\u00fchlebach - Wasserversorgung sichern\">Neunaugen im Kronenm\u00fchlebach &#8211; Wasserversorgung sichern<\/a> &gt;Haslach (3.7.2008)<\/li>\n<li><a href=\"https:\/\/www.freiburg-schwarzwald.de\/littenweiler\/haslach.htm#Gesundheitswochen des Vereins Nachbarschaftswerk ab Montag\">Gesundheitswochen des Vereins Nachbarschaftswerk ab Montag<\/a> &gt;Haslach (7.6.2008)<\/li>\n<li><a href=\"https:\/\/www.freiburg-schwarzwald.de\/insekten.htm#Malven- oder Lindenwanze aus S\u00fcdeuropa: Einwanderer auf sechs Beinen\">Malven- oder Lindenwanze aus S\u00fcdeuropa: Einwanderer auf sechs Beinen<\/a> &gt;Insekten (31.1.08)<\/li>\n<li><a href=\"https:\/\/www.freiburg-schwarzwald.de\/littenweiler\/haslach#Kurt Heinzmann erforscht Geschichte der Familien\">Kurt Heinzmann erforscht Geschichte der Familien<\/a> &gt;Haslach (4.12.2007)<\/li>\n<li><a href=\"https:\/\/www.freiburg-schwarzwald.de\/einewelt4.htm#Bauverein unterst\u00fctzt Ghana-Fahrradprojekt der Schenkendorfschule\">Bauverein unterst\u00fctzt Ghana-Fahrradprojekt der Schenkendorfschule<\/a> &gt;EineWelt4 (20.7.2007)<\/li>\n<li><a href=\"https:\/\/www.freiburg-schwarzwald.de\/littenweiler\/haslach.htm#Alte Schule an Markgrafenstrasse: Mittagstisch fehlt Geld - Sponsoren gesucht\">Alte Schule Markgrafenstrasse: Mittagstisch fehlt Geld &#8211; Sponsoren gesucht<\/a> (27.7.)<\/li>\n<li><a href=\"https:\/\/www.freiburg-schwarzwald.de\/littenweiler\/haslach.htm#In der umgebauten Michaelskapelle servieren Menschen mit Behinderung\">In der umgebauten Michaelskapelle servieren Menschen mit Behinderung<\/a> (20.7.2007)<\/li>\n<li><a href=\"https:\/\/www.freiburg-schwarzwald.de\/littenweiler\/haslach.htm#Treffpunkt St.Michael: Aus Rumpelkammer wird Ort der Begegnung\">Treffpunkt St.Michael: Aus Rumpelkammer wird Ort der Begegnung<\/a> (27.3.2007)<\/li>\n<li><\/li>\n<li><a title=\"Gutleutmatten\" href=\"https:\/\/www.freiburg-schwarzwald.de\/blog\/regio\/freiburg\/haslach\/gutleutmatten\/\">Gutleutmatten <\/a><\/li>\n<li><a href=\"https:\/\/www.freiburg-schwarzwald.de\/littenweiler\/lehen.htm\">Lehen<\/a> &gt;Lehen<\/li>\n<li><a href=\"https:\/\/www.freiburg-schwarzwald.de\/littenweiler\/buggingerstrasse50.htm\">Buggi 50 &#8211; Hochhaus als Passivhaus saniert<\/a> &gt;Buggingerstrasse50<\/li>\n<li><a href=\"https:\/\/www.freiburg-schwarzwald.de\/littenweiler\/bruehl-beurbarung.htm\">Br\u00fchl und Beurbarung &#8211; Stadtteile<\/a> &gt;Bruehl-Beurbarung<\/li>\n<li><a title=\"Mooswald\" href=\"https:\/\/www.freiburg-schwarzwald.de\/blog\/regio\/freiburg\/mooswald\/\">Mooswald<\/a><\/li>\n<li><a title=\"Weingarten\" href=\"https:\/\/www.freiburg-schwarzwald.de\/blog\/regio\/freiburg\/weingarten\/\">Weingarten<\/a><\/li>\n<\/ul>\n<p>&nbsp;<\/p>\n<p><a href=\"https:\/\/www.freiburg-schwarzwald.de\/blog\/regio\/freiburg\/haslach\/haslach-kirche130518\/\" rel=\"attachment wp-att-30577\"><img loading=\"lazy\" decoding=\"async\" class=\"alignnone size-thumbnail wp-image-30577\" title=\"haslach-kirche130518\" src=\"https:\/\/www.freiburg-schwarzwald.de\/blog\/wp-content\/uploads\/2012\/10\/haslach-kirche130518-135x180.jpg\" alt=\"\" width=\"135\" height=\"180\" srcset=\"https:\/\/www.freiburg-schwarzwald.de\/blog\/wp-content\/uploads\/2012\/10\/haslach-kirche130518-135x180.jpg 135w, https:\/\/www.freiburg-schwarzwald.de\/blog\/wp-content\/uploads\/2012\/10\/haslach-kirche130518.jpg 480w\" sizes=\"auto, (max-width: 135px) 100vw, 135px\" \/><\/a>\u00a0\u00a0\u00a0\u00a0\u00a0\u00a0\u00a0\u00a0\u00a0\u00a0\u00a0\u00a0\u00a0\u00a0\u00a0\u00a0\u00a0 <a href=\"https:\/\/www.freiburg-schwarzwald.de\/blog\/natur\/landwirt\/urban-gardening\/haslach-urbangaertnern130518\/\" rel=\"attachment wp-att-30562\"><img loading=\"lazy\" decoding=\"async\" class=\"alignnone size-thumbnail wp-image-30562\" title=\"haslach-urbangaertnern130518\" src=\"https:\/\/www.freiburg-schwarzwald.de\/blog\/wp-content\/uploads\/2012\/07\/haslach-urbangaertnern130518-180x135.jpg\" alt=\"\" width=\"180\" height=\"135\" srcset=\"https:\/\/www.freiburg-schwarzwald.de\/blog\/wp-content\/uploads\/2012\/07\/haslach-urbangaertnern130518-180x135.jpg 180w, https:\/\/www.freiburg-schwarzwald.de\/blog\/wp-content\/uploads\/2012\/07\/haslach-urbangaertnern130518.jpg 640w\" sizes=\"auto, (max-width: 180px) 100vw, 180px\" \/><\/a>\u00a0 \u00a0 \u00a0 \u00a0 \u00a0 \u00a0 \u00a0 \u00a0<a href=\"https:\/\/www.freiburg-schwarzwald.de\/blog\/regio\/freiburg\/haslach\/haslach-weingarten-rieselfeld2016\/\" rel=\"attachment wp-att-63267\"><img loading=\"lazy\" decoding=\"async\" class=\"alignnone size-thumbnail wp-image-63267\" src=\"https:\/\/www.freiburg-schwarzwald.de\/blog\/wp-content\/uploads\/2012\/10\/haslach-weingarten-rieselfeld2016-180x116.jpg\" alt=\"haslach-weingarten-rieselfeld2016\" width=\"180\" height=\"116\" srcset=\"https:\/\/www.freiburg-schwarzwald.de\/blog\/wp-content\/uploads\/2012\/10\/haslach-weingarten-rieselfeld2016-180x116.jpg 180w, https:\/\/www.freiburg-schwarzwald.de\/blog\/wp-content\/uploads\/2012\/10\/haslach-weingarten-rieselfeld2016.jpg 627w\" sizes=\"auto, (max-width: 180px) 100vw, 180px\" \/><\/a><br \/>\n(1) Haslacher Kirche 18.5.2013\u00a0 (2) <a href=\"mailto:haslachgaertnert@web.de\">haslachgaertnert@web.de<\/a> Bandel-Anlage 18.5.2013<\/p>\n<p>&nbsp;<\/p>\n<p><strong>Gartenstadt feiert\u00a0100 Jahre &#8211; 1914 &#8211; 2014<\/strong><\/p>\n<p><a href=\"https:\/\/www.freiburg-schwarzwald.de\/blog\/regio\/freiburg\/haslach\/gartenstadt1-ost140525\/\" rel=\"attachment wp-att-48220\"><img loading=\"lazy\" decoding=\"async\" class=\"alignnone size-thumbnail wp-image-48220\" src=\"https:\/\/www.freiburg-schwarzwald.de\/blog\/wp-content\/uploads\/2012\/10\/gartenstadt1-ost140525-180x135.jpg\" alt=\"gartenstadt1-ost140525\" width=\"180\" height=\"135\" srcset=\"https:\/\/www.freiburg-schwarzwald.de\/blog\/wp-content\/uploads\/2012\/10\/gartenstadt1-ost140525-180x135.jpg 180w, https:\/\/www.freiburg-schwarzwald.de\/blog\/wp-content\/uploads\/2012\/10\/gartenstadt1-ost140525.jpg 640w\" sizes=\"auto, (max-width: 180px) 100vw, 180px\" \/><\/a>\u00a0\u00a0\u00a0\u00a0\u00a0\u00a0\u00a0\u00a0\u00a0 <a href=\"https:\/\/www.freiburg-schwarzwald.de\/blog\/regio\/freiburg\/haslach\/gartenstadt1-west140525\/\" rel=\"attachment wp-att-48221\"><img loading=\"lazy\" decoding=\"async\" class=\"alignnone size-thumbnail wp-image-48221\" src=\"https:\/\/www.freiburg-schwarzwald.de\/blog\/wp-content\/uploads\/2012\/10\/gartenstadt1-west140525-180x135.jpg\" alt=\"gartenstadt1-west140525\" width=\"180\" height=\"135\" srcset=\"https:\/\/www.freiburg-schwarzwald.de\/blog\/wp-content\/uploads\/2012\/10\/gartenstadt1-west140525-180x135.jpg 180w, https:\/\/www.freiburg-schwarzwald.de\/blog\/wp-content\/uploads\/2012\/10\/gartenstadt1-west140525.jpg 640w\" sizes=\"auto, (max-width: 180px) 100vw, 180px\" \/><\/a>\u00a0\u00a0\u00a0\u00a0\u00a0\u00a0\u00a0\u00a0\u00a0 <a href=\"https:\/\/www.freiburg-schwarzwald.de\/blog\/regio\/freiburg\/haslach\/gartenstadt3ost140525\/\" rel=\"attachment wp-att-48222\"><img loading=\"lazy\" decoding=\"async\" class=\"alignnone size-thumbnail wp-image-48222\" src=\"https:\/\/www.freiburg-schwarzwald.de\/blog\/wp-content\/uploads\/2012\/10\/gartenstadt3ost140525-180x135.jpg\" alt=\"gartenstadt3ost140525\" width=\"180\" height=\"135\" srcset=\"https:\/\/www.freiburg-schwarzwald.de\/blog\/wp-content\/uploads\/2012\/10\/gartenstadt3ost140525-180x135.jpg 180w, https:\/\/www.freiburg-schwarzwald.de\/blog\/wp-content\/uploads\/2012\/10\/gartenstadt3ost140525.jpg 640w\" sizes=\"auto, (max-width: 180px) 100vw, 180px\" \/><\/a><br \/>\n(1) Gartenseite Osten \u00a025.5.2014\u00a0 (2) Gartenseite nach Westen\u00a0 (3) Gartenidyll Gartenstadt<\/p>\n<p>Das etwa 30 Personen umfassende Nachbarschaftskomitee &#8222;100 Jahre Gartenstadt&#8220; hat ein umfassendes Programm zusammengestellt:<\/p>\n<p><strong><br \/>\nSamstag, 24. Mai: Er\u00f6ffnung und Tag der offenen G\u00e4rten<\/strong><br \/>\nUm 12 Uhr beginnen die Feierlichkeiten &#8222;100 Jahre Gartenstadt&#8220;\u00a0mit einer Rede von Baub\u00fcrgermeister Martin Haag und einer Begr\u00fc\u00dfung von Hubert Nixdorf, dem Vorsitzenden des Lokalvereins. Ab 13 Uhr dann laden mehr als 20 Bewohner der Gartenstadt bis 18 Uhr in ihre G\u00e4rten ein; zu sehen sind H\u00fchnerhaltung, Bienenzucht oder Gartenstadtmarmelade, es gibt Lyrik im Garten und eine Kinderrallye. Um 15 Uhr dann geht es mit Vistatour anderthalb Stunden lang und kostenlos durch die Siedlung; Startpunkt der geschichtlichen F\u00fchrung ist das Entenmosaik beim Hallenbad.<\/p>\n<p><strong>Samstag, 5. Juli: Wei\u00dfer Tisch<\/strong><br \/>\nEtwas ganz Besonderes und haupts\u00e4chlich f\u00fcr die Anwohner selbst ist die Veranstaltung &#8222;Wei\u00dfer Tisch&#8220;: An wei\u00dfen Tischen sitzen ab 18 Uhr wei\u00dfgekleidete Anwohner im Eichendorffweg zusammen und picknicken zusammen. Vorbild ist das Pariser &#8222;Diner en blanc&#8220;.<\/p>\n<p><strong>Freitag, 11. Juli: Vortrag<\/strong><br \/>\n&#8222;Zukunftsvision oder Auslaufmodell?&#8220; \u2013 diese Frage zur Gartenstadt stellt sich der ehemalige Planungsamtsleiter Wulf Daseking in seinem Vortrag um 18.30 Uhr in der Stadtteilbibliothek Haslach.<\/p>\n<p><strong>Samstag, 19. Juli: Vorspiel zur Haslacher Hofmusik<\/strong><br \/>\nVon 15.30 bis 17 Uhr \u2013 in drei Bl\u00f6cken \u00e0 20 Minuten \u2013 spielt Musik von der Harmonika bis zum Blasorchester in zw\u00f6lf verschiedenen G\u00e4rten.<\/p>\n<p><strong>Sonntag, 14. September: Matinee zu den Stra\u00dfennamen<\/strong><br \/>\nWie kam die Gartenstadt im Stadtteil Haslach eigentlich zu ihren Stra\u00dfennamen? Um 11.15 Uhr gibt es bei der Melanchthonkirche Infos \u00fcber und Texte von den Namensgebern.<\/p>\n<p><strong>Samstag, 27. September: Spiel- und Sporttag<\/strong><br \/>\nRund um den Englerplatz geht es von 14 bis 17 Uhr um Spiel und Sport, etwa beim Fu\u00dfballturnier der einzelnen Stra\u00dfen gegeneinander oder bei der Kinder-Gartenstadtolympiade.<\/p>\n<p><strong>Sonntag, 5. Oktober: Ausstellungser\u00f6ffnung<\/strong><br \/>\nIn der Scheune bei der Melanchthonkirche wird um 11.30 Uhr eine Ausstellung er\u00f6ffnet, anschlie\u00dfend Erz\u00e4hlcaf\u00e9: Derzeitige und ehemalige Bewohner der Gartenstadt erz\u00e4hlen, wie es fr\u00fcher hier war.<\/p>\n<p><strong>Samstag, 11. Oktober: Pflanzen- tauschb\u00f6rse, Geschichtsf\u00fchrung<\/strong><br \/>\nVon 11 bis 12 Uhr kann jeder, der Pflanzen \u00fcbrig hat, diese auf dem Englerplatz tauschen oder abgeben. Um 15 Uhr f\u00fchrt Vistatour durch die Siedlung. Kosten:10 Euro; Treffpunkt beim Entenmosaik am Hallenbad.<\/p>\n<p><strong>Montag, 3. November: Bilderabend<\/strong><br \/>\nRudi Eisenmann zeigt um 19 Uhr im Carlsbau, Feldbergstra\u00dfe 3a, alte und neue Bilder der Gartenstadt<\/p>\n<p><strong>Samstag, 6. Dezember: Stimmungs- volle Beleuchtung der Gartenstadt<\/strong><br \/>\nFackeln, Lampions, Lichterketten \u2013 ab 17.30 Uhr werden die Bewohner ihre Gartenstadt hell erleuchten. Um 18 Uhr dann beginnt auf dem Englerplatz die Adventskalenderaktion.<\/p>\n<div>Alles zum Jubil\u00e4umsjahr unter\u00a0<a title=\"\" href=\"https:\/\/www.gartenstadt-freiburg.de\/\" target=\"_blank\" rel=\"noopener\">https:\/\/www.gartenstadt-freiburg.de<\/a><\/div>\n<div><\/div>\n<p>Bericht zum &#8222;Tag der offenen G\u00e4rten am 24.5.2014&#8220;:<br \/>\n<a href=\"https:\/\/www.badische-zeitung.de\/freiburg-suedwest\/eine-einladende-idylle-vor-der-tuer--85417406.html\">https:\/\/www.badische-zeitung.de\/freiburg-suedwest\/eine-einladende-idylle-vor-der-tuer&#8211;85417406.html<\/a><br \/>\n.<br \/>\n<strong>Harmonie in F\u00e4cherform<br \/>\n<\/strong>Die Gartenstadt war eine Idee aus England und revolutionierte in Haslach vor 100 Jahren das Wohnen f\u00fcr \u00e4rmere Menschen.\u00a0Die unter Denkmalschutz stehende Gartenstadt im Stadtteil Haslach ist aus dem Stadtbild nicht mehr wegzudenken \u2013 dabei war das Projekt zu Beginn sehr umstritten. &#8222;Der Staat kann doch nicht jedem eine Villa bauen!&#8220; m\u00e4kelten einige Architekten und Baur\u00e4te, als sich im Juli 1913 die &#8222;Gemeinn\u00fctzige Gartenvorstadt e.V. Freiburg im Breisgau&#8220; anschickte, das Arbeiterwohnen zu revolutionieren. Denn die aufgelockerte Bauweise sollte ein Gegenst\u00fcck sein zu den unw\u00fcrdigen Bedingungen in tristen Mietskasernen und unsanierten Altstadtquartieren. &#8230;.<br \/>\nAlles vom 23.5.2014 bitte lesen auf<br \/>\n<a href=\"https:\/\/www.badische-zeitung.de\/freiburg\/harmonie-in-faecherform--85235050.html\">https:\/\/www.badische-zeitung.de\/freiburg\/harmonie-in-faecherform&#8211;85235050.html<\/a><br \/>\n.<br \/>\n<strong>Luftkollektoren &#8211; Denkmalschutz aus Plexiglas<\/strong><br \/>\nSeitdem die Luftkollektoren auf dem Haus in der Freiligrathstra\u00dfe 70 montiert worden seien, werde sie permanent angesprochen, berichtet Margot Queitsch. Das Geb\u00e4ude gilt als Referenzobjekt f\u00fcr die Siedlung, die in diesem Jahr ihr 100-j\u00e4hriges Bestehen feiert. An dem Haus wird in einem zweij\u00e4hrigen Forschungslauf erprobt, ob sich die alternative Sanierungsform bew\u00e4hrt . Das Projekt wird vom Bundesinstitut f\u00fcr Bau-, Stadt- und Raumforschung mit 342 000 Euro bezuschusst, weitere 18 000 Euro kommen von der Stadt Freiburg. Das Pilotgeb\u00e4ude geh\u00f6rt dem st\u00e4dtischen Tochterunternehmen Freiburger Stadtbau. &#8230;.. Alles vom 3.5.2014 bitte lesen auf<br \/>\n<a href=\"https:\/\/www.badische-zeitung.de\/freiburg\/denkmalschutz-aus-plexiglas-bewohner-kritisieren-dimension-der-kollektoren--84253388.html\">https:\/\/www.badische-zeitung.de\/freiburg\/denkmalschutz-aus-plexiglas-bewohner-kritisieren-dimension-der-kollektoren&#8211;84253388.html<\/a><\/p>\n<p><strong>Bebauung in Haslach &#8211; Wir brauchen Luft zum Durchatmen<\/strong><\/p>\n<p>Zum Bebauungsplan &#8222;Am Kronenm\u00fchlebach&#8220; mit rund 70 Wohnungen: Wir leben in Haslach \u2013 und tun es gerne. Es ist ein sehr lebendiger, integrativer Stadtteil, und ist f\u00fcr viele Menschen unterschiedlicher Herkunft Heimat. Aber auch wir brauchen hier freie Fl\u00e4chen, damit wir uns erholen und entfalten k\u00f6nnen, wie auch in anderen Stadtteilen. Es gibt hier vielleicht nicht so viele sehr gut ausgebildete Menschen, die sich sofort in B\u00fcrgervereinen oder B\u00fcrgerinitiativen zusammen tun, um wie derzeit die Bebauung der Wonnhalde oder der Maria-Hilf-Wiese zu verhindern. Gerade in den sozial benachteiligten Stadtteilen gilt es umso mehr f\u00fcr den Erhalt von Naherholungsfl\u00e4chen zu sorgen. Leider ist diese Klientel nicht gleich in der Lage, eine B\u00fcrgerinitiative zu gr\u00fcnden. Unsere Bolzpl\u00e4tze werden dringend ben\u00f6tigt, sie sind bei jedem Wetter stark frequentiert. Die wenigen verbliebenen Schreberg\u00e4rten sind gerade f\u00fcr Menschen ohne Garten ein wichtiges Erholungsgebiet. Mit dem geplanten Bau von &#8222;Gutleutmatten&#8220; wurden und werden uns schon erhebliche Gr\u00fcnfl\u00e4chen weggenommen. Damit wir hier weiter so gut zusammenleben, m\u00f6chte ich daher f\u00fcr den Erhalt des Bolzplatzes an der Markgrafenstra\u00dfe und der benachbarten Schreberg\u00e4rten eintreten. In diesem Zusammenhang sollte auch der Klimaentwicklung Rechnung getragen werden. Wir ben\u00f6tigen auch in Zukunft freie Fl\u00e4chen zum Durchatmen. Schade, dass man das einem &#8222;gr\u00fcnen&#8220; B\u00fcrgermeister immer wieder einmal klar machen muss.<br \/>\n19.10.2012, Susanne und Peter Tr\u00e4nkle, Haslach<\/p>\n<p>&nbsp;<\/p>\n","protected":false},"excerpt":{"rendered":"<p>Home &gt;Regio &gt;Orte &gt;Freiburg &gt;Haslach M\u00f6chten am Wochenende ohne Bass-Beschallung mal den Garten nutzen\u00a0(24.7.2023) Vauban ist \u00fcberall\u00a0(9.1.2021) https:\/\/www.freiburg-schwarzwald.de\/blog\/gewalt-an-grundschulen-in-fr\/\u00a0(14.4.2019) https:\/\/www.freiburg-schwarzwald.de\/blog\/erzaehlcafe-haslach-hennicke\/ (28.2.2018) Selbstherrliche Baumf\u00e4llungen am Haslacher Dorfbach (23.3.2016) Gartenstadt feiert\u00a0100 Jahre &#8211; 1914 &#8211; 2014 (20.5.2014) https:\/\/www.freiburg-schwarzwald.de\/blog\/gartenstadt-haslach-100-jahre\/ (10.1.2014) https:\/\/www.freiburg-schwarzwald.de\/blog\/gutleutmatten-2013-theater\/\u00a0(12.4.2013) Bebauung in Haslach &hellip; <a href=\"https:\/\/www.freiburg-schwarzwald.de\/blog\/regio\/freiburg\/haslach\/\">Weiterlesen <span class=\"meta-nav\">&rarr;<\/span><\/a><\/p>\n","protected":false},"author":4,"featured_media":0,"parent":389,"menu_order":0,"comment_status":"open","ping_status":"closed","template":"","meta":{"footnotes":""},"class_list":["post-13340","page","type-page","status-publish","hentry"],"_links":{"self":[{"href":"https:\/\/www.freiburg-schwarzwald.de\/blog\/wp-json\/wp\/v2\/pages\/13340","targetHints":{"allow":["GET"]}}],"collection":[{"href":"https:\/\/www.freiburg-schwarzwald.de\/blog\/wp-json\/wp\/v2\/pages"}],"about":[{"href":"https:\/\/www.freiburg-schwarzwald.de\/blog\/wp-json\/wp\/v2\/types\/page"}],"author":[{"embeddable":true,"href":"https:\/\/www.freiburg-schwarzwald.de\/blog\/wp-json\/wp\/v2\/users\/4"}],"replies":[{"embeddable":true,"href":"https:\/\/www.freiburg-schwarzwald.de\/blog\/wp-json\/wp\/v2\/comments?post=13340"}],"version-history":[{"count":3,"href":"https:\/\/www.freiburg-schwarzwald.de\/blog\/wp-json\/wp\/v2\/pages\/13340\/revisions"}],"predecessor-version":[{"id":113929,"href":"https:\/\/www.freiburg-schwarzwald.de\/blog\/wp-json\/wp\/v2\/pages\/13340\/revisions\/113929"}],"up":[{"embeddable":true,"href":"https:\/\/www.freiburg-schwarzwald.de\/blog\/wp-json\/wp\/v2\/pages\/389"}],"wp:attachment":[{"href":"https:\/\/www.freiburg-schwarzwald.de\/blog\/wp-json\/wp\/v2\/media?parent=13340"}],"curies":[{"name":"wp","href":"https:\/\/api.w.org\/{rel}","templated":true}]}}