{"id":132874,"date":"2025-04-17T21:09:11","date_gmt":"2025-04-17T19:09:11","guid":{"rendered":"https:\/\/www.freiburg-schwarzwald.de\/blog\/?page_id=132874"},"modified":"2026-04-26T10:37:58","modified_gmt":"2026-04-26T08:37:58","slug":"unterricht","status":"publish","type":"page","link":"https:\/\/www.freiburg-schwarzwald.de\/blog\/bildung\/schulen\/unterricht\/","title":{"rendered":"Unterricht"},"content":{"rendered":"<p>Home &gt;<a title=\"Bildung\" href=\"https:\/\/www.freiburg-schwarzwald.de\/blog\/bildung\/\">Bildung<\/a>\u00a0&gt;<a title=\"Schulen\" href=\"https:\/\/www.freiburg-schwarzwald.de\/blog\/bildung\/schulen\/\">Schulen<\/a>&gt;<a href=\"https:\/\/www.freiburg-schwarzwald.de\/blog\/bildung\/bildungsprekariat\/\">Bildungsprekariat<\/a> &gt;<a href=\"https:\/\/www.freiburg-schwarzwald.de\/blog\/bildung\/schulen\/schulen-migration\/\">Schulen-Migration<\/a> &gt;Unterricht<\/p>\n<div id=\"attachment_132671\" style=\"width: 650px\" class=\"wp-caption alignnone\"><a href=\"https:\/\/www.freiburg-schwarzwald.de\/blog\/wp-content\/uploads\/2025\/04\/storch-freiburg-ebnet-dreisamtal-pan250408.jpg\"><img loading=\"lazy\" decoding=\"async\" aria-describedby=\"caption-attachment-132671\" class=\"size-full wp-image-132671\" src=\"https:\/\/www.freiburg-schwarzwald.de\/blog\/wp-content\/uploads\/2025\/04\/storch-freiburg-ebnet-dreisamtal-pan250408.jpg\" alt=\"\" width=\"640\" height=\"407\" srcset=\"https:\/\/www.freiburg-schwarzwald.de\/blog\/wp-content\/uploads\/2025\/04\/storch-freiburg-ebnet-dreisamtal-pan250408.jpg 640w, https:\/\/www.freiburg-schwarzwald.de\/blog\/wp-content\/uploads\/2025\/04\/storch-freiburg-ebnet-dreisamtal-pan250408-180x114.jpg 180w\" sizes=\"auto, (max-width: 640px) 100vw, 640px\" \/><\/a><p id=\"caption-attachment-132671\" class=\"wp-caption-text\">Blick nach Westen im Dreisamtal auf Freiburg-Ebnet am 8.4.2025 &#8211; 13 St\u00f6rche<\/p><\/div>\n<p>&nbsp;<\/p>\n<ul>\n<li><em>Listenauswahl eines Beitrags (Artikel\/Datum, Seite\/Inhalt):\u00a0<span style=\"text-decoration: underline;\">Klicken<\/span>\u00a0oder scrollen<\/em><\/li>\n<li><a href=\"https:\/\/www.freiburg-schwarzwald.de\/blog\/bildung\/schulen\/schulpflicht\/\">Nicht der Pflicht zu gen\u00fcgen: Schulpflicht \u2013 Hausunterricht<\/a>\u00a0(24.4.2026)<\/li>\n<li><a href=\"https:\/\/www.freiburg-schwarzwald.de\/blog\/schule-gewalt-gegen-den-staat\/\">Schule: Gewalt gegen den Staat<\/a>\u00a0(11.4.2026)<\/li>\n<li>Deutschlands Schulen zwischen Scharia und Indoktrination (19.12.2025)<\/li>\n<li><a href=\"https:\/\/www.freiburg-schwarzwald.de\/blog\/grundschulunterricht-unmoeglich\/\">Grundschulunterricht unm\u00f6glich<\/a>\u00a0(13.12.2025)<\/li>\n<li><a href=\"https:\/\/www.freiburg-schwarzwald.de\/blog\/bildung\/lehrer\/lehrer-abschied\/\">Abschiedsrede aus Bielefeld zeigt, wie sehr sich Unterricht ver\u00e4ndert<\/a>\u00a0(1.9.2025)<\/li>\n<li><a href=\"https:\/\/www.freiburg-schwarzwald.de\/blog\/junge-christen-als-minderheit\/\">Junge Christen als Minderheit<\/a>\u00a0(24.4.2025)<\/li>\n<li><a href=\"https:\/\/www.freiburg-schwarzwald.de\/blog\/bildung\/lehrer\/lehrer-respekt\/\">Die herausgeforderte Schule: \u201ekann es keinen geordneten Unterricht geben\u201c<\/a>\u00a0(14.4.2025)<\/li>\n<li><\/li>\n<li><a href=\"https:\/\/www.freiburg-schwarzwald.de\/blog\/bildung\/lehrer\/lehrer-abschied\/\">Lehrer-Abschied<\/a><\/li>\n<li><a href=\"https:\/\/www.freiburg-schwarzwald.de\/blog\/bildung\/schulen\/schulpflicht\/\">Schulpflicht<\/a><\/li>\n<\/ul>\n<p><strong>Geordneter Unterricht &#8211; an immer mehr Schulen nicht m\u00f6glich<br \/>\n<\/strong>&#8211; trotz 40 maligem &#8222;K\u00f6nnt ihr bitte mal ruhig sein&#8220;<br \/>\n==============================================================<\/p>\n<p>&nbsp;<\/p>\n<p><strong>Deutschlands Schulen zwischen Scharia und Indoktrination<\/strong><br \/>\nDas deutsche Bildungssystem ist au\u00dfer Kontrolle \u2013 und Schulen sind zu Kampfzonen geworden. Dabei werden Sch\u00fcler gleich mit zwei Ph\u00e4nomenen konfrontiert:<br \/>\n<em><strong>Von unten<\/strong><\/em> mit einem Migrationsdruck, der daf\u00fcr sorgt, dass Lehrer vor Klassen ohne Deutschkenntnisse unterrichten m\u00fcssen, dass Islamismus an der Tagesordnung steht und sich teils archaische Gewalt Bahn bricht.<br \/>\n<em><strong>Von oben<\/strong><\/em> hingegen begegnen ihnen Lehrer, die einem \u201eKampf gegen Rechts\u201c fr\u00f6nen, gegen die Neutralit\u00e4tspflicht versto\u00dfen und linksgr\u00fcne Indoktrination vorantreiben.<br \/>\n<a href=\"https:\/\/www.youtube.com\/watch?v=PibGlYFCSYw\">https:\/\/www.youtube.com\/watch?v=PibGlYFCSYw<\/a><br \/>\n.<br \/>\nNIUS-Reporter Jan A. Karon und die stellvertretende Chefredakteurin Pauline Voss reisten durch das deutsche Bundesgebiet und die \u00f6sterreichische Hauptstadt Wien, um mit Sch\u00fclern, Eltern, Lehrern und Experten zu sprechen. Im NIUS-Original \u201eKampfzone Klassenzimmer\u201c kommen sie zu dem d\u00fcsteren Schluss: An keinem Ort zeigt sich so sehr, wie sehr die Gesellschaft implodiert, wie an Schulen. Leidtragende sind unsere Sch\u00fcler \u2013 mit und ohne Migrationshintergrund.<\/p>\n<p>&#8222;Es gibt keine Berufsgruppe, die mehr Angst vor der Obrigkeit hat, als Lehrer&#8220; (Arche)<br \/>\n<a href=\"https:\/\/www.freiburg-schwarzwald.de\/blog\/schule-bildung-migration\/\">Josef Kraus<\/a><\/p>\n<p><em>Peter Hoeres: Rechts und links<\/em><br \/>\n<em>Zur Karriere einer folgenreichen Unterscheidung in Geschichte und Gegenwart<\/em><br \/>\n<em>zuKlampen! Verlag, 216 S., 24 Euro<\/em><br \/>\n<em>Peter Hoeres, Historiker Uni W\u00fcrzburg<\/em><br \/>\n<em><a href=\"https:\/\/www.die-tagespost.de\/kultur\/feuilleton\/die-linken-aktivisten-halten-den-pluralismus-nicht-aus-art-261781\">https:\/\/www.die-tagespost.de\/kultur\/feuilleton\/die-linken-aktivisten-halten-den-pluralismus-nicht-aus-art-261781<\/a><\/em><\/p>\n<p>19.12.2025<br \/>\n<a href=\"https:\/\/www.bayerische-staatszeitung.de\/staatszeitung\/politik\/detailansicht-politik\/artikel\/kontrovers-diskutieren-an-unis-immer-oefter-ist-das-nicht-mehr-erwuenscht.html\">https:\/\/www.bayerische-staatszeitung.de\/staatszeitung\/politik\/detailansicht-politik\/artikel\/kontrovers-diskutieren-an-unis-immer-oefter-ist-das-nicht-mehr-erwuenscht.html<\/a><br \/>\n&#8230;<br \/>\n&#8230; Alles vom 19.12.2025 von Pauline Voss und Jan A. Karon bitte lesen auf<br \/>\n<a href=\"https:\/\/www.nius.de\/episodes\/deutschlands-schulen-zwischen-scharia-und-indoktrination-nius-original\">https:\/\/www.nius.de\/episodes\/deutschlands-schulen-zwischen-scharia-und-indoktrination-nius-original<\/a><\/p>\n<p>&nbsp;<\/p>\n","protected":false},"excerpt":{"rendered":"<p>Home &gt;Bildung\u00a0&gt;Schulen&gt;Bildungsprekariat &gt;Schulen-Migration &gt;Unterricht &nbsp; Listenauswahl eines Beitrags (Artikel\/Datum, Seite\/Inhalt):\u00a0Klicken\u00a0oder scrollen Nicht der Pflicht zu gen\u00fcgen: Schulpflicht \u2013 Hausunterricht\u00a0(24.4.2026) Schule: Gewalt gegen den Staat\u00a0(11.4.2026) Deutschlands Schulen zwischen Scharia und Indoktrination (19.12.2025) Grundschulunterricht unm\u00f6glich\u00a0(13.12.2025) Abschiedsrede aus Bielefeld zeigt, wie sehr sich &hellip; <a href=\"https:\/\/www.freiburg-schwarzwald.de\/blog\/bildung\/schulen\/unterricht\/\">Weiterlesen <span class=\"meta-nav\">&rarr;<\/span><\/a><\/p>\n","protected":false},"author":2,"featured_media":0,"parent":209,"menu_order":0,"comment_status":"closed","ping_status":"closed","template":"","meta":{"footnotes":""},"class_list":["post-132874","page","type-page","status-publish","hentry"],"_links":{"self":[{"href":"https:\/\/www.freiburg-schwarzwald.de\/blog\/wp-json\/wp\/v2\/pages\/132874","targetHints":{"allow":["GET"]}}],"collection":[{"href":"https:\/\/www.freiburg-schwarzwald.de\/blog\/wp-json\/wp\/v2\/pages"}],"about":[{"href":"https:\/\/www.freiburg-schwarzwald.de\/blog\/wp-json\/wp\/v2\/types\/page"}],"author":[{"embeddable":true,"href":"https:\/\/www.freiburg-schwarzwald.de\/blog\/wp-json\/wp\/v2\/users\/2"}],"replies":[{"embeddable":true,"href":"https:\/\/www.freiburg-schwarzwald.de\/blog\/wp-json\/wp\/v2\/comments?post=132874"}],"version-history":[{"count":5,"href":"https:\/\/www.freiburg-schwarzwald.de\/blog\/wp-json\/wp\/v2\/pages\/132874\/revisions"}],"predecessor-version":[{"id":148355,"href":"https:\/\/www.freiburg-schwarzwald.de\/blog\/wp-json\/wp\/v2\/pages\/132874\/revisions\/148355"}],"up":[{"embeddable":true,"href":"https:\/\/www.freiburg-schwarzwald.de\/blog\/wp-json\/wp\/v2\/pages\/209"}],"wp:attachment":[{"href":"https:\/\/www.freiburg-schwarzwald.de\/blog\/wp-json\/wp\/v2\/media?parent=132874"}],"curies":[{"name":"wp","href":"https:\/\/api.w.org\/{rel}","templated":true}]}}