{"id":132507,"date":"2025-04-05T21:21:32","date_gmt":"2025-04-05T19:21:32","guid":{"rendered":"https:\/\/www.freiburg-schwarzwald.de\/blog\/?page_id=132507"},"modified":"2025-04-05T21:31:36","modified_gmt":"2025-04-05T19:31:36","slug":"psychisch-krank","status":"publish","type":"page","link":"https:\/\/www.freiburg-schwarzwald.de\/blog\/business\/gesund\/krankheit\/psychisch-krank\/","title":{"rendered":"psychisch-krank"},"content":{"rendered":"<p>Home &gt;<a title=\"Business\" href=\"https:\/\/www.freiburg-schwarzwald.de\/blog\/business\/\">Business<\/a>\u00a0&gt;<a title=\"Gesund\" href=\"https:\/\/www.freiburg-schwarzwald.de\/blog\/business\/gesund\/\">Gesund<\/a>\u00a0&gt;<a href=\"https:\/\/www.freiburg-schwarzwald.de\/blog\/business\/gesund\/klinik\/\">Klinik<\/a> &gt;<a href=\"https:\/\/www.freiburg-schwarzwald.de\/blog\/business\/gesund\/krankheit\/\">Krankheit<\/a> &gt;psychisch-krank<\/p>\n<div id=\"attachment_131569\" style=\"width: 651px\" class=\"wp-caption alignnone\"><a href=\"https:\/\/www.freiburg-schwarzwald.de\/blog\/wp-content\/uploads\/2025\/03\/meer-lalonde112abends-pan250225.jpg\"><img loading=\"lazy\" decoding=\"async\" aria-describedby=\"caption-attachment-131569\" class=\"size-full wp-image-131569\" src=\"https:\/\/www.freiburg-schwarzwald.de\/blog\/wp-content\/uploads\/2025\/03\/meer-lalonde112abends-pan250225.jpg\" alt=\"\" width=\"641\" height=\"365\" srcset=\"https:\/\/www.freiburg-schwarzwald.de\/blog\/wp-content\/uploads\/2025\/03\/meer-lalonde112abends-pan250225.jpg 641w, https:\/\/www.freiburg-schwarzwald.de\/blog\/wp-content\/uploads\/2025\/03\/meer-lalonde112abends-pan250225-180x102.jpg 180w\" sizes=\"auto, (max-width: 641px) 100vw, 641px\" \/><\/a><p id=\"caption-attachment-131569\" class=\"wp-caption-text\">Abendsport am Strand bei la Londe an der Cote d&#8217;Azur 25.2.2025<\/p><\/div>\n<ul>\n<li><em>Listenauswahl eines Beitrags (Artikel\/Datum, Seite\/Inhalt): <span style=\"text-decoration: underline;\">Klicken<\/span> oder scrollen<\/em><\/li>\n<li>Albrecht K\u00fcnstle: Psychisch krankes Deutschland (3.4.2025)<\/li>\n<li><\/li>\n<li><a href=\"https:\/\/www.freiburg-schwarzwald.de\/blog\/selbsthilfe\/psyche\/\">Psyche<\/a><\/li>\n<li><a href=\"https:\/\/www.freiburg-schwarzwald.de\/blog\/engagement\/zukunft\/angst\/angstmachen\/\">Angstmachen<\/a><\/li>\n<li><a href=\"https:\/\/www.freiburg-schwarzwald.de\/blog\/business\/gesund\/arzt\/\">Arzt<\/a><\/li>\n<li><a href=\"https:\/\/www.freiburg-schwarzwald.de\/blog\/business\/gesund\/corona-virus\/corona-tod\/\">Corona-Tod<\/a><\/li>\n<li><a href=\"https:\/\/www.freiburg-schwarzwald.de\/blog\/business\/gesund\/corona-virus\/impfung\/\">Impfung<\/a><\/li>\n<li><a href=\"https:\/\/www.freiburg-schwarzwald.de\/blog\/business\/gesund\/klinik\/\">Klinik<\/a><\/li>\n<li><a href=\"https:\/\/www.freiburg-schwarzwald.de\/blog\/business\/gesund\/arzt\/kuelken\/\">Dr. K\u00fclken<\/a><\/li>\n<li><a href=\"https:\/\/www.freiburg-schwarzwald.de\/blog\/business\/gesund\/corona-virus\/long-covid\/\">Long-Covid<\/a><\/li>\n<li><a href=\"https:\/\/www.freiburg-schwarzwald.de\/blog\/business\/gesund\/medizinethik\/\">Medizinethik<\/a><\/li>\n<li><a href=\"https:\/\/www.freiburg-schwarzwald.de\/blog\/business\/gesund\/arzt\/nuernberger-kodex\/\">N\u00fcrnberger-Kodex<\/a><\/li>\n<li><a href=\"https:\/\/www.freiburg-schwarzwald.de\/blog\/business\/gesund\/patient\/\">Patient<\/a><\/li>\n<li><a href=\"https:\/\/www.freiburg-schwarzwald.de\/blog\/business\/gesund\/corona-virus\/post-vac\/\">Post-Vac<\/a><\/li>\n<li><a href=\"https:\/\/www.freiburg-schwarzwald.de\/blog\/business\/gesund\/virus\/\">Virus<\/a><\/li>\n<\/ul>\n<p>&nbsp;<\/p>\n<p>&nbsp;<\/p>\n<p><strong>Albrecht K\u00fcnstle: Psychisch krankes Deutschland<\/strong><br \/>\n<strong>Ich werde f\u00fcr diesen Staat kein Finger mehr r\u00fchren<\/strong><br \/>\nDer Krankenstand in Deutschland erklimmt immer neue H\u00f6hen. Dabei wurden die Arbeitsbedingungen infolge der ergonomischen Arbeitsgestaltung immer komfortabler. Wer heute ein Montageband in der Automobilindustrie anschaut, sieht mehr Industrieroboter als Arbeiter: Schufterei ist also kein Grund mehr f\u00fcr Arbeitsausf\u00e4lle (\u00fcbrigens: Der Marktf\u00fchrer von Industrierobotern, KUKA, wurde von Merkel und der Industrie an die Chinesen verh\u00f6kert). Schwere Arbeiten werden schon lange nicht mehr abverlangt. So ging der Traum gewerkschaftlicher REFA-Leute in Erf\u00fcllung: \u201eBeim Essen vorliegen, beim Trinken zur\u00fcckliegen, beim Arbeiten hinliegen\u201c.<br \/>\nDennoch werden immer mehr Besch\u00e4ftigte \u201ekrank\u201c. Die Organisation f\u00fcr wirtschaftliche Zusammenarbeit und Entwicklung (OECD) sammelt Daten zu Krankentagen pro Jahr. Mit 24,9 bezahlten Tagen pro Person im Jahr 2022 sind die Fehltage in Deutschland im OECD-Vergleich am h\u00f6chsten. Sogar bei Tesla wurde die Krankenquote zum zunehmenden Problem \u2013 obwohl hier doch die gr\u00fcnsten (?) Autos von den gl\u00fccklichsten (?) Menschen im blauesten Bundesland gefertigt werden. Das kann einem Unternehmer schon arg zusetzen, nicht nur wegen der Lohnfortzahlungskosten.<\/p>\n<p>Sogenannte \u201cAnpassungsst\u00f6rungen\u201d<br \/>\nAber woran erkranken die Leute alle? \u201eFehltage wegen kranker Psyche erreichen neuen H\u00f6chststand\u201c, zeigt eine Statista-Grafik mit Zahlen der DAK auf. Seit dem ersten vollen Nach-Corona-Jahr 2023 stiegen die Arbeitsausf\u00e4lle auf durchschnittlich 342 Tage je 100 Besch\u00e4ftigte an; bei den Frauen sind es sogar 431! Seit 2005 betr\u00e4gt der Anstieg fast das Dreifache \u2013 deutlich mehr als andere Krankheitsursachen (dass im Jahr 2005 Merkel Bundeskanzlerin wurde ist nat\u00fcrlich reiner Zufall). Bei Sch\u00fclern ist der Anstieg psychischer Auff\u00e4lligkeiten noch gr\u00f6\u00dfer, doch gibt es dazu weniger Statistiken. Am weitesten verbreitet sind Depressionen, \u00c4ngste und sogenannte \u201eAnpassungsst\u00f6rungen\u201c. An was k\u00f6nnen sich die Betroffenen denn nicht anpassen und wovor haben sie Angst?<\/p>\n<p>Im Coronajahr 2020 selbst war der Anstieg der Fehltage moderat, weil Pr\u00e4senz am Arbeitsplatz oft verboten war. Die Menschen bekamen zwar einen psychischen Knacks, was aber kaum zu Arbeitsausf\u00e4llen f\u00fchrte, weil sie sowieso zu Hause waren. Doch seit 2021 zeigt die Kurve st\u00e4rker nach oben. Ging es den Leuten auf die Psyche, weil pl\u00f6tzlich und unerkl\u00e4rlich viele aus dem pers\u00f6nlichen Umfeld starben? Davon geben die Todesanzeigen und die statistisch belegte \u00dcbersterblichkeit Zeugnis. Das geht nicht einfach an einem vorbei, und viele fragten nach den Gr\u00fcnden \u2013 ohne eine Antwort zu erhalten. War die teilweise verpflichtende und vielfach mit Druck auf die Menschen umgesetzte Impforgie doch des Guten zu viel? Wer dagegen aufbegehrte, wurde gesellschaftlich diffamiert, ge\u00e4chtet und wie Verbrecher behandelt. In meinem Wohnort wurden f\u00fcnf \u201eMontagsspazierer\u201c von elf Polizisten umzingelt!<\/p>\n<p>Tiefe Spuren<br \/>\nAls n\u00e4chstes wurde dann die Klimahysterie wiederbelebt, was insbesondere bei der um ihre Zukunft f\u00fcrchtenden j\u00fcngeren Generation tiefe Spuren hinterl\u00e4sst \u2013 anscheinend ohne Ende. Wer keine Kinder mehr will, weil er infolge des Trommelfeuers der Medien glaubt, die Nachkommen w\u00fcrden durch die \u201eErderhitzung\u201c und den \u201cMeeresanstieg\u201d j\u00e4mmerlich umkommen, hat ei ein psychisches Problem \u2013 was auch bei weniger labilen Menschen zu Arbeitsausf\u00e4llen f\u00fchren kann. Viele Kinder bleiben dem Unterricht fern, in einigen Schulen Berlins bis zu einem Drittel aller Schulpflichtigen (wobei dies dort allerdings auch mit der Null-Bock-Mentalit\u00e4t einer bestimmten Bev\u00f6lkerungsgruppe zu tun haben mag).<\/p>\n<p>2022 wollte Wladimir Putin dann nicht mehr zuschauen, was sich vor seiner Haust\u00fcr entwickelte. Wolodymyr Selenskyj war im Begriff, eine rote Linie zu \u00fcberschreiten: Die Aufnahme der Ukraine in die EU und sogar in die NATO wurde vorbereitet und die Rechte der russischst\u00e4mmigen Bev\u00f6lkerung nicht nur im Donbass immer weiter eingeschr\u00e4nkt. Putin wollte dem einen Riegel vorzuschieben, indem er die Kiewer Regierung milit\u00e4risch entmachten wollte. Dies f\u00fchrte zum Ukrainekrieg. Erstmals wieder Krieg in Europa!? Die v\u00f6lkerrechtswidrigen Bombardements \u201eder Koalition der Willigen\u201c auf dem Balkan werden in die Z\u00e4hlweise ausgeblendet. Schizophrenie ist ebenfalls eine psychische Erkrankung.<\/p>\n<p>Ohnmacht macht psychisch krank<br \/>\nZu den Migranten aus Vorderasien und Afrika kamen nun noch die Fl\u00fcchtlinge aus der Ukraine. In jenem ersten Kriegsjahr, 2022, wanderten in unserem Land 2.665.772 (!) Menschen ein \u2013 legale und illegale, angebliche und echte Schutzsuchende und Wirtschaftsfl\u00fcchtlinge. Diese Menschen mussten untergebracht und versorgt werden. Auch im Jahr 2023 wanderten fast zwei Millionen Menschen zu. Es wurde zunehmend enger im ohnehin dichtbesiedelten Deutschland, was an vielen Menschen nicht spurlos vor\u00fcberging: Viele wurden psychisch krank \u2013 Stichwort \u201eAnpassungsst\u00f6rungen\u201c. Offensichtlich wollen sich nicht alle Einheimischen dem rasanten Anstieg fremder Menschen \u201eanpassen\u201c. \u00c4ngste machten sich breit.<\/p>\n<p>Ebenfalls 2022 erfolgte dann mit der Sprengung der Nord-Stream-Pipeline der Angriff auf unsere bis dahin g\u00fcnstige Gasversorgung, der die Energiepreise deutlich steigen lie\u00df. Nicht nur f\u00fcr die Industrie, sondern auch f\u00fcr die privaten Haushalte. Mit gr\u00f6\u00dfter Wahrscheinlichkeit geschah dies im Zusammenspiel der USA und der Ukraine. Doch das politische Deutschland scheint kein Interesse an der Aufkl\u00e4rung zu haben, denn die Aufkl\u00e4rung w\u00fcrde eine Wende in der Ukraine-politik bedeuten, die man weiterhin mit Kriegswaffen vollstopft. Die Menschen sp\u00fcren, dass nicht mehr alles mit rechten Dingen zugehen kann \u2013 und werden in ihrer Ohnmacht psychisch krank.<\/p>\n<p>Durch Bedrohung verunsichert<br \/>\n2023 wurden dann energiepolitisch die Daumenschrauben angezogen. Klimaminister Robert Habeck wollte das deutsche Gasnetz herausrei\u00dfen und die Wohnhausbesitzer zwingen, Heizungsanlagen mit guten Emissionswerten stillzulegen. Nicht wenige Hausbesitzer verzweifelten und wollten sich dem neuen \u00d6kosozialismus nicht unterwerfen. Angst und, na was wohl, weitere \u201eAnpassungsst\u00f6rungen\u201c stellten sich ein. Wir k\u00f6nnen froh sein, dass dagegen kein Amok gelaufen wurde und bis dato \u201enur\u201c psychische Folgesch\u00e4den zu vermelden sind.<\/p>\n<p>2024 erreichte die knapp neun Jahre zuvor mit dem Attentat auf dem Breitscheidplatz begonnene Anschlagsserie von Islamisten auf unsere Gesellschaft ihren vorl\u00e4ufigen H\u00f6hepunkt. Wer sich \u00fcber allerdings islamische Gewaltt\u00e4ter ereifert, wird der \u201cVolksverhetzung\u201d bezichtigt \u2013 wie im eigenen Fall erlebt. Eine Moschee nach der anderen wird im Beisein kirchlicher \u201cGeistlichkeit\u201d (?) eingeweiht, w\u00e4hrend zig Kirchengeb\u00e4ude geschlossen und zweckentfremdet werden. Auch bleibt den Einheimischen nicht verborgen, dass traditionelle Veranstaltungen wie Weihnachtsm\u00e4rkte mit Hochsicherheitsma\u00dfnahmen gesch\u00fctzt werden m\u00fcssen, w\u00e4hrend die \u00f6ffentlichen Zeremonien der Muslime, wie jetzt das Fastenbrechen und Zuckerfest, keiner Schutzma\u00dfnahmen bed\u00fcrfen und von Politikern und Gutmenschen hofiert werden. Viele sind durch die Bedrohung verunsichert, meiden die \u00d6ffentlichkeit und sagen Traditionen wegen der erforderlichen Sicherheitsma\u00dfnahmen ab. Sie haben zunehmend Angst \u2013 was psychisch krank macht.<\/p>\n<p>Teilnahmslose Blutpumpe<br \/>\nKaum geschieht wieder ein Anschlag, gehen jeweils Zigtausende auf den Stra\u00dfen. Aber nicht um Beileid mit den Opferfamilien zu bekunden und weitere Attent\u00e4ter um Erbarmen zu bitten, sondern um \u201egegen rechts\u201c zu demonstrieren. Das erlebe ich auch im Bekanntenkreis, was aufs Gem\u00fct schl\u00e4gt: Freundschaften und Familien brechen auseinander, die Spaltung nimmt zu. Wer angesichts dieses Ph\u00e4nomens der Solidarit\u00e4t von Gutmenschen mit den T\u00e4tern kein robustes Nervenkost\u00fcm hat oder wem nicht alles nur noch egal ist, der wird nach und nach psychisch krank. Wer angesichts der sich breitmachenden Massenpsychose nicht verzweifelt, hat \u201ekein Herz\u201c im Leib, sondern eine teilnahmslose Blutpumpe.<\/p>\n<p>Und nun: Die Bundestagswahl 2025. Fast alle Parteien kamen zur Erkenntnis, dass es mit unserem Land so nicht weitergehen kann. Die Unionsparteien versprachen eine Begrenzung der Massenzuwanderung und gaben ihr Wort, die Staatsverschuldung nicht ausufern zu lassen. Kaum waren die Stimmenverluste der SPD und Gr\u00fcnen ausgez\u00e4hlt, machte Merz mit eben diesen Abgew\u00e4hlten einen Deal \u2013 und beging mit ihnen einen Anschlag auf unser Grundgesetz zur Abschaffung der Schuldenbremse und einer Aufr\u00fcstungsorgie in Billionenh\u00f6he. Im Arbeitsrecht w\u00fcrde solch ein klar sittenwidriger Vertrauensbruch eine fristlose K\u00fcndigung seitens des Arbeitnehmers rechtfertigen; nach b\u00fcrgerlichem Recht tr\u00e4te unweigerlich die Nichtigkeit eines Vertrags ein. Nicht so in der Politik.<\/p>\n<p>Ich bin dann mal weg?!?<br \/>\nJetzt werden wieder die Kriegstrommeln ger\u00fchrt. Nicht nur, aber besonders die Kinder leiden unter der gesch\u00fcrten Kriegseuphorie. Und sie werden f\u00fcr die Schulden b\u00fc\u00dfen m\u00fcssen, die ihnen von einer kommenden Regierung \u2013 ob unter Kanzler Merz oder einem SPD-Kanzler \u2013 eingebrockt werden. Das Ausma\u00df dieses Betrugs, die Niedertracht und Verlogenheit macht einen entweder sprachlos, mental krank oder radikal. Irgendwelche Gro\u00dfdemonstration oder \u00f6ffentlichen Proteste gegen diese drohende Politik der schuldenfinanzierten Aufr\u00fcstung in Billionenh\u00f6he? Fehlanzeige! Jede Wette hingegen, dass die psychischen Erkrankungen jetzt erst recht und noch mehr ansteigen werden.<\/p>\n<p>Auch hat der Staat nun angek\u00fcndigt, gegen B\u00fcrger noch restriktiver vorzugehen, die gegen dessen Willk\u00fcr opponieren. Die Schaffung eines \u201eWahrheitsministeriums\u201c macht die Runde. Das gefl\u00fcgelte Wort \u201eman darf nicht mehr alles sagen\u201c wird pervertiert: Wer das \u201eFalsche\u201c sagt, bekommt k\u00fcnftig noch st\u00e4rker die volle H\u00e4rte des Staates (bisher in Gestalt Nancy Faesers, Besseres kommt sicher nicht nach) zu sp\u00fcren. Ich trug mich mit dem Gedanken, dem \u00f6rtlichen gew\u00e4hlten Wahlkreisabgeordneten der CDU vorzuschlagen, seine Partei m\u00f6ge alle anh\u00e4ngigen Verfahren wegen sogenannter \u201cVolksverhetzung\u201d amnestieren, insbesondere wegen islamkritischer \u00c4u\u00dferungen wie in meinem eigenen Fall. Stattdessen wird jetzt bekannt: Das Strafma\u00df daf\u00fcr soll von drei Monaten Gef\u00e4ngnis auf mindestens ein Jahr (!) erh\u00f6ht werden. Ich w\u00e4re \u201edann mal weg\u201c \u2013 allerdings l\u00e4nger als auf dem Jakobsweg.<\/p>\n<p>All das zieht auch mich psychisch so weit hinunter. Ich werde in Zukunft wohl nicht mehr w\u00e4hlen gehen. Und ich bin entschlossen, alle bisher staatsb\u00fcrgerlichen Aktivit\u00e4ten einstellen werde. Fast 20 Jahre lang bis jetzt engagierte ich mich f\u00fcr einen zukunftsf\u00e4higen Bahnausbau am Oberrhein im Vorstand und Berater unserer B\u00fcrgerinitiativen. Schluss, aus. Ich beende mein b\u00fcrgerschaftliches Engagement. Auch mein Mandat als Aufsichtsrat der \u00f6rtlichen B\u00fcrgerenergiegenossenschaft und andere T\u00e4tigkeiten werde ich aufgeben. Denn jetzt komme sogar ich nervlich an meine Grenzen und an einen Punkt, wo ich schlicht nicht mehr kann. Es f\u00e4llt mir immer schwerer, all dem Unfassbaren und Ungeheuerlichen, Irrationalen und Dreistem, womit wir t\u00e4glich konfrontiert werden, mit dem Schreiben von Artikeln begegnen zu k\u00f6nnen. Es ist sowieso f\u00fcr die Katz.<\/p>\n<p>Ich bin mit diesem moralisch verkommenen und immer autorit\u00e4rer werdenden Staat fertig. Fix und fertig. Und seelisch bin ich ebenfalls am Ende. Vielen anderen wird es \u00e4hnlich gehen, vor allem jenen, die bereits die psychisch angeschlagen sind. Ein Jahr Gef\u00e4ngnis f\u00fcr eine Aussage wie meine, dass koranbegr\u00fcndete Terroristen nicht nur Messer benutzen, sondern auch Autos und Beine (mit denen etwa ein Rentner totgetreten wurde)? Das ist eine unfassbare Willk\u00fcr seitens des Staates und der Justiz. Ich brauche eine Auszeit, weil die Scharfsch\u00fcsse aus Berlin immer n\u00e4her kommen. \u201eWir haben genau noch einen Schuss frei als demokratische Parteien, den sollten wir nutzen\u201c, meinte Berlins CDU-B\u00fcrgermeister Wegner. Wem soll dieser Schuss eigentlich gelten? Bleibt nur zu hoffen, dass wir tats\u00e4chlichen und wahren Demokraten noch ein paar Pfeile mehr im K\u00f6cher haben. Blo\u00df: Nur im K\u00f6cher sind sie nicht \u201ezielf\u00fchrend\u201c \u2013 wie ich als ehemaliger Landesmeister im Bogenschie\u00dfen nur zu gut wei\u00df\u2026<br \/>\n3.4.2025, Albrecht K\u00fcnstle<\/p>\n","protected":false},"excerpt":{"rendered":"<p>Home &gt;Business\u00a0&gt;Gesund\u00a0&gt;Klinik &gt;Krankheit &gt;psychisch-krank Listenauswahl eines Beitrags (Artikel\/Datum, Seite\/Inhalt): Klicken oder scrollen Albrecht K\u00fcnstle: Psychisch krankes Deutschland (3.4.2025) Psyche Angstmachen Arzt Corona-Tod Impfung Klinik Dr. K\u00fclken Long-Covid Medizinethik N\u00fcrnberger-Kodex Patient Post-Vac Virus &nbsp; &nbsp; Albrecht K\u00fcnstle: Psychisch krankes Deutschland Ich &hellip; <a href=\"https:\/\/www.freiburg-schwarzwald.de\/blog\/business\/gesund\/krankheit\/psychisch-krank\/\">Weiterlesen <span class=\"meta-nav\">&rarr;<\/span><\/a><\/p>\n","protected":false},"author":2,"featured_media":0,"parent":85089,"menu_order":0,"comment_status":"closed","ping_status":"closed","template":"","meta":{"footnotes":""},"class_list":["post-132507","page","type-page","status-publish","hentry"],"_links":{"self":[{"href":"https:\/\/www.freiburg-schwarzwald.de\/blog\/wp-json\/wp\/v2\/pages\/132507","targetHints":{"allow":["GET"]}}],"collection":[{"href":"https:\/\/www.freiburg-schwarzwald.de\/blog\/wp-json\/wp\/v2\/pages"}],"about":[{"href":"https:\/\/www.freiburg-schwarzwald.de\/blog\/wp-json\/wp\/v2\/types\/page"}],"author":[{"embeddable":true,"href":"https:\/\/www.freiburg-schwarzwald.de\/blog\/wp-json\/wp\/v2\/users\/2"}],"replies":[{"embeddable":true,"href":"https:\/\/www.freiburg-schwarzwald.de\/blog\/wp-json\/wp\/v2\/comments?post=132507"}],"version-history":[{"count":5,"href":"https:\/\/www.freiburg-schwarzwald.de\/blog\/wp-json\/wp\/v2\/pages\/132507\/revisions"}],"predecessor-version":[{"id":132519,"href":"https:\/\/www.freiburg-schwarzwald.de\/blog\/wp-json\/wp\/v2\/pages\/132507\/revisions\/132519"}],"up":[{"embeddable":true,"href":"https:\/\/www.freiburg-schwarzwald.de\/blog\/wp-json\/wp\/v2\/pages\/85089"}],"wp:attachment":[{"href":"https:\/\/www.freiburg-schwarzwald.de\/blog\/wp-json\/wp\/v2\/media?parent=132507"}],"curies":[{"name":"wp","href":"https:\/\/api.w.org\/{rel}","templated":true}]}}